{"id":60,"date":"2015-08-26T09:47:28","date_gmt":"2015-08-26T08:47:28","guid":{"rendered":"http:\/\/web.philo.ulg.ac.be\/cill\/?page_id=60"},"modified":"2026-01-29T12:51:35","modified_gmt":"2026-01-29T11:51:35","slug":"inicio","status":"publish","type":"page","link":"http:\/\/web.philo.ulg.ac.be\/cill\/es\/","title":{"rendered":"Inicio"},"content":{"rendered":"<div class=\"heading-wrapper\"><h6><span class=\"heading-line-left\"><\/span><strong>Bienvenidos al sitio oficial del Coloquio internacional de ling\u00fc\u00edstica latina &#8211; ICLL<\/strong><span class=\"heading-line-right\"><\/span><\/h6><\/div>\n<p style=\"text-align: justify;\"><img loading=\"lazy\" decoding=\"async\" class=\"alignleft wp-image-43\" src=\"http:\/\/web.philo.ulg.ac.be\/cill\/wp-content\/uploads\/sites\/17\/2015\/07\/test.png\" alt=\"test\" width=\"153\" height=\"105\" \/>Desde hace treinta a\u00f1os, el Coloquio Internacional de Ling\u00fc\u00edstica latina ha venido organiz\u00e1ndose a un ritmo bienal, primero en \u00c1msterdam (1981), luego en Aix-en-Provence (1983), Bolonia (1985), Cambridge (1987), Lovaina la Nueva (1989), Budapest (1991), Jerusal\u00e9n (1993), Eichst\u00e4tt (1995), Madrid (1997), Par\u00eds (1999), \u00c1msterdam (2001), Bolonia (2003), Bruselas (2005), Erfurt (2007), Innsbruck (2009), Uppsala (2011), Roma (2013), Toulouse (2015), M\u00fcnchen (2017), Las Palmas (2019), Santiago de Compostela (2022), Prague (2023) y Udine (2025).<\/p>\n<p style=\"text-align: justify;\">Este coloquio versa sobre todos los aspectos de la ling\u00fc\u00edstica latina en sus perspectivas sincr\u00f3nica, diacr\u00f3nica o ambas a la vez. Cada una de las ediciones ha dado lugar a la publicaci\u00f3n de uno o varios vol\u00famenes que abarcan una extensa serie de asuntos de ling\u00fc\u00edstica latina referidos a su fonolog\u00eda, morfosintaxis, sem\u00e1ntica, pragm\u00e1tica y estil\u00edstica, con o sin referencia expl\u00edcita a los desarrollos de la ling\u00fc\u00edstica general. Las lenguas oficiales del coloquio son el ingl\u00e9s, el franc\u00e9s, el alem\u00e1n, el espa\u00f1ol, el italiano y el lat\u00edn. Para los participantes, cada encuentro ha sido una experiencia estimulante y gratificante.<\/p>\n<p>El coloquio est\u00e1 organizado bajo los auspicios del Comit\u00e9 Internacional de Ling\u00fc\u00edstica latina, cuyos miembros son :<\/p>\n<ul>\n<li>Suzanne Adema (Universiteit Leiden)<\/li>\n<li>Gualtiero Calboli (Universit\u00e0 degli Studi di Bologna)<\/li>\n<li>Mich\u00e8le Fruyt (Universit\u00e9 de Paris IV-Sorbonne)<\/li>\n<li>Gerd V. M. Haverling (Uppsala Universitet)<\/li>\n<li>Roland Hoffmann (Mainz)<\/li>\n<li>Caroline Kroon (Universiteit van Amsterdam &amp; Vrije Universiteit van Amsterdam)<\/li>\n<li>Dominique Longr\u00e9e (Universit\u00e9 de Li\u00e8ge et Universit\u00e9 Saint-Louis-Bruxelles) (Chair)<\/li>\n<li>Antonio M. Mart\u00edn Rodr\u00edguez (Universidad de Las Palmas de Gran Canaria)<\/li>\n<li>Renato Oniga (Universit\u00e0 di Udine)<\/li>\n<li>Paolo Poccetti (Universit\u00e0 di Roma Tor Vergata)<\/li>\n<li>Lucie Pultrova (Univerzita Karlova, Prague)<\/li>\n<li>Josine Schrickx (Thesaurus linguae Latinae, Bayerische Akademie der Wissenschaften)<\/li>\n<li>Olga Spevak (Universit\u00e9 Toulouse Jean Jaur\u00e8s)<\/li>\n<\/ul>\n<div class=\"spacer\" style=\"height:20px\"><\/div>\n<p>Comit\u00e9 de honor :<\/p>\n<ul>\n<li>Phillip Baldi (Pennstate University)<\/li>\n<li>Benjamin Garc\u00eda Hern\u00e1ndez (Universidad Aut\u00f3noma de Madrid)<\/li>\n<li>Friedrich Heberlein (Universit\u00e4t Eichst\u00e4tt)<\/li>\n<li>Manfred Kienpointner (Universit\u00e4t Innsbruck)<\/li>\n<li>Christian Lehmann (Universit\u00e4t Erfurt)<\/li>\n<\/ul>\n<div class=\"spacer\" style=\"height:20px\"><\/div>\n<p>In memoriam :<\/p>\n<ul>\n<li>Machtelt Bolkestein (Universiteit van Amsterdam)<\/li>\n<li>Robert Coleman (Cambridge University)<\/li>\n<li>Concepci\u00f3n Cabrillana Leal (Universidad de Santiago de Compostela)<\/li>\n<li>Joseph Hermann (Budapest University)<\/li>\n<li>Marius Lavency (Universit\u00e9 de Louvain)<\/li>\n<li>Claude Moussy (Universit\u00e9 de Paris IV-Sorbonne)<\/li>\n<li>Harm Pinkster (Universiteit van Amsterdam)<\/li>\n<li>Hannah Ros\u00e9n (The Hebrew University of Jerusalem)<\/li>\n<li>Christian Touratier (Universit\u00e9 d\u2019Aix-Marseille)<\/li>\n<\/ul>\n<p>&nbsp;<\/p>\n<p>&nbsp;<\/p>\n","protected":false},"excerpt":{"rendered":"<p>Desde hace treinta a\u00f1os, el Coloquio Internacional de Ling\u00fc\u00edstica latina ha venido organiz\u00e1ndose a un ritmo bienal, primero en \u00c1msterdam (1981), luego en Aix-en-Provence (1983), Bolonia (1985), Cambridge (1987), Lovaina la Nueva (1989), Budapest (1991), Jerusal\u00e9n (1993), Eichst\u00e4tt (1995), Madrid (1997), Par\u00eds (1999), \u00c1msterdam (2001), Bolonia (2003), Bruselas (2005), Erfurt (2007), Innsbruck (2009), Uppsala (2011), [&hellip;]<\/p>\n","protected":false},"author":2,"featured_media":0,"parent":0,"menu_order":0,"comment_status":"closed","ping_status":"closed","template":"","meta":{"footnotes":""},"class_list":["post-60","page","type-page","status-publish","hentry"],"_links":{"self":[{"href":"http:\/\/web.philo.ulg.ac.be\/cill\/wp-json\/wp\/v2\/pages\/60","targetHints":{"allow":["GET"]}}],"collection":[{"href":"http:\/\/web.philo.ulg.ac.be\/cill\/wp-json\/wp\/v2\/pages"}],"about":[{"href":"http:\/\/web.philo.ulg.ac.be\/cill\/wp-json\/wp\/v2\/types\/page"}],"author":[{"embeddable":true,"href":"http:\/\/web.philo.ulg.ac.be\/cill\/wp-json\/wp\/v2\/users\/2"}],"replies":[{"embeddable":true,"href":"http:\/\/web.philo.ulg.ac.be\/cill\/wp-json\/wp\/v2\/comments?post=60"}],"version-history":[{"count":5,"href":"http:\/\/web.philo.ulg.ac.be\/cill\/wp-json\/wp\/v2\/pages\/60\/revisions"}],"predecessor-version":[{"id":264,"href":"http:\/\/web.philo.ulg.ac.be\/cill\/wp-json\/wp\/v2\/pages\/60\/revisions\/264"}],"wp:attachment":[{"href":"http:\/\/web.philo.ulg.ac.be\/cill\/wp-json\/wp\/v2\/media?parent=60"}],"curies":[{"name":"wp","href":"https:\/\/api.w.org\/{rel}","templated":true}]}}