{"id":74,"date":"2018-09-11T09:49:09","date_gmt":"2018-09-11T07:49:09","guid":{"rendered":"http:\/\/web.philo.ulg.ac.be\/epistolart_bd\/?page_id=74"},"modified":"2019-01-10T14:58:09","modified_gmt":"2019-01-10T13:58:09","slug":"activites-publications","status":"publish","type":"page","link":"http:\/\/web.philo.ulg.ac.be\/epistolart_bd\/activites-publications\/","title":{"rendered":"Activites &#8211; Publications"},"content":{"rendered":"<p><div class=\"fusion-fullwidth fullwidth-box fusion-builder-row-1 fusion-parallax-fixed title nonhundred-percent-fullwidth non-hundred-percent-height-scrolling\" style=\"background-color: rgba(255,255,255,0);background-image: url(&quot;http:\/\/web.philo.ulg.ac.be\/epistolart_bd\/wp-content\/uploads\/sites\/46\/2017\/07\/title-axesderecherche.jpg&quot;);background-position: center center;background-repeat: no-repeat;padding-top:100px;padding-right:0px;padding-bottom:30px;padding-left:0px;margin-bottom: 30px;margin-top: 0px;border-width: 0px 0px 0px 0px;border-color:#eae9e9;border-style:solid;-webkit-background-size:cover;-moz-background-size:cover;-o-background-size:cover;background-size:cover;background-attachment:fixed;\" ><div class=\"fusion-builder-row fusion-row\"><div class=\"fusion-layout-column fusion_builder_column fusion-builder-column-0 fusion_builder_column_1_1 1_1 fusion-one-full fusion-column-first fusion-column-last\" style=\"margin-top:0px;margin-bottom:20px;\"><div class=\"fusion-column-wrapper fusion-flex-column-wrapper-legacy\" style=\"background-position:left top;background-repeat:no-repeat;-webkit-background-size:cover;-moz-background-size:cover;-o-background-size:cover;background-size:cover;padding: 0px 0px 0px 0px;\"><div class=\"fusion-text fusion-text-1\"><h1 style=\"text-align: center;\">Publications<\/h1>\n<\/div><div class=\"fusion-clearfix\"><\/div><\/div><\/div><\/div><\/div><div class=\"fusion-fullwidth fullwidth-box fusion-builder-row-2 nonhundred-percent-fullwidth non-hundred-percent-height-scrolling fusion-equal-height-columns\" style=\"background-color: rgba(255,255,255,0.9);background-position: center center;background-repeat: no-repeat;padding-top:0px;padding-right:0px;padding-bottom:0px;padding-left:0px;margin-bottom: 0px;margin-top: 0px;border-width: 0px 0px 0px 0px;border-color:#eae9e9;border-style:solid;\" ><div class=\"fusion-builder-row fusion-row\"><div class=\"fusion-layout-column fusion_builder_column fusion-builder-column-1 fusion_builder_column_1_1 1_1 fusion-one-full fusion-column-first fusion-column-last\" style=\"margin-top:20px;margin-bottom:20px;\"><div class=\"fusion-column-wrapper fusion-flex-column-wrapper-legacy\" style=\"background-position:left top;background-repeat:no-repeat;-webkit-background-size:cover;-moz-background-size:cover;-o-background-size:cover;background-size:cover;padding: 0px 0px 0px 0px;\"><div class=\"fusion-column-content-centered\"><div class=\"fusion-column-content\"><div class=\"fusion-recent-posts fusion-recent-posts-1 avada-container layout-default layout-columns-4\"><section class=\"fusion-columns columns fusion-columns-4 columns-4\"><article class=\"post fusion-column column col col-lg-3 col-md-3 col-sm-3\"><div class=\"fusion-flexslider fusion-flexslider-loading flexslider flexslider-hover-type-none\"><ul class=\"slides\"><li><a href=\"http:\/\/web.philo.ulg.ac.be\/epistolart_bd\/2021\/01\/18\/helene-miesse-il-valore-della-solita-virtu-di-giuliano\/\" aria-label=\"H\u00e9l\u00e8ne Miesse &#8211; \u00ab\u00a0Il valore della solita virt\u00f9 di Giuliano\u00a0\u00bb\" class=\"hover-type-none\"><img decoding=\"async\" width=\"700\" height=\"441\" src=\"http:\/\/web.philo.ulg.ac.be\/epistolart_bd\/wp-content\/uploads\/sites\/46\/2021\/01\/Miesse_experts_expertise_Sangallo-1-e1610975677878-700x441.jpg\" class=\"attachment-recent-posts size-recent-posts\" alt=\"\" srcset=\"http:\/\/web.philo.ulg.ac.be\/epistolart_bd\/wp-content\/uploads\/sites\/46\/2021\/01\/Miesse_experts_expertise_Sangallo-1-e1610975677878-200x126.jpg 200w, http:\/\/web.philo.ulg.ac.be\/epistolart_bd\/wp-content\/uploads\/sites\/46\/2021\/01\/Miesse_experts_expertise_Sangallo-1-e1610975677878-300x189.jpg 300w, http:\/\/web.philo.ulg.ac.be\/epistolart_bd\/wp-content\/uploads\/sites\/46\/2021\/01\/Miesse_experts_expertise_Sangallo-1-e1610975677878-320x202.jpg 320w, http:\/\/web.philo.ulg.ac.be\/epistolart_bd\/wp-content\/uploads\/sites\/46\/2021\/01\/Miesse_experts_expertise_Sangallo-1-e1610975677878-400x252.jpg 400w, http:\/\/web.philo.ulg.ac.be\/epistolart_bd\/wp-content\/uploads\/sites\/46\/2021\/01\/Miesse_experts_expertise_Sangallo-1-e1610975677878-600x378.jpg 600w, http:\/\/web.philo.ulg.ac.be\/epistolart_bd\/wp-content\/uploads\/sites\/46\/2021\/01\/Miesse_experts_expertise_Sangallo-1-e1610975677878-700x441.jpg 700w, http:\/\/web.philo.ulg.ac.be\/epistolart_bd\/wp-content\/uploads\/sites\/46\/2021\/01\/Miesse_experts_expertise_Sangallo-1-e1610975677878-768x484.jpg 768w, http:\/\/web.philo.ulg.ac.be\/epistolart_bd\/wp-content\/uploads\/sites\/46\/2021\/01\/Miesse_experts_expertise_Sangallo-1-e1610975677878-800x504.jpg 800w, http:\/\/web.philo.ulg.ac.be\/epistolart_bd\/wp-content\/uploads\/sites\/46\/2021\/01\/Miesse_experts_expertise_Sangallo-1-e1610975677878-1024x645.jpg 1024w, http:\/\/web.philo.ulg.ac.be\/epistolart_bd\/wp-content\/uploads\/sites\/46\/2021\/01\/Miesse_experts_expertise_Sangallo-1-e1610975677878-1200x756.jpg 1200w, http:\/\/web.philo.ulg.ac.be\/epistolart_bd\/wp-content\/uploads\/sites\/46\/2021\/01\/Miesse_experts_expertise_Sangallo-1-e1610975677878-1536x968.jpg 1536w, http:\/\/web.philo.ulg.ac.be\/epistolart_bd\/wp-content\/uploads\/sites\/46\/2021\/01\/Miesse_experts_expertise_Sangallo-1-e1610975677878.jpg 1698w\" sizes=\"(max-width: 700px) 100vw, 700px\" \/><\/a><\/li><\/ul><\/div><div class=\"recent-posts-content\"><span class=\"vcard\" style=\"display: none;\"><span class=\"fn\"><a href=\"http:\/\/web.philo.ulg.ac.be\/epistolart_bd\/author\/u201550\/\" title=\"Articles par u201550\" rel=\"author\">u201550<\/a><\/span><\/span><span class=\"updated\" style=\"display:none;\">2021-01-18T14:16:40+01:00<\/span><h4 class=\"entry-title\"><a href=\"http:\/\/web.philo.ulg.ac.be\/epistolart_bd\/2021\/01\/18\/helene-miesse-il-valore-della-solita-virtu-di-giuliano\/\">H\u00e9l\u00e8ne Miesse &#8211; \u00ab\u00a0Il valore della solita virt\u00f9 di Giuliano\u00a0\u00bb<\/a><\/h4><p class=\"meta\"><span class=\"vcard\" style=\"display: none;\"><span class=\"fn\"><a href=\"http:\/\/web.philo.ulg.ac.be\/epistolart_bd\/author\/u201550\/\" title=\"Articles par u201550\" rel=\"author\">u201550<\/a><\/span><\/span><span class=\"updated\" style=\"display:none;\">2021-01-18T14:16:40+01:00<\/span><span>18\/01\/2021<\/span><span class=\"fusion-inline-sep\">|<\/span><\/p><\/div><\/article><article class=\"post fusion-column column col col-lg-3 col-md-3 col-sm-3\"><div class=\"fusion-flexslider fusion-flexslider-loading flexslider flexslider-hover-type-none\"><ul class=\"slides\"><li><a href=\"http:\/\/web.philo.ulg.ac.be\/epistolart_bd\/2020\/10\/21\/cristiano-amendola-recensione-a-gandolfo-cascio-michelangelo-in-parnaso-la-ricezione-delle-rime-tra-gli-scrittori\/\" aria-label=\"Cristiano Amendola &#8211; Recensione a Gandolfo Cascio, \u00ab\u00a0Michelangelo in Parnaso. La ricezione delle &lsquo;Rime&rsquo; tra gli scrittori\u00a0\u00bb\" class=\"hover-type-none\"><img decoding=\"async\" width=\"200\" height=\"126\" src=\"http:\/\/web.philo.ulg.ac.be\/epistolart_bd\/wp-content\/uploads\/sites\/46\/2020\/10\/Critica-Letteraria-e1603264014786.jpg\" class=\"attachment-recent-posts size-recent-posts\" alt=\"\" \/><\/a><\/li><\/ul><\/div><div class=\"recent-posts-content\"><span class=\"vcard\" style=\"display: none;\"><span class=\"fn\"><a href=\"http:\/\/web.philo.ulg.ac.be\/epistolart_bd\/author\/u201550\/\" title=\"Articles par u201550\" rel=\"author\">u201550<\/a><\/span><\/span><span class=\"updated\" style=\"display:none;\">2021-01-18T14:17:29+01:00<\/span><h4 class=\"entry-title\"><a href=\"http:\/\/web.philo.ulg.ac.be\/epistolart_bd\/2020\/10\/21\/cristiano-amendola-recensione-a-gandolfo-cascio-michelangelo-in-parnaso-la-ricezione-delle-rime-tra-gli-scrittori\/\">Cristiano Amendola &#8211; Recensione a Gandolfo Cascio, \u00ab\u00a0Michelangelo in Parnaso. La ricezione delle &lsquo;Rime&rsquo; tra gli scrittori\u00a0\u00bb<\/a><\/h4><p class=\"meta\"><span class=\"vcard\" style=\"display: none;\"><span class=\"fn\"><a href=\"http:\/\/web.philo.ulg.ac.be\/epistolart_bd\/author\/u201550\/\" title=\"Articles par u201550\" rel=\"author\">u201550<\/a><\/span><\/span><span class=\"updated\" style=\"display:none;\">2021-01-18T14:17:29+01:00<\/span><span>21\/10\/2020<\/span><span class=\"fusion-inline-sep\">|<\/span><\/p><\/div><\/article><article class=\"post fusion-column column col col-lg-3 col-md-3 col-sm-3\"><div class=\"fusion-flexslider fusion-flexslider-loading flexslider flexslider-hover-type-none\"><ul class=\"slides\"><li><a href=\"http:\/\/web.philo.ulg.ac.be\/epistolart_bd\/2020\/09\/14\/cristiano-amendola-la-facezia-nel-tardo-400-forma-popolareggiante-o-raffinato-genere-umanistico\/\" aria-label=\"Cristiano Amendola &#8211; La facezia nel tardo \u2019400, forma popolareggiante o raffinato genere umanistico?\" class=\"hover-type-none\"><img decoding=\"async\" width=\"630\" height=\"396\" src=\"http:\/\/web.philo.ulg.ac.be\/epistolart_bd\/wp-content\/uploads\/sites\/46\/2020\/09\/Amendola_facezia-e1600077421559.jpeg\" class=\"attachment-recent-posts size-recent-posts\" alt=\"\" srcset=\"http:\/\/web.philo.ulg.ac.be\/epistolart_bd\/wp-content\/uploads\/sites\/46\/2020\/09\/Amendola_facezia-e1600077421559-200x126.jpeg 200w, http:\/\/web.philo.ulg.ac.be\/epistolart_bd\/wp-content\/uploads\/sites\/46\/2020\/09\/Amendola_facezia-e1600077421559-300x189.jpeg 300w, http:\/\/web.philo.ulg.ac.be\/epistolart_bd\/wp-content\/uploads\/sites\/46\/2020\/09\/Amendola_facezia-e1600077421559-320x202.jpeg 320w, http:\/\/web.philo.ulg.ac.be\/epistolart_bd\/wp-content\/uploads\/sites\/46\/2020\/09\/Amendola_facezia-e1600077421559-400x251.jpeg 400w, http:\/\/web.philo.ulg.ac.be\/epistolart_bd\/wp-content\/uploads\/sites\/46\/2020\/09\/Amendola_facezia-e1600077421559-600x377.jpeg 600w, http:\/\/web.philo.ulg.ac.be\/epistolart_bd\/wp-content\/uploads\/sites\/46\/2020\/09\/Amendola_facezia-e1600077421559.jpeg 630w\" sizes=\"(max-width: 630px) 100vw, 630px\" \/><\/a><\/li><\/ul><\/div><div class=\"recent-posts-content\"><span class=\"vcard\" style=\"display: none;\"><span class=\"fn\"><a href=\"http:\/\/web.philo.ulg.ac.be\/epistolart_bd\/author\/u201550\/\" title=\"Articles par u201550\" rel=\"author\">u201550<\/a><\/span><\/span><span class=\"updated\" style=\"display:none;\">2021-01-18T14:17:58+01:00<\/span><h4 class=\"entry-title\"><a href=\"http:\/\/web.philo.ulg.ac.be\/epistolart_bd\/2020\/09\/14\/cristiano-amendola-la-facezia-nel-tardo-400-forma-popolareggiante-o-raffinato-genere-umanistico\/\">Cristiano Amendola &#8211; La facezia nel tardo \u2019400, forma popolareggiante o raffinato genere umanistico?<\/a><\/h4><p class=\"meta\"><span class=\"vcard\" style=\"display: none;\"><span class=\"fn\"><a href=\"http:\/\/web.philo.ulg.ac.be\/epistolart_bd\/author\/u201550\/\" title=\"Articles par u201550\" rel=\"author\">u201550<\/a><\/span><\/span><span class=\"updated\" style=\"display:none;\">2021-01-18T14:17:58+01:00<\/span><span>14\/09\/2020<\/span><span class=\"fusion-inline-sep\">|<\/span><\/p><\/div><\/article><article class=\"post fusion-column column col col-lg-3 col-md-3 col-sm-3\"><div class=\"fusion-flexslider fusion-flexslider-loading flexslider flexslider-hover-type-none\"><ul class=\"slides\"><li><a href=\"http:\/\/web.philo.ulg.ac.be\/epistolart_bd\/2020\/06\/29\/cristiano-amendola-soprascripti-de-le-lettere-missive-cominciando-a-magiori-principi-spirituali-e-temporali\/\" aria-label=\"Cristiano Amendola &#8211; \u00abSoprascripti de le lettere missive cominciando a magiori principi spirituali e temporali\u00bb\" class=\"hover-type-none\"><img decoding=\"async\" width=\"699\" height=\"441\" src=\"http:\/\/web.philo.ulg.ac.be\/epistolart_bd\/wp-content\/uploads\/sites\/46\/2020\/06\/GSLI_Soprascritte-e1593422414948-699x441.jpg\" class=\"attachment-recent-posts size-recent-posts\" alt=\"\" srcset=\"http:\/\/web.philo.ulg.ac.be\/epistolart_bd\/wp-content\/uploads\/sites\/46\/2020\/06\/GSLI_Soprascritte-e1593422414948-200x126.jpg 200w, http:\/\/web.philo.ulg.ac.be\/epistolart_bd\/wp-content\/uploads\/sites\/46\/2020\/06\/GSLI_Soprascritte-e1593422414948-300x190.jpg 300w, http:\/\/web.philo.ulg.ac.be\/epistolart_bd\/wp-content\/uploads\/sites\/46\/2020\/06\/GSLI_Soprascritte-e1593422414948-320x202.jpg 320w, http:\/\/web.philo.ulg.ac.be\/epistolart_bd\/wp-content\/uploads\/sites\/46\/2020\/06\/GSLI_Soprascritte-e1593422414948-400x253.jpg 400w, http:\/\/web.philo.ulg.ac.be\/epistolart_bd\/wp-content\/uploads\/sites\/46\/2020\/06\/GSLI_Soprascritte-e1593422414948-600x379.jpg 600w, http:\/\/web.philo.ulg.ac.be\/epistolart_bd\/wp-content\/uploads\/sites\/46\/2020\/06\/GSLI_Soprascritte-e1593422414948.jpg 699w\" sizes=\"(max-width: 699px) 100vw, 699px\" \/><\/a><\/li><\/ul><\/div><div class=\"recent-posts-content\"><span class=\"vcard\" style=\"display: none;\"><span class=\"fn\"><a href=\"http:\/\/web.philo.ulg.ac.be\/epistolart_bd\/author\/u201550\/\" title=\"Articles par u201550\" rel=\"author\">u201550<\/a><\/span><\/span><span class=\"updated\" style=\"display:none;\">2020-06-29T11:59:55+02:00<\/span><h4 class=\"entry-title\"><a href=\"http:\/\/web.philo.ulg.ac.be\/epistolart_bd\/2020\/06\/29\/cristiano-amendola-soprascripti-de-le-lettere-missive-cominciando-a-magiori-principi-spirituali-e-temporali\/\">Cristiano Amendola &#8211; \u00abSoprascripti de le lettere missive cominciando a magiori principi spirituali e temporali\u00bb<\/a><\/h4><p class=\"meta\"><span class=\"vcard\" style=\"display: none;\"><span class=\"fn\"><a href=\"http:\/\/web.philo.ulg.ac.be\/epistolart_bd\/author\/u201550\/\" title=\"Articles par u201550\" rel=\"author\">u201550<\/a><\/span><\/span><span class=\"updated\" style=\"display:none;\">2020-06-29T11:59:55+02:00<\/span><span>29\/06\/2020<\/span><span class=\"fusion-inline-sep\">|<\/span><\/p><\/div><\/article><article class=\"post fusion-column column col col-lg-3 col-md-3 col-sm-3\"><div class=\"fusion-flexslider fusion-flexslider-loading flexslider flexslider-hover-type-none\"><ul class=\"slides\"><li><a href=\"http:\/\/web.philo.ulg.ac.be\/epistolart_bd\/2020\/06\/29\/cristiano-amendola-dalla-salutatio-alla-soprascritta\/\" aria-label=\"Cristiano Amendola &#8211; Dalla salutatio alla soprascritta\" class=\"hover-type-none\"><img decoding=\"async\" width=\"700\" height=\"441\" src=\"http:\/\/web.philo.ulg.ac.be\/epistolart_bd\/wp-content\/uploads\/sites\/46\/2020\/06\/Nuovo-Monitore-della-Toscana-700x441.jpg\" class=\"attachment-recent-posts size-recent-posts\" alt=\"\" srcset=\"http:\/\/web.philo.ulg.ac.be\/epistolart_bd\/wp-content\/uploads\/sites\/46\/2020\/06\/Nuovo-Monitore-della-Toscana-320x202.jpg 320w, http:\/\/web.philo.ulg.ac.be\/epistolart_bd\/wp-content\/uploads\/sites\/46\/2020\/06\/Nuovo-Monitore-della-Toscana-700x441.jpg 700w\" sizes=\"(max-width: 700px) 100vw, 700px\" \/><\/a><\/li><\/ul><\/div><div class=\"recent-posts-content\"><span class=\"vcard\" style=\"display: none;\"><span class=\"fn\"><a href=\"http:\/\/web.philo.ulg.ac.be\/epistolart_bd\/author\/u201550\/\" title=\"Articles par u201550\" rel=\"author\">u201550<\/a><\/span><\/span><span class=\"updated\" style=\"display:none;\">2020-06-29T11:55:31+02:00<\/span><h4 class=\"entry-title\"><a href=\"http:\/\/web.philo.ulg.ac.be\/epistolart_bd\/2020\/06\/29\/cristiano-amendola-dalla-salutatio-alla-soprascritta\/\">Cristiano Amendola &#8211; Dalla salutatio alla soprascritta<\/a><\/h4><p class=\"meta\"><span class=\"vcard\" style=\"display: none;\"><span class=\"fn\"><a href=\"http:\/\/web.philo.ulg.ac.be\/epistolart_bd\/author\/u201550\/\" title=\"Articles par u201550\" rel=\"author\">u201550<\/a><\/span><\/span><span class=\"updated\" style=\"display:none;\">2020-06-29T11:55:31+02:00<\/span><span>29\/06\/2020<\/span><span class=\"fusion-inline-sep\">|<\/span><\/p><\/div><\/article><article class=\"post fusion-column column col col-lg-3 col-md-3 col-sm-3\"><div class=\"fusion-flexslider fusion-flexslider-loading flexslider flexslider-hover-type-none\"><ul class=\"slides\"><li><a href=\"http:\/\/web.philo.ulg.ac.be\/epistolart_bd\/2019\/10\/22\/helene-miesse-goro-gheri-secrets-et-secretaires-a-florence-sous-laurent-de-medicis-duc-durbin\/\" aria-label=\"H\u00e9l\u00e8ne Miesse &#8211; Goro Gheri, secret(s) et secr\u00e9taire(s) \u00e0 Florence sous Laurent de M\u00e9dicis, duc d\u2019Urbin\" class=\"hover-type-none\"><img decoding=\"async\" width=\"700\" height=\"440\" src=\"http:\/\/web.philo.ulg.ac.be\/epistolart_bd\/wp-content\/uploads\/sites\/46\/2019\/10\/IMG_1966-700x440.jpg\" class=\"attachment-recent-posts size-recent-posts\" alt=\"\" srcset=\"http:\/\/web.philo.ulg.ac.be\/epistolart_bd\/wp-content\/uploads\/sites\/46\/2019\/10\/IMG_1966-200x126.jpg 200w, http:\/\/web.philo.ulg.ac.be\/epistolart_bd\/wp-content\/uploads\/sites\/46\/2019\/10\/IMG_1966-300x189.jpg 300w, http:\/\/web.philo.ulg.ac.be\/epistolart_bd\/wp-content\/uploads\/sites\/46\/2019\/10\/IMG_1966-320x202.jpg 320w, http:\/\/web.philo.ulg.ac.be\/epistolart_bd\/wp-content\/uploads\/sites\/46\/2019\/10\/IMG_1966-400x251.jpg 400w, http:\/\/web.philo.ulg.ac.be\/epistolart_bd\/wp-content\/uploads\/sites\/46\/2019\/10\/IMG_1966-600x377.jpg 600w, http:\/\/web.philo.ulg.ac.be\/epistolart_bd\/wp-content\/uploads\/sites\/46\/2019\/10\/IMG_1966.jpg 700w\" sizes=\"(max-width: 700px) 100vw, 700px\" \/><\/a><\/li><\/ul><\/div><div class=\"recent-posts-content\"><span class=\"vcard\" style=\"display: none;\"><span class=\"fn\"><a href=\"http:\/\/web.philo.ulg.ac.be\/epistolart_bd\/author\/u201550\/\" title=\"Articles par u201550\" rel=\"author\">u201550<\/a><\/span><\/span><span class=\"updated\" style=\"display:none;\">2020-06-29T11:54:52+02:00<\/span><h4 class=\"entry-title\"><a href=\"http:\/\/web.philo.ulg.ac.be\/epistolart_bd\/2019\/10\/22\/helene-miesse-goro-gheri-secrets-et-secretaires-a-florence-sous-laurent-de-medicis-duc-durbin\/\">H\u00e9l\u00e8ne Miesse &#8211; Goro Gheri, secret(s) et secr\u00e9taire(s) \u00e0 Florence sous Laurent de M\u00e9dicis, duc d\u2019Urbin<\/a><\/h4><p class=\"meta\"><span class=\"vcard\" style=\"display: none;\"><span class=\"fn\"><a href=\"http:\/\/web.philo.ulg.ac.be\/epistolart_bd\/author\/u201550\/\" title=\"Articles par u201550\" rel=\"author\">u201550<\/a><\/span><\/span><span class=\"updated\" style=\"display:none;\">2020-06-29T11:54:52+02:00<\/span><span>22\/10\/2019<\/span><span class=\"fusion-inline-sep\">|<\/span><\/p><\/div><\/article><article class=\"post fusion-column column col col-lg-3 col-md-3 col-sm-3\"><div class=\"fusion-flexslider fusion-flexslider-loading flexslider flexslider-hover-type-none\"><ul class=\"slides\"><li><a href=\"http:\/\/web.philo.ulg.ac.be\/epistolart_bd\/2019\/09\/05\/alessandro-aresti-lingua-delle-arti-e-lingua-di-artisti-in-italia-fra-medioevo-e-rinascimento\/\" aria-label=\"Alessandro Aresti &#8211; Lingua delle arti e lingua di artisti in Italia fra Medioevo e Rinascimento\" class=\"hover-type-none\"><img decoding=\"async\" width=\"427\" height=\"269\" src=\"http:\/\/web.philo.ulg.ac.be\/epistolart_bd\/wp-content\/uploads\/sites\/46\/2019\/09\/Aresti_lingua_Arti-1.jpg\" class=\"attachment-recent-posts size-recent-posts\" alt=\"\" srcset=\"http:\/\/web.philo.ulg.ac.be\/epistolart_bd\/wp-content\/uploads\/sites\/46\/2019\/09\/Aresti_lingua_Arti-1-200x126.jpg 200w, http:\/\/web.philo.ulg.ac.be\/epistolart_bd\/wp-content\/uploads\/sites\/46\/2019\/09\/Aresti_lingua_Arti-1-300x189.jpg 300w, http:\/\/web.philo.ulg.ac.be\/epistolart_bd\/wp-content\/uploads\/sites\/46\/2019\/09\/Aresti_lingua_Arti-1-320x202.jpg 320w, http:\/\/web.philo.ulg.ac.be\/epistolart_bd\/wp-content\/uploads\/sites\/46\/2019\/09\/Aresti_lingua_Arti-1-400x252.jpg 400w, http:\/\/web.philo.ulg.ac.be\/epistolart_bd\/wp-content\/uploads\/sites\/46\/2019\/09\/Aresti_lingua_Arti-1.jpg 427w\" sizes=\"(max-width: 427px) 100vw, 427px\" \/><\/a><\/li><\/ul><\/div><div class=\"recent-posts-content\"><span class=\"vcard\" style=\"display: none;\"><span class=\"fn\"><a href=\"http:\/\/web.philo.ulg.ac.be\/epistolart_bd\/author\/u201550\/\" title=\"Articles par u201550\" rel=\"author\">u201550<\/a><\/span><\/span><span class=\"updated\" style=\"display:none;\">2019-09-05T14:48:45+02:00<\/span><h4 class=\"entry-title\"><a href=\"http:\/\/web.philo.ulg.ac.be\/epistolart_bd\/2019\/09\/05\/alessandro-aresti-lingua-delle-arti-e-lingua-di-artisti-in-italia-fra-medioevo-e-rinascimento\/\">Alessandro Aresti &#8211; Lingua delle arti e lingua di artisti in Italia fra Medioevo e Rinascimento<\/a><\/h4><p class=\"meta\"><span class=\"vcard\" style=\"display: none;\"><span class=\"fn\"><a href=\"http:\/\/web.philo.ulg.ac.be\/epistolart_bd\/author\/u201550\/\" title=\"Articles par u201550\" rel=\"author\">u201550<\/a><\/span><\/span><span class=\"updated\" style=\"display:none;\">2019-09-05T14:48:45+02:00<\/span><span>05\/09\/2019<\/span><span class=\"fusion-inline-sep\">|<\/span><\/p><\/div><\/article><article class=\"post fusion-column column col col-lg-3 col-md-3 col-sm-3\"><div class=\"fusion-flexslider fusion-flexslider-loading flexslider flexslider-hover-type-none\"><ul class=\"slides\"><li><a href=\"http:\/\/web.philo.ulg.ac.be\/epistolart_bd\/2019\/07\/09\/la-biblioteca-di-leonardo\/\" aria-label=\"La biblioteca di Leonardo\" class=\"hover-type-none\"><img decoding=\"async\" width=\"700\" height=\"441\" src=\"http:\/\/web.philo.ulg.ac.be\/epistolart_bd\/wp-content\/uploads\/sites\/46\/2019\/07\/Biblioteca-Leonardo-700x441.jpg\" class=\"attachment-recent-posts size-recent-posts\" alt=\"\" srcset=\"http:\/\/web.philo.ulg.ac.be\/epistolart_bd\/wp-content\/uploads\/sites\/46\/2019\/07\/Biblioteca-Leonardo-e1562703030805-200x126.jpg 200w, http:\/\/web.philo.ulg.ac.be\/epistolart_bd\/wp-content\/uploads\/sites\/46\/2019\/07\/Biblioteca-Leonardo-e1562703030805-300x189.jpg 300w, http:\/\/web.philo.ulg.ac.be\/epistolart_bd\/wp-content\/uploads\/sites\/46\/2019\/07\/Biblioteca-Leonardo-e1562703030805-320x202.jpg 320w, http:\/\/web.philo.ulg.ac.be\/epistolart_bd\/wp-content\/uploads\/sites\/46\/2019\/07\/Biblioteca-Leonardo-e1562703030805-400x251.jpg 400w, http:\/\/web.philo.ulg.ac.be\/epistolart_bd\/wp-content\/uploads\/sites\/46\/2019\/07\/Biblioteca-Leonardo-e1562703030805-600x377.jpg 600w, http:\/\/web.philo.ulg.ac.be\/epistolart_bd\/wp-content\/uploads\/sites\/46\/2019\/07\/Biblioteca-Leonardo-e1562703030805.jpg 654w, http:\/\/web.philo.ulg.ac.be\/epistolart_bd\/wp-content\/uploads\/sites\/46\/2019\/07\/Biblioteca-Leonardo-700x441.jpg 700w\" sizes=\"(max-width: 700px) 100vw, 700px\" \/><\/a><\/li><\/ul><\/div><div class=\"recent-posts-content\"><span class=\"vcard\" style=\"display: none;\"><span class=\"fn\"><a href=\"http:\/\/web.philo.ulg.ac.be\/epistolart_bd\/author\/u201550\/\" title=\"Articles par u201550\" rel=\"author\">u201550<\/a><\/span><\/span><span class=\"updated\" style=\"display:none;\">2019-07-10T10:50:46+02:00<\/span><h4 class=\"entry-title\"><a href=\"http:\/\/web.philo.ulg.ac.be\/epistolart_bd\/2019\/07\/09\/la-biblioteca-di-leonardo\/\">La biblioteca di Leonardo<\/a><\/h4><p class=\"meta\"><span class=\"vcard\" style=\"display: none;\"><span class=\"fn\"><a href=\"http:\/\/web.philo.ulg.ac.be\/epistolart_bd\/author\/u201550\/\" title=\"Articles par u201550\" rel=\"author\">u201550<\/a><\/span><\/span><span class=\"updated\" style=\"display:none;\">2019-07-10T10:50:46+02:00<\/span><span>09\/07\/2019<\/span><span class=\"fusion-inline-sep\">|<\/span><\/p><\/div><\/article><article class=\"post fusion-column column col col-lg-3 col-md-3 col-sm-3\"><div class=\"fusion-flexslider fusion-flexslider-loading flexslider flexslider-hover-type-none\"><ul class=\"slides\"><li><a href=\"http:\/\/web.philo.ulg.ac.be\/epistolart_bd\/2019\/07\/02\/paola-moreno-il-progetto-epistolart-delluniversita-di-liegi\/\" aria-label=\"Paola Moreno &#8211; Il progetto EpistolART dell\u2019Universit\u00e0 di Liegi\" class=\"hover-type-none\"><img decoding=\"async\" width=\"700\" height=\"441\" src=\"http:\/\/web.philo.ulg.ac.be\/epistolart_bd\/wp-content\/uploads\/sites\/46\/2019\/07\/Rolfi-e1566221544364-700x441.jpg\" class=\"attachment-recent-posts size-recent-posts\" alt=\"\" srcset=\"http:\/\/web.philo.ulg.ac.be\/epistolart_bd\/wp-content\/uploads\/sites\/46\/2019\/07\/Rolfi-e1566221544364-200x126.jpg 200w, http:\/\/web.philo.ulg.ac.be\/epistolart_bd\/wp-content\/uploads\/sites\/46\/2019\/07\/Rolfi-e1566221544364-300x189.jpg 300w, http:\/\/web.philo.ulg.ac.be\/epistolart_bd\/wp-content\/uploads\/sites\/46\/2019\/07\/Rolfi-e1566221544364-320x202.jpg 320w, http:\/\/web.philo.ulg.ac.be\/epistolart_bd\/wp-content\/uploads\/sites\/46\/2019\/07\/Rolfi-e1566221544364-400x252.jpg 400w, http:\/\/web.philo.ulg.ac.be\/epistolart_bd\/wp-content\/uploads\/sites\/46\/2019\/07\/Rolfi-e1566221544364-600x378.jpg 600w, http:\/\/web.philo.ulg.ac.be\/epistolart_bd\/wp-content\/uploads\/sites\/46\/2019\/07\/Rolfi-e1566221544364-700x441.jpg 700w, http:\/\/web.philo.ulg.ac.be\/epistolart_bd\/wp-content\/uploads\/sites\/46\/2019\/07\/Rolfi-e1566221544364-768x484.jpg 768w, http:\/\/web.philo.ulg.ac.be\/epistolart_bd\/wp-content\/uploads\/sites\/46\/2019\/07\/Rolfi-e1566221544364-800x505.jpg 800w, http:\/\/web.philo.ulg.ac.be\/epistolart_bd\/wp-content\/uploads\/sites\/46\/2019\/07\/Rolfi-e1566221544364.jpg 986w\" sizes=\"(max-width: 700px) 100vw, 700px\" \/><\/a><\/li><\/ul><\/div><div class=\"recent-posts-content\"><span class=\"vcard\" style=\"display: none;\"><span class=\"fn\"><a href=\"http:\/\/web.philo.ulg.ac.be\/epistolart_bd\/author\/u201550\/\" title=\"Articles par u201550\" rel=\"author\">u201550<\/a><\/span><\/span><span class=\"updated\" style=\"display:none;\">2020-10-21T08:55:23+02:00<\/span><h4 class=\"entry-title\"><a href=\"http:\/\/web.philo.ulg.ac.be\/epistolart_bd\/2019\/07\/02\/paola-moreno-il-progetto-epistolart-delluniversita-di-liegi\/\">Paola Moreno &#8211; Il progetto EpistolART dell\u2019Universit\u00e0 di Liegi<\/a><\/h4><p class=\"meta\"><span class=\"vcard\" style=\"display: none;\"><span class=\"fn\"><a href=\"http:\/\/web.philo.ulg.ac.be\/epistolart_bd\/author\/u201550\/\" title=\"Articles par u201550\" rel=\"author\">u201550<\/a><\/span><\/span><span class=\"updated\" style=\"display:none;\">2020-10-21T08:55:23+02:00<\/span><span>02\/07\/2019<\/span><span class=\"fusion-inline-sep\">|<\/span><\/p><\/div><\/article><article class=\"post fusion-column column col col-lg-3 col-md-3 col-sm-3\"><div class=\"fusion-flexslider fusion-flexslider-loading flexslider flexslider-hover-type-none\"><ul class=\"slides\"><li><a href=\"http:\/\/web.philo.ulg.ac.be\/epistolart_bd\/2019\/03\/11\/helene-miesse-le-projet-epistolart-a-la-lumiere-de-cinq-lettres-evoquant-leonard-de-vinci\/\" aria-label=\"H\u00e9l\u00e8ne Miesse &#8211; Le projet EpistolART \u00e0 la lumi\u00e8re de cinq lettres \u00e9voquant L\u00e9onard de Vinci\" class=\"hover-type-none\"><img decoding=\"async\" width=\"700\" height=\"441\" src=\"http:\/\/web.philo.ulg.ac.be\/epistolart_bd\/wp-content\/uploads\/sites\/46\/2019\/07\/Epi0281_1_II.34_Firenze-Archivio-di-Stato-Signori-Missive-Minutari-filza-19-fol.-124v-e1562862223501-700x441.jpg\" class=\"attachment-recent-posts size-recent-posts\" alt=\"\" srcset=\"http:\/\/web.philo.ulg.ac.be\/epistolart_bd\/wp-content\/uploads\/sites\/46\/2019\/07\/Epi0281_1_II.34_Firenze-Archivio-di-Stato-Signori-Missive-Minutari-filza-19-fol.-124v-e1562862223501-200x127.jpg 200w, http:\/\/web.philo.ulg.ac.be\/epistolart_bd\/wp-content\/uploads\/sites\/46\/2019\/07\/Epi0281_1_II.34_Firenze-Archivio-di-Stato-Signori-Missive-Minutari-filza-19-fol.-124v-e1562862223501-300x190.jpg 300w, http:\/\/web.philo.ulg.ac.be\/epistolart_bd\/wp-content\/uploads\/sites\/46\/2019\/07\/Epi0281_1_II.34_Firenze-Archivio-di-Stato-Signori-Missive-Minutari-filza-19-fol.-124v-e1562862223501-320x202.jpg 320w, http:\/\/web.philo.ulg.ac.be\/epistolart_bd\/wp-content\/uploads\/sites\/46\/2019\/07\/Epi0281_1_II.34_Firenze-Archivio-di-Stato-Signori-Missive-Minutari-filza-19-fol.-124v-e1562862223501-400x253.jpg 400w, http:\/\/web.philo.ulg.ac.be\/epistolart_bd\/wp-content\/uploads\/sites\/46\/2019\/07\/Epi0281_1_II.34_Firenze-Archivio-di-Stato-Signori-Missive-Minutari-filza-19-fol.-124v-e1562862223501-700x441.jpg 700w\" sizes=\"(max-width: 700px) 100vw, 700px\" \/><\/a><\/li><\/ul><\/div><div class=\"recent-posts-content\"><span class=\"vcard\" style=\"display: none;\"><span class=\"fn\"><a href=\"http:\/\/web.philo.ulg.ac.be\/epistolart_bd\/author\/u201550\/\" title=\"Articles par u201550\" rel=\"author\">u201550<\/a><\/span><\/span><span class=\"updated\" style=\"display:none;\">2019-07-11T18:27:39+02:00<\/span><h4 class=\"entry-title\"><a href=\"http:\/\/web.philo.ulg.ac.be\/epistolart_bd\/2019\/03\/11\/helene-miesse-le-projet-epistolart-a-la-lumiere-de-cinq-lettres-evoquant-leonard-de-vinci\/\">H\u00e9l\u00e8ne Miesse &#8211; Le projet EpistolART \u00e0 la lumi\u00e8re de cinq lettres \u00e9voquant L\u00e9onard de Vinci<\/a><\/h4><p class=\"meta\"><span class=\"vcard\" style=\"display: none;\"><span class=\"fn\"><a href=\"http:\/\/web.philo.ulg.ac.be\/epistolart_bd\/author\/u201550\/\" title=\"Articles par u201550\" rel=\"author\">u201550<\/a><\/span><\/span><span class=\"updated\" style=\"display:none;\">2019-07-11T18:27:39+02:00<\/span><span>11\/03\/2019<\/span><span class=\"fusion-inline-sep\">|<\/span><\/p><\/div><\/article><article class=\"post fusion-column column col col-lg-3 col-md-3 col-sm-3\"><div class=\"fusion-flexslider fusion-flexslider-loading flexslider flexslider-hover-type-none\"><ul class=\"slides\"><li><a href=\"http:\/\/web.philo.ulg.ac.be\/epistolart_bd\/2018\/10\/15\/helene-miesse-et-gianluca-valenti-dir-modello-regola-ordine-parcours-normatifs-dans-litalie-du-cinquecento\/\" aria-label=\"H\u00e9l\u00e8ne Miesse et Gianluca Valenti (dir.) &#8211; \u00ab\u00a0Modello, regola, ordine\u00a0\u00bb. Parcours normatifs dans l&rsquo;Italie du Cinquecento\" class=\"hover-type-none\"><img decoding=\"async\" width=\"700\" height=\"441\" src=\"http:\/\/web.philo.ulg.ac.be\/epistolart_bd\/wp-content\/uploads\/sites\/46\/2019\/01\/Valenti_Miesse_Modello-700x441.jpg\" class=\"attachment-recent-posts size-recent-posts\" alt=\"\" srcset=\"http:\/\/web.philo.ulg.ac.be\/epistolart_bd\/wp-content\/uploads\/sites\/46\/2019\/01\/Valenti_Miesse_Modello-320x202.jpg 320w, http:\/\/web.philo.ulg.ac.be\/epistolart_bd\/wp-content\/uploads\/sites\/46\/2019\/01\/Valenti_Miesse_Modello-700x441.jpg 700w\" sizes=\"(max-width: 700px) 100vw, 700px\" \/><\/a><\/li><\/ul><\/div><div class=\"recent-posts-content\"><span class=\"vcard\" style=\"display: none;\"><span class=\"fn\"><a href=\"http:\/\/web.philo.ulg.ac.be\/epistolart_bd\/author\/u201550\/\" title=\"Articles par u201550\" rel=\"author\">u201550<\/a><\/span><\/span><span class=\"updated\" style=\"display:none;\">2019-01-14T11:34:54+01:00<\/span><h4 class=\"entry-title\"><a href=\"http:\/\/web.philo.ulg.ac.be\/epistolart_bd\/2018\/10\/15\/helene-miesse-et-gianluca-valenti-dir-modello-regola-ordine-parcours-normatifs-dans-litalie-du-cinquecento\/\">H\u00e9l\u00e8ne Miesse et Gianluca Valenti (dir.) &#8211; \u00ab\u00a0Modello, regola, ordine\u00a0\u00bb. Parcours normatifs dans l&rsquo;Italie du Cinquecento<\/a><\/h4><p class=\"meta\"><span class=\"vcard\" style=\"display: none;\"><span class=\"fn\"><a href=\"http:\/\/web.philo.ulg.ac.be\/epistolart_bd\/author\/u201550\/\" title=\"Articles par u201550\" rel=\"author\">u201550<\/a><\/span><\/span><span class=\"updated\" style=\"display:none;\">2019-01-14T11:34:54+01:00<\/span><span>15\/10\/2018<\/span><span class=\"fusion-inline-sep\">|<\/span><\/p><\/div><\/article><article class=\"post fusion-column column col col-lg-3 col-md-3 col-sm-3\"><div class=\"fusion-flexslider fusion-flexslider-loading flexslider flexslider-hover-type-none\"><ul class=\"slides\"><li><a href=\"http:\/\/web.philo.ulg.ac.be\/epistolart_bd\/2018\/08\/24\/alessandro-aresti-andrea-mantegna-allo-scrittoio-un-profilo-linguistico\/\" aria-label=\"Alessandro Aresti &#8211; Andrea Mantegna allo scrittoio. Un profilo linguistico\" class=\"hover-type-none\"><img decoding=\"async\" width=\"700\" height=\"441\" src=\"http:\/\/web.philo.ulg.ac.be\/epistolart_bd\/wp-content\/uploads\/sites\/46\/2018\/09\/2\u00b0BZ_BIS_COLORI-1-700x441.jpg\" class=\"attachment-recent-posts size-recent-posts\" alt=\"\" srcset=\"http:\/\/web.philo.ulg.ac.be\/epistolart_bd\/wp-content\/uploads\/sites\/46\/2018\/09\/2\u00b0BZ_BIS_COLORI-1-320x202.jpg 320w, http:\/\/web.philo.ulg.ac.be\/epistolart_bd\/wp-content\/uploads\/sites\/46\/2018\/09\/2\u00b0BZ_BIS_COLORI-1-700x441.jpg 700w\" sizes=\"(max-width: 700px) 100vw, 700px\" \/><\/a><\/li><\/ul><\/div><div class=\"recent-posts-content\"><span class=\"vcard\" style=\"display: none;\"><span class=\"fn\"><a href=\"http:\/\/web.philo.ulg.ac.be\/epistolart_bd\/author\/u201550\/\" title=\"Articles par u201550\" rel=\"author\">u201550<\/a><\/span><\/span><span class=\"updated\" style=\"display:none;\">2019-01-14T11:46:56+01:00<\/span><h4 class=\"entry-title\"><a href=\"http:\/\/web.philo.ulg.ac.be\/epistolart_bd\/2018\/08\/24\/alessandro-aresti-andrea-mantegna-allo-scrittoio-un-profilo-linguistico\/\">Alessandro Aresti &#8211; Andrea Mantegna allo scrittoio. Un profilo linguistico<\/a><\/h4><p class=\"meta\"><span class=\"vcard\" style=\"display: none;\"><span class=\"fn\"><a href=\"http:\/\/web.philo.ulg.ac.be\/epistolart_bd\/author\/u201550\/\" title=\"Articles par u201550\" rel=\"author\">u201550<\/a><\/span><\/span><span class=\"updated\" style=\"display:none;\">2019-01-14T11:46:56+01:00<\/span><span>24\/08\/2018<\/span><span class=\"fusion-inline-sep\">|<\/span><\/p><\/div><\/article><article class=\"post fusion-column column col col-lg-3 col-md-3 col-sm-3\"><div class=\"fusion-flexslider fusion-flexslider-loading flexslider flexslider-hover-type-none\"><ul class=\"slides\"><li><a href=\"http:\/\/web.philo.ulg.ac.be\/epistolart_bd\/2018\/06\/27\/alessandro-aresti-preliminari-a-uno-studio-sulluso-linguistico-di-andrea-mantegna-con-particolare-riguardo-alla-questione-dellautografia\/\" aria-label=\"Alessandro Aresti &#8211; Preliminari a uno studio sull&rsquo;uso linguistico di Andrea Mantegna (con particolare riguardo alla questione dell&rsquo;autografia)\" class=\"hover-type-none\"><img decoding=\"async\" width=\"700\" height=\"441\" src=\"http:\/\/web.philo.ulg.ac.be\/epistolart_bd\/wp-content\/uploads\/sites\/46\/2018\/09\/selection-e1530074673780-700x441.jpg\" class=\"attachment-recent-posts size-recent-posts\" alt=\"\" srcset=\"http:\/\/web.philo.ulg.ac.be\/epistolart_bd\/wp-content\/uploads\/sites\/46\/2018\/09\/selection-e1530074673780-320x202.jpg 320w, http:\/\/web.philo.ulg.ac.be\/epistolart_bd\/wp-content\/uploads\/sites\/46\/2018\/09\/selection-e1530074673780-700x441.jpg 700w\" sizes=\"(max-width: 700px) 100vw, 700px\" \/><\/a><\/li><\/ul><\/div><div class=\"recent-posts-content\"><span class=\"vcard\" style=\"display: none;\"><span class=\"fn\"><a href=\"http:\/\/web.philo.ulg.ac.be\/epistolart_bd\/author\/u201550\/\" title=\"Articles par u201550\" rel=\"author\">u201550<\/a><\/span><\/span><span class=\"updated\" style=\"display:none;\">2018-09-18T16:36:48+02:00<\/span><h4 class=\"entry-title\"><a href=\"http:\/\/web.philo.ulg.ac.be\/epistolart_bd\/2018\/06\/27\/alessandro-aresti-preliminari-a-uno-studio-sulluso-linguistico-di-andrea-mantegna-con-particolare-riguardo-alla-questione-dellautografia\/\">Alessandro Aresti &#8211; Preliminari a uno studio sull&rsquo;uso linguistico di Andrea Mantegna (con particolare riguardo alla questione dell&rsquo;autografia)<\/a><\/h4><p class=\"meta\"><span class=\"vcard\" style=\"display: none;\"><span class=\"fn\"><a href=\"http:\/\/web.philo.ulg.ac.be\/epistolart_bd\/author\/u201550\/\" title=\"Articles par u201550\" rel=\"author\">u201550<\/a><\/span><\/span><span class=\"updated\" style=\"display:none;\">2018-09-18T16:36:48+02:00<\/span><span>27\/06\/2018<\/span><span class=\"fusion-inline-sep\">|<\/span><\/p><\/div><\/article><article class=\"post fusion-column column col col-lg-3 col-md-3 col-sm-3\"><div class=\"fusion-flexslider fusion-flexslider-loading flexslider flexslider-hover-type-none\"><ul class=\"slides\"><li><a href=\"http:\/\/web.philo.ulg.ac.be\/epistolart_bd\/2018\/04\/24\/gianluca-valenti-towards-an-analysis-of-michelangelos-epistolary-language-some-remarks\/\" aria-label=\"Gianluca Valenti &#8211; \u00ab\u00a0Towards an Analysis of Michelangelo&rsquo;s Epistolary Language: Some Remarks\u00a0\u00bb\" class=\"hover-type-none\"><img decoding=\"async\" width=\"700\" height=\"441\" src=\"http:\/\/web.philo.ulg.ac.be\/epistolart_bd\/wp-content\/uploads\/sites\/46\/2018\/09\/Archivio-Vasari-Lettera-di-Michelangelo-a-Vasari-e1530479407694-1-700x441.jpg\" class=\"attachment-recent-posts size-recent-posts\" alt=\"\" srcset=\"http:\/\/web.philo.ulg.ac.be\/epistolart_bd\/wp-content\/uploads\/sites\/46\/2018\/09\/Archivio-Vasari-Lettera-di-Michelangelo-a-Vasari-e1530479407694-1-320x202.jpg 320w, http:\/\/web.philo.ulg.ac.be\/epistolart_bd\/wp-content\/uploads\/sites\/46\/2018\/09\/Archivio-Vasari-Lettera-di-Michelangelo-a-Vasari-e1530479407694-1-700x441.jpg 700w\" sizes=\"(max-width: 700px) 100vw, 700px\" \/><\/a><\/li><\/ul><\/div><div class=\"recent-posts-content\"><span class=\"vcard\" style=\"display: none;\"><span class=\"fn\"><a href=\"http:\/\/web.philo.ulg.ac.be\/epistolart_bd\/author\/u201550\/\" title=\"Articles par u201550\" rel=\"author\">u201550<\/a><\/span><\/span><span class=\"updated\" style=\"display:none;\">2018-09-18T16:42:38+02:00<\/span><h4 class=\"entry-title\"><a href=\"http:\/\/web.philo.ulg.ac.be\/epistolart_bd\/2018\/04\/24\/gianluca-valenti-towards-an-analysis-of-michelangelos-epistolary-language-some-remarks\/\">Gianluca Valenti &#8211; \u00ab\u00a0Towards an Analysis of Michelangelo&rsquo;s Epistolary Language: Some Remarks\u00a0\u00bb<\/a><\/h4><p class=\"meta\"><span class=\"vcard\" style=\"display: none;\"><span class=\"fn\"><a href=\"http:\/\/web.philo.ulg.ac.be\/epistolart_bd\/author\/u201550\/\" title=\"Articles par u201550\" rel=\"author\">u201550<\/a><\/span><\/span><span class=\"updated\" style=\"display:none;\">2018-09-18T16:42:38+02:00<\/span><span>24\/04\/2018<\/span><span class=\"fusion-inline-sep\">|<\/span><\/p><\/div><\/article><article class=\"post fusion-column column col col-lg-3 col-md-3 col-sm-3\"><div class=\"fusion-flexslider fusion-flexslider-loading flexslider flexslider-hover-type-none\"><ul class=\"slides\"><li><a href=\"http:\/\/web.philo.ulg.ac.be\/epistolart_bd\/2018\/01\/01\/paola-moreno-et-gianluca-valenti-un-pelago-di-scientia-con-amore-le-regole-di-fortunio-a-cinquecento-anni-dalla-stampa\/\" aria-label=\"Paola Moreno et Gianluca Valenti &#8211; \u00ab Un pelago di scientia con amore \u00bb. Le \u2018Regole\u2019 di Fortunio a cinquecento anni dalla stampa\" class=\"hover-type-none\"><img decoding=\"async\" width=\"660\" height=\"417\" src=\"http:\/\/web.philo.ulg.ac.be\/epistolart_bd\/wp-content\/uploads\/sites\/46\/2018\/09\/Fortunio-e1516963541899.jpg\" class=\"attachment-recent-posts size-recent-posts\" alt=\"\" srcset=\"http:\/\/web.philo.ulg.ac.be\/epistolart_bd\/wp-content\/uploads\/sites\/46\/2018\/09\/Fortunio-e1516963541899-200x126.jpg 200w, http:\/\/web.philo.ulg.ac.be\/epistolart_bd\/wp-content\/uploads\/sites\/46\/2018\/09\/Fortunio-e1516963541899-300x190.jpg 300w, http:\/\/web.philo.ulg.ac.be\/epistolart_bd\/wp-content\/uploads\/sites\/46\/2018\/09\/Fortunio-e1516963541899-320x202.jpg 320w, http:\/\/web.philo.ulg.ac.be\/epistolart_bd\/wp-content\/uploads\/sites\/46\/2018\/09\/Fortunio-e1516963541899-400x253.jpg 400w, http:\/\/web.philo.ulg.ac.be\/epistolart_bd\/wp-content\/uploads\/sites\/46\/2018\/09\/Fortunio-e1516963541899-600x379.jpg 600w, http:\/\/web.philo.ulg.ac.be\/epistolart_bd\/wp-content\/uploads\/sites\/46\/2018\/09\/Fortunio-e1516963541899.jpg 660w\" sizes=\"(max-width: 660px) 100vw, 660px\" \/><\/a><\/li><\/ul><\/div><div class=\"recent-posts-content\"><span class=\"vcard\" style=\"display: none;\"><span class=\"fn\"><a href=\"http:\/\/web.philo.ulg.ac.be\/epistolart_bd\/author\/u201550\/\" title=\"Articles par u201550\" rel=\"author\">u201550<\/a><\/span><\/span><span class=\"updated\" style=\"display:none;\">2019-01-14T11:51:27+01:00<\/span><h4 class=\"entry-title\"><a href=\"http:\/\/web.philo.ulg.ac.be\/epistolart_bd\/2018\/01\/01\/paola-moreno-et-gianluca-valenti-un-pelago-di-scientia-con-amore-le-regole-di-fortunio-a-cinquecento-anni-dalla-stampa\/\">Paola Moreno et Gianluca Valenti &#8211; \u00ab Un pelago di scientia con amore \u00bb. Le \u2018Regole\u2019 di Fortunio a cinquecento anni dalla stampa<\/a><\/h4><p class=\"meta\"><span class=\"vcard\" style=\"display: none;\"><span class=\"fn\"><a href=\"http:\/\/web.philo.ulg.ac.be\/epistolart_bd\/author\/u201550\/\" title=\"Articles par u201550\" rel=\"author\">u201550<\/a><\/span><\/span><span class=\"updated\" style=\"display:none;\">2019-01-14T11:51:27+01:00<\/span><span>01\/01\/2018<\/span><span class=\"fusion-inline-sep\">|<\/span><\/p><\/div><\/article><article class=\"post fusion-column column col col-lg-3 col-md-3 col-sm-3\"><div class=\"fusion-flexslider fusion-flexslider-loading flexslider flexslider-hover-type-none\"><ul class=\"slides\"><li><a href=\"http:\/\/web.philo.ulg.ac.be\/epistolart_bd\/2017\/12\/09\/antonio-geremicca-carla-chiummo-patrizia-tosini-intrecci-virtuosi-letterati-artisti-e-accademie-tra-cinque-e-seicento\/\" aria-label=\"Antonio Geremicca, Carla Chiummo, Patrizia Tosini &#8211; Intrecci virtuosi. Letterati, artisti e accademie tra Cinque e Seicento\" class=\"hover-type-none\"><img decoding=\"async\" width=\"700\" height=\"441\" src=\"http:\/\/web.philo.ulg.ac.be\/epistolart_bd\/wp-content\/uploads\/sites\/46\/2018\/09\/Intrecci-e1512814669434-700x441.jpg\" class=\"attachment-recent-posts size-recent-posts\" alt=\"\" srcset=\"http:\/\/web.philo.ulg.ac.be\/epistolart_bd\/wp-content\/uploads\/sites\/46\/2018\/09\/Intrecci-e1512814669434-200x126.jpg 200w, http:\/\/web.philo.ulg.ac.be\/epistolart_bd\/wp-content\/uploads\/sites\/46\/2018\/09\/Intrecci-e1512814669434-300x189.jpg 300w, http:\/\/web.philo.ulg.ac.be\/epistolart_bd\/wp-content\/uploads\/sites\/46\/2018\/09\/Intrecci-e1512814669434-320x202.jpg 320w, http:\/\/web.philo.ulg.ac.be\/epistolart_bd\/wp-content\/uploads\/sites\/46\/2018\/09\/Intrecci-e1512814669434-400x253.jpg 400w, http:\/\/web.philo.ulg.ac.be\/epistolart_bd\/wp-content\/uploads\/sites\/46\/2018\/09\/Intrecci-e1512814669434-600x379.jpg 600w, http:\/\/web.philo.ulg.ac.be\/epistolart_bd\/wp-content\/uploads\/sites\/46\/2018\/09\/Intrecci-e1512814669434-700x441.jpg 700w, http:\/\/web.philo.ulg.ac.be\/epistolart_bd\/wp-content\/uploads\/sites\/46\/2018\/09\/Intrecci-e1512814669434-768x485.jpg 768w, http:\/\/web.philo.ulg.ac.be\/epistolart_bd\/wp-content\/uploads\/sites\/46\/2018\/09\/Intrecci-e1512814669434-800x505.jpg 800w, http:\/\/web.philo.ulg.ac.be\/epistolart_bd\/wp-content\/uploads\/sites\/46\/2018\/09\/Intrecci-e1512814669434-1024x647.jpg 1024w, http:\/\/web.philo.ulg.ac.be\/epistolart_bd\/wp-content\/uploads\/sites\/46\/2018\/09\/Intrecci-e1512814669434.jpg 1178w\" sizes=\"(max-width: 700px) 100vw, 700px\" \/><\/a><\/li><\/ul><\/div><div class=\"recent-posts-content\"><span class=\"vcard\" style=\"display: none;\"><span class=\"fn\"><a href=\"http:\/\/web.philo.ulg.ac.be\/epistolart_bd\/author\/u201550\/\" title=\"Articles par u201550\" rel=\"author\">u201550<\/a><\/span><\/span><span class=\"updated\" style=\"display:none;\">2019-01-14T10:41:34+01:00<\/span><h4 class=\"entry-title\"><a href=\"http:\/\/web.philo.ulg.ac.be\/epistolart_bd\/2017\/12\/09\/antonio-geremicca-carla-chiummo-patrizia-tosini-intrecci-virtuosi-letterati-artisti-e-accademie-tra-cinque-e-seicento\/\">Antonio Geremicca, Carla Chiummo, Patrizia Tosini &#8211; Intrecci virtuosi. Letterati, artisti e accademie tra Cinque e Seicento<\/a><\/h4><p class=\"meta\"><span class=\"vcard\" style=\"display: none;\"><span class=\"fn\"><a href=\"http:\/\/web.philo.ulg.ac.be\/epistolart_bd\/author\/u201550\/\" title=\"Articles par u201550\" rel=\"author\">u201550<\/a><\/span><\/span><span class=\"updated\" style=\"display:none;\">2019-01-14T10:41:34+01:00<\/span><span>09\/12\/2017<\/span><span class=\"fusion-inline-sep\">|<\/span><\/p><\/div><\/article><article class=\"post fusion-column column col col-lg-3 col-md-3 col-sm-3\"><div class=\"fusion-flexslider fusion-flexslider-loading flexslider flexslider-hover-type-none\"><ul class=\"slides\"><li><a href=\"http:\/\/web.philo.ulg.ac.be\/epistolart_bd\/2017\/08\/24\/gianluca-valenti-le-lettere-di-michelangelo-auto-promozione-e-auto-percezione-nel-contesto-del-dibattito-linguistico-contemporaneo\/\" aria-label=\"Gianluca Valenti &#8211; Le lettere di Michelangelo. Auto-promozione e auto-percezione nel contesto del dibattito linguistico contemporaneo\" class=\"hover-type-none\"><img decoding=\"async\" width=\"700\" height=\"441\" src=\"http:\/\/web.philo.ulg.ac.be\/epistolart_bd\/wp-content\/uploads\/sites\/46\/2018\/09\/sibilla-delfica-700x441.jpg\" class=\"attachment-recent-posts size-recent-posts\" alt=\"\" srcset=\"http:\/\/web.philo.ulg.ac.be\/epistolart_bd\/wp-content\/uploads\/sites\/46\/2018\/09\/sibilla-delfica-320x202.jpg 320w, http:\/\/web.philo.ulg.ac.be\/epistolart_bd\/wp-content\/uploads\/sites\/46\/2018\/09\/sibilla-delfica-700x441.jpg 700w\" sizes=\"(max-width: 700px) 100vw, 700px\" \/><\/a><\/li><\/ul><\/div><div class=\"recent-posts-content\"><span class=\"vcard\" style=\"display: none;\"><span class=\"fn\"><a href=\"http:\/\/web.philo.ulg.ac.be\/epistolart_bd\/author\/u201550\/\" title=\"Articles par u201550\" rel=\"author\">u201550<\/a><\/span><\/span><span class=\"updated\" style=\"display:none;\">2019-01-14T11:54:11+01:00<\/span><h4 class=\"entry-title\"><a href=\"http:\/\/web.philo.ulg.ac.be\/epistolart_bd\/2017\/08\/24\/gianluca-valenti-le-lettere-di-michelangelo-auto-promozione-e-auto-percezione-nel-contesto-del-dibattito-linguistico-contemporaneo\/\">Gianluca Valenti &#8211; Le lettere di Michelangelo. Auto-promozione e auto-percezione nel contesto del dibattito linguistico contemporaneo<\/a><\/h4><p class=\"meta\"><span class=\"vcard\" style=\"display: none;\"><span class=\"fn\"><a href=\"http:\/\/web.philo.ulg.ac.be\/epistolart_bd\/author\/u201550\/\" title=\"Articles par u201550\" rel=\"author\">u201550<\/a><\/span><\/span><span class=\"updated\" style=\"display:none;\">2019-01-14T11:54:11+01:00<\/span><span>24\/08\/2017<\/span><span class=\"fusion-inline-sep\">|<\/span><\/p><\/div><\/article><article class=\"post fusion-column column col col-lg-3 col-md-3 col-sm-3\"><div class=\"fusion-flexslider fusion-flexslider-loading flexslider flexslider-hover-type-none\"><ul class=\"slides\"><li><a href=\"http:\/\/web.philo.ulg.ac.be\/epistolart_bd\/2017\/05\/18\/eva-trizzullo-baldassarre-turini-da-pescia-familier-de-leon-x-ami-de-raphael-et-candidat-malheureux-a-la-prevote-de-la-collegiale-de-tongres\/\" aria-label=\"Eva Trizzullo &#8211; Baldassarre Turini da Pescia. Familier de L\u00e9on X, ami de Rapha\u00ebl et candidat malheureux \u00e0 la pr\u00e9v\u00f4t\u00e9 de la coll\u00e9giale de Tongres\" class=\"hover-type-none\"><img decoding=\"async\" width=\"700\" height=\"441\" src=\"http:\/\/web.philo.ulg.ac.be\/epistolart_bd\/wp-content\/uploads\/sites\/46\/2018\/09\/800px-Madonna_del_Baldacchino-700x441.jpg\" class=\"attachment-recent-posts size-recent-posts\" alt=\"\" srcset=\"http:\/\/web.philo.ulg.ac.be\/epistolart_bd\/wp-content\/uploads\/sites\/46\/2018\/09\/800px-Madonna_del_Baldacchino-320x202.jpg 320w, http:\/\/web.philo.ulg.ac.be\/epistolart_bd\/wp-content\/uploads\/sites\/46\/2018\/09\/800px-Madonna_del_Baldacchino-700x441.jpg 700w\" sizes=\"(max-width: 700px) 100vw, 700px\" \/><\/a><\/li><\/ul><\/div><div class=\"recent-posts-content\"><span class=\"vcard\" style=\"display: none;\"><span class=\"fn\"><a href=\"http:\/\/web.philo.ulg.ac.be\/epistolart_bd\/author\/u201550\/\" title=\"Articles par u201550\" rel=\"author\">u201550<\/a><\/span><\/span><span class=\"updated\" style=\"display:none;\">2018-09-20T11:15:28+02:00<\/span><h4 class=\"entry-title\"><a href=\"http:\/\/web.philo.ulg.ac.be\/epistolart_bd\/2017\/05\/18\/eva-trizzullo-baldassarre-turini-da-pescia-familier-de-leon-x-ami-de-raphael-et-candidat-malheureux-a-la-prevote-de-la-collegiale-de-tongres\/\">Eva Trizzullo &#8211; Baldassarre Turini da Pescia. Familier de L\u00e9on X, ami de Rapha\u00ebl et candidat malheureux \u00e0 la pr\u00e9v\u00f4t\u00e9 de la coll\u00e9giale de Tongres<\/a><\/h4><p class=\"meta\"><span class=\"vcard\" style=\"display: none;\"><span class=\"fn\"><a href=\"http:\/\/web.philo.ulg.ac.be\/epistolart_bd\/author\/u201550\/\" title=\"Articles par u201550\" rel=\"author\">u201550<\/a><\/span><\/span><span class=\"updated\" style=\"display:none;\">2018-09-20T11:15:28+02:00<\/span><span>18\/05\/2017<\/span><span class=\"fusion-inline-sep\">|<\/span><\/p><\/div><\/article><article class=\"post fusion-column column col col-lg-3 col-md-3 col-sm-3\"><div class=\"fusion-flexslider fusion-flexslider-loading flexslider flexslider-hover-type-none\"><ul class=\"slides\"><li><a href=\"http:\/\/web.philo.ulg.ac.be\/epistolart_bd\/2017\/03\/23\/antonio-geremicca-et-helene-miesse-essere-uomini-di-lettere-segretari-e-politica-culturale-nel-cinquecento\/\" aria-label=\"Antonio Geremicca et H\u00e9l\u00e8ne Miesse &#8211; Essere uomini di \u201clettere\u201d. Segretari e politica culturale nel Cinquecento\" class=\"hover-type-none\"><img decoding=\"async\" width=\"700\" height=\"441\" src=\"http:\/\/web.philo.ulg.ac.be\/epistolart_bd\/wp-content\/uploads\/sites\/46\/2018\/09\/copertina-Essere-uomini-di-lettere-e1490261470209-700x441.jpg\" class=\"attachment-recent-posts size-recent-posts\" alt=\"\" srcset=\"http:\/\/web.philo.ulg.ac.be\/epistolart_bd\/wp-content\/uploads\/sites\/46\/2018\/09\/copertina-Essere-uomini-di-lettere-e1490261470209-320x202.jpg 320w, http:\/\/web.philo.ulg.ac.be\/epistolart_bd\/wp-content\/uploads\/sites\/46\/2018\/09\/copertina-Essere-uomini-di-lettere-e1490261470209-700x441.jpg 700w\" sizes=\"(max-width: 700px) 100vw, 700px\" \/><\/a><\/li><\/ul><\/div><div class=\"recent-posts-content\"><span class=\"vcard\" style=\"display: none;\"><span class=\"fn\"><a href=\"http:\/\/web.philo.ulg.ac.be\/epistolart_bd\/author\/u201550\/\" title=\"Articles par u201550\" rel=\"author\">u201550<\/a><\/span><\/span><span class=\"updated\" style=\"display:none;\">2019-01-14T11:56:31+01:00<\/span><h4 class=\"entry-title\"><a href=\"http:\/\/web.philo.ulg.ac.be\/epistolart_bd\/2017\/03\/23\/antonio-geremicca-et-helene-miesse-essere-uomini-di-lettere-segretari-e-politica-culturale-nel-cinquecento\/\">Antonio Geremicca et H\u00e9l\u00e8ne Miesse &#8211; Essere uomini di \u201clettere\u201d. Segretari e politica culturale nel Cinquecento<\/a><\/h4><p class=\"meta\"><span class=\"vcard\" style=\"display: none;\"><span class=\"fn\"><a href=\"http:\/\/web.philo.ulg.ac.be\/epistolart_bd\/author\/u201550\/\" title=\"Articles par u201550\" rel=\"author\">u201550<\/a><\/span><\/span><span class=\"updated\" style=\"display:none;\">2019-01-14T11:56:31+01:00<\/span><span>23\/03\/2017<\/span><span class=\"fusion-inline-sep\">|<\/span><\/p><\/div><\/article><article class=\"post fusion-column column col col-lg-3 col-md-3 col-sm-3\"><div class=\"fusion-flexslider fusion-flexslider-loading flexslider flexslider-hover-type-none\"><ul class=\"slides\"><li><a href=\"http:\/\/web.philo.ulg.ac.be\/epistolart_bd\/2016\/09\/18\/eva-trizzullo-baldassarre-turini-da-pescia-une-vie-au-service-de-lart-le-role-et-les-contacts-artistiques-dun-familier-des-medicis-dans-la-rome-du-cinquecento\/\" aria-label=\"Eva Trizzullo &#8211; Baldassarre Turini da Pescia, une vie au service de l\u2019art. Le r\u00f4le et les contacts artistiques d\u2019un familier des M\u00e9dicis dans la Rome du Cinquecento\" class=\"hover-type-none\"><img decoding=\"async\" width=\"700\" height=\"441\" src=\"http:\/\/web.philo.ulg.ac.be\/epistolart_bd\/wp-content\/uploads\/sites\/46\/2018\/09\/VignettePourMemoire-2-700x441.jpg\" class=\"attachment-recent-posts size-recent-posts\" alt=\"\" srcset=\"http:\/\/web.philo.ulg.ac.be\/epistolart_bd\/wp-content\/uploads\/sites\/46\/2018\/09\/VignettePourMemoire-2-320x202.jpg 320w, http:\/\/web.philo.ulg.ac.be\/epistolart_bd\/wp-content\/uploads\/sites\/46\/2018\/09\/VignettePourMemoire-2-700x441.jpg 700w\" sizes=\"(max-width: 700px) 100vw, 700px\" \/><\/a><\/li><\/ul><\/div><div class=\"recent-posts-content\"><span class=\"vcard\" style=\"display: none;\"><span class=\"fn\"><a href=\"http:\/\/web.philo.ulg.ac.be\/epistolart_bd\/author\/u201550\/\" title=\"Articles par u201550\" rel=\"author\">u201550<\/a><\/span><\/span><span class=\"updated\" style=\"display:none;\">2019-01-14T12:04:07+01:00<\/span><h4 class=\"entry-title\"><a href=\"http:\/\/web.philo.ulg.ac.be\/epistolart_bd\/2016\/09\/18\/eva-trizzullo-baldassarre-turini-da-pescia-une-vie-au-service-de-lart-le-role-et-les-contacts-artistiques-dun-familier-des-medicis-dans-la-rome-du-cinquecento\/\">Eva Trizzullo &#8211; Baldassarre Turini da Pescia, une vie au service de l\u2019art. Le r\u00f4le et les contacts artistiques d\u2019un familier des M\u00e9dicis dans la Rome du Cinquecento<\/a><\/h4><p class=\"meta\"><span class=\"vcard\" style=\"display: none;\"><span class=\"fn\"><a href=\"http:\/\/web.philo.ulg.ac.be\/epistolart_bd\/author\/u201550\/\" title=\"Articles par u201550\" rel=\"author\">u201550<\/a><\/span><\/span><span class=\"updated\" style=\"display:none;\">2019-01-14T12:04:07+01:00<\/span><span>18\/09\/2016<\/span><span class=\"fusion-inline-sep\">|<\/span><\/p><\/div><\/article><article class=\"post fusion-column column col col-lg-3 col-md-3 col-sm-3\"><div class=\"fusion-flexslider fusion-flexslider-loading flexslider flexslider-hover-type-none\"><ul class=\"slides\"><li><a href=\"http:\/\/web.philo.ulg.ac.be\/epistolart_bd\/2016\/05\/20\/antonio-geremicca-francesco-salviati-spirito-veramente-pellegrino-ed-eletto\/\" aria-label=\"Antonio Geremicca &#8211; Francesco Salviati \u00ab spirito veramente pellegrino ed eletto \u00bb\" class=\"hover-type-none\"><img decoding=\"async\" width=\"700\" height=\"441\" src=\"http:\/\/web.philo.ulg.ac.be\/epistolart_bd\/wp-content\/uploads\/sites\/46\/2018\/09\/presentation-salviati-700x441.jpg\" class=\"attachment-recent-posts size-recent-posts\" alt=\"\" srcset=\"http:\/\/web.philo.ulg.ac.be\/epistolart_bd\/wp-content\/uploads\/sites\/46\/2018\/09\/presentation-salviati-320x202.jpg 320w, http:\/\/web.philo.ulg.ac.be\/epistolart_bd\/wp-content\/uploads\/sites\/46\/2018\/09\/presentation-salviati-700x441.jpg 700w\" sizes=\"(max-width: 700px) 100vw, 700px\" \/><\/a><\/li><\/ul><\/div><div class=\"recent-posts-content\"><span class=\"vcard\" style=\"display: none;\"><span class=\"fn\"><a href=\"http:\/\/web.philo.ulg.ac.be\/epistolart_bd\/author\/u201550\/\" title=\"Articles par u201550\" rel=\"author\">u201550<\/a><\/span><\/span><span class=\"updated\" style=\"display:none;\">2019-01-14T12:06:04+01:00<\/span><h4 class=\"entry-title\"><a href=\"http:\/\/web.philo.ulg.ac.be\/epistolart_bd\/2016\/05\/20\/antonio-geremicca-francesco-salviati-spirito-veramente-pellegrino-ed-eletto\/\">Antonio Geremicca &#8211; Francesco Salviati \u00ab spirito veramente pellegrino ed eletto \u00bb<\/a><\/h4><p class=\"meta\"><span class=\"vcard\" style=\"display: none;\"><span class=\"fn\"><a href=\"http:\/\/web.philo.ulg.ac.be\/epistolart_bd\/author\/u201550\/\" title=\"Articles par u201550\" rel=\"author\">u201550<\/a><\/span><\/span><span class=\"updated\" style=\"display:none;\">2019-01-14T12:06:04+01:00<\/span><span>20\/05\/2016<\/span><span class=\"fusion-inline-sep\">|<\/span><\/p><\/div><\/article><article class=\"post fusion-column column col col-lg-3 col-md-3 col-sm-3\"><div class=\"fusion-flexslider fusion-flexslider-loading flexslider flexslider-hover-type-none\"><ul class=\"slides\"><li><a href=\"http:\/\/web.philo.ulg.ac.be\/epistolart_bd\/2016\/03\/03\/gianluca-valenti-per-ledizione-di-un-corpus-epistolare-plurilinguistico\/\" aria-label=\"Gianluca Valenti &#8211; Per l\u2019edizione di un corpus epistolare plurilinguistico\" class=\"hover-type-none\"><img decoding=\"async\" width=\"700\" height=\"441\" src=\"http:\/\/web.philo.ulg.ac.be\/epistolart_bd\/wp-content\/uploads\/sites\/46\/2018\/09\/02.-GV-Per-ledizione-700x441.jpg\" class=\"attachment-recent-posts size-recent-posts\" alt=\"\" srcset=\"http:\/\/web.philo.ulg.ac.be\/epistolart_bd\/wp-content\/uploads\/sites\/46\/2018\/09\/02.-GV-Per-ledizione-320x202.jpg 320w, http:\/\/web.philo.ulg.ac.be\/epistolart_bd\/wp-content\/uploads\/sites\/46\/2018\/09\/02.-GV-Per-ledizione-700x441.jpg 700w\" sizes=\"(max-width: 700px) 100vw, 700px\" \/><\/a><\/li><\/ul><\/div><div class=\"recent-posts-content\"><span class=\"vcard\" style=\"display: none;\"><span class=\"fn\"><a href=\"http:\/\/web.philo.ulg.ac.be\/epistolart_bd\/author\/u201550\/\" title=\"Articles par u201550\" rel=\"author\">u201550<\/a><\/span><\/span><span class=\"updated\" style=\"display:none;\">2018-09-19T14:36:30+02:00<\/span><h4 class=\"entry-title\"><a href=\"http:\/\/web.philo.ulg.ac.be\/epistolart_bd\/2016\/03\/03\/gianluca-valenti-per-ledizione-di-un-corpus-epistolare-plurilinguistico\/\">Gianluca Valenti &#8211; Per l\u2019edizione di un corpus epistolare plurilinguistico<\/a><\/h4><p class=\"meta\"><span class=\"vcard\" style=\"display: none;\"><span class=\"fn\"><a href=\"http:\/\/web.philo.ulg.ac.be\/epistolart_bd\/author\/u201550\/\" title=\"Articles par u201550\" rel=\"author\">u201550<\/a><\/span><\/span><span class=\"updated\" style=\"display:none;\">2018-09-19T14:36:30+02:00<\/span><span>03\/03\/2016<\/span><span class=\"fusion-inline-sep\">|<\/span><\/p><\/div><\/article><article class=\"post fusion-column column col col-lg-3 col-md-3 col-sm-3\"><div class=\"fusion-flexslider fusion-flexslider-loading flexslider flexslider-hover-type-none\"><ul class=\"slides\"><li><a href=\"http:\/\/web.philo.ulg.ac.be\/epistolart_bd\/2015\/12\/06\/laure-fagnart-et-helene-miesse-perche-havemo-bisogno-ancora-de-maestro-leonardo\/\" aria-label=\"Laure Fagnart et H\u00e9l\u00e8ne Miesse &#8211; \u00ab Perch\u00e9 havemo bisogno ancora de maestro Leonardo \u00bb\" class=\"hover-type-none\"><img decoding=\"async\" width=\"700\" height=\"441\" src=\"http:\/\/web.philo.ulg.ac.be\/epistolart_bd\/wp-content\/uploads\/sites\/46\/2018\/09\/EPI-280_1-18-ao\u00fbt-1506-folio-126r-d\u00e9tail-700x441.jpg\" class=\"attachment-recent-posts size-recent-posts\" alt=\"\" srcset=\"http:\/\/web.philo.ulg.ac.be\/epistolart_bd\/wp-content\/uploads\/sites\/46\/2018\/09\/EPI-280_1-18-ao\u00fbt-1506-folio-126r-d\u00e9tail-320x202.jpg 320w, http:\/\/web.philo.ulg.ac.be\/epistolart_bd\/wp-content\/uploads\/sites\/46\/2018\/09\/EPI-280_1-18-ao\u00fbt-1506-folio-126r-d\u00e9tail-700x441.jpg 700w\" sizes=\"(max-width: 700px) 100vw, 700px\" \/><\/a><\/li><\/ul><\/div><div class=\"recent-posts-content\"><span class=\"vcard\" style=\"display: none;\"><span class=\"fn\"><a href=\"http:\/\/web.philo.ulg.ac.be\/epistolart_bd\/author\/u201550\/\" title=\"Articles par u201550\" rel=\"author\">u201550<\/a><\/span><\/span><span class=\"updated\" style=\"display:none;\">2018-09-19T14:53:29+02:00<\/span><h4 class=\"entry-title\"><a href=\"http:\/\/web.philo.ulg.ac.be\/epistolart_bd\/2015\/12\/06\/laure-fagnart-et-helene-miesse-perche-havemo-bisogno-ancora-de-maestro-leonardo\/\">Laure Fagnart et H\u00e9l\u00e8ne Miesse &#8211; \u00ab Perch\u00e9 havemo bisogno ancora de maestro Leonardo \u00bb<\/a><\/h4><p class=\"meta\"><span class=\"vcard\" style=\"display: none;\"><span class=\"fn\"><a href=\"http:\/\/web.philo.ulg.ac.be\/epistolart_bd\/author\/u201550\/\" title=\"Articles par u201550\" rel=\"author\">u201550<\/a><\/span><\/span><span class=\"updated\" style=\"display:none;\">2018-09-19T14:53:29+02:00<\/span><span>06\/12\/2015<\/span><span class=\"fusion-inline-sep\">|<\/span><\/p><\/div><\/article><\/section><\/div><\/div><\/div><div class=\"fusion-clearfix\"><\/div><\/div><\/div><\/div><\/div><div class=\"fusion-fullwidth fullwidth-box fusion-builder-row-3 nonhundred-percent-fullwidth non-hundred-percent-height-scrolling\" style=\"background-color: rgba(255,255,255,0);background-position: center center;background-repeat: no-repeat;padding-top:20px;padding-right:0px;padding-bottom:20px;padding-left:0px;margin-bottom: 0px;margin-top: 0px;border-width: 0px 0px 0px 0px;border-color:#eae9e9;border-style:solid;\" ><div class=\"fusion-builder-row fusion-row\"><div class=\"fusion-layout-column fusion_builder_column fusion-builder-column-2 fusion_builder_column_1_1 1_1 fusion-one-full fusion-column-first fusion-column-last\" style=\"margin-top:0px;margin-bottom:20px;\"><div class=\"fusion-column-wrapper fusion-flex-column-wrapper-legacy\" style=\"background-position:left top;background-repeat:no-repeat;-webkit-background-size:cover;-moz-background-size:cover;-o-background-size:cover;background-size:cover;padding: 0px 0px 0px 0px;\"><style type=\"text\/css\">\n@media only screen and (max-width: 930px ) {\n\n#main {\n    background-color: #92044e;\n}\n\n}\n<\/style><div class=\"fusion-clearfix\"><\/div><\/div><\/div><\/div><\/div><\/p>\n","protected":false},"excerpt":{"rendered":"","protected":false},"author":2,"featured_media":0,"parent":0,"menu_order":0,"comment_status":"closed","ping_status":"closed","template":"100-width.php","meta":{"footnotes":""},"class_list":["post-74","page","type-page","status-publish","hentry"],"_links":{"self":[{"href":"http:\/\/web.philo.ulg.ac.be\/epistolart_bd\/wp-json\/wp\/v2\/pages\/74","targetHints":{"allow":["GET"]}}],"collection":[{"href":"http:\/\/web.philo.ulg.ac.be\/epistolart_bd\/wp-json\/wp\/v2\/pages"}],"about":[{"href":"http:\/\/web.philo.ulg.ac.be\/epistolart_bd\/wp-json\/wp\/v2\/types\/page"}],"author":[{"embeddable":true,"href":"http:\/\/web.philo.ulg.ac.be\/epistolart_bd\/wp-json\/wp\/v2\/users\/2"}],"replies":[{"embeddable":true,"href":"http:\/\/web.philo.ulg.ac.be\/epistolart_bd\/wp-json\/wp\/v2\/comments?post=74"}],"version-history":[{"count":5,"href":"http:\/\/web.philo.ulg.ac.be\/epistolart_bd\/wp-json\/wp\/v2\/pages\/74\/revisions"}],"predecessor-version":[{"id":1027,"href":"http:\/\/web.philo.ulg.ac.be\/epistolart_bd\/wp-json\/wp\/v2\/pages\/74\/revisions\/1027"}],"wp:attachment":[{"href":"http:\/\/web.philo.ulg.ac.be\/epistolart_bd\/wp-json\/wp\/v2\/media?parent=74"}],"curies":[{"name":"wp","href":"https:\/\/api.w.org\/{rel}","templated":true}]}}