{"id":3724,"date":"2014-04-23T14:50:12","date_gmt":"2014-04-23T12:50:12","guid":{"rendered":"http:\/\/web.philo.ulg.ac.be\/gedhsr\/?page_id=3724"},"modified":"2019-12-18T10:23:19","modified_gmt":"2019-12-18T08:23:19","slug":"annee-1772","status":"publish","type":"page","link":"http:\/\/web.philo.ulg.ac.be\/gedhsr\/annee-1772\/","title":{"rendered":"Ann\u00e9e 1772"},"content":{"rendered":"<div class=\"fusion-fullwidth fullwidth-box fusion-builder-row-1 nonhundred-percent-fullwidth non-hundred-percent-height-scrolling\" style=\"background-color: #ffffff;background-position: center center;background-repeat: no-repeat;padding-top:0px;padding-right:0px;padding-bottom:0px;padding-left:0px;margin-bottom: 0px;margin-top: 0px;border-width: 0px 0px 0px 0px;border-color:#eae9e9;border-style:solid;\" ><div class=\"fusion-builder-row fusion-row\"><div class=\"fusion-layout-column fusion_builder_column fusion-builder-column-0 fusion_builder_column_1_1 1_1 fusion-one-full fusion-column-first fusion-column-last\" style=\"margin-top:0px;margin-bottom:0px;\"><div class=\"fusion-column-wrapper fusion-flex-column-wrapper-legacy\" style=\"background-position:left top;background-repeat:no-repeat;-webkit-background-size:cover;-moz-background-size:cover;-o-background-size:cover;background-size:cover;padding: 0px 0px 0px 0px;\"><style type=\"text\/css\"><\/style><div class=\"fusion-title title fusion-title-1 sep-underline sep-solid fusion-title-text fusion-title-size-one\" style=\"border-bottom-color:#00843b;margin-top:0px;margin-right:0px;margin-bottom:70px;margin-left:0px;\"><h1 class=\"title-heading-left fusion-responsive-typography-calculated\" style=\"margin:0;--fontSize:42;line-height:1;\">Ann\u00e9e 1772<\/h1><\/div><div class=\"fusion-text fusion-text-1\"><p><b>720701<\/b><br \/>\nFr\u00e9d\u00e9ric II (roi de Prusse)<br \/>\n<i>Discours sur l&rsquo;utilit\u00e9 des sciences et des arts dans un \u00e9tat<\/i><br \/>\nJuillet 1772, Tome I, p. 13-18<br \/>\n(Gazette universelle de Litt\u00e9rature)<br \/>\n<a href=\"http:\/\/books.google.be\/books?id=tf0SAAAAYAAJ&amp;printsec=frontcover&amp;dq=editions:05jk9G-sLuWxN2PE&amp;lr=&amp;as_brr=1&amp;hl=fr\" target=\"_blank\" rel=\"noopener\">Acc\u00e9der au volume<\/a> (juil.-ao\u00fbt-sept.) sur <b>GoogleBooks<\/b><\/p>\n<p><b>720702<\/b><br \/>\nGustave III \/ Comte de Schesser<br \/>\n<i>Correspondance<\/i><br \/>\nJuillet 1772, Tome I, p. 18-21<br \/>\n(Gazette universelle de Litt\u00e9rature)<br \/>\n<a href=\"http:\/\/books.google.be\/books?id=tf0SAAAAYAAJ&amp;printsec=frontcover&amp;dq=editions:05jk9G-sLuWxN2PE&amp;lr=&amp;as_brr=1&amp;hl=fr\" target=\"_blank\" rel=\"noopener\">Acc\u00e9der au volume<\/a> (juil.-ao\u00fbt-sept.) sur <b>GoogleBooks<\/b><\/p>\n<p><b>720703<\/b><br \/>\nPindare<br \/>\n<i>Odes pythiques<\/i><br \/>\nJuillet 1772, Tome I, p. 21-30<br \/>\n(Journal des Savants; Mercure de France)<br \/>\n<a href=\"http:\/\/books.google.be\/books?id=tf0SAAAAYAAJ&amp;printsec=frontcover&amp;dq=editions:05jk9G-sLuWxN2PE&amp;lr=&amp;as_brr=1&amp;hl=fr\" target=\"_blank\" rel=\"noopener\">Acc\u00e9der au volume<\/a> (juil.-ao\u00fbt-sept.) sur <b>GoogleBooks<\/b><\/p>\n<p><b>720704<\/b><br \/>\nJ\u00e9r\u00f4me Richard<br \/>\n<i>Histoire naturelle de l&rsquo;air et des m\u00e9t\u00e9ores<\/i><br \/>\nJuillet 1772, Tome I, p. 30-38<br \/>\n(Journal des Beaux-Arts; Gazette de Litt\u00e9rature)<br \/>\n<a href=\"http:\/\/books.google.be\/books?id=tf0SAAAAYAAJ&amp;printsec=frontcover&amp;dq=editions:05jk9G-sLuWxN2PE&amp;lr=&amp;as_brr=1&amp;hl=fr\" target=\"_blank\" rel=\"noopener\">Acc\u00e9der au volume<\/a> (juil.-ao\u00fbt-sept.) sur <b>GoogleBooks<\/b><\/p>\n<p><b>720705<\/b><br \/>\nRichard Pockocke<br \/>\n<i> Voyages<\/i><br \/>\nJuillet 1772, Tome I, p. 39-48<br \/>\n(Ann\u00e9e Litt\u00e9raire; Journal Encyclop\u00e9dique)<br \/>\n<a href=\"http:\/\/books.google.be\/books?id=tf0SAAAAYAAJ&amp;printsec=frontcover&amp;dq=editions:05jk9G-sLuWxN2PE&amp;lr=&amp;as_brr=1&amp;hl=fr\" target=\"_blank\" rel=\"noopener\">Acc\u00e9der au volume<\/a> (juil.-ao\u00fbt-sept.) sur <b>GoogleBooks<\/b><\/p>\n<p><b>720706<\/b><br \/>\n<i>Art militaire des Chinois, ou Recueil d&rsquo;anciens trait\u00e9s sur la guerre, compos\u00e9s avant l&rsquo;\u00e8re chr\u00e9tienne<\/i><br \/>\nJuillet 1772, Tome I, p. 48-59<br \/>\n(Encyclop\u00e9die militaire; Journal des Savants)<br \/>\n<a href=\"http:\/\/books.google.be\/books?id=tf0SAAAAYAAJ&amp;printsec=frontcover&amp;dq=editions:05jk9G-sLuWxN2PE&amp;lr=&amp;as_brr=1&amp;hl=fr\" target=\"_blank\" rel=\"noopener\">Acc\u00e9der au volume<\/a> (juil.-ao\u00fbt-sept.) sur <b>GoogleBooks<\/b><\/p>\n<p style=\"text-align: justify;\"><b>720707<\/b>[Antoine Gu\u00e9n\u00e9e]\n<i>Lettres de quelques Juifs portugais et allemands, \u00e0 Monsieur de Voltaire, troisi\u00e8me \u00e9dition, revue et corrig\u00e9e et consid\u00e9rablement augment\u00e9e<\/i> [<a href=\"http:\/\/www.gedhs.ulg.ac.be\/recherches\/espritdesjournaux\/pdf\/720707.pdf\" target=\"_blank\" rel=\"noopener\">MODE IMAGE<\/a>]\nJuillet 1772, Tome I, p. 59-67<br \/>\n(Journal des Beaux-Arts; Journal Encyclop\u00e9dique)<br \/>\n<a href=\"http:\/\/books.google.be\/books?id=tf0SAAAAYAAJ&amp;printsec=frontcover&amp;dq=editions:05jk9G-sLuWxN2PE&amp;lr=&amp;as_brr=1&amp;hl=fr\" target=\"_blank\" rel=\"noopener\">Acc\u00e9der au volume<\/a> (juil.-ao\u00fbt-sept.) sur <b>GoogleBooks<\/b><\/p>\n<p><b>720708<\/b><br \/>\nDom Devienne<br \/>\n<i>Histoire de la ville de Bordeaux, contenant les \u00e9v\u00e9nements civils et la vie de plusieurs hommes c\u00e9l\u00e8bres<\/i><br \/>\nJuillet 1772, Tome I, p. 67-72<br \/>\n(Gazette de Litt\u00e9rature)<br \/>\n<a href=\"http:\/\/books.google.be\/books?id=tf0SAAAAYAAJ&amp;printsec=frontcover&amp;dq=editions:05jk9G-sLuWxN2PE&amp;lr=&amp;as_brr=1&amp;hl=fr\" target=\"_blank\" rel=\"noopener\">Acc\u00e9der au volume<\/a> (juil.-ao\u00fbt-sept.) sur <b>GoogleBooks<\/b><\/p>\n<p style=\"text-align: justify;\"><b>720709<\/b><br \/>\nCharles-Louis Richard<br \/>\n<i>Analyse des Conciles g\u00e9n\u00e9raux et particuliers, contenant les Canons sur le dogme, la morale et la discipline, tant ancienne que moderne, expliqu\u00e9s par des notes, conf\u00e9r\u00e9s avec le droit nouveau et notamment avec le droit particulier de la France<\/i><br \/>\nJuillet 1772, Tome I, p. 73-78<br \/>\n(Journal Encyclop\u00e9dique; Gazette de Litt\u00e9rature)<br \/>\n<a href=\"http:\/\/books.google.be\/books?id=tf0SAAAAYAAJ&amp;printsec=frontcover&amp;dq=editions:05jk9G-sLuWxN2PE&amp;lr=&amp;as_brr=1&amp;hl=fr\" target=\"_blank\" rel=\"noopener\">Acc\u00e9der au volume<\/a> (juil.-ao\u00fbt-sept.) sur <b>GoogleBooks<\/b><\/p>\n<p><b>720710<\/b><br \/>\nBeno\u00eet XIV<br \/>\n<i>Traduction d&rsquo;une lettre (de Beno\u00eet XIV) au Marquis Scipion Maffei, \u00e0 l&rsquo;occasion d&rsquo;un libelle o\u00f9 cet auteur \u00e9tait diffam\u00e9<\/i><br \/>\nJuillet 1772, Tome I, p. 78-81<br \/>\n(Journal Encyclop\u00e9dique)<br \/>\n<a href=\"http:\/\/books.google.be\/books?id=tf0SAAAAYAAJ&amp;printsec=frontcover&amp;dq=editions:05jk9G-sLuWxN2PE&amp;lr=&amp;as_brr=1&amp;hl=fr\" target=\"_blank\" rel=\"noopener\">Acc\u00e9der au volume<\/a> (juil.-ao\u00fbt-sept.) sur <b>GoogleBooks<\/b><\/p>\n<p><b>720711<\/b><br \/>\nStanislas-Jean de Boufflers<br \/>\n<i>Lettres [\u2026], pendant son voyage en Suisse, \u00e0 Madame sa M\u00e8re\u2026 en Suisse, 1772<\/i><br \/>\nJuillet 1772, Tome I, p. 81-85<br \/>\n(Mercure de France)<br \/>\n<a href=\"http:\/\/books.google.be\/books?id=tf0SAAAAYAAJ&amp;printsec=frontcover&amp;dq=editions:05jk9G-sLuWxN2PE&amp;lr=&amp;as_brr=1&amp;hl=fr\" target=\"_blank\" rel=\"noopener\">Acc\u00e9der au volume<\/a> (juil.-ao\u00fbt-sept.) sur <b>GoogleBooks<\/b><\/p>\n<p><b>720712<\/b><br \/>\nJean Marie Bernard Cl\u00e9ment<br \/>\n<i>Nouvelles observations critiques sur diff\u00e9rents sujets de litt\u00e9rature<\/i><br \/>\nJuillet 1772, Tome I, p. 85-90<br \/>\n(Journal des Beaux-Arts)<br \/>\n<a href=\"http:\/\/books.google.be\/books?id=tf0SAAAAYAAJ&amp;printsec=frontcover&amp;dq=editions:05jk9G-sLuWxN2PE&amp;lr=&amp;as_brr=1&amp;hl=fr\" target=\"_blank\" rel=\"noopener\">Acc\u00e9der au volume<\/a> (juil.-ao\u00fbt-sept.) sur <b>GoogleBooks<\/b><\/p>\n<p><b>720713<\/b><br \/>\nHom\u00e8re<br \/>\n<i>L&rsquo;Iliade, traduite en vers, avec des remarques, et un discours sur Hom\u00e8re. Nouvelle \u00e9dition, augment\u00e9e d&rsquo;un examen de la philosophie d&rsquo;Hom\u00e8re<\/i><br \/>\nJuillet 1772, Tome I, p. 90-94<br \/>\n(Journal des Savants)<br \/>\n<a href=\"http:\/\/books.google.be\/books?id=tf0SAAAAYAAJ&amp;printsec=frontcover&amp;dq=editions:05jk9G-sLuWxN2PE&amp;lr=&amp;as_brr=1&amp;hl=fr\" target=\"_blank\" rel=\"noopener\">Acc\u00e9der au volume<\/a> (juil.-ao\u00fbt-sept.) sur <b>GoogleBooks<\/b><\/p>\n<p><b>720714<\/b><br \/>\nLa Harpe<br \/>\n<i>R\u00e9flexions sur l&rsquo;ouvrage de M. Cl\u00e9ment, intitul\u00e9 : Nouvelles observations critiques sur diff\u00e9rents sujets de litt\u00e9rature<\/i><br \/>\nJuillet 1772, Tome I, p. 94-103<br \/>\n(Mercure de France)<br \/>\n<a href=\"http:\/\/books.google.be\/books?id=tf0SAAAAYAAJ&amp;printsec=frontcover&amp;dq=editions:05jk9G-sLuWxN2PE&amp;lr=&amp;as_brr=1&amp;hl=fr\" target=\"_blank\" rel=\"noopener\">Acc\u00e9der au volume<\/a> (juil.-ao\u00fbt-sept.) sur <b>GoogleBooks<\/b><\/p>\n<p><b>720715<\/b><br \/>\nJean Marie Bernard Cl\u00e9ment<br \/>\n<i>\u00c9p\u00eetre de Boileau \u00e0 M. de Voltaire<\/i> [<a href=\"http:\/\/www.gedhs.ulg.ac.be\/recherches\/espritdesjournaux\/pdf\/720715.pdf\" target=\"_blank\" rel=\"noopener\">MODE IMAGE<\/a>]\nJuillet 1772, Tome I, p. 103-06<br \/>\n(Ann\u00e9e Litt\u00e9raire)<br \/>\n<a href=\"http:\/\/books.google.be\/books?id=tf0SAAAAYAAJ&amp;printsec=frontcover&amp;dq=editions:05jk9G-sLuWxN2PE&amp;lr=&amp;as_brr=1&amp;hl=fr\" target=\"_blank\" rel=\"noopener\">Acc\u00e9der au volume<\/a> (juil.-ao\u00fbt-sept.) sur <b>GoogleBooks<\/b><\/p>\n<p><b>720716<\/b><br \/>\nJean-Fran\u00e7ois de La Harpe<br \/>\n<i>Fragment de r\u00e9ponse adress\u00e9e \u00e0 M. de L**<\/i> [<a href=\"http:\/\/www.gedhs.ulg.ac.be\/recherches\/espritdesjournaux\/pdf\/720716.pdf\" target=\"_blank\" rel=\"noopener\">MODE IMAGE<\/a>]\nJuillet 1772, Tome I, p. 106-10<br \/>\n(Mercure de France)<br \/>\n<a href=\"http:\/\/books.google.be\/books?id=tf0SAAAAYAAJ&amp;printsec=frontcover&amp;dq=editions:05jk9G-sLuWxN2PE&amp;lr=&amp;as_brr=1&amp;hl=fr\" target=\"_blank\" rel=\"noopener\">Acc\u00e9der au volume<\/a> (juil.-ao\u00fbt-sept.) sur <b>GoogleBooks<\/b><\/p>\n<p><b>720717<\/b><br \/>\nVoltaire<br \/>\n<i>Lettre [\u2026] \u00e0 un de ses confr\u00e8res de l&rsquo;Acad\u00e9mie. Suit une fable ou M. de Voltaire est le Rossignol, et son ennemi le Geai, qu&rsquo;on appelle Ma\u00eetre-Jacques<\/i><br \/>\nJuillet 1772, Tome I, p. 110-11<br \/>\n(Mercure de France)<br \/>\n<a href=\"http:\/\/books.google.be\/books?id=tf0SAAAAYAAJ&amp;printsec=frontcover&amp;dq=editions:05jk9G-sLuWxN2PE&amp;lr=&amp;as_brr=1&amp;hl=fr\" target=\"_blank\" rel=\"noopener\">Acc\u00e9der au volume<\/a> (juil.-ao\u00fbt-sept.) sur <b>GoogleBooks<\/b><\/p>\n<p><b>720718<\/b><br \/>\nBernard-Joseph Saurin<br \/>\n<i>\u00c9p\u00eetre sur la vieillesse et sur la v\u00e9rit\u00e9, suivies de quelques pi\u00e8ces fugitives en vers, et d&rsquo;une com\u00e9die nouvelle en prose<\/i><br \/>\nJuillet 1772, Tome I, p. 112-20<br \/>\n(Mercure de France)<br \/>\n<a href=\"http:\/\/books.google.be\/books?id=tf0SAAAAYAAJ&amp;printsec=frontcover&amp;dq=editions:05jk9G-sLuWxN2PE&amp;lr=&amp;as_brr=1&amp;hl=fr\" target=\"_blank\" rel=\"noopener\">Acc\u00e9der au volume<\/a> (juil.-ao\u00fbt-sept.) sur <b>GoogleBooks<\/b><\/p>\n<p><b>720719<\/b><br \/>\n<i>Discours prononc\u00e9 dans l&rsquo;Acad\u00e9mie fran\u00e7aise, \u00e0 la r\u00e9ception de M. de Belloy<\/i><br \/>\nJuillet 1772, Tome I, p. 120-24<br \/>\n(Ann\u00e9e Litt\u00e9raire; Mercure de France)<br \/>\n<a href=\"http:\/\/books.google.be\/books?id=tf0SAAAAYAAJ&amp;printsec=frontcover&amp;dq=editions:05jk9G-sLuWxN2PE&amp;lr=&amp;as_brr=1&amp;hl=fr\" target=\"_blank\" rel=\"noopener\">Acc\u00e9der au volume<\/a> (juil.-ao\u00fbt-sept.) sur <b>GoogleBooks<\/b><\/p>\n<p><b>720720<\/b><br \/>\nFriedrich Ludwig Briegleb<br \/>\n<i>Betrachtungen uber den historischen enthusiasmus. Consid\u00e9rations sur l&rsquo;enthousiasme historique<\/i><br \/>\nJuillet 1772, Tome I, p. 124-27<br \/>\n(Gazette de Litt\u00e9rature)<br \/>\n<a href=\"http:\/\/books.google.be\/books?id=tf0SAAAAYAAJ&amp;printsec=frontcover&amp;dq=editions:05jk9G-sLuWxN2PE&amp;lr=&amp;as_brr=1&amp;hl=fr\" target=\"_blank\" rel=\"noopener\">Acc\u00e9der au volume<\/a> (juil.-ao\u00fbt-sept.) sur <b>GoogleBooks<\/b><\/p>\n<p><b>720721<\/b><br \/>\nLouis-Paul Colliette<br \/>\n<i>M\u00e9moires pour servir \u00e0 l&rsquo;histoire eccl\u00e9siastique, civile et militaire du Vermandois<\/i><br \/>\nJuillet 1772, Tome I, p. 128-30<br \/>\n(Gazette de Litt\u00e9rature)<br \/>\n<a href=\"http:\/\/books.google.be\/books?id=tf0SAAAAYAAJ&amp;printsec=frontcover&amp;dq=editions:05jk9G-sLuWxN2PE&amp;lr=&amp;as_brr=1&amp;hl=fr\" target=\"_blank\" rel=\"noopener\">Acc\u00e9der au volume<\/a> (juil.-ao\u00fbt-sept.) sur <b>GoogleBooks<\/b><\/p>\n<p><b>720722<\/b><br \/>\nJean Monnet<br \/>\n<i>Suppl\u00e9ment au Roman comique de Scarron, ou M\u00e9moires pour servir \u00e0 la vie de Jean Monnet, ci-devant Directeur de l&rsquo;Op\u00e9ra comique \u00e0 Paris<\/i><br \/>\nJuillet 1772, Tome I, p. 131-36<br \/>\n(Journal des Beaux-Arts)<br \/>\n<a href=\"http:\/\/books.google.be\/books?id=tf0SAAAAYAAJ&amp;printsec=frontcover&amp;dq=editions:05jk9G-sLuWxN2PE&amp;lr=&amp;as_brr=1&amp;hl=fr\" target=\"_blank\" rel=\"noopener\">Acc\u00e9der au volume<\/a> (juil.-ao\u00fbt-sept.) sur <b>GoogleBooks<\/b><\/p>\n<p><b>720723<\/b><br \/>\nTroussel<br \/>\n<i>\u00c9l\u00e9ments du Droit, ou traduction du Digeste; avec des Notes historiques sur le Droit romain et sur le Droit fran\u00e7ais<\/i><br \/>\nJuillet 1772, Tome I, p. 136-39<br \/>\n(Journal Encyclop\u00e9dique)<br \/>\n<a href=\"http:\/\/books.google.be\/books?id=tf0SAAAAYAAJ&amp;printsec=frontcover&amp;dq=editions:05jk9G-sLuWxN2PE&amp;lr=&amp;as_brr=1&amp;hl=fr\" target=\"_blank\" rel=\"noopener\">Acc\u00e9der au volume<\/a> (juil.-ao\u00fbt-sept.) sur <b>GoogleBooks<\/b><\/p>\n<p><b>720801<\/b><br \/>\nJean-Fran\u00e7ois Cailhava de L&rsquo;Estandoux<br \/>\n<i>De l&rsquo;art de la com\u00e9die, etc.<\/i><br \/>\nAo\u00fbt 1772, Tome II, p. 3-11<br \/>\n(Ann\u00e9e Litt\u00e9raire; Mercure de France)<br \/>\n<a href=\"http:\/\/books.google.be\/books?id=tf0SAAAAYAAJ&amp;printsec=frontcover&amp;dq=editions:05jk9G-sLuWxN2PE&amp;lr=&amp;as_brr=1&amp;hl=fr\" target=\"_blank\" rel=\"noopener\">Acc\u00e9der au volume<\/a> (juil.-ao\u00fbt-sept.) sur <b>GoogleBooks<\/b><\/p>\n<p><b>720802<\/b><br \/>\nChristoph Hermann von Manstein<br \/>\n<i>M\u00e9moires historiques, politiques et militaires sur la Russie, etc.<\/i> [<a href=\"http:\/\/www.gedhs.ulg.ac.be\/recherches\/espritdesjournaux\/pdf\/720802.pdf\" target=\"_blank\" rel=\"noopener\">MODE IMAGE<\/a>]\nAo\u00fbt 1772, Tome II, p. 11-18<br \/>\n(Ann\u00e9e Litt\u00e9raire; Mercure de France)<br \/>\n<a href=\"http:\/\/books.google.be\/books?id=tf0SAAAAYAAJ&amp;printsec=frontcover&amp;dq=editions:05jk9G-sLuWxN2PE&amp;lr=&amp;as_brr=1&amp;hl=fr\" target=\"_blank\" rel=\"noopener\">Acc\u00e9der au volume<\/a> (juil.-ao\u00fbt-sept.) sur <b>GoogleBooks<\/b><\/p>\n<p><b>720803<\/b><br \/>\nGeorges Louis Leclerc de Buffon<br \/>\n<i>Histoire naturelle des oiseaux<\/i><br \/>\nAo\u00fbt 1772, Tome II, p. 18-27<br \/>\nJournal des Beaux-Arts)<br \/>\n<a href=\"http:\/\/books.google.be\/books?id=tf0SAAAAYAAJ&amp;printsec=frontcover&amp;dq=editions:05jk9G-sLuWxN2PE&amp;lr=&amp;as_brr=1&amp;hl=fr\" target=\"_blank\" rel=\"noopener\">Acc\u00e9der au volume<\/a> (juil.-ao\u00fbt-sept.) sur <b>GoogleBooks<\/b><\/p>\n<p style=\"text-align: justify;\"><b>720804<\/b><br \/>\nLouis Poinsinet de Sivry<br \/>\n<i>Les muses grecques, ou Traduction en vers fran\u00e7ais de Plutus, Com\u00e9die d&rsquo;Aristophane, suivie de la troisi\u00e8me \u00e9dition d&rsquo;Anacr\u00e9on, Sapho, Moschus, Bion, Tyrth\u00e9e, des Morceaux choisis de l&rsquo;Anthologie, etc.<\/i><br \/>\nAo\u00fbt 1772, Tome II, p. 28-37<br \/>\n(Ann\u00e9e Litt\u00e9raire; Gazette de Litt\u00e9rature)<br \/>\n<a href=\"http:\/\/books.google.be\/books?id=tf0SAAAAYAAJ&amp;printsec=frontcover&amp;dq=editions:05jk9G-sLuWxN2PE&amp;lr=&amp;as_brr=1&amp;hl=fr\" target=\"_blank\" rel=\"noopener\">Acc\u00e9der au volume<\/a> (juil.-ao\u00fbt-sept.) sur <b>GoogleBooks<\/b><\/p>\n<p><b>720805<\/b><br \/>\nAntoine L\u00e9onard Thomas<br \/>\n<i>Essai sur le caract\u00e8re, les m\u0153urs et l&rsquo;esprit des femmes dans les diff\u00e9rents si\u00e8cles<\/i><br \/>\nAo\u00fbt 1772, Tome II, p. 37-49<br \/>\n(Mercure de France; Journal des Beaux-Arts)<br \/>\n<a href=\"http:\/\/books.google.be\/books?id=tf0SAAAAYAAJ&amp;printsec=frontcover&amp;dq=editions:05jk9G-sLuWxN2PE&amp;lr=&amp;as_brr=1&amp;hl=fr\" target=\"_blank\" rel=\"noopener\">Acc\u00e9der au volume<\/a> (juil.-ao\u00fbt-sept.) sur <b>GoogleBooks<\/b><\/p>\n<p style=\"text-align: justify;\"><b>720806<\/b><br \/>\nPline<br \/>\n<i>Histoire naturelle, traduite en fran\u00e7ais avec le texte latin r\u00e9tabli d&rsquo;apr\u00e8s les meilleures Le\u00e7ons manuscrites; accompagn\u00e9es de Notes critiques pour l&rsquo;\u00e9claircissement du texte, et d&rsquo;observations sur les connaissances des Anciens, compar\u00e9es avec les d\u00e9couvertes des Modernes, Tome IV<\/i><br \/>\nAo\u00fbt 1772, Tome II, p. 49-58<br \/>\n(Ann\u00e9e Litt\u00e9raire)<br \/>\n<a href=\"http:\/\/books.google.be\/books?id=tf0SAAAAYAAJ&amp;printsec=frontcover&amp;dq=editions:05jk9G-sLuWxN2PE&amp;lr=&amp;as_brr=1&amp;hl=fr\" target=\"_blank\" rel=\"noopener\">Acc\u00e9der au volume<\/a> (juil.-ao\u00fbt-sept.) sur <b>GoogleBooks<\/b><\/p>\n<p style=\"text-align: justify;\"><b>720807<\/b><br \/>\nFran\u00e7ois-Antoine-\u00c9tienne de Gourcy<br \/>\n<i>Rousseau veng\u00e9, ou Observations sur la critique qu&rsquo;en a faite M. de la Harpe; et en g\u00e9n\u00e9ral sur les critiques qu&rsquo;on fait des grands \u00e9crivains<\/i>[<a href=\"http:\/\/www.gedhs.ulg.ac.be\/recherches\/espritdesjournaux\/pdf\/720807.pdf\" target=\"_blank\" rel=\"noopener\">MODE IMAGE<\/a>]\nAo\u00fbt 1772, Tome II, p. 58-65<br \/>\n(Journal des Beaux-Arts)<br \/>\n<a href=\"http:\/\/books.google.be\/books?id=tf0SAAAAYAAJ&amp;printsec=frontcover&amp;dq=editions:05jk9G-sLuWxN2PE&amp;lr=&amp;as_brr=1&amp;hl=fr\" target=\"_blank\" rel=\"noopener\">Acc\u00e9der au volume<\/a> (juil.-ao\u00fbt-sept.) sur <b>GoogleBooks<\/b><\/p>\n<p><b>720808<\/b><br \/>\nJean-Fran\u00e7ois de La Harpe<br \/>\nP<i>r\u00e9cis de la R\u00e9ponse de M. de la Harpe au livre intitul\u00e9 Rousseau veng\u00e9<\/i><br \/>\nAo\u00fbt 1772, Tome II, p. 65-72<br \/>\n(Mercure de France)<br \/>\n<a href=\"http:\/\/books.google.be\/books?id=tf0SAAAAYAAJ&amp;printsec=frontcover&amp;dq=editions:05jk9G-sLuWxN2PE&amp;lr=&amp;as_brr=1&amp;hl=fr\" target=\"_blank\" rel=\"noopener\">Acc\u00e9der au volume<\/a> (juil.-ao\u00fbt-sept.) sur <b>GoogleBooks<\/b><\/p>\n<p><b>720809<\/b><br \/>\nJean-Fran\u00e7ois de La Harpe<br \/>\n<i>Extrait d&rsquo;une dissertation qui a pour titre, De la po\u00e9sie lyrique, ou de l&rsquo;Ode chez les Anciens et les Modernes<\/i><br \/>\nAo\u00fbt 1772, Tome II, p. 72-90<br \/>\n(Mercure de France)<br \/>\n<a href=\"http:\/\/books.google.be\/books?id=tf0SAAAAYAAJ&amp;printsec=frontcover&amp;dq=editions:05jk9G-sLuWxN2PE&amp;lr=&amp;as_brr=1&amp;hl=fr\" target=\"_blank\" rel=\"noopener\">Acc\u00e9der au volume<\/a> (juil.-ao\u00fbt-sept.) sur <b>GoogleBooks<\/b><\/p>\n<p style=\"text-align: justify;\"><b>720810<\/b><br \/>\n<i>Lettre \u00e0 l&rsquo;auteur de l&rsquo;Ann\u00e9e Litt\u00e9raire, concernant l&rsquo;Article pr\u00e9c\u00e9dent [Extrait d&rsquo;une dissertation qui a pour titre, De la po\u00e9sie lyrique, ou de l&rsquo;Ode chez les Anciens et les Modernes. Par M. de la Harpe]. Suivie d&rsquo;une r\u00e9ponse de M. de la Harpe<\/i><br \/>\nAo\u00fbt 1772, Tome II, p. 90-93<br \/>\n(Ann\u00e9e Litt\u00e9raire; Mercure de France)<br \/>\n<a href=\"http:\/\/books.google.be\/books?id=tf0SAAAAYAAJ&amp;printsec=frontcover&amp;dq=editions:05jk9G-sLuWxN2PE&amp;lr=&amp;as_brr=1&amp;hl=fr\" target=\"_blank\" rel=\"noopener\">Acc\u00e9der au volume<\/a> (juil.-ao\u00fbt-sept.) sur <b>GoogleBooks<\/b><\/p>\n<p><b>720811<\/b><br \/>\nM. de V. [Voltaire]\n<i>Lettre \u00e0 M. de la Harpe. Suivie de la r\u00e9ponse de M. de la Harpe<\/i> [<a href=\"http:\/\/www.gedhs.ulg.ac.be\/recherches\/espritdesjournaux\/pdf\/720811.pdf\" target=\"_blank\" rel=\"noopener\">MODE IMAGE<\/a>]\nAo\u00fbt 1772, Tome II, p. 93-98<br \/>\n(Mercure de France)<br \/>\n<a href=\"http:\/\/books.google.be\/books?id=tf0SAAAAYAAJ&amp;printsec=frontcover&amp;dq=editions:05jk9G-sLuWxN2PE&amp;lr=&amp;as_brr=1&amp;hl=fr\" target=\"_blank\" rel=\"noopener\">Acc\u00e9der au volume<\/a> (juil.-ao\u00fbt-sept.) sur <b>GoogleBooks<\/b><\/p>\n<p><b>720812<\/b><br \/>\nMarc-Antoine Laugier<br \/>\n<i>Mani\u00e8re de bien juger des ouvrages de peinture<\/i><br \/>\nAo\u00fbt 1772, Tome II, p. 99-106<br \/>\n(Journal des Savants)<br \/>\n<a href=\"http:\/\/books.google.be\/books?id=tf0SAAAAYAAJ&amp;printsec=frontcover&amp;dq=editions:05jk9G-sLuWxN2PE&amp;lr=&amp;as_brr=1&amp;hl=fr\" target=\"_blank\" rel=\"noopener\">Acc\u00e9der au volume<\/a> (juil.-ao\u00fbt-sept.) sur <b>GoogleBooks<\/b><\/p>\n<p><b>720813<\/b><br \/>\nClaude-Joseph Dorat<br \/>\n<i>Fables, ou All\u00e9gories philosophiques<\/i><br \/>\nAo\u00fbt 1772, Tome II, p. 106-14<br \/>\n(Gazette litt\u00e9raire)<br \/>\n<a href=\"http:\/\/books.google.be\/books?id=tf0SAAAAYAAJ&amp;printsec=frontcover&amp;dq=editions:05jk9G-sLuWxN2PE&amp;lr=&amp;as_brr=1&amp;hl=fr\" target=\"_blank\" rel=\"noopener\">Acc\u00e9der au volume<\/a> (juil.-ao\u00fbt-sept.) sur <b>GoogleBooks<\/b><\/p>\n<p><b>720814<\/b><br \/>\nChristoph Martin Wieland<br \/>\n<i>Les Gr\u00e2ces et Psych\u00e9 entre les Gr\u00e2ces<\/i><br \/>\nAo\u00fbt 1772, Tome II, p. 114-18<br \/>\n(Journal des Beaux-Arts)<br \/>\n<a href=\"http:\/\/books.google.be\/books?id=tf0SAAAAYAAJ&amp;printsec=frontcover&amp;dq=editions:05jk9G-sLuWxN2PE&amp;lr=&amp;as_brr=1&amp;hl=fr\" target=\"_blank\" rel=\"noopener\">Acc\u00e9der au volume<\/a> (juil.-ao\u00fbt-sept.) sur <b>GoogleBooks<\/b><\/p>\n<p><b>720815<\/b><br \/>\n<i>Sur le sommeil. \u00c9p\u00eetre \u00e0 Madame***, par Mlle\u2026<\/i><br \/>\nAo\u00fbt 1772, Tome II, p. 118-22<br \/>\n<a href=\"http:\/\/books.google.be\/books?id=tf0SAAAAYAAJ&amp;printsec=frontcover&amp;dq=editions:05jk9G-sLuWxN2PE&amp;lr=&amp;as_brr=1&amp;hl=fr\" target=\"_blank\" rel=\"noopener\">Acc\u00e9der au volume<\/a> (juil.-ao\u00fbt-sept.) sur <b>GoogleBooks<\/b><\/p>\n<p><b>720816<\/b><br \/>\n<i>A**, par Mademoiselle\u2026, Auteur de la pi\u00e8ce pr\u00e9c\u00e9dente [Sur le sommeil. \u00c9p\u00eetre \u00e0 Madame***, par Mlle\u2026]<\/i><br \/>\nAo\u00fbt 1772, Tome II, p. 122-23<br \/>\n<a href=\"http:\/\/books.google.be\/books?id=tf0SAAAAYAAJ&amp;printsec=frontcover&amp;dq=editions:05jk9G-sLuWxN2PE&amp;lr=&amp;as_brr=1&amp;hl=fr\" target=\"_blank\" rel=\"noopener\">Acc\u00e9der au volume<\/a> (juil.-ao\u00fbt-sept.) sur <b>GoogleBooks<\/b><\/p>\n<p><b>720817<\/b><br \/>\nJames Thomson<br \/>\n<i>The Works of Thomson. \u0152uvres<\/i><br \/>\nAo\u00fbt 1772, Tome II, p. 123-28<br \/>\n(L&rsquo;Observateur fran\u00e7ais)<br \/>\n<a href=\"http:\/\/books.google.be\/books?id=tf0SAAAAYAAJ&amp;printsec=frontcover&amp;dq=editions:05jk9G-sLuWxN2PE&amp;lr=&amp;as_brr=1&amp;hl=fr\" target=\"_blank\" rel=\"noopener\">Acc\u00e9der au volume<\/a> (juil.-ao\u00fbt-sept.) sur <b>GoogleBooks<\/b><\/p>\n<p><b>720818<\/b><br \/>\nVoltaire<br \/>\n<i>Jean qui pleure, et Jean qui rit. Suivi d&rsquo;une r\u00e9ponse de [Voisenon]<\/i><br \/>\nAo\u00fbt 1772, Tome II, p. 128-31<br \/>\n(Gazette Litt\u00e9raire)<br \/>\n<a href=\"http:\/\/books.google.be\/books?id=tf0SAAAAYAAJ&amp;printsec=frontcover&amp;dq=editions:05jk9G-sLuWxN2PE&amp;lr=&amp;as_brr=1&amp;hl=fr\" target=\"_blank\" rel=\"noopener\">Acc\u00e9der au volume<\/a> (juil.-ao\u00fbt-sept.) sur <b>GoogleBooks<\/b><\/p>\n<p><b>720901<\/b><br \/>\nJean-Baptiste de La Chapelle<br \/>\n<i>Le Ventriloque<\/i><br \/>\nSeptembre 1772, Tome III, p. 3-11<br \/>\n(Mercure de France; Journal Encyclop\u00e9dique)<br \/>\n<a href=\"http:\/\/books.google.be\/books?id=tf0SAAAAYAAJ&amp;printsec=frontcover&amp;dq=editions:05jk9G-sLuWxN2PE&amp;lr=&amp;as_brr=1&amp;hl=fr\" target=\"_blank\" rel=\"noopener\">Acc\u00e9der au volume<\/a> (juil.-ao\u00fbt-sept.) sur <b>GoogleBooks<\/b><\/p>\n<p><b>720902<\/b><br \/>\n<i>Le Spectateur Fran\u00e7ais pour servir de suite \u00e0 celui de M. de Marivaux<\/i><br \/>\nSeptembre 1772, Tome III, p. 11-17<br \/>\n(Mercure de France; Gazette de Litt\u00e9rature)<br \/>\n<a href=\"http:\/\/books.google.be\/books?id=tf0SAAAAYAAJ&amp;printsec=frontcover&amp;dq=editions:05jk9G-sLuWxN2PE&amp;lr=&amp;as_brr=1&amp;hl=fr\" target=\"_blank\" rel=\"noopener\">Acc\u00e9der au volume<\/a> (juil.-ao\u00fbt-sept.) sur <b>GoogleBooks<\/b><\/p>\n<p style=\"text-align: justify;\"><b>720903<\/b><br \/>\nSimon Pelloutier<br \/>\n<i>Histoire des Celtes et particuli\u00e8rement des Gaulois et des Germains, depuis les temps fabuleux jusqu&rsquo;\u00e0 la prise de Rome par les Gaulois<\/i><br \/>\nSeptembre 1772, Tome III, p. 17-28<br \/>\n(Journal des Savants)<br \/>\n<a href=\"http:\/\/books.google.be\/books?id=tf0SAAAAYAAJ&amp;printsec=frontcover&amp;dq=editions:05jk9G-sLuWxN2PE&amp;lr=&amp;as_brr=1&amp;hl=fr\" target=\"_blank\" rel=\"noopener\">Acc\u00e9der au volume<\/a> (juil.-ao\u00fbt-sept.) sur <b>GoogleBooks<\/b><\/p>\n<p style=\"text-align: justify;\"><b>720904<\/b>[William Tytler]\n<i>Recherches historiques et critiques sur les principales preuves de l&rsquo;accusation intent\u00e9e contre Marie Stuart, avec un examen des Histoires du Docteur Robertson et de M. Hume<\/i><br \/>\nSeptembre 1772, Tome III, p. 28-37<br \/>\n(Ann\u00e9e Litt\u00e9raire)<br \/>\n<a href=\"http:\/\/books.google.be\/books?id=tf0SAAAAYAAJ&amp;printsec=frontcover&amp;dq=editions:05jk9G-sLuWxN2PE&amp;lr=&amp;as_brr=1&amp;hl=fr\" target=\"_blank\" rel=\"noopener\">Acc\u00e9der au volume<\/a> (juil.-ao\u00fbt-sept.) sur <b>GoogleBooks<\/b><\/p>\n<p><b>720905<\/b><br \/>\nM. de V. [Voltaire]\n<i>Lettre sur un \u00e9crit anonyme<\/i><br \/>\nSeptembre 1772, Tome III, p. 37-42<br \/>\n<a href=\"http:\/\/books.google.be\/books?id=tf0SAAAAYAAJ&amp;printsec=frontcover&amp;dq=editions:05jk9G-sLuWxN2PE&amp;lr=&amp;as_brr=1&amp;hl=fr\" target=\"_blank\" rel=\"noopener\">Acc\u00e9der au volume<\/a> (juil.-ao\u00fbt-sept.) sur <b>GoogleBooks<\/b><\/p>\n<p><b>720906<\/b><br \/>\nNicolas-Louis Fran\u00e7ois de Neufchateau<br \/>\n<i>De l&rsquo;\u00e9ducation de la jeunesse, \u00c9p\u00eetre<\/i><br \/>\nSeptembre 1772, Tome III, p. 43-46<br \/>\n(Mercure de France)<br \/>\n<a href=\"http:\/\/books.google.be\/books?id=tf0SAAAAYAAJ&amp;printsec=frontcover&amp;dq=editions:05jk9G-sLuWxN2PE&amp;lr=&amp;as_brr=1&amp;hl=fr\" target=\"_blank\" rel=\"noopener\">Acc\u00e9der au volume<\/a> (juil.-ao\u00fbt-sept.) sur <b>GoogleBooks<\/b><\/p>\n<p><b>720907<\/b><br \/>\nLudovic Bailly<br \/>\n<i>Tractatus de Vera Religione, etc.<\/i><br \/>\nSeptembre 1772, Tome III, p. 47-51<br \/>\n(Journal eccl\u00e9siastique)<br \/>\n<a href=\"http:\/\/books.google.be\/books?id=tf0SAAAAYAAJ&amp;printsec=frontcover&amp;dq=editions:05jk9G-sLuWxN2PE&amp;lr=&amp;as_brr=1&amp;hl=fr\" target=\"_blank\" rel=\"noopener\">Acc\u00e9der au volume<\/a> (juil.-ao\u00fbt-sept.) sur <b>GoogleBooks<\/b><\/p>\n<p><b>720908<\/b><br \/>\nJean-Fran\u00e7ois Regnard<br \/>\n<i>\u0152uvres, nouvelle \u00e9dition, revue, exactement corrig\u00e9e et conforme \u00e0 la repr\u00e9sentation<\/i><br \/>\nSeptembre 1772, Tome III, p. 51-58<br \/>\n(Mercure de France)<br \/>\n<a href=\"http:\/\/books.google.be\/books?id=tf0SAAAAYAAJ&amp;printsec=frontcover&amp;dq=editions:05jk9G-sLuWxN2PE&amp;lr=&amp;as_brr=1&amp;hl=fr\" target=\"_blank\" rel=\"noopener\">Acc\u00e9der au volume<\/a> (juil.-ao\u00fbt-sept.) sur <b>GoogleBooks<\/b><\/p>\n<p><b>720909<\/b><br \/>\n<i>Essai sur l&rsquo;esprit de corps des r\u00e9giments d&rsquo;infanterie<\/i><br \/>\nSeptembre 1772, Tome III, p. 58-64<br \/>\n(Encyclop\u00e9die militaire)<br \/>\n<a href=\"http:\/\/books.google.be\/books?id=tf0SAAAAYAAJ&amp;printsec=frontcover&amp;dq=editions:05jk9G-sLuWxN2PE&amp;lr=&amp;as_brr=1&amp;hl=fr\" target=\"_blank\" rel=\"noopener\">Acc\u00e9der au volume<\/a> (juil.-ao\u00fbt-sept.) sur <b>GoogleBooks<\/b><\/p>\n<p style=\"text-align: justify;\"><b>720910<\/b>[James Rutledge]\n<i>Le Retour du philosophe, ou le Village abandonn\u00e9, po\u00e8me imit\u00e9 de l&rsquo;anglais du Docteur Goldsmith, par le Chevalier R***<\/i><br \/>\nSeptembre 1772, Tome III, p. 64-66<br \/>\n(Ann\u00e9e Litt\u00e9raire)<br \/>\n<a href=\"http:\/\/books.google.be\/books?id=tf0SAAAAYAAJ&amp;printsec=frontcover&amp;dq=editions:05jk9G-sLuWxN2PE&amp;lr=&amp;as_brr=1&amp;hl=fr\" target=\"_blank\" rel=\"noopener\">Acc\u00e9der au volume<\/a> (juil.-ao\u00fbt-sept.) sur <b>GoogleBooks<\/b><\/p>\n<p style=\"text-align: justify;\"><b>720911<\/b><br \/>\n<i>Histoire v\u00e9ritable et merveilleuse d&rsquo;une jeune Anglaise, pr\u00e9c\u00e9d\u00e9e de quelques circonstances concernant l&rsquo;enfant hydroscope, et de beaucoup d&rsquo;autres traits et ph\u00e9nom\u00e8nes les plus singuliers dans ce genre; suivie d&rsquo;un parall\u00e8le des rapports que ces ph\u00e9nom\u00e8nes paraissent avoir entre eux, de quelques vues patriotiques \u00e0 ce sujet, et d&rsquo;une mani\u00e8re, rien moins que physique, d&rsquo;envisager ces miracles de la Nature. Ouvrage fourni aux lumi\u00e8res des savants, naturalistes, physiologistes, chimistes, \u00e0 celles des soci\u00e9t\u00e9s et acad\u00e9mies des sciences ; enfin aux observations des curieux et amateurs d&rsquo;Histoire Naturelle; avec les autorit\u00e9s et pi\u00e8ces justificatives<\/i><br \/>\nSeptembre 1772, Tome III, p. 67-69<br \/>\n<a href=\"http:\/\/books.google.be\/books?id=tf0SAAAAYAAJ&amp;printsec=frontcover&amp;dq=editions:05jk9G-sLuWxN2PE&amp;lr=&amp;as_brr=1&amp;hl=fr\" target=\"_blank\" rel=\"noopener\">Acc\u00e9der au volume<\/a> (juil.-ao\u00fbt-sept.) sur <b>GoogleBooks<\/b><\/p>\n<p><b>720912<\/b><br \/>\nGaleazzo Gualdo Priorato<br \/>\n<i>Histoire des derni\u00e8res campagnes et n\u00e9gociations de Gustave-Adolphe en Allemagne<\/i><br \/>\nSeptembre 1772, Tome III, p. 70-76<br \/>\n<a href=\"http:\/\/books.google.be\/books?id=tf0SAAAAYAAJ&amp;printsec=frontcover&amp;dq=editions:05jk9G-sLuWxN2PE&amp;lr=&amp;as_brr=1&amp;hl=fr\" target=\"_blank\" rel=\"noopener\">Acc\u00e9der au volume<\/a> (juil.-ao\u00fbt-sept.) sur <b>GoogleBooks<\/b><\/p>\n<p style=\"text-align: justify;\"><b>720913<\/b>[Edme Beguillet]\n<i>Dissertation sur les essais et exp\u00e9riences qui servent ordinairement \u00e0 fixer le taux ou r\u00e8glement du prix du pain, relativement au prix des grains, avec le proc\u00e8s verbal qui constate ces essais et exp\u00e9riences<\/i><br \/>\nSeptembre 1772, Tome III, p. 77-82<br \/>\n(Journal des Savants)<br \/>\n<a href=\"http:\/\/books.google.be\/books?id=tf0SAAAAYAAJ&amp;printsec=frontcover&amp;dq=editions:05jk9G-sLuWxN2PE&amp;lr=&amp;as_brr=1&amp;hl=fr\" target=\"_blank\" rel=\"noopener\">Acc\u00e9der au volume<\/a> (juil.-ao\u00fbt-sept.) sur <b>GoogleBooks<\/b><\/p>\n<p><b>720914<\/b><br \/>\n<i>D\u00e9tail de l&rsquo;ordre dans lequel les secours doivent \u00eatre administr\u00e9s aux noy\u00e9s<\/i><br \/>\nSeptembre 1772, Tome III, p. 82-84<br \/>\n(Journal Eccl\u00e9siastique)<br \/>\n<a href=\"http:\/\/books.google.be\/books?id=tf0SAAAAYAAJ&amp;printsec=frontcover&amp;dq=editions:05jk9G-sLuWxN2PE&amp;lr=&amp;as_brr=1&amp;hl=fr\" target=\"_blank\" rel=\"noopener\">Acc\u00e9der au volume<\/a> (juil.-ao\u00fbt-sept.) sur <b>GoogleBooks<\/b><\/p>\n<p style=\"text-align: justify;\"><b>720915<\/b><br \/>\nPhilippe Guenau de Montbelliard<br \/>\n<i>Abr\u00e9g\u00e9 de l&rsquo;histoire et des M\u00e9moires de l&rsquo;Acad\u00e9mie royale des sciences, concernant l&rsquo;histoire naturelle g\u00e9n\u00e9rale et particuli\u00e8re, la physique, la chimie, la m\u00e9decine, etc.<\/i><br \/>\nSeptembre 1772, Tome III, p. 85-93<br \/>\n(Journal Encyclop\u00e9dique)<br \/>\n<a href=\"http:\/\/books.google.be\/books?id=tf0SAAAAYAAJ&amp;printsec=frontcover&amp;dq=editions:05jk9G-sLuWxN2PE&amp;lr=&amp;as_brr=1&amp;hl=fr\" target=\"_blank\" rel=\"noopener\">Acc\u00e9der au volume<\/a> (juil.-ao\u00fbt-sept.) sur <b>GoogleBooks<\/b><\/p>\n<p><b>720916<\/b><br \/>\nAbb\u00e9 de Germanes<br \/>\n<i>Histoire des r\u00e9volutions de Corse depuis ses premiers habitants jusqu&rsquo;\u00e0 nos jours<\/i><br \/>\nSeptembre 1772, Tome III, p. 93-96<br \/>\n(Gazette de Litt\u00e9rature)<br \/>\n<a href=\"http:\/\/books.google.be\/books?id=tf0SAAAAYAAJ&amp;printsec=frontcover&amp;dq=editions:05jk9G-sLuWxN2PE&amp;lr=&amp;as_brr=1&amp;hl=fr\" target=\"_blank\" rel=\"noopener\">Acc\u00e9der au volume<\/a> (juil.-ao\u00fbt-sept.) sur <b>GoogleBooks<\/b><\/p>\n<p><b>720917<\/b><br \/>\n<i>Sur l&rsquo;abrogation des corv\u00e9es<\/i><br \/>\nSeptembre 1772, Tome III, p. 96-101<br \/>\n(Gazette de Litt\u00e9rature)<br \/>\n<a href=\"http:\/\/books.google.be\/books?id=tf0SAAAAYAAJ&amp;printsec=frontcover&amp;dq=editions:05jk9G-sLuWxN2PE&amp;lr=&amp;as_brr=1&amp;hl=fr\" target=\"_blank\" rel=\"noopener\">Acc\u00e9der au volume<\/a> (juil.-ao\u00fbt-sept.) sur <b>GoogleBooks<\/b><\/p>\n<p><b>720918<\/b><br \/>\nMoses Mendelssohn<br \/>\n<i>Moses, Mendelssohn, Philosophische, schriften, etc. \u00c9crits philosophiques<\/i><br \/>\nSeptembre 1772, Tome III, p. 101-04<br \/>\n(Gazette de Litt\u00e9rature)<br \/>\n<a href=\"http:\/\/books.google.be\/books?id=tf0SAAAAYAAJ&amp;printsec=frontcover&amp;dq=editions:05jk9G-sLuWxN2PE&amp;lr=&amp;as_brr=1&amp;hl=fr\" target=\"_blank\" rel=\"noopener\">Acc\u00e9der au volume<\/a> (juil.-ao\u00fbt-sept.) sur <b>GoogleBooks<\/b><\/p>\n<p style=\"text-align: justify;\"><b>720919<\/b><br \/>\nJoseph Marshall<br \/>\n<i>Travels through Holland, Flanders, Germany, etc. Voyages en Hollande, en Flandres, en Allemagne, Danemark, Su\u00e8de, Laponie, Russie, Ukraine et Pologne, pendant les ann\u00e9es 1768, 1769 et 1770<\/i> [<a href=\"http:\/\/www.gedhs.ulg.ac.be\/recherches\/espritdesjournaux\/articles\/edj720919.html\">MODE TEXTE<\/a>]\nSeptembre 1772, Tome III, p. 104-08<br \/>\n(Journal encyclop\u00e9dique)<br \/>\n<a href=\"http:\/\/books.google.be\/books?id=tf0SAAAAYAAJ&amp;printsec=frontcover&amp;dq=editions:05jk9G-sLuWxN2PE&amp;lr=&amp;as_brr=1&amp;hl=fr\" target=\"_blank\" rel=\"noopener\">Acc\u00e9der au volume<\/a> (juil.-ao\u00fbt-sept.) sur <b>GoogleBooks<\/b><\/p>\n<p style=\"text-align: justify;\"><b>720920<\/b><br \/>\nMaupin<br \/>\n<i>L&rsquo;art de bien faire le vin, \u00e0 l&rsquo;usage de tous les vignobles; avec les principes les plus essentiels sur la mani\u00e8re de gouverner les vins<\/i><br \/>\nSeptembre 1772, Tome III, p. 108-11<br \/>\n(Journal encyclop\u00e9dique)<br \/>\n<a href=\"http:\/\/books.google.be\/books?id=tf0SAAAAYAAJ&amp;printsec=frontcover&amp;dq=editions:05jk9G-sLuWxN2PE&amp;lr=&amp;as_brr=1&amp;hl=fr\" target=\"_blank\" rel=\"noopener\">Acc\u00e9der au volume<\/a> (juil.-ao\u00fbt-sept.) sur <b>GoogleBooks<\/b><\/p>\n<p><b>720921<\/b><br \/>\n<i>La femme compatissante, conte<\/i><br \/>\nSeptembre 1772, Tome III, p. 111-12<br \/>\n(Mercure de France)<br \/>\n<a href=\"http:\/\/books.google.be\/books?id=tf0SAAAAYAAJ&amp;printsec=frontcover&amp;dq=editions:05jk9G-sLuWxN2PE&amp;lr=&amp;as_brr=1&amp;hl=fr\" target=\"_blank\" rel=\"noopener\">Acc\u00e9der au volume<\/a> (juil.-ao\u00fbt-sept.) sur <b>GoogleBooks<\/b><\/p>\n<p><b>720922<\/b><br \/>\nMonsieur de V. [Voltaire]\n<i>La B\u00e9gueule, Conte moral<\/i><br \/>\nSeptembre 1772, Tome III, p. 112-17<br \/>\n<a href=\"http:\/\/books.google.be\/books?id=tf0SAAAAYAAJ&amp;printsec=frontcover&amp;dq=editions:05jk9G-sLuWxN2PE&amp;lr=&amp;as_brr=1&amp;hl=fr\" target=\"_blank\" rel=\"noopener\">Acc\u00e9der au volume<\/a> (juil.-ao\u00fbt-sept.) sur <b>GoogleBooks<\/b><\/p>\n<p><b>721001<\/b><br \/>\nJean-Sifrein Maury<br \/>\n<i>Pan\u00e9gyrique de Saint-Louis, Roi de France<\/i><br \/>\nOctobre 1772, Tome IV, p. 3-10<br \/>\n(Mercure de France)<br \/>\n<a href=\"http:\/\/books.google.be\/books?id=rJEUAAAAQAAJ&amp;printsec=frontcover&amp;dq=editions:0qCv5MvfosIxTQW6d&amp;lr=&amp;as_brr=1&amp;hl=fr\" target=\"_blank\" rel=\"noopener\">Acc\u00e9der au volume<\/a> (oct.-nov.-d\u00e9c.) sur <b>GoogleBooks<\/b><\/p>\n<p><b>721002<\/b><br \/>\nJean-Baptiste Targe<br \/>\n<i>Histoire de l&rsquo;av\u00e8nement de la Maison de Bourbon au tr\u00f4ne d&rsquo;Espagne<\/i><br \/>\nOctobre 1772, Tome IV, p. 10-15<br \/>\n(Journal des Savants; Gazette de Litt\u00e9rature)<br \/>\n<a href=\"http:\/\/books.google.be\/books?id=rJEUAAAAQAAJ&amp;printsec=frontcover&amp;dq=editions:0qCv5MvfosIxTQW6d&amp;lr=&amp;as_brr=1&amp;hl=fr\" target=\"_blank\" rel=\"noopener\">Acc\u00e9der au volume<\/a> (oct.-nov.-d\u00e9c.) sur <b>GoogleBooks<\/b><\/p>\n<p style=\"text-align: justify;\"><b>721003<\/b><br \/>\nDaniel Charles Solander<br \/>\n<i>Journal d&rsquo;un voyage autour du monde en 1768, 1769, 1770, 1771, contenant les divers \u00e9v\u00e9nements du voyage, avec la relation des contr\u00e9es nouvellement d\u00e9couvertes dans l&rsquo;h\u00e9misph\u00e8re m\u00e9ridional, une description de leur sol et de leurs productions, et plusieurs singularit\u00e9s dans les habits, les coutumes, les m\u0153urs, la police et les manufactures de leurs habitants<\/i><br \/>\nOctobre 1772, Tome IV, p. 16-25<br \/>\n(Ann\u00e9e Litt\u00e9raire)<br \/>\n<a href=\"http:\/\/books.google.be\/books?id=rJEUAAAAQAAJ&amp;printsec=frontcover&amp;dq=editions:0qCv5MvfosIxTQW6d&amp;lr=&amp;as_brr=1&amp;hl=fr\" target=\"_blank\" rel=\"noopener\">Acc\u00e9der au volume<\/a> (oct.-nov.-d\u00e9c.) sur <b>GoogleBooks<\/b><\/p>\n<p><b>721004<\/b><br \/>\nCharles-Claude Montigny<br \/>\n<i>Histoire g\u00e9n\u00e9rale d&rsquo;Allemagne, depuis l&rsquo;an de Rome 604, jusqu&rsquo;\u00e0 nos jours<\/i><br \/>\nOctobre 1772, Tome IV, p. 25-29<br \/>\n(Gazette de Litt\u00e9rature)<br \/>\n<a href=\"http:\/\/books.google.be\/books?id=rJEUAAAAQAAJ&amp;printsec=frontcover&amp;dq=editions:0qCv5MvfosIxTQW6d&amp;lr=&amp;as_brr=1&amp;hl=fr\" target=\"_blank\" rel=\"noopener\">Acc\u00e9der au volume<\/a> (oct.-nov.-d\u00e9c.) sur <b>GoogleBooks<\/b><\/p>\n<p><b>721005<\/b><br \/>\n\u00c9tienne-Maurice Falconet<br \/>\n<i>Traduction des xxxiv, xxxv et xxxvi livres de Pline l&rsquo;ancien, avec des notes<\/i><br \/>\nOctobre 1772, Tome IV, p. 30-37<br \/>\n(Gazette de Litt\u00e9rature)<br \/>\n<a href=\"http:\/\/books.google.be\/books?id=rJEUAAAAQAAJ&amp;printsec=frontcover&amp;dq=editions:0qCv5MvfosIxTQW6d&amp;lr=&amp;as_brr=1&amp;hl=fr\" target=\"_blank\" rel=\"noopener\">Acc\u00e9der au volume<\/a> (oct.-nov.-d\u00e9c.) sur <b>GoogleBooks<\/b><\/p>\n<p style=\"text-align: justify;\"><b>721006<\/b><br \/>\nFr\u00e9d\u00e9ric II (roi de Prusse)<br \/>\n<i>Recueil de lettres [\u2026], pour servir \u00e0 l&rsquo;histoire de la guerre derni\u00e8re. On y a joint une relation de la bataille de Rosback, et plusieurs autres pi\u00e8ces qui n&rsquo;ont jamais paru. Le tout enrichi de notes, par un officier g\u00e9n\u00e9ral au service de la Maison d&rsquo;Autriche<\/i><br \/>\nOctobre 1772, Tome IV, p. 38-43<br \/>\n(Gazette de Litt\u00e9rature)<br \/>\n<a href=\"http:\/\/books.google.be\/books?id=rJEUAAAAQAAJ&amp;printsec=frontcover&amp;dq=editions:0qCv5MvfosIxTQW6d&amp;lr=&amp;as_brr=1&amp;hl=fr\" target=\"_blank\" rel=\"noopener\">Acc\u00e9der au volume<\/a> (oct.-nov.-d\u00e9c.) sur <b>GoogleBooks<\/b><\/p>\n<p style=\"text-align: justify;\"><b>721007<\/b><br \/>\nJean Janin<br \/>\n<i>R\u00e9flexions sur le triste sort des personnes qui sous une apparence de mort ont \u00e9t\u00e9 enterr\u00e9es vivantes, et sur les moyens qu&rsquo;on doit mettre en usage pour pr\u00e9venir une telle m\u00e9prise ; ou pr\u00e9cis d&rsquo;un M\u00e9moire sur les causes de la mort subite et violente, dans lequel on prouve que ceux qui en sont la victime, peuvent \u00eatre rappel\u00e9s \u00e0 la vie<\/i><br \/>\nOctobre 1772, Tome IV, p. 44-49<br \/>\n(Gazette de Litt\u00e9rature)<br \/>\n<a href=\"http:\/\/books.google.be\/books?id=rJEUAAAAQAAJ&amp;printsec=frontcover&amp;dq=editions:0qCv5MvfosIxTQW6d&amp;lr=&amp;as_brr=1&amp;hl=fr\" target=\"_blank\" rel=\"noopener\">Acc\u00e9der au volume<\/a> (oct.-nov.-d\u00e9c.) sur <b>GoogleBooks<\/b><\/p>\n<p><b>721008<\/b><br \/>\nClaude-Adrien Helv\u00e9tius<br \/>\n<i>Le bonheur, po\u00e8me en six chants, avec des fragments de quelques \u00e9p\u00eetres<\/i><br \/>\nOctobre 1772, Tome IV, p. 50-60<br \/>\n<a href=\"http:\/\/books.google.be\/books?id=rJEUAAAAQAAJ&amp;printsec=frontcover&amp;dq=editions:0qCv5MvfosIxTQW6d&amp;lr=&amp;as_brr=1&amp;hl=fr\" target=\"_blank\" rel=\"noopener\">Acc\u00e9der au volume<\/a> (oct.-nov.-d\u00e9c.) sur <b>GoogleBooks<\/b><\/p>\n<p><b>721009<\/b>[Jean Chappe d&rsquo;Auteroche]\n<i>Voyage en Californie, pour l&rsquo;observation du passage de V\u00e9nus sur le disque du soleil, le 3 juin 1769<\/i><br \/>\nOctobre 1772, Tome IV, p. 61-66<br \/>\n(Mercure de France)<br \/>\n<a href=\"http:\/\/books.google.be\/books?id=rJEUAAAAQAAJ&amp;printsec=frontcover&amp;dq=editions:0qCv5MvfosIxTQW6d&amp;lr=&amp;as_brr=1&amp;hl=fr\" target=\"_blank\" rel=\"noopener\">Acc\u00e9der au volume<\/a> (oct.-nov.-d\u00e9c.) sur <b>GoogleBooks<\/b><\/p>\n<p><b>721010<\/b><br \/>\nAbb\u00e9 Sans<br \/>\n<i>Gu\u00e9rison de la paralysie par l&rsquo;\u00e9lectricit\u00e9<\/i><br \/>\nOctobre 1772, Tome IV, p. 66-70<br \/>\n(Journal des Savants)<br \/>\n<a href=\"http:\/\/books.google.be\/books?id=rJEUAAAAQAAJ&amp;printsec=frontcover&amp;dq=editions:0qCv5MvfosIxTQW6d&amp;lr=&amp;as_brr=1&amp;hl=fr\" target=\"_blank\" rel=\"noopener\">Acc\u00e9der au volume<\/a> (oct.-nov.-d\u00e9c.) sur <b>GoogleBooks<\/b><\/p>\n<p><b>721011<\/b><br \/>\nNicolas-Joseph-Laurent Gilbert<br \/>\n<i>Le g\u00e9nie aux prises avec la fortune, ou le Po\u00e8te malheureux. Suivi du Sentiment de M. de la Harpe \u00e0 l&rsquo;\u00e9gard de M. Gilbert et de son po\u00e8me<\/i><br \/>\nOctobre 1772, Tome IV, p. 71-70<br \/>\n(Ann\u00e9e Litt\u00e9raire; Mercure de France)<br \/>\n<a href=\"http:\/\/books.google.be\/books?id=rJEUAAAAQAAJ&amp;printsec=frontcover&amp;dq=editions:0qCv5MvfosIxTQW6d&amp;lr=&amp;as_brr=1&amp;hl=fr\" target=\"_blank\" rel=\"noopener\">Acc\u00e9der au volume<\/a> (oct.-nov.-d\u00e9c.) sur <b>GoogleBooks<\/b><\/p>\n<p><b>721012<\/b><br \/>\n<i>Nouvelle \u00e9difiante pour la R\u00e9publique des Lettres<\/i><br \/>\nOctobre 1772, Tome IV, p. 77-80<br \/>\n(Gazette de Litt\u00e9rature)<br \/>\n<a href=\"http:\/\/books.google.be\/books?id=rJEUAAAAQAAJ&amp;printsec=frontcover&amp;dq=editions:0qCv5MvfosIxTQW6d&amp;lr=&amp;as_brr=1&amp;hl=fr\" target=\"_blank\" rel=\"noopener\">Acc\u00e9der au volume<\/a> (oct.-nov.-d\u00e9c.) sur <b>GoogleBooks<\/b><\/p>\n<p><b>721013<\/b><br \/>\n<i>Mon r\u00e9veil<\/i><br \/>\nOctobre 1772, Tome IV, p. 80-82<br \/>\n<a href=\"http:\/\/books.google.be\/books?id=rJEUAAAAQAAJ&amp;printsec=frontcover&amp;dq=editions:0qCv5MvfosIxTQW6d&amp;lr=&amp;as_brr=1&amp;hl=fr\" target=\"_blank\" rel=\"noopener\">Acc\u00e9der au volume<\/a> (oct.-nov.-d\u00e9c.) sur <b>GoogleBooks<\/b><\/p>\n<p><b>721014<\/b><br \/>\n<i>Lettre sur les voyages, extraite de l&rsquo;Observateur fran\u00e7ais<\/i><br \/>\nOctobre 1772, Tome IV, p. 83-86<br \/>\n<a href=\"http:\/\/books.google.be\/books?id=rJEUAAAAQAAJ&amp;printsec=frontcover&amp;dq=editions:0qCv5MvfosIxTQW6d&amp;lr=&amp;as_brr=1&amp;hl=fr\" target=\"_blank\" rel=\"noopener\">Acc\u00e9der au volume<\/a> (oct.-nov.-d\u00e9c.) sur <b>GoogleBooks<\/b><\/p>\n<p><b>721015<\/b>[Maurice Morgann]\n<i>A plan for the abolition of slavery, etc. Plan pour l&rsquo;abolition de l&rsquo;esclavage dans les Indes occidentales<\/i><br \/>\nOctobre 1772, Tome IV, p. 86-91<br \/>\n(Gazette de Litt\u00e9rature)<br \/>\n<a href=\"http:\/\/books.google.be\/books?id=rJEUAAAAQAAJ&amp;printsec=frontcover&amp;dq=editions:0qCv5MvfosIxTQW6d&amp;lr=&amp;as_brr=1&amp;hl=fr\" target=\"_blank\" rel=\"noopener\">Acc\u00e9der au volume<\/a> (oct.-nov.-d\u00e9c.) sur <b>GoogleBooks<\/b><\/p>\n<p style=\"text-align: justify;\"><b>721016<\/b><br \/>\n<i>L&rsquo;Esprit des journalistes de Tr\u00e9voux, ou morceaux pr\u00e9cieux de litt\u00e9rature, r\u00e9pandus dans les M\u00e9moires pour l&rsquo;histoire des sciences et des beaux-arts, depuis leur origine en 1701, jusqu&rsquo;en 1762, contenant ce qu&rsquo;il y a de plus neuf et de plus curieux, soit pour les ouvrages dont ces litt\u00e9rateurs ont rendu compte, soit pour les r\u00e9flexions judicieuses qui servent de pr\u00e9liminaire \u00e0 leurs analyses<\/i><br \/>\nOctobre 1772, Tome IV, p. 92-95<br \/>\n(Gazette de Litt\u00e9rature)<br \/>\n<a href=\"http:\/\/books.google.be\/books?id=rJEUAAAAQAAJ&amp;printsec=frontcover&amp;dq=editions:0qCv5MvfosIxTQW6d&amp;lr=&amp;as_brr=1&amp;hl=fr\" target=\"_blank\" rel=\"noopener\">Acc\u00e9der au volume<\/a> (oct.-nov.-d\u00e9c.) sur <b>GoogleBooks<\/b><\/p>\n<p><b>721017<\/b><br \/>\n<i>Portrait et caract\u00e8re de Henri de la Tour d&rsquo;Auvergne<\/i><br \/>\nOctobre 1772, Tome IV, p. 95-107<br \/>\n(Encyclop\u00e9die militaire)<br \/>\n<a href=\"http:\/\/books.google.be\/books?id=rJEUAAAAQAAJ&amp;printsec=frontcover&amp;dq=editions:0qCv5MvfosIxTQW6d&amp;lr=&amp;as_brr=1&amp;hl=fr\" target=\"_blank\" rel=\"noopener\">Acc\u00e9der au volume<\/a> (oct.-nov.-d\u00e9c.) sur <b>GoogleBooks<\/b><\/p>\n<p><b>721018<\/b><br \/>\n<i>Sur l&rsquo;\u00e9ducation propre aux jeunes gens qu&rsquo;on destine \u00e0 l&rsquo;\u00e9tat militaire<\/i><br \/>\nOctobre 1772, Tome IV, p. 108-112<br \/>\n(Encyclop\u00e9die militaire)<br \/>\n<a href=\"http:\/\/books.google.be\/books?id=rJEUAAAAQAAJ&amp;printsec=frontcover&amp;dq=editions:0qCv5MvfosIxTQW6d&amp;lr=&amp;as_brr=1&amp;hl=fr\" target=\"_blank\" rel=\"noopener\">Acc\u00e9der au volume<\/a> (oct.-nov.-d\u00e9c.) sur <b>GoogleBooks<\/b><\/p>\n<p style=\"text-align: justify;\"><b>721019<\/b><br \/>\nGeorges-Adam Junker \/ Liebault<br \/>\n<i>Th\u00e9\u00e2tre allemand, ou Recueil des meilleures pi\u00e8ces dramatiques, tant anciennes que modernes, qui ont paru en langue allemande; pr\u00e9c\u00e9d\u00e9 d&rsquo;une dissertation sur l&rsquo;origine, les progr\u00e8s et l&rsquo;\u00e9tat actuel de la po\u00e9sie th\u00e9\u00e2trale en Allemagne<\/i><br \/>\nOctobre 1772, Tome IV, p. 112-117<br \/>\n(Gazette de Litt\u00e9rature)<br \/>\n<a href=\"http:\/\/books.google.be\/books?id=rJEUAAAAQAAJ&amp;printsec=frontcover&amp;dq=editions:0qCv5MvfosIxTQW6d&amp;lr=&amp;as_brr=1&amp;hl=fr\" target=\"_blank\" rel=\"noopener\">Acc\u00e9der au volume<\/a> (oct.-nov.-d\u00e9c.) sur <b>GoogleBooks<\/b><\/p>\n<p><b>721020<\/b><br \/>\n<i>Der Verschwenderische Kaufmann, etc. Le marchand prodigue; com\u00e9die en cinq actes<\/i><br \/>\nOctobre 1772, Tome IV, p. 117-122<br \/>\n(Gazette de Litt\u00e9rature; Observateur fran\u00e7ais)<br \/>\n<a href=\"http:\/\/books.google.be\/books?id=rJEUAAAAQAAJ&amp;printsec=frontcover&amp;dq=editions:0qCv5MvfosIxTQW6d&amp;lr=&amp;as_brr=1&amp;hl=fr\" target=\"_blank\" rel=\"noopener\">Acc\u00e9der au volume<\/a> (oct.-nov.-d\u00e9c.) sur <b>GoogleBooks<\/b><\/p>\n<p><b>721021<\/b><br \/>\n<i>R\u00e9futation singuli\u00e8re du sentiment de M. de la Chapelle sur les ventriloques<\/i><br \/>\nOctobre 1772, Tome IV, p. 122-124<br \/>\n(Journal des Beaux-Arts)<br \/>\n<a href=\"http:\/\/books.google.be\/books?id=rJEUAAAAQAAJ&amp;printsec=frontcover&amp;dq=editions:0qCv5MvfosIxTQW6d&amp;lr=&amp;as_brr=1&amp;hl=fr\" target=\"_blank\" rel=\"noopener\">Acc\u00e9der au volume<\/a> (oct.-nov.-d\u00e9c.) sur <b>GoogleBooks<\/b><\/p>\n<p><b>721101<\/b><br \/>\nJean-Jacques Garnier<br \/>\n<i>Histoire de France, depuis l&rsquo;\u00e9tablissement de la Monarchie, jusqu&rsquo;au r\u00e8gne de Louis XIV<\/i><br \/>\n15 novembre 1772, Tome V, Partie I, p. 3-11<br \/>\n<a href=\"http:\/\/books.google.be\/books?id=rJEUAAAAQAAJ&amp;printsec=frontcover&amp;dq=editions:0qCv5MvfosIxTQW6d&amp;lr=&amp;as_brr=1&amp;hl=fr\" target=\"_blank\" rel=\"noopener\">Acc\u00e9der au volume<\/a> (oct.-nov.-d\u00e9c.) sur <b>GoogleBooks<\/b><\/p>\n<p><b>721102<\/b>[Jean-Baptiste Mailly]\n<i>Histoire [L&rsquo;Esprit] de la Fronde, ou Histoire politique et militaire des troubles de France, pendant la minorit\u00e9 de Louis XIV<\/i><br \/>\n15 novembre 1772, Tome V, Partie I, p. 12-18<br \/>\n(Ann\u00e9e Litt\u00e9raire)<br \/>\n<a href=\"http:\/\/books.google.be\/books?id=rJEUAAAAQAAJ&amp;printsec=frontcover&amp;dq=editions:0qCv5MvfosIxTQW6d&amp;lr=&amp;as_brr=1&amp;hl=fr\" target=\"_blank\" rel=\"noopener\">Acc\u00e9der au volume<\/a> (oct.-nov.-d\u00e9c.) sur <b>GoogleBooks<\/b><\/p>\n<p><b>721103<\/b><br \/>\nPhilippe Gu\u00e9neau de Montbeillard<br \/>\n<i>Abr\u00e9g\u00e9 de l&rsquo;histoire et des m\u00e9moires de l&rsquo;Acad\u00e9mie royale des Sciences. Tome II<\/i><br \/>\n15 novembre 1772, Tome V, Partie I, p. 18-27<br \/>\n(Journal Encyclop\u00e9dique)<br \/>\n<a href=\"http:\/\/books.google.be\/books?id=rJEUAAAAQAAJ&amp;printsec=frontcover&amp;dq=editions:0qCv5MvfosIxTQW6d&amp;lr=&amp;as_brr=1&amp;hl=fr\" target=\"_blank\" rel=\"noopener\">Acc\u00e9der au volume<\/a> (oct.-nov.-d\u00e9c.) sur <b>GoogleBooks<\/b><\/p>\n<p><b>721104<\/b><br \/>\nGioacchino Bonaventura Argentero Brez\u00e9<br \/>\n<i>Observations historiques et critiques sur les Commentaires de Folard et sur la cavalerie<\/i><br \/>\n15 novembre 1772, Tome V, Partie I, p. 27-35<br \/>\n(Encyclop\u00e9die militaire; Gazette de Litt\u00e9rature)<br \/>\n<a href=\"http:\/\/books.google.be\/books?id=rJEUAAAAQAAJ&amp;printsec=frontcover&amp;dq=editions:0qCv5MvfosIxTQW6d&amp;lr=&amp;as_brr=1&amp;hl=fr\" target=\"_blank\" rel=\"noopener\">Acc\u00e9der au volume<\/a> (oct.-nov.-d\u00e9c.) sur <b>GoogleBooks<\/b><\/p>\n<p><b>721105<\/b><br \/>\nBarth\u00e9l\u00e9my Imbert<br \/>\n<i>Le Jugement de P\u00e2ris, Po\u00e8me en 4 chants<\/i><br \/>\n15 novembre 1772, Tome V, Partie I, p. 35-40<br \/>\n(Mercure de France)<br \/>\n<a href=\"http:\/\/books.google.be\/books?id=rJEUAAAAQAAJ&amp;printsec=frontcover&amp;dq=editions:0qCv5MvfosIxTQW6d&amp;lr=&amp;as_brr=1&amp;hl=fr\" target=\"_blank\" rel=\"noopener\">Acc\u00e9der au volume<\/a> (oct.-nov.-d\u00e9c.) sur <b>GoogleBooks<\/b><\/p>\n<p><b>721106<\/b><br \/>\nDr. Read<br \/>\n<i>Trait\u00e9 du seigle ergot\u00e9<\/i><br \/>\n15 novembre 1772, Tome V, Partie I, p. 40-46<br \/>\n(Journal Encyclop\u00e9dique)<br \/>\n<a href=\"http:\/\/books.google.be\/books?id=rJEUAAAAQAAJ&amp;printsec=frontcover&amp;dq=editions:0qCv5MvfosIxTQW6d&amp;lr=&amp;as_brr=1&amp;hl=fr\" target=\"_blank\" rel=\"noopener\">Acc\u00e9der au volume<\/a> (oct.-nov.-d\u00e9c.) sur <b>GoogleBooks<\/b><\/p>\n<p><b>721107<\/b><br \/>\nJean-Fran\u00e7ois Ducis<br \/>\n<i>Romeo et Juliette, trag\u00e9die<\/i><br \/>\n15 novembre 1772, Tome V, Partie I, p. 46-61<br \/>\n(Mercure de France)<br \/>\n<a href=\"http:\/\/books.google.be\/books?id=rJEUAAAAQAAJ&amp;printsec=frontcover&amp;dq=editions:0qCv5MvfosIxTQW6d&amp;lr=&amp;as_brr=1&amp;hl=fr\" target=\"_blank\" rel=\"noopener\">Acc\u00e9der au volume<\/a> (oct.-nov.-d\u00e9c.) sur <b>GoogleBooks<\/b><\/p>\n<p><b>721108<\/b><br \/>\nAlexis Piron<br \/>\n<i>\u00c9pigramme nouvelle<\/i><br \/>\n15 novembre 1772, Tome V, Partie I, p. 61-61<br \/>\n<a href=\"http:\/\/books.google.be\/books?id=rJEUAAAAQAAJ&amp;printsec=frontcover&amp;dq=editions:0qCv5MvfosIxTQW6d&amp;lr=&amp;as_brr=1&amp;hl=fr\" target=\"_blank\" rel=\"noopener\">Acc\u00e9der au volume<\/a> (oct.-nov.-d\u00e9c.) sur <b>GoogleBooks<\/b><\/p>\n<p><b>721109<\/b><br \/>\n<i>Extrait d&rsquo;une lettre sur le peintre Hogarth<\/i><br \/>\n15 novembre 1772, Tome V, Partie I, p. 61-65<br \/>\n(L&rsquo;Observateur fran\u00e7ais)<\/p>\n<p><b>721110<\/b>[Voltaire]\n<i>Contre les ath\u00e9es; Fragment d&rsquo;une pi\u00e8ce en vers, intitul\u00e9e, Les Cabales<\/i> [<a href=\"http:\/\/www.gedhs.ulg.ac.be\/recherches\/espritdesjournaux\/pdf\/721110.pdf\" target=\"_blank\" rel=\"noopener\">MODE IMAGE<\/a>]\n15 novembre 1772, Tome V, Partie I, p. 65-67<br \/>\n<a href=\"http:\/\/books.google.be\/books?id=rJEUAAAAQAAJ&amp;printsec=frontcover&amp;dq=editions:0qCv5MvfosIxTQW6d&amp;lr=&amp;as_brr=1&amp;hl=fr\" target=\"_blank\" rel=\"noopener\">Acc\u00e9der au volume<\/a> (oct.-nov.-d\u00e9c.) sur <b>GoogleBooks<\/b><\/p>\n<p style=\"text-align: justify;\"><b>721111<\/b><br \/>\nJean-Fran\u00e7ois de La Harpe<br \/>\n<i>Notice faite pour accompagner le portrait de M. de Voltaire, grav\u00e9 dans le premier cahier de la galerie universelle des hommes c\u00e9l\u00e8bres, avec ceux de Louis XV, du Roi de Prusse, et de M. de Maupeou, chancelier de France<\/i> [<a href=\"http:\/\/www.gedhs.ulg.ac.be\/recherches\/espritdesjournaux\/pdf\/721121.pdf\" target=\"_blank\" rel=\"noopener\">MODE IMAGE<\/a>]\n15 novembre 1772, Tome V, Partie I, p. 67-69<br \/>\n<a href=\"http:\/\/books.google.be\/books?id=rJEUAAAAQAAJ&amp;printsec=frontcover&amp;dq=editions:0qCv5MvfosIxTQW6d&amp;lr=&amp;as_brr=1&amp;hl=fr\" target=\"_blank\" rel=\"noopener\">Acc\u00e9der au volume<\/a> (oct.-nov.-d\u00e9c.) sur <b>GoogleBooks<\/b><\/p>\n<p><b>721112<\/b><br \/>\nM. B.*** [Antoine Bret]\n<i>Fables orientales et Po\u00e9sies diverses<\/i><br \/>\n30 novembre 1772, Tome V, Partie II, p. 85-89<br \/>\n(Mercure de France)<br \/>\n<a href=\"http:\/\/books.google.be\/books?id=rJEUAAAAQAAJ&amp;printsec=frontcover&amp;dq=editions:0qCv5MvfosIxTQW6d&amp;lr=&amp;as_brr=1&amp;hl=fr\" target=\"_blank\" rel=\"noopener\">Acc\u00e9der au volume<\/a> (oct.-nov.-d\u00e9c.) sur <b>GoogleBooks<\/b><\/p>\n<p><b>721113<\/b><br \/>\n<i>Deutsche Schriften von der Koenigl, etc. \u00c9crits allemands de la Soci\u00e9t\u00e9 royale des Sciences de Gottingue<\/i><br \/>\n30 novembre 1772, Tome V, Partie II, p. 90-96<br \/>\n(Gazette de Litt\u00e9rature)<br \/>\n<a href=\"http:\/\/books.google.be\/books?id=rJEUAAAAQAAJ&amp;printsec=frontcover&amp;dq=editions:0qCv5MvfosIxTQW6d&amp;lr=&amp;as_brr=1&amp;hl=fr\" target=\"_blank\" rel=\"noopener\">Acc\u00e9der au volume<\/a> (oct.-nov.-d\u00e9c.) sur <b>GoogleBooks<\/b><\/p>\n<p><b>721114<\/b><br \/>\nPhilippe Gu\u00e9neau de Montbeillard<br \/>\n<i>Abr\u00e9g\u00e9 de l&rsquo;histoire et des m\u00e9moires de l&rsquo;Acad\u00e9mie royale des Sciences. Tome III<\/i><br \/>\n30 novembre 1772, Tome V, Partie II, p. 96-101<br \/>\n(Journal encyclop\u00e9dique)<br \/>\n<a href=\"http:\/\/books.google.be\/books?id=rJEUAAAAQAAJ&amp;printsec=frontcover&amp;dq=editions:0qCv5MvfosIxTQW6d&amp;lr=&amp;as_brr=1&amp;hl=fr\" target=\"_blank\" rel=\"noopener\">Acc\u00e9der au volume<\/a> (oct.-nov.-d\u00e9c.) sur <b>GoogleBooks<\/b><\/p>\n<p><b>721115<\/b><br \/>\n<i>Peintures de la coupole de la Chapelle de Saint Gr\u00e9goire de l&rsquo;H\u00f4tel Royal des Invalides<\/i><br \/>\n30 novembre 1772, Tome V, Partie II, p. 101-09<br \/>\n(Mercure de France)<br \/>\n<a href=\"http:\/\/books.google.be\/books?id=rJEUAAAAQAAJ&amp;printsec=frontcover&amp;dq=editions:0qCv5MvfosIxTQW6d&amp;lr=&amp;as_brr=1&amp;hl=fr\" target=\"_blank\" rel=\"noopener\">Acc\u00e9der au volume<\/a> (oct.-nov.-d\u00e9c.) sur <b>GoogleBooks<\/b><\/p>\n<p><b>721116<\/b><br \/>\nAntoine Fr\u00e9d\u00e9ric B\u00fcsching<br \/>\n<i>G\u00e9ographie universelle<\/i><br \/>\n30 novembre 1772, Tome V, Partie II, p. 109-14<br \/>\n<a href=\"http:\/\/books.google.be\/books?id=rJEUAAAAQAAJ&amp;printsec=frontcover&amp;dq=editions:0qCv5MvfosIxTQW6d&amp;lr=&amp;as_brr=1&amp;hl=fr\" target=\"_blank\" rel=\"noopener\">Acc\u00e9der au volume<\/a> (oct.-nov.-d\u00e9c.) sur <b>GoogleBooks<\/b><\/p>\n<p><b>721117<\/b><br \/>\nJean-Antoine Rigoley de Juvigny<br \/>\n<i>Sur la critique<\/i><br \/>\n30 novembre 1772, Tome V, Partie II, p. 114-16<br \/>\n(Journal des Beaux-Arts)<br \/>\n<a href=\"http:\/\/books.google.be\/books?id=rJEUAAAAQAAJ&amp;printsec=frontcover&amp;dq=editions:0qCv5MvfosIxTQW6d&amp;lr=&amp;as_brr=1&amp;hl=fr\" target=\"_blank\" rel=\"noopener\">Acc\u00e9der au volume<\/a> (oct.-nov.-d\u00e9c.) sur <b>GoogleBooks<\/b><\/p>\n<p><b>721118<\/b><br \/>\nGirolamo Tiraboschi<br \/>\n<i>Storia della Litteratura Italiana, etc. Histoire de la litt\u00e9rature italienne<\/i><br \/>\n30 novembre 1772, Tome V, Partie II, p. 116-20<br \/>\n(Gazette de Litt\u00e9rature)<br \/>\n<a href=\"http:\/\/books.google.be\/books?id=rJEUAAAAQAAJ&amp;printsec=frontcover&amp;dq=editions:0qCv5MvfosIxTQW6d&amp;lr=&amp;as_brr=1&amp;hl=fr\" target=\"_blank\" rel=\"noopener\">Acc\u00e9der au volume<\/a> (oct.-nov.-d\u00e9c.) sur <b>GoogleBooks<\/b><\/p>\n<p><b>721119<\/b><br \/>\nNicolas-Joseph-Laurent Gilbert<br \/>\n<i>D\u00e9but po\u00e9tique; \u00e9dition corrig\u00e9e, augment\u00e9e d&rsquo;un chant d&rsquo;Abel et de plusieurs autres ouvrages en vers<\/i><br \/>\n30 novembre 1772, Tome V, Partie II, p. 120-23<br \/>\n(Ann\u00e9e litt\u00e9raire)<br \/>\n<a href=\"http:\/\/books.google.be\/books?id=rJEUAAAAQAAJ&amp;printsec=frontcover&amp;dq=editions:0qCv5MvfosIxTQW6d&amp;lr=&amp;as_brr=1&amp;hl=fr\" target=\"_blank\" rel=\"noopener\">Acc\u00e9der au volume<\/a> (oct.-nov.-d\u00e9c.) sur <b>GoogleBooks<\/b><\/p>\n<p><b>721120<\/b><br \/>\n<i>Observations sur le jugement prononc\u00e9 en faveur des N\u00e8gres, \u00e0 la Cour du Banc Royal<\/i><br \/>\n30 novembre 1772, Tome V, Partie II, p. 124-28<br \/>\n(Journal Encyclop\u00e9dique)<br \/>\n<a href=\"http:\/\/books.google.be\/books?id=rJEUAAAAQAAJ&amp;printsec=frontcover&amp;dq=editions:0qCv5MvfosIxTQW6d&amp;lr=&amp;as_brr=1&amp;hl=fr\" target=\"_blank\" rel=\"noopener\">Acc\u00e9der au volume<\/a> (oct.-nov.-d\u00e9c.) sur <b>GoogleBooks<\/b><\/p>\n<p><b>721121<\/b><br \/>\nJean-Fran\u00e7ois de La Harpe<br \/>\n<i>Extrait d&rsquo;une lettre \u00e0 M. de Voltaire<\/i><br \/>\n30 novembre 1772, Tome V, Partie II, p. 128-29<br \/>\n<a href=\"http:\/\/books.google.be\/books?id=rJEUAAAAQAAJ&amp;printsec=frontcover&amp;dq=editions:0qCv5MvfosIxTQW6d&amp;lr=&amp;as_brr=1&amp;hl=fr\" target=\"_blank\" rel=\"noopener\">Acc\u00e9der au volume<\/a> (oct.-nov.-d\u00e9c.) sur <b>GoogleBooks<\/b><\/p>\n<p><b>721122<\/b><br \/>\nJean Verdier<br \/>\n<i>Recueil de m\u00e9moires et d&rsquo;observations sur la perfectibilit\u00e9 de l&rsquo;homme par les agents physique et moraux<\/i><br \/>\n30 novembre 1772, Tome V, Partie II, p. 129-36<br \/>\n(Journal des Savants)<br \/>\n<a href=\"http:\/\/books.google.be\/books?id=rJEUAAAAQAAJ&amp;printsec=frontcover&amp;dq=editions:0qCv5MvfosIxTQW6d&amp;lr=&amp;as_brr=1&amp;hl=fr\" target=\"_blank\" rel=\"noopener\">Acc\u00e9der au volume<\/a> (oct.-nov.-d\u00e9c.) sur <b>GoogleBooks<\/b><\/p>\n<p><b>721123<\/b><br \/>\n<i>Extrait d&rsquo;un m\u00e9moire sur la Russie<\/i> [<a href=\"http:\/\/www.gedhs.ulg.ac.be\/recherches\/espritdesjournaux\/pdf\/770507.pdf\" target=\"_blank\" rel=\"noopener\">MODE IMAGE<\/a>]\n30 novembre 1772, Tome V, Partie II, p. 136-39<br \/>\n(L&rsquo;Observateur fran\u00e7ais)<br \/>\n<a href=\"http:\/\/books.google.be\/books?id=rJEUAAAAQAAJ&amp;printsec=frontcover&amp;dq=editions:0qCv5MvfosIxTQW6d&amp;lr=&amp;as_brr=1&amp;hl=fr\" target=\"_blank\" rel=\"noopener\">Acc\u00e9der au volume<\/a> (oct.-nov.-d\u00e9c.) sur <b>GoogleBooks<\/b><\/p>\n<p><b>721124<\/b><br \/>\n<i>Compliment de l&rsquo;archev\u00eaque de Lyon\u00a0 \u00e0 Mme la Comtesse de Provence<br \/>\n<\/i> 30 novembre 1772, Tome V, Partie II, p. 139-41<br \/>\n(Mercure de France)<br \/>\n<a href=\"http:\/\/books.google.be\/books?id=rJEUAAAAQAAJ&amp;printsec=frontcover&amp;dq=editions:0qCv5MvfosIxTQW6d&amp;lr=&amp;as_brr=1&amp;hl=fr\" target=\"_blank\" rel=\"noopener\">Acc\u00e9der au volume<\/a> (oct.-nov.-d\u00e9c.) sur <b>GoogleBooks<\/b><\/p>\n<p><b>721125<\/b><br \/>\nAlexis Piron<br \/>\n<i>\u00c9pitaphe, faite par lui-m\u00eame<\/i><br \/>\n30 novembre 1772, Tome V, Partie II, p. 142<br \/>\n<a href=\"http:\/\/books.google.be\/books?id=rJEUAAAAQAAJ&amp;printsec=frontcover&amp;dq=editions:0qCv5MvfosIxTQW6d&amp;lr=&amp;as_brr=1&amp;hl=fr\" target=\"_blank\" rel=\"noopener\">Acc\u00e9der au volume<\/a> (oct.-nov.-d\u00e9c.) sur <b>GoogleBooks<\/b><\/p>\n<p><b>721201<\/b><br \/>\nPhilippe Gu\u00e9neau de Montbeillard<br \/>\n<i>Abr\u00e9g\u00e9 de l&rsquo;histoire et des m\u00e9moires de l&rsquo;Acad\u00e9mie royale des Sciences, etc. Tome IV<\/i><br \/>\n15 d\u00e9cembre 1772, Tome VI, Partie I, p. 3-8<br \/>\n(Journal Encyclop\u00e9dique)<br \/>\n<a href=\"http:\/\/books.google.be\/books?id=rJEUAAAAQAAJ&amp;printsec=frontcover&amp;dq=editions:0qCv5MvfosIxTQW6d&amp;lr=&amp;as_brr=1&amp;hl=fr\" target=\"_blank\" rel=\"noopener\">Acc\u00e9der au volume<\/a> (oct.-nov.-d\u00e9c.) sur <b>GoogleBooks<\/b><\/p>\n<p><b>721202<\/b><br \/>\n<i>Sur le comique larmoyant. Dialogue entre Scapin et Arlequin<\/i><br \/>\n15 d\u00e9cembre 1772, Tome VI, Partie I, p. 8-14<br \/>\n(Mercure de France)<br \/>\n<a href=\"http:\/\/books.google.be\/books?id=rJEUAAAAQAAJ&amp;printsec=frontcover&amp;dq=editions:0qCv5MvfosIxTQW6d&amp;lr=&amp;as_brr=1&amp;hl=fr\" target=\"_blank\" rel=\"noopener\">Acc\u00e9der au volume<\/a> (oct.-nov.-d\u00e9c.) sur <b>GoogleBooks<\/b><\/p>\n<p style=\"text-align: justify;\"><b>721203<\/b><br \/>\nF\u00e9lix-Fran\u00e7ois Le Royer d&rsquo;Artezet de La Sauvag\u00e8re<br \/>\n<i>Recueil d&rsquo;Antiquit\u00e9s dans les Gaules enrichi de diverses planches et figures, plans, vues, cartes topographiques et autres dessins pour servir \u00e0 l&rsquo;intelligence des inscriptions de ces Antiquit\u00e9s<\/i><br \/>\n15 d\u00e9cembre 1772, Tome VI, Partie I, p. 15-19<br \/>\n(Ann\u00e9e Litt\u00e9raire)<br \/>\n<a href=\"http:\/\/books.google.be\/books?id=rJEUAAAAQAAJ&amp;printsec=frontcover&amp;dq=editions:0qCv5MvfosIxTQW6d&amp;lr=&amp;as_brr=1&amp;hl=fr\" target=\"_blank\" rel=\"noopener\">Acc\u00e9der au volume<\/a> (oct.-nov.-d\u00e9c.) sur <b>GoogleBooks<\/b><\/p>\n<p><b>721204<\/b><br \/>\nFran\u00e7ois-Jean de Chastellux<br \/>\n<i>De la f\u00e9licit\u00e9 publique, ou Consid\u00e9rations sur le sort des hommes dans les diff\u00e9rentes \u00e9poques de l&rsquo;Histoire<\/i><br \/>\n15 d\u00e9cembre 1772, Tome VI, Partie I, p. 19-28<br \/>\n(Gazette de Litt\u00e9rature)<br \/>\n<a href=\"http:\/\/books.google.be\/books?id=rJEUAAAAQAAJ&amp;printsec=frontcover&amp;dq=editions:0qCv5MvfosIxTQW6d&amp;lr=&amp;as_brr=1&amp;hl=fr\" target=\"_blank\" rel=\"noopener\">Acc\u00e9der au volume<\/a> (oct.-nov.-d\u00e9c.) sur <b>GoogleBooks<\/b><\/p>\n<p><b>721205<\/b><br \/>\nCamille Falconet<br \/>\n<i>Extrait d&rsquo;un manuscrit sur les Barreaux d&rsquo;Ath\u00e8nes, de Rome et de Paris<\/i><br \/>\n15 d\u00e9cembre 1772, Tome VI, Partie I, p. 28-35<br \/>\n(Journal des Savants)<br \/>\n<a href=\"http:\/\/books.google.be\/books?id=rJEUAAAAQAAJ&amp;printsec=frontcover&amp;dq=editions:0qCv5MvfosIxTQW6d&amp;lr=&amp;as_brr=1&amp;hl=fr\" target=\"_blank\" rel=\"noopener\">Acc\u00e9der au volume<\/a> (oct.-nov.-d\u00e9c.) sur <b>GoogleBooks<\/b><\/p>\n<p><b>721206<\/b><br \/>\n<i>Discours prononc\u00e9s dans l&rsquo;Acad\u00e9mie fran\u00e7aise, \u00e0\u00a0 la r\u00e9ception de Mrs. de Br\u00e9quigny et Beauz\u00e9e<\/i><br \/>\n15 d\u00e9cembre 1772, Tome VI, Partie I, p. 35-39<br \/>\n(Journal des Savants)<br \/>\n<a href=\"http:\/\/books.google.be\/books?id=rJEUAAAAQAAJ&amp;printsec=frontcover&amp;dq=editions:0qCv5MvfosIxTQW6d&amp;lr=&amp;as_brr=1&amp;hl=fr\" target=\"_blank\" rel=\"noopener\">Acc\u00e9der au volume<\/a> (oct.-nov.-d\u00e9c.) sur <b>GoogleBooks<\/b><\/p>\n<p><b>721207<\/b><br \/>\n<i>Cas propos\u00e9 par M***, Grand-Vicaire du Dioc\u00e8se d&rsquo;A\u2026<\/i><br \/>\n15 d\u00e9cembre 1772, Tome VI, Partie I, p. 39<br \/>\n(Journal eccl\u00e9siastique)<br \/>\n<a href=\"http:\/\/books.google.be\/books?id=rJEUAAAAQAAJ&amp;printsec=frontcover&amp;dq=editions:0qCv5MvfosIxTQW6d&amp;lr=&amp;as_brr=1&amp;hl=fr\" target=\"_blank\" rel=\"noopener\">Acc\u00e9der au volume<\/a> (oct.-nov.-d\u00e9c.) sur <b>GoogleBooks<\/b><\/p>\n<p><b>721208<\/b><br \/>\nTh\u00e9ophile Raynaud<br \/>\n<i>Le Religieux trafiquant<\/i><br \/>\n15 d\u00e9cembre 1772, Tome VI, Partie I, p. 39-44<br \/>\n(Journal eccl\u00e9siastique)<br \/>\n<a href=\"http:\/\/books.google.be\/books?id=rJEUAAAAQAAJ&amp;printsec=frontcover&amp;dq=editions:0qCv5MvfosIxTQW6d&amp;lr=&amp;as_brr=1&amp;hl=fr\" target=\"_blank\" rel=\"noopener\">Acc\u00e9der au volume<\/a> (oct.-nov.-d\u00e9c.) sur <b>GoogleBooks<\/b><\/p>\n<p><b>721209<\/b><br \/>\n<i>Lettre sur l&rsquo;Espagne<\/i><br \/>\n15 d\u00e9cembre 1772, Tome VI, Partie I, p. 44-49<br \/>\n(L&rsquo;Observateur fran\u00e7ais)<br \/>\n<a href=\"http:\/\/books.google.be\/books?id=rJEUAAAAQAAJ&amp;printsec=frontcover&amp;dq=editions:0qCv5MvfosIxTQW6d&amp;lr=&amp;as_brr=1&amp;hl=fr\" target=\"_blank\" rel=\"noopener\">Acc\u00e9der au volume<\/a> (oct.-nov.-d\u00e9c.) sur <b>GoogleBooks<\/b><\/p>\n<p><b>721210<\/b><br \/>\nNicolas-Germain L\u00e9onard<br \/>\n<i>Le Temple de Gnide, Po\u00e8me imit\u00e9 de Montesquieu<\/i><br \/>\n15 d\u00e9cembre 1772, Tome VI, Partie I, p. 49-55<br \/>\n(Journal des Beaux-Arts)<br \/>\n<a href=\"http:\/\/books.google.be\/books?id=rJEUAAAAQAAJ&amp;printsec=frontcover&amp;dq=editions:0qCv5MvfosIxTQW6d&amp;lr=&amp;as_brr=1&amp;hl=fr\" target=\"_blank\" rel=\"noopener\">Acc\u00e9der au volume<\/a> (oct.-nov.-d\u00e9c.) sur <b>GoogleBooks<\/b><\/p>\n<p><b>721211<\/b><br \/>\nAntoine Bret<br \/>\n<i>Vers sur la sant\u00e9<\/i><br \/>\n15 d\u00e9cembre 1772, Tome VI, Partie I, p. 55-56<br \/>\n<a href=\"http:\/\/books.google.be\/books?id=rJEUAAAAQAAJ&amp;printsec=frontcover&amp;dq=editions:0qCv5MvfosIxTQW6d&amp;lr=&amp;as_brr=1&amp;hl=fr\" target=\"_blank\" rel=\"noopener\">Acc\u00e9der au volume<\/a> (oct.-nov.-d\u00e9c.) sur <b>GoogleBooks<\/b><\/p>\n<p><b>721212<\/b><br \/>\nBulstrode Whitelocke<br \/>\n<i>A Journal of the swedish ambassy. Journal de l&rsquo;Ambassade en Su\u00e8de, en 1653 et 1654<\/i><br \/>\n15 d\u00e9cembre 1772, Tome VI, Partie I, p. 56-62<br \/>\n(Monthly Review)<br \/>\n<a href=\"http:\/\/books.google.be\/books?id=rJEUAAAAQAAJ&amp;printsec=frontcover&amp;dq=editions:0qCv5MvfosIxTQW6d&amp;lr=&amp;as_brr=1&amp;hl=fr\" target=\"_blank\" rel=\"noopener\">Acc\u00e9der au volume<\/a> (oct.-nov.-d\u00e9c.) sur <b>GoogleBooks<\/b><\/p>\n<p><b>721213<\/b>[Jean-Jacques Lefranc de Pompignan]\n<i>Discours philosophiques tir\u00e9s des Livres Saints. Avec des Odes chr\u00e9tiennes et philosophique<\/i>s<br \/>\n30 d\u00e9cembre 1772, Tome VI, Partie II, p. 87-91<br \/>\n(Journal des Savants)<br \/>\n<a href=\"http:\/\/books.google.be\/books?id=rJEUAAAAQAAJ&amp;printsec=frontcover&amp;dq=editions:0qCv5MvfosIxTQW6d&amp;lr=&amp;as_brr=1&amp;hl=fr\" target=\"_blank\" rel=\"noopener\">Acc\u00e9der au volume<\/a> (oct.-nov.-d\u00e9c.) sur <b>GoogleBooks<\/b><\/p>\n<p><b>721214<\/b><br \/>\nLuigi Cornaro \/ Lessius<br \/>\n<i>De la sobri\u00e9t\u00e9 et de ses avantages, ou le vrai moyen de se conserver dans une sant\u00e9 parfaite jusqu&rsquo;\u00e0 l&rsquo;\u00e2ge le plus avanc\u00e9<\/i><br \/>\n30 d\u00e9cembre 1772, Tome VI, Partie II, p. 92-96<br \/>\n(Journal des Savants)<br \/>\n<a href=\"http:\/\/books.google.be\/books?id=rJEUAAAAQAAJ&amp;printsec=frontcover&amp;dq=editions:0qCv5MvfosIxTQW6d&amp;lr=&amp;as_brr=1&amp;hl=fr\" target=\"_blank\" rel=\"noopener\">Acc\u00e9der au volume<\/a> (oct.-nov.-d\u00e9c.) sur <b>GoogleBooks<\/b><\/p>\n<p><b>721215<\/b><br \/>\nChristoph Martin Wieland<br \/>\n<i>Socrate en d\u00e9lire, ou Dialogues de Diog\u00e8ne de Synope<\/i><br \/>\n30 d\u00e9cembre 1772, Tome VI, Partie II, p. 96-101<br \/>\n(Gazette de Litt\u00e9rature)<br \/>\n<a href=\"http:\/\/books.google.be\/books?id=rJEUAAAAQAAJ&amp;printsec=frontcover&amp;dq=editions:0qCv5MvfosIxTQW6d&amp;lr=&amp;as_brr=1&amp;hl=fr\" target=\"_blank\" rel=\"noopener\">Acc\u00e9der au volume<\/a> (oct.-nov.-d\u00e9c.) sur <b>GoogleBooks<\/b><\/p>\n<p><b>721216<\/b><br \/>\nJohn Barrow<br \/>\n<i>Histoire nouvelle et impartiale d&rsquo;Angleterre depuis l&rsquo;invasion de Jules C\u00e9sar jusqu&rsquo;aux pr\u00e9liminaires de paix de 1763<\/i><br \/>\n30 d\u00e9cembre 1772, Tome VI, Partie II, p. 101-08<br \/>\n(Ann\u00e9e Litt\u00e9raire)<br \/>\n<a href=\"http:\/\/books.google.be\/books?id=rJEUAAAAQAAJ&amp;printsec=frontcover&amp;dq=editions:0qCv5MvfosIxTQW6d&amp;lr=&amp;as_brr=1&amp;hl=fr\" target=\"_blank\" rel=\"noopener\">Acc\u00e9der au volume<\/a> (oct.-nov.-d\u00e9c.) sur <b>GoogleBooks<\/b><\/p>\n<p><b>721217<\/b><br \/>\nAlexander Pope<br \/>\n<i>Lettre d&rsquo;H\u00e9lo\u00efse \u00e0 Abailard<\/i><br \/>\n30 d\u00e9cembre 1772, Tome VI, Partie II, p. 108-14<br \/>\n(Mercure de France)<br \/>\n<a href=\"http:\/\/books.google.be\/books?id=rJEUAAAAQAAJ&amp;printsec=frontcover&amp;dq=editions:0qCv5MvfosIxTQW6d&amp;lr=&amp;as_brr=1&amp;hl=fr\" target=\"_blank\" rel=\"noopener\">Acc\u00e9der au volume<\/a> (oct.-nov.-d\u00e9c.) sur <b>GoogleBooks<\/b><\/p>\n<p><b>721218<\/b><br \/>\nClaude-Joseph Dorat<br \/>\n<i>Lettre \u00e0 M. de La Harpe<\/i><br \/>\n30 d\u00e9cembre 1772, Tome VI, Partie II, p. 114-16<br \/>\n<a href=\"http:\/\/books.google.be\/books?id=rJEUAAAAQAAJ&amp;printsec=frontcover&amp;dq=editions:0qCv5MvfosIxTQW6d&amp;lr=&amp;as_brr=1&amp;hl=fr\" target=\"_blank\" rel=\"noopener\">Acc\u00e9der au volume<\/a> (oct.-nov.-d\u00e9c.) sur <b>GoogleBooks<\/b><\/p>\n<p><b>721219<\/b><br \/>\nLa Harpe<br \/>\n<i>R\u00e9ponse \u00e0 la Lettre pr\u00e9c\u00e9dente [de Dorat]<\/i><br \/>\n30 d\u00e9cembre 1772, Tome VI, Partie II, p. 117-21<br \/>\n<a href=\"http:\/\/books.google.be\/books?id=rJEUAAAAQAAJ&amp;printsec=frontcover&amp;dq=editions:0qCv5MvfosIxTQW6d&amp;lr=&amp;as_brr=1&amp;hl=fr\" target=\"_blank\" rel=\"noopener\">Acc\u00e9der au volume<\/a> (oct.-nov.-d\u00e9c.) sur <b>GoogleBooks<\/b><\/p>\n<p><b>721220<\/b><br \/>\nVoltaire<br \/>\n<i>Fragments d&rsquo;une \u00c9p\u00eetre \u00e0 Horace<\/i><br \/>\n30 d\u00e9cembre 1772, Tome VI, Partie II, p. 121-25<br \/>\n(Mercure de France)<br \/>\n<a href=\"http:\/\/books.google.be\/books?id=rJEUAAAAQAAJ&amp;printsec=frontcover&amp;dq=editions:0qCv5MvfosIxTQW6d&amp;lr=&amp;as_brr=1&amp;hl=fr\" target=\"_blank\" rel=\"noopener\">Acc\u00e9der au volume<\/a> (oct.-nov.-d\u00e9c.) sur <b>GoogleBooks<\/b><\/p>\n<p><b>721221<\/b><br \/>\n<i>Delle Comete, etc. Des com\u00e8tes. Essai cosmologique, divis\u00e9 par lettres<\/i><br \/>\n30 d\u00e9cembre 1772, Tome VI, Partie II, p. 125-28<br \/>\n(Gazette de Litt\u00e9rature)<br \/>\n<a href=\"http:\/\/books.google.be\/books?id=rJEUAAAAQAAJ&amp;printsec=frontcover&amp;dq=editions:0qCv5MvfosIxTQW6d&amp;lr=&amp;as_brr=1&amp;hl=fr\" target=\"_blank\" rel=\"noopener\">Acc\u00e9der au volume<\/a> (oct.-nov.-d\u00e9c.) sur <b>GoogleBooks<\/b><\/p>\n<p><b>721222<\/b><br \/>\n<i>Observations sur la Prusse<\/i><br \/>\n30 d\u00e9cembre 1772, Tome VI, Partie II, p. 128-35<br \/>\n(Observateur fran\u00e7ais)<br \/>\n<a href=\"http:\/\/books.google.be\/books?id=rJEUAAAAQAAJ&amp;printsec=frontcover&amp;dq=editions:0qCv5MvfosIxTQW6d&amp;lr=&amp;as_brr=1&amp;hl=fr\" target=\"_blank\" rel=\"noopener\">Acc\u00e9der au volume<\/a> (oct.-nov.-d\u00e9c.) sur <b>GoogleBooks<\/b><\/p>\n<p style=\"text-align: justify;\"><b>721223<\/b>[Alban Butler]\n<i>Vies des p\u00e8res, des martyrs et des autres principaux saints, tir\u00e9es des actes originaux et des monuments les plus authentiques, avec des notes historiques et critiques<\/i><br \/>\n30 d\u00e9cembre 1772, Tome VI, Partie II, p. 135-38<br \/>\n(Gazette de Litt\u00e9rature)<br \/>\n<a href=\"http:\/\/books.google.be\/books?id=rJEUAAAAQAAJ&amp;printsec=frontcover&amp;dq=editions:0qCv5MvfosIxTQW6d&amp;lr=&amp;as_brr=1&amp;hl=fr\" target=\"_blank\" rel=\"noopener\">Acc\u00e9der au volume<\/a> (oct.-nov.-d\u00e9c.) sur <b>GoogleBooks<\/b><\/p>\n<p><b>721224<\/b><br \/>\nJoseph-Louis Ripault Desormeaux<br \/>\n<i>Histoire de la maison de Bourbon<\/i><br \/>\n30 d\u00e9cembre 1772, Tome VI, Partie II, p. 139-46<br \/>\n(Journal encyclop\u00e9dique)<br \/>\n<a href=\"http:\/\/books.google.be\/books?id=rJEUAAAAQAAJ&amp;printsec=frontcover&amp;dq=editions:0qCv5MvfosIxTQW6d&amp;lr=&amp;as_brr=1&amp;hl=fr\" target=\"_blank\" rel=\"noopener\">Acc\u00e9der au volume<\/a> (oct.-nov.-d\u00e9c.) sur <b>GoogleBooks<\/b><\/p>\n<p><b>721225<\/b><br \/>\n<i>D\u00e9tails sur l&rsquo;\u00e9lection et les fonctions du Lord-Maire de Londres<\/i><br \/>\n30 d\u00e9cembre 1772, Tome VI, Partie II, p. 146-48<br \/>\n(Journal historique et politique de Gen\u00e8ve)<br \/>\n<a href=\"http:\/\/books.google.be\/books?id=rJEUAAAAQAAJ&amp;printsec=frontcover&amp;dq=editions:0qCv5MvfosIxTQW6d&amp;lr=&amp;as_brr=1&amp;hl=fr\" target=\"_blank\" rel=\"noopener\">Acc\u00e9der au volume<\/a> (oct.-nov.-d\u00e9c.) sur <b>GoogleBooks<\/b><\/p>\n<p style=\"text-align: justify;\"><b>721226<\/b><br \/>\nL. Renaud<br \/>\n<i>Vers pr\u00e9sent\u00e9s \u00e0 Gustave III, roi de Su\u00e8de, des Goths et des Wandales, etc. \u00e0 l&rsquo;occasion de l&rsquo;\u00e9tablissement de l&rsquo;ordre de Wasa<\/i><br \/>\n30 d\u00e9cembre 1772, Tome VI, Partie II, p. 148-49<br \/>\n<a href=\"http:\/\/books.google.be\/books?id=rJEUAAAAQAAJ&amp;printsec=frontcover&amp;dq=editions:0qCv5MvfosIxTQW6d&amp;lr=&amp;as_brr=1&amp;hl=fr\" target=\"_blank\" rel=\"noopener\">Acc\u00e9der au volume<\/a> (oct.-nov.-d\u00e9c.) sur <b>GoogleBooks<\/b><\/p>\n<p><b>721227<\/b><br \/>\n<i>Les Conseils<\/i><br \/>\n30 d\u00e9cembre 1772, Tome VI, Partie II, p. 150-51<br \/>\n<a href=\"http:\/\/books.google.be\/books?id=rJEUAAAAQAAJ&amp;printsec=frontcover&amp;dq=editions:0qCv5MvfosIxTQW6d&amp;lr=&amp;as_brr=1&amp;hl=fr\" target=\"_blank\" rel=\"noopener\">Acc\u00e9der au volume<\/a> (oct.-nov.-d\u00e9c.) sur <b>GoogleBooks<\/b><\/p>\n<\/div><div class=\"fusion-clearfix\"><\/div><\/div><\/div><\/div><\/div>\n","protected":false},"excerpt":{"rendered":"","protected":false},"author":2,"featured_media":0,"parent":0,"menu_order":0,"comment_status":"closed","ping_status":"closed","template":"","meta":{"footnotes":""},"class_list":["post-3724","page","type-page","status-publish","hentry"],"_links":{"self":[{"href":"http:\/\/web.philo.ulg.ac.be\/gedhsr\/wp-json\/wp\/v2\/pages\/3724","targetHints":{"allow":["GET"]}}],"collection":[{"href":"http:\/\/web.philo.ulg.ac.be\/gedhsr\/wp-json\/wp\/v2\/pages"}],"about":[{"href":"http:\/\/web.philo.ulg.ac.be\/gedhsr\/wp-json\/wp\/v2\/types\/page"}],"author":[{"embeddable":true,"href":"http:\/\/web.philo.ulg.ac.be\/gedhsr\/wp-json\/wp\/v2\/users\/2"}],"replies":[{"embeddable":true,"href":"http:\/\/web.philo.ulg.ac.be\/gedhsr\/wp-json\/wp\/v2\/comments?post=3724"}],"version-history":[{"count":1,"href":"http:\/\/web.philo.ulg.ac.be\/gedhsr\/wp-json\/wp\/v2\/pages\/3724\/revisions"}],"predecessor-version":[{"id":5698,"href":"http:\/\/web.philo.ulg.ac.be\/gedhsr\/wp-json\/wp\/v2\/pages\/3724\/revisions\/5698"}],"wp:attachment":[{"href":"http:\/\/web.philo.ulg.ac.be\/gedhsr\/wp-json\/wp\/v2\/media?parent=3724"}],"curies":[{"name":"wp","href":"https:\/\/api.w.org\/{rel}","templated":true}]}}