{"id":3726,"date":"2014-04-23T14:50:42","date_gmt":"2014-04-23T12:50:42","guid":{"rendered":"http:\/\/web.philo.ulg.ac.be\/gedhsr\/?page_id=3726"},"modified":"2019-12-18T10:24:07","modified_gmt":"2019-12-18T08:24:07","slug":"annee-1773","status":"publish","type":"page","link":"http:\/\/web.philo.ulg.ac.be\/gedhsr\/annee-1773\/","title":{"rendered":"Ann\u00e9e 1773"},"content":{"rendered":"<div class=\"fusion-fullwidth fullwidth-box fusion-builder-row-1 nonhundred-percent-fullwidth non-hundred-percent-height-scrolling\" style=\"background-color: #ffffff;background-position: center center;background-repeat: no-repeat;padding-top:0px;padding-right:0px;padding-bottom:0px;padding-left:0px;margin-bottom: 0px;margin-top: 0px;border-width: 0px 0px 0px 0px;border-color:#eae9e9;border-style:solid;\" ><div class=\"fusion-builder-row fusion-row\"><div class=\"fusion-layout-column fusion_builder_column fusion-builder-column-0 fusion_builder_column_1_1 1_1 fusion-one-full fusion-column-first fusion-column-last\" style=\"margin-top:0px;margin-bottom:0px;\"><div class=\"fusion-column-wrapper fusion-flex-column-wrapper-legacy\" style=\"background-position:left top;background-repeat:no-repeat;-webkit-background-size:cover;-moz-background-size:cover;-o-background-size:cover;background-size:cover;padding: 0px 0px 0px 0px;\"><style type=\"text\/css\"><\/style><div class=\"fusion-title title fusion-title-1 sep-underline sep-solid fusion-title-text fusion-title-size-one\" style=\"border-bottom-color:#00843b;margin-top:0px;margin-right:0px;margin-bottom:70px;margin-left:0px;\"><h1 class=\"title-heading-left fusion-responsive-typography-calculated\" style=\"margin:0;--fontSize:42;line-height:1;\">Ann\u00e9e 1773<\/h1><\/div><div class=\"fusion-text fusion-text-1\"><p style=\"text-align: justify;\"><b>730101<\/b><br \/>\nPierre Fromageot<br \/>\n<i>Cours d&rsquo;\u00e9tude des jeunes demoiselles, ouvrage non moins utile aux jeunes gens de l&rsquo;autre sexe, et pouvant servir de compl\u00e9ment aux \u00e9tudes des coll\u00e8ges; avec des cartes pour la g\u00e9ographie et des planches en taille-douce pour le blason, l&rsquo;astronomie, la physique et l&rsquo;histoire naturelle<\/i><br \/>\n15 janvier 1773, Tome I, Partie I, p. 3-8<br \/>\n(Journal des Savants)<br \/>\n<a href=\"http:\/\/books.google.be\/books?id=vJEUAAAAQAAJ&amp;printsec=titlepage&amp;dq=intitle:l%27esprit+intitle:des+intitle:journaux+date:1770-1772&amp;lr=&amp;as_brr=0&amp;hl=fr&amp;source=gbs_summary_r&amp;cad=0\" target=\"_blank\" rel=\"noopener\">Acc\u00e9der au volume<\/a> (janv.-f\u00e9v.-mars) sur <b>GoogleBooks<\/b><\/p>\n<p style=\"text-align: justify;\"><b>730102<\/b><br \/>\nJean-Baptiste-Fran\u00e7ois-Xavier Cousin de Grainville<br \/>\n<i>Discours qui a remport\u00e9 le prix d&rsquo;\u00c9loquence de l&rsquo;Acad\u00e9mie de Bezan\u00e7on, en l&rsquo;ann\u00e9e 1772, sur ce sujet : Quelle a \u00e9t\u00e9 l&rsquo;influence de la philosophie sur ce si\u00e8cle?<\/i><br \/>\n15 janvier 1773, Tome I, Partie I, p. 8-16<br \/>\n(Ann\u00e9e Litt\u00e9raire)<br \/>\n<a href=\"http:\/\/books.google.be\/books?id=vJEUAAAAQAAJ&amp;printsec=titlepage&amp;dq=intitle:l%27esprit+intitle:des+intitle:journaux+date:1770-1772&amp;lr=&amp;as_brr=0&amp;hl=fr&amp;source=gbs_summary_r&amp;cad=0\" target=\"_blank\" rel=\"noopener\">Acc\u00e9der au volume<\/a> (janv.-f\u00e9v.-mars) sur <b>GoogleBooks<\/b><\/p>\n<p><b>730103<\/b><br \/>\nJacob Friedrich von Bielfeld<br \/>\n<i>Institutions politiques<\/i><br \/>\n15 janvier 1773, Tome I, Partie I, p. 17-23<br \/>\n(Gazette universelle de Litt\u00e9rature)<br \/>\n<a href=\"http:\/\/books.google.be\/books?id=vJEUAAAAQAAJ&amp;printsec=titlepage&amp;dq=intitle:l%27esprit+intitle:des+intitle:journaux+date:1770-1772&amp;lr=&amp;as_brr=0&amp;hl=fr&amp;source=gbs_summary_r&amp;cad=0\" target=\"_blank\" rel=\"noopener\">Acc\u00e9der au volume<\/a> (janv.-f\u00e9v.-mars) sur <b>GoogleBooks<\/b><\/p>\n<p><b>730104<\/b><br \/>\nJean-Sifrein Maury<br \/>\n<i>R\u00e9flexions sur les Sermons nouveaux de M. Bossuet<\/i><br \/>\n15 janvier 1773, Tome I, Partie I, p. 23-25<br \/>\n(Mercure de France)<br \/>\n<a href=\"http:\/\/books.google.be\/books?id=vJEUAAAAQAAJ&amp;printsec=titlepage&amp;dq=intitle:l%27esprit+intitle:des+intitle:journaux+date:1770-1772&amp;lr=&amp;as_brr=0&amp;hl=fr&amp;source=gbs_summary_r&amp;cad=0\" target=\"_blank\" rel=\"noopener\">Acc\u00e9der au volume<\/a> (janv.-f\u00e9v.-mars) sur <b>GoogleBooks<\/b><\/p>\n<p style=\"text-align: justify;\"><b>730105<\/b>[John Macgowan]\n<i>Infernal conf\u00e9rences ; or, Dialogues of Devils ; c&rsquo;est-\u00e0-dire Conf\u00e9rences infernales; ou, Dialogues des diables<\/i><br \/>\n15 janvier 1773, Tome I, Partie I, p. 26-28<br \/>\n(Monthly review)<br \/>\n<a href=\"http:\/\/books.google.be\/books?id=vJEUAAAAQAAJ&amp;printsec=titlepage&amp;dq=intitle:l%27esprit+intitle:des+intitle:journaux+date:1770-1772&amp;lr=&amp;as_brr=0&amp;hl=fr&amp;source=gbs_summary_r&amp;cad=0\" target=\"_blank\" rel=\"noopener\">Acc\u00e9der au volume<\/a> (janv.-f\u00e9v.-mars) sur <b>GoogleBooks<\/b><\/p>\n<p><b>730106<\/b><br \/>\n<i>R\u00e9flexion d&rsquo;un malade<\/i><br \/>\n15 janvier 1773, Tome I, Partie I, p. 28-29<br \/>\n(Mercure de France)<br \/>\n<a href=\"http:\/\/books.google.be\/books?id=vJEUAAAAQAAJ&amp;printsec=titlepage&amp;dq=intitle:l%27esprit+intitle:des+intitle:journaux+date:1770-1772&amp;lr=&amp;as_brr=0&amp;hl=fr&amp;source=gbs_summary_r&amp;cad=0\" target=\"_blank\" rel=\"noopener\">Acc\u00e9der au volume<\/a> (janv.-f\u00e9v.-mars) sur <b>GoogleBooks<\/b><\/p>\n<p><b>730107<\/b><br \/>\n<i>La p\u00e8che vol\u00e9e. Ode anacr\u00e9ontique, imit\u00e9e de Pope<\/i><br \/>\n15 janvier 1773, Tome I, Partie I, p. 29<br \/>\n<a href=\"http:\/\/books.google.be\/books?id=vJEUAAAAQAAJ&amp;printsec=titlepage&amp;dq=intitle:l%27esprit+intitle:des+intitle:journaux+date:1770-1772&amp;lr=&amp;as_brr=0&amp;hl=fr&amp;source=gbs_summary_r&amp;cad=0\" target=\"_blank\" rel=\"noopener\">Acc\u00e9der au volume<\/a> (janv.-f\u00e9v.-mars) sur <b>GoogleBooks<\/b><\/p>\n<p><b>730108<\/b><br \/>\nJean-Georges Lefranc de Pompignan<br \/>\n<i>La religion veng\u00e9e de l&rsquo;incr\u00e9dulit\u00e9 par l&rsquo;incr\u00e9dulit\u00e9 elle-m\u00eame<\/i> [<a href=\"http:\/\/www.gedhs.ulg.ac.be\/recherches\/espritdesjournaux\/pdf\/730108.pdf\" target=\"_blank\" rel=\"noopener\">MODE IMAGE<\/a>]\n15 janvier 1773, Tome I, Partie I, p. 30-31<br \/>\n(Journal des Beaux-Arts)<br \/>\n<a href=\"http:\/\/books.google.be\/books?id=vJEUAAAAQAAJ&amp;printsec=titlepage&amp;dq=intitle:l%27esprit+intitle:des+intitle:journaux+date:1770-1772&amp;lr=&amp;as_brr=0&amp;hl=fr&amp;source=gbs_summary_r&amp;cad=0\" target=\"_blank\" rel=\"noopener\">Acc\u00e9der au volume<\/a> (janv.-f\u00e9v.-mars) sur <b>GoogleBooks<\/b><\/p>\n<p><b>730109<\/b><br \/>\nAbb\u00e9 Gandelot<br \/>\n<i>Histoire de la ville de Beaune et de ses antiquit\u00e9s<\/i><br \/>\n15 janvier 1773, Tome I, Partie I, p. 32-36<br \/>\n<a href=\"http:\/\/books.google.be\/books?id=vJEUAAAAQAAJ&amp;printsec=titlepage&amp;dq=intitle:l%27esprit+intitle:des+intitle:journaux+date:1770-1772&amp;lr=&amp;as_brr=0&amp;hl=fr&amp;source=gbs_summary_r&amp;cad=0\" target=\"_blank\" rel=\"noopener\">Acc\u00e9der au volume<\/a> (janv.-f\u00e9v.-mars) sur <b>GoogleBooks<\/b><\/p>\n<p style=\"text-align: justify;\"><b>730110<\/b><br \/>\n<i>Warum mangels es, etc. Pourquoi dans l&rsquo;accroissement journalier des sciences manque-t-on toujours de bons pr\u00e9dicateurs?<\/i><br \/>\n15 janvier 1773, Tome I, Partie I, p. 36-38<br \/>\n(Gazette de Litt\u00e9rature)<br \/>\n<a href=\"http:\/\/books.google.be\/books?id=vJEUAAAAQAAJ&amp;printsec=titlepage&amp;dq=intitle:l%27esprit+intitle:des+intitle:journaux+date:1770-1772&amp;lr=&amp;as_brr=0&amp;hl=fr&amp;source=gbs_summary_r&amp;cad=0\" target=\"_blank\" rel=\"noopener\">Acc\u00e9der au volume<\/a> (janv.-f\u00e9v.-mars) sur <b>GoogleBooks<\/b><\/p>\n<p style=\"text-align: justify;\"><b>730111<\/b><br \/>\n<i>Lettres \u00e9difiantes et curieuses, \u00e9crites des missions \u00e9trang\u00e8res, par quelques missionnaires de la Compagnie de J\u00e9sus<\/i><br \/>\n15 janvier 1773, Tome I, Partie I, p. 38-52<br \/>\n(Ann\u00e9e Litt\u00e9raire)<br \/>\n<a href=\"http:\/\/books.google.be\/books?id=vJEUAAAAQAAJ&amp;printsec=titlepage&amp;dq=intitle:l%27esprit+intitle:des+intitle:journaux+date:1770-1772&amp;lr=&amp;as_brr=0&amp;hl=fr&amp;source=gbs_summary_r&amp;cad=0\" target=\"_blank\" rel=\"noopener\">Acc\u00e9der au volume<\/a> (janv.-f\u00e9v.-mars) sur <b>GoogleBooks<\/b><\/p>\n<p style=\"text-align: justify;\"><b>730112<\/b>[Jean Marie Bernard Cl\u00e9ment]\n<i>Premi\u00e8re lettre \u00e0 M. de Voltaire, avec cette \u00e9pigraphe tir\u00e9e de M. de Voltaire m\u00eame : je ne mets aucune politique dans la litt\u00e9rature<\/i><br \/>\n15 janvier 1773, Tome I, Partie I, p. 53-58<br \/>\n(Journal des Beaux-Arts)<br \/>\n<a href=\"http:\/\/books.google.be\/books?id=vJEUAAAAQAAJ&amp;printsec=titlepage&amp;dq=intitle:l%27esprit+intitle:des+intitle:journaux+date:1770-1772&amp;lr=&amp;as_brr=0&amp;hl=fr&amp;source=gbs_summary_r&amp;cad=0\" target=\"_blank\" rel=\"noopener\">Acc\u00e9der au volume<\/a> (janv.-f\u00e9v.-mars) sur <b>GoogleBooks<\/b><\/p>\n<p style=\"text-align: justify;\"><b>730113<\/b><br \/>\n<i>The Chinese Traveller, containing a geographical, commercial, and political history of China. To which is prefixed, the life of Confucius, the celebrated chinese philosopher, etc. c&rsquo;est-\u00e0-dire, le Voyageur chinois, contenant l&rsquo;histoire g\u00e9ographique, commer\u00e7ante et politique de la Chine, avec la vie du c\u00e9l\u00e8bre philosophe chinois Confucius <\/i><a href=\"http:\/\/www.gedhs.ulg.ac.be\/recherches\/espritdesjournaux\/articles\/edj730113.html\" target=\"_top\">[MODE TEXTE]<\/a><br \/>\n15 janvier 1773, Tome I, Partie I, p. 59-63<br \/>\n(The Critical Review)<br \/>\n<a href=\"http:\/\/books.google.be\/books?id=vJEUAAAAQAAJ&amp;printsec=titlepage&amp;dq=intitle:l%27esprit+intitle:des+intitle:journaux+date:1770-1772&amp;lr=&amp;as_brr=0&amp;hl=fr&amp;source=gbs_summary_r&amp;cad=0\" target=\"_blank\" rel=\"noopener\">Acc\u00e9der au volume<\/a> (janv.-f\u00e9v.-mars) sur <b>GoogleBooks<\/b><\/p>\n<p><b>730114<\/b><br \/>\nPierre-Joseph-Fran\u00e7ois Luneau de Boisjermain<br \/>\n<i>Recueil des M\u00e9moires [\u2026], au sujet de l&rsquo;Encyclop\u00e9die<\/i><br \/>\n30 janvier 1773, Tome I, Partie II, p. 99-105<br \/>\n(Ann\u00e9e litt\u00e9raire)<br \/>\n<a href=\"http:\/\/books.google.be\/books?id=vJEUAAAAQAAJ&amp;printsec=titlepage&amp;dq=intitle:l%27esprit+intitle:des+intitle:journaux+date:1770-1772&amp;lr=&amp;as_brr=0&amp;hl=fr&amp;source=gbs_summary_r&amp;cad=0\" target=\"_blank\" rel=\"noopener\">Acc\u00e9der au volume<\/a> (janv.-f\u00e9v.-mars) sur <b>GoogleBooks<\/b><\/p>\n<p><b>730115<\/b>[Jean-Baptiste-Claude Delisle de Sales]\n<i>Essai sur la trag\u00e9die<\/i><br \/>\n30 janvier 1773, Tome I, Partie II, p. 105-12<br \/>\n(Ann\u00e9e litt\u00e9raire)<br \/>\n<a href=\"http:\/\/books.google.be\/books?id=vJEUAAAAQAAJ&amp;printsec=titlepage&amp;dq=intitle:l%27esprit+intitle:des+intitle:journaux+date:1770-1772&amp;lr=&amp;as_brr=0&amp;hl=fr&amp;source=gbs_summary_r&amp;cad=0\" target=\"_blank\" rel=\"noopener\">Acc\u00e9der au volume<\/a> (janv.-f\u00e9v.-mars) sur <b>GoogleBooks<\/b><\/p>\n<p><b>730116<\/b><br \/>\nMichel Paul Guy de Chabanon<br \/>\n<i>Extrait d&rsquo;une lettre sur les propri\u00e9t\u00e9s musicales de la langue fran\u00e7aise<\/i><br \/>\n30 janvier 1773, Tome I, Partie II, p. 113-23<br \/>\n(Mercure de France)<br \/>\n<a href=\"http:\/\/books.google.be\/books?id=vJEUAAAAQAAJ&amp;printsec=titlepage&amp;dq=intitle:l%27esprit+intitle:des+intitle:journaux+date:1770-1772&amp;lr=&amp;as_brr=0&amp;hl=fr&amp;source=gbs_summary_r&amp;cad=0\" target=\"_blank\" rel=\"noopener\">Acc\u00e9der au volume<\/a> (janv.-f\u00e9v.-mars) sur <b>GoogleBooks<\/b><\/p>\n<p style=\"text-align: justify;\"><b>730117<\/b><br \/>\nMr. S*** [Antoine-Joseph-Michel Servan]\n<i>Discours de M. S.***, ancien avocat-g\u00e9n\u00e9ral au Parlement de *** ; dans un proc\u00e8s sur une d\u00e9claration de grossesse<\/i><br \/>\n30 janvier 1773, Tome I, Partie II, p. 123-29<br \/>\n(Journal Encyclop\u00e9dique)<br \/>\n<a href=\"http:\/\/books.google.be\/books?id=vJEUAAAAQAAJ&amp;printsec=titlepage&amp;dq=intitle:l%27esprit+intitle:des+intitle:journaux+date:1770-1772&amp;lr=&amp;as_brr=0&amp;hl=fr&amp;source=gbs_summary_r&amp;cad=0\" target=\"_blank\" rel=\"noopener\">Acc\u00e9der au volume<\/a> (janv.-f\u00e9v.-mars) sur <b>GoogleBooks<\/b><\/p>\n<p><b>730118<\/b><br \/>\nArnaud Berquin<br \/>\n<i>L&rsquo;Young Allemand ou les Solitudes du Baron de Cronegk, etc.<\/i><br \/>\n30 janvier 1773, Tome I, Partie II, p. 129-33<br \/>\n(Journal des Savants)<br \/>\n<a href=\"http:\/\/books.google.be\/books?id=vJEUAAAAQAAJ&amp;printsec=titlepage&amp;dq=intitle:l%27esprit+intitle:des+intitle:journaux+date:1770-1772&amp;lr=&amp;as_brr=0&amp;hl=fr&amp;source=gbs_summary_r&amp;cad=0\" target=\"_blank\" rel=\"noopener\">Acc\u00e9der au volume<\/a> (janv.-f\u00e9v.-mars) sur <b>GoogleBooks<\/b><\/p>\n<p><b>730119<\/b><br \/>\nVoltaire<br \/>\n<i>Ode \u00e0 l&rsquo;occasion de la St. Barth\u00e9lemy, pour le 24 auguste ou ao\u00fbt 1772<\/i><br \/>\n30 janvier 1773, Tome I, Partie II, p. 133-35<br \/>\n<a href=\"http:\/\/books.google.be\/books?id=vJEUAAAAQAAJ&amp;printsec=titlepage&amp;dq=intitle:l%27esprit+intitle:des+intitle:journaux+date:1770-1772&amp;lr=&amp;as_brr=0&amp;hl=fr&amp;source=gbs_summary_r&amp;cad=0\" target=\"_blank\" rel=\"noopener\">Acc\u00e9der au volume<\/a> (janv.-f\u00e9v.-mars) sur <b>GoogleBooks<\/b><\/p>\n<p><b>730120<\/b><br \/>\n<i>\u00c9p\u00eetre \u00e0 M. le Comte de\u2026 sur l&rsquo;op\u00e9ra d&rsquo;Ad\u00e8le de Ponthieu<\/i><br \/>\n30 janvier 1773, Tome I, Partie II, p. 135-37<br \/>\n<a href=\"http:\/\/books.google.be\/books?id=vJEUAAAAQAAJ&amp;printsec=titlepage&amp;dq=intitle:l%27esprit+intitle:des+intitle:journaux+date:1770-1772&amp;lr=&amp;as_brr=0&amp;hl=fr&amp;source=gbs_summary_r&amp;cad=0\" target=\"_blank\" rel=\"noopener\">Acc\u00e9der au volume<\/a> (janv.-f\u00e9v.-mars) sur <b>GoogleBooks<\/b><\/p>\n<p style=\"text-align: justify;\"><b>730121<\/b><br \/>\nPlutarque<br \/>\n<i>Trait\u00e9 sur la mani\u00e8re de discerner un flatteur d&rsquo;avec un ami ; et le Banquet des sept sages, Dialogue du m\u00eame auteur, revu et corrig\u00e9 sur des manuscrits de la Biblioth\u00e8que du Roi; avec une version fran\u00e7aise et des notes<\/i><br \/>\n30 janvier 1773, Tome I, Partie II, p. 138-42<br \/>\n(Journal des Beaux-Arts)<br \/>\n<a href=\"http:\/\/books.google.be\/books?id=vJEUAAAAQAAJ&amp;printsec=titlepage&amp;dq=intitle:l%27esprit+intitle:des+intitle:journaux+date:1770-1772&amp;lr=&amp;as_brr=0&amp;hl=fr&amp;source=gbs_summary_r&amp;cad=0\" target=\"_blank\" rel=\"noopener\">Acc\u00e9der au volume<\/a> (janv.-f\u00e9v.-mars) sur <b>GoogleBooks<\/b><\/p>\n<p style=\"text-align: justify;\"><b>730122<\/b>[Jean-Fran\u00e7ois de La Croix et Antoine Hornot]\n<i>Anecdotes arabes et musulmanes, depuis l&rsquo;an de J. C. 614, \u00e9poque de l&rsquo;\u00e9tablissement du Mahom\u00e9tisme en Arabie par le faux proph\u00e8te Mahomet, jusqu&rsquo;\u00e0 l&rsquo;extinction totale du Califat en 1538<\/i><br \/>\n30 janvier 1773, Tome I, Partie II, p. 143-47<br \/>\n(Ann\u00e9e litt\u00e9raire)<br \/>\n<a href=\"http:\/\/books.google.be\/books?id=vJEUAAAAQAAJ&amp;printsec=titlepage&amp;dq=intitle:l%27esprit+intitle:des+intitle:journaux+date:1770-1772&amp;lr=&amp;as_brr=0&amp;hl=fr&amp;source=gbs_summary_r&amp;cad=0\" target=\"_blank\" rel=\"noopener\">Acc\u00e9der au volume<\/a> (janv.-f\u00e9v.-mars) sur <b>GoogleBooks<\/b><\/p>\n<p><b>730123<\/b><br \/>\nRen\u00e9 Rapin<br \/>\n<i>Les jardins, po\u00e8me en quatre chants<\/i><br \/>\n30 janvier 1773, Tome I, Partie II, p. 147-50<br \/>\n(Gazette de Litt\u00e9rature)<br \/>\n<a href=\"http:\/\/books.google.be\/books?id=vJEUAAAAQAAJ&amp;printsec=titlepage&amp;dq=intitle:l%27esprit+intitle:des+intitle:journaux+date:1770-1772&amp;lr=&amp;as_brr=0&amp;hl=fr&amp;source=gbs_summary_r&amp;cad=0\" target=\"_blank\" rel=\"noopener\">Acc\u00e9der au volume<\/a> (janv.-f\u00e9v.-mars) sur <b>GoogleBooks<\/b><\/p>\n<p><b>730201<\/b><br \/>\nWilliam Robertson<br \/>\n<i>Histoire du r\u00e8gne de l&rsquo;Empereur Charles-Quint<\/i><br \/>\n15 f\u00e9vrier 1773, Tome II, Partie I, p. 3-12<br \/>\n(Ann\u00e9e litt\u00e9raire)<br \/>\n<a href=\"http:\/\/books.google.be\/books?id=vJEUAAAAQAAJ&amp;printsec=titlepage&amp;dq=intitle:l%27esprit+intitle:des+intitle:journaux+date:1770-1772&amp;lr=&amp;as_brr=0&amp;hl=fr&amp;source=gbs_summary_r&amp;cad=0\" target=\"_blank\" rel=\"noopener\">Acc\u00e9der au volume<\/a> (janv.-f\u00e9v.-mars) sur <b>GoogleBooks<\/b><\/p>\n<p><b>730202<\/b><br \/>\nCallimaque<br \/>\n<i>Hymnes<\/i><br \/>\n15 f\u00e9vrier 1773, Tome II, Partie I, p. 12-17<br \/>\n<a href=\"http:\/\/books.google.be\/books?id=vJEUAAAAQAAJ&amp;printsec=titlepage&amp;dq=intitle:l%27esprit+intitle:des+intitle:journaux+date:1770-1772&amp;lr=&amp;as_brr=0&amp;hl=fr&amp;source=gbs_summary_r&amp;cad=0\" target=\"_blank\" rel=\"noopener\">Acc\u00e9der au volume<\/a> (janv.-f\u00e9v.-mars) sur <b>GoogleBooks<\/b><\/p>\n<p style=\"text-align: justify;\"><b>730203<\/b><br \/>\nHenri IV<br \/>\n<i>Lettre retrouv\u00e9e, ou R\u00e9ponse faite dans Amiens le 22 ao\u00fbt 1594 aux D\u00e9put\u00e9s de la ville de Beauvais dont aucun historien n&rsquo;a encore fait mention<\/i><br \/>\n15 f\u00e9vrier 1773, Tome II, Partie II, p. 18-24<br \/>\n<a href=\"http:\/\/books.google.be\/books?id=vJEUAAAAQAAJ&amp;printsec=titlepage&amp;dq=intitle:l%27esprit+intitle:des+intitle:journaux+date:1770-1772&amp;lr=&amp;as_brr=0&amp;hl=fr&amp;source=gbs_summary_r&amp;cad=0\" target=\"_blank\" rel=\"noopener\">Acc\u00e9der au volume<\/a> (janv.-f\u00e9v.-mars) sur <b>GoogleBooks<\/b><\/p>\n<p><b>730204<\/b><br \/>\nJean-Fran\u00e7ois de La Harpe<br \/>\n<i>R\u00e9ponse d&rsquo;Horace \u00e0 M. de Voltaire<\/i><br \/>\n15 f\u00e9vrier 1773, Tome II, Partie I, p. 25-34<br \/>\n(Ann\u00e9e litt\u00e9raire)<br \/>\n<a href=\"http:\/\/books.google.be\/books?id=vJEUAAAAQAAJ&amp;printsec=titlepage&amp;dq=intitle:l%27esprit+intitle:des+intitle:journaux+date:1770-1772&amp;lr=&amp;as_brr=0&amp;hl=fr&amp;source=gbs_summary_r&amp;cad=0\" target=\"_blank\" rel=\"noopener\">Acc\u00e9der au volume<\/a> (janv.-f\u00e9v.-mars) sur <b>GoogleBooks<\/b><\/p>\n<p><b>730205<\/b><br \/>\nJean-Fran\u00e7ois de La Harpe<br \/>\n<i>Quelques vers de la R\u00e9ponse d&rsquo;Horace \u00e0 M. de Voltaire<\/i><br \/>\n15 f\u00e9vrier 1773, Tome II, Partie I, p. 34-36<br \/>\n(Mercure de France)<br \/>\n<a href=\"http:\/\/books.google.be\/books?id=vJEUAAAAQAAJ&amp;printsec=titlepage&amp;dq=intitle:l%27esprit+intitle:des+intitle:journaux+date:1770-1772&amp;lr=&amp;as_brr=0&amp;hl=fr&amp;source=gbs_summary_r&amp;cad=0\" target=\"_blank\" rel=\"noopener\">Acc\u00e9der au volume<\/a> (janv.-f\u00e9v.-mars) sur <b>GoogleBooks<\/b><\/p>\n<p><b>730206<\/b><br \/>\n<i>Vers sur l&rsquo;envie qu&rsquo;on porte aux grands hommes<\/i><br \/>\n15 f\u00e9vrier 1773, Tome II, Partie I, p. 36-37<br \/>\n(Mercure de France)<br \/>\n<a href=\"http:\/\/books.google.be\/books?id=vJEUAAAAQAAJ&amp;printsec=titlepage&amp;dq=intitle:l%27esprit+intitle:des+intitle:journaux+date:1770-1772&amp;lr=&amp;as_brr=0&amp;hl=fr&amp;source=gbs_summary_r&amp;cad=0\" target=\"_blank\" rel=\"noopener\">Acc\u00e9der au volume<\/a> (janv.-f\u00e9v.-mars) sur <b>GoogleBooks<\/b><\/p>\n<p style=\"text-align: justify;\"><b>730207<\/b>[Antoine Sabatier de Castres]\n<i>Les trois si\u00e8cles de notre litt\u00e9rature, ou Tableau de l&rsquo;esprit de nos \u00e9crivains, depuis Fran\u00e7ois I jusqu&rsquo;en 1772, par ordre alphab\u00e9tique<\/i><br \/>\n15 f\u00e9vrier 1773, Tome II, Partie I, p. 37-40<br \/>\n(Journal des Beaux-Arts)<br \/>\n<a href=\"http:\/\/books.google.be\/books?id=vJEUAAAAQAAJ&amp;printsec=titlepage&amp;dq=intitle:l%27esprit+intitle:des+intitle:journaux+date:1770-1772&amp;lr=&amp;as_brr=0&amp;hl=fr&amp;source=gbs_summary_r&amp;cad=0\" target=\"_blank\" rel=\"noopener\">Acc\u00e9der au volume<\/a> (janv.-f\u00e9v.-mars) sur <b>GoogleBooks<\/b><\/p>\n<p><b>730208<\/b><br \/>\nJean-Fran\u00e7ois de La Harpe<br \/>\n<i>Jugement sur les Trois si\u00e8cles de notre litt\u00e9rature<\/i><br \/>\n15 f\u00e9vrier 1773, Tome II, Partie I, p. 40-46<br \/>\n(Mercure de France)<br \/>\n<a href=\"http:\/\/books.google.be\/books?id=vJEUAAAAQAAJ&amp;printsec=titlepage&amp;dq=intitle:l%27esprit+intitle:des+intitle:journaux+date:1770-1772&amp;lr=&amp;as_brr=0&amp;hl=fr&amp;source=gbs_summary_r&amp;cad=0\" target=\"_blank\" rel=\"noopener\">Acc\u00e9der au volume<\/a> (janv.-f\u00e9v.-mars) sur <b>GoogleBooks<\/b><\/p>\n<p><b>730209<\/b><br \/>\nJean-Fran\u00e7ois de Saint-Lambert<br \/>\n<i>Lettre \u00e0 l&rsquo;Auteur du Mercure<\/i><br \/>\n15 f\u00e9vrier 1773, Tome II, Partie I, p. 47-48<br \/>\n<a href=\"http:\/\/books.google.be\/books?id=vJEUAAAAQAAJ&amp;printsec=titlepage&amp;dq=intitle:l%27esprit+intitle:des+intitle:journaux+date:1770-1772&amp;lr=&amp;as_brr=0&amp;hl=fr&amp;source=gbs_summary_r&amp;cad=0\" target=\"_blank\" rel=\"noopener\">Acc\u00e9der au volume<\/a> (janv.-f\u00e9v.-mars) sur <b>GoogleBooks<\/b><\/p>\n<p><b>730210<\/b><br \/>\nJacques-Vincent Delacroix<br \/>\n<i>Lettre sur un faux article d&rsquo;un nouveau Dictionnaire<\/i><br \/>\n15 f\u00e9vrier 1773, Tome II, Partie I, p. 48-50<br \/>\n<a href=\"http:\/\/books.google.be\/books?id=vJEUAAAAQAAJ&amp;printsec=titlepage&amp;dq=intitle:l%27esprit+intitle:des+intitle:journaux+date:1770-1772&amp;lr=&amp;as_brr=0&amp;hl=fr&amp;source=gbs_summary_r&amp;cad=0\" target=\"_blank\" rel=\"noopener\">Acc\u00e9der au volume<\/a> (janv.-f\u00e9v.-mars) sur <b>GoogleBooks<\/b><\/p>\n<p><b>730211<\/b><br \/>\nJean-Fran\u00e7ois de La Harpe<br \/>\n<i>Sur la critique des ouvrages et des auteurs<\/i><br \/>\n15 f\u00e9vrier 1773, Tome II, Partie I, p. 50-58<br \/>\n(Mercure de France)<br \/>\n<a href=\"http:\/\/books.google.be\/books?id=vJEUAAAAQAAJ&amp;printsec=titlepage&amp;dq=intitle:l%27esprit+intitle:des+intitle:journaux+date:1770-1772&amp;lr=&amp;as_brr=0&amp;hl=fr&amp;source=gbs_summary_r&amp;cad=0\" target=\"_blank\" rel=\"noopener\">Acc\u00e9der au volume<\/a> (janv.-f\u00e9v.-mars) sur <b>GoogleBooks<\/b><\/p>\n<p><b>730212<\/b><br \/>\nWilliam Chambers<br \/>\n<i>A dissertation on oriental gardening. Dissertation sur le jardinage oriental<\/i><br \/>\n15 f\u00e9vrier 1773, Tome II, Partie I, p. 58-63<br \/>\n(Journal encyclop\u00e9dique)<br \/>\n<a href=\"http:\/\/books.google.be\/books?id=vJEUAAAAQAAJ&amp;printsec=titlepage&amp;dq=intitle:l%27esprit+intitle:des+intitle:journaux+date:1770-1772&amp;lr=&amp;as_brr=0&amp;hl=fr&amp;source=gbs_summary_r&amp;cad=0\" target=\"_blank\" rel=\"noopener\">Acc\u00e9der au volume<\/a> (janv.-f\u00e9v.-mars) sur <b>GoogleBooks<\/b><\/p>\n<p style=\"text-align: justify;\"><b>730213<\/b><br \/>\nLouis-Antoine de Bougainville<br \/>\n<i>Administration des J\u00e9suites dans le Paraguay, tir\u00e9e de la seconde \u00e9dition, augment\u00e9e du Voyage de M. de Bougainville<\/i><br \/>\n15 f\u00e9vrier 1773, Tome II, Partie I, p. 63-66<br \/>\n(Journal des Savants)<br \/>\n<a href=\"http:\/\/books.google.be\/books?id=vJEUAAAAQAAJ&amp;printsec=titlepage&amp;dq=intitle:l%27esprit+intitle:des+intitle:journaux+date:1770-1772&amp;lr=&amp;as_brr=0&amp;hl=fr&amp;source=gbs_summary_r&amp;cad=0\" target=\"_blank\" rel=\"noopener\">Acc\u00e9der au volume<\/a> (janv.-f\u00e9v.-mars) sur <b>GoogleBooks<\/b><\/p>\n<p style=\"text-align: justify;\"><b>730214<\/b>[Charles Gabriel Fr\u00e9d\u00e9ric Christin]\n<i>Dissertation sur l&rsquo;\u00e9tablissement de l&rsquo;Abbaye de S. Claude, ses chroniques, ses l\u00e9gendes, ses chartes, ses usurpations, et sur les droits des habitants de cette terre<\/i>[Charles Gabriel Fr\u00e9d\u00e9ric Christin et Voltaire]\n<i>Collection des m\u00e9moires pr\u00e9sent\u00e9s au Conseil du Roi par les habitants de Mont-Jura et le chapitre de Saint Claude, avec l&rsquo;arr\u00eat rendu par ce tribunal<\/i><br \/>\n15 f\u00e9vrier 1773, Tome II, Partie I, p. 66-68<br \/>\n(Journal des Savants)<br \/>\n<a href=\"http:\/\/books.google.be\/books?id=vJEUAAAAQAAJ&amp;printsec=titlepage&amp;dq=intitle:l%27esprit+intitle:des+intitle:journaux+date:1770-1772&amp;lr=&amp;as_brr=0&amp;hl=fr&amp;source=gbs_summary_r&amp;cad=0\" target=\"_blank\" rel=\"noopener\">Acc\u00e9der au volume<\/a> (janv.-f\u00e9v.-mars) sur <b>GoogleBooks<\/b><\/p>\n<p><b>730215<\/b><br \/>\nCharles-Marie de La Condamine<br \/>\n<i>Le Baron aveugle<\/i><br \/>\n15 f\u00e9vrier 1773, Tome II, Partie I, p. 69-70<br \/>\n(Journal des Beaux-Arts)<br \/>\n<a href=\"http:\/\/books.google.be\/books?id=vJEUAAAAQAAJ&amp;printsec=titlepage&amp;dq=intitle:l%27esprit+intitle:des+intitle:journaux+date:1770-1772&amp;lr=&amp;as_brr=0&amp;hl=fr&amp;source=gbs_summary_r&amp;cad=0\" target=\"_blank\" rel=\"noopener\">Acc\u00e9der au volume<\/a> (janv.-f\u00e9v.-mars) sur <b>GoogleBooks<\/b><\/p>\n<p style=\"text-align: justify;\"><b>730216<\/b><br \/>\nJean-Baptiste de La Curne de Sainte-Palaye<br \/>\n<i>Extrait d&rsquo;un m\u00e9moire sur un po\u00e8me fran\u00e7ais manuscrit intitul\u00e9 : Les V\u0153ux du H\u00e9ron, lu dans la derni\u00e8re s\u00e9ance publique de l&rsquo;Acad\u00e9mie des Belles-Lettres<\/i><br \/>\n28 f\u00e9vrier 1773, Tome II, Partie II, p. 99-106<br \/>\n<a href=\"http:\/\/books.google.be\/books?id=vJEUAAAAQAAJ&amp;printsec=titlepage&amp;dq=intitle:l%27esprit+intitle:des+intitle:journaux+date:1770-1772&amp;lr=&amp;as_brr=0&amp;hl=fr&amp;source=gbs_summary_r&amp;cad=0\" target=\"_blank\" rel=\"noopener\">Acc\u00e9der au volume<\/a> (janv.-f\u00e9v.-mars) sur <b>GoogleBooks<\/b><\/p>\n<p><b>730217<\/b><br \/>\nJean-Fran\u00e7ois de La Harpe<br \/>\n<i>\u00c9loge de Racine avec des notes<\/i><br \/>\n28 f\u00e9vrier 1773, Tome II, Partie II, p. 106-14<br \/>\n(Mercure de France)<br \/>\n<a href=\"http:\/\/books.google.be\/books?id=vJEUAAAAQAAJ&amp;printsec=titlepage&amp;dq=intitle:l%27esprit+intitle:des+intitle:journaux+date:1770-1772&amp;lr=&amp;as_brr=0&amp;hl=fr&amp;source=gbs_summary_r&amp;cad=0\" target=\"_blank\" rel=\"noopener\">Acc\u00e9der au volume<\/a> (janv.-f\u00e9v.-mars) sur <b>GoogleBooks<\/b><\/p>\n<p><b>730218<\/b><br \/>\nJohann Jakob Engel<br \/>\n<i>Le fils reconnaissant, Com\u00e9die en un acte<\/i><br \/>\n28 f\u00e9vrier 1773, Tome II, Partie II, p. 114-20<br \/>\n<a href=\"http:\/\/books.google.be\/books?id=vJEUAAAAQAAJ&amp;printsec=titlepage&amp;dq=intitle:l%27esprit+intitle:des+intitle:journaux+date:1770-1772&amp;lr=&amp;as_brr=0&amp;hl=fr&amp;source=gbs_summary_r&amp;cad=0\" target=\"_blank\" rel=\"noopener\">Acc\u00e9der au volume<\/a> (janv.-f\u00e9v.-mars) sur <b>GoogleBooks<\/b><\/p>\n<p><b>730219<\/b><br \/>\n<i>\u00c9p\u00eetre \u00e0 la po\u00e9sie<\/i><br \/>\n28 f\u00e9vrier 1773, Tome II, Partie II, p. 120-25<br \/>\n<a href=\"http:\/\/books.google.be\/books?id=vJEUAAAAQAAJ&amp;printsec=titlepage&amp;dq=intitle:l%27esprit+intitle:des+intitle:journaux+date:1770-1772&amp;lr=&amp;as_brr=0&amp;hl=fr&amp;source=gbs_summary_r&amp;cad=0\" target=\"_blank\" rel=\"noopener\">Acc\u00e9der au volume<\/a> (janv.-f\u00e9v.-mars) sur <b>GoogleBooks<\/b><\/p>\n<p><b>730220<\/b><br \/>\n<i>Envoi \u00e0 Monsieur le Duc d&rsquo;Aiguillon<\/i><br \/>\n28 f\u00e9vrier 1773, Tome II, Partie II, p. 126<br \/>\n(Mercure de France)<br \/>\n<a href=\"http:\/\/books.google.be\/books?id=vJEUAAAAQAAJ&amp;printsec=titlepage&amp;dq=intitle:l%27esprit+intitle:des+intitle:journaux+date:1770-1772&amp;lr=&amp;as_brr=0&amp;hl=fr&amp;source=gbs_summary_r&amp;cad=0\" target=\"_blank\" rel=\"noopener\">Acc\u00e9der au volume<\/a> (janv.-f\u00e9v.-mars) sur <b>GoogleBooks<\/b><\/p>\n<p style=\"text-align: justify;\"><b>730221<\/b><br \/>\nPline<br \/>\n<i>Histoire naturelle de Pline, traduite en fran\u00e7ais avec le texte latin, r\u00e9tablie d&rsquo;apr\u00e8s les meilleures le\u00e7ons manuscrites accompagn\u00e9es de notes critiques pour l&rsquo;\u00e9claircissement du texte, et d&rsquo;observations sur les connaissances des Anciens compar\u00e9es avec les d\u00e9couvertes des Modernes<\/i><br \/>\n28 f\u00e9vrier 1773, Tome II, Partie II, p. 126-35<br \/>\n(Ann\u00e9e litt\u00e9raire; Mercure de France)<br \/>\n<a href=\"http:\/\/books.google.be\/books?id=vJEUAAAAQAAJ&amp;printsec=titlepage&amp;dq=intitle:l%27esprit+intitle:des+intitle:journaux+date:1770-1772&amp;lr=&amp;as_brr=0&amp;hl=fr&amp;source=gbs_summary_r&amp;cad=0\" target=\"_blank\" rel=\"noopener\">Acc\u00e9der au volume<\/a> (janv.-f\u00e9v.-mars) sur <b>GoogleBooks<\/b><\/p>\n<p><b>730222<\/b><br \/>\nMichel-Fran\u00e7ois Dandr\u00e9-Bardon<br \/>\n<i>Costume des anciens peuples. Sixi\u00e8me cahier<\/i><br \/>\n28 f\u00e9vrier 1773, Tome II, Partie II, p. 135-40<br \/>\n(Journal des Beaux-Arts)<br \/>\n<a href=\"http:\/\/books.google.be\/books?id=vJEUAAAAQAAJ&amp;printsec=titlepage&amp;dq=intitle:l%27esprit+intitle:des+intitle:journaux+date:1770-1772&amp;lr=&amp;as_brr=0&amp;hl=fr&amp;source=gbs_summary_r&amp;cad=0\" target=\"_blank\" rel=\"noopener\">Acc\u00e9der au volume<\/a> (janv.-f\u00e9v.-mars) sur <b>GoogleBooks<\/b><\/p>\n<p><b>730223<\/b><br \/>\nDaniel Bernoulli<br \/>\n<i>Lettre<\/i><br \/>\n28 f\u00e9vrier 1773, Tome II, Partie II, p. 140-44<br \/>\n<a href=\"http:\/\/books.google.be\/books?id=vJEUAAAAQAAJ&amp;printsec=titlepage&amp;dq=intitle:l%27esprit+intitle:des+intitle:journaux+date:1770-1772&amp;lr=&amp;as_brr=0&amp;hl=fr&amp;source=gbs_summary_r&amp;cad=0\" target=\"_blank\" rel=\"noopener\">Acc\u00e9der au volume<\/a> (janv.-f\u00e9v.-mars) sur <b>GoogleBooks<\/b><\/p>\n<p><b>730224<\/b><br \/>\nBernard-Joseph Saurin<br \/>\n<i>L&rsquo;Anglomane, ou l&rsquo;Orpheline l\u00e9gu\u00e9e, com\u00e9die en un acte et en vers libres<\/i><br \/>\n28 f\u00e9vrier 1773, Tome II, Partie II, p. 144-51<br \/>\n(Mercure de France)<br \/>\n<a href=\"http:\/\/books.google.be\/books?id=vJEUAAAAQAAJ&amp;printsec=titlepage&amp;dq=intitle:l%27esprit+intitle:des+intitle:journaux+date:1770-1772&amp;lr=&amp;as_brr=0&amp;hl=fr&amp;source=gbs_summary_r&amp;cad=0\" target=\"_blank\" rel=\"noopener\">Acc\u00e9der au volume<\/a> (janv.-f\u00e9v.-mars) sur <b>GoogleBooks<\/b><\/p>\n<p><b>730225<\/b><br \/>\nPierre Joseph Andr\u00e9 Roubaud<br \/>\n<i>Fragment d&rsquo;une lettre \u00e0 M. de G. de la Soci\u00e9t\u00e9 \u00e9lectorale de\u2026 sur les grands Patagons <\/i><a href=\"http:\/\/www.gedhs.ulg.ac.be\/recherches\/espritdesjournaux\/articles\/edj730225.html\" target=\"_top\">[MODE TEXTE]<\/a><br \/>\n28 f\u00e9vrier 1773, Tome II, Partie II, p. 152-58<br \/>\n<a href=\"http:\/\/books.google.be\/books?id=vJEUAAAAQAAJ&amp;printsec=titlepage&amp;dq=intitle:l%27esprit+intitle:des+intitle:journaux+date:1770-1772&amp;lr=&amp;as_brr=0&amp;hl=fr&amp;source=gbs_summary_r&amp;cad=0\" target=\"_blank\" rel=\"noopener\">Acc\u00e9der au volume<\/a> (janv.-f\u00e9v.-mars) sur <b>GoogleBooks<\/b><\/p>\n<p><b>730301<\/b>[Pierre-Augustin de Varennes]\n<i>Essai d&rsquo;une morale relative au militaire fran\u00e7ais<\/i><br \/>\n15 mars 1773, Tome III, Partie I, p. 3-8<br \/>\n(Ann\u00e9e litt\u00e9raire)<br \/>\n<a href=\"http:\/\/books.google.be\/books?id=vJEUAAAAQAAJ&amp;printsec=titlepage&amp;dq=intitle:l%27esprit+intitle:des+intitle:journaux+date:1770-1772&amp;lr=&amp;as_brr=0&amp;hl=fr&amp;source=gbs_summary_r&amp;cad=0\" target=\"_blank\" rel=\"noopener\">Acc\u00e9der au volume<\/a> (janv.-f\u00e9v.-mars) sur <b>GoogleBooks<\/b><\/p>\n<p><b>730302<\/b><br \/>\nJoseph Michel Antoine Servan<br \/>\n<i>Discours sur les m\u0153urs<\/i><br \/>\n15 mars 1773, Tome III, Partie I, p. 8-14<br \/>\n(Mercure de France)<br \/>\n<a href=\"http:\/\/books.google.be\/books?id=vJEUAAAAQAAJ&amp;printsec=titlepage&amp;dq=intitle:l%27esprit+intitle:des+intitle:journaux+date:1770-1772&amp;lr=&amp;as_brr=0&amp;hl=fr&amp;source=gbs_summary_r&amp;cad=0\" target=\"_blank\" rel=\"noopener\">Acc\u00e9der au volume<\/a> (janv.-f\u00e9v.-mars) sur <b>GoogleBooks<\/b><\/p>\n<p><b>730303<\/b><br \/>\nBernard-Joseph Saurin<br \/>\n<i>\u00c9p\u00eetre \u00e0 un jeune po\u00e8te qui veut renoncer aux muses<\/i><br \/>\n15 mars 1773, Tome III, Partie I, p. 14-17<br \/>\n(Mercure de France)<br \/>\n<a href=\"http:\/\/books.google.be\/books?id=vJEUAAAAQAAJ&amp;printsec=titlepage&amp;dq=intitle:l%27esprit+intitle:des+intitle:journaux+date:1770-1772&amp;lr=&amp;as_brr=0&amp;hl=fr&amp;source=gbs_summary_r&amp;cad=0\" target=\"_blank\" rel=\"noopener\">Acc\u00e9der au volume<\/a> (janv.-f\u00e9v.-mars) sur <b>GoogleBooks<\/b><\/p>\n<p><b>730304<\/b><br \/>\nPlutarque<br \/>\n<i>Le Banquet des sept Sages<\/i><br \/>\n15 mars 1773, Tome III, Partie I, p. 17-20<br \/>\n<a href=\"http:\/\/books.google.be\/books?id=vJEUAAAAQAAJ&amp;printsec=titlepage&amp;dq=intitle:l%27esprit+intitle:des+intitle:journaux+date:1770-1772&amp;lr=&amp;as_brr=0&amp;hl=fr&amp;source=gbs_summary_r&amp;cad=0\" target=\"_blank\" rel=\"noopener\">Acc\u00e9der au volume<\/a> (janv.-f\u00e9v.-mars) sur <b>GoogleBooks<\/b><\/p>\n<p style=\"text-align: justify;\"><b>730305<\/b><br \/>\n<i>Histoire de l&rsquo;Acad\u00e9mie royale des Sciences, ann\u00e9e 1769, avec les M\u00e9moires de Math\u00e9matiques et de Physiques pour la m\u00eame ann\u00e9e, tir\u00e9s des Registres de cette Acad\u00e9mie<\/i><br \/>\n15 mars 1773, Tome III, Partie I, p. 20-24<br \/>\n<a href=\"http:\/\/books.google.be\/books?id=vJEUAAAAQAAJ&amp;printsec=titlepage&amp;dq=intitle:l%27esprit+intitle:des+intitle:journaux+date:1770-1772&amp;lr=&amp;as_brr=0&amp;hl=fr&amp;source=gbs_summary_r&amp;cad=0\" target=\"_blank\" rel=\"noopener\">Acc\u00e9der au volume<\/a> (janv.-f\u00e9v.-mars) sur <b>GoogleBooks<\/b><\/p>\n<p style=\"text-align: justify;\"><b>730306<\/b><br \/>\nNicolas Lenglet Du Fresnoy<br \/>\n<i>M\u00e9thode pour \u00e9tudier l&rsquo;Histoire, avec un catalogue des principaux historiens; accompagn\u00e9 des remarques sur la bont\u00e9 de leurs ouvrages et sur le choix des meilleures \u00e9ditions<\/i><br \/>\n15 mars 1773, Tome III, Partie I, p. 24-30<br \/>\n(Journal des Savants)<br \/>\n<a href=\"http:\/\/books.google.be\/books?id=vJEUAAAAQAAJ&amp;printsec=titlepage&amp;dq=intitle:l%27esprit+intitle:des+intitle:journaux+date:1770-1772&amp;lr=&amp;as_brr=0&amp;hl=fr&amp;source=gbs_summary_r&amp;cad=0\" target=\"_blank\" rel=\"noopener\">Acc\u00e9der au volume<\/a> (janv.-f\u00e9v.-mars) sur <b>GoogleBooks<\/b><\/p>\n<p style=\"text-align: justify;\"><b>730307<\/b><br \/>\nJean-Baptiste-Michel Renou de Chevign\u00e9, dit Jaillot<br \/>\n<i>Recherches critiques, historiques et topographiques sur la ville de Paris, depuis ses commencements connus jusqu&rsquo;\u00e0 pr\u00e9sent, avec le plan de chaque quartier<\/i><br \/>\n15 mars 1773, Tome III, Partie I, p. 31-34<br \/>\n(Journal des Savants)<br \/>\n<a href=\"http:\/\/books.google.be\/books?id=vJEUAAAAQAAJ&amp;printsec=titlepage&amp;dq=intitle:l%27esprit+intitle:des+intitle:journaux+date:1770-1772&amp;lr=&amp;as_brr=0&amp;hl=fr&amp;source=gbs_summary_r&amp;cad=0\" target=\"_blank\" rel=\"noopener\">Acc\u00e9der au volume<\/a> (janv.-f\u00e9v.-mars) sur <b>GoogleBooks<\/b><\/p>\n<p style=\"text-align: justify;\"><b>730308<\/b>[Pierre Joseph Andr\u00e9 Roubaud]\n<i>Histoire g\u00e9n\u00e9rale de l&rsquo;Asie, de l&rsquo;Afrique et de l&rsquo;Am\u00e9rique, contenant des discours sur l&rsquo;histoire ancienne des peuples de ces contr\u00e9es, leur histoire moderne et la description des lieux, avec des remarques sur leur histoire naturelle, et des observations sur les religions, les gouvernements, les sciences, les arts, le commerce, les coutumes, les m\u0153urs, les caract\u00e8res, etc. des Nations <\/i><a href=\"http:\/\/www.gedhs.ulg.ac.be\/recherches\/espritdesjournaux\/articles\/edj730308.html\" target=\"_top\">[MODE TEXTE]<\/a><br \/>\n15 mars 1773, Tome III, Partie I, p. 34-40<br \/>\n(Mercure de France; Journal des Beaux-Arts)<br \/>\n<a href=\"http:\/\/books.google.be\/books?id=vJEUAAAAQAAJ&amp;printsec=titlepage&amp;dq=intitle:l%27esprit+intitle:des+intitle:journaux+date:1770-1772&amp;lr=&amp;as_brr=0&amp;hl=fr&amp;source=gbs_summary_r&amp;cad=0\" target=\"_blank\" rel=\"noopener\">Acc\u00e9der au volume<\/a> (janv.-f\u00e9v.-mars) sur <b>GoogleBooks<\/b><\/p>\n<p><b>730309<\/b><br \/>\n<i>Observations sur quelques pi\u00e8ces d&rsquo;or, nouvellement d\u00e9couvertes dans la for\u00eat de Villers Cotteretz<\/i><br \/>\n15 mars 1773, Tome III, Partie I, p. 40-46<br \/>\n(Journal encyclop\u00e9dique)<br \/>\n<a href=\"http:\/\/books.google.be\/books?id=vJEUAAAAQAAJ&amp;printsec=titlepage&amp;dq=intitle:l%27esprit+intitle:des+intitle:journaux+date:1770-1772&amp;lr=&amp;as_brr=0&amp;hl=fr&amp;source=gbs_summary_r&amp;cad=0\" target=\"_blank\" rel=\"noopener\">Acc\u00e9der au volume<\/a> (janv.-f\u00e9v.-mars) sur <b>GoogleBooks<\/b><\/p>\n<p><b>730310<\/b><br \/>\nAlexis Piron<br \/>\n<i>Fragment d&rsquo;une \u00c9p\u00eetre \u00e0 M. le duc de la Vrilli\u00e8re<\/i><br \/>\n15 mars 1773, Tome III, Partie I, p. 46-48<br \/>\n<a href=\"http:\/\/books.google.be\/books?id=vJEUAAAAQAAJ&amp;printsec=titlepage&amp;dq=intitle:l%27esprit+intitle:des+intitle:journaux+date:1770-1772&amp;lr=&amp;as_brr=0&amp;hl=fr&amp;source=gbs_summary_r&amp;cad=0\" target=\"_blank\" rel=\"noopener\">Acc\u00e9der au volume<\/a> (janv.-f\u00e9v.-mars) sur <b>GoogleBooks<\/b><\/p>\n<p><b>730311<\/b><br \/>\nLe Fran\u00e7ois<br \/>\n<i>Vers que M. le Fran\u00e7ois a adress\u00e9s \u00e0 M. de Voltaire<\/i><br \/>\n15 mars 1773, Tome III, Partie I, p. 48-49<br \/>\n<a href=\"http:\/\/books.google.be\/books?id=vJEUAAAAQAAJ&amp;printsec=titlepage&amp;dq=intitle:l%27esprit+intitle:des+intitle:journaux+date:1770-1772&amp;lr=&amp;as_brr=0&amp;hl=fr&amp;source=gbs_summary_r&amp;cad=0\" target=\"_blank\" rel=\"noopener\">Acc\u00e9der au volume<\/a> (janv.-f\u00e9v.-mars) sur <b>GoogleBooks<\/b><\/p>\n<p><b>730312<\/b><br \/>\nJean-Antoine-Nicolas de Caritat, marquis de Condorcet<br \/>\n<i>\u00c9loges des Acad\u00e9miciens de l&rsquo;Acad\u00e9mie royale des Sciences, morts depuis 1666 jusqu&rsquo;en 1669 <\/i><br \/>\n15 mars 1773, Tome III, Partie I, p. 49-57<br \/>\n(Mercure de France)<br \/>\n<a href=\"http:\/\/books.google.be\/books?id=vJEUAAAAQAAJ&amp;printsec=titlepage&amp;dq=intitle:l%27esprit+intitle:des+intitle:journaux+date:1770-1772&amp;lr=&amp;as_brr=0&amp;hl=fr&amp;source=gbs_summary_r&amp;cad=0\" target=\"_blank\" rel=\"noopener\">Acc\u00e9der au volume<\/a> (janv.-f\u00e9v.-mars) sur <b>GoogleBooks<\/b><\/p>\n<p><b>730313<\/b><br \/>\nJean-Fran\u00e7ois Marmontel<br \/>\n<i>La voix des pauvres, \u00e9p\u00eetre au Roi sur l&rsquo;incendie de l&rsquo;H\u00f4tel-Dieu<\/i><br \/>\n15 mars 1773, Tome III, Partie I, p. 58-62<br \/>\n<a href=\"http:\/\/books.google.be\/books?id=vJEUAAAAQAAJ&amp;printsec=titlepage&amp;dq=intitle:l%27esprit+intitle:des+intitle:journaux+date:1770-1772&amp;lr=&amp;as_brr=0&amp;hl=fr&amp;source=gbs_summary_r&amp;cad=0\" target=\"_blank\" rel=\"noopener\">Acc\u00e9der au volume<\/a> (janv.-f\u00e9v.-mars) sur <b>GoogleBooks<\/b><\/p>\n<p><b>730314<\/b><br \/>\n<i>Vie du Baron de Swedenborg<\/i><br \/>\n15 mars 1773, Tome III, Partie I, p. 62-70<br \/>\n(Gazette de Litt\u00e9rature)<br \/>\n<a href=\"http:\/\/books.google.be\/books?id=vJEUAAAAQAAJ&amp;printsec=titlepage&amp;dq=intitle:l%27esprit+intitle:des+intitle:journaux+date:1770-1772&amp;lr=&amp;as_brr=0&amp;hl=fr&amp;source=gbs_summary_r&amp;cad=0\" target=\"_blank\" rel=\"noopener\">Acc\u00e9der au volume<\/a> (janv.-f\u00e9v.-mars) sur <b>GoogleBooks<\/b><\/p>\n<p style=\"text-align: justify;\"><b>730315<\/b>[Henri Bernardin de Saint-Pierre]\n<i>Voyage \u00e0 l&rsquo;\u00eele de France, \u00e0 l&rsquo;\u00eele de Bourbon, au cap de Bonne-Esp\u00e9rance, etc. avec des observations nouvelles sur la nature et sur les hommes<\/i><br \/>\n30 mars 1773, Tome III, Partie II, p. 99-116<br \/>\n(Gazette de Litt\u00e9rature; Mercure de France<br \/>\n<a href=\"http:\/\/books.google.be\/books?id=vJEUAAAAQAAJ&amp;printsec=titlepage&amp;dq=intitle:l%27esprit+intitle:des+intitle:journaux+date:1770-1772&amp;lr=&amp;as_brr=0&amp;hl=fr&amp;source=gbs_summary_r&amp;cad=0\" target=\"_blank\" rel=\"noopener\">Acc\u00e9der au volume<\/a> (janv.-f\u00e9v.-mars) sur <b>GoogleBooks<\/b><\/p>\n<p style=\"text-align: justify;\"><b>730316<\/b><br \/>\nChristoph Martin Wieland<br \/>\n<i>Der goldne Spiegel, oder die Koenige von Scheschian, etc. Le miroir d&rsquo;or, ou les Rois de Scheschian, histoire v\u00e9ritable, traduite du Scheschianois<\/i><br \/>\n30 mars 1773, Tome III, Partie II, p. 116-20<br \/>\n(Gazette de Litt\u00e9rature)<br \/>\n<a href=\"http:\/\/books.google.be\/books?id=vJEUAAAAQAAJ&amp;printsec=titlepage&amp;dq=intitle:l%27esprit+intitle:des+intitle:journaux+date:1770-1772&amp;lr=&amp;as_brr=0&amp;hl=fr&amp;source=gbs_summary_r&amp;cad=0\" target=\"_blank\" rel=\"noopener\">Acc\u00e9der au volume<\/a> (janv.-f\u00e9v.-mars) sur <b>GoogleBooks<\/b><\/p>\n<p><b>730317<\/b><br \/>\nMichel-Fran\u00e7ois Dandr\u00e9-Bardon<br \/>\n<i>Costume des anciens peuples. Septi\u00e8me Cahier<\/i><br \/>\n30 mars 1773, Tome III, Partie II, p. 116-25<br \/>\n(Journal des Beaux-Arts)<br \/>\n<a href=\"http:\/\/books.google.be\/books?id=vJEUAAAAQAAJ&amp;printsec=titlepage&amp;dq=intitle:l%27esprit+intitle:des+intitle:journaux+date:1770-1772&amp;lr=&amp;as_brr=0&amp;hl=fr&amp;source=gbs_summary_r&amp;cad=0\" target=\"_blank\" rel=\"noopener\">Acc\u00e9der au volume<\/a> (janv.-f\u00e9v.-mars) sur <b>GoogleBooks<\/b><\/p>\n<p style=\"text-align: justify;\"><b>730318<\/b><br \/>\n<i>Avis int\u00e9ressant sur les Voyages de Michel de Montaigne, dont le manuscrit original a \u00e9t\u00e9 nouvellement d\u00e9couvert<\/i><br \/>\n30 mars 1773, Tome III, Partie II, p. 126-29<br \/>\n(Encyclop\u00e9die militaire)<br \/>\n<a href=\"http:\/\/books.google.be\/books?id=vJEUAAAAQAAJ&amp;printsec=titlepage&amp;dq=intitle:l%27esprit+intitle:des+intitle:journaux+date:1770-1772&amp;lr=&amp;as_brr=0&amp;hl=fr&amp;source=gbs_summary_r&amp;cad=0\" target=\"_blank\" rel=\"noopener\">Acc\u00e9der au volume<\/a> (janv.-f\u00e9v.-mars) sur <b>GoogleBooks<\/b><\/p>\n<p><b>730319<\/b><br \/>\nVoltaire<br \/>\n<i>Le d\u00e9positaire, com\u00e9die en vers, en cinq actes<\/i><br \/>\n30 mars 1773, Tome III, Partie II, p. 130-32<br \/>\n(Ann\u00e9e litt\u00e9raire)<br \/>\n<a href=\"http:\/\/books.google.be\/books?id=vJEUAAAAQAAJ&amp;printsec=titlepage&amp;dq=intitle:l%27esprit+intitle:des+intitle:journaux+date:1770-1772&amp;lr=&amp;as_brr=0&amp;hl=fr&amp;source=gbs_summary_r&amp;cad=0\" target=\"_blank\" rel=\"noopener\">Acc\u00e9der au volume<\/a> (janv.-f\u00e9v.-mars) sur <b>GoogleBooks<\/b><\/p>\n<p><b>730320<\/b><br \/>\n<i>Annales de la Ville de Toulouse<\/i><br \/>\n30 mars 1773, Tome III, Partie II, p. 132-38<br \/>\n(Mercure de France)<br \/>\n<a href=\"http:\/\/books.google.be\/books?id=vJEUAAAAQAAJ&amp;printsec=titlepage&amp;dq=intitle:l%27esprit+intitle:des+intitle:journaux+date:1770-1772&amp;lr=&amp;as_brr=0&amp;hl=fr&amp;source=gbs_summary_r&amp;cad=0\" target=\"_blank\" rel=\"noopener\">Acc\u00e9der au volume<\/a> (janv.-f\u00e9v.-mars) sur <b>GoogleBooks<\/b><\/p>\n<p><b>730321<\/b><br \/>\n<i>Observations sur la statue destin\u00e9e \u00e0 Moli\u00e8re<\/i><br \/>\n30 mars 1773, Tome III, Partie II, p. 138-40<br \/>\n(Mercure de France)<br \/>\n<a href=\"http:\/\/books.google.be\/books?id=vJEUAAAAQAAJ&amp;printsec=titlepage&amp;dq=intitle:l%27esprit+intitle:des+intitle:journaux+date:1770-1772&amp;lr=&amp;as_brr=0&amp;hl=fr&amp;source=gbs_summary_r&amp;cad=0\" target=\"_blank\" rel=\"noopener\">Acc\u00e9der au volume<\/a> (janv.-f\u00e9v.-mars) sur <b>GoogleBooks<\/b><\/p>\n<p><b>730322<\/b><br \/>\nJean-Fran\u00e7ois Marmontel<br \/>\n<i>\u00c9p\u00eetre \u00e0 Madame la Comtesse de ***<\/i><br \/>\n30 mars 1773, Tome III, Partie II, p. 140-42<br \/>\n(Journal encyclop\u00e9dique)<br \/>\n<a href=\"http:\/\/books.google.be\/books?id=vJEUAAAAQAAJ&amp;printsec=titlepage&amp;dq=intitle:l%27esprit+intitle:des+intitle:journaux+date:1770-1772&amp;lr=&amp;as_brr=0&amp;hl=fr&amp;source=gbs_summary_r&amp;cad=0\" target=\"_blank\" rel=\"noopener\">Acc\u00e9der au volume<\/a> (janv.-f\u00e9v.-mars) sur <b>GoogleBooks<\/b><\/p>\n<p><b>730323<\/b><br \/>\n<i>Lettre du Spectateur fran\u00e7ais<\/i><br \/>\n30 mars 1773, Tome III, Partie II, p. 142-45<br \/>\n(Le Spectateur fran\u00e7ais)<br \/>\n<a href=\"http:\/\/books.google.be\/books?id=vJEUAAAAQAAJ&amp;printsec=titlepage&amp;dq=intitle:l%27esprit+intitle:des+intitle:journaux+date:1770-1772&amp;lr=&amp;as_brr=0&amp;hl=fr&amp;source=gbs_summary_r&amp;cad=0\" target=\"_blank\" rel=\"noopener\">Acc\u00e9der au volume<\/a> (janv.-f\u00e9v.-mars) sur <b>GoogleBooks<\/b><\/p>\n<p style=\"text-align: justify;\"><b>730324<\/b>[Voltaire]\n<i>Discours de M. Belleguier, ancien avocat, sur le texte propos\u00e9 par l&rsquo;Universit\u00e9 de Paris, pour le prix de 1773<\/i><br \/>\n30 mars 1773, Tome III, Partie II, p. 145-48<br \/>\n(Gazette de Litt\u00e9rature)<br \/>\n<a href=\"http:\/\/books.google.be\/books?id=vJEUAAAAQAAJ&amp;printsec=titlepage&amp;dq=intitle:l%27esprit+intitle:des+intitle:journaux+date:1770-1772&amp;lr=&amp;as_brr=0&amp;hl=fr&amp;source=gbs_summary_r&amp;cad=0\" target=\"_blank\" rel=\"noopener\">Acc\u00e9der au volume<\/a> (janv.-f\u00e9v.-mars) sur <b>GoogleBooks<\/b><\/p>\n<p><b>730325<\/b><br \/>\nPhilippe Gu\u00e9neau de Montbeillard<br \/>\n<i>M\u00e9moire sur la peine de mort<\/i><br \/>\n30 mars 1773, Tome III, Partie II, p. 149-52<br \/>\n(Mercure de France)<br \/>\n<a href=\"http:\/\/books.google.be\/books?id=vJEUAAAAQAAJ&amp;printsec=titlepage&amp;dq=intitle:l%27esprit+intitle:des+intitle:journaux+date:1770-1772&amp;lr=&amp;as_brr=0&amp;hl=fr&amp;source=gbs_summary_r&amp;cad=0\" target=\"_blank\" rel=\"noopener\">Acc\u00e9der au volume<\/a> (janv.-f\u00e9v.-mars) sur <b>GoogleBooks<\/b><\/p>\n<p><b>730326<\/b><br \/>\n<i>Fragment du po\u00e8me intitul\u00e9 : Le bonheur<\/i><br \/>\n30 mars 1773, Tome III, Partie II, p. 152-53<br \/>\n<a href=\"http:\/\/books.google.be\/books?id=vJEUAAAAQAAJ&amp;printsec=titlepage&amp;dq=intitle:l%27esprit+intitle:des+intitle:journaux+date:1770-1772&amp;lr=&amp;as_brr=0&amp;hl=fr&amp;source=gbs_summary_r&amp;cad=0\" target=\"_blank\" rel=\"noopener\">Acc\u00e9der au volume<\/a> (janv.-f\u00e9v.-mars) sur <b>GoogleBooks<\/b><\/p>\n<p><b>730327<\/b><br \/>\nChristoph Willibald von Gluck<br \/>\n<i>Lettre sur la musique<\/i><br \/>\n30 mars 1773, Tome III, Partie II, p. 154-56<br \/>\n<a href=\"http:\/\/books.google.be\/books?id=vJEUAAAAQAAJ&amp;printsec=titlepage&amp;dq=intitle:l%27esprit+intitle:des+intitle:journaux+date:1770-1772&amp;lr=&amp;as_brr=0&amp;hl=fr&amp;source=gbs_summary_r&amp;cad=0\" target=\"_blank\" rel=\"noopener\">Acc\u00e9der au volume<\/a> (janv.-f\u00e9v.-mars) sur <b>GoogleBooks<\/b><\/p>\n<p style=\"text-align: justify;\"><b>730328<\/b><br \/>\nAntoine Sabatier de Castres<br \/>\n<i>Lettre de M. l&rsquo;Abb\u00e9 Sabatier de Castres, qui a bien voulu choisir le Mercure dont il a dit tant de mal, pour y faire ses plaintes contre de pr\u00e9tendus ennemis qu&rsquo;il suppose tr\u00e8s gratuitement. Eh! comment pourrait-il en avoir? Il est si honn\u00eate et si juste! T\u00e9moins Les Trois Si\u00e8cles dont il veut absolument avoir tout l&rsquo;honneur<\/i><br \/>\n30 mars 1773, Tome III, Partie II, p. 157-59<br \/>\n(Mercure de France)<br \/>\n<a href=\"http:\/\/books.google.be\/books?id=vJEUAAAAQAAJ&amp;printsec=titlepage&amp;dq=intitle:l%27esprit+intitle:des+intitle:journaux+date:1770-1772&amp;lr=&amp;as_brr=0&amp;hl=fr&amp;source=gbs_summary_r&amp;cad=0\" target=\"_blank\" rel=\"noopener\">Acc\u00e9der au volume<\/a> (janv.-f\u00e9v.-mars) sur <b>GoogleBooks<\/b><\/p>\n<p><b>730329<\/b><br \/>\n<i>R\u00e9flexions sur la superstition, tir\u00e9es de l&rsquo;Observateur fran\u00e7ais<\/i><br \/>\n30 mars 1773, Tome III, Partie II, p. 159-63<br \/>\n(Observateur fran\u00e7ais)<br \/>\n<a href=\"http:\/\/books.google.be\/books?id=vJEUAAAAQAAJ&amp;printsec=titlepage&amp;dq=intitle:l%27esprit+intitle:des+intitle:journaux+date:1770-1772&amp;lr=&amp;as_brr=0&amp;hl=fr&amp;source=gbs_summary_r&amp;cad=0\" target=\"_blank\" rel=\"noopener\">Acc\u00e9der au volume<\/a> (janv.-f\u00e9v.-mars) sur <b>GoogleBooks<\/b><\/p>\n<p style=\"text-align: justify;\"><b>730401<\/b>[Anton Joseph Kirchweger]\n<i>La Nature d\u00e9voil\u00e9e, ou th\u00e9orie de la Nature, dans laquelle on d\u00e9montre par une analyse exacte de ses op\u00e9rations, comment et de quoi toutes choses prennent naissance, comment elles se conservent, se d\u00e9truisent et se r\u00e9duisent de nouveau en leur essence primordiale<\/i><br \/>\n15 avril 1773, Tome IV, Partie I, p. 3-6<br \/>\n(Gazette de Litt\u00e9rature)<br \/>\n<a href=\"http:\/\/books.google.be\/books?id=5JkUAAAAQAAJ&amp;printsec=titlepage&amp;dq=intitle:l%27esprit+intitle:des+intitle:journaux+date:1700-1773&amp;lr=&amp;as_brr=0&amp;hl=fr&amp;source=gbs_summary_r&amp;cad=0\" target=\"_blank\" rel=\"noopener\">Acc\u00e9der au volume<\/a> (avril-mai juin) sur <b>GoogleBooks<\/b><\/p>\n<p style=\"text-align: justify;\"><b>730402<\/b><br \/>\nJean Rodolphe Sinner<br \/>\n<i>Catalogus codicum manuscriptorum, etc. Catalogue des manuscrits de la biblioth\u00e8que de Berne<\/i><br \/>\n15 avril 1773, Tome IV, Partie I, p. 6-13<br \/>\n(Gazette de Litt\u00e9rature)<br \/>\n<a href=\"http:\/\/books.google.be\/books?id=5JkUAAAAQAAJ&amp;printsec=titlepage&amp;dq=intitle:l%27esprit+intitle:des+intitle:journaux+date:1700-1773&amp;lr=&amp;as_brr=0&amp;hl=fr&amp;source=gbs_summary_r&amp;cad=0\" target=\"_blank\" rel=\"noopener\">Acc\u00e9der au volume<\/a> (avril-mai juin) sur <b>GoogleBooks<\/b><\/p>\n<p><b>730403<\/b><br \/>\nBarth\u00e9l\u00e9my Imbert<br \/>\n<i>\u00c9l\u00e9gie sur la mort de M. Piron<\/i><br \/>\n15 avril 1773, Tome IV, Partie I, p. 14-21<br \/>\n(Journal des Beaux-Arts)<br \/>\n<a href=\"http:\/\/books.google.be\/books?id=5JkUAAAAQAAJ&amp;printsec=titlepage&amp;dq=intitle:l%27esprit+intitle:des+intitle:journaux+date:1700-1773&amp;lr=&amp;as_brr=0&amp;hl=fr&amp;source=gbs_summary_r&amp;cad=0\" target=\"_blank\" rel=\"noopener\">Acc\u00e9der au volume<\/a> (avril-mai juin) sur <b>GoogleBooks<\/b><\/p>\n<p><b>730404<\/b><br \/>\nGermain-Fran\u00e7ois Poullain de Saint-Foix<br \/>\n<i>Histoire de l&rsquo;Ordre du S. Esprit<\/i><br \/>\n15 avril 1773, Tome IV, Partie I, p. 21-27<br \/>\n(Journal des Beaux-Arts)<br \/>\n<a href=\"http:\/\/books.google.be\/books?id=5JkUAAAAQAAJ&amp;printsec=titlepage&amp;dq=intitle:l%27esprit+intitle:des+intitle:journaux+date:1700-1773&amp;lr=&amp;as_brr=0&amp;hl=fr&amp;source=gbs_summary_r&amp;cad=0\" target=\"_blank\" rel=\"noopener\">Acc\u00e9der au volume<\/a> (avril-mai juin) sur <b>GoogleBooks<\/b><\/p>\n<p><b>730405<\/b><br \/>\nNicolas J\u00e9r\u00f4me Couturier<br \/>\n<i>La vie d&rsquo;Isabelle de France, s\u0153ur de St. Louis<\/i><br \/>\n15 avril 1773, Tome IV, Partie I, p. 28-31<br \/>\n(Journal encyclop\u00e9dique)<br \/>\n<a href=\"http:\/\/books.google.be\/books?id=5JkUAAAAQAAJ&amp;printsec=titlepage&amp;dq=intitle:l%27esprit+intitle:des+intitle:journaux+date:1700-1773&amp;lr=&amp;as_brr=0&amp;hl=fr&amp;source=gbs_summary_r&amp;cad=0\" target=\"_blank\" rel=\"noopener\">Acc\u00e9der au volume<\/a> (avril-mai juin) sur <b>GoogleBooks<\/b><\/p>\n<p style=\"text-align: justify;\"><b>730406<\/b><br \/>\nJohann Jakob Baegert<br \/>\n<i>Nachrichten von Californien, etc. Notices sur la Californie, avec une double appendice de fausses notices<\/i><br \/>\n15 avril 1773, Tome IV, Partie I, p. 32-35<br \/>\n(Journal encyclop\u00e9dique)<br \/>\n<a href=\"http:\/\/books.google.be\/books?id=5JkUAAAAQAAJ&amp;printsec=titlepage&amp;dq=intitle:l%27esprit+intitle:des+intitle:journaux+date:1700-1773&amp;lr=&amp;as_brr=0&amp;hl=fr&amp;source=gbs_summary_r&amp;cad=0\" target=\"_blank\" rel=\"noopener\">Acc\u00e9der au volume<\/a> (avril-mai juin) sur <b>GoogleBooks<\/b><\/p>\n<p><b>730407<\/b><br \/>\nJoseph-Fran\u00e7ois-\u00c9douard Corsembleu Desmahis<br \/>\n<i>\u00c9p\u00eetre de feu M. Desmahis, \u00e0 Mde. D.**<\/i><br \/>\n15 avril 1773, Tome IV, Partie I, p. 35-37<br \/>\n<a href=\"http:\/\/books.google.be\/books?id=5JkUAAAAQAAJ&amp;printsec=titlepage&amp;dq=intitle:l%27esprit+intitle:des+intitle:journaux+date:1700-1773&amp;lr=&amp;as_brr=0&amp;hl=fr&amp;source=gbs_summary_r&amp;cad=0\" target=\"_blank\" rel=\"noopener\">Acc\u00e9der au volume<\/a> (avril-mai juin) sur <b>GoogleBooks<\/b><\/p>\n<p style=\"text-align: justify;\"><b>730408<\/b><br \/>\nFran\u00e7ois Paul<br \/>\n<i>Collection acad\u00e9mique, compos\u00e9e des m\u00e9moires, actes ou journaux des plus c\u00e9l\u00e8bres acad\u00e9mies, et soci\u00e9t\u00e9s litt\u00e9raires de l&rsquo;Europe, etc. T. Xe, partie \u00e9trang\u00e8re, etc.<\/i><br \/>\n15 avril 1773, Tome IV, Partie I, p. 37-45<br \/>\n(Journal encyclop\u00e9dique)<br \/>\n<a href=\"http:\/\/books.google.be\/books?id=5JkUAAAAQAAJ&amp;printsec=titlepage&amp;dq=intitle:l%27esprit+intitle:des+intitle:journaux+date:1700-1773&amp;lr=&amp;as_brr=0&amp;hl=fr&amp;source=gbs_summary_r&amp;cad=0\" target=\"_blank\" rel=\"noopener\">Acc\u00e9der au volume<\/a> (avril-mai juin) sur <b>GoogleBooks<\/b><\/p>\n<p><b>730409<\/b><br \/>\n<i>Le cur\u00e9 gourmand<\/i><br \/>\n15 avril 1773, Tome IV, Partie I, p. 45-47<br \/>\n<a href=\"http:\/\/books.google.be\/books?id=5JkUAAAAQAAJ&amp;printsec=titlepage&amp;dq=intitle:l%27esprit+intitle:des+intitle:journaux+date:1700-1773&amp;lr=&amp;as_brr=0&amp;hl=fr&amp;source=gbs_summary_r&amp;cad=0\" target=\"_blank\" rel=\"noopener\">Acc\u00e9der au volume<\/a> (avril-mai juin) sur <b>GoogleBooks<\/b><\/p>\n<p><b>730410<\/b><br \/>\nGiacomo Carlo Denina<br \/>\n<i>R\u00e9volutions d&rsquo;Italie<\/i><br \/>\n15 avril 1773, Tome IV, Partie I, p. 47-51<br \/>\n<a href=\"http:\/\/books.google.be\/books?id=5JkUAAAAQAAJ&amp;printsec=titlepage&amp;dq=intitle:l%27esprit+intitle:des+intitle:journaux+date:1700-1773&amp;lr=&amp;as_brr=0&amp;hl=fr&amp;source=gbs_summary_r&amp;cad=0\" target=\"_blank\" rel=\"noopener\">Acc\u00e9der au volume<\/a> (avril-mai juin) sur <b>GoogleBooks<\/b><\/p>\n<p style=\"text-align: justify;\"><b>730411<\/b><br \/>\nLouis Poinsinet de Sivry<br \/>\n<i>Lettre \u00e0 l&rsquo;auteur du Mercure de France, sur la vraie cause de l&rsquo;exil d&rsquo;Ovide<\/i><br \/>\n15 avril 1773, Tome IV, Partie I, p. 51-55<br \/>\n(Mercure de France)<br \/>\n<a href=\"http:\/\/books.google.be\/books?id=5JkUAAAAQAAJ&amp;printsec=titlepage&amp;dq=intitle:l%27esprit+intitle:des+intitle:journaux+date:1700-1773&amp;lr=&amp;as_brr=0&amp;hl=fr&amp;source=gbs_summary_r&amp;cad=0\" target=\"_blank\" rel=\"noopener\">Acc\u00e9der au volume<\/a> (avril-mai juin) sur <b>GoogleBooks<\/b><\/p>\n<p><b>730412<\/b><br \/>\nVoltaire<br \/>\n<i>Lettre de M. de Voltaire au Roi de Prusse<\/i><br \/>\n15 avril 1773, Tome IV, Partie I, p. 55-57<br \/>\n(Mercure de France)<br \/>\n<a href=\"http:\/\/books.google.be\/books?id=5JkUAAAAQAAJ&amp;printsec=titlepage&amp;dq=intitle:l%27esprit+intitle:des+intitle:journaux+date:1700-1773&amp;lr=&amp;as_brr=0&amp;hl=fr&amp;source=gbs_summary_r&amp;cad=0\" target=\"_blank\" rel=\"noopener\">Acc\u00e9der au volume<\/a> (avril-mai juin) sur <b>GoogleBooks<\/b><\/p>\n<p><b>730413<\/b><br \/>\n<i>Sacrifices faits \u00e0 Confucius<\/i><br \/>\n15 avril 1773, Tome IV, Partie I, p. 57-59<br \/>\n(Journal des Savants)<br \/>\n<a href=\"http:\/\/books.google.be\/books?id=5JkUAAAAQAAJ&amp;printsec=titlepage&amp;dq=intitle:l%27esprit+intitle:des+intitle:journaux+date:1700-1773&amp;lr=&amp;as_brr=0&amp;hl=fr&amp;source=gbs_summary_r&amp;cad=0\" target=\"_blank\" rel=\"noopener\">Acc\u00e9der au volume<\/a> (avril-mai juin) sur <b>GoogleBooks<\/b><\/p>\n<p style=\"text-align: justify;\"><b>730414<\/b><br \/>\nGiambattista Toderini<br \/>\n<i>Dissertazione sulle punte preservatrici dal fulmine, etc. Dissertation sur les pointes qui pr\u00e9servent de la foudre<\/i><br \/>\n15 avril 1773, Tome IV, Partie I, p. 59-64<br \/>\n(Journal des Savants)<br \/>\n<a href=\"http:\/\/books.google.be\/books?id=5JkUAAAAQAAJ&amp;printsec=titlepage&amp;dq=intitle:l%27esprit+intitle:des+intitle:journaux+date:1700-1773&amp;lr=&amp;as_brr=0&amp;hl=fr&amp;source=gbs_summary_r&amp;cad=0\" target=\"_blank\" rel=\"noopener\">Acc\u00e9der au volume<\/a> (avril-mai juin) sur <b>GoogleBooks<\/b><\/p>\n<p style=\"text-align: justify;\"><b>730415<\/b><br \/>\n<i>M\u00e9moire historique sur quelques particularit\u00e9s de la vie de Gustave-Adolphe, et sur l&rsquo;\u00e9tat militaire de l&rsquo;Europe au commencement du dix-septi\u00e8me si\u00e8cle<\/i><br \/>\n15 avril 1773, Tome IV, Partie I, p. 64-73<br \/>\n(Encyclop\u00e9die militaire)<br \/>\n<a href=\"http:\/\/books.google.be\/books?id=5JkUAAAAQAAJ&amp;printsec=titlepage&amp;dq=intitle:l%27esprit+intitle:des+intitle:journaux+date:1700-1773&amp;lr=&amp;as_brr=0&amp;hl=fr&amp;source=gbs_summary_r&amp;cad=0\" target=\"_blank\" rel=\"noopener\">Acc\u00e9der au volume<\/a> (avril-mai juin) sur <b>GoogleBooks<\/b><\/p>\n<p><b>730416<\/b><br \/>\nCharles-Pierre Colardeau<br \/>\n<i>Le Temple de Gnide<\/i><br \/>\n30 avril 1773, Tome IV, Partie II, p. 99-103<br \/>\n(Mercure de France)<br \/>\n<a href=\"http:\/\/books.google.be\/books?id=5JkUAAAAQAAJ&amp;printsec=titlepage&amp;dq=intitle:l%27esprit+intitle:des+intitle:journaux+date:1700-1773&amp;lr=&amp;as_brr=0&amp;hl=fr&amp;source=gbs_summary_r&amp;cad=0\" target=\"_blank\" rel=\"noopener\">Acc\u00e9der au volume<\/a> (avril-mai juin) sur <b>GoogleBooks<\/b><\/p>\n<p><b>730417<\/b><br \/>\nFriedrich Zachariae<br \/>\n<i>Les quatre parties du jour, po\u00e8me en vers libre imit\u00e9 de l&rsquo;allemand<\/i><br \/>\n30 avril 1773, Tome IV, Partie II, p. 104-07<br \/>\n(Mercure de France)<br \/>\n<a href=\"http:\/\/books.google.be\/books?id=5JkUAAAAQAAJ&amp;printsec=titlepage&amp;dq=intitle:l%27esprit+intitle:des+intitle:journaux+date:1700-1773&amp;lr=&amp;as_brr=0&amp;hl=fr&amp;source=gbs_summary_r&amp;cad=0\" target=\"_blank\" rel=\"noopener\">Acc\u00e9der au volume<\/a> (avril-mai juin) sur <b>GoogleBooks<\/b><\/p>\n<p style=\"text-align: justify;\"><b>730418<\/b><br \/>\nAlexander Dow<br \/>\n<i>The history of Hindostan, etc. Histoire de l&rsquo;Indostan, depuis la mort d&rsquo;Akbar, jusqu&rsquo;\u00e0 l&rsquo;affermissement d&rsquo;Aurengzeb sur le tr\u00f4ne, pr\u00e9c\u00e9d\u00e9e d&rsquo;une dissertation sur l&rsquo;origine et la nature du despotisme dans l&rsquo;Inde, de recherches sur l&rsquo;\u00e9tat du Bengale, avec un plan pour r\u00e9tablir ce royaume dans sa premi\u00e8re splendeur<\/i><br \/>\n30 avril 1773, Tome IV, Partie II, p. 107-12<br \/>\n(Gazette de Litt\u00e9rature)<br \/>\n<a href=\"http:\/\/books.google.be\/books?id=5JkUAAAAQAAJ&amp;printsec=titlepage&amp;dq=intitle:l%27esprit+intitle:des+intitle:journaux+date:1700-1773&amp;lr=&amp;as_brr=0&amp;hl=fr&amp;source=gbs_summary_r&amp;cad=0\" target=\"_blank\" rel=\"noopener\">Acc\u00e9der au volume<\/a> (avril-mai juin) sur <b>GoogleBooks<\/b><\/p>\n<p style=\"text-align: justify;\"><b>730419<\/b><br \/>\nHenry Verhelst<br \/>\n<i>A view of the rise, progress and present state of the english government in Bengal, etc. Expos\u00e9 de l&rsquo;origine, du progr\u00e8s et de l&rsquo;\u00e9tat actuel du gouvernement anglais dans le Bengale ; avec la r\u00e9futation des fausses instructions que M. Bolts et quelques autres \u00e9crivains ont donn\u00e9es sur cette mati\u00e8re<\/i><br \/>\n30 avril 1773, Tome IV, Partie II, p. 113-17<br \/>\n(Journal encylop\u00e9dique)<br \/>\n<a href=\"http:\/\/books.google.be\/books?id=5JkUAAAAQAAJ&amp;printsec=titlepage&amp;dq=intitle:l%27esprit+intitle:des+intitle:journaux+date:1700-1773&amp;lr=&amp;as_brr=0&amp;hl=fr&amp;source=gbs_summary_r&amp;cad=0\" target=\"_blank\" rel=\"noopener\">Acc\u00e9der au volume<\/a> (avril-mai juin) sur <b>GoogleBooks<\/b><\/p>\n<p><b>730420<\/b><br \/>\nMichel-Fran\u00e7ois Dandr\u00e9-Bardon<br \/>\n<i>Costume des anciens peuples. Huiti\u00e8me Cahier<\/i><br \/>\n30 avril 1773, Tome IV, Partie II, p. 117-21<br \/>\n(Journal des Beaux-Arts)<br \/>\n<a href=\"http:\/\/books.google.be\/books?id=5JkUAAAAQAAJ&amp;printsec=titlepage&amp;dq=intitle:l%27esprit+intitle:des+intitle:journaux+date:1700-1773&amp;lr=&amp;as_brr=0&amp;hl=fr&amp;source=gbs_summary_r&amp;cad=0\" target=\"_blank\" rel=\"noopener\">Acc\u00e9der au volume<\/a> (avril-mai juin) sur <b>GoogleBooks<\/b><\/p>\n<p><b>730421<\/b><br \/>\nJean-Philibert Maret<br \/>\n<i>Observations sur le danger des inhumations dans les \u00c9glises<\/i><br \/>\n30 avril 1773, Tome IV, Partie II, p. 122-29<br \/>\n(Journal de M\u00e9decine)<br \/>\n<a href=\"http:\/\/books.google.be\/books?id=5JkUAAAAQAAJ&amp;printsec=titlepage&amp;dq=intitle:l%27esprit+intitle:des+intitle:journaux+date:1700-1773&amp;lr=&amp;as_brr=0&amp;hl=fr&amp;source=gbs_summary_r&amp;cad=0\" target=\"_blank\" rel=\"noopener\">Acc\u00e9der au volume<\/a> (avril-mai juin) sur <b>GoogleBooks<\/b><\/p>\n<p style=\"text-align: justify;\"><b>730422<\/b><br \/>\nJean-Fran\u00e7ois Dreux du Radier<br \/>\n<i>Observations sur le syst\u00e8me de S\u00e9n\u00e8que, relativement \u00e0 la nature de l&rsquo;\u00e2me, adress\u00e9es aux auteurs du Journal Encyclop\u00e9dique<\/i><br \/>\n30 avril 1773, Tome IV, Partie II, p. 129-37<br \/>\n(Journal encyclop\u00e9dique)<br \/>\n<a href=\"http:\/\/books.google.be\/books?id=5JkUAAAAQAAJ&amp;printsec=titlepage&amp;dq=intitle:l%27esprit+intitle:des+intitle:journaux+date:1700-1773&amp;lr=&amp;as_brr=0&amp;hl=fr&amp;source=gbs_summary_r&amp;cad=0\" target=\"_blank\" rel=\"noopener\">Acc\u00e9der au volume<\/a> (avril-mai juin) sur <b>GoogleBooks<\/b><\/p>\n<p><b>730423<\/b><br \/>\nGaudet<br \/>\n<i>Le papillon et le hanneton, fable<\/i><br \/>\n30 avril 1773, Tome IV, Partie II, p. 137-38<br \/>\n<a href=\"http:\/\/books.google.be\/books?id=5JkUAAAAQAAJ&amp;printsec=titlepage&amp;dq=intitle:l%27esprit+intitle:des+intitle:journaux+date:1700-1773&amp;lr=&amp;as_brr=0&amp;hl=fr&amp;source=gbs_summary_r&amp;cad=0\" target=\"_blank\" rel=\"noopener\">Acc\u00e9der au volume<\/a> (avril-mai juin) sur <b>GoogleBooks<\/b><\/p>\n<p style=\"text-align: justify;\"><b>730424<\/b><br \/>\nJean-Antoine Rigoley de Juvigny<br \/>\n<i>Les biblioth\u00e8ques fran\u00e7aises de la Croix du Maine et de du Verdier; nouvelle \u00e9dition, d\u00e9di\u00e9e au Roi, revue, corrig\u00e9e, etc.<\/i><br \/>\n30 avril 1773, Tome IV, Partie II, p. 138-44<br \/>\n(Ann\u00e9e litt\u00e9raire)<br \/>\n<a href=\"http:\/\/books.google.be\/books?id=5JkUAAAAQAAJ&amp;printsec=titlepage&amp;dq=intitle:l%27esprit+intitle:des+intitle:journaux+date:1700-1773&amp;lr=&amp;as_brr=0&amp;hl=fr&amp;source=gbs_summary_r&amp;cad=0\" target=\"_blank\" rel=\"noopener\">Acc\u00e9der au volume<\/a> (avril-mai juin) sur <b>GoogleBooks<\/b><\/p>\n<p><b>730425<\/b><br \/>\nAdrien-Michel-Hyacinthe Blin de Sainmore<br \/>\n<i>Lettre de la Duchesse de la Valli\u00e8re \u00e0 Louis XIV, pr\u00e9c\u00e9d\u00e9e d&rsquo;un abr\u00e9g\u00e9 de sa vie<\/i><br \/>\n30 avril 1773, Tome IV, Partie II, p. 144-47<br \/>\n(Ann\u00e9e litt\u00e9raire)<br \/>\n<a href=\"http:\/\/books.google.be\/books?id=5JkUAAAAQAAJ&amp;printsec=titlepage&amp;dq=intitle:l%27esprit+intitle:des+intitle:journaux+date:1700-1773&amp;lr=&amp;as_brr=0&amp;hl=fr&amp;source=gbs_summary_r&amp;cad=0\" target=\"_blank\" rel=\"noopener\">Acc\u00e9der au volume<\/a> (avril-mai juin) sur <b>GoogleBooks<\/b><\/p>\n<p><b>730426<\/b><br \/>\n<i>Anecdotes sur feu M. Duclos<\/i><br \/>\n30 avril 1773, Tome IV, Partie II, p. 147-51<br \/>\n<a href=\"http:\/\/books.google.be\/books?id=5JkUAAAAQAAJ&amp;printsec=titlepage&amp;dq=intitle:l%27esprit+intitle:des+intitle:journaux+date:1700-1773&amp;lr=&amp;as_brr=0&amp;hl=fr&amp;source=gbs_summary_r&amp;cad=0\" target=\"_blank\" rel=\"noopener\">Acc\u00e9der au volume<\/a> (avril-mai juin) sur <b>GoogleBooks<\/b><\/p>\n<p style=\"text-align: justify;\"><b>730427<\/b><br \/>\nJ. Beauvais<br \/>\n<i>L&rsquo;art de bien parler et de bien \u00e9crire en fran\u00e7ais, ou les r\u00e8gles de l&rsquo;\u00e9loquence d\u00e9velopp\u00e9es par les principes de la rh\u00e9torique latine, et soutenues d&rsquo;exemples choisis tir\u00e9s des po\u00e8tes et des \u00e9crivains les plus c\u00e9l\u00e8bres, etc.<\/i><br \/>\n30 avril 1773, Tome IV, Partie II, p. 151-53<br \/>\n(Ann\u00e9e litt\u00e9raire)<br \/>\n<a href=\"http:\/\/books.google.be\/books?id=5JkUAAAAQAAJ&amp;printsec=titlepage&amp;dq=intitle:l%27esprit+intitle:des+intitle:journaux+date:1700-1773&amp;lr=&amp;as_brr=0&amp;hl=fr&amp;source=gbs_summary_r&amp;cad=0\" target=\"_blank\" rel=\"noopener\">Acc\u00e9der au volume<\/a> (avril-mai juin) sur <b>GoogleBooks<\/b><\/p>\n<p><b>730428<\/b><br \/>\nEdme B\u00e9guillet<br \/>\n<i>Histoire des guerres des deux Bourgognes<\/i><br \/>\n30 avril 1773, Tome IV, Partie II, p. 154-60<br \/>\n<a href=\"http:\/\/books.google.be\/books?id=5JkUAAAAQAAJ&amp;printsec=titlepage&amp;dq=intitle:l%27esprit+intitle:des+intitle:journaux+date:1700-1773&amp;lr=&amp;as_brr=0&amp;hl=fr&amp;source=gbs_summary_r&amp;cad=0\" target=\"_blank\" rel=\"noopener\">Acc\u00e9der au volume<\/a> (avril-mai juin) sur <b>GoogleBooks<\/b><\/p>\n<p><b>730429<\/b><br \/>\nPierre Pinson<br \/>\n<i>Vie et aventure de Pierre Pinson, dit le Chevalier Bero, cordelier manqu\u00e9<\/i><br \/>\n30 avril 1773, Tome IV, Partie II, p. 160-64<br \/>\n(Ann\u00e9e litt\u00e9raire)<br \/>\n<a href=\"http:\/\/books.google.be\/books?id=5JkUAAAAQAAJ&amp;printsec=titlepage&amp;dq=intitle:l%27esprit+intitle:des+intitle:journaux+date:1700-1773&amp;lr=&amp;as_brr=0&amp;hl=fr&amp;source=gbs_summary_r&amp;cad=0\" target=\"_blank\" rel=\"noopener\">Acc\u00e9der au volume<\/a> (avril-mai juin) sur <b>GoogleBooks<\/b><\/p>\n<p style=\"text-align: justify;\"><b>730430<\/b><br \/>\n<i>Lettres \u00e9difiantes et curieuses, \u00e9crites des missions \u00e9trang\u00e8res; par quelques missionnaires de la Compagnie de J\u00e9sus<\/i><br \/>\n30 avril 1773, Tome IV, Partie II, p. 164-68<br \/>\n(Gazette de Litt\u00e9rature)<br \/>\n<a href=\"http:\/\/books.google.be\/books?id=5JkUAAAAQAAJ&amp;printsec=titlepage&amp;dq=intitle:l%27esprit+intitle:des+intitle:journaux+date:1700-1773&amp;lr=&amp;as_brr=0&amp;hl=fr&amp;source=gbs_summary_r&amp;cad=0\" target=\"_blank\" rel=\"noopener\">Acc\u00e9der au volume<\/a> (avril-mai juin) sur <b>GoogleBooks<\/b><\/p>\n<p><b>730431<\/b><br \/>\nMartin Franc<br \/>\n<i>Conte<\/i><br \/>\n30 avril 1773, Tome IV, Partie II, p. 169<br \/>\n(Gazette de Litt\u00e9rature)<br \/>\n<a href=\"http:\/\/books.google.be\/books?id=5JkUAAAAQAAJ&amp;printsec=titlepage&amp;dq=intitle:l%27esprit+intitle:des+intitle:journaux+date:1700-1773&amp;lr=&amp;as_brr=0&amp;hl=fr&amp;source=gbs_summary_r&amp;cad=0\" target=\"_blank\" rel=\"noopener\">Acc\u00e9der au volume<\/a> (avril-mai juin) sur <b>GoogleBooks<\/b><\/p>\n<p><b>730432<\/b><br \/>\nAntoine-L\u00e9onard Thomas<br \/>\n<i>Lettre de M. Thomas de l&rsquo;Acad\u00e9mie fran\u00e7aise \u00e0 M. Poultier d&rsquo;Elmotte<\/i><br \/>\n30 avril 1773, Tome IV, Partie II, p. 169-70<br \/>\n(Gazette de Litt\u00e9rature)<br \/>\n<a href=\"http:\/\/books.google.be\/books?id=5JkUAAAAQAAJ&amp;printsec=titlepage&amp;dq=intitle:l%27esprit+intitle:des+intitle:journaux+date:1700-1773&amp;lr=&amp;as_brr=0&amp;hl=fr&amp;source=gbs_summary_r&amp;cad=0\" target=\"_blank\" rel=\"noopener\">Acc\u00e9der au volume<\/a> (avril-mai juin) sur <b>GoogleBooks<\/b><\/p>\n<p><b>730501<\/b><br \/>\nGuillaume Van Haaren<br \/>\n<i>Ode \u00e0 la discorde, traduite du hollandais<\/i><br \/>\n15 mai 1773, Tome V, Partie I, p. 3-5<br \/>\n(Mercure de France)<br \/>\n<a href=\"http:\/\/books.google.be\/books?id=5JkUAAAAQAAJ&amp;printsec=titlepage&amp;dq=intitle:l%27esprit+intitle:des+intitle:journaux+date:1700-1773&amp;lr=&amp;as_brr=0&amp;hl=fr&amp;source=gbs_summary_r&amp;cad=0\" target=\"_blank\" rel=\"noopener\">Acc\u00e9der au volume<\/a> (avril-mai juin) sur <b>GoogleBooks<\/b><\/p>\n<p><b>730502<\/b><br \/>\nJean Jacques Fran\u00e7ois Marin Boisard<br \/>\n<i>Fables<\/i><br \/>\n15 mai 1773, Tome V, Partie I, p. 5-11<br \/>\n<a href=\"http:\/\/books.google.be\/books?id=5JkUAAAAQAAJ&amp;printsec=titlepage&amp;dq=intitle:l%27esprit+intitle:des+intitle:journaux+date:1700-1773&amp;lr=&amp;as_brr=0&amp;hl=fr&amp;source=gbs_summary_r&amp;cad=0\" target=\"_blank\" rel=\"noopener\">Acc\u00e9der au volume<\/a> (avril-mai juin) sur <b>GoogleBooks<\/b><\/p>\n<p><b>730503<\/b><br \/>\nLe Jeune<br \/>\n<i>La Louis\u00e9\u00efde ou le h\u00e9ros chr\u00e9tien, po\u00e8me \u00e9pique en douze chants, accompagn\u00e9 de notes<\/i><br \/>\n15 mai 1773, Tome V, Partie I, p. 11-14<br \/>\n(Mercure de France)<br \/>\n<a href=\"http:\/\/books.google.be\/books?id=5JkUAAAAQAAJ&amp;printsec=titlepage&amp;dq=intitle:l%27esprit+intitle:des+intitle:journaux+date:1700-1773&amp;lr=&amp;as_brr=0&amp;hl=fr&amp;source=gbs_summary_r&amp;cad=0\" target=\"_blank\" rel=\"noopener\">Acc\u00e9der au volume<\/a> (avril-mai juin) sur <b>GoogleBooks<\/b><\/p>\n<p><b>730504<\/b><br \/>\nVoltaire<br \/>\n<i>Lettre \u00e0 Mlle Raucourt, Actrice de la Com\u00e9die fran\u00e7aise<\/i><br \/>\n15 mai 1773, Tome V, Partie I, p. 14-16<br \/>\n(Gazette int\u00e9ressante)<br \/>\n<a href=\"http:\/\/books.google.be\/books?id=5JkUAAAAQAAJ&amp;printsec=titlepage&amp;dq=intitle:l%27esprit+intitle:des+intitle:journaux+date:1700-1773&amp;lr=&amp;as_brr=0&amp;hl=fr&amp;source=gbs_summary_r&amp;cad=0\" target=\"_blank\" rel=\"noopener\">Acc\u00e9der au volume<\/a> (avril-mai juin) sur <b>GoogleBooks<\/b><\/p>\n<p><b>730505<\/b><br \/>\nPierre-Jean Grosley<br \/>\n<i>Observations sur le saint de Savi\u00e8res<\/i><br \/>\n15 mai 1773, Tome V, Partie I, p. 16-20<br \/>\n(Journal encyclop\u00e9dique)<br \/>\n<a href=\"http:\/\/books.google.be\/books?id=5JkUAAAAQAAJ&amp;printsec=titlepage&amp;dq=intitle:l%27esprit+intitle:des+intitle:journaux+date:1700-1773&amp;lr=&amp;as_brr=0&amp;hl=fr&amp;source=gbs_summary_r&amp;cad=0\" target=\"_blank\" rel=\"noopener\">Acc\u00e9der au volume<\/a> (avril-mai juin) sur <b>GoogleBooks<\/b><\/p>\n<p style=\"text-align: justify;\"><b>730506<\/b><br \/>\nFrancesco Soave<br \/>\n<i>Ricerche intorno all&rsquo;istituzione naturale d&rsquo;una societ\u00e0, &amp;c. Recherches concernant l&rsquo;institution naturelle d&rsquo;une soci\u00e9t\u00e9 et d&rsquo;une langue, et l&rsquo;influence de l&rsquo;une et de l&rsquo;autre sur les connaissances humaines<\/i><br \/>\n15 mai 1773, Tome V, Partie I, p. 20-29<br \/>\n(Journal encyclop\u00e9dique)<br \/>\n<a href=\"http:\/\/books.google.be\/books?id=5JkUAAAAQAAJ&amp;printsec=titlepage&amp;dq=intitle:l%27esprit+intitle:des+intitle:journaux+date:1700-1773&amp;lr=&amp;as_brr=0&amp;hl=fr&amp;source=gbs_summary_r&amp;cad=0\" target=\"_blank\" rel=\"noopener\">Acc\u00e9der au volume<\/a> (avril-mai juin) sur <b>GoogleBooks<\/b><\/p>\n<p style=\"text-align: justify;\"><b>730507<\/b><br \/>\nM*** C** [Julien-Jacques Moutonnet-Clairfons]\n<i>Anacr\u00e9on, Sapho, Bion et Moschus, Traduction nouvelle en prose, suivie de la Veill\u00e9e des F\u00eates de V\u00e9nus, et d&rsquo;un choix de pi\u00e8ces de diff\u00e9rents auteurs<\/i><br \/>\n15 mai 1773, Tome V, Partie I, p. 30-35<br \/>\n(Journal des Beaux-Arts)<br \/>\n<a href=\"http:\/\/books.google.be\/books?id=5JkUAAAAQAAJ&amp;printsec=titlepage&amp;dq=intitle:l%27esprit+intitle:des+intitle:journaux+date:1700-1773&amp;lr=&amp;as_brr=0&amp;hl=fr&amp;source=gbs_summary_r&amp;cad=0\" target=\"_blank\" rel=\"noopener\">Acc\u00e9der au volume<\/a> (avril-mai juin) sur <b>GoogleBooks<\/b><\/p>\n<p style=\"text-align: justify;\"><b>730508<\/b><br \/>\nPhilip Thickneffe<br \/>\n<i>A Treatise on the art of decyphering, etc.Trait\u00e9 de l&rsquo;art de d\u00e9chiffrer et d&rsquo;\u00e9crire en chiffres, avec un alphabet harmonique<\/i><br \/>\n15 mai 1773, Tome V, Partie I, p. 35-37<br \/>\n(Gazette de Litt\u00e9rature)<br \/>\n<a href=\"http:\/\/books.google.be\/books?id=5JkUAAAAQAAJ&amp;printsec=titlepage&amp;dq=intitle:l%27esprit+intitle:des+intitle:journaux+date:1700-1773&amp;lr=&amp;as_brr=0&amp;hl=fr&amp;source=gbs_summary_r&amp;cad=0\" target=\"_blank\" rel=\"noopener\">Acc\u00e9der au volume<\/a> (avril-mai juin) sur <b>GoogleBooks<\/b><\/p>\n<p style=\"text-align: justify;\"><b>730509<\/b><br \/>\n<i>Compendio di un&rsquo;opera, &amp;c. Abr\u00e9g\u00e9 d&rsquo;un ouvrage dans lequel on \u00e9tablit le droit qu&rsquo;ont les R\u00e9guliers d&rsquo;implorer la protection royale contre les violences de leurs sup\u00e9rieurs, compos\u00e9 par le P. D. I. B. professeur de m\u00e9taphysique et de math\u00e9matiques dans le S\u00e9minaire et le Coll\u00e8ge de Monr\u00e9al<\/i><br \/>\n15 mai 1773, Tome V, Partie I, p. 38-41<br \/>\n(Gazette de Litt\u00e9rature)<br \/>\n<a href=\"http:\/\/books.google.be\/books?id=5JkUAAAAQAAJ&amp;printsec=titlepage&amp;dq=intitle:l%27esprit+intitle:des+intitle:journaux+date:1700-1773&amp;lr=&amp;as_brr=0&amp;hl=fr&amp;source=gbs_summary_r&amp;cad=0\" target=\"_blank\" rel=\"noopener\">Acc\u00e9der au volume<\/a> (avril-mai juin) sur <b>GoogleBooks<\/b><\/p>\n<p style=\"text-align: justify;\"><b>730510<\/b><br \/>\nSimon-Nicolas-Henry Linguet<br \/>\n<i>Lettre \u00e0 l&rsquo;auteur de l&rsquo;Ann\u00e9e litt\u00e9raire sur l&rsquo;inscription mise au bas de la statue de Louis XV<\/i><br \/>\n15 mai 1773, Tome V, Partie I, p. 41-47<br \/>\n(Ann\u00e9e litt\u00e9raire)<br \/>\n<a href=\"http:\/\/books.google.be\/books?id=5JkUAAAAQAAJ&amp;printsec=titlepage&amp;dq=intitle:l%27esprit+intitle:des+intitle:journaux+date:1700-1773&amp;lr=&amp;as_brr=0&amp;hl=fr&amp;source=gbs_summary_r&amp;cad=0\" target=\"_blank\" rel=\"noopener\">Acc\u00e9der au volume<\/a> (avril-mai juin) sur <b>GoogleBooks<\/b><\/p>\n<p style=\"text-align: justify;\"><b>730511<\/b><br \/>\nMonbosquet<br \/>\n<i>Lettre \u00e0 M. de la Harpe, en r\u00e9ponse \u00e0 la lettre de M. Linguet sur l&rsquo;inscription de la statue de Louis XV, \u00e0 la place des Tuileries<\/i><br \/>\n15 mai 1773, Tome V, Partie I, p. 48-52<br \/>\n<a href=\"http:\/\/books.google.be\/books?id=5JkUAAAAQAAJ&amp;printsec=titlepage&amp;dq=intitle:l%27esprit+intitle:des+intitle:journaux+date:1700-1773&amp;lr=&amp;as_brr=0&amp;hl=fr&amp;source=gbs_summary_r&amp;cad=0\" target=\"_blank\" rel=\"noopener\">Acc\u00e9der au volume<\/a> (avril-mai juin) sur <b>GoogleBooks<\/b><\/p>\n<p><b>730512<\/b><br \/>\nJean-Fran\u00e7ois de La Harpe<br \/>\n<i>R\u00e9ponse [\u00e0 Monsieur Monbosquet]<\/i> [<a href=\"http:\/\/www.gedhs.ulg.ac.be\/recherches\/espritdesjournaux\/pdf\/730512.pdf\" target=\"_blank\" rel=\"noopener\">MODE IMAGE<\/a>]\n15 mai 1773, Tome V, Partie I, p. 52-57<br \/>\n(Mercure de France)<br \/>\n<a href=\"http:\/\/books.google.be\/books?id=5JkUAAAAQAAJ&amp;printsec=titlepage&amp;dq=intitle:l%27esprit+intitle:des+intitle:journaux+date:1700-1773&amp;lr=&amp;as_brr=0&amp;hl=fr&amp;source=gbs_summary_r&amp;cad=0\" target=\"_blank\" rel=\"noopener\">Acc\u00e9der au volume<\/a> (avril-mai juin) sur <b>GoogleBooks<\/b><\/p>\n<p style=\"text-align: justify;\"><b>730513<\/b><br \/>\nJohann Freiherr von T\u00fcrckheim<br \/>\n<i>De jure legislatorio Merovaeorum et Carolingorum Galliae Regum circ\u00e0 sacra, Partem priorem, praeside domino Job. Reinhardo Kugler\u2026 ad diem VI Junii 1772<\/i><br \/>\n15 mai 1773, Tome V, Partie I, p. 57-62<br \/>\n(Journal des Savants)<br \/>\n<a href=\"http:\/\/books.google.be\/books?id=5JkUAAAAQAAJ&amp;printsec=titlepage&amp;dq=intitle:l%27esprit+intitle:des+intitle:journaux+date:1700-1773&amp;lr=&amp;as_brr=0&amp;hl=fr&amp;source=gbs_summary_r&amp;cad=0\" target=\"_blank\" rel=\"noopener\">Acc\u00e9der au volume<\/a> (avril-mai juin) sur <b>GoogleBooks<\/b><\/p>\n<p style=\"text-align: justify;\"><b>730514<\/b><br \/>\n<i>Abr\u00e9g\u00e9 de la vie du Docteur Swift, tir\u00e9 de l&rsquo;Observateur fran\u00e7ais<\/i><br \/>\n15 mai 1773, Tome V, Partie I, p. 62-70<br \/>\n<a href=\"http:\/\/books.google.be\/books?id=5JkUAAAAQAAJ&amp;printsec=titlepage&amp;dq=intitle:l%27esprit+intitle:des+intitle:journaux+date:1700-1773&amp;lr=&amp;as_brr=0&amp;hl=fr&amp;source=gbs_summary_r&amp;cad=0\" target=\"_blank\" rel=\"noopener\">Acc\u00e9der au volume<\/a> (avril-mai juin) sur <b>GoogleBooks<\/b><\/p>\n<p style=\"text-align: justify;\"><b>730515<\/b>[Claude-Joseph Dorat]\n<i>Les malheurs de l&rsquo;inconstance ou lettres de la marquise de Syrc\u00e9 et du comte de Mirbelle<\/i><br \/>\n30 mai 1773, Tome V, Partie II, p. 99-103<br \/>\n(Mercure de France)<br \/>\n<a href=\"http:\/\/books.google.be\/books?id=5JkUAAAAQAAJ&amp;printsec=titlepage&amp;dq=intitle:l%27esprit+intitle:des+intitle:journaux+date:1700-1773&amp;lr=&amp;as_brr=0&amp;hl=fr&amp;source=gbs_summary_r&amp;cad=0\" target=\"_blank\" rel=\"noopener\">Acc\u00e9der au volume<\/a> (avril-mai juin) sur <b>GoogleBooks<\/b><\/p>\n<p><b>730516<\/b><br \/>\n<i>Observations sur le g\u00e9nie et le caract\u00e8re des Persans<\/i><br \/>\n30 mai 1773, Tome V, Partie II, p. 103-06<br \/>\n(Mercure de France)<br \/>\n<a href=\"http:\/\/books.google.be\/books?id=5JkUAAAAQAAJ&amp;printsec=titlepage&amp;dq=intitle:l%27esprit+intitle:des+intitle:journaux+date:1700-1773&amp;lr=&amp;as_brr=0&amp;hl=fr&amp;source=gbs_summary_r&amp;cad=0\" target=\"_blank\" rel=\"noopener\">Acc\u00e9der au volume<\/a> (avril-mai juin) sur <b>GoogleBooks<\/b><\/p>\n<p style=\"text-align: justify;\"><b>730517<\/b><br \/>\nGerhardus Nicolaus Heerkens<br \/>\n<i>Gerardi Heerkens, Arcadum Romanor. Notabilium Libri IV. Quatre livres de choses remarquables<\/i><br \/>\n30 mai 1773, Tome V, Partie II, p. 107-13<br \/>\n(Ann\u00e9e litt\u00e9raire)<br \/>\n<a href=\"http:\/\/books.google.be\/books?id=5JkUAAAAQAAJ&amp;printsec=titlepage&amp;dq=intitle:l%27esprit+intitle:des+intitle:journaux+date:1700-1773&amp;lr=&amp;as_brr=0&amp;hl=fr&amp;source=gbs_summary_r&amp;cad=0\" target=\"_blank\" rel=\"noopener\">Acc\u00e9der au volume<\/a> (avril-mai juin) sur <b>GoogleBooks<\/b><\/p>\n<p style=\"text-align: justify;\"><b>730518<\/b><br \/>\nCarlo Mosca Barzi<br \/>\n<i>La matematica fatta guida per credere, etc. Les math\u00e9matiques servant de guide \u00e0 la foi; lettre \u00e9crite \u00e0 un ami<\/i><br \/>\n30 mai 1773, Tome V, Partie II, p. 113-16<br \/>\n<a href=\"http:\/\/books.google.be\/books?id=5JkUAAAAQAAJ&amp;printsec=titlepage&amp;dq=intitle:l%27esprit+intitle:des+intitle:journaux+date:1700-1773&amp;lr=&amp;as_brr=0&amp;hl=fr&amp;source=gbs_summary_r&amp;cad=0\" target=\"_blank\" rel=\"noopener\">Acc\u00e9der au volume<\/a> (avril-mai juin) sur <b>GoogleBooks<\/b><\/p>\n<p><b>730519<\/b><br \/>\nP\u00e2ris<br \/>\n<i>R\u00e9flexions sur le tombeau d&rsquo;Hom\u00e8re<\/i><br \/>\n30 mai 1773, Tome V, Partie II, p. 116-20<br \/>\n(Mercure de France)<br \/>\n<a href=\"http:\/\/books.google.be\/books?id=5JkUAAAAQAAJ&amp;printsec=titlepage&amp;dq=intitle:l%27esprit+intitle:des+intitle:journaux+date:1700-1773&amp;lr=&amp;as_brr=0&amp;hl=fr&amp;source=gbs_summary_r&amp;cad=0\" target=\"_blank\" rel=\"noopener\">Acc\u00e9der au volume<\/a> (avril-mai juin) sur <b>GoogleBooks<\/b><\/p>\n<p><b>730520<\/b><br \/>\nVoltaire<br \/>\n<i>Lettre \u00e0 M. Pigal<\/i><br \/>\n30 mai 1773, Tome V, Partie II, p. 120-21<br \/>\n<a href=\"http:\/\/books.google.be\/books?id=5JkUAAAAQAAJ&amp;printsec=titlepage&amp;dq=intitle:l%27esprit+intitle:des+intitle:journaux+date:1700-1773&amp;lr=&amp;as_brr=0&amp;hl=fr&amp;source=gbs_summary_r&amp;cad=0\" target=\"_blank\" rel=\"noopener\">Acc\u00e9der au volume<\/a> (avril-mai juin) sur <b>GoogleBooks<\/b><\/p>\n<p><b>730521<\/b><br \/>\nJohann Caspar Lavater<br \/>\n<i>Von der Physiognomik, etc. De la science physionomique, seconde partie<\/i><br \/>\n30 mai 1773, Tome V, Partie II, p. 122-24<br \/>\n(Gazette de Litt\u00e9rature)<br \/>\n<a href=\"http:\/\/books.google.be\/books?id=5JkUAAAAQAAJ&amp;printsec=titlepage&amp;dq=intitle:l%27esprit+intitle:des+intitle:journaux+date:1700-1773&amp;lr=&amp;as_brr=0&amp;hl=fr&amp;source=gbs_summary_r&amp;cad=0\" target=\"_blank\" rel=\"noopener\">Acc\u00e9der au volume<\/a> (avril-mai juin) sur <b>GoogleBooks<\/b><\/p>\n<p><b>730522<\/b><br \/>\nBarth\u00e9l\u00e9my Imbert<br \/>\n<i>La pie et le souriceau<\/i><br \/>\n30 mai 1773, Tome V, Partie II, p. 124-26<br \/>\n(Mercure de France)<br \/>\n<a href=\"http:\/\/books.google.be\/books?id=5JkUAAAAQAAJ&amp;printsec=titlepage&amp;dq=intitle:l%27esprit+intitle:des+intitle:journaux+date:1700-1773&amp;lr=&amp;as_brr=0&amp;hl=fr&amp;source=gbs_summary_r&amp;cad=0\" target=\"_blank\" rel=\"noopener\">Acc\u00e9der au volume<\/a> (avril-mai juin) sur <b>GoogleBooks<\/b><\/p>\n<p style=\"text-align: justify;\"><b>730523<\/b><br \/>\n<i>Citation d&rsquo;un ouvrage intitul\u00e9 : la Sagesse de tous les temps, attribu\u00e9, dans les histoires orientales de la Perse, \u00e0 un ancien roi nomm\u00e9 Hushang<\/i><br \/>\n30 mai 1773, Tome V, Partie II, p. 126-27<br \/>\n(Ann\u00e9e litt\u00e9raire)<br \/>\n<a href=\"http:\/\/books.google.be\/books?id=5JkUAAAAQAAJ&amp;printsec=titlepage&amp;dq=intitle:l%27esprit+intitle:des+intitle:journaux+date:1700-1773&amp;lr=&amp;as_brr=0&amp;hl=fr&amp;source=gbs_summary_r&amp;cad=0\" target=\"_blank\" rel=\"noopener\">Acc\u00e9der au volume<\/a> (avril-mai juin) sur <b>GoogleBooks<\/b><\/p>\n<p><b>730524<\/b><br \/>\nJ\u00e9r\u00e9mie Jacques Oberlin<br \/>\n<i>Orbis antiqui monumentis suis illustrati primae lienae<\/i><br \/>\n30 mai 1773, Tome V, Partie II, p. 127-27<br \/>\n(Journal des Savants)<br \/>\n<a href=\"http:\/\/books.google.be\/books?id=5JkUAAAAQAAJ&amp;printsec=titlepage&amp;dq=intitle:l%27esprit+intitle:des+intitle:journaux+date:1700-1773&amp;lr=&amp;as_brr=0&amp;hl=fr&amp;source=gbs_summary_r&amp;cad=0\" target=\"_blank\" rel=\"noopener\">Acc\u00e9der au volume<\/a> (avril-mai juin) sur <b>GoogleBooks<\/b><\/p>\n<p style=\"text-align: justify;\"><b>730525<\/b><br \/>\nHenry Eeles<br \/>\n<i>Philosophical essays, etc. Essais philosophiques communiqu\u00e9s, en diff\u00e9rentes lettres, \u00e0 la Soci\u00e9t\u00e9 royale de Londres<\/i>\u00a0[<a href=\"http:\/\/www.gedhs.ulg.ac.be\/recherches\/espritdesjournaux\/pdf\/730525.pdf\" target=\"_blank\" rel=\"noopener\">MODE IMAGE<\/a>]\n30 mai 1773, Tome V, Partie II, p. 130-37<br \/>\n(Journal Encyclop\u00e9dique)<br \/>\n<a href=\"http:\/\/books.google.be\/books?id=5JkUAAAAQAAJ&amp;printsec=titlepage&amp;dq=intitle:l%27esprit+intitle:des+intitle:journaux+date:1700-1773&amp;lr=&amp;as_brr=0&amp;hl=fr&amp;source=gbs_summary_r&amp;cad=0\" target=\"_blank\" rel=\"noopener\">Acc\u00e9der au volume<\/a> (avril-mai juin) sur <b>GoogleBooks<\/b><\/p>\n<p><b>730526<\/b><br \/>\nGr\u00e4ff<br \/>\n<i>La galerie des combinateurs<\/i><br \/>\n30 mai 1773, Tome V, Partie II, p. 137-39<br \/>\n(Journal des Beaux-Arts)<br \/>\n<a href=\"http:\/\/books.google.be\/books?id=5JkUAAAAQAAJ&amp;printsec=titlepage&amp;dq=intitle:l%27esprit+intitle:des+intitle:journaux+date:1700-1773&amp;lr=&amp;as_brr=0&amp;hl=fr&amp;source=gbs_summary_r&amp;cad=0\" target=\"_blank\" rel=\"noopener\">Acc\u00e9der au volume<\/a> (avril-mai juin) sur <b>GoogleBooks<\/b><\/p>\n<p><b>730527<\/b><br \/>\nFran\u00e7ois-Henri Turpin<br \/>\n<i>Cyrus, trag\u00e9die en 5 actes<\/i><br \/>\n30 mai 1773, Tome V, Partie II, p. 139-44<br \/>\n(Journal Encyclop\u00e9dique)<br \/>\n<a href=\"http:\/\/books.google.be\/books?id=5JkUAAAAQAAJ&amp;printsec=titlepage&amp;dq=intitle:l%27esprit+intitle:des+intitle:journaux+date:1700-1773&amp;lr=&amp;as_brr=0&amp;hl=fr&amp;source=gbs_summary_r&amp;cad=0\" target=\"_blank\" rel=\"noopener\">Acc\u00e9der au volume<\/a> (avril-mai juin) sur <b>GoogleBooks<\/b><\/p>\n<p><b>730528<\/b><br \/>\n<i>Note d&rsquo;un voyageur sur la statue \u00e9questre de Marc-Aur\u00e8le<\/i><br \/>\n30 mai 1773, Tome V, Partie II, p. 144-47<br \/>\n(Ann\u00e9e litt\u00e9raire)<br \/>\n<a href=\"http:\/\/books.google.be\/books?id=5JkUAAAAQAAJ&amp;printsec=titlepage&amp;dq=intitle:l%27esprit+intitle:des+intitle:journaux+date:1700-1773&amp;lr=&amp;as_brr=0&amp;hl=fr&amp;source=gbs_summary_r&amp;cad=0\" target=\"_blank\" rel=\"noopener\">Acc\u00e9der au volume<\/a> (avril-mai juin) sur <b>GoogleBooks<\/b><\/p>\n<p><b>730529<\/b><br \/>\nAlexandre-Guillaume de Moissy<br \/>\n<i>Essai sur l&rsquo;\u00e9ducation, po\u00e8me<\/i><br \/>\n30 mai 1773, Tome V, Partie II, p. 147-51<br \/>\n(Gazette de Litt\u00e9rature)<br \/>\n<a href=\"http:\/\/books.google.be\/books?id=5JkUAAAAQAAJ&amp;printsec=titlepage&amp;dq=intitle:l%27esprit+intitle:des+intitle:journaux+date:1700-1773&amp;lr=&amp;as_brr=0&amp;hl=fr&amp;source=gbs_summary_r&amp;cad=0\" target=\"_blank\" rel=\"noopener\">Acc\u00e9der au volume<\/a> (avril-mai juin) sur <b>GoogleBooks<\/b><\/p>\n<p><b>730530<\/b><br \/>\nAlexis Piron<br \/>\n<i>\u00c9pitaphe du genre humain<\/i><br \/>\n30 mai 1773, Tome V, Partie II, p. 151-52<br \/>\n<a href=\"http:\/\/books.google.be\/books?id=5JkUAAAAQAAJ&amp;printsec=titlepage&amp;dq=intitle:l%27esprit+intitle:des+intitle:journaux+date:1700-1773&amp;lr=&amp;as_brr=0&amp;hl=fr&amp;source=gbs_summary_r&amp;cad=0\" target=\"_blank\" rel=\"noopener\">Acc\u00e9der au volume<\/a> (avril-mai juin) sur <b>GoogleBooks<\/b><\/p>\n<p><b>730531<\/b><br \/>\n<i>The antiquities of Herculanum, &amp;c. Les antiquit\u00e9s d&rsquo;Herculanum<\/i><br \/>\n30 mai 1773, Tome V, Partie II, p. 152-58<br \/>\n(Gazette de Litt\u00e9rature)<br \/>\n<a href=\"http:\/\/books.google.be\/books?id=5JkUAAAAQAAJ&amp;printsec=titlepage&amp;dq=intitle:l%27esprit+intitle:des+intitle:journaux+date:1700-1773&amp;lr=&amp;as_brr=0&amp;hl=fr&amp;source=gbs_summary_r&amp;cad=0\" target=\"_blank\" rel=\"noopener\">Acc\u00e9der au volume<\/a> (avril-mai juin) sur <b>GoogleBooks<\/b><\/p>\n<p><b>730532<\/b>[Denis] D[iderot] et Salomon Gessner<br \/>\n<i>Contes moraux et nouvelles idylles<\/i><br \/>\n30 mai 1773, Tome V, Partie II, p. 158-67<br \/>\n(Journal Encyclop\u00e9dique; Mercure de France)<br \/>\n<a href=\"http:\/\/books.google.be\/books?id=5JkUAAAAQAAJ&amp;printsec=titlepage&amp;dq=intitle:l%27esprit+intitle:des+intitle:journaux+date:1700-1773&amp;lr=&amp;as_brr=0&amp;hl=fr&amp;source=gbs_summary_r&amp;cad=0\" target=\"_blank\" rel=\"noopener\">Acc\u00e9der au volume<\/a> (avril-mai juin) sur <b>GoogleBooks<\/b><\/p>\n<p style=\"text-align: justify;\"><b>730601<\/b><br \/>\nDomenico Michelessi<br \/>\n<i>Lettre \u00e0 Mgr. Visconti, archev\u00eaque d&rsquo;\u00c9ph\u00e8se et nonce apostolique, aupr\u00e8s de LL. MM. II. RR. &amp; A. sur la r\u00e9volution arriv\u00e9e en Su\u00e8de, le 19 ao\u00fbt 1772<\/i><br \/>\n15 juin 1773, Tome VI, Partie I, p. 3-11<br \/>\n(Gazette de Litt\u00e9rature)<br \/>\n<a href=\"http:\/\/books.google.be\/books?id=5JkUAAAAQAAJ&amp;printsec=titlepage&amp;dq=intitle:l%27esprit+intitle:des+intitle:journaux+date:1700-1773&amp;lr=&amp;as_brr=0&amp;hl=fr&amp;source=gbs_summary_r&amp;cad=0\" target=\"_blank\" rel=\"noopener\">Acc\u00e9der au volume<\/a> (avril-mai juin) sur <b>GoogleBooks<\/b><\/p>\n<p><b>730602<\/b><br \/>\nEdme-Louis Billardon de Sauvigny<br \/>\n<i>Parnasse des dames<\/i><br \/>\n15 juin 1773, Tome VI, Partie I, p. 11-16<br \/>\n(Ann\u00e9e litt\u00e9raire)<br \/>\n<a href=\"http:\/\/books.google.be\/books?id=5JkUAAAAQAAJ&amp;printsec=titlepage&amp;dq=intitle:l%27esprit+intitle:des+intitle:journaux+date:1700-1773&amp;lr=&amp;as_brr=0&amp;hl=fr&amp;source=gbs_summary_r&amp;cad=0\" target=\"_blank\" rel=\"noopener\">Acc\u00e9der au volume<\/a> (avril-mai juin) sur <b>GoogleBooks<\/b><\/p>\n<p style=\"text-align: justify;\"><b>730603<\/b>[Guillaume-Fran\u00e7ois-Roger Mol\u00e9]\n<i>Histoire des modes fran\u00e7aises, ou R\u00e9volutions du costume en France depuis l&rsquo;\u00e9tablissement de la monarchie jusqu&rsquo;\u00e0 nos jours; contenant tout ce qui concerne la t\u00eate des fran\u00e7ais ; avec des recherches sur l&rsquo;usage des chevelures artificielles chez les Anciens<\/i><br \/>\n15 juin 1773, Tome VI, Partie I, p. 16-25<br \/>\n(Ann\u00e9e litt\u00e9raire)<br \/>\n<a href=\"http:\/\/books.google.be\/books?id=5JkUAAAAQAAJ&amp;printsec=titlepage&amp;dq=intitle:l%27esprit+intitle:des+intitle:journaux+date:1700-1773&amp;lr=&amp;as_brr=0&amp;hl=fr&amp;source=gbs_summary_r&amp;cad=0\" target=\"_blank\" rel=\"noopener\">Acc\u00e9der au volume<\/a> (avril-mai juin) sur <b>GoogleBooks<\/b><\/p>\n<p><b>730604<\/b><br \/>\nJean-Fran\u00e7ois Marmontel<br \/>\n<i>Chefs-d&rsquo;\u0153uvre dramatiques, ou recueil des meilleures pi\u00e8ces du th\u00e9\u00e2tre fran\u00e7ais<\/i><br \/>\n15 juin 1773, Tome VI, Partie I, p. 25-31<br \/>\n(Mercure de France)<br \/>\n<a href=\"http:\/\/books.google.be\/books?id=5JkUAAAAQAAJ&amp;printsec=titlepage&amp;dq=intitle:l%27esprit+intitle:des+intitle:journaux+date:1700-1773&amp;lr=&amp;as_brr=0&amp;hl=fr&amp;source=gbs_summary_r&amp;cad=0\" target=\"_blank\" rel=\"noopener\">Acc\u00e9der au volume<\/a> (avril-mai juin) sur <b>GoogleBooks<\/b><\/p>\n<p><b>730605<\/b>[Jean-Jacques Fillassier]\n<i>Eraste, ou l&rsquo;ami de la jeunesse<\/i><br \/>\n15 juin 1773, Tome VI, Partie I, p. 31-33<br \/>\n(Gazette de Litt\u00e9rature)<br \/>\n<a href=\"http:\/\/books.google.be\/books?id=5JkUAAAAQAAJ&amp;printsec=titlepage&amp;dq=intitle:l%27esprit+intitle:des+intitle:journaux+date:1700-1773&amp;lr=&amp;as_brr=0&amp;hl=fr&amp;source=gbs_summary_r&amp;cad=0\" target=\"_blank\" rel=\"noopener\">Acc\u00e9der au volume<\/a> (avril-mai juin) sur <b>GoogleBooks<\/b><\/p>\n<p style=\"text-align: justify;\"><b>730606<\/b><br \/>\nPaul-G\u00e9d\u00e9on Joly de Maizeroy<br \/>\n<i>M\u00e9moire sur les opinions qui partagent les militaires, suivi du Trait\u00e9 des armes d\u00e9fendues, corrig\u00e9 et augment\u00e9<\/i><br \/>\n15 juin 1773, Tome VI, Partie I, p. 34-41<br \/>\n(Journal encyclop\u00e9dique)<br \/>\n<a href=\"http:\/\/books.google.be\/books?id=5JkUAAAAQAAJ&amp;printsec=titlepage&amp;dq=intitle:l%27esprit+intitle:des+intitle:journaux+date:1700-1773&amp;lr=&amp;as_brr=0&amp;hl=fr&amp;source=gbs_summary_r&amp;cad=0\" target=\"_blank\" rel=\"noopener\">Acc\u00e9der au volume<\/a> (avril-mai juin) sur <b>GoogleBooks<\/b><\/p>\n<p><b>730607<\/b><br \/>\n<i>\u00c9p\u00eetre \u00e0 Mme. la Comtesse de***, par M. le Marquis de St. ***, sur une promesse faite \u00e0 l&rsquo;Auteur<\/i><br \/>\n15 juin 1773, Tome VI, Partie I, p. 41-43<br \/>\n<a href=\"http:\/\/books.google.be\/books?id=5JkUAAAAQAAJ&amp;printsec=titlepage&amp;dq=intitle:l%27esprit+intitle:des+intitle:journaux+date:1700-1773&amp;lr=&amp;as_brr=0&amp;hl=fr&amp;source=gbs_summary_r&amp;cad=0\" target=\"_blank\" rel=\"noopener\">Acc\u00e9der au volume<\/a> (avril-mai juin) sur <b>GoogleBooks<\/b><\/p>\n<p><b>730608<\/b><br \/>\nNicolas Bricaire de La Dixm\u00e9rie<br \/>\n<i>Dialogue entre Romulus et Guillaume Penn <\/i><a href=\"http:\/\/www.gedhs.ulg.ac.be\/recherches\/dialogues\/edj730608.html\" target=\"_top\">[MODE TEXTE]<\/a><br \/>\n15 juin 1773, Tome VI, Partie I, p. 43-52<br \/>\n<a href=\"http:\/\/books.google.be\/books?id=5JkUAAAAQAAJ&amp;printsec=titlepage&amp;dq=intitle:l%27esprit+intitle:des+intitle:journaux+date:1700-1773&amp;lr=&amp;as_brr=0&amp;hl=fr&amp;source=gbs_summary_r&amp;cad=0\" target=\"_blank\" rel=\"noopener\">Acc\u00e9der au volume<\/a> (avril-mai juin) sur <b>GoogleBooks<\/b><\/p>\n<p><b>730609<\/b><br \/>\nMarquis de Thiard<br \/>\n<i>\u00c9pigramme<\/i><br \/>\n15 juin 1773, Tome VI, Partie I, p. 53<br \/>\n<a href=\"http:\/\/books.google.be\/books?id=5JkUAAAAQAAJ&amp;printsec=titlepage&amp;dq=intitle:l%27esprit+intitle:des+intitle:journaux+date:1700-1773&amp;lr=&amp;as_brr=0&amp;hl=fr&amp;source=gbs_summary_r&amp;cad=0\" target=\"_blank\" rel=\"noopener\">Acc\u00e9der au volume<\/a> (avril-mai juin) sur <b>GoogleBooks<\/b><\/p>\n<p><b>730610<\/b><br \/>\n<i>Vers \u00e0 un ami, sur le ton satyrique qui r\u00e8gne aujourd&rsquo;hui dans les Lettres<\/i><br \/>\n15 juin 1773, Tome VI, Partie I, p. 53-54<br \/>\n<a href=\"http:\/\/books.google.be\/books?id=5JkUAAAAQAAJ&amp;printsec=titlepage&amp;dq=intitle:l%27esprit+intitle:des+intitle:journaux+date:1700-1773&amp;lr=&amp;as_brr=0&amp;hl=fr&amp;source=gbs_summary_r&amp;cad=0\" target=\"_blank\" rel=\"noopener\">Acc\u00e9der au volume<\/a> (avril-mai juin) sur <b>GoogleBooks<\/b><\/p>\n<p style=\"text-align: justify;\"><b>730611<\/b><br \/>\nEdouard Ives<br \/>\n<i>A voyage from England to India, etc. Voyage d&rsquo;Angleterre aux Indes, fait en 1754 ; avec un expos\u00e9 historique des op\u00e9rations de l&rsquo;escadre et de l&rsquo;arm\u00e9e des Indes, sous les commandements du vice-amiral Watson, et du colonel Clive, en 1755, 1756 et 1757. On y a joint la description d&rsquo;une route nouvelle de Perse en Angleterre<\/i><br \/>\n15 juin 1773, Tome VI, Partie I, p. 54-59<br \/>\n(Journal encyclop\u00e9dique)<br \/>\n<a href=\"http:\/\/books.google.be\/books?id=5JkUAAAAQAAJ&amp;printsec=titlepage&amp;dq=intitle:l%27esprit+intitle:des+intitle:journaux+date:1700-1773&amp;lr=&amp;as_brr=0&amp;hl=fr&amp;source=gbs_summary_r&amp;cad=0\" target=\"_blank\" rel=\"noopener\">Acc\u00e9der au volume<\/a> (avril-mai juin) sur <b>GoogleBooks<\/b><\/p>\n<p style=\"text-align: justify;\"><b>730612<\/b><br \/>\n<i>Schutzschrift f\u00fcr unsere Mitb\u00fcrger, &amp;c. Apologie pour nos concitoyens dans le royaume de la possibilit\u00e9<\/i><br \/>\n15 juin 1773, Tome VI, Partie I, p. 59-62<br \/>\n<a href=\"http:\/\/books.google.be\/books?id=5JkUAAAAQAAJ&amp;printsec=titlepage&amp;dq=intitle:l%27esprit+intitle:des+intitle:journaux+date:1700-1773&amp;lr=&amp;as_brr=0&amp;hl=fr&amp;source=gbs_summary_r&amp;cad=0\" target=\"_blank\" rel=\"noopener\">Acc\u00e9der au volume<\/a> (avril-mai juin) sur <b>GoogleBooks<\/b><\/p>\n<p><b>730613<\/b><br \/>\nJean-George Meusel<br \/>\n<i>Geschichte von Franckreich, &amp;c. Histoire de France<\/i><br \/>\n15 juin 1773, Tome VI, Partie I, p. 62-65<br \/>\n(Gazette de Litt\u00e9rature)<br \/>\n<a href=\"http:\/\/books.google.be\/books?id=5JkUAAAAQAAJ&amp;printsec=titlepage&amp;dq=intitle:l%27esprit+intitle:des+intitle:journaux+date:1700-1773&amp;lr=&amp;as_brr=0&amp;hl=fr&amp;source=gbs_summary_r&amp;cad=0\" target=\"_blank\" rel=\"noopener\">Acc\u00e9der au volume<\/a> (avril-mai juin) sur <b>GoogleBooks<\/b><\/p>\n<p><b>730614<\/b><br \/>\nGiovanni Francesco Mauro Melchior Salvemini da Castiglione<br \/>\n<i>Observations sur le livre intitul\u00e9 : Syst\u00e8me de la Nature <\/i><a href=\"http:\/\/www.gedhs.ulg.ac.be\/recherches\/espritdesjournaux\/articles\/edj730614.html\" target=\"_top\">[MODE TEXTE]<\/a><br \/>\n15 juin 1773, Tome VI, Partie I, p. 65-71<br \/>\n(Journal des Savants)<br \/>\n<a href=\"http:\/\/books.google.be\/books?id=5JkUAAAAQAAJ&amp;printsec=titlepage&amp;dq=intitle:l%27esprit+intitle:des+intitle:journaux+date:1700-1773&amp;lr=&amp;as_brr=0&amp;hl=fr&amp;source=gbs_summary_r&amp;cad=0\" target=\"_blank\" rel=\"noopener\">Acc\u00e9der au volume<\/a> (avril-mai juin) sur <b>GoogleBooks<\/b><\/p>\n<p><b>730615<\/b><br \/>\nJ\u00e9r\u00f4me de La Lande<br \/>\n<i>R\u00e9flexions sur les com\u00e8tes qui peuvent approcher de la terre<\/i><br \/>\n30 juin 1773, Tome VI, Partie II, p. 99-106<br \/>\n(Journal des Beaux-Arts)<br \/>\n<a href=\"http:\/\/books.google.be\/books?id=5JkUAAAAQAAJ&amp;printsec=titlepage&amp;dq=intitle:l%27esprit+intitle:des+intitle:journaux+date:1700-1773&amp;lr=&amp;as_brr=0&amp;hl=fr&amp;source=gbs_summary_r&amp;cad=0\" target=\"_blank\" rel=\"noopener\">Acc\u00e9der au volume<\/a> (avril-mai juin) sur <b>GoogleBooks<\/b><\/p>\n<p style=\"text-align: justify;\"><b>730616<\/b><br \/>\nJean-Baptiste Milliet<br \/>\n<i>Notice des po\u00e8tes latins, contenant la vie de chaque po\u00e8te, les jugements sur ses ouvrages, avec un choix des plus beaux morceaux, traduits ou imit\u00e9s en vers fran\u00e7ais<\/i><br \/>\n30 juin 1773, Tome VI, Partie II, p. 106-13<br \/>\n(Journal des Beaux-Arts)<br \/>\n<a href=\"http:\/\/books.google.be\/books?id=5JkUAAAAQAAJ&amp;printsec=titlepage&amp;dq=intitle:l%27esprit+intitle:des+intitle:journaux+date:1700-1773&amp;lr=&amp;as_brr=0&amp;hl=fr&amp;source=gbs_summary_r&amp;cad=0\" target=\"_blank\" rel=\"noopener\">Acc\u00e9der au volume<\/a> (avril-mai juin) sur <b>GoogleBooks<\/b><\/p>\n<p><b>730617<\/b><br \/>\nCharles Le Beau<br \/>\n<i>Histoire du Bas-Empire, en commen\u00e7ant \u00e0 Constantin le grand<\/i><br \/>\n30 juin 1773, Tome VI, Partie II, p. 114-23<br \/>\n(Journal des Savants)<br \/>\n<a href=\"http:\/\/books.google.be\/books?id=5JkUAAAAQAAJ&amp;printsec=titlepage&amp;dq=intitle:l%27esprit+intitle:des+intitle:journaux+date:1700-1773&amp;lr=&amp;as_brr=0&amp;hl=fr&amp;source=gbs_summary_r&amp;cad=0\" target=\"_blank\" rel=\"noopener\">Acc\u00e9der au volume<\/a> (avril-mai juin) sur <b>GoogleBooks<\/b><\/p>\n<p style=\"text-align: justify;\"><b>730618<\/b><br \/>\nJacques Accarias de S\u00e9rionne<br \/>\n<i>La richesse de l&rsquo;Angleterre, contenant les causes de la naissance et des progr\u00e8s de l&rsquo;industrie, du commerce et de la marine de la Grande-Bretagne, les causes, et l&rsquo;\u00e9tat de ses forces et de ses ressources<\/i><br \/>\n30 juin 1773, Tome VI, Partie II, p. 123-34<br \/>\n(Journal Encyclop\u00e9dique)<br \/>\n<a href=\"http:\/\/books.google.be\/books?id=5JkUAAAAQAAJ&amp;printsec=titlepage&amp;dq=intitle:l%27esprit+intitle:des+intitle:journaux+date:1700-1773&amp;lr=&amp;as_brr=0&amp;hl=fr&amp;source=gbs_summary_r&amp;cad=0\" target=\"_blank\" rel=\"noopener\">Acc\u00e9der au volume<\/a> (avril-mai juin) sur <b>GoogleBooks<\/b><\/p>\n<p><b>730619<\/b><br \/>\nHenry St. John Bolingbroke<br \/>\n<i>Extraits de quelques lettres \u00e0 feu M. l&rsquo;Abb\u00e9 Alary<\/i><br \/>\n30 juin 1773, Tome VI, Partie II, p. 134-37<br \/>\n(Ann\u00e9e litt\u00e9raire)<br \/>\n<a href=\"http:\/\/books.google.be\/books?id=5JkUAAAAQAAJ&amp;printsec=titlepage&amp;dq=intitle:l%27esprit+intitle:des+intitle:journaux+date:1700-1773&amp;lr=&amp;as_brr=0&amp;hl=fr&amp;source=gbs_summary_r&amp;cad=0\" target=\"_blank\" rel=\"noopener\">Acc\u00e9der au volume<\/a> (avril-mai juin) sur <b>GoogleBooks<\/b><\/p>\n<p><b>730620<\/b>[Barnab\u00e9 Farmian Durosoy]\n<i>Annales de la ville de Toulouse, d\u00e9di\u00e9es \u00e0 Monseigneur le Dauphin<\/i><br \/>\n30 juin 1773, Tome VI, Partie II, p. 138-40<br \/>\n(Mercure de France)<br \/>\n<a href=\"http:\/\/books.google.be\/books?id=5JkUAAAAQAAJ&amp;printsec=titlepage&amp;dq=intitle:l%27esprit+intitle:des+intitle:journaux+date:1700-1773&amp;lr=&amp;as_brr=0&amp;hl=fr&amp;source=gbs_summary_r&amp;cad=0\" target=\"_blank\" rel=\"noopener\">Acc\u00e9der au volume<\/a> (avril-mai juin) sur <b>GoogleBooks<\/b><\/p>\n<p><b>730621<\/b><br \/>\n<i>Le r\u00e9veil d&rsquo;Abel<\/i><br \/>\n30 juin 1773, Tome VI, Partie II, p. 141-43<br \/>\n(Mercure de France)<br \/>\n<a href=\"http:\/\/books.google.be\/books?id=5JkUAAAAQAAJ&amp;printsec=titlepage&amp;dq=intitle:l%27esprit+intitle:des+intitle:journaux+date:1700-1773&amp;lr=&amp;as_brr=0&amp;hl=fr&amp;source=gbs_summary_r&amp;cad=0\" target=\"_blank\" rel=\"noopener\">Acc\u00e9der au volume<\/a> (avril-mai juin) sur <b>GoogleBooks<\/b><\/p>\n<p><b>730622<\/b><br \/>\nLouis Poinsinet de Sivry<br \/>\n<i>Lettre \u00e0 l&rsquo;auteur du Mercure de France<\/i><br \/>\n30 juin 1773, Tome VI, Partie II, p. 143-44<br \/>\n<a href=\"http:\/\/books.google.be\/books?id=5JkUAAAAQAAJ&amp;printsec=titlepage&amp;dq=intitle:l%27esprit+intitle:des+intitle:journaux+date:1700-1773&amp;lr=&amp;as_brr=0&amp;hl=fr&amp;source=gbs_summary_r&amp;cad=0\" target=\"_blank\" rel=\"noopener\">Acc\u00e9der au volume<\/a> (avril-mai juin) sur <b>GoogleBooks<\/b><\/p>\n<p><b>730623<\/b><br \/>\nFran\u00e7ois Richer<br \/>\n<i>Causes c\u00e9l\u00e8bres et int\u00e9ressantes, avec les jugements qui les ont d\u00e9cid\u00e9es<\/i><br \/>\n30 juin 1773, Tome VI, Partie II, p. 144-57<br \/>\n(Ann\u00e9e Litt\u00e9raire)<br \/>\n<a href=\"http:\/\/books.google.be\/books?id=5JkUAAAAQAAJ&amp;printsec=titlepage&amp;dq=intitle:l%27esprit+intitle:des+intitle:journaux+date:1700-1773&amp;lr=&amp;as_brr=0&amp;hl=fr&amp;source=gbs_summary_r&amp;cad=0\" target=\"_blank\" rel=\"noopener\">Acc\u00e9der au volume<\/a> (avril-mai juin) sur <b>GoogleBooks<\/b><\/p>\n<p style=\"text-align: justify;\"><b>730624<\/b><br \/>\n<i>Plata Woyska, &amp;c. La solde de l&rsquo;arm\u00e9e, et l&rsquo;entretien des braves gens, c&rsquo;est-\u00e0-dire, le tarif de tous les deniers lev\u00e9s pour cet usage, avec quelques additions sur des sujets dignes de la curiosit\u00e9 publique, et qu&rsquo;on a cru devoir publier par l&rsquo;impression<\/i> [<a href=\"http:\/\/www.gedhs.ulg.ac.be\/recherches\/espritdesjournaux\/pdf\/730624.pdf\" target=\"_blank\" rel=\"noopener\">MODE IMAGE<\/a>]\n30 juin 1773, Tome VI, Partie II, p. 157-61<br \/>\n(Gazette de Litt\u00e9rature)<br \/>\n<a href=\"http:\/\/books.google.be\/books?id=5JkUAAAAQAAJ&amp;printsec=titlepage&amp;dq=intitle:l%27esprit+intitle:des+intitle:journaux+date:1700-1773&amp;lr=&amp;as_brr=0&amp;hl=fr&amp;source=gbs_summary_r&amp;cad=0\" target=\"_blank\" rel=\"noopener\">Acc\u00e9der au volume<\/a> (avril-mai juin) sur <b>GoogleBooks<\/b><\/p>\n<p style=\"text-align: justify;\"><b>730625<\/b><br \/>\nEmanuel Swedenborg<br \/>\n<i>Von den Erdc\u00f6rpern der Planeten, &amp;c. Sur les habitants des plan\u00e8tes et du firmament, o\u00f9 l&rsquo;on traite de la mani\u00e8re de penser, de parler, et d&rsquo;agir des habitants de toutes les sph\u00e8res c\u00e9lestes, de leur forme de gouvernement, de leur police, de leurs mariages, et en g\u00e9n\u00e9ral de leur domicile et de leurs m\u0153urs; le tout puis\u00e9 dans les r\u00e9cits des esprits m\u00eames avec lesquels l&rsquo;auteur s&rsquo;est entretenu. Ouvrage destin\u00e9 \u00e0 discerner le vrai et le vraisemblable, et qui peut r\u00e9pandre une grande lumi\u00e8re sur la philosophie et la th\u00e9ologie, la physique, la morale, la m\u00e9taphysique et la logique<\/i><br \/>\n30 juin 1773, Tome VI, Partie II, p. 162-67<br \/>\n(Gazette de Litt\u00e9rature)<br \/>\n<a href=\"http:\/\/books.google.be\/books?id=5JkUAAAAQAAJ&amp;printsec=titlepage&amp;dq=intitle:l%27esprit+intitle:des+intitle:journaux+date:1700-1773&amp;lr=&amp;as_brr=0&amp;hl=fr&amp;source=gbs_summary_r&amp;cad=0\" target=\"_blank\" rel=\"noopener\">Acc\u00e9der au volume<\/a> (avril-mai juin) sur <b>GoogleBooks<\/b><\/p>\n<p style=\"text-align: justify;\"><b>730701<\/b><br \/>\nGuillaume-Hyacinthe-Joseph-Jean-Baptiste Le Gentil de la Galaisi\u00e8re<br \/>\n<i>Extrait d&rsquo;un M\u00e9moire sur l&rsquo;Inde; principalement sur quelques points de l&rsquo;Astronomie des Brames. Lu \u00e0 la rentr\u00e9e publique de l&rsquo;Acad\u00e9mie royale des Sciences, le mercredi 21 avril 1773<\/i><br \/>\n15 juillet 1773, Tome I, Partie I, p. 3-12<br \/>\n(Journal des Savants)<br \/>\n<a href=\"http:\/\/books.google.be\/books?id=sJAUAAAAQAAJ&amp;printsec=frontcover&amp;dq=editions:0qCv5MvfosIxTQW6d&amp;lr=&amp;as_brr=1&amp;hl=fr\" target=\"_blank\" rel=\"noopener\">Acc\u00e9der au volume<\/a> (juil.-ao\u00fbt-sept.) sur <b>GoogleBooks<\/b><\/p>\n<p style=\"text-align: justify;\"><b>730702<\/b><br \/>\nJean-Fran\u00e7ois-Cl\u00e9ment Morand<br \/>\n<i>Rapport des op\u00e9rations faites \u00e0 Paris par plusieurs personnes que l&rsquo;on disait faire des miracles en 1759 et 176<\/i>0<br \/>\n15 juillet 1773, Tome I, Partie I, p. 12-21<br \/>\n(Ann\u00e9e Litt\u00e9raire)<br \/>\n<a href=\"http:\/\/books.google.be\/books?id=sJAUAAAAQAAJ&amp;printsec=frontcover&amp;dq=editions:0qCv5MvfosIxTQW6d&amp;lr=&amp;as_brr=1&amp;hl=fr\" target=\"_blank\" rel=\"noopener\">Acc\u00e9der au volume<\/a> (juil.-ao\u00fbt-sept.) sur <b>GoogleBooks<\/b><\/p>\n<p><b>730703<\/b><br \/>\nMichel-Fran\u00e7ois Dandr\u00e9-Bardon<br \/>\n<i>Costume des anciens peuples. Neuvi\u00e8me cahier<\/i><br \/>\n15 juillet 1773, Tome I, Partie I, p. 21-27<br \/>\n(Journal des Beaux-Arts)<br \/>\n<a href=\"http:\/\/books.google.be\/books?id=sJAUAAAAQAAJ&amp;printsec=frontcover&amp;dq=editions:0qCv5MvfosIxTQW6d&amp;lr=&amp;as_brr=1&amp;hl=fr\" target=\"_blank\" rel=\"noopener\">Acc\u00e9der au volume<\/a> (juil.-ao\u00fbt-sept.) sur <b>GoogleBooks<\/b><\/p>\n<p><b>730704<\/b><br \/>\n<i>Lettre sur la pr\u00e9tendue com\u00e8te<\/i><br \/>\n15 juillet 1773, Tome I, Partie I, p. 27-32<br \/>\n(Mercure de France)<br \/>\n<a href=\"http:\/\/books.google.be\/books?id=sJAUAAAAQAAJ&amp;printsec=frontcover&amp;dq=editions:0qCv5MvfosIxTQW6d&amp;lr=&amp;as_brr=1&amp;hl=fr\" target=\"_blank\" rel=\"noopener\">Acc\u00e9der au volume<\/a> (juil.-ao\u00fbt-sept.) sur <b>GoogleBooks<\/b><\/p>\n<p style=\"text-align: justify;\"><b>730705<\/b><br \/>\n<i>Fragment d&rsquo;une \u00c9p\u00eetre aux com\u00e8tes, \u00e9crite quelques jours avant la pr\u00e9tendue destruction du monde<\/i><br \/>\n15 juillet 1773, Tome I, Partie I, p. 33-34<br \/>\n<a href=\"http:\/\/books.google.be\/books?id=sJAUAAAAQAAJ&amp;printsec=frontcover&amp;dq=editions:0qCv5MvfosIxTQW6d&amp;lr=&amp;as_brr=1&amp;hl=fr\" target=\"_blank\" rel=\"noopener\">Acc\u00e9der au volume<\/a> (juil.-ao\u00fbt-sept.) sur <b>GoogleBooks<\/b><\/p>\n<p style=\"text-align: justify;\"><b>730706<\/b><br \/>\nJoseph J\u00e9r\u00f4me Le Fran\u00e7ois de La Lande<br \/>\n<i>Explication sur les com\u00e8tes, adress\u00e9e \u00e0 Messieurs les auteurs du Journal des Savants<\/i><br \/>\n15 juillet 1773, Tome I, Partie I, p. 33-41<br \/>\n<a href=\"http:\/\/books.google.be\/books?id=sJAUAAAAQAAJ&amp;printsec=frontcover&amp;dq=editions:0qCv5MvfosIxTQW6d&amp;lr=&amp;as_brr=1&amp;hl=fr\" target=\"_blank\" rel=\"noopener\">Acc\u00e9der au volume<\/a> (juil.-ao\u00fbt-sept.) sur <b>GoogleBooks<\/b><\/p>\n<p style=\"text-align: justify;\"><b>730707<\/b><br \/>\nMauduit<br \/>\n<i>Extrait du journal d&rsquo;un voyage fait par ordre de la Cour de France en 1772, par Mr. de la Borde, m\u00e9decin \u00e0 Cayenne, dans l&rsquo;int\u00e9rieur des terres de la Guyane<\/i><br \/>\n15 juillet 1773, Tome I, Partie I, p. 41-49<br \/>\n(Observations sur la physique, sur l&rsquo;histoire naturelle et sur les arts)<br \/>\n<a href=\"http:\/\/books.google.be\/books?id=sJAUAAAAQAAJ&amp;printsec=frontcover&amp;dq=editions:0qCv5MvfosIxTQW6d&amp;lr=&amp;as_brr=1&amp;hl=fr\" target=\"_blank\" rel=\"noopener\">Acc\u00e9der au volume<\/a> (juil.-ao\u00fbt-sept.) sur <b>GoogleBooks<\/b><\/p>\n<p style=\"text-align: justify;\"><b>730708<\/b>[Carmontelle]\n<i>Le triomphe de l&rsquo;amour sur les m\u0153urs de ce temps, ou Lettres du marquis de Murcin au commandeur de St. Brice<\/i><br \/>\n15 juillet 1773, Tome I, Partie I, p. 49-54<br \/>\n(Ann\u00e9e litt\u00e9raire)<br \/>\n<a href=\"http:\/\/books.google.be\/books?id=sJAUAAAAQAAJ&amp;printsec=frontcover&amp;dq=editions:0qCv5MvfosIxTQW6d&amp;lr=&amp;as_brr=1&amp;hl=fr\" target=\"_blank\" rel=\"noopener\">Acc\u00e9der au volume<\/a> (juil.-ao\u00fbt-sept.) sur <b>GoogleBooks<\/b><\/p>\n<p><b>730709<\/b><br \/>\nIgnaz Schifferm\u00fcller<br \/>\n<i>Versuch eines Farbensystems, etc. Essai d&rsquo;un syst\u00e8me de couleurs<\/i><br \/>\n15 juillet 1773, Tome I, Partie I, p. 54-57<br \/>\n(Journal encyclop\u00e9dique)<br \/>\n<a href=\"http:\/\/books.google.be\/books?id=sJAUAAAAQAAJ&amp;printsec=frontcover&amp;dq=editions:0qCv5MvfosIxTQW6d&amp;lr=&amp;as_brr=1&amp;hl=fr\" target=\"_blank\" rel=\"noopener\">Acc\u00e9der au volume<\/a> (juil.-ao\u00fbt-sept.) sur <b>GoogleBooks<\/b><\/p>\n<p style=\"text-align: justify;\"><b>730710<\/b><br \/>\nJean-Alexis Borrelly<br \/>\n<i>Discours sur l&rsquo;objet de l&rsquo;institution de l&rsquo;Acad\u00e9mie royale des Gentilshommes, prononc\u00e9 dans l&rsquo;assembl\u00e9e publique de cette acad\u00e9mie<\/i><br \/>\n15 juillet 1773, Tome I, Partie I, p. 57-60<br \/>\n(Gazette de Litt\u00e9rature)<br \/>\n<a href=\"http:\/\/books.google.be\/books?id=sJAUAAAAQAAJ&amp;printsec=frontcover&amp;dq=editions:0qCv5MvfosIxTQW6d&amp;lr=&amp;as_brr=1&amp;hl=fr\" target=\"_blank\" rel=\"noopener\">Acc\u00e9der au volume<\/a> (juil.-ao\u00fbt-sept.) sur <b>GoogleBooks<\/b><\/p>\n<p><b>730711<\/b><br \/>\nAntonio Planelli<br \/>\n<i>Dell&rsquo; Opera in Musica. Trait\u00e9 de l&rsquo;op\u00e9ra<\/i><br \/>\n15 juillet 1773, Tome I, Partie I, p. 61-66<br \/>\n(Journal encyclop\u00e9dique)<br \/>\n<a href=\"http:\/\/books.google.be\/books?id=sJAUAAAAQAAJ&amp;printsec=frontcover&amp;dq=editions:0qCv5MvfosIxTQW6d&amp;lr=&amp;as_brr=1&amp;hl=fr\" target=\"_blank\" rel=\"noopener\">Acc\u00e9der au volume<\/a> (juil.-ao\u00fbt-sept.) sur <b>GoogleBooks<\/b><\/p>\n<p style=\"text-align: justify;\"><b>730712<\/b><br \/>\nWilliam Buchan<br \/>\n<i>Domestic Medicine, &amp;c. M\u00e9decine domestique, ou, Trait\u00e9 sur les moyens de pr\u00e9venir et de gu\u00e9rir, le r\u00e9gime et des rem\u00e8des simples, les maladies les plus communes<\/i><br \/>\n15 juillet 1773, Tome I, Partie I, p. 67-71<br \/>\n(Journal encyclop\u00e9dique)<br \/>\n<a href=\"http:\/\/books.google.be\/books?id=sJAUAAAAQAAJ&amp;printsec=frontcover&amp;dq=editions:0qCv5MvfosIxTQW6d&amp;lr=&amp;as_brr=1&amp;hl=fr\" target=\"_blank\" rel=\"noopener\">Acc\u00e9der au volume<\/a> (juil.-ao\u00fbt-sept.) sur <b>GoogleBooks<\/b><\/p>\n<p style=\"text-align: justify;\"><b>730713<\/b><br \/>\nJean-Fran\u00e7ois Vauvilliers<br \/>\n<i>Ode \u00e0 Mgr. le Duc de la Vrilli\u00e8re, ministre et secr\u00e9taire d&rsquo;\u00e9tat sur le r\u00e9tablissement du Coll\u00e8ge royal de France<\/i><br \/>\n15 juillet 1773, Tome I, Partie I, p. 72-76<br \/>\n<a href=\"http:\/\/books.google.be\/books?id=sJAUAAAAQAAJ&amp;printsec=frontcover&amp;dq=editions:0qCv5MvfosIxTQW6d&amp;lr=&amp;as_brr=1&amp;hl=fr\" target=\"_blank\" rel=\"noopener\">Acc\u00e9der au volume<\/a> (juil.-ao\u00fbt-sept.) sur <b>GoogleBooks<\/b><\/p>\n<p style=\"text-align: justify;\"><b>730714<\/b><br \/>\nJean-Antoine Rigoley de Juvigny<br \/>\n<i>Les biblioth\u00e8ques fran\u00e7aises de la Croix du Maine et de du Verdier; nouvelle \u00e9dition<\/i><br \/>\n30 juillet 1773, Tome I, Partie II, p. 99-105<br \/>\n(Ann\u00e9e litt\u00e9raire)<br \/>\n<a href=\"http:\/\/books.google.be\/books?id=sJAUAAAAQAAJ&amp;printsec=frontcover&amp;dq=editions:0qCv5MvfosIxTQW6d&amp;lr=&amp;as_brr=1&amp;hl=fr\" target=\"_blank\" rel=\"noopener\">Acc\u00e9der au volume<\/a> (juil.-ao\u00fbt-sept.) sur <b>GoogleBooks<\/b><\/p>\n<p><b>730715<\/b><br \/>\nTite-Live<br \/>\n<i>Historiarum Libri XCI<\/i><br \/>\n30 juillet 1773, Tome I, Partie II, p. 106-13<br \/>\n(Efemeridi Letterarie di Roma)<br \/>\n<a href=\"http:\/\/books.google.be\/books?id=sJAUAAAAQAAJ&amp;printsec=frontcover&amp;dq=editions:0qCv5MvfosIxTQW6d&amp;lr=&amp;as_brr=1&amp;hl=fr\" target=\"_blank\" rel=\"noopener\">Acc\u00e9der au volume<\/a> (juil.-ao\u00fbt-sept.) sur <b>GoogleBooks<\/b><\/p>\n<p style=\"text-align: justify;\"><b>730716<\/b><br \/>\nAndr\u00e9 Gottlieb Masch<br \/>\n<i>Die gottesdienstlichen Altherth\u00fcmer der Obotriten, &amp;c. Antiquit\u00e9s religieuses des Obotrites trouv\u00e9es dans le temple de Rh\u00e9tra sur le Tollenzer-See ; destin\u00e9es et grav\u00e9es en taille-douce d&rsquo;apr\u00e8s les originaux, avec les explications<\/i><br \/>\n30 juillet 1773, Tome I, Partie II, p. 113-19<br \/>\n<a href=\"http:\/\/books.google.be\/books?id=sJAUAAAAQAAJ&amp;printsec=frontcover&amp;dq=editions:0qCv5MvfosIxTQW6d&amp;lr=&amp;as_brr=1&amp;hl=fr\" target=\"_blank\" rel=\"noopener\">Acc\u00e9der au volume<\/a> (juil.-ao\u00fbt-sept.) sur <b>GoogleBooks<\/b><\/p>\n<p style=\"text-align: justify;\"><b>730717<\/b><br \/>\nCesare Beccaria<br \/>\n<i>Trait\u00e9 des d\u00e9lits et des peines. Traduit de l&rsquo;italien d&rsquo;apr\u00e8s la 6me \u00e9dition, revue et corrig\u00e9e et augment\u00e9e de plusieurs chapitres par l&rsquo;auteur; auquel on a joint plusieurs pi\u00e8ces int\u00e9ressantes pour l&rsquo;intelligence du texte <\/i><a href=\"http:\/\/www.gedhs.ulg.ac.be\/recherches\/espritdesjournaux\/articles\/edj730717.html\" target=\"_top\"><b>[MODE TEXTE]<\/b><\/a><br \/>\n30 juillet 1773, Tome I, Partie II, p. 120-25<br \/>\n<a href=\"http:\/\/books.google.be\/books?id=sJAUAAAAQAAJ&amp;printsec=frontcover&amp;dq=editions:0qCv5MvfosIxTQW6d&amp;lr=&amp;as_brr=1&amp;hl=fr\" target=\"_blank\" rel=\"noopener\">Acc\u00e9der au volume<\/a> (juil.-ao\u00fbt-sept.) sur <b>GoogleBooks<\/b><\/p>\n<p><b>730718<\/b><br \/>\nBarth\u00e9l\u00e9my Imbert<br \/>\n<i>Le ma\u00eetre et l&rsquo;esclave. Fable<\/i><br \/>\n30 juillet 1773, Tome I, Partie II, p. 125-27<br \/>\n<a href=\"http:\/\/books.google.be\/books?id=sJAUAAAAQAAJ&amp;printsec=frontcover&amp;dq=editions:0qCv5MvfosIxTQW6d&amp;lr=&amp;as_brr=1&amp;hl=fr\" target=\"_blank\" rel=\"noopener\">Acc\u00e9der au volume<\/a> (juil.-ao\u00fbt-sept.) sur <b>GoogleBooks<\/b><\/p>\n<p><b>730719<\/b><br \/>\nEdme-Louis Billardon de Sauvigny<br \/>\n<i>Parnasse des Dames, tome second<\/i><br \/>\n30 juillet 1773, Tome I, Partie II, p. 127-41<br \/>\n(Journal des Savants)<br \/>\n<a href=\"http:\/\/books.google.be\/books?id=sJAUAAAAQAAJ&amp;printsec=frontcover&amp;dq=editions:0qCv5MvfosIxTQW6d&amp;lr=&amp;as_brr=1&amp;hl=fr\" target=\"_blank\" rel=\"noopener\">Acc\u00e9der au volume<\/a> (juil.-ao\u00fbt-sept.) sur <b>GoogleBooks<\/b><\/p>\n<p><b>730720<\/b>[Voltaire]\n<i>Sur l&rsquo;esclavage impos\u00e9 \u00e0 des citoyens par une vieille coutume<\/i><br \/>\n30 juillet 1773, Tome I, Partie II, p. 141-46<br \/>\n(Mercure de France)<br \/>\n<a href=\"http:\/\/books.google.be\/books?id=sJAUAAAAQAAJ&amp;printsec=frontcover&amp;dq=editions:0qCv5MvfosIxTQW6d&amp;lr=&amp;as_brr=1&amp;hl=fr\" target=\"_blank\" rel=\"noopener\">Acc\u00e9der au volume<\/a> (juil.-ao\u00fbt-sept.) sur <b>GoogleBooks<\/b><\/p>\n<p style=\"text-align: justify;\"><b>730721<\/b><br \/>\nM. de V. [Voltaire]\n<i>Vers attribu\u00e9s \u00e0 M. de V. au sujet d&rsquo;une Ordonnance de sa saintet\u00e9 qui d\u00e9fend un abus tr\u00e8s condamnable<\/i><br \/>\n30 juillet 1773, Tome I, Partie II, p. 146-49<br \/>\n(Tir\u00e9s d&rsquo;un manuscrit)<br \/>\n<a href=\"http:\/\/books.google.be\/books?id=sJAUAAAAQAAJ&amp;printsec=frontcover&amp;dq=editions:0qCv5MvfosIxTQW6d&amp;lr=&amp;as_brr=1&amp;hl=fr\" target=\"_blank\" rel=\"noopener\">Acc\u00e9der au volume<\/a> (juil.-ao\u00fbt-sept.) sur <b>GoogleBooks<\/b><\/p>\n<p style=\"text-align: justify;\"><b>730722<\/b><br \/>\nC\u00e9sar-Guillaume de la Luzerne<br \/>\n<i>Oraison fun\u00e8bre du tr\u00e8s-haut, tr\u00e8s-puissant et tr\u00e8s-excellent Prince Charles-Emmanuel III, Roi de Sardaigne<\/i><br \/>\n30 juillet 1773, Tome I, Partie II, p. 149-54<br \/>\n(Journal des Beaux-Arts)<br \/>\n<a href=\"http:\/\/books.google.be\/books?id=sJAUAAAAQAAJ&amp;printsec=frontcover&amp;dq=editions:0qCv5MvfosIxTQW6d&amp;lr=&amp;as_brr=1&amp;hl=fr\" target=\"_blank\" rel=\"noopener\">Acc\u00e9der au volume<\/a> (juil.-ao\u00fbt-sept.) sur <b>GoogleBooks<\/b><\/p>\n<p style=\"text-align: justify;\"><b>730723<\/b><br \/>\nAntoine Sabatier de Castres<br \/>\n<i>Abr\u00e9g\u00e9 historique de la vie de Marie-Th\u00e9r\u00e8se, Imp\u00e9ratrice-Reine de Hongrie, et de Charles-Emmanuel III, Roi de Sardaigne, tir\u00e9 de la Galerie Universelle des Hommes c\u00e9l\u00e8bres<\/i><br \/>\n30 juillet 1773, Tome I, Partie II, p. 154-57<br \/>\n(Journal des Beaux-Arts)<br \/>\n<a href=\"http:\/\/books.google.be\/books?id=sJAUAAAAQAAJ&amp;printsec=frontcover&amp;dq=editions:0qCv5MvfosIxTQW6d&amp;lr=&amp;as_brr=1&amp;hl=fr\" target=\"_blank\" rel=\"noopener\">Acc\u00e9der au volume<\/a> (juil.-ao\u00fbt-sept.) sur <b>GoogleBooks<\/b><\/p>\n<p><b>730724<\/b>[Nicolas-Louis Bourgeois]\n<i>Christophe Colomb, ou l&rsquo;Am\u00e9rique d\u00e9couverte, po\u00e8me<\/i><br \/>\n30 juillet 1773, Tome I, Partie II, p. 158-62<br \/>\n(Gazette de Litt\u00e9rature)<br \/>\n<a href=\"http:\/\/books.google.be\/books?id=sJAUAAAAQAAJ&amp;printsec=frontcover&amp;dq=editions:0qCv5MvfosIxTQW6d&amp;lr=&amp;as_brr=1&amp;hl=fr\" target=\"_blank\" rel=\"noopener\">Acc\u00e9der au volume<\/a> (juil.-ao\u00fbt-sept.) sur <b>GoogleBooks<\/b><\/p>\n<p><b>730725<\/b><br \/>\nClaude-Fran\u00e7ois-Xavier Millot<br \/>\n<i>\u00c9l\u00e9ments de l&rsquo;histoire g\u00e9n\u00e9rale, 1re partie. Histoire ancienne<\/i><br \/>\n30 juillet 1773, Tome I, Partie II, p. 163-68<br \/>\n(Journal Encyclop\u00e9dique)<br \/>\n<a href=\"http:\/\/books.google.be\/books?id=sJAUAAAAQAAJ&amp;printsec=frontcover&amp;dq=editions:0qCv5MvfosIxTQW6d&amp;lr=&amp;as_brr=1&amp;hl=fr\" target=\"_blank\" rel=\"noopener\">Acc\u00e9der au volume<\/a> (juil.-ao\u00fbt-sept.) sur <b>GoogleBooks<\/b><\/p>\n<p style=\"text-align: justify;\"><b>730801<\/b><br \/>\nAnt.-Et. Mille<br \/>\n<i>Abr\u00e9g\u00e9 chronologique de l&rsquo;histoire eccl\u00e9siastique, civile et litt\u00e9raire de Bourgogne, depuis l&rsquo;\u00e9tablissement des Bourguignons dans les Gaules, jusqu&rsquo;\u00e0 l&rsquo;ann\u00e9e 1772<\/i><br \/>\n15 ao\u00fbt 1773, Tome II, Partie I, p. 3-11<br \/>\n(Journal des Beaux-Arts)<br \/>\n<a href=\"http:\/\/books.google.be\/books?id=sJAUAAAAQAAJ&amp;printsec=frontcover&amp;dq=editions:0qCv5MvfosIxTQW6d&amp;lr=&amp;as_brr=1&amp;hl=fr\" target=\"_blank\" rel=\"noopener\">Acc\u00e9der au volume<\/a> (juil.-ao\u00fbt-sept.) sur <b>GoogleBooks<\/b><\/p>\n<p style=\"text-align: justify;\"><b>730802<\/b><br \/>\nDom Fran\u00e7ois Rousseau<br \/>\n<i>Extrait d&rsquo;une lettre pour servir de r\u00e9ponse aux honn\u00eatet\u00e9s de M. Mille dans l&rsquo;Avertissement du troisi\u00e8me volume de son Abr\u00e9g\u00e9 chronologique de l&rsquo;histoire de Bourgogne<\/i><br \/>\n15 ao\u00fbt 1773, Tome II, Partie I, p. 11-18<br \/>\n(Journal Encyclop\u00e9dique)<br \/>\n<a href=\"http:\/\/books.google.be\/books?id=sJAUAAAAQAAJ&amp;printsec=frontcover&amp;dq=editions:0qCv5MvfosIxTQW6d&amp;lr=&amp;as_brr=1&amp;hl=fr\" target=\"_blank\" rel=\"noopener\">Acc\u00e9der au volume<\/a> (juil.-ao\u00fbt-sept.) sur <b>GoogleBooks<\/b><\/p>\n<p><b>730803<\/b><br \/>\nAntoine-L\u00e9onard Thomas<br \/>\n<i>\u0152uvres. Nouvelle \u00e9dition, revue, corrig\u00e9e et augment\u00e9e d&rsquo;un Essai sur les \u00e9loges<\/i><br \/>\n15 ao\u00fbt 1773, Tome II, Partie I, p. 18-45<br \/>\n(Journal des Savants; Journal Encyclop\u00e9dique; Journal des Beaux-Arts; Mercure de France)<br \/>\n<a href=\"http:\/\/books.google.be\/books?id=sJAUAAAAQAAJ&amp;printsec=frontcover&amp;dq=editions:0qCv5MvfosIxTQW6d&amp;lr=&amp;as_brr=1&amp;hl=fr\" target=\"_blank\" rel=\"noopener\">Acc\u00e9der au volume<\/a> (juil.-ao\u00fbt-sept.) sur <b>GoogleBooks<\/b><\/p>\n<p><b>730804<\/b><br \/>\nAbb\u00e9 Jannet<br \/>\n<i>Traduction des Vers de Tyrth\u00e9e, sur la valeur<\/i><br \/>\n15 ao\u00fbt 1773, Tome II, Partie I, p. 45-50<br \/>\n(Journal des Beaux-Arts)<br \/>\n<a href=\"http:\/\/books.google.be\/books?id=sJAUAAAAQAAJ&amp;printsec=frontcover&amp;dq=editions:0qCv5MvfosIxTQW6d&amp;lr=&amp;as_brr=1&amp;hl=fr\" target=\"_blank\" rel=\"noopener\">Acc\u00e9der au volume<\/a> (juil.-ao\u00fbt-sept.) sur <b>GoogleBooks<\/b><\/p>\n<p><b>730805<\/b><br \/>\nJean-Louis Aubert<br \/>\n<i>Fables nouvelles. Quatri\u00e8me \u00e9dition consid\u00e9rablement augment\u00e9e<\/i><br \/>\n15 ao\u00fbt 1773, Tome II, Partie I, p. 50-58<br \/>\n(Mercure de France)<br \/>\n<a href=\"http:\/\/books.google.be\/books?id=sJAUAAAAQAAJ&amp;printsec=frontcover&amp;dq=editions:0qCv5MvfosIxTQW6d&amp;lr=&amp;as_brr=1&amp;hl=fr\" target=\"_blank\" rel=\"noopener\">Acc\u00e9der au volume<\/a> (juil.-ao\u00fbt-sept.) sur <b>GoogleBooks<\/b><\/p>\n<p><b>730806<\/b>[Nicolas Bricaire de La Dixm\u00e9rie]\n<i>La Com\u00e8te. Conte en l&rsquo;air<\/i><br \/>\n15 ao\u00fbt 1773, Tome II, Partie I, p. 58-63<br \/>\n(Journal des Beaux-Arts)<br \/>\n<a href=\"http:\/\/books.google.be\/books?id=sJAUAAAAQAAJ&amp;printsec=frontcover&amp;dq=editions:0qCv5MvfosIxTQW6d&amp;lr=&amp;as_brr=1&amp;hl=fr\" target=\"_blank\" rel=\"noopener\">Acc\u00e9der au volume<\/a> (juil.-ao\u00fbt-sept.) sur <b>GoogleBooks<\/b><\/p>\n<p style=\"text-align: justify;\"><b>730807<\/b><br \/>\n<i>Nouveaux m\u00e9moires de l&rsquo;Acad\u00e9mie royale des sciences et belles-lettres de Berlin. Ann\u00e9e 1771<\/i><br \/>\n15 ao\u00fbt 1773, Tome II, Partie I, p. 63-69<br \/>\n(Gazette de Litt\u00e9rature)<br \/>\n<a href=\"http:\/\/books.google.be\/books?id=sJAUAAAAQAAJ&amp;printsec=frontcover&amp;dq=editions:0qCv5MvfosIxTQW6d&amp;lr=&amp;as_brr=1&amp;hl=fr\" target=\"_blank\" rel=\"noopener\">Acc\u00e9der au volume<\/a> (juil.-ao\u00fbt-sept.) sur <b>GoogleBooks<\/b><\/p>\n<p><b>730808<\/b><br \/>\nBillardon de Sauvigny<br \/>\n<i>Quatrain de Nosside sur Sapho<\/i><br \/>\n15 ao\u00fbt 1773, Tome II, Partie I, p. 69<br \/>\n<a href=\"http:\/\/books.google.be\/books?id=sJAUAAAAQAAJ&amp;printsec=frontcover&amp;dq=editions:0qCv5MvfosIxTQW6d&amp;lr=&amp;as_brr=1&amp;hl=fr\" target=\"_blank\" rel=\"noopener\">Acc\u00e9der au volume<\/a> (juil.-ao\u00fbt-sept.) sur <b>GoogleBooks<\/b><\/p>\n<p style=\"text-align: justify;\"><b>730809<\/b><br \/>\n<i>Vers de L\u00e9onide sur la mort d&rsquo;Erinne, rivale de Sapho en po\u00e9sie, traduit du grec<\/i><br \/>\n15 ao\u00fbt 1773, Tome II, Partie I, p. 69<br \/>\n<a href=\"http:\/\/books.google.be\/books?id=sJAUAAAAQAAJ&amp;printsec=frontcover&amp;dq=editions:0qCv5MvfosIxTQW6d&amp;lr=&amp;as_brr=1&amp;hl=fr\" target=\"_blank\" rel=\"noopener\">Acc\u00e9der au volume<\/a> (juil.-ao\u00fbt-sept.) sur <b>GoogleBooks<\/b><\/p>\n<p><b>730810<\/b><br \/>\nNicolas Bricaire de la Dixm\u00e9rie<br \/>\n<i>Toni et Clairette<\/i><br \/>\n15 ao\u00fbt 1773, Tome II, Partie I, p. 70-72<br \/>\n(Gazette de Litt\u00e9rature)<br \/>\n<a href=\"http:\/\/books.google.be\/books?id=sJAUAAAAQAAJ&amp;printsec=frontcover&amp;dq=editions:0qCv5MvfosIxTQW6d&amp;lr=&amp;as_brr=1&amp;hl=fr\" target=\"_blank\" rel=\"noopener\">Acc\u00e9der au volume<\/a> (juil.-ao\u00fbt-sept.) sur <b>GoogleBooks<\/b><\/p>\n<p style=\"text-align: justify;\"><b>730811<\/b><br \/>\nJean-Baptiste Collet de Messine<br \/>\n<i>Sara, ou la fermi\u00e8re \u00e9cossaise, Com\u00e9die en deux actes et en vers, m\u00eal\u00e9e d&rsquo;ariettes<\/i><br \/>\n15 ao\u00fbt 1773, Tome II, Partie I, p. 72-74<br \/>\n(Gazette de Litt\u00e9rature)<br \/>\n<a href=\"http:\/\/books.google.be\/books?id=sJAUAAAAQAAJ&amp;printsec=frontcover&amp;dq=editions:0qCv5MvfosIxTQW6d&amp;lr=&amp;as_brr=1&amp;hl=fr\" target=\"_blank\" rel=\"noopener\">Acc\u00e9der au volume<\/a> (juil.-ao\u00fbt-sept.) sur <b>GoogleBooks<\/b><\/p>\n<p><b>730812<\/b><br \/>\nJean-Baptiste Artaud<br \/>\n<i>Le Centenaire de Moli\u00e8re, Com\u00e9die en un acte en vers et en prose<\/i><br \/>\n15 ao\u00fbt 1773, Tome II, Partie I, p. 75-79<br \/>\n(Ann\u00e9e Litt\u00e9raire)<br \/>\n<a href=\"http:\/\/books.google.be\/books?id=sJAUAAAAQAAJ&amp;printsec=frontcover&amp;dq=editions:0qCv5MvfosIxTQW6d&amp;lr=&amp;as_brr=1&amp;hl=fr\" target=\"_blank\" rel=\"noopener\">Acc\u00e9der au volume<\/a> (juil.-ao\u00fbt-sept.) sur <b>GoogleBooks<\/b><\/p>\n<p><b>730813<\/b><br \/>\nChevalier de Laur\u00e8s [Michel de Cubi\u00e8res-Palm\u00e9zeaux]\n<i>La Pharsale, po\u00e8me<\/i><br \/>\n30 ao\u00fbt 1773, Tome II, Partie II, p. 99-108<br \/>\n(Gazette de Litt\u00e9rature; Mercure de France)<br \/>\n<a href=\"http:\/\/books.google.be\/books?id=sJAUAAAAQAAJ&amp;printsec=frontcover&amp;dq=editions:0qCv5MvfosIxTQW6d&amp;lr=&amp;as_brr=1&amp;hl=fr\" target=\"_blank\" rel=\"noopener\">Acc\u00e9der au volume<\/a> (juil.-ao\u00fbt-sept.) sur <b>GoogleBooks<\/b><\/p>\n<p><b>730814<\/b><br \/>\n<i>Sur la litt\u00e9rature allemande<\/i><br \/>\n30 ao\u00fbt 1773, Tome II, Partie II, p. 108-12<br \/>\n(L&rsquo;Observateur fran\u00e7ais)<br \/>\n<a href=\"http:\/\/books.google.be\/books?id=sJAUAAAAQAAJ&amp;printsec=frontcover&amp;dq=editions:0qCv5MvfosIxTQW6d&amp;lr=&amp;as_brr=1&amp;hl=fr\" target=\"_blank\" rel=\"noopener\">Acc\u00e9der au volume<\/a> (juil.-ao\u00fbt-sept.) sur <b>GoogleBooks<\/b><\/p>\n<p><b>730815<\/b><br \/>\n<i>Canal de Picardie<\/i><br \/>\n30 ao\u00fbt 1773, Tome II, Partie II, p. 112-14<br \/>\n(Affiches et articles divers)<br \/>\n<a href=\"http:\/\/books.google.be\/books?id=sJAUAAAAQAAJ&amp;printsec=frontcover&amp;dq=editions:0qCv5MvfosIxTQW6d&amp;lr=&amp;as_brr=1&amp;hl=fr\" target=\"_blank\" rel=\"noopener\">Acc\u00e9der au volume<\/a> (juil.-ao\u00fbt-sept.) sur <b>GoogleBooks<\/b><\/p>\n<p><b>730816<\/b><br \/>\nPaul Joseph Barthez<br \/>\n<i>Oratio Academica de principio vitali hominis<\/i><br \/>\n30 ao\u00fbt 1773, Tome II, Partie II, p. 114-19<br \/>\n(Journal des Savants; La Nature consid\u00e9r\u00e9e)<br \/>\n<a href=\"http:\/\/books.google.be\/books?id=sJAUAAAAQAAJ&amp;printsec=frontcover&amp;dq=editions:0qCv5MvfosIxTQW6d&amp;lr=&amp;as_brr=1&amp;hl=fr\" target=\"_blank\" rel=\"noopener\">Acc\u00e9der au volume<\/a> (juil.-ao\u00fbt-sept.) sur <b>GoogleBooks<\/b><\/p>\n<p><b>730817<\/b><br \/>\n<i>R\u00e9flexions sur les actes qui pr\u00e9c\u00e8dent le mariage; tir\u00e9es du Spectateur fran\u00e7ais<\/i><br \/>\n30 ao\u00fbt 1773, Tome II, Partie II, p. 119-24<br \/>\n(Spectateur fran\u00e7ais)<br \/>\n<a href=\"http:\/\/books.google.be\/books?id=sJAUAAAAQAAJ&amp;printsec=frontcover&amp;dq=editions:0qCv5MvfosIxTQW6d&amp;lr=&amp;as_brr=1&amp;hl=fr\" target=\"_blank\" rel=\"noopener\">Acc\u00e9der au volume<\/a> (juil.-ao\u00fbt-sept.) sur <b>GoogleBooks<\/b><\/p>\n<p><b>730818<\/b><br \/>\n<i>Galerie universelle, contenant les portraits des personnes c\u00e9l\u00e8bres<\/i><br \/>\n30 ao\u00fbt 1773, Tome II, Partie II, p. 125-29<br \/>\n(Journal des Beaux-Arts)<br \/>\n<a href=\"http:\/\/books.google.be\/books?id=sJAUAAAAQAAJ&amp;printsec=frontcover&amp;dq=editions:0qCv5MvfosIxTQW6d&amp;lr=&amp;as_brr=1&amp;hl=fr\" target=\"_blank\" rel=\"noopener\">Acc\u00e9der au volume<\/a> (juil.-ao\u00fbt-sept.) sur <b>GoogleBooks<\/b><\/p>\n<p><b>730819<\/b><br \/>\nGuillaume-Antoine Lemonnier<br \/>\n<i>Fables, contes et \u00e9p\u00eetres<\/i><br \/>\n30 ao\u00fbt 1773, Tome II, Partie II, p. 129-35<br \/>\n(Ann\u00e9e litt\u00e9raire)<br \/>\n<a href=\"http:\/\/books.google.be\/books?id=sJAUAAAAQAAJ&amp;printsec=frontcover&amp;dq=editions:0qCv5MvfosIxTQW6d&amp;lr=&amp;as_brr=1&amp;hl=fr\" target=\"_blank\" rel=\"noopener\">Acc\u00e9der au volume<\/a> (juil.-ao\u00fbt-sept.) sur <b>GoogleBooks<\/b><\/p>\n<p style=\"text-align: justify;\"><b>730820<\/b><br \/>\n<i>Causes c\u00e9l\u00e8bres, curieuses et int\u00e9ressantes de toutes les cours souveraines du Royaume avec les jugements qui les ont d\u00e9cid\u00e9es<\/i><br \/>\n30 ao\u00fbt 1773, Tome II, Partie II, p. 135-45<br \/>\n(Ann\u00e9e litt\u00e9raire)<br \/>\n<a href=\"http:\/\/books.google.be\/books?id=sJAUAAAAQAAJ&amp;printsec=frontcover&amp;dq=editions:0qCv5MvfosIxTQW6d&amp;lr=&amp;as_brr=1&amp;hl=fr\" target=\"_blank\" rel=\"noopener\">Acc\u00e9der au volume<\/a> (juil.-ao\u00fbt-sept.) sur <b>GoogleBooks<\/b><\/p>\n<p><b>730821<\/b><br \/>\nAntoine Yart<br \/>\n<i>Observations sur un article des Trois si\u00e8cles de notre litt\u00e9rature<\/i><br \/>\n30 ao\u00fbt 1773, Tome II, Partie II, p. 146-49<br \/>\n(Journal Encyclop\u00e9dique)<br \/>\n<a href=\"http:\/\/books.google.be\/books?id=sJAUAAAAQAAJ&amp;printsec=frontcover&amp;dq=editions:0qCv5MvfosIxTQW6d&amp;lr=&amp;as_brr=1&amp;hl=fr\" target=\"_blank\" rel=\"noopener\">Acc\u00e9der au volume<\/a> (juil.-ao\u00fbt-sept.) sur <b>GoogleBooks<\/b><\/p>\n<p style=\"text-align: justify;\"><b>730822<\/b><br \/>\nMoyse Bertram<br \/>\n<i>Observations sur les vers \u00e0 soie qui naissent dans l&rsquo;Am\u00e9rique septentrionale<\/i><br \/>\n30 ao\u00fbt 1773, Tome II, Partie II, p. 149-58<br \/>\n(Observations sur la Physique, les Arts, etc.)<br \/>\n<a href=\"http:\/\/books.google.be\/books?id=sJAUAAAAQAAJ&amp;printsec=frontcover&amp;dq=editions:0qCv5MvfosIxTQW6d&amp;lr=&amp;as_brr=1&amp;hl=fr\" target=\"_blank\" rel=\"noopener\">Acc\u00e9der au volume<\/a> (juil.-ao\u00fbt-sept.) sur <b>GoogleBooks<\/b><\/p>\n<p><b>730823<\/b><br \/>\nFran\u00e7ois-Henri Turpin<br \/>\n<i>Histoire de la vie de Mahomet, l\u00e9gislateur de l&rsquo;Arabie<\/i><br \/>\n30 ao\u00fbt 1773, Tome II, Partie II, p. 159-66<br \/>\n(Journal des Savants)<br \/>\n<a href=\"http:\/\/books.google.be\/books?id=sJAUAAAAQAAJ&amp;printsec=frontcover&amp;dq=editions:0qCv5MvfosIxTQW6d&amp;lr=&amp;as_brr=1&amp;hl=fr\" target=\"_blank\" rel=\"noopener\">Acc\u00e9der au volume<\/a> (juil.-ao\u00fbt-sept.) sur <b>GoogleBooks<\/b><\/p>\n<p><b>730901<\/b><br \/>\n<i>Journal de musique, par une soci\u00e9t\u00e9 d&rsquo;amateurs<\/i><br \/>\n15 septembre 1773, Tome III, Partie I, p. 3-8<br \/>\n(Ann\u00e9e litt\u00e9raire)<br \/>\n<a href=\"http:\/\/books.google.be\/books?id=sJAUAAAAQAAJ&amp;printsec=frontcover&amp;dq=editions:0qCv5MvfosIxTQW6d&amp;lr=&amp;as_brr=1&amp;hl=fr\" target=\"_blank\" rel=\"noopener\">Acc\u00e9der au volume<\/a> (juil.-ao\u00fbt-sept.) sur <b>GoogleBooks<\/b><\/p>\n<p><b>730902<\/b><br \/>\nLouis d&rsquo;Ussieux<br \/>\n<i>Cl\u00e9mence d&rsquo;Entragues ou le Si\u00e8ge d&rsquo;Aubigny, anecdote fran\u00e7aise<\/i><br \/>\n15 septembre 1773, Tome III, Partie I, p. 9-18<br \/>\n(Ann\u00e9e litt\u00e9raire)<br \/>\n<a href=\"http:\/\/books.google.be\/books?id=sJAUAAAAQAAJ&amp;printsec=frontcover&amp;dq=editions:0qCv5MvfosIxTQW6d&amp;lr=&amp;as_brr=1&amp;hl=fr\" target=\"_blank\" rel=\"noopener\">Acc\u00e9der au volume<\/a> (juil.-ao\u00fbt-sept.) sur <b>GoogleBooks<\/b><\/p>\n<p style=\"text-align: justify;\"><b>730903<\/b><br \/>\nAnton Friedrich B\u00fcsching<br \/>\n<i>Magazin f\u00fcr die neue Historie und Geographie, etc. Magasin pour l&rsquo;Histoire moderne et pour la g\u00e9ographie<\/i><br \/>\n15 septembre 1773, Tome III, Partie I, p. 18-21<br \/>\n(Gazette de Litt\u00e9rature)<br \/>\n<a href=\"http:\/\/books.google.be\/books?id=sJAUAAAAQAAJ&amp;printsec=frontcover&amp;dq=editions:0qCv5MvfosIxTQW6d&amp;lr=&amp;as_brr=1&amp;hl=fr\" target=\"_blank\" rel=\"noopener\">Acc\u00e9der au volume<\/a> (juil.-ao\u00fbt-sept.) sur <b>GoogleBooks<\/b><\/p>\n<p style=\"text-align: justify;\"><b>730904<\/b><br \/>\nJohn Dalrymphe<br \/>\n<i>Memoirs of Great Britain, etc. M\u00e9moires de la Grande-Bretagne et de l&rsquo;Irlande, depuis la dissolution du dernier Parlement de Charles II, jusqu&rsquo;\u00e0 la bataille navale de la Hogue, tome II<\/i><br \/>\n15 septembre 1773, Tome III, Partie I, p. 22-26<br \/>\n(Gazette de Litt\u00e9rature)<br \/>\n<a href=\"http:\/\/books.google.be\/books?id=sJAUAAAAQAAJ&amp;printsec=frontcover&amp;dq=editions:0qCv5MvfosIxTQW6d&amp;lr=&amp;as_brr=1&amp;hl=fr\" target=\"_blank\" rel=\"noopener\">Acc\u00e9der au volume<\/a> (juil.-ao\u00fbt-sept.) sur <b>GoogleBooks<\/b><\/p>\n<p style=\"text-align: justify;\"><b>730905<\/b><br \/>\nLady Russel<br \/>\n<i>Letters of Lady Russel, etc. Lettres de Lady Russel tir\u00e9es du manuscrit conserv\u00e9 dans la biblioth\u00e8que de l&rsquo;Abbaye d&rsquo;Obburn<\/i><br \/>\n15 septembre 1773, Tome III, Partie I, p. 26-29<br \/>\n(Gazette de Litt\u00e9rature)<br \/>\n<a href=\"http:\/\/books.google.be\/books?id=sJAUAAAAQAAJ&amp;printsec=frontcover&amp;dq=editions:0qCv5MvfosIxTQW6d&amp;lr=&amp;as_brr=1&amp;hl=fr\" target=\"_blank\" rel=\"noopener\">Acc\u00e9der au volume<\/a> (juil.-ao\u00fbt-sept.) sur <b>GoogleBooks<\/b><\/p>\n<p><b>730906<\/b><br \/>\nJean-Jacques Lefranc de Pompignan<br \/>\n<i>Racine \u00e0 Mademoiselle le Couvreur<\/i><br \/>\n15 septembre 1773, Tome III, Partie I, p. 29-31<br \/>\n<a href=\"http:\/\/books.google.be\/books?id=sJAUAAAAQAAJ&amp;printsec=frontcover&amp;dq=editions:0qCv5MvfosIxTQW6d&amp;lr=&amp;as_brr=1&amp;hl=fr\" target=\"_blank\" rel=\"noopener\">Acc\u00e9der au volume<\/a> (juil.-ao\u00fbt-sept.) sur <b>GoogleBooks<\/b><\/p>\n<p style=\"text-align: justify;\"><b>730907<\/b>[Guillaume Bertroux]\n<i>Anecdotes espagnoles et portugaises depuis l&rsquo;origine de la Nation jusqu&rsquo;\u00e0 nos jours<\/i><br \/>\n15 septembre 1773, Tome III, Partie I, p. 32-34<br \/>\n(Journal des Beaux-Arts)<br \/>\n<a href=\"http:\/\/books.google.be\/books?id=sJAUAAAAQAAJ&amp;printsec=frontcover&amp;dq=editions:0qCv5MvfosIxTQW6d&amp;lr=&amp;as_brr=1&amp;hl=fr\" target=\"_blank\" rel=\"noopener\">Acc\u00e9der au volume<\/a> (juil.-ao\u00fbt-sept.) sur <b>GoogleBooks<\/b><\/p>\n<p style=\"text-align: justify;\"><b>730908<\/b>[Philippe-Nicolas Pia]\n<i>D\u00e9tail des succ\u00e8s de l&rsquo;\u00e9tablissement que la Ville de Paris a fait en faveur des personnes noy\u00e9es. Avec les diff\u00e9rentes instructions qui y sont relatives<\/i><br \/>\n15 septembre 1773, Tome III, Partie I, p. 34-41<br \/>\n(Journal des Savants)<br \/>\n<a href=\"http:\/\/books.google.be\/books?id=sJAUAAAAQAAJ&amp;printsec=frontcover&amp;dq=editions:0qCv5MvfosIxTQW6d&amp;lr=&amp;as_brr=1&amp;hl=fr\" target=\"_blank\" rel=\"noopener\">Acc\u00e9der au volume<\/a> (juil.-ao\u00fbt-sept.) sur <b>GoogleBooks<\/b><\/p>\n<p style=\"text-align: justify;\"><b>730909<\/b><br \/>\nRossel<br \/>\n<i>Discours sur l&rsquo;utilit\u00e9 et les avantages d&rsquo;une soci\u00e9t\u00e9 consacr\u00e9e en m\u00eame temps \u00e0 la religion et aux lettres<\/i><br \/>\n15 septembre 1773, Tome III, Partie I, p. 41-44<br \/>\n(Ann\u00e9e litt\u00e9raire)<br \/>\n<a href=\"http:\/\/books.google.be\/books?id=sJAUAAAAQAAJ&amp;printsec=frontcover&amp;dq=editions:0qCv5MvfosIxTQW6d&amp;lr=&amp;as_brr=1&amp;hl=fr\" target=\"_blank\" rel=\"noopener\">Acc\u00e9der au volume<\/a> (juil.-ao\u00fbt-sept.) sur <b>GoogleBooks<\/b><\/p>\n<p style=\"text-align: justify;\"><b>730910<\/b><br \/>\nJean-Fran\u00e7ois de La Harpe<br \/>\n<i>R\u00e9ponse de M. de la Harpe aux vers de M. L. C. de** [Voltaire], ins\u00e9r\u00e9s dans le Mercure de juillet<\/i> [<a href=\"http:\/\/www.gedhs.ulg.ac.be\/recherches\/espritdesjournaux\/pdf\/730910.pdf\" target=\"_blank\" rel=\"noopener\">MODE IMAGE<\/a>]\n15 septembre 1773, Tome III, Partie I, p. 44-46<br \/>\n<a href=\"http:\/\/books.google.be\/books?id=sJAUAAAAQAAJ&amp;printsec=frontcover&amp;dq=editions:0qCv5MvfosIxTQW6d&amp;lr=&amp;as_brr=1&amp;hl=fr\" target=\"_blank\" rel=\"noopener\">Acc\u00e9der au volume<\/a> (juil.-ao\u00fbt-sept.) sur <b>GoogleBooks<\/b><\/p>\n<p><b>730911<\/b><br \/>\nClaude-Fran\u00e7ois-Xavier Millot<br \/>\n<i>\u00c9l\u00e9ments d&rsquo;histoire g\u00e9n\u00e9rale, seconde partie. Histoire moderne<\/i><br \/>\n15 septembre 1773, Tome III, Partie I, p. 46-49<br \/>\n(Mercure de France)<br \/>\n<a href=\"http:\/\/books.google.be\/books?id=sJAUAAAAQAAJ&amp;printsec=frontcover&amp;dq=editions:0qCv5MvfosIxTQW6d&amp;lr=&amp;as_brr=1&amp;hl=fr\" target=\"_blank\" rel=\"noopener\">Acc\u00e9der au volume<\/a> (juil.-ao\u00fbt-sept.) sur <b>GoogleBooks<\/b><\/p>\n<p><b>730912<\/b><br \/>\nM. de V. [Voltaire]\n<i>Lettre \u00e0 Madame la C. D. B.<\/i><br \/>\n15 septembre 1773, Tome III, Partie I, p. 50<br \/>\n<a href=\"http:\/\/books.google.be\/books?id=sJAUAAAAQAAJ&amp;printsec=frontcover&amp;dq=editions:0qCv5MvfosIxTQW6d&amp;lr=&amp;as_brr=1&amp;hl=fr\" target=\"_blank\" rel=\"noopener\">Acc\u00e9der au volume<\/a> (juil.-ao\u00fbt-sept.) sur <b>GoogleBooks<\/b><\/p>\n<p><b>730913<\/b><br \/>\n<i>Lettre \u00e0 Madame L. M. D. P.<\/i><br \/>\n15 septembre 1773, Tome III, Partie I, p. 51-54<br \/>\n(Mercure de France)<br \/>\n<a href=\"http:\/\/books.google.be\/books?id=sJAUAAAAQAAJ&amp;printsec=frontcover&amp;dq=editions:0qCv5MvfosIxTQW6d&amp;lr=&amp;as_brr=1&amp;hl=fr\" target=\"_blank\" rel=\"noopener\">Acc\u00e9der au volume<\/a> (juil.-ao\u00fbt-sept.) sur <b>GoogleBooks<\/b><\/p>\n<p><b>730914<\/b><br \/>\nM. de P*** [Corn\u00e9lius de Pauw]\n<i>Recherches philosophiques sur les \u00c9gyptiens et les Chinois<\/i><br \/>\n15 septembre 1773, Tome III, Partie I, p. 54-89<br \/>\n<a href=\"http:\/\/books.google.be\/books?id=sJAUAAAAQAAJ&amp;printsec=frontcover&amp;dq=editions:0qCv5MvfosIxTQW6d&amp;lr=&amp;as_brr=1&amp;hl=fr\" target=\"_blank\" rel=\"noopener\">Acc\u00e9der au volume<\/a> (juil.-ao\u00fbt-sept.) sur <b>GoogleBooks<\/b><\/p>\n<p><b>730915<\/b><br \/>\nAntoine Mong\u00e8s<br \/>\n<i>M\u00e9moire sur l&rsquo;imitation du vol des oiseaux <\/i><a href=\"http:\/\/www.gedhs.ulg.ac.be\/recherches\/espritdesjournaux\/articles\/edj730915.html\" target=\"_blank\" rel=\"noopener\"><b>[MODE TEXTE]<\/b><\/a><br \/>\n30 septembre 1773, Tome III, Partie II, p. 99-107<br \/>\n(Observations sur la Physique, etc.)<br \/>\n<a href=\"http:\/\/books.google.be\/books?id=sJAUAAAAQAAJ&amp;printsec=frontcover&amp;dq=editions:0qCv5MvfosIxTQW6d&amp;lr=&amp;as_brr=1&amp;hl=fr\" target=\"_blank\" rel=\"noopener\">Acc\u00e9der au volume<\/a> (juil.-ao\u00fbt-sept.) sur <b>GoogleBooks<\/b><\/p>\n<p><b>730916<\/b><br \/>\nFran\u00e7ois Xavier Talbert<br \/>\n<i>Parall\u00e8le de Bossuet et de F\u00e9nelon, tir\u00e9 de l&rsquo;\u00e9loge de Bossuet<\/i><br \/>\n30 septembre 1773, Tome III, Partie II, p. 107-10<br \/>\n(Ann\u00e9e litt\u00e9raire)<\/p>\n<p><b>730917<\/b><br \/>\nFran\u00e7ois-Thomas-Marie de Baculard d&rsquo;Arnaud<br \/>\n<i>Fabliau intitul\u00e9 : Force d&rsquo;amour. Tir\u00e9 de Sargines, Nouvelle<\/i><br \/>\n30 septembre 1773, Tome III, Partie II, p. 110-17<br \/>\n(Ann\u00e9e litt\u00e9raire)<br \/>\n<a href=\"http:\/\/books.google.be\/books?id=sJAUAAAAQAAJ&amp;printsec=frontcover&amp;dq=editions:0qCv5MvfosIxTQW6d&amp;lr=&amp;as_brr=1&amp;hl=fr\" target=\"_blank\" rel=\"noopener\">Acc\u00e9der au volume<\/a> (juil.-ao\u00fbt-sept.) sur <b>GoogleBooks<\/b><\/p>\n<p><b>730918<\/b><br \/>\nJean-Fran\u00e7ois de Saint-Lambert<br \/>\n<i>Les saisons. Po\u00e8me. Cinqui\u00e8me \u00e9dition, revue et corrig\u00e9e<\/i><br \/>\n30 septembre 1773, Tome III, Partie II, p. 118-29<br \/>\n(Journal des Savants)<br \/>\n<a href=\"http:\/\/books.google.be\/books?id=sJAUAAAAQAAJ&amp;printsec=frontcover&amp;dq=editions:0qCv5MvfosIxTQW6d&amp;lr=&amp;as_brr=1&amp;hl=fr\" target=\"_blank\" rel=\"noopener\">Acc\u00e9der au volume<\/a> (juil.-ao\u00fbt-sept.) sur <b>GoogleBooks<\/b><\/p>\n<p><b>730919<\/b><br \/>\nBarth\u00e9l\u00e9my Imbert<br \/>\n<i>L&rsquo;Ours p\u00e9nitent<\/i><br \/>\n30 septembre 1773, Tome III, Partie II, p. 130<br \/>\n<a href=\"http:\/\/books.google.be\/books?id=sJAUAAAAQAAJ&amp;printsec=frontcover&amp;dq=editions:0qCv5MvfosIxTQW6d&amp;lr=&amp;as_brr=1&amp;hl=fr\" target=\"_blank\" rel=\"noopener\">Acc\u00e9der au volume<\/a> (juil.-ao\u00fbt-sept.) sur <b>GoogleBooks<\/b><\/p>\n<p><b>730920<\/b><br \/>\nFran\u00e7ois-Thomas-Marie de Baculard d&rsquo;Arnaud<br \/>\n<i>Z\u00e9nothemis, Anecdote marseillaise<\/i><br \/>\n30 septembre 1773, Tome III, Partie II, p. 131-43<br \/>\n(Mercure de France)<br \/>\n<a href=\"http:\/\/books.google.be\/books?id=sJAUAAAAQAAJ&amp;printsec=frontcover&amp;dq=editions:0qCv5MvfosIxTQW6d&amp;lr=&amp;as_brr=1&amp;hl=fr\" target=\"_blank\" rel=\"noopener\">Acc\u00e9der au volume<\/a> (juil.-ao\u00fbt-sept.) sur <b>GoogleBooks<\/b><\/p>\n<p><b>730921<\/b><br \/>\nGabriel-Charles de Lattaignant<br \/>\n<i>Chanson sur les vieux<\/i><br \/>\n30 septembre 1773, Tome III, Partie II, p. 143-45<br \/>\n<a href=\"http:\/\/books.google.be\/books?id=sJAUAAAAQAAJ&amp;printsec=frontcover&amp;dq=editions:0qCv5MvfosIxTQW6d&amp;lr=&amp;as_brr=1&amp;hl=fr\" target=\"_blank\" rel=\"noopener\">Acc\u00e9der au volume<\/a> (juil.-ao\u00fbt-sept.) sur <b>GoogleBooks<\/b><\/p>\n<p><b>730922<\/b><br \/>\n<i>Parodie. Les jeunes gens veng\u00e9s.<\/i><br \/>\n30 septembre 1773, Tome III, Partie II, p. 145-47<br \/>\n(Mercure de France)<br \/>\n<a href=\"http:\/\/books.google.be\/books?id=sJAUAAAAQAAJ&amp;printsec=frontcover&amp;dq=editions:0qCv5MvfosIxTQW6d&amp;lr=&amp;as_brr=1&amp;hl=fr\" target=\"_blank\" rel=\"noopener\">Acc\u00e9der au volume<\/a> (juil.-ao\u00fbt-sept.) sur <b>GoogleBooks<\/b><\/p>\n<p style=\"text-align: justify;\"><b>730923<\/b><br \/>\nMoli\u00e8re<br \/>\n<i>\u0152uvres, avec des remarques grammaticales, des avertissements et des observations sur chaque pi\u00e8ce<\/i><br \/>\n30 septembre 1773, Tome III, Partie II, p. 147-64<br \/>\n(Journal encyclop\u00e9dique)<br \/>\n<a href=\"http:\/\/books.google.be\/books?id=sJAUAAAAQAAJ&amp;printsec=frontcover&amp;dq=editions:0qCv5MvfosIxTQW6d&amp;lr=&amp;as_brr=1&amp;hl=fr\" target=\"_blank\" rel=\"noopener\">Acc\u00e9der au volume<\/a> (juil.-ao\u00fbt-sept.) sur <b>GoogleBooks<\/b><\/p>\n<p style=\"text-align: justify;\"><b>730924<\/b><br \/>\n<i>Lettre d&rsquo;un Russe, sur la peine du knout, adress\u00e9e aux auteurs du Journal Encyclop\u00e9dique<\/i> [<a href=\"http:\/\/www.gedhs.ulg.ac.be\/recherches\/espritdesjournaux\/pdf\/730924.pdf\" target=\"_blank\" rel=\"noopener\">MODE IMAGE<\/a>]\n30 septembre 1773, Tome III, Partie II, p. 165-68<br \/>\n<a href=\"http:\/\/books.google.be\/books?id=sJAUAAAAQAAJ&amp;printsec=frontcover&amp;dq=editions:0qCv5MvfosIxTQW6d&amp;lr=&amp;as_brr=1&amp;hl=fr\" target=\"_blank\" rel=\"noopener\">Acc\u00e9der au volume<\/a> (juil.-ao\u00fbt-sept.) sur <b>GoogleBooks<\/b><\/p>\n<p style=\"text-align: justify;\"><b>731001<\/b><br \/>\n<i>Sur la mendicit\u00e9; pourvoir \u00e0 sa subsistance est de droit naturel; ceux qui manquent de subsistance ne peuvent pas \u00eatre punis; devoirs de l&rsquo;\u00c9tat, de ceux qui gouvernent les Provinces, Communaut\u00e9s ou Villes; de ce que font les Suisses pour les pauvres<\/i><br \/>\n15 octobre 1773, Tome IV, Partie I, p. 3-12<br \/>\n(Observateur fran\u00e7ais)<br \/>\n<a href=\"http:\/\/books.google.be\/books?id=nP8SAAAAYAAJ&amp;printsec=frontcover&amp;dq=editions:0YywDHrPuX_Qlj6G&amp;lr=&amp;as_brr=1&amp;hl=fr\" target=\"_blank\" rel=\"noopener\">Acc\u00e9der au volume<\/a> (oct.-nov.d\u00e9c.) sur <b>GoogleBooks<\/b><\/p>\n<p><b>731002<\/b><br \/>\nP\u00e8re Berthier<br \/>\n<i>Lettre du P. Bertier, de l&rsquo;Oratoire, \u00e0 M. l&rsquo;Abb\u00e9 Aubert<\/i><br \/>\n15 octobre 1773, Tome IV, Partie I, p. 12-13<br \/>\n(Journal des Beaux-Arts)<br \/>\n<a href=\"http:\/\/books.google.be\/books?id=nP8SAAAAYAAJ&amp;printsec=frontcover&amp;dq=editions:0YywDHrPuX_Qlj6G&amp;lr=&amp;as_brr=1&amp;hl=fr\" target=\"_blank\" rel=\"noopener\">Acc\u00e9der au volume<\/a> (oct.-nov.d\u00e9c.) sur <b>GoogleBooks<\/b><\/p>\n<p><b>731003<\/b><br \/>\nJean-Fran\u00e7ois de La Harpe<br \/>\n<i>La Navigation. Ode qui a remport\u00e9 le Prix de po\u00e9sie de l&rsquo;Acad\u00e9mie fran\u00e7aise en 1773<\/i><br \/>\n15 octobre 1773, Tome IV, Partie I, p. 14-27<br \/>\n(Ann\u00e9e litt\u00e9raire)<br \/>\n<a href=\"http:\/\/books.google.be\/books?id=nP8SAAAAYAAJ&amp;printsec=frontcover&amp;dq=editions:0YywDHrPuX_Qlj6G&amp;lr=&amp;as_brr=1&amp;hl=fr\" target=\"_blank\" rel=\"noopener\">Acc\u00e9der au volume<\/a> (oct.-nov.d\u00e9c.) sur <b>GoogleBooks<\/b><\/p>\n<p><b>731004<\/b><br \/>\n<i>Lettre \u00e0 Madame la C. de B. sur les r\u00e9coltes. \u00c0 Paris 26 ao\u00fbt 1773<\/i><br \/>\n15 octobre 1773, Tome IV, Partie I, p. 27-35<br \/>\n(Journal d&rsquo;Agriculture)<br \/>\n<a href=\"http:\/\/books.google.be\/books?id=nP8SAAAAYAAJ&amp;printsec=frontcover&amp;dq=editions:0YywDHrPuX_Qlj6G&amp;lr=&amp;as_brr=1&amp;hl=fr\" target=\"_blank\" rel=\"noopener\">Acc\u00e9der au volume<\/a> (oct.-nov.d\u00e9c.) sur <b>GoogleBooks<\/b><\/p>\n<p><b>731005<\/b><br \/>\nNicolas-Joseph-Laurent Gilbert<br \/>\n<i>Le Jugement dernier, Ode qui a concouru au Prix de l&rsquo;Acad\u00e9mie fran\u00e7aise, pour l&rsquo;ann\u00e9e 1773<\/i><br \/>\n15 octobre 1773, Tome IV, Partie I, p. 35-38<br \/>\n<a href=\"http:\/\/books.google.be\/books?id=nP8SAAAAYAAJ&amp;printsec=frontcover&amp;dq=editions:0YywDHrPuX_Qlj6G&amp;lr=&amp;as_brr=1&amp;hl=fr\" target=\"_blank\" rel=\"noopener\">Acc\u00e9der au volume<\/a> (oct.-nov.d\u00e9c.) sur <b>GoogleBooks<\/b><\/p>\n<p><b>731006<\/b>[Jacques Necker]\n<i>\u00c9loge de Jean-Baptiste Colbert. Discours qui a remport\u00e9 le Prix de l&rsquo;Acad\u00e9mie fran\u00e7aise en 1773<br \/>\n<\/i>15 octobre 1773, Tome IV, Partie I, p. 38-42<br \/>\n(Ann\u00e9e litt\u00e9raire)<br \/>\n<a href=\"http:\/\/books.google.be\/books?id=nP8SAAAAYAAJ&amp;printsec=frontcover&amp;dq=editions:0YywDHrPuX_Qlj6G&amp;lr=&amp;as_brr=1&amp;hl=fr\" target=\"_blank\" rel=\"noopener\">Acc\u00e9der au volume<\/a> (oct.-nov.d\u00e9c.) sur <b>GoogleBooks<\/b><\/p>\n<p><b>731007<\/b><br \/>\n<i>\u00c9p\u00eetre d&rsquo;un vieillard \u00e0 un ami de son \u00e2ge<\/i><br \/>\n15 octobre 1773, Tome IV, Partie I, p. 42-45<br \/>\n(Gazette de Litt\u00e9rature)<br \/>\n<a href=\"http:\/\/books.google.be\/books?id=nP8SAAAAYAAJ&amp;printsec=frontcover&amp;dq=editions:0YywDHrPuX_Qlj6G&amp;lr=&amp;as_brr=1&amp;hl=fr\" target=\"_blank\" rel=\"noopener\">Acc\u00e9der au volume<\/a> (oct.-nov.d\u00e9c.) sur <b>GoogleBooks<\/b><\/p>\n<p><b>731008<\/b><br \/>\nLouis Mangenot<br \/>\n<i>L&rsquo;abeille et l&rsquo;\u00e9coli\u00e8re<\/i><br \/>\n15 octobre 1773, Tome IV, Partie I, p. 45<br \/>\n(Mercure de France)<br \/>\n<a href=\"http:\/\/books.google.be\/books?id=nP8SAAAAYAAJ&amp;printsec=frontcover&amp;dq=editions:0YywDHrPuX_Qlj6G&amp;lr=&amp;as_brr=1&amp;hl=fr\" target=\"_blank\" rel=\"noopener\">Acc\u00e9der au volume<\/a> (oct.-nov.d\u00e9c.) sur <b>GoogleBooks<\/b><\/p>\n<p><b>731009<\/b><br \/>\nCharles-Hercule de Keranflech<br \/>\n<i>Dissertation sur les miracles, pour servir d&rsquo;\u00e9claircissement au syst\u00e8me de l&rsquo;impuissance des causes secondes<\/i><br \/>\n15 octobre 1773, Tome IV, Partie I, p. 46-52<br \/>\n(Journal encyclop\u00e9dique)<br \/>\n<a href=\"http:\/\/books.google.be\/books?id=nP8SAAAAYAAJ&amp;printsec=frontcover&amp;dq=editions:0YywDHrPuX_Qlj6G&amp;lr=&amp;as_brr=1&amp;hl=fr\" target=\"_blank\" rel=\"noopener\">Acc\u00e9der au volume<\/a> (oct.-nov.d\u00e9c.) sur <b>GoogleBooks<\/b><\/p>\n<p><b>731010<\/b><br \/>\nLouis-Robert-Parfait Durufl\u00e9<br \/>\n<i>\u00c9p\u00eetre \u00e0 un ami malheureux, qui a concouru \u00e0 l&rsquo;Acad\u00e9mie fran\u00e7aise pour le prix de po\u00e9sie<\/i><br \/>\n15 octobre 1773, Tome IV, Partie I, p. 52-56<br \/>\n(Ann\u00e9e litt\u00e9raire)<br \/>\n<a href=\"http:\/\/books.google.be\/books?id=nP8SAAAAYAAJ&amp;printsec=frontcover&amp;dq=editions:0YywDHrPuX_Qlj6G&amp;lr=&amp;as_brr=1&amp;hl=fr\" target=\"_blank\" rel=\"noopener\">Acc\u00e9der au volume<\/a> (oct.-nov.d\u00e9c.) sur <b>GoogleBooks<\/b><\/p>\n<p><b>731011<\/b><br \/>\nM. L. D. B.<br \/>\n<i>Vers \u00e0 l&rsquo;occasion du portait du Roi de Su\u00e8de, peint dans l&rsquo;habillement qu&rsquo;il portait le jour de la grande r\u00e9volution<\/i><br \/>\n15 octobre 1773, Tome IV, Partie I, p. 57<br \/>\n(Mercure de France)<br \/>\n<a href=\"http:\/\/books.google.be\/books?id=nP8SAAAAYAAJ&amp;printsec=frontcover&amp;dq=editions:0YywDHrPuX_Qlj6G&amp;lr=&amp;as_brr=1&amp;hl=fr\" target=\"_blank\" rel=\"noopener\">Acc\u00e9der au volume<\/a> (oct.-nov.d\u00e9c.) sur <b>GoogleBooks<\/b><\/p>\n<p><b>731012<\/b><br \/>\nJohann Hermann von Riedesel<br \/>\n<i>Remarques d&rsquo;un voyageur moderne au Levant<\/i><br \/>\n15 octobre 1773, Tome IV, Partie I, p. 57-66<br \/>\n(Gazette de Litt\u00e9rature)<br \/>\n<a href=\"http:\/\/books.google.be\/books?id=nP8SAAAAYAAJ&amp;printsec=frontcover&amp;dq=editions:0YywDHrPuX_Qlj6G&amp;lr=&amp;as_brr=1&amp;hl=fr\" target=\"_blank\" rel=\"noopener\">Acc\u00e9der au volume<\/a> (oct.-nov.d\u00e9c.) sur <b>GoogleBooks<\/b><\/p>\n<p><b>731013<\/b>[Antoine-Ang\u00e9lique Chomel]\n<i>Am\u00e9nit\u00e9s litt\u00e9raires et Recueil d&rsquo;anecdotes<\/i><br \/>\n15 octobre 1773, Tome IV, Partie I, p. 67-72<br \/>\n(Journal des Savants)<br \/>\n<a href=\"http:\/\/books.google.be\/books?id=nP8SAAAAYAAJ&amp;printsec=frontcover&amp;dq=editions:0YywDHrPuX_Qlj6G&amp;lr=&amp;as_brr=1&amp;hl=fr\" target=\"_blank\" rel=\"noopener\">Acc\u00e9der au volume<\/a> (oct.-nov.d\u00e9c.) sur <b>GoogleBooks<\/b><\/p>\n<p style=\"text-align: justify;\"><b>731014<\/b><br \/>\n<i>Recueil de lettres de S. M. le Roi de Prusse, pour servir \u00e0 l&rsquo;histoire de la guerre derni\u00e8re. On y a joint une relation de la bataille de Rosbach, et plusieurs autres pi\u00e8ces qui n&rsquo;ont jamais paru; le tout enrichi de notes : par un officier g\u00e9n\u00e9ral au service de la Maison d&rsquo;Autriche. Seconde \u00e9dition corrig\u00e9e, consid\u00e9rablement augment\u00e9e<\/i><br \/>\n30 octobre 1773, Tome IV, Partie II, p. 99-108<br \/>\n(Gazette de Litt\u00e9rature)<br \/>\n<a href=\"http:\/\/books.google.be\/books?id=nP8SAAAAYAAJ&amp;printsec=frontcover&amp;dq=editions:0YywDHrPuX_Qlj6G&amp;lr=&amp;as_brr=1&amp;hl=fr\" target=\"_blank\" rel=\"noopener\">Acc\u00e9der au volume<\/a> (oct.-nov.d\u00e9c.) sur <b>GoogleBooks<\/b><\/p>\n<p style=\"text-align: justify;\"><b>731015<\/b><br \/>\nPierre-Paul-Nicolas Henrion de Pansey<br \/>\n<i>Trait\u00e9 des fiefs de Dumoulin, analys\u00e9 et conf\u00e9r\u00e9 avec les autres feudistes. Par. M. Henrion de Pensey, avocat au Parlement<\/i><br \/>\n30 octobre 1773, Tome IV, Partie II, p. 108-15<br \/>\n(Journal des Beaux-Arts)<br \/>\n<a href=\"http:\/\/books.google.be\/books?id=nP8SAAAAYAAJ&amp;printsec=frontcover&amp;dq=editions:0YywDHrPuX_Qlj6G&amp;lr=&amp;as_brr=1&amp;hl=fr\" target=\"_blank\" rel=\"noopener\">Acc\u00e9der au volume<\/a> (oct.-nov.d\u00e9c.) sur <b>GoogleBooks<\/b><\/p>\n<p><b>731016<\/b><br \/>\nMottin de la Balme<br \/>\n<i>Essais sur l&rsquo;\u00e9quitation, ou principes raisonn\u00e9s sur l&rsquo;art de monter et de dresser les chevaux<\/i><br \/>\n30 octobre 1773, Tome IV, Partie II, p. 116-17<br \/>\n<a href=\"http:\/\/books.google.be\/books?id=nP8SAAAAYAAJ&amp;printsec=frontcover&amp;dq=editions:0YywDHrPuX_Qlj6G&amp;lr=&amp;as_brr=1&amp;hl=fr\" target=\"_blank\" rel=\"noopener\">Acc\u00e9der au volume<\/a> (oct.-nov.d\u00e9c.) sur <b>GoogleBooks<\/b><\/p>\n<p><b>731017<\/b><br \/>\nPierre-Nicolas Andr\u00e9-Murville<br \/>\n<i>\u00c9p\u00eetre d&rsquo;un jeune po\u00e8te \u00e0 un jeune guerrier, Pi\u00e8ce qui a concouru pour le Prix de l&rsquo;Acad\u00e9mie fran\u00e7aise en 1773<\/i><br \/>\n30 octobre 1773, Tome IV, Partie II, p. 118-20<br \/>\n(Ann\u00e9e Litt\u00e9raire)<br \/>\n<a href=\"http:\/\/books.google.be\/books?id=nP8SAAAAYAAJ&amp;printsec=frontcover&amp;dq=editions:0YywDHrPuX_Qlj6G&amp;lr=&amp;as_brr=1&amp;hl=fr\" target=\"_blank\" rel=\"noopener\">Acc\u00e9der au volume<\/a> (oct.-nov.d\u00e9c.) sur <b>GoogleBooks<\/b><\/p>\n<p><b>731018<\/b><br \/>\nLouis-Gabriel Du Buat-Nan\u00e7ay<br \/>\n<i>Histoire ancienne des peuples de l&rsquo;Europe<\/i><br \/>\n30 octobre 1773, Tome IV, Partie II, p. 121-32<br \/>\n(Ann\u00e9e litt\u00e9raire)<br \/>\n<a href=\"http:\/\/books.google.be\/books?id=nP8SAAAAYAAJ&amp;printsec=frontcover&amp;dq=editions:0YywDHrPuX_Qlj6G&amp;lr=&amp;as_brr=1&amp;hl=fr\" target=\"_blank\" rel=\"noopener\">Acc\u00e9der au volume<\/a> (oct.-nov.d\u00e9c.) sur <b>GoogleBooks<\/b><\/p>\n<p><b>731019<\/b><br \/>\nDoigny Du Ponceau<br \/>\n<i>\u00c9p\u00eetre \u00e0 un homme de lettres c\u00e9libataire; pi\u00e8ce qui a concouru pour le Prix de l&rsquo;Acad\u00e9mie fran\u00e7aise en 1773<\/i><br \/>\n30 octobre 1773, Tome IV, Partie II, p. 133-36<br \/>\n<a href=\"http:\/\/books.google.be\/books?id=nP8SAAAAYAAJ&amp;printsec=frontcover&amp;dq=editions:0YywDHrPuX_Qlj6G&amp;lr=&amp;as_brr=1&amp;hl=fr\" target=\"_blank\" rel=\"noopener\">Acc\u00e9der au volume<\/a> (oct.-nov.d\u00e9c.) sur <b>GoogleBooks<\/b><\/p>\n<p><b>731020<\/b><br \/>\nJean-Michel Lobstein<br \/>\n<i>Commentatio historico-philologica de Montibus Ebal et Garizim Deuteronomi XXVII 4<\/i><br \/>\n30 octobre 1773, Tome IV, Partie II, p. 136-39<br \/>\n(Journal des Savants)<br \/>\n<a href=\"http:\/\/books.google.be\/books?id=nP8SAAAAYAAJ&amp;printsec=frontcover&amp;dq=editions:0YywDHrPuX_Qlj6G&amp;lr=&amp;as_brr=1&amp;hl=fr\" target=\"_blank\" rel=\"noopener\">Acc\u00e9der au volume<\/a> (oct.-nov.d\u00e9c.) sur <b>GoogleBooks<\/b><\/p>\n<p><b>731021<\/b><br \/>\nAbb\u00e9 Potet<br \/>\n<i>Lettre d&rsquo;un p\u00e8re laboureur \u00e0 son fils parvenu<\/i><br \/>\n30 octobre 1773, Tome IV, Partie II, p. 139-42<br \/>\n(Mercure de France)<br \/>\n<a href=\"http:\/\/books.google.be\/books?id=nP8SAAAAYAAJ&amp;printsec=frontcover&amp;dq=editions:0YywDHrPuX_Qlj6G&amp;lr=&amp;as_brr=1&amp;hl=fr\" target=\"_blank\" rel=\"noopener\">Acc\u00e9der au volume<\/a> (oct.-nov.d\u00e9c.) sur <b>GoogleBooks<\/b><\/p>\n<p><b>731022<\/b><br \/>\nJean-Fran\u00e7ois de La Harpe<br \/>\n<i>Imitation de la premi\u00e8re \u00c9l\u00e9gie de Tibulle<\/i><br \/>\n30 octobre 1773, Tome IV, Partie II, p. 143-46<br \/>\n(Mercure de France)<br \/>\n<a href=\"http:\/\/books.google.be\/books?id=nP8SAAAAYAAJ&amp;printsec=frontcover&amp;dq=editions:0YywDHrPuX_Qlj6G&amp;lr=&amp;as_brr=1&amp;hl=fr\" target=\"_blank\" rel=\"noopener\">Acc\u00e9der au volume<\/a> (oct.-nov.d\u00e9c.) sur <b>GoogleBooks<\/b><\/p>\n<p style=\"text-align: justify;\"><b>731023<\/b><br \/>\nFriedrich-Wilhelm-Karl von Schmettau<br \/>\n<i>M\u00e9moires secrets de la guerre d&rsquo;Hongrie, durant les campagnes de 1737, 1738 et 1739, avec des r\u00e9flexions critiques<\/i><br \/>\n30 octobre 1773, Tome IV, Partie II, p. 147-54<br \/>\n(Journal encyclop\u00e9dique)<br \/>\n<a href=\"http:\/\/books.google.be\/books?id=nP8SAAAAYAAJ&amp;printsec=frontcover&amp;dq=editions:0YywDHrPuX_Qlj6G&amp;lr=&amp;as_brr=1&amp;hl=fr\" target=\"_blank\" rel=\"noopener\">Acc\u00e9der au volume<\/a> (oct.-nov.d\u00e9c.) sur <b>GoogleBooks<\/b><\/p>\n<p><b>731024<\/b>[Giuseppe Gorani]\n<i>Saggio sulla publicca educazione, &amp;c. Essai sur l&rsquo;\u00e9ducation publique<\/i><br \/>\n30 octobre 1773, Tome IV, Partie II, p. 155-59<br \/>\n(Mercure de France)<br \/>\n<a href=\"http:\/\/books.google.be\/books?id=nP8SAAAAYAAJ&amp;printsec=frontcover&amp;dq=editions:0YywDHrPuX_Qlj6G&amp;lr=&amp;as_brr=1&amp;hl=fr\" target=\"_blank\" rel=\"noopener\">Acc\u00e9der au volume<\/a> (oct.-nov.d\u00e9c.) sur <b>GoogleBooks<\/b><\/p>\n<p><b>731025<\/b><br \/>\nJean-Philibert Maret<br \/>\n<i>M\u00e9moire sur l&rsquo;usage o\u00f9 l&rsquo;on est d&rsquo;enterrer les morts dans les \u00e9glises et dans l&rsquo;enceinte des villes<\/i><br \/>\n30 octobre 1773, Tome IV, Partie II, p. 159-67<br \/>\n(Ann\u00e9e litt\u00e9raire)<br \/>\n<a href=\"http:\/\/books.google.be\/books?id=nP8SAAAAYAAJ&amp;printsec=frontcover&amp;dq=editions:0YywDHrPuX_Qlj6G&amp;lr=&amp;as_brr=1&amp;hl=fr\" target=\"_blank\" rel=\"noopener\">Acc\u00e9der au volume<\/a> (oct.-nov.d\u00e9c.) sur <b>GoogleBooks<\/b><\/p>\n<p><b>731026<\/b><br \/>\nM. de V. [Voltaire]\n<i>\u00c9p\u00eetre \u00e0 M. de Marmontel<\/i><br \/>\n30 octobre 1773, Tome IV, Partie II, p. 167-69<br \/>\n(Gazette de Litt\u00e9rature)<br \/>\n<a href=\"http:\/\/books.google.be\/books?id=nP8SAAAAYAAJ&amp;printsec=frontcover&amp;dq=editions:0YywDHrPuX_Qlj6G&amp;lr=&amp;as_brr=1&amp;hl=fr\" target=\"_blank\" rel=\"noopener\">Acc\u00e9der au volume<\/a> (oct.-nov.d\u00e9c.) sur <b>GoogleBooks<\/b><\/p>\n<p><b>731101<\/b><br \/>\nJean-Fran\u00e7ois Coster<br \/>\n<i>\u00c9loge de Jean-Baptiste Colbert. Discours qui a obtenu le premier accessit au jugement de l&rsquo;Acad\u00e9mie fran\u00e7aise en 1773<\/i><br \/>\n15 novembre 1773, Tome V, Partie I, p. 3-14<br \/>\n(Ann\u00e9e litt\u00e9raire)<br \/>\n<a href=\"http:\/\/books.google.be\/books?id=nP8SAAAAYAAJ&amp;printsec=frontcover&amp;dq=editions:0YywDHrPuX_Qlj6G&amp;lr=&amp;as_brr=1&amp;hl=fr\" target=\"_blank\" rel=\"noopener\">Acc\u00e9der au volume<\/a> (oct.-nov.d\u00e9c.) sur <b>GoogleBooks<\/b><\/p>\n<p><b>731102<\/b><br \/>\nJean-Fran\u00e7ois de La Harpe<br \/>\n<i>Ode qui a remport\u00e9 le prix de l&rsquo;Acad\u00e9mie fran\u00e7aise, en 1773<\/i><br \/>\n15 novembre 1773, Tome V, Partie I, p. 15-20<br \/>\n<a href=\"http:\/\/books.google.be\/books?id=nP8SAAAAYAAJ&amp;printsec=frontcover&amp;dq=editions:0YywDHrPuX_Qlj6G&amp;lr=&amp;as_brr=1&amp;hl=fr\" target=\"_blank\" rel=\"noopener\">Acc\u00e9der au volume<\/a> (oct.-nov.d\u00e9c.) sur <b>GoogleBooks<\/b><\/p>\n<p><b>731103<\/b><br \/>\n<i>Ma profession de foi<\/i><br \/>\n15 novembre 1773, Tome V, Partie I, p. 21-24<br \/>\n(Journal encyclop\u00e9dique)<br \/>\n<a href=\"http:\/\/books.google.be\/books?id=nP8SAAAAYAAJ&amp;printsec=frontcover&amp;dq=editions:0YywDHrPuX_Qlj6G&amp;lr=&amp;as_brr=1&amp;hl=fr\" target=\"_blank\" rel=\"noopener\">Acc\u00e9der au volume<\/a> (oct.-nov.d\u00e9c.) sur <b>GoogleBooks<\/b><\/p>\n<p style=\"text-align: justify;\"><b>731104<\/b><br \/>\nJoseph de La Porte<br \/>\n<i>Le Voyageur fran\u00e7ais, ou la Connaissance de l&rsquo;ancien et du nouveau monde; mis au jour par l&rsquo;Abb\u00e9 Delaporte. Tomes XVII et XVIII<\/i><br \/>\n15 novembre 1773, Tome V, Partie I, p. 24-32<br \/>\n(Journal des Beaux-Arts)<br \/>\n<a href=\"http:\/\/books.google.be\/books?id=nP8SAAAAYAAJ&amp;printsec=frontcover&amp;dq=editions:0YywDHrPuX_Qlj6G&amp;lr=&amp;as_brr=1&amp;hl=fr\" target=\"_blank\" rel=\"noopener\">Acc\u00e9der au volume<\/a> (oct.-nov.d\u00e9c.) sur <b>GoogleBooks<\/b><\/p>\n<p><b>731105<\/b><br \/>\n<i>Des femmes<\/i><br \/>\n15 novembre 1773, Tome V, Partie I, p. 33-43<br \/>\n(Journal encyclop\u00e9dique)<br \/>\n<a href=\"http:\/\/books.google.be\/books?id=nP8SAAAAYAAJ&amp;printsec=frontcover&amp;dq=editions:0YywDHrPuX_Qlj6G&amp;lr=&amp;as_brr=1&amp;hl=fr\" target=\"_blank\" rel=\"noopener\">Acc\u00e9der au volume<\/a> (oct.-nov.d\u00e9c.) sur <b>GoogleBooks<\/b><\/p>\n<p style=\"text-align: justify;\"><b>731106<\/b><br \/>\n<i>Essai sur les ph\u00e9nom\u00e8nes de la nature, pris dans les \u00e9l\u00e9ments et les trois r\u00e8gnes des animaux, v\u00e9g\u00e9taux et min\u00e9raux, en forme de dictionnaire <\/i><a href=\"http:\/\/www.gedhs.ulg.ac.be\/recherches\/espritdesjournaux\/articles\/edj731106.html\" target=\"_top\"><b>[MODE TEXTE]<\/b><\/a><br \/>\n15 novembre 1773, Tome V, Partie I, p. 44-49<br \/>\n(Journal encyclop\u00e9dique)<br \/>\n<a href=\"http:\/\/books.google.be\/books?id=nP8SAAAAYAAJ&amp;printsec=frontcover&amp;dq=editions:0YywDHrPuX_Qlj6G&amp;lr=&amp;as_brr=1&amp;hl=fr\" target=\"_blank\" rel=\"noopener\">Acc\u00e9der au volume<\/a> (oct.-nov.d\u00e9c.) sur <b>GoogleBooks<\/b><\/p>\n<p style=\"text-align: justify;\"><b>731107<\/b><br \/>\nAnton Friedrich B\u00fcsching<br \/>\n<i>G\u00e9ographie universelle de M. Busching, Tome VII, contenant l&rsquo;Empire d&rsquo;Allemagne, seconde partie, savoir\u00a0: la suite du Cercle d&rsquo;Autriche, le Cercle de Bourgogone, et celui de Westphalie<\/i><br \/>\n15 novembre 1773, Tome V, Partie I, p. 50-57<br \/>\n(Journal des Beaux-Arts)<br \/>\n<a href=\"http:\/\/books.google.be\/books?id=nP8SAAAAYAAJ&amp;printsec=frontcover&amp;dq=editions:0YywDHrPuX_Qlj6G&amp;lr=&amp;as_brr=1&amp;hl=fr\" target=\"_blank\" rel=\"noopener\">Acc\u00e9der au volume<\/a> (oct.-nov.d\u00e9c.) sur <b>GoogleBooks<\/b><\/p>\n<p style=\"text-align: justify;\"><b>731108<\/b><br \/>\nJ\u00e9r\u00f4me de La Lande<br \/>\n<i>Lettre sur quelques voyages astronomiques ou g\u00e9ographiques, adress\u00e9e aux auteurs du Journal des Savants<\/i><br \/>\n15 novembre 1773, Tome V, Partie I, p. 58-66<br \/>\n(Journal des Savants)<br \/>\n<a href=\"http:\/\/books.google.be\/books?id=nP8SAAAAYAAJ&amp;printsec=frontcover&amp;dq=editions:0YywDHrPuX_Qlj6G&amp;lr=&amp;as_brr=1&amp;hl=fr\" target=\"_blank\" rel=\"noopener\">Acc\u00e9der au volume<\/a> (oct.-nov.d\u00e9c.) sur <b>GoogleBooks<\/b><\/p>\n<p style=\"text-align: justify;\"><b>731109<\/b><br \/>\nJohann Georg Sulzer<br \/>\n<i>Die Sch\u00f6nen K\u00fcnste, &amp;c. Les beaux-arts dans leur origine, leur v\u00e9ritable nature, et leur meilleure application<\/i><br \/>\n15 novembre 1773, Tome V, Partie I, p. 66-73<br \/>\n(Gazette de Litt\u00e9rature)<br \/>\n<a href=\"http:\/\/books.google.be\/books?id=nP8SAAAAYAAJ&amp;printsec=frontcover&amp;dq=editions:0YywDHrPuX_Qlj6G&amp;lr=&amp;as_brr=1&amp;hl=fr\" target=\"_blank\" rel=\"noopener\">Acc\u00e9der au volume<\/a> (oct.-nov.d\u00e9c.) sur <b>GoogleBooks<\/b><\/p>\n<p><b>731110<\/b><br \/>\n<i>Fait historique et qui peut servir \u00e0 l&rsquo;intelligence des vv 4 et 5 du Pseaume 57<\/i><br \/>\n15 novembre 1773, Tome V, Partie I, p. 73-75<br \/>\n(Journal eccl\u00e9siastique)<br \/>\n<a href=\"http:\/\/books.google.be\/books?id=nP8SAAAAYAAJ&amp;printsec=frontcover&amp;dq=editions:0YywDHrPuX_Qlj6G&amp;lr=&amp;as_brr=1&amp;hl=fr\" target=\"_blank\" rel=\"noopener\">Acc\u00e9der au volume<\/a> (oct.-nov.d\u00e9c.) sur <b>GoogleBooks<\/b><\/p>\n<p><b>731111<\/b><br \/>\n<i>La r\u00e9volution pardonnable<\/i><br \/>\n15 novembre 1773, Tome V, Partie I, p. 76-77<br \/>\n(Gazette de Litt\u00e9rature)<br \/>\n<a href=\"http:\/\/books.google.be\/books?id=nP8SAAAAYAAJ&amp;printsec=frontcover&amp;dq=editions:0YywDHrPuX_Qlj6G&amp;lr=&amp;as_brr=1&amp;hl=fr\" target=\"_blank\" rel=\"noopener\">Acc\u00e9der au volume<\/a> (oct.-nov.d\u00e9c.) sur <b>GoogleBooks<\/b><\/p>\n<p><b>731112<\/b><br \/>\n<i>Du croisement des esp\u00e8ces<\/i><br \/>\n30 novembre 1773, Tome V, Partie II, p. 99-104<br \/>\n<a href=\"http:\/\/books.google.be\/books?id=nP8SAAAAYAAJ&amp;printsec=frontcover&amp;dq=editions:0YywDHrPuX_Qlj6G&amp;lr=&amp;as_brr=1&amp;hl=fr\" target=\"_blank\" rel=\"noopener\">Acc\u00e9der au volume<\/a> (oct.-nov.d\u00e9c.) sur <b>GoogleBooks<\/b><\/p>\n<p><b>731113<\/b><br \/>\nAndr\u00e9 de Schouwaloff<br \/>\n<i>R\u00e9ponse aux vers de M. de la Harpe<\/i><br \/>\n30 novembre 1773, Tome V, Partie II, p. 105-07<br \/>\n(Mercure de France)<br \/>\n<a href=\"http:\/\/books.google.be\/books?id=nP8SAAAAYAAJ&amp;printsec=frontcover&amp;dq=editions:0YywDHrPuX_Qlj6G&amp;lr=&amp;as_brr=1&amp;hl=fr\" target=\"_blank\" rel=\"noopener\">Acc\u00e9der au volume<\/a> (oct.-nov.d\u00e9c.) sur <b>GoogleBooks<\/b><\/p>\n<p style=\"text-align: justify;\"><b>731114<\/b><br \/>\nFran\u00e7ois Sabbathier<br \/>\n<i>Dictionnaire pour l&rsquo;intelligence des auteurs classiques, grecs et latins, tant sacr\u00e9s que profanes, contenant la g\u00e9ographie, l&rsquo;histoire, la fable et les antiquit\u00e9s<\/i><br \/>\n30 novembre 1773, Tome V, Partie II, p. 107-14<br \/>\n(Ann\u00e9e litt\u00e9raire)<br \/>\n<a href=\"http:\/\/books.google.be\/books?id=nP8SAAAAYAAJ&amp;printsec=frontcover&amp;dq=editions:0YywDHrPuX_Qlj6G&amp;lr=&amp;as_brr=1&amp;hl=fr\" target=\"_blank\" rel=\"noopener\">Acc\u00e9der au volume<\/a> (oct.-nov.d\u00e9c.) sur <b>GoogleBooks<\/b><\/p>\n<p style=\"text-align: justify;\"><b>731115<\/b><br \/>\nMarie de Rabutin-Chantal S\u00e9vign\u00e9 \/ Pauline de Grignan Simiane<br \/>\n<i>Lettres nouvelles, ou nouvellement recouvr\u00e9es, de la Marquise de S\u00e9vign\u00e9, et de la Marquise de Simiane sa petite-fille. Pour servir de suite aux diff\u00e9rentes \u00e9ditions des Lettres de la Marquise de S\u00e9vign\u00e9<\/i><br \/>\n30 novembre 1773, Tome V, Partie II, p. 114-19<br \/>\n(Gazette de Litt\u00e9rature)<br \/>\n<a href=\"http:\/\/books.google.be\/books?id=nP8SAAAAYAAJ&amp;printsec=frontcover&amp;dq=editions:0YywDHrPuX_Qlj6G&amp;lr=&amp;as_brr=1&amp;hl=fr\" target=\"_blank\" rel=\"noopener\">Acc\u00e9der au volume<\/a> (oct.-nov.d\u00e9c.) sur <b>GoogleBooks<\/b><\/p>\n<p style=\"text-align: justify;\"><b>731116<\/b><br \/>\nPierre-Joseph Buc&rsquo;hoz<br \/>\n<i>Dictionnaire v\u00e9t\u00e9rinaire et des animaux domestiques, contenant leurs m\u0153urs, leurs caract\u00e8res, leurs descriptions anatomiques, la mani\u00e8re de les nourrir, de leur \u00e9lever et de les gouverner, les aliments qui leur sont propres, les maladies auxquelles ils sont sujets, et leurs propri\u00e9t\u00e9s, tant pour la m\u00e9decine et la nourriture de l&rsquo;homme, que pour les diff\u00e9rents usages de la soci\u00e9t\u00e9 civile; auquel on a joint un Fauna gallicus<\/i><br \/>\n30 novembre 1773, Tome V, Partie II, p. 119-29<br \/>\n(Journal encyclop\u00e9dique)<br \/>\n<a href=\"http:\/\/books.google.be\/books?id=nP8SAAAAYAAJ&amp;printsec=frontcover&amp;dq=editions:0YywDHrPuX_Qlj6G&amp;lr=&amp;as_brr=1&amp;hl=fr\" target=\"_blank\" rel=\"noopener\">Acc\u00e9der au volume<\/a> (oct.-nov.d\u00e9c.) sur <b>GoogleBooks<\/b><\/p>\n<p><b>731117<\/b><br \/>\n<i>\u00c9claircissement sur les Patagons<\/i><b><i> <\/i><a href=\"http:\/\/www.gedhs.ulg.ac.be\/recherches\/espritdesjournaux\/articles\/edj731117.html\" target=\"_top\">[MODE TEXTE]<\/a><\/b><br \/>\n30 novembre 1773, Tome V, Partie II, p. 129-32<br \/>\n(Journal encyclop\u00e9dique)<br \/>\n<a href=\"http:\/\/books.google.be\/books?id=nP8SAAAAYAAJ&amp;printsec=frontcover&amp;dq=editions:0YywDHrPuX_Qlj6G&amp;lr=&amp;as_brr=1&amp;hl=fr\" target=\"_blank\" rel=\"noopener\">Acc\u00e9der au volume<\/a> (oct.-nov.d\u00e9c.) sur <b>GoogleBooks<\/b><\/p>\n<p><b>731118<\/b><br \/>\nFran\u00e7ois-Thomas-Marie de Baculard d&rsquo;Arnaud<br \/>\n<i>\u00c9preuves du sentiment<\/i><br \/>\n30 novembre 1773, Tome V, Partie II, p. 133-35<br \/>\n(Mercure de France)<br \/>\n<a href=\"http:\/\/books.google.be\/books?id=nP8SAAAAYAAJ&amp;printsec=frontcover&amp;dq=editions:0YywDHrPuX_Qlj6G&amp;lr=&amp;as_brr=1&amp;hl=fr\" target=\"_blank\" rel=\"noopener\">Acc\u00e9der au volume<\/a> (oct.-nov.d\u00e9c.) sur <b>GoogleBooks<\/b><\/p>\n<p style=\"text-align: justify;\"><b>731119<\/b><br \/>\nAbb\u00e9 Jacquin<br \/>\n<i>Avis aux architectes, aux entrepreneurs de b\u00e2timents, et aux propri\u00e9taires qui se proposent de faire b\u00e2tir, sur la mani\u00e8re de procurer aux appartements l&rsquo;air le plus salubre<\/i><br \/>\n30 novembre 1773, Tome V, Partie II, p. 135-40<br \/>\n(Mercure de France)<br \/>\n<a href=\"http:\/\/books.google.be\/books?id=nP8SAAAAYAAJ&amp;printsec=frontcover&amp;dq=editions:0YywDHrPuX_Qlj6G&amp;lr=&amp;as_brr=1&amp;hl=fr\" target=\"_blank\" rel=\"noopener\">Acc\u00e9der au volume<\/a> (oct.-nov.d\u00e9c.) sur <b>GoogleBooks<\/b><\/p>\n<p style=\"text-align: justify;\"><b>731120<\/b><br \/>\n<i>Lettre \u00e0 M. C. m\u00e9decin, sur la cause des maladies qui paraissent nouvelles ou plus fr\u00e9quentes, plus r\u00e9pandues qu&rsquo;autrefois, et plus dangereuses, et en particulier sur la privation du vin<\/i><br \/>\n30 novembre 1773, Tome V, Partie II, p. 140-49<br \/>\n<a href=\"http:\/\/books.google.be\/books?id=nP8SAAAAYAAJ&amp;printsec=frontcover&amp;dq=editions:0YywDHrPuX_Qlj6G&amp;lr=&amp;as_brr=1&amp;hl=fr\" target=\"_blank\" rel=\"noopener\">Acc\u00e9der au volume<\/a> (oct.-nov.d\u00e9c.) sur <b>GoogleBooks<\/b><\/p>\n<p style=\"text-align: justify;\"><b>731121<\/b><br \/>\nLouis Poinsinet de Sivy<br \/>\n<i>Lettre \u00e0 M. Lacombe, ou Apologie de la conjecture qui donne une m\u00eame cause \u00e0 la disgr\u00e2ce d&rsquo;Agrippa Posthume, adopt\u00e9 par Auguste, et \u00e0 l&rsquo;exil d&rsquo;Ovide; en r\u00e9ponse \u00e0 la critique que les auteurs du Journal Encyclop\u00e9dique viennent de publier, en octobre 1773, contre cette m\u00eame conjecture, qui a paru dans le Mercure d&rsquo;avril, pag. 181<\/i><br \/>\n30 novembre 1773, Tome V, Partie II, p. 150-59<br \/>\n<a href=\"http:\/\/books.google.be\/books?id=nP8SAAAAYAAJ&amp;printsec=frontcover&amp;dq=editions:0YywDHrPuX_Qlj6G&amp;lr=&amp;as_brr=1&amp;hl=fr\" target=\"_blank\" rel=\"noopener\">Acc\u00e9der au volume<\/a> (oct.-nov.d\u00e9c.) sur <b>GoogleBooks<\/b><\/p>\n<p><b>731122<\/b><br \/>\nJean-Baptiste Gresset<br \/>\n<i>\u00c9p\u00eetre sur un mariage<\/i><br \/>\n30 novembre 1773, Tome V, Partie II, p. 160-67<br \/>\n<a href=\"http:\/\/books.google.be\/books?id=nP8SAAAAYAAJ&amp;printsec=frontcover&amp;dq=editions:0YywDHrPuX_Qlj6G&amp;lr=&amp;as_brr=1&amp;hl=fr\" target=\"_blank\" rel=\"noopener\">Acc\u00e9der au volume<\/a> (oct.-nov.d\u00e9c.) sur <b>GoogleBooks<\/b><\/p>\n<p style=\"text-align: justify;\"><b>731123<\/b>[Chevalier de Bruix]\n<i>Sennemours et Rosalie de Civraye, Histoire fran\u00e7aise ; \u00e0 Paris, chez Delalain, Libraire, rue et \u00e0 c\u00f4t\u00e9 de l&rsquo;ancienne com\u00e9die fran\u00e7aise<\/i><br \/>\n30 novembre 1773, Tome V, Partie II, p. 167-71<br \/>\n(Ann\u00e9e litt\u00e9raire)<br \/>\n<a href=\"http:\/\/books.google.be\/books?id=nP8SAAAAYAAJ&amp;printsec=frontcover&amp;dq=editions:0YywDHrPuX_Qlj6G&amp;lr=&amp;as_brr=1&amp;hl=fr\" target=\"_blank\" rel=\"noopener\">Acc\u00e9der au volume<\/a> (oct.-nov.d\u00e9c.) sur <b>GoogleBooks<\/b><\/p>\n<p><b>731124<\/b><br \/>\nJacques-Marie Boutet de Monvel<br \/>\n<i>L&rsquo;hymen, l&rsquo;amour et le plaisir<\/i><br \/>\n30 novembre 1773, Tome V, Partie II, p. 171-72<br \/>\n(Gazette de Litt\u00e9rature)<br \/>\n<a href=\"http:\/\/books.google.be\/books?id=nP8SAAAAYAAJ&amp;printsec=frontcover&amp;dq=editions:0YywDHrPuX_Qlj6G&amp;lr=&amp;as_brr=1&amp;hl=fr\" target=\"_blank\" rel=\"noopener\">Acc\u00e9der au volume<\/a> (oct.-nov.d\u00e9c.) sur <b>GoogleBooks<\/b><\/p>\n<p><b>731201<\/b><br \/>\nPaul-J\u00e9r\u00e9mie Bitaub\u00e9<br \/>\n<i>Guillaume, en dix chants<\/i><br \/>\n15 d\u00e9cembre 1773, Tome VI, Partie I, p. 195-201<br \/>\n(Gazette de Litt\u00e9rature)<br \/>\n<a href=\"http:\/\/books.google.be\/books?id=nP8SAAAAYAAJ&amp;printsec=frontcover&amp;dq=editions:0YywDHrPuX_Qlj6G&amp;lr=&amp;as_brr=1&amp;hl=fr\" target=\"_blank\" rel=\"noopener\">Acc\u00e9der au volume<\/a> (oct.-nov.d\u00e9c.) sur <b>GoogleBooks<\/b><\/p>\n<p style=\"text-align: justify;\"><b>731202<\/b><br \/>\n<i>Assembl\u00e9e publique tenue derni\u00e8rement par l&rsquo;Acad\u00e9mie \u00e9lectorale des Sciences et Belles-Lettres de Munich<\/i><br \/>\n15 d\u00e9cembre 1773, Tome VI, Partie I, p. 202-04<br \/>\n(Gazette de Litt\u00e9rature)<br \/>\n<a href=\"http:\/\/books.google.be\/books?id=nP8SAAAAYAAJ&amp;printsec=frontcover&amp;dq=editions:0YywDHrPuX_Qlj6G&amp;lr=&amp;as_brr=1&amp;hl=fr\" target=\"_blank\" rel=\"noopener\">Acc\u00e9der au volume<\/a> (oct.-nov.d\u00e9c.) sur <b>GoogleBooks<\/b><\/p>\n<p><b>731203<\/b><br \/>\nMichel-Fran\u00e7ois Dandr\u00e9-Bardon<br \/>\n<i>Costume des Grecs et des Romains<\/i><br \/>\n15 d\u00e9cembre 1773, Tome VI, Partie I, p. 204-14<br \/>\n(Journal des Beaux-Arts)<br \/>\n<a href=\"http:\/\/books.google.be\/books?id=nP8SAAAAYAAJ&amp;printsec=frontcover&amp;dq=editions:0YywDHrPuX_Qlj6G&amp;lr=&amp;as_brr=1&amp;hl=fr\" target=\"_blank\" rel=\"noopener\">Acc\u00e9der au volume<\/a> (oct.-nov.d\u00e9c.) sur <b>GoogleBooks<\/b><\/p>\n<p><b>731204<\/b><br \/>\nBertier<br \/>\n<i>Seconde lettre \u00e0 M. l&rsquo;Abb\u00e9 Aubert<\/i><br \/>\n15 d\u00e9cembre 1773, Tome VI, Partie I, p. 215-16<br \/>\n(Journal des Beaux-Arts)<br \/>\n<a href=\"http:\/\/books.google.be\/books?id=nP8SAAAAYAAJ&amp;printsec=frontcover&amp;dq=editions:0YywDHrPuX_Qlj6G&amp;lr=&amp;as_brr=1&amp;hl=fr\" target=\"_blank\" rel=\"noopener\">Acc\u00e9der au volume<\/a> (oct.-nov.d\u00e9c.) sur <b>GoogleBooks<\/b><\/p>\n<p><b>731205<\/b><br \/>\nLe Monnier<br \/>\n<i>Le paysan et son seigneur<\/i><br \/>\n15 d\u00e9cembre 1773, Tome VI, Partie I, p. 217-21<br \/>\n<a href=\"http:\/\/books.google.be\/books?id=nP8SAAAAYAAJ&amp;printsec=frontcover&amp;dq=editions:0YywDHrPuX_Qlj6G&amp;lr=&amp;as_brr=1&amp;hl=fr\" target=\"_blank\" rel=\"noopener\">Acc\u00e9der au volume<\/a> (oct.-nov.d\u00e9c.) sur <b>GoogleBooks<\/b><\/p>\n<p style=\"text-align: justify;\"><b>731206<\/b>[Friedrich Nicolai]\n<i>Das Leben und die Meinungen, &amp;c. La vie et les opinions de M. le Magister Sebaldus Nothanker<\/i><br \/>\n15 d\u00e9cembre 1773, Tome VI, Partie I, p. 221-27<br \/>\n(Gazette de Litt\u00e9rature)<br \/>\n<a href=\"http:\/\/books.google.be\/books?id=nP8SAAAAYAAJ&amp;printsec=frontcover&amp;dq=editions:0YywDHrPuX_Qlj6G&amp;lr=&amp;as_brr=1&amp;hl=fr\" target=\"_blank\" rel=\"noopener\">Acc\u00e9der au volume<\/a> (oct.-nov.d\u00e9c.) sur <b>GoogleBooks<\/b><\/p>\n<p><b>731207<\/b><br \/>\n<i>Anecdotes sur le Comte de Bonneval<\/i><br \/>\n15 d\u00e9cembre 1773, Tome VI, Partie I, p. 228-31<br \/>\n(Journal encyclop\u00e9dique)<br \/>\n<a href=\"http:\/\/books.google.be\/books?id=nP8SAAAAYAAJ&amp;printsec=frontcover&amp;dq=editions:0YywDHrPuX_Qlj6G&amp;lr=&amp;as_brr=1&amp;hl=fr\" target=\"_blank\" rel=\"noopener\">Acc\u00e9der au volume<\/a> (oct.-nov.d\u00e9c.) sur <b>GoogleBooks<\/b><\/p>\n<p><b>731208<\/b><br \/>\nCharles Marie de La Condamine<br \/>\n<i>Lettre sur les astronomes qui ont eu part \u00e0 la mesure de la terre, depuis 1735<\/i><br \/>\n15 d\u00e9cembre 1773, Tome VI, Partie I, p. 232-36<br \/>\n(Journal encyclop\u00e9dique)<br \/>\n<a href=\"http:\/\/books.google.be\/books?id=nP8SAAAAYAAJ&amp;printsec=frontcover&amp;dq=editions:0YywDHrPuX_Qlj6G&amp;lr=&amp;as_brr=1&amp;hl=fr\" target=\"_blank\" rel=\"noopener\">Acc\u00e9der au volume<\/a> (oct.-nov.d\u00e9c.) sur <b>GoogleBooks<\/b><\/p>\n<p><b>731209<\/b><br \/>\n<i>Vers \u00e0 Madame la Dauphine, par M. T\u2026. Fils<\/i><br \/>\n15 d\u00e9cembre 1773, Tome VI, Partie I, p. 236-37<br \/>\n(Ann\u00e9e litt\u00e9raire)<br \/>\n<a href=\"http:\/\/books.google.be\/books?id=nP8SAAAAYAAJ&amp;printsec=frontcover&amp;dq=editions:0YywDHrPuX_Qlj6G&amp;lr=&amp;as_brr=1&amp;hl=fr\" target=\"_blank\" rel=\"noopener\">Acc\u00e9der au volume<\/a> (oct.-nov.d\u00e9c.) sur <b>GoogleBooks<\/b><\/p>\n<p><b>731210<\/b><br \/>\n<i>Observation de physique, lue \u00e0 l&rsquo;Acad\u00e9mie royale des sciences de Paris, le 14 juillet 1773<\/i><br \/>\n15 d\u00e9cembre 1773, Tome VI, Partie I, p. 237<br \/>\n<a href=\"http:\/\/books.google.be\/books?id=nP8SAAAAYAAJ&amp;printsec=frontcover&amp;dq=editions:0YywDHrPuX_Qlj6G&amp;lr=&amp;as_brr=1&amp;hl=fr\" target=\"_blank\" rel=\"noopener\">Acc\u00e9der au volume<\/a> (oct.-nov.d\u00e9c.) sur <b>GoogleBooks<\/b><\/p>\n<p style=\"text-align: justify;\"><b>731211<\/b><br \/>\nLa Montagne<br \/>\n<i>Dissertation sur les causes qui produisent les variations du barom\u00e8tre. Par M. de la Montagne, Docteur en m\u00e9decine<\/i><br \/>\n15 d\u00e9cembre 1773, Tome VI, Partie I, p. 238-57<br \/>\n<a href=\"http:\/\/books.google.be\/books?id=nP8SAAAAYAAJ&amp;printsec=frontcover&amp;dq=editions:0YywDHrPuX_Qlj6G&amp;lr=&amp;as_brr=1&amp;hl=fr\" target=\"_blank\" rel=\"noopener\">Acc\u00e9der au volume<\/a> (oct.-nov.d\u00e9c.) sur <b>GoogleBooks<\/b><\/p>\n<p><b>731212<\/b><br \/>\nPierre-Antoine de La Place<br \/>\n<i>Lettres diverses, et autres \u0152uvres m\u00eal\u00e9es, tant en prose qu&rsquo;en vers<\/i><br \/>\n15 d\u00e9cembre 1773, Tome VI, Partie I, p. 258-65<br \/>\n<a href=\"http:\/\/books.google.be\/books?id=nP8SAAAAYAAJ&amp;printsec=frontcover&amp;dq=editions:0YywDHrPuX_Qlj6G&amp;lr=&amp;as_brr=1&amp;hl=fr\" target=\"_blank\" rel=\"noopener\">Acc\u00e9der au volume<\/a> (oct.-nov.d\u00e9c.) sur <b>GoogleBooks<\/b><\/p>\n<p><b>731213<\/b><br \/>\nVoltaire<br \/>\n<i>Vers \u00e0 Mlle. le Couvreur<\/i><br \/>\n15 d\u00e9cembre 1773, Tome VI, Partie I, p. 265-67<br \/>\n(Mercure de France)<br \/>\n<a href=\"http:\/\/books.google.be\/books?id=nP8SAAAAYAAJ&amp;printsec=frontcover&amp;dq=editions:0YywDHrPuX_Qlj6G&amp;lr=&amp;as_brr=1&amp;hl=fr\" target=\"_blank\" rel=\"noopener\">Acc\u00e9der au volume<\/a> (oct.-nov.d\u00e9c.) sur <b>GoogleBooks<\/b><\/p>\n<p><b>731214<\/b><br \/>\n<i>R\u00e9ponse \u00e0 la lettre de M. de Cintres, imprim\u00e9e dans l&rsquo;Ann\u00e9e Litt\u00e9raire<\/i><br \/>\n15 d\u00e9cembre 1773, Tome VI, Partie I, p. 267-71<br \/>\n(Mercure de France)<br \/>\n<a href=\"http:\/\/books.google.be\/books?id=nP8SAAAAYAAJ&amp;printsec=frontcover&amp;dq=editions:0YywDHrPuX_Qlj6G&amp;lr=&amp;as_brr=1&amp;hl=fr\" target=\"_blank\" rel=\"noopener\">Acc\u00e9der au volume<\/a> (oct.-nov.d\u00e9c.) sur <b>GoogleBooks<\/b><\/p>\n<p><b>731215<\/b>[Voltaire]\n<i>Fragments sur quelques r\u00e9volutions dans l&rsquo;Inde, et sur la mort du Comte de Lalli\u2026<\/i><br \/>\n30 d\u00e9cembre 1773, Tome VI, Partie II, p. 291-302<br \/>\n(Journal encyclop\u00e9dique)<br \/>\n<a href=\"http:\/\/books.google.be\/books?id=nP8SAAAAYAAJ&amp;printsec=frontcover&amp;dq=editions:0YywDHrPuX_Qlj6G&amp;lr=&amp;as_brr=1&amp;hl=fr\" target=\"_blank\" rel=\"noopener\">Acc\u00e9der au volume<\/a> (oct.-nov.d\u00e9c.) sur <b>GoogleBooks<\/b><\/p>\n<p><b>731216<\/b><br \/>\nJean-\u00c9tienne Guettard<br \/>\n<i>M\u00e9moires sur diff\u00e9rentes parties de la physique, de l&rsquo;histoire naturelle, des sciences et des arts<\/i><br \/>\n30 d\u00e9cembre 1773, Tome VI, Partie II, p. 303-12<br \/>\n(Journal encyclop\u00e9dique)<br \/>\n<a href=\"http:\/\/books.google.be\/books?id=nP8SAAAAYAAJ&amp;printsec=frontcover&amp;dq=editions:0YywDHrPuX_Qlj6G&amp;lr=&amp;as_brr=1&amp;hl=fr\" target=\"_blank\" rel=\"noopener\">Acc\u00e9der au volume<\/a> (oct.-nov.d\u00e9c.) sur <b>GoogleBooks<\/b><\/p>\n<p><b>731217<\/b><br \/>\n<i>Principaux traits du Pr\u00e9cis historique sur le Roi de Prusse; tir\u00e9 de la Galerie universelle<\/i><br \/>\n30 d\u00e9cembre 1773, Tome VI, Partie II, p. 313-21<br \/>\n(Journal encyclop\u00e9dique)<br \/>\n<a href=\"http:\/\/books.google.be\/books?id=nP8SAAAAYAAJ&amp;printsec=frontcover&amp;dq=editions:0YywDHrPuX_Qlj6G&amp;lr=&amp;as_brr=1&amp;hl=fr\" target=\"_blank\" rel=\"noopener\">Acc\u00e9der au volume<\/a> (oct.-nov.d\u00e9c.) sur <b>GoogleBooks<\/b><\/p>\n<p><b>731218<\/b>[Simon Bignicourt]\n<i>L&rsquo;Homme de lettres et l&rsquo;Homme du monde<\/i><br \/>\n30 d\u00e9cembre 1773, Tome VI, Partie II, p. 322-23<br \/>\n(Mercure de France)<br \/>\n<a href=\"http:\/\/books.google.be\/books?id=nP8SAAAAYAAJ&amp;printsec=frontcover&amp;dq=editions:0YywDHrPuX_Qlj6G&amp;lr=&amp;as_brr=1&amp;hl=fr\" target=\"_blank\" rel=\"noopener\">Acc\u00e9der au volume<\/a> (oct.-nov.d\u00e9c.) sur <b>GoogleBooks<\/b><\/p>\n<p><b>731219<\/b><br \/>\nJohn Millar<br \/>\n<i>Observations sur les commencements de la soci\u00e9t\u00e9<\/i><br \/>\n30 d\u00e9cembre 1773, Tome VI, Partie II, p. 323-35<br \/>\n(Mercure de France)<br \/>\n<a href=\"http:\/\/books.google.be\/books?id=nP8SAAAAYAAJ&amp;printsec=frontcover&amp;dq=editions:0YywDHrPuX_Qlj6G&amp;lr=&amp;as_brr=1&amp;hl=fr\" target=\"_blank\" rel=\"noopener\">Acc\u00e9der au volume<\/a> (oct.-nov.d\u00e9c.) sur <b>GoogleBooks<\/b><\/p>\n<p style=\"text-align: justify;\"><b>731220<\/b><br \/>\nJacob Nicolas Moreau<br \/>\n<i>Le\u00e7ons de morale, de politique et de droit public, puis\u00e9es dans l&rsquo;histoire de notre monarchie, ou nouveau plan d&rsquo;\u00e9tude de l&rsquo;histoire de France, r\u00e9dig\u00e9 par les ordres et d&rsquo;apr\u00e8s les vues de feu Mgr le Dauphin, pour l&rsquo;instruction des Princes ses fils<\/i><br \/>\n30 d\u00e9cembre 1773, Tome VI, Partie II, p. 336-41<br \/>\n(Mercure de France)<br \/>\n<a href=\"http:\/\/books.google.be\/books?id=nP8SAAAAYAAJ&amp;printsec=frontcover&amp;dq=editions:0YywDHrPuX_Qlj6G&amp;lr=&amp;as_brr=1&amp;hl=fr\" target=\"_blank\" rel=\"noopener\">Acc\u00e9der au volume<\/a> (oct.-nov.d\u00e9c.) sur <b>GoogleBooks<\/b><\/p>\n<p style=\"text-align: justify;\"><b>731221<\/b><br \/>\nPierre-Jean Grosley<br \/>\n<i>Observations sur l&rsquo;Italie et sur les Italiens, donn\u00e9es en 1664 sous le nom de deux Gentilshommes su\u00e9dois <\/i><br \/>\n30 d\u00e9cembre 1773, Tome VI, Partie II, p. 341-54<br \/>\n(Ann\u00e9e litt\u00e9raire)<br \/>\n<a href=\"http:\/\/books.google.be\/books?id=nP8SAAAAYAAJ&amp;printsec=frontcover&amp;dq=editions:0YywDHrPuX_Qlj6G&amp;lr=&amp;as_brr=1&amp;hl=fr\" target=\"_blank\" rel=\"noopener\">Acc\u00e9der au volume<\/a> (oct.-nov.d\u00e9c.) sur <b>GoogleBooks<\/b><\/p>\n<p style=\"text-align: justify;\"><b>731222<\/b><br \/>\nJean-Baptiste-Michel Renou de Chevign\u00e9, dit Jaillot<br \/>\n<i>Recherches critiques, historiques et topographiques sur la Ville de Paris, depuis ses commencements connus, jusqu&rsquo;\u00e0 pr\u00e9sent; avec le plan de chaque quartie<\/i>r<br \/>\n30 d\u00e9cembre 1773, Tome VI, Partie II, p. 355-60<br \/>\n(Journal des Beaux-Arts)<br \/>\n<a href=\"http:\/\/books.google.be\/books?id=nP8SAAAAYAAJ&amp;printsec=frontcover&amp;dq=editions:0YywDHrPuX_Qlj6G&amp;lr=&amp;as_brr=1&amp;hl=fr\" target=\"_blank\" rel=\"noopener\">Acc\u00e9der au volume<\/a> (oct.-nov.d\u00e9c.) sur <b>GoogleBooks<\/b><\/p>\n<p style=\"text-align: justify;\"><b>731223<\/b><br \/>\nCharles-Louis Richard<br \/>\n<i>Analyse des Conciles g\u00e9n\u00e9raux et particuliers, Partie seconde, contenant, selon l&rsquo;ordre alphab\u00e9tique, et rapproch\u00e9es du Droit nouveau de la France principalement, toutes les mati\u00e8res dogmatiques, morales ou de discipline, dont il est trait\u00e9 dans les conciles<\/i><br \/>\n30 d\u00e9cembre 1773, Tome VI, Partie II, p. 360-67<br \/>\n(Journal des Beaux-Arts)<br \/>\n<a href=\"http:\/\/books.google.be\/books?id=nP8SAAAAYAAJ&amp;printsec=frontcover&amp;dq=editions:0YywDHrPuX_Qlj6G&amp;lr=&amp;as_brr=1&amp;hl=fr\" target=\"_blank\" rel=\"noopener\">Acc\u00e9der au volume<\/a> (oct.-nov.d\u00e9c.) sur <b>GoogleBooks<\/b><\/p>\n<p><b>731224<\/b><br \/>\nVoltaire<br \/>\n<i>Vers sur l&rsquo;ouvrage de M. de Guibert, concernant la Tactique<\/i><br \/>\n30 d\u00e9cembre 1773, Tome VI, Partie II, p. 367-71<br \/>\n(Gazette de Litt\u00e9rature)<br \/>\n<a href=\"http:\/\/books.google.be\/books?id=nP8SAAAAYAAJ&amp;printsec=frontcover&amp;dq=editions:0YywDHrPuX_Qlj6G&amp;lr=&amp;as_brr=1&amp;hl=fr\" target=\"_blank\" rel=\"noopener\">Acc\u00e9der au volume<\/a> (oct.-nov.d\u00e9c.) sur <b>GoogleBooks<\/b><\/p>\n<\/div><div class=\"fusion-clearfix\"><\/div><\/div><\/div><\/div><\/div>\n","protected":false},"excerpt":{"rendered":"","protected":false},"author":2,"featured_media":0,"parent":0,"menu_order":0,"comment_status":"closed","ping_status":"closed","template":"","meta":{"footnotes":""},"class_list":["post-3726","page","type-page","status-publish","hentry"],"_links":{"self":[{"href":"http:\/\/web.philo.ulg.ac.be\/gedhsr\/wp-json\/wp\/v2\/pages\/3726","targetHints":{"allow":["GET"]}}],"collection":[{"href":"http:\/\/web.philo.ulg.ac.be\/gedhsr\/wp-json\/wp\/v2\/pages"}],"about":[{"href":"http:\/\/web.philo.ulg.ac.be\/gedhsr\/wp-json\/wp\/v2\/types\/page"}],"author":[{"embeddable":true,"href":"http:\/\/web.philo.ulg.ac.be\/gedhsr\/wp-json\/wp\/v2\/users\/2"}],"replies":[{"embeddable":true,"href":"http:\/\/web.philo.ulg.ac.be\/gedhsr\/wp-json\/wp\/v2\/comments?post=3726"}],"version-history":[{"count":2,"href":"http:\/\/web.philo.ulg.ac.be\/gedhsr\/wp-json\/wp\/v2\/pages\/3726\/revisions"}],"predecessor-version":[{"id":5700,"href":"http:\/\/web.philo.ulg.ac.be\/gedhsr\/wp-json\/wp\/v2\/pages\/3726\/revisions\/5700"}],"wp:attachment":[{"href":"http:\/\/web.philo.ulg.ac.be\/gedhsr\/wp-json\/wp\/v2\/media?parent=3726"}],"curies":[{"name":"wp","href":"https:\/\/api.w.org\/{rel}","templated":true}]}}