{"id":3730,"date":"2014-04-23T14:51:30","date_gmt":"2014-04-23T12:51:30","guid":{"rendered":"http:\/\/web.philo.ulg.ac.be\/gedhsr\/?page_id=3730"},"modified":"2019-12-18T10:25:56","modified_gmt":"2019-12-18T08:25:56","slug":"annee-1775","status":"publish","type":"page","link":"http:\/\/web.philo.ulg.ac.be\/gedhsr\/annee-1775\/","title":{"rendered":"Ann\u00e9e 1775"},"content":{"rendered":"<div class=\"fusion-fullwidth fullwidth-box fusion-builder-row-1 nonhundred-percent-fullwidth non-hundred-percent-height-scrolling\" style=\"background-color: #ffffff;background-position: center center;background-repeat: no-repeat;padding-top:0px;padding-right:0px;padding-bottom:0px;padding-left:0px;margin-bottom: 0px;margin-top: 0px;border-width: 0px 0px 0px 0px;border-color:#eae9e9;border-style:solid;\" ><div class=\"fusion-builder-row fusion-row\"><div class=\"fusion-layout-column fusion_builder_column fusion-builder-column-0 fusion_builder_column_1_1 1_1 fusion-one-full fusion-column-first fusion-column-last\" style=\"margin-top:0px;margin-bottom:0px;\"><div class=\"fusion-column-wrapper fusion-flex-column-wrapper-legacy\" style=\"background-position:left top;background-repeat:no-repeat;-webkit-background-size:cover;-moz-background-size:cover;-o-background-size:cover;background-size:cover;padding: 0px 0px 0px 0px;\"><style type=\"text\/css\"><\/style><div class=\"fusion-title title fusion-title-1 sep-underline sep-solid fusion-title-text fusion-title-size-one\" style=\"border-bottom-color:#00843b;margin-top:0px;margin-right:0px;margin-bottom:70px;margin-left:0px;\"><h1 class=\"title-heading-left fusion-responsive-typography-calculated\" style=\"margin:0;--fontSize:42;line-height:1;\">Ann\u00e9e 1775<\/h1><\/div><div class=\"fusion-text fusion-text-1\"><p style=\"text-align: justify;\"><b>750101<\/b><br \/>\nJean-Baptiste Gresset<br \/>\n<i>Discours prononc\u00e9 dans la s\u00e9ance publique de l&rsquo;Acad\u00e9mie fran\u00e7aise, le jeudi 4 ao\u00fbt 1774<\/i><br \/>\n1775, Tome I, p. 13-28<br \/>\n(Mercure de France; Journal des Beaux-Arts; Gazette universelle de Litt\u00e9rature; Affiches, annonces de Picardie, Artois, etc.)<br \/>\n<a href=\"http:\/\/books.google.be\/books?id=SpEUAAAAQAAJ&amp;printsec=frontcover&amp;dq=editions:0qCv5MvfosIxTQW6d&amp;lr=&amp;as_brr=1&amp;hl=fr\" target=\"_blank\" rel=\"noopener\">Acc\u00e9der au volume<\/a> sur <b>GoogleBooks<\/b><\/p>\n<p style=\"text-align: justify;\"><b>750102<\/b><br \/>\nAntoine Court de G\u00e9belin<br \/>\n<i>Monde primitif analys\u00e9 et compar\u00e9 avec le monde moderne, consid\u00e9r\u00e9 dans son g\u00e9nie all\u00e9gorique<br \/>\n<\/i>1775, Tome I, p. 29-60<br \/>\n(Journal encyclop\u00e9dique)<br \/>\n<a href=\"http:\/\/books.google.be\/books?id=SpEUAAAAQAAJ&amp;printsec=frontcover&amp;dq=editions:0qCv5MvfosIxTQW6d&amp;lr=&amp;as_brr=1&amp;hl=fr\" target=\"_blank\" rel=\"noopener\">Acc\u00e9der au volume<\/a> sur <b>GoogleBooks<\/b><\/p>\n<p><b>750103<\/b><br \/>\nJohn Wesley<br \/>\n<i>Pens\u00e9es sur l&rsquo;esclavage (Thoughts upon flavery, etc.)<br \/>\n<\/i>1775, Tome I, p. 60-64<br \/>\n(Gazette universelle de Litt\u00e9rature)<br \/>\n<a href=\"http:\/\/books.google.be\/books?id=SpEUAAAAQAAJ&amp;printsec=frontcover&amp;dq=editions:0qCv5MvfosIxTQW6d&amp;lr=&amp;as_brr=1&amp;hl=fr\" target=\"_blank\" rel=\"noopener\">Acc\u00e9der au volume<\/a> sur <b>GoogleBooks<\/b><\/p>\n<p style=\"text-align: justify;\"><b>750104<\/b><br \/>\n<i>Suppl\u00e9ment \u00e0 la brochure de M. Wesley intitul\u00e9e : Pens\u00e9es sur l&rsquo;esclavage (A Supplement to M. Wesley&rsquo;s pamphlet, etc.)<br \/>\n<\/i>1775, Tome I, p. 65-69<br \/>\n(Gazette universelle de Litt\u00e9rature)<br \/>\n<a href=\"http:\/\/books.google.be\/books?id=SpEUAAAAQAAJ&amp;printsec=frontcover&amp;dq=editions:0qCv5MvfosIxTQW6d&amp;lr=&amp;as_brr=1&amp;hl=fr\" target=\"_blank\" rel=\"noopener\">Acc\u00e9der au volume<\/a> sur <b>GoogleBooks<\/b><\/p>\n<p><b>750105<\/b><br \/>\nPahin de La Blancherie<br \/>\n<i>Lettre<br \/>\n<\/i>1775, Tome I, p. 70-73<br \/>\n<a href=\"http:\/\/books.google.be\/books?id=SpEUAAAAQAAJ&amp;printsec=frontcover&amp;dq=editions:0qCv5MvfosIxTQW6d&amp;lr=&amp;as_brr=1&amp;hl=fr\" target=\"_blank\" rel=\"noopener\">Acc\u00e9der au volume<\/a> sur <b>GoogleBooks<\/b><\/p>\n<p style=\"text-align: justify;\"><b>750106<\/b><br \/>\nJean-Fran\u00e7ois de La Harpe<br \/>\n<i>\u00c9loge de La Fontaine, qui a concouru pour le prix de l&rsquo;Acad\u00e9mie de Marseille en 1774<\/i> [<a href=\"http:\/\/www.gedhs.ulg.ac.be\/recherches\/espritdesjournaux\/pdf\/750106.pdf\" target=\"_blank\" rel=\"noopener\">MODE IMAGE<\/a>]<i><br \/>\n<\/i>1775, Tome I, p. 74-89<br \/>\n(Mercure de France; Journal encyclop\u00e9dique; Gazette universelle de Litt\u00e9rature; Ann\u00e9e litt\u00e9raire)<br \/>\n<a href=\"http:\/\/books.google.be\/books?id=SpEUAAAAQAAJ&amp;printsec=frontcover&amp;dq=editions:0qCv5MvfosIxTQW6d&amp;lr=&amp;as_brr=1&amp;hl=fr\" target=\"_blank\" rel=\"noopener\">Acc\u00e9der au volume<\/a> sur <b>GoogleBooks<\/b><\/p>\n<p style=\"text-align: justify;\"><b>750107<\/b><br \/>\nS\u00e9bastien Roch Nicolas de Chamfort<br \/>\n<i>\u00c9loge de La Fontaine; ouvrage qui a remport\u00e9 le prix au jugement de l&rsquo;acad\u00e9mie de Marseille le 25 ao\u00fbt 1774<br \/>\n<\/i>1775, Tome I, p. 90-107<br \/>\n(Mercure de France; Journal encyclop\u00e9dique; Gazette universelle de Litt\u00e9rature)<br \/>\n<a href=\"http:\/\/books.google.be\/books?id=SpEUAAAAQAAJ&amp;printsec=frontcover&amp;dq=editions:0qCv5MvfosIxTQW6d&amp;lr=&amp;as_brr=1&amp;hl=fr\" target=\"_blank\" rel=\"noopener\">Acc\u00e9der au volume<\/a> sur <b>GoogleBooks<\/b><\/p>\n<p><b>750108<\/b><br \/>\nSimon Nicolas Henri Linguet<br \/>\n<i>Extraits d&rsquo;observations sur les deux \u00c9loges de La Fontaine<br \/>\n<\/i>1775, Tome I, p. 107-12<br \/>\n(Journal de politique et de litt\u00e9rature)<br \/>\n<a href=\"http:\/\/books.google.be\/books?id=SpEUAAAAQAAJ&amp;printsec=frontcover&amp;dq=editions:0qCv5MvfosIxTQW6d&amp;lr=&amp;as_brr=1&amp;hl=fr\" target=\"_blank\" rel=\"noopener\">Acc\u00e9der au volume<\/a> sur <b>GoogleBooks<\/b><\/p>\n<p><b>750109<\/b><br \/>\nAbb\u00e9 Vilin<br \/>\n<i>Trait\u00e9 de la culture du melon<br \/>\n<\/i>1775, Tome I, p. 113-21<br \/>\n(Journal d&rsquo;Agriculture, de Commerce, etc.)<br \/>\n<a href=\"http:\/\/books.google.be\/books?id=SpEUAAAAQAAJ&amp;printsec=frontcover&amp;dq=editions:0qCv5MvfosIxTQW6d&amp;lr=&amp;as_brr=1&amp;hl=fr\" target=\"_blank\" rel=\"noopener\">Acc\u00e9der au volume<\/a> sur <b>GoogleBooks<\/b><\/p>\n<p style=\"text-align: justify;\"><b>750110<\/b><br \/>\nGiacomo Girolamo Casanova<br \/>\n<i>Histoire des troubles de la Pologne, depuis la mort d&rsquo;Elisabeth Petrowna, jusqu&rsquo;\u00e0 la paix entre la Russie et la Porte Ottomane <\/i><a href=\"http:\/\/www.gedhs.ulg.ac.be\/recherches\/espritdesjournaux\/articles\/edj750110.html\" target=\"_top\">[MODE TEXTE]<\/a><i><br \/>\n<\/i>1775, Tome I, p. 121-36<br \/>\n(Journal encyclop\u00e9dique)<br \/>\n<a href=\"http:\/\/books.google.be\/books?id=SpEUAAAAQAAJ&amp;printsec=frontcover&amp;dq=editions:0qCv5MvfosIxTQW6d&amp;lr=&amp;as_brr=1&amp;hl=fr\" target=\"_blank\" rel=\"noopener\">Acc\u00e9der au volume<\/a> sur <b>GoogleBooks<\/b><\/p>\n<p><b>750111<\/b><br \/>\nClaude-Joseph Dorat<br \/>\n<i>\u00c9p\u00eetre \u00e0 Th\u00e9mis, suivie d&rsquo;un Dialogue\u2026<\/i><b><i> <\/i><a href=\"http:\/\/www.gedhs.ulg.ac.be\/recherches\/espritdesjournaux\/articles\/edj750111.html\" target=\"_top\">[MODE TEXTE]<\/a><\/b><i><br \/>\n<\/i>1775, Tome I, p. 136-46<br \/>\n(Mercure de France; Journal des Beaux-Arts; Journal encyclop\u00e9dique; Gazette universelle de Litt\u00e9rature)<br \/>\n<a href=\"http:\/\/books.google.be\/books?id=SpEUAAAAQAAJ&amp;printsec=frontcover&amp;dq=editions:0qCv5MvfosIxTQW6d&amp;lr=&amp;as_brr=1&amp;hl=fr\" target=\"_blank\" rel=\"noopener\">Acc\u00e9der au volume<\/a> sur <b>GoogleBooks<\/b><\/p>\n<p><b>750112<\/b><br \/>\nSophie von La Roche<br \/>\n<i>M\u00e9moires de Mademoiselle de Sternheim<br \/>\n<\/i>1775, Tome I, p. 146-55<br \/>\n(Journal des dames)<br \/>\n<a href=\"http:\/\/books.google.be\/books?id=SpEUAAAAQAAJ&amp;printsec=frontcover&amp;dq=editions:0qCv5MvfosIxTQW6d&amp;lr=&amp;as_brr=1&amp;hl=fr\" target=\"_blank\" rel=\"noopener\">Acc\u00e9der au volume<\/a> sur <b>GoogleBooks<\/b><\/p>\n<p style=\"text-align: justify;\"><b>750113<\/b><br \/>\n<i>Journal des causes c\u00e9l\u00e8bres, curieuses et int\u00e9ressantes de tous les Parlements et Cours souveraines du Royaume avec les jugements qui les ont d\u00e9cid\u00e9s<br \/>\n<\/i>1775, Tome I, p. 155-78<br \/>\n<a href=\"http:\/\/books.google.be\/books?id=SpEUAAAAQAAJ&amp;printsec=frontcover&amp;dq=editions:0qCv5MvfosIxTQW6d&amp;lr=&amp;as_brr=1&amp;hl=fr\" target=\"_blank\" rel=\"noopener\">Acc\u00e9der au volume<\/a> sur <b>GoogleBooks<\/b><\/p>\n<p style=\"text-align: justify;\"><b>750114<\/b><br \/>\nBarnab\u00e9 Farmian de Rosoi<br \/>\n<i>Henri IV<br \/>\n<\/i>1775, Tome I, p. 179-97<br \/>\n(Journal encyclop\u00e9dique; Journal de Politique et de Litt\u00e9rature; Mercure de France; Journal des Beaux-Arts; Gazette universelle de Litt\u00e9rature)<br \/>\n<a href=\"http:\/\/books.google.be\/books?id=SpEUAAAAQAAJ&amp;printsec=frontcover&amp;dq=editions:0qCv5MvfosIxTQW6d&amp;lr=&amp;as_brr=1&amp;hl=fr\" target=\"_blank\" rel=\"noopener\">Acc\u00e9der au volume<\/a> sur <b>GoogleBooks<\/b><\/p>\n<p><b>750115<\/b><br \/>\n<i>Anecdote tir\u00e9e d&rsquo;un manuscrit italien<br \/>\n<\/i>1775, Tome I, p. 198-206<br \/>\n(Spectateur moderne)<br \/>\n<a href=\"http:\/\/books.google.be\/books?id=SpEUAAAAQAAJ&amp;printsec=frontcover&amp;dq=editions:0qCv5MvfosIxTQW6d&amp;lr=&amp;as_brr=1&amp;hl=fr\" target=\"_blank\" rel=\"noopener\">Acc\u00e9der au volume<\/a> sur <b>GoogleBooks<\/b><\/p>\n<p style=\"text-align: justify;\"><b>750116<\/b><br \/>\nVoltaire<br \/>\n<i>R\u00e9ponse de M. de Voltaire \u00e0 M. le Comte de M\u00e9dini, auteur d&rsquo;une excellente traduction de la Henriade en vers italien<br \/>\n<\/i>1775, Tome I, p. 206-08<br \/>\n<a href=\"http:\/\/books.google.be\/books?id=SpEUAAAAQAAJ&amp;printsec=frontcover&amp;dq=editions:0qCv5MvfosIxTQW6d&amp;lr=&amp;as_brr=1&amp;hl=fr\" target=\"_blank\" rel=\"noopener\">Acc\u00e9der au volume<\/a> sur <b>GoogleBooks<\/b><\/p>\n<p><b>750117<\/b><br \/>\nNicolas Bricaire de La Dixmerie<br \/>\n<i>Dialogue entre Jules-C\u00e9sar et Christine, reine de Su\u00e8de <\/i><a href=\"http:\/\/www.gedhs.ulg.ac.be\/recherches\/dialogues\/edj750117.html\" target=\"_top\">[MODE TEXTE]<\/a><i><br \/>\n<\/i>1775, Tome I, p. 209-19<br \/>\n<a href=\"http:\/\/books.google.be\/books?id=SpEUAAAAQAAJ&amp;printsec=frontcover&amp;dq=editions:0qCv5MvfosIxTQW6d&amp;lr=&amp;as_brr=1&amp;hl=fr\" target=\"_blank\" rel=\"noopener\">Acc\u00e9der au volume<\/a> sur <b>GoogleBooks<\/b><\/p>\n<p style=\"text-align: justify;\"><b>750118<br \/>\n<\/b><i>Querelle entre M. Linguet, auteur du Journal de Politique et de Litt\u00e9rature; et M. l&rsquo;Abb\u00e9 Roubaud, auteur du Journal et de la Gazette d&rsquo;Agriculture, du Commerce, etc. <\/i><a href=\"http:\/\/www.gedhs.ulg.ac.be\/recherches\/querelle\/index.html\" target=\"_top\">[MODE TEXTE]<\/a><br \/>\n1775, Tome I, p. 220-84<br \/>\n(Journal de Politique et de Litt\u00e9rature; Gazette d&rsquo;Agriculture, du Commerce, etc.)<br \/>\n<a href=\"http:\/\/books.google.be\/books?id=SpEUAAAAQAAJ&amp;printsec=frontcover&amp;dq=editions:0qCv5MvfosIxTQW6d&amp;lr=&amp;as_brr=1&amp;hl=fr\" target=\"_blank\" rel=\"noopener\">Acc\u00e9der au volume<\/a> sur <b>GoogleBooks<\/b><\/p>\n<p><b>750119<br \/>\n<\/b>Jean-Fran\u00e7ois de La Marche<br \/>\n<i>M\u00e9moire sur les causes de la mendicit\u00e9, et les moyens d&rsquo;y rem\u00e9dier<br \/>\n<\/i>1775, Tome I, p. 284-95<br \/>\n(Affiches de Picardie, Artois, Soissonnais, etc.)<br \/>\n<a href=\"http:\/\/books.google.be\/books?id=SpEUAAAAQAAJ&amp;printsec=frontcover&amp;dq=editions:0qCv5MvfosIxTQW6d&amp;lr=&amp;as_brr=1&amp;hl=fr\" target=\"_blank\" rel=\"noopener\">Acc\u00e9der au volume<\/a> sur <b>GoogleBooks<\/b><\/p>\n<p><b>750120<br \/>\n<\/b><i>Cantatille<\/i><br \/>\n1775, Tome I, p. 296-97<br \/>\n<a href=\"http:\/\/books.google.be\/books?id=SpEUAAAAQAAJ&amp;printsec=frontcover&amp;dq=editions:0qCv5MvfosIxTQW6d&amp;lr=&amp;as_brr=1&amp;hl=fr\" target=\"_blank\" rel=\"noopener\">Acc\u00e9der au volume<\/a> sur <b>GoogleBooks<\/b><\/p>\n<p><b>750121<br \/>\n<\/b>Claude-Joseph Dorat<br \/>\n<i>L&rsquo;Ombre de Gabrielle <\/i><a href=\"http:\/\/www.gedhs.ulg.ac.be\/recherches\/espritdesjournaux\/articles\/edj750121.html\" target=\"_top\">[MODE TEXTE]<\/a><br \/>\n1775, Tome I, p. 297-98<br \/>\n<a href=\"http:\/\/books.google.be\/books?id=SpEUAAAAQAAJ&amp;printsec=frontcover&amp;dq=editions:0qCv5MvfosIxTQW6d&amp;lr=&amp;as_brr=1&amp;hl=fr\" target=\"_blank\" rel=\"noopener\">Acc\u00e9der au volume<\/a> sur <b>GoogleBooks<\/b><\/p>\n<p><b>750122<br \/>\n<\/b><i>Philippe et Aster<\/i>, fable imit\u00e9e de l&rsquo;allemand<br \/>\n1775, Tome I, p. 299-301<br \/>\n<a href=\"http:\/\/books.google.be\/books?id=SpEUAAAAQAAJ&amp;printsec=frontcover&amp;dq=editions:0qCv5MvfosIxTQW6d&amp;lr=&amp;as_brr=1&amp;hl=fr\" target=\"_blank\" rel=\"noopener\">Acc\u00e9der au volume<\/a> sur <b>GoogleBooks<\/b><\/p>\n<p><b>750123<br \/>\n<\/b><i>L&rsquo;Avare et l&rsquo;Envieux<\/i>, apologue<br \/>\n1775, Tome I, p. 302-05<br \/>\n<a href=\"http:\/\/books.google.be\/books?id=SpEUAAAAQAAJ&amp;printsec=frontcover&amp;dq=editions:0qCv5MvfosIxTQW6d&amp;lr=&amp;as_brr=1&amp;hl=fr\" target=\"_blank\" rel=\"noopener\">Acc\u00e9der au volume<\/a> sur <b>GoogleBooks<\/b><\/p>\n<p><b>750124<br \/>\n<\/b>Marquise d&rsquo;Antremont [Henriette Bourdic-Viot]\n<i>\u00c9p\u00eetre \u00e0 la Reine<\/i><br \/>\n1775, Tome I, p. 305-07<br \/>\n<a href=\"http:\/\/books.google.be\/books?id=SpEUAAAAQAAJ&amp;printsec=frontcover&amp;dq=editions:0qCv5MvfosIxTQW6d&amp;lr=&amp;as_brr=1&amp;hl=fr\" target=\"_blank\" rel=\"noopener\">Acc\u00e9der au volume<\/a> sur <b>GoogleBooks<\/b><\/p>\n<p><b>750125<br \/>\n<\/b><i>Vers \u00e0 M. le Duc de Nivernois<\/i><br \/>\n1775, Tome I, p. 308<br \/>\n<a href=\"http:\/\/books.google.be\/books?id=SpEUAAAAQAAJ&amp;printsec=frontcover&amp;dq=editions:0qCv5MvfosIxTQW6d&amp;lr=&amp;as_brr=1&amp;hl=fr\" target=\"_blank\" rel=\"noopener\">Acc\u00e9der au volume<\/a> sur <b>GoogleBooks<\/b><\/p>\n<p><b>750126<br \/>\n<\/b>Gabriel-Charles de Lattaignant<br \/>\n<i>Chanson pour le roi et la reine<\/i><br \/>\n1775, Tome I, p. 308<br \/>\n<a href=\"http:\/\/books.google.be\/books?id=SpEUAAAAQAAJ&amp;printsec=frontcover&amp;dq=editions:0qCv5MvfosIxTQW6d&amp;lr=&amp;as_brr=1&amp;hl=fr\" target=\"_blank\" rel=\"noopener\">Acc\u00e9der au volume<\/a> sur <b>GoogleBooks<\/b><\/p>\n<p style=\"text-align: justify;\"><b>750127<br \/>\n<\/b>Claude-Joseph Dorat<br \/>\n<i>\u00c9p\u00eetre \u00e0 M. de Champfort, apr\u00e8s la lecture de son <\/i>\u00c9loge de La Fontaine<i> <\/i><a href=\"http:\/\/www.gedhs.ulg.ac.be\/recherches\/espritdesjournaux\/articles\/edj750127.html\" target=\"_top\">[MODE TEXTE]<\/a><br \/>\n1775, Tome I, p. 310-11<br \/>\n<a href=\"http:\/\/books.google.be\/books?id=SpEUAAAAQAAJ&amp;printsec=frontcover&amp;dq=editions:0qCv5MvfosIxTQW6d&amp;lr=&amp;as_brr=1&amp;hl=fr\" target=\"_blank\" rel=\"noopener\">Acc\u00e9der au volume<\/a> sur <b>GoogleBooks<\/b><\/p>\n<p><b>750128<br \/>\n<\/b>L\u00e9onard<br \/>\n<i>Conte pastoral<\/i><br \/>\n1775, Tome I, p. 311-13<br \/>\n<a href=\"http:\/\/books.google.be\/books?id=SpEUAAAAQAAJ&amp;printsec=frontcover&amp;dq=editions:0qCv5MvfosIxTQW6d&amp;lr=&amp;as_brr=1&amp;hl=fr\" target=\"_blank\" rel=\"noopener\">Acc\u00e9der au volume<\/a> sur <b>GoogleBooks<\/b><\/p>\n<p><b>750129<br \/>\n<\/b>L\u00e9onard<br \/>\n<i>Autre [conte pastoral]<\/i><br \/>\n1775, Tome I, p. 313-14<br \/>\n<a href=\"http:\/\/books.google.be\/books?id=SpEUAAAAQAAJ&amp;printsec=frontcover&amp;dq=editions:0qCv5MvfosIxTQW6d&amp;lr=&amp;as_brr=1&amp;hl=fr\" target=\"_blank\" rel=\"noopener\">Acc\u00e9der au volume<\/a> sur <b>GoogleBooks<\/b><\/p>\n<p><b>750130<br \/>\n<\/b>Barth\u00e9l\u00e9my Imbert<br \/>\n<i>Lettre d&rsquo;un Anglais \u00e0 Paris, \u00e0 son ami \u00e0 Londres<\/i><br \/>\n1775, Tome I, p. 315-17<br \/>\n<a href=\"http:\/\/books.google.be\/books?id=SpEUAAAAQAAJ&amp;printsec=frontcover&amp;dq=editions:0qCv5MvfosIxTQW6d&amp;lr=&amp;as_brr=1&amp;hl=fr\" target=\"_blank\" rel=\"noopener\">Acc\u00e9der au volume<\/a> sur <b>GoogleBooks<\/b><\/p>\n<p><b>750131<br \/>\n<\/b>Charles Coll\u00e9<br \/>\n<i>Les Revenants<\/i>, vaudeville<br \/>\n1775, Tome I, p. 318-19<br \/>\n<a href=\"http:\/\/books.google.be\/books?id=SpEUAAAAQAAJ&amp;printsec=frontcover&amp;dq=editions:0qCv5MvfosIxTQW6d&amp;lr=&amp;as_brr=1&amp;hl=fr\" target=\"_blank\" rel=\"noopener\">Acc\u00e9der au volume<\/a> sur <b>GoogleBooks<\/b><\/p>\n<p><b>750132<br \/>\n<\/b>Claude-Carloman de Rulhi\u00e8res<br \/>\n<i>Couplet \u00e0 M. Coll\u00e9<\/i><br \/>\n1775, Tome I, p. 320<br \/>\n(Gazette universelle de Florence)<br \/>\n<a href=\"http:\/\/books.google.be\/books?id=SpEUAAAAQAAJ&amp;printsec=frontcover&amp;dq=editions:0qCv5MvfosIxTQW6d&amp;lr=&amp;as_brr=1&amp;hl=fr\" target=\"_blank\" rel=\"noopener\">Acc\u00e9der au volume<\/a> sur <b>GoogleBooks<\/b><\/p>\n<p><b>750133<br \/>\n<\/b><i>La mort qui cherche un adjudant<\/i>, fable traduite de l&rsquo;italien<br \/>\n1775, Tome I, p. 320-22<br \/>\n<a href=\"http:\/\/books.google.be\/books?id=SpEUAAAAQAAJ&amp;printsec=frontcover&amp;dq=editions:0qCv5MvfosIxTQW6d&amp;lr=&amp;as_brr=1&amp;hl=fr\" target=\"_blank\" rel=\"noopener\">Acc\u00e9der au volume<\/a> sur <b>GoogleBooks<\/b><\/p>\n<p style=\"text-align: justify;\"><b>750201<br \/>\n<\/b>Achille Pierre Dionis du S\u00e9jour<br \/>\n<i>Essai sur les com\u00e8tes en g\u00e9n\u00e9ral, et particuli\u00e8rement sur celles qui peuvent approcher de l&rsquo;orbite de la terre<br \/>\n<\/i>1775, Tome II, p. 3-22<br \/>\n(Ann\u00e9e litt\u00e9raire)<br \/>\n<a href=\"http:\/\/books.google.be\/books?id=ZZEUAAAAQAAJ&amp;printsec=frontcover&amp;dq=editions:0qCv5MvfosIxTQW6d&amp;lr=&amp;as_brr=1&amp;hl=fr\" target=\"_blank\" rel=\"noopener\">Acc\u00e9der au volume<\/a> sur <b>GoogleBooks<\/b><\/p>\n<p><b>750202<\/b><br \/>\nJean Baptiste de La Curne de Sainte Palaye<br \/>\n<i>Histoire litt\u00e9raire des troubadours\u2026 (<\/i>\u00e9dit\u00e9 par Claude Fran\u00e7ois Xavier Millot)<br \/>\n1775, Tome II, p. 22-50<br \/>\n(Mercure de France; Journal des savants; Journal encyclop\u00e9dique)<br \/>\n<a href=\"http:\/\/books.google.be\/books?id=ZZEUAAAAQAAJ&amp;printsec=frontcover&amp;dq=editions:0qCv5MvfosIxTQW6d&amp;lr=&amp;as_brr=1&amp;hl=fr\" target=\"_blank\" rel=\"noopener\">Acc\u00e9der au volume<\/a> sur <b>GoogleBooks<\/b><\/p>\n<p style=\"text-align: justify;\"><b>750203<\/b>[J.A. Emery]\n<i>L&rsquo;Esprit de Sainte Th\u00e9r\u00e8se, recueilli de ses \u0152uvres et de ses Lettres, avec ses Opuscules<br \/>\n<\/i>1775, Tome II, p. 51-62<br \/>\n(Journal des Savants)<br \/>\n<a href=\"http:\/\/books.google.be\/books?id=ZZEUAAAAQAAJ&amp;printsec=frontcover&amp;dq=editions:0qCv5MvfosIxTQW6d&amp;lr=&amp;as_brr=1&amp;hl=fr\" target=\"_blank\" rel=\"noopener\">Acc\u00e9der au volume<\/a> sur <b>GoogleBooks<\/b><\/p>\n<p><b>750204<br \/>\n<\/b>John Gregory<br \/>\n<i>Legs d&rsquo;un p\u00e8re \u00e0 ses filles<br \/>\n<\/i>1775, Tome II, p. 62-72<br \/>\n(Journal des Dames; Mercure de France; Gazette universelle de Litt\u00e9rature)<br \/>\n<a href=\"http:\/\/books.google.be\/books?id=ZZEUAAAAQAAJ&amp;printsec=frontcover&amp;dq=editions:0qCv5MvfosIxTQW6d&amp;lr=&amp;as_brr=1&amp;hl=fr\" target=\"_blank\" rel=\"noopener\">Acc\u00e9der au volume<\/a> sur <b>GoogleBooks<\/b><\/p>\n<p><b>750205<br \/>\n<\/b>Claude-Henri Watelet<br \/>\n<i>Essai sur les jardins<br \/>\n<\/i>1775, Tome II, p. 73-92<br \/>\n(Mercure de France; Journal encyclop\u00e9dique)<br \/>\n<a href=\"http:\/\/books.google.be\/books?id=ZZEUAAAAQAAJ&amp;printsec=frontcover&amp;dq=editions:0qCv5MvfosIxTQW6d&amp;lr=&amp;as_brr=1&amp;hl=fr\" target=\"_blank\" rel=\"noopener\">Acc\u00e9der au volume<\/a> sur <b>GoogleBooks<\/b><\/p>\n<p><b>750206<br \/>\n<\/b>Flaminio Scarselli<br \/>\n<i>Pausanias<br \/>\n<\/i>1775, Tome II, p. 92-96<br \/>\n(\u00c9ph\u00e9m\u00e9rides de Rome; Gazette universelle de Litt\u00e9rature)<br \/>\n<a href=\"http:\/\/books.google.be\/books?id=ZZEUAAAAQAAJ&amp;printsec=frontcover&amp;dq=editions:0qCv5MvfosIxTQW6d&amp;lr=&amp;as_brr=1&amp;hl=fr\" target=\"_blank\" rel=\"noopener\">Acc\u00e9der au volume<\/a> sur <b>GoogleBooks<\/b><\/p>\n<p><b>750207<br \/>\n<\/b>Flaminio Scarselli<br \/>\n<i>Cr\u00e9sus<br \/>\n<\/i>1775, Tome II, p. 96-98<br \/>\n(\u00c9ph\u00e9m\u00e9rides de Rome; Gazette universelle de Litt\u00e9rature)<br \/>\n<a href=\"http:\/\/books.google.be\/books?id=ZZEUAAAAQAAJ&amp;printsec=frontcover&amp;dq=editions:0qCv5MvfosIxTQW6d&amp;lr=&amp;as_brr=1&amp;hl=fr\" target=\"_blank\" rel=\"noopener\">Acc\u00e9der au volume<\/a> sur <b>GoogleBooks<\/b><\/p>\n<p><b>750208<br \/>\n<\/b>Madame de B. de Courcy<br \/>\n<i>Les passions<br \/>\n<\/i>1775, Tome II, p. 99-103<br \/>\n(Journal des Dames)<br \/>\n<a href=\"http:\/\/books.google.be\/books?id=ZZEUAAAAQAAJ&amp;printsec=frontcover&amp;dq=editions:0qCv5MvfosIxTQW6d&amp;lr=&amp;as_brr=1&amp;hl=fr\" target=\"_blank\" rel=\"noopener\">Acc\u00e9der au volume<\/a> sur <b>GoogleBooks<\/b><\/p>\n<p><b>750209<\/b><br \/>\nBarth\u00e9l\u00e9my Imbert<br \/>\n<i>Requ\u00eate au Parlement de Paris<br \/>\n<\/i>1775, Tome II, p. 103-07<br \/>\n(Journal des Beaux-Arts; Journal des Dames; Journal encyclop\u00e9dique)<br \/>\n<a href=\"http:\/\/books.google.be\/books?id=ZZEUAAAAQAAJ&amp;printsec=frontcover&amp;dq=editions:0qCv5MvfosIxTQW6d&amp;lr=&amp;as_brr=1&amp;hl=fr\" target=\"_blank\" rel=\"noopener\">Acc\u00e9der au volume<\/a> sur <b>GoogleBooks<\/b><\/p>\n<p><b>750210<br \/>\n<\/b>Joseph M&rsquo;Cormick<br \/>\n<i>State papers and Letters<br \/>\n<\/i>1775, Tome II, p. 107-14<br \/>\n(Journal encyclop\u00e9dique; Gazette universelle de Litt\u00e9rature)<br \/>\n<a href=\"http:\/\/books.google.be\/books?id=ZZEUAAAAQAAJ&amp;printsec=frontcover&amp;dq=editions:0qCv5MvfosIxTQW6d&amp;lr=&amp;as_brr=1&amp;hl=fr\" target=\"_blank\" rel=\"noopener\">Acc\u00e9der au volume<\/a> sur <b>GoogleBooks<\/b><\/p>\n<p style=\"text-align: justify;\"><b>750211<br \/>\n<\/b>[Destrieres]\n<i>L&rsquo;art de cultiver les pays de montagnes et les climats froids, ou Essai sur le Commerce et l&rsquo;Agriculture, particuliers aux pays et montagnes d&rsquo;Auvergne<br \/>\n<\/i>1775, Tome II, p. 115-36<br \/>\nJournal d&rsquo;agriculture; Mercure de France)<br \/>\n<a href=\"http:\/\/books.google.be\/books?id=ZZEUAAAAQAAJ&amp;printsec=frontcover&amp;dq=editions:0qCv5MvfosIxTQW6d&amp;lr=&amp;as_brr=1&amp;hl=fr\" target=\"_blank\" rel=\"noopener\">Acc\u00e9der au volume<\/a> sur <b>GoogleBooks<\/b><\/p>\n<p><b>750212<br \/>\n<\/b>Pierre-Augustin Caron de Beaumarchais<br \/>\n<i>M\u00e9moires contre le sieur Go\u00ebzman<br \/>\n<\/i>1775, Tome II, p. 137-76<br \/>\n<a href=\"http:\/\/books.google.be\/books?id=ZZEUAAAAQAAJ&amp;printsec=frontcover&amp;dq=editions:0qCv5MvfosIxTQW6d&amp;lr=&amp;as_brr=1&amp;hl=fr\" target=\"_blank\" rel=\"noopener\">Acc\u00e9der au volume<\/a> sur <b>GoogleBooks<\/b><\/p>\n<p><b>750213<br \/>\n<\/b>Nicolas Bricaire de La Dixmerie<br \/>\n<i>Dialogue entre Alcibiade et Tymon le Misanthrope <\/i><a href=\"http:\/\/www.gedhs.ulg.ac.be\/recherches\/dialogues\/edj750213.html\" target=\"_top\">[MODE TEXTE]<\/a><i><br \/>\n<\/i>1775, Tome II, p. 176-82<br \/>\n<a href=\"http:\/\/books.google.be\/books?id=ZZEUAAAAQAAJ&amp;printsec=frontcover&amp;dq=editions:0qCv5MvfosIxTQW6d&amp;lr=&amp;as_brr=1&amp;hl=fr\" target=\"_blank\" rel=\"noopener\">Acc\u00e9der au volume<\/a> sur <b>GoogleBooks<\/b><\/p>\n<p><b>750214<br \/>\n<\/b><i>Discours tir\u00e9 du <\/i>Nouveau Spectateur Fran\u00e7ais<br \/>\n1775, Tome II, p. 183-87<br \/>\n(Nouveau spectateur fran\u00e7ais)<br \/>\n<a href=\"http:\/\/books.google.be\/books?id=ZZEUAAAAQAAJ&amp;printsec=frontcover&amp;dq=editions:0qCv5MvfosIxTQW6d&amp;lr=&amp;as_brr=1&amp;hl=fr\" target=\"_blank\" rel=\"noopener\">Acc\u00e9der au volume<\/a> sur <b>GoogleBooks<\/b><\/p>\n<p style=\"text-align: justify;\"><b>750215<\/b><br \/>\n<i>Extrait d&rsquo;une lettre \u00e9crite de la Jama\u00efque \u00e0 un habitant d&rsquo;Edimbourg<\/i><br \/>\n1775, Tome II, p. 188-89<br \/>\n(Gazette d&rsquo;Agriculture, Commerce, Arts et Finances)<br \/>\n<a href=\"http:\/\/books.google.be\/books?id=ZZEUAAAAQAAJ&amp;printsec=frontcover&amp;dq=editions:0qCv5MvfosIxTQW6d&amp;lr=&amp;as_brr=1&amp;hl=fr\" target=\"_blank\" rel=\"noopener\">Acc\u00e9der au volume<\/a> sur <b>GoogleBooks<\/b><\/p>\n<p style=\"text-align: justify;\"><b>750216<\/b><br \/>\nVoltaire [Sign\u00e9 : \u00abF.d.V.S. de F. et T., G.o.d.R.\u00bb, pour : \u00abFran\u00e7ois de Voltaire, seigneur de Ferney et Tourney, gentilhomme ordinaire du Roi\u00bb]\n<i>Petit \u00e9crit sur l&rsquo;arr\u00eat\u00e9 du Conseil du 13 sept. 74, qui permet le libre commerce des bleds dans le Royaume de France<\/i><br \/>\n1775, Tome II, p. 189-95<br \/>\n(Gazette universelle de Litt\u00e9rature)<br \/>\n<a href=\"http:\/\/books.google.be\/books?id=ZZEUAAAAQAAJ&amp;printsec=frontcover&amp;dq=editions:0qCv5MvfosIxTQW6d&amp;lr=&amp;as_brr=1&amp;hl=fr\" target=\"_blank\" rel=\"noopener\">Acc\u00e9der au volume<\/a> sur <b>GoogleBooks<\/b><\/p>\n<p><b>750217<\/b><br \/>\nPierre Duchamp<br \/>\n<i>Lettre d&rsquo;un paysan du Village de*** sur la libert\u00e9 du commerce du grain<br \/>\n<\/i>1775, Tome II, p. 196-203<br \/>\n(Gazette d&rsquo;Agriculture, Commerce, Arts et Finances)<br \/>\n<a href=\"http:\/\/books.google.be\/books?id=ZZEUAAAAQAAJ&amp;printsec=frontcover&amp;dq=editions:0qCv5MvfosIxTQW6d&amp;lr=&amp;as_brr=1&amp;hl=fr\" target=\"_blank\" rel=\"noopener\">Acc\u00e9der au volume<\/a> sur <b>GoogleBooks<\/b><\/p>\n<p style=\"text-align: justify;\"><b>750218<\/b><br \/>\n<i>Lettre critique d&rsquo;un journalier et soldat provincial de la &#8230; de Tours, \u00e0 M. l&rsquo;abb\u00e9 Baudeau, sur ses <\/i>Avis au peuple<br \/>\n1775, Tome II, p. 204-11<br \/>\n(Nouvelles \u00e9ph\u00e9m\u00e9rides \u00e9conomiques)<br \/>\n<a href=\"http:\/\/books.google.be\/books?id=ZZEUAAAAQAAJ&amp;printsec=frontcover&amp;dq=editions:0qCv5MvfosIxTQW6d&amp;lr=&amp;as_brr=1&amp;hl=fr\" target=\"_blank\" rel=\"noopener\">Acc\u00e9der au volume<\/a> sur <b>GoogleBooks<\/b><\/p>\n<p><b>750219<\/b><br \/>\n<i>Le Myst\u00e9rieux<\/i><br \/>\n1775, Tome II, p. 212-18<br \/>\n(Spectateur fran\u00e7ais)<br \/>\n<a href=\"http:\/\/books.google.be\/books?id=ZZEUAAAAQAAJ&amp;printsec=frontcover&amp;dq=editions:0qCv5MvfosIxTQW6d&amp;lr=&amp;as_brr=1&amp;hl=fr\" target=\"_blank\" rel=\"noopener\">Acc\u00e9der au volume<\/a> sur <b>GoogleBooks<\/b><\/p>\n<p><b>750220<\/b><br \/>\n<i>Extrait des petites affiches de\u2026<\/i><br \/>\n1775, Tome II, p. 218-19<br \/>\n(Spectateur fran\u00e7ais)<br \/>\n<a href=\"http:\/\/books.google.be\/books?id=ZZEUAAAAQAAJ&amp;printsec=frontcover&amp;dq=editions:0qCv5MvfosIxTQW6d&amp;lr=&amp;as_brr=1&amp;hl=fr\" target=\"_blank\" rel=\"noopener\">Acc\u00e9der au volume<\/a> sur <b>GoogleBooks<\/b><\/p>\n<p style=\"text-align: justify;\"><b>750221<\/b><br \/>\n<i>Lettres adress\u00e9es \u00e0 Monsieur l&rsquo;abb\u00e9 de la Chapelle, au sujet de son scaphandre<\/i><br \/>\n1775, Tome II, p. 219-22<br \/>\n(Spectateur fran\u00e7ais)<br \/>\n<a href=\"http:\/\/books.google.be\/books?id=ZZEUAAAAQAAJ&amp;printsec=frontcover&amp;dq=editions:0qCv5MvfosIxTQW6d&amp;lr=&amp;as_brr=1&amp;hl=fr\" target=\"_blank\" rel=\"noopener\">Acc\u00e9der au volume<\/a> sur <b>GoogleBooks<\/b><\/p>\n<p><b>750222<\/b><br \/>\n<i>Le Consul Villars<\/i>, po\u00e8me<br \/>\n1775, Tome II, p. 223-27<\/p>\n<p style=\"text-align: justify;\"><b>750223<\/b><br \/>\nJean Sautereau de Bellevaud<br \/>\n<i>Hymne pour une f\u00eate ma\u00e7onne c\u00e9l\u00e9br\u00e9e \u00e0 Clermond-Ferrand par la Loge de St Michel de la Paix<\/i><br \/>\n1775, Tome II, p. 228-29<br \/>\n<a href=\"http:\/\/books.google.be\/books?id=ZZEUAAAAQAAJ&amp;printsec=frontcover&amp;dq=editions:0qCv5MvfosIxTQW6d&amp;lr=&amp;as_brr=1&amp;hl=fr\" target=\"_blank\" rel=\"noopener\">Acc\u00e9der au volume<\/a> sur <b>GoogleBooks<\/b><\/p>\n<p style=\"text-align: justify;\"><b>750224<\/b><br \/>\nMademoiselle Muray<br \/>\n<i>Vers \u00e0 Mademoiselle Ang***; masqu\u00e9e en capon, au bal donn\u00e9 \u00e0 Bruxelles le 4 f\u00e9vrier 1775<\/i><br \/>\n1775, Tome II, p. 230<br \/>\n<a href=\"http:\/\/books.google.be\/books?id=ZZEUAAAAQAAJ&amp;printsec=frontcover&amp;dq=editions:0qCv5MvfosIxTQW6d&amp;lr=&amp;as_brr=1&amp;hl=fr\" target=\"_blank\" rel=\"noopener\">Acc\u00e9der au volume<\/a> sur <b>GoogleBooks<\/b><\/p>\n<p style=\"text-align: justify;\"><b>750225<\/b><br \/>\nD. G.<br \/>\n<i>Vers sur l&rsquo;arr\u00eat du Conseil d&rsquo;\u00c9tat du Roi, donn\u00e9 \u00e0 Versailles, le 13 Septembre 1774, au rapport de M. Turgot, ministre et contr\u00f4leur d&rsquo;\u00c9tat de S.M., et publi\u00e9 \u00e0 Paris, le 21 du m\u00eame mois<\/i><br \/>\n1775, Tome II, p. 231<br \/>\n<a href=\"http:\/\/books.google.be\/books?id=ZZEUAAAAQAAJ&amp;printsec=frontcover&amp;dq=editions:0qCv5MvfosIxTQW6d&amp;lr=&amp;as_brr=1&amp;hl=fr\" target=\"_blank\" rel=\"noopener\">Acc\u00e9der au volume<\/a> sur <b>GoogleBooks<\/b><\/p>\n<p><b>750226<\/b><br \/>\nSylvain Mar\u00e9chal<br \/>\n<i>Consigne \u00e0 mon portier<\/i><br \/>\n1775, Tome II, p. 231-32<br \/>\n<a href=\"http:\/\/books.google.be\/books?id=ZZEUAAAAQAAJ&amp;printsec=frontcover&amp;dq=editions:0qCv5MvfosIxTQW6d&amp;lr=&amp;as_brr=1&amp;hl=fr\" target=\"_blank\" rel=\"noopener\">Acc\u00e9der au volume<\/a> sur <b>GoogleBooks<\/b><\/p>\n<p><b>750227<\/b><br \/>\nDoigny du Ponceau<br \/>\n<i>L&rsquo;homme comme il faut<\/i><br \/>\n1775, Tome II, p. 232-33<br \/>\n<a href=\"http:\/\/books.google.be\/books?id=ZZEUAAAAQAAJ&amp;printsec=frontcover&amp;dq=editions:0qCv5MvfosIxTQW6d&amp;lr=&amp;as_brr=1&amp;hl=fr\" target=\"_blank\" rel=\"noopener\">Acc\u00e9der au volume<\/a> sur <b>GoogleBooks<\/b><\/p>\n<p><b>750228<\/b><br \/>\nClaude-Joseph Dorat<br \/>\n<i>L&rsquo;irr\u00e9solution <\/i><a href=\"http:\/\/www.gedhs.ulg.ac.be\/recherches\/espritdesjournaux\/articles\/edj750228.html\" target=\"_top\">[MODE TEXTE]<\/a><br \/>\n1775, Tome II, p. 234-35<br \/>\n<a href=\"http:\/\/books.google.be\/books?id=ZZEUAAAAQAAJ&amp;printsec=frontcover&amp;dq=editions:0qCv5MvfosIxTQW6d&amp;lr=&amp;as_brr=1&amp;hl=fr\" target=\"_blank\" rel=\"noopener\">Acc\u00e9der au volume<\/a> sur <b>GoogleBooks<\/b><\/p>\n<p><b>750229<\/b><br \/>\nMadame la Comtesse de B*** [Fanny de Beauharnais]\n<i>Madrigal<\/i><br \/>\n1775, Tome II, p. 235<br \/>\n<a href=\"http:\/\/books.google.be\/books?id=ZZEUAAAAQAAJ&amp;printsec=frontcover&amp;dq=editions:0qCv5MvfosIxTQW6d&amp;lr=&amp;as_brr=1&amp;hl=fr\" target=\"_blank\" rel=\"noopener\">Acc\u00e9der au volume<\/a> sur <b>GoogleBooks<\/b><\/p>\n<p><b>750230<\/b><br \/>\nClaude-Joseph Dorat<br \/>\n<i>Le S\u00e9nat des aigles<\/i><b><i> <\/i><a href=\"http:\/\/www.gedhs.ulg.ac.be\/recherches\/espritdesjournaux\/articles\/edj750230.html\" target=\"_top\">[MODE TEXTE]<\/a><\/b><br \/>\n1775, Tome II, p. 236-37<br \/>\n<a href=\"http:\/\/books.google.be\/books?id=ZZEUAAAAQAAJ&amp;printsec=frontcover&amp;dq=editions:0qCv5MvfosIxTQW6d&amp;lr=&amp;as_brr=1&amp;hl=fr\" target=\"_blank\" rel=\"noopener\">Acc\u00e9der au volume<\/a> sur <b>GoogleBooks<\/b><\/p>\n<p><b>750231<\/b><br \/>\nH**<br \/>\n<i>L&rsquo;\u00e2ne retrouv\u00e9<\/i><br \/>\n1775, Tome II, p. 237-38<br \/>\n<a href=\"http:\/\/books.google.be\/books?id=ZZEUAAAAQAAJ&amp;printsec=frontcover&amp;dq=editions:0qCv5MvfosIxTQW6d&amp;lr=&amp;as_brr=1&amp;hl=fr\" target=\"_blank\" rel=\"noopener\">Acc\u00e9der au volume<\/a> sur <b>GoogleBooks<\/b><\/p>\n<p><b>750232<\/b><br \/>\nMadame la Comtesse de Bussi<br \/>\n<i>\u00c0 Mignonne, ma petite chienne<\/i><br \/>\n1775, Tome II, p. 238-39<br \/>\n<a href=\"http:\/\/books.google.be\/books?id=ZZEUAAAAQAAJ&amp;printsec=frontcover&amp;dq=editions:0qCv5MvfosIxTQW6d&amp;lr=&amp;as_brr=1&amp;hl=fr\" target=\"_blank\" rel=\"noopener\">Acc\u00e9der au volume<\/a> sur <b>GoogleBooks<\/b><\/p>\n<p><b>750233<\/b><br \/>\nMadame la Comtesse de B*** [Fanny de Beauharnais]\n<i>Aux Turcs<\/i><br \/>\n1775, Tome II, p. 239-41<br \/>\n<a href=\"http:\/\/books.google.be\/books?id=ZZEUAAAAQAAJ&amp;printsec=frontcover&amp;dq=editions:0qCv5MvfosIxTQW6d&amp;lr=&amp;as_brr=1&amp;hl=fr\" target=\"_blank\" rel=\"noopener\">Acc\u00e9der au volume<\/a> sur <b>GoogleBooks<\/b><\/p>\n<p><b>750234<\/b><br \/>\nBertin<br \/>\n<i>Aux m\u00eames [Turcs]<\/i><br \/>\n1775, Tome II, p. 241-42<br \/>\n<a href=\"http:\/\/books.google.be\/books?id=ZZEUAAAAQAAJ&amp;printsec=frontcover&amp;dq=editions:0qCv5MvfosIxTQW6d&amp;lr=&amp;as_brr=1&amp;hl=fr\" target=\"_blank\" rel=\"noopener\">Acc\u00e9der au volume<\/a> sur <b>GoogleBooks<\/b><\/p>\n<p><b>750235<\/b><br \/>\nClaude-Joseph Dorat<br \/>\n<i>Ronde de table<\/i><b><i> <\/i><a href=\"http:\/\/www.gedhs.ulg.ac.be\/recherches\/espritdesjournaux\/articles\/edj750235.html\" target=\"_top\">[MODE TEXTE]<\/a><\/b><br \/>\n1775, Tome II, p. 243-44<br \/>\n<a href=\"http:\/\/books.google.be\/books?id=ZZEUAAAAQAAJ&amp;printsec=frontcover&amp;dq=editions:0qCv5MvfosIxTQW6d&amp;lr=&amp;as_brr=1&amp;hl=fr\" target=\"_blank\" rel=\"noopener\">Acc\u00e9der au volume<\/a> sur <b>GoogleBooks<\/b><\/p>\n<p style=\"text-align: justify;\"><b>750236<\/b><br \/>\nBarth\u00e9l\u00e9my Imbert<br \/>\n<i>\u00c9p\u00eetre \u00e0 M. de Voltaire, sur un pain qu&rsquo;il avait compos\u00e9 avec des pommes de terre<\/i><br \/>\n1775, Tome II, p. 245-46<br \/>\n<a href=\"http:\/\/books.google.be\/books?id=ZZEUAAAAQAAJ&amp;printsec=frontcover&amp;dq=editions:0qCv5MvfosIxTQW6d&amp;lr=&amp;as_brr=1&amp;hl=fr\" target=\"_blank\" rel=\"noopener\">Acc\u00e9der au volume<\/a> sur <b>GoogleBooks<\/b><\/p>\n<p style=\"text-align: justify;\"><b>750237<\/b><br \/>\nPanis<br \/>\n<i>Quatrain. Pour un portrait repr\u00e9sentant Mademoiselle***, tenant un petit chien<\/i><br \/>\n1775, Tome II, p. 246<br \/>\n<a href=\"http:\/\/books.google.be\/books?id=ZZEUAAAAQAAJ&amp;printsec=frontcover&amp;dq=editions:0qCv5MvfosIxTQW6d&amp;lr=&amp;as_brr=1&amp;hl=fr\" target=\"_blank\" rel=\"noopener\">Acc\u00e9der au volume<\/a> sur <b>GoogleBooks<\/b><\/p>\n<p><b>750238<\/b><br \/>\nJacques Delille<br \/>\n<i>Satire sur le luxe<\/i> [<a href=\"http:\/\/www.gedhs.ulg.ac.be\/recherches\/espritdesjournaux\/pdf\/750238.pdf\" target=\"_blank\" rel=\"noopener\">MODE IMAGE<\/a>]\n1775, Tome II, p. 247-56<br \/>\n<a href=\"http:\/\/books.google.be\/books?id=ZZEUAAAAQAAJ&amp;printsec=frontcover&amp;dq=editions:0qCv5MvfosIxTQW6d&amp;lr=&amp;as_brr=1&amp;hl=fr\" target=\"_blank\" rel=\"noopener\">Acc\u00e9der au volume<\/a> sur <b>GoogleBooks<\/b><\/p>\n<p><b>750301<\/b><br \/>\nCarl Gustaf Ekeberg<br \/>\n<i>Voyage aux Indes orientales<\/i><br \/>\n1775, Tome III, p. 3-14<br \/>\n<a href=\"http:\/\/books.google.be\/books?id=eZEUAAAAQAAJ&amp;printsec=frontcover&amp;dq=editions:003tVjOqZaQmnlmZV&amp;lr=&amp;as_brr=1&amp;hl=fr\" target=\"_blank\" rel=\"noopener\">Acc\u00e9der au volume<\/a> sur <b>GoogleBooks<\/b><\/p>\n<p style=\"text-align: justify;\"><b>750302<\/b><br \/>\nCharles Marie de Cr\u00e9quy<br \/>\n<i>M\u00e9moires pour servir \u00e0 la vie de Nicolas de Catinat, Mar\u00e9chal de France<\/i><br \/>\n1775, Tome III, p. 15-36<br \/>\n(Mercure de France; Journal encyclop\u00e9dique)<br \/>\n<a href=\"http:\/\/books.google.be\/books?id=eZEUAAAAQAAJ&amp;printsec=frontcover&amp;dq=editions:003tVjOqZaQmnlmZV&amp;lr=&amp;as_brr=1&amp;hl=fr\" target=\"_blank\" rel=\"noopener\">Acc\u00e9der au volume<\/a> sur <b>GoogleBooks<\/b><\/p>\n<p style=\"text-align: justify;\"><b>750303<\/b><br \/>\nJohn Gregory<br \/>\n<i>Observations sur les devoirs et les fonctions d&rsquo;un m\u00e9decin, et sur la m\u00e9thode de perfectionner l&rsquo;histoire naturelle<\/i><br \/>\n1775, Tome III, p. 37-44<br \/>\n(Ann\u00e9e litt\u00e9raire; Mercure de France)<br \/>\n<a href=\"http:\/\/books.google.be\/books?id=eZEUAAAAQAAJ&amp;printsec=frontcover&amp;dq=editions:003tVjOqZaQmnlmZV&amp;lr=&amp;as_brr=1&amp;hl=fr\" target=\"_blank\" rel=\"noopener\">Acc\u00e9der au volume<\/a> sur <b>GoogleBooks<\/b><\/p>\n<p><b>750304<\/b><br \/>\nHenri Fran\u00e7ois Daguesseau<br \/>\n<i>\u0152uvres<\/i><br \/>\n1775, Tome III, p. 45-61<br \/>\n(Journal des Savants)<br \/>\n<a href=\"http:\/\/books.google.be\/books?id=eZEUAAAAQAAJ&amp;printsec=frontcover&amp;dq=editions:003tVjOqZaQmnlmZV&amp;lr=&amp;as_brr=1&amp;hl=fr\" target=\"_blank\" rel=\"noopener\">Acc\u00e9der au volume<\/a> sur <b>GoogleBooks<\/b><\/p>\n<p style=\"text-align: justify;\"><b>750305<\/b><br \/>\nD&rsquo;Agay<br \/>\n<i>Discours prononc\u00e9 \u00e0 la s\u00e9ance publique de l&rsquo;Acad\u00e9mie des sciences, belles-lettres et arts d&rsquo;Amiens, le 25 ao\u00fbt 1774, sur l&rsquo;utilit\u00e9 des sciences et des arts<\/i><br \/>\n1775, Tome III, p. 61-75<br \/>\n(Mercure de France; Annonces d&rsquo;Amiens; Ann\u00e9e litt\u00e9raire; Gazette universelle de litt\u00e9rature)<br \/>\n<a href=\"http:\/\/books.google.be\/books?id=eZEUAAAAQAAJ&amp;printsec=frontcover&amp;dq=editions:003tVjOqZaQmnlmZV&amp;lr=&amp;as_brr=1&amp;hl=fr\" target=\"_blank\" rel=\"noopener\">Acc\u00e9der au volume<\/a> sur <b>GoogleBooks<\/b><\/p>\n<p><b>750306<\/b><br \/>\nCl\u00e9mence de Villers<br \/>\n<i>Dialogues sur la musique adress\u00e9s \u00e0 son amie<\/i><br \/>\n1775, Tome III, p. 76-81<br \/>\n(Journal des Dames; Mercure de France; Journal de Litt\u00e9rature)<br \/>\n<a href=\"http:\/\/books.google.be\/books?id=eZEUAAAAQAAJ&amp;printsec=frontcover&amp;dq=editions:003tVjOqZaQmnlmZV&amp;lr=&amp;as_brr=1&amp;hl=fr\" target=\"_blank\" rel=\"noopener\">Acc\u00e9der au volume<\/a> sur <b>GoogleBooks<\/b><\/p>\n<p><b>750307<\/b><br \/>\nBarth\u00e9l\u00e9my Imbert<br \/>\n<i>Le Jugement de P\u00e2ris, po\u00e8me en quatre chants, suivi d&rsquo;\u0152uvres m\u00eal\u00e9es<\/i><br \/>\n1775, Tome III, p. 82-92<br \/>\n(Journal des Beaux-Arts; Ann\u00e9e litt\u00e9raire; Gazette universelle de Litt\u00e9rature)<br \/>\n<a href=\"http:\/\/books.google.be\/books?id=eZEUAAAAQAAJ&amp;printsec=frontcover&amp;dq=editions:003tVjOqZaQmnlmZV&amp;lr=&amp;as_brr=1&amp;hl=fr\" target=\"_blank\" rel=\"noopener\">Acc\u00e9der au volume<\/a> sur <b>GoogleBooks<\/b><\/p>\n<p><b>750308<\/b><br \/>\nClaude-Joseph Dorat<br \/>\n<i>Anacr\u00e9on, citoyen, etc. <\/i><a href=\"http:\/\/www.gedhs.ulg.ac.be\/recherches\/espritdesjournaux\/articles\/edj750308.html\" target=\"_top\">[MODE TEXTE]<\/a><br \/>\n1775, Tome III, p. 93-99<br \/>\n(Journal des Beaux-Arts; Journal des Dames; Gazette universelle de Litt\u00e9rature)<br \/>\n<a href=\"http:\/\/books.google.be\/books?id=eZEUAAAAQAAJ&amp;printsec=frontcover&amp;dq=editions:003tVjOqZaQmnlmZV&amp;lr=&amp;as_brr=1&amp;hl=fr\" target=\"_blank\" rel=\"noopener\">Acc\u00e9der au volume<\/a> sur <b>GoogleBooks<\/b><\/p>\n<p><b>750309<\/b><br \/>\nMichel Paul Guy de Chabanon<br \/>\n<i>\u00c9p\u00eetres sur la manie des jardins anglais, et contre les censeurs injustes des \u00e9crivains du si\u00e8cle<\/i><br \/>\n1775, Tome III, p. 99-106<br \/>\n(Journal encyclop\u00e9dique)<br \/>\n<a href=\"http:\/\/books.google.be\/books?id=eZEUAAAAQAAJ&amp;printsec=frontcover&amp;dq=editions:003tVjOqZaQmnlmZV&amp;lr=&amp;as_brr=1&amp;hl=fr\" target=\"_blank\" rel=\"noopener\">Acc\u00e9der au volume<\/a> sur <b>GoogleBooks<\/b><\/p>\n<p><b>750310<\/b>[Friedrich Nicolai]\n<i>Predicten et sermons de Sebaldus Nothanker<\/i><br \/>\n1775, Tome III, p. 106-15<br \/>\n(Gazette universelle de Litt\u00e9rature)<br \/>\n<a href=\"http:\/\/books.google.be\/books?id=eZEUAAAAQAAJ&amp;printsec=frontcover&amp;dq=editions:003tVjOqZaQmnlmZV&amp;lr=&amp;as_brr=1&amp;hl=fr\" target=\"_blank\" rel=\"noopener\">Acc\u00e9der au volume<\/a> sur <b>GoogleBooks<\/b><\/p>\n<p style=\"text-align: justify;\"><b>750311<\/b><br \/>\nWilliam Hooper<br \/>\n<i>Recr\u00e9ations raisonnables, o\u00f9 l&rsquo;on explique d&rsquo;une mani\u00e8re claire et d\u00e9taill\u00e9e les principes des nombres et de la philosophie naturelle; au moyen d&rsquo;un grand nombre d&rsquo;exp\u00e9riences ais\u00e9es, amusantes et int\u00e9ressantes. On y trouve tous les tours, que l&rsquo;on fait d&rsquo;ordinaire avec les cartes<\/i><br \/>\n1775, Tome III, p. 115-20<br \/>\n<a href=\"http:\/\/books.google.be\/books?id=eZEUAAAAQAAJ&amp;printsec=frontcover&amp;dq=editions:003tVjOqZaQmnlmZV&amp;lr=&amp;as_brr=1&amp;hl=fr\" target=\"_blank\" rel=\"noopener\">Acc\u00e9der au volume<\/a> sur <b>GoogleBooks<\/b><\/p>\n<p style=\"text-align: justify;\"><b>750312<\/b><br \/>\n<i>Causes c\u00e9l\u00e8bres, curieuses et int\u00e9ressantes, de toutes les Cours souveraines du Royaume, avec les jugements qui les ont d\u00e9cid\u00e9es<\/i><br \/>\n1775, Tome III, p. 121-53<br \/>\n<a href=\"http:\/\/books.google.be\/books?id=eZEUAAAAQAAJ&amp;printsec=frontcover&amp;dq=editions:003tVjOqZaQmnlmZV&amp;lr=&amp;as_brr=1&amp;hl=fr\" target=\"_blank\" rel=\"noopener\">Acc\u00e9der au volume<\/a> sur <b>GoogleBooks<\/b><\/p>\n<p><b>750313<\/b><br \/>\n<i>Extrait des <\/i>\u00c9ph\u00e9m\u00e9rides Litt\u00e9raires de Rome<br \/>\n1775, Tome III, p. 154-56<br \/>\n<a href=\"http:\/\/books.google.be\/books?id=eZEUAAAAQAAJ&amp;printsec=frontcover&amp;dq=editions:003tVjOqZaQmnlmZV&amp;lr=&amp;as_brr=1&amp;hl=fr\" target=\"_blank\" rel=\"noopener\">Acc\u00e9der au volume<\/a> sur <b>GoogleBooks<\/b><\/p>\n<p><b>750314<\/b><br \/>\nVoltaire<br \/>\n<i>Lettre \u00e0 M. le Comte d&rsquo;Agay, Intendant d&rsquo;Amiens<\/i><br \/>\n1775, Tome III, p. 156-57<br \/>\n<a href=\"http:\/\/books.google.be\/books?id=eZEUAAAAQAAJ&amp;printsec=frontcover&amp;dq=editions:003tVjOqZaQmnlmZV&amp;lr=&amp;as_brr=1&amp;hl=fr\" target=\"_blank\" rel=\"noopener\">Acc\u00e9der au volume<\/a> sur <b>GoogleBooks<\/b><\/p>\n<p><b>750315<\/b><br \/>\n<i>Fragment d&rsquo;une Idylle sib\u00e9rienne<\/i><br \/>\n1775, Tome III, p. 157-59<br \/>\n(Nouveau Spectateur)<br \/>\n<a href=\"http:\/\/books.google.be\/books?id=eZEUAAAAQAAJ&amp;printsec=frontcover&amp;dq=editions:003tVjOqZaQmnlmZV&amp;lr=&amp;as_brr=1&amp;hl=fr\" target=\"_blank\" rel=\"noopener\">Acc\u00e9der au volume<\/a> sur <b>GoogleBooks<\/b><\/p>\n<p><b>750316<\/b><br \/>\n<i>Anecdote du huiti\u00e8me si\u00e8cle, tir\u00e9e du <\/i>Spectateur<br \/>\n1775, Tome III, p. 159-70<br \/>\n<a href=\"http:\/\/books.google.be\/books?id=eZEUAAAAQAAJ&amp;printsec=frontcover&amp;dq=editions:003tVjOqZaQmnlmZV&amp;lr=&amp;as_brr=1&amp;hl=fr\" target=\"_blank\" rel=\"noopener\">Acc\u00e9der au volume<\/a> sur <b>GoogleBooks<\/b><\/p>\n<p style=\"text-align: justify;\"><b>750317<\/b><br \/>\nVictor Riqueti Mirabeau<br \/>\n<i>\u00c9loge fun\u00e8bre de M. Fran\u00e7ois Quesnay prononc\u00e9 le 20 d\u00e9cembre, dans l&rsquo;Assembl\u00e9e de ses disciples<\/i><br \/>\n1775, Tome III, p. 171-84<br \/>\n(Nouvelles \u00c9ph\u00e9m\u00e9rides \u00e9conomiques)<br \/>\n<a href=\"http:\/\/books.google.be\/books?id=eZEUAAAAQAAJ&amp;printsec=frontcover&amp;dq=editions:003tVjOqZaQmnlmZV&amp;lr=&amp;as_brr=1&amp;hl=fr\" target=\"_blank\" rel=\"noopener\">Acc\u00e9der au volume<\/a> sur <b>GoogleBooks<\/b><\/p>\n<p style=\"text-align: justify;\"><b>750318<\/b><br \/>\nComte de Nervy<br \/>\n<i>Observations sur l&rsquo;insuffisance et les inconv\u00e9nients des peines afflictives, et sur l&rsquo;avantage qu&rsquo;il y aurait \u00e0 les remplacer par des maisons de force<\/i><br \/>\n1775, Tome III, p. 185-98<br \/>\n<a href=\"http:\/\/books.google.be\/books?id=eZEUAAAAQAAJ&amp;printsec=frontcover&amp;dq=editions:003tVjOqZaQmnlmZV&amp;lr=&amp;as_brr=1&amp;hl=fr\" target=\"_blank\" rel=\"noopener\">Acc\u00e9der au volume<\/a> sur <b>GoogleBooks<\/b><\/p>\n<p style=\"text-align: justify;\"><b>750319<\/b><br \/>\nAlexandre-Fr\u00e9d\u00e9ric-Jacques Masson Pezay<br \/>\n<i>Moyen tr\u00e8s simple de fortifier les fronti\u00e8res du Royaume, et d&rsquo;y multiplier les bonnes positions de d\u00e9fense<\/i><br \/>\n1775, Tome III, p. 199-209<br \/>\n(Nouvelles \u00c9ph\u00e9m\u00e9rides; Gazette d&rsquo;Agriculture)<br \/>\n<a href=\"http:\/\/books.google.be\/books?id=eZEUAAAAQAAJ&amp;printsec=frontcover&amp;dq=editions:003tVjOqZaQmnlmZV&amp;lr=&amp;as_brr=1&amp;hl=fr\" target=\"_blank\" rel=\"noopener\">Acc\u00e9der au volume<\/a> sur <b>GoogleBooks<\/b><\/p>\n<p><b>750320<\/b><br \/>\n<i>M\u00e9moires pour Ma\u00eetre Linguet, avocat<\/i><br \/>\n1775, Tome III, p. 210-29<br \/>\n<a href=\"http:\/\/books.google.be\/books?id=eZEUAAAAQAAJ&amp;printsec=frontcover&amp;dq=editions:003tVjOqZaQmnlmZV&amp;lr=&amp;as_brr=1&amp;hl=fr\" target=\"_blank\" rel=\"noopener\">Acc\u00e9der au volume<\/a> sur <b>GoogleBooks<\/b><\/p>\n<p style=\"text-align: justify;\"><b>750321<\/b><br \/>\nM. de La Place<br \/>\n<i>Couplets pour le mariage de M. le Comte de Clary, fils du prince de ce nom, avec la Princesse de Ligne, le 31 janvier 1775<\/i><br \/>\n1775, Tome III, p. 230-31<br \/>\n<a href=\"http:\/\/books.google.be\/books?id=eZEUAAAAQAAJ&amp;printsec=frontcover&amp;dq=editions:003tVjOqZaQmnlmZV&amp;lr=&amp;as_brr=1&amp;hl=fr\" target=\"_blank\" rel=\"noopener\">Acc\u00e9der au volume<\/a> sur <b>GoogleBooks<\/b><\/p>\n<p style=\"text-align: justify;\"><b>750322<\/b><br \/>\nM. de la Place<br \/>\n<i>Impromptu. \u00c0 Madame la Comtesse de Clary, qui donna \u00e0 l&rsquo;Auteur des Couplets, un n\u0153ud d&rsquo;\u00e9p\u00e9e brod\u00e9 par elle<\/i><br \/>\n1775, Tome III, p. 232<br \/>\n<a href=\"http:\/\/books.google.be\/books?id=eZEUAAAAQAAJ&amp;printsec=frontcover&amp;dq=editions:003tVjOqZaQmnlmZV&amp;lr=&amp;as_brr=1&amp;hl=fr\" target=\"_blank\" rel=\"noopener\">Acc\u00e9der au volume<\/a> sur <b>GoogleBooks<\/b><\/p>\n<p><b>750323<\/b><br \/>\nMarquise d&rsquo;Antremont [Henriette Bourdic-Viot]\n<i>Vers \u00e0 Madame l&rsquo;\u00c9lectrice de Saxe<\/i><br \/>\n1775, Tome III, p. 232-34<br \/>\n<a href=\"http:\/\/books.google.be\/books?id=eZEUAAAAQAAJ&amp;printsec=frontcover&amp;dq=editions:003tVjOqZaQmnlmZV&amp;lr=&amp;as_brr=1&amp;hl=fr\" target=\"_blank\" rel=\"noopener\">Acc\u00e9der au volume<\/a> sur <b>GoogleBooks<\/b><\/p>\n<p style=\"text-align: justify;\"><b>750324<\/b><br \/>\nBernard de Bonnard<br \/>\n<i>\u00c0 Mademoiselle F***. En lui envoyant une petite figure repr\u00e9sentant l&rsquo;amour guerrier<\/i><br \/>\n1775, Tome III, p. 235-36<br \/>\n<a href=\"http:\/\/books.google.be\/books?id=eZEUAAAAQAAJ&amp;printsec=frontcover&amp;dq=editions:003tVjOqZaQmnlmZV&amp;lr=&amp;as_brr=1&amp;hl=fr\" target=\"_blank\" rel=\"noopener\">Acc\u00e9der au volume<\/a> sur <b>GoogleBooks<\/b><\/p>\n<p><b>750325<\/b><br \/>\nFran\u00e7ois-Philippe de Reyrac<br \/>\n<i>Mes souhaits<\/i><br \/>\n1775, Tome III, p. 236<br \/>\n<a href=\"http:\/\/books.google.be\/books?id=eZEUAAAAQAAJ&amp;printsec=frontcover&amp;dq=editions:003tVjOqZaQmnlmZV&amp;lr=&amp;as_brr=1&amp;hl=fr\" target=\"_blank\" rel=\"noopener\">Acc\u00e9der au volume<\/a> sur <b>GoogleBooks<\/b><\/p>\n<p><b>750326<\/b><br \/>\n<i>Madrigal. Impromptu \u00e0 l&rsquo;auteur des <\/i>Passions<br \/>\n1775, Tome III, p. 237<br \/>\n<a href=\"http:\/\/books.google.be\/books?id=eZEUAAAAQAAJ&amp;printsec=frontcover&amp;dq=editions:003tVjOqZaQmnlmZV&amp;lr=&amp;as_brr=1&amp;hl=fr\" target=\"_blank\" rel=\"noopener\">Acc\u00e9der au volume<\/a> sur <b>GoogleBooks<\/b><\/p>\n<p style=\"text-align: justify;\"><b>750327<\/b><br \/>\n<i>Vers pour \u00eatre mis au bas du Portrait de M. Mercier Dupathy, avocat-g\u00e9n\u00e9ral du Parlement de Bordeaux<\/i><br \/>\n1775, Tome III, p. 237<br \/>\n<a href=\"http:\/\/books.google.be\/books?id=eZEUAAAAQAAJ&amp;printsec=frontcover&amp;dq=editions:003tVjOqZaQmnlmZV&amp;lr=&amp;as_brr=1&amp;hl=fr\" target=\"_blank\" rel=\"noopener\">Acc\u00e9der au volume<\/a> sur <b>GoogleBooks<\/b><\/p>\n<p><b>750328<\/b><br \/>\n<i>Quatrain. \u00c0 trois s\u0153urs qu&rsquo;un bel enfant allait parier \u00e0 une f\u00eate<\/i><br \/>\n1775, Tome III, p. 238<br \/>\n<a href=\"http:\/\/books.google.be\/books?id=eZEUAAAAQAAJ&amp;printsec=frontcover&amp;dq=editions:003tVjOqZaQmnlmZV&amp;lr=&amp;as_brr=1&amp;hl=fr\" target=\"_blank\" rel=\"noopener\">Acc\u00e9der au volume<\/a> sur <b>GoogleBooks<\/b><\/p>\n<p><b>750329<\/b><br \/>\nLa Place<br \/>\n<i>Conte ou \u00e9pigramme<\/i><br \/>\n1775, Tome III, p. 238<br \/>\n<a href=\"http:\/\/books.google.be\/books?id=eZEUAAAAQAAJ&amp;printsec=frontcover&amp;dq=editions:003tVjOqZaQmnlmZV&amp;lr=&amp;as_brr=1&amp;hl=fr\" target=\"_blank\" rel=\"noopener\">Acc\u00e9der au volume<\/a> sur <b>GoogleBooks<\/b><\/p>\n<p><b>750330<\/b><br \/>\n<i>Vers sur Madame de Beauharnais<\/i><br \/>\n1775, Tome III, p. 239<br \/>\n<a href=\"http:\/\/books.google.be\/books?id=eZEUAAAAQAAJ&amp;printsec=frontcover&amp;dq=editions:003tVjOqZaQmnlmZV&amp;lr=&amp;as_brr=1&amp;hl=fr\" target=\"_blank\" rel=\"noopener\">Acc\u00e9der au volume<\/a> sur <b>GoogleBooks<\/b><\/p>\n<p><b>750331<\/b><br \/>\nM. de Chenevi\u00e8res<br \/>\n<i>\u00c9pigramme<\/i><br \/>\n1775, Tome III, p. 240<br \/>\n<a href=\"http:\/\/books.google.be\/books?id=eZEUAAAAQAAJ&amp;printsec=frontcover&amp;dq=editions:003tVjOqZaQmnlmZV&amp;lr=&amp;as_brr=1&amp;hl=fr\" target=\"_blank\" rel=\"noopener\">Acc\u00e9der au volume<\/a> sur <b>GoogleBooks<\/b><\/p>\n<p><b>750332<\/b><br \/>\nClaude-Joseph Dorat<br \/>\n<i>Conseil \u00e0 un ami <\/i><a href=\"http:\/\/www.gedhs.ulg.ac.be\/recherches\/espritdesjournaux\/articles\/edj750332.html\" target=\"_top\">[MODE TEXTE]<\/a><br \/>\n1775, Tome III, p. 240-42<br \/>\n<a href=\"http:\/\/books.google.be\/books?id=eZEUAAAAQAAJ&amp;printsec=frontcover&amp;dq=editions:003tVjOqZaQmnlmZV&amp;lr=&amp;as_brr=1&amp;hl=fr\" target=\"_blank\" rel=\"noopener\">Acc\u00e9der au volume<\/a> sur <b>GoogleBooks<\/b><\/p>\n<p><b>750333<\/b><br \/>\nM. Selis<br \/>\n<i>\u00c0 Mesdemoiselles de Sv***<\/i><br \/>\n1775, Tome III, p. 242-43<br \/>\n<a href=\"http:\/\/books.google.be\/books?id=eZEUAAAAQAAJ&amp;printsec=frontcover&amp;dq=editions:003tVjOqZaQmnlmZV&amp;lr=&amp;as_brr=1&amp;hl=fr\" target=\"_blank\" rel=\"noopener\">Acc\u00e9der au volume<\/a> sur <b>GoogleBooks<\/b><\/p>\n<p><b>750334<\/b><br \/>\nBernard de Bonnard<br \/>\n<i>Comme j&rsquo;aimais!<\/i><br \/>\n1775, Tome III, p. 243-45<br \/>\n<a href=\"http:\/\/books.google.be\/books?id=eZEUAAAAQAAJ&amp;printsec=frontcover&amp;dq=editions:003tVjOqZaQmnlmZV&amp;lr=&amp;as_brr=1&amp;hl=fr\" target=\"_blank\" rel=\"noopener\">Acc\u00e9der au volume<\/a> sur <b>GoogleBooks<\/b><\/p>\n<p><b>750335<\/b><br \/>\nClaude-Joseph Dorat<br \/>\n<i>Le Conseil des animaux <\/i><a href=\"http:\/\/www.gedhs.ulg.ac.be\/recherches\/espritdesjournaux\/articles\/edj750335.html\" target=\"_top\">[MODE TEXTE]<\/a><br \/>\n1775, Tome III, p. 245-46<br \/>\n<a href=\"http:\/\/books.google.be\/books?id=eZEUAAAAQAAJ&amp;printsec=frontcover&amp;dq=editions:003tVjOqZaQmnlmZV&amp;lr=&amp;as_brr=1&amp;hl=fr\" target=\"_blank\" rel=\"noopener\">Acc\u00e9der au volume<\/a> sur <b>GoogleBooks<\/b><\/p>\n<p><b>750336<\/b><br \/>\nBernard de Bonnard<br \/>\n<i>\u00c0 Monsieur le Comte de ***<\/i><br \/>\n1775, Tome III, p. 246<br \/>\n<a href=\"http:\/\/books.google.be\/books?id=eZEUAAAAQAAJ&amp;printsec=frontcover&amp;dq=editions:003tVjOqZaQmnlmZV&amp;lr=&amp;as_brr=1&amp;hl=fr\" target=\"_blank\" rel=\"noopener\">Acc\u00e9der au volume<\/a> sur <b>GoogleBooks<\/b><\/p>\n<p><b>750337<\/b><br \/>\nM. de Palmezeaux<br \/>\n<i>\u00c9p\u00eetre \u00e0 mon fr\u00e8re, pendant mon s\u00e9jour au S\u00e9minaire<\/i><br \/>\n1775, Tome III, p. 247-48<br \/>\n<a href=\"http:\/\/books.google.be\/books?id=eZEUAAAAQAAJ&amp;printsec=frontcover&amp;dq=editions:003tVjOqZaQmnlmZV&amp;lr=&amp;as_brr=1&amp;hl=fr\" target=\"_blank\" rel=\"noopener\">Acc\u00e9der au volume<\/a> sur <b>GoogleBooks<\/b><\/p>\n<p><b>750338<\/b><br \/>\nVoltaire<br \/>\n<i>\u00c0 Madame la Comtesse de B***<\/i><br \/>\n1775, Tome III, p. 249<br \/>\n<a href=\"http:\/\/books.google.be\/books?id=eZEUAAAAQAAJ&amp;printsec=frontcover&amp;dq=editions:003tVjOqZaQmnlmZV&amp;lr=&amp;as_brr=1&amp;hl=fr\" target=\"_blank\" rel=\"noopener\">Acc\u00e9der au volume<\/a> sur <b>GoogleBooks<\/b><\/p>\n<p><b>750339<\/b><br \/>\nM. de Fumars<br \/>\n<i>L&rsquo;Arc et l&rsquo;Enfant<\/i><br \/>\n1775, Tome III, p. 249-50<br \/>\n<a href=\"http:\/\/books.google.be\/books?id=eZEUAAAAQAAJ&amp;printsec=frontcover&amp;dq=editions:003tVjOqZaQmnlmZV&amp;lr=&amp;as_brr=1&amp;hl=fr\" target=\"_blank\" rel=\"noopener\">Acc\u00e9der au volume<\/a> sur <b>GoogleBooks<\/b><\/p>\n<p style=\"text-align: justify;\"><b>750340<\/b><br \/>\nM. de Chateaugiron<br \/>\n<i>\u00c0 mon ami qui se plaint de l&rsquo;infid\u00e9lit\u00e9 d&rsquo;une ma\u00eetresse, et qui pense que pour \u00eatre heureux, il faut renoncer aux femmes<\/i><br \/>\n1775, Tome III, p. 250-51<br \/>\n<a href=\"http:\/\/books.google.be\/books?id=eZEUAAAAQAAJ&amp;printsec=frontcover&amp;dq=editions:003tVjOqZaQmnlmZV&amp;lr=&amp;as_brr=1&amp;hl=fr\" target=\"_blank\" rel=\"noopener\">Acc\u00e9der au volume<\/a> sur <b>GoogleBooks<\/b><\/p>\n<p><b>750341<\/b><br \/>\nJean-Charles de Relongue de La Loupti\u00e8re<br \/>\n<i>\u00c0 une dame, qui me demandait un rondeau<\/i><br \/>\n1775, Tome III, p. 251<br \/>\n<a href=\"http:\/\/books.google.be\/books?id=eZEUAAAAQAAJ&amp;printsec=frontcover&amp;dq=editions:003tVjOqZaQmnlmZV&amp;lr=&amp;as_brr=1&amp;hl=fr\" target=\"_blank\" rel=\"noopener\">Acc\u00e9der au volume<\/a> sur <b>GoogleBooks<\/b><\/p>\n<p><b>750342<\/b><br \/>\nJean-Pierre V\u00e9ron\u00e8e<br \/>\n<i>Compliment du Jour de l&rsquo;An \u00e0 la Reine<\/i><br \/>\n1775, Tome III, p. 252<br \/>\n<a href=\"http:\/\/books.google.be\/books?id=eZEUAAAAQAAJ&amp;printsec=frontcover&amp;dq=editions:003tVjOqZaQmnlmZV&amp;lr=&amp;as_brr=1&amp;hl=fr\" target=\"_blank\" rel=\"noopener\">Acc\u00e9der au volume<\/a> sur <b>GoogleBooks<\/b><\/p>\n<p style=\"text-align: justify;\"><b>750343<\/b><br \/>\nNostradamus le Clopinant<br \/>\n<i>Vers, au sujet de l&rsquo;inscription qui a \u00e9t\u00e9 mise \u00e0 la statue de Henir IV, lors de l&rsquo;av\u00e8nement de Louis XVI, \u00e0 la couronne<\/i><br \/>\n1775, Tome III, p. 253<br \/>\n<a href=\"http:\/\/books.google.be\/books?id=eZEUAAAAQAAJ&amp;printsec=frontcover&amp;dq=editions:003tVjOqZaQmnlmZV&amp;lr=&amp;as_brr=1&amp;hl=fr\" target=\"_blank\" rel=\"noopener\">Acc\u00e9der au volume<\/a> sur <b>GoogleBooks<\/b><\/p>\n<p style=\"text-align: justify;\"><b>750401<\/b><br \/>\nClaude Guillaume Bourdon de Sigrais<br \/>\n<i>Consid\u00e9rations sur l&rsquo;esprit militaire des Gaulois, pour servir d&rsquo;\u00e9claircissements pr\u00e9liminaires aux m\u00eames recherches sur les Fran\u00e7ais, et d&rsquo;introduction \u00e0 l&rsquo;histoire de France<\/i><br \/>\n1775, Tome IV, p. 3-19<br \/>\n(Ann\u00e9e litt\u00e9raire; Journal encyclop\u00e9dique; Journal des Savants; Mercure de France)<br \/>\n<a href=\"http:\/\/books.google.be\/books?id=iZEUAAAAQAAJ&amp;printsec=titlepage&amp;dq=intitle:journaux+date:1770-1775&amp;lr=&amp;as_brr=1&amp;hl=fr&amp;source=gbs_summary_r&amp;cad=0\" target=\"_blank\" rel=\"noopener\">Acc\u00e9der au volume<\/a> sur <b>GoogleBooks<\/b><\/p>\n<p style=\"text-align: justify;\"><b>750402<\/b><br \/>\nAnne Gabriel Meusnier de Querlon<br \/>\n<i>Le triomphe des Gr\u00e2ces, ou \u00c9lite en prose et en vers des meilleurs \u00e9crits anciens et modernes, qui ont \u00e9t\u00e9 faits \u00e0 la louange des graces par les auteurs grecs et latins, fran\u00e7ais et \u00e9trangers<\/i><br \/>\n1775, Tome IV, p. 20-30<br \/>\n(Journal des Dames; Mercure de France; Journal de Politique et de Litt\u00e9rature)<br \/>\n<a href=\"http:\/\/books.google.be\/books?id=iZEUAAAAQAAJ&amp;printsec=titlepage&amp;dq=intitle:journaux+date:1770-1775&amp;lr=&amp;as_brr=1&amp;hl=fr&amp;source=gbs_summary_r&amp;cad=0\" target=\"_blank\" rel=\"noopener\">Acc\u00e9der au volume<\/a> sur <b>GoogleBooks<\/b><\/p>\n<p style=\"text-align: justify;\"><b>750403<\/b><br \/>\nAbb\u00e9 de La Chapelle<br \/>\n<i>Trait\u00e9 de la construction th\u00e9orique et pratique du scaphandre ou du bateau de l&rsquo;homme, approuv\u00e9 par l&rsquo;Acad\u00e9mie Royale des Science<\/i>s<br \/>\n1775, Tome IV, p. 31-45<br \/>\n(Ann\u00e9e litt\u00e9raire; Journal encyclop\u00e9dique; Mercure de France)<br \/>\n<a href=\"http:\/\/books.google.be\/books?id=iZEUAAAAQAAJ&amp;printsec=titlepage&amp;dq=intitle:journaux+date:1770-1775&amp;lr=&amp;as_brr=1&amp;hl=fr&amp;source=gbs_summary_r&amp;cad=0\" target=\"_blank\" rel=\"noopener\">Acc\u00e9der au volume<\/a> sur <b>GoogleBooks<\/b><\/p>\n<p><b>750404<\/b><br \/>\nAlexander G\u00e9rard<br \/>\n<i>Essai sur le g\u00e9nie<\/i><br \/>\n1775, Tome IV, p. 46-64<br \/>\n(Journal encyclop\u00e9dique; Monthly Review)<br \/>\n<a href=\"http:\/\/books.google.be\/books?id=iZEUAAAAQAAJ&amp;printsec=titlepage&amp;dq=intitle:journaux+date:1770-1775&amp;lr=&amp;as_brr=1&amp;hl=fr&amp;source=gbs_summary_r&amp;cad=0\" target=\"_blank\" rel=\"noopener\">Acc\u00e9der au volume<\/a> sur <b>GoogleBooks<\/b><\/p>\n<p style=\"text-align: justify;\"><b>750405<\/b><br \/>\nJean-Louis de Fourcroy<br \/>\n<i>Les enfants \u00e9lev\u00e9s dans l&rsquo;ordre de la nature, ou Abr\u00e9g\u00e9 de l&rsquo;Histoire Naturelle des enfants du premier \u00e2ge, \u00e0 l&rsquo;usage des p\u00e8res et m\u00e8res de famille<\/i><br \/>\n1775, Tome IV, p. 65-70<br \/>\n(Mercure de France; Journal des Dames; Gazette universelle de Litt\u00e9rature)<br \/>\n<a href=\"http:\/\/books.google.be\/books?id=iZEUAAAAQAAJ&amp;printsec=titlepage&amp;dq=intitle:journaux+date:1770-1775&amp;lr=&amp;as_brr=1&amp;hl=fr&amp;source=gbs_summary_r&amp;cad=0\" target=\"_blank\" rel=\"noopener\">Acc\u00e9der au volume<\/a> sur <b>GoogleBooks<\/b><\/p>\n<p style=\"text-align: justify;\"><b>750406<\/b><br \/>\nLouis de Laus de Boissy<br \/>\n<i>Avis aux m\u00e8res au sujet de l&rsquo;inoculation, ou Lettre \u00e0 une dame de province, qui h\u00e9sitait de faire inoculer ses enfants<\/i><br \/>\n1775, Tome IV, p. 71-81<br \/>\n(Journal encyclop\u00e9dique; Gazette universelle de litt\u00e9rature; Mercure de France)<br \/>\n<a href=\"http:\/\/books.google.be\/books?id=iZEUAAAAQAAJ&amp;printsec=titlepage&amp;dq=intitle:journaux+date:1770-1775&amp;lr=&amp;as_brr=1&amp;hl=fr&amp;source=gbs_summary_r&amp;cad=0\" target=\"_blank\" rel=\"noopener\">Acc\u00e9der au volume<\/a> sur <b>GoogleBooks<\/b><\/p>\n<p style=\"text-align: justify;\"><b>750407<\/b><br \/>\nNicolas Masson de Morvilliers<br \/>\n<i>Abr\u00e9g\u00e9 \u00e9l\u00e9mentaire de la g\u00e9ographie universelle de l&rsquo;Italie; dans lequel on trouve tout ce qu&rsquo;elle renferme de plus curieux dans la min\u00e9ralogie, m\u00e9tallurgie, arts, manufactures, commerce, antiquit\u00e9, etc; avec la description de ses villes principales, de son terroir, des m\u0153urs, coutumes, etc.<\/i><br \/>\n1775, Tome IV, p. 81-96<br \/>\n(Ann\u00e9e litt\u00e9raire; Journal encyclop\u00e9dique)<br \/>\n<a href=\"http:\/\/books.google.be\/books?id=iZEUAAAAQAAJ&amp;printsec=titlepage&amp;dq=intitle:journaux+date:1770-1775&amp;lr=&amp;as_brr=1&amp;hl=fr&amp;source=gbs_summary_r&amp;cad=0\" target=\"_blank\" rel=\"noopener\">Acc\u00e9der au volume<\/a> sur <b>GoogleBooks<\/b><\/p>\n<p><b>750408<\/b><br \/>\n<i>Nouveaux m\u00e9moires de la Soci\u00e9t\u00e9 Royale des Sciences d&rsquo;Upsal (Nova Acta Regi\u00e6 Societatis Scientiarum Upsaliensis, etc.)<\/i><br \/>\n1775, Tome IV, p. 96-104<br \/>\n(Article communiqu\u00e9 par un litt\u00e9rateur su\u00e9dois)<br \/>\n<a href=\"http:\/\/books.google.be\/books?id=iZEUAAAAQAAJ&amp;printsec=titlepage&amp;dq=intitle:journaux+date:1770-1775&amp;lr=&amp;as_brr=1&amp;hl=fr&amp;source=gbs_summary_r&amp;cad=0\" target=\"_blank\" rel=\"noopener\">Acc\u00e9der au volume<\/a> sur <b>GoogleBooks<\/b><\/p>\n<p><b>750409<\/b><br \/>\nWilhelm Carl Ramler<br \/>\n<i>Choix de fleurs po\u00e9tiques (Lyrische Blumenlese)<\/i><br \/>\n1775, Tome IV, p. 105-10<br \/>\n(Gazette universelle de Litt\u00e9rature; Journal encyclop\u00e9dique)<br \/>\n<a href=\"http:\/\/books.google.be\/books?id=iZEUAAAAQAAJ&amp;printsec=titlepage&amp;dq=intitle:journaux+date:1770-1775&amp;lr=&amp;as_brr=1&amp;hl=fr&amp;source=gbs_summary_r&amp;cad=0\" target=\"_blank\" rel=\"noopener\">Acc\u00e9der au volume<\/a> sur <b>GoogleBooks<\/b><\/p>\n<p><b>750410<\/b><br \/>\nBonaventura Corti<br \/>\n<i>Observations microscopiques sur la plante appel\u00e9e tremella, et sur la circulation du fluide dans une plante aquatique<\/i><br \/>\n1775, Tome IV, p. 110-19<br \/>\n(\u00c9ph\u00e9m\u00e9rides litt\u00e9raires de Rome)<br \/>\n<a href=\"http:\/\/books.google.be\/books?id=iZEUAAAAQAAJ&amp;printsec=titlepage&amp;dq=intitle:journaux+date:1770-1775&amp;lr=&amp;as_brr=1&amp;hl=fr&amp;source=gbs_summary_r&amp;cad=0\" target=\"_blank\" rel=\"noopener\">Acc\u00e9der au volume<\/a> sur <b>GoogleBooks<\/b><\/p>\n<p style=\"text-align: justify;\"><b>750411<\/b><br \/>\n<i>Causes c\u00e9l\u00e8bres, curieuses et int\u00e9ressantes de toutes les cours souveraines du Royaume; avec les jugements qui les ont d\u00e9cid\u00e9es<\/i><br \/>\n1775, Tome IV, p. 119-56<br \/>\n<a href=\"http:\/\/books.google.be\/books?id=iZEUAAAAQAAJ&amp;printsec=titlepage&amp;dq=intitle:journaux+date:1770-1775&amp;lr=&amp;as_brr=1&amp;hl=fr&amp;source=gbs_summary_r&amp;cad=0\" target=\"_blank\" rel=\"noopener\">Acc\u00e9der au volume<\/a> sur <b>GoogleBooks<\/b><\/p>\n<p><b>750412<\/b><br \/>\nJean Dusaulx<br \/>\n<i>Lettre et r\u00e9flexions sur la fureur du jeu<\/i>,<i> auxquelles on a joint une autre lettre morale<\/i><br \/>\n1775, Tome IV, p. 157-65<br \/>\n(Mercure de France)<br \/>\n<a href=\"http:\/\/books.google.be\/books?id=iZEUAAAAQAAJ&amp;printsec=titlepage&amp;dq=intitle:journaux+date:1770-1775&amp;lr=&amp;as_brr=1&amp;hl=fr&amp;source=gbs_summary_r&amp;cad=0\" target=\"_blank\" rel=\"noopener\">Acc\u00e9der au volume<\/a> sur <b>GoogleBooks<\/b><\/p>\n<p><b>750413<\/b><br \/>\n<i>Dialogue entre Olivier Cromwell et le Cardinal de Richelieu <\/i><a href=\"http:\/\/www.gedhs.ulg.ac.be\/recherches\/dialogues\/edj750413.html\" target=\"_top\">[MODE TEXTE]<\/a><br \/>\n1775, Tome IV, p. 166-72<br \/>\n<a href=\"http:\/\/books.google.be\/books?id=iZEUAAAAQAAJ&amp;printsec=titlepage&amp;dq=intitle:journaux+date:1770-1775&amp;lr=&amp;as_brr=1&amp;hl=fr&amp;source=gbs_summary_r&amp;cad=0\" target=\"_blank\" rel=\"noopener\">Acc\u00e9der au volume<\/a> sur <b>GoogleBooks<\/b><\/p>\n<p><b>750414<\/b><br \/>\n<i>Discours tir\u00e9 du <\/i>Spectateur fran\u00e7ais<br \/>\n1775, Tome IV, p. 173-78<br \/>\n(Spectateur fran\u00e7ais)<br \/>\n<a href=\"http:\/\/books.google.be\/books?id=iZEUAAAAQAAJ&amp;printsec=titlepage&amp;dq=intitle:journaux+date:1770-1775&amp;lr=&amp;as_brr=1&amp;hl=fr&amp;source=gbs_summary_r&amp;cad=0\" target=\"_blank\" rel=\"noopener\">Acc\u00e9der au volume<\/a> sur <b>GoogleBooks<\/b><\/p>\n<p style=\"text-align: justify;\"><b>750415<\/b><br \/>\nFran\u00e7ois Quesnay<br \/>\n<i>Maximes g\u00e9n\u00e9rales du Gouvernement \u00e9conomique d&rsquo;un royaume agricole<\/i><br \/>\n1775, Tome IV, p. 178-89<br \/>\n(Nouvelles \u00c9ph\u00e9m\u00e9rides \u00e9conomiques)<br \/>\n<a href=\"http:\/\/books.google.be\/books?id=iZEUAAAAQAAJ&amp;printsec=titlepage&amp;dq=intitle:journaux+date:1770-1775&amp;lr=&amp;as_brr=1&amp;hl=fr&amp;source=gbs_summary_r&amp;cad=0\" target=\"_blank\" rel=\"noopener\">Acc\u00e9der au volume<\/a> sur <b>GoogleBooks<\/b><\/p>\n<p><b>750416<\/b><br \/>\n<i>Sur un abus de notre \u00e9ducation<\/i><br \/>\n1775, Tome IV, p. 190-93<br \/>\n(Affiches et Annonces de Paris)<br \/>\n<a href=\"http:\/\/books.google.be\/books?id=iZEUAAAAQAAJ&amp;printsec=titlepage&amp;dq=intitle:journaux+date:1770-1775&amp;lr=&amp;as_brr=1&amp;hl=fr&amp;source=gbs_summary_r&amp;cad=0\" target=\"_blank\" rel=\"noopener\">Acc\u00e9der au volume<\/a> sur <b>GoogleBooks<\/b><\/p>\n<p><b>750417<\/b><br \/>\n<i>Anecdote de la vie de Saint Bernardin de Sienne<\/i><br \/>\n1775, Tome IV, p. 193-98<br \/>\n(Spectateur fran\u00e7ais)<br \/>\n<a href=\"http:\/\/books.google.be\/books?id=iZEUAAAAQAAJ&amp;printsec=titlepage&amp;dq=intitle:journaux+date:1770-1775&amp;lr=&amp;as_brr=1&amp;hl=fr&amp;source=gbs_summary_r&amp;cad=0\" target=\"_blank\" rel=\"noopener\">Acc\u00e9der au volume<\/a> sur <b>GoogleBooks<\/b><\/p>\n<p><b>750418<\/b><br \/>\nGr\u00e9goire Ballabene<br \/>\n<i>Messe \u00e0 48 voix distribu\u00e9es en 12 ch\u0153urs<\/i><br \/>\n1775, Tome IV, p. 198-202<br \/>\n(Communiqu\u00e9 par M***)<br \/>\n<a href=\"http:\/\/books.google.be\/books?id=iZEUAAAAQAAJ&amp;printsec=titlepage&amp;dq=intitle:journaux+date:1770-1775&amp;lr=&amp;as_brr=1&amp;hl=fr&amp;source=gbs_summary_r&amp;cad=0\" target=\"_blank\" rel=\"noopener\">Acc\u00e9der au volume<\/a> sur <b>GoogleBooks<\/b><\/p>\n<p><b>750419<\/b><br \/>\n<i>Avis aux po\u00e8tes<\/i><br \/>\n1775, Tome IV, p. 202-03<br \/>\n(Spectateur fran\u00e7ais)<br \/>\n<a href=\"http:\/\/books.google.be\/books?id=iZEUAAAAQAAJ&amp;printsec=titlepage&amp;dq=intitle:journaux+date:1770-1775&amp;lr=&amp;as_brr=1&amp;hl=fr&amp;source=gbs_summary_r&amp;cad=0\" target=\"_blank\" rel=\"noopener\">Acc\u00e9der au volume<\/a> sur <b>GoogleBooks<\/b><\/p>\n<p><b>750420<\/b><br \/>\n<i>Kurli, anecdote extraite de l&rsquo;ouvrage allemand, qui a pour titre : Die Abderiten<\/i><br \/>\n1775, Tome IV, p. 203-05<br \/>\n(Journal litt\u00e9raire de Berlin)<br \/>\n<a href=\"http:\/\/books.google.be\/books?id=iZEUAAAAQAAJ&amp;printsec=titlepage&amp;dq=intitle:journaux+date:1770-1775&amp;lr=&amp;as_brr=1&amp;hl=fr&amp;source=gbs_summary_r&amp;cad=0\" target=\"_blank\" rel=\"noopener\">Acc\u00e9der au volume<\/a> sur <b>GoogleBooks<\/b><\/p>\n<p><b>750421<\/b><br \/>\n<i>M\u00e9moire pour M. Gerbier, ancien Avocat au Parlement de Paris<\/i><br \/>\n1775, Tome IV, p. 206-18<br \/>\n<a href=\"http:\/\/books.google.be\/books?id=iZEUAAAAQAAJ&amp;printsec=titlepage&amp;dq=intitle:journaux+date:1770-1775&amp;lr=&amp;as_brr=1&amp;hl=fr&amp;source=gbs_summary_r&amp;cad=0\" target=\"_blank\" rel=\"noopener\">Acc\u00e9der au volume<\/a> sur <b>GoogleBooks<\/b><\/p>\n<p><b>750422<\/b><br \/>\n<i>\u00c9p\u00eetre \u00e0 M. Turgot<\/i><br \/>\n1775, Tome IV, p. 219-21<br \/>\n<a href=\"http:\/\/books.google.be\/books?id=iZEUAAAAQAAJ&amp;printsec=titlepage&amp;dq=intitle:journaux+date:1770-1775&amp;lr=&amp;as_brr=1&amp;hl=fr&amp;source=gbs_summary_r&amp;cad=0\" target=\"_blank\" rel=\"noopener\">Acc\u00e9der au volume<\/a> sur <b>GoogleBooks<\/b><\/p>\n<p><b>750423<\/b><br \/>\nCharles-Pierre Colardeau<br \/>\n<i>\u00c0 mon ami<\/i><br \/>\n1775, Tome IV, p. 222-23<br \/>\n<a href=\"http:\/\/books.google.be\/books?id=iZEUAAAAQAAJ&amp;printsec=titlepage&amp;dq=intitle:journaux+date:1770-1775&amp;lr=&amp;as_brr=1&amp;hl=fr&amp;source=gbs_summary_r&amp;cad=0\" target=\"_blank\" rel=\"noopener\">Acc\u00e9der au volume<\/a> sur <b>GoogleBooks<\/b><\/p>\n<p><b>750424<\/b><br \/>\n<i>Quatrain pour le portrait de la Reine<\/i><br \/>\n1775, Tome IV, p. 223<br \/>\n<a href=\"http:\/\/books.google.be\/books?id=iZEUAAAAQAAJ&amp;printsec=titlepage&amp;dq=intitle:journaux+date:1770-1775&amp;lr=&amp;as_brr=1&amp;hl=fr&amp;source=gbs_summary_r&amp;cad=0\" target=\"_blank\" rel=\"noopener\">Acc\u00e9der au volume<\/a> sur <b>GoogleBooks<\/b><\/p>\n<p><b>750425<\/b><br \/>\nAbb\u00e9 de Maucroix<br \/>\n<i>Vers (faits \u00e0 l&rsquo;\u00e2ge de quatre-vingt ans)<\/i><br \/>\n1775, Tome IV, p. 224<br \/>\n<a href=\"http:\/\/books.google.be\/books?id=iZEUAAAAQAAJ&amp;printsec=titlepage&amp;dq=intitle:journaux+date:1770-1775&amp;lr=&amp;as_brr=1&amp;hl=fr&amp;source=gbs_summary_r&amp;cad=0\" target=\"_blank\" rel=\"noopener\">Acc\u00e9der au volume<\/a> sur <b>GoogleBooks<\/b><\/p>\n<p><b>750426<\/b><br \/>\nMichel de Cubi\u00e8res-Palm\u00e9zeaux<br \/>\n<i>\u00c9p\u00eetre \u00e0 mon si\u00e8cle<\/i><br \/>\n1775, Tome IV, p. 224-32<br \/>\n<a href=\"http:\/\/books.google.be\/books?id=iZEUAAAAQAAJ&amp;printsec=titlepage&amp;dq=intitle:journaux+date:1770-1775&amp;lr=&amp;as_brr=1&amp;hl=fr&amp;source=gbs_summary_r&amp;cad=0\" target=\"_blank\" rel=\"noopener\">Acc\u00e9der au volume<\/a> sur <b>GoogleBooks<\/b><\/p>\n<p><b>750427<\/b><br \/>\nM. de Fumars<br \/>\n<i>Apollon et Briar\u00e9e, fable<\/i><br \/>\n1775, Tome IV, p. 233-34<br \/>\n<a href=\"http:\/\/books.google.be\/books?id=iZEUAAAAQAAJ&amp;printsec=titlepage&amp;dq=intitle:journaux+date:1770-1775&amp;lr=&amp;as_brr=1&amp;hl=fr&amp;source=gbs_summary_r&amp;cad=0\" target=\"_blank\" rel=\"noopener\">Acc\u00e9der au volume<\/a> sur <b>GoogleBooks<\/b><\/p>\n<p><b>750428<\/b><br \/>\nMarquis de Pezay<br \/>\n<i>Vers (\u00e0 M. le Comte de Maurepas)<\/i><br \/>\n1775, Tome IV, p. 234<br \/>\n<a href=\"http:\/\/books.google.be\/books?id=iZEUAAAAQAAJ&amp;printsec=titlepage&amp;dq=intitle:journaux+date:1770-1775&amp;lr=&amp;as_brr=1&amp;hl=fr&amp;source=gbs_summary_r&amp;cad=0\" target=\"_blank\" rel=\"noopener\">Acc\u00e9der au volume<\/a> sur <b>GoogleBooks<\/b><\/p>\n<p><b>750429<\/b><br \/>\nJacques Delille<br \/>\n<i>Vers (\u00e0 Madame la Comtesse de B*** sur son Jardin d&rsquo;A***)<\/i><br \/>\n1775, Tome IV, p. 235-36<br \/>\n<a href=\"http:\/\/books.google.be\/books?id=iZEUAAAAQAAJ&amp;printsec=titlepage&amp;dq=intitle:journaux+date:1770-1775&amp;lr=&amp;as_brr=1&amp;hl=fr&amp;source=gbs_summary_r&amp;cad=0\" target=\"_blank\" rel=\"noopener\">Acc\u00e9der au volume<\/a> sur <b>GoogleBooks<\/b><\/p>\n<p><b>750430<\/b><br \/>\nMadame la Comtesse de B*** [Fanny de Beauharnais]\n<i>\u00c0 la folie<\/i><br \/>\n1775, Tome IV, p. 236<br \/>\n<a href=\"http:\/\/books.google.be\/books?id=iZEUAAAAQAAJ&amp;printsec=titlepage&amp;dq=intitle:journaux+date:1770-1775&amp;lr=&amp;as_brr=1&amp;hl=fr&amp;source=gbs_summary_r&amp;cad=0\" target=\"_blank\" rel=\"noopener\">Acc\u00e9der au volume<\/a> sur <b>GoogleBooks<\/b><\/p>\n<p><b>750431<\/b><br \/>\nGuillaume-Antoine Lemonnier<br \/>\n<i>Le cur\u00e9 de Bricquebec, conte moral<\/i><br \/>\n1775, Tome IV, p. 237-43<br \/>\n<a href=\"http:\/\/books.google.be\/books?id=iZEUAAAAQAAJ&amp;printsec=titlepage&amp;dq=intitle:journaux+date:1770-1775&amp;lr=&amp;as_brr=1&amp;hl=fr&amp;source=gbs_summary_r&amp;cad=0\" target=\"_blank\" rel=\"noopener\">Acc\u00e9der au volume<\/a> sur <b>GoogleBooks<\/b><\/p>\n<p style=\"text-align: justify;\"><b>750501<\/b><br \/>\nCharles Th\u00e9ophile Guischardt<br \/>\n<i>M\u00e9moires critiques et historiques sur plusieurs points d&rsquo;Antiquit\u00e9s militaires, contenant l&rsquo;Histoire d\u00e9taill\u00e9e de la campagne de Jules C\u00e9sar en Espagne contre les lieutenants de Pomp\u00e9e, avec des preuves et des observations, enrichis de beaucoup de figures<\/i><br \/>\n1775, Tome V, p. 3-20<br \/>\n(Ann\u00e9e litt\u00e9raire; Mercure de France)<br \/>\n<a href=\"http:\/\/books.google.be\/books?id=UZkUAAAAQAAJ&amp;printsec=titlepage&amp;dq=%22esprit+des+journaux%22+date:1773-1775&amp;lr=&amp;as_brr=1&amp;hl=fr&amp;source=gbs_summary_r&amp;cad=0\" target=\"_blank\" rel=\"noopener\">Acc\u00e9der au volume<\/a> sur <b>GoogleBooks<\/b><\/p>\n<p><b>750502<\/b><br \/>\nGeorges Louis Leclerc de Buffon<br \/>\n<i>Histoire naturelle des oiseaux<\/i><br \/>\n1775, Tome V, p. 21-34<br \/>\n(Journal de Politique et de Litt\u00e9rature; Journal encyclop\u00e9dique)<br \/>\n<a href=\"http:\/\/books.google.be\/books?id=UZkUAAAAQAAJ&amp;printsec=titlepage&amp;dq=%22esprit+des+journaux%22+date:1773-1775&amp;lr=&amp;as_brr=1&amp;hl=fr&amp;source=gbs_summary_r&amp;cad=0\" target=\"_blank\" rel=\"noopener\">Acc\u00e9der au volume<\/a> sur <b>GoogleBooks<\/b><\/p>\n<p><b>750503<\/b><br \/>\nJean Paul Andr\u00e9 de Razins<br \/>\n<i>\u0152uvres<\/i><br \/>\n1775, Tome V, p. 35-41<br \/>\n(Journal des dames; Journal encyclop\u00e9dique; Journal de Politique et de Litt\u00e9rature)<br \/>\n<a href=\"http:\/\/books.google.be\/books?id=UZkUAAAAQAAJ&amp;printsec=titlepage&amp;dq=%22esprit+des+journaux%22+date:1773-1775&amp;lr=&amp;as_brr=1&amp;hl=fr&amp;source=gbs_summary_r&amp;cad=0\" target=\"_blank\" rel=\"noopener\">Acc\u00e9der au volume<\/a> sur <b>GoogleBooks<\/b><\/p>\n<p><b>750504<\/b><br \/>\nJonathan Dickinson<br \/>\n<i>Histoire \u00e9tonnante d&rsquo;un naufrage<\/i><br \/>\n1775, Tome V, p. 42-53<br \/>\n(Gazette universelle de Litt\u00e9rature)<br \/>\n<a href=\"http:\/\/books.google.be\/books?id=UZkUAAAAQAAJ&amp;printsec=titlepage&amp;dq=%22esprit+des+journaux%22+date:1773-1775&amp;lr=&amp;as_brr=1&amp;hl=fr&amp;source=gbs_summary_r&amp;cad=0\" target=\"_blank\" rel=\"noopener\">Acc\u00e9der au volume<\/a> sur <b>GoogleBooks<\/b><\/p>\n<p><b>750505<br \/>\n<\/b>Charles White<br \/>\n<i>Avis aux femmes enceintes et en couches ou Trait\u00e9 des moyens de pr\u00e9venir et de gu\u00e9rir les maladies qui les affligent dans les deux \u00e9tats<\/i><br \/>\n1775, Tome V, p. 54-65<br \/>\n(Journal de M\u00e9decine; Mercure de France)<br \/>\n<a href=\"http:\/\/books.google.be\/books?id=UZkUAAAAQAAJ&amp;printsec=titlepage&amp;dq=%22esprit+des+journaux%22+date:1773-1775&amp;lr=&amp;as_brr=1&amp;hl=fr&amp;source=gbs_summary_r&amp;cad=0\" target=\"_blank\" rel=\"noopener\">Acc\u00e9der au volume<\/a> sur <b>GoogleBooks<\/b><\/p>\n<p><b>750506<br \/>\n<\/b>Adam Smith<br \/>\n<i>Th\u00e9orie des sentiments moraux<\/i><br \/>\n1775, Tome V, p. 66-83<br \/>\n(Ann\u00e9e litt\u00e9raire; Mercure de France; Biblioth\u00e8que des sciences et des beaux-arts)<br \/>\n<a href=\"http:\/\/books.google.be\/books?id=UZkUAAAAQAAJ&amp;printsec=titlepage&amp;dq=%22esprit+des+journaux%22+date:1773-1775&amp;lr=&amp;as_brr=1&amp;hl=fr&amp;source=gbs_summary_r&amp;cad=0\" target=\"_blank\" rel=\"noopener\">Acc\u00e9der au volume<\/a> sur <b>GoogleBooks<\/b><\/p>\n<p><b>750507<br \/>\n<\/b>Pierre-Paul-Nicolas Henrion de Pansey<br \/>\n<i>\u00c9loge de Matthieu Mol\u00e9<\/i><br \/>\n1775, Tome V, p. 83-92<br \/>\n(Journal Encyclop\u00e9dique; Mercure de France)<br \/>\n<a href=\"http:\/\/books.google.be\/books?id=UZkUAAAAQAAJ&amp;printsec=titlepage&amp;dq=%22esprit+des+journaux%22+date:1773-1775&amp;lr=&amp;as_brr=1&amp;hl=fr&amp;source=gbs_summary_r&amp;cad=0\" target=\"_blank\" rel=\"noopener\">Acc\u00e9der au volume<\/a> sur <b>GoogleBooks<\/b><\/p>\n<p><b>750508<br \/>\n<\/b>Louis-S\u00e9bastien Mercier<br \/>\n<i>Le juge<\/i>, drame en trois actes et en prose<br \/>\n1775, Tome V, p. 92-101<br \/>\n(Mercure de France; Journal encyclop\u00e9dique)<br \/>\n<a href=\"http:\/\/books.google.be\/books?id=UZkUAAAAQAAJ&amp;printsec=titlepage&amp;dq=%22esprit+des+journaux%22+date:1773-1775&amp;lr=&amp;as_brr=1&amp;hl=fr&amp;source=gbs_summary_r&amp;cad=0\" target=\"_blank\" rel=\"noopener\">Acc\u00e9der au volume<\/a> sur <b>GoogleBooks<\/b><\/p>\n<p><b>750509<br \/>\n<\/b>Justin<br \/>\n<i>Histoire universelle<\/i><br \/>\n1775, Tome V, p. 102-06<br \/>\n(Ann\u00e9e litt\u00e9raire; Mercure de France; Gazette universelle de Litt\u00e9rature)<br \/>\n<a href=\"http:\/\/books.google.be\/books?id=UZkUAAAAQAAJ&amp;printsec=titlepage&amp;dq=%22esprit+des+journaux%22+date:1773-1775&amp;lr=&amp;as_brr=1&amp;hl=fr&amp;source=gbs_summary_r&amp;cad=0\" target=\"_blank\" rel=\"noopener\">Acc\u00e9der au volume<\/a> sur <b>GoogleBooks<\/b><\/p>\n<p><b>750510<br \/>\n<\/b>Thomas Falkner<br \/>\n<i>Description de la Patagonie<\/i><br \/>\n1775, Tome V, p. 107-15<br \/>\n(Journal Encyclop\u00e9dique; Critical Review)<br \/>\n<a href=\"http:\/\/books.google.be\/books?id=UZkUAAAAQAAJ&amp;printsec=titlepage&amp;dq=%22esprit+des+journaux%22+date:1773-1775&amp;lr=&amp;as_brr=1&amp;hl=fr&amp;source=gbs_summary_r&amp;cad=0\" target=\"_blank\" rel=\"noopener\">Acc\u00e9der au volume<\/a> sur <b>GoogleBooks<\/b><\/p>\n<p><b>750511<br \/>\n<\/b>Mlle d&rsquo;Albert<br \/>\n<i>Les Confidences d&rsquo;une jolie femme<\/i><br \/>\n1775, Tome V, p. 116-33<br \/>\n(Journal Encyclop\u00e9dique; Journal des dames)<br \/>\n<a href=\"http:\/\/books.google.be\/books?id=UZkUAAAAQAAJ&amp;printsec=titlepage&amp;dq=%22esprit+des+journaux%22+date:1773-1775&amp;lr=&amp;as_brr=1&amp;hl=fr&amp;source=gbs_summary_r&amp;cad=0\" target=\"_blank\" rel=\"noopener\">Acc\u00e9der au volume<\/a> sur <b>GoogleBooks<\/b><\/p>\n<p><b>750512<br \/>\n<\/b>Louis Dutens<br \/>\nDu miroir ardent d&rsquo;Archim\u00e8de<br \/>\n1775, Tome V, p. 133-40<br \/>\n(Mercure de France)<br \/>\n<a href=\"http:\/\/books.google.be\/books?id=UZkUAAAAQAAJ&amp;printsec=titlepage&amp;dq=%22esprit+des+journaux%22+date:1773-1775&amp;lr=&amp;as_brr=1&amp;hl=fr&amp;source=gbs_summary_r&amp;cad=0\" target=\"_blank\" rel=\"noopener\">Acc\u00e9der au volume<\/a> sur <b>GoogleBooks<\/b><\/p>\n<p><b>750513<br \/>\n<\/b><i>Causes c\u00e9l\u00e8bres, curieuses et int\u00e9ressantes<\/i><br \/>\n1775, Tome V, p. 140-65<br \/>\n<a href=\"http:\/\/books.google.be\/books?id=UZkUAAAAQAAJ&amp;printsec=titlepage&amp;dq=%22esprit+des+journaux%22+date:1773-1775&amp;lr=&amp;as_brr=1&amp;hl=fr&amp;source=gbs_summary_r&amp;cad=0\" target=\"_blank\" rel=\"noopener\">Acc\u00e9der au volume<\/a> sur <b>GoogleBooks<\/b><\/p>\n<p><b>750514<br \/>\n<\/b><i>Pharmacop\u00e9e de Madrid<\/i><br \/>\n1775, Tome V, p. 166-69<br \/>\n(Espagne litt\u00e9raire, politique et commer\u00e7ante)<br \/>\n<a href=\"http:\/\/books.google.be\/books?id=UZkUAAAAQAAJ&amp;printsec=titlepage&amp;dq=%22esprit+des+journaux%22+date:1773-1775&amp;lr=&amp;as_brr=1&amp;hl=fr&amp;source=gbs_summary_r&amp;cad=0\" target=\"_blank\" rel=\"noopener\">Acc\u00e9der au volume<\/a> sur <b>GoogleBooks<\/b><\/p>\n<p><b>750515<br \/>\n<\/b>Nicolas Bricaire de La Dixmerie<br \/>\n<i>Dialogue entre Thamas Kouli-Kan, Roi de Perse; et la Princesse Al\u2026 veuve du Grand Prince de R\u2026 <\/i><a href=\"http:\/\/www.gedhs.ulg.ac.be\/recherches\/dialogues\/edj750515.html\" target=\"_blank\" rel=\"noopener\">[MODE TEXTE]<\/a><br \/>\n1775, Tome V, p. 170-79<br \/>\n<a href=\"http:\/\/books.google.be\/books?id=UZkUAAAAQAAJ&amp;printsec=titlepage&amp;dq=%22esprit+des+journaux%22+date:1773-1775&amp;lr=&amp;as_brr=1&amp;hl=fr&amp;source=gbs_summary_r&amp;cad=0\" target=\"_blank\" rel=\"noopener\">Acc\u00e9der au volume<\/a> sur <b>GoogleBooks<\/b><\/p>\n<p><b>750516<br \/>\n<\/b><i>La promenade du point du jour<\/i><br \/>\n1775, Tome V, p. 179-80<br \/>\n(Journal des dames)<br \/>\n<a href=\"http:\/\/books.google.be\/books?id=UZkUAAAAQAAJ&amp;printsec=titlepage&amp;dq=%22esprit+des+journaux%22+date:1773-1775&amp;lr=&amp;as_brr=1&amp;hl=fr&amp;source=gbs_summary_r&amp;cad=0\" target=\"_blank\" rel=\"noopener\">Acc\u00e9der au volume<\/a> sur <b>GoogleBooks<\/b><\/p>\n<p><b>750517<br \/>\n<\/b>M. de Porterlance<br \/>\n<i>Extrait d&rsquo;une lettre de M. de Portelance \u00e0 M. Target, Avocat au Parlement, au sujet du Proc\u00e8s de la Rosi\u00e8re de Salency<\/i><br \/>\n1775, Tome V, p. 181-85<br \/>\n<a href=\"http:\/\/books.google.be\/books?id=UZkUAAAAQAAJ&amp;printsec=titlepage&amp;dq=%22esprit+des+journaux%22+date:1773-1775&amp;lr=&amp;as_brr=1&amp;hl=fr&amp;source=gbs_summary_r&amp;cad=0\" target=\"_blank\" rel=\"noopener\">Acc\u00e9der au volume<\/a> sur <b>GoogleBooks<\/b><\/p>\n<p><b>750518<br \/>\n<\/b><i>Pr\u00e9dictions et proph\u00e9ties pour l&rsquo;Ann\u00e9e 1775<\/i><br \/>\n1775, Tome V, p. 186-93<br \/>\n(Spectateur fran\u00e7ais)<br \/>\n<a href=\"http:\/\/books.google.be\/books?id=UZkUAAAAQAAJ&amp;printsec=titlepage&amp;dq=%22esprit+des+journaux%22+date:1773-1775&amp;lr=&amp;as_brr=1&amp;hl=fr&amp;source=gbs_summary_r&amp;cad=0\" target=\"_blank\" rel=\"noopener\">Acc\u00e9der au volume<\/a> sur <b>GoogleBooks<\/b><\/p>\n<p style=\"text-align: justify;\"><b>750519<br \/>\n<\/b><i>Vers r\u00e9pondant aux <\/i>Figures embl\u00e9matiques de Rome et des quatre Monarchies<i>, qui formaient le dessert d&rsquo;un repas donn\u00e9 \u00e0 Rome par l&rsquo;ambassadeur d&rsquo;Espagne, \u00e0 l&rsquo;occasion de l&rsquo;\u00e9lection du Pape r\u00e9gnant<\/i><br \/>\n1775, Tome V, p. 194-95<br \/>\n<a href=\"http:\/\/books.google.be\/books?id=UZkUAAAAQAAJ&amp;printsec=titlepage&amp;dq=%22esprit+des+journaux%22+date:1773-1775&amp;lr=&amp;as_brr=1&amp;hl=fr&amp;source=gbs_summary_r&amp;cad=0\" target=\"_blank\" rel=\"noopener\">Acc\u00e9der au volume<\/a> sur <b>GoogleBooks<\/b><\/p>\n<p><b>750520<br \/>\n<\/b>Alexandre-Fr\u00e9d\u00e9ric-Jacques Masson Pezay<br \/>\n<i>Discours pr\u00e9liminaire de l&rsquo;Histoire des campagnes de M. le Mar\u00e9chal de Maillebois en Italie<\/i><br \/>\n1775, Tome V, p. 196-220<br \/>\n(Nouvelles \u00c9ph\u00e9m\u00e9rides)<br \/>\n<a href=\"http:\/\/books.google.be\/books?id=UZkUAAAAQAAJ&amp;printsec=titlepage&amp;dq=%22esprit+des+journaux%22+date:1773-1775&amp;lr=&amp;as_brr=1&amp;hl=fr&amp;source=gbs_summary_r&amp;cad=0\" target=\"_blank\" rel=\"noopener\">Acc\u00e9der au volume<\/a> sur <b>GoogleBooks<\/b><\/p>\n<p><b>750521<br \/>\n<\/b><i>Lettre du Roi de Su\u00e8de \u00e0 M. de Rosset, auteur du Po\u00e8me de l&rsquo;Agriculture<\/i><br \/>\n1775, Tome V, p. 220-21<br \/>\n<a href=\"http:\/\/books.google.be\/books?id=UZkUAAAAQAAJ&amp;printsec=titlepage&amp;dq=%22esprit+des+journaux%22+date:1773-1775&amp;lr=&amp;as_brr=1&amp;hl=fr&amp;source=gbs_summary_r&amp;cad=0\" target=\"_blank\" rel=\"noopener\">Acc\u00e9der au volume<\/a> sur <b>GoogleBooks<\/b><\/p>\n<p style=\"text-align: justify;\"><b>750522<br \/>\n<\/b>Achille Pierre Dionis du S\u00e9jour<br \/>\n<i>Lettre de M. Dionis du S\u00e9jour, de l&rsquo;Acad\u00e9mie des Sciences, \u00e0 M. de Voltaire, en lui envoyant son <\/i>Essai sur les com\u00e8tes<br \/>\n1775, Tome V, p. 221-22<br \/>\n<a href=\"http:\/\/books.google.be\/books?id=UZkUAAAAQAAJ&amp;printsec=titlepage&amp;dq=%22esprit+des+journaux%22+date:1773-1775&amp;lr=&amp;as_brr=1&amp;hl=fr&amp;source=gbs_summary_r&amp;cad=0\" target=\"_blank\" rel=\"noopener\">Acc\u00e9der au volume<\/a> sur <b>GoogleBooks<\/b><\/p>\n<p style=\"text-align: justify;\"><b>750523<br \/>\n<\/b>Voltaire<br \/>\nR\u00e9ponse de M. de Voltaire [\u00e0 la Lettre de M. Dionis du S\u00e9jour, de l&rsquo;Acad\u00e9mie des Sciences, \u00e0 M. de Voltaire, en lui envoyant son Essai sur les com\u00e8tes]\n1775, Tome V, p. 222-24<br \/>\n<a href=\"http:\/\/books.google.be\/books?id=UZkUAAAAQAAJ&amp;printsec=titlepage&amp;dq=%22esprit+des+journaux%22+date:1773-1775&amp;lr=&amp;as_brr=1&amp;hl=fr&amp;source=gbs_summary_r&amp;cad=0\" target=\"_blank\" rel=\"noopener\">Acc\u00e9der au volume<\/a> sur <b>GoogleBooks<\/b><\/p>\n<p><b>750524<br \/>\n<\/b><i>Conversation entre Piron et Moncrif<\/i><br \/>\n1775, Tome V, p. 224-31<br \/>\n(Spectateur fran\u00e7ais)<br \/>\n<a href=\"http:\/\/books.google.be\/books?id=UZkUAAAAQAAJ&amp;printsec=titlepage&amp;dq=%22esprit+des+journaux%22+date:1773-1775&amp;lr=&amp;as_brr=1&amp;hl=fr&amp;source=gbs_summary_r&amp;cad=0\" target=\"_blank\" rel=\"noopener\">Acc\u00e9der au volume<\/a> sur <b>GoogleBooks<\/b><\/p>\n<p><b>750525<br \/>\n<\/b><i>Avis pour les personnes qui voudront que leurs enfants soient ambidextres<\/i><br \/>\n1775, Tome V, p. 231-32<br \/>\n(Affiches et Annonces de Paris)<br \/>\n<a href=\"http:\/\/books.google.be\/books?id=UZkUAAAAQAAJ&amp;printsec=titlepage&amp;dq=%22esprit+des+journaux%22+date:1773-1775&amp;lr=&amp;as_brr=1&amp;hl=fr&amp;source=gbs_summary_r&amp;cad=0\" target=\"_blank\" rel=\"noopener\">Acc\u00e9der au volume<\/a> sur <b>GoogleBooks<\/b><\/p>\n<p style=\"text-align: justify;\"><b>750526<br \/>\n<\/b><i>Remerciement des Demoiselles du Monde aux Demoiselles de la Com\u00e9die Fran\u00e7aise, sur la Protection que ces derni\u00e8res leur ont accord\u00e9e, \u00e0 l&rsquo;occasion de la Com\u00e9die des Courtisanes<\/i><br \/>\n1775, Tome V, p. 233-35<br \/>\n<a href=\"http:\/\/books.google.be\/books?id=UZkUAAAAQAAJ&amp;printsec=titlepage&amp;dq=%22esprit+des+journaux%22+date:1773-1775&amp;lr=&amp;as_brr=1&amp;hl=fr&amp;source=gbs_summary_r&amp;cad=0\" target=\"_blank\" rel=\"noopener\">Acc\u00e9der au volume<\/a> sur <b>GoogleBooks<\/b><\/p>\n<p><b>750527<br \/>\n<\/b>[Aim\u00e9-Ambroise-Joseph] Feutry<br \/>\n<i>Le socle et la statue<\/i>, fable<br \/>\n1775, Tome V, p. 235<br \/>\n<a href=\"http:\/\/books.google.be\/books?id=UZkUAAAAQAAJ&amp;printsec=titlepage&amp;dq=%22esprit+des+journaux%22+date:1773-1775&amp;lr=&amp;as_brr=1&amp;hl=fr&amp;source=gbs_summary_r&amp;cad=0\" target=\"_blank\" rel=\"noopener\">Acc\u00e9der au volume<\/a> sur <b>GoogleBooks<\/b><\/p>\n<p><b>750528<br \/>\n<\/b>Antoine de Bertin<br \/>\n<i>Projet d&rsquo;orgie, \u00e0 Monsieur Dorat<\/i><b><i> <\/i><a href=\"http:\/\/www.gedhs.ulg.ac.be\/recherches\/espritdesjournaux\/articles\/edj750528.html\" target=\"_blank\" rel=\"noopener\">[MODE TEXTE]<\/a><\/b><br \/>\n1775, Tome V, p. 235-36<br \/>\n<a href=\"http:\/\/books.google.be\/books?id=UZkUAAAAQAAJ&amp;printsec=titlepage&amp;dq=%22esprit+des+journaux%22+date:1773-1775&amp;lr=&amp;as_brr=1&amp;hl=fr&amp;source=gbs_summary_r&amp;cad=0\" target=\"_blank\" rel=\"noopener\">Acc\u00e9der au volume<\/a> sur <b>GoogleBooks<\/b><\/p>\n<p><b>750529<br \/>\n<\/b>Claude-Joseph Dorat<br \/>\n<i>R\u00e9ponse aux vers pr\u00e9c\u00e9dents<\/i> [<i>Projet d&rsquo;orgie, \u00e0 Monsieur Dorat<\/i>, par Bertin]<i> <\/i><a href=\"http:\/\/www.gedhs.ulg.ac.be\/recherches\/espritdesjournaux\/articles\/edj750529.html\" target=\"_blank\" rel=\"noopener\">[MODE TEXTE]<\/a><b><br \/>\n<\/b>1775, Tome V, p. 237-38<br \/>\n<a href=\"http:\/\/books.google.be\/books?id=UZkUAAAAQAAJ&amp;printsec=titlepage&amp;dq=%22esprit+des+journaux%22+date:1773-1775&amp;lr=&amp;as_brr=1&amp;hl=fr&amp;source=gbs_summary_r&amp;cad=0\" target=\"_blank\" rel=\"noopener\">Acc\u00e9der au volume<\/a> sur <b>GoogleBooks<\/b><\/p>\n<p><b>750530<br \/>\n<\/b>M. d&rsquo;H***<br \/>\n<i>\u00c0 Madame de***, qui parlait \u00e0 l&rsquo;auteur, des avantages de l&rsquo;amiti\u00e9 et des dangers de l&rsquo;amour<\/i><br \/>\n1775, Tome V, p. 239<br \/>\n<a href=\"http:\/\/books.google.be\/books?id=UZkUAAAAQAAJ&amp;printsec=titlepage&amp;dq=%22esprit+des+journaux%22+date:1773-1775&amp;lr=&amp;as_brr=1&amp;hl=fr&amp;source=gbs_summary_r&amp;cad=0\" target=\"_blank\" rel=\"noopener\">Acc\u00e9der au volume<\/a> sur <b>GoogleBooks<\/b><\/p>\n<p><b>750531<br \/>\n<\/b>Abb\u00e9 de La Serre<br \/>\n<i>\u00c9p\u00eetre \u00e0 Monsieur l&rsquo;Abb\u00e9 Le Monnier<\/i><br \/>\n1775, Tome V, p. 239-44<br \/>\n<a href=\"http:\/\/books.google.be\/books?id=UZkUAAAAQAAJ&amp;printsec=titlepage&amp;dq=%22esprit+des+journaux%22+date:1773-1775&amp;lr=&amp;as_brr=1&amp;hl=fr&amp;source=gbs_summary_r&amp;cad=0\" target=\"_blank\" rel=\"noopener\">Acc\u00e9der au volume<\/a> sur <b>GoogleBooks<\/b><\/p>\n<p><b>750532<br \/>\n<\/b>M.*** de Nisme<br \/>\n<i>Le miroir et l&rsquo;eau<\/i>, fable<br \/>\n1775, Tome V, p. 244-45<br \/>\n<a href=\"http:\/\/books.google.be\/books?id=UZkUAAAAQAAJ&amp;printsec=titlepage&amp;dq=%22esprit+des+journaux%22+date:1773-1775&amp;lr=&amp;as_brr=1&amp;hl=fr&amp;source=gbs_summary_r&amp;cad=0\" target=\"_blank\" rel=\"noopener\">Acc\u00e9der au volume<\/a> sur <b>GoogleBooks<\/b><\/p>\n<p><b>750533<br \/>\n<\/b>M. le Comte de Couturelle<br \/>\n<i>\u00c0 M. Gresset<\/i><br \/>\n1775, Tome V, p. 245<br \/>\n<a href=\"http:\/\/books.google.be\/books?id=UZkUAAAAQAAJ&amp;printsec=titlepage&amp;dq=%22esprit+des+journaux%22+date:1773-1775&amp;lr=&amp;as_brr=1&amp;hl=fr&amp;source=gbs_summary_r&amp;cad=0\" target=\"_blank\" rel=\"noopener\">Acc\u00e9der au volume<\/a> sur <b>GoogleBooks<\/b><\/p>\n<p><b>750534<br \/>\n<\/b>M. Auguste<br \/>\n<i>Iris et sa bonne<\/i>, conte<br \/>\n1775, Tome V, p. 246-47<br \/>\n<a href=\"http:\/\/books.google.be\/books?id=UZkUAAAAQAAJ&amp;printsec=titlepage&amp;dq=%22esprit+des+journaux%22+date:1773-1775&amp;lr=&amp;as_brr=1&amp;hl=fr&amp;source=gbs_summary_r&amp;cad=0\" target=\"_blank\" rel=\"noopener\">Acc\u00e9der au volume<\/a> sur <b>GoogleBooks<\/b><\/p>\n<p><b>750535<br \/>\n<\/b>\u00c9gide de Lespinasse Langeac<br \/>\n<i>Le luxe. Dialogue entre Timon et Cl\u00e9on<\/i> [<a href=\"http:\/\/www.gedhs.ulg.ac.be\/recherches\/espritdesjournaux\/pdf\/750535.pdf\" target=\"_blank\" rel=\"noopener\">MODE IMAGE<\/a>]\n1775, Tome V, p. 247-55<br \/>\n<a href=\"http:\/\/books.google.be\/books?id=UZkUAAAAQAAJ&amp;printsec=titlepage&amp;dq=%22esprit+des+journaux%22+date:1773-1775&amp;lr=&amp;as_brr=1&amp;hl=fr&amp;source=gbs_summary_r&amp;cad=0\" target=\"_blank\" rel=\"noopener\">Acc\u00e9der au volume<\/a> sur <b>GoogleBooks<\/b><\/p>\n<p style=\"text-align: justify;\"><b>750536<br \/>\n<\/b><i>\u00c9p\u00eetre \u00e0 Mademoiselle Canavas, c\u00e9l\u00e8bre chanteuse, qui avait obtenu en Angleterre la libert\u00e9 de six prisonniers fran\u00e7ais<\/i><br \/>\n1775, Tome V, p. 256-58<br \/>\n<a href=\"http:\/\/books.google.be\/books?id=UZkUAAAAQAAJ&amp;printsec=titlepage&amp;dq=%22esprit+des+journaux%22+date:1773-1775&amp;lr=&amp;as_brr=1&amp;hl=fr&amp;source=gbs_summary_r&amp;cad=0\" target=\"_blank\" rel=\"noopener\">Acc\u00e9der au volume<\/a> sur <b>GoogleBooks<\/b><\/p>\n<p><b>750537<br \/>\n<\/b>Claude-Joseph Dorat<br \/>\n<i>\u00c9pigramme contre une jolie femme qui disait du mal de l&rsquo;amour <\/i><a href=\"http:\/\/www.gedhs.ulg.ac.be\/recherches\/espritdesjournaux\/articles\/edj750537.html\" target=\"_top\">[MODE TEXTE]<\/a><br \/>\n1775, Tome V, p. 258<br \/>\n<a href=\"http:\/\/books.google.be\/books?id=UZkUAAAAQAAJ&amp;printsec=titlepage&amp;dq=%22esprit+des+journaux%22+date:1773-1775&amp;lr=&amp;as_brr=1&amp;hl=fr&amp;source=gbs_summary_r&amp;cad=0\" target=\"_blank\" rel=\"noopener\">Acc\u00e9der au volume<\/a> sur <b>GoogleBooks<\/b><\/p>\n<p><b>750538<br \/>\n<\/b>Charles-Pierre Colardeau<br \/>\n<i>Vers \u00e0 Monsieur le Baron d&rsquo;Espagnac, Gouverneur des Invalides<\/i><br \/>\n1775, Tome V, p. 259<br \/>\n<a href=\"http:\/\/books.google.be\/books?id=UZkUAAAAQAAJ&amp;printsec=titlepage&amp;dq=%22esprit+des+journaux%22+date:1773-1775&amp;lr=&amp;as_brr=1&amp;hl=fr&amp;source=gbs_summary_r&amp;cad=0\" target=\"_blank\" rel=\"noopener\">Acc\u00e9der au volume<\/a> sur <b>GoogleBooks<\/b><\/p>\n<p><b>750539<br \/>\n<\/b>M. B***<br \/>\n<i>\u00c9pigramme<\/i><br \/>\n1775, Tome V, p. 260<br \/>\n<a href=\"http:\/\/books.google.be\/books?id=UZkUAAAAQAAJ&amp;printsec=titlepage&amp;dq=%22esprit+des+journaux%22+date:1773-1775&amp;lr=&amp;as_brr=1&amp;hl=fr&amp;source=gbs_summary_r&amp;cad=0\" target=\"_blank\" rel=\"noopener\">Acc\u00e9der au volume<\/a> sur <b>GoogleBooks<\/b><\/p>\n<p><b>750601<br \/>\n<\/b>Pierre Fromageot<br \/>\n<i>Annales du r\u00e8gne de Marie-Th\u00e9r\u00e8se, imp\u00e9ratrice-douairi\u00e8re, reine de Hongrie et de Boh\u00eame<\/i><br \/>\n1775, Tome VI, p. 3-14<br \/>\n(Journal des Dames; Ann\u00e9e litt\u00e9raire; Mercure de France)<br \/>\n<a href=\"http:\/\/books.google.be\/books?id=WJkUAAAAQAAJ&amp;printsec=frontcover&amp;dq=editions:0qCv5MvfosIxTQW6d&amp;lr=&amp;as_brr=1&amp;hl=fr\" target=\"_blank\" rel=\"noopener\">Acc\u00e9der au volume<\/a> sur <b>GoogleBooks<\/b><\/p>\n<p><b>750602<br \/>\n<\/b><i>L&rsquo;art d&rsquo;\u00e9lever les enfants<\/i> [<a href=\"http:\/\/www.gedhs.ulg.ac.be\/recherches\/espritdesjournaux\/pdf\/750602.pdf\" target=\"_blank\" rel=\"noopener\">MODE IMAGE<\/a>]\n1775, Tome VI, p. 15-24<br \/>\n(Journal litt\u00e9raire de Berlin)<br \/>\n<a href=\"http:\/\/books.google.be\/books?id=WJkUAAAAQAAJ&amp;printsec=frontcover&amp;dq=editions:0qCv5MvfosIxTQW6d&amp;lr=&amp;as_brr=1&amp;hl=fr\" target=\"_blank\" rel=\"noopener\">Acc\u00e9der au volume<\/a> sur <b>GoogleBooks<\/b><\/p>\n<p><b>750603<br \/>\n<\/b><i>Histoire des souverains pontifes qui ont si\u00e9g\u00e9 dans Avignon<\/i><br \/>\n1775, Tome VI, p. 25-37<br \/>\n(Ann\u00e9e litt\u00e9raire)<br \/>\n<a href=\"http:\/\/books.google.be\/books?id=WJkUAAAAQAAJ&amp;printsec=frontcover&amp;dq=editions:0qCv5MvfosIxTQW6d&amp;lr=&amp;as_brr=1&amp;hl=fr\" target=\"_blank\" rel=\"noopener\">Acc\u00e9der au volume<\/a> sur <b>GoogleBooks<\/b><\/p>\n<p><b>750604<br \/>\n<\/b>Henry Mackenzie<br \/>\n<i>L&rsquo;homme et la femme sensibles<\/i><br \/>\n1775, Tome VI, p. 38-52<br \/>\n(Mercure de France; Journal encyclop\u00e9dique; Journal des dames)<br \/>\n<a href=\"http:\/\/books.google.be\/books?id=WJkUAAAAQAAJ&amp;printsec=frontcover&amp;dq=editions:0qCv5MvfosIxTQW6d&amp;lr=&amp;as_brr=1&amp;hl=fr\" target=\"_blank\" rel=\"noopener\">Acc\u00e9der au volume<\/a> sur <b>GoogleBooks<\/b><\/p>\n<p><b>750605<br \/>\n<\/b>Fran\u00e7ois-Louis Cancrinus<br \/>\n<i>Premiers principes de la science des mines et des salines<\/i><br \/>\n1775, Tome VI, p. 53-57<br \/>\n<a href=\"http:\/\/books.google.be\/books?id=WJkUAAAAQAAJ&amp;printsec=frontcover&amp;dq=editions:0qCv5MvfosIxTQW6d&amp;lr=&amp;as_brr=1&amp;hl=fr\" target=\"_blank\" rel=\"noopener\">Acc\u00e9der au volume<\/a> sur <b>GoogleBooks<\/b><\/p>\n<p><b>750606<br \/>\n<\/b>Andrew Burnaby<br \/>\n<i>Voyage de l&rsquo;Am\u00e9rique Septentrionale, avec des observations sur l&rsquo;\u00e9tat des colonies<\/i><br \/>\n1775, Tome VI, p. 57-71<br \/>\n(The Critical review; The Gentleman&rsquo;s Magazine; The Universal Magazine)<br \/>\n<a href=\"http:\/\/books.google.be\/books?id=WJkUAAAAQAAJ&amp;printsec=frontcover&amp;dq=editions:0qCv5MvfosIxTQW6d&amp;lr=&amp;as_brr=1&amp;hl=fr\" target=\"_blank\" rel=\"noopener\">Acc\u00e9der au volume<\/a> sur <b>GoogleBooks<\/b><\/p>\n<p><b>750607<br \/>\n<\/b>Johann Philipp Kirnberger<br \/>\n<i>L&rsquo;art de la composition parfaite relativement \u00e0 l&rsquo;harmonie<\/i><br \/>\n1775, Tome VI, p. 72-74<br \/>\n(Journal litt\u00e9raire de Berlin)<br \/>\n<a href=\"http:\/\/books.google.be\/books?id=WJkUAAAAQAAJ&amp;printsec=frontcover&amp;dq=editions:0qCv5MvfosIxTQW6d&amp;lr=&amp;as_brr=1&amp;hl=fr\" target=\"_blank\" rel=\"noopener\">Acc\u00e9der au volume<\/a> sur <b>GoogleBooks<\/b><\/p>\n<p style=\"text-align: justify;\"><b>750608<\/b><br \/>\nJean Baptiste Joseph d&rsquo;Amarzit de Sahuguet Espagnac<br \/>\n<i>Histoire de Maurice, Comte de Saxe, Duc de Courlande et de S\u00e9migale, Mar\u00e9chal-G\u00e9n\u00e9ral des Camps et Arm\u00e9es de Sa Majest\u00e9 Tr\u00e8s-Chr\u00e9tienne<\/i><br \/>\n1775, Tome VI, p. 75-85<br \/>\n(Gazette Universelle de Litt\u00e9rature; Journal encyclop\u00e9dique; Mercure de France)<br \/>\n<a href=\"http:\/\/books.google.be\/books?id=WJkUAAAAQAAJ&amp;printsec=frontcover&amp;dq=editions:0qCv5MvfosIxTQW6d&amp;lr=&amp;as_brr=1&amp;hl=fr\" target=\"_blank\" rel=\"noopener\">Acc\u00e9der au volume<\/a> sur <b>GoogleBooks<\/b><\/p>\n<p><b>750609<\/b><br \/>\nFriedrich Wilhelm Pestel<br \/>\n<i>Les fondements de la jurisprudence naturelle<\/i><br \/>\n1775, Tome VI, p. 86-91<br \/>\n(Biblioth\u00e8que des Sciences et des Beaux-Arts)<br \/>\n<a href=\"http:\/\/books.google.be\/books?id=WJkUAAAAQAAJ&amp;printsec=frontcover&amp;dq=editions:0qCv5MvfosIxTQW6d&amp;lr=&amp;as_brr=1&amp;hl=fr\" target=\"_blank\" rel=\"noopener\">Acc\u00e9der au volume<\/a> sur <b>GoogleBooks<\/b><\/p>\n<p><b>750610<\/b><br \/>\nJacques Necker<br \/>\n<i>Sur la l\u00e9gislation et le commerce des grains<\/i><br \/>\n1775, Tome VI, p. 92-104<br \/>\n<a href=\"http:\/\/books.google.be\/books?id=WJkUAAAAQAAJ&amp;printsec=frontcover&amp;dq=editions:0qCv5MvfosIxTQW6d&amp;lr=&amp;as_brr=1&amp;hl=fr\" target=\"_blank\" rel=\"noopener\">Acc\u00e9der au volume<\/a> sur <b>GoogleBooks<\/b><\/p>\n<p><b>750611<\/b><br \/>\nCharles-Georges Coqueley de Chaussepierre (pseud. : Doucet)<br \/>\n<i>Monsieur Cassandre, ou les effets de l&rsquo;amour et du vert-de-gris<\/i><br \/>\n1775, Tome VI, p. 104-11<br \/>\n(Journal de Politique et de Litt\u00e9rature; Mercure de France)<br \/>\n<a href=\"http:\/\/books.google.be\/books?id=WJkUAAAAQAAJ&amp;printsec=frontcover&amp;dq=editions:0qCv5MvfosIxTQW6d&amp;lr=&amp;as_brr=1&amp;hl=fr\" target=\"_blank\" rel=\"noopener\">Acc\u00e9der au volume<\/a> sur <b>GoogleBooks<\/b><\/p>\n<p><b>750612<\/b><br \/>\nCarsten Niebuhr<br \/>\n<i>Relation du voyage de M. C. Niebuhr en Arabie, et autres contr\u00e9es des environs<\/i><br \/>\n1775, Tome VI, p. 112-16<br \/>\n(Journal litt\u00e9raire de Berlin)<br \/>\n<a href=\"http:\/\/books.google.be\/books?id=WJkUAAAAQAAJ&amp;printsec=frontcover&amp;dq=editions:0qCv5MvfosIxTQW6d&amp;lr=&amp;as_brr=1&amp;hl=fr\" target=\"_blank\" rel=\"noopener\">Acc\u00e9der au volume<\/a> sur <b>GoogleBooks<\/b><\/p>\n<p><b>750613<\/b><br \/>\nAntoine L\u00e9onard Thomas<br \/>\n<i>\u00c9loge de Marc-Aur\u00e8le<\/i><br \/>\n1775, Tome VI, p. 117-34<br \/>\n(Journal des Savants; Mercure de France, Journal Encyclop\u00e9dique; etc.)<br \/>\n<a href=\"http:\/\/books.google.be\/books?id=WJkUAAAAQAAJ&amp;printsec=frontcover&amp;dq=editions:0qCv5MvfosIxTQW6d&amp;lr=&amp;as_brr=1&amp;hl=fr\" target=\"_blank\" rel=\"noopener\">Acc\u00e9der au volume<\/a> sur <b>GoogleBooks<\/b><\/p>\n<p><b>750614<\/b><br \/>\nJean-Jacques Rousseau<br \/>\n<i>Pygmalion<\/i>, mise en vers par M. Berquin<br \/>\n1775, Tome VI, p. 135-41<br \/>\n(Journal encyclop\u00e9dique)<br \/>\n<a href=\"http:\/\/books.google.be\/books?id=WJkUAAAAQAAJ&amp;printsec=frontcover&amp;dq=editions:0qCv5MvfosIxTQW6d&amp;lr=&amp;as_brr=1&amp;hl=fr\" target=\"_blank\" rel=\"noopener\">Acc\u00e9der au volume<\/a> sur <b>GoogleBooks<\/b><\/p>\n<p style=\"text-align: justify;\"><b>750615<\/b>[Robert Potter]\n<i>Observations sur les lois qui concernent les pauvres, sur leur \u00e9tat pr\u00e9sent, et sur l&rsquo;\u00e9tablissement des maisons de travail et d&rsquo;industriel 1775<\/i><br \/>\n1775, Tome VI, p. 141-45<br \/>\n(Monthly Review)<br \/>\n<a href=\"http:\/\/books.google.be\/books?id=WJkUAAAAQAAJ&amp;printsec=frontcover&amp;dq=editions:0qCv5MvfosIxTQW6d&amp;lr=&amp;as_brr=1&amp;hl=fr\" target=\"_blank\" rel=\"noopener\">Acc\u00e9der au volume<\/a> sur <b>GoogleBooks<\/b><\/p>\n<p><b>750616<\/b><br \/>\nLouis-Antoine de Caraccioli,<br \/>\n<i>La vie du Pape Cl\u00e9ment XIV<\/i><br \/>\n1775, Tome VI, p. 146-64<br \/>\n(Gazette universelle de Litt\u00e9rature, Mercure de France, Journal Encyclop\u00e9dique)<br \/>\n<a href=\"http:\/\/books.google.be\/books?id=WJkUAAAAQAAJ&amp;printsec=frontcover&amp;dq=editions:0qCv5MvfosIxTQW6d&amp;lr=&amp;as_brr=1&amp;hl=fr\" target=\"_blank\" rel=\"noopener\">Acc\u00e9der au volume<\/a> sur <b>GoogleBooks<\/b><\/p>\n<p style=\"text-align: justify;\"><b>750617<\/b><br \/>\nJ. Barry<br \/>\n<i>Recherches sur les causes r\u00e9elles ou imaginaires qui ont retard\u00e9 la connaissance et la perfection des arts en Angleterre<\/i><br \/>\n1775, Tome VI, p. 164-68<br \/>\n(Monthly Review; Universal Magazine)<br \/>\n<a href=\"http:\/\/books.google.be\/books?id=WJkUAAAAQAAJ&amp;printsec=frontcover&amp;dq=editions:0qCv5MvfosIxTQW6d&amp;lr=&amp;as_brr=1&amp;hl=fr\" target=\"_blank\" rel=\"noopener\">Acc\u00e9der au volume<\/a> sur <b>GoogleBooks<\/b><\/p>\n<p><b>750618<\/b><br \/>\nD&rsquo;hannetaire<br \/>\n<i>Observations sur l&rsquo;art du com\u00e9dien\u2026 <\/i><br \/>\n1775, Tome VI, p. 169-80<br \/>\n(Ann\u00e9e litt\u00e9raire; Journal des Beaux-Arts; Gazette litt\u00e9raire des sciences; etc.)<br \/>\n<a href=\"http:\/\/books.google.be\/books?id=WJkUAAAAQAAJ&amp;printsec=frontcover&amp;dq=editions:0qCv5MvfosIxTQW6d&amp;lr=&amp;as_brr=1&amp;hl=fr\" target=\"_blank\" rel=\"noopener\">Acc\u00e9der au volume<\/a> sur <b>GoogleBooks<\/b><\/p>\n<p><b>750619<\/b><br \/>\nBernard Peyrilhe<br \/>\n<i>Dissertation acad\u00e9mique sur le cancer<\/i><br \/>\n1775, Tome VI, p. 181-91<br \/>\n(Journal de M\u00e9decine)<br \/>\n<a href=\"http:\/\/books.google.be\/books?id=WJkUAAAAQAAJ&amp;printsec=frontcover&amp;dq=editions:0qCv5MvfosIxTQW6d&amp;lr=&amp;as_brr=1&amp;hl=fr\" target=\"_blank\" rel=\"noopener\">Acc\u00e9der au volume<\/a> sur <b>GoogleBooks<\/b><\/p>\n<p style=\"text-align: justify;\"><b>750620<\/b><br \/>\n<i>Causes c\u00e9l\u00e8bres, curieuses et int\u00e9ressantes de toutes les cours souveraines du Royaume, avec les jugements qui les ont d\u00e9cid\u00e9es<\/i><br \/>\n1775, Tome VI, p. 191-208<br \/>\n<a href=\"http:\/\/books.google.be\/books?id=WJkUAAAAQAAJ&amp;printsec=frontcover&amp;dq=editions:0qCv5MvfosIxTQW6d&amp;lr=&amp;as_brr=1&amp;hl=fr\" target=\"_blank\" rel=\"noopener\">Acc\u00e9der au volume<\/a> sur <b>GoogleBooks<\/b><\/p>\n<p style=\"text-align: justify;\"><b>750621<\/b><br \/>\nCharles Palissot de Montenoy<br \/>\n<i>Lettre de M. P*** \u00e0 M. D. L*** pour servir de r\u00e9ponse \u00e0 la Brochure malhonn\u00eate d&rsquo;un Mort de mauvaise humeur, sur un article de ses M\u00e9moires Litt\u00e9raires<\/i><br \/>\n1775, Tome VI, p. 209-13<br \/>\n<a href=\"http:\/\/books.google.be\/books?id=WJkUAAAAQAAJ&amp;printsec=frontcover&amp;dq=editions:0qCv5MvfosIxTQW6d&amp;lr=&amp;as_brr=1&amp;hl=fr\" target=\"_blank\" rel=\"noopener\">Acc\u00e9der au volume<\/a> sur <b>GoogleBooks<\/b><\/p>\n<p><b>750622<\/b><br \/>\nClaude-Louis-Michel de Sacy<br \/>\n<i>Dialogue entre un procureur et un huron<\/i><b><i> <\/i><a href=\"http:\/\/www.gedhs.ulg.ac.be\/recherches\/dialogues\/edj750622.html\" target=\"_top\">[MODE TEXTE]<\/a><\/b><br \/>\n1775, Tome VI, p. 214-23<br \/>\n<a href=\"http:\/\/books.google.be\/books?id=WJkUAAAAQAAJ&amp;printsec=frontcover&amp;dq=editions:0qCv5MvfosIxTQW6d&amp;lr=&amp;as_brr=1&amp;hl=fr\" target=\"_blank\" rel=\"noopener\">Acc\u00e9der au volume<\/a> sur <b>GoogleBooks<\/b><\/p>\n<p><b>750623<\/b><br \/>\n<i>Le donneur de conseils, ou le nez de cire<\/i><br \/>\n1775, Tome VI, p. 224-25<br \/>\n(Journal des Dames)<br \/>\n<a href=\"http:\/\/books.google.be\/books?id=WJkUAAAAQAAJ&amp;printsec=frontcover&amp;dq=editions:0qCv5MvfosIxTQW6d&amp;lr=&amp;as_brr=1&amp;hl=fr\" target=\"_blank\" rel=\"noopener\">Acc\u00e9der au volume<\/a> sur <b>GoogleBooks<\/b><\/p>\n<p><b>750624<\/b><br \/>\nGray<br \/>\n<i>Pens\u00e9es d\u00e9tach\u00e9es sur divers sujets<\/i><br \/>\n1775, Tome VI, p. 226-28<br \/>\n(Universal Magazine)<br \/>\n<a href=\"http:\/\/books.google.be\/books?id=WJkUAAAAQAAJ&amp;printsec=frontcover&amp;dq=editions:0qCv5MvfosIxTQW6d&amp;lr=&amp;as_brr=1&amp;hl=fr\" target=\"_blank\" rel=\"noopener\">Acc\u00e9der au volume<\/a> sur <b>GoogleBooks<\/b><\/p>\n<p><b>750625<\/b><br \/>\n<i>Discours sur l&rsquo;enthousiasme<\/i><br \/>\n1775, Tome VI, p. 228-36<br \/>\n(Spectateur fran\u00e7ais)<br \/>\n<a href=\"http:\/\/books.google.be\/books?id=WJkUAAAAQAAJ&amp;printsec=frontcover&amp;dq=editions:0qCv5MvfosIxTQW6d&amp;lr=&amp;as_brr=1&amp;hl=fr\" target=\"_blank\" rel=\"noopener\">Acc\u00e9der au volume<\/a> sur <b>GoogleBooks<\/b><\/p>\n<p><b>750626<\/b><br \/>\n<i>Extrait d&rsquo;une relation de l&rsquo;abdication du Roi Jacques II, \u00e9crite par lui-m\u00eame<\/i><br \/>\n1775, Tome VI, p. 236-45<br \/>\n(Universal Magazine)<br \/>\n<a href=\"http:\/\/books.google.be\/books?id=WJkUAAAAQAAJ&amp;printsec=frontcover&amp;dq=editions:0qCv5MvfosIxTQW6d&amp;lr=&amp;as_brr=1&amp;hl=fr\" target=\"_blank\" rel=\"noopener\">Acc\u00e9der au volume<\/a> sur <b>GoogleBooks<\/b><\/p>\n<p><b>750627<\/b><br \/>\nM. de Saint-Marc<br \/>\n<i>\u00c9pigramme<\/i><br \/>\n1775, Tome VI, p. 246<br \/>\n<a href=\"http:\/\/books.google.be\/books?id=WJkUAAAAQAAJ&amp;printsec=frontcover&amp;dq=editions:0qCv5MvfosIxTQW6d&amp;lr=&amp;as_brr=1&amp;hl=fr\" target=\"_blank\" rel=\"noopener\">Acc\u00e9der au volume<\/a> sur <b>GoogleBooks<\/b><\/p>\n<p><b>750628<\/b><br \/>\nM. de Saint-Marc<br \/>\n<i>Vers anacr\u00e9ontiques<\/i><br \/>\n1775, Tome VI, p. 247<br \/>\n<a href=\"http:\/\/books.google.be\/books?id=WJkUAAAAQAAJ&amp;printsec=frontcover&amp;dq=editions:0qCv5MvfosIxTQW6d&amp;lr=&amp;as_brr=1&amp;hl=fr\" target=\"_blank\" rel=\"noopener\">Acc\u00e9der au volume<\/a> sur <b>GoogleBooks<\/b><\/p>\n<p><b>750629<\/b><br \/>\n<i>Vers<\/i><br \/>\n1775, Tome VI, p. 247-48<br \/>\n<a href=\"http:\/\/books.google.be\/books?id=WJkUAAAAQAAJ&amp;printsec=frontcover&amp;dq=editions:0qCv5MvfosIxTQW6d&amp;lr=&amp;as_brr=1&amp;hl=fr\" target=\"_blank\" rel=\"noopener\">Acc\u00e9der au volume<\/a> sur <b>GoogleBooks<\/b><\/p>\n<p><b>750630<\/b><br \/>\nMadame La Comtesse d***<br \/>\n<i>Vers \u00e0 M. Thomas, sur son \u00c9loge de Marc-Aur\u00e8le<\/i><br \/>\n1775, Tome VI, p. 249<br \/>\n<a href=\"http:\/\/books.google.be\/books?id=WJkUAAAAQAAJ&amp;printsec=frontcover&amp;dq=editions:0qCv5MvfosIxTQW6d&amp;lr=&amp;as_brr=1&amp;hl=fr\" target=\"_blank\" rel=\"noopener\">Acc\u00e9der au volume<\/a> sur <b>GoogleBooks<\/b><\/p>\n<p><b>750631<\/b><br \/>\nMadame de M***<br \/>\n<i>\u00c0 un satyrique<\/i><br \/>\n1775, Tome VI, p. 249-50<br \/>\n<a href=\"http:\/\/books.google.be\/books?id=WJkUAAAAQAAJ&amp;printsec=frontcover&amp;dq=editions:0qCv5MvfosIxTQW6d&amp;lr=&amp;as_brr=1&amp;hl=fr\" target=\"_blank\" rel=\"noopener\">Acc\u00e9der au volume<\/a> sur <b>GoogleBooks<\/b><\/p>\n<p><b>750632<\/b><br \/>\nM. Marteau<br \/>\n<i>Myrtille et Lucette<\/i><br \/>\n1775, Tome VI, p. 250-55<br \/>\n<a href=\"http:\/\/books.google.be\/books?id=WJkUAAAAQAAJ&amp;printsec=frontcover&amp;dq=editions:0qCv5MvfosIxTQW6d&amp;lr=&amp;as_brr=1&amp;hl=fr\" target=\"_blank\" rel=\"noopener\">Acc\u00e9der au volume<\/a> sur <b>GoogleBooks<\/b><\/p>\n<p><b>750633<\/b><br \/>\nM. D.L.P.<br \/>\n<i>\u00c9pigramme<\/i><br \/>\n1775, Tome VI, p. 255<br \/>\n<a href=\"http:\/\/books.google.be\/books?id=WJkUAAAAQAAJ&amp;printsec=frontcover&amp;dq=editions:0qCv5MvfosIxTQW6d&amp;lr=&amp;as_brr=1&amp;hl=fr\" target=\"_blank\" rel=\"noopener\">Acc\u00e9der au volume<\/a> sur <b>GoogleBooks<\/b><\/p>\n<p><b>750634<\/b><br \/>\nM. D.L.P.<br \/>\n<i>Grand principe<\/i><br \/>\n1775, Tome VI, p. 255<br \/>\n<a href=\"http:\/\/books.google.be\/books?id=WJkUAAAAQAAJ&amp;printsec=frontcover&amp;dq=editions:0qCv5MvfosIxTQW6d&amp;lr=&amp;as_brr=1&amp;hl=fr\" target=\"_blank\" rel=\"noopener\">Acc\u00e9der au volume<\/a> sur <b>GoogleBooks<\/b><\/p>\n<p><b>750635<\/b><br \/>\nAntoine de Bertin<br \/>\n<i>\u00c0 un myrte<\/i><br \/>\n1775, Tome VI, p. 256<br \/>\n<a href=\"http:\/\/books.google.be\/books?id=WJkUAAAAQAAJ&amp;printsec=frontcover&amp;dq=editions:0qCv5MvfosIxTQW6d&amp;lr=&amp;as_brr=1&amp;hl=fr\" target=\"_blank\" rel=\"noopener\">Acc\u00e9der au volume<\/a> sur <b>GoogleBooks<\/b><\/p>\n<p><b>750636<\/b><br \/>\nBernard-Joseph Saurin<br \/>\n<i>\u00c9p\u00eetre. \u00c0 mon vieil ami<\/i><br \/>\n1775, Tome VI, p. 257-62<br \/>\n<a href=\"http:\/\/books.google.be\/books?id=WJkUAAAAQAAJ&amp;printsec=frontcover&amp;dq=editions:0qCv5MvfosIxTQW6d&amp;lr=&amp;as_brr=1&amp;hl=fr\" target=\"_blank\" rel=\"noopener\">Acc\u00e9der au volume<\/a> sur <b>GoogleBooks<\/b><\/p>\n<p><b>750637<\/b><br \/>\n<i>L&rsquo;officier pr\u00e9voyant, ou la sage pr\u00e9caution<\/i><br \/>\n1775, Tome VI, p. 262<br \/>\n<a href=\"http:\/\/books.google.be\/books?id=WJkUAAAAQAAJ&amp;printsec=frontcover&amp;dq=editions:0qCv5MvfosIxTQW6d&amp;lr=&amp;as_brr=1&amp;hl=fr\" target=\"_blank\" rel=\"noopener\">Acc\u00e9der au volume<\/a> sur <b>GoogleBooks<\/b><\/p>\n<p><b>750638<\/b><br \/>\n\u00c9gide de Lespinasse Langeac<br \/>\n<i>Expliquez \u00e7a. Stances \u00e0 Chlo\u00e9<\/i><br \/>\n1775, Tome VI, p. 263-64<br \/>\n<a href=\"http:\/\/books.google.be\/books?id=WJkUAAAAQAAJ&amp;printsec=frontcover&amp;dq=editions:0qCv5MvfosIxTQW6d&amp;lr=&amp;as_brr=1&amp;hl=fr\" target=\"_blank\" rel=\"noopener\">Acc\u00e9der au volume<\/a> sur <b>GoogleBooks<\/b><\/p>\n<p><b>750639<\/b><br \/>\nM. de Gassendi<br \/>\n<i>\u00c9pigramme. Traduite d&rsquo;Adisson<\/i><br \/>\n1775, Tome VI, p. 264<br \/>\n<a href=\"http:\/\/books.google.be\/books?id=WJkUAAAAQAAJ&amp;printsec=frontcover&amp;dq=editions:0qCv5MvfosIxTQW6d&amp;lr=&amp;as_brr=1&amp;hl=fr\" target=\"_blank\" rel=\"noopener\">Acc\u00e9der au volume<\/a> sur <b>GoogleBooks<\/b><\/p>\n<p><b>750640<\/b><br \/>\nClaude-Joseph Dorat<br \/>\n<i>\u00c0 Lidie <\/i><a href=\"http:\/\/www.gedhs.ulg.ac.be\/recherches\/espritdesjournaux\/articles\/edj750640.html\" target=\"_top\">[MODE TEXTE]<\/a><br \/>\n1775, Tome VI, p. 265-66<br \/>\n<a href=\"http:\/\/books.google.be\/books?id=WJkUAAAAQAAJ&amp;printsec=frontcover&amp;dq=editions:0qCv5MvfosIxTQW6d&amp;lr=&amp;as_brr=1&amp;hl=fr\" target=\"_blank\" rel=\"noopener\">Acc\u00e9der au volume<\/a> sur <b>GoogleBooks<\/b><\/p>\n<p><b>750701<\/b><br \/>\nPierre Joseph Andr\u00e9 Roubaud<br \/>\n<i>Histoire g\u00e9n\u00e9rale de l&rsquo;Asie, de l&rsquo;Afrique et de l&rsquo;Am\u00e9rique\u2026 <\/i><a href=\"http:\/\/www.gedhs.ulg.ac.be\/recherches\/espritdesjournaux\/articles\/edj750701.html\" target=\"_top\">[MODE TEXTE]<\/a><br \/>\n1775, Tome VII, p. 3-32<br \/>\n(Journal encyclop\u00e9dique; Gazette universelle de Litt\u00e9rature; Mercure de France)<br \/>\n<a href=\"http:\/\/books.google.be\/books?id=BAMTAAAAYAAJ&amp;printsec=frontcover&amp;dq=editions:0YywDHrPuX_Qlj6G&amp;lr=&amp;as_brr=1&amp;hl=fr\" target=\"_blank\" rel=\"noopener\">Acc\u00e9der au volume<\/a> sur <b>GoogleBooks<\/b><\/p>\n<p><b>750702<\/b><br \/>\nJean Colombier<br \/>\n<i>Pr\u00e9ceptes sur la sant\u00e9 des gens de guerre, ou Hygi\u00e8ne militaire<\/i><br \/>\n1775, Tome VII, p. 32-44<br \/>\n(Mercure de France; Journal Encyclop\u00e9dique; Journal des Dames)<br \/>\n<a href=\"http:\/\/books.google.be\/books?id=BAMTAAAAYAAJ&amp;printsec=frontcover&amp;dq=editions:0YywDHrPuX_Qlj6G&amp;lr=&amp;as_brr=1&amp;hl=fr\" target=\"_blank\" rel=\"noopener\">Acc\u00e9der au volume<\/a> sur <b>GoogleBooks<\/b><\/p>\n<p><b>750703<\/b><br \/>\nJacques Macpherson<br \/>\n<i>Histoire de la Grande-Bretagne, depuis la restauration jusqu&rsquo;\u00e0 l&rsquo;accession de la Maison d&rsquo;Hanovre<\/i><br \/>\n1775, Tome VII, p. 45-57<br \/>\n(Critical Review; Monthly Review)<br \/>\n<a href=\"http:\/\/books.google.be\/books?id=BAMTAAAAYAAJ&amp;printsec=frontcover&amp;dq=editions:0YywDHrPuX_Qlj6G&amp;lr=&amp;as_brr=1&amp;hl=fr\" target=\"_blank\" rel=\"noopener\">Acc\u00e9der au volume<\/a> sur <b>GoogleBooks<\/b><\/p>\n<p><b>750704<\/b><br \/>\nPatrick Brydane<br \/>\n<i>Voyage en Sicile et \u00e0 Malte<\/i><br \/>\n1775, Tome VII, p. 57-76<br \/>\n(Ann\u00e9e litt\u00e9raire; Affiches et Annonces etc.; Gazette universelle de Litt\u00e9rature)<\/p>\n<p><b>750705<\/b><br \/>\nLa Brousse<br \/>\n<i>Trait\u00e9 de la culture du figuier\u2026<\/i><br \/>\n1775, Tome VII, p. 77-83<br \/>\n(Gazette universelle de Litt\u00e9rature; Journal Encyclop\u00e9dique; Journal des Beaux-Arts)<br \/>\n<a href=\"http:\/\/books.google.be\/books?id=BAMTAAAAYAAJ&amp;printsec=frontcover&amp;dq=editions:0YywDHrPuX_Qlj6G&amp;lr=&amp;as_brr=1&amp;hl=fr\" target=\"_blank\" rel=\"noopener\">Acc\u00e9der au volume<\/a> sur <b>GoogleBooks<\/b><\/p>\n<p><b>750706<\/b><br \/>\nAntoine Eximeno<br \/>\n<i>De l&rsquo;origine et des r\u00e8gles de la musique, avec l&rsquo;histoire de ses progr\u00e8s, de sa d\u00e9cadence et de son renouvellement<\/i><br \/>\n1775, Tome VII, p. 84-97<br \/>\n(Journal des Savants)<br \/>\n<a href=\"http:\/\/books.google.be\/books?id=BAMTAAAAYAAJ&amp;printsec=frontcover&amp;dq=editions:0YywDHrPuX_Qlj6G&amp;lr=&amp;as_brr=1&amp;hl=fr\" target=\"_blank\" rel=\"noopener\">Acc\u00e9der au volume<\/a> sur <b>GoogleBooks<\/b><\/p>\n<p><b>750707<\/b><br \/>\n(Pierre Joseph) Bernard<br \/>\n<i>L&rsquo;art d&rsquo;aimer, et po\u00e9sies diverses<\/i><br \/>\n1775, Tome VII, p. 97-106<br \/>\n(Ann\u00e9e litt\u00e9raire; Gazette universelle de Litt\u00e9rature)<br \/>\n<a href=\"http:\/\/books.google.be\/books?id=BAMTAAAAYAAJ&amp;printsec=frontcover&amp;dq=editions:0YywDHrPuX_Qlj6G&amp;lr=&amp;as_brr=1&amp;hl=fr\" target=\"_blank\" rel=\"noopener\">Acc\u00e9der au volume<\/a> sur <b>GoogleBooks<\/b><\/p>\n<p><b>750708<\/b><br \/>\n<i>La vie de M. Davenant\u2026<\/i><br \/>\n1775, Tome VII, p. 107-15<br \/>\n(Universal Magazine)<br \/>\n<a href=\"http:\/\/books.google.be\/books?id=BAMTAAAAYAAJ&amp;printsec=frontcover&amp;dq=editions:0YywDHrPuX_Qlj6G&amp;lr=&amp;as_brr=1&amp;hl=fr\" target=\"_blank\" rel=\"noopener\">Acc\u00e9der au volume<\/a> sur <b>GoogleBooks<\/b><\/p>\n<p><b>750709<\/b><br \/>\n<i>Discours prononc\u00e9s dans l&rsquo;Acad\u00e9mie Fran\u00e7aise le jeudi 7 avril 1775, \u00e0 la r\u00e9ception de M. le Chevalier de Chastellux<\/i><br \/>\n1775, Tome VII, p. 115-30<br \/>\n(Mercure de France; Gazette Universelle de Litt\u00e9rature; Journal Encyclop\u00e9dique)<\/p>\n<p><b>750710<\/b><br \/>\nPierre Thomas Nicolas Hurtaut<br \/>\n<i>Dictionnaire des mots homonymes de la langue fran\u00e7aise<\/i><br \/>\n1775, Tome VII, p. 131-37<br \/>\n(Journal de politique et de litt\u00e9rature; Journal encyclop\u00e9dique; Gazette universelle de Litt\u00e9rature)<br \/>\n<a href=\"http:\/\/books.google.be\/books?id=BAMTAAAAYAAJ&amp;printsec=frontcover&amp;dq=editions:0YywDHrPuX_Qlj6G&amp;lr=&amp;as_brr=1&amp;hl=fr\" target=\"_blank\" rel=\"noopener\">Acc\u00e9der au volume<\/a> sur <b>GoogleBooks<\/b><\/p>\n<p><b>750711<\/b><br \/>\n<i>Recherches sur la police des lois p\u00e9nales, contre les habitants catholiques romains de l&rsquo;Irlande<\/i><br \/>\n1775, Tome VII, p. 138-47<br \/>\n(Critical Review)<br \/>\n<a href=\"http:\/\/books.google.be\/books?id=BAMTAAAAYAAJ&amp;printsec=frontcover&amp;dq=editions:0YywDHrPuX_Qlj6G&amp;lr=&amp;as_brr=1&amp;hl=fr\" target=\"_blank\" rel=\"noopener\">Acc\u00e9der au volume<\/a> sur <b>GoogleBooks<\/b><\/p>\n<p><b>750712<\/b><br \/>\nDocteur Roberts<br \/>\n<i>Le r\u00e9tablissement de Juda, po\u00e8me en six chants<\/i><br \/>\n1775, Tome VII, p. 147-49<br \/>\n(Critical Review)<br \/>\n<a href=\"http:\/\/books.google.be\/books?id=BAMTAAAAYAAJ&amp;printsec=frontcover&amp;dq=editions:0YywDHrPuX_Qlj6G&amp;lr=&amp;as_brr=1&amp;hl=fr\" target=\"_blank\" rel=\"noopener\">Acc\u00e9der au volume<\/a> sur <b>GoogleBooks<\/b><\/p>\n<p><b>750713<\/b><br \/>\nNicolas Fallet<br \/>\n<i>Le Pha\u00e9ton, po\u00e8me h\u00e9ro\u00ef-comique, en six chants, imit\u00e9 de l&rsquo;Allemand, de M. Zacharie<\/i><br \/>\n1775, Tome VII, p. 150-56<br \/>\n(Journal des Dames; Journal encyclop\u00e9dique)<br \/>\n<a href=\"http:\/\/books.google.be\/books?id=BAMTAAAAYAAJ&amp;printsec=frontcover&amp;dq=editions:0YywDHrPuX_Qlj6G&amp;lr=&amp;as_brr=1&amp;hl=fr\" target=\"_blank\" rel=\"noopener\">Acc\u00e9der au volume<\/a> sur <b>GoogleBooks<\/b><\/p>\n<p><b>7507014<\/b><br \/>\nClaude Perret<br \/>\n<i>\u00c9loge de M. Piron, lu \u00e0 la s\u00e9ance publique de l&rsquo;Acad\u00e9mie de Dijon, le 23 d\u00e9cembre 1773<\/i><br \/>\n1775, Tome VII, p. 156-67<br \/>\n(Journal des Dames; Journal Encyclop\u00e9dique; Mercure de France)<br \/>\n<a href=\"http:\/\/books.google.be\/books?id=BAMTAAAAYAAJ&amp;printsec=frontcover&amp;dq=editions:0YywDHrPuX_Qlj6G&amp;lr=&amp;as_brr=1&amp;hl=fr\" target=\"_blank\" rel=\"noopener\">Acc\u00e9der au volume<\/a> sur <b>GoogleBooks<\/b><\/p>\n<p style=\"text-align: justify;\"><b>750715<\/b><br \/>\nJean Louis de Lolme<br \/>\n<i>La Constitution d&rsquo;Angleterre, ou \u00c9tat du gouvernement anglais compar\u00e9 \u00e0 la forme du gouvernement r\u00e9publicain et des autre monarchies de l&rsquo;Europe<\/i><br \/>\n1775, Tome VII, p. 167-72<br \/>\n(Critical Review)<br \/>\n<a href=\"http:\/\/books.google.be\/books?id=BAMTAAAAYAAJ&amp;printsec=frontcover&amp;dq=editions:0YywDHrPuX_Qlj6G&amp;lr=&amp;as_brr=1&amp;hl=fr\" target=\"_blank\" rel=\"noopener\">Acc\u00e9der au volume<\/a> sur <b>GoogleBooks<\/b><\/p>\n<p><b>750716<\/b><br \/>\n<i>Causes c\u00e9l\u00e8bres, curieuses et int\u00e9ressantes de toutes les cours souveraines du Royaume<\/i><br \/>\n1775, Tome VII, p. 172-88<br \/>\n<a href=\"http:\/\/books.google.be\/books?id=BAMTAAAAYAAJ&amp;printsec=frontcover&amp;dq=editions:0YywDHrPuX_Qlj6G&amp;lr=&amp;as_brr=1&amp;hl=fr\" target=\"_blank\" rel=\"noopener\">Acc\u00e9der au volume<\/a> sur <b>GoogleBooks<\/b><\/p>\n<p><b>750717<\/b><br \/>\n<i>Dialogue entre Galil\u00e9e, Malherbe et Fontenelle <\/i><a href=\"http:\/\/www.gedhs.ulg.ac.be\/recherches\/dialogues\/edj750717.html\" target=\"_top\">[MODE TEXTE]<\/a><br \/>\n1775, Tome VII, p. 189-99<br \/>\n<a href=\"http:\/\/books.google.be\/books?id=BAMTAAAAYAAJ&amp;printsec=frontcover&amp;dq=editions:0YywDHrPuX_Qlj6G&amp;lr=&amp;as_brr=1&amp;hl=fr\" target=\"_blank\" rel=\"noopener\">Acc\u00e9der au volume<\/a> sur <b>GoogleBooks<\/b><\/p>\n<p><b>750718<\/b><br \/>\n<i>Traduction d&rsquo;une pi\u00e8ce de po\u00e9sie laponne sur l&rsquo;absence<\/i><br \/>\n1775, Tome VII, p. 200<br \/>\n(Mercure de France)<br \/>\n<a href=\"http:\/\/books.google.be\/books?id=BAMTAAAAYAAJ&amp;printsec=frontcover&amp;dq=editions:0YywDHrPuX_Qlj6G&amp;lr=&amp;as_brr=1&amp;hl=fr\" target=\"_blank\" rel=\"noopener\">Acc\u00e9der au volume<\/a> sur <b>GoogleBooks<\/b><\/p>\n<p><b>750719<\/b><br \/>\n<i>Pens\u00e9es diverses<\/i><br \/>\n1775, Tome VII, p. 201-07<br \/>\n(Journal des Dames)<br \/>\n<a href=\"http:\/\/books.google.be\/books?id=BAMTAAAAYAAJ&amp;printsec=frontcover&amp;dq=editions:0YywDHrPuX_Qlj6G&amp;lr=&amp;as_brr=1&amp;hl=fr\" target=\"_blank\" rel=\"noopener\">Acc\u00e9der au volume<\/a> sur <b>GoogleBooks<\/b><\/p>\n<p><b>750720<\/b><br \/>\n<i>Discours tir\u00e9 du Spectateur fran\u00e7ais<\/i><br \/>\n1775, Tome VII, p. 208-12<br \/>\n(Spectateur fran\u00e7ais)<br \/>\n<a href=\"http:\/\/books.google.be\/books?id=BAMTAAAAYAAJ&amp;printsec=frontcover&amp;dq=editions:0YywDHrPuX_Qlj6G&amp;lr=&amp;as_brr=1&amp;hl=fr\" target=\"_blank\" rel=\"noopener\">Acc\u00e9der au volume<\/a> sur <b>GoogleBooks<\/b><\/p>\n<p><b>750721<\/b><br \/>\n<i>La prosp\u00e9rit\u00e9 et l&rsquo;adversit\u00e9<\/i><br \/>\n1775, Tome VII, p. 212-18<br \/>\n<a href=\"http:\/\/books.google.be\/books?id=BAMTAAAAYAAJ&amp;printsec=frontcover&amp;dq=editions:0YywDHrPuX_Qlj6G&amp;lr=&amp;as_brr=1&amp;hl=fr\" target=\"_blank\" rel=\"noopener\">Acc\u00e9der au volume<\/a> sur <b>GoogleBooks<\/b><\/p>\n<p><b>750722<\/b><br \/>\n<i>Bosi, conte tir\u00e9 d&rsquo;un auteur turc<\/i><br \/>\n1775, Tome VII, p. 218-20<br \/>\n<a href=\"http:\/\/books.google.be\/books?id=BAMTAAAAYAAJ&amp;printsec=frontcover&amp;dq=editions:0YywDHrPuX_Qlj6G&amp;lr=&amp;as_brr=1&amp;hl=fr\" target=\"_blank\" rel=\"noopener\">Acc\u00e9der au volume<\/a> sur <b>GoogleBooks<\/b><\/p>\n<p><b>750723<\/b><br \/>\n<i>Le sacre et le couronnement de Sa Majest\u00e9 Louis XVI; songe d&rsquo;un citoyen<\/i><br \/>\n1775, Tome VII, p. 221-28<br \/>\n(Journal des Dames)<br \/>\n<a href=\"http:\/\/books.google.be\/books?id=BAMTAAAAYAAJ&amp;printsec=frontcover&amp;dq=editions:0YywDHrPuX_Qlj6G&amp;lr=&amp;as_brr=1&amp;hl=fr\" target=\"_blank\" rel=\"noopener\">Acc\u00e9der au volume<\/a> sur <b>GoogleBooks<\/b><\/p>\n<p><b>750724<\/b><br \/>\nM. Rangier<br \/>\n<i>\u00c9p\u00eetre d&rsquo;une jeune religieuse \u00e0 la marquise de *** sa s\u0153ur<\/i><br \/>\n1775, Tome VII, p. 229-34<br \/>\n<a href=\"http:\/\/books.google.be\/books?id=BAMTAAAAYAAJ&amp;printsec=frontcover&amp;dq=editions:0YywDHrPuX_Qlj6G&amp;lr=&amp;as_brr=1&amp;hl=fr\" target=\"_blank\" rel=\"noopener\">Acc\u00e9der au volume<\/a> sur <b>GoogleBooks<\/b><\/p>\n<p><b>750725<\/b><br \/>\nM. Flandy<br \/>\n<i>\u00c0 Monsieur, fr\u00e8re du Roi<\/i><br \/>\n1775, Tome VII, p. 234-38<br \/>\n<a href=\"http:\/\/books.google.be\/books?id=BAMTAAAAYAAJ&amp;printsec=frontcover&amp;dq=editions:0YywDHrPuX_Qlj6G&amp;lr=&amp;as_brr=1&amp;hl=fr\" target=\"_blank\" rel=\"noopener\">Acc\u00e9der au volume<\/a> sur <b>GoogleBooks<\/b><\/p>\n<p><b>750726<\/b><br \/>\nAntoine de Bertin<br \/>\n<i>\u00c0 ma Zirph\u00e9, Sur la Philis de tout le monde<\/i><br \/>\n1775, Tome VII, p. 239-40<br \/>\n<a href=\"http:\/\/books.google.be\/books?id=BAMTAAAAYAAJ&amp;printsec=frontcover&amp;dq=editions:0YywDHrPuX_Qlj6G&amp;lr=&amp;as_brr=1&amp;hl=fr\" target=\"_blank\" rel=\"noopener\">Acc\u00e9der au volume<\/a> sur <b>GoogleBooks<\/b><\/p>\n<p><b>750727<\/b><br \/>\nSylvain Mar\u00e9chal<br \/>\n<i>\u00c0 une fianc\u00e9e<\/i><br \/>\n1775, Tome VII, p. 240-41<br \/>\n<a href=\"http:\/\/books.google.be\/books?id=BAMTAAAAYAAJ&amp;printsec=frontcover&amp;dq=editions:0YywDHrPuX_Qlj6G&amp;lr=&amp;as_brr=1&amp;hl=fr\" target=\"_blank\" rel=\"noopener\">Acc\u00e9der au volume<\/a> sur <b>GoogleBooks<\/b><\/p>\n<p><b>750728<\/b><br \/>\nM. Guichard<br \/>\n<i>L&rsquo;auteur et l&rsquo;actrice, \u00e9pigramme<\/i><br \/>\n1775, Tome VII, p. 241-42<br \/>\n<a href=\"http:\/\/books.google.be\/books?id=BAMTAAAAYAAJ&amp;printsec=frontcover&amp;dq=editions:0YywDHrPuX_Qlj6G&amp;lr=&amp;as_brr=1&amp;hl=fr\" target=\"_blank\" rel=\"noopener\">Acc\u00e9der au volume<\/a> sur <b>GoogleBooks<\/b><\/p>\n<p><b>750729<\/b><br \/>\nAlexandre-Fr\u00e9d\u00e9ric-Jacques Masson Pezay<br \/>\n<i>\u00c9p\u00eetre \u00e0 M. Colardeau<\/i><br \/>\n1775, Tome VII, p. 242-44<br \/>\n<a href=\"http:\/\/books.google.be\/books?id=BAMTAAAAYAAJ&amp;printsec=frontcover&amp;dq=editions:0YywDHrPuX_Qlj6G&amp;lr=&amp;as_brr=1&amp;hl=fr\" target=\"_blank\" rel=\"noopener\">Acc\u00e9der au volume<\/a> sur <b>GoogleBooks<\/b><\/p>\n<p><b>750730<\/b><br \/>\nCharles-Pierre Colardeau<br \/>\n<i>R\u00e9ponse \u00e0 l&rsquo;\u00c9p\u00eetre pr\u00e9c\u00e9dende<\/i> [\u00c9p\u00eetre \u00e0 M. Colardeau]\n1775, Tome VII, p. 245-47<br \/>\n<a href=\"http:\/\/books.google.be\/books?id=BAMTAAAAYAAJ&amp;printsec=frontcover&amp;dq=editions:0YywDHrPuX_Qlj6G&amp;lr=&amp;as_brr=1&amp;hl=fr\" target=\"_blank\" rel=\"noopener\">Acc\u00e9der au volume<\/a> sur <b>GoogleBooks<\/b><\/p>\n<p><b>750731<\/b><br \/>\nNicolas-Louis Fran\u00e7ois de Neufch\u00e2teau<br \/>\n<i>Anaximandre. Romance nouvelle<\/i><br \/>\n1775, Tome VII, p. 248-50<br \/>\n<a href=\"http:\/\/books.google.be\/books?id=BAMTAAAAYAAJ&amp;printsec=frontcover&amp;dq=editions:0YywDHrPuX_Qlj6G&amp;lr=&amp;as_brr=1&amp;hl=fr\" target=\"_blank\" rel=\"noopener\">Acc\u00e9der au volume<\/a> sur <b>GoogleBooks<\/b><\/p>\n<p><b>750801<\/b><br \/>\nRichard Twiss<br \/>\n<i>Voyage en Portugal et en Espagne, dans les ann\u00e9es 1772 et 1773<\/i><br \/>\n1775, Tome VIII, p. 3-19<br \/>\n(Critical Review; Gazette universelle de Litt\u00e9rature)<br \/>\n<a href=\"http:\/\/books.google.be\/books?id=vZEUAAAAQAAJ&amp;printsec=frontcover&amp;dq=editions:0qCv5MvfosIxTQW6d&amp;lr=&amp;as_brr=1&amp;hl=fr\" target=\"_blank\" rel=\"noopener\">Acc\u00e9der au volume<\/a> sur <b>GoogleBooks<\/b><\/p>\n<p style=\"text-align: justify;\"><b>750802<\/b><br \/>\nAntoine-Nicolas Servin<br \/>\n<i>Histoire de la ville de Rouen, capitale du pays et duch\u00e9 de Normandie, depuis sa fondation jusqu&rsquo;en l&rsquo;ann\u00e9e 1774; suivie d&rsquo;un essai sur la Normandie litt\u00e9raire<\/i><br \/>\n1775, Tome VIII, p. 20-28<br \/>\n(Ann\u00e9e litt\u00e9raire; Petites affiches)<br \/>\n<a href=\"http:\/\/books.google.be\/books?id=vZEUAAAAQAAJ&amp;printsec=frontcover&amp;dq=editions:0qCv5MvfosIxTQW6d&amp;lr=&amp;as_brr=1&amp;hl=fr\" target=\"_blank\" rel=\"noopener\">Acc\u00e9der au volume<\/a> sur <b>GoogleBooks<\/b><\/p>\n<p style=\"text-align: justify;\"><b>750803<\/b><br \/>\nLouis-Jean L\u00e9vesque de Pouilly<br \/>\n<i>Th\u00e9orie des sentiments agr\u00e9ables, o\u00f9, apr\u00e8s avoir indiqu\u00e9 les r\u00e8gles que la nature suit dans la distribution du plaisir, on \u00e9tablit les principes de la Th\u00e9ologie naturelle et ceux de la philosophie morale<\/i><br \/>\n1775, Tome VIII, p. 29-46<br \/>\n(Journal des Savants; Journal des Dames)<br \/>\n<a href=\"http:\/\/books.google.be\/books?id=vZEUAAAAQAAJ&amp;printsec=frontcover&amp;dq=editions:0qCv5MvfosIxTQW6d&amp;lr=&amp;as_brr=1&amp;hl=fr\" target=\"_blank\" rel=\"noopener\">Acc\u00e9der au volume<\/a> sur <b>GoogleBooks<\/b><\/p>\n<p><b>750804<\/b><br \/>\n<i>Avertissement sur un objet important, par un Boh\u00e9mien<\/i><br \/>\n1775, Tome VIII, p. 47-54<br \/>\n(Gazette universelle de Litt\u00e9rature)<br \/>\n<a href=\"http:\/\/books.google.be\/books?id=vZEUAAAAQAAJ&amp;printsec=frontcover&amp;dq=editions:0qCv5MvfosIxTQW6d&amp;lr=&amp;as_brr=1&amp;hl=fr\" target=\"_blank\" rel=\"noopener\">Acc\u00e9der au volume<\/a> sur <b>GoogleBooks<\/b><\/p>\n<p><b>750805<\/b><br \/>\nArnaud Berquin<br \/>\n<i>Choix de tableaux tir\u00e9s de diverses galeries anglaises<\/i><br \/>\n1775, Tome VIII, p. 54-70<br \/>\n(Journal encyclop\u00e9dique; Ann\u00e9e litt\u00e9raire; Mercure de France; Journal des Dames)<br \/>\n<a href=\"http:\/\/books.google.be\/books?id=vZEUAAAAQAAJ&amp;printsec=frontcover&amp;dq=editions:0qCv5MvfosIxTQW6d&amp;lr=&amp;as_brr=1&amp;hl=fr\" target=\"_blank\" rel=\"noopener\">Acc\u00e9der au volume<\/a> sur <b>GoogleBooks<\/b><\/p>\n<p style=\"text-align: justify;\"><b>750806<\/b><br \/>\nAndr\u00e9 Morellet<br \/>\n<i>R\u00e9flexions sur les avantages de la libert\u00e9 d&rsquo;\u00e9crire et d&rsquo;imprimer sur les mati\u00e8res de l&rsquo;Administration, \u00e9crites en 1764 \u00e0 l&rsquo;occasion de la D\u00e9claration du Roi du 28 mars de la m\u00eame ann\u00e9e, qui fait d\u00e9fense d&rsquo;imprimer, d\u00e9biter aucuns \u00e9crits, ouvrages ou projets concernant la r\u00e9forme ou administration des Finances<\/i><br \/>\n1775, Tome VIII, p. 70-80<br \/>\n(Mercure de France; Ann\u00e9e litt\u00e9raire)<br \/>\n<a href=\"http:\/\/books.google.be\/books?id=vZEUAAAAQAAJ&amp;printsec=frontcover&amp;dq=editions:0qCv5MvfosIxTQW6d&amp;lr=&amp;as_brr=1&amp;hl=fr\" target=\"_blank\" rel=\"noopener\">Acc\u00e9der au volume<\/a> sur <b>GoogleBooks<\/b><\/p>\n<p><b>750807<\/b><br \/>\n<i>Livre de poche pour les spectacles, pour l&rsquo;ann\u00e9e 1775<\/i><br \/>\n1775, Tome VIII, p. 80-90<br \/>\n(Gazette universelle de litt\u00e9rature)<br \/>\n<a href=\"http:\/\/books.google.be\/books?id=vZEUAAAAQAAJ&amp;printsec=frontcover&amp;dq=editions:0qCv5MvfosIxTQW6d&amp;lr=&amp;as_brr=1&amp;hl=fr\" target=\"_blank\" rel=\"noopener\">Acc\u00e9der au volume<\/a> sur <b>GoogleBooks<\/b><\/p>\n<p><b>750808<\/b><br \/>\n<i>Discours prononc\u00e9s dans l&rsquo;Acad\u00e9mie fran\u00e7aise, le lundi 25 mai 1775, \u00e0 la r\u00e9ception de M. le Mar\u00e9chal Duc de Duras<\/i><br \/>\n1775, Tome VIII, p. 90-103<br \/>\n(Journal des dames; Journal encyclop\u00e9dique; Journal de politique et de litt\u00e9rature; Mercure de France)<br \/>\n<a href=\"http:\/\/books.google.be\/books?id=vZEUAAAAQAAJ&amp;printsec=frontcover&amp;dq=editions:0qCv5MvfosIxTQW6d&amp;lr=&amp;as_brr=1&amp;hl=fr\" target=\"_blank\" rel=\"noopener\">Acc\u00e9der au volume<\/a> sur <b>GoogleBooks<\/b><\/p>\n<p><b>750809<\/b><br \/>\nAbraham Perrenot<br \/>\n<i>Dissertation, Tome I<\/i><br \/>\n1775, Tome VIII, p. 104-10<br \/>\n(Biblioth\u00e8que des Sciences et des Beaux-Arts)<br \/>\n<a href=\"http:\/\/books.google.be\/books?id=vZEUAAAAQAAJ&amp;printsec=frontcover&amp;dq=editions:0qCv5MvfosIxTQW6d&amp;lr=&amp;as_brr=1&amp;hl=fr\" target=\"_blank\" rel=\"noopener\">Acc\u00e9der au volume<\/a> sur <b>GoogleBooks<\/b><\/p>\n<p><b>750810<\/b><br \/>\nMaximilien de Lamberg<br \/>\n<i>M\u00e9morial d&rsquo;un mondain<\/i><br \/>\n1775, Tome VIII, p. 111-20<br \/>\n(L&rsquo;Ann\u00e9e litt\u00e9raire; La Gazette universelle de Litt\u00e9rature)<br \/>\n<a href=\"http:\/\/books.google.be\/books?id=vZEUAAAAQAAJ&amp;printsec=frontcover&amp;dq=editions:0qCv5MvfosIxTQW6d&amp;lr=&amp;as_brr=1&amp;hl=fr\" target=\"_blank\" rel=\"noopener\">Acc\u00e9der au volume<\/a> sur <b>GoogleBooks<\/b><\/p>\n<p><b>750811<\/b><br \/>\nJ.A. Grill<br \/>\n<i>Discours sur l&rsquo;exportation annuelle de l&rsquo;argent \u00e0 la Chine, du profit ou de la perte qui en r\u00e9sultent pour l&rsquo;Europe (Acad\u00e9mie de Su\u00e8de)<\/i><br \/>\n1775, Tome VIII, p. 120-25<br \/>\n(traduit du su\u00e9dois)<br \/>\n<a href=\"http:\/\/books.google.be\/books?id=vZEUAAAAQAAJ&amp;printsec=frontcover&amp;dq=editions:0qCv5MvfosIxTQW6d&amp;lr=&amp;as_brr=1&amp;hl=fr\" target=\"_blank\" rel=\"noopener\">Acc\u00e9der au volume<\/a> sur <b>GoogleBooks<\/b><\/p>\n<p><b>750812<\/b><br \/>\nJohann Gottfried Herder<br \/>\n<i>Aussi une philosophie de l&rsquo;histoire sur la formation de la race humaine<\/i><br \/>\n1775, Tome VIII, p. 126-31<br \/>\n(Gazette universelle de litt\u00e9rature)<br \/>\n<a href=\"http:\/\/books.google.be\/books?id=vZEUAAAAQAAJ&amp;printsec=frontcover&amp;dq=editions:0qCv5MvfosIxTQW6d&amp;lr=&amp;as_brr=1&amp;hl=fr\" target=\"_blank\" rel=\"noopener\">Acc\u00e9der au volume<\/a> sur <b>GoogleBooks<\/b><\/p>\n<p><b>750813<\/b><br \/>\n<i>Adonis, imitation du chant huiti\u00e8me de l&rsquo;Adon\u00e9 du Chevalier Marin<\/i><br \/>\n1775, Tome VIII, p. 132-39<br \/>\n(Mercure de France; Gazette universelle de litt\u00e9rature)<br \/>\n<a href=\"http:\/\/books.google.be\/books?id=vZEUAAAAQAAJ&amp;printsec=frontcover&amp;dq=editions:0qCv5MvfosIxTQW6d&amp;lr=&amp;as_brr=1&amp;hl=fr\" target=\"_blank\" rel=\"noopener\">Acc\u00e9der au volume<\/a> sur <b>GoogleBooks<\/b><\/p>\n<p><b>750814<\/b><br \/>\nFelice Fontana<br \/>\n<i>Recherches philosophiques sur la physique animale<\/i><br \/>\n1775, Tome VIII, p. 140-44<br \/>\n(\u00c9ph\u00e9m\u00e9rides litt\u00e9raires de Rome)<br \/>\n<a href=\"http:\/\/books.google.be\/books?id=vZEUAAAAQAAJ&amp;printsec=frontcover&amp;dq=editions:0qCv5MvfosIxTQW6d&amp;lr=&amp;as_brr=1&amp;hl=fr\" target=\"_blank\" rel=\"noopener\">Acc\u00e9der au volume<\/a> sur <b>GoogleBooks<\/b><\/p>\n<p><b>750815<\/b><br \/>\nSimon Matzell<br \/>\n<i>\u00c9loge fun\u00e8bre du pape Cl\u00e9ment X<\/i>I<br \/>\n1775, Tome VIII, p. 144-58<br \/>\n(Journal de politique et de litt\u00e9rature; petites Affiches)<br \/>\n<a href=\"http:\/\/books.google.be\/books?id=vZEUAAAAQAAJ&amp;printsec=frontcover&amp;dq=editions:0qCv5MvfosIxTQW6d&amp;lr=&amp;as_brr=1&amp;hl=fr\" target=\"_blank\" rel=\"noopener\">Acc\u00e9der au volume<\/a> sur <b>GoogleBooks<\/b><\/p>\n<p><b>750816<\/b><br \/>\nThomas Cerda<br \/>\n<i>Le\u00e7ons d&rsquo;artillerie<\/i><br \/>\n1775, Tome VIII, p. 158-64<br \/>\n(L&rsquo;Espagne litt\u00e9raire, politique et commer\u00e7ante)<br \/>\n<a href=\"http:\/\/books.google.be\/books?id=vZEUAAAAQAAJ&amp;printsec=frontcover&amp;dq=editions:0qCv5MvfosIxTQW6d&amp;lr=&amp;as_brr=1&amp;hl=fr\" target=\"_blank\" rel=\"noopener\">Acc\u00e9der au volume<\/a> sur <b>GoogleBooks<\/b><\/p>\n<p><b>750817<\/b><br \/>\nLouise d&rsquo;\u00c9pinay<br \/>\n<i>Les conversations d&rsquo;\u00c9milie<\/i><br \/>\n1775, Tome VIII, p. 164-71<br \/>\n(Mercure de France; Gazette Universelle de Litt\u00e9rature)<br \/>\n<a href=\"http:\/\/books.google.be\/books?id=vZEUAAAAQAAJ&amp;printsec=frontcover&amp;dq=editions:0qCv5MvfosIxTQW6d&amp;lr=&amp;as_brr=1&amp;hl=fr\" target=\"_blank\" rel=\"noopener\">Acc\u00e9der au volume<\/a> sur <b>GoogleBooks<\/b><\/p>\n<p><b>750818<\/b><br \/>\nGuy Le Boucq<br \/>\n<i>Nouveaux plaidoyers \u00e0 l&rsquo;usage des Coll\u00e8ges<\/i><br \/>\n1775, Tome VIII, p. 172-78<br \/>\n(Ann\u00e9e litt\u00e9raire)<br \/>\n<a href=\"http:\/\/books.google.be\/books?id=vZEUAAAAQAAJ&amp;printsec=frontcover&amp;dq=editions:0qCv5MvfosIxTQW6d&amp;lr=&amp;as_brr=1&amp;hl=fr\" target=\"_blank\" rel=\"noopener\">Acc\u00e9der au volume<\/a> sur <b>GoogleBooks<\/b><\/p>\n<p><b>750819<\/b><br \/>\n<i>Causes c\u00e9l\u00e8bres, curieuses et int\u00e9ressantes de toutes les cours souveraines du Royaume, avec les jugements qui les ont d\u00e9cid\u00e9es<\/i><br \/>\n1775, Tome VIII, p. 179-202<br \/>\n<a href=\"http:\/\/books.google.be\/books?id=vZEUAAAAQAAJ&amp;printsec=frontcover&amp;dq=editions:0qCv5MvfosIxTQW6d&amp;lr=&amp;as_brr=1&amp;hl=fr\" target=\"_blank\" rel=\"noopener\">Acc\u00e9der au volume<\/a> sur <b>GoogleBooks<\/b><\/p>\n<p><b>750820<\/b><br \/>\n<i>Dialogue entre Fran\u00e7ois Premier et Charles Quint <\/i><a href=\"http:\/\/www.gedhs.ulg.ac.be\/recherches\/dialogues\/edj750820.html\" target=\"_top\">[MODE TEXTE]<\/a><br \/>\n1775, Tome VIII, p. 203-11<br \/>\n(Mercure de France)<br \/>\n<a href=\"http:\/\/books.google.be\/books?id=vZEUAAAAQAAJ&amp;printsec=frontcover&amp;dq=editions:0qCv5MvfosIxTQW6d&amp;lr=&amp;as_brr=1&amp;hl=fr\" target=\"_blank\" rel=\"noopener\">Acc\u00e9der au volume<\/a> sur <b>GoogleBooks<\/b><\/p>\n<p><b>750821<\/b><br \/>\n<i>Le chameau et ses pan\u00e9gyristes, fable traduite de l&rsquo;allemand<\/i><br \/>\n1775, Tome VIII, p. 211-12<br \/>\n(Mercure Allemand de Weimar)<br \/>\n<a href=\"http:\/\/books.google.be\/books?id=vZEUAAAAQAAJ&amp;printsec=frontcover&amp;dq=editions:0qCv5MvfosIxTQW6d&amp;lr=&amp;as_brr=1&amp;hl=fr\" target=\"_blank\" rel=\"noopener\">Acc\u00e9der au volume<\/a> sur <b>GoogleBooks<\/b><\/p>\n<p><b>750822<\/b><br \/>\n<i>Extrait d&rsquo;un papier anglais de l&rsquo;an 1673<\/i><br \/>\n1775, Tome VIII, p. 212-16<br \/>\n(Spectateur Fran\u00e7ais)<br \/>\n<a href=\"http:\/\/books.google.be\/books?id=vZEUAAAAQAAJ&amp;printsec=frontcover&amp;dq=editions:0qCv5MvfosIxTQW6d&amp;lr=&amp;as_brr=1&amp;hl=fr\" target=\"_blank\" rel=\"noopener\">Acc\u00e9der au volume<\/a> sur <b>GoogleBooks<\/b><\/p>\n<p><b>750823<\/b><br \/>\nLouis Jean L\u00e9vesque de Pouilly<br \/>\n<i>Pr\u00e9cis historique de ce qui s&rsquo;est pass\u00e9 depuis l&rsquo;arriv\u00e9e du Roi \u00e0 Reims, jusqu&rsquo;au jour de son d\u00e9part de cette ville<\/i><br \/>\n1775, Tome VIII, p. 217-35<br \/>\n<a href=\"http:\/\/books.google.be\/books?id=vZEUAAAAQAAJ&amp;printsec=frontcover&amp;dq=editions:0qCv5MvfosIxTQW6d&amp;lr=&amp;as_brr=1&amp;hl=fr\" target=\"_blank\" rel=\"noopener\">Acc\u00e9der au volume<\/a> sur <b>GoogleBooks<\/b><\/p>\n<p style=\"text-align: justify;\"><b>750824<\/b><br \/>\nAugustin Rouill\u00e9 d&rsquo;Orfeuil<br \/>\n<i>Extrait du registre des d\u00e9lib\u00e9rations du Conseil de la Ville de Reims, du 26 juin 1775, au Conseil, o\u00f9 pr\u00e9sidait M. Coquebert, Lieutenant, et o\u00f9 \u00e9taient Mrs. les Conseillers \u00c9chevins de la Ville<\/i><br \/>\n1775, Tome VIII, p. 236-37<br \/>\n(Journal encyclop\u00e9dique)<br \/>\n<a href=\"http:\/\/books.google.be\/books?id=vZEUAAAAQAAJ&amp;printsec=frontcover&amp;dq=editions:0qCv5MvfosIxTQW6d&amp;lr=&amp;as_brr=1&amp;hl=fr\" target=\"_blank\" rel=\"noopener\">Acc\u00e9der au volume<\/a> sur <b>GoogleBooks<\/b><\/p>\n<p style=\"text-align: justify;\"><b>750825<\/b><br \/>\nGustave III<br \/>\n<i>Discours du Roi de Su\u00e8de, prononc\u00e9 par S. M. en plein S\u00e9nat, lors de la d\u00e9lib\u00e9ration sur l&rsquo;\u00e9tablissement de la libert\u00e9 de la presse<\/i><br \/>\n1775, Tome VIII, p. 238-42<br \/>\n(Nouvelles \u00c9ph\u00e9m\u00e9rides \u00c9conomiques, etc.)<br \/>\n<a href=\"http:\/\/books.google.be\/books?id=vZEUAAAAQAAJ&amp;printsec=frontcover&amp;dq=editions:0qCv5MvfosIxTQW6d&amp;lr=&amp;as_brr=1&amp;hl=fr\" target=\"_blank\" rel=\"noopener\">Acc\u00e9der au volume<\/a> sur <b>GoogleBooks<\/b><\/p>\n<p><b>750826<\/b><br \/>\nDreux<br \/>\n<i>Mes premi\u00e8res amours, Conte<\/i><br \/>\n1775, Tome VIII, p. 243-45<br \/>\n<a href=\"http:\/\/books.google.be\/books?id=vZEUAAAAQAAJ&amp;printsec=frontcover&amp;dq=editions:0qCv5MvfosIxTQW6d&amp;lr=&amp;as_brr=1&amp;hl=fr\" target=\"_blank\" rel=\"noopener\">Acc\u00e9der au volume<\/a> sur <b>GoogleBooks<\/b><\/p>\n<p><b>750827<\/b><br \/>\nDreux<br \/>\n<i>Hymne \u00e0 V\u00e9nus<\/i><br \/>\n1775, Tome VIII, p. 245-46<br \/>\n<a href=\"http:\/\/books.google.be\/books?id=vZEUAAAAQAAJ&amp;printsec=frontcover&amp;dq=editions:0qCv5MvfosIxTQW6d&amp;lr=&amp;as_brr=1&amp;hl=fr\" target=\"_blank\" rel=\"noopener\">Acc\u00e9der au volume<\/a> sur <b>GoogleBooks<\/b><\/p>\n<p><b>750828<\/b><br \/>\nDreux<br \/>\n<i>Les attributs de l&rsquo;amour<\/i><br \/>\n1775, Tome VIII, p. 246-47<br \/>\n<a href=\"http:\/\/books.google.be\/books?id=vZEUAAAAQAAJ&amp;printsec=frontcover&amp;dq=editions:0qCv5MvfosIxTQW6d&amp;lr=&amp;as_brr=1&amp;hl=fr\" target=\"_blank\" rel=\"noopener\">Acc\u00e9der au volume<\/a> sur <b>GoogleBooks<\/b><\/p>\n<p><b>750829<\/b><br \/>\n<i>Le p\u00e9dant et le loup, Fable<\/i><br \/>\n1775, Tome VIII, p. 247-48<br \/>\n<a href=\"http:\/\/books.google.be\/books?id=vZEUAAAAQAAJ&amp;printsec=frontcover&amp;dq=editions:0qCv5MvfosIxTQW6d&amp;lr=&amp;as_brr=1&amp;hl=fr\" target=\"_blank\" rel=\"noopener\">Acc\u00e9der au volume<\/a> sur <b>GoogleBooks<\/b><\/p>\n<p><b>750830<\/b><br \/>\n<i>Madrigal, Imit\u00e9 de l&rsquo;Anthologie<\/i><br \/>\n1775, Tome VIII, p. 248<br \/>\n<a href=\"http:\/\/books.google.be\/books?id=vZEUAAAAQAAJ&amp;printsec=frontcover&amp;dq=editions:0qCv5MvfosIxTQW6d&amp;lr=&amp;as_brr=1&amp;hl=fr\" target=\"_blank\" rel=\"noopener\">Acc\u00e9der au volume<\/a> sur <b>GoogleBooks<\/b><\/p>\n<p><b>750831<\/b><br \/>\n<i>Vers, Faits par une Dame deux jours avant sa mort<\/i><br \/>\n1775, Tome VIII, p. 249<br \/>\n<a href=\"http:\/\/books.google.be\/books?id=vZEUAAAAQAAJ&amp;printsec=frontcover&amp;dq=editions:0qCv5MvfosIxTQW6d&amp;lr=&amp;as_brr=1&amp;hl=fr\" target=\"_blank\" rel=\"noopener\">Acc\u00e9der au volume<\/a> sur <b>GoogleBooks<\/b><\/p>\n<p><b>750832<\/b><br \/>\nEtienne Fumars<br \/>\n<i>L&rsquo;Anon, Fable<\/i><br \/>\n1775, Tome VIII, p. 250-51<br \/>\n<a href=\"http:\/\/books.google.be\/books?id=vZEUAAAAQAAJ&amp;printsec=frontcover&amp;dq=editions:0qCv5MvfosIxTQW6d&amp;lr=&amp;as_brr=1&amp;hl=fr\" target=\"_blank\" rel=\"noopener\">Acc\u00e9der au volume<\/a> sur <b>GoogleBooks<\/b><\/p>\n<p><b>750833<\/b><br \/>\nBernard de Bonnard<br \/>\n<i>\u00c9p\u00eetre \u00e0 M. Dorat <\/i><a href=\"http:\/\/www.gedhs.ulg.ac.be\/recherches\/espritdesjournaux\/articles\/edj750833.html\" target=\"_top\">[MODE TEXTE]<\/a><br \/>\n1775, Tome VIII, p. 251-53<br \/>\n<a href=\"http:\/\/books.google.be\/books?id=vZEUAAAAQAAJ&amp;printsec=frontcover&amp;dq=editions:0qCv5MvfosIxTQW6d&amp;lr=&amp;as_brr=1&amp;hl=fr\" target=\"_blank\" rel=\"noopener\">Acc\u00e9der au volume<\/a> sur <b>GoogleBooks<\/b><\/p>\n<p><b>750834<\/b><br \/>\nClaude-Joseph Dorat<br \/>\n<i>R\u00e9ponse \u00e0 M. de Bonnard <\/i><a href=\"http:\/\/www.gedhs.ulg.ac.be\/recherches\/espritdesjournaux\/articles\/edj750834.html\" target=\"_top\">[MODE TEXTE]<\/a><br \/>\n1775, Tome VIII, p. 253-54<br \/>\n<a href=\"http:\/\/books.google.be\/books?id=vZEUAAAAQAAJ&amp;printsec=frontcover&amp;dq=editions:0qCv5MvfosIxTQW6d&amp;lr=&amp;as_brr=1&amp;hl=fr\" target=\"_blank\" rel=\"noopener\">Acc\u00e9der au volume<\/a> sur <b>GoogleBooks<\/b><\/p>\n<p><b>750835<\/b><br \/>\nJean-Nicolas-Marcellin Gu\u00e9rineau de Saint-P\u00e9ravi<br \/>\n<i>Phil\u00e8ne et Laure, Pastorale<\/i><br \/>\n1775, Tome VIII, p. 254-56<br \/>\n<a href=\"http:\/\/books.google.be\/books?id=vZEUAAAAQAAJ&amp;printsec=frontcover&amp;dq=editions:0qCv5MvfosIxTQW6d&amp;lr=&amp;as_brr=1&amp;hl=fr\" target=\"_blank\" rel=\"noopener\">Acc\u00e9der au volume<\/a> sur <b>GoogleBooks<\/b><\/p>\n<p><b>750836<\/b><br \/>\nNicolas-Louis Fran\u00e7ois de Neufch\u00e2teau<br \/>\n<i>Les deux chevaux, Apologue<\/i><br \/>\n1775, Tome VIII, p. 257<br \/>\n<a href=\"http:\/\/books.google.be\/books?id=vZEUAAAAQAAJ&amp;printsec=frontcover&amp;dq=editions:0qCv5MvfosIxTQW6d&amp;lr=&amp;as_brr=1&amp;hl=fr\" target=\"_blank\" rel=\"noopener\">Acc\u00e9der au volume<\/a> sur <b>GoogleBooks<\/b><\/p>\n<p><b>750837<\/b><br \/>\nMarquise d&rsquo;Antremont [Henriette Bourdic-Viot]\n<i>Vers, \u00c0 M. de Beaupr\u00e9<\/i><br \/>\n1775, Tome VIII, p. 258-59<br \/>\n<a href=\"http:\/\/books.google.be\/books?id=vZEUAAAAQAAJ&amp;printsec=frontcover&amp;dq=editions:0qCv5MvfosIxTQW6d&amp;lr=&amp;as_brr=1&amp;hl=fr\" target=\"_blank\" rel=\"noopener\">Acc\u00e9der au volume<\/a> sur <b>GoogleBooks<\/b><\/p>\n<p><b>750838<\/b><br \/>\n<i>Po\u00e9sie morale<\/i><br \/>\n1775, Tome VIII, p. 259-61<br \/>\n<a href=\"http:\/\/books.google.be\/books?id=vZEUAAAAQAAJ&amp;printsec=frontcover&amp;dq=editions:0qCv5MvfosIxTQW6d&amp;lr=&amp;as_brr=1&amp;hl=fr\" target=\"_blank\" rel=\"noopener\">Acc\u00e9der au volume<\/a> sur <b>GoogleBooks<\/b><\/p>\n<p><b>750901<\/b><br \/>\n<i>Histoire et M\u00e9moires de l&rsquo;Acad\u00e9mie Royale des Inscriptions et Belles-Lettres. Tomes XXXVI et XXXVII<\/i><br \/>\n1775, Tome IX, p. 3-33<br \/>\n(Journal des Savants)<br \/>\n<a href=\"http:\/\/books.google.be\/books?id=7ZEUAAAAQAAJ&amp;printsec=frontcover&amp;dq=editions:0qCv5MvfosIxTQW6d&amp;lr=&amp;as_brr=1&amp;hl=fr\" target=\"_blank\" rel=\"noopener\">Acc\u00e9der au volume<\/a> sur <b>GoogleBooks<\/b><\/p>\n<p><b>750902<\/b><br \/>\nPierre-Jean Grosley<br \/>\n<i>Londres. Nouvelle \u00e9dition, revue, corrig\u00e9e, et consid\u00e9rablement augment\u00e9e<\/i><br \/>\n1775, Tome IX, p. 34-57<br \/>\n(Journal encyclop\u00e9dique; Journal des Savants)<br \/>\n<a href=\"http:\/\/books.google.be\/books?id=7ZEUAAAAQAAJ&amp;printsec=frontcover&amp;dq=editions:0qCv5MvfosIxTQW6d&amp;lr=&amp;as_brr=1&amp;hl=fr\" target=\"_blank\" rel=\"noopener\">Acc\u00e9der au volume<\/a> sur <b>GoogleBooks<\/b><\/p>\n<p><b>750903<\/b><br \/>\nCharles-Pierre Colardeau<br \/>\n<i>Les Hommes de Prom\u00e9th\u00e9e<\/i><br \/>\n1775, Tome IX, p. 58-69<br \/>\n(Journal encyclop\u00e9dique; Gazette universelle de Litt\u00e9rature; Journal de politique et de litt\u00e9rature)<br \/>\n<a href=\"http:\/\/books.google.be\/books?id=7ZEUAAAAQAAJ&amp;printsec=frontcover&amp;dq=editions:0qCv5MvfosIxTQW6d&amp;lr=&amp;as_brr=1&amp;hl=fr\" target=\"_blank\" rel=\"noopener\">Acc\u00e9der au volume<\/a> sur <b>GoogleBooks<\/b><\/p>\n<p><b>750904<\/b><br \/>\n<i>Dissertation sur l&rsquo;\u00e9tat et l&rsquo;usage de la Cavalerie, dans les temps les plus recul\u00e9s, d&rsquo;apr\u00e8s les r\u00e9cits d&rsquo;Hom\u00e8re<\/i><br \/>\n1775, Tome IX, p. 69-74<br \/>\n(Gazette universelle de Litt\u00e9rature)<br \/>\n<a href=\"http:\/\/books.google.be\/books?id=7ZEUAAAAQAAJ&amp;printsec=frontcover&amp;dq=editions:0qCv5MvfosIxTQW6d&amp;lr=&amp;as_brr=1&amp;hl=fr\" target=\"_blank\" rel=\"noopener\">Acc\u00e9der au volume<\/a> sur <b>GoogleBooks<\/b><\/p>\n<p><b>750905<\/b><br \/>\nGabriel Fran\u00e7ois Coyer<br \/>\n<i>Voyages d&rsquo;Italie et de Hollande<\/i> [<a href=\"http:\/\/www.gedhs.ulg.ac.be\/recherches\/espritdesjournaux\/pdf\/750905.pdf\" target=\"_blank\" rel=\"noopener\">MODE IMAGE<\/a>]\n1775, Tome IX, p. 74-100<br \/>\n(Ann\u00e9e litt\u00e9raire; Journal encyclop\u00e9dique; Mercure de France; petites Affiches; Nouvelles litt\u00e9raires; The Monthly Review)<br \/>\n<a href=\"http:\/\/books.google.be\/books?id=7ZEUAAAAQAAJ&amp;printsec=frontcover&amp;dq=editions:0qCv5MvfosIxTQW6d&amp;lr=&amp;as_brr=1&amp;hl=fr\" target=\"_blank\" rel=\"noopener\">Acc\u00e9der au volume<\/a> sur <b>GoogleBooks<\/b><\/p>\n<p style=\"text-align: justify;\"><b>750906<\/b><br \/>\nAntoine de Laur\u00e8s<br \/>\n<i>Ode sur le r\u00e9tablissement du Parlement, qui a remport\u00e9 le prix extraordinaire propos\u00e9 par l&rsquo;Acad\u00e9mie des Jeux Floraux, \u00e0 Toulouse<\/i><br \/>\n1775, Tome IX, p. 101-05<br \/>\n(Journal des Dames)<br \/>\n<a href=\"http:\/\/books.google.be\/books?id=7ZEUAAAAQAAJ&amp;printsec=frontcover&amp;dq=editions:0qCv5MvfosIxTQW6d&amp;lr=&amp;as_brr=1&amp;hl=fr\" target=\"_blank\" rel=\"noopener\">Acc\u00e9der au volume<\/a> sur <b>GoogleBooks<\/b><\/p>\n<p><b>750907<\/b><br \/>\nMadame de Fourqueux et Claude-Henri de Fus\u00e9e de Voisenon<br \/>\n<i>Z\u00e9ly ou la Difficult\u00e9 d&rsquo;\u00eatre heureux. Roman Indien suivi de Zima et des Amours de Victorine et de Philog\u00e8ne<\/i><br \/>\n1775, Tome IX, p. 105-18<br \/>\n(Mercure de France; Journal encyclop\u00e9dique; Ann\u00e9e litt\u00e9raire)<br \/>\n<a href=\"http:\/\/books.google.be\/books?id=7ZEUAAAAQAAJ&amp;printsec=frontcover&amp;dq=editions:0qCv5MvfosIxTQW6d&amp;lr=&amp;as_brr=1&amp;hl=fr\" target=\"_blank\" rel=\"noopener\">Acc\u00e9der au volume<\/a> sur <b>GoogleBooks<\/b><\/p>\n<p style=\"text-align: justify;\"><b>750908<\/b><br \/>\nBarth\u00e9l\u00e9my Mercier de Saint-L\u00e9gerr<br \/>\n<i>Suppl\u00e9ment \u00e0 l&rsquo;Histoire de l&rsquo;Imprimerie de Prosper Marchand, ou Additions et Corrections pour cet ouvrage : \u00e9dition revue et augment\u00e9e; avec un M\u00e9moire sur l&rsquo;\u00e9poque certaine du commencement de l&rsquo;ann\u00e9e \u00e0 Mayence, durant le quinzi\u00e8me si\u00e8cle<\/i><br \/>\n1775, Tome IX, p. 119-25<br \/>\n(Ann\u00e9e litt\u00e9raire; Journal de politique et de litt\u00e9rature)<br \/>\n<a href=\"http:\/\/books.google.be\/books?id=7ZEUAAAAQAAJ&amp;printsec=frontcover&amp;dq=editions:0qCv5MvfosIxTQW6d&amp;lr=&amp;as_brr=1&amp;hl=fr\" target=\"_blank\" rel=\"noopener\">Acc\u00e9der au volume<\/a> sur <b>GoogleBooks<\/b><\/p>\n<p><b>750909<\/b><br \/>\nGiovanni Battista Verci<br \/>\n<i>M\u00e9moires sur la vie et les ouvrages des Peintres, Sculpteurs et Graveurs de la ville de Bassano<br \/>\n<\/i>1775, Tome IX, p. 126-29<br \/>\n(Giornale Encyclop\u00e9dico)<br \/>\n<a href=\"http:\/\/books.google.be\/books?id=7ZEUAAAAQAAJ&amp;printsec=frontcover&amp;dq=editions:0qCv5MvfosIxTQW6d&amp;lr=&amp;as_brr=1&amp;hl=fr\" target=\"_blank\" rel=\"noopener\">Acc\u00e9der au volume<\/a> sur <b>GoogleBooks<\/b><\/p>\n<p><b>750910<\/b><br \/>\nJean Marie Bernard Cl\u00e9ment<br \/>\n<i>Mon dernier mot; satire<\/i><br \/>\n1775, Tome IX, p. 130-40<br \/>\n(Ann\u00e9e litt\u00e9raire; Journal de politique et de litt\u00e9rature; Journal des Dames; Mercure de France)<br \/>\n<a href=\"http:\/\/books.google.be\/books?id=7ZEUAAAAQAAJ&amp;printsec=frontcover&amp;dq=editions:0qCv5MvfosIxTQW6d&amp;lr=&amp;as_brr=1&amp;hl=fr\" target=\"_blank\" rel=\"noopener\">Acc\u00e9der au volume<\/a> sur <b>GoogleBooks<\/b><\/p>\n<p><b>750911<\/b><br \/>\n<i>Projet d&rsquo;un r\u00e8glement pour une Soci\u00e9t\u00e9 g\u00e9n\u00e9rale, destin\u00e9e \u00e0 l&rsquo;entretien des veuves et des orphelins<\/i><br \/>\n1775, Tome IX, p. 141-44<br \/>\n(Gazette Universelle de Litt\u00e9rature)<br \/>\n<a href=\"http:\/\/books.google.be\/books?id=7ZEUAAAAQAAJ&amp;printsec=frontcover&amp;dq=editions:0qCv5MvfosIxTQW6d&amp;lr=&amp;as_brr=1&amp;hl=fr\" target=\"_blank\" rel=\"noopener\">Acc\u00e9der au volume<\/a> sur <b>GoogleBooks<\/b><\/p>\n<p><b>750912<\/b><br \/>\nPhilippe \u00c9tienne Lafosse<br \/>\n<i>Dictionnaire raisonn\u00e9 d&rsquo;Hippiatrique, Cavalerie, Man\u00e8ge et Mar\u00e9challerie<\/i><br \/>\n1775, Tome IX, p. 144-53<br \/>\n(Journal encyclop\u00e9dique (6526); Gazette Universelle de Litt\u00e9rature)<br \/>\n<a href=\"http:\/\/books.google.be\/books?id=7ZEUAAAAQAAJ&amp;printsec=frontcover&amp;dq=editions:0qCv5MvfosIxTQW6d&amp;lr=&amp;as_brr=1&amp;hl=fr\" target=\"_blank\" rel=\"noopener\">Acc\u00e9der au volume<\/a> sur <b>GoogleBooks<\/b><\/p>\n<p style=\"text-align: justify;\"><b>750913<\/b><br \/>\nGabriel Fran\u00e7ois Venel<br \/>\n<i>Instructions sur l&rsquo;usage de la houille, plus connu sous le nom impropre de charbon-de-terre, pour faire du feu; sur la mani\u00e8re de l&rsquo;adapter \u00e0 toutes sortes de feux; et sur les avantages tant publics que priv\u00e9s, qui r\u00e9sulteront de cet usage<\/i><br \/>\n1775, Tome IX, p. 154-58<br \/>\n(Mercure de France)<br \/>\n<a href=\"http:\/\/books.google.be\/books?id=7ZEUAAAAQAAJ&amp;printsec=frontcover&amp;dq=editions:0qCv5MvfosIxTQW6d&amp;lr=&amp;as_brr=1&amp;hl=fr\" target=\"_blank\" rel=\"noopener\">Acc\u00e9der au volume<\/a> sur <b>GoogleBooks<\/b><\/p>\n<p style=\"text-align: justify;\"><b>750914<\/b><br \/>\nNathaniel William Wraxall<br \/>\n<i>Remarques faites dans un voyage aux pays septentrionaux de l&rsquo;Europe, particuli\u00e8rement Copenhague, Stockolm et P\u00e9tersbourg<\/i> [<a href=\"http:\/\/www.gedhs.ulg.ac.be\/recherches\/espritdesjournaux\/pdf\/750914.pdf\" target=\"_blank\" rel=\"noopener\">MODE IMAGE<\/a>]\n1775, Tome IX, p. 159-71<br \/>\n(Monthly Review; Critical Review)<br \/>\n<a href=\"http:\/\/books.google.be\/books?id=7ZEUAAAAQAAJ&amp;printsec=frontcover&amp;dq=editions:0qCv5MvfosIxTQW6d&amp;lr=&amp;as_brr=1&amp;hl=fr\" target=\"_blank\" rel=\"noopener\">Acc\u00e9der au volume<\/a> sur <b>GoogleBooks<\/b><\/p>\n<p><b>750915<\/b><br \/>\nJacques-Vincent Delacroix<br \/>\n<i>R\u00e9flexions sur les m\u00e9moires<\/i><br \/>\n1775, Tome IX, p. 171-78<br \/>\n(Journal des dames; Mercure de France)<br \/>\n<a href=\"http:\/\/books.google.be\/books?id=7ZEUAAAAQAAJ&amp;printsec=frontcover&amp;dq=editions:0qCv5MvfosIxTQW6d&amp;lr=&amp;as_brr=1&amp;hl=fr\" target=\"_blank\" rel=\"noopener\">Acc\u00e9der au volume<\/a> sur <b>GoogleBooks<\/b><\/p>\n<p style=\"text-align: justify;\"><b>750916<\/b><br \/>\nWilliam Donaldson<br \/>\n<i>L&rsquo;agriculture consid\u00e9r\u00e9e comme un devoir moral et politique, dans une suite de lettres adress\u00e9es \u00e0 Sa Majest\u00e9, et recommand\u00e9es \u00e0 la lecture et \u00e0 l&rsquo;attention de tous les Gentilshommes qui ont des terres dans l&rsquo;\u00e9tendue des trois Royaumes. Ouvrage qui a pour but l&rsquo;amusement, l&rsquo;instruction et l&rsquo;avantage de l&rsquo;humanit\u00e9<\/i><br \/>\n1775, Tome IX, p. 178-83<br \/>\n(Monthly Review; Gazette Universelle de Litt\u00e9rature)<br \/>\n<a href=\"http:\/\/books.google.be\/books?id=7ZEUAAAAQAAJ&amp;printsec=frontcover&amp;dq=editions:0qCv5MvfosIxTQW6d&amp;lr=&amp;as_brr=1&amp;hl=fr\" target=\"_blank\" rel=\"noopener\">Acc\u00e9der au volume<\/a> sur <b>GoogleBooks<\/b><\/p>\n<p style=\"text-align: justify;\"><b>750917<\/b><br \/>\n<i>Causes c\u00e9l\u00e8bres, curieuses et int\u00e9ressantes de toutes les Cours Souveraines du Royaume, avec les jugements qui les ont d\u00e9cid\u00e9es<\/i><br \/>\n1775, Tome IX, p. 184-206<br \/>\n<a href=\"http:\/\/books.google.be\/books?id=7ZEUAAAAQAAJ&amp;printsec=frontcover&amp;dq=editions:0qCv5MvfosIxTQW6d&amp;lr=&amp;as_brr=1&amp;hl=fr\" target=\"_blank\" rel=\"noopener\">Acc\u00e9der au volume<\/a> sur <b>GoogleBooks<\/b><\/p>\n<p><b>750918<\/b><br \/>\nAbb\u00e9 de Baville<br \/>\n<i>Dialogue entre S\u00e9miramis et Art\u00e9mise<\/i><b><i> <\/i><a href=\"http:\/\/www.gedhs.ulg.ac.be\/recherches\/dialogues\/edj750918.html\" target=\"_top\">[MODE TEXTE]<\/a><\/b><br \/>\n1775, Tome IX, p. 207-15<br \/>\n<a href=\"http:\/\/books.google.be\/books?id=7ZEUAAAAQAAJ&amp;printsec=frontcover&amp;dq=editions:0qCv5MvfosIxTQW6d&amp;lr=&amp;as_brr=1&amp;hl=fr\" target=\"_blank\" rel=\"noopener\">Acc\u00e9der au volume<\/a> sur <b>GoogleBooks<\/b><\/p>\n<p style=\"text-align: justify;\"><b>750919<\/b><br \/>\n<i>Renouvellement de l&rsquo;Ordonnance et \u00c9dit du Roi, concernant la libert\u00e9 d&rsquo;\u00e9crire et d&rsquo;imprimer, donn\u00e9 \u00e0 Stockolm le 26 avril 1774<\/i><br \/>\n1775, Tome IX, p. 215-28<br \/>\n(Nouvelles \u00c9ph\u00e9m\u00e9rides)<br \/>\n<a href=\"http:\/\/books.google.be\/books?id=7ZEUAAAAQAAJ&amp;printsec=frontcover&amp;dq=editions:0qCv5MvfosIxTQW6d&amp;lr=&amp;as_brr=1&amp;hl=fr\" target=\"_blank\" rel=\"noopener\">Acc\u00e9der au volume<\/a> sur <b>GoogleBooks<\/b><\/p>\n<p><b>750920<\/b><br \/>\n<i>Discours tir\u00e9 du Spectateur fran\u00e7ais<\/i><br \/>\n1775, Tome IX, p. 229-32<br \/>\n(Spectateur fran\u00e7ais)<br \/>\n<a href=\"http:\/\/books.google.be\/books?id=7ZEUAAAAQAAJ&amp;printsec=frontcover&amp;dq=editions:0qCv5MvfosIxTQW6d&amp;lr=&amp;as_brr=1&amp;hl=fr\" target=\"_blank\" rel=\"noopener\">Acc\u00e9der au volume<\/a> sur <b>GoogleBooks<\/b><\/p>\n<p><b>750921<\/b><br \/>\nMardoch\u00e9 Venture<br \/>\n<i>Action de gr\u00e2ces \u00e0 l&rsquo;occasion du Sacre de Louis XVI, le 22 juin 1775<\/i><br \/>\n1775, Tome IX, p. 232-36<br \/>\n<a href=\"http:\/\/books.google.be\/books?id=7ZEUAAAAQAAJ&amp;printsec=frontcover&amp;dq=editions:0qCv5MvfosIxTQW6d&amp;lr=&amp;as_brr=1&amp;hl=fr\" target=\"_blank\" rel=\"noopener\">Acc\u00e9der au volume<\/a> sur <b>GoogleBooks<\/b><\/p>\n<p><b>750922<\/b><br \/>\n<i>Hommage singulier<\/i><br \/>\n1775, Tome IX, p. 236-38<br \/>\n(La nature consid\u00e9r\u00e9e, etc.)<br \/>\n<a href=\"http:\/\/books.google.be\/books?id=7ZEUAAAAQAAJ&amp;printsec=frontcover&amp;dq=editions:0qCv5MvfosIxTQW6d&amp;lr=&amp;as_brr=1&amp;hl=fr\" target=\"_blank\" rel=\"noopener\">Acc\u00e9der au volume<\/a> sur <b>GoogleBooks<\/b><\/p>\n<p><b>750923<\/b><br \/>\n<i>L&rsquo;\u00e9colier et le jardin, fable<\/i><br \/>\n1775, Tome IX, p. 238-40<br \/>\n(Journal des Dames)<br \/>\n<a href=\"http:\/\/books.google.be\/books?id=7ZEUAAAAQAAJ&amp;printsec=frontcover&amp;dq=editions:0qCv5MvfosIxTQW6d&amp;lr=&amp;as_brr=1&amp;hl=fr\" target=\"_blank\" rel=\"noopener\">Acc\u00e9der au volume<\/a> sur <b>GoogleBooks<\/b><\/p>\n<p><b>750924<\/b><br \/>\n<i>\u00c9loge du Cheval de Caligula<\/i><br \/>\n1775, Tome IX, p. 241-46<br \/>\n(Journal de politique et de litt\u00e9rature)<br \/>\n<a href=\"http:\/\/books.google.be\/books?id=7ZEUAAAAQAAJ&amp;printsec=frontcover&amp;dq=editions:0qCv5MvfosIxTQW6d&amp;lr=&amp;as_brr=1&amp;hl=fr\" target=\"_blank\" rel=\"noopener\">Acc\u00e9der au volume<\/a> sur <b>GoogleBooks<\/b><\/p>\n<p><b>750925<\/b><br \/>\nAntoine de Laur\u00e8s<br \/>\n<i>Le Triomphe des femmes<\/i>. Po\u00e8me<br \/>\n1775, Tome IX, p. 247-49<br \/>\n<a href=\"http:\/\/books.google.be\/books?id=7ZEUAAAAQAAJ&amp;printsec=frontcover&amp;dq=editions:0qCv5MvfosIxTQW6d&amp;lr=&amp;as_brr=1&amp;hl=fr\" target=\"_blank\" rel=\"noopener\">Acc\u00e9der au volume<\/a> sur <b>GoogleBooks<\/b><\/p>\n<p><b>750926<\/b><br \/>\nSylvain Mar\u00e9chal<br \/>\n<i>Ode anacr\u00e9ontique. Quinz<\/i><a href=\"http:\/\/books.google.be\/books?id=7ZEUAAAAQAAJ&amp;printsec=frontcover&amp;dq=editions:0qCv5MvfosIxTQW6d&amp;lr=&amp;as_brr=1&amp;hl=fr\" target=\"_blank\" rel=\"noopener\">Acc\u00e9der au volume<\/a> sur <b>GoogleBooks<\/b><br \/>\n<i>e ans<\/i><br \/>\n1775, Tome IX, p. 250<\/p>\n<p><b>750927<\/b><br \/>\nJean-Fran\u00e7ois Ducis<br \/>\n<i>Vers. Sur une esquisse de la Reine, faite en quinze minutes<\/i><br \/>\n1775, Tome IX, p. 251<br \/>\n<a href=\"http:\/\/books.google.be\/books?id=7ZEUAAAAQAAJ&amp;printsec=frontcover&amp;dq=editions:0qCv5MvfosIxTQW6d&amp;lr=&amp;as_brr=1&amp;hl=fr\" target=\"_blank\" rel=\"noopener\">Acc\u00e9der au volume<\/a> sur <b>GoogleBooks<\/b><\/p>\n<p><b>750928<\/b><br \/>\nJean-Fran\u00e7ois de la Harpe<br \/>\n<i>Vers pour le Portrait de M. Turgot, Contr\u00f4leur-G\u00e9n\u00e9ral des Finances<\/i><br \/>\n1775, Tome IX, p. 251<br \/>\n<a href=\"http:\/\/books.google.be\/books?id=7ZEUAAAAQAAJ&amp;printsec=frontcover&amp;dq=editions:0qCv5MvfosIxTQW6d&amp;lr=&amp;as_brr=1&amp;hl=fr\" target=\"_blank\" rel=\"noopener\">Acc\u00e9der au volume<\/a> sur <b>GoogleBooks<\/b><\/p>\n<p><b>750929<\/b><br \/>\nM. D***<br \/>\n<i>\u00c9l\u00e9gie<\/i><br \/>\n1775, Tome IX, p. 252-54<br \/>\n<a href=\"http:\/\/books.google.be\/books?id=7ZEUAAAAQAAJ&amp;printsec=frontcover&amp;dq=editions:0qCv5MvfosIxTQW6d&amp;lr=&amp;as_brr=1&amp;hl=fr\" target=\"_blank\" rel=\"noopener\">Acc\u00e9der au volume<\/a> sur <b>GoogleBooks<\/b><\/p>\n<p><b>750930<\/b>[Antoine-Gaspard Boucher d&rsquo;Argis]\n<i>Les bienfaits du soleil. Idylle<\/i><br \/>\n1775, Tome IX, p. 254-55<br \/>\n<a href=\"http:\/\/books.google.be\/books?id=7ZEUAAAAQAAJ&amp;printsec=frontcover&amp;dq=editions:0qCv5MvfosIxTQW6d&amp;lr=&amp;as_brr=1&amp;hl=fr\" target=\"_blank\" rel=\"noopener\">Acc\u00e9der au volume<\/a> sur <b>GoogleBooks<\/b><\/p>\n<p><b>750931<\/b>[Antoine-Gaspard Boucher d&rsquo;Argis]\n<i>Madrigal<\/i><br \/>\n1775, Tome IX, p. 255<br \/>\n<a href=\"http:\/\/books.google.be\/books?id=7ZEUAAAAQAAJ&amp;printsec=frontcover&amp;dq=editions:0qCv5MvfosIxTQW6d&amp;lr=&amp;as_brr=1&amp;hl=fr\" target=\"_blank\" rel=\"noopener\">Acc\u00e9der au volume<\/a> sur <b>GoogleBooks<\/b><\/p>\n<p><b>750932<\/b><br \/>\nHoullier de Saint Remy<br \/>\n<i>L&rsquo;aigle et l&rsquo;assembl\u00e9e des oiseaux. Fable imit\u00e9e de l&rsquo;anglais<\/i><br \/>\n1775, Tome IX, p. 256-58<br \/>\n<a href=\"http:\/\/books.google.be\/books?id=7ZEUAAAAQAAJ&amp;printsec=frontcover&amp;dq=editions:0qCv5MvfosIxTQW6d&amp;lr=&amp;as_brr=1&amp;hl=fr\" target=\"_blank\" rel=\"noopener\">Acc\u00e9der au volume<\/a> sur <b>GoogleBooks<\/b><\/p>\n<p style=\"text-align: justify;\"><b>750933<\/b><br \/>\nVoltaire<br \/>\n<i>Vers de M. de Voltaire \u00e0 M. le Chevalier de Chastellux, qui lui avait envoy\u00e9 son Discours de r\u00e9ception \u00e0 l&rsquo;Acad\u00e9mie Fran\u00e7aise<\/i><br \/>\n1775, Tome IX, p. 258<br \/>\n<a href=\"http:\/\/books.google.be\/books?id=7ZEUAAAAQAAJ&amp;printsec=frontcover&amp;dq=editions:0qCv5MvfosIxTQW6d&amp;lr=&amp;as_brr=1&amp;hl=fr\" target=\"_blank\" rel=\"noopener\">Acc\u00e9der au volume<\/a> sur <b>GoogleBooks<\/b><\/p>\n<p><b>750934<\/b>[Antoine-Gaspard Boucher d&rsquo;Argis]\n<i>\u00c9p\u00eetre. \u00c0 Mademoiselle D&rsquo;H\u2026 de B\u2026 qui avait procur\u00e9 le cong\u00e9 de l&rsquo;Auteur<\/i><br \/>\n1775, Tome IX, p. 259-64<br \/>\n<a href=\"http:\/\/books.google.be\/books?id=7ZEUAAAAQAAJ&amp;printsec=frontcover&amp;dq=editions:0qCv5MvfosIxTQW6d&amp;lr=&amp;as_brr=1&amp;hl=fr\" target=\"_blank\" rel=\"noopener\">Acc\u00e9der au volume<\/a> sur <b>GoogleBooks<\/b><\/p>\n<p><b>750935<\/b><br \/>\nM. le Comte de Saint-Aldegonde<br \/>\n<i>Vers \u00e0 Madame la Comtesse de B***<\/i><br \/>\n1775, Tome IX, p. 264<br \/>\n<a href=\"http:\/\/books.google.be\/books?id=7ZEUAAAAQAAJ&amp;printsec=frontcover&amp;dq=editions:0qCv5MvfosIxTQW6d&amp;lr=&amp;as_brr=1&amp;hl=fr\" target=\"_blank\" rel=\"noopener\">Acc\u00e9der au volume<\/a> sur <b>GoogleBooks<\/b><\/p>\n<p><b>751001<\/b><br \/>\n<i>Ammien Marcellin, ou les dix-huit Livres de son histoire qui nous sont rest\u00e9s<\/i><br \/>\n1775, Tome X, p. 3-16<br \/>\n(Journal Litt\u00e9raire de Berlin; Journal encyclop\u00e9dique; Gazette Universelle de Litt\u00e9rature)<br \/>\n<a href=\"http:\/\/books.google.be\/books?id=apkUAAAAQAAJ&amp;printsec=titlepage&amp;dq=intitle:l%27esprit+date:1774-1775&amp;lr=&amp;as_brr=1&amp;hl=fr&amp;source=gbs_summary_r&amp;cad=0\" target=\"_blank\" rel=\"noopener\">Acc\u00e9der au volume<\/a> sur <b>GoogleBooks<\/b><\/p>\n<p><b>751002<\/b><br \/>\n<i>Le Sacre de Numa, ou \u00c9g\u00e9rie, Histoire trouv\u00e9e dans les ruines d&rsquo;Herculanum<\/i><br \/>\n1775, Tome X, p. 16-23<br \/>\n(Ann\u00e9e litt\u00e9raire; Journal encyclop\u00e9dique; Journal des dames; Gazette universelle de litt\u00e9rature)<br \/>\n<a href=\"http:\/\/books.google.be\/books?id=apkUAAAAQAAJ&amp;printsec=titlepage&amp;dq=intitle:l%27esprit+date:1774-1775&amp;lr=&amp;as_brr=1&amp;hl=fr&amp;source=gbs_summary_r&amp;cad=0\" target=\"_blank\" rel=\"noopener\">Acc\u00e9der au volume<\/a> sur <b>GoogleBooks<\/b><\/p>\n<p><b>751003<\/b><br \/>\n<i>Le N\u00e9crologe des hommes c\u00e9l\u00e8bres de France, par une Soci\u00e9t\u00e9 de Gens de Lettres<\/i><br \/>\n1775, Tome X, p. 24-31<br \/>\n(Gazette universelle de litt\u00e9rature)<br \/>\n<a href=\"http:\/\/books.google.be\/books?id=apkUAAAAQAAJ&amp;printsec=titlepage&amp;dq=intitle:l%27esprit+date:1774-1775&amp;lr=&amp;as_brr=1&amp;hl=fr&amp;source=gbs_summary_r&amp;cad=0\" target=\"_blank\" rel=\"noopener\">Acc\u00e9der au volume<\/a> sur <b>GoogleBooks<\/b><\/p>\n<p><b>751004<\/b><br \/>\nFilippo-Maria Renazzi<br \/>\n<i>\u00c9l\u00e9ments du droit criminel<\/i><br \/>\n1775, Tome X, p. 31-39<br \/>\n(Nouvelles litt\u00e9raires de Florence (Novelle Litterarie))<br \/>\n<a href=\"http:\/\/books.google.be\/books?id=apkUAAAAQAAJ&amp;printsec=titlepage&amp;dq=intitle:l%27esprit+date:1774-1775&amp;lr=&amp;as_brr=1&amp;hl=fr&amp;source=gbs_summary_r&amp;cad=0\" target=\"_blank\" rel=\"noopener\">Acc\u00e9der au volume<\/a> sur <b>GoogleBooks<\/b><\/p>\n<p><b>751005<\/b><br \/>\n\u00c9lie Fr\u00e9ron<br \/>\n<i>Les tableaux de la nature<\/i><br \/>\n1775, Tome X, p. 39-44<br \/>\n(Journal encyclop\u00e9dique; Ann\u00e9e litt\u00e9raire)<br \/>\n<a href=\"http:\/\/books.google.be\/books?id=apkUAAAAQAAJ&amp;printsec=titlepage&amp;dq=intitle:l%27esprit+date:1774-1775&amp;lr=&amp;as_brr=1&amp;hl=fr&amp;source=gbs_summary_r&amp;cad=0\" target=\"_blank\" rel=\"noopener\">Acc\u00e9der au volume<\/a> sur <b>GoogleBooks<\/b><\/p>\n<p style=\"text-align: justify;\"><b>751006<\/b><br \/>\n<i>Disquisitions politiques, ou Recherches sur les erreurs, les d\u00e9fauts et les abus publics; par l&rsquo;Auteur du Trait\u00e9 sur la dignit\u00e9 de la nature humaine<\/i><br \/>\n1775, Tome X, p. 45-53<br \/>\n(Monthly Review)<\/p>\n<p style=\"text-align: justify;\"><b>751007<\/b><br \/>\n<i>Consultation de la Facult\u00e9 de m\u00e9decine de Paris, en faveur des enfants-trouv\u00e9s de l&rsquo;h\u00f4pital d&rsquo;Aix-en-Provence<\/i><br \/>\n1775, Tome X, p. 53-65<br \/>\n(Journal de m\u00e9decine)<br \/>\n<a href=\"http:\/\/books.google.be\/books?id=apkUAAAAQAAJ&amp;printsec=titlepage&amp;dq=intitle:l%27esprit+date:1774-1775&amp;lr=&amp;as_brr=1&amp;hl=fr&amp;source=gbs_summary_r&amp;cad=0\" target=\"_blank\" rel=\"noopener\">Acc\u00e9der au volume<\/a> sur <b>GoogleBooks<\/b><\/p>\n<p style=\"text-align: justify;\"><b>751008<\/b><br \/>\nDon Fran\u00e7ois de Quevedo<br \/>\n<i>\u0152uvres choisies, traduction de l&rsquo;espagnol, contenant le Fin-Matois, ou Histoire du grand Tacamo, les Lettres du Chevalier de l&rsquo;\u00c9pargne, et la Lettre sur les qualit\u00e9s du mariage<\/i><br \/>\n1775, Tome X, p. 66-78<br \/>\n(Journal encyclop\u00e9dique; L&rsquo;Ann\u00e9e litt\u00e9raire)<br \/>\n<a href=\"http:\/\/books.google.be\/books?id=apkUAAAAQAAJ&amp;printsec=titlepage&amp;dq=intitle:l%27esprit+date:1774-1775&amp;lr=&amp;as_brr=1&amp;hl=fr&amp;source=gbs_summary_r&amp;cad=0\" target=\"_blank\" rel=\"noopener\">Acc\u00e9der au volume<\/a> sur <b>GoogleBooks<\/b><\/p>\n<p><b>751009<\/b><br \/>\n<i>Essai sur le lieu o\u00f9 l&rsquo;on doit enterrer les morts<\/i><br \/>\n1775, Tome X, p. 79-81<br \/>\n(Giornale Encyclopedico; Novelle Litterarie)<br \/>\n<a href=\"http:\/\/books.google.be\/books?id=apkUAAAAQAAJ&amp;printsec=titlepage&amp;dq=intitle:l%27esprit+date:1774-1775&amp;lr=&amp;as_brr=1&amp;hl=fr&amp;source=gbs_summary_r&amp;cad=0\" target=\"_blank\" rel=\"noopener\">Acc\u00e9der au volume<\/a> sur <b>GoogleBooks<\/b><\/p>\n<p style=\"text-align: justify;\"><b>751010<\/b><br \/>\nGeorg Christian F\u00fcchsel<br \/>\n<i>Essai d&rsquo;une histoire la plus ancienne de la terre et de l&rsquo;homme\u00a0: avec des recherches sur l&rsquo;origine du langage <\/i><a href=\"http:\/\/www.gedhs.ulg.ac.be\/recherches\/espritdesjournaux\/articles\/edj751010.html\" target=\"_top\">[MODE TEXTE]<\/a><br \/>\n1775, Tome X, p. 82-88<br \/>\n(Gazette universelle de Litt\u00e9rature)<br \/>\n<a href=\"http:\/\/books.google.be\/books?id=apkUAAAAQAAJ&amp;printsec=titlepage&amp;dq=intitle:l%27esprit+date:1774-1775&amp;lr=&amp;as_brr=1&amp;hl=fr&amp;source=gbs_summary_r&amp;cad=0\" target=\"_blank\" rel=\"noopener\">Acc\u00e9der au volume<\/a> sur <b>GoogleBooks<\/b><\/p>\n<p style=\"text-align: justify;\"><b>751011<\/b><br \/>\nLouis-Valentin Goezmann de Thurn<br \/>\n<i>Essais historiques sur le sacre et couronnement des rois de France, les minorit\u00e9s et les r\u00e9gences; pr\u00e9c\u00e9d\u00e9s d&rsquo;un discours sur la succession \u00e0 la couronne<\/i><br \/>\n1775, Tome X, p. 89-104<br \/>\n(Journal encyclop\u00e9dique; Mercure de France; Ann\u00e9e litt\u00e9raire)<br \/>\n<a href=\"http:\/\/books.google.be\/books?id=apkUAAAAQAAJ&amp;printsec=titlepage&amp;dq=intitle:l%27esprit+date:1774-1775&amp;lr=&amp;as_brr=1&amp;hl=fr&amp;source=gbs_summary_r&amp;cad=0\" target=\"_blank\" rel=\"noopener\">Acc\u00e9der au volume<\/a> sur <b>GoogleBooks<\/b><\/p>\n<p><b>751012<\/b><br \/>\nLouis Carrogis Carmontelle<br \/>\n<i>Th\u00e9\u00e2tre de Campagne, par l&rsquo;Auteur des Proverbes dramatiques<\/i><br \/>\n1775, Tome X, p. 105-21<br \/>\n(Ann\u00e9e litt\u00e9raire; Mercure de France; Gazette universelle de Litt\u00e9rature; Annonces de Paris)<br \/>\n<a href=\"http:\/\/books.google.be\/books?id=apkUAAAAQAAJ&amp;printsec=titlepage&amp;dq=intitle:l%27esprit+date:1774-1775&amp;lr=&amp;as_brr=1&amp;hl=fr&amp;source=gbs_summary_r&amp;cad=0\" target=\"_blank\" rel=\"noopener\">Acc\u00e9der au volume<\/a> sur <b>GoogleBooks<\/b><\/p>\n<p style=\"text-align: justify;\"><b>751013<\/b><br \/>\nHenri Harrington<br \/>\n<i>Fac\u00e9ties antiques, ou Recueils des papiers originaux, \u00e9crits en vers et en prose pendant les r\u00e8gnes de Henri VIII, des Reines, Marie et Elisabeth, du Roi Jacques, etc. choisis dans divers d\u00e9p\u00f4ts<\/i><br \/>\n1775, Tome X, p. 122-25<br \/>\n(Gazette universelle de Litt\u00e9rature)<br \/>\n<a href=\"http:\/\/books.google.be\/books?id=apkUAAAAQAAJ&amp;printsec=titlepage&amp;dq=intitle:l%27esprit+date:1774-1775&amp;lr=&amp;as_brr=1&amp;hl=fr&amp;source=gbs_summary_r&amp;cad=0\" target=\"_blank\" rel=\"noopener\">Acc\u00e9der au volume<\/a> sur <b>GoogleBooks<\/b><\/p>\n<p style=\"text-align: justify;\"><b>751014<\/b><br \/>\n<i>Transactions philosophiques, o\u00f9 il est rendu compte des travaux et des d\u00e9couvertes des savants de plusieurs parties du monde<\/i><br \/>\n1775, Tome X, p. 125-32<br \/>\n(Critical Review)<br \/>\n<a href=\"http:\/\/books.google.be\/books?id=apkUAAAAQAAJ&amp;printsec=titlepage&amp;dq=intitle:l%27esprit+date:1774-1775&amp;lr=&amp;as_brr=1&amp;hl=fr&amp;source=gbs_summary_r&amp;cad=0\" target=\"_blank\" rel=\"noopener\">Acc\u00e9der au volume<\/a> sur <b>GoogleBooks<\/b><\/p>\n<p style=\"text-align: justify;\"><b>751015<\/b><br \/>\n<i>Essai d&rsquo;un projet pour extirper enti\u00e8rement de l&rsquo;Allemagne les bandes de Vagabonds qui y roulent, de fa\u00e7on qu&rsquo;on n&rsquo;en revoie jamais\u00a0: avec un moyen infaillible de rendre inutile l&rsquo;\u00e9vasion des malfaiteurs<\/i><br \/>\n1775, Tome X, p. 132-35<br \/>\n(Gazette universelle de Litt\u00e9rature)<br \/>\n<a href=\"http:\/\/books.google.be\/books?id=apkUAAAAQAAJ&amp;printsec=titlepage&amp;dq=intitle:l%27esprit+date:1774-1775&amp;lr=&amp;as_brr=1&amp;hl=fr&amp;source=gbs_summary_r&amp;cad=0\" target=\"_blank\" rel=\"noopener\">Acc\u00e9der au volume<\/a> sur <b>GoogleBooks<\/b><\/p>\n<p><b>751016<\/b><br \/>\nLouis-S\u00e9bastien Mercier<br \/>\n<i>Natalie, Drame en quatre actes<\/i><br \/>\n1775, Tome X, p. 135-49<br \/>\n(Gazette universelle de Litt\u00e9rature; Journal encyclop\u00e9dique)<br \/>\n<a href=\"http:\/\/books.google.be\/books?id=apkUAAAAQAAJ&amp;printsec=titlepage&amp;dq=intitle:l%27esprit+date:1774-1775&amp;lr=&amp;as_brr=1&amp;hl=fr&amp;source=gbs_summary_r&amp;cad=0\" target=\"_blank\" rel=\"noopener\">Acc\u00e9der au volume<\/a> sur <b>GoogleBooks<\/b><\/p>\n<p><b>751017<\/b><br \/>\nGottfried Wilhelm Leibniz<br \/>\n<i>\u02dcuvres compl\u00e8tes<\/i><br \/>\n1775, Tome X, p. 150-59<br \/>\n(Ann\u00e9e litt\u00e9raire)<br \/>\n<a href=\"http:\/\/books.google.be\/books?id=apkUAAAAQAAJ&amp;printsec=titlepage&amp;dq=intitle:l%27esprit+date:1774-1775&amp;lr=&amp;as_brr=1&amp;hl=fr&amp;source=gbs_summary_r&amp;cad=0\" target=\"_blank\" rel=\"noopener\">Acc\u00e9der au volume<\/a> sur <b>GoogleBooks<\/b><\/p>\n<p style=\"text-align: justify;\"><b>751018<\/b><br \/>\n<i>Causes c\u00e9l\u00e8bres, curieuses et int\u00e9ressantes de toutes les Cours Souveraines du royaume, avec les jugements qui les ont d\u00e9cid\u00e9es<\/i><br \/>\n1775, Tome X, p. 160-85<br \/>\n<a href=\"http:\/\/books.google.be\/books?id=apkUAAAAQAAJ&amp;printsec=titlepage&amp;dq=intitle:l%27esprit+date:1774-1775&amp;lr=&amp;as_brr=1&amp;hl=fr&amp;source=gbs_summary_r&amp;cad=0\" target=\"_blank\" rel=\"noopener\">Acc\u00e9der au volume<\/a> sur <b>GoogleBooks<\/b><\/p>\n<p><b>751019<\/b><br \/>\nJean-Baptiste Artaud<br \/>\n<i>Taconet, ou M\u00e9moires historiques pour servir \u00e0 la vie de cet homme c\u00e9l\u00e8bre<\/i><br \/>\n1775, Tome X, p. 185-91<br \/>\n(Journal de politique et de litt\u00e9rature; Ann\u00e9e litt\u00e9raire)<br \/>\n<a href=\"http:\/\/books.google.be\/books?id=apkUAAAAQAAJ&amp;printsec=titlepage&amp;dq=intitle:l%27esprit+date:1774-1775&amp;lr=&amp;as_brr=1&amp;hl=fr&amp;source=gbs_summary_r&amp;cad=0\" target=\"_blank\" rel=\"noopener\">Acc\u00e9der au volume<\/a> sur <b>GoogleBooks<\/b><\/p>\n<p><b>751020<\/b><br \/>\nNicolas-Joseph-Laurent Gilbert<br \/>\n<i>Le dix-huiti\u00e8me si\u00e8cle. Satire \u00e0 M. Fr\u00e9ron<\/i><br \/>\n1775, Tome X, p. 191-203<br \/>\n(Journal des Dames; Journal de Politique et de Litt\u00e9rature; Ann\u00e9e litt\u00e9raire)<br \/>\n<a href=\"http:\/\/books.google.be\/books?id=apkUAAAAQAAJ&amp;printsec=titlepage&amp;dq=intitle:l%27esprit+date:1774-1775&amp;lr=&amp;as_brr=1&amp;hl=fr&amp;source=gbs_summary_r&amp;cad=0\" target=\"_blank\" rel=\"noopener\">Acc\u00e9der au volume<\/a> sur <b>GoogleBooks<\/b><\/p>\n<p style=\"text-align: justify;\"><b>751021<\/b><br \/>\n<i>Relation des deux derniers martyrs du Tonquin, extraite d&rsquo;une Lette de Monseigneur d&rsquo;Hiero C\u00e9sar\u00e9e, vicaire apostolique du Tonquin oriental, \u00e0 la sacr\u00e9e Congr\u00e9gation; et d&rsquo;une autre Lettre de Monseigneur de Gabales, Vicaire Apostolique du Tonquin occidental<\/i><br \/>\n1775, Tome X, p. 203-14<br \/>\n(Journal eccl\u00e9siastique)<br \/>\n<a href=\"http:\/\/books.google.be\/books?id=apkUAAAAQAAJ&amp;printsec=titlepage&amp;dq=intitle:l%27esprit+date:1774-1775&amp;lr=&amp;as_brr=1&amp;hl=fr&amp;source=gbs_summary_r&amp;cad=0\" target=\"_blank\" rel=\"noopener\">Acc\u00e9der au volume<\/a> sur <b>GoogleBooks<\/b><\/p>\n<p><b>751022<\/b><br \/>\nJean-Jacques Bachelier<br \/>\n<i>Lettre \u00e0 M. G***, Avocat \u00e0 Troyes<\/i><br \/>\n1775, Tome X, p. 214-16<br \/>\n<a href=\"http:\/\/books.google.be\/books?id=apkUAAAAQAAJ&amp;printsec=titlepage&amp;dq=intitle:l%27esprit+date:1774-1775&amp;lr=&amp;as_brr=1&amp;hl=fr&amp;source=gbs_summary_r&amp;cad=0\" target=\"_blank\" rel=\"noopener\">Acc\u00e9der au volume<\/a> sur <b>GoogleBooks<\/b><\/p>\n<p><b>751023<\/b><br \/>\nAbb\u00e9 Vandercrossen<br \/>\n<i>Lettre \u00e0 M. Fr\u00e9ron, sur un trait d&rsquo;ignorance<\/i><br \/>\n1775, Tome X, p. 216-17<br \/>\n<a href=\"http:\/\/books.google.be\/books?id=apkUAAAAQAAJ&amp;printsec=titlepage&amp;dq=intitle:l%27esprit+date:1774-1775&amp;lr=&amp;as_brr=1&amp;hl=fr&amp;source=gbs_summary_r&amp;cad=0\" target=\"_blank\" rel=\"noopener\">Acc\u00e9der au volume<\/a> sur <b>GoogleBooks<\/b><\/p>\n<p><b>751024<\/b><br \/>\nAutre lettre au m\u00eame journaliste sur un home qui avait \u00e9pous\u00e9 treize femmes<br \/>\n1775, Tome X, p. 217-19<br \/>\n(Ann\u00e9e Litt\u00e9raire)<br \/>\n<a href=\"http:\/\/books.google.be\/books?id=apkUAAAAQAAJ&amp;printsec=titlepage&amp;dq=intitle:l%27esprit+date:1774-1775&amp;lr=&amp;as_brr=1&amp;hl=fr&amp;source=gbs_summary_r&amp;cad=0\" target=\"_blank\" rel=\"noopener\">Acc\u00e9der au volume<\/a> sur <b>GoogleBooks<\/b><\/p>\n<p><b>751025<\/b><br \/>\n<i>Tableaux<\/i><br \/>\n1775, Tome X, p. 219-33<br \/>\n(Journal des Dames)<br \/>\n<a href=\"http:\/\/books.google.be\/books?id=apkUAAAAQAAJ&amp;printsec=titlepage&amp;dq=intitle:l%27esprit+date:1774-1775&amp;lr=&amp;as_brr=1&amp;hl=fr&amp;source=gbs_summary_r&amp;cad=0\" target=\"_blank\" rel=\"noopener\">Acc\u00e9der au volume<\/a> sur <b>GoogleBooks<\/b><\/p>\n<p><b>751026<\/b><br \/>\nL. F. D.<br \/>\n<i>Lettre adress\u00e9e aux r\u00e9dacteurs de l&rsquo;Esprit des Journaux, sur un ouvrage qui a pour titre l&rsquo;Art de nage<\/i>r<br \/>\n1775, Tome X, p. 233-36<br \/>\n<a href=\"http:\/\/books.google.be\/books?id=apkUAAAAQAAJ&amp;printsec=titlepage&amp;dq=intitle:l%27esprit+date:1774-1775&amp;lr=&amp;as_brr=1&amp;hl=fr&amp;source=gbs_summary_r&amp;cad=0\" target=\"_blank\" rel=\"noopener\">Acc\u00e9der au volume<\/a> sur <b>GoogleBooks<\/b><\/p>\n<p><b>751027<\/b><br \/>\nM. D.*****<br \/>\n<i>R\u00e9flexions sur le Sage<\/i><br \/>\n1775, Tome X, p. 236-40<br \/>\n<a href=\"http:\/\/books.google.be\/books?id=apkUAAAAQAAJ&amp;printsec=titlepage&amp;dq=intitle:l%27esprit+date:1774-1775&amp;lr=&amp;as_brr=1&amp;hl=fr&amp;source=gbs_summary_r&amp;cad=0\" target=\"_blank\" rel=\"noopener\">Acc\u00e9der au volume<\/a> sur <b>GoogleBooks<\/b><\/p>\n<p><b>751028<\/b><br \/>\n<i>\u00c9p\u00eetre d&rsquo;une dame \u00e0 son amie, sur le point de se marier, pour l&rsquo;engager \u00e0 nourrir ses enfants<\/i><br \/>\n1775, Tome X, p. 241-46<br \/>\n<a href=\"http:\/\/books.google.be\/books?id=apkUAAAAQAAJ&amp;printsec=titlepage&amp;dq=intitle:l%27esprit+date:1774-1775&amp;lr=&amp;as_brr=1&amp;hl=fr&amp;source=gbs_summary_r&amp;cad=0\" target=\"_blank\" rel=\"noopener\">Acc\u00e9der au volume<\/a> sur <b>GoogleBooks<\/b><\/p>\n<p><b>751029<\/b><br \/>\n<i>Remerciement de l&rsquo;auteur \u00e0 Madame Le Couteulx<\/i><br \/>\n1775, Tome X, p. 246-47<br \/>\n<a href=\"http:\/\/books.google.be\/books?id=apkUAAAAQAAJ&amp;printsec=titlepage&amp;dq=intitle:l%27esprit+date:1774-1775&amp;lr=&amp;as_brr=1&amp;hl=fr&amp;source=gbs_summary_r&amp;cad=0\" target=\"_blank\" rel=\"noopener\">Acc\u00e9der au volume<\/a> sur <b>GoogleBooks<\/b><\/p>\n<p><b>751030<\/b><br \/>\nDreux<br \/>\n<i>Traduction de la premi\u00e8re \u00c9glogue de Virgile<\/i><br \/>\n1775, Tome X, p. 247-51<br \/>\n<a href=\"http:\/\/books.google.be\/books?id=apkUAAAAQAAJ&amp;printsec=titlepage&amp;dq=intitle:l%27esprit+date:1774-1775&amp;lr=&amp;as_brr=1&amp;hl=fr&amp;source=gbs_summary_r&amp;cad=0\" target=\"_blank\" rel=\"noopener\">Acc\u00e9der au volume<\/a> sur <b>GoogleBooks<\/b><\/p>\n<p style=\"text-align: justify;\"><b>751031<\/b><br \/>\nG\u00e9raud Valet de Reganhac<br \/>\n<i>Ode sur la r\u00e9int\u00e9gration du Parlement; lue de dimanche 2 juillet 1775, dans une Assembl\u00e9e extraordinaire de l&rsquo;Acad\u00e9mie des Jeux Floraux, o\u00f9 elle a d\u00e9cern\u00e9 \u00e0 une Ode sur le m\u00eame sujet, le Prix propos\u00e9 par sa d\u00e9lib\u00e9ration du 19 mars pr\u00e9c\u00e9dent<\/i><br \/>\n1775, Tome X, p. 252-56<br \/>\n<a href=\"http:\/\/books.google.be\/books?id=apkUAAAAQAAJ&amp;printsec=titlepage&amp;dq=intitle:l%27esprit+date:1774-1775&amp;lr=&amp;as_brr=1&amp;hl=fr&amp;source=gbs_summary_r&amp;cad=0\" target=\"_blank\" rel=\"noopener\">Acc\u00e9der au volume<\/a> sur <b>GoogleBooks<\/b><\/p>\n<p><b>751032<\/b><br \/>\nM. L. D. P. de Li\u00e8ge<br \/>\n<i>Vers propos\u00e9s pour \u00eatre mis en musique<\/i><br \/>\n1775, Tome X, p. 257<br \/>\n<a href=\"http:\/\/books.google.be\/books?id=apkUAAAAQAAJ&amp;printsec=titlepage&amp;dq=intitle:l%27esprit+date:1774-1775&amp;lr=&amp;as_brr=1&amp;hl=fr&amp;source=gbs_summary_r&amp;cad=0\" target=\"_blank\" rel=\"noopener\">Acc\u00e9der au volume<\/a> sur <b>GoogleBooks<\/b><\/p>\n<p><b>751033<\/b><br \/>\nDreux<br \/>\n<i>Les fleurs. Idylle<\/i><br \/>\n1775, Tome X, p. 257-59<br \/>\n<a href=\"http:\/\/books.google.be\/books?id=apkUAAAAQAAJ&amp;printsec=titlepage&amp;dq=intitle:l%27esprit+date:1774-1775&amp;lr=&amp;as_brr=1&amp;hl=fr&amp;source=gbs_summary_r&amp;cad=0\" target=\"_blank\" rel=\"noopener\">Acc\u00e9der au volume<\/a> sur <b>GoogleBooks<\/b><\/p>\n<p style=\"text-align: justify;\"><b>751034<\/b><br \/>\n<i>Vers lyriques. Ex\u00e9cut\u00e9s \u00e0 grand ch\u0153ur et symphonie, en pr\u00e9sence de son altesse royale Mgr. l&rsquo;Archiduc Maximilien, lors de son passage \u00e0 Tournai<\/i><br \/>\n1775, Tome X, p. 259-61<br \/>\n<a href=\"http:\/\/books.google.be\/books?id=apkUAAAAQAAJ&amp;printsec=titlepage&amp;dq=intitle:l%27esprit+date:1774-1775&amp;lr=&amp;as_brr=1&amp;hl=fr&amp;source=gbs_summary_r&amp;cad=0\" target=\"_blank\" rel=\"noopener\">Acc\u00e9der au volume<\/a> sur <b>GoogleBooks<\/b><\/p>\n<p><b>751101<\/b><br \/>\nCharles Le Beau<br \/>\n<i>Histoire du Bas-Empire, en commen\u00e7ant \u00e0 Constantin-le-Grand<\/i><br \/>\n1775, Tome XI, p. 3-18<br \/>\n(Gazette universelle de Litt\u00e9rature; Journal des Savants, Mercure de France; Monthly Review)<br \/>\n<a href=\"http:\/\/books.google.be\/books?id=dpkUAAAAQAAJ&amp;printsec=titlepage&amp;dq=intitle:l%27esprit+intitle:des+intitle:journaux+date:1771-1775&amp;lr=&amp;as_brr=0&amp;hl=fr&amp;source=gbs_summary_r&amp;cad=0\" target=\"_blank\" rel=\"noopener\">Acc\u00e9der au volume<\/a> sur <b>GoogleBooks<\/b><\/p>\n<p><b>751102<\/b><br \/>\nReviani<br \/>\n<i>Dissertations acad\u00e9miques sur les nombreuses morts des enfants<\/i><br \/>\n1775, Tome XI, p. 18-24<br \/>\n(Giornale d&rsquo;Italia)<br \/>\n<a href=\"http:\/\/books.google.be\/books?id=dpkUAAAAQAAJ&amp;printsec=titlepage&amp;dq=intitle:l%27esprit+intitle:des+intitle:journaux+date:1771-1775&amp;lr=&amp;as_brr=0&amp;hl=fr&amp;source=gbs_summary_r&amp;cad=0\" target=\"_blank\" rel=\"noopener\">Acc\u00e9der au volume<\/a> sur <b>GoogleBooks<\/b><\/p>\n<p style=\"text-align: justify;\"><b>751103<\/b><br \/>\nM. Roques<br \/>\n<i>Lettres \u00e9crites \u00e0 un Ami, pendant le s\u00e9jour que les troupes fran\u00e7aises ont fait \u00e0 Zelle, en 1737<\/i> et en 1738<br \/>\n1775, Tome XI, p. 25-44<br \/>\n(Biblioth\u00e8ques des Sciences et des Beaux-Arts )<br \/>\n<a href=\"http:\/\/books.google.be\/books?id=dpkUAAAAQAAJ&amp;printsec=titlepage&amp;dq=intitle:l%27esprit+intitle:des+intitle:journaux+date:1771-1775&amp;lr=&amp;as_brr=0&amp;hl=fr&amp;source=gbs_summary_r&amp;cad=0\" target=\"_blank\" rel=\"noopener\">Acc\u00e9der au volume<\/a> sur <b>GoogleBooks<\/b><\/p>\n<p><b>751104<\/b><br \/>\nHester Chapone<br \/>\n<i>M\u00e9langes de Prose et de Vers<\/i><br \/>\n1775, Tome XI, p. 44-53<br \/>\n(Monthly Review)<br \/>\n<a href=\"http:\/\/books.google.be\/books?id=dpkUAAAAQAAJ&amp;printsec=titlepage&amp;dq=intitle:l%27esprit+intitle:des+intitle:journaux+date:1771-1775&amp;lr=&amp;as_brr=0&amp;hl=fr&amp;source=gbs_summary_r&amp;cad=0\" target=\"_blank\" rel=\"noopener\">Acc\u00e9der au volume<\/a> sur <b>GoogleBooks<\/b><\/p>\n<p style=\"text-align: justify;\"><b>751105<\/b><br \/>\nJean Lepechin<br \/>\n<i>Journal du voyage du Docteur et Adjoint de l&rsquo;Acad\u00e9mie des sciences, M. Jean Lepechin, par diverses provinces de l&rsquo;Empire de Russie, dans les ann\u00e9es 1768 et 1769<\/i> [<a href=\"http:\/\/www.gedhs.ulg.ac.be\/recherches\/espritdesjournaux\/pdf\/751105.pdf\" target=\"_blank\" rel=\"noopener\">MODE IMAGE<\/a>]\n1775, Tome XI, p. 54-63<br \/>\n(Gazette universelle de Litt\u00e9rature; Russische Bibliothek)<br \/>\n<a href=\"http:\/\/books.google.be\/books?id=dpkUAAAAQAAJ&amp;printsec=titlepage&amp;dq=intitle:l%27esprit+intitle:des+intitle:journaux+date:1771-1775&amp;lr=&amp;as_brr=0&amp;hl=fr&amp;source=gbs_summary_r&amp;cad=0\" target=\"_blank\" rel=\"noopener\">Acc\u00e9der au volume<\/a> sur <b>GoogleBooks<\/b><\/p>\n<p style=\"text-align: justify;\"><b>751106<\/b><br \/>\nJean-Fran\u00e7ois Ducis<br \/>\n<i>Au Roi de Sardaigne, sur le mariage du Prince de Pi\u00e9mont avec Madame Clotilde de France, po\u00e8me<\/i><br \/>\n1775, Tome XI, p. 64-69<br \/>\n(Journal encyclop\u00e9dique)<br \/>\n<a href=\"http:\/\/books.google.be\/books?id=dpkUAAAAQAAJ&amp;printsec=titlepage&amp;dq=intitle:l%27esprit+intitle:des+intitle:journaux+date:1771-1775&amp;lr=&amp;as_brr=0&amp;hl=fr&amp;source=gbs_summary_r&amp;cad=0\" target=\"_blank\" rel=\"noopener\">Acc\u00e9der au volume<\/a> sur <b>GoogleBooks<\/b><\/p>\n<p style=\"text-align: justify;\"><b>751107<\/b><br \/>\nAthanase Auger<br \/>\n<i>Discours sur l&rsquo;\u00e9ducation, prononc\u00e9s au Coll\u00e8ge Royal de Rouen, suivis de notes tir\u00e9es des meilleurs auteurs anciens et modernes; auxquels on a joint des R\u00e9flexions sur l&rsquo;amiti\u00e9<\/i><br \/>\n1775, Tome XI, p. 69-81<br \/>\n(Ann\u00e9e litt\u00e9raire; Journal encyclop\u00e9dique; Petites Affiches)<br \/>\n<a href=\"http:\/\/books.google.be\/books?id=dpkUAAAAQAAJ&amp;printsec=titlepage&amp;dq=intitle:l%27esprit+intitle:des+intitle:journaux+date:1771-1775&amp;lr=&amp;as_brr=0&amp;hl=fr&amp;source=gbs_summary_r&amp;cad=0\" target=\"_blank\" rel=\"noopener\">Acc\u00e9der au volume<\/a> sur <b>GoogleBooks<\/b><\/p>\n<p><b>751108<\/b><br \/>\n<i>Temple de M\u00e9moire ou Visions d&rsquo;un Solitaire<\/i><br \/>\n1775, Tome XI, p. 82-92<br \/>\n(Ann\u00e9e litt\u00e9raire, Journal des Dames,Gazette universelle de Litt\u00e9rature)<br \/>\n<a href=\"http:\/\/books.google.be\/books?id=dpkUAAAAQAAJ&amp;printsec=titlepage&amp;dq=intitle:l%27esprit+intitle:des+intitle:journaux+date:1771-1775&amp;lr=&amp;as_brr=0&amp;hl=fr&amp;source=gbs_summary_r&amp;cad=0\" target=\"_blank\" rel=\"noopener\">Acc\u00e9der au volume<\/a> sur <b>GoogleBooks<\/b><\/p>\n<p><b>751109<\/b><br \/>\nEdouard Harwood<br \/>\n<i>Recherches sur les diff\u00e9rentes \u00e9ditions des auteurs classiques grecs et latins, avec des remarques<\/i><br \/>\n1775, Tome XI, p. 93-98<br \/>\n(The Critical Review)<br \/>\n<a href=\"http:\/\/books.google.be\/books?id=dpkUAAAAQAAJ&amp;printsec=titlepage&amp;dq=intitle:l%27esprit+intitle:des+intitle:journaux+date:1771-1775&amp;lr=&amp;as_brr=0&amp;hl=fr&amp;source=gbs_summary_r&amp;cad=0\" target=\"_blank\" rel=\"noopener\">Acc\u00e9der au volume<\/a> sur <b>GoogleBooks<\/b><\/p>\n<p><b>751110<\/b><br \/>\n<i>Lettres de quelques hommes illustres, qui n&rsquo;ont pas encore parues<\/i><br \/>\n1775, Tome XI, p. 98-104<br \/>\n(Novelle Litterarie)<br \/>\n<a href=\"http:\/\/books.google.be\/books?id=dpkUAAAAQAAJ&amp;printsec=titlepage&amp;dq=intitle:l%27esprit+intitle:des+intitle:journaux+date:1771-1775&amp;lr=&amp;as_brr=0&amp;hl=fr&amp;source=gbs_summary_r&amp;cad=0\" target=\"_blank\" rel=\"noopener\">Acc\u00e9der au volume<\/a> sur <b>GoogleBooks<\/b><\/p>\n<p style=\"text-align: justify;\"><b>751111<\/b><br \/>\nAbb\u00e9 de Saint-Pierre<br \/>\n<i>Les r\u00eaves d&rsquo;un homme de bien qui peuvent \u00eatre r\u00e9alis\u00e9s, ou les Vues utiles et praticables de M. l&rsquo;Abb\u00e9 de Saint-Pierre, choisies dans un grand nombre de projets singuliers, dont le bien public \u00e9tait le principe<\/i><br \/>\n1775, Tome XI, p. 105-21<br \/>\n(Journal de Politique et de Litt\u00e9rature; Ann\u00e9e litt\u00e9raire)<br \/>\n<a href=\"http:\/\/books.google.be\/books?id=dpkUAAAAQAAJ&amp;printsec=titlepage&amp;dq=intitle:l%27esprit+intitle:des+intitle:journaux+date:1771-1775&amp;lr=&amp;as_brr=0&amp;hl=fr&amp;source=gbs_summary_r&amp;cad=0\" target=\"_blank\" rel=\"noopener\">Acc\u00e9der au volume<\/a> sur <b>GoogleBooks<\/b><\/p>\n<p><b>751112<\/b><br \/>\nGotthold Ephraim Lessing<br \/>\n<i>Sur l&rsquo;antiquit\u00e9 de la peinture \u00e0 l&rsquo;huile tir\u00e9 de Th\u00e9opile le Pr\u00eatre<\/i><br \/>\n1775, Tome XI, p. 121-28<br \/>\nGazette universelle de Litt\u00e9rature<br \/>\n<a href=\"http:\/\/books.google.be\/books?id=dpkUAAAAQAAJ&amp;printsec=titlepage&amp;dq=intitle:l%27esprit+intitle:des+intitle:journaux+date:1771-1775&amp;lr=&amp;as_brr=0&amp;hl=fr&amp;source=gbs_summary_r&amp;cad=0\" target=\"_blank\" rel=\"noopener\">Acc\u00e9der au volume<\/a> sur <b>GoogleBooks<\/b><\/p>\n<p style=\"text-align: justify;\"><b>751113<\/b><br \/>\nM. de la Harpe<br \/>\n<i>\u00c9loge de Nicolas de Catinat, Mar\u00e9chal de France; Discours qui a remport\u00e9 le prix de l&rsquo;Acad\u00e9mie fran\u00e7aise en 1775<\/i><br \/>\n1775, Tome XI, p. 129-50<br \/>\n(Mercure de France; Ann\u00e9e litt\u00e9raire; Journal de Politique et de Litt\u00e9rature; Journal encyclop\u00e9dique; Journal des Dames; Gazette litt\u00e9raire de l&rsquo;Europe; Affiches de Paris)<br \/>\n<a href=\"http:\/\/books.google.be\/books?id=dpkUAAAAQAAJ&amp;printsec=titlepage&amp;dq=intitle:l%27esprit+intitle:des+intitle:journaux+date:1771-1775&amp;lr=&amp;as_brr=0&amp;hl=fr&amp;source=gbs_summary_r&amp;cad=0\" target=\"_blank\" rel=\"noopener\">Acc\u00e9der au volume<\/a> sur <b>GoogleBooks<\/b><\/p>\n<p style=\"text-align: justify;\"><b>751114<\/b><br \/>\nAnne Claude Philippe de Pestels de L\u00e9vis de Tubi\u00e8res-Grimoard Caylus<br \/>\n<i>Tout vient \u00e0 point, qui peut attendre, ou Cadichon; suivi de Jeannette ou l&rsquo;Indiscr\u00e9tion : Contes [\u2026] pour servir de suppl\u00e9ment aux Contes des F\u00e9es de Madame d&rsquo;Aunoy<\/i><br \/>\n1775, Tome XI, p. 150-54<br \/>\n(Annonces et affiches de Paris; Ann\u00e9e litt\u00e9raire)<br \/>\n<a href=\"http:\/\/books.google.be\/books?id=dpkUAAAAQAAJ&amp;printsec=titlepage&amp;dq=intitle:l%27esprit+intitle:des+intitle:journaux+date:1771-1775&amp;lr=&amp;as_brr=0&amp;hl=fr&amp;source=gbs_summary_r&amp;cad=0\" target=\"_blank\" rel=\"noopener\">Acc\u00e9der au volume<\/a> sur <b>GoogleBooks<\/b><\/p>\n<p><b>751115<\/b><br \/>\n<i>Aventures d&rsquo;Alonso, etc.<\/i><br \/>\n1775, Tome XI, p. 154-59<br \/>\n(Gazette universelle de Litt\u00e9rature)<br \/>\n<a href=\"http:\/\/books.google.be\/books?id=dpkUAAAAQAAJ&amp;printsec=titlepage&amp;dq=intitle:l%27esprit+intitle:des+intitle:journaux+date:1771-1775&amp;lr=&amp;as_brr=0&amp;hl=fr&amp;source=gbs_summary_r&amp;cad=0\" target=\"_blank\" rel=\"noopener\">Acc\u00e9der au volume<\/a> sur <b>GoogleBooks<\/b><\/p>\n<p style=\"text-align: justify;\"><b>751116<\/b><br \/>\n<i>Causes c\u00e9l\u00e8bres, curieuses et int\u00e9ressantes, de toutes les cours souveraines du Royaume, avec les jugements qui les ont d\u00e9cid\u00e9es<\/i><br \/>\n1775, Tome XI, p. 159-81<br \/>\n<a href=\"http:\/\/books.google.be\/books?id=dpkUAAAAQAAJ&amp;printsec=titlepage&amp;dq=intitle:l%27esprit+intitle:des+intitle:journaux+date:1771-1775&amp;lr=&amp;as_brr=0&amp;hl=fr&amp;source=gbs_summary_r&amp;cad=0\" target=\"_blank\" rel=\"noopener\">Acc\u00e9der au volume<\/a> sur <b>GoogleBooks<\/b><\/p>\n<p style=\"text-align: justify;\"><b>751117<\/b><br \/>\nAbb\u00e9 Haeffelin<br \/>\n<i>De l&rsquo;influence des voyages sur les progr\u00e8s des arts. Discours prononc\u00e9 le 10 f\u00e9vrier 1775, dans l&rsquo;Acad\u00e9mie des Sciences et Belles-Lettres de Manheim, \u00e0 l&rsquo;occasion du voyage de S.A.S.E. Palatine, en Italie<\/i><br \/>\n1775, Tome XI, p. 181-98<br \/>\n<a href=\"http:\/\/books.google.be\/books?id=dpkUAAAAQAAJ&amp;printsec=titlepage&amp;dq=intitle:l%27esprit+intitle:des+intitle:journaux+date:1771-1775&amp;lr=&amp;as_brr=0&amp;hl=fr&amp;source=gbs_summary_r&amp;cad=0\" target=\"_blank\" rel=\"noopener\">Acc\u00e9der au volume<\/a> sur <b>GoogleBooks<\/b><\/p>\n<p><b>751118<\/b><br \/>\n<i>Dialogue entre Timol\u00e9on et Jules C\u00e9sar, aux Champs Elys\u00e9es <\/i><a href=\"http:\/\/www.gedhs.ulg.ac.be\/recherches\/dialogues\/edj751118.html\" target=\"_top\">[MODE TEXTE]<\/a><br \/>\n1775, Tome XI, p. 199-207<br \/>\n(Journal encyclop\u00e9dique)<br \/>\n<a href=\"http:\/\/books.google.be\/books?id=dpkUAAAAQAAJ&amp;printsec=titlepage&amp;dq=intitle:l%27esprit+intitle:des+intitle:journaux+date:1771-1775&amp;lr=&amp;as_brr=0&amp;hl=fr&amp;source=gbs_summary_r&amp;cad=0\" target=\"_blank\" rel=\"noopener\">Acc\u00e9der au volume<\/a> sur <b>GoogleBooks<\/b><\/p>\n<p><b>751119<\/b><br \/>\nVoltaire<br \/>\n<i>Traduction d&rsquo;une lettre de M. de Voltaire \u00e0 M. le Comte Campi, Italien, sur sa trag\u00e9die de Biblis<\/i><br \/>\n1775, Tome XI, p. 208-09<br \/>\n(Gazetta Universale)<br \/>\n<a href=\"http:\/\/books.google.be\/books?id=dpkUAAAAQAAJ&amp;printsec=titlepage&amp;dq=intitle:l%27esprit+intitle:des+intitle:journaux+date:1771-1775&amp;lr=&amp;as_brr=0&amp;hl=fr&amp;source=gbs_summary_r&amp;cad=0\" target=\"_blank\" rel=\"noopener\">Acc\u00e9der au volume<\/a> sur <b>GoogleBooks<\/b><\/p>\n<p><b>751120<\/b><br \/>\n<i>Relation d&rsquo;un naufrage moderne<\/i><br \/>\n1775, Tome XI, p. 210-17<br \/>\n(Journal de politique et de litt\u00e9rature)<br \/>\n<a href=\"http:\/\/books.google.be\/books?id=dpkUAAAAQAAJ&amp;printsec=titlepage&amp;dq=intitle:l%27esprit+intitle:des+intitle:journaux+date:1771-1775&amp;lr=&amp;as_brr=0&amp;hl=fr&amp;source=gbs_summary_r&amp;cad=0\" target=\"_blank\" rel=\"noopener\">Acc\u00e9der au volume<\/a> sur <b>GoogleBooks<\/b><\/p>\n<p><b>751121<\/b><br \/>\nJean le Rond d&rsquo;Alembert<br \/>\n<i>Lettre de M. d&rsquo;Alembert, Secr\u00e9taire perp\u00e9tuel de l&rsquo;Acad\u00e9mie fran\u00e7aise, \u00e0 Mlle Vig\u00e9<\/i><br \/>\n1775, Tome XI, p. 218-19<br \/>\n(Gazette litt\u00e9raire d&rsquo;Amsterdam)<br \/>\n<a href=\"http:\/\/books.google.be\/books?id=dpkUAAAAQAAJ&amp;printsec=titlepage&amp;dq=intitle:l%27esprit+intitle:des+intitle:journaux+date:1771-1775&amp;lr=&amp;as_brr=0&amp;hl=fr&amp;source=gbs_summary_r&amp;cad=0\" target=\"_blank\" rel=\"noopener\">Acc\u00e9der au volume<\/a> sur <b>GoogleBooks<\/b><\/p>\n<p><b>751122<\/b><br \/>\n<i>La fortune distributrice des talents<\/i>, fable<br \/>\n1775, Tome XI, p. 219-20<br \/>\n(Nouveau spectateur fran\u00e7ais)<br \/>\n<a href=\"http:\/\/books.google.be\/books?id=dpkUAAAAQAAJ&amp;printsec=titlepage&amp;dq=intitle:l%27esprit+intitle:des+intitle:journaux+date:1771-1775&amp;lr=&amp;as_brr=0&amp;hl=fr&amp;source=gbs_summary_r&amp;cad=0\" target=\"_blank\" rel=\"noopener\">Acc\u00e9der au volume<\/a> sur <b>GoogleBooks<\/b><\/p>\n<p><b>751123<\/b><br \/>\n<i>L&rsquo;honneur fran\u00e7ais<\/i><br \/>\n1775, Tome XI, p. 220-21<br \/>\n(Journal de lecture)<br \/>\n<a href=\"http:\/\/books.google.be\/books?id=dpkUAAAAQAAJ&amp;printsec=titlepage&amp;dq=intitle:l%27esprit+intitle:des+intitle:journaux+date:1771-1775&amp;lr=&amp;as_brr=0&amp;hl=fr&amp;source=gbs_summary_r&amp;cad=0\" target=\"_blank\" rel=\"noopener\">Acc\u00e9der au volume<\/a> sur <b>GoogleBooks<\/b><\/p>\n<p><b>751124<\/b><br \/>\nChanoine Charmet<br \/>\n<i>Lettre \u00e0 l&rsquo;auteur du Journal de Politique et de Litt\u00e9rature<\/i><br \/>\n1775, Tome XI, p. 221-28<br \/>\n(Journal de politique et de litt\u00e9rature)<br \/>\n<a href=\"http:\/\/books.google.be\/books?id=dpkUAAAAQAAJ&amp;printsec=titlepage&amp;dq=intitle:l%27esprit+intitle:des+intitle:journaux+date:1771-1775&amp;lr=&amp;as_brr=0&amp;hl=fr&amp;source=gbs_summary_r&amp;cad=0\" target=\"_blank\" rel=\"noopener\">Acc\u00e9der au volume<\/a> sur <b>GoogleBooks<\/b><\/p>\n<p><b>751125<\/b><br \/>\n<i>Le Sauvage, Morceau extrait du Journal de Lecture<\/i><br \/>\n1775, Tome XI, p. 228-31<br \/>\n<a href=\"http:\/\/books.google.be\/books?id=dpkUAAAAQAAJ&amp;printsec=titlepage&amp;dq=intitle:l%27esprit+intitle:des+intitle:journaux+date:1771-1775&amp;lr=&amp;as_brr=0&amp;hl=fr&amp;source=gbs_summary_r&amp;cad=0\" target=\"_blank\" rel=\"noopener\">Acc\u00e9der au volume<\/a> sur <b>GoogleBooks<\/b><\/p>\n<p><b>751126<\/b><br \/>\n<i>La f\u00eate des bonnes gens<\/i><br \/>\n1775, Tome XI, p. 231-37<br \/>\n<a href=\"http:\/\/books.google.be\/books?id=dpkUAAAAQAAJ&amp;printsec=titlepage&amp;dq=intitle:l%27esprit+intitle:des+intitle:journaux+date:1771-1775&amp;lr=&amp;as_brr=0&amp;hl=fr&amp;source=gbs_summary_r&amp;cad=0\" target=\"_blank\" rel=\"noopener\">Acc\u00e9der au volume<\/a> sur <b>GoogleBooks<\/b><\/p>\n<p><b>751127<\/b><br \/>\n<i>Pr\u00e9cis des Pi\u00e8ces imprim\u00e9es qui ont concouru pour le Prix de Po\u00e9sie de l&rsquo;Acad\u00e9mie fran\u00e7aise en 1773<\/i><br \/>\n1775, Tome XI, p. 238-40<br \/>\n<a href=\"http:\/\/books.google.be\/books?id=dpkUAAAAQAAJ&amp;printsec=titlepage&amp;dq=intitle:l%27esprit+intitle:des+intitle:journaux+date:1771-1775&amp;lr=&amp;as_brr=0&amp;hl=fr&amp;source=gbs_summary_r&amp;cad=0\" target=\"_blank\" rel=\"noopener\">Acc\u00e9der au volume<\/a> sur <b>GoogleBooks<\/b><\/p>\n<p><b>751128<\/b><br \/>\nJean-Fran\u00e7ois de La Harpe<br \/>\n<i>Conseils \u00e0 un jeune po\u00e8te, Pi\u00e8ce qui a remport\u00e9 le prix de l&rsquo;Acad\u00e9mie fran\u00e7aise en 1773<\/i><br \/>\n1775, Tome XI, p. 241-45<br \/>\n<a href=\"http:\/\/books.google.be\/books?id=dpkUAAAAQAAJ&amp;printsec=titlepage&amp;dq=intitle:l%27esprit+intitle:des+intitle:journaux+date:1771-1775&amp;lr=&amp;as_brr=0&amp;hl=fr&amp;source=gbs_summary_r&amp;cad=0\" target=\"_blank\" rel=\"noopener\">Acc\u00e9der au volume<\/a> sur <b>GoogleBooks<\/b><\/p>\n<p><b>751129<\/b><br \/>\nLouis-Robert-Parfait Durufl\u00e9<br \/>\n<i>Brutus \u00e0 Servilie, Pi\u00e8ce qui a obtenu le second Accessit, au jugement de l&rsquo;Acad\u00e9mie fran\u00e7aise<\/i><br \/>\n1775, Tome XI, p. 246-49<br \/>\n<a href=\"http:\/\/books.google.be\/books?id=dpkUAAAAQAAJ&amp;printsec=titlepage&amp;dq=intitle:l%27esprit+intitle:des+intitle:journaux+date:1771-1775&amp;lr=&amp;as_brr=0&amp;hl=fr&amp;source=gbs_summary_r&amp;cad=0\" target=\"_blank\" rel=\"noopener\">Acc\u00e9der au volume<\/a> sur <b>GoogleBooks<\/b><\/p>\n<p><b>751130<\/b><br \/>\nClaude-Louis-Michel de Sacy<br \/>\n<i>L&rsquo;esclavage des Am\u00e9ricains et des N\u00e8gres, Pi\u00e8ce qui a concouru pour le prix de l&rsquo;Acad\u00e9mie fran\u00e7aise<\/i><br \/>\n1775, Tome XI, p. 250-55<br \/>\n<a href=\"http:\/\/books.google.be\/books?id=dpkUAAAAQAAJ&amp;printsec=titlepage&amp;dq=intitle:l%27esprit+intitle:des+intitle:journaux+date:1771-1775&amp;lr=&amp;as_brr=0&amp;hl=fr&amp;source=gbs_summary_r&amp;cad=0\" target=\"_blank\" rel=\"noopener\">Acc\u00e9der au volume<\/a> sur <b>GoogleBooks<\/b><\/p>\n<p><b>751131<\/b><br \/>\nM. de Sacy<br \/>\n<i>\u00c9pitaphe de feu Monsieur le Mar\u00e9chal de Muy<\/i><br \/>\n1775, Tome XI, p. 256<br \/>\n<a href=\"http:\/\/books.google.be\/books?id=dpkUAAAAQAAJ&amp;printsec=titlepage&amp;dq=intitle:l%27esprit+intitle:des+intitle:journaux+date:1771-1775&amp;lr=&amp;as_brr=0&amp;hl=fr&amp;source=gbs_summary_r&amp;cad=0\" target=\"_blank\" rel=\"noopener\">Acc\u00e9der au volume<\/a> sur <b>GoogleBooks<\/b><\/p>\n<p><b>751132<\/b><br \/>\n<i>Stances sur la nomination de M. le Comte de Saint-Germain, au D\u00e9partement de la Guerre<\/i><br \/>\n1775, Tome XI, p. 257-59<br \/>\n<a href=\"http:\/\/books.google.be\/books?id=dpkUAAAAQAAJ&amp;printsec=titlepage&amp;dq=intitle:l%27esprit+intitle:des+intitle:journaux+date:1771-1775&amp;lr=&amp;as_brr=0&amp;hl=fr&amp;source=gbs_summary_r&amp;cad=0\" target=\"_blank\" rel=\"noopener\">Acc\u00e9der au volume<\/a> sur <b>GoogleBooks<\/b><\/p>\n<p style=\"text-align: justify;\"><b>751133<\/b><br \/>\n<i>Vers pr\u00e9sent\u00e9s \u00e0 Madame la Comtesse de Horion, ni\u00e8ce de son Altesse Celsissime le Prince de Li\u00e8ge, la veille de son mariage avec son altesse le Prince de Salm-Salm, par une demoiselle \u00e2g\u00e9e de 12 ans<\/i><br \/>\n1775, Tome XI, p. 259<br \/>\n<a href=\"http:\/\/books.google.be\/books?id=dpkUAAAAQAAJ&amp;printsec=titlepage&amp;dq=intitle:l%27esprit+intitle:des+intitle:journaux+date:1771-1775&amp;lr=&amp;as_brr=0&amp;hl=fr&amp;source=gbs_summary_r&amp;cad=0\" target=\"_blank\" rel=\"noopener\">Acc\u00e9der au volume<\/a> sur <b>GoogleBooks<\/b><\/p>\n<p style=\"text-align: justify;\"><b>751201<\/b><br \/>\n<i>Nouveaux m\u00e9moires de l&rsquo;Acad\u00e9mie Royale des Sciences et Belles-Lettres de Prusse, ann\u00e9e 1773; avec l&rsquo;Histoire pour la m\u00eame ann\u00e9e<\/i><br \/>\n1775, Tome XII, p. 3-44<br \/>\n(Gazette universelle de Litt\u00e9rature)<br \/>\n<a href=\"http:\/\/books.google.be\/books?id=NJIUAAAAQAAJ&amp;printsec=frontcover&amp;dq=editions:0qCv5MvfosIxTQW6d&amp;lr=&amp;as_brr=1&amp;hl=fr\" target=\"_blank\" rel=\"noopener\">Acc\u00e9der au volume<\/a> sur <b>GoogleBooks<\/b><\/p>\n<p style=\"text-align: justify;\"><b>751202<\/b><br \/>\nJohn Aikin<br \/>\n<i>Essai de la Biographie M\u00e9dicale de la Grande Bretagne; avec une \u00c9p\u00eetre d\u00e9dicatoire au public<\/i><br \/>\n1775, Tome XII, p. 45-51<br \/>\n(Critical Review)<br \/>\n<a href=\"http:\/\/books.google.be\/books?id=NJIUAAAAQAAJ&amp;printsec=frontcover&amp;dq=editions:0qCv5MvfosIxTQW6d&amp;lr=&amp;as_brr=1&amp;hl=fr\" target=\"_blank\" rel=\"noopener\">Acc\u00e9der au volume<\/a> sur <b>GoogleBooks<\/b><\/p>\n<p style=\"text-align: justify;\"><b>751203<\/b><br \/>\nWilliam Bolts<br \/>\n<i>\u00c9tat civil, politique et commer\u00e7ant du Bengale, ou Histoire des conqu\u00eates et de l&rsquo;administration de la Compagnie anglaise dans ce pays<\/i><br \/>\n1775, Tome XII, p. 51-67<br \/>\n(Ann\u00e9e litt\u00e9raire; Journal encyclop\u00e9dique)<br \/>\n<a href=\"http:\/\/books.google.be\/books?id=NJIUAAAAQAAJ&amp;printsec=frontcover&amp;dq=editions:0qCv5MvfosIxTQW6d&amp;lr=&amp;as_brr=1&amp;hl=fr\" target=\"_blank\" rel=\"noopener\">Acc\u00e9der au volume<\/a> sur <b>GoogleBooks<\/b><\/p>\n<p><b>751204<\/b><br \/>\nGiovanni Battista Passeri<br \/>\n<i>Collection de vases \u00e9trusques peints, accompagn\u00e9e d&rsquo;explications et de dissertations<\/i><br \/>\n1775, Tome XII, p. 67-73<br \/>\n(Efemeridi di Roma)<br \/>\n<a href=\"http:\/\/books.google.be\/books?id=NJIUAAAAQAAJ&amp;printsec=frontcover&amp;dq=editions:0qCv5MvfosIxTQW6d&amp;lr=&amp;as_brr=1&amp;hl=fr\" target=\"_blank\" rel=\"noopener\">Acc\u00e9der au volume<\/a> sur <b>GoogleBooks<\/b><\/p>\n<p style=\"text-align: justify;\"><b>751205<\/b><br \/>\nAdrien-Michel-Hyacinthe Blin de Sainmore<br \/>\n<i>Joachim, ou le Triomphe de la Pi\u00e9t\u00e9 filiale, Drame en trois actes et en vers, suivi d&rsquo;un choix de Po\u00e9sies fugitives<\/i><br \/>\n1775, Tome XII, p. 74-83<br \/>\n(Journal de politique et de litt\u00e9rature; Mercure de France; Ann\u00e9e litt\u00e9raire)<br \/>\n<a href=\"http:\/\/books.google.be\/books?id=NJIUAAAAQAAJ&amp;printsec=frontcover&amp;dq=editions:0qCv5MvfosIxTQW6d&amp;lr=&amp;as_brr=1&amp;hl=fr\" target=\"_blank\" rel=\"noopener\">Acc\u00e9der au volume<\/a> sur <b>GoogleBooks<\/b><\/p>\n<p style=\"text-align: justify;\"><b>751206<\/b><br \/>\nAbb\u00e9 Desmonceaux<br \/>\n<i>M\u00e9moires et observations anatomiques, physiologiques et physiques sur la vue des enfants naissants, avec un M\u00e9moire sur l&rsquo;\u00e9tablissement d&rsquo;un prix m\u00e9daillique<\/i><br \/>\n1775, Tome XII, p. 84-92<br \/>\n(Journal encyclop\u00e9dique; Ann\u00e9e litt\u00e9raire)<br \/>\n<a href=\"http:\/\/books.google.be\/books?id=NJIUAAAAQAAJ&amp;printsec=frontcover&amp;dq=editions:0qCv5MvfosIxTQW6d&amp;lr=&amp;as_brr=1&amp;hl=fr\" target=\"_blank\" rel=\"noopener\">Acc\u00e9der au volume<\/a> sur <b>GoogleBooks<\/b><\/p>\n<p style=\"text-align: justify;\"><b>751207<\/b><br \/>\nBaumann<br \/>\n<i>Plan de Constitution politique des principaux \u00e9tats et pays de l&rsquo;Asie. Avec un appendice o\u00f9 l&rsquo;on donne le pr\u00e9cis de l&rsquo;Histoire des Compagnies de Commerce europ\u00e9ennes des Indes orientales<\/i><br \/>\n1775, Tome XII, p. 93-96<br \/>\n(Gazette universelle de litt\u00e9rature)<br \/>\n<a href=\"http:\/\/books.google.be\/books?id=NJIUAAAAQAAJ&amp;printsec=frontcover&amp;dq=editions:0qCv5MvfosIxTQW6d&amp;lr=&amp;as_brr=1&amp;hl=fr\" target=\"_blank\" rel=\"noopener\">Acc\u00e9der au volume<\/a> sur <b>GoogleBooks<\/b><\/p>\n<p><b>751208<\/b><br \/>\nMiguel de Cervantes<br \/>\n<i>Nouvelles espagnoles<\/i><br \/>\n1775, Tome XII, p. 97-111<br \/>\n(Ann\u00e9e litt\u00e9raire; Mercure de France)<br \/>\n<a href=\"http:\/\/books.google.be\/books?id=NJIUAAAAQAAJ&amp;printsec=frontcover&amp;dq=editions:0qCv5MvfosIxTQW6d&amp;lr=&amp;as_brr=1&amp;hl=fr\" target=\"_blank\" rel=\"noopener\">Acc\u00e9der au volume<\/a> sur <b>GoogleBooks<\/b><\/p>\n<p style=\"text-align: justify;\"><b>751209<\/b><br \/>\nJoseph Priestley<br \/>\n<i>Th\u00e9orie de l&rsquo;esprit humain, fond\u00e9e sur le principe de l&rsquo;association des id\u00e9es, de Hartley, avec des Essais relatifs \u00e0 ce sujet<\/i><br \/>\n1775, Tome XII, p. 112-20<br \/>\n(Critical Review)<br \/>\n<a href=\"http:\/\/books.google.be\/books?id=NJIUAAAAQAAJ&amp;printsec=frontcover&amp;dq=editions:0qCv5MvfosIxTQW6d&amp;lr=&amp;as_brr=1&amp;hl=fr\" target=\"_blank\" rel=\"noopener\">Acc\u00e9der au volume<\/a> sur <b>GoogleBooks<\/b><\/p>\n<p style=\"text-align: justify;\"><b>751210<\/b><br \/>\nPellegrino Guidotti<br \/>\n<i>Histoire des Maures, concernant leur religion, leur gouvernement, leur politique et leurs coutumes, particuli\u00e8rement sous le r\u00e8gne de Muley Isma\u00ebl. Ouvrage tir\u00e9 de l&rsquo;espagnol et fait pour servir d&rsquo;introduction \u00e0 l&rsquo;histoire de la guerre qui subsiste pr\u00e9sentement entre l&rsquo;Espagne et les puissances barbaresques<\/i><br \/>\n1775, Tome XII, p. 121-29<br \/>\n(Novelle Litterarie; Giornale Encyclopedico)<br \/>\n<a href=\"http:\/\/books.google.be\/books?id=NJIUAAAAQAAJ&amp;printsec=frontcover&amp;dq=editions:0qCv5MvfosIxTQW6d&amp;lr=&amp;as_brr=1&amp;hl=fr\" target=\"_blank\" rel=\"noopener\">Acc\u00e9der au volume<\/a> sur <b>GoogleBooks<\/b><\/p>\n<p style=\"text-align: justify;\"><b>751211<\/b><br \/>\nJacques-Antoine-Hippolyte de Guibert<br \/>\n<i>\u00c9loge de Nicolas de Catinat, Mar\u00e9chal de France<\/i><br \/>\n1775, Tome XII, p. 130-50<br \/>\n(Mercure de France; Ann\u00e9e litt\u00e9raire; Affiches de Paris; Journal de Politique et de Litt\u00e9rature; Journal encyclop\u00e9dique; Journal des Dames)<br \/>\n<a href=\"http:\/\/books.google.be\/books?id=NJIUAAAAQAAJ&amp;printsec=frontcover&amp;dq=editions:0qCv5MvfosIxTQW6d&amp;lr=&amp;as_brr=1&amp;hl=fr\" target=\"_blank\" rel=\"noopener\">Acc\u00e9der au volume<\/a> sur <b>GoogleBooks<\/b><\/p>\n<p style=\"text-align: justify;\"><b>751212<\/b><br \/>\nMarc-Ren\u00e9 Sahuguet d&rsquo;Espagnac<br \/>\n<i>\u00c9loge de Nicolas de Catinat, Mar\u00e9chal de France. Discours qui a obtenu le second accessit, au jugement de l&rsquo;Acad\u00e9mie fran\u00e7aise<\/i><br \/>\nAbb\u00e9 du Rouzeau<br \/>\n<i>\u00c9loge de Nicolas de Catinat, Mar\u00e9chal de France, pr\u00e9sent\u00e9 \u00e0 l&rsquo;Acad\u00e9mie fran\u00e7aise; suivi de Notes historiques et morales<\/i><br \/>\nNicolas de Catinat<br \/>\n<i>\u00c9loge du Mar\u00e9chal de Catinat, d\u00e9di\u00e9 \u00e0 lui-m\u00eame. Discours qui n&rsquo;a point concouru pour le Prix de l&rsquo;Acad\u00e9mie fran\u00e7aise<\/i><br \/>\n1775, Tome XII, p. 151-62<br \/>\n<a href=\"http:\/\/books.google.be\/books?id=NJIUAAAAQAAJ&amp;printsec=frontcover&amp;dq=editions:0qCv5MvfosIxTQW6d&amp;lr=&amp;as_brr=1&amp;hl=fr\" target=\"_blank\" rel=\"noopener\">Acc\u00e9der au volume<\/a> sur <b>GoogleBooks<\/b><\/p>\n<p style=\"text-align: justify;\"><b>751213<\/b><br \/>\n<i>D\u00e9couvertes d&rsquo;une m\u00e9thode particuli\u00e8re pour apprendre l&rsquo;anglais en peu de temps; applicable \u00e0 toutes les langue<\/i>s<br \/>\n1775, Tome XII, p. 162-67<br \/>\n(Mercure de France; Ann\u00e9e litt\u00e9raire; Journal des Dames; Journal de politique et de litt\u00e9rature; Journal encyclop\u00e9dique; Affiches de Paris)<br \/>\n<a href=\"http:\/\/books.google.be\/books?id=NJIUAAAAQAAJ&amp;printsec=frontcover&amp;dq=editions:0qCv5MvfosIxTQW6d&amp;lr=&amp;as_brr=1&amp;hl=fr\" target=\"_blank\" rel=\"noopener\">Acc\u00e9der au volume<\/a> sur <b>GoogleBooks<\/b><\/p>\n<p><b>751214<\/b><br \/>\nMaximilien L\u00e9opold Philippe Joseph Gardel<br \/>\n<i>L&rsquo;av\u00e8nement de Titus \u00e0 l&rsquo;Empire, ballet all\u00e9gorique au sujet du couronnement du Roi; d\u00e9di\u00e9 \u00e0 la Reine<\/i><br \/>\n1775, Tome XII, p. 167-76<br \/>\n(Journal des Dames; Mercure de France; Gazette universelle de Litt\u00e9rature)<br \/>\n<a href=\"http:\/\/books.google.be\/books?id=NJIUAAAAQAAJ&amp;printsec=frontcover&amp;dq=editions:0qCv5MvfosIxTQW6d&amp;lr=&amp;as_brr=1&amp;hl=fr\" target=\"_blank\" rel=\"noopener\">Acc\u00e9der au volume<\/a> sur <b>GoogleBooks<\/b><\/p>\n<p style=\"text-align: justify;\"><b>751215<\/b><br \/>\n<i>Causes c\u00e9l\u00e8bres, curieuses et int\u00e9ressantes, de toutes les Cours Souveraines du Royaume, avec les Jugements qui les ont d\u00e9cid\u00e9es<\/i><br \/>\n1775, Tome XII, p. 177-207<br \/>\n<a href=\"http:\/\/books.google.be\/books?id=NJIUAAAAQAAJ&amp;printsec=frontcover&amp;dq=editions:0qCv5MvfosIxTQW6d&amp;lr=&amp;as_brr=1&amp;hl=fr\" target=\"_blank\" rel=\"noopener\">Acc\u00e9der au volume<\/a> sur <b>GoogleBooks<\/b><\/p>\n<p><b>751216<\/b><br \/>\n<i>Catalogue raisonn\u00e9 de la collection des livres de M. Pierre-Antoine Crevenna, N\u00e9gociant \u00e0 Amsterdam<\/i><br \/>\n1775, Tome XII, p. 207-12<br \/>\n<a href=\"http:\/\/books.google.be\/books?id=NJIUAAAAQAAJ&amp;printsec=frontcover&amp;dq=editions:0qCv5MvfosIxTQW6d&amp;lr=&amp;as_brr=1&amp;hl=fr\" target=\"_blank\" rel=\"noopener\">Acc\u00e9der au volume<\/a> sur <b>GoogleBooks<\/b><\/p>\n<p><b>751217<\/b><br \/>\n<i>Dialogue entre Alexandre et Charles XII, aux Champs Elys\u00e9es <\/i><a href=\"http:\/\/www.gedhs.ulg.ac.be\/recherches\/dialogues\/edj751217.html\" target=\"_top\">[MODE TEXTE]<\/a><br \/>\n1775, Tome XII, p. 213-19<br \/>\n(Journal encyclop\u00e9dique)<br \/>\n<a href=\"http:\/\/books.google.be\/books?id=NJIUAAAAQAAJ&amp;printsec=frontcover&amp;dq=editions:0qCv5MvfosIxTQW6d&amp;lr=&amp;as_brr=1&amp;hl=fr\" target=\"_blank\" rel=\"noopener\">Acc\u00e9der au volume<\/a> sur <b>GoogleBooks<\/b><\/p>\n<p><b>751218<\/b><br \/>\nChoquet<br \/>\n<i>Lettre contenant une anecdote sur une des Fables de La Fontaine<\/i><br \/>\n1775, Tome XII, p. 220-23<br \/>\n(Ann\u00e9e litt\u00e9raire)<br \/>\n<a href=\"http:\/\/books.google.be\/books?id=NJIUAAAAQAAJ&amp;printsec=frontcover&amp;dq=editions:0qCv5MvfosIxTQW6d&amp;lr=&amp;as_brr=1&amp;hl=fr\" target=\"_blank\" rel=\"noopener\">Acc\u00e9der au volume<\/a> sur <b>GoogleBooks<\/b><\/p>\n<p><b>751219<\/b>[Antoine-Gaspard Boucher d&rsquo;Argis]\n<i>R\u00e9flexions sur les Principes de la morale<\/i><br \/>\n1775, Tome XII, p. 223-29<br \/>\n<a href=\"http:\/\/books.google.be\/books?id=NJIUAAAAQAAJ&amp;printsec=frontcover&amp;dq=editions:0qCv5MvfosIxTQW6d&amp;lr=&amp;as_brr=1&amp;hl=fr\" target=\"_blank\" rel=\"noopener\">Acc\u00e9der au volume<\/a> sur <b>GoogleBooks<\/b><\/p>\n<p><b>751220<\/b><br \/>\n<i>Courtes r\u00e9flexions adress\u00e9es aux Dames, sur le sort du Beau-Sexe en Asie et en Europe<\/i><br \/>\n1775, Tome XII, p. 229-37<br \/>\n(Journal de Politique et de Litt\u00e9rature)<br \/>\n<a href=\"http:\/\/books.google.be\/books?id=NJIUAAAAQAAJ&amp;printsec=frontcover&amp;dq=editions:0qCv5MvfosIxTQW6d&amp;lr=&amp;as_brr=1&amp;hl=fr\" target=\"_blank\" rel=\"noopener\">Acc\u00e9der au volume<\/a> sur <b>GoogleBooks<\/b><\/p>\n<p><b>751221<\/b><br \/>\nVoltaire<br \/>\n<i>Lettre \u00e0 M. Beguillet, Avocat et Notaire des \u00c9tats de Bourgogne, etc.<\/i><br \/>\n1775, Tome XII, p. 237-38<br \/>\n<a href=\"http:\/\/books.google.be\/books?id=NJIUAAAAQAAJ&amp;printsec=frontcover&amp;dq=editions:0qCv5MvfosIxTQW6d&amp;lr=&amp;as_brr=1&amp;hl=fr\" target=\"_blank\" rel=\"noopener\">Acc\u00e9der au volume<\/a> sur <b>GoogleBooks<\/b><\/p>\n<p><b>751222<\/b><br \/>\nVoltaire<br \/>\n<i>Autre lettre \u00e0 M. le Comte de Sch**<\/i><br \/>\n1775, Tome XII, p. 238-39<br \/>\nJournal encyclop\u00e9dique<br \/>\n<a href=\"http:\/\/books.google.be\/books?id=NJIUAAAAQAAJ&amp;printsec=frontcover&amp;dq=editions:0qCv5MvfosIxTQW6d&amp;lr=&amp;as_brr=1&amp;hl=fr\" target=\"_blank\" rel=\"noopener\">Acc\u00e9der au volume<\/a> sur <b>GoogleBooks<\/b><\/p>\n<p style=\"text-align: justify;\"><b>751223<\/b><br \/>\nVoltaire<br \/>\n<i>Lettre \u00e0 M. le Baron d&rsquo;Espagnac, qui lui avait envoy\u00e9 l&rsquo;\u00c9loge du Mar\u00e9chal de Catinat, fait par M. l&rsquo;Abb\u00e9 d&rsquo;Espagnac, son fils<\/i><br \/>\n1775, Tome XII, p. 240-41<br \/>\n(Journal de Politique et de Litt\u00e9rature)<br \/>\n<a href=\"http:\/\/books.google.be\/books?id=NJIUAAAAQAAJ&amp;printsec=frontcover&amp;dq=editions:0qCv5MvfosIxTQW6d&amp;lr=&amp;as_brr=1&amp;hl=fr\" target=\"_blank\" rel=\"noopener\">Acc\u00e9der au volume<\/a> sur <b>GoogleBooks<\/b><\/p>\n<p><b>751224<\/b><br \/>\nVoltaire<br \/>\n<i>Lettre \u00e0 M. dOigny, qui lui avait envoy\u00e9 son Discours d&rsquo;un N\u00e8gre \u00e0 un Europ\u00e9en<\/i><br \/>\n1775, Tome XII, p. 241-42<br \/>\n(Mercure de France)<br \/>\n<a href=\"http:\/\/books.google.be\/books?id=NJIUAAAAQAAJ&amp;printsec=frontcover&amp;dq=editions:0qCv5MvfosIxTQW6d&amp;lr=&amp;as_brr=1&amp;hl=fr\" target=\"_blank\" rel=\"noopener\">Acc\u00e9der au volume<\/a> sur <b>GoogleBooks<\/b><\/p>\n<p><b>751225<\/b><br \/>\n<i>Traduction d&rsquo;une Pi\u00e8ce de Vers Anglais, ins\u00e9r\u00e9e dans le London Evening Post<\/i><br \/>\n1775, Tome XII, p. 242-43<br \/>\n<a href=\"http:\/\/books.google.be\/books?id=NJIUAAAAQAAJ&amp;printsec=frontcover&amp;dq=editions:0qCv5MvfosIxTQW6d&amp;lr=&amp;as_brr=1&amp;hl=fr\" target=\"_blank\" rel=\"noopener\">Acc\u00e9der au volume<\/a> sur <b>GoogleBooks<\/b><\/p>\n<p><b>751226<\/b><br \/>\nAux femmes joueuses<br \/>\n1775, Tome XII, p. 244-47<br \/>\n(Journal des dames)<br \/>\n<a href=\"http:\/\/books.google.be\/books?id=NJIUAAAAQAAJ&amp;printsec=frontcover&amp;dq=editions:0qCv5MvfosIxTQW6d&amp;lr=&amp;as_brr=1&amp;hl=fr\" target=\"_blank\" rel=\"noopener\">Acc\u00e9der au volume<\/a> sur <b>GoogleBooks<\/b><\/p>\n<p><b>751227<\/b><br \/>\n<i>Lettre adress\u00e9e aux R\u00e9dacteurs de ce Journal, sur une Anecdote ins\u00e9r\u00e9e dans le Volume du mois d&rsquo;Octobre<\/i><br \/>\n1775, Tome XII, p. 247-49<br \/>\n<a href=\"http:\/\/books.google.be\/books?id=NJIUAAAAQAAJ&amp;printsec=frontcover&amp;dq=editions:0qCv5MvfosIxTQW6d&amp;lr=&amp;as_brr=1&amp;hl=fr\" target=\"_blank\" rel=\"noopener\">Acc\u00e9der au volume<\/a> sur <b>GoogleBooks<\/b><\/p>\n<p style=\"text-align: justify;\"><b>751228<\/b><br \/>\nMonlinot<br \/>\n<i>Extrait d&rsquo;une lettre adress\u00e9e aux auteurs du Journal Encyclop\u00e9dique, au sujet d&rsquo;une Anecdote concernant l&rsquo;\u00c9cole de dessin de Lille en Flandres, ins\u00e9r\u00e9e dans l&rsquo;Ann\u00e9e Litt\u00e9raire et dans l&rsquo;Esprit des Journaux, octobre, page 216<\/i><br \/>\n1775, Tome XII, p. 249-52<br \/>\n<a href=\"http:\/\/books.google.be\/books?id=NJIUAAAAQAAJ&amp;printsec=frontcover&amp;dq=editions:0qCv5MvfosIxTQW6d&amp;lr=&amp;as_brr=1&amp;hl=fr\" target=\"_blank\" rel=\"noopener\">Acc\u00e9der au volume<\/a> sur <b>GoogleBooks<\/b><\/p>\n<p><b>751229<\/b><br \/>\nThurcot<br \/>\n<i>Lettre \u00e0 l&rsquo;auteur du Journal de politique et de litt\u00e9rature<\/i><br \/>\n1775, Tome XII, p. 252-54<br \/>\n<a href=\"http:\/\/books.google.be\/books?id=NJIUAAAAQAAJ&amp;printsec=frontcover&amp;dq=editions:0qCv5MvfosIxTQW6d&amp;lr=&amp;as_brr=1&amp;hl=fr\" target=\"_blank\" rel=\"noopener\">Acc\u00e9der au volume<\/a> sur <b>GoogleBooks<\/b><\/p>\n<p style=\"text-align: justify;\"><b>751230<\/b><br \/>\n<i>Suite du Pr\u00e9cis des Pi\u00e8ces imprim\u00e9es qui ont concouru pour le Prix de Po\u00e9sie de l&rsquo;Acad\u00e9mie fran\u00e7aise en 1775<\/i><br \/>\n1775, Tome XII, p. 255<br \/>\n<a href=\"http:\/\/books.google.be\/books?id=NJIUAAAAQAAJ&amp;printsec=frontcover&amp;dq=editions:0qCv5MvfosIxTQW6d&amp;lr=&amp;as_brr=1&amp;hl=fr\" target=\"_blank\" rel=\"noopener\">Acc\u00e9der au volume<\/a> sur <b>GoogleBooks<\/b><\/p>\n<p><b>751231<\/b><br \/>\nDoigny du Ponceau<br \/>\nDiscours d&rsquo;un N\u00e8gre \u00e0 un Europ\u00e9en, Pi\u00e8ce qui a concouru pour le prix de l&rsquo;Acad\u00e9mie Fran\u00e7aise<br \/>\n1775, Tome XII, p. 255-59<br \/>\n<a href=\"http:\/\/books.google.be\/books?id=NJIUAAAAQAAJ&amp;printsec=frontcover&amp;dq=editions:0qCv5MvfosIxTQW6d&amp;lr=&amp;as_brr=1&amp;hl=fr\" target=\"_blank\" rel=\"noopener\">Acc\u00e9der au volume<\/a> sur <b>GoogleBooks<\/b><\/p>\n<p><b>751232<\/b><br \/>\nM. de Vollange<br \/>\n<i>Les Beaux-Arts, po\u00e8me qui a concouru pour le Prix de Po\u00e9sie de l&rsquo;Acad\u00e9mie Fran\u00e7aise<\/i><br \/>\n1775, Tome XII, p. 259-66<br \/>\n<a href=\"http:\/\/books.google.be\/books?id=NJIUAAAAQAAJ&amp;printsec=frontcover&amp;dq=editions:0qCv5MvfosIxTQW6d&amp;lr=&amp;as_brr=1&amp;hl=fr\" target=\"_blank\" rel=\"noopener\">Acc\u00e9der au volume<\/a> sur <b>GoogleBooks<\/b><\/p>\n<p style=\"text-align: justify;\"><b>751233<\/b><br \/>\nPierre-Nicolas Andr\u00e9-Murville<br \/>\n<i>\u00c9p\u00eetre sur les avantages des femmes de trente ans; Pi\u00e8ce qui a concouru pour le Prix de l&rsquo;Acad\u00e9mie fran\u00e7aise<\/i><br \/>\n1775, Tome XII, p. 266-69<br \/>\n<a href=\"http:\/\/books.google.be\/books?id=NJIUAAAAQAAJ&amp;printsec=frontcover&amp;dq=editions:0qCv5MvfosIxTQW6d&amp;lr=&amp;as_brr=1&amp;hl=fr\" target=\"_blank\" rel=\"noopener\">Acc\u00e9der au volume<\/a> sur <b>GoogleBooks<\/b><\/p>\n<p><b>751234<\/b><br \/>\n\u00c9lisabeth Guibert<br \/>\n<i>Les Phil\u00e9niens ou le Patriotisme, Po\u00e8me qui a concouru pour le prix de l&rsquo;Acad\u00e9mie Fran\u00e7aise<\/i><br \/>\n1775, Tome XII, p. 269-71<br \/>\n<a href=\"http:\/\/books.google.be\/books?id=NJIUAAAAQAAJ&amp;printsec=frontcover&amp;dq=editions:0qCv5MvfosIxTQW6d&amp;lr=&amp;as_brr=1&amp;hl=fr\" target=\"_blank\" rel=\"noopener\">Acc\u00e9der au volume<\/a> sur <b>GoogleBooks<\/b><\/p>\n<p><b>751235<\/b>[Antoine-Gaspard Boucher d&rsquo;Argis]\n<i>\u00c9p\u00eetre \u00e0 Montesquieu<\/i><br \/>\n1775, Tome XII, p. 272-75<br \/>\n<a href=\"http:\/\/books.google.be\/books?id=NJIUAAAAQAAJ&amp;printsec=frontcover&amp;dq=editions:0qCv5MvfosIxTQW6d&amp;lr=&amp;as_brr=1&amp;hl=fr\" target=\"_blank\" rel=\"noopener\">Acc\u00e9der au volume<\/a> sur <b>GoogleBooks<\/b><\/p>\n<p><b>751236<\/b><br \/>\nNicolas-Louis Fran\u00e7ois de Neufch\u00e2teau<br \/>\n<i>\u00c9p\u00eetre \u00e0 Madame de\u2026 Qui voulait que je fisse des vers pour elle<\/i><br \/>\n1775, Tome XII, p. 275-78<br \/>\n<a href=\"http:\/\/books.google.be\/books?id=NJIUAAAAQAAJ&amp;printsec=frontcover&amp;dq=editions:0qCv5MvfosIxTQW6d&amp;lr=&amp;as_brr=1&amp;hl=fr\" target=\"_blank\" rel=\"noopener\">Acc\u00e9der au volume<\/a> sur <b>GoogleBooks<\/b><\/p>\n<p><b>751237<\/b><br \/>\nNicolas-Louis Fran\u00e7ois de Neufch\u00e2teau<br \/>\n<i>\u00c9p\u00eetre \u00e0 un ami, Qui prenait le parti du Barreau, et qui avait \u00e9crit pour la d\u00e9fense des Serfs de Saint-Claude<\/i><br \/>\n1775, Tome XII, p. 278-80<br \/>\n<a href=\"http:\/\/books.google.be\/books?id=NJIUAAAAQAAJ&amp;printsec=frontcover&amp;dq=editions:0qCv5MvfosIxTQW6d&amp;lr=&amp;as_brr=1&amp;hl=fr\" target=\"_blank\" rel=\"noopener\">Acc\u00e9der au volume<\/a> sur <b>GoogleBooks<\/b><\/p>\n<p><b>751238<\/b><br \/>\nJean-Jacques Fillassier<br \/>\n<i>Vers adress\u00e9s \u00e0 Mlle. de J***** de P*****, en lui pr\u00e9sentant l&rsquo;ouvrage intitul\u00e9 : Eraste, ou l&rsquo;Ami de la Jeunesse<\/i><br \/>\n1775, Tome XII, p. 281<br \/>\n<a href=\"http:\/\/books.google.be\/books?id=NJIUAAAAQAAJ&amp;printsec=frontcover&amp;dq=editions:0qCv5MvfosIxTQW6d&amp;lr=&amp;as_brr=1&amp;hl=fr\" target=\"_blank\" rel=\"noopener\">Acc\u00e9der au volume<\/a> sur <b>GoogleBooks<\/b><\/p>\n<p><b>751239<\/b><br \/>\nJean-Charles de Relongue de La Loupti\u00e8re<br \/>\n<i>Impromptu sur la nomination de Monseigneur le Comte de Saint-Germain \u00e0 la place du Ministre d&rsquo;\u00c9tat au D\u00e9partement de la Guerre<\/i><br \/>\n1775, Tome XII, p. 282<br \/>\n<a href=\"http:\/\/books.google.be\/books?id=NJIUAAAAQAAJ&amp;printsec=frontcover&amp;dq=editions:0qCv5MvfosIxTQW6d&amp;lr=&amp;as_brr=1&amp;hl=fr\" target=\"_blank\" rel=\"noopener\">Acc\u00e9der au volume<\/a> sur <b>GoogleBooks<\/b><\/p>\n<\/div><div class=\"fusion-clearfix\"><\/div><\/div><\/div><\/div><\/div>\n","protected":false},"excerpt":{"rendered":"","protected":false},"author":2,"featured_media":0,"parent":0,"menu_order":0,"comment_status":"closed","ping_status":"closed","template":"","meta":{"footnotes":""},"class_list":["post-3730","page","type-page","status-publish","hentry"],"_links":{"self":[{"href":"http:\/\/web.philo.ulg.ac.be\/gedhsr\/wp-json\/wp\/v2\/pages\/3730","targetHints":{"allow":["GET"]}}],"collection":[{"href":"http:\/\/web.philo.ulg.ac.be\/gedhsr\/wp-json\/wp\/v2\/pages"}],"about":[{"href":"http:\/\/web.philo.ulg.ac.be\/gedhsr\/wp-json\/wp\/v2\/types\/page"}],"author":[{"embeddable":true,"href":"http:\/\/web.philo.ulg.ac.be\/gedhsr\/wp-json\/wp\/v2\/users\/2"}],"replies":[{"embeddable":true,"href":"http:\/\/web.philo.ulg.ac.be\/gedhsr\/wp-json\/wp\/v2\/comments?post=3730"}],"version-history":[{"count":2,"href":"http:\/\/web.philo.ulg.ac.be\/gedhsr\/wp-json\/wp\/v2\/pages\/3730\/revisions"}],"predecessor-version":[{"id":5704,"href":"http:\/\/web.philo.ulg.ac.be\/gedhsr\/wp-json\/wp\/v2\/pages\/3730\/revisions\/5704"}],"wp:attachment":[{"href":"http:\/\/web.philo.ulg.ac.be\/gedhsr\/wp-json\/wp\/v2\/media?parent=3730"}],"curies":[{"name":"wp","href":"https:\/\/api.w.org\/{rel}","templated":true}]}}