{"id":3734,"date":"2014-04-23T14:52:13","date_gmt":"2014-04-23T12:52:13","guid":{"rendered":"http:\/\/web.philo.ulg.ac.be\/gedhsr\/?page_id=3734"},"modified":"2019-12-18T10:27:37","modified_gmt":"2019-12-18T08:27:37","slug":"annee-1777","status":"publish","type":"page","link":"http:\/\/web.philo.ulg.ac.be\/gedhsr\/annee-1777\/","title":{"rendered":"Ann\u00e9e 1777"},"content":{"rendered":"<div class=\"fusion-fullwidth fullwidth-box fusion-builder-row-1 nonhundred-percent-fullwidth non-hundred-percent-height-scrolling\" style=\"background-color: #ffffff;background-position: center center;background-repeat: no-repeat;padding-top:0px;padding-right:0px;padding-bottom:0px;padding-left:0px;margin-bottom: 0px;margin-top: 0px;border-width: 0px 0px 0px 0px;border-color:#eae9e9;border-style:solid;\" ><div class=\"fusion-builder-row fusion-row\"><div class=\"fusion-layout-column fusion_builder_column fusion-builder-column-0 fusion_builder_column_1_1 1_1 fusion-one-full fusion-column-first fusion-column-last\" style=\"margin-top:0px;margin-bottom:0px;\"><div class=\"fusion-column-wrapper fusion-flex-column-wrapper-legacy\" style=\"background-position:left top;background-repeat:no-repeat;-webkit-background-size:cover;-moz-background-size:cover;-o-background-size:cover;background-size:cover;padding: 0px 0px 0px 0px;\"><style type=\"text\/css\"><\/style><div class=\"fusion-title title fusion-title-1 sep-underline sep-solid fusion-title-text fusion-title-size-one\" style=\"border-bottom-color:#00843b;margin-top:0px;margin-right:0px;margin-bottom:70px;margin-left:0px;\"><h1 class=\"title-heading-left fusion-responsive-typography-calculated\" style=\"margin:0;--fontSize:42;line-height:1;\">Ann\u00e9e 1977<\/h1><\/div><div class=\"fusion-text fusion-text-1\"><p style=\"text-align: justify;\"><b>770101<\/b><br \/>\n<i>Nouveaux m\u00e9moires de l&rsquo;Acad\u00e9mie royale des Sciences et Belles-Lettres (de Berlin), Ann\u00e9e 1774. Avec l&rsquo;histoire pour la m\u00eame ann\u00e9e<\/i><br \/>\nJanvier 1777, Tome I, p. 3-40<br \/>\n(Journal encyclop\u00e9dique; Gazette universelle de Litt\u00e9rature)<br \/>\n<a href=\"http:\/\/books.google.be\/books?id=g5MUAAAAQAAJ&amp;printsec=titlepage&amp;dq=intitle:esprit+des+date:1776-1777&amp;lr=&amp;as_brr=1&amp;hl=fr&amp;source=gbs_summary_r&amp;cad=0\" target=\"_blank\" rel=\"noopener\">Acc\u00e9der au volume<\/a> sur <b>GoogleBooks<\/b><\/p>\n<p><b>770102<\/b><br \/>\nEobald Toze<br \/>\n<i>Don Carlos, &amp;c. Don Carlos et Alexis, Luynes et Buckingham<\/i><br \/>\nJanvier 1777, Tome I, p. 40-45<br \/>\n(Gazette universelle de Litt\u00e9rature)<br \/>\n<a href=\"http:\/\/books.google.be\/books?id=g5MUAAAAQAAJ&amp;printsec=titlepage&amp;dq=intitle:esprit+des+date:1776-1777&amp;lr=&amp;as_brr=1&amp;hl=fr&amp;source=gbs_summary_r&amp;cad=0\" target=\"_blank\" rel=\"noopener\">Acc\u00e9der au volume<\/a> sur <b>GoogleBooks<\/b><\/p>\n<p style=\"text-align: justify;\"><b>770103<\/b><br \/>\nNicolas Masson de Morvilliers<br \/>\n<i>Abr\u00e9g\u00e9 \u00e9l\u00e9mentaire de la g\u00e9ographie universelle de l&rsquo;Espagne et du Portugal, dans lequel on trouve tout ce que ces royaumes renferment de plus curieux dans la min\u00e9ralogie, la m\u00e9tallurgie, les arts, les manufactures, le commerce, l&rsquo;histoire naturelle, les eaux min\u00e9rales, les productions du terroir, les antiquit\u00e9s, etc.<\/i><br \/>\nJanvier 1777, Tome I, p. 46-59<br \/>\n(Affiches et annonces de Paris; Gazette universelle de Litt\u00e9rature; Journal encyclop\u00e9dique)<br \/>\n<a href=\"http:\/\/books.google.be\/books?id=g5MUAAAAQAAJ&amp;printsec=titlepage&amp;dq=intitle:esprit+des+date:1776-1777&amp;lr=&amp;as_brr=1&amp;hl=fr&amp;source=gbs_summary_r&amp;cad=0\" target=\"_blank\" rel=\"noopener\">Acc\u00e9der au volume<\/a> sur <b>GoogleBooks<\/b><\/p>\n<p><b>770104<\/b><br \/>\nLouis George Oudard Feudrix de Brequigny<br \/>\n<i>Table chronologique des dipl\u00f4mes, chartes, titres et actes imprim\u00e9s, concernant l&rsquo;Histoire de France<\/i><br \/>\nJanvier 1777, Tome I, p. 60-68<br \/>\n(Journal des savants)<br \/>\n<a href=\"http:\/\/books.google.be\/books?id=g5MUAAAAQAAJ&amp;printsec=titlepage&amp;dq=intitle:esprit+des+date:1776-1777&amp;lr=&amp;as_brr=1&amp;hl=fr&amp;source=gbs_summary_r&amp;cad=0\" target=\"_blank\" rel=\"noopener\">Acc\u00e9der au volume<\/a> sur <b>GoogleBooks<\/b><\/p>\n<p><b>770105<\/b><br \/>\n<i>Familien Geschichte, etc. Histoire de famille et aventures surprenantes du Gentilhomme Ferdinand de Thon<\/i><br \/>\nJanvier 1777, Tome I, p. 68-72<br \/>\n(Gazette universelle de Litt\u00e9rature)<br \/>\n<a href=\"http:\/\/books.google.be\/books?id=g5MUAAAAQAAJ&amp;printsec=titlepage&amp;dq=intitle:esprit+des+date:1776-1777&amp;lr=&amp;as_brr=1&amp;hl=fr&amp;source=gbs_summary_r&amp;cad=0\" target=\"_blank\" rel=\"noopener\">Acc\u00e9der au volume<\/a> sur <b>GoogleBooks<\/b><\/p>\n<p><b>770106<\/b>[Jackson Barwis]\n<i>Three Dialogues, etc. Trois dialogues sur la libert\u00e9<\/i><br \/>\nJanvier 1777, Tome I, p. 72-82<br \/>\n(Monthly review)<br \/>\n<a href=\"http:\/\/books.google.be\/books?id=g5MUAAAAQAAJ&amp;printsec=titlepage&amp;dq=intitle:esprit+des+date:1776-1777&amp;lr=&amp;as_brr=1&amp;hl=fr&amp;source=gbs_summary_r&amp;cad=0\" target=\"_blank\" rel=\"noopener\">Acc\u00e9der au volume<\/a> sur <b>GoogleBooks<\/b><\/p>\n<p style=\"text-align: justify;\"><b>770107<\/b><br \/>\nPline l&rsquo;Ancien<br \/>\n<i>Histoire naturelle, traduite en fran\u00e7ais, avec le texte latin, r\u00e9tabli d&rsquo;apr\u00e8s les meilleures le\u00e7ons manuscrites ; accompagn\u00e9es de Notes critiques pour l&rsquo;\u00e9claircissement du texte, et d&rsquo;observations sur les connaissances des Anciens, compar\u00e9es avec les d\u00e9couvertes modernes<\/i><br \/>\nJanvier 1777, Tome I, p. 83-100<br \/>\n(Ann\u00e9e litt\u00e9raire; Mercure de France)<br \/>\n<a href=\"http:\/\/books.google.be\/books?id=g5MUAAAAQAAJ&amp;printsec=titlepage&amp;dq=intitle:esprit+des+date:1776-1777&amp;lr=&amp;as_brr=1&amp;hl=fr&amp;source=gbs_summary_r&amp;cad=0\" target=\"_blank\" rel=\"noopener\">Acc\u00e9der au volume<\/a> sur <b>GoogleBooks<\/b><\/p>\n<p><b>770108<\/b><br \/>\nFrancesco Albergati Capacelli<br \/>\n<i>Il nuovo Teatro Comico, &amp;c. Nouveaux th\u00e9\u00e2tre comique, avec quelques trag\u00e9dies, traduites par lui. Tom. III et IV<\/i><br \/>\nJanvier 1777, Tome I, p. 101-08<br \/>\n(Giornale enciclopedico)<br \/>\n<a href=\"http:\/\/books.google.be\/books?id=g5MUAAAAQAAJ&amp;printsec=titlepage&amp;dq=intitle:esprit+des+date:1776-1777&amp;lr=&amp;as_brr=1&amp;hl=fr&amp;source=gbs_summary_r&amp;cad=0\" target=\"_blank\" rel=\"noopener\">Acc\u00e9der au volume<\/a> sur <b>GoogleBooks<\/b><\/p>\n<p style=\"text-align: justify;\"><b>770109<\/b><br \/>\nPineau<br \/>\n<i>M\u00e9moire sur le danger des inhumations pr\u00e9cipit\u00e9es, sur la n\u00e9cessit\u00e9 d&rsquo;un r\u00e8glement pour mettre les citoyens \u00e0 l&rsquo;abri du malheur d&rsquo;\u00eatre enterr\u00e9s vivants ; dans lequel on rapporte des observations de personnes enterr\u00e9es vivantes<\/i><br \/>\nJanvier 1777, Tome I, p. 108-18<br \/>\n(Journal encyclop\u00e9dique; Mercure de France; Gazette universelle de Litt\u00e9rature)<br \/>\n<a href=\"http:\/\/books.google.be\/books?id=g5MUAAAAQAAJ&amp;printsec=titlepage&amp;dq=intitle:esprit+des+date:1776-1777&amp;lr=&amp;as_brr=1&amp;hl=fr&amp;source=gbs_summary_r&amp;cad=0\" target=\"_blank\" rel=\"noopener\">Acc\u00e9der au volume<\/a> sur <b>GoogleBooks<\/b><\/p>\n<p style=\"text-align: justify;\"><b>770110<\/b><br \/>\nJohann Tobias Carrach<br \/>\n<i>Rechtliche Utheile, &amp;c. Sentences juridiques dans des cas punissables, rendues au nom de la facult\u00e9 de droit de Halle<\/i><br \/>\nJanvier 1777, Tome I, p. 119-22<br \/>\n(Gazette universelle de Litt\u00e9rature)<br \/>\n<a href=\"http:\/\/books.google.be\/books?id=g5MUAAAAQAAJ&amp;printsec=titlepage&amp;dq=intitle:esprit+des+date:1776-1777&amp;lr=&amp;as_brr=1&amp;hl=fr&amp;source=gbs_summary_r&amp;cad=0\" target=\"_blank\" rel=\"noopener\">Acc\u00e9der au volume<\/a> sur <b>GoogleBooks<\/b><\/p>\n<p style=\"text-align: justify;\"><b>770111<\/b>[Pierre-Jean-Baptiste Nougaret]\n<i>Anecdotes des Beaux-Arts, contenant tout ce que la peinture, la sculpture, la gravure, l&rsquo;architecture, la litt\u00e9rature, la musique, etc. et la vie des artistes offrant de plus curieux et de plus piquant chez tous les peuples du monde, depuis l&rsquo;origine de ces diff\u00e9rents arts jusqu&rsquo;\u00e0 nos jours ; ouvrage qui facilite d&rsquo;une mani\u00e8re aussi instructive qu&rsquo;amusante, la connaissance des arts, en trace les progr\u00e8s et la d\u00e9cadence parmi les nations qui les ont cultiv\u00e9es ; et dans lequel on trouve un grand nombre de traits int\u00e9ressants qui n&rsquo;avaient point encore \u00e9t\u00e9 publi\u00e9s ; avec des notes historiques et critiques, et des tables raisonn\u00e9es, o\u00f9 l&rsquo;on appr\u00e9cie en peu de mots les artistes et les auteurs dont on a rapport\u00e9 les anecdotes<\/i><br \/>\nJanvier 1777, Tome I, p. 123-36<br \/>\n(Ann\u00e9e litt\u00e9raire; Mercure de France; Affiches et annonces de Paris)<br \/>\n<a href=\"http:\/\/books.google.be\/books?id=g5MUAAAAQAAJ&amp;printsec=titlepage&amp;dq=intitle:esprit+des+date:1776-1777&amp;lr=&amp;as_brr=1&amp;hl=fr&amp;source=gbs_summary_r&amp;cad=0\" target=\"_blank\" rel=\"noopener\">Acc\u00e9der au volume<\/a> sur <b>GoogleBooks<\/b><\/p>\n<p><b>770112<\/b><br \/>\n<i>Pi\u00e8ces concernant l&rsquo;\u00e9tablissement fait par le Roi, d&rsquo;une commission ou soci\u00e9t\u00e9 et correspondance de m\u00e9decine<\/i><br \/>\nJanvier 1777, Tome I, p. 137-41<br \/>\n(Journal de politique et de litt\u00e9rature; Gazette universelle de Litt\u00e9rature)<br \/>\n<a href=\"http:\/\/books.google.be\/books?id=g5MUAAAAQAAJ&amp;printsec=titlepage&amp;dq=intitle:esprit+des+date:1776-1777&amp;lr=&amp;as_brr=1&amp;hl=fr&amp;source=gbs_summary_r&amp;cad=0\" target=\"_blank\" rel=\"noopener\">Acc\u00e9der au volume<\/a> sur <b>GoogleBooks<\/b><\/p>\n<p><b>770113<\/b><br \/>\n<i>A short history, etc. Courte histoire des Anglais dans les Indes orientales<\/i><br \/>\nJanvier 1777, Tome I, p. 141-58<br \/>\n(Critical review; Monthly review)<br \/>\n<a href=\"http:\/\/books.google.be\/books?id=g5MUAAAAQAAJ&amp;printsec=titlepage&amp;dq=intitle:esprit+des+date:1776-1777&amp;lr=&amp;as_brr=1&amp;hl=fr&amp;source=gbs_summary_r&amp;cad=0\" target=\"_blank\" rel=\"noopener\">Acc\u00e9der au volume<\/a> sur <b>GoogleBooks<\/b><\/p>\n<p style=\"text-align: justify;\"><b>770114<\/b><br \/>\nPaul-Philippe Gudin de la Brenellerie<br \/>\n<i>Caius-Marcius Coriolan, ou le danger d&rsquo;offenser un grand homme, trag\u00e9die ; repr\u00e9sent\u00e9e pour la premi\u00e8re fois sur le th\u00e9\u00e2tre de la Com\u00e9die fran\u00e7aise aux Tuileries<\/i><br \/>\nJanvier 1777, Tome I, p. 158-77<br \/>\n(Ann\u00e9e litt\u00e9raire; Gazette universelle de Litt\u00e9rature; Journal encyclop\u00e9dique; Journal de politique et de litt\u00e9rature; Affiches et annonces de Paris)<br \/>\n<a href=\"http:\/\/books.google.be\/books?id=g5MUAAAAQAAJ&amp;printsec=titlepage&amp;dq=intitle:esprit+des+date:1776-1777&amp;lr=&amp;as_brr=1&amp;hl=fr&amp;source=gbs_summary_r&amp;cad=0\" target=\"_blank\" rel=\"noopener\">Acc\u00e9der au volume<\/a> sur <b>GoogleBooks<\/b><\/p>\n<p><b>770115<\/b><br \/>\n<i>Rossei w&rsquo; Archipelaghie, &amp;c. Les Russes dans l&rsquo;Archipel, drame en trois actes et en vers alexandrins<\/i><br \/>\nJanvier 1777, Tome I, p. 178-81<br \/>\n(Gazette universelle de Litt\u00e9rature)<br \/>\n<a href=\"http:\/\/books.google.be\/books?id=g5MUAAAAQAAJ&amp;printsec=titlepage&amp;dq=intitle:esprit+des+date:1776-1777&amp;lr=&amp;as_brr=1&amp;hl=fr&amp;source=gbs_summary_r&amp;cad=0\" target=\"_blank\" rel=\"noopener\">Acc\u00e9der au volume<\/a> sur <b>GoogleBooks<\/b><\/p>\n<p style=\"text-align: justify;\"><b>770116<\/b><br \/>\nLazzaro Spallanzani<br \/>\n<i>Opuscuoli di Fisica animale, etc. Opuscules de Physique animale et v\u00e9g\u00e9tale ; avec quelques lettres relatives \u00e0 ces opuscules, \u00e9crites \u00e0 l&rsquo;auteur par M. Bonnet de Gen\u00e8ve, et d&rsquo;autres savants<\/i><br \/>\nJanvier 1777, Tome I, p. 182-91<br \/>\n(Efemeridi di Roma)<br \/>\n<a href=\"http:\/\/books.google.be\/books?id=g5MUAAAAQAAJ&amp;printsec=titlepage&amp;dq=intitle:esprit+des+date:1776-1777&amp;lr=&amp;as_brr=1&amp;hl=fr&amp;source=gbs_summary_r&amp;cad=0\" target=\"_blank\" rel=\"noopener\">Acc\u00e9der au volume<\/a> sur <b>GoogleBooks<\/b><\/p>\n<p style=\"text-align: justify;\"><b>770117<\/b><br \/>\n<i>Causes c\u00e9l\u00e8bres, curieuses et int\u00e9ressantes, de toutes les cours souveraines du Royaume, avec les jugements qui les ont d\u00e9cid\u00e9es. Tome XXIII<\/i><br \/>\nJanvier 1777, Tome I, p. 192-208<br \/>\n<a href=\"http:\/\/books.google.be\/books?id=g5MUAAAAQAAJ&amp;printsec=titlepage&amp;dq=intitle:esprit+des+date:1776-1777&amp;lr=&amp;as_brr=1&amp;hl=fr&amp;source=gbs_summary_r&amp;cad=0\" target=\"_blank\" rel=\"noopener\">Acc\u00e9der au volume<\/a> sur <b>GoogleBooks<\/b><\/p>\n<p><b>770118<\/b><br \/>\n<i>Recherches historiques sur la liturgie sacr\u00e9e<\/i><br \/>\nJanvier 1777, Tome I, p. 209-20<br \/>\n(Journal eccl\u00e9siastique)<br \/>\nliturgie sacr\u00e9e, 770118<br \/>\n<a href=\"http:\/\/books.google.be\/books?id=g5MUAAAAQAAJ&amp;printsec=titlepage&amp;dq=intitle:esprit+des+date:1776-1777&amp;lr=&amp;as_brr=1&amp;hl=fr&amp;source=gbs_summary_r&amp;cad=0\" target=\"_blank\" rel=\"noopener\">Acc\u00e9der au volume<\/a> sur <b>GoogleBooks<\/b><\/p>\n<p><b>770119<\/b><br \/>\n<i>Anecdote concernant la mort de Charles XII, Roi de Su\u00e8de<\/i><br \/>\nJanvier 1777, Tome I, p. 220-22<br \/>\n(Journal de politique et de litt\u00e9rature)<br \/>\n<a href=\"http:\/\/books.google.be\/books?id=g5MUAAAAQAAJ&amp;printsec=titlepage&amp;dq=intitle:esprit+des+date:1776-1777&amp;lr=&amp;as_brr=1&amp;hl=fr&amp;source=gbs_summary_r&amp;cad=0\" target=\"_blank\" rel=\"noopener\">Acc\u00e9der au volume<\/a> sur <b>GoogleBooks<\/b><\/p>\n<p><b>770120<\/b><br \/>\n<i>IIIe Lettre de H. Wantonskoff, Russe, \u00e0 un de ses amis \u00e0 Moscou, traduite de l&rsquo;anglais<\/i><br \/>\nJanvier 1777, Tome I, p. 223-27<br \/>\n(Journal anglais)<br \/>\n<a href=\"http:\/\/books.google.be\/books?id=g5MUAAAAQAAJ&amp;printsec=titlepage&amp;dq=intitle:esprit+des+date:1776-1777&amp;lr=&amp;as_brr=1&amp;hl=fr&amp;source=gbs_summary_r&amp;cad=0\" target=\"_blank\" rel=\"noopener\">Acc\u00e9der au volume<\/a> sur <b>GoogleBooks<\/b><\/p>\n<p><b>770121<\/b><br \/>\n<i>\u00c0 Monsieur*** contentant quelques anecdotes de la vie de l&rsquo;auteur de la Henriade<\/i><br \/>\nJanvier 1777, Tome I, p. 227-39<br \/>\n(Mercure de France)<br \/>\n<a href=\"http:\/\/books.google.be\/books?id=g5MUAAAAQAAJ&amp;printsec=titlepage&amp;dq=intitle:esprit+des+date:1776-1777&amp;lr=&amp;as_brr=1&amp;hl=fr&amp;source=gbs_summary_r&amp;cad=0\" target=\"_blank\" rel=\"noopener\">Acc\u00e9der au volume<\/a> sur <b>GoogleBooks<\/b><\/p>\n<p><b>770122<\/b><br \/>\n<i>Extrait d&rsquo;un \u00e9loge de Monsignor Michel-Ange Giacomelli, compos\u00e9 par M. Antoine Matani, &amp;c. Traduit de l&rsquo;italien<\/i><br \/>\nJanvier 1777, Tome I, p. 239-42<br \/>\n(Novelle Letterarie)<br \/>\n<a href=\"http:\/\/books.google.be\/books?id=g5MUAAAAQAAJ&amp;printsec=titlepage&amp;dq=intitle:esprit+des+date:1776-1777&amp;lr=&amp;as_brr=1&amp;hl=fr&amp;source=gbs_summary_r&amp;cad=0\" target=\"_blank\" rel=\"noopener\">Acc\u00e9der au volume<\/a> sur <b>GoogleBooks<\/b><\/p>\n<p><b>770123<\/b><br \/>\n<i>Extrait d&rsquo;une lettre de M. l&rsquo;Abb\u00e9 Bianchi, aux r\u00e9dacteurs des Novelle Letterarie. \u00c9crite au commencement de l&rsquo;ann\u00e9e derni\u00e8re<\/i><br \/>\nJanvier 1777, Tome I, p. 243-44<br \/>\n(Novelle Letterarie)<br \/>\n<a href=\"http:\/\/books.google.be\/books?id=g5MUAAAAQAAJ&amp;printsec=titlepage&amp;dq=intitle:esprit+des+date:1776-1777&amp;lr=&amp;as_brr=1&amp;hl=fr&amp;source=gbs_summary_r&amp;cad=0\" target=\"_blank\" rel=\"noopener\">Acc\u00e9der au volume<\/a> sur <b>GoogleBooks<\/b><\/p>\n<p><b>770124<\/b><br \/>\n<i>Extrait d&rsquo;une autre lettre du m\u00eame [abb\u00e9 Bianchi], \u00e9crite de Hambourg au mois de juin de l&rsquo;ann\u00e9e derni\u00e8re<\/i><br \/>\nJanvier 1777, Tome I, p. 244<br \/>\n(Novelle Letterarie)<br \/>\n<a href=\"http:\/\/books.google.be\/books?id=g5MUAAAAQAAJ&amp;printsec=titlepage&amp;dq=intitle:esprit+des+date:1776-1777&amp;lr=&amp;as_brr=1&amp;hl=fr&amp;source=gbs_summary_r&amp;cad=0\" target=\"_blank\" rel=\"noopener\">Acc\u00e9der au volume<\/a> sur <b>GoogleBooks<\/b><\/p>\n<p><b>770125<\/b><br \/>\nMarquis de C***<br \/>\n<i>Lettre \u00e0 M. de La Harpe<\/i><br \/>\nJanvier 1777, Tome I, p. 245-50<br \/>\n(Journal de Politique et de Litt\u00e9rature)<br \/>\n<a href=\"http:\/\/books.google.be\/books?id=g5MUAAAAQAAJ&amp;printsec=titlepage&amp;dq=intitle:esprit+des+date:1776-1777&amp;lr=&amp;as_brr=1&amp;hl=fr&amp;source=gbs_summary_r&amp;cad=0\" target=\"_blank\" rel=\"noopener\">Acc\u00e9der au volume<\/a> sur <b>GoogleBooks<\/b><\/p>\n<p><b>770126<\/b><br \/>\n<i>Lettre \u00e0 un journaliste de Londres, sur les explications diff\u00e9rentes que M. Bryant et son critique ont donn\u00e9es des m\u00e9dailles d&rsquo;Apam\u00e9e<\/i><br \/>\nJanvier 1777, Tome I, p. 250-56<br \/>\n<a href=\"http:\/\/books.google.be\/books?id=g5MUAAAAQAAJ&amp;printsec=titlepage&amp;dq=intitle:esprit+des+date:1776-1777&amp;lr=&amp;as_brr=1&amp;hl=fr&amp;source=gbs_summary_r&amp;cad=0\" target=\"_blank\" rel=\"noopener\">Acc\u00e9der au volume<\/a> sur <b>GoogleBooks<\/b><\/p>\n<p><b>770127<\/b><br \/>\nMarteau<br \/>\nTyrcis et \u00c9gl\u00e9. Idylle<br \/>\nJanvier 1777, Tome I, p. 257-59<br \/>\n<a href=\"http:\/\/books.google.be\/books?id=g5MUAAAAQAAJ&amp;printsec=titlepage&amp;dq=intitle:esprit+des+date:1776-1777&amp;lr=&amp;as_brr=1&amp;hl=fr&amp;source=gbs_summary_r&amp;cad=0\" target=\"_blank\" rel=\"noopener\">Acc\u00e9der au volume<\/a> sur <b>GoogleBooks<\/b><\/p>\n<p><b>770128<\/b><br \/>\nVoltaire<br \/>\n<i>Vers de M. de Voltaire \u00e0 Mdme la Marquise du Ch\u00e2telet, sur sa liaison avec M. de Maupertuis<\/i><br \/>\nJanvier 1777, Tome I, p. 260<br \/>\n(Journal de Litt\u00e9rature)<br \/>\n<a href=\"http:\/\/books.google.be\/books?id=g5MUAAAAQAAJ&amp;printsec=titlepage&amp;dq=intitle:esprit+des+date:1776-1777&amp;lr=&amp;as_brr=1&amp;hl=fr&amp;source=gbs_summary_r&amp;cad=0\" target=\"_blank\" rel=\"noopener\">Acc\u00e9der au volume<\/a> sur <b>GoogleBooks<\/b><\/p>\n<p><b>770129<\/b><br \/>\nDrobecq<br \/>\n<i>Lisette et son Linot. Fable<\/i><br \/>\nJanvier 1777, Tome I, p. 261-62<br \/>\n<a href=\"http:\/\/books.google.be\/books?id=g5MUAAAAQAAJ&amp;printsec=titlepage&amp;dq=intitle:esprit+des+date:1776-1777&amp;lr=&amp;as_brr=1&amp;hl=fr&amp;source=gbs_summary_r&amp;cad=0\" target=\"_blank\" rel=\"noopener\">Acc\u00e9der au volume<\/a> sur <b>GoogleBooks<\/b><\/p>\n<p style=\"text-align: justify;\"><b>770130<\/b><br \/>\nVoltaire<br \/>\n<i>Vers de M. de Voltaire \u00e0 M. le Comte de Saxe, en lui envoyant les \u0152uvres de M. le Marquis de R** [Rochemore], apr\u00e8s la mort de ce dernier, qui avait \u00e9t\u00e9 fort li\u00e9 avec le Mar\u00e9chal. Le Marquis de R** est suppos\u00e9 parler lui-m\u00eame<\/i><br \/>\nJanvier 1777, Tome I, p. 263-64<br \/>\n<a href=\"http:\/\/books.google.be\/books?id=g5MUAAAAQAAJ&amp;printsec=titlepage&amp;dq=intitle:esprit+des+date:1776-1777&amp;lr=&amp;as_brr=1&amp;hl=fr&amp;source=gbs_summary_r&amp;cad=0\" target=\"_blank\" rel=\"noopener\">Acc\u00e9der au volume<\/a> sur <b>GoogleBooks<\/b><\/p>\n<p><b>770131<\/b><br \/>\nDareau<br \/>\n<i>La berg\u00e8re et la brebis. Apologue imit\u00e9 du grec<\/i><br \/>\nJanvier 1777, Tome I, p. 264<br \/>\n<a href=\"http:\/\/books.google.be\/books?id=g5MUAAAAQAAJ&amp;printsec=titlepage&amp;dq=intitle:esprit+des+date:1776-1777&amp;lr=&amp;as_brr=1&amp;hl=fr&amp;source=gbs_summary_r&amp;cad=0\" target=\"_blank\" rel=\"noopener\">Acc\u00e9der au volume<\/a> sur <b>GoogleBooks<\/b><\/p>\n<p><b>770132<\/b><br \/>\n<i>Vers \u00e0 M. le Contr\u00f4leur-G\u00e9n\u00e9ral<\/i><br \/>\nJanvier 1777, Tome I, p. 265<br \/>\n<a href=\"http:\/\/books.google.be\/books?id=g5MUAAAAQAAJ&amp;printsec=titlepage&amp;dq=intitle:esprit+des+date:1776-1777&amp;lr=&amp;as_brr=1&amp;hl=fr&amp;source=gbs_summary_r&amp;cad=0\" target=\"_blank\" rel=\"noopener\">Acc\u00e9der au volume<\/a> sur <b>GoogleBooks<\/b><\/p>\n<p><b>770133<\/b><br \/>\n<i>Inscriptions qui se trouvent dans le Jardin de M. le Marquis de Pezay, \u00e0 Paris<\/i><br \/>\nJanvier 1777, Tome I, p. 265-66<br \/>\n<a href=\"http:\/\/books.google.be\/books?id=g5MUAAAAQAAJ&amp;printsec=titlepage&amp;dq=intitle:esprit+des+date:1776-1777&amp;lr=&amp;as_brr=1&amp;hl=fr&amp;source=gbs_summary_r&amp;cad=0\" target=\"_blank\" rel=\"noopener\">Acc\u00e9der au volume<\/a> sur <b>GoogleBooks<\/b><\/p>\n<p><b>770134<\/b><br \/>\nC\u2026<br \/>\n<i>\u00c0 la v\u00e9rit\u00e9<\/i><br \/>\nJanvier 1777, Tome I, p. 266-67<br \/>\n<a href=\"http:\/\/books.google.be\/books?id=g5MUAAAAQAAJ&amp;printsec=titlepage&amp;dq=intitle:esprit+des+date:1776-1777&amp;lr=&amp;as_brr=1&amp;hl=fr&amp;source=gbs_summary_r&amp;cad=0\" target=\"_blank\" rel=\"noopener\">Acc\u00e9der au volume<\/a> sur <b>GoogleBooks<\/b><\/p>\n<p><b>770135<\/b><br \/>\nD****<br \/>\n<i>Nice \u00e9lectris\u00e9e. Traduction d&rsquo;un sonnet italien de M. Bondi<\/i><br \/>\nJanvier 1777, Tome I, p. 268<br \/>\n<a href=\"http:\/\/books.google.be\/books?id=g5MUAAAAQAAJ&amp;printsec=titlepage&amp;dq=intitle:esprit+des+date:1776-1777&amp;lr=&amp;as_brr=1&amp;hl=fr&amp;source=gbs_summary_r&amp;cad=0\" target=\"_blank\" rel=\"noopener\">Acc\u00e9der au volume<\/a> sur <b>GoogleBooks<\/b><\/p>\n<p><b>770201<\/b><br \/>\n<i>Nouveaux m\u00e9moires de l&rsquo;Acad\u00e9mie royale des Sciences et Belles-Lettres (de Berlin), Ann\u00e9e 1774. Avec l&rsquo;histoire pour la m\u00eame ann\u00e9e<\/i><br \/>\nF\u00e9vrier 1777, Tome II, p. 3-26<br \/>\n(Journal encyclop\u00e9dique; Gazette universelle de Litt\u00e9rature)<br \/>\n<a href=\"http:\/\/books.google.be\/books?id=kpMUAAAAQAAJ&amp;printsec=titlepage&amp;dq=intitle:l%27esprit+intitle:des+intitle:journaux+date:1771-1777&amp;lr=&amp;as_brr=0&amp;hl=fr&amp;source=gbs_summary_r&amp;cad=0\" target=\"_blank\" rel=\"noopener\">Acc\u00e9der au volume<\/a> sur <b>GoogleBooks<\/b><\/p>\n<p><b>770202<\/b><br \/>\nJacques-Vincent Delacroix<br \/>\n<i>Combien le respect pour les m\u0153urs contribue au bonheur des \u00e9tats<\/i><br \/>\nF\u00e9vrier 1777, Tome II, p. 27-33<br \/>\n(Journal de politique et de litt\u00e9rature; Mercure de France)<br \/>\n<a href=\"http:\/\/books.google.be\/books?id=kpMUAAAAQAAJ&amp;printsec=titlepage&amp;dq=intitle:l%27esprit+intitle:des+intitle:journaux+date:1771-1777&amp;lr=&amp;as_brr=0&amp;hl=fr&amp;source=gbs_summary_r&amp;cad=0\" target=\"_blank\" rel=\"noopener\">Acc\u00e9der au volume<\/a> sur <b>GoogleBooks<\/b><\/p>\n<p><b>770203<\/b><br \/>\nLouis Patouillet<br \/>\n<i>Lettres \u00e9difiantes et curieuses, \u00e9crites des missions \u00e9trang\u00e8res, par quelques missionnaires de la Compagnie de J\u00e9sus, XXXIIIe recueil<\/i><br \/>\nF\u00e9vrier 1777, Tome II, p. 34-50<br \/>\n(Ann\u00e9e litt\u00e9raire; Gazette universelle de Litt\u00e9rature)<br \/>\n<a href=\"http:\/\/books.google.be\/books?id=kpMUAAAAQAAJ&amp;printsec=titlepage&amp;dq=intitle:l%27esprit+intitle:des+intitle:journaux+date:1771-1777&amp;lr=&amp;as_brr=0&amp;hl=fr&amp;source=gbs_summary_r&amp;cad=0\" target=\"_blank\" rel=\"noopener\">Acc\u00e9der au volume<\/a> sur <b>GoogleBooks<\/b><\/p>\n<p><b>770204<\/b><br \/>\nJohann Christian Ludwig Fresenius<br \/>\n<i>Ueber die Austheilung, &amp;c. Sur la distribution des honneurs dans l&rsquo;\u00c9tat, dialogue<\/i><br \/>\nF\u00e9vrier 1777, Tome II, p. 51-53<br \/>\n(Gazette universelle de Litt\u00e9rature; Gazette d&rsquo;agriculture, commerce, arts et finances)<br \/>\n<a href=\"http:\/\/books.google.be\/books?id=kpMUAAAAQAAJ&amp;printsec=titlepage&amp;dq=intitle:l%27esprit+intitle:des+intitle:journaux+date:1771-1777&amp;lr=&amp;as_brr=0&amp;hl=fr&amp;source=gbs_summary_r&amp;cad=0\" target=\"_blank\" rel=\"noopener\">Acc\u00e9der au volume<\/a> sur <b>GoogleBooks<\/b><\/p>\n<p><b>770205<\/b><br \/>\n<i>Ueber die Verschiedenheit, &amp;c. Sur la diversit\u00e9 de nos habillements<\/i><br \/>\nF\u00e9vrier 1777, Tome II, p. 54-56<br \/>\n(Gazette universelle de Litt\u00e9rature)<br \/>\n<a href=\"http:\/\/books.google.be\/books?id=kpMUAAAAQAAJ&amp;printsec=titlepage&amp;dq=intitle:l%27esprit+intitle:des+intitle:journaux+date:1771-1777&amp;lr=&amp;as_brr=0&amp;hl=fr&amp;source=gbs_summary_r&amp;cad=0\" target=\"_blank\" rel=\"noopener\">Acc\u00e9der au volume<\/a> sur <b>GoogleBooks<\/b><\/p>\n<p><b>770206<\/b><br \/>\nGermain-Fran\u00e7ois Poullain de Saint-Foix<br \/>\n<i>Essais historiques sur Paris et autres \u0153uvres sur les m\u0153urs de cette capitale<\/i><br \/>\nF\u00e9vrier 1777, Tome II, p. 56-66<br \/>\n(Journal de politique et de litt\u00e9rature; Journal encyclop\u00e9dique; Gazette universelle de Litt\u00e9rature; Affiches et annonces de Paris)<br \/>\n<a href=\"http:\/\/books.google.be\/books?id=kpMUAAAAQAAJ&amp;printsec=titlepage&amp;dq=intitle:l%27esprit+intitle:des+intitle:journaux+date:1771-1777&amp;lr=&amp;as_brr=0&amp;hl=fr&amp;source=gbs_summary_r&amp;cad=0\" target=\"_blank\" rel=\"noopener\">Acc\u00e9der au volume<\/a> sur <b>GoogleBooks<\/b><\/p>\n<p style=\"text-align: justify;\"><b>770207<\/b><br \/>\nPierre-Fran\u00e7ois Nicolas<br \/>\n<i>Le cri de la Nature en faveur des enfants nouveaux-n\u00e9s ; Ouvrage dans lequel on expose les r\u00e8gles di\u00e9t\u00e9tiques que les femmes doivent suivre pendant leur grossesse, et pendant leurs couches ; les avantages et les douceurs qu&rsquo;elles trouveront \u00e0 nourrir leurs enfants, et les dangers qu&rsquo;elles courront en ne se soumettant pas \u00e0 cette loi naturelle. On y a joint un pr\u00e9cis historique de l&rsquo;inoculation, et plusieurs autres objets d&rsquo;utilit\u00e9 publique<\/i><br \/>\nF\u00e9vrier 1777, Tome II, p. 67-77<br \/>\n(Gazette salutaire; Affiches et annonces de Paris; Journal encyclop\u00e9dique)<br \/>\n<a href=\"http:\/\/books.google.be\/books?id=kpMUAAAAQAAJ&amp;printsec=titlepage&amp;dq=intitle:l%27esprit+intitle:des+intitle:journaux+date:1771-1777&amp;lr=&amp;as_brr=0&amp;hl=fr&amp;source=gbs_summary_r&amp;cad=0\" target=\"_blank\" rel=\"noopener\">Acc\u00e9der au volume<\/a> sur <b>GoogleBooks<\/b><\/p>\n<p><b>770208<\/b><br \/>\nThomas Pennant<br \/>\n<i>A Tour in Scotland, etc. Voyage en \u00c9cosse, l&rsquo;an 1772. Partie II<\/i><br \/>\nF\u00e9vrier 1777, Tome II, p. 78-92<br \/>\n(Critical review)<br \/>\n<a href=\"http:\/\/books.google.be\/books?id=kpMUAAAAQAAJ&amp;printsec=titlepage&amp;dq=intitle:l%27esprit+intitle:des+intitle:journaux+date:1771-1777&amp;lr=&amp;as_brr=0&amp;hl=fr&amp;source=gbs_summary_r&amp;cad=0\" target=\"_blank\" rel=\"noopener\">Acc\u00e9der au volume<\/a> sur <b>GoogleBooks<\/b><\/p>\n<p><b>770209<\/b><br \/>\nPhilippe-Henri de Grimoard<br \/>\n<i>Essai th\u00e9orique et pratique sur les batailles<\/i><br \/>\nF\u00e9vrier 1777, Tome II, p. 93-96<br \/>\n(Mercure de France; Table g\u00e9n\u00e9rale des journaux anciens et modernes)<br \/>\n<a href=\"http:\/\/books.google.be\/books?id=kpMUAAAAQAAJ&amp;printsec=titlepage&amp;dq=intitle:l%27esprit+intitle:des+intitle:journaux+date:1771-1777&amp;lr=&amp;as_brr=0&amp;hl=fr&amp;source=gbs_summary_r&amp;cad=0\" target=\"_blank\" rel=\"noopener\">Acc\u00e9der au volume<\/a> sur <b>GoogleBooks<\/b><\/p>\n<p style=\"text-align: justify;\"><b>770210<\/b><br \/>\nDante Alighieri<br \/>\n<i>La divine com\u00e9die de Dante Alighieri : L&rsquo;Enfer : traduction fran\u00e7aise, accompagn\u00e9e du texte, de notes historiques, critiques, et de la vie du po\u00e8te, par Julien-Jacques Moutonnet de Clairfons<\/i><br \/>\nF\u00e9vrier 1777, Tome II, p. 97-125<br \/>\n(Ann\u00e9e litt\u00e9raire; Journal de politique et de litt\u00e9rature; Mercure de France; Gazette universelle de Litt\u00e9rature; Affiches et annonces de Paris)<br \/>\n<a href=\"http:\/\/books.google.be\/books?id=kpMUAAAAQAAJ&amp;printsec=titlepage&amp;dq=intitle:l%27esprit+intitle:des+intitle:journaux+date:1771-1777&amp;lr=&amp;as_brr=0&amp;hl=fr&amp;source=gbs_summary_r&amp;cad=0\" target=\"_blank\" rel=\"noopener\">Acc\u00e9der au volume<\/a> sur <b>GoogleBooks<\/b><\/p>\n<p><b>770211<\/b><br \/>\nRaffaele Pastore<br \/>\n<i>Catullo, Tibullo, et Properzio, &amp;c. Traduction de Catulle, Tibulle et Properce, sur un texte corrig\u00e9<\/i><br \/>\nF\u00e9vrier 1777, Tome II, p. 126-44<br \/>\n(Journal encyclop\u00e9dique)<br \/>\n<a href=\"http:\/\/books.google.be\/books?id=kpMUAAAAQAAJ&amp;printsec=titlepage&amp;dq=intitle:l%27esprit+intitle:des+intitle:journaux+date:1771-1777&amp;lr=&amp;as_brr=0&amp;hl=fr&amp;source=gbs_summary_r&amp;cad=0\" target=\"_blank\" rel=\"noopener\">Acc\u00e9der au volume<\/a> sur <b>GoogleBooks<\/b><\/p>\n<p><b>770212<\/b>[Jean-Fran\u00e7ois Dreux du Radier]\n<i>M\u00e9moires historiques, critiques, et anecdotes des reines et r\u00e9gentes de France<\/i><br \/>\nF\u00e9vrier 1777, Tome II, p. 135-34<br \/>\n<a href=\"http:\/\/books.google.be\/books?id=kpMUAAAAQAAJ&amp;printsec=titlepage&amp;dq=intitle:l%27esprit+intitle:des+intitle:journaux+date:1771-1777&amp;lr=&amp;as_brr=0&amp;hl=fr&amp;source=gbs_summary_r&amp;cad=0\" target=\"_blank\" rel=\"noopener\">Acc\u00e9der au volume<\/a> sur <b>GoogleBooks<\/b><\/p>\n<p style=\"text-align: justify;\"><b>770213<\/b>[Ignaz von Born]\n<i>Effigies vivorum, &amp;c. Images des savants et des artistes de Boh\u00e8me et de Moravie, avec un r\u00e9cit abr\u00e9g\u00e9 de leurs vies, et une liste de leurs ouvrages<\/i><br \/>\nF\u00e9vrier 1777, Tome II, p. 144-47<br \/>\n(Gazette universelle de Litt\u00e9rature)<br \/>\n<a href=\"http:\/\/books.google.be\/books?id=kpMUAAAAQAAJ&amp;printsec=titlepage&amp;dq=intitle:l%27esprit+intitle:des+intitle:journaux+date:1771-1777&amp;lr=&amp;as_brr=0&amp;hl=fr&amp;source=gbs_summary_r&amp;cad=0\" target=\"_blank\" rel=\"noopener\">Acc\u00e9der au volume<\/a> sur <b>GoogleBooks<\/b><\/p>\n<p><b>770214<\/b><br \/>\nJan Daniel Andrzej Janocki<br \/>\n<i>Janociana, ou M\u00e9langes biographiques, destin\u00e9s \u00e0 conserver la m\u00e9moire de divers savants et m\u00e9c\u00e8nes polonais<\/i><br \/>\nF\u00e9vrier 1777, Tome II, p. 147-49<br \/>\n(Gazette universelle de litt\u00e9rature)<br \/>\n<a href=\"http:\/\/books.google.be\/books?id=kpMUAAAAQAAJ&amp;printsec=titlepage&amp;dq=intitle:l%27esprit+intitle:des+intitle:journaux+date:1771-1777&amp;lr=&amp;as_brr=0&amp;hl=fr&amp;source=gbs_summary_r&amp;cad=0\" target=\"_blank\" rel=\"noopener\">Acc\u00e9der au volume<\/a> sur <b>GoogleBooks<\/b><\/p>\n<p><b>770215<\/b>[Jean-Joseph Rossignol]\n<i>Vue sur l&rsquo;Eucharistie<\/i><br \/>\nF\u00e9vrier 1777, Tome II, p. 149-63<br \/>\n(Ann\u00e9e litt\u00e9raire; Journal eccl\u00e9siastique)<br \/>\n<a href=\"http:\/\/books.google.be\/books?id=kpMUAAAAQAAJ&amp;printsec=titlepage&amp;dq=intitle:l%27esprit+intitle:des+intitle:journaux+date:1771-1777&amp;lr=&amp;as_brr=0&amp;hl=fr&amp;source=gbs_summary_r&amp;cad=0\" target=\"_blank\" rel=\"noopener\">Acc\u00e9der au volume<\/a> sur <b>GoogleBooks<\/b><\/p>\n<p><b>770216<\/b><br \/>\n<i>Vospitanie, Komedia w&rsquo;piati. Le Conte, com\u00e9die en cinq actes<\/i><br \/>\nF\u00e9vrier 1777, Tome II, p. 163-65<br \/>\n(Gazette universelle de Litt\u00e9rature)<br \/>\n<a href=\"http:\/\/books.google.be\/books?id=kpMUAAAAQAAJ&amp;printsec=titlepage&amp;dq=intitle:l%27esprit+intitle:des+intitle:journaux+date:1771-1777&amp;lr=&amp;as_brr=0&amp;hl=fr&amp;source=gbs_summary_r&amp;cad=0\" target=\"_blank\" rel=\"noopener\">Acc\u00e9der au volume<\/a> sur <b>GoogleBooks<\/b><\/p>\n<p style=\"text-align: justify;\"><b>770217<\/b><br \/>\nLazzaro Spallanzani<br \/>\n<i>Opusculi di Fisica animale e vegetabile, &amp;c. Opuscules de physique animale et v\u00e9g\u00e9tale ; avec quelques lettres relatives \u00e0 ces opuscules, \u00e9crites \u00e0 l&rsquo;auteur par M. Bonnet de Gen\u00e8ve<\/i><br \/>\nF\u00e9vrier 1777, Tome II, p. 165-70<br \/>\n(Novelle Letterarie; Efemeridi di Roma)<br \/>\n<a href=\"http:\/\/books.google.be\/books?id=kpMUAAAAQAAJ&amp;printsec=titlepage&amp;dq=intitle:l%27esprit+intitle:des+intitle:journaux+date:1771-1777&amp;lr=&amp;as_brr=0&amp;hl=fr&amp;source=gbs_summary_r&amp;cad=0\" target=\"_blank\" rel=\"noopener\">Acc\u00e9der au volume<\/a> sur <b>GoogleBooks<\/b><\/p>\n<p><b>770218<\/b><br \/>\nM. D***<br \/>\n<i>Po\u00e9sies diverses<\/i><br \/>\nF\u00e9vrier 1777, Tome II, p. 171-78<br \/>\n(Journal encyclop\u00e9dique)<br \/>\n<a href=\"http:\/\/books.google.be\/books?id=kpMUAAAAQAAJ&amp;printsec=titlepage&amp;dq=intitle:l%27esprit+intitle:des+intitle:journaux+date:1771-1777&amp;lr=&amp;as_brr=0&amp;hl=fr&amp;source=gbs_summary_r&amp;cad=0\" target=\"_blank\" rel=\"noopener\">Acc\u00e9der au volume<\/a> sur <b>GoogleBooks<\/b><\/p>\n<p><b>770219<\/b><br \/>\n<i>Causes c\u00e9l\u00e8bres, curieuses et int\u00e9ressantes de toutes les cours souveraines du Royaume, avec les jugements qui les ont d\u00e9cid\u00e9es. Tome XXIV<\/i><br \/>\nF\u00e9vrier 1777, Tome II, p. 178-90<br \/>\n<a href=\"http:\/\/books.google.be\/books?id=kpMUAAAAQAAJ&amp;printsec=titlepage&amp;dq=intitle:l%27esprit+intitle:des+intitle:journaux+date:1771-1777&amp;lr=&amp;as_brr=0&amp;hl=fr&amp;source=gbs_summary_r&amp;cad=0\" target=\"_blank\" rel=\"noopener\">Acc\u00e9der au volume<\/a> sur <b>GoogleBooks<\/b><\/p>\n<p><b>770220<\/b><br \/>\n<i>C\u00e9r\u00e9monies du Rit Syrien<\/i><br \/>\nF\u00e9vrier 1777, Tome II, p. 191-92<br \/>\n(Journal de Paris)<br \/>\nC\u00e9r\u00e9monies du Rit Syrien, 770220<br \/>\n<a href=\"http:\/\/books.google.be\/books?id=kpMUAAAAQAAJ&amp;printsec=titlepage&amp;dq=intitle:l%27esprit+intitle:des+intitle:journaux+date:1771-1777&amp;lr=&amp;as_brr=0&amp;hl=fr&amp;source=gbs_summary_r&amp;cad=0\" target=\"_blank\" rel=\"noopener\">Acc\u00e9der au volume<\/a> sur <b>GoogleBooks<\/b><\/p>\n<p style=\"text-align: justify;\"><b>770221<\/b><br \/>\n<i>Lettre sur les femmes turques, \u00e9crite de Constantinople, par une Dame qui a fait un long s\u00e9jour dans les \u00e9tats du Grand-Seigneur. Article extrait et traduit de l&rsquo;italien<\/i><br \/>\nF\u00e9vrier 1777, Tome II, p. 193-202<br \/>\n(Journal encyclop\u00e9dique)<br \/>\nLettre sur les femmes turques, \u00e9crite de Constantinople, par une Dame qui a fait un long s\u00e9jour dans les \u00e9tats du Grand-Seigneur, 770221<br \/>\n<a href=\"http:\/\/books.google.be\/books?id=kpMUAAAAQAAJ&amp;printsec=titlepage&amp;dq=intitle:l%27esprit+intitle:des+intitle:journaux+date:1771-1777&amp;lr=&amp;as_brr=0&amp;hl=fr&amp;source=gbs_summary_r&amp;cad=0\" target=\"_blank\" rel=\"noopener\">Acc\u00e9der au volume<\/a> sur <b>GoogleBooks<\/b><\/p>\n<p><b>770222<\/b><br \/>\n<i>Notice sur Antoine Fianc\u00e9 m\u00e9decin du XVIe si\u00e8cle, et sur sa platopodologie<\/i><br \/>\nF\u00e9vrier 1777, Tome II, p. 202-06<br \/>\n(Ann\u00e9e litt\u00e9raire)<br \/>\n<a href=\"http:\/\/books.google.be\/books?id=kpMUAAAAQAAJ&amp;printsec=titlepage&amp;dq=intitle:l%27esprit+intitle:des+intitle:journaux+date:1771-1777&amp;lr=&amp;as_brr=0&amp;hl=fr&amp;source=gbs_summary_r&amp;cad=0\" target=\"_blank\" rel=\"noopener\">Acc\u00e9der au volume<\/a> sur <b>GoogleBooks<\/b><\/p>\n<p><b>770223<\/b><br \/>\n<i>Le revenant, conte<\/i><br \/>\nF\u00e9vrier 1777, Tome II, p. 206-10<br \/>\n(Table g\u00e9n\u00e9rale des Journaux anciens et modernes ; Journal d\u00e9di\u00e9 \u00e0 Monsieur)<br \/>\n<a href=\"http:\/\/books.google.be\/books?id=kpMUAAAAQAAJ&amp;printsec=titlepage&amp;dq=intitle:l%27esprit+intitle:des+intitle:journaux+date:1771-1777&amp;lr=&amp;as_brr=0&amp;hl=fr&amp;source=gbs_summary_r&amp;cad=0\" target=\"_blank\" rel=\"noopener\">Acc\u00e9der au volume<\/a> sur <b>GoogleBooks<\/b><\/p>\n<p><b>770224<\/b><br \/>\nJohn Whitaker<br \/>\n<i>De l&rsquo;origine des cloches, du chant d&rsquo;\u00e9glise et des orgues en Angleterre<\/i><br \/>\nF\u00e9vrier 1777, Tome II, p. 210-13<br \/>\n<a href=\"http:\/\/books.google.be\/books?id=kpMUAAAAQAAJ&amp;printsec=titlepage&amp;dq=intitle:l%27esprit+intitle:des+intitle:journaux+date:1771-1777&amp;lr=&amp;as_brr=0&amp;hl=fr&amp;source=gbs_summary_r&amp;cad=0\" target=\"_blank\" rel=\"noopener\">Acc\u00e9der au volume<\/a> sur <b>GoogleBooks<\/b><\/p>\n<p><b>770225<\/b><br \/>\nMarquis de C***<br \/>\n<i>Lettre \u00e0 M. de La Harpe<\/i><br \/>\nF\u00e9vrier 1777, Tome II, p. 214-19<br \/>\n(Journal de politique et de litt\u00e9rature)Lettre \u00e0 M. de La Harpe (Marquis de C***), 770225<br \/>\n<a href=\"http:\/\/books.google.be\/books?id=kpMUAAAAQAAJ&amp;printsec=titlepage&amp;dq=intitle:l%27esprit+intitle:des+intitle:journaux+date:1771-1777&amp;lr=&amp;as_brr=0&amp;hl=fr&amp;source=gbs_summary_r&amp;cad=0\" target=\"_blank\" rel=\"noopener\">Acc\u00e9der au volume<\/a> sur <b>GoogleBooks<\/b><\/p>\n<p><b>770226<\/b><br \/>\nVoltaire<br \/>\n<i>Extrait d&rsquo;une Lettre de M. de Voltaire, dat\u00e9e de Ferney, le 22 d\u00e9cembre 1776, aux auteurs du Journal de Paris<\/i><br \/>\nF\u00e9vrier 1777, Tome II, p. 219-20<br \/>\n<a href=\"http:\/\/books.google.be\/books?id=kpMUAAAAQAAJ&amp;printsec=titlepage&amp;dq=intitle:l%27esprit+intitle:des+intitle:journaux+date:1771-1777&amp;lr=&amp;as_brr=0&amp;hl=fr&amp;source=gbs_summary_r&amp;cad=0\" target=\"_blank\" rel=\"noopener\">Acc\u00e9der au volume<\/a> sur <b>GoogleBooks<\/b><\/p>\n<p><b>770227<\/b><br \/>\nSamuel Butler<br \/>\n<i>Le courtisan, tir\u00e9 des caract\u00e8res de Butler<\/i><br \/>\nF\u00e9vrier 1777, Tome II, p. 220-22<br \/>\n<a href=\"http:\/\/books.google.be\/books?id=kpMUAAAAQAAJ&amp;printsec=titlepage&amp;dq=intitle:l%27esprit+intitle:des+intitle:journaux+date:1771-1777&amp;lr=&amp;as_brr=0&amp;hl=fr&amp;source=gbs_summary_r&amp;cad=0\" target=\"_blank\" rel=\"noopener\">Acc\u00e9der au volume<\/a> sur <b>GoogleBooks<\/b><\/p>\n<p><b>770228<\/b><br \/>\n<i>Lettre sur les modes<\/i><br \/>\nF\u00e9vrier 1777, Tome II, p. 223-27<br \/>\n(Affiches, annonces et avis divers ; Journal des Dames)<br \/>\n<a href=\"http:\/\/books.google.be\/books?id=kpMUAAAAQAAJ&amp;printsec=titlepage&amp;dq=intitle:l%27esprit+intitle:des+intitle:journaux+date:1771-1777&amp;lr=&amp;as_brr=0&amp;hl=fr&amp;source=gbs_summary_r&amp;cad=0\" target=\"_blank\" rel=\"noopener\">Acc\u00e9der au volume<\/a> sur <b>GoogleBooks<\/b><\/p>\n<p><b>770229<\/b><br \/>\n<i>Article extrait du Journal de Paris<\/i><br \/>\nF\u00e9vrier 1777, Tome II, p. 228-30<br \/>\n<a href=\"http:\/\/books.google.be\/books?id=kpMUAAAAQAAJ&amp;printsec=titlepage&amp;dq=intitle:l%27esprit+intitle:des+intitle:journaux+date:1771-1777&amp;lr=&amp;as_brr=0&amp;hl=fr&amp;source=gbs_summary_r&amp;cad=0\" target=\"_blank\" rel=\"noopener\">Acc\u00e9der au volume<\/a> sur <b>GoogleBooks<\/b><\/p>\n<p><b>770230<\/b><br \/>\nAlexandre-Fr\u00e9d\u00e9ric-Jacques Masson, marquis de Pezay<br \/>\n<i>Elphire et M\u00e9lazone, ou Portraits des deux cousines Mme la Comtesse de S***, &amp; Mme la Princesse de B****<\/i><br \/>\nF\u00e9vrier 1777, Tome II, p. 230-32<br \/>\n<a href=\"http:\/\/books.google.be\/books?id=kpMUAAAAQAAJ&amp;printsec=titlepage&amp;dq=intitle:l%27esprit+intitle:des+intitle:journaux+date:1771-1777&amp;lr=&amp;as_brr=0&amp;hl=fr&amp;source=gbs_summary_r&amp;cad=0\" target=\"_blank\" rel=\"noopener\">Acc\u00e9der au volume<\/a> sur <b>GoogleBooks<\/b><\/p>\n<p><b>770231<\/b><br \/>\n<i>Pour le portrait de M. le Comte de Couturelle, chambellan de LL. A. S.E. P. &amp; Chevalier de l&rsquo;Ordre royal et militaire de Saint-Louis<\/i><br \/>\nF\u00e9vrier 1777, Tome II, p. 233<br \/>\n<a href=\"http:\/\/books.google.be\/books?id=kpMUAAAAQAAJ&amp;printsec=titlepage&amp;dq=intitle:l%27esprit+intitle:des+intitle:journaux+date:1771-1777&amp;lr=&amp;as_brr=0&amp;hl=fr&amp;source=gbs_summary_r&amp;cad=0\" target=\"_blank\" rel=\"noopener\">Acc\u00e9der au volume<\/a> sur <b>GoogleBooks<\/b><\/p>\n<p><b>770232<\/b><br \/>\n<i>Sur l&rsquo;Air du Comte Almavira, dans le Barbier de S\u00e9ville<\/i><br \/>\nF\u00e9vrier 1777, Tome II, p. 233-34<br \/>\n<a href=\"http:\/\/books.google.be\/books?id=kpMUAAAAQAAJ&amp;printsec=titlepage&amp;dq=intitle:l%27esprit+intitle:des+intitle:journaux+date:1771-1777&amp;lr=&amp;as_brr=0&amp;hl=fr&amp;source=gbs_summary_r&amp;cad=0\" target=\"_blank\" rel=\"noopener\">Acc\u00e9der au volume<\/a> sur <b>GoogleBooks<\/b><\/p>\n<p style=\"text-align: justify;\"><b>770233<\/b><br \/>\nUn libraire<br \/>\n<i>Vers pr\u00e9sent\u00e9s \u00e0 Monseigneur le Garde des Sceaux, par les Libraires et Imprimeurs de Paris, en remerciement de son buste qu&rsquo;ils ont fait placer dans leur salle d&rsquo;assembl\u00e9e<\/i><br \/>\nF\u00e9vrier 1777, Tome II, p. 234<br \/>\n<a href=\"http:\/\/books.google.be\/books?id=kpMUAAAAQAAJ&amp;printsec=titlepage&amp;dq=intitle:l%27esprit+intitle:des+intitle:journaux+date:1771-1777&amp;lr=&amp;as_brr=0&amp;hl=fr&amp;source=gbs_summary_r&amp;cad=0\" target=\"_blank\" rel=\"noopener\">Acc\u00e9der au volume<\/a> sur <b>GoogleBooks<\/b><\/p>\n<p><b>770234<\/b><br \/>\nM. de R***, de P\u00e9ronne<br \/>\n<i>\u00c9trennes \u00e0 une demoiselle<\/i><br \/>\nF\u00e9vrier 1777, Tome II, p. 234-35<br \/>\n<a href=\"http:\/\/books.google.be\/books?id=kpMUAAAAQAAJ&amp;printsec=titlepage&amp;dq=intitle:l%27esprit+intitle:des+intitle:journaux+date:1771-1777&amp;lr=&amp;as_brr=0&amp;hl=fr&amp;source=gbs_summary_r&amp;cad=0\" target=\"_blank\" rel=\"noopener\">Acc\u00e9der au volume<\/a> sur <b>GoogleBooks<\/b><\/p>\n<p><b>770235<\/b><br \/>\nM*** [Jean Jacques Fran\u00e7ois Marin Boisard]\n<i>Le malade, fable<\/i><br \/>\nF\u00e9vrier 1777, Tome II, p. 235-38<br \/>\n<a href=\"http:\/\/books.google.be\/books?id=kpMUAAAAQAAJ&amp;printsec=titlepage&amp;dq=intitle:l%27esprit+intitle:des+intitle:journaux+date:1771-1777&amp;lr=&amp;as_brr=0&amp;hl=fr&amp;source=gbs_summary_r&amp;cad=0\" target=\"_blank\" rel=\"noopener\">Acc\u00e9der au volume<\/a> sur <b>GoogleBooks<\/b><\/p>\n<p><b>770236<\/b>[Fran\u00e7ois-Philippe de Reyrac]\n<i>La Querelle des Dieux, ou les Malheurs de l&rsquo;homme, fable<\/i><br \/>\nF\u00e9vrier 1777, Tome II, p. 238-39<br \/>\n<a href=\"http:\/\/books.google.be\/books?id=kpMUAAAAQAAJ&amp;printsec=titlepage&amp;dq=intitle:l%27esprit+intitle:des+intitle:journaux+date:1771-1777&amp;lr=&amp;as_brr=0&amp;hl=fr&amp;source=gbs_summary_r&amp;cad=0\" target=\"_blank\" rel=\"noopener\">Acc\u00e9der au volume<\/a> sur <b>GoogleBooks<\/b><\/p>\n<p><b>770237<\/b><br \/>\nVoltaire<br \/>\n<i>Vers de M. de Voltaire \u00e0 Madame Necker<\/i><br \/>\nF\u00e9vrier 1777, Tome II, p. 239-40<br \/>\n<a href=\"http:\/\/books.google.be\/books?id=kpMUAAAAQAAJ&amp;printsec=titlepage&amp;dq=intitle:l%27esprit+intitle:des+intitle:journaux+date:1771-1777&amp;lr=&amp;as_brr=0&amp;hl=fr&amp;source=gbs_summary_r&amp;cad=0\" target=\"_blank\" rel=\"noopener\">Acc\u00e9der au volume<\/a> sur <b>GoogleBooks<\/b><\/p>\n<p><b>770238<\/b><br \/>\nLaurent-Pierre B\u00e9renger<br \/>\n<i>Orph\u00e9e et le rossignol. Imitation libre de Strada<\/i><br \/>\nF\u00e9vrier 1777, Tome II, p. 240-44<br \/>\n<a href=\"http:\/\/books.google.be\/books?id=kpMUAAAAQAAJ&amp;printsec=titlepage&amp;dq=intitle:l%27esprit+intitle:des+intitle:journaux+date:1771-1777&amp;lr=&amp;as_brr=0&amp;hl=fr&amp;source=gbs_summary_r&amp;cad=0\" target=\"_blank\" rel=\"noopener\">Acc\u00e9der au volume<\/a> sur <b>GoogleBooks<\/b><\/p>\n<p><b>770239<\/b><br \/>\nLaurent-Pierre B\u00e9renger<br \/>\n<i>\u00c9p\u00eetre \u00e0 M. Dorat, en lui envoyant Orph\u00e9e et le Rossignol, qu&rsquo;il a traduit en prose<\/i><br \/>\nF\u00e9vrier 1777, Tome II, p. 245-47<br \/>\n<a href=\"http:\/\/books.google.be\/books?id=kpMUAAAAQAAJ&amp;printsec=titlepage&amp;dq=intitle:l%27esprit+intitle:des+intitle:journaux+date:1771-1777&amp;lr=&amp;as_brr=0&amp;hl=fr&amp;source=gbs_summary_r&amp;cad=0\" target=\"_blank\" rel=\"noopener\">Acc\u00e9der au volume<\/a> sur <b>GoogleBooks<\/b><\/p>\n<p><b>770240<\/b><br \/>\nClaude-Joseph Dorat<br \/>\n<i>Fragment d&rsquo;une Satyre de Lucilius<\/i><br \/>\nF\u00e9vrier 1777, Tome II, p. 248-49<br \/>\n<a href=\"http:\/\/books.google.be\/books?id=kpMUAAAAQAAJ&amp;printsec=titlepage&amp;dq=intitle:l%27esprit+intitle:des+intitle:journaux+date:1771-1777&amp;lr=&amp;as_brr=0&amp;hl=fr&amp;source=gbs_summary_r&amp;cad=0\" target=\"_blank\" rel=\"noopener\">Acc\u00e9der au volume<\/a> sur <b>GoogleBooks<\/b><\/p>\n<p><b>770241<\/b><br \/>\nNicolas Fallet<br \/>\n<i>Madrigal<\/i><br \/>\nF\u00e9vrier 1777, Tome II, p. 250<br \/>\n<a href=\"http:\/\/books.google.be\/books?id=kpMUAAAAQAAJ&amp;printsec=titlepage&amp;dq=intitle:l%27esprit+intitle:des+intitle:journaux+date:1771-1777&amp;lr=&amp;as_brr=0&amp;hl=fr&amp;source=gbs_summary_r&amp;cad=0\" target=\"_blank\" rel=\"noopener\">Acc\u00e9der au volume<\/a> sur <b>GoogleBooks<\/b><\/p>\n<p><b>770242<\/b><br \/>\nUn citoyen de Li\u00e8ge<br \/>\n<i>\u00c0 M. Reynier, de Li\u00e8ge, sur ses vers \u00e0 M. Gr\u00e9try, imprim\u00e9s dans le Journal du mois de septembre de l&rsquo;ann\u00e9e derni\u00e8re<\/i><br \/>\nF\u00e9vrier 1777, Tome II, p. 250-51<br \/>\n<a href=\"http:\/\/books.google.be\/books?id=kpMUAAAAQAAJ&amp;printsec=titlepage&amp;dq=intitle:l%27esprit+intitle:des+intitle:journaux+date:1771-1777&amp;lr=&amp;as_brr=0&amp;hl=fr&amp;source=gbs_summary_r&amp;cad=0\" target=\"_blank\" rel=\"noopener\">Acc\u00e9der au volume<\/a> sur <b>GoogleBooks<\/b><\/p>\n<p style=\"text-align: justify;\"><b>770243<\/b><br \/>\nAugustin-Beno\u00eet Reynier<br \/>\n<i>R\u00e9ponse aux vers pr\u00e9c\u00e9dents [\u00c0 M. Reynier, de Li\u00e8ge, sur ses vers \u00e0 M. Gr\u00e9try, imprim\u00e9s dans le Journal du mois de septembre de l&rsquo;ann\u00e9e derni\u00e8re]<\/i><br \/>\nF\u00e9vrier 1777, Tome II, p. 251<br \/>\n<a href=\"http:\/\/books.google.be\/books?id=kpMUAAAAQAAJ&amp;printsec=titlepage&amp;dq=intitle:l%27esprit+intitle:des+intitle:journaux+date:1771-1777&amp;lr=&amp;as_brr=0&amp;hl=fr&amp;source=gbs_summary_r&amp;cad=0\" target=\"_blank\" rel=\"noopener\">Acc\u00e9der au volume<\/a> sur <b>GoogleBooks<\/b><\/p>\n<p><b>770301<\/b><br \/>\nJean Barclay<br \/>\n<i>Argenis, Traduction libre et abr\u00e9g\u00e9e de Barclai, par Savin<\/i><br \/>\nMars 1777, Tome III, p. 3-19<br \/>\n(Journal des Dames; Ann\u00e9e litt\u00e9raire)<br \/>\n<a href=\"http:\/\/books.google.be\/books?id=rJMUAAAAQAAJ&amp;printsec=titlepage&amp;lr=&amp;as_brr=1&amp;hl=fr&amp;source=gbs_summary_r&amp;cad=0\" target=\"_blank\" rel=\"noopener\">Acc\u00e9der au volume<\/a> sur <b>GoogleBooks<\/b><\/p>\n<p style=\"text-align: justify;\"><b>770302<\/b><br \/>\nJaques Ballexserd<br \/>\n<i>Aghanlung, etc. Dissertation sur l&rsquo;importante question : pourquoi meurt-il tant d&rsquo;enfants ? Et quels seraient les moyens les plus ais\u00e9s et les plus s\u00fbrs de leur conserver la vie ?<\/i><br \/>\nMars 1777, Tome III, p. 20-22<br \/>\n(Gazette universelle de Litt\u00e9rature)<br \/>\n<a href=\"http:\/\/books.google.be\/books?id=rJMUAAAAQAAJ&amp;printsec=titlepage&amp;lr=&amp;as_brr=1&amp;hl=fr&amp;source=gbs_summary_r&amp;cad=0\" target=\"_blank\" rel=\"noopener\">Acc\u00e9der au volume<\/a> sur <b>GoogleBooks<\/b><\/p>\n<p><b>770303<\/b><br \/>\nWilliam Blackstone<br \/>\n<i>Commentaire sur le Code criminel d&rsquo;Angleterre, traduit de l&rsquo;anglais<\/i><br \/>\nMars 1777, Tome III, p. 23-56<br \/>\n(Journal encyclop\u00e9dique; Gazette universelle de Litt\u00e9rature; Mercure de France; Affiches et annonces de Paris)<br \/>\n<a href=\"http:\/\/books.google.be\/books?id=rJMUAAAAQAAJ&amp;printsec=titlepage&amp;lr=&amp;as_brr=1&amp;hl=fr&amp;source=gbs_summary_r&amp;cad=0\" target=\"_blank\" rel=\"noopener\">Acc\u00e9der au volume<\/a> sur <b>GoogleBooks<\/b><\/p>\n<p><b>770304<\/b><br \/>\nJean Bernoulli<br \/>\n<i>Recueil pour les astronomes ; Tome IIIe<\/i><br \/>\nMars 1777, Tome III, p. 56-60<br \/>\n(Gazette universelle de Litt\u00e9rature)<br \/>\n<a href=\"http:\/\/books.google.be\/books?id=rJMUAAAAQAAJ&amp;printsec=titlepage&amp;lr=&amp;as_brr=1&amp;hl=fr&amp;source=gbs_summary_r&amp;cad=0\" target=\"_blank\" rel=\"noopener\">Acc\u00e9der au volume<\/a> sur <b>GoogleBooks<\/b><\/p>\n<p><b>770305<\/b><br \/>\n<i>Lettre pastorale de Mgr. l&rsquo;\u00c9v\u00eaque de Lescar, \u00e0 l&rsquo;occasion des ravages caus\u00e9s dans son dioc\u00e8se, par la mortalit\u00e9 des bestiaux<\/i><br \/>\nMars 1777, Tome III, p. 61-71<br \/>\n(Journal de politique et de litt\u00e9rature; Mercure de France; Journal encyclop\u00e9dique; Affiches et annonces de Paris)<br \/>\n<a href=\"http:\/\/books.google.be\/books?id=rJMUAAAAQAAJ&amp;printsec=titlepage&amp;lr=&amp;as_brr=1&amp;hl=fr&amp;source=gbs_summary_r&amp;cad=0\" target=\"_blank\" rel=\"noopener\">Acc\u00e9der au volume<\/a> sur <b>GoogleBooks<\/b><\/p>\n<p><b>770306<\/b><br \/>\nMichaila Prakudin<br \/>\n<i>Dobrodjeteli Uwents chamaja Wjernortiju, &amp;c. La Vertu couronn\u00e9e par la fid\u00e9lit\u00e9. Com\u00e9die en 3 actes<\/i><br \/>\nMars 1777, Tome III, p. 72-74<br \/>\n(Gazette universelle de Litt\u00e9rature)<br \/>\n<a href=\"http:\/\/books.google.be\/books?id=rJMUAAAAQAAJ&amp;printsec=titlepage&amp;lr=&amp;as_brr=1&amp;hl=fr&amp;source=gbs_summary_r&amp;cad=0\" target=\"_blank\" rel=\"noopener\">Acc\u00e9der au volume<\/a> sur <b>GoogleBooks<\/b><\/p>\n<p><b>770307<\/b><br \/>\nPhilippine-Louise de Bussy<br \/>\n<i>La m\u00e9prise du mort qui se croit vivant, ou le Mort qui doit chercher la vie<\/i><br \/>\nMars 1777, Tome III, p. 74-77<br \/>\n(Mercure de France)<br \/>\n<a href=\"http:\/\/books.google.be\/books?id=rJMUAAAAQAAJ&amp;printsec=titlepage&amp;lr=&amp;as_brr=1&amp;hl=fr&amp;source=gbs_summary_r&amp;cad=0\" target=\"_blank\" rel=\"noopener\">Acc\u00e9der au volume<\/a> sur <b>GoogleBooks<\/b><\/p>\n<p><b>770308<\/b><br \/>\nMarie-Jeanne Riccoboni<br \/>\n<i>Lettres de Mylord Rivers \u00e0 Sir Charles Cardigan, entrem\u00eal\u00e9es d&rsquo;une partie de ses correspondances pendant son s\u00e9jour en France<\/i><br \/>\nMars 1777, Tome III, p. 78-88<br \/>\n(Journal de politique et de litt\u00e9rature; Journal encyclop\u00e9dique)<br \/>\n<a href=\"http:\/\/books.google.be\/books?id=rJMUAAAAQAAJ&amp;printsec=titlepage&amp;lr=&amp;as_brr=1&amp;hl=fr&amp;source=gbs_summary_r&amp;cad=0\" target=\"_blank\" rel=\"noopener\">Acc\u00e9der au volume<\/a> sur <b>GoogleBooks<\/b><\/p>\n<p style=\"text-align: justify;\"><b>770309<\/b><br \/>\n<i>Medical observations and inquiries, by a Society of Physicians in London. Observations et recherches sur la m\u00e9decine, par une Soci\u00e9t\u00e9 de m\u00e9decins de Londres<\/i><br \/>\nMars 1777, Tome III, p. 89-115<br \/>\n(Critical review)<br \/>\n<a href=\"http:\/\/books.google.be\/books?id=rJMUAAAAQAAJ&amp;printsec=titlepage&amp;lr=&amp;as_brr=1&amp;hl=fr&amp;source=gbs_summary_r&amp;cad=0\" target=\"_blank\" rel=\"noopener\">Acc\u00e9der au volume<\/a> sur <b>GoogleBooks<\/b><\/p>\n<p style=\"text-align: justify;\"><b>770310<\/b><br \/>\nM. de P\u2026 [De Prunay]\n<i>Grammaire des Dames, o\u00f9 l&rsquo;on trouve des principes s\u00fbrs et faciles pour apprendre \u00e0 orthographier correctement la langue fran\u00e7aise, avec les moyens de conna\u00eetre les expressions provinciales, de les \u00e9viter, et de pr\u00e9venir chez les jeunes Demoiselles, l&rsquo;habitude d&rsquo;une prononciation vicieuse<\/i><br \/>\nMars 1777, Tome III, p. 116-18<br \/>\n(Journal des sciences et des beaux-arts)<br \/>\n<a href=\"http:\/\/books.google.be\/books?id=rJMUAAAAQAAJ&amp;printsec=titlepage&amp;lr=&amp;as_brr=1&amp;hl=fr&amp;source=gbs_summary_r&amp;cad=0\" target=\"_blank\" rel=\"noopener\">Acc\u00e9der au volume<\/a> sur <b>GoogleBooks<\/b><\/p>\n<p><b>770311<\/b><br \/>\nThomas Pennant<br \/>\n<i>A Tour in Scotland, etc. Voyage en \u00c9cosse, l&rsquo;an 1772, partie II.<\/i><br \/>\nMars 1777, Tome III, p. 119-34<br \/>\n(Critical review)<br \/>\n<a href=\"http:\/\/books.google.be\/books?id=rJMUAAAAQAAJ&amp;printsec=titlepage&amp;lr=&amp;as_brr=1&amp;hl=fr&amp;source=gbs_summary_r&amp;cad=0\" target=\"_blank\" rel=\"noopener\">Acc\u00e9der au volume<\/a> sur <b>GoogleBooks<\/b><\/p>\n<p><b>770312<\/b><br \/>\nHadik<br \/>\n<i>Pens\u00e9es diverses<\/i><br \/>\nMars 1777, Tome III, p. 134-36<br \/>\n(Ann\u00e9e litt\u00e9raire)<br \/>\n<a href=\"http:\/\/books.google.be\/books?id=rJMUAAAAQAAJ&amp;printsec=titlepage&amp;lr=&amp;as_brr=1&amp;hl=fr&amp;source=gbs_summary_r&amp;cad=0\" target=\"_blank\" rel=\"noopener\">Acc\u00e9der au volume<\/a> sur <b>GoogleBooks<\/b><\/p>\n<p><b>770313<\/b><br \/>\nGiovanni Battista Martini<br \/>\n<i>Esemplare o sia saggio fondamentale pratico, &amp;c. Mod\u00e8le, ou Essai fondamental pratique du contrepoint \u00e0 fugue<\/i><br \/>\nMars 1777, Tome III, p. 136-41<br \/>\n(Efemeridi di Roma)<br \/>\n<a href=\"http:\/\/books.google.be\/books?id=rJMUAAAAQAAJ&amp;printsec=titlepage&amp;lr=&amp;as_brr=1&amp;hl=fr&amp;source=gbs_summary_r&amp;cad=0\" target=\"_blank\" rel=\"noopener\">Acc\u00e9der au volume<\/a> sur <b>GoogleBooks<\/b><\/p>\n<p><b>770314<\/b><br \/>\nJoseph de La Porte<br \/>\n<i>Le Voyageur fran\u00e7ais, ou la connaissance de l&rsquo;ancien et du nouveau monde ; Tomes XXI et XXII<br \/>\n<\/i>Mars 1777, Tome III, p. 142-52<br \/>\n(Mercure de France; Gazette universelle de Litt\u00e9rature; Affiches et annonces de Paris)<br \/>\n<a href=\"http:\/\/books.google.be\/books?id=rJMUAAAAQAAJ&amp;printsec=titlepage&amp;lr=&amp;as_brr=1&amp;hl=fr&amp;source=gbs_summary_r&amp;cad=0\" target=\"_blank\" rel=\"noopener\">Acc\u00e9der au volume<\/a> sur <b>GoogleBooks<\/b><\/p>\n<p style=\"text-align: justify;\"><b>770315<\/b><br \/>\n<i>Kurze apologie des christenthums nebst einem Entwurf der Religion eines Christlichen Philosophen. Courte apologie du christianisme, avec un mod\u00e8le de religion pour un philosophe chr\u00e9tien<\/i><br \/>\nMars 1777, Tome III, p. 153-56<br \/>\n(Nouvelle gazette litt\u00e9raire de Halle)<br \/>\n<a href=\"http:\/\/books.google.be\/books?id=rJMUAAAAQAAJ&amp;printsec=titlepage&amp;lr=&amp;as_brr=1&amp;hl=fr&amp;source=gbs_summary_r&amp;cad=0\" target=\"_blank\" rel=\"noopener\">Acc\u00e9der au volume<\/a> sur <b>GoogleBooks<\/b><\/p>\n<p><b>770316<\/b><br \/>\nAntonio Cristoforo Collalto Mattiuzzi<br \/>\n<i>Les trois jumeaux v\u00e9nitiens, com\u00e9die italienne en quatre actes<\/i><br \/>\nMars 1777, Tome III, p. 157-64<br \/>\n(Journal des sciences et des beaux-arts; Affiches et annonces de Paris)<br \/>\n<a href=\"http:\/\/books.google.be\/books?id=rJMUAAAAQAAJ&amp;printsec=titlepage&amp;lr=&amp;as_brr=1&amp;hl=fr&amp;source=gbs_summary_r&amp;cad=0\" target=\"_blank\" rel=\"noopener\">Acc\u00e9der au volume<\/a> sur <b>GoogleBooks<\/b><\/p>\n<p><b>770317<\/b><br \/>\nHonor\u00e9-S\u00e9bastien Vial Du Clairbois<br \/>\n<i>Essai g\u00e9om\u00e9trique et pratique sur l&rsquo;architecture navale, \u00e0 l&rsquo;usage des gens de mer<\/i><br \/>\nMars 1777, Tome III, p. 165-69<br \/>\n(Journal des savants; Gazette universelle de Litt\u00e9rature)<br \/>\n<a href=\"http:\/\/books.google.be\/books?id=rJMUAAAAQAAJ&amp;printsec=titlepage&amp;lr=&amp;as_brr=1&amp;hl=fr&amp;source=gbs_summary_r&amp;cad=0\" target=\"_blank\" rel=\"noopener\">Acc\u00e9der au volume<\/a> sur <b>GoogleBooks<\/b><\/p>\n<p style=\"text-align: justify;\"><b>770318<\/b><br \/>\nJohann Alphons Turretin<br \/>\n<i>Joh. Alph. Turretini de sacrae Scripturae interpretatione tractatus bipartitus restitutus varieque auctus. Trait\u00e9 de l&rsquo;interpr\u00e9tation de l&rsquo;\u00e9criture sainte [\u2026], corrig\u00e9 et augment\u00e9 par Teller<\/i><br \/>\nMars 1777, Tome III, p. 170-72<br \/>\n(Nouvelle gazette litt\u00e9raire de Halle)<br \/>\n<a href=\"http:\/\/books.google.be\/books?id=rJMUAAAAQAAJ&amp;printsec=titlepage&amp;lr=&amp;as_brr=1&amp;hl=fr&amp;source=gbs_summary_r&amp;cad=0\" target=\"_blank\" rel=\"noopener\">Acc\u00e9der au volume<\/a> sur <b>GoogleBooks<\/b><\/p>\n<p style=\"text-align: justify;\"><b>770319<\/b><br \/>\nPeter Simon Pallas<br \/>\n<i>Reise durch verschiedene Provinzen des Russichen Reichs &amp;c. Voyage \u00e0 travers plusieurs provinces de l&rsquo;Empire de Russie ; 3e partie, orn\u00e9e de figures et de cartes de g\u00e9ographie<\/i> [<a href=\"http:\/\/www.gedhs.ulg.ac.be\/recherches\/espritdesjournaux\/pdf\/770319.pdf\" target=\"_blank\" rel=\"noopener\">MODE IMAGE<\/a>]\nMars 1777, Tome III, p. 173-80<br \/>\n(Nouvelle gazette litt\u00e9raire de Halle)<br \/>\n<a href=\"http:\/\/books.google.be\/books?id=rJMUAAAAQAAJ&amp;printsec=titlepage&amp;lr=&amp;as_brr=1&amp;hl=fr&amp;source=gbs_summary_r&amp;cad=0\" target=\"_blank\" rel=\"noopener\">Acc\u00e9der au volume<\/a> sur <b>GoogleBooks<\/b><\/p>\n<p><b>770320<\/b><br \/>\n<i>Causes c\u00e9l\u00e8bres, curieuses et int\u00e9ressantes de toutes les cours souveraines du Royaume, avec les jugements qui les ont d\u00e9cid\u00e9es. Tome XXV<\/i><br \/>\nMars 1777, Tome III, p. 181-207<br \/>\n<a href=\"http:\/\/books.google.be\/books?id=rJMUAAAAQAAJ&amp;printsec=titlepage&amp;lr=&amp;as_brr=1&amp;hl=fr&amp;source=gbs_summary_r&amp;cad=0\" target=\"_blank\" rel=\"noopener\">Acc\u00e9der au volume<\/a> sur <b>GoogleBooks<\/b><\/p>\n<p><b>770321<\/b><br \/>\nNicolas Bricaire de La Dixm\u00e9rie<br \/>\n<i>Dialogue entre Fran\u00e7ois Ier, roi de France, et Henri VIII, roi d&rsquo;Angleterre<\/i><br \/>\nMars 1777, Tome III, p. 208-17<br \/>\n(Mercure de France)<br \/>\n<a href=\"http:\/\/books.google.be\/books?id=rJMUAAAAQAAJ&amp;printsec=titlepage&amp;lr=&amp;as_brr=1&amp;hl=fr&amp;source=gbs_summary_r&amp;cad=0\" target=\"_blank\" rel=\"noopener\">Acc\u00e9der au volume<\/a> sur <b>GoogleBooks<\/b><\/p>\n<p><b>770322<\/b><br \/>\nJonathan Swift<br \/>\n<i>Pens\u00e9es sur diff\u00e9rents sujets, traduites de l&rsquo;anglais du docteur Swift<\/i><br \/>\nMars 1777, Tome III, p. 217-22<br \/>\n(Journal d\u00e9di\u00e9 \u00e0 Monsieur)<br \/>\n<a href=\"http:\/\/books.google.be\/books?id=rJMUAAAAQAAJ&amp;printsec=titlepage&amp;lr=&amp;as_brr=1&amp;hl=fr&amp;source=gbs_summary_r&amp;cad=0\" target=\"_blank\" rel=\"noopener\">Acc\u00e9der au volume<\/a> sur <b>GoogleBooks<\/b><\/p>\n<p><b>770323<\/b><br \/>\n<i>Le chimiste et le jeune homme de qualit\u00e9, apologue<\/i><br \/>\nMars 1777, Tome III, p. 222-25<br \/>\n(Spectateur fran\u00e7ais)<br \/>\n<a href=\"http:\/\/books.google.be\/books?id=rJMUAAAAQAAJ&amp;printsec=titlepage&amp;lr=&amp;as_brr=1&amp;hl=fr&amp;source=gbs_summary_r&amp;cad=0\" target=\"_blank\" rel=\"noopener\">Acc\u00e9der au volume<\/a> sur <b>GoogleBooks<\/b><\/p>\n<p><b>770324<\/b><br \/>\nBeauvalet<br \/>\n<i>Lettre de M. Beauvalet, ancien acteur de l&rsquo;Op\u00e9ra, \u00e0 l&rsquo;auteur du Mercure<\/i><br \/>\nMars 1777, Tome III, p. 225-28<br \/>\n<a href=\"http:\/\/books.google.be\/books?id=rJMUAAAAQAAJ&amp;printsec=titlepage&amp;lr=&amp;as_brr=1&amp;hl=fr&amp;source=gbs_summary_r&amp;cad=0\" target=\"_blank\" rel=\"noopener\">Acc\u00e9der au volume<\/a> sur <b>GoogleBooks<\/b><\/p>\n<p><b>770325<\/b><br \/>\n<i>Observations sur la diff\u00e9rente condition des femmes dans les diverses contr\u00e9es du monde, traduites de l&rsquo;anglais<\/i><br \/>\nMars 1777, Tome III, p. 228-38<br \/>\n(Journal encyclop\u00e9dique)<br \/>\n<a href=\"http:\/\/books.google.be\/books?id=rJMUAAAAQAAJ&amp;printsec=titlepage&amp;lr=&amp;as_brr=1&amp;hl=fr&amp;source=gbs_summary_r&amp;cad=0\" target=\"_blank\" rel=\"noopener\">Acc\u00e9der au volume<\/a> sur <b>GoogleBooks<\/b><\/p>\n<p><b>770326<\/b><br \/>\n<i>Anecdote historique sur Cromwell<\/i><br \/>\nMars 1777, Tome III, p. 239-42<br \/>\n<a href=\"http:\/\/books.google.be\/books?id=rJMUAAAAQAAJ&amp;printsec=titlepage&amp;lr=&amp;as_brr=1&amp;hl=fr&amp;source=gbs_summary_r&amp;cad=0\" target=\"_blank\" rel=\"noopener\">Acc\u00e9der au volume<\/a> sur <b>GoogleBooks<\/b><\/p>\n<p style=\"text-align: justify;\"><b>770327<\/b><br \/>\n<i>Description v\u00e9ritable d&rsquo;une coiffure de nouvelle invention, \u00e9tonnante et extraordinaire, qui a paru pour la premi\u00e8re fois au bal public de L** le dimanche 9 f\u00e9vrier de l&rsquo;an de gr\u00e2ce 1777, et qui a fait l&rsquo;admiration de tous les Seigneurs et Dames de la plus haute consid\u00e9ration et du meilleur go\u00fbt de cette ville et des environs : o\u00f9 l&rsquo;on verra les dimensions exactes de cette pi\u00e8ce curieuse et merveilleuse, d&rsquo;apr\u00e8s le rapport des experts<\/i><br \/>\nMars 1777, Tome III, p. 242-51<br \/>\n<a href=\"http:\/\/books.google.be\/books?id=rJMUAAAAQAAJ&amp;printsec=titlepage&amp;lr=&amp;as_brr=1&amp;hl=fr&amp;source=gbs_summary_r&amp;cad=0\" target=\"_blank\" rel=\"noopener\">Acc\u00e9der au volume<\/a> sur <b>GoogleBooks<\/b><\/p>\n<p><b>770328<\/b><br \/>\nMadame Verdier<br \/>\n<i>\u00c9p\u00eetre \u00e0 une amie, qui vient de se faire religieuse<\/i><br \/>\nMars 1777, Tome III, p. 252-54<br \/>\n<a href=\"http:\/\/books.google.be\/books?id=rJMUAAAAQAAJ&amp;printsec=titlepage&amp;lr=&amp;as_brr=1&amp;hl=fr&amp;source=gbs_summary_r&amp;cad=0\" target=\"_blank\" rel=\"noopener\">Acc\u00e9der au volume<\/a> sur <b>GoogleBooks<\/b><\/p>\n<p><b>770329<\/b><br \/>\nNicolas Masson de Morvilliers<br \/>\n<i>Les trois prix. \u00c0 Madame de L. V. P. sous le nom d&rsquo;H\u00e9l\u00e8ne<\/i><br \/>\nMars 1777, Tome III, p. 254-55<br \/>\n<a href=\"http:\/\/books.google.be\/books?id=rJMUAAAAQAAJ&amp;printsec=titlepage&amp;lr=&amp;as_brr=1&amp;hl=fr&amp;source=gbs_summary_r&amp;cad=0\" target=\"_blank\" rel=\"noopener\">Acc\u00e9der au volume<\/a> sur <b>GoogleBooks<\/b><\/p>\n<p><b>770330<\/b><br \/>\n\u00c9tienne Fumars<br \/>\n<i>La petite fille et le petit chat. Fable<\/i><br \/>\nMars 1777, Tome III, p. 255-57<br \/>\n<a href=\"http:\/\/books.google.be\/books?id=rJMUAAAAQAAJ&amp;printsec=titlepage&amp;lr=&amp;as_brr=1&amp;hl=fr&amp;source=gbs_summary_r&amp;cad=0\" target=\"_blank\" rel=\"noopener\">Acc\u00e9der au volume<\/a> sur <b>GoogleBooks<\/b><\/p>\n<p><b>770331<\/b><br \/>\nAnge-Fran\u00e7ois Fariau de Saint-Ange<br \/>\n<i>L&rsquo;origine de la fl\u00fbte<\/i><br \/>\nMars 1777, Tome III, p. 257-58<br \/>\n<a href=\"http:\/\/books.google.be\/books?id=rJMUAAAAQAAJ&amp;printsec=titlepage&amp;lr=&amp;as_brr=1&amp;hl=fr&amp;source=gbs_summary_r&amp;cad=0\" target=\"_blank\" rel=\"noopener\">Acc\u00e9der au volume<\/a> sur <b>GoogleBooks<\/b><\/p>\n<p><b>770332<\/b><br \/>\nPierre-Claude Houllier de Saint-Remy<br \/>\n<i>Le g\u00e9nie, la vertu et la r\u00e9putation. Fable traduite de l&rsquo;anglais<\/i><br \/>\nMars 1777, Tome III, p. 258-60<br \/>\n<a href=\"http:\/\/books.google.be\/books?id=rJMUAAAAQAAJ&amp;printsec=titlepage&amp;lr=&amp;as_brr=1&amp;hl=fr&amp;source=gbs_summary_r&amp;cad=0\" target=\"_blank\" rel=\"noopener\">Acc\u00e9der au volume<\/a> sur <b>GoogleBooks<\/b><\/p>\n<p><b>770333<\/b><br \/>\n<i>Vers sur les deux Cr\u00e9billon<\/i><br \/>\nMars 1777, Tome III, p. 260<br \/>\n<a href=\"http:\/\/books.google.be\/books?id=rJMUAAAAQAAJ&amp;printsec=titlepage&amp;lr=&amp;as_brr=1&amp;hl=fr&amp;source=gbs_summary_r&amp;cad=0\" target=\"_blank\" rel=\"noopener\">Acc\u00e9der au volume<\/a> sur <b>GoogleBooks<\/b><\/p>\n<p><b>770334<\/b><br \/>\nAntoine de Bertin<br \/>\n<i>\u00c0 M. l&rsquo;Abb\u00e9 de Lille sur un voyage qu&rsquo;il projetait de faire en Italie<\/i><br \/>\nMars 1777, Tome III, p. 260-61<br \/>\n<a href=\"http:\/\/books.google.be\/books?id=rJMUAAAAQAAJ&amp;printsec=titlepage&amp;lr=&amp;as_brr=1&amp;hl=fr&amp;source=gbs_summary_r&amp;cad=0\" target=\"_blank\" rel=\"noopener\">Acc\u00e9der au volume<\/a> sur <b>GoogleBooks<\/b><\/p>\n<p><b>770335<\/b><br \/>\nVoltaire<br \/>\n<i>Extrait d&rsquo;une lette \u00e0 feu M. l&rsquo;Abb\u00e9 de Voisenon<\/i><br \/>\nMars 1777, Tome III, p. 262<br \/>\n<a href=\"http:\/\/books.google.be\/books?id=rJMUAAAAQAAJ&amp;printsec=titlepage&amp;lr=&amp;as_brr=1&amp;hl=fr&amp;source=gbs_summary_r&amp;cad=0\" target=\"_blank\" rel=\"noopener\">Acc\u00e9der au volume<\/a> sur <b>GoogleBooks<\/b><\/p>\n<p><b>770336<\/b><br \/>\nBernard de Bonnard<br \/>\n<i>Madrigal<\/i><br \/>\nMars 1777, Tome III, p. 262<br \/>\n<a href=\"http:\/\/books.google.be\/books?id=rJMUAAAAQAAJ&amp;printsec=titlepage&amp;lr=&amp;as_brr=1&amp;hl=fr&amp;source=gbs_summary_r&amp;cad=0\" target=\"_blank\" rel=\"noopener\">Acc\u00e9der au volume<\/a> sur <b>GoogleBooks<\/b><\/p>\n<p><b>770337<\/b><br \/>\nJean-Baptiste-Louis Gresset<br \/>\n<i>\u00c9p\u00eetre au P\u00e8re Bougeant<\/i><br \/>\nMars 1777, Tome III, p. 263-66<br \/>\n<a href=\"http:\/\/books.google.be\/books?id=rJMUAAAAQAAJ&amp;printsec=titlepage&amp;lr=&amp;as_brr=1&amp;hl=fr&amp;source=gbs_summary_r&amp;cad=0\" target=\"_blank\" rel=\"noopener\">Acc\u00e9der au volume<\/a> sur <b>GoogleBooks<\/b><\/p>\n<p><b>770338<\/b><br \/>\nFran\u00e7ois-Philippe de Reyrac<br \/>\n<i>Moralit\u00e9<\/i><br \/>\nMars 1777, Tome III, p. 266<br \/>\n<a href=\"http:\/\/books.google.be\/books?id=rJMUAAAAQAAJ&amp;printsec=titlepage&amp;lr=&amp;as_brr=1&amp;hl=fr&amp;source=gbs_summary_r&amp;cad=0\" target=\"_blank\" rel=\"noopener\">Acc\u00e9der au volume<\/a> sur <b>GoogleBooks<\/b><\/p>\n<p><b>770339<\/b><br \/>\nBarth\u00e9l\u00e9my Imbert<br \/>\n<i>Le pr\u00e9jug\u00e9. Conte<\/i><br \/>\nMars 1777, Tome III, p. 267<br \/>\n<a href=\"http:\/\/books.google.be\/books?id=rJMUAAAAQAAJ&amp;printsec=titlepage&amp;lr=&amp;as_brr=1&amp;hl=fr&amp;source=gbs_summary_r&amp;cad=0\" target=\"_blank\" rel=\"noopener\">Acc\u00e9der au volume<\/a> sur <b>GoogleBooks<\/b><\/p>\n<p><b>770340<\/b><br \/>\nM. de M.<br \/>\n<i>\u00c0 Mademoiselle Ch****<\/i><br \/>\nMars 1777, Tome III, p. 268<br \/>\n<a href=\"http:\/\/books.google.be\/books?id=rJMUAAAAQAAJ&amp;printsec=titlepage&amp;lr=&amp;as_brr=1&amp;hl=fr&amp;source=gbs_summary_r&amp;cad=0\" target=\"_blank\" rel=\"noopener\">Acc\u00e9der au volume<\/a> sur <b>GoogleBooks<\/b><\/p>\n<p><b>770341<\/b><br \/>\n<i>Couplets aux dames du Bal de Li\u00e8ge, le lundi 3 f\u00e9vrier 1777<\/i><br \/>\nMars 1777, Tome III, p. 268-69<br \/>\n<a href=\"http:\/\/books.google.be\/books?id=rJMUAAAAQAAJ&amp;printsec=titlepage&amp;lr=&amp;as_brr=1&amp;hl=fr&amp;source=gbs_summary_r&amp;cad=0\" target=\"_blank\" rel=\"noopener\">Acc\u00e9der au volume<\/a> sur <b>GoogleBooks<\/b><\/p>\n<p style=\"text-align: justify;\"><b>770401<\/b><br \/>\n<i>M\u00e9moires concernant l&rsquo;histoire, les sciences, les arts, les m\u0153urs, les usages de Chinois ; par les missionnaires de P\u00e9kin. Tome Ier<\/i><br \/>\nAvril 1777, Tome IV, p. 3-36<br \/>\n(Journal des Savants; Ann\u00e9e litt\u00e9raire; Affiches et annonces de Paris; Journal encyclop\u00e9dique; Mercure de France; Gazette universelle de Litt\u00e9rature)<br \/>\n<a href=\"http:\/\/books.google.be\/books?id=t5MUAAAAQAAJ&amp;printsec=titlepage&amp;dq=intitle:esprit+des+date:1777-1777&amp;lr=&amp;as_brr=1&amp;hl=fr&amp;source=gbs_summary_r&amp;cad=0\" target=\"_blank\" rel=\"noopener\">Acc\u00e9der au volume<\/a> sur <b>GoogleBooks<\/b><\/p>\n<p style=\"text-align: justify;\"><b>770402<\/b><br \/>\nPierre-Adam Origny<br \/>\n<i>Dictionnaire des origines, ou \u00c9poque des inventions utiles, des d\u00e9couvertes importantes, et de l&rsquo;\u00e9tablissement des peuples, des religions, des sectes, des h\u00e9r\u00e9sies, des lois, des coutumes, des m\u0153urs, des dignit\u00e9s, des monnaies, etc.<\/i><br \/>\nAvril 1777, Tome IV, p. 37-44<br \/>\n(Journal de Paris; Journal de politique et de litt\u00e9rature; Mercure de France; Courrier litt\u00e9raire de l&rsquo;Europe)<br \/>\n<a href=\"http:\/\/books.google.be\/books?id=t5MUAAAAQAAJ&amp;printsec=titlepage&amp;dq=intitle:esprit+des+date:1777-1777&amp;lr=&amp;as_brr=1&amp;hl=fr&amp;source=gbs_summary_r&amp;cad=0\" target=\"_blank\" rel=\"noopener\">Acc\u00e9der au volume<\/a> sur <b>GoogleBooks<\/b><\/p>\n<p><b>770403<\/b><br \/>\nAngelo Maria Bandini<br \/>\n<i>Catalogus codicum latinorum bibliothecae, &amp;c. Catalogue des manuscrits latins de la biblioth\u00e8que de M\u00e9dicis<\/i><br \/>\nAvril 1777, Tome IV, p. 45-54<br \/>\n(Novelle letterarie)<br \/>\n<a href=\"http:\/\/books.google.be\/books?id=t5MUAAAAQAAJ&amp;printsec=titlepage&amp;dq=intitle:esprit+des+date:1777-1777&amp;lr=&amp;as_brr=1&amp;hl=fr&amp;source=gbs_summary_r&amp;cad=0\" target=\"_blank\" rel=\"noopener\">Acc\u00e9der au volume<\/a> sur <b>GoogleBooks<\/b><\/p>\n<p><b>770404<\/b><br \/>\nFran\u00e7ois-Philippe de Reyrac<br \/>\n<i>Hymne au soleil, en quatre divisions, traduit du grec<\/i><br \/>\nAvril 1777, Tome IV, p. 55-63<br \/>\n(Journal de sciences et des beaux-arts; Journal de Paris; Ann\u00e9e litt\u00e9raire; Affiches et annonces de Paris; Mercure de France)<br \/>\n<a href=\"http:\/\/books.google.be\/books?id=t5MUAAAAQAAJ&amp;printsec=titlepage&amp;dq=intitle:esprit+des+date:1777-1777&amp;lr=&amp;as_brr=1&amp;hl=fr&amp;source=gbs_summary_r&amp;cad=0\" target=\"_blank\" rel=\"noopener\">Acc\u00e9der au volume<\/a> sur <b>GoogleBooks<\/b><\/p>\n<p><b>770405<\/b><br \/>\nJohann Gottlieb Georgi<br \/>\n<i>Bemerkungen einer Reise im Russinchen Reich im Jahr, 1772, &amp;c. Relation d&rsquo;un voyage fait dans l&#8217;empire russe en 1772<\/i><br \/>\nAvril 1777, Tome IV, p. 64-71<br \/>\n(Gazette litt\u00e9raire de Halle)<br \/>\n<a href=\"http:\/\/books.google.be\/books?id=t5MUAAAAQAAJ&amp;printsec=titlepage&amp;dq=intitle:esprit+des+date:1777-1777&amp;lr=&amp;as_brr=1&amp;hl=fr&amp;source=gbs_summary_r&amp;cad=0\" target=\"_blank\" rel=\"noopener\">Acc\u00e9der au volume<\/a> sur <b>GoogleBooks<\/b><\/p>\n<p><b>770406<\/b><br \/>\nComtesse de Vidampierre<br \/>\n<i>M\u00e9langes de po\u00e9sie et de prose<\/i><br \/>\nAvril 1777, Tome IV, p. 71-77<br \/>\n(Journal d\u00e9di\u00e9 \u00e0 Monsieur; Journal des Dames; Journal des sciences et des beaux-arts)<br \/>\n<a href=\"http:\/\/books.google.be\/books?id=t5MUAAAAQAAJ&amp;printsec=titlepage&amp;dq=intitle:esprit+des+date:1777-1777&amp;lr=&amp;as_brr=1&amp;hl=fr&amp;source=gbs_summary_r&amp;cad=0\" target=\"_blank\" rel=\"noopener\">Acc\u00e9der au volume<\/a> sur <b>GoogleBooks<\/b><\/p>\n<p><b>770407<\/b><br \/>\nKarl Abraham Freiherr von Zedlitz<br \/>\n<i>Sur le patriotisme consid\u00e9r\u00e9 comme objet d&rsquo;\u00e9ducation dans les \u00e9tats monarchiques<\/i><br \/>\nAvril 1777, Tome IV, p. 78-87<br \/>\n(Gazette universelle de Litt\u00e9rature; Journal encyclop\u00e9dique)<br \/>\n<a href=\"http:\/\/books.google.be\/books?id=t5MUAAAAQAAJ&amp;printsec=titlepage&amp;dq=intitle:esprit+des+date:1777-1777&amp;lr=&amp;as_brr=1&amp;hl=fr&amp;source=gbs_summary_r&amp;cad=0\" target=\"_blank\" rel=\"noopener\">Acc\u00e9der au volume<\/a> sur <b>GoogleBooks<\/b><\/p>\n<p><b>770408<\/b><br \/>\nAntoine Bemetzrieder<br \/>\n<i>Trait\u00e9 de musique, concernant les tons, les harmonies, les accords et le discours musical<\/i><br \/>\nAvril 1777, Tome IV, p. 87-93<br \/>\n(Journal de politique et de litt\u00e9rature; Mercure de France; Journal encyclop\u00e9dique)<br \/>\n<a href=\"http:\/\/books.google.be\/books?id=t5MUAAAAQAAJ&amp;printsec=titlepage&amp;dq=intitle:esprit+des+date:1777-1777&amp;lr=&amp;as_brr=1&amp;hl=fr&amp;source=gbs_summary_r&amp;cad=0\" target=\"_blank\" rel=\"noopener\">Acc\u00e9der au volume<\/a> sur <b>GoogleBooks<\/b><\/p>\n<p><b>770409<\/b><br \/>\nAntoine-Joseph Pernety<br \/>\n<i>La connaissance de l&rsquo;homme moral, par celle de l&rsquo;homme physique<\/i><br \/>\nAvril 1777, Tome IV, p. 94-97<br \/>\n(Gazette universelle de Litt\u00e9rature; Journal encyclop\u00e9dique)<br \/>\n<a href=\"http:\/\/books.google.be\/books?id=t5MUAAAAQAAJ&amp;printsec=titlepage&amp;dq=intitle:esprit+des+date:1777-1777&amp;lr=&amp;as_brr=1&amp;hl=fr&amp;source=gbs_summary_r&amp;cad=0\" target=\"_blank\" rel=\"noopener\">Acc\u00e9der au volume<\/a> sur <b>GoogleBooks<\/b><\/p>\n<p><b>770410<\/b><br \/>\n<i>Philosophical Transactions, etc. Transactions philosophiques de la Soci\u00e9t\u00e9 Royale de Londres, Vol. LXVI<\/i><br \/>\nAvril 1777, Tome IV, p. 98-108<br \/>\n(Critical review)<br \/>\n<a href=\"http:\/\/books.google.be\/books?id=t5MUAAAAQAAJ&amp;printsec=titlepage&amp;dq=intitle:esprit+des+date:1777-1777&amp;lr=&amp;as_brr=1&amp;hl=fr&amp;source=gbs_summary_r&amp;cad=0\" target=\"_blank\" rel=\"noopener\">Acc\u00e9der au volume<\/a> sur <b>GoogleBooks<\/b><\/p>\n<p style=\"text-align: justify;\"><b>770411<\/b><br \/>\nCharles-Alexandre de Moy<br \/>\n<i>Discours qui a remport\u00e9 les deux prix d&rsquo;\u00e9loquence, au jugement de l&rsquo;Acad\u00e9mie de Besan\u00e7on, en 1776, sur ce sujet : combien le respect pour les m\u0153urs contribue au bonheur d&rsquo;un \u00e9tat<\/i><br \/>\nAvril 1777, Tome IV, p. 109-21<br \/>\n(Journal de Paris; Mercure de France; Journal des sciences et des beaux-arts; Journal encyclop\u00e9dique)<br \/>\n<a href=\"http:\/\/books.google.be\/books?id=t5MUAAAAQAAJ&amp;printsec=titlepage&amp;dq=intitle:esprit+des+date:1777-1777&amp;lr=&amp;as_brr=1&amp;hl=fr&amp;source=gbs_summary_r&amp;cad=0\" target=\"_blank\" rel=\"noopener\">Acc\u00e9der au volume<\/a> sur <b>GoogleBooks<\/b><\/p>\n<p style=\"text-align: justify;\"><b>770412<\/b><i><br \/>\nM. Tullii Ciceronis Opera omnia ex recensione Jo. Aug. Ernesti cum ejusdem notis &amp; clave Ciceroniana. \u0152uvres de Cic\u00e9ron, revues par M. Ernest, qui y a joint des notes de sa fa\u00e7on et une clef<\/i><br \/>\nAvril 1777, Tome IV, p. 122-24<br \/>\n<a href=\"http:\/\/books.google.be\/books?id=t5MUAAAAQAAJ&amp;printsec=titlepage&amp;dq=intitle:esprit+des+date:1777-1777&amp;lr=&amp;as_brr=1&amp;hl=fr&amp;source=gbs_summary_r&amp;cad=0\" target=\"_blank\" rel=\"noopener\">Acc\u00e9der au volume<\/a> sur <b>GoogleBooks<\/b><\/p>\n<p style=\"text-align: justify;\"><b>770413<\/b><br \/>\n<i>Almanach litt\u00e9raire, ou \u00c9trennes d&rsquo;Apollon, contenant l&rsquo;\u00c9loge historique du grand Corneille ; par M. de Voltaire ; le Fontenelliana, o\u00f9 l&rsquo;on trouve un grand nombre de r\u00e9parties de Fontenelle, qui n&rsquo;ont jamais \u00e9t\u00e9 imprim\u00e9es ; plusieurs bons mots de MM. Piron, de Cr\u00e9billon, l&rsquo;Abb\u00e9 de Voisenon et de Voltaire ; des Anecdotes int\u00e9ressantes une Notice des principaux ouvrages mis au jour en 1776, et autres morceaux curieux<\/i><br \/>\nAvril 1777, Tome IV, p. 125-32<br \/>\n(Journal de politique et de litt\u00e9rature; Mercure de France; Journal encyclop\u00e9dique)<br \/>\n<a href=\"http:\/\/books.google.be\/books?id=t5MUAAAAQAAJ&amp;printsec=titlepage&amp;dq=intitle:esprit+des+date:1777-1777&amp;lr=&amp;as_brr=1&amp;hl=fr&amp;source=gbs_summary_r&amp;cad=0\" target=\"_blank\" rel=\"noopener\">Acc\u00e9der au volume<\/a> sur <b>GoogleBooks<\/b><\/p>\n<p style=\"text-align: justify;\"><b>770414<\/b>[Antoine-Nicolas Dezallier d&rsquo;Argenville]\n<i>Dictionnaire du jardinage, relatif \u00e0 la th\u00e9orie et \u00e0 la pratique de cet art, avec figures en taille-douce, dessin\u00e9es et grav\u00e9es d&rsquo;apr\u00e8s nature<\/i><br \/>\nAvril 1777, Tome IV, p. 133-35<br \/>\n(Gazette universelle de litt\u00e9rature; Journal des sciences et des beaux-arts)<br \/>\n<a href=\"http:\/\/books.google.be\/books?id=t5MUAAAAQAAJ&amp;printsec=titlepage&amp;dq=intitle:esprit+des+date:1777-1777&amp;lr=&amp;as_brr=1&amp;hl=fr&amp;source=gbs_summary_r&amp;cad=0\" target=\"_blank\" rel=\"noopener\">Acc\u00e9der au volume<\/a> sur <b>GoogleBooks<\/b><\/p>\n<p><b>770415<\/b><br \/>\nFilippo Angelico Becchetti<br \/>\n<i>Della Istoria Ecclesiastica, &amp;c. Histoire eccl\u00e9siastique du Cardinal Orsi<\/i><br \/>\nAvril 1777, Tome IV, p. 135-42<br \/>\n(Efemeridi di Roma)<br \/>\n<a href=\"http:\/\/books.google.be\/books?id=t5MUAAAAQAAJ&amp;printsec=titlepage&amp;dq=intitle:esprit+des+date:1777-1777&amp;lr=&amp;as_brr=1&amp;hl=fr&amp;source=gbs_summary_r&amp;cad=0\" target=\"_blank\" rel=\"noopener\">Acc\u00e9der au volume<\/a> sur <b>GoogleBooks<\/b><\/p>\n<p><b>770416<\/b><br \/>\nCharles-Fran\u00e7ois de Trinquelague<br \/>\n<i>\u00c9loge d&rsquo;Esprit Fl\u00e9chier, \u00c9v\u00eaque de N\u00eemes, Discours qui a remport\u00e9 le prix de l&rsquo;Acad\u00e9mie royale de N\u00eemes en 1776<\/i><br \/>\nAvril 1777, Tome IV, p. 142-47<br \/>\n(Journal de politique et de litt\u00e9rature; Affiches et annonces de Paris)<br \/>\n<a href=\"http:\/\/books.google.be\/books?id=t5MUAAAAQAAJ&amp;printsec=titlepage&amp;dq=intitle:esprit+des+date:1777-1777&amp;lr=&amp;as_brr=1&amp;hl=fr&amp;source=gbs_summary_r&amp;cad=0\" target=\"_blank\" rel=\"noopener\">Acc\u00e9der au volume<\/a> sur <b>GoogleBooks<\/b><\/p>\n<p><b>770417<\/b><br \/>\n<i>Causes c\u00e9l\u00e8bres, curieuses et int\u00e9ressantes de toutes les cours souveraines du Royaume, avec les jugements qui les ont d\u00e9cid\u00e9es. Tome XXVI<\/i><br \/>\nAvril 1777, Tome IV, p. 148-63<br \/>\n<a href=\"http:\/\/books.google.be\/books?id=t5MUAAAAQAAJ&amp;printsec=titlepage&amp;dq=intitle:esprit+des+date:1777-1777&amp;lr=&amp;as_brr=1&amp;hl=fr&amp;source=gbs_summary_r&amp;cad=0\" target=\"_blank\" rel=\"noopener\">Acc\u00e9der au volume<\/a> sur <b>GoogleBooks<\/b><\/p>\n<p><b>770418<\/b>[Joseph Stock]\n<i>An account of the life, &amp;c. Vie de Georges Berkeley, dernier \u00e9v\u00eaque de Cloyne en Irlande<\/i><br \/>\nAvril 1777, Tome IV, p. 164-77<br \/>\n(Monthly review; Critical review)<br \/>\n<a href=\"http:\/\/books.google.be\/books?id=t5MUAAAAQAAJ&amp;printsec=titlepage&amp;dq=intitle:esprit+des+date:1777-1777&amp;lr=&amp;as_brr=1&amp;hl=fr&amp;source=gbs_summary_r&amp;cad=0\" target=\"_blank\" rel=\"noopener\">Acc\u00e9der au volume<\/a> sur <b>GoogleBooks<\/b><\/p>\n<p><b>770419<\/b><br \/>\nPierre-Antoine Crevenna<br \/>\n<i>Catalogue raisonn\u00e9 de la collection de livres de M. Pierre-Antoine Crevenna, n\u00e9gociant \u00e0 Amsterdam<\/i><br \/>\nAvril 1777, Tome IV, p. 177-92<br \/>\n<a href=\"http:\/\/books.google.be\/books?id=t5MUAAAAQAAJ&amp;printsec=titlepage&amp;dq=intitle:esprit+des+date:1777-1777&amp;lr=&amp;as_brr=1&amp;hl=fr&amp;source=gbs_summary_r&amp;cad=0\" target=\"_blank\" rel=\"noopener\">Acc\u00e9der au volume<\/a> sur <b>GoogleBooks<\/b><\/p>\n<p><b>770420<\/b><br \/>\n<i>\u00c9loge du p\u00e8re Le Sueur<\/i><br \/>\nAvril 1777, Tome IV, p. 193-97<br \/>\n(Observations sur la physique, sur l&rsquo;histoire naturelle et sur les arts)<br \/>\n<a href=\"http:\/\/books.google.be\/books?id=t5MUAAAAQAAJ&amp;printsec=titlepage&amp;dq=intitle:esprit+des+date:1777-1777&amp;lr=&amp;as_brr=1&amp;hl=fr&amp;source=gbs_summary_r&amp;cad=0\" target=\"_blank\" rel=\"noopener\">Acc\u00e9der au volume<\/a> sur <b>GoogleBooks<\/b><\/p>\n<p><b>770421<\/b><br \/>\n<i>Dialogue aux Champs \u00c9lys\u00e9es, entre les deux Art\u00e9mises<\/i><br \/>\nAvril 1777, Tome IV, p. 198-203<br \/>\n(Journal encyclop\u00e9dique)<br \/>\n<a href=\"http:\/\/books.google.be\/books?id=t5MUAAAAQAAJ&amp;printsec=titlepage&amp;dq=intitle:esprit+des+date:1777-1777&amp;lr=&amp;as_brr=1&amp;hl=fr&amp;source=gbs_summary_r&amp;cad=0\" target=\"_blank\" rel=\"noopener\">Acc\u00e9der au volume<\/a> sur <b>GoogleBooks<\/b><\/p>\n<p><b>770422<\/b><br \/>\n<i>Extrait d&rsquo;une lettre sur le c\u00e9libat<\/i><br \/>\nAvril 1777, Tome IV, p. 203-04<br \/>\n(Affiches et annonces de Paris)<br \/>\n<a href=\"http:\/\/books.google.be\/books?id=t5MUAAAAQAAJ&amp;printsec=titlepage&amp;dq=intitle:esprit+des+date:1777-1777&amp;lr=&amp;as_brr=1&amp;hl=fr&amp;source=gbs_summary_r&amp;cad=0\" target=\"_blank\" rel=\"noopener\">Acc\u00e9der au volume<\/a> sur <b>GoogleBooks<\/b><\/p>\n<p><b>770423<\/b><br \/>\n<i>Apologie de ce si\u00e8cle<\/i><br \/>\nAvril 1777, Tome IV, p. 204-08<br \/>\n(Journal anglais)<br \/>\n<a href=\"http:\/\/books.google.be\/books?id=t5MUAAAAQAAJ&amp;printsec=titlepage&amp;dq=intitle:esprit+des+date:1777-1777&amp;lr=&amp;as_brr=1&amp;hl=fr&amp;source=gbs_summary_r&amp;cad=0\" target=\"_blank\" rel=\"noopener\">Acc\u00e9der au volume<\/a> sur <b>GoogleBooks<\/b><\/p>\n<p><b>770424<\/b><br \/>\n<i>Extrait de l&rsquo;\u00e9loge de M. le Pr\u00e9sident Pompeio Neri : Traduit de l&rsquo;italien<\/i><br \/>\nAvril 1777, Tome IV, p. 208-11<br \/>\n(Novelle Letterarie)<br \/>\n<a href=\"http:\/\/books.google.be\/books?id=t5MUAAAAQAAJ&amp;printsec=titlepage&amp;dq=intitle:esprit+des+date:1777-1777&amp;lr=&amp;as_brr=1&amp;hl=fr&amp;source=gbs_summary_r&amp;cad=0\" target=\"_blank\" rel=\"noopener\">Acc\u00e9der au volume<\/a> sur <b>GoogleBooks<\/b><\/p>\n<p style=\"text-align: justify;\"><b>770425<\/b><br \/>\nMirbeck<br \/>\n<i>Lettre de M. de Mirbeck, avocat aux Conseils et Secr\u00e9taire du Roi, \u00e0 M. de Voltaire, en lui envoyant un exemplaire de la Requ\u00eate des Habitants du Mont-Jura<\/i><br \/>\nAvril 1777, Tome IV, p. 212-13<br \/>\n<a href=\"http:\/\/books.google.be\/books?id=t5MUAAAAQAAJ&amp;printsec=titlepage&amp;dq=intitle:esprit+des+date:1777-1777&amp;lr=&amp;as_brr=1&amp;hl=fr&amp;source=gbs_summary_r&amp;cad=0\" target=\"_blank\" rel=\"noopener\">Acc\u00e9der au volume<\/a> sur <b>GoogleBooks<\/b><\/p>\n<p><b>770426<\/b><br \/>\n<i>Lettre de M. de Voltaire \u00e0 M. de Mirbeck<\/i><br \/>\nAvril 1777, Tome IV, p. 214<br \/>\n(Journal de Politique et de Litt\u00e9rature)<br \/>\n<a href=\"http:\/\/books.google.be\/books?id=t5MUAAAAQAAJ&amp;printsec=titlepage&amp;dq=intitle:esprit+des+date:1777-1777&amp;lr=&amp;as_brr=1&amp;hl=fr&amp;source=gbs_summary_r&amp;cad=0\" target=\"_blank\" rel=\"noopener\">Acc\u00e9der au volume<\/a> sur <b>GoogleBooks<\/b><\/p>\n<p><b>770427<\/b><br \/>\nVoltaire<br \/>\n<i>Lettre de M. de Voltaire \u00e0 M. le Docteur Paul Vegani, Auteur du livre, sur l&rsquo;\u00e9normit\u00e9 du Duel<\/i><br \/>\nAvril 1777, Tome IV, p. 215<br \/>\n(Notizie del Monde)<br \/>\n<a href=\"http:\/\/books.google.be\/books?id=t5MUAAAAQAAJ&amp;printsec=titlepage&amp;dq=intitle:esprit+des+date:1777-1777&amp;lr=&amp;as_brr=1&amp;hl=fr&amp;source=gbs_summary_r&amp;cad=0\" target=\"_blank\" rel=\"noopener\">Acc\u00e9der au volume<\/a> sur <b>GoogleBooks<\/b><\/p>\n<p style=\"text-align: justify;\"><b>770428<\/b><br \/>\nJean-Joseph Rossignol<br \/>\n<i>\u00c9crit adress\u00e9 \u00e0 l&rsquo;auteur du Journal Eccl\u00e9siastique, au sujet des observations sur un ouvrage intitul\u00e9 : Vues sur l&rsquo;Eucharistie, et qui sont ins\u00e9r\u00e9es dans le Journal Eccl\u00e9siastique du mois de janvier. Page 80.<\/i><br \/>\nAvril 1777, Tome IV, p. 216-17<br \/>\n<a href=\"http:\/\/books.google.be\/books?id=t5MUAAAAQAAJ&amp;printsec=titlepage&amp;dq=intitle:esprit+des+date:1777-1777&amp;lr=&amp;as_brr=1&amp;hl=fr&amp;source=gbs_summary_r&amp;cad=0\" target=\"_blank\" rel=\"noopener\">Acc\u00e9der au volume<\/a> sur <b>GoogleBooks<\/b><\/p>\n<p><b>770429<\/b><br \/>\nBenedetti<br \/>\n<i>Lettre aux r\u00e9dacteurs de l&rsquo;Esprit des Journaux, sur la nouvelle traduction du Dante<\/i><br \/>\nAvril 1777, Tome IV, p. 217-28<br \/>\n<a href=\"http:\/\/books.google.be\/books?id=t5MUAAAAQAAJ&amp;printsec=titlepage&amp;dq=intitle:esprit+des+date:1777-1777&amp;lr=&amp;as_brr=1&amp;hl=fr&amp;source=gbs_summary_r&amp;cad=0\" target=\"_blank\" rel=\"noopener\">Acc\u00e9der au volume<\/a> sur <b>GoogleBooks<\/b><\/p>\n<p><b>770430<\/b><br \/>\nPalissot \/ Cl\u00e9ment<br \/>\n<i>Pi\u00e8ce sur la statue de M. de Buffon, ex\u00e9cut\u00e9e en marbre par M. Pajou, et plac\u00e9e au jardin du Roi, \u00e0 Paris<\/i><br \/>\nAvril 1777, Tome IV, p. 229-30<br \/>\n(Journal fran\u00e7ais)<br \/>\n<a href=\"http:\/\/books.google.be\/books?id=t5MUAAAAQAAJ&amp;printsec=titlepage&amp;dq=intitle:esprit+des+date:1777-1777&amp;lr=&amp;as_brr=1&amp;hl=fr&amp;source=gbs_summary_r&amp;cad=0\" target=\"_blank\" rel=\"noopener\">Acc\u00e9der au volume<\/a> sur <b>GoogleBooks<\/b><\/p>\n<p><b>770431<\/b><br \/>\n<i>Sur la litt\u00e9rature allemande<\/i><br \/>\nAvril 1777, Tome IV, p. 230-39<br \/>\n(Feuille p\u00e9riodique d&rsquo;une utilit\u00e9 g\u00e9n\u00e9rale, imprim\u00e9e \u00e0 Dusseldorf)<br \/>\n<a href=\"http:\/\/books.google.be\/books?id=t5MUAAAAQAAJ&amp;printsec=titlepage&amp;dq=intitle:esprit+des+date:1777-1777&amp;lr=&amp;as_brr=1&amp;hl=fr&amp;source=gbs_summary_r&amp;cad=0\" target=\"_blank\" rel=\"noopener\">Acc\u00e9der au volume<\/a> sur <b>GoogleBooks<\/b><\/p>\n<p><b>770432<\/b><br \/>\nFranz von Hartig<br \/>\n<i>Vers sur la situation de Naples et de ses environs<\/i><br \/>\nAvril 1777, Tome IV, p. 240-41<br \/>\n<a href=\"http:\/\/books.google.be\/books?id=t5MUAAAAQAAJ&amp;printsec=titlepage&amp;dq=intitle:esprit+des+date:1777-1777&amp;lr=&amp;as_brr=1&amp;hl=fr&amp;source=gbs_summary_r&amp;cad=0\" target=\"_blank\" rel=\"noopener\">Acc\u00e9der au volume<\/a> sur <b>GoogleBooks<\/b><\/p>\n<p><b>770433<\/b><br \/>\n\u00c9tienne-Louis Billardon de Sauvigny<br \/>\n<i>\u00c9p\u00eetre \u00e0 Glyc\u00e8re sur les inconv\u00e9nients d&rsquo;\u00eatre l&rsquo;ami d&rsquo;une honn\u00eate femme<\/i><br \/>\nAvril 1777, Tome IV, p. 242-44<br \/>\n<a href=\"http:\/\/books.google.be\/books?id=t5MUAAAAQAAJ&amp;printsec=titlepage&amp;dq=intitle:esprit+des+date:1777-1777&amp;lr=&amp;as_brr=1&amp;hl=fr&amp;source=gbs_summary_r&amp;cad=0\" target=\"_blank\" rel=\"noopener\">Acc\u00e9der au volume<\/a> sur <b>GoogleBooks<\/b><\/p>\n<p><b>770434<\/b><br \/>\n\u00c9tienne-Louis Billardon de Sauvigny<br \/>\n<i>La convalescence d&rsquo;une fille de quinze ans<\/i><br \/>\nAvril 1777, Tome IV, p. 244-45<br \/>\n<a href=\"http:\/\/books.google.be\/books?id=t5MUAAAAQAAJ&amp;printsec=titlepage&amp;dq=intitle:esprit+des+date:1777-1777&amp;lr=&amp;as_brr=1&amp;hl=fr&amp;source=gbs_summary_r&amp;cad=0\" target=\"_blank\" rel=\"noopener\">Acc\u00e9der au volume<\/a> sur <b>GoogleBooks<\/b><\/p>\n<p><b>770435<\/b><br \/>\n<i>Vers pr\u00e9sent\u00e9s \u00e0 la Reine, par le fils de M. d&rsquo;Arnaud, \u00e2g\u00e9 de cinq ans<\/i><br \/>\nAvril 1777, Tome IV, p. 246<br \/>\n<a href=\"http:\/\/books.google.be\/books?id=t5MUAAAAQAAJ&amp;printsec=titlepage&amp;dq=intitle:esprit+des+date:1777-1777&amp;lr=&amp;as_brr=1&amp;hl=fr&amp;source=gbs_summary_r&amp;cad=0\" target=\"_blank\" rel=\"noopener\">Acc\u00e9der au volume<\/a> sur <b>GoogleBooks<\/b><\/p>\n<p><b>770436<\/b><br \/>\nPhilippe-Antoine Grouvelle<br \/>\n<i>\u00c0 l&rsquo;oreiller de Glyc\u00e8re. Stances anacr\u00e9ontiques<\/i><br \/>\nAvril 1777, Tome IV, p. 246-49<br \/>\n<a href=\"http:\/\/books.google.be\/books?id=t5MUAAAAQAAJ&amp;printsec=titlepage&amp;dq=intitle:esprit+des+date:1777-1777&amp;lr=&amp;as_brr=1&amp;hl=fr&amp;source=gbs_summary_r&amp;cad=0\" target=\"_blank\" rel=\"noopener\">Acc\u00e9der au volume<\/a> sur <b>GoogleBooks<\/b><\/p>\n<p><b>770437<\/b><br \/>\nComte de B**<br \/>\n<i>Les larmes. \u00c0 Monsieur de B**<\/i><br \/>\nAvril 1777, Tome IV, p. 249<br \/>\n<a href=\"http:\/\/books.google.be\/books?id=t5MUAAAAQAAJ&amp;printsec=titlepage&amp;dq=intitle:esprit+des+date:1777-1777&amp;lr=&amp;as_brr=1&amp;hl=fr&amp;source=gbs_summary_r&amp;cad=0\" target=\"_blank\" rel=\"noopener\">Acc\u00e9der au volume<\/a> sur <b>GoogleBooks<\/b><\/p>\n<p><b>770438<\/b><br \/>\nM. de B** [Bernard de Bonnard]\n<i>Celle qui fut belle<\/i><br \/>\nAvril 1777, Tome IV, p. 249<br \/>\n<a href=\"http:\/\/books.google.be\/books?id=t5MUAAAAQAAJ&amp;printsec=titlepage&amp;dq=intitle:esprit+des+date:1777-1777&amp;lr=&amp;as_brr=1&amp;hl=fr&amp;source=gbs_summary_r&amp;cad=0\" target=\"_blank\" rel=\"noopener\">Acc\u00e9der au volume<\/a> sur <b>GoogleBooks<\/b><\/p>\n<p><b>770439<\/b><br \/>\nGuillaume-Antoine Lemonnier<br \/>\n<i>Les abricots. Fable<\/i><br \/>\nAvril 1777, Tome IV, p. 250<br \/>\n<a href=\"http:\/\/books.google.be\/books?id=t5MUAAAAQAAJ&amp;printsec=titlepage&amp;dq=intitle:esprit+des+date:1777-1777&amp;lr=&amp;as_brr=1&amp;hl=fr&amp;source=gbs_summary_r&amp;cad=0\" target=\"_blank\" rel=\"noopener\">Acc\u00e9der au volume<\/a> sur <b>GoogleBooks<\/b><\/p>\n<p><b>770440<\/b><br \/>\nVoltaire<br \/>\n<i>\u00c0 M. le Comte de Tressan<\/i><br \/>\nAvril 1777, Tome IV, p. 251<br \/>\n<a href=\"http:\/\/books.google.be\/books?id=t5MUAAAAQAAJ&amp;printsec=titlepage&amp;dq=intitle:esprit+des+date:1777-1777&amp;lr=&amp;as_brr=1&amp;hl=fr&amp;source=gbs_summary_r&amp;cad=0\" target=\"_blank\" rel=\"noopener\">Acc\u00e9der au volume<\/a> sur <b>GoogleBooks<\/b><\/p>\n<p><b>770441<\/b><br \/>\nHugot<br \/>\n<i>\u00c9pigramme sur ce qu&rsquo;on appelle dans la coiffure des femmes, sentiments et physionomie<\/i><br \/>\nAvril 1777, Tome IV, p. 252<br \/>\n<a href=\"http:\/\/books.google.be\/books?id=t5MUAAAAQAAJ&amp;printsec=titlepage&amp;dq=intitle:esprit+des+date:1777-1777&amp;lr=&amp;as_brr=1&amp;hl=fr&amp;source=gbs_summary_r&amp;cad=0\" target=\"_blank\" rel=\"noopener\">Acc\u00e9der au volume<\/a> sur <b>GoogleBooks<\/b><\/p>\n<p><b>770442<\/b><br \/>\nJ. du Coudray<br \/>\n<i>\u00c9p\u00eetre \u00e0 M. B\u00e9renger, Professeur de rh\u00e9torique au Coll\u00e8ge royal d&rsquo;Orl\u00e9ans, sur la s\u00e9ance acad\u00e9mique, tenue par ses \u00e9l\u00e8ves, le 7 f\u00e9vrier 1777<\/i><br \/>\nAvril 1777, Tome IV, p. 252-55<br \/>\n<a href=\"http:\/\/books.google.be\/books?id=t5MUAAAAQAAJ&amp;printsec=titlepage&amp;dq=intitle:esprit+des+date:1777-1777&amp;lr=&amp;as_brr=1&amp;hl=fr&amp;source=gbs_summary_r&amp;cad=0\" target=\"_blank\" rel=\"noopener\">Acc\u00e9der au volume<\/a> sur <b>GoogleBooks<\/b><\/p>\n<p><b>770443<\/b><br \/>\nLaurent-Pierre B\u00e9renger<br \/>\n<i>R\u00e9ponse \u00e0 M. du Coudray<\/i><br \/>\nAvril 1777, Tome IV, p. 255-58<br \/>\n<a href=\"http:\/\/books.google.be\/books?id=t5MUAAAAQAAJ&amp;printsec=titlepage&amp;dq=intitle:esprit+des+date:1777-1777&amp;lr=&amp;as_brr=1&amp;hl=fr&amp;source=gbs_summary_r&amp;cad=0\" target=\"_blank\" rel=\"noopener\">Acc\u00e9der au volume<\/a> sur <b>GoogleBooks<\/b><\/p>\n<p><b>770444<\/b><br \/>\nLe Roux<br \/>\n<i>Le Gascon. Conte<\/i><br \/>\nAvril 1777, Tome IV, p. 258-59<br \/>\n<a href=\"http:\/\/books.google.be\/books?id=t5MUAAAAQAAJ&amp;printsec=titlepage&amp;dq=intitle:esprit+des+date:1777-1777&amp;lr=&amp;as_brr=1&amp;hl=fr&amp;source=gbs_summary_r&amp;cad=0\" target=\"_blank\" rel=\"noopener\">Acc\u00e9der au volume<\/a> sur <b>GoogleBooks<\/b><\/p>\n<p><b>770445<\/b><br \/>\nDysembart de La Fossardrie<br \/>\n\u00c9p\u00eetre \u00e0 M. d&rsquo;Arnaud<br \/>\nAvril 1777, Tome IV, p. 259-61<br \/>\n<a href=\"http:\/\/books.google.be\/books?id=t5MUAAAAQAAJ&amp;printsec=titlepage&amp;dq=intitle:esprit+des+date:1777-1777&amp;lr=&amp;as_brr=1&amp;hl=fr&amp;source=gbs_summary_r&amp;cad=0\" target=\"_blank\" rel=\"noopener\">Acc\u00e9der au volume<\/a> sur <b>GoogleBooks<\/b><\/p>\n<p style=\"text-align: justify;\"><b>770501<\/b><br \/>\n<i>Novi Commentarii Academia Scientiarum Imperialis Petropolitanae, &amp;c. Nouveaux M\u00e9moires de l&rsquo;Acad\u00e9mie Imp\u00e9riale des Sciences de Saint-P\u00e9tersbourg. Tome XX pour l&rsquo;ann\u00e9e 1773<\/i><br \/>\nMai 1777, Tome V, p. 3-32<br \/>\n(Journal encyclop\u00e9dique; Gazette universelle de litt\u00e9rature)<br \/>\n<a href=\"http:\/\/books.google.be\/books?id=55MUAAAAQAAJ&amp;printsec=titlepage&amp;lr=&amp;as_brr=1&amp;hl=fr&amp;source=gbs_summary_r&amp;cad=0\" target=\"_blank\" rel=\"noopener\">Acc\u00e9der au volume<\/a> sur <b>GoogleBooks<\/b><\/p>\n<p><b>770502<\/b><br \/>\nCharles Le Beau<br \/>\n<i>Histoire du Bas-Empire, en commen\u00e7ant \u00e0 Constantin-le-Grand. Tomes XIX et XX<\/i><br \/>\nMai 1777, Tome V, p. 33-48<br \/>\n(Journal des savants; Ann\u00e9e litt\u00e9raire; Mercure de France; Gazette universelle de Litt\u00e9rature; Affiches et annonces de Paris)<br \/>\n<a href=\"http:\/\/books.google.be\/books?id=55MUAAAAQAAJ&amp;printsec=titlepage&amp;lr=&amp;as_brr=1&amp;hl=fr&amp;source=gbs_summary_r&amp;cad=0\" target=\"_blank\" rel=\"noopener\">Acc\u00e9der au volume<\/a> sur <b>GoogleBooks<\/b><\/p>\n<p><b>770503<\/b><br \/>\nFran\u00e7ois-Jean Villemain d&rsquo;Abancourt<br \/>\n<i>Fables<\/i><br \/>\nMai 1777, Tome V, p. 49-55<br \/>\n(Journal des Dames; Journal de sciences et des beaux-arts; Journal de Paris; Gazette universelle de Litt\u00e9rature)<br \/>\n<a href=\"http:\/\/books.google.be\/books?id=55MUAAAAQAAJ&amp;printsec=titlepage&amp;lr=&amp;as_brr=1&amp;hl=fr&amp;source=gbs_summary_r&amp;cad=0\" target=\"_blank\" rel=\"noopener\">Acc\u00e9der au volume<\/a> sur <b>GoogleBooks<\/b><\/p>\n<p style=\"text-align: justify;\"><b>770504<\/b><br \/>\nMichel Lamnossow<br \/>\n<i>Nouvelle histoire de la Russie, depuis l&rsquo;origine de la Nation russe, jusqu&rsquo;\u00e0 la mort du Grand-Duc Jaroslow I. traduite de l&rsquo;allemand par M. E*** ; augment\u00e9e de deux cartes g\u00e9ographiques<\/i> [<a href=\"http:\/\/www.gedhs.ulg.ac.be\/recherches\/espritdesjournaux\/pdf\/770504.pdf\" target=\"_blank\" rel=\"noopener\">MODE IMAGE<\/a>]\nMai 1777, Tome V, p. 56-62<br \/>\n(Journal des savants; Mercure de France)<br \/>\n<a href=\"http:\/\/books.google.be\/books?id=55MUAAAAQAAJ&amp;printsec=titlepage&amp;lr=&amp;as_brr=1&amp;hl=fr&amp;source=gbs_summary_r&amp;cad=0\" target=\"_blank\" rel=\"noopener\">Acc\u00e9der au volume<\/a> sur <b>GoogleBooks<\/b><\/p>\n<p><b>770505<\/b><br \/>\nLaurence Sterne<br \/>\n<i>La vie et les opinions de Tristram Shandy ; traduites de l&rsquo;anglais par M. Fresnois. Tome 1 et 2<\/i><br \/>\nMai 1777, Tome V, p. 63-74<br \/>\n(Journal des sciences et des beaux-arts; Ann\u00e9e litt\u00e9raire; Mercure de France; Journal encyclop\u00e9dique; Affiches et annonces de Paris)<br \/>\n<a href=\"http:\/\/books.google.be\/books?id=55MUAAAAQAAJ&amp;printsec=titlepage&amp;lr=&amp;as_brr=1&amp;hl=fr&amp;source=gbs_summary_r&amp;cad=0\" target=\"_blank\" rel=\"noopener\">Acc\u00e9der au volume<\/a> sur <b>GoogleBooks<\/b><\/p>\n<p><b>770506<\/b><br \/>\nAdam Friedrich Ernst Jacobi<br \/>\n<i>Der neueste Religionszustand in Holland, &amp;c. L&rsquo;\u00e9tat actuel de la religion en Hollande<\/i><br \/>\nMai 1777, Tome V, p. 75-77<br \/>\n(Gazette universelle de litt\u00e9rature)<br \/>\n<a href=\"http:\/\/books.google.be\/books?id=55MUAAAAQAAJ&amp;printsec=titlepage&amp;lr=&amp;as_brr=1&amp;hl=fr&amp;source=gbs_summary_r&amp;cad=0\" target=\"_blank\" rel=\"noopener\">Acc\u00e9der au volume<\/a> sur <b>GoogleBooks<\/b><\/p>\n<p style=\"text-align: justify;\"><b>770507<\/b>[Pierre-Augustin Guys]\n<i>Voyage litt\u00e9raire de la Gr\u00e8ce ou Lettres sur les Grecs anciens et modernes, avec un parall\u00e8le de leurs m\u0153urs ; nouvelle \u00e9dition, revue, corrig\u00e9e et augment\u00e9e : on y a joint un Voyage de Sophie \u00e0 Constantinople, un Voyage d&rsquo;Italie, et quelques opuscules du m\u00eame auteur<\/i> [<a href=\"http:\/\/www.gedhs.ulg.ac.be\/recherches\/espritdesjournaux\/pdf\/770507.pdf\" target=\"_blank\" rel=\"noopener\">MODE IMAGE<\/a>]\nMai 1777, Tome V, p. 78-96<br \/>\n(Ann\u00e9e litt\u00e9raire; Journal des sciences et des beaux-arts; Journal de Paris; Affiches et annonces de Paris)<br \/>\n<a href=\"http:\/\/books.google.be\/books?id=55MUAAAAQAAJ&amp;printsec=titlepage&amp;lr=&amp;as_brr=1&amp;hl=fr&amp;source=gbs_summary_r&amp;cad=0\" target=\"_blank\" rel=\"noopener\">Acc\u00e9der au volume<\/a> sur <b>GoogleBooks<\/b><\/p>\n<p><b>770508<\/b><br \/>\nHerckenroth<br \/>\n<i>Dissertation sur la nature du froid, avec des preuves fond\u00e9es sur de nouvelles exp\u00e9riences chimiques<\/i><br \/>\nMai 1777, Tome V, p. 96-105<br \/>\n(Journal encyclop\u00e9dique; Obsevations sur la physique, etc.; Gazette universelle de Litt\u00e9rature; Mercure de France; Affiches et annonces de Paris)<br \/>\n<a href=\"http:\/\/books.google.be\/books?id=55MUAAAAQAAJ&amp;printsec=titlepage&amp;lr=&amp;as_brr=1&amp;hl=fr&amp;source=gbs_summary_r&amp;cad=0\" target=\"_blank\" rel=\"noopener\">Acc\u00e9der au volume<\/a> sur <b>GoogleBooks<\/b><\/p>\n<p><b>770509<\/b><br \/>\nJohn Hawkins<br \/>\n<i>A general History, &amp;c. Histoire g\u00e9n\u00e9rale de la science et de la pratique de la musique<\/i><br \/>\nMai 1777, Tome V, p. 106-27<br \/>\n(Monthly review; Critical review)<br \/>\n<a href=\"http:\/\/books.google.be\/books?id=55MUAAAAQAAJ&amp;printsec=titlepage&amp;lr=&amp;as_brr=1&amp;hl=fr&amp;source=gbs_summary_r&amp;cad=0\" target=\"_blank\" rel=\"noopener\">Acc\u00e9der au volume<\/a> sur <b>GoogleBooks<\/b><\/p>\n<p><b>770510<\/b>[Joseph-Romain Joly]\n<i>L&rsquo;\u00c9gyptienne, Po\u00e8me \u00e9pique en XII chants<\/i><br \/>\nMai 1777, Tome V, p. 128-33<br \/>\n(Mercure de France; Gazette universelle de Litt\u00e9rature; Courrier litt\u00e9raire de l&rsquo;Europe)<br \/>\n<a href=\"http:\/\/books.google.be\/books?id=55MUAAAAQAAJ&amp;printsec=titlepage&amp;lr=&amp;as_brr=1&amp;hl=fr&amp;source=gbs_summary_r&amp;cad=0\" target=\"_blank\" rel=\"noopener\">Acc\u00e9der au volume<\/a> sur <b>GoogleBooks<\/b><\/p>\n<p><b>770511<\/b>[Richard de Bury]\n<i>Essai historique et moral sur l&rsquo;\u00e9ducation fran\u00e7aise<\/i><br \/>\nMai 1777, Tome V, p. 134-43<br \/>\n(Journal des sciences et des beaux-arts; Journal encyclop\u00e9dique; Gazette universelle de Litt\u00e9rature)<br \/>\n<a href=\"http:\/\/books.google.be\/books?id=55MUAAAAQAAJ&amp;printsec=titlepage&amp;lr=&amp;as_brr=1&amp;hl=fr&amp;source=gbs_summary_r&amp;cad=0\" target=\"_blank\" rel=\"noopener\">Acc\u00e9der au volume<\/a> sur <b>GoogleBooks<\/b><\/p>\n<p style=\"text-align: justify;\"><b>770512<\/b>[Christoph Martin Wieland]\n<i>Wahre Geschichte der Nachtmahl-Vergiftung in Z\u00fcrich, etc. Histoire v\u00e9ritable de l&#8217;empoisonnement du vin de la Cene, arriv\u00e9 \u00e0 Zurich, le 12 septembre 1776<\/i><br \/>\nMai 1777, Tome V, p. 144-54<br \/>\n<a href=\"http:\/\/books.google.be\/books?id=55MUAAAAQAAJ&amp;printsec=titlepage&amp;lr=&amp;as_brr=1&amp;hl=fr&amp;source=gbs_summary_r&amp;cad=0\" target=\"_blank\" rel=\"noopener\">Acc\u00e9der au volume<\/a> sur <b>GoogleBooks<\/b><\/p>\n<p><b>770513<\/b><br \/>\nJohann Kaspar Lavater<br \/>\n<i>Le criminel sans \u00e9gal, et sa destin\u00e9e (Der Verbrecher, &amp;c.). Tel est le titre du sermon pr\u00each\u00e9 par M. Lavater \u00e0 l&rsquo;occasion de cet affreux attentat<\/i><br \/>\nMai 1777, Tome V, p. 154-58<br \/>\n(Der Teutsche Mercur; Never Gelejrter Mercurius)<br \/>\n<a href=\"http:\/\/books.google.be\/books?id=55MUAAAAQAAJ&amp;printsec=titlepage&amp;lr=&amp;as_brr=1&amp;hl=fr&amp;source=gbs_summary_r&amp;cad=0\" target=\"_blank\" rel=\"noopener\">Acc\u00e9der au volume<\/a> sur <b>GoogleBooks<\/b><\/p>\n<p><b>770514<\/b><br \/>\nMaximilian Lamberg<br \/>\n<i>M\u00e9morial d&rsquo;un mondain<\/i><br \/>\nMai 1777, Tome V, p. 159-74<br \/>\n<a href=\"http:\/\/books.google.be\/books?id=55MUAAAAQAAJ&amp;printsec=titlepage&amp;lr=&amp;as_brr=1&amp;hl=fr&amp;source=gbs_summary_r&amp;cad=0\" target=\"_blank\" rel=\"noopener\">Acc\u00e9der au volume<\/a> sur <b>GoogleBooks<\/b><\/p>\n<p><b>770515<\/b><br \/>\nGirolamo Tiraboschi<br \/>\n<i>Storia della Letteratura Italiana, &amp;c. Histoire de la litt\u00e9rature italienne. Tome VI, comprenant ce qui s&rsquo;est pass\u00e9 de l&rsquo;an MCCCC, \u00e0 l&rsquo;an MD<\/i><br \/>\nMai 1777, Tome V, p. 175-90<br \/>\n(Novelle Letterarie; Efemeridi di Roma)<br \/>\n<a href=\"http:\/\/books.google.be\/books?id=55MUAAAAQAAJ&amp;printsec=titlepage&amp;lr=&amp;as_brr=1&amp;hl=fr&amp;source=gbs_summary_r&amp;cad=0\" target=\"_blank\" rel=\"noopener\">Acc\u00e9der au volume<\/a> sur <b>GoogleBooks<\/b><\/p>\n<p><b>770516<\/b><br \/>\n<i>Catalogue raisonn\u00e9 de la collection de livres de M. Pierre-Antoine Crevenna<\/i><br \/>\nMai 1777, Tome V, p. 191-209<br \/>\n<a href=\"http:\/\/books.google.be\/books?id=55MUAAAAQAAJ&amp;printsec=titlepage&amp;lr=&amp;as_brr=1&amp;hl=fr&amp;source=gbs_summary_r&amp;cad=0\" target=\"_blank\" rel=\"noopener\">Acc\u00e9der au volume<\/a> sur <b>GoogleBooks<\/b><\/p>\n<p><b>770517<\/b><br \/>\n<i>Sapho et Laure. Dialogue<\/i><br \/>\nMai 1777, Tome V, p. 210-18<br \/>\n(Journal encyclop\u00e9dique)<br \/>\n<a href=\"http:\/\/books.google.be\/books?id=55MUAAAAQAAJ&amp;printsec=titlepage&amp;lr=&amp;as_brr=1&amp;hl=fr&amp;source=gbs_summary_r&amp;cad=0\" target=\"_blank\" rel=\"noopener\">Acc\u00e9der au volume<\/a> sur <b>GoogleBooks<\/b><\/p>\n<p><b>770518<\/b><br \/>\nOliver Goldsmith<br \/>\n<i>La vertu \u00e0 l&rsquo;\u00e9preuve. Conte moral<\/i><br \/>\nMai 1777, Tome V, p. 218-21<br \/>\n(Universal Magasine)<br \/>\n<a href=\"http:\/\/books.google.be\/books?id=55MUAAAAQAAJ&amp;printsec=titlepage&amp;lr=&amp;as_brr=1&amp;hl=fr&amp;source=gbs_summary_r&amp;cad=0\" target=\"_blank\" rel=\"noopener\">Acc\u00e9der au volume<\/a> sur <b>GoogleBooks<\/b><\/p>\n<p><b>770519<\/b><br \/>\n<i>Anecdote relative \u00e0 Henri IV ; et communiqu\u00e9e aux auteurs du Journal encyclop\u00e9dique<\/i><br \/>\nMai 1777, Tome V, p. 222-33<br \/>\n(Journal encyclop\u00e9dique)<br \/>\n<a href=\"http:\/\/books.google.be\/books?id=55MUAAAAQAAJ&amp;printsec=titlepage&amp;lr=&amp;as_brr=1&amp;hl=fr&amp;source=gbs_summary_r&amp;cad=0\" target=\"_blank\" rel=\"noopener\">Acc\u00e9der au volume<\/a> sur <b>GoogleBooks<\/b><\/p>\n<p><b>770520<\/b><br \/>\n<i>La pudeur, fable<\/i><br \/>\nMai 1777, Tome V, p. 233-37<br \/>\n(Journal d\u00e9di\u00e9 \u00e0 Monsieur, fr\u00e8re du Roi)<br \/>\n<a href=\"http:\/\/books.google.be\/books?id=55MUAAAAQAAJ&amp;printsec=titlepage&amp;lr=&amp;as_brr=1&amp;hl=fr&amp;source=gbs_summary_r&amp;cad=0\" target=\"_blank\" rel=\"noopener\">Acc\u00e9der au volume<\/a> sur <b>GoogleBooks<\/b><\/p>\n<p><b>770521<\/b><br \/>\n<i>La Coterie politique en province<\/i><br \/>\nMai 1777, Tome V, p. 237-42<br \/>\n(Journal anglais)<br \/>\n<a href=\"http:\/\/books.google.be\/books?id=55MUAAAAQAAJ&amp;printsec=titlepage&amp;lr=&amp;as_brr=1&amp;hl=fr&amp;source=gbs_summary_r&amp;cad=0\" target=\"_blank\" rel=\"noopener\">Acc\u00e9der au volume<\/a> sur <b>GoogleBooks<\/b><\/p>\n<p style=\"text-align: justify;\"><b>770522<\/b><br \/>\n<i>Traduction litt\u00e9rale de la Lettre compos\u00e9e en arabe, par Coagi\u00e9 Narssieddin el Touffi, au nom de Holakou-Kan, Prince Tartare, et adress\u00e9e \u00e0 Mostaasem, dernier Khalife<\/i><br \/>\nMai 1777, Tome V, p. 243-45<br \/>\n(Mercure de France)<br \/>\n<a href=\"http:\/\/books.google.be\/books?id=55MUAAAAQAAJ&amp;printsec=titlepage&amp;lr=&amp;as_brr=1&amp;hl=fr&amp;source=gbs_summary_r&amp;cad=0\" target=\"_blank\" rel=\"noopener\">Acc\u00e9der au volume<\/a> sur <b>GoogleBooks<\/b><\/p>\n<p><b>770523<\/b><br \/>\n<i>Lettre aux R\u00e9dacteurs de l&rsquo;Esprit des Journaux, \u00e9crite d&rsquo;Amsterdam le 20 mars dernier<\/i><br \/>\nMai 1777, Tome V, p. 245-46<br \/>\n<a href=\"http:\/\/books.google.be\/books?id=55MUAAAAQAAJ&amp;printsec=titlepage&amp;lr=&amp;as_brr=1&amp;hl=fr&amp;source=gbs_summary_r&amp;cad=0\" target=\"_blank\" rel=\"noopener\">Acc\u00e9der au volume<\/a> sur <b>GoogleBooks<\/b><\/p>\n<p><b>770524<\/b><br \/>\nLaurent-Pierre B\u00e9renger<br \/>\n<i>L&rsquo;amiti\u00e9 trahie<\/i><br \/>\nMai 1777, Tome V, p. 247-48<br \/>\n<a href=\"http:\/\/books.google.be\/books?id=55MUAAAAQAAJ&amp;printsec=titlepage&amp;lr=&amp;as_brr=1&amp;hl=fr&amp;source=gbs_summary_r&amp;cad=0\" target=\"_blank\" rel=\"noopener\">Acc\u00e9der au volume<\/a> sur <b>GoogleBooks<\/b><\/p>\n<p><b>770525<\/b><br \/>\nB** [Bernard de Bonnard]\n<i>\u00c0 Mademoiselle F** en lui envoyant des poulardes du Mans<\/i><br \/>\nMai 1777, Tome V, p. 248<br \/>\n<a href=\"http:\/\/books.google.be\/books?id=55MUAAAAQAAJ&amp;printsec=titlepage&amp;lr=&amp;as_brr=1&amp;hl=fr&amp;source=gbs_summary_r&amp;cad=0\" target=\"_blank\" rel=\"noopener\">Acc\u00e9der au volume<\/a> sur <b>GoogleBooks<\/b><\/p>\n<p><b>770526<\/b><br \/>\nFran\u00e7ois-Philippe de Reyrac<br \/>\n<i>\u00c9pigramme \u00e0 un grand parleur<\/i><br \/>\nMai 1777, Tome V, p. 249<br \/>\n<a href=\"http:\/\/books.google.be\/books?id=55MUAAAAQAAJ&amp;printsec=titlepage&amp;lr=&amp;as_brr=1&amp;hl=fr&amp;source=gbs_summary_r&amp;cad=0\" target=\"_blank\" rel=\"noopener\">Acc\u00e9der au volume<\/a> sur <b>GoogleBooks<\/b><\/p>\n<p><b>770527<\/b><br \/>\nMarie-Emilie Mayon; Mme de Montanclos<br \/>\n<i>Stances sur la mort de mon \u00e9poux<\/i><br \/>\nMai 1777, Tome V, p. 249-50<br \/>\n<a href=\"http:\/\/books.google.be\/books?id=55MUAAAAQAAJ&amp;printsec=titlepage&amp;lr=&amp;as_brr=1&amp;hl=fr&amp;source=gbs_summary_r&amp;cad=0\" target=\"_blank\" rel=\"noopener\">Acc\u00e9der au volume<\/a> sur <b>GoogleBooks<\/b><\/p>\n<p><b>770528<\/b><br \/>\n<i>R\u00e9ponse de Mademoiselle *** aux Vouloirs de M. de\u2026 ins\u00e9r\u00e9s dans le Journal de f\u00e9vrier. Sur le m\u00eame air<\/i><br \/>\nMai 1777, Tome V, p. 250-52<br \/>\n<a href=\"http:\/\/books.google.be\/books?id=55MUAAAAQAAJ&amp;printsec=titlepage&amp;lr=&amp;as_brr=1&amp;hl=fr&amp;source=gbs_summary_r&amp;cad=0\" target=\"_blank\" rel=\"noopener\">Acc\u00e9der au volume<\/a> sur <b>GoogleBooks<\/b><\/p>\n<p><b>770529<\/b><br \/>\nJean-Charles de Relongue, seigneur de La Loupti\u00e8re<br \/>\n<i>\u00c0 une Horlog\u00e8re [Nicole-Reine Lepaute], correspondante de l&rsquo;Acad\u00e9mie des sciences<\/i><br \/>\nMai 1777, Tome V, p. 252<br \/>\n<a href=\"http:\/\/books.google.be\/books?id=55MUAAAAQAAJ&amp;printsec=titlepage&amp;lr=&amp;as_brr=1&amp;hl=fr&amp;source=gbs_summary_r&amp;cad=0\" target=\"_blank\" rel=\"noopener\">Acc\u00e9der au volume<\/a> sur <b>GoogleBooks<\/b><\/p>\n<p><b>770530<\/b><br \/>\n<i>Pri\u00e8re \u00e0 la sant\u00e9<\/i><br \/>\nMai 1777, Tome V, p. 252-54<br \/>\n<a href=\"http:\/\/books.google.be\/books?id=55MUAAAAQAAJ&amp;printsec=titlepage&amp;lr=&amp;as_brr=1&amp;hl=fr&amp;source=gbs_summary_r&amp;cad=0\" target=\"_blank\" rel=\"noopener\">Acc\u00e9der au volume<\/a> sur <b>GoogleBooks<\/b><\/p>\n<p style=\"text-align: justify;\"><b>770531<\/b>[Marie-Gabrielle-\u00c9lisabeth de L\u00e9vis-Mirepoix]\n<i>M. le duc de N*** avait demand\u00e9 \u00e0 Madame la Mar\u00e9chale de *** de lui donner de ses cheveux. Elle lui envoya une bo\u00eete avec les vers suivants<\/i><br \/>\nMai 1777, Tome V, p. 254-55<br \/>\n<a href=\"http:\/\/books.google.be\/books?id=55MUAAAAQAAJ&amp;printsec=titlepage&amp;lr=&amp;as_brr=1&amp;hl=fr&amp;source=gbs_summary_r&amp;cad=0\" target=\"_blank\" rel=\"noopener\">Acc\u00e9der au volume<\/a> sur <b>GoogleBooks<\/b><\/p>\n<p><b>770532<\/b><br \/>\nLouis-Jules Mancini-Mazarini Nivernais<br \/>\n<i>R\u00e9ponse de M. le Duc de N***<\/i><br \/>\nMai 1777, Tome V, p. 255<br \/>\n<a href=\"http:\/\/books.google.be\/books?id=55MUAAAAQAAJ&amp;printsec=titlepage&amp;lr=&amp;as_brr=1&amp;hl=fr&amp;source=gbs_summary_r&amp;cad=0\" target=\"_blank\" rel=\"noopener\">Acc\u00e9der au volume<\/a> sur <b>GoogleBooks<\/b><\/p>\n<p><b>770533<\/b><br \/>\n\u00c9tienne Fumars<br \/>\n<i>La superstition ou Le saint Antoine portugais<\/i><br \/>\nMai 1777, Tome V, p. 256-58<br \/>\n<a href=\"http:\/\/books.google.be\/books?id=55MUAAAAQAAJ&amp;printsec=titlepage&amp;lr=&amp;as_brr=1&amp;hl=fr&amp;source=gbs_summary_r&amp;cad=0\" target=\"_blank\" rel=\"noopener\">Acc\u00e9der au volume<\/a> sur <b>GoogleBooks<\/b><\/p>\n<p><b>770534<\/b><br \/>\nM. de B**<br \/>\n<i>Vers \u00e9crits sur le tombeau du chevalier Bayard<\/i><br \/>\nMai 1777, Tome V, p. 258<br \/>\n<a href=\"http:\/\/books.google.be\/books?id=55MUAAAAQAAJ&amp;printsec=titlepage&amp;lr=&amp;as_brr=1&amp;hl=fr&amp;source=gbs_summary_r&amp;cad=0\" target=\"_blank\" rel=\"noopener\">Acc\u00e9der au volume<\/a> sur <b>GoogleBooks<\/b><\/p>\n<p style=\"text-align: justify;\"><b>770601<\/b><br \/>\nPierre Fabre<br \/>\n<i>Recherches sur la nature de l&rsquo;homme, consid\u00e9r\u00e9e dans l&rsquo;\u00e9tat de sant\u00e9, et dans l&rsquo;\u00e9tat de maladie<\/i><br \/>\nJuin 1777, Tome VI, p. 3-19<br \/>\n(Journal de politique et de litt\u00e9rature; Ann\u00e9e litt\u00e9raire; Affiches et annonces de Paris; Mercure de France; Journal d\u00e9di\u00e9 \u00e0 Monsieur)<br \/>\n<a href=\"http:\/\/books.google.be\/books?id=0ZMUAAAAQAAJ&amp;printsec=titlepage&amp;dq=intitle:l%27esprit+date:1776-1777&amp;lr=&amp;as_brr=1&amp;hl=fr&amp;source=gbs_summary_r&amp;cad=0\" target=\"_blank\" rel=\"noopener\">Acc\u00e9der au volume<\/a> sur <b>GoogleBooks<\/b><\/p>\n<p style=\"text-align: justify;\"><b>770602<\/b><br \/>\n<i>Proc\u00e8s-verbal des conf\u00e9rences tenues par ordre du Roi, pour l&rsquo;examen des articles de l&rsquo;Ordonnance civile du mois d&rsquo;avril 1667, et l&rsquo;Ordonnance criminelle du mois d&rsquo;ao\u00fbt 1670. Nouvelle \u00e9dition revue et corrig\u00e9e sur l&rsquo;original, et augment\u00e9e d&rsquo;une instruction sur la proc\u00e9dure civile et criminelle<\/i><br \/>\nJuin 1777, Tome VI, p. 19-26<br \/>\n(Mercure de France; Journal des savants; Journal des sciences et des beaux-arts)<br \/>\n<a href=\"http:\/\/books.google.be\/books?id=0ZMUAAAAQAAJ&amp;printsec=titlepage&amp;dq=intitle:l%27esprit+date:1776-1777&amp;lr=&amp;as_brr=1&amp;hl=fr&amp;source=gbs_summary_r&amp;cad=0\" target=\"_blank\" rel=\"noopener\">Acc\u00e9der au volume<\/a> sur <b>GoogleBooks<\/b><\/p>\n<p style=\"text-align: justify;\"><b>770603<\/b>[Stephen Weston]\n<i>Viaggiana, or detached Remarks on the Buildings, &amp;c. Viaggiana, ou remarques d\u00e9tach\u00e9es sur les \u00e9difices, peintures, statues, inscriptions, etc. de la Rome ancienne et moderne<\/i><br \/>\nJuin 1777, Tome VI, p. 26-34<br \/>\n(Monthly review)<br \/>\n<a href=\"http:\/\/books.google.be\/books?id=0ZMUAAAAQAAJ&amp;printsec=titlepage&amp;dq=intitle:l%27esprit+date:1776-1777&amp;lr=&amp;as_brr=1&amp;hl=fr&amp;source=gbs_summary_r&amp;cad=0\" target=\"_blank\" rel=\"noopener\">Acc\u00e9der au volume<\/a> sur <b>GoogleBooks<\/b><\/p>\n<p style=\"text-align: justify;\"><b>770604<\/b><br \/>\nAntoine Mongez<br \/>\n<i>Histoire de la Reine Marguerite de Valois, premi\u00e8re femme du Roi Henri IV<\/i><br \/>\nJuin 1777, Tome VI, p. 34-56<br \/>\n(Journal de politique et de litt\u00e9rature; Ann\u00e9e litt\u00e9raire; Gazette universelle de Litt\u00e9rature; Mercure de France; Journal des sciences et des beaux-arts; Journal de Paris)<br \/>\n<a href=\"http:\/\/books.google.be\/books?id=0ZMUAAAAQAAJ&amp;printsec=titlepage&amp;dq=intitle:l%27esprit+date:1776-1777&amp;lr=&amp;as_brr=1&amp;hl=fr&amp;source=gbs_summary_r&amp;cad=0\" target=\"_blank\" rel=\"noopener\">Acc\u00e9der au volume<\/a> sur <b>GoogleBooks<\/b><\/p>\n<p style=\"text-align: justify;\"><b>770605<\/b><br \/>\nSylvain Mar\u00e9chal<br \/>\n<i>Biblioth\u00e8que des Amants, Odes \u00e9rotiques<\/i><br \/>\nJuin 1777, Tome VI, p. 57-68<br \/>\n(Journal d\u00e9di\u00e9 \u00e0 Monsieur; Journal des sciences et des beaux-arts; Journal des savants; Mercure de France; Journal encyclop\u00e9dique)<br \/>\n<a href=\"http:\/\/books.google.be\/books?id=0ZMUAAAAQAAJ&amp;printsec=titlepage&amp;dq=intitle:l%27esprit+date:1776-1777&amp;lr=&amp;as_brr=1&amp;hl=fr&amp;source=gbs_summary_r&amp;cad=0\" target=\"_blank\" rel=\"noopener\">Acc\u00e9der au volume<\/a> sur <b>GoogleBooks<\/b><\/p>\n<p style=\"text-align: justify;\"><b>770606<\/b><br \/>\nJacob Schimmelmann<br \/>\n<i>Die Islandische Edda, &amp;c. L&rsquo;Edda Islandaise, ou la R\u00e9v\u00e9lation divine accord\u00e9e aux anciens peuples hyperbor\u00e9ens, aux habitants du Nord, aux Venetes, aux Getes, aux Gohts, aux Vandales, aux Gaulois, aux Bretons, aux Scots, aux Sueves, etc., en un mot, \u00e0 toute l&rsquo;ancienne Celtique, ou Scythie europ\u00e9enne<\/i><br \/>\nJuin 1777, Tome VI, p. 70-81<br \/>\n(Journal encyclop\u00e9dique; Gazette universelle de Litt\u00e9rature)<br \/>\n<a href=\"http:\/\/books.google.be\/books?id=0ZMUAAAAQAAJ&amp;printsec=titlepage&amp;dq=intitle:l%27esprit+date:1776-1777&amp;lr=&amp;as_brr=1&amp;hl=fr&amp;source=gbs_summary_r&amp;cad=0\" target=\"_blank\" rel=\"noopener\">Acc\u00e9der au volume<\/a> sur <b>GoogleBooks<\/b><\/p>\n<p><b>770607<\/b><br \/>\nLouis Fran\u00e7ois Gabriel d&rsquo; Orl\u00e9ans de La Motte<br \/>\n<i>Lettres spirituelles de feu Messire Louis-Gabriel d&rsquo;Orl\u00e9ans de la Motte, \u00e9v\u00eaque d&rsquo;Amiens<\/i><br \/>\nJuin 1777, Tome VI, p. 81-86<br \/>\n(Affiches et annonces de Picardie, &amp;c.; Journal de Paris; Journal des sciences et des beaux-arts; Affiches et annonces de Paris)<br \/>\n<a href=\"http:\/\/books.google.be\/books?id=0ZMUAAAAQAAJ&amp;printsec=titlepage&amp;dq=intitle:l%27esprit+date:1776-1777&amp;lr=&amp;as_brr=1&amp;hl=fr&amp;source=gbs_summary_r&amp;cad=0\" target=\"_blank\" rel=\"noopener\">Acc\u00e9der au volume<\/a> sur <b>GoogleBooks<\/b><\/p>\n<p style=\"text-align: justify;\"><b>770608<\/b><br \/>\nFran\u00e7ois Sabbathier<br \/>\n<i>Dictionnaire pour l&rsquo;intelligence des auteurs classiques, grecs et latins, tant sacr\u00e9s que profanes, contenant la g\u00e9ographie, l&rsquo;histoire, la fable et les antiquit\u00e9s<\/i><br \/>\nJuin 1777, Tome VI, p. 87-103<br \/>\n<a href=\"http:\/\/books.google.be\/books?id=0ZMUAAAAQAAJ&amp;printsec=titlepage&amp;dq=intitle:l%27esprit+date:1776-1777&amp;lr=&amp;as_brr=1&amp;hl=fr&amp;source=gbs_summary_r&amp;cad=0\" target=\"_blank\" rel=\"noopener\">Acc\u00e9der au volume<\/a> sur <b>GoogleBooks<\/b><\/p>\n<p><b>770609<\/b><br \/>\nDavid Hume<br \/>\n<i>La vie de David Hume, \u00e9crite par lui-m\u00eame, traduite de l&rsquo;anglais<\/i><br \/>\nJuin 1777, Tome VI, p. 103-13<br \/>\n(Ann\u00e9e litt\u00e9raire; Mercure de France)<br \/>\n<a href=\"http:\/\/books.google.be\/books?id=0ZMUAAAAQAAJ&amp;printsec=titlepage&amp;dq=intitle:l%27esprit+date:1776-1777&amp;lr=&amp;as_brr=1&amp;hl=fr&amp;source=gbs_summary_r&amp;cad=0\" target=\"_blank\" rel=\"noopener\">Acc\u00e9der au volume<\/a> sur <b>GoogleBooks<\/b><\/p>\n<p><b>770610<\/b><br \/>\nIgnazio Donaudi delle Mallere<br \/>\n<i>Saggio di Economia Civile, &amp;c. Essai d&rsquo;\u00c9conomie Civile<\/i><br \/>\nJuin 1777, Tome VI, p. 113-23<br \/>\n(Efemeridi di Roma; Giornale enciclopedico)<br \/>\n<a href=\"http:\/\/books.google.be\/books?id=0ZMUAAAAQAAJ&amp;printsec=titlepage&amp;dq=intitle:l%27esprit+date:1776-1777&amp;lr=&amp;as_brr=1&amp;hl=fr&amp;source=gbs_summary_r&amp;cad=0\" target=\"_blank\" rel=\"noopener\">Acc\u00e9der au volume<\/a> sur <b>GoogleBooks<\/b><\/p>\n<p style=\"text-align: justify;\"><b>770611<\/b><br \/>\nZachary Pearce<br \/>\n<i>A Commentary, &amp;c. Commentaire avec des notes sur les quatre \u00e9vang\u00e9listes et les actes des ap\u00f4tres ; une nouvelle traduction de premi\u00e8re \u00e9p\u00eetre de St. Paul aux Corinthiens, avec une paraphrase et des notes ; \u00e0 quoi on a ajout\u00e9 plusieurs trait\u00e9s th\u00e9ologiques<\/i><br \/>\nJuin 1777, Tome VI, p. 123-51<br \/>\n(Monthly review; Critical review)<br \/>\n<a href=\"http:\/\/books.google.be\/books?id=0ZMUAAAAQAAJ&amp;printsec=titlepage&amp;dq=intitle:l%27esprit+date:1776-1777&amp;lr=&amp;as_brr=1&amp;hl=fr&amp;source=gbs_summary_r&amp;cad=0\" target=\"_blank\" rel=\"noopener\">Acc\u00e9der au volume<\/a> sur <b>GoogleBooks<\/b><\/p>\n<p><b>770612<\/b><br \/>\n<i>Causes c\u00e9l\u00e8bres, curieuses et int\u00e9ressantes de toutes les cours souveraines du Royaume, avec les jugements qui les ont d\u00e9cid\u00e9es. Tome XXVII<\/i><br \/>\nJuin 1777, Tome VI, p. 151-63<br \/>\n<a href=\"http:\/\/books.google.be\/books?id=0ZMUAAAAQAAJ&amp;printsec=titlepage&amp;dq=intitle:l%27esprit+date:1776-1777&amp;lr=&amp;as_brr=1&amp;hl=fr&amp;source=gbs_summary_r&amp;cad=0\" target=\"_blank\" rel=\"noopener\">Acc\u00e9der au volume<\/a> sur <b>GoogleBooks<\/b><\/p>\n<p style=\"text-align: justify;\"><b>770613<\/b><br \/>\nJohn Brand<br \/>\n<i>Observations on popular antiquities, &amp;c. Observations sur les antiquit\u00e9s populaires, renfermant les antiquitates vulgares de M. Bourne, avec des additions \u00e0 chaque chapitre de cet ouvrage, ainsi qu&rsquo;un appendix<\/i><br \/>\nJuin 1777, Tome VI, p. 163-70<br \/>\n(Critical review)<br \/>\n<a href=\"http:\/\/books.google.be\/books?id=0ZMUAAAAQAAJ&amp;printsec=titlepage&amp;dq=intitle:l%27esprit+date:1776-1777&amp;lr=&amp;as_brr=1&amp;hl=fr&amp;source=gbs_summary_r&amp;cad=0\" target=\"_blank\" rel=\"noopener\">Acc\u00e9der au volume<\/a> sur <b>GoogleBooks<\/b><\/p>\n<p><b>770614<\/b><br \/>\n<i>Catalogue raisonn\u00e9 de la collection de livres de M. Pierre-Antoine Crevenna, n\u00e9gociant \u00e0 Amsterdam<\/i><br \/>\nJuin 1777, Tome VI, p. 171-87<br \/>\n<a href=\"http:\/\/books.google.be\/books?id=0ZMUAAAAQAAJ&amp;printsec=titlepage&amp;dq=intitle:l%27esprit+date:1776-1777&amp;lr=&amp;as_brr=1&amp;hl=fr&amp;source=gbs_summary_r&amp;cad=0\" target=\"_blank\" rel=\"noopener\">Acc\u00e9der au volume<\/a> sur <b>GoogleBooks<\/b><\/p>\n<p><b>770615<\/b><br \/>\n<i>R\u00e9flexions sur la science \u00e9conomique<\/i><br \/>\nJuin 1777, Tome VI, p. 188-97<br \/>\n(Mercure de France)<br \/>\n<a href=\"http:\/\/books.google.be\/books?id=0ZMUAAAAQAAJ&amp;printsec=titlepage&amp;dq=intitle:l%27esprit+date:1776-1777&amp;lr=&amp;as_brr=1&amp;hl=fr&amp;source=gbs_summary_r&amp;cad=0\" target=\"_blank\" rel=\"noopener\">Acc\u00e9der au volume<\/a> sur <b>GoogleBooks<\/b><\/p>\n<p><b>770616<\/b><br \/>\nVoltaire<br \/>\n<i>Lettre de M. de Voltaire, \u00e0 M. le Comte de Lamberg, auteur du M\u00e9morial d&rsquo;un Mondain<\/i><br \/>\nJuin 1777, Tome VI, p. 198<br \/>\n<a href=\"http:\/\/books.google.be\/books?id=0ZMUAAAAQAAJ&amp;printsec=titlepage&amp;dq=intitle:l%27esprit+date:1776-1777&amp;lr=&amp;as_brr=1&amp;hl=fr&amp;source=gbs_summary_r&amp;cad=0\" target=\"_blank\" rel=\"noopener\">Acc\u00e9der au volume<\/a> sur <b>GoogleBooks<\/b><\/p>\n<p><b>770617<\/b><br \/>\nVoltaire<br \/>\n<i>Lettre de M. de Voltaire, \u00e0 M. Henriquez, qui a grav\u00e9 les Portraits de MM. de Voltaire, Montesquieu, Diderot et d&rsquo;Alembert<\/i><br \/>\nJuin 1777, Tome VI, p. 199<br \/>\n<a href=\"http:\/\/books.google.be\/books?id=0ZMUAAAAQAAJ&amp;printsec=titlepage&amp;dq=intitle:l%27esprit+date:1776-1777&amp;lr=&amp;as_brr=1&amp;hl=fr&amp;source=gbs_summary_r&amp;cad=0\" target=\"_blank\" rel=\"noopener\">Acc\u00e9der au volume<\/a> sur <b>GoogleBooks<\/b><\/p>\n<p><b>770618<\/b><br \/>\n<i>Traduction fran\u00e7aise, d&rsquo;une Ode allemande \u00e0 l&rsquo;Empereur, sur son passage \u00e0 Strasbourg<\/i><br \/>\nJuin 1777, Tome VI, p. 200-03<br \/>\n(Gazette universelle de litt\u00e9rature)<br \/>\n<a href=\"http:\/\/books.google.be\/books?id=0ZMUAAAAQAAJ&amp;printsec=titlepage&amp;dq=intitle:l%27esprit+date:1776-1777&amp;lr=&amp;as_brr=1&amp;hl=fr&amp;source=gbs_summary_r&amp;cad=0\" target=\"_blank\" rel=\"noopener\">Acc\u00e9der au volume<\/a> sur <b>GoogleBooks<\/b><\/p>\n<p><b>770619<\/b><br \/>\nPierre-Jean Grosley<br \/>\n<i>Lettre \u00e0 Messieurs de l&rsquo;Acad\u00e9mie de Champagne, r\u00e9cemment \u00e9tablie \u00e0 Ch\u00e2lons, par Lettres Patentes<\/i><br \/>\nJuin 1777, Tome VI, p. 203-08<br \/>\n(Journal encyclop\u00e9dique)<br \/>\n<a href=\"http:\/\/books.google.be\/books?id=0ZMUAAAAQAAJ&amp;printsec=titlepage&amp;dq=intitle:l%27esprit+date:1776-1777&amp;lr=&amp;as_brr=1&amp;hl=fr&amp;source=gbs_summary_r&amp;cad=0\" target=\"_blank\" rel=\"noopener\">Acc\u00e9der au volume<\/a> sur <b>GoogleBooks<\/b><\/p>\n<p><b>770620<\/b><br \/>\n<i>Lettre \u00e9crite de Dunkerque, \u00e0 l&rsquo;auteur de la Gazette des Tribunaux, du 23 mars 1777<\/i><br \/>\nJuin 1777, Tome VI, p. 209-12<br \/>\n<a href=\"http:\/\/books.google.be\/books?id=0ZMUAAAAQAAJ&amp;printsec=titlepage&amp;dq=intitle:l%27esprit+date:1776-1777&amp;lr=&amp;as_brr=1&amp;hl=fr&amp;source=gbs_summary_r&amp;cad=0\" target=\"_blank\" rel=\"noopener\">Acc\u00e9der au volume<\/a> sur <b>GoogleBooks<\/b><\/p>\n<p><b>770621<\/b><br \/>\n<i>R\u00e9ponse de M. Fournel, avocat au Parlement, \u00e0 la Question ins\u00e9r\u00e9e dans la Lettre qui pr\u00e9c\u00e8de<\/i><br \/>\nJuin 1777, Tome VI, p. 213-16<br \/>\n(Gazette des tribunaux)<br \/>\n<a href=\"http:\/\/books.google.be\/books?id=0ZMUAAAAQAAJ&amp;printsec=titlepage&amp;dq=intitle:l%27esprit+date:1776-1777&amp;lr=&amp;as_brr=1&amp;hl=fr&amp;source=gbs_summary_r&amp;cad=0\" target=\"_blank\" rel=\"noopener\">Acc\u00e9der au volume<\/a> sur <b>GoogleBooks<\/b><\/p>\n<p><b>770622<\/b><br \/>\n<i>La vertu et la renomm\u00e9e, imit\u00e9 de l&rsquo;anglais de M. Littleton<\/i><br \/>\nJuin 1777, Tome VI, p. 216-18<br \/>\n(Journal anglais)<br \/>\n<a href=\"http:\/\/books.google.be\/books?id=0ZMUAAAAQAAJ&amp;printsec=titlepage&amp;dq=intitle:l%27esprit+date:1776-1777&amp;lr=&amp;as_brr=1&amp;hl=fr&amp;source=gbs_summary_r&amp;cad=0\" target=\"_blank\" rel=\"noopener\">Acc\u00e9der au volume<\/a> sur <b>GoogleBooks<\/b><\/p>\n<p><b>770623<\/b><br \/>\n<i>Sur La Question royale de l&rsquo;Abb\u00e9 de Saint-Cyran [Jean Duvergier de Hauranne]<\/i><br \/>\nJuin 1777, Tome VI, p. 218-19<br \/>\n(Journal encyclop\u00e9dique)<br \/>\n<a href=\"http:\/\/books.google.be\/books?id=0ZMUAAAAQAAJ&amp;printsec=titlepage&amp;dq=intitle:l%27esprit+date:1776-1777&amp;lr=&amp;as_brr=1&amp;hl=fr&amp;source=gbs_summary_r&amp;cad=0\" target=\"_blank\" rel=\"noopener\">Acc\u00e9der au volume<\/a> sur <b>GoogleBooks<\/b><\/p>\n<p><b>770624<\/b><br \/>\n<i>Lettre de Mylord***<\/i><br \/>\nJuin 1777, Tome VI, p. 220-23<br \/>\n(Journal anglais)<br \/>\n<a href=\"http:\/\/books.google.be\/books?id=0ZMUAAAAQAAJ&amp;printsec=titlepage&amp;dq=intitle:l%27esprit+date:1776-1777&amp;lr=&amp;as_brr=1&amp;hl=fr&amp;source=gbs_summary_r&amp;cad=0\" target=\"_blank\" rel=\"noopener\">Acc\u00e9der au volume<\/a> sur <b>GoogleBooks<\/b><\/p>\n<p><b>770625<\/b><br \/>\nLouis de Fontanes<br \/>\n<i>L&rsquo;homme malheureux, rendu \u00e0 la Nature et convaincu du besoin de la Soci\u00e9t\u00e9<\/i><br \/>\nJuin 1777, Tome VI, p. 224-32<br \/>\n<a href=\"http:\/\/books.google.be\/books?id=0ZMUAAAAQAAJ&amp;printsec=titlepage&amp;dq=intitle:l%27esprit+date:1776-1777&amp;lr=&amp;as_brr=1&amp;hl=fr&amp;source=gbs_summary_r&amp;cad=0\" target=\"_blank\" rel=\"noopener\">Acc\u00e9der au volume<\/a> sur <b>GoogleBooks<\/b><\/p>\n<p><b>770626<\/b><br \/>\n<i>Mamoun. Apologue oriental, dont l&rsquo;application est ais\u00e9e<\/i><br \/>\nJuin 1777, Tome VI, p. 233<br \/>\n<a href=\"http:\/\/books.google.be\/books?id=0ZMUAAAAQAAJ&amp;printsec=titlepage&amp;dq=intitle:l%27esprit+date:1776-1777&amp;lr=&amp;as_brr=1&amp;hl=fr&amp;source=gbs_summary_r&amp;cad=0\" target=\"_blank\" rel=\"noopener\">Acc\u00e9der au volume<\/a> sur <b>GoogleBooks<\/b><\/p>\n<p><b>770627<\/b>[Claude-Joseph Dorat]\n<i>L&rsquo;ingrat ou l&rsquo;archonte, et le vieil Ath\u00e9nien. Conte imit\u00e9 de Martial<\/i><br \/>\nJuin 1777, Tome VI, p. 234-35<br \/>\n<a href=\"http:\/\/books.google.be\/books?id=0ZMUAAAAQAAJ&amp;printsec=titlepage&amp;dq=intitle:l%27esprit+date:1776-1777&amp;lr=&amp;as_brr=1&amp;hl=fr&amp;source=gbs_summary_r&amp;cad=0\" target=\"_blank\" rel=\"noopener\">Acc\u00e9der au volume<\/a> sur <b>GoogleBooks<\/b><\/p>\n<p><b>770628<\/b><br \/>\n<i>La noce tardive<\/i><br \/>\nJuin 1777, Tome VI, p. 235<br \/>\n<a href=\"http:\/\/books.google.be\/books?id=0ZMUAAAAQAAJ&amp;printsec=titlepage&amp;dq=intitle:l%27esprit+date:1776-1777&amp;lr=&amp;as_brr=1&amp;hl=fr&amp;source=gbs_summary_r&amp;cad=0\" target=\"_blank\" rel=\"noopener\">Acc\u00e9der au volume<\/a> sur <b>GoogleBooks<\/b><\/p>\n<p><b>770629<\/b><br \/>\nClaude-Joseph Dorat<br \/>\n<i>Le Deux Moi. \u00c9p\u00eetre \u00e0 Madame la Comtesse de***<\/i><br \/>\nJuin 1777, Tome VI, p. 235-37<br \/>\n<a href=\"http:\/\/books.google.be\/books?id=0ZMUAAAAQAAJ&amp;printsec=titlepage&amp;dq=intitle:l%27esprit+date:1776-1777&amp;lr=&amp;as_brr=1&amp;hl=fr&amp;source=gbs_summary_r&amp;cad=0\" target=\"_blank\" rel=\"noopener\">Acc\u00e9der au volume<\/a> sur <b>GoogleBooks<\/b><\/p>\n<p><b>770630<\/b><br \/>\n<i>Imitation d&rsquo;une \u00e9pigramme grecque, traduite en latin et en fran\u00e7ais par M. de la Monnoye<\/i><br \/>\nJuin 1777, Tome VI, p. 238<br \/>\n<a href=\"http:\/\/books.google.be\/books?id=0ZMUAAAAQAAJ&amp;printsec=titlepage&amp;dq=intitle:l%27esprit+date:1776-1777&amp;lr=&amp;as_brr=1&amp;hl=fr&amp;source=gbs_summary_r&amp;cad=0\" target=\"_blank\" rel=\"noopener\">Acc\u00e9der au volume<\/a> sur <b>GoogleBooks<\/b><\/p>\n<p><b>770631<\/b><br \/>\n<i>Autre imitation de la m\u00eame \u00e9pigramme<\/i><br \/>\nJuin 1777, Tome VI, p. 238<br \/>\n<a href=\"http:\/\/books.google.be\/books?id=0ZMUAAAAQAAJ&amp;printsec=titlepage&amp;dq=intitle:l%27esprit+date:1776-1777&amp;lr=&amp;as_brr=1&amp;hl=fr&amp;source=gbs_summary_r&amp;cad=0\" target=\"_blank\" rel=\"noopener\">Acc\u00e9der au volume<\/a> sur <b>GoogleBooks<\/b><\/p>\n<p><b>770632<\/b><br \/>\n<i>La restitution facile. Conte<\/i><br \/>\nJuin 1777, Tome VI, p. 239<br \/>\n<a href=\"http:\/\/books.google.be\/books?id=0ZMUAAAAQAAJ&amp;printsec=titlepage&amp;dq=intitle:l%27esprit+date:1776-1777&amp;lr=&amp;as_brr=1&amp;hl=fr&amp;source=gbs_summary_r&amp;cad=0\" target=\"_blank\" rel=\"noopener\">Acc\u00e9der au volume<\/a> sur <b>GoogleBooks<\/b><\/p>\n<p><b>770701<\/b><br \/>\nChristian Friedrich Pfeffel von Kriegelstein<br \/>\n<i>Nouvel abr\u00e9g\u00e9 chronologique de l&rsquo;histoire et du droit public de l&rsquo;Allemagne<\/i><br \/>\nJuillet 1777, Tome VII, p. 3-22<br \/>\n(Journal de Paris; Journal encyclop\u00e9dique; Gazette litt\u00e9raire d&rsquo;Amsterdam; Affiches et annonces de Paris)<br \/>\n<a href=\"http:\/\/books.google.be\/books?id=45AUAAAAQAAJ&amp;printsec=frontcover&amp;dq=editions:003tVjOqZaQmnlmZV&amp;lr=&amp;as_brr=1&amp;hl=fr\" target=\"_blank\" rel=\"noopener\">Acc\u00e9der au volume<\/a> sur <b>GoogleBooks<\/b><\/p>\n<p><b>770702<\/b><br \/>\nJohn Cosens<br \/>\n<i>The Economy of Beauty, in a Series of Fables, &amp;c. L&rsquo;\u00e9conomie de la beaut\u00e9, dans une suite de fables adress\u00e9es aux dames<\/i><br \/>\nJuillet 1777, Tome VII, p. 23-33<br \/>\n(Critical review)<br \/>\n<a href=\"http:\/\/books.google.be\/books?id=45AUAAAAQAAJ&amp;printsec=frontcover&amp;dq=editions:003tVjOqZaQmnlmZV&amp;lr=&amp;as_brr=1&amp;hl=fr\" target=\"_blank\" rel=\"noopener\">Acc\u00e9der au volume<\/a> sur <b>GoogleBooks<\/b><\/p>\n<p><b>770703<\/b><br \/>\n<i>Atti del Academia delle Scienze di Sienna, &amp;c. Actes (ou M\u00e9moires) de l&rsquo;Acad\u00e9mie des Sciences de Sienne. Tome V<\/i><br \/>\nJuillet 1777, Tome VII, p. 33-44<br \/>\n(Journal encyclop\u00e9dique)<br \/>\n<a href=\"http:\/\/books.google.be\/books?id=45AUAAAAQAAJ&amp;printsec=frontcover&amp;dq=editions:003tVjOqZaQmnlmZV&amp;lr=&amp;as_brr=1&amp;hl=fr\" target=\"_blank\" rel=\"noopener\">Acc\u00e9der au volume<\/a> sur <b>GoogleBooks<\/b><\/p>\n<p><b>770704<\/b><br \/>\nGiambattista Roberti<br \/>\nFavole Esopiane, &amp;c. Fables d&rsquo;Esope, mises en vers, avec un Discours<br \/>\nJuillet 1777, Tome VII, p. 45-48<br \/>\n(Efemeridi di Roma)<br \/>\n<a href=\"http:\/\/books.google.be\/books?id=45AUAAAAQAAJ&amp;printsec=frontcover&amp;dq=editions:003tVjOqZaQmnlmZV&amp;lr=&amp;as_brr=1&amp;hl=fr\" target=\"_blank\" rel=\"noopener\">Acc\u00e9der au volume<\/a> sur <b>GoogleBooks<\/b><\/p>\n<p><b>770705<\/b><br \/>\nHenri-Fran\u00e7ois d&rsquo;Aguesseau<br \/>\n<i>\u0152uvres ; Tome IX, contenant les lettres sur les mati\u00e8res criminelles et sur les mati\u00e8res civiles<\/i><br \/>\nJuillet 1777, Tome VII, p. 49-59<br \/>\n(Journal des savants; Mercure de France; Affiches et annonces de Paris; Journal de Paris)<br \/>\n<a href=\"http:\/\/books.google.be\/books?id=45AUAAAAQAAJ&amp;printsec=frontcover&amp;dq=editions:003tVjOqZaQmnlmZV&amp;lr=&amp;as_brr=1&amp;hl=fr\" target=\"_blank\" rel=\"noopener\">Acc\u00e9der au volume<\/a> sur <b>GoogleBooks<\/b><\/p>\n<p style=\"text-align: justify;\"><b>770706<\/b><br \/>\n<i>Philosophical transactions of the Royal Society of London, &amp;c. Transactions philosophiques, de la Soci\u00e9t\u00e9 Royale de Londres, Vol. LXVL pour l&rsquo;ann\u00e9e 1776<\/i><br \/>\nJuillet 1777, Tome VII, p. 59-67<br \/>\n(Critical review)<br \/>\n<a href=\"http:\/\/books.google.be\/books?id=45AUAAAAQAAJ&amp;printsec=frontcover&amp;dq=editions:003tVjOqZaQmnlmZV&amp;lr=&amp;as_brr=1&amp;hl=fr\" target=\"_blank\" rel=\"noopener\">Acc\u00e9der au volume<\/a> sur <b>GoogleBooks<\/b><\/p>\n<p style=\"text-align: justify;\"><b>770707<\/b><br \/>\nLuigi Cuccagni<br \/>\n<i>Vita di S. Pietro Principe degli Apostoli, &amp;c. Vie de S. Pierre, prince des ap\u00f4tres, tir\u00e9e de la Sainte \u00c9criture et \u00e9claircie par les r\u00e9flexions des saints p\u00e8res<\/i><br \/>\nJuillet 1777, Tome VII, p. 68-73<br \/>\n(Efemeridi di Roma)<br \/>\n<a href=\"http:\/\/books.google.be\/books?id=45AUAAAAQAAJ&amp;printsec=frontcover&amp;dq=editions:003tVjOqZaQmnlmZV&amp;lr=&amp;as_brr=1&amp;hl=fr\" target=\"_blank\" rel=\"noopener\">Acc\u00e9der au volume<\/a> sur <b>GoogleBooks<\/b><\/p>\n<p style=\"text-align: justify;\"><b>770708<\/b><br \/>\nFran\u00e7ois de Malherbe<br \/>\n<i>Po\u00e9sies de Malherbe, rang\u00e9es par ordre chronologique, avec la Vie de l&rsquo;auteur, et ce courtes Notes, par A. G. M. Q.<\/i><br \/>\nJuillet 1777, Tome VII, p. 73-77<br \/>\n(Journal de politique et de litt\u00e9rature; Mercure de France)<br \/>\n<a href=\"http:\/\/books.google.be\/books?id=45AUAAAAQAAJ&amp;printsec=frontcover&amp;dq=editions:003tVjOqZaQmnlmZV&amp;lr=&amp;as_brr=1&amp;hl=fr\" target=\"_blank\" rel=\"noopener\">Acc\u00e9der au volume<\/a> sur <b>GoogleBooks<\/b><\/p>\n<p><b>770709<\/b><br \/>\nRen\u00e9-Louis de Girardin<br \/>\n<i>De la composition des paysages, ou des moyens d&#8217;embellir la nature autour des habitations,n joignant l&rsquo;agr\u00e9able \u00e0 l&rsquo;utile<\/i><br \/>\nJuillet 1777, Tome VII, p. 78-89<br \/>\n(Journal fran\u00e7ais)<br \/>\n<a href=\"http:\/\/books.google.be\/books?id=45AUAAAAQAAJ&amp;printsec=frontcover&amp;dq=editions:003tVjOqZaQmnlmZV&amp;lr=&amp;as_brr=1&amp;hl=fr\" target=\"_blank\" rel=\"noopener\">Acc\u00e9der au volume<\/a> sur <b>GoogleBooks<\/b><\/p>\n<p><b>770710<\/b><br \/>\nJohann Vollrath Bacmeister<br \/>\n<i>Essai sur la biblioth\u00e8que et le cabinet de curiosit\u00e9s et d&rsquo;histoire naturelle de l&rsquo;Acad\u00e9mie des Sciences de Saint P\u00e9tersbourg<\/i><br \/>\nJuillet 1777, Tome VII, p. 90-117<br \/>\n(Gazette universelle de Litt\u00e9rature)<br \/>\n<a href=\"http:\/\/books.google.be\/books?id=45AUAAAAQAAJ&amp;printsec=frontcover&amp;dq=editions:003tVjOqZaQmnlmZV&amp;lr=&amp;as_brr=1&amp;hl=fr\" target=\"_blank\" rel=\"noopener\">Acc\u00e9der au volume<\/a> sur <b>GoogleBooks<\/b><\/p>\n<p><b>770711<\/b><br \/>\n<i>Parnasse des Dames, Tomes VI, VII, VIII, IX, contenant le Th\u00e9\u00e2tre des Femmes fran\u00e7aises, anglaises, allemandes, et danoises<\/i><br \/>\nJuillet 1777, Tome VII, p. 117-27<br \/>\n(Journal de politique et de litt\u00e9rature; Journal des sciences et des beaux-arts; Journal fran\u00e7ais; Affiches et annonces de Paris)<br \/>\n<a href=\"http:\/\/books.google.be\/books?id=45AUAAAAQAAJ&amp;printsec=frontcover&amp;dq=editions:003tVjOqZaQmnlmZV&amp;lr=&amp;as_brr=1&amp;hl=fr\" target=\"_blank\" rel=\"noopener\">Acc\u00e9der au volume<\/a> sur <b>GoogleBooks<\/b><\/p>\n<p style=\"text-align: justify;\"><b>770712<\/b><br \/>\nJean-Baptiste Le Brun<br \/>\n<i>Almanach historique et raisonn\u00e9 des architectes, peintres, sculpteurs, graveurs et ciseleurs : contenant des notions sur les cabinets des curieux du Royaume, sur les marchands de tableaux, sur les ma\u00eetres \u00e0 dessiner de Paris, et autres renseignements utiles, relativement au dessin<\/i><br \/>\nJuillet 1777, Tome VII, p. 128-33<br \/>\n(Mercure de France; Ann\u00e9e litt\u00e9raire)<br \/>\n<a href=\"http:\/\/books.google.be\/books?id=45AUAAAAQAAJ&amp;printsec=frontcover&amp;dq=editions:003tVjOqZaQmnlmZV&amp;lr=&amp;as_brr=1&amp;hl=fr\" target=\"_blank\" rel=\"noopener\">Acc\u00e9der au volume<\/a> sur <b>GoogleBooks<\/b><\/p>\n<p style=\"text-align: justify;\"><b>770713<\/b><br \/>\nJean-Nicolas-Marcellin Gu\u00e9rineau de Saint-P\u00e9ravi<br \/>\n<i>Ode sur l&rsquo;\u00e9rection de la statue de son altesse royale le prince Charles de Lorraine, &amp;c. &amp;c. &amp;c. et sur la construction de la nouvelle place o\u00f9 cette statue est \u00e9rig\u00e9e<\/i><br \/>\nJuillet 1777, Tome VII, p. 133-39<br \/>\n(Courrier litt\u00e9raire de l&rsquo;Europe)<br \/>\n<a href=\"http:\/\/books.google.be\/books?id=45AUAAAAQAAJ&amp;printsec=frontcover&amp;dq=editions:003tVjOqZaQmnlmZV&amp;lr=&amp;as_brr=1&amp;hl=fr\" target=\"_blank\" rel=\"noopener\">Acc\u00e9der au volume<\/a> sur <b>GoogleBooks<\/b><\/p>\n<p style=\"text-align: justify;\"><b>770714<\/b><br \/>\nGeorg Forster<br \/>\n<i>A voyage round the world, &amp;c. Voyage autour du monde sur le vaisseau de S. M. Britannique command\u00e9 par le Capitaine Jean Cook, pendant les ann\u00e9es 1772, 3, 4 et 5<\/i><br \/>\nJuillet 1777, Tome VII, p. 140-66<br \/>\n(Critical review)<br \/>\n<a href=\"http:\/\/books.google.be\/books?id=45AUAAAAQAAJ&amp;printsec=frontcover&amp;dq=editions:003tVjOqZaQmnlmZV&amp;lr=&amp;as_brr=1&amp;hl=fr\" target=\"_blank\" rel=\"noopener\">Acc\u00e9der au volume<\/a> sur <b>GoogleBooks<\/b><\/p>\n<p><b>770715<\/b><br \/>\nNicolas Germain L\u00e9onard<br \/>\n<i>\u0152uvres diverses<\/i><br \/>\nJuillet 1777, Tome VII, p. 167-73<br \/>\n<a href=\"http:\/\/books.google.be\/books?id=45AUAAAAQAAJ&amp;printsec=frontcover&amp;dq=editions:003tVjOqZaQmnlmZV&amp;lr=&amp;as_brr=1&amp;hl=fr\" target=\"_blank\" rel=\"noopener\">Acc\u00e9der au volume<\/a> sur <b>GoogleBooks<\/b><\/p>\n<p><b>770716<\/b><br \/>\nJohn Hawkins<br \/>\n<i>A general History, &amp;c. Histoire g\u00e9n\u00e9rale de la science et de la pratique de la musique<\/i><br \/>\nJuillet 1777, Tome VII, p. 174-84<br \/>\n(Critical review)<br \/>\n<a href=\"http:\/\/books.google.be\/books?id=45AUAAAAQAAJ&amp;printsec=frontcover&amp;dq=editions:003tVjOqZaQmnlmZV&amp;lr=&amp;as_brr=1&amp;hl=fr\" target=\"_blank\" rel=\"noopener\">Acc\u00e9der au volume<\/a> sur <b>GoogleBooks<\/b><\/p>\n<p><b>770717<\/b><br \/>\n<i>Causes c\u00e9l\u00e8bres, curieuses et int\u00e9ressantes, de toutes les cours souveraines du Royaume, avec les jugements qui les ont d\u00e9cid\u00e9es<\/i><br \/>\nJuillet 1777, Tome VII, p. 185-210<br \/>\n<a href=\"http:\/\/books.google.be\/books?id=45AUAAAAQAAJ&amp;printsec=frontcover&amp;dq=editions:003tVjOqZaQmnlmZV&amp;lr=&amp;as_brr=1&amp;hl=fr\" target=\"_blank\" rel=\"noopener\">Acc\u00e9der au volume<\/a> sur <b>GoogleBooks<\/b><\/p>\n<p><b>770718<\/b><br \/>\nJohn Zephaniah Holwel<br \/>\n<i>Le Shasta ou le Livre sacr\u00e9 des Gentons, traduit de l&rsquo;anglais de M. Holwel, par M. D. M. C. A P.<\/i><br \/>\nJuillet 1777, Tome VII, p. 211-22<br \/>\n(Mercure de France)<br \/>\n<a href=\"http:\/\/books.google.be\/books?id=45AUAAAAQAAJ&amp;printsec=frontcover&amp;dq=editions:003tVjOqZaQmnlmZV&amp;lr=&amp;as_brr=1&amp;hl=fr\" target=\"_blank\" rel=\"noopener\">Acc\u00e9der au volume<\/a> sur <b>GoogleBooks<\/b><\/p>\n<p><b>770719<\/b><br \/>\nServi\u00e8res<br \/>\n<i>Lettre sur la translation des tours et autres \u00e9difices<\/i><br \/>\nJuillet 1777, Tome VII, p. 222-25<br \/>\n(Journal encyclop\u00e9dique)<br \/>\n<a href=\"http:\/\/books.google.be\/books?id=45AUAAAAQAAJ&amp;printsec=frontcover&amp;dq=editions:003tVjOqZaQmnlmZV&amp;lr=&amp;as_brr=1&amp;hl=fr\" target=\"_blank\" rel=\"noopener\">Acc\u00e9der au volume<\/a> sur <b>GoogleBooks<\/b><\/p>\n<p><b>770720<\/b><br \/>\n<i>Conseils adress\u00e9s \u00e0 un jeune homme qui en avait besoin, par une femme du monde qui avait la simplicit\u00e9 de croire \u00e0 l&rsquo;utilit\u00e9 des conseils<\/i><br \/>\nJuillet 1777, Tome VII, p. 226-30<br \/>\n(Journal de Politique et de Litt\u00e9rature)<br \/>\n<a href=\"http:\/\/books.google.be\/books?id=45AUAAAAQAAJ&amp;printsec=frontcover&amp;dq=editions:003tVjOqZaQmnlmZV&amp;lr=&amp;as_brr=1&amp;hl=fr\" target=\"_blank\" rel=\"noopener\">Acc\u00e9der au volume<\/a> sur <b>GoogleBooks<\/b><\/p>\n<p><b>770721<\/b><br \/>\nJonathan Swift<br \/>\n<i>Essai sur la politesse et la bonne \u00e9ducation<\/i><br \/>\nJuillet 1777, Tome VII, p. 230-39<br \/>\n(Journal anglais)<br \/>\n<a href=\"http:\/\/books.google.be\/books?id=45AUAAAAQAAJ&amp;printsec=frontcover&amp;dq=editions:003tVjOqZaQmnlmZV&amp;lr=&amp;as_brr=1&amp;hl=fr\" target=\"_blank\" rel=\"noopener\">Acc\u00e9der au volume<\/a> sur <b>GoogleBooks<\/b><\/p>\n<p><b>770722<\/b><br \/>\n<i>Sur l&rsquo;invention de l&rsquo;imprimerie<\/i><br \/>\nJuillet 1777, Tome VII, p. 239-40<br \/>\n(Affiches, Annonces et Avis divers de Picardie et du Soissonnais)<br \/>\n<a href=\"http:\/\/books.google.be\/books?id=45AUAAAAQAAJ&amp;printsec=frontcover&amp;dq=editions:003tVjOqZaQmnlmZV&amp;lr=&amp;as_brr=1&amp;hl=fr\" target=\"_blank\" rel=\"noopener\">Acc\u00e9der au volume<\/a> sur <b>GoogleBooks<\/b><\/p>\n<p><b>770723<\/b><br \/>\nMarie-Antoine-Fran\u00e7ois Chivot<br \/>\n<i>L&rsquo;aigle cherchant Jupiter. \u00c0 Joseph II, Empereur d&rsquo;Allemagne, qui voyage en France, sous un nom emprunt\u00e9<\/i><br \/>\nJuillet 1777, Tome VII, p. 241-42<br \/>\n(Journal d&rsquo;\u00c9ducation)<br \/>\n<a href=\"http:\/\/books.google.be\/books?id=45AUAAAAQAAJ&amp;printsec=frontcover&amp;dq=editions:003tVjOqZaQmnlmZV&amp;lr=&amp;as_brr=1&amp;hl=fr\" target=\"_blank\" rel=\"noopener\">Acc\u00e9der au volume<\/a> sur <b>GoogleBooks<\/b><\/p>\n<p><b>770724<\/b><br \/>\nAbb\u00e9 L\u2026<br \/>\n<i>Lettre aux r\u00e9dacteurs de l&rsquo;Esprit des Journaux, \u00e9crite de Bruxelles<\/i><br \/>\nJuillet 1777, Tome VII, p. 243-45<br \/>\n<a href=\"http:\/\/books.google.be\/books?id=45AUAAAAQAAJ&amp;printsec=frontcover&amp;dq=editions:003tVjOqZaQmnlmZV&amp;lr=&amp;as_brr=1&amp;hl=fr\" target=\"_blank\" rel=\"noopener\">Acc\u00e9der au volume<\/a> sur <b>GoogleBooks<\/b><\/p>\n<p><b>770725<\/b><br \/>\nLouis de Fontanes<br \/>\n<i>Hymne aux montagnes et \u00e0 la nature<\/i><br \/>\nJuillet 1777, Tome VII, p. 246-50<br \/>\n<a href=\"http:\/\/books.google.be\/books?id=45AUAAAAQAAJ&amp;printsec=frontcover&amp;dq=editions:003tVjOqZaQmnlmZV&amp;lr=&amp;as_brr=1&amp;hl=fr\" target=\"_blank\" rel=\"noopener\">Acc\u00e9der au volume<\/a> sur <b>GoogleBooks<\/b><\/p>\n<p><b>770726<\/b><br \/>\nAlexandre-Fr\u00e9d\u00e9ric-Jacques Masson, marquis de Pezay<br \/>\n<i>Le baiser surpris<\/i><br \/>\nJuillet 1777, Tome VII, p. 250-51<br \/>\n<a href=\"http:\/\/books.google.be\/books?id=45AUAAAAQAAJ&amp;printsec=frontcover&amp;dq=editions:003tVjOqZaQmnlmZV&amp;lr=&amp;as_brr=1&amp;hl=fr\" target=\"_blank\" rel=\"noopener\">Acc\u00e9der au volume<\/a> sur <b>GoogleBooks<\/b><\/p>\n<p><b>770727<\/b><br \/>\nFran\u00e7ois-Jean Villemain d&rsquo;Abancourt<br \/>\n<i>La visite du matin. Conte<\/i><br \/>\nJuillet 1777, Tome VII, p. 252<br \/>\n<a href=\"http:\/\/books.google.be\/books?id=45AUAAAAQAAJ&amp;printsec=frontcover&amp;dq=editions:003tVjOqZaQmnlmZV&amp;lr=&amp;as_brr=1&amp;hl=fr\" target=\"_blank\" rel=\"noopener\">Acc\u00e9der au volume<\/a> sur <b>GoogleBooks<\/b><\/p>\n<p><b>770728<\/b><br \/>\nOlivier<br \/>\nVers sur l&rsquo;arriv\u00e9e de Monsieur le Comte de Falskenstein en France<br \/>\nJuillet 1777, Tome VII, p. 252-53<br \/>\n<a href=\"http:\/\/books.google.be\/books?id=45AUAAAAQAAJ&amp;printsec=frontcover&amp;dq=editions:003tVjOqZaQmnlmZV&amp;lr=&amp;as_brr=1&amp;hl=fr\" target=\"_blank\" rel=\"noopener\">Acc\u00e9der au volume<\/a> sur <b>GoogleBooks<\/b><\/p>\n<p><b>770729<\/b><br \/>\nMadame la C. d&rsquo;E\u2026 [Comtesse d&rsquo;Esparb\u00e8s]\n<i>Vers de Madame la C. d&rsquo;E\u2026 \u00e0 Monsieur le Comte Falskenstein<\/i><br \/>\nJuillet 1777, Tome VII, p. 253<br \/>\n<a href=\"http:\/\/books.google.be\/books?id=45AUAAAAQAAJ&amp;printsec=frontcover&amp;dq=editions:003tVjOqZaQmnlmZV&amp;lr=&amp;as_brr=1&amp;hl=fr\" target=\"_blank\" rel=\"noopener\">Acc\u00e9der au volume<\/a> sur <b>GoogleBooks<\/b><\/p>\n<p><b>770730<\/b><br \/>\nMarteau<br \/>\n<i>Le rosier et les tulipes. Fable<\/i><br \/>\nJuillet 1777, Tome VII, p. 254<br \/>\n<a href=\"http:\/\/books.google.be\/books?id=45AUAAAAQAAJ&amp;printsec=frontcover&amp;dq=editions:003tVjOqZaQmnlmZV&amp;lr=&amp;as_brr=1&amp;hl=fr\" target=\"_blank\" rel=\"noopener\">Acc\u00e9der au volume<\/a> sur <b>GoogleBooks<\/b><\/p>\n<p><b>770731<\/b><br \/>\nPr\u00e9sident d&rsquo;Alco<br \/>\n<i>Vers \u00e0 Mad\u2026<\/i><br \/>\nJuillet 1777, Tome VII, p. 255<br \/>\n<a href=\"http:\/\/books.google.be\/books?id=45AUAAAAQAAJ&amp;printsec=frontcover&amp;dq=editions:003tVjOqZaQmnlmZV&amp;lr=&amp;as_brr=1&amp;hl=fr\" target=\"_blank\" rel=\"noopener\">Acc\u00e9der au volume<\/a> sur <b>GoogleBooks<\/b><\/p>\n<p><b>770732<\/b><br \/>\nMichel de Cubi\u00e8res-Palm\u00e9zeaux<br \/>\n<i>\u00c0 M. de Buffon, en lui envoyant une H\u00e9ro\u00efde intitul\u00e9e : Lettre de S. J\u00e9r\u00f4me \u00e0 une Dame romaine<\/i><br \/>\nJuillet 1777, Tome VII, p. 256-57<br \/>\n<a href=\"http:\/\/books.google.be\/books?id=45AUAAAAQAAJ&amp;printsec=frontcover&amp;dq=editions:003tVjOqZaQmnlmZV&amp;lr=&amp;as_brr=1&amp;hl=fr\" target=\"_blank\" rel=\"noopener\">Acc\u00e9der au volume<\/a> sur <b>GoogleBooks<\/b><\/p>\n<p style=\"text-align: justify;\"><b>770733<\/b><br \/>\n<i>Paroles de paix port\u00e9es aux Auteurs Insurgens ; paroles inutiles, mises en vers dans le go\u00fbt et dans la mani\u00e8re de Chapelle, par un vieux Hermite du Parnasse, qui les a adress\u00e9es \u00e0 Milords et Messieurs des Communes de la Litt\u00e9rature<\/i><br \/>\nJuillet 1777, Tome VII, p. 257-59<br \/>\n<a href=\"http:\/\/books.google.be\/books?id=45AUAAAAQAAJ&amp;printsec=frontcover&amp;dq=editions:003tVjOqZaQmnlmZV&amp;lr=&amp;as_brr=1&amp;hl=fr\" target=\"_blank\" rel=\"noopener\">Acc\u00e9der au volume<\/a> sur <b>GoogleBooks<\/b><\/p>\n<p><b>770801<\/b><br \/>\nX\u00e9nophon<br \/>\n<i>La Cyrop\u00e9die, ou Histoire de Cyrus, traduite du grec de X\u00e9nophon par M. Dacier<\/i><br \/>\nAo\u00fbt 1777, Tome VIII, p. 3-31<br \/>\n(Journal des savants; Ann\u00e9e litt\u00e9raire)<br \/>\n<a href=\"http:\/\/books.google.be\/books?id=h5gUAAAAQAAJ&amp;printsec=frontcover&amp;dq=editions:0H97A3Z5QJXMDoF3M&amp;lr=&amp;hl=fr\" target=\"_blank\" rel=\"noopener\">Acc\u00e9der au volume<\/a> sur <b>GoogleBooks<\/b><\/p>\n<p style=\"text-align: justify;\"><b>770802<\/b><br \/>\nClaude-Fran\u00e7ois-Xavier Millot<br \/>\n<i>M\u00e9moires historiques et militaires pour servir \u00e0 l&rsquo;histoire de Louis XIV et de Louis XV, compos\u00e9s sur les pi\u00e8ces originales, recueillies par Adrien Maurice, Duc de Noailles, Mar\u00e9chal de France, et Ministre d&rsquo;\u00c9tat<\/i><br \/>\nAo\u00fbt 1777, Tome VIII, p. 32-57<br \/>\n(Journal fran\u00e7ais; Ann\u00e9e litt\u00e9raire; Journal de Paris; Gazette universelle de Litt\u00e9rature; Journal de politique et de litt\u00e9rature; Affiches et annonces de Paris)<br \/>\n<a href=\"http:\/\/books.google.be\/books?id=h5gUAAAAQAAJ&amp;printsec=frontcover&amp;dq=editions:0H97A3Z5QJXMDoF3M&amp;lr=&amp;hl=fr\" target=\"_blank\" rel=\"noopener\">Acc\u00e9der au volume<\/a> sur <b>GoogleBooks<\/b><\/p>\n<p style=\"text-align: justify;\"><b>770803<\/b><br \/>\nAleksi\u012d L\u00e9ontievitch Leontiev<br \/>\n<i>Chinesische Gedanken, &amp;c. Pens\u00e9es chinoises, traduites du russe en allemand, apr\u00e8s la traduction faite de la langue des Mansuris<\/i><br \/>\nAo\u00fbt 1777, Tome VIII, p. 57-60<br \/>\n(Gazette universelle de litt\u00e9rature)<br \/>\n<a href=\"http:\/\/books.google.be\/books?id=h5gUAAAAQAAJ&amp;printsec=frontcover&amp;dq=editions:0H97A3Z5QJXMDoF3M&amp;lr=&amp;hl=fr\" target=\"_blank\" rel=\"noopener\">Acc\u00e9der au volume<\/a> sur <b>GoogleBooks<\/b><\/p>\n<p><b>770804<\/b><br \/>\nDubourg<br \/>\n<i>Le messie, po\u00e8me, suivi de quelques po\u00e9sies m\u00eal\u00e9es<\/i><br \/>\nAo\u00fbt 1777, Tome VIII, p. 60-74<br \/>\n(Ann\u00e9e litt\u00e9raire; Journal de Paris; Journal des sciences et des beaux-arts)<br \/>\n<a href=\"http:\/\/books.google.be\/books?id=h5gUAAAAQAAJ&amp;printsec=frontcover&amp;dq=editions:0H97A3Z5QJXMDoF3M&amp;lr=&amp;hl=fr\" target=\"_blank\" rel=\"noopener\">Acc\u00e9der au volume<\/a> sur <b>GoogleBooks<\/b><\/p>\n<p><b>770805<\/b><br \/>\nGuillaume de Lamoignon<br \/>\n<i>Recueil des arr\u00eat\u00e9s de M. le Premier Pr\u00e9sident de Lamoignon<\/i><br \/>\nAo\u00fbt 1777, Tome VIII, p. 75-80<br \/>\n(Journal des savants; Journal de politique et de litt\u00e9rature; Avis divers)<br \/>\n<a href=\"http:\/\/books.google.be\/books?id=h5gUAAAAQAAJ&amp;printsec=frontcover&amp;dq=editions:0H97A3Z5QJXMDoF3M&amp;lr=&amp;hl=fr\" target=\"_blank\" rel=\"noopener\">Acc\u00e9der au volume<\/a> sur <b>GoogleBooks<\/b><\/p>\n<p style=\"text-align: justify;\"><b>770806<\/b><br \/>\nLouis-Abel de Bonafous, abb\u00e9 de Fontenay<br \/>\n<i>Dictionnaire des artistes, ou Notice historique et raisonn\u00e9e des architectes, peintres, graveurs, sculpteurs, musiciens, acteurs et danseurs ; imprimeurs, horlogers et m\u00e9caniciens<\/i><br \/>\nAo\u00fbt 1777, Tome VIII, p. 81-101<br \/>\n(Mercure de France; Ann\u00e9e litt\u00e9raire; Affiches et annonces de Paris; Journal encyclop\u00e9dique)<br \/>\n<a href=\"http:\/\/books.google.be\/books?id=h5gUAAAAQAAJ&amp;printsec=frontcover&amp;dq=editions:0H97A3Z5QJXMDoF3M&amp;lr=&amp;hl=fr\" target=\"_blank\" rel=\"noopener\">Acc\u00e9der au volume<\/a> sur <b>GoogleBooks<\/b><\/p>\n<p><b>770807<\/b><br \/>\nD&rsquo;Alembert \/ Jean-Antoine-Nicolas de Caritat, marquis de Condorcet \/ Charles Bossut<i><br \/>\nNouvelles exp\u00e9riences sur la r\u00e9sistance des fluides<\/i><br \/>\nAo\u00fbt 1777, Tome VIII, p. 102-13<br \/>\n(Journal des savants; Journal de politique et de litt\u00e9rature; Mercure de France; Journal des sciences et des beaux-arts)<br \/>\n<a href=\"http:\/\/books.google.be\/books?id=h5gUAAAAQAAJ&amp;printsec=frontcover&amp;dq=editions:0H97A3Z5QJXMDoF3M&amp;lr=&amp;hl=fr\" target=\"_blank\" rel=\"noopener\">Acc\u00e9der au volume<\/a> sur <b>GoogleBooks<\/b><\/p>\n<p><b>770808<\/b><br \/>\nPhilippe-Andr\u00e9 Grandidier<br \/>\n<i>Histoire de l&rsquo;\u00e9glise et des \u00e9v\u00eaques-princes de Strasbourg<\/i><br \/>\nAo\u00fbt 1777, Tome VIII, p. 114-131<br \/>\n(Journal encyclop\u00e9dique; Gazette universelle de Litt\u00e9rature)<br \/>\n<a href=\"http:\/\/books.google.be\/books?id=h5gUAAAAQAAJ&amp;printsec=frontcover&amp;dq=editions:0H97A3Z5QJXMDoF3M&amp;lr=&amp;hl=fr\" target=\"_blank\" rel=\"noopener\">Acc\u00e9der au volume<\/a> sur <b>GoogleBooks<\/b><\/p>\n<p style=\"text-align: justify;\"><b>770809<\/b>[Claude-Joseph Dorat]\n<i>Le faux Ibrahim, conte arabe, et le R\u00eave impatientant, conte fran\u00e7ais, suivis des r\u00e9formes de l&rsquo;amour, et pr\u00e9c\u00e9d\u00e9s de quelques r\u00e9flexions sur Montesquieu<\/i><br \/>\nAo\u00fbt 1777, Tome VIII, p. 131-42<br \/>\n(Journal de politique et de litt\u00e9rature; Journal des sciences et des beaux-arts; Gazette universelle de Litt\u00e9rature; Courrier litt\u00e9raire de l&rsquo;Europe)<br \/>\n<a href=\"http:\/\/books.google.be\/books?id=h5gUAAAAQAAJ&amp;printsec=frontcover&amp;dq=editions:0H97A3Z5QJXMDoF3M&amp;lr=&amp;hl=fr\" target=\"_blank\" rel=\"noopener\">Acc\u00e9der au volume<\/a> sur <b>GoogleBooks<\/b><\/p>\n<p><b>770810<\/b><br \/>\nJean-Andr\u00e9 Barotti<br \/>\n<i>Memorie Istoriche di Letterari Ferraresi, &amp;c. M\u00e9moires historiques des lettr\u00e9s ferrarois : ouvrage posthume<\/i><br \/>\nAo\u00fbt 1777, Tome VIII, p. 142-53<br \/>\n(Efemeridi di Roma)<br \/>\n<a href=\"http:\/\/books.google.be\/books?id=h5gUAAAAQAAJ&amp;printsec=frontcover&amp;dq=editions:0H97A3Z5QJXMDoF3M&amp;lr=&amp;hl=fr\" target=\"_blank\" rel=\"noopener\">Acc\u00e9der au volume<\/a> sur <b>GoogleBooks<\/b><\/p>\n<p style=\"text-align: justify;\"><b>770811<\/b><br \/>\nMoli\u00e8re<br \/>\n<i>L&rsquo;esprit de Moli\u00e8re, ou Choix des maximes, pens\u00e9es, caract\u00e8res, portraits et r\u00e9flexions, tir\u00e9s de ses ouvrages ; avec un abr\u00e9g\u00e9 de sa vie, un catalogue de ses pi\u00e8ces, le temps de leurs premi\u00e8res repr\u00e9sentations, et des anecdotes relatives \u00e0 ses pi\u00e8ces, par L.-F. Beffara<\/i><br \/>\nAo\u00fbt 1777, Tome VIII, p. 154-60<br \/>\n(Mercure de France; Journal des sciences et des beaux-arts; Journal de Paris; Courrier litt\u00e9raire de l&rsquo;Europe)<br \/>\n<a href=\"http:\/\/books.google.be\/books?id=h5gUAAAAQAAJ&amp;printsec=frontcover&amp;dq=editions:0H97A3Z5QJXMDoF3M&amp;lr=&amp;hl=fr\" target=\"_blank\" rel=\"noopener\">Acc\u00e9der au volume<\/a> sur <b>GoogleBooks<\/b><\/p>\n<p><b>770812<\/b><br \/>\n<i>M. M.*** [Guillaume-Fran\u00e7ois-Roger Mol\u00e9]\nLettre \u00e0 M. J*** [Jamet le jeune], sur les moyens de transf\u00e9rer les cimeti\u00e8res hors l&rsquo;enceinte des villes<\/i><br \/>\nAo\u00fbt 1777, Tome VIII, p. 160-67<br \/>\n(Journal encyclop\u00e9dique)<br \/>\n<a href=\"http:\/\/books.google.be\/books?id=h5gUAAAAQAAJ&amp;printsec=frontcover&amp;dq=editions:0H97A3Z5QJXMDoF3M&amp;lr=&amp;hl=fr\" target=\"_blank\" rel=\"noopener\">Acc\u00e9der au volume<\/a> sur <b>GoogleBooks<\/b><\/p>\n<p style=\"text-align: justify;\"><b>770813<\/b><br \/>\nJ.F. Keffenbrinck<br \/>\n<i>Abhanlung\u2026 &amp;c. Dissertation sur la proportion entre le prix de l&rsquo;argent et les denr\u00e9es, depuis le temps de Constantin-le-Grand, jusqu&rsquo;\u00e0 la division de l&rsquo;Empire sous Th\u00e9odose-le-Grand, et sur les effets de cette proportion ; \u00e0 laquelle l&rsquo;Acad\u00e9mie Royale des Sciences (de Berlin) a adjug\u00e9 le prix de l&rsquo;ann\u00e9e 1775<\/i><br \/>\nAo\u00fbt 1777, Tome VIII, p. 168-72<br \/>\n(Gazette universelle de litt\u00e9rature)<br \/>\n<a href=\"http:\/\/books.google.be\/books?id=h5gUAAAAQAAJ&amp;printsec=frontcover&amp;dq=editions:0H97A3Z5QJXMDoF3M&amp;lr=&amp;hl=fr\" target=\"_blank\" rel=\"noopener\">Acc\u00e9der au volume<\/a> sur <b>GoogleBooks<\/b><\/p>\n<p><b>770814<\/b><br \/>\nLouis-F\u00e9lix Guinement, chevalier de Keralio<br \/>\n<i>Histoire de la derni\u00e8re guerre entre les Russes et les Turcs<\/i><br \/>\nAo\u00fbt 1777, Tome VIII, p. 173-84<br \/>\n(Mercure de France; Ann\u00e9e litt\u00e9raire)<br \/>\n<a href=\"http:\/\/books.google.be\/books?id=h5gUAAAAQAAJ&amp;printsec=frontcover&amp;dq=editions:0H97A3Z5QJXMDoF3M&amp;lr=&amp;hl=fr\" target=\"_blank\" rel=\"noopener\">Acc\u00e9der au volume<\/a> sur <b>GoogleBooks<\/b><\/p>\n<p><b>770815<\/b><br \/>\nAdam Friedrich Ernst Jacobi<br \/>\n<i>Versuch einer Apologie, &amp;c. Essai d&rsquo;une apologie des peines capitales<\/i><br \/>\nAo\u00fbt 1777, Tome VIII, p. 185-89<br \/>\n(Gazette universelle de litt\u00e9rature)<br \/>\n<a href=\"http:\/\/books.google.be\/books?id=h5gUAAAAQAAJ&amp;printsec=frontcover&amp;dq=editions:0H97A3Z5QJXMDoF3M&amp;lr=&amp;hl=fr\" target=\"_blank\" rel=\"noopener\">Acc\u00e9der au volume<\/a> sur <b>GoogleBooks<\/b><\/p>\n<p><b>770816<\/b><br \/>\n<i>Traduction de diff\u00e9rents trait\u00e9s de morale de Plutarque ; par M\u2026<\/i><br \/>\nAo\u00fbt 1777, Tome VIII, p. 190-95<br \/>\n(Journal des sciences et des beaux-arts)<br \/>\n<a href=\"http:\/\/books.google.be\/books?id=h5gUAAAAQAAJ&amp;printsec=frontcover&amp;dq=editions:0H97A3Z5QJXMDoF3M&amp;lr=&amp;hl=fr\" target=\"_blank\" rel=\"noopener\">Acc\u00e9der au volume<\/a> sur <b>GoogleBooks<\/b><\/p>\n<p style=\"text-align: justify;\"><b>770817<\/b><br \/>\n<i>Causes c\u00e9l\u00e8bres, curieuses et int\u00e9ressantes, de toutes les cours souveraines du Royaume, avec les jugements qui les ont d\u00e9cid\u00e9es. Tome XXIX<\/i><br \/>\nAo\u00fbt 1777, Tome VIII, p. 196-210<br \/>\n<a href=\"http:\/\/books.google.be\/books?id=h5gUAAAAQAAJ&amp;printsec=frontcover&amp;dq=editions:0H97A3Z5QJXMDoF3M&amp;lr=&amp;hl=fr\" target=\"_blank\" rel=\"noopener\">Acc\u00e9der au volume<\/a> sur <b>GoogleBooks<\/b><\/p>\n<p><b>770818<\/b><br \/>\n<i>Pr\u00e9cis historique sur la vie de M. de Justi, min\u00e9ralogiste allemand, conseiller aux mines ; par Madame D. M.<\/i><br \/>\nAo\u00fbt 1777, Tome VIII, p. 211-24<br \/>\n(Observations sur la physique, sur l&rsquo;histoire naturelle et les arts)<br \/>\n<a href=\"http:\/\/books.google.be\/books?id=h5gUAAAAQAAJ&amp;printsec=frontcover&amp;dq=editions:0H97A3Z5QJXMDoF3M&amp;lr=&amp;hl=fr\" target=\"_blank\" rel=\"noopener\">Acc\u00e9der au volume<\/a> sur <b>GoogleBooks<\/b><\/p>\n<p><b>770819<\/b><br \/>\n<i>R\u00e9flexions sur les com\u00e9diens<\/i><br \/>\nAo\u00fbt 1777, Tome VIII, p. 224-27<br \/>\n(Affiches et Annonces de Paris)<br \/>\n<a href=\"http:\/\/books.google.be\/books?id=h5gUAAAAQAAJ&amp;printsec=frontcover&amp;dq=editions:0H97A3Z5QJXMDoF3M&amp;lr=&amp;hl=fr\" target=\"_blank\" rel=\"noopener\">Acc\u00e9der au volume<\/a> sur <b>GoogleBooks<\/b><\/p>\n<p><b>770820<\/b><br \/>\n<i>R\u00e9ponse \u00e0 la lettre d&rsquo;Holakou-Kan, compos\u00e9e par un secr\u00e9taire du Kalife Mostaasem<\/i><br \/>\nAo\u00fbt 1777, Tome VIII, p. 228-31<br \/>\n(Mercure de France)<br \/>\n<a href=\"http:\/\/books.google.be\/books?id=h5gUAAAAQAAJ&amp;printsec=frontcover&amp;dq=editions:0H97A3Z5QJXMDoF3M&amp;lr=&amp;hl=fr\" target=\"_blank\" rel=\"noopener\">Acc\u00e9der au volume<\/a> sur <b>GoogleBooks<\/b><\/p>\n<p><b>770821<\/b><br \/>\n<i>Observations adress\u00e9es aux Auteurs du Journal Encyclop\u00e9dique, sur une anecdote qui leur a \u00e9t\u00e9 communiqu\u00e9e<\/i><br \/>\nAo\u00fbt 1777, Tome VIII, p. 231-33<br \/>\n(Journal encyclop\u00e9dique)<br \/>\n<a href=\"http:\/\/books.google.be\/books?id=h5gUAAAAQAAJ&amp;printsec=frontcover&amp;dq=editions:0H97A3Z5QJXMDoF3M&amp;lr=&amp;hl=fr\" target=\"_blank\" rel=\"noopener\">Acc\u00e9der au volume<\/a> sur <b>GoogleBooks<\/b><\/p>\n<p><b>770822<\/b><br \/>\n<i>Lettre en r\u00e9ponse \u00e0 la question, propos\u00e9e dans le journal de juin, page 209<\/i><br \/>\nAo\u00fbt 1777, Tome VIII, p. 234-41<br \/>\n(Affiches et annonces de Bourgogne)<br \/>\n<a href=\"http:\/\/books.google.be\/books?id=h5gUAAAAQAAJ&amp;printsec=frontcover&amp;dq=editions:0H97A3Z5QJXMDoF3M&amp;lr=&amp;hl=fr\" target=\"_blank\" rel=\"noopener\">Acc\u00e9der au volume<\/a> sur <b>GoogleBooks<\/b><\/p>\n<p><b>770823<\/b><br \/>\n<i>D\u00e9tails sur les habitants de la Vall\u00e9e de Praborgne, en Suisse<\/i><br \/>\nAo\u00fbt 1777, Tome VIII, p. 241-44<br \/>\n(Journal de Paris)<br \/>\n<a href=\"http:\/\/books.google.be\/books?id=h5gUAAAAQAAJ&amp;printsec=frontcover&amp;dq=editions:0H97A3Z5QJXMDoF3M&amp;lr=&amp;hl=fr\" target=\"_blank\" rel=\"noopener\">Acc\u00e9der au volume<\/a> sur <b>GoogleBooks<\/b><\/p>\n<p><b>770824<\/b><br \/>\n<i>Le censeur<\/i><br \/>\nAo\u00fbt 1777, Tome VIII, p. 245-49<br \/>\n(Journal anglais)<br \/>\n<a href=\"http:\/\/books.google.be\/books?id=h5gUAAAAQAAJ&amp;printsec=frontcover&amp;dq=editions:0H97A3Z5QJXMDoF3M&amp;lr=&amp;hl=fr\" target=\"_blank\" rel=\"noopener\">Acc\u00e9der au volume<\/a> sur <b>GoogleBooks<\/b><\/p>\n<p><b>770825<\/b><br \/>\n<i>\u00c0 Joseph II, Empereur<\/i><br \/>\nAo\u00fbt 1777, Tome VIII, p. 250-51<br \/>\n<a href=\"http:\/\/books.google.be\/books?id=h5gUAAAAQAAJ&amp;printsec=frontcover&amp;dq=editions:0H97A3Z5QJXMDoF3M&amp;lr=&amp;hl=fr\" target=\"_blank\" rel=\"noopener\">Acc\u00e9der au volume<\/a> sur <b>GoogleBooks<\/b><\/p>\n<p><b>770826<\/b><br \/>\n<i>Vers envoy\u00e9s \u00e0 M. le Comte de Falkenstein, par un officier fran\u00e7ais<\/i><br \/>\nAo\u00fbt 1777, Tome VIII, p. 251<br \/>\n<a href=\"http:\/\/books.google.be\/books?id=h5gUAAAAQAAJ&amp;printsec=frontcover&amp;dq=editions:0H97A3Z5QJXMDoF3M&amp;lr=&amp;hl=fr\" target=\"_blank\" rel=\"noopener\">Acc\u00e9der au volume<\/a> sur <b>GoogleBooks<\/b><\/p>\n<p><b>770827<\/b><br \/>\n<i>Ce n&rsquo;est pas l&rsquo;appareil du tr\u00f4ne<\/i><br \/>\nAo\u00fbt 1777, Tome VIII, p. 252<br \/>\n<a href=\"http:\/\/books.google.be\/books?id=h5gUAAAAQAAJ&amp;printsec=frontcover&amp;dq=editions:0H97A3Z5QJXMDoF3M&amp;lr=&amp;hl=fr\" target=\"_blank\" rel=\"noopener\">Acc\u00e9der au volume<\/a> sur <b>GoogleBooks<\/b><\/p>\n<p><b>770828<\/b><br \/>\n<i>Le voyage de Jupiter. Imit\u00e9 d&rsquo;Ovide<\/i><br \/>\nAo\u00fbt 1777, Tome VIII, p. 253-54<br \/>\n<a href=\"http:\/\/books.google.be\/books?id=h5gUAAAAQAAJ&amp;printsec=frontcover&amp;dq=editions:0H97A3Z5QJXMDoF3M&amp;lr=&amp;hl=fr\" target=\"_blank\" rel=\"noopener\">Acc\u00e9der au volume<\/a> sur <b>GoogleBooks<\/b><\/p>\n<p><b>770829<\/b><br \/>\nDreux<br \/>\n<i>Les regrets. Romance<\/i><br \/>\nAo\u00fbt 1777, Tome VIII, p. 254-55<br \/>\n<a href=\"http:\/\/books.google.be\/books?id=h5gUAAAAQAAJ&amp;printsec=frontcover&amp;dq=editions:0H97A3Z5QJXMDoF3M&amp;lr=&amp;hl=fr\" target=\"_blank\" rel=\"noopener\">Acc\u00e9der au volume<\/a> sur <b>GoogleBooks<\/b><\/p>\n<p><b>770830<\/b><br \/>\n<i>\u00c9p\u00eetre d&rsquo;un citoyen de Li\u00e8ge, \u00e0 M. L\u00e9onard, sur ses \u0152uvres, r\u00e9imprim\u00e9es depuis peu dans cette ville<\/i><br \/>\nAo\u00fbt 1777, Tome VIII, p. 256-58<br \/>\n<a href=\"http:\/\/books.google.be\/books?id=h5gUAAAAQAAJ&amp;printsec=frontcover&amp;dq=editions:0H97A3Z5QJXMDoF3M&amp;lr=&amp;hl=fr\" target=\"_blank\" rel=\"noopener\">Acc\u00e9der au volume<\/a> sur <b>GoogleBooks<\/b><\/p>\n<p><b>770831<\/b><br \/>\nNicolas Germain L\u00e9onard<br \/>\n<i>R\u00e9ponse de M. L\u00e9onard<\/i><br \/>\nAo\u00fbt 1777, Tome VIII, p. 258-59<br \/>\n<a href=\"http:\/\/books.google.be\/books?id=h5gUAAAAQAAJ&amp;printsec=frontcover&amp;dq=editions:0H97A3Z5QJXMDoF3M&amp;lr=&amp;hl=fr\" target=\"_blank\" rel=\"noopener\">Acc\u00e9der au volume<\/a> sur <b>GoogleBooks<\/b><\/p>\n<p><b>770832<\/b><br \/>\n<i>Le m\u00eame citoyen de Li\u00e8ge avait ci-devant adress\u00e9 \u00e0 M. L\u00e9onard, sur son Temple de Gnide les Vers suivants<\/i><br \/>\nAo\u00fbt 1777, Tome VIII, p. 259-60<br \/>\n<a href=\"http:\/\/books.google.be\/books?id=h5gUAAAAQAAJ&amp;printsec=frontcover&amp;dq=editions:0H97A3Z5QJXMDoF3M&amp;lr=&amp;hl=fr\" target=\"_blank\" rel=\"noopener\">Acc\u00e9der au volume<\/a> sur <b>GoogleBooks<\/b><\/p>\n<p><b>770833<\/b><br \/>\nAlexandre-Fr\u00e9d\u00e9ric-Jacques Masson Pezay<br \/>\n<i>Les plaisirs de l&rsquo;hiver \u00e0 la campagne. \u00c9p\u00eetre \u00e0 M***<\/i><br \/>\nAo\u00fbt 1777, Tome VIII, p. 260-63<br \/>\n<a href=\"http:\/\/books.google.be\/books?id=h5gUAAAAQAAJ&amp;printsec=frontcover&amp;dq=editions:0H97A3Z5QJXMDoF3M&amp;lr=&amp;hl=fr\" target=\"_blank\" rel=\"noopener\">Acc\u00e9der au volume<\/a> sur <b>GoogleBooks<\/b><\/p>\n<p style=\"text-align: justify;\"><b>770901<\/b><br \/>\nFran\u00e7ois-Henri Turpin<br \/>\n<i>La France illustre, ou le Plutarque fran\u00e7ais, contenant l&rsquo;Histoire des g\u00e9n\u00e9raux, des ministres et des magistrats. N\u00b0 VI, VII, VIII, IX, X<\/i><br \/>\nSeptembre 1777, Tome IX, p. 3-55<br \/>\n(Table g\u00e9n\u00e9rale des journaux anciens et modernes; Journal d\u00e9di\u00e9 \u00e0 Monsieur, fr\u00e8re du roi; Journal encyclop\u00e9dique; Affiches et annonces de Paris)<br \/>\n<a href=\"http:\/\/books.google.be\/books?id=_5AUAAAAQAAJ&amp;printsec=frontcover&amp;dq=editions:0qCv5MvfosIxTQW6d&amp;lr=&amp;as_brr=1&amp;hl=fr\" target=\"_blank\" rel=\"noopener\">Acc\u00e9der au volume<\/a> sur <b>GoogleBooks<\/b><\/p>\n<p style=\"text-align: justify;\"><b>770902<\/b><br \/>\nGeorg Forster<br \/>\n<i>A voyage round the world, &amp;c. Voyage autour du monde, sur le vaisseau de sa Majest\u00e9 Britannique, la R\u00e9solution, command\u00e9 par le Capitaine Jacq. Cook, durant les ann\u00e9es 1772, 1773, 1774 et 1775<\/i><br \/>\nSeptembre 1777, Tome IX, p. 56-63<br \/>\n<a href=\"http:\/\/books.google.be\/books?id=_5AUAAAAQAAJ&amp;printsec=frontcover&amp;dq=editions:0qCv5MvfosIxTQW6d&amp;lr=&amp;as_brr=1&amp;hl=fr\" target=\"_blank\" rel=\"noopener\">Acc\u00e9der au volume<\/a> sur <b>GoogleBooks<\/b><\/p>\n<p style=\"text-align: justify;\"><b>770903<\/b><br \/>\nJames Cook<br \/>\n<i>A voyage towards the south Pole, &amp;c. Voyage vers le P\u00f4le m\u00e9ridional et autour du monde ; fait dans les ann\u00e9es 1772, 1773, 1774 et 1775, sur les vaisseaux de sa majest\u00e9, la R\u00e9solution et l&rsquo;Aventure<\/i><br \/>\nSeptembre 1777, Tome IX, p. 63-65<br \/>\n(Critical review)<br \/>\n<a href=\"http:\/\/books.google.be\/books?id=_5AUAAAAQAAJ&amp;printsec=frontcover&amp;dq=editions:0qCv5MvfosIxTQW6d&amp;lr=&amp;as_brr=1&amp;hl=fr\" target=\"_blank\" rel=\"noopener\">Acc\u00e9der au volume<\/a> sur <b>GoogleBooks<\/b><\/p>\n<p style=\"text-align: justify;\"><b>770904<\/b><br \/>\nNicolas-Toussaint Des Essarts<br \/>\n<i>Les trois th\u00e9\u00e2tres de Paris, ou Abr\u00e9g\u00e9 historique de l&rsquo;\u00e9tablissement de la Com\u00e9die fran\u00e7aise, de la Com\u00e9die italienne et de l&rsquo;Op\u00e9ra, avec un Pr\u00e9cis des lois, arr\u00eats, r\u00e8glements et usages qui concernent chacun de ces spectacles<\/i><br \/>\nSeptembre 1777, Tome IX, p. 65-76<br \/>\n(Journal de Paris; Mercure de France; Gazette universelle de Litt\u00e9rature)<br \/>\n<a href=\"http:\/\/books.google.be\/books?id=_5AUAAAAQAAJ&amp;printsec=frontcover&amp;dq=editions:0qCv5MvfosIxTQW6d&amp;lr=&amp;as_brr=1&amp;hl=fr\" target=\"_blank\" rel=\"noopener\">Acc\u00e9der au volume<\/a> sur <b>GoogleBooks<\/b><\/p>\n<p style=\"text-align: justify;\"><b>770905<\/b><br \/>\nPhilippe-Nicolas Pia<br \/>\n<i>D\u00e9tail des succ\u00e8s de l&rsquo;\u00e9tablissement que la Ville de Paris a fait en faveur des personnes noy\u00e9es, et qui a \u00e9t\u00e9 adopt\u00e9 dans diverses provinces de France. On y a joint diff\u00e9rentes Observations et divers Avis sur les personnes suffoqu\u00e9es, par des effets moph\u00e9tiques quelconques, dont la plupart ont \u00e9t\u00e9 rappel\u00e9s \u00e0 la vie par des moyens analogues \u00e0 ceux qu&rsquo;on emploie en faveur des noy\u00e9s<\/i><br \/>\nSeptembre 1777, Tome IX, p. 77-82<br \/>\n(Gazette de sant\u00e9; Gazette salutaire; Gazette universelle de litt\u00e9rature; Mercure de France)<br \/>\n<a href=\"http:\/\/books.google.be\/books?id=_5AUAAAAQAAJ&amp;printsec=frontcover&amp;dq=editions:0qCv5MvfosIxTQW6d&amp;lr=&amp;as_brr=1&amp;hl=fr\" target=\"_blank\" rel=\"noopener\">Acc\u00e9der au volume<\/a> sur <b>GoogleBooks<\/b><\/p>\n<p style=\"text-align: justify;\"><b>770906<\/b><br \/>\n<i>Il Ververt del Signor Gresset, &amp;c. Le Vert-Vert de M. Gresset, et le Cippus du P\u00e8re Thomas Ceva, de la Soci\u00e9t\u00e9 de J\u00e9sus ; traduits en vers sciolti, par M. l&rsquo;Abb\u00e9 Martinelli<\/i><br \/>\nSeptembre 1777, Tome IX, p. 83-88<br \/>\n(Efemeridi di Roma)<br \/>\n<a href=\"http:\/\/books.google.be\/books?id=_5AUAAAAQAAJ&amp;printsec=frontcover&amp;dq=editions:0qCv5MvfosIxTQW6d&amp;lr=&amp;as_brr=1&amp;hl=fr\" target=\"_blank\" rel=\"noopener\">Acc\u00e9der au volume<\/a> sur <b>GoogleBooks<\/b><\/p>\n<p style=\"text-align: justify;\"><b>770907<\/b><br \/>\nPline<br \/>\n<i>Histoire naturelle, traduite en fran\u00e7ais, avec le texte latin r\u00e9tabli d&rsquo;apr\u00e8s les meilleures le\u00e7ons manuscrites, accompagn\u00e9e de Notes critiques pour l&rsquo;\u00e9claircissement du texte et d&rsquo;Observations sur les connaissances des Anciens, compar\u00e9es avec les d\u00e9couvertes modernes<\/i><br \/>\nSeptembre 1777, Tome IX, p. 88-105<br \/>\n(Ann\u00e9e litt\u00e9raire; Journal des sciences et des beaux-arts; Journal de Paris; Mercure de France; Affiches et annonces de Paris)<br \/>\n<a href=\"http:\/\/books.google.be\/books?id=_5AUAAAAQAAJ&amp;printsec=frontcover&amp;dq=editions:0qCv5MvfosIxTQW6d&amp;lr=&amp;as_brr=1&amp;hl=fr\" target=\"_blank\" rel=\"noopener\">Acc\u00e9der au volume<\/a> sur <b>GoogleBooks<\/b><\/p>\n<p><b>770908<\/b>[Louis de Laus de Boissy]\n<i>La Course ou les Jockeys, Com\u00e9die en un acte et en prose, repr\u00e9sent\u00e9e pour la premi\u00e8re fois aux S\u2026 le 24 ao\u00fbt 1776<\/i><br \/>\nSeptembre 1777, Tome IX, p. 106-12<br \/>\n(Journal des th\u00e9\u00e2tes; Journal fran\u00e7ais; Journal des Dames; Journal d\u00e9di\u00e9 \u00e0 Monsieur)<br \/>\n<a href=\"http:\/\/books.google.be\/books?id=_5AUAAAAQAAJ&amp;printsec=frontcover&amp;dq=editions:0qCv5MvfosIxTQW6d&amp;lr=&amp;as_brr=1&amp;hl=fr\" target=\"_blank\" rel=\"noopener\">Acc\u00e9der au volume<\/a> sur <b>GoogleBooks<\/b><\/p>\n<p><b>770909<\/b><br \/>\nAdam Chenot<br \/>\n<i>Abhandlung won der Pest, &amp;c. Trait\u00e9 de la peste<\/i><br \/>\nSeptembre 1777, Tome IX, p. 113-18<br \/>\n(Journal des sciences et des beaux-arts; Journal d\u00e9di\u00e9 \u00e0 Monsieur)<br \/>\n<a href=\"http:\/\/books.google.be\/books?id=_5AUAAAAQAAJ&amp;printsec=frontcover&amp;dq=editions:0qCv5MvfosIxTQW6d&amp;lr=&amp;as_brr=1&amp;hl=fr\" target=\"_blank\" rel=\"noopener\">Acc\u00e9der au volume<\/a> sur <b>GoogleBooks<\/b><\/p>\n<p style=\"text-align: justify;\"><b>770910<\/b><br \/>\nAntoine Hornot<br \/>\n<i>Anecdotes am\u00e9ricaines, ou histoire abr\u00e9g\u00e9e des principaux \u00e9v\u00e9nements, arriv\u00e9s dans le Nouveau-Monde, depuis sa d\u00e9couverte jusqu&rsquo;\u00e0 l&rsquo;\u00e9poque pr\u00e9sente<\/i><br \/>\nSeptembre 1777, Tome IX, p. 118-30<br \/>\n(Gazette universelle de litt\u00e9rature; Journal encyclop\u00e9dique)<br \/>\n<a href=\"http:\/\/books.google.be\/books?id=_5AUAAAAQAAJ&amp;printsec=frontcover&amp;dq=editions:0qCv5MvfosIxTQW6d&amp;lr=&amp;as_brr=1&amp;hl=fr\" target=\"_blank\" rel=\"noopener\">Acc\u00e9der au volume<\/a> sur <b>GoogleBooks<\/b><\/p>\n<p style=\"text-align: justify;\"><b>770911<\/b><br \/>\nGiuseppe Parini<br \/>\n<i>Les quatre parties du jour \u00e0 la ville, traduction libre [par l&rsquo;abb\u00e9 J. Grillet-Desprades] de l&rsquo;italien de l&rsquo;abb\u00e9 Parini, sur la 6e \u00e9dition faite \u00e0 Milan en 1771<\/i><br \/>\nSeptembre 1777, Tome IX, p. 131-41<br \/>\n(Courrier litt\u00e9raire de l&rsquo;Europe; Journal encyclop\u00e9dique; Journal des sciences et des beaux-arts; Gazette universelle de litt\u00e9rature)<br \/>\n<a href=\"http:\/\/books.google.be\/books?id=_5AUAAAAQAAJ&amp;printsec=frontcover&amp;dq=editions:0qCv5MvfosIxTQW6d&amp;lr=&amp;as_brr=1&amp;hl=fr\" target=\"_blank\" rel=\"noopener\">Acc\u00e9der au volume<\/a> sur <b>GoogleBooks<\/b><\/p>\n<p><b>770912<\/b><br \/>\nJohn Hawkins<br \/>\n<i>A general history, &amp;c. Histoire g\u00e9n\u00e9rale de la science et de la pratique de la musique<\/i><br \/>\nSeptembre 1777, Tome IX, p. 142-50<br \/>\n(Critical review; Monthly review)<br \/>\n<a href=\"http:\/\/books.google.be\/books?id=_5AUAAAAQAAJ&amp;printsec=frontcover&amp;dq=editions:0qCv5MvfosIxTQW6d&amp;lr=&amp;as_brr=1&amp;hl=fr\" target=\"_blank\" rel=\"noopener\">Acc\u00e9der au volume<\/a> sur <b>GoogleBooks<\/b><\/p>\n<p><b>770913<\/b><br \/>\nMathieu-Antoine Bouchaud<br \/>\n<i>Th\u00e9orie des trait\u00e9s de commerce entre les nations<\/i><br \/>\nSeptembre 1777, Tome IX, p. 150-71<br \/>\n(Journal des savants; Ann\u00e9e litt\u00e9raire; Mercure de France; Courrier litt\u00e9raire de l&rsquo;Europe; Gazette universelle de Litt\u00e9rature)<br \/>\n<a href=\"http:\/\/books.google.be\/books?id=_5AUAAAAQAAJ&amp;printsec=frontcover&amp;dq=editions:0qCv5MvfosIxTQW6d&amp;lr=&amp;as_brr=1&amp;hl=fr\" target=\"_blank\" rel=\"noopener\">Acc\u00e9der au volume<\/a> sur <b>GoogleBooks<\/b><\/p>\n<p style=\"text-align: justify;\"><b>770914<\/b><br \/>\n<i>Delle Riverenze ed Jnchini, &amp;c. Des r\u00e9v\u00e9rences et inclinations des Anciens et Modernes ; Trait\u00e9 th\u00e9orique, pratique, historique, politique, physique et moral, divis\u00e9 en six livres, avec des gravures et une carte g\u00e9ographique<\/i><br \/>\nSeptembre 1777, Tome IX, p. 172-78<br \/>\n(Giornale enciclopedico)<br \/>\n<a href=\"http:\/\/books.google.be\/books?id=_5AUAAAAQAAJ&amp;printsec=frontcover&amp;dq=editions:0qCv5MvfosIxTQW6d&amp;lr=&amp;as_brr=1&amp;hl=fr\" target=\"_blank\" rel=\"noopener\">Acc\u00e9der au volume<\/a> sur <b>GoogleBooks<\/b><\/p>\n<p><b>770915<\/b><br \/>\nAntoine Poissonnier-Desperri\u00e8res<br \/>\n<i>Second m\u00e9moire sur les avantages qu&rsquo;il y aurait de changer la nourriture des gens de mer<\/i><br \/>\nSeptembre 1777, Tome IX, p. 178-81<br \/>\n(Gazette de sant\u00e9)<br \/>\n<a href=\"http:\/\/books.google.be\/books?id=_5AUAAAAQAAJ&amp;printsec=frontcover&amp;dq=editions:0qCv5MvfosIxTQW6d&amp;lr=&amp;as_brr=1&amp;hl=fr\" target=\"_blank\" rel=\"noopener\">Acc\u00e9der au volume<\/a> sur <b>GoogleBooks<\/b><\/p>\n<p><b>770916<\/b><br \/>\n<i>Causes c\u00e9l\u00e8bres, curieuses et int\u00e9ressantes, de toutes les cours souveraines du Royaume, avec les jugements qui les ont d\u00e9cid\u00e9es. Tome XXX<\/i><br \/>\nSeptembre 1777, Tome IX, p. 182-206<br \/>\n<a href=\"http:\/\/books.google.be\/books?id=_5AUAAAAQAAJ&amp;printsec=frontcover&amp;dq=editions:0qCv5MvfosIxTQW6d&amp;lr=&amp;as_brr=1&amp;hl=fr\" target=\"_blank\" rel=\"noopener\">Acc\u00e9der au volume<\/a> sur <b>GoogleBooks<\/b><\/p>\n<p><b>770917<\/b><br \/>\nJ\u00e9rome-Paphnuce G\u2026<br \/>\n<i>Reproches \u00e0 notre litt\u00e9rature, adress\u00e9s par un vieux gentilhomme fran\u00e7ais, \u00e0 l&rsquo;auteur du Journal des Dames<\/i><br \/>\nSeptembre 1777, Tome IX, p. 207-18<br \/>\n(Journal des Dames)<br \/>\n<a href=\"http:\/\/books.google.be\/books?id=_5AUAAAAQAAJ&amp;printsec=frontcover&amp;dq=editions:0qCv5MvfosIxTQW6d&amp;lr=&amp;as_brr=1&amp;hl=fr\" target=\"_blank\" rel=\"noopener\">Acc\u00e9der au volume<\/a> sur <b>GoogleBooks<\/b><\/p>\n<p><b>770918<\/b><br \/>\nJean-Fran\u00e7ois de La Harpe<br \/>\n<i>Mort de M. Gresset<\/i><br \/>\nSeptembre 1777, Tome IX, p. 219-224<br \/>\n(Journal de Politique et de Litt\u00e9rature)<br \/>\n<a href=\"http:\/\/books.google.be\/books?id=_5AUAAAAQAAJ&amp;printsec=frontcover&amp;dq=editions:0qCv5MvfosIxTQW6d&amp;lr=&amp;as_brr=1&amp;hl=fr\" target=\"_blank\" rel=\"noopener\">Acc\u00e9der au volume<\/a> sur <b>GoogleBooks<\/b><\/p>\n<p style=\"text-align: justify;\"><b>770919<\/b><br \/>\nMandre<br \/>\n<i>Lettre de M. de Mandre, \u00e0 M. Morand, docteur en m\u00e9decine, et de l&rsquo;Acad\u00e9mie des Sciences, sur la population de la Ville de Paris, compar\u00e9e \u00e0 l&rsquo;\u00e9tat o\u00f9 elle \u00e9tait il y a un si\u00e8cle<\/i><br \/>\nSeptembre 1777, Tome IX, p. 225-32<br \/>\n(Mercure de France)<br \/>\n<a href=\"http:\/\/books.google.be\/books?id=_5AUAAAAQAAJ&amp;printsec=frontcover&amp;dq=editions:0qCv5MvfosIxTQW6d&amp;lr=&amp;as_brr=1&amp;hl=fr\" target=\"_blank\" rel=\"noopener\">Acc\u00e9der au volume<\/a> sur <b>GoogleBooks<\/b><\/p>\n<p><b>770920<\/b><br \/>\nSimon-Nicolas-Henry Linguet<br \/>\n<i>Probl\u00e8me int\u00e9ressant de morale<\/i><br \/>\nSeptembre 1777, Tome IX, p. 232-34<br \/>\n<a href=\"http:\/\/books.google.be\/books?id=_5AUAAAAQAAJ&amp;printsec=frontcover&amp;dq=editions:0qCv5MvfosIxTQW6d&amp;lr=&amp;as_brr=1&amp;hl=fr\" target=\"_blank\" rel=\"noopener\">Acc\u00e9der au volume<\/a> sur <b>GoogleBooks<\/b><\/p>\n<p><b>770921<\/b><br \/>\n<i>Rapsodie sur le g\u00e9nie et les \u00e9crits de Shakespeare. Traduite de l&rsquo;anglais<\/i><br \/>\nSeptembre 1777, Tome IX, p. 234-40<br \/>\n(Universal Magazine)<br \/>\n<a href=\"http:\/\/books.google.be\/books?id=_5AUAAAAQAAJ&amp;printsec=frontcover&amp;dq=editions:0qCv5MvfosIxTQW6d&amp;lr=&amp;as_brr=1&amp;hl=fr\" target=\"_blank\" rel=\"noopener\">Acc\u00e9der au volume<\/a> sur <b>GoogleBooks<\/b><\/p>\n<p><b>770922<\/b><br \/>\nGirard<br \/>\n<i>Notice d&rsquo;un testament singulier<\/i><br \/>\nSeptembre 1777, Tome IX, p. 240-41<br \/>\n(Journal encyclop\u00e9dique)<br \/>\n<a href=\"http:\/\/books.google.be\/books?id=_5AUAAAAQAAJ&amp;printsec=frontcover&amp;dq=editions:0qCv5MvfosIxTQW6d&amp;lr=&amp;as_brr=1&amp;hl=fr\" target=\"_blank\" rel=\"noopener\">Acc\u00e9der au volume<\/a> sur <b>GoogleBooks<\/b><\/p>\n<p><b>770923<\/b><br \/>\nClaude-Joseph Dorat<br \/>\n<i>Ode \u00e0 \u00c9picure. Imitation de l&rsquo;allemand, de M. Gleim<\/i><br \/>\nSeptembre 1777, Tome IX, p. 242-44<br \/>\n(Journal des Dames)<br \/>\n<a href=\"http:\/\/books.google.be\/books?id=_5AUAAAAQAAJ&amp;printsec=frontcover&amp;dq=editions:0qCv5MvfosIxTQW6d&amp;lr=&amp;as_brr=1&amp;hl=fr\" target=\"_blank\" rel=\"noopener\">Acc\u00e9der au volume<\/a> sur <b>GoogleBooks<\/b><\/p>\n<p><b>770924<\/b><br \/>\nJohann Gottlieb Georgi<br \/>\n<i>Abr\u00e9g\u00e9 de la vie de M. Falk<\/i><br \/>\nSeptembre 1777, Tome IX, p. 244-47<br \/>\n(Mercure d&rsquo;Altona)<br \/>\n<a href=\"http:\/\/books.google.be\/books?id=_5AUAAAAQAAJ&amp;printsec=frontcover&amp;dq=editions:0qCv5MvfosIxTQW6d&amp;lr=&amp;as_brr=1&amp;hl=fr\" target=\"_blank\" rel=\"noopener\">Acc\u00e9der au volume<\/a> sur <b>GoogleBooks<\/b><\/p>\n<p><b>770925<\/b><br \/>\n<i>La le\u00e7on<\/i><br \/>\nSeptembre 1777, Tome IX, p. 247-51<br \/>\n(Journal anglais)<br \/>\n<a href=\"http:\/\/books.google.be\/books?id=_5AUAAAAQAAJ&amp;printsec=frontcover&amp;dq=editions:0qCv5MvfosIxTQW6d&amp;lr=&amp;as_brr=1&amp;hl=fr\" target=\"_blank\" rel=\"noopener\">Acc\u00e9der au volume<\/a> sur <b>GoogleBooks<\/b><\/p>\n<p><b>770926<\/b><br \/>\nJohann Baptist Ludwig Theodor Tschudi<br \/>\n<i>La nature sauvage et la nature cultiv\u00e9e. Ode<\/i><br \/>\nSeptembre 1777, Tome IX, p. 252-57<br \/>\n<a href=\"http:\/\/books.google.be\/books?id=_5AUAAAAQAAJ&amp;printsec=frontcover&amp;dq=editions:0qCv5MvfosIxTQW6d&amp;lr=&amp;as_brr=1&amp;hl=fr\" target=\"_blank\" rel=\"noopener\">Acc\u00e9der au volume<\/a> sur <b>GoogleBooks<\/b><\/p>\n<p><b>770927<\/b><br \/>\nAntoine-Marin Le Mierre<br \/>\n<i>\u00c0 M. de Sartine, sur le r\u00e9tablissement de la marine<\/i><br \/>\nSeptembre 1777, Tome IX, p. 257-60<br \/>\n<a href=\"http:\/\/books.google.be\/books?id=_5AUAAAAQAAJ&amp;printsec=frontcover&amp;dq=editions:0qCv5MvfosIxTQW6d&amp;lr=&amp;as_brr=1&amp;hl=fr\" target=\"_blank\" rel=\"noopener\">Acc\u00e9der au volume<\/a> sur <b>GoogleBooks<\/b><\/p>\n<p><b>770928<\/b><br \/>\n<i>\u00c9pigramme<\/i><br \/>\nSeptembre 1777, Tome IX, p. 260-61<br \/>\n<a href=\"http:\/\/books.google.be\/books?id=_5AUAAAAQAAJ&amp;printsec=frontcover&amp;dq=editions:0qCv5MvfosIxTQW6d&amp;lr=&amp;as_brr=1&amp;hl=fr\" target=\"_blank\" rel=\"noopener\">Acc\u00e9der au volume<\/a> sur <b>GoogleBooks<\/b><\/p>\n<p><b>770929<\/b><br \/>\nM. l&rsquo;A.L\u2026<br \/>\n<i>Autre [\u00c9pigramme] \u00e0 un avocat<\/i><br \/>\nSeptembre 1777, Tome IX, p. 261<br \/>\n<a href=\"http:\/\/books.google.be\/books?id=_5AUAAAAQAAJ&amp;printsec=frontcover&amp;dq=editions:0qCv5MvfosIxTQW6d&amp;lr=&amp;as_brr=1&amp;hl=fr\" target=\"_blank\" rel=\"noopener\">Acc\u00e9der au volume<\/a> sur <b>GoogleBooks<\/b><\/p>\n<p><b>770930<\/b><br \/>\nDreux<br \/>\n<i>Vers \u00e0 Madame la Princesse de Monaco<\/i><br \/>\nSeptembre 1777, Tome IX, p. 261-62<br \/>\n<a href=\"http:\/\/books.google.be\/books?id=_5AUAAAAQAAJ&amp;printsec=frontcover&amp;dq=editions:0qCv5MvfosIxTQW6d&amp;lr=&amp;as_brr=1&amp;hl=fr\" target=\"_blank\" rel=\"noopener\">Acc\u00e9der au volume<\/a> sur <b>GoogleBooks<\/b><\/p>\n<p><b>770931<\/b><br \/>\nP***<br \/>\n<i>La femme savante<\/i><br \/>\nSeptembre 1777, Tome IX, p. 263<br \/>\n<a href=\"http:\/\/books.google.be\/books?id=_5AUAAAAQAAJ&amp;printsec=frontcover&amp;dq=editions:0qCv5MvfosIxTQW6d&amp;lr=&amp;as_brr=1&amp;hl=fr\" target=\"_blank\" rel=\"noopener\">Acc\u00e9der au volume<\/a> sur <b>GoogleBooks<\/b><\/p>\n<p><b>770932<\/b><br \/>\nChevalier de la Loge<br \/>\n<i>Le lion mourant. Fable<\/i><br \/>\nSeptembre 1777, Tome IX, p. 263-64<br \/>\n<a href=\"http:\/\/books.google.be\/books?id=_5AUAAAAQAAJ&amp;printsec=frontcover&amp;dq=editions:0qCv5MvfosIxTQW6d&amp;lr=&amp;as_brr=1&amp;hl=fr\" target=\"_blank\" rel=\"noopener\">Acc\u00e9der au volume<\/a> sur <b>GoogleBooks<\/b><\/p>\n<p><b>770933<\/b><br \/>\nFran\u00e7ois-Jean Villemain d&rsquo;Abancourt<br \/>\n<i>Les vapeurs, conte<\/i><br \/>\nSeptembre 1777, Tome IX, p. 264-65<br \/>\n<a href=\"http:\/\/books.google.be\/books?id=_5AUAAAAQAAJ&amp;printsec=frontcover&amp;dq=editions:0qCv5MvfosIxTQW6d&amp;lr=&amp;as_brr=1&amp;hl=fr\" target=\"_blank\" rel=\"noopener\">Acc\u00e9der au volume<\/a> sur <b>GoogleBooks<\/b><\/p>\n<p><b>771001<\/b><br \/>\nRobert Watson<br \/>\n<i>The History of the Reign of Philip the Second, &amp;c. Histoire du r\u00e8gne de Philippe Second, Roi d&rsquo;Espagne<\/i><br \/>\nOctobre 1777, Tome X, p. 3-19<br \/>\n(Monthly review; Critical review)<br \/>\n<a href=\"http:\/\/books.google.be\/books?id=DJEUAAAAQAAJ&amp;printsec=frontcover&amp;dq=editions:0qCv5MvfosIxTQW6d&amp;lr=&amp;as_brr=1&amp;hl=fr\" target=\"_blank\" rel=\"noopener\">Acc\u00e9der au volume<\/a> sur <b>GoogleBooks<\/b><\/p>\n<p style=\"text-align: justify;\"><b>771002<\/b><br \/>\nCharles Sablier<br \/>\n<i>Essai sur les langues en g\u00e9n\u00e9ral ; sur la langue fran\u00e7aise en particulier, et sa progression depuis Charlemagne jusqu&rsquo;\u00e0 pr\u00e9sent<\/i><br \/>\nOctobre 1777, Tome X, p. 20-46<br \/>\n(Journal encyclop\u00e9dique; Journal de politique et de litt\u00e9rature; Ann\u00e9e litt\u00e9raire; Mercure de France; Journal fran\u00e7ais; Gazette universelle de Litt\u00e9rature; Journal des Dames)<br \/>\n<a href=\"http:\/\/books.google.be\/books?id=DJEUAAAAQAAJ&amp;printsec=frontcover&amp;dq=editions:0qCv5MvfosIxTQW6d&amp;lr=&amp;as_brr=1&amp;hl=fr\" target=\"_blank\" rel=\"noopener\">Acc\u00e9der au volume<\/a> sur <b>GoogleBooks<\/b><\/p>\n<p><b>771003<\/b><br \/>\n<i>Histoire de Rh\u00e9dy, Hermite du Mont Ararat, conte oriental, traduit de l&rsquo;anglais<\/i><br \/>\nOctobre 1777, Tome X, p. 46-49<br \/>\n(Journal de Paris; Journal des sciences et des beaux-arts; Mercure de France)<br \/>\n<a href=\"http:\/\/books.google.be\/books?id=DJEUAAAAQAAJ&amp;printsec=frontcover&amp;dq=editions:0qCv5MvfosIxTQW6d&amp;lr=&amp;as_brr=1&amp;hl=fr\" target=\"_blank\" rel=\"noopener\">Acc\u00e9der au volume<\/a> sur <b>GoogleBooks<\/b><\/p>\n<p style=\"text-align: justify;\"><b>771004<\/b>[Louis-Etienne Arcere]\n<i>De l&rsquo;\u00e9tat de l&rsquo;agriculture chez les Romains, depuis le commencement de la R\u00e9publique jusqu&rsquo;au si\u00e8cle de Jules-C\u00e9sar, relativement au gouvernement, aux m\u0153urs et au commerce ; Dissertation qui a obtenu l&rsquo;accessit du prix de l&rsquo;Acad\u00e9mie royale des Inscriptions et Belles-Lettres en 1776<\/i><br \/>\nOctobre 1777, Tome X, p. 50-57<br \/>\n(Journal encyclop\u00e9dique; Journal des savants; Gazette universelle de Litt\u00e9rature; Journal des sciences et des beaux-arts)<br \/>\n<a href=\"http:\/\/books.google.be\/books?id=DJEUAAAAQAAJ&amp;printsec=frontcover&amp;dq=editions:0qCv5MvfosIxTQW6d&amp;lr=&amp;as_brr=1&amp;hl=fr\" target=\"_blank\" rel=\"noopener\">Acc\u00e9der au volume<\/a> sur <b>GoogleBooks<\/b><\/p>\n<p style=\"text-align: justify;\"><b>771005<\/b><br \/>\nMarin-Jacques-Clair Robert<br \/>\n<i>De la vieillesse<\/i><br \/>\nOctobre 1777, Tome X, p. 58-75<br \/>\n(Gazette salutaire; Mercure de France; Journal encyclop\u00e9dique; Journal de politique et de litt\u00e9rature; Affiches et annonces de Paris; Journal d\u00e9di\u00e9 \u00e0 Monsieur)<br \/>\n<a href=\"http:\/\/books.google.be\/books?id=DJEUAAAAQAAJ&amp;printsec=frontcover&amp;dq=editions:0qCv5MvfosIxTQW6d&amp;lr=&amp;as_brr=1&amp;hl=fr\" target=\"_blank\" rel=\"noopener\">Acc\u00e9der au volume<\/a> sur <b>GoogleBooks<\/b><\/p>\n<p style=\"text-align: justify;\"><b>771006<\/b>[Jean Bardou]\n<i>Amusements d&rsquo;un philosophe solitaire, ou choix d&rsquo;anecdotes, de dits et de faits de l&rsquo;histoire ancienne et moderne, de singularit\u00e9s remarquables, d&rsquo;observations curieuses et utiles, de descriptions, de r\u00e9cits, de portraits, de r\u00e9flexions morales, de saillies et de bons mots, de po\u00e9sies s\u00e9rieuses et badines, et g\u00e9n\u00e9ralement de tout ce qui peut nourrir l&rsquo;esprit et orner la m\u00e9moire<\/i><br \/>\nOctobre 1777, Tome X, p. 76-81<br \/>\n(Mercure de France; Journal d\u00e9di\u00e9 \u00e0 Monsieur)<br \/>\n<a href=\"http:\/\/books.google.be\/books?id=DJEUAAAAQAAJ&amp;printsec=frontcover&amp;dq=editions:0qCv5MvfosIxTQW6d&amp;lr=&amp;as_brr=1&amp;hl=fr\" target=\"_blank\" rel=\"noopener\">Acc\u00e9der au volume<\/a> sur <b>GoogleBooks<\/b><\/p>\n<p><b>771007<\/b>[J\u00f8rgen Stauning]\n<i>Kort Beskrivelse over Groenland, &amp;c. Description abr\u00e9g\u00e9e du Gro\u00ebnland<\/i><br \/>\nOctobre 1777, Tome X, p. 82-86<br \/>\n(Gazette universelle de Litt\u00e9rature)<br \/>\n<a href=\"http:\/\/books.google.be\/books?id=DJEUAAAAQAAJ&amp;printsec=frontcover&amp;dq=editions:0qCv5MvfosIxTQW6d&amp;lr=&amp;as_brr=1&amp;hl=fr\" target=\"_blank\" rel=\"noopener\">Acc\u00e9der au volume<\/a> sur <b>GoogleBooks<\/b><\/p>\n<p style=\"text-align: justify;\"><b>771008<\/b><br \/>\nAlexandre Saverien<br \/>\n<i>Histoire des progr\u00e8s de l&rsquo;esprit humain dans les sciences et dans les arts qui en d\u00e9pendent. Sciences intellectuelles : savoir, la dialectique, la logique, l&rsquo;ontologie, la cosmologie, la phycologie, la th\u00e9ologie naturelle, la religion naturelle, la morale, la l\u00e9gislation et la jurisprudence, la politique, la grammaire, la rh\u00e9torique et l&rsquo;\u00e9loquence, la po\u00e9sie ; avec un Abr\u00e9g\u00e9 de la vie des plus illustres auteurs dans ces sciences<\/i><br \/>\nOctobre 1777, Tome X, p. 87-102<br \/>\n(Mercure de France; Ann\u00e9e litt\u00e9raire; Journal fran\u00e7ais; Journal de Paris; Gazette universelle de LItt\u00e9rature)<br \/>\n<a href=\"http:\/\/books.google.be\/books?id=DJEUAAAAQAAJ&amp;printsec=frontcover&amp;dq=editions:0qCv5MvfosIxTQW6d&amp;lr=&amp;as_brr=1&amp;hl=fr\" target=\"_blank\" rel=\"noopener\">Acc\u00e9der au volume<\/a> sur <b>GoogleBooks<\/b><\/p>\n<p><b>771009<\/b><br \/>\nDe Leyre<br \/>\n<i>\u00c9loge de M. Roux, docteur-r\u00e9gent, et professeur de chimie \u00e0 la Facult\u00e9 de Paris<\/i><br \/>\nOctobre 1777, Tome X, p. 103-07<br \/>\n(Journal de politique et de litt\u00e9rature)<br \/>\n<a href=\"http:\/\/books.google.be\/books?id=DJEUAAAAQAAJ&amp;printsec=frontcover&amp;dq=editions:0qCv5MvfosIxTQW6d&amp;lr=&amp;as_brr=1&amp;hl=fr\" target=\"_blank\" rel=\"noopener\">Acc\u00e9der au volume<\/a> sur <b>GoogleBooks<\/b><\/p>\n<p><b>771010<\/b><br \/>\nJean Jacques Fran\u00e7ois Marin Boisard<br \/>\n<i>Fables<\/i><br \/>\nOctobre 1777, Tome X, p. 108-19<br \/>\n(Journal de politique et de litt\u00e9rature; Mercure de France)<br \/>\n<a href=\"http:\/\/books.google.be\/books?id=DJEUAAAAQAAJ&amp;printsec=frontcover&amp;dq=editions:0qCv5MvfosIxTQW6d&amp;lr=&amp;as_brr=1&amp;hl=fr\" target=\"_blank\" rel=\"noopener\">Acc\u00e9der au volume<\/a> sur <b>GoogleBooks<\/b><\/p>\n<p style=\"text-align: justify;\"><b>771011<\/b><br \/>\nJ.-J.-S\u00e9bastien Leroy<br \/>\n<i>M\u00e9moire sur les travaux qui ont rapport \u00e0 l&rsquo;exploitation de la m\u00e2ture dans les Pyr\u00e9n\u00e9es, avec une description des man\u0153uvres et des machines employ\u00e9es pour parvenir \u00e0 extraire les m\u00e2ts des for\u00eats et les rendre \u00e0 l&rsquo;entrep\u00f4t de Bayonne, d&rsquo;o\u00f9 ensuite ils sont distribu\u00e9s dans les diff\u00e9rents arsenaux de la marine<\/i><br \/>\nOctobre 1777, Tome X, p. 119-27<br \/>\n(Courrier litt\u00e9raire de l&rsquo;Europe; Affiches et annonces de Paris; Mercure de France)<br \/>\n<a href=\"http:\/\/books.google.be\/books?id=DJEUAAAAQAAJ&amp;printsec=frontcover&amp;dq=editions:0qCv5MvfosIxTQW6d&amp;lr=&amp;as_brr=1&amp;hl=fr\" target=\"_blank\" rel=\"noopener\">Acc\u00e9der au volume<\/a> sur <b>GoogleBooks<\/b><\/p>\n<p><b>771012<\/b>[Louis Domairon]\n<i>Le libertin devenu vertueux, ou M\u00e9moires du Comte D***<\/i><br \/>\nOctobre 1777, Tome X, p. 127-34<br \/>\n(Affiches et annonces de Paris; Courrier litt\u00e9raire de l&rsquo;Europe; Journal des sciences et des beaux-arts)<br \/>\n<a href=\"http:\/\/books.google.be\/books?id=DJEUAAAAQAAJ&amp;printsec=frontcover&amp;dq=editions:0qCv5MvfosIxTQW6d&amp;lr=&amp;as_brr=1&amp;hl=fr\" target=\"_blank\" rel=\"noopener\">Acc\u00e9der au volume<\/a> sur <b>GoogleBooks<\/b><\/p>\n<p><b>771013<\/b><br \/>\nGuillaume-Fran\u00e7ois Le Trosne<br \/>\n<i>Vues sur la justice criminelle, discours prononc\u00e9 au Bailliage d&rsquo;Orl\u00e9ans<\/i><br \/>\nOctobre 1777, Tome X, p. 135-44<br \/>\n(Gazette des tribunaux; Journal des sciences et des beaux-arts; Gazette universelle de Litt\u00e9rature)<br \/>\n<a href=\"http:\/\/books.google.be\/books?id=DJEUAAAAQAAJ&amp;printsec=frontcover&amp;dq=editions:0qCv5MvfosIxTQW6d&amp;lr=&amp;as_brr=1&amp;hl=fr\" target=\"_blank\" rel=\"noopener\">Acc\u00e9der au volume<\/a> sur <b>GoogleBooks<\/b><\/p>\n<p><b>771014<\/b><br \/>\nGirolamo Tiraboschi<br \/>\n<i>Storia della Letteratura Italiana, &amp;c. Histoire de la litt\u00e9rature italienne. Tome VI, comprenant ce qui s&rsquo;est pass\u00e9 de l&rsquo;an MCCCC \u00e0 l&rsquo;an MD<\/i><br \/>\nOctobre 1777, Tome X, p. 145-56<br \/>\n(Efemeridi di Roma; Novelle Letterarie)<br \/>\n<a href=\"http:\/\/books.google.be\/books?id=DJEUAAAAQAAJ&amp;printsec=frontcover&amp;dq=editions:0qCv5MvfosIxTQW6d&amp;lr=&amp;as_brr=1&amp;hl=fr\" target=\"_blank\" rel=\"noopener\">Acc\u00e9der au volume<\/a> sur <b>GoogleBooks<\/b><\/p>\n<p><b>771015<\/b><br \/>\nAbb\u00e9 Duval-Pyrau<br \/>\n<i>Aristide<\/i><br \/>\nOctobre 1777, Tome X, p. 156-65<br \/>\n(Journal encyclop\u00e9dique; Courrier litt\u00e9raire; Journal de politique et de litt\u00e9rature)<br \/>\n<a href=\"http:\/\/books.google.be\/books?id=DJEUAAAAQAAJ&amp;printsec=frontcover&amp;dq=editions:0qCv5MvfosIxTQW6d&amp;lr=&amp;as_brr=1&amp;hl=fr\" target=\"_blank\" rel=\"noopener\">Acc\u00e9der au volume<\/a> sur <b>GoogleBooks<\/b><\/p>\n<p><b>771016<\/b><br \/>\nJacques-Marie Boutet de Monvel<br \/>\n<i>Les trois fermiers, com\u00e9die en deux actes, en prose, m\u00eal\u00e9e d&rsquo;Ariettes<\/i><br \/>\nOctobre 1777, Tome X, p. 166-75<br \/>\n(Journal des th\u00e9\u00e2tres; Mercure de France; Ann\u00e9e litt\u00e9raire; Journal encyclop\u00e9dique; Affiches et annonces de Paris)<br \/>\n<a href=\"http:\/\/books.google.be\/books?id=DJEUAAAAQAAJ&amp;printsec=frontcover&amp;dq=editions:0qCv5MvfosIxTQW6d&amp;lr=&amp;as_brr=1&amp;hl=fr\" target=\"_blank\" rel=\"noopener\">Acc\u00e9der au volume<\/a> sur <b>GoogleBooks<\/b><\/p>\n<p><b>771017<\/b><br \/>\n<i>Causes c\u00e9l\u00e8bres, curieuses et int\u00e9ressantes, de toutes les cours souveraines du Royaume, avec les jugements qui les ont d\u00e9cid\u00e9es. Tome XXXI<\/i><br \/>\nOctobre 1777, Tome X, p. 175-200<br \/>\n<a href=\"http:\/\/books.google.be\/books?id=DJEUAAAAQAAJ&amp;printsec=frontcover&amp;dq=editions:0qCv5MvfosIxTQW6d&amp;lr=&amp;as_brr=1&amp;hl=fr\" target=\"_blank\" rel=\"noopener\">Acc\u00e9der au volume<\/a> sur <b>GoogleBooks<\/b><\/p>\n<p><b>771018<\/b><br \/>\n<i>Dialogue entre Iphig\u00e9nie et Virginie aux Champs \u00c9lys\u00e9es<\/i><br \/>\nOctobre 1777, Tome X, p. 201-04<br \/>\n(Journal encyclop\u00e9dique)<br \/>\n<a href=\"http:\/\/books.google.be\/books?id=DJEUAAAAQAAJ&amp;printsec=frontcover&amp;dq=editions:0qCv5MvfosIxTQW6d&amp;lr=&amp;as_brr=1&amp;hl=fr\" target=\"_blank\" rel=\"noopener\">Acc\u00e9der au volume<\/a> sur <b>GoogleBooks<\/b><\/p>\n<p><b>771019<\/b><br \/>\n<i>Lettre \u00e0 Messieurs les XXXVI imprimeurs de la ville de Paris<\/i><br \/>\nOctobre 1777, Tome X, p. 204-08<br \/>\n(Avis divers)<br \/>\n<a href=\"http:\/\/books.google.be\/books?id=DJEUAAAAQAAJ&amp;printsec=frontcover&amp;dq=editions:0qCv5MvfosIxTQW6d&amp;lr=&amp;as_brr=1&amp;hl=fr\" target=\"_blank\" rel=\"noopener\">Acc\u00e9der au volume<\/a> sur <b>GoogleBooks<\/b><\/p>\n<p><b>771020<\/b><br \/>\n<i>Vie de Goldsmith<\/i><br \/>\nOctobre 1777, Tome X, p. 209-13<br \/>\n<a href=\"http:\/\/books.google.be\/books?id=DJEUAAAAQAAJ&amp;printsec=frontcover&amp;dq=editions:0qCv5MvfosIxTQW6d&amp;lr=&amp;as_brr=1&amp;hl=fr\" target=\"_blank\" rel=\"noopener\">Acc\u00e9der au volume<\/a> sur <b>GoogleBooks<\/b><\/p>\n<p><b>771021<\/b><br \/>\n<i>Conte arabe<\/i><br \/>\nOctobre 1777, Tome X, p. 213-17<br \/>\n(Journal d\u00e9di\u00e9 \u00e0 Monsieur)<br \/>\n<a href=\"http:\/\/books.google.be\/books?id=DJEUAAAAQAAJ&amp;printsec=frontcover&amp;dq=editions:0qCv5MvfosIxTQW6d&amp;lr=&amp;as_brr=1&amp;hl=fr\" target=\"_blank\" rel=\"noopener\">Acc\u00e9der au volume<\/a> sur <b>GoogleBooks<\/b><\/p>\n<p><b>771022<\/b><br \/>\n<i>Lettre d&rsquo;un Quaker sur l&rsquo;\u00e9go\u00efsme<\/i><br \/>\nOctobre 1777, Tome X, p. 217-21<br \/>\n(Gazette Universelle de Litt\u00e9rature)<br \/>\n<a href=\"http:\/\/books.google.be\/books?id=DJEUAAAAQAAJ&amp;printsec=frontcover&amp;dq=editions:0qCv5MvfosIxTQW6d&amp;lr=&amp;as_brr=1&amp;hl=fr\" target=\"_blank\" rel=\"noopener\">Acc\u00e9der au volume<\/a> sur <b>GoogleBooks<\/b><\/p>\n<p><b>771023<\/b><br \/>\nPierre Ignace Roubaud de Tress\u00e9ol<br \/>\n<i>Synonymes fran\u00e7ais. Candeur, Franchise<\/i><br \/>\nOctobre 1777, Tome X, p. 222-25<br \/>\n(Mercure de France)<br \/>\n<a href=\"http:\/\/books.google.be\/books?id=DJEUAAAAQAAJ&amp;printsec=frontcover&amp;dq=editions:0qCv5MvfosIxTQW6d&amp;lr=&amp;as_brr=1&amp;hl=fr\" target=\"_blank\" rel=\"noopener\">Acc\u00e9der au volume<\/a> sur <b>GoogleBooks<\/b><\/p>\n<p><b>771024<\/b><br \/>\nCharles-Michel de L&rsquo;\u00c9p\u00e9e<br \/>\n<i>Lettre de Monsieur l&rsquo;Abb\u00e9***, instituteur des sourds et muets, \u00e0 M. l&rsquo;Abb\u00e9***, son intime ami<\/i><br \/>\nOctobre 1777, Tome X, p. 225-30<br \/>\n(Journal d&rsquo;\u00e9ducation)<br \/>\n<a href=\"http:\/\/books.google.be\/books?id=DJEUAAAAQAAJ&amp;printsec=frontcover&amp;dq=editions:0qCv5MvfosIxTQW6d&amp;lr=&amp;as_brr=1&amp;hl=fr\" target=\"_blank\" rel=\"noopener\">Acc\u00e9der au volume<\/a> sur <b>GoogleBooks<\/b><\/p>\n<p><b>771025<\/b><br \/>\nM. B\u00e9renger<br \/>\n<i>Articles extrait des Annonces et Affiches d&rsquo;Orl\u00e9ans<\/i><br \/>\nOctobre 1777, Tome X, p. 231-35<br \/>\n<a href=\"http:\/\/books.google.be\/books?id=DJEUAAAAQAAJ&amp;printsec=frontcover&amp;dq=editions:0qCv5MvfosIxTQW6d&amp;lr=&amp;as_brr=1&amp;hl=fr\" target=\"_blank\" rel=\"noopener\">Acc\u00e9der au volume<\/a> sur <b>GoogleBooks<\/b><\/p>\n<p><b>771026<\/b><br \/>\nAlexandre-Fr\u00e9d\u00e9ric-Jacques Masson, marquis de Pezay<br \/>\n<i>L&rsquo;homme sensible dans la capitale. Discours en vers<\/i><br \/>\nOctobre 1777, Tome X, p. 236-41<br \/>\n<a href=\"http:\/\/books.google.be\/books?id=DJEUAAAAQAAJ&amp;printsec=frontcover&amp;dq=editions:0qCv5MvfosIxTQW6d&amp;lr=&amp;as_brr=1&amp;hl=fr\" target=\"_blank\" rel=\"noopener\">Acc\u00e9der au volume<\/a> sur <b>GoogleBooks<\/b><\/p>\n<p><b>771027<\/b><br \/>\nComtesse de Vidampierre<br \/>\n<i>Vers \u00e0 son Altesse royale Charles de Lorraine<\/i><br \/>\nOctobre 1777, Tome X, p. 241<br \/>\n<a href=\"http:\/\/books.google.be\/books?id=DJEUAAAAQAAJ&amp;printsec=frontcover&amp;dq=editions:0qCv5MvfosIxTQW6d&amp;lr=&amp;as_brr=1&amp;hl=fr\" target=\"_blank\" rel=\"noopener\">Acc\u00e9der au volume<\/a> sur <b>GoogleBooks<\/b><\/p>\n<p><b>771028<\/b><br \/>\nChevalier de la Loge<br \/>\n<i>Le chardonneret et le pinson. Fable<\/i><br \/>\nOctobre 1777, Tome X, p. 242-43<br \/>\n<a href=\"http:\/\/books.google.be\/books?id=DJEUAAAAQAAJ&amp;printsec=frontcover&amp;dq=editions:0qCv5MvfosIxTQW6d&amp;lr=&amp;as_brr=1&amp;hl=fr\" target=\"_blank\" rel=\"noopener\">Acc\u00e9der au volume<\/a> sur <b>GoogleBooks<\/b><\/p>\n<p><b>771029<\/b><br \/>\nComte de Sch** [Andr\u00e9 Schouwaloff]\n<i>Impromptu<\/i><br \/>\nOctobre 1777, Tome X, p. 243<br \/>\n<a href=\"http:\/\/books.google.be\/books?id=DJEUAAAAQAAJ&amp;printsec=frontcover&amp;dq=editions:0qCv5MvfosIxTQW6d&amp;lr=&amp;as_brr=1&amp;hl=fr\" target=\"_blank\" rel=\"noopener\">Acc\u00e9der au volume<\/a> sur <b>GoogleBooks<\/b><\/p>\n<p><b>771030<\/b><br \/>\nComte de Sch** [Andr\u00e9 Schouwaloff]\n<i>Le souhait. Traduit de l&rsquo;allemand de M. Weiss<\/i><br \/>\nOctobre 1777, Tome X, p. 243-44<br \/>\n<a href=\"http:\/\/books.google.be\/books?id=DJEUAAAAQAAJ&amp;printsec=frontcover&amp;dq=editions:0qCv5MvfosIxTQW6d&amp;lr=&amp;as_brr=1&amp;hl=fr\" target=\"_blank\" rel=\"noopener\">Acc\u00e9der au volume<\/a> sur <b>GoogleBooks<\/b><\/p>\n<p><b>771031<\/b><br \/>\nMarquise de la Fer\u2026 [Marquise de La Ferrandi\u00e8re]\n<i>Regrets d&rsquo;une berg\u00e8re. Stances<\/i><br \/>\nOctobre 1777, Tome X, p. 244-45<br \/>\n<a href=\"http:\/\/books.google.be\/books?id=DJEUAAAAQAAJ&amp;printsec=frontcover&amp;dq=editions:0qCv5MvfosIxTQW6d&amp;lr=&amp;as_brr=1&amp;hl=fr\" target=\"_blank\" rel=\"noopener\">Acc\u00e9der au volume<\/a> sur <b>GoogleBooks<\/b><\/p>\n<p><b>771032<\/b><br \/>\nHouillier de Saint-Remi<br \/>\n<i>\u00c9pigramme<\/i><br \/>\nOctobre 1777, Tome X, p. 245-46<br \/>\n<a href=\"http:\/\/books.google.be\/books?id=DJEUAAAAQAAJ&amp;printsec=frontcover&amp;dq=editions:0qCv5MvfosIxTQW6d&amp;lr=&amp;as_brr=1&amp;hl=fr\" target=\"_blank\" rel=\"noopener\">Acc\u00e9der au volume<\/a> sur <b>GoogleBooks<\/b><\/p>\n<p><b>771033<\/b><br \/>\n<i>Vers \u00e0 M. le comte de Falkenstein \u00e0 son passage \u00e0 Toulouse<\/i><br \/>\nOctobre 1777, Tome X, p. 246<br \/>\n<a href=\"http:\/\/books.google.be\/books?id=DJEUAAAAQAAJ&amp;printsec=frontcover&amp;dq=editions:0qCv5MvfosIxTQW6d&amp;lr=&amp;as_brr=1&amp;hl=fr\" target=\"_blank\" rel=\"noopener\">Acc\u00e9der au volume<\/a> sur <b>GoogleBooks<\/b><\/p>\n<p><b>771034<\/b><br \/>\nHermite de Maillane<br \/>\n<i>Vers pr\u00e9sent\u00e9s \u00e0 Monsieur, \u00e0 son entr\u00e9e en Provence<\/i><br \/>\nOctobre 1777, Tome X, p. 246-47<br \/>\n<a href=\"http:\/\/books.google.be\/books?id=DJEUAAAAQAAJ&amp;printsec=frontcover&amp;dq=editions:0qCv5MvfosIxTQW6d&amp;lr=&amp;as_brr=1&amp;hl=fr\" target=\"_blank\" rel=\"noopener\">Acc\u00e9der au volume<\/a> sur <b>GoogleBooks<\/b><\/p>\n<p><b>771035<\/b><br \/>\n<i>Conte imit\u00e9 du latin de la Monnoye<\/i><br \/>\nOctobre 1777, Tome X, p. 247-48<br \/>\n<a href=\"http:\/\/books.google.be\/books?id=DJEUAAAAQAAJ&amp;printsec=frontcover&amp;dq=editions:0qCv5MvfosIxTQW6d&amp;lr=&amp;as_brr=1&amp;hl=fr\" target=\"_blank\" rel=\"noopener\">Acc\u00e9der au volume<\/a> sur <b>GoogleBooks<\/b><\/p>\n<p style=\"text-align: justify;\"><b>771101<\/b><br \/>\nJacob-Nicolas Moreau<br \/>\n<i>Principes de morale, de politique et de droit public, puis\u00e9s dans l&rsquo;histoire de notre monarchie, ou Discours sur l&rsquo;histoire de France, d\u00e9di\u00e9s au Roi<\/i><br \/>\nNovembre 1777, Tome XI, p. 3-29<br \/>\n(Ann\u00e9e litt\u00e9raire; Journal encyclop\u00e9dique; Journal fran\u00e7ais; Mercure de France; Journal de politique et de litt\u00e9rature; Gazette universelle de litt\u00e9rature; Journal de Paris; Affiches et annonces de Paris; Journal des sciences et des beaux-arts)<br \/>\n<a href=\"http:\/\/books.google.be\/books?id=dpkUAAAAQAAJ&amp;printsec=titlepage&amp;dq=intitle:l%27esprit+intitle:des+intitle:journaux+date:1771-1775&amp;lr=&amp;as_brr=0&amp;hl=fr&amp;source=gbs_summary_r&amp;cad=0\" target=\"_blank\" rel=\"noopener\">Acc\u00e9der au volume<\/a> sur <b>GoogleBooks<\/b><\/p>\n<p style=\"text-align: justify;\"><b>771102<\/b>[Johann Gottlieb Georgi]\n<i>Beschreibung, &amp;c. ou Description de toutes les nations de l&#8217;empire russe, o\u00f9 l&rsquo;on rend compte de leur mani\u00e8re de vivre, de leur religion, de leurs usages, de leurs demeures, de leurs habillements et des autres particularit\u00e9s remarquables qui les concernent. Premier recueil. Nations d&rsquo;origine finnoise<\/i><br \/>\nNovembre 1777, Tome XI, p. 30-37<br \/>\n(Gazette universelle de litt\u00e9rature)<br \/>\n<a href=\"http:\/\/books.google.be\/books?id=dpkUAAAAQAAJ&amp;printsec=titlepage&amp;dq=intitle:l%27esprit+intitle:des+intitle:journaux+date:1771-1775&amp;lr=&amp;as_brr=0&amp;hl=fr&amp;source=gbs_summary_r&amp;cad=0\" target=\"_blank\" rel=\"noopener\">Acc\u00e9der au volume<\/a> sur <b>GoogleBooks<\/b><\/p>\n<p><b>771103<\/b><br \/>\nMarvielles [Claude de Marolles]\n<i>M\u00e9langes et fragments po\u00e9tiques, en fran\u00e7ais et en latin<\/i><br \/>\nNovembre 1777, Tome XI, p. 37-43<br \/>\n(Journal de Paris; Mercure de France; Ann\u00e9e litt\u00e9raire; Journal eccl\u00e9siastique)<br \/>\n<a href=\"http:\/\/books.google.be\/books?id=dpkUAAAAQAAJ&amp;printsec=titlepage&amp;dq=intitle:l%27esprit+intitle:des+intitle:journaux+date:1771-1775&amp;lr=&amp;as_brr=0&amp;hl=fr&amp;source=gbs_summary_r&amp;cad=0\" target=\"_blank\" rel=\"noopener\">Acc\u00e9der au volume<\/a> sur <b>GoogleBooks<\/b><\/p>\n<p style=\"text-align: justify;\"><b>771104<\/b><br \/>\nGabriel-L\u00e9opold-Charles-Am\u00e9 Bexon<br \/>\n<i>Histoire de Lorraine<\/i><br \/>\nNovembre 1777, Tome XI, p. 43-70<br \/>\n(Journal fran\u00e7ais; Journal encyclop\u00e9dique; Journal de politique et de litt\u00e9rature; Journal de Paris; Affiches et annonces de Paris; Gazette universelle de litt\u00e9rature; Mercure de France; Journal des Dames)<br \/>\n<a href=\"http:\/\/books.google.be\/books?id=dpkUAAAAQAAJ&amp;printsec=titlepage&amp;dq=intitle:l%27esprit+intitle:des+intitle:journaux+date:1771-1775&amp;lr=&amp;as_brr=0&amp;hl=fr&amp;source=gbs_summary_r&amp;cad=0\" target=\"_blank\" rel=\"noopener\">Acc\u00e9der au volume<\/a> sur <b>GoogleBooks<\/b><\/p>\n<p><b>771105<\/b><br \/>\nAntoine Augustin Parmentier<br \/>\n<i>Avis aux bonnes m\u00e9nag\u00e8res des villes et des campagnes, sur la meilleure mani\u00e8re de faire leur pain<\/i><br \/>\nNovembre 1777, Tome XI, p. 71-81<br \/>\n(Journal de Physique; Gazette d&rsquo;agriculture, commerce, arts et finances; Gazette de sant\u00e9; Journal encyclop\u00e9dique)<br \/>\n<a href=\"http:\/\/books.google.be\/books?id=dpkUAAAAQAAJ&amp;printsec=titlepage&amp;dq=intitle:l%27esprit+intitle:des+intitle:journaux+date:1771-1775&amp;lr=&amp;as_brr=0&amp;hl=fr&amp;source=gbs_summary_r&amp;cad=0\" target=\"_blank\" rel=\"noopener\">Acc\u00e9der au volume<\/a> sur <b>GoogleBooks<\/b><\/p>\n<p style=\"text-align: justify;\"><b>771106<\/b><br \/>\nRen\u00e9 Aubert de Vertot<br \/>\n<i>Continuation de l&rsquo;histoire des r\u00e9volutions de Su\u00e8de, de M. l&rsquo;Abb\u00e9 de Vertot. Histoire d&rsquo;Eric XIV, Roi de Su\u00e8de, \u00e9crite sur les Actes de temps ; traduit du su\u00e9dois par M. Genet le fils<\/i><br \/>\nNovembre 1777, Tome XI, p. 82-97<br \/>\n(Ann\u00e9e litt\u00e9raire; Mercure de France; Avis divers)<br \/>\n<a href=\"http:\/\/books.google.be\/books?id=dpkUAAAAQAAJ&amp;printsec=titlepage&amp;dq=intitle:l%27esprit+intitle:des+intitle:journaux+date:1771-1775&amp;lr=&amp;as_brr=0&amp;hl=fr&amp;source=gbs_summary_r&amp;cad=0\" target=\"_blank\" rel=\"noopener\">Acc\u00e9der au volume<\/a> sur <b>GoogleBooks<\/b><\/p>\n<p><b>771107<\/b>[Claude Godard d&rsquo;Aucour]\n<i>L&rsquo;Acad\u00e9mie Militaire ou les H\u00e9ros subalternes, nouvelle \u00e9dition, revue et augment\u00e9e, avec figures, par un auteur suivant l&rsquo;arm\u00e9e<\/i><br \/>\nNovembre 1777, Tome XI, p. 98-103<br \/>\n(Journal des dames; Journal de politique et de litt\u00e9rature; Avis divers)<br \/>\n<a href=\"http:\/\/books.google.be\/books?id=dpkUAAAAQAAJ&amp;printsec=titlepage&amp;dq=intitle:l%27esprit+intitle:des+intitle:journaux+date:1771-1775&amp;lr=&amp;as_brr=0&amp;hl=fr&amp;source=gbs_summary_r&amp;cad=0\" target=\"_blank\" rel=\"noopener\">Acc\u00e9der au volume<\/a> sur <b>GoogleBooks<\/b><\/p>\n<p style=\"text-align: justify;\"><b>771108<\/b><br \/>\nJames Beattie<br \/>\n<i>Essays, &amp;c. Essais : sur la nature et l&rsquo;immutabilit\u00e9 de la v\u00e9rit\u00e9, en opposition \u00e0 la fausse subtilit\u00e9 et au scepticisme ; sur la po\u00e9sie et la musique, par rapport \u00e0 la mani\u00e8re dont elles affectent l&rsquo;\u00e2me ; sur le rire et les compositions propres \u00e0 l&rsquo;exciter ; sur l&rsquo;utilit\u00e9 du savoir classique<\/i><br \/>\nNovembre 1777, Tome XI, p. 103-16<br \/>\n(Monthly review)<br \/>\n<a href=\"http:\/\/books.google.be\/books?id=dpkUAAAAQAAJ&amp;printsec=titlepage&amp;dq=intitle:l%27esprit+intitle:des+intitle:journaux+date:1771-1775&amp;lr=&amp;as_brr=0&amp;hl=fr&amp;source=gbs_summary_r&amp;cad=0\" target=\"_blank\" rel=\"noopener\">Acc\u00e9der au volume<\/a> sur <b>GoogleBooks<\/b><\/p>\n<p><b>771109<\/b><br \/>\nFelipe Argenti Leys<br \/>\n<i>Discursos Economicos, &amp;c. Discours \u00e9conomiques sur l&rsquo;\u00e9tat actuel de l&rsquo;Espagne<\/i><br \/>\nNovembre 1777, Tome XI, p. 116-20<br \/>\n(Gazette universelle de Litt\u00e9rature)<br \/>\n<a href=\"http:\/\/books.google.be\/books?id=dpkUAAAAQAAJ&amp;printsec=titlepage&amp;dq=intitle:l%27esprit+intitle:des+intitle:journaux+date:1771-1775&amp;lr=&amp;as_brr=0&amp;hl=fr&amp;source=gbs_summary_r&amp;cad=0\" target=\"_blank\" rel=\"noopener\">Acc\u00e9der au volume<\/a> sur <b>GoogleBooks<\/b><\/p>\n<p><b>771110<\/b><br \/>\nAndr\u00e9 Jacob Roubo<br \/>\n<i>Trait\u00e9 de la construction des th\u00e9\u00e2tres et des machines th\u00e9\u00e2trales<\/i><br \/>\nNovembre 1777, Tome XI, p. 121-35<br \/>\n(Journal des sciences et des beaux-arts; Mercure de France; Ann\u00e9e litt\u00e9raire; Affiches et annonces de Paris)<br \/>\n<a href=\"http:\/\/books.google.be\/books?id=dpkUAAAAQAAJ&amp;printsec=titlepage&amp;dq=intitle:l%27esprit+intitle:des+intitle:journaux+date:1771-1775&amp;lr=&amp;as_brr=0&amp;hl=fr&amp;source=gbs_summary_r&amp;cad=0\" target=\"_blank\" rel=\"noopener\">Acc\u00e9der au volume<\/a> sur <b>GoogleBooks<\/b><\/p>\n<p><b>771111<\/b><br \/>\nAngelo Maria D&rsquo;Elci<br \/>\n<i>Tragedie del Conte Angelo Maria d&rsquo;Elci<\/i><br \/>\nNovembre 1777, Tome XI, p. 136-40<br \/>\n(Novelle letterarie)<br \/>\n<a href=\"http:\/\/books.google.be\/books?id=dpkUAAAAQAAJ&amp;printsec=titlepage&amp;dq=intitle:l%27esprit+intitle:des+intitle:journaux+date:1771-1775&amp;lr=&amp;as_brr=0&amp;hl=fr&amp;source=gbs_summary_r&amp;cad=0\" target=\"_blank\" rel=\"noopener\">Acc\u00e9der au volume<\/a> sur <b>GoogleBooks<\/b><\/p>\n<p><b>771112<\/b><br \/>\nPierre-Ignace Roubaud de Tress\u00e9ol<br \/>\n<i>Lettres \u00e0 M***, Directeur de l&rsquo;\u00c9cole Militaire, sur l&rsquo;\u00e9ducation militaire<\/i><br \/>\nNovembre 1777, Tome XI, p. 140-45<br \/>\n(Mercure de France)<br \/>\n<a href=\"http:\/\/books.google.be\/books?id=dpkUAAAAQAAJ&amp;printsec=titlepage&amp;dq=intitle:l%27esprit+intitle:des+intitle:journaux+date:1771-1775&amp;lr=&amp;as_brr=0&amp;hl=fr&amp;source=gbs_summary_r&amp;cad=0\" target=\"_blank\" rel=\"noopener\">Acc\u00e9der au volume<\/a> sur <b>GoogleBooks<\/b><\/p>\n<p style=\"text-align: justify;\"><b>771113<\/b>[William Barron]\n<i>History of the Colonization of the free states of Antiquity, &amp;c. Histoire de la colonisation des \u00e9tats libres de l&rsquo;Antiquit\u00e9, appliqu\u00e9e \u00e0 la pr\u00e9sente contestation entre la Grande-Bretagne et ses colonies d&rsquo;Am\u00e9rique, etc.<\/i><br \/>\nNovembre 1777, Tome XI, p. 146-51<br \/>\n(Critical review)<br \/>\n<a href=\"http:\/\/books.google.be\/books?id=dpkUAAAAQAAJ&amp;printsec=titlepage&amp;dq=intitle:l%27esprit+intitle:des+intitle:journaux+date:1771-1775&amp;lr=&amp;as_brr=0&amp;hl=fr&amp;source=gbs_summary_r&amp;cad=0\" target=\"_blank\" rel=\"noopener\">Acc\u00e9der au volume<\/a> sur <b>GoogleBooks<\/b><\/p>\n<p style=\"text-align: justify;\"><b>771114<\/b><br \/>\nJean Sylvain Bailly<br \/>\n<i>Lettres sur l&rsquo;origine des sciences et sur celles des peuples de l&rsquo;Asie adress\u00e9es \u00e0 M. de Voltaire par M. Bailly ; et pr\u00e9c\u00e9d\u00e9es de quelques lettres de M. de Voltaire \u00e0 l&rsquo;auteur<\/i> [<a href=\"http:\/\/www.gedhs.ulg.ac.be\/recherches\/espritdesjournaux\/pdf\/771114.pdf\" target=\"_blank\" rel=\"noopener\">MODE IMAGE<\/a>]\nNovembre 1777, Tome XI, p. 152-72<br \/>\n(Journal encyclop\u00e9dique; Journal des sciences et des beaux-arts; Journal de politique et de litt\u00e9rature; Journal de Paris; Gazette universelle de Litt\u00e9rature; Journal des Dames; Mercure de France; Avis divers)<br \/>\n<a href=\"http:\/\/books.google.be\/books?id=dpkUAAAAQAAJ&amp;printsec=titlepage&amp;dq=intitle:l%27esprit+intitle:des+intitle:journaux+date:1771-1775&amp;lr=&amp;as_brr=0&amp;hl=fr&amp;source=gbs_summary_r&amp;cad=0\" target=\"_blank\" rel=\"noopener\">Acc\u00e9der au volume<\/a> sur <b>GoogleBooks<\/b><\/p>\n<p style=\"text-align: justify;\"><b>771115<\/b><br \/>\nGaetan Sertor<br \/>\n<i>Sulla Vanit\u00e0, ed insufficienza dell&rsquo;antica Filosofia, &amp;c. De la vanit\u00e9 et de l&rsquo;insuffisance de l&rsquo;ancienne philosophie pa\u00efenne, compar\u00e9e avec les maximes et les pr\u00e9ceptes de la morale chr\u00e9tienne<\/i><br \/>\nNovembre 1777, Tome XI, p. 173-78<br \/>\n(Efemeridi di Roma)<br \/>\n<a href=\"http:\/\/books.google.be\/books?id=dpkUAAAAQAAJ&amp;printsec=titlepage&amp;dq=intitle:l%27esprit+intitle:des+intitle:journaux+date:1771-1775&amp;lr=&amp;as_brr=0&amp;hl=fr&amp;source=gbs_summary_r&amp;cad=0\" target=\"_blank\" rel=\"noopener\">Acc\u00e9der au volume<\/a> sur <b>GoogleBooks<\/b><\/p>\n<p style=\"text-align: justify;\"><b>771116<\/b><br \/>\n<i>Causes c\u00e9l\u00e8bres, curieuses et int\u00e9ressantes, de toutes les cours souveraines du Royaume, avec les jugements qui les ont d\u00e9cid\u00e9es. Tome XXXII<\/i><br \/>\nNovembre 1777, Tome XI, p. 178-93<br \/>\n<a href=\"http:\/\/books.google.be\/books?id=dpkUAAAAQAAJ&amp;printsec=titlepage&amp;dq=intitle:l%27esprit+intitle:des+intitle:journaux+date:1771-1775&amp;lr=&amp;as_brr=0&amp;hl=fr&amp;source=gbs_summary_r&amp;cad=0\" target=\"_blank\" rel=\"noopener\">Acc\u00e9der au volume<\/a> sur <b>GoogleBooks<\/b><\/p>\n<p><b>771117<\/b><br \/>\n<i>Dialogue entre Hypermnestre et Andromaque<\/i><br \/>\nNovembre 1777, Tome XI, p. 194-98<br \/>\n(Journal encyclop\u00e9dique)<br \/>\n<a href=\"http:\/\/books.google.be\/books?id=dpkUAAAAQAAJ&amp;printsec=titlepage&amp;dq=intitle:l%27esprit+intitle:des+intitle:journaux+date:1771-1775&amp;lr=&amp;as_brr=0&amp;hl=fr&amp;source=gbs_summary_r&amp;cad=0\" target=\"_blank\" rel=\"noopener\">Acc\u00e9der au volume<\/a> sur <b>GoogleBooks<\/b><\/p>\n<p><b>771118<\/b><br \/>\n<i>Anecdote historique sur la Compagnie des \u0152uvres-Fortes<\/i><br \/>\nNovembre 1777, Tome XI, p. 198-201<br \/>\n(Affiches, Annonces de Bourgogne ; Avis divers)<br \/>\n<a href=\"http:\/\/books.google.be\/books?id=dpkUAAAAQAAJ&amp;printsec=titlepage&amp;dq=intitle:l%27esprit+intitle:des+intitle:journaux+date:1771-1775&amp;lr=&amp;as_brr=0&amp;hl=fr&amp;source=gbs_summary_r&amp;cad=0\" target=\"_blank\" rel=\"noopener\">Acc\u00e9der au volume<\/a> sur <b>GoogleBooks<\/b><\/p>\n<p><b>771119<\/b><br \/>\nM. Le Brigant<br \/>\n<i>Lettre \u00e0 M. Rousseau, Auteur du Journal Encyclop\u00e9dique, sur la langue particuli\u00e8re \u00e0 Courtisou<\/i><br \/>\nNovembre 1777, Tome XI, p. 201-98<br \/>\n<a href=\"http:\/\/books.google.be\/books?id=dpkUAAAAQAAJ&amp;printsec=titlepage&amp;dq=intitle:l%27esprit+intitle:des+intitle:journaux+date:1771-1775&amp;lr=&amp;as_brr=0&amp;hl=fr&amp;source=gbs_summary_r&amp;cad=0\" target=\"_blank\" rel=\"noopener\">Acc\u00e9der au volume<\/a> sur <b>GoogleBooks<\/b><\/p>\n<p><b>771120<\/b><br \/>\nOliver Goldsmith<br \/>\n<i>Le village d\u00e9sert. Po\u00e8me de M. Goldsmith, traduit de l&rsquo;anglais, par M. d&rsquo;H**<\/i><br \/>\nNovembre 1777, Tome XI, p. 204-19<br \/>\n(Journal de Lecture)<br \/>\n<a href=\"http:\/\/books.google.be\/books?id=dpkUAAAAQAAJ&amp;printsec=titlepage&amp;dq=intitle:l%27esprit+intitle:des+intitle:journaux+date:1771-1775&amp;lr=&amp;as_brr=0&amp;hl=fr&amp;source=gbs_summary_r&amp;cad=0\" target=\"_blank\" rel=\"noopener\">Acc\u00e9der au volume<\/a> sur <b>GoogleBooks<\/b><\/p>\n<p><b>771121<\/b><br \/>\nJ\u00e9r\u00f4me de La Lande<br \/>\n<i>Lettre sur la restauration du Coll\u00e8ge Royal, adress\u00e9e \u00e0 MM. les auteurs du Journal des Savants<\/i><br \/>\nNovembre 1777, Tome XI, p. 219-29<br \/>\n(Journal des Savants)<br \/>\n<a href=\"http:\/\/books.google.be\/books?id=dpkUAAAAQAAJ&amp;printsec=titlepage&amp;dq=intitle:l%27esprit+intitle:des+intitle:journaux+date:1771-1775&amp;lr=&amp;as_brr=0&amp;hl=fr&amp;source=gbs_summary_r&amp;cad=0\" target=\"_blank\" rel=\"noopener\">Acc\u00e9der au volume<\/a> sur <b>GoogleBooks<\/b><\/p>\n<p><b>771122<\/b><br \/>\nM. le Ch. de C\u2026<br \/>\n<i>R\u00e9flexions envoy\u00e9es au Journal de Politique et de Litt\u00e9rature<\/i><br \/>\nNovembre 1777, Tome XI, p. 229-30<br \/>\n(Journal de Politique et de Litt\u00e9rature)<br \/>\n<a href=\"http:\/\/books.google.be\/books?id=dpkUAAAAQAAJ&amp;printsec=titlepage&amp;dq=intitle:l%27esprit+intitle:des+intitle:journaux+date:1771-1775&amp;lr=&amp;as_brr=0&amp;hl=fr&amp;source=gbs_summary_r&amp;cad=0\" target=\"_blank\" rel=\"noopener\">Acc\u00e9der au volume<\/a> sur <b>GoogleBooks<\/b><\/p>\n<p><b>771123<\/b><br \/>\nPhilip Dormer Stanhope, comte de Chesterfield<br \/>\n<i>Projet de peser les membres de l&rsquo;\u00c9tat. Tir\u00e9 des \u0152uvres m\u00eal\u00e9es du Comte de Chesterfield. Traduit de l&rsquo;anglais<\/i><br \/>\nNovembre 1777, Tome XI, p. 231-38<br \/>\n(Universal Magazine)<br \/>\n<a href=\"http:\/\/books.google.be\/books?id=dpkUAAAAQAAJ&amp;printsec=titlepage&amp;dq=intitle:l%27esprit+intitle:des+intitle:journaux+date:1771-1775&amp;lr=&amp;as_brr=0&amp;hl=fr&amp;source=gbs_summary_r&amp;cad=0\" target=\"_blank\" rel=\"noopener\">Acc\u00e9der au volume<\/a> sur <b>GoogleBooks<\/b><\/p>\n<p><b>771124<\/b><br \/>\nJean-Fran\u00e7ois Ducis<br \/>\n<i>Au ruisseau de Dame-Marie-les-Lys<\/i><br \/>\nNovembre 1777, Tome XI, p. 239-41<br \/>\n<a href=\"http:\/\/books.google.be\/books?id=dpkUAAAAQAAJ&amp;printsec=titlepage&amp;dq=intitle:l%27esprit+intitle:des+intitle:journaux+date:1771-1775&amp;lr=&amp;as_brr=0&amp;hl=fr&amp;source=gbs_summary_r&amp;cad=0\" target=\"_blank\" rel=\"noopener\">Acc\u00e9der au volume<\/a> sur <b>GoogleBooks<\/b><\/p>\n<p><b>771125<\/b><br \/>\nM. Roman<br \/>\n<i>Couplets chant\u00e9s par Mlle. Jenny W***. Sur l&rsquo;air : Je suis Lindor, &amp;c. du Barbier de S\u00e9ville<\/i><br \/>\nNovembre 1777, Tome XI, p. 241-42<br \/>\n<a href=\"http:\/\/books.google.be\/books?id=dpkUAAAAQAAJ&amp;printsec=titlepage&amp;dq=intitle:l%27esprit+intitle:des+intitle:journaux+date:1771-1775&amp;lr=&amp;as_brr=0&amp;hl=fr&amp;source=gbs_summary_r&amp;cad=0\" target=\"_blank\" rel=\"noopener\">Acc\u00e9der au volume<\/a> sur <b>GoogleBooks<\/b><\/p>\n<p><b>771126<\/b><br \/>\nHermite de Maillane<br \/>\n<i>\u00c0 une jolie d\u00e9vote qui voulait me convertir<\/i><br \/>\nNovembre 1777, Tome XI, p. 243<br \/>\n<a href=\"http:\/\/books.google.be\/books?id=dpkUAAAAQAAJ&amp;printsec=titlepage&amp;dq=intitle:l%27esprit+intitle:des+intitle:journaux+date:1771-1775&amp;lr=&amp;as_brr=0&amp;hl=fr&amp;source=gbs_summary_r&amp;cad=0\" target=\"_blank\" rel=\"noopener\">Acc\u00e9der au volume<\/a> sur <b>GoogleBooks<\/b><\/p>\n<p><b>771127<\/b><br \/>\nPonce-Denis \u00c9couchard Le Brun<br \/>\n<i>L&rsquo;amour et les oiseleurs, idylle<\/i><br \/>\nNovembre 1777, Tome XI, p. 244-45<br \/>\n<a href=\"http:\/\/books.google.be\/books?id=dpkUAAAAQAAJ&amp;printsec=titlepage&amp;dq=intitle:l%27esprit+intitle:des+intitle:journaux+date:1771-1775&amp;lr=&amp;as_brr=0&amp;hl=fr&amp;source=gbs_summary_r&amp;cad=0\" target=\"_blank\" rel=\"noopener\">Acc\u00e9der au volume<\/a> sur <b>GoogleBooks<\/b><\/p>\n<p style=\"text-align: justify;\"><b>771128<\/b><br \/>\nCharles-Michel de Villette<br \/>\n<i>Vers \u00e0 M. de Voltaire, qui avait envoy\u00e9 \u00e0 l&rsquo;auteur une montre d&rsquo;or \u00e0 r\u00e9p\u00e9tition et \u00e0 quanti\u00e8me, orn\u00e9e de son portrait, de sa manufacture de Ferney<\/i><br \/>\nNovembre 1777, Tome XI, p. 245-47<br \/>\n<a href=\"http:\/\/books.google.be\/books?id=dpkUAAAAQAAJ&amp;printsec=titlepage&amp;dq=intitle:l%27esprit+intitle:des+intitle:journaux+date:1771-1775&amp;lr=&amp;as_brr=0&amp;hl=fr&amp;source=gbs_summary_r&amp;cad=0\" target=\"_blank\" rel=\"noopener\">Acc\u00e9der au volume<\/a> sur <b>GoogleBooks<\/b><\/p>\n<p style=\"text-align: justify;\"><b>771129<\/b><br \/>\nVoltaire<br \/>\n<i>R\u00e9ponse [\u00e0 M. de Villette \u00e0 qui il avait envoy\u00e9 une montre d&rsquo;or \u00e0 r\u00e9p\u00e9tition et \u00e0 quanti\u00e8me, orn\u00e9e de son portrait, de sa manufacture de Ferney]<\/i><br \/>\nNovembre 1777, Tome XI, p. 247-48<br \/>\n<a href=\"http:\/\/books.google.be\/books?id=dpkUAAAAQAAJ&amp;printsec=titlepage&amp;dq=intitle:l%27esprit+intitle:des+intitle:journaux+date:1771-1775&amp;lr=&amp;as_brr=0&amp;hl=fr&amp;source=gbs_summary_r&amp;cad=0\" target=\"_blank\" rel=\"noopener\">Acc\u00e9der au volume<\/a> sur <b>GoogleBooks<\/b><\/p>\n<p><b>771130<\/b><br \/>\nHenriette Bourdic-Viot<br \/>\n<i>Le jeune amant<\/i><br \/>\nNovembre 1777, Tome XI, p. 248<br \/>\n<a href=\"http:\/\/books.google.be\/books?id=dpkUAAAAQAAJ&amp;printsec=titlepage&amp;dq=intitle:l%27esprit+intitle:des+intitle:journaux+date:1771-1775&amp;lr=&amp;as_brr=0&amp;hl=fr&amp;source=gbs_summary_r&amp;cad=0\" target=\"_blank\" rel=\"noopener\">Acc\u00e9der au volume<\/a> sur <b>GoogleBooks<\/b><\/p>\n<p style=\"text-align: justify;\"><b>771201<\/b><br \/>\nSalluste<br \/>\n<i>Histoire de la r\u00e9publique romaine dans le cours du septi\u00e8me si\u00e8cle, par Salluste ; en partie traduite du latin sur l&rsquo;original, en partie r\u00e9tablie et compos\u00e9e sur les fragments qui sont rest\u00e9s de ses livres perdus, remis en ordre dans leur place v\u00e9ritable ou la plus vraisemblable<\/i><br \/>\nD\u00e9cembre 1777, Tome XII, p. 3-27<br \/>\n(Ann\u00e9e litt\u00e9raire; Journal fran\u00e7ais; Journal de politique et de litt\u00e9rature; Journal des sciences et des beaux-arts; Gazette universelle de Litt\u00e9rature; Affiches et annonces de Paris)<br \/>\n<a href=\"http:\/\/books.google.be\/books?id=ngMTAAAAYAAJ&amp;printsec=frontcover&amp;dq=editions:0YywDHrPuX_Qlj6G&amp;lr=&amp;as_brr=1&amp;hl=fr\" target=\"_blank\" rel=\"noopener\">Acc\u00e9der au volume<\/a> sur <b>GoogleBooks<\/b><\/p>\n<p style=\"text-align: justify;\"><b>771202<\/b><br \/>\nLouis Athanase des Balbes de Berton Crillon<br \/>\n<i>M\u00e9moires philosophiques du Baron de ***, Grand-Chambellan de Sa Majest\u00e9 l&rsquo;Imp\u00e9ratrice-Reine<\/i><br \/>\nD\u00e9cembre 1777, Tome XII, p. 28-49<br \/>\n(Journal fran\u00e7ais; Journal de Paris; Ann\u00e9e litt\u00e9raire; Gazette universelle de Litt\u00e9rature; Journal des sciences et des beaux-arts; Journal des dames)<br \/>\n<a href=\"http:\/\/books.google.be\/books?id=ngMTAAAAYAAJ&amp;printsec=frontcover&amp;dq=editions:0YywDHrPuX_Qlj6G&amp;lr=&amp;as_brr=1&amp;hl=fr\" target=\"_blank\" rel=\"noopener\">Acc\u00e9der au volume<\/a> sur <b>GoogleBooks<\/b><\/p>\n<p><b>771203<\/b>[Claude-Prosper Jolyot de Cr\u00e9billon]\nLe Temple de V\u00e9nus<br \/>\nD\u00e9cembre 1777, Tome XII, p. 50-54<br \/>\n(Journal d\u00e9di\u00e9 \u00e0 Monsieur; Mercure de France; Gazette universelle de Litt\u00e9rature)<br \/>\n<a href=\"http:\/\/books.google.be\/books?id=ngMTAAAAYAAJ&amp;printsec=frontcover&amp;dq=editions:0YywDHrPuX_Qlj6G&amp;lr=&amp;as_brr=1&amp;hl=fr\" target=\"_blank\" rel=\"noopener\">Acc\u00e9der au volume<\/a> sur <b>GoogleBooks<\/b><\/p>\n<p style=\"text-align: justify;\"><b>771204<\/b><br \/>\nJaques Ballexserd<br \/>\n<i>Dissertation sur cette question : Quelles sont les causes principales de la mort d&rsquo;un aussi grand nombre d&rsquo;enfants, et quels sont les pr\u00e9servatifs les plus efficaces et les plus simples pour leur conserver la vie?<\/i><br \/>\nD\u00e9cembre 1777, Tome XII, p. 55-61<br \/>\n(Gazette de sant\u00e9; Journal de Paris; Journal fran\u00e7ais; Journal des sciences et des beaux-arts)<br \/>\n<a href=\"http:\/\/books.google.be\/books?id=ngMTAAAAYAAJ&amp;printsec=frontcover&amp;dq=editions:0YywDHrPuX_Qlj6G&amp;lr=&amp;as_brr=1&amp;hl=fr\" target=\"_blank\" rel=\"noopener\">Acc\u00e9der au volume<\/a> sur <b>GoogleBooks<\/b><\/p>\n<p style=\"text-align: justify;\"><b>771205<\/b><br \/>\nJean-Laurent Blessing<br \/>\n<i>Discours prononc\u00e9 par ordre du Magistrat de Strasbourg, \u00e0 l&rsquo;occasion de la transfusion du corps de M. le Mar\u00e9chal de Saxe dans l&rsquo;\u00e9glise de Saint-Thomas le 20 ao\u00fbt 1777<\/i><br \/>\nD\u00e9cembre 1777, Tome XII, p. 61-68<br \/>\n(Journal de Paris; Gazette universelle de Litt\u00e9rature; Journal encyclop\u00e9dique)<br \/>\n<a href=\"http:\/\/books.google.be\/books?id=ngMTAAAAYAAJ&amp;printsec=frontcover&amp;dq=editions:0YywDHrPuX_Qlj6G&amp;lr=&amp;as_brr=1&amp;hl=fr\" target=\"_blank\" rel=\"noopener\">Acc\u00e9der au volume<\/a> sur <b>GoogleBooks<\/b><\/p>\n<p style=\"text-align: justify;\"><b>771206<\/b>[Jean Fran\u00e7ois]\n<i>Dictionnaire roman, wallon, celtique et tudesque, pour servir \u00e0 l&rsquo;intelligence des anciennes lois et contrats, des chartes, rescrits, titres, actes, dipl\u00f4mes et autres monuments, tant eccl\u00e9siastiques que civils et historiques, \u00e9crits en langue romance ou langue fran\u00e7aise ancienne ; par un religieux b\u00e9n\u00e9dictin de la Congr\u00e9gation de S. Vannes<\/i><br \/>\nD\u00e9cembre 1777, Tome XII, p. 69-74<br \/>\n(Journal encyclop\u00e9dique; Gazette universelle de litt\u00e9rature)<br \/>\n<a href=\"http:\/\/books.google.be\/books?id=ngMTAAAAYAAJ&amp;printsec=frontcover&amp;dq=editions:0YywDHrPuX_Qlj6G&amp;lr=&amp;as_brr=1&amp;hl=fr\" target=\"_blank\" rel=\"noopener\">Acc\u00e9der au volume<\/a> sur <b>GoogleBooks<\/b><\/p>\n<p><b>771207<\/b>[Antoine de Bertin]\n<i>Voyage de Bourgogne, \u00e0 M***<\/i><br \/>\nD\u00e9cembre 1777, Tome XII, p. 74-84<br \/>\n(Ann\u00e9e litt\u00e9raire; Journal de Paris; Journal fran\u00e7ais; Journal de politique et de litt\u00e9rature; Mercure de France)<br \/>\n<a href=\"http:\/\/books.google.be\/books?id=ngMTAAAAYAAJ&amp;printsec=frontcover&amp;dq=editions:0YywDHrPuX_Qlj6G&amp;lr=&amp;as_brr=1&amp;hl=fr\" target=\"_blank\" rel=\"noopener\">Acc\u00e9der au volume<\/a> sur <b>GoogleBooks<\/b><\/p>\n<p><b>771208<\/b><br \/>\nChristian Gotthilf Benjamin Morus<br \/>\n<i>De vita Joannis-Jacobi Reiske, &amp;c. Vie de Jean-Jacques Reiske, docteur en m\u00e9decine, professeur en langue arabe en l&rsquo;universit\u00e9 de Leipzig<\/i><br \/>\nD\u00e9cembre 1777, Tome XII, p. 85-91<br \/>\n(Gazette universelle de Litt\u00e9rature)<\/p>\n<p><b>771209<\/b><br \/>\nNicolas-Edme R\u00e9tif de La Bretonne<br \/>\n<i>Le Quadrag\u00e9naire, ou l&rsquo;\u00c2ge de renoncer aux passions ; Histoire utile \u00e0 plus d&rsquo;un lecteur<\/i><br \/>\nD\u00e9cembre 1777, Tome XII, p. 92-97<br \/>\n(Journal des sciences et des beaux-arts; Mercure de France; Gazette universelle de Litt\u00e9rature)<br \/>\n<a href=\"http:\/\/books.google.be\/books?id=ngMTAAAAYAAJ&amp;printsec=frontcover&amp;dq=editions:0YywDHrPuX_Qlj6G&amp;lr=&amp;as_brr=1&amp;hl=fr\" target=\"_blank\" rel=\"noopener\">Acc\u00e9der au volume<\/a> sur <b>GoogleBooks<\/b><\/p>\n<p style=\"text-align: justify;\"><b>771210<\/b><br \/>\nDavid Houard<br \/>\n<i>Trait\u00e9s sur les coutumes anglo-normandes, qui ont \u00e9t\u00e9 publi\u00e9es en Angleterre depuis le XIe jusqu&rsquo;au XIVe si\u00e8cle : avec des Remarques sur les principaux points de l&rsquo;histoire et de la jurisprudence fran\u00e7aises, ant\u00e9rieures aux \u00e9tablissements de Saint-Louis<\/i><br \/>\nD\u00e9cembre 1777, Tome XII, p. 98-126<br \/>\n(Journal encyclop\u00e9dique; Journal des savants; Journal des sciences et des beaux-art; Gazette universelle de litt\u00e9rature; Mercure de France; Affiches et annonces de Paris)<br \/>\n<a href=\"http:\/\/books.google.be\/books?id=ngMTAAAAYAAJ&amp;printsec=frontcover&amp;dq=editions:0YywDHrPuX_Qlj6G&amp;lr=&amp;as_brr=1&amp;hl=fr\" target=\"_blank\" rel=\"noopener\">Acc\u00e9der au volume<\/a> sur <b>GoogleBooks<\/b><\/p>\n<p><b>771211<\/b>[Charles de Fieux, chevalier de Mouhy]\n<i>La Mouche, ou les Espi\u00e8gleries et aventures galantes de Bigand<\/i><br \/>\nD\u00e9cembre 1777, Tome XII, p. 126-31<br \/>\n(Mercure de France; Journal des sciences et des beaux-arts)<br \/>\n<a href=\"http:\/\/books.google.be\/books?id=ngMTAAAAYAAJ&amp;printsec=frontcover&amp;dq=editions:0YywDHrPuX_Qlj6G&amp;lr=&amp;as_brr=1&amp;hl=fr\" target=\"_blank\" rel=\"noopener\">Acc\u00e9der au volume<\/a> sur <b>GoogleBooks<\/b><\/p>\n<p><b>771212<\/b><br \/>\nWilliam Robertson<br \/>\n<i>The History of America, &amp;c. Histoire d&rsquo;Am\u00e9rique<\/i><br \/>\nD\u00e9cembre 1777, Tome XII, p. 131-53<br \/>\n(Critical review; Monthly review)<br \/>\n<a href=\"http:\/\/books.google.be\/books?id=ngMTAAAAYAAJ&amp;printsec=frontcover&amp;dq=editions:0YywDHrPuX_Qlj6G&amp;lr=&amp;as_brr=1&amp;hl=fr\" target=\"_blank\" rel=\"noopener\">Acc\u00e9der au volume<\/a> sur <b>GoogleBooks<\/b><\/p>\n<p><b>771213<\/b><br \/>\nNicolas Baudeau<br \/>\n<i>M\u00e9moire \u00e0 consulter pour les anciens druides gaulois ; contre M. Bailly, de l&rsquo;Acad\u00e9mie des sciences<\/i><br \/>\nD\u00e9cembre 1777, Tome XII, p. 153-60<br \/>\n(Journal de Paris; Avis divers; Journal des sciences et des beaux-arts; Mercure de France)<br \/>\n<a href=\"http:\/\/books.google.be\/books?id=ngMTAAAAYAAJ&amp;printsec=frontcover&amp;dq=editions:0YywDHrPuX_Qlj6G&amp;lr=&amp;as_brr=1&amp;hl=fr\" target=\"_blank\" rel=\"noopener\">Acc\u00e9der au volume<\/a> sur <b>GoogleBooks<\/b><\/p>\n<p style=\"text-align: justify;\"><b>771214<\/b><br \/>\nJean-Bernard Bossu<br \/>\n<i>Nouveaux voyages dans l&rsquo;Am\u00e9rique Septentrionale, contenant une collection de lettres \u00e9crites sur les lieux, par l&rsquo;auteur \u00e0 son ami M. Douin<\/i><br \/>\nD\u00e9cembre 1777, Tome XII, p. 161-71<br \/>\n(Journal de Paris; Mercure de France; Affiches et annonces de Paris)<br \/>\n<a href=\"http:\/\/books.google.be\/books?id=ngMTAAAAYAAJ&amp;printsec=frontcover&amp;dq=editions:0YywDHrPuX_Qlj6G&amp;lr=&amp;as_brr=1&amp;hl=fr\" target=\"_blank\" rel=\"noopener\">Acc\u00e9der au volume<\/a> sur <b>GoogleBooks<\/b><\/p>\n<p style=\"text-align: justify;\"><b>771215<\/b><br \/>\nVincent Mignot<br \/>\n<i>Trait\u00e9 de la repr\u00e9sentation et du privil\u00e8ge du double-lien, suivant l&rsquo;ordre de succ\u00e9der dans la coutume de Poitou et les coutumes circonvoisines<\/i><br \/>\nD\u00e9cembre 1777, Tome XII, p. 172-78<br \/>\n(Journal des savants; Journal encyclop\u00e9dique)<br \/>\n<a href=\"http:\/\/books.google.be\/books?id=ngMTAAAAYAAJ&amp;printsec=frontcover&amp;dq=editions:0YywDHrPuX_Qlj6G&amp;lr=&amp;as_brr=1&amp;hl=fr\" target=\"_blank\" rel=\"noopener\">Acc\u00e9der au volume<\/a> sur <b>GoogleBooks<\/b><\/p>\n<p><b>771216<\/b><br \/>\nJohann Friedrich Teller<br \/>\n<i>Von der wahren G\u00fcte, &amp;c. ou les Spectacles consid\u00e9r\u00e9s du bon et du mauvais c\u00f4t\u00e9<\/i><br \/>\nD\u00e9cembre 1777, Tome XII, p. 179-81<br \/>\n(Gazette universelle de Litt\u00e9rature)<br \/>\n<a href=\"http:\/\/books.google.be\/books?id=ngMTAAAAYAAJ&amp;printsec=frontcover&amp;dq=editions:0YywDHrPuX_Qlj6G&amp;lr=&amp;as_brr=1&amp;hl=fr\" target=\"_blank\" rel=\"noopener\">Acc\u00e9der au volume<\/a> sur <b>GoogleBooks<\/b><\/p>\n<p style=\"text-align: justify;\"><b>771217<\/b><br \/>\n<i>Causes c\u00e9l\u00e8bres, curieuses et int\u00e9ressantes, de toutes les cours souveraines du Royaume, avec les jugements qui les ont d\u00e9cid\u00e9es. Tome XXXIII<\/i><br \/>\nD\u00e9cembre 1777, Tome XII, p. 182-203<br \/>\n<a href=\"http:\/\/books.google.be\/books?id=ngMTAAAAYAAJ&amp;printsec=frontcover&amp;dq=editions:0YywDHrPuX_Qlj6G&amp;lr=&amp;as_brr=1&amp;hl=fr\" target=\"_blank\" rel=\"noopener\">Acc\u00e9der au volume<\/a> sur <b>GoogleBooks<\/b><\/p>\n<p><b>771218<\/b><br \/>\n<i>Dialogue entre Lucr\u00e8ce et le Cardinal de Polignac<\/i><br \/>\nD\u00e9cembre 1777, Tome XII, p. 204-07<br \/>\n(Journal Encyclop\u00e9dique)<\/p>\n<p><b>771219<\/b><br \/>\n<i>Cas de conscience \u00e0 d\u00e9cider. Propos\u00e9 dans le Journal eccl\u00e9siastique<\/i><br \/>\nD\u00e9cembre 1777, Tome XII, p. 208-11<br \/>\n(Journal Eccl\u00e9siastique)<br \/>\n<a href=\"http:\/\/books.google.be\/books?id=ngMTAAAAYAAJ&amp;printsec=frontcover&amp;dq=editions:0YywDHrPuX_Qlj6G&amp;lr=&amp;as_brr=1&amp;hl=fr\" target=\"_blank\" rel=\"noopener\">Acc\u00e9der au volume<\/a> sur <b>GoogleBooks<\/b><\/p>\n<p><b>771220<\/b><br \/>\n<i>Pens\u00e9es diverses<\/i><br \/>\nD\u00e9cembre 1777, Tome XII, p. 211-13<br \/>\n(Mercure de France)<br \/>\n<a href=\"http:\/\/books.google.be\/books?id=ngMTAAAAYAAJ&amp;printsec=frontcover&amp;dq=editions:0YywDHrPuX_Qlj6G&amp;lr=&amp;as_brr=1&amp;hl=fr\" target=\"_blank\" rel=\"noopener\">Acc\u00e9der au volume<\/a> sur <b>GoogleBooks<\/b><\/p>\n<p><b>771221<\/b><br \/>\n<i>Terreur panique. Traduit de l&rsquo;anglais<\/i><br \/>\nD\u00e9cembre 1777, Tome XII, p. 214-26<br \/>\n(Journal anglais)<br \/>\n<a href=\"http:\/\/books.google.be\/books?id=ngMTAAAAYAAJ&amp;printsec=frontcover&amp;dq=editions:0YywDHrPuX_Qlj6G&amp;lr=&amp;as_brr=1&amp;hl=fr\" target=\"_blank\" rel=\"noopener\">Acc\u00e9der au volume<\/a> sur <b>GoogleBooks<\/b><\/p>\n<p><b>771222<\/b><br \/>\n<i>Hymne \u00e0 l&rsquo;amour<\/i><br \/>\nD\u00e9cembre 1777, Tome XII, p. 226-34<br \/>\n(Journal des Dames)<br \/>\n<a href=\"http:\/\/books.google.be\/books?id=ngMTAAAAYAAJ&amp;printsec=frontcover&amp;dq=editions:0YywDHrPuX_Qlj6G&amp;lr=&amp;as_brr=1&amp;hl=fr\" target=\"_blank\" rel=\"noopener\">Acc\u00e9der au volume<\/a> sur <b>GoogleBooks<\/b><\/p>\n<p style=\"text-align: justify;\"><b>771223<\/b><br \/>\nJacques Christophe Valmont de Bomare<br \/>\n<i>Lettre de M. Valmont de Bomare, \u00e9crite du Ch\u00e2teau de Chantilly ; \u00e0 M. l&rsquo;Abb\u00e9 Rozier, auteur du Journal de physique ; avec les pi\u00e8ces justificatives de la f\u00e9condit\u00e9 du Sexe de Senlis<\/i><br \/>\nD\u00e9cembre 1777, Tome XII, p. 235-39<br \/>\n(Journal de Physique)<br \/>\n<a href=\"http:\/\/books.google.be\/books?id=ngMTAAAAYAAJ&amp;printsec=frontcover&amp;dq=editions:0YywDHrPuX_Qlj6G&amp;lr=&amp;as_brr=1&amp;hl=fr\" target=\"_blank\" rel=\"noopener\">Acc\u00e9der au volume<\/a> sur <b>GoogleBooks<\/b><\/p>\n<p><b>771224<\/b><br \/>\n<i>Extrait d&rsquo;une Lettre de Montauban, sur un po\u00e8te languedocien<\/i><br \/>\nD\u00e9cembre 1777, Tome XII, p. 239-41<br \/>\n(Avis Divers)<br \/>\n<a href=\"http:\/\/books.google.be\/books?id=ngMTAAAAYAAJ&amp;printsec=frontcover&amp;dq=editions:0YywDHrPuX_Qlj6G&amp;lr=&amp;as_brr=1&amp;hl=fr\" target=\"_blank\" rel=\"noopener\">Acc\u00e9der au volume<\/a> sur <b>GoogleBooks<\/b><\/p>\n<p><b>771225<\/b><br \/>\n<i>Traduction libre du d\u00e9but de l&rsquo;Anti-Lucr\u00e8ce<\/i><br \/>\nD\u00e9cembre 1777, Tome XII, p. 242-43<br \/>\n<a href=\"http:\/\/books.google.be\/books?id=ngMTAAAAYAAJ&amp;printsec=frontcover&amp;dq=editions:0YywDHrPuX_Qlj6G&amp;lr=&amp;as_brr=1&amp;hl=fr\" target=\"_blank\" rel=\"noopener\">Acc\u00e9der au volume<\/a> sur <b>GoogleBooks<\/b><\/p>\n<p><b>771226<\/b><br \/>\nJean-Fran\u00e7ois Ducis<br \/>\n<i>\u00c0 ma m\u00e8re, sur sa convalescence<\/i><br \/>\nD\u00e9cembre 1777, Tome XII, p. 243-46<br \/>\n<a href=\"http:\/\/books.google.be\/books?id=ngMTAAAAYAAJ&amp;printsec=frontcover&amp;dq=editions:0YywDHrPuX_Qlj6G&amp;lr=&amp;as_brr=1&amp;hl=fr\" target=\"_blank\" rel=\"noopener\">Acc\u00e9der au volume<\/a> sur <b>GoogleBooks<\/b><\/p>\n<p><b>771227<\/b><br \/>\n<i>L&rsquo;avare convert<\/i>i<br \/>\nD\u00e9cembre 1777, Tome XII, p. 246<br \/>\n<a href=\"http:\/\/books.google.be\/books?id=ngMTAAAAYAAJ&amp;printsec=frontcover&amp;dq=editions:0YywDHrPuX_Qlj6G&amp;lr=&amp;as_brr=1&amp;hl=fr\" target=\"_blank\" rel=\"noopener\">Acc\u00e9der au volume<\/a> sur <b>GoogleBooks<\/b><\/p>\n<p style=\"text-align: justify;\"><b>771228<\/b><br \/>\nVoltaire<br \/>\n<i>Stances sur l&rsquo;alliance renouvel\u00e9e entre la France et les Cantons helv\u00e9tiques : jur\u00e9e dans l&rsquo;\u00c9glise de Soleure, le 25 ao\u00fbt 1777<\/i><br \/>\nD\u00e9cembre 1777, Tome XII, p. 247-48<br \/>\n<a href=\"http:\/\/books.google.be\/books?id=ngMTAAAAYAAJ&amp;printsec=frontcover&amp;dq=editions:0YywDHrPuX_Qlj6G&amp;lr=&amp;as_brr=1&amp;hl=fr\" target=\"_blank\" rel=\"noopener\">Acc\u00e9der au volume<\/a> sur <b>GoogleBooks<\/b><\/p>\n<p><b>771229<\/b><br \/>\nAugustin-Beno\u00eet Reynier<br \/>\n<i>La bonne fille. Romance<\/i><br \/>\nD\u00e9cembre 1777, Tome XII, p. 248-49<br \/>\n<a href=\"http:\/\/books.google.be\/books?id=ngMTAAAAYAAJ&amp;printsec=frontcover&amp;dq=editions:0YywDHrPuX_Qlj6G&amp;lr=&amp;as_brr=1&amp;hl=fr\" target=\"_blank\" rel=\"noopener\">Acc\u00e9der au volume<\/a> sur <b>GoogleBooks<\/b><\/p>\n<p><b>771230<\/b><br \/>\nC*** [Denis-Dominique Cardonne]\n<i>Vers pour mettre au bas du portrait de M. de Voltaire<\/i><br \/>\nD\u00e9cembre 1777, Tome XII, p. 250<br \/>\n<a href=\"http:\/\/books.google.be\/books?id=ngMTAAAAYAAJ&amp;printsec=frontcover&amp;dq=editions:0YywDHrPuX_Qlj6G&amp;lr=&amp;as_brr=1&amp;hl=fr\" target=\"_blank\" rel=\"noopener\">Acc\u00e9der au volume<\/a> sur <b>GoogleBooks<\/b><\/p>\n<p><b>771231<\/b><br \/>\nComte de Viermes<br \/>\n<i>Vers sur la R\u00e9forme<\/i><br \/>\nD\u00e9cembre 1777, Tome XII, p. 250-51<br \/>\n<a href=\"http:\/\/books.google.be\/books?id=ngMTAAAAYAAJ&amp;printsec=frontcover&amp;dq=editions:0YywDHrPuX_Qlj6G&amp;lr=&amp;as_brr=1&amp;hl=fr\" target=\"_blank\" rel=\"noopener\">Acc\u00e9der au volume<\/a> sur <b>GoogleBooks<\/b><\/p>\n<p><b>771232<\/b><br \/>\nComtesse de B** [Fanny de Beauharnais]\n<i>\u00c0 la Reine. Un jour qu&rsquo;elle \u00e9tait \u00e0 l&rsquo;Op\u00e9ra<\/i><br \/>\nD\u00e9cembre 1777, Tome XII, p. 251<br \/>\n<a href=\"http:\/\/books.google.be\/books?id=ngMTAAAAYAAJ&amp;printsec=frontcover&amp;dq=editions:0YywDHrPuX_Qlj6G&amp;lr=&amp;as_brr=1&amp;hl=fr\" target=\"_blank\" rel=\"noopener\">Acc\u00e9der au volume<\/a> sur <b>GoogleBooks<\/b><\/p>\n<p><b>771233<\/b><br \/>\nRoman de Nisme<br \/>\n<i>Bouquet jet\u00e9 par une fen\u00eatre<\/i><br \/>\nD\u00e9cembre 1777, Tome XII, p. 252<br \/>\n<a href=\"http:\/\/books.google.be\/books?id=ngMTAAAAYAAJ&amp;printsec=frontcover&amp;dq=editions:0YywDHrPuX_Qlj6G&amp;lr=&amp;as_brr=1&amp;hl=fr\" target=\"_blank\" rel=\"noopener\">Acc\u00e9der au volume<\/a> sur <b>GoogleBooks<\/b><\/p>\n<p><b>771234<\/b><br \/>\nD. R L.<br \/>\n<i>L&rsquo;homme s\u00fbr de sa conscience<\/i><br \/>\nD\u00e9cembre 1777, Tome XII, p. 252-53<br \/>\n<a href=\"http:\/\/books.google.be\/books?id=ngMTAAAAYAAJ&amp;printsec=frontcover&amp;dq=editions:0YywDHrPuX_Qlj6G&amp;lr=&amp;as_brr=1&amp;hl=fr\" target=\"_blank\" rel=\"noopener\">Acc\u00e9der au volume<\/a> sur <b>GoogleBooks<\/b><\/p>\n<p><b>771235<\/b><br \/>\nMayer<br \/>\n<i>\u00c0 Madame de*** <\/i><br \/>\nD\u00e9cembre 1777, Tome XII, p. 253<br \/>\n<a href=\"http:\/\/books.google.be\/books?id=ngMTAAAAYAAJ&amp;printsec=frontcover&amp;dq=editions:0YywDHrPuX_Qlj6G&amp;lr=&amp;as_brr=1&amp;hl=fr\" target=\"_blank\" rel=\"noopener\">Acc\u00e9der au volume<\/a> sur <b>GoogleBooks<\/b><\/p>\n<\/div><div class=\"fusion-clearfix\"><\/div><\/div><\/div><\/div><\/div>\n","protected":false},"excerpt":{"rendered":"","protected":false},"author":2,"featured_media":0,"parent":0,"menu_order":0,"comment_status":"closed","ping_status":"closed","template":"","meta":{"footnotes":""},"class_list":["post-3734","page","type-page","status-publish","hentry"],"_links":{"self":[{"href":"http:\/\/web.philo.ulg.ac.be\/gedhsr\/wp-json\/wp\/v2\/pages\/3734","targetHints":{"allow":["GET"]}}],"collection":[{"href":"http:\/\/web.philo.ulg.ac.be\/gedhsr\/wp-json\/wp\/v2\/pages"}],"about":[{"href":"http:\/\/web.philo.ulg.ac.be\/gedhsr\/wp-json\/wp\/v2\/types\/page"}],"author":[{"embeddable":true,"href":"http:\/\/web.philo.ulg.ac.be\/gedhsr\/wp-json\/wp\/v2\/users\/2"}],"replies":[{"embeddable":true,"href":"http:\/\/web.philo.ulg.ac.be\/gedhsr\/wp-json\/wp\/v2\/comments?post=3734"}],"version-history":[{"count":1,"href":"http:\/\/web.philo.ulg.ac.be\/gedhsr\/wp-json\/wp\/v2\/pages\/3734\/revisions"}],"predecessor-version":[{"id":5706,"href":"http:\/\/web.philo.ulg.ac.be\/gedhsr\/wp-json\/wp\/v2\/pages\/3734\/revisions\/5706"}],"wp:attachment":[{"href":"http:\/\/web.philo.ulg.ac.be\/gedhsr\/wp-json\/wp\/v2\/media?parent=3734"}],"curies":[{"name":"wp","href":"https:\/\/api.w.org\/{rel}","templated":true}]}}