{"id":3738,"date":"2014-04-23T14:52:58","date_gmt":"2014-04-23T12:52:58","guid":{"rendered":"http:\/\/web.philo.ulg.ac.be\/gedhsr\/?page_id=3738"},"modified":"2019-12-18T10:28:48","modified_gmt":"2019-12-18T08:28:48","slug":"annee-1779","status":"publish","type":"page","link":"http:\/\/web.philo.ulg.ac.be\/gedhsr\/annee-1779\/","title":{"rendered":"Ann\u00e9e 1779"},"content":{"rendered":"<div class=\"fusion-fullwidth fullwidth-box fusion-builder-row-1 nonhundred-percent-fullwidth non-hundred-percent-height-scrolling\" style=\"background-color: #ffffff;background-position: center center;background-repeat: no-repeat;padding-top:0px;padding-right:0px;padding-bottom:0px;padding-left:0px;margin-bottom: 0px;margin-top: 0px;border-width: 0px 0px 0px 0px;border-color:#eae9e9;border-style:solid;\" ><div class=\"fusion-builder-row fusion-row\"><div class=\"fusion-layout-column fusion_builder_column fusion-builder-column-0 fusion_builder_column_1_1 1_1 fusion-one-full fusion-column-first fusion-column-last\" style=\"margin-top:0px;margin-bottom:0px;\"><div class=\"fusion-column-wrapper fusion-flex-column-wrapper-legacy\" style=\"background-position:left top;background-repeat:no-repeat;-webkit-background-size:cover;-moz-background-size:cover;-o-background-size:cover;background-size:cover;padding: 0px 0px 0px 0px;\"><style type=\"text\/css\"><\/style><div class=\"fusion-title title fusion-title-1 sep-underline sep-solid fusion-title-text fusion-title-size-one\" style=\"border-bottom-color:#00843b;margin-top:0px;margin-right:0px;margin-bottom:70px;margin-left:0px;\"><h1 class=\"title-heading-left fusion-responsive-typography-calculated\" style=\"margin:0;--fontSize:42;line-height:1;\">Ann\u00e9e 1779<\/h1><\/div><div class=\"fusion-text fusion-text-1\"><p><b>790101<\/b><br \/>\nJean-Jacques Garnier<br \/>\n<i>Histoire de France depuis l&rsquo;\u00e9tablissement de la monarchie jusqu&rsquo;au r\u00e8gne de Louis XIV<\/i><br \/>\nJanvier 1779, Tome I, p. 3-28<br \/>\n(Journal de Paris; Journal encyclop\u00e9dique; Journal des sciences et des beaux-arts; Gazette universelle de litt\u00e9rature)<br \/>\n<a href=\"http:\/\/books.google.be\/books?id=LAYTAAAAYAAJ&amp;printsec=frontcover&amp;dq=editions:0WzGAsS-mivZn4ah7Y7&amp;lr=&amp;as_brr=1&amp;hl=fr\" target=\"_blank\" rel=\"noopener\">Acc\u00e9der au volume<\/a> sur <b>GoogleBooks<\/b><\/p>\n<p><b>790102<\/b><br \/>\nAnselme Rabiosus<br \/>\n<i>Reise durch Oberdeutschland, &amp;c. Voyage dans la Haute-Allemagne<\/i><br \/>\nJanvier 1779, Tome I, p. 28-35<br \/>\n(Gazette universelle de litt\u00e9rature)<br \/>\n<a href=\"http:\/\/books.google.be\/books?id=LAYTAAAAYAAJ&amp;printsec=frontcover&amp;dq=editions:0WzGAsS-mivZn4ah7Y7&amp;lr=&amp;as_brr=1&amp;hl=fr\" target=\"_blank\" rel=\"noopener\">Acc\u00e9der au volume<\/a> sur <b>GoogleBooks<\/b><\/p>\n<p><b>790103<\/b><br \/>\nEuripide<br \/>\n<i>Trag\u00e9dies d&rsquo;Euripide ; traduites par M. Pr\u2026<\/i><br \/>\nJanvier 1779, Tome I, p. 35-48<br \/>\n(Journal des sciences et beaux-arts; Journal de Paris; Gazette universelle de litt\u00e9rature)<br \/>\n<a href=\"http:\/\/books.google.be\/books?id=LAYTAAAAYAAJ&amp;printsec=frontcover&amp;dq=editions:0WzGAsS-mivZn4ah7Y7&amp;lr=&amp;as_brr=1&amp;hl=fr\" target=\"_blank\" rel=\"noopener\">Acc\u00e9der au volume<\/a> sur <b>GoogleBooks<\/b><\/p>\n<p style=\"text-align: justify;\"><b>790104<\/b><br \/>\nPercival Stockdale<br \/>\n<i>An inquiry into the nature, and genuine laws of poetry, &amp;c. Recherches sur la nature et les vraies lois de la po\u00e9sie, servant en particulier \u00e0 la d\u00e9fense des \u00e9crits et du g\u00e9nie de M. Pope<\/i><br \/>\nJanvier 1779, Tome I, p. 49-57<br \/>\n(Critical review)<br \/>\n<a href=\"http:\/\/books.google.be\/books?id=LAYTAAAAYAAJ&amp;printsec=frontcover&amp;dq=editions:0WzGAsS-mivZn4ah7Y7&amp;lr=&amp;as_brr=1&amp;hl=fr\" target=\"_blank\" rel=\"noopener\">Acc\u00e9der au volume<\/a> sur <b>GoogleBooks<\/b><\/p>\n<p style=\"text-align: justify;\"><b>790105<\/b><br \/>\nAntoine-Grimoald Monnet<br \/>\n<i>Trait\u00e9 de l&rsquo;exploitation des mines, o\u00f9 l&rsquo;on d\u00e9crit les situations des mines, l&rsquo;art d&rsquo;entailler la roche et la substance des filons, de forcer les puits et les galeries, de procurer de l&rsquo;air aux souterrains, d&rsquo;en vider les eaux, d&rsquo;\u00e9lever les roches et les mines au jour, et de percer en terre ; avec un trait\u00e9 particulier sur la pr\u00e9paration et le lavage des mines : le tout traduit de l&rsquo;allemand<\/i><br \/>\nJanvier 1779, Tome I, p. 57-67<br \/>\n(Journal encyclop\u00e9dique; Affiches et annonces de Paris)<br \/>\n<a href=\"http:\/\/books.google.be\/books?id=LAYTAAAAYAAJ&amp;printsec=frontcover&amp;dq=editions:0WzGAsS-mivZn4ah7Y7&amp;lr=&amp;as_brr=1&amp;hl=fr\" target=\"_blank\" rel=\"noopener\">Acc\u00e9der au volume<\/a> sur <b>GoogleBooks<\/b><\/p>\n<p style=\"text-align: justify;\"><b>790106<\/b><br \/>\nChristoph Traugott Delius<br \/>\n<i>Trait\u00e9 sur la science de l&rsquo;exploitation des mines par th\u00e9orie et pratique, avec un discours sur les principes des finances ; fait pour l&rsquo;acad\u00e9mie imp\u00e9riale et royale de Schemnitz. Traduit en fran\u00e7ais par M. Schreiber<\/i><br \/>\nJanvier 1779, Tome I, p. 68-73<br \/>\n(Gazette d&rsquo;agriculture, commerce, arts et finances)<br \/>\n<a href=\"http:\/\/books.google.be\/books?id=LAYTAAAAYAAJ&amp;printsec=frontcover&amp;dq=editions:0WzGAsS-mivZn4ah7Y7&amp;lr=&amp;as_brr=1&amp;hl=fr\" target=\"_blank\" rel=\"noopener\">Acc\u00e9der au volume<\/a> sur <b>GoogleBooks<\/b><\/p>\n<p><b>790107<\/b><br \/>\nTommaso Temanza<br \/>\n<i>Vite dei pi\u00f9 celebri Archietti \u00e8 Scultori Veneziani<\/i><br \/>\nJanvier 1779, Tome I, p. 74-81<br \/>\n(Effemeridi di Roma)<br \/>\n<a href=\"http:\/\/books.google.be\/books?id=LAYTAAAAYAAJ&amp;printsec=frontcover&amp;dq=editions:0WzGAsS-mivZn4ah7Y7&amp;lr=&amp;as_brr=1&amp;hl=fr\" target=\"_blank\" rel=\"noopener\">Acc\u00e9der au volume<\/a> sur <b>GoogleBooks<\/b><\/p>\n<p style=\"text-align: justify;\"><b>790108<\/b><br \/>\nHern\u00e1n Cort\u00e9s<br \/>\n<i>orrespondance de Fernand Cort\u00e8s avec l&#8217;empereur Charles-Quint, sur la conqu\u00eate du Mexique, traduite par M. le vicomte de Flavigni<\/i><br \/>\nJanvier 1779, Tome I, p. 81-91<br \/>\n(Journal des sciences et beaux-arts)<br \/>\n<a href=\"http:\/\/books.google.be\/books?id=LAYTAAAAYAAJ&amp;printsec=frontcover&amp;dq=editions:0WzGAsS-mivZn4ah7Y7&amp;lr=&amp;as_brr=1&amp;hl=fr\" target=\"_blank\" rel=\"noopener\">Acc\u00e9der au volume<\/a> sur <b>GoogleBooks<\/b><\/p>\n<p style=\"text-align: justify;\"><b>790109<\/b><br \/>\nNicolas Toussaint Des Essarts<br \/>\n<i>Essai sur l&rsquo;histoire g\u00e9n\u00e9rale des tribunaux des peuples, tant anciens que modernes, ou dictionnaire historique et judiciaire, contenant les anecdotes piquantes et les jugements fameux des tribunaux de tous les temps et de toutes les nations<\/i><br \/>\nJanvier 1779, Tome I, p. 92-98<br \/>\n(Ann\u00e9e litt\u00e9raire; Mercure de France; Journal de Paris; Affiches et annonces de Paris)<br \/>\n<a href=\"http:\/\/books.google.be\/books?id=LAYTAAAAYAAJ&amp;printsec=frontcover&amp;dq=editions:0WzGAsS-mivZn4ah7Y7&amp;lr=&amp;as_brr=1&amp;hl=fr\" target=\"_blank\" rel=\"noopener\">Acc\u00e9der au volume<\/a> sur <b>GoogleBooks<\/b><\/p>\n<p><b>790110<\/b>[Madame Brisson]\n<i>\u00c9loge de madame la marquise de S\u00e9vign\u00e9, qui a remport\u00e9 le prix de l&rsquo;acad\u00e9mie de Marseille, en l&rsquo;ann\u00e9e 1777<\/i><br \/>\nJanvier 1779, Tome I, p. 98-109<br \/>\n(Gazette universelle de litt\u00e9rature; Journal des sciences et beaux-arts)<br \/>\n<a href=\"http:\/\/books.google.be\/books?id=LAYTAAAAYAAJ&amp;printsec=frontcover&amp;dq=editions:0WzGAsS-mivZn4ah7Y7&amp;lr=&amp;as_brr=1&amp;hl=fr\" target=\"_blank\" rel=\"noopener\">Acc\u00e9der au volume<\/a> sur <b>GoogleBooks<\/b><\/p>\n<p><b>790111<\/b><br \/>\nJoannes Schwab<br \/>\n<i>Institutiones diplomaticae, &amp;c. Instructions sur la diplomatique, qui contiennent l&rsquo;histoire et les \u00e9l\u00e9ments de cet art<\/i><br \/>\nJanvier 1779, Tome I, p. 110-25<br \/>\n<a href=\"http:\/\/books.google.be\/books?id=LAYTAAAAYAAJ&amp;printsec=frontcover&amp;dq=editions:0WzGAsS-mivZn4ah7Y7&amp;lr=&amp;as_brr=1&amp;hl=fr\" target=\"_blank\" rel=\"noopener\">Acc\u00e9der au volume<\/a> sur <b>GoogleBooks<\/b><\/p>\n<p style=\"text-align: justify;\"><b>790112<\/b>[Scipione Piattoli]\n<i>Essai sur les lieux et les dangers des s\u00e9pultures, traduit de l&rsquo;italien, publi\u00e9 avec quelques changemens, et pr\u00e9c\u00e9d\u00e9 d&rsquo;un Discours pr\u00e9liminaire, dans lequel on trouve, 1\u00b0 l&rsquo;extrait des ouvrages et les R\u00e8glemens qui ont paru en France sur les dangers des inhumations dans les villes et dans les \u00e9glises ; 2\u00b0 la mani\u00e8re de purifier les lieux infect\u00e9s par les \u00e9manations des cadavres en putr\u00e9faction ; 3\u00b0 les proc\u00e9d\u00e9s que l&rsquo;on doit employer pour rappeler \u00e0 la vie les personnes suffoqu\u00e9es par ces vapeurs ; 4\u00b0 un Rapport lu dans une des s\u00e9ances de la Soci\u00e9t\u00e9 royale de m\u00e9decine, sur la n\u00e9cessit\u00e9 d&rsquo;\u00e9loigner les s\u00e9pultures de l&rsquo;enceinte des villes, et principalement de celle de Paris, par M. Vicq d&rsquo;Azyr<\/i><br \/>\nJanvier 1779, Tome I, p. 126-35<br \/>\n(Mercure de France; Journal de Paris; Gazete de sant\u00e9)<br \/>\n<a href=\"http:\/\/books.google.be\/books?id=LAYTAAAAYAAJ&amp;printsec=frontcover&amp;dq=editions:0WzGAsS-mivZn4ah7Y7&amp;lr=&amp;as_brr=1&amp;hl=fr\" target=\"_blank\" rel=\"noopener\">Acc\u00e9der au volume<\/a> sur <b>GoogleBooks<\/b><\/p>\n<p style=\"text-align: justify;\"><b>790113<\/b>[Philip Burton]\n<i>Speculum britannicum ; or, a view of the miseries and calamities, &amp;c. Miroir britannique, ou tableau des malheurs et des calamit\u00e9s qui ont r\u00e9sult\u00e9 en Angleterre des divisions intestines, dans le dernier si\u00e8cle et dans celui-ci<\/i><br \/>\nJanvier 1779, Tome I, p. 136-40<br \/>\n(Monthly review)<br \/>\n<a href=\"http:\/\/books.google.be\/books?id=LAYTAAAAYAAJ&amp;printsec=frontcover&amp;dq=editions:0WzGAsS-mivZn4ah7Y7&amp;lr=&amp;as_brr=1&amp;hl=fr\" target=\"_blank\" rel=\"noopener\">Acc\u00e9der au volume<\/a> sur <b>GoogleBooks<\/b><\/p>\n<p style=\"text-align: justify;\"><b>790114<\/b><br \/>\nJacques-Vincent Delacroix<br \/>\n<i>R\u00e9flexions philosophiques sur l&rsquo;origine de la civilisation, et sur les moyens de rem\u00e9dier \u00e0 quelques-uns des abus qu&rsquo;elle entra\u00eene<\/i><br \/>\nJanvier 1779, Tome I, p. 140-49<br \/>\n(Mercure de France; Journal de Paris; Gazette des tribunaux; gazette universelle de litt\u00e9rature)<br \/>\n<a href=\"http:\/\/books.google.be\/books?id=LAYTAAAAYAAJ&amp;printsec=frontcover&amp;dq=editions:0WzGAsS-mivZn4ah7Y7&amp;lr=&amp;as_brr=1&amp;hl=fr\" target=\"_blank\" rel=\"noopener\">Acc\u00e9der au volume<\/a> sur <b>GoogleBooks<\/b><\/p>\n<p><b>790115<\/b><br \/>\nTommaso Agostino Vairani<br \/>\n<i>Cremonensium monumenta Romae extantia, &amp;c. Monuments des Cremonois, existants \u00e0 Rome, recueillis et \u00e9claircis<\/i><br \/>\nJanvier 1779, Tome I, p. 149-59<br \/>\n(Effemeridi di Roma)<br \/>\n<a href=\"http:\/\/books.google.be\/books?id=LAYTAAAAYAAJ&amp;printsec=frontcover&amp;dq=editions:0WzGAsS-mivZn4ah7Y7&amp;lr=&amp;as_brr=1&amp;hl=fr\" target=\"_blank\" rel=\"noopener\">Acc\u00e9der au volume<\/a> sur <b>GoogleBooks<\/b><\/p>\n<p><b>790116<\/b><br \/>\nD**** [Delon de Sarnach]\n<i>Ang\u00e9lique, com\u00e9die-f\u00e9\u00e9rie, en trois actes, m\u00eal\u00e9e d&rsquo;ariettes<\/i><br \/>\nJanvier 1779, Tome I, p. 159-61<br \/>\n(Affiches et annonces de Paris)<br \/>\n<a href=\"http:\/\/books.google.be\/books?id=LAYTAAAAYAAJ&amp;printsec=frontcover&amp;dq=editions:0WzGAsS-mivZn4ah7Y7&amp;lr=&amp;as_brr=1&amp;hl=fr\" target=\"_blank\" rel=\"noopener\">Acc\u00e9der au volume<\/a> sur <b>GoogleBooks<\/b><\/p>\n<p style=\"text-align: justify;\"><b>790117<\/b><br \/>\nChristian Mayer<br \/>\n<i>Grundliche vertheidigung neuer beobachtungen von sistern trabanten, &amp;c. D\u00e9fense raisonn\u00e9e des nouvelles observations des satellites d&rsquo;\u00e9toiles fixes, d\u00e9couverts \u00e0 l&rsquo;observatoire \u00e9lectoral de Manheim<\/i><br \/>\nJanvier 1779, Tome I, p. 162-74<br \/>\n<a href=\"http:\/\/books.google.be\/books?id=LAYTAAAAYAAJ&amp;printsec=frontcover&amp;dq=editions:0WzGAsS-mivZn4ah7Y7&amp;lr=&amp;as_brr=1&amp;hl=fr\" target=\"_blank\" rel=\"noopener\">Acc\u00e9der au volume<\/a> sur <b>GoogleBooks<\/b><\/p>\n<p><b>790118<\/b>[Giuseppe Groto]\n<i>Vie de Louis Groto, d&rsquo;Adria: traduite de l&rsquo;italien<\/i><br \/>\nJanvier 1779, Tome I, p. 175-81<br \/>\n(Giornale enciclopedico)<br \/>\n<a href=\"http:\/\/books.google.be\/books?id=LAYTAAAAYAAJ&amp;printsec=frontcover&amp;dq=editions:0WzGAsS-mivZn4ah7Y7&amp;lr=&amp;as_brr=1&amp;hl=fr\" target=\"_blank\" rel=\"noopener\">Acc\u00e9der au volume<\/a> sur <b>GoogleBooks<\/b><\/p>\n<p><b>790119<\/b><br \/>\n<i>M\u00e9moires sur Eug\u00e8ne Aram, condamn\u00e9 pour meurtre, aux assises d&rsquo;York : traduits de l&rsquo;anglais<\/i><br \/>\nJanvier 1779, Tome I, p. 181-200<br \/>\n(Universal magazine)<br \/>\n<a href=\"http:\/\/books.google.be\/books?id=LAYTAAAAYAAJ&amp;printsec=frontcover&amp;dq=editions:0WzGAsS-mivZn4ah7Y7&amp;lr=&amp;as_brr=1&amp;hl=fr\" target=\"_blank\" rel=\"noopener\">Acc\u00e9der au volume<\/a> sur <b>GoogleBooks<\/b><\/p>\n<p><b>790120<\/b>[Barth\u00e9lemy Mercier de Saint-L\u00e9ger]\n<i>Nouvelles remarques critiques sur les deux premiers volumes de la Biblioth\u00e8que g\u00e9n\u00e9rale des \u00c9crivains de l&rsquo;Ordre de S. Beno\u00eet<\/i><br \/>\nJanvier 1779, Tome I, p. 201-276<br \/>\n<a href=\"http:\/\/books.google.be\/books?id=LAYTAAAAYAAJ&amp;printsec=frontcover&amp;dq=editions:0WzGAsS-mivZn4ah7Y7&amp;lr=&amp;as_brr=1&amp;hl=fr\" target=\"_blank\" rel=\"noopener\">Acc\u00e9der au volume<\/a> sur <b>GoogleBooks<\/b><\/p>\n<p><b>790121<\/b><br \/>\nClaude-Joseph Dorat<br \/>\n<i>Le monde magique. \u00c9p\u00eetre \u00e0 T\u00e9l\u00e9sie<\/i><br \/>\nJanvier 1779, Tome I, p. 277-279<br \/>\n<a href=\"http:\/\/books.google.be\/books?id=LAYTAAAAYAAJ&amp;printsec=frontcover&amp;dq=editions:0WzGAsS-mivZn4ah7Y7&amp;lr=&amp;as_brr=1&amp;hl=fr\" target=\"_blank\" rel=\"noopener\">Acc\u00e9der au volume<\/a> sur <b>GoogleBooks<\/b><\/p>\n<p><b>790122<\/b><br \/>\n<i>Sur la beaut\u00e9<\/i><br \/>\nJanvier 1779, Tome I, p. 279<br \/>\n<a href=\"http:\/\/books.google.be\/books?id=LAYTAAAAYAAJ&amp;printsec=frontcover&amp;dq=editions:0WzGAsS-mivZn4ah7Y7&amp;lr=&amp;as_brr=1&amp;hl=fr\" target=\"_blank\" rel=\"noopener\">Acc\u00e9der au volume<\/a> sur <b>GoogleBooks<\/b><\/p>\n<p><b>790123<\/b><br \/>\nMadame la Marquise de la Fer\u2026 [Marquise de La Ferrandi\u00e8re]\n<i>Bastien. Romance<\/i><br \/>\nJanvier 1779, Tome I, p. 279-80<br \/>\n<a href=\"http:\/\/books.google.be\/books?id=LAYTAAAAYAAJ&amp;printsec=frontcover&amp;dq=editions:0WzGAsS-mivZn4ah7Y7&amp;lr=&amp;as_brr=1&amp;hl=fr\" target=\"_blank\" rel=\"noopener\">Acc\u00e9der au volume<\/a> sur <b>GoogleBooks<\/b><\/p>\n<p><b>790124<\/b>[Honor\u00e9-Gabriel Riqueti, comte de Mirabeau]\n<i>L&rsquo;amour prisonnier<\/i><br \/>\nJanvier 1779, Tome I, p. 280-81<br \/>\n<a href=\"http:\/\/books.google.be\/books?id=LAYTAAAAYAAJ&amp;printsec=frontcover&amp;dq=editions:0WzGAsS-mivZn4ah7Y7&amp;lr=&amp;as_brr=1&amp;hl=fr\" target=\"_blank\" rel=\"noopener\">Acc\u00e9der au volume<\/a> sur <b>GoogleBooks<\/b><\/p>\n<p><b>790125<\/b>[Honor\u00e9-Gabriel Riqueti, comte de Mirabeau]\n<i>Diane surprise par l&rsquo;amour<\/i><br \/>\nJanvier 1779, Tome I, p. 281<br \/>\n<a href=\"http:\/\/books.google.be\/books?id=LAYTAAAAYAAJ&amp;printsec=frontcover&amp;dq=editions:0WzGAsS-mivZn4ah7Y7&amp;lr=&amp;as_brr=1&amp;hl=fr\" target=\"_blank\" rel=\"noopener\">Acc\u00e9der au volume<\/a> sur <b>GoogleBooks<\/b><\/p>\n<p><b>790126<\/b><br \/>\nBernard-Joseph Saurin<br \/>\n<i>Vers pour mettre au bas du buste de M. de Buffon<\/i><br \/>\nJanvier 1779, Tome I, p. 281<br \/>\n<a href=\"http:\/\/books.google.be\/books?id=LAYTAAAAYAAJ&amp;printsec=frontcover&amp;dq=editions:0WzGAsS-mivZn4ah7Y7&amp;lr=&amp;as_brr=1&amp;hl=fr\" target=\"_blank\" rel=\"noopener\">Acc\u00e9der au volume<\/a> sur <b>GoogleBooks<\/b><\/p>\n<p><b>790127<\/b><br \/>\nPhilippe Gu\u00e9neau de Montbeillard<br \/>\n<i>\u00c0 M. de Buffon, pour le jour de sa naissance<\/i><br \/>\nJanvier 1779, Tome I, p. 281-82<br \/>\n<a href=\"http:\/\/books.google.be\/books?id=LAYTAAAAYAAJ&amp;printsec=frontcover&amp;dq=editions:0WzGAsS-mivZn4ah7Y7&amp;lr=&amp;as_brr=1&amp;hl=fr\" target=\"_blank\" rel=\"noopener\">Acc\u00e9der au volume<\/a> sur <b>GoogleBooks<\/b><\/p>\n<p style=\"text-align: justify;\"><b>790128<\/b><br \/>\nD. R.<br \/>\n<i>\u00c0 M. le comte de Bouill\u00e9, Qui \u00e9tait sur le point de venir voir Mde. l&rsquo;Abesse de Pr\u00e9aux, sa tante, apr\u00e8s avoir apport\u00e9 au Roi la nouvelle de sa prise de la Dominique sur les Anglais, par M. le Marquis de Bouill\u00e9, son cousin<\/i><br \/>\nJanvier 1779, Tome I, p. 282-83<br \/>\n<a href=\"http:\/\/books.google.be\/books?id=LAYTAAAAYAAJ&amp;printsec=frontcover&amp;dq=editions:0WzGAsS-mivZn4ah7Y7&amp;lr=&amp;as_brr=1&amp;hl=fr\" target=\"_blank\" rel=\"noopener\">Acc\u00e9der au volume<\/a> sur <b>GoogleBooks<\/b><\/p>\n<p><b>790129<\/b>[Honor\u00e9-Gabriel Riqueti, comte de Mirabeau]\n<i>\u00c0 Myrrine, aboyant l&rsquo;amour<\/i><br \/>\nJanvier 1779, Tome I, p. 284<br \/>\n<a href=\"http:\/\/books.google.be\/books?id=LAYTAAAAYAAJ&amp;printsec=frontcover&amp;dq=editions:0WzGAsS-mivZn4ah7Y7&amp;lr=&amp;as_brr=1&amp;hl=fr\" target=\"_blank\" rel=\"noopener\">Acc\u00e9der au volume<\/a> sur <b>GoogleBooks<\/b><\/p>\n<p><b>790130<\/b><br \/>\nAlexis Piron<br \/>\n<i>\u00c9p\u00eetre de Piron, \u00e0 M. le Comte de Livry<\/i><br \/>\nJanvier 1779, Tome I, p. 284-86<br \/>\n<a href=\"http:\/\/books.google.be\/books?id=LAYTAAAAYAAJ&amp;printsec=frontcover&amp;dq=editions:0WzGAsS-mivZn4ah7Y7&amp;lr=&amp;as_brr=1&amp;hl=fr\" target=\"_blank\" rel=\"noopener\">Acc\u00e9der au volume<\/a> sur <b>GoogleBooks<\/b><\/p>\n<p><b>790201<\/b><br \/>\nComte de Girecourt<br \/>\n<i>Essai sur l&rsquo;histoire de la maison d&rsquo;Autriche<\/i><br \/>\nF\u00e9vrier 1779, Tome II, p. 3-27<br \/>\n(Journal encyclop\u00e9dique; Journal de Paris; Gazette universelle de litt\u00e9rature)<br \/>\n<a href=\"http:\/\/books.google.be\/books?id=CpkUAAAAQAAJ&amp;printsec=frontcover&amp;dq=editions:0WIMceFo3xOrgOJMJ&amp;lr=&amp;as_brr=1&amp;hl=fr\" target=\"_blank\" rel=\"noopener\">Acc\u00e9der au volume<\/a> sur <b>GoogleBooks<\/b><\/p>\n<p><b>790202<\/b><br \/>\nJean-Fran\u00e7ois Fournel<br \/>\n<i>Trait\u00e9 de l&rsquo;adult\u00e8re, consid\u00e9r\u00e9 dans l&rsquo;ordre judiciaire<\/i><br \/>\nF\u00e9vrier 1779, Tome II, p. 27-45<br \/>\n(Gazette des tribunaux; Mercure de France; Journal encyclop\u00e9dique; Journal de Paris; Gazette universelle de litt\u00e9rature)<br \/>\n<a href=\"http:\/\/books.google.be\/books?id=CpkUAAAAQAAJ&amp;printsec=frontcover&amp;dq=editions:0WIMceFo3xOrgOJMJ&amp;lr=&amp;as_brr=1&amp;hl=fr\" target=\"_blank\" rel=\"noopener\">Acc\u00e9der au volume<\/a> sur <b>GoogleBooks<\/b><\/p>\n<p><b>790203<\/b>[Nicolas-Edme R\u00e9tif de La Bretonne]\n<i>Le nouvel Abeilard, ou lettres de deux jeunes amants qui ne se sont jamais vus<\/i><br \/>\nF\u00e9vrier 1779, Tome II, p. 45-53<br \/>\n(Journal des sciences et beaux-arts; Affiches et annonces de Paris; Mercure de France)<br \/>\n<a href=\"http:\/\/books.google.be\/books?id=CpkUAAAAQAAJ&amp;printsec=frontcover&amp;dq=editions:0WIMceFo3xOrgOJMJ&amp;lr=&amp;as_brr=1&amp;hl=fr\" target=\"_blank\" rel=\"noopener\">Acc\u00e9der au volume<\/a> sur <b>GoogleBooks<\/b><\/p>\n<p style=\"text-align: justify;\"><b>790204<\/b><br \/>\nWilliam Hutchinson<br \/>\n<i>A view of Northumberland, &amp;c. Description du Northumberland, suivie d&rsquo;un voyage \u00e0 l&rsquo;abbaye de Mailross en \u00c9cosse<\/i><br \/>\nF\u00e9vrier 1779, Tome II, p. 54-66<br \/>\n(Critical review)<br \/>\n<a href=\"http:\/\/books.google.be\/books?id=CpkUAAAAQAAJ&amp;printsec=frontcover&amp;dq=editions:0WIMceFo3xOrgOJMJ&amp;lr=&amp;as_brr=1&amp;hl=fr\" target=\"_blank\" rel=\"noopener\">Acc\u00e9der au volume<\/a> sur <b>GoogleBooks<\/b><\/p>\n<p style=\"text-align: justify;\"><b>790205<\/b><br \/>\n<i>Historia &amp; commentationes academiae electoralis scientiarum &amp; elegantiorum litterarum Theodoro-Palatinae. Histoire et m\u00e9moires de l&rsquo;acad\u00e9mie \u00e9lectorale Th\u00e9odoro-Palatine des sciences et des belles-lettres<\/i><br \/>\nF\u00e9vrier 1779, Tome II, p. 67-100<br \/>\n<a href=\"http:\/\/books.google.be\/books?id=CpkUAAAAQAAJ&amp;printsec=frontcover&amp;dq=editions:0WIMceFo3xOrgOJMJ&amp;lr=&amp;as_brr=1&amp;hl=fr\" target=\"_blank\" rel=\"noopener\">Acc\u00e9der au volume<\/a> sur <b>GoogleBooks<\/b><\/p>\n<p><b>790206<\/b><br \/>\n<i>Phorbas, duc d&rsquo;Arm\u00e9nie, trag\u00e9die en cinq actes et en vers<\/i><br \/>\nF\u00e9vrier 1779, Tome II, p. 100-05<br \/>\n(Affiches et annonces de Paris; Journal des sciences et beaux-arts)<br \/>\n<a href=\"http:\/\/books.google.be\/books?id=CpkUAAAAQAAJ&amp;printsec=frontcover&amp;dq=editions:0WIMceFo3xOrgOJMJ&amp;lr=&amp;as_brr=1&amp;hl=fr\" target=\"_blank\" rel=\"noopener\">Acc\u00e9der au volume<\/a> sur <b>GoogleBooks<\/b><\/p>\n<p><b>790207<\/b><br \/>\nJ\u00e9r\u00f4me Richard<br \/>\n<i>Histoire naturelle, civile et politique du Tonquin<\/i> [<a href=\"http:\/\/www.gedhs.ulg.ac.be\/recherches\/espritdesjournaux\/pdf\/rousseau3.pdf\" target=\"_blank\" rel=\"noopener\">MODE IMAGE<\/a>]\nF\u00e9vrier 1779, Tome II, p. 106-25<br \/>\n(Mercure de France; Journal encyclop\u00e9dique; Gazette universelle de litt\u00e9rature)<br \/>\n<a href=\"http:\/\/books.google.be\/books?id=CpkUAAAAQAAJ&amp;printsec=frontcover&amp;dq=editions:0WIMceFo3xOrgOJMJ&amp;lr=&amp;as_brr=1&amp;hl=fr\" target=\"_blank\" rel=\"noopener\">Acc\u00e9der au volume<\/a> sur <b>GoogleBooks<\/b><\/p>\n<p style=\"text-align: justify;\"><b>790208<\/b><br \/>\nDomenico Tata<br \/>\n<i>Lettera sul Monte Volture, &amp;c. Lettre sur Mont Vultur, aujourd&rsquo;hui Volture, adress\u00e9e \u00e0 S.E.M. Guillaume Hamilton, chevalier de l&rsquo;ordre du Bain, et ministre pl\u00e9nipotentiaire de S.M.B. \u00e0 la cour de Naples, etc. par M. l&rsquo;abb\u00e9 Dominique Tata, suivie d&rsquo;une autre lettre sur l&rsquo;\u00e9tymologie du Mont Volture, par M. l&rsquo;abb\u00e9 D. Cir Xavier Minervino<\/i><br \/>\nF\u00e9vrier 1779, Tome II, p. 126-31<br \/>\n(Novelle letterarie)<br \/>\n<a href=\"http:\/\/books.google.be\/books?id=CpkUAAAAQAAJ&amp;printsec=frontcover&amp;dq=editions:0WIMceFo3xOrgOJMJ&amp;lr=&amp;as_brr=1&amp;hl=fr\" target=\"_blank\" rel=\"noopener\">Acc\u00e9der au volume<\/a> sur <b>GoogleBooks<\/b><\/p>\n<p style=\"text-align: justify;\"><b>790209<\/b><br \/>\n<i>Recueil des lois constitutives des colonies anglaises, consid\u00e9r\u00e9es sous la d\u00e9nomination d&rsquo;Etats-Unis de l&rsquo;Am\u00e9rique septentrionale, auquel on a joint les actes d&rsquo;ind\u00e9pendance, de conf\u00e9d\u00e9ration et autres actes du congr\u00e8s g\u00e9n\u00e9ral ; traduit de l&rsquo;anglais. D\u00e9di\u00e9 \u00e0 M. le docteur Franklin<\/i> [<a href=\"http:\/\/www.gedhs.ulg.ac.be\/recherches\/espritdesjournaux\/pdf\/recueil.pdf\" target=\"_blank\" rel=\"noopener\">MODE IMAGE<\/a>]\nF\u00e9vrier 1779, Tome II, p. 131-39<br \/>\n(Journal de Paris; Journal des sciences et beaux-arts; Affiches et annonces de Paris)<br \/>\n<a href=\"http:\/\/books.google.be\/books?id=CpkUAAAAQAAJ&amp;printsec=frontcover&amp;dq=editions:0WIMceFo3xOrgOJMJ&amp;lr=&amp;as_brr=1&amp;hl=fr\" target=\"_blank\" rel=\"noopener\">Acc\u00e9der au volume<\/a> sur <b>GoogleBooks<\/b><\/p>\n<p><b>790210<\/b><br \/>\n<i>Annales politiques, ou Almanach des muses, depuis l&rsquo;origine de la po\u00e9sie fran\u00e7aise. T V e VI<\/i><br \/>\nF\u00e9vrier 1779, Tome II, p. 139-48<br \/>\n(Journal de Paris; Affiches et annonces de Paris)<br \/>\n<a href=\"http:\/\/books.google.be\/books?id=CpkUAAAAQAAJ&amp;printsec=frontcover&amp;dq=editions:0WIMceFo3xOrgOJMJ&amp;lr=&amp;as_brr=1&amp;hl=fr\" target=\"_blank\" rel=\"noopener\">Acc\u00e9der au volume<\/a> sur <b>GoogleBooks<\/b><\/p>\n<p style=\"text-align: justify;\"><b>790211<\/b><br \/>\nIsaac Newton<br \/>\n<i>Mathematical principles of natural philosophy, &amp;c. Principes math\u00e9matiques de philosophie naturelle ; traduits du latin en anglais, et \u00e9claircis par un commentaire ; par Robert Thorp<\/i><br \/>\nF\u00e9vrier 1779, Tome II, p. 148-62<br \/>\n(Critical review)<br \/>\n<a href=\"http:\/\/books.google.be\/books?id=CpkUAAAAQAAJ&amp;printsec=frontcover&amp;dq=editions:0WIMceFo3xOrgOJMJ&amp;lr=&amp;as_brr=1&amp;hl=fr\" target=\"_blank\" rel=\"noopener\">Acc\u00e9der au volume<\/a> sur <b>GoogleBooks<\/b><\/p>\n<p><b>790212<\/b>[Louis Ramond de Carbonni\u00e8res]\n<i>Les derni\u00e8res aventures du jeune d&rsquo;Olban, fragment des amours alsaciennes<\/i><br \/>\nF\u00e9vrier 1779, Tome II, p. 162-69<br \/>\n(Gazette universelle de litt\u00e9rature)<br \/>\n<a href=\"http:\/\/books.google.be\/books?id=CpkUAAAAQAAJ&amp;printsec=frontcover&amp;dq=editions:0WIMceFo3xOrgOJMJ&amp;lr=&amp;as_brr=1&amp;hl=fr\" target=\"_blank\" rel=\"noopener\">Acc\u00e9der au volume<\/a> sur <b>GoogleBooks<\/b><\/p>\n<p style=\"text-align: justify;\"><b>790213<\/b><br \/>\nFrancesco Berlinghieri<br \/>\n<i>Pensieri intorno a varj soggetti di medicina fisica e chirurgica, &amp;c. Pens\u00e9es sur divers objets de m\u00e9decine-physique et chirurgicale, distribu\u00e9es en trois dissertations<\/i><br \/>\nF\u00e9vrier 1779, Tome II, p. 169-74<br \/>\n(Novelle letterarie)<br \/>\n<a href=\"http:\/\/books.google.be\/books?id=CpkUAAAAQAAJ&amp;printsec=frontcover&amp;dq=editions:0WIMceFo3xOrgOJMJ&amp;lr=&amp;as_brr=1&amp;hl=fr\" target=\"_blank\" rel=\"noopener\">Acc\u00e9der au volume<\/a> sur <b>GoogleBooks<\/b><\/p>\n<p style=\"text-align: justify;\"><b>790214<\/b><br \/>\nJean-Charles Maclot<br \/>\n<i>Mappemonde g\u00e9ographique et historique, donnant les premi\u00e8res connaissances de g\u00e9ographie, de l&rsquo;histoire, des voyages, etc. Ouvrage r\u00e9dig\u00e9 pour l&rsquo;\u00e9ducation<\/i><br \/>\nF\u00e9vrier 1779, Tome II, p. 175-85<br \/>\n(Ann\u00e9e litt\u00e9raire; Journal des sciences et beaux-arts)<br \/>\n<a href=\"http:\/\/books.google.be\/books?id=CpkUAAAAQAAJ&amp;printsec=frontcover&amp;dq=editions:0WIMceFo3xOrgOJMJ&amp;lr=&amp;as_brr=1&amp;hl=fr\" target=\"_blank\" rel=\"noopener\">Acc\u00e9der au volume<\/a> sur <b>GoogleBooks<\/b><\/p>\n<p style=\"text-align: justify;\"><b>790215<\/b><br \/>\nNicolas-Joseph-Laurent Gilbert<br \/>\n<i>Ode sur la guerre pr\u00e9sente apr\u00e8s le combat d&rsquo;Ouessant<\/i><br \/>\nF\u00e9vrier 1779, Tome II, p. 186-93<br \/>\n(Journal encyclop\u00e9dique; Mercure de France; Ann\u00e9e litt\u00e9raire; Journal des sciences et beaux-arts; Journal de Paris; Affiches et annonces de Paris)<br \/>\n<a href=\"http:\/\/books.google.be\/books?id=CpkUAAAAQAAJ&amp;printsec=frontcover&amp;dq=editions:0WIMceFo3xOrgOJMJ&amp;lr=&amp;as_brr=1&amp;hl=fr\" target=\"_blank\" rel=\"noopener\">Acc\u00e9der au volume<\/a> sur <b>GoogleBooks<\/b><\/p>\n<p style=\"text-align: justify;\"><b>790216<\/b><br \/>\nGeorg Andreas Will<br \/>\n<i>Bemerkungen \u00fcber einige Gegenden des katholischen Deutschlands, &amp;c. Observations sur quelques pays de l&rsquo;Allemagne catholique, faites dans le cours d&rsquo;un petit voyage litt\u00e9raire, avec six lettres de Leibniz qui n&rsquo;avaient point encore \u00e9t\u00e9 imprim\u00e9es<\/i> [<a href=\"http:\/\/www.gedhs.ulg.ac.be\/recherches\/espritdesjournaux\/pdf\/allobs.pdf\" target=\"_blank\" rel=\"noopener\">MODE IMAGE<\/a>]\nF\u00e9vrier 1779, Tome II, p. 194-212<br \/>\n<a href=\"http:\/\/books.google.be\/books?id=CpkUAAAAQAAJ&amp;printsec=frontcover&amp;dq=editions:0WIMceFo3xOrgOJMJ&amp;lr=&amp;as_brr=1&amp;hl=fr\" target=\"_blank\" rel=\"noopener\">Acc\u00e9der au volume<\/a> sur <b>GoogleBooks<\/b><\/p>\n<p><b>790217<\/b><br \/>\n<i>Entretiens de M. de Th\u00e9mine<\/i><br \/>\nF\u00e9vrier 1779, Tome II, p. 213-22<br \/>\n<a href=\"http:\/\/books.google.be\/books?id=CpkUAAAAQAAJ&amp;printsec=frontcover&amp;dq=editions:0WIMceFo3xOrgOJMJ&amp;lr=&amp;as_brr=1&amp;hl=fr\" target=\"_blank\" rel=\"noopener\">Acc\u00e9der au volume<\/a> sur <b>GoogleBooks<\/b><\/p>\n<p><b>790218<\/b><br \/>\nPhilippe-Andr\u00e9 Grandidier<br \/>\n<i>Lettre de M. l&rsquo;abb\u00e9 Grandidier \u00e0 M. Fr\u00e9ron<\/i><br \/>\nF\u00e9vrier 1779, Tome II, p. 222-27<br \/>\n(Ann\u00e9e litt\u00e9raire)<br \/>\n<a href=\"http:\/\/books.google.be\/books?id=CpkUAAAAQAAJ&amp;printsec=frontcover&amp;dq=editions:0WIMceFo3xOrgOJMJ&amp;lr=&amp;as_brr=1&amp;hl=fr\" target=\"_blank\" rel=\"noopener\">Acc\u00e9der au volume<\/a> sur <b>GoogleBooks<\/b><\/p>\n<p><b>790219<\/b><br \/>\n<i>Article extrait du Mercure de France<\/i><br \/>\nF\u00e9vrier 1779, Tome II, p. 228-30<br \/>\n(Mercure de France)<br \/>\n<a href=\"http:\/\/books.google.be\/books?id=CpkUAAAAQAAJ&amp;printsec=frontcover&amp;dq=editions:0WIMceFo3xOrgOJMJ&amp;lr=&amp;as_brr=1&amp;hl=fr\" target=\"_blank\" rel=\"noopener\">Acc\u00e9der au volume<\/a> sur <b>GoogleBooks<\/b><\/p>\n<p style=\"text-align: justify;\"><b>790220<\/b><br \/>\n<i>\u00c9loge historique de Monsig. Gaspar Cerati, noble de Parme, chevalier-prieur de l&rsquo;\u00e9glise conventuelle de l&rsquo;ordre de St. Etienne, prov\u00e9diteur-g\u00e9n\u00e9ral de l&rsquo;universit\u00e9 de Pise, et membre de plusieurs acad\u00e9mies<\/i><br \/>\nF\u00e9vrier 1779, Tome II, p. 230-38<br \/>\n(Novelle letterarie)<br \/>\n<a href=\"http:\/\/books.google.be\/books?id=CpkUAAAAQAAJ&amp;printsec=frontcover&amp;dq=editions:0WIMceFo3xOrgOJMJ&amp;lr=&amp;as_brr=1&amp;hl=fr\" target=\"_blank\" rel=\"noopener\">Acc\u00e9der au volume<\/a> sur <b>GoogleBooks<\/b><\/p>\n<p><b>790221<\/b><br \/>\n<i>Lettre de M. Fran\u00e7ois de Neufch\u00e2teau \u00e0 l&rsquo;auteur du journal de Lorraine et Barrois, sur un monument bizarre de l&rsquo;ancienne f\u00e9odalit\u00e9<\/i><br \/>\nF\u00e9vrier 1779, Tome II, p. 238-40<br \/>\n<a href=\"http:\/\/books.google.be\/books?id=CpkUAAAAQAAJ&amp;printsec=frontcover&amp;dq=editions:0WIMceFo3xOrgOJMJ&amp;lr=&amp;as_brr=1&amp;hl=fr\" target=\"_blank\" rel=\"noopener\">Acc\u00e9der au volume<\/a> sur <b>GoogleBooks<\/b><\/p>\n<p><b>790222<\/b><br \/>\n<i>Description d&rsquo;une F. de bois sculpt\u00e9e, appartenant \u00e0 M. Jamet le cadet, mort \u00e0 Paris le 30 ao\u00fbt dernier<\/i><br \/>\nF\u00e9vrier 1779, Tome II, p. 240-45<br \/>\n<a href=\"http:\/\/books.google.be\/books?id=CpkUAAAAQAAJ&amp;printsec=frontcover&amp;dq=editions:0WIMceFo3xOrgOJMJ&amp;lr=&amp;as_brr=1&amp;hl=fr\" target=\"_blank\" rel=\"noopener\">Acc\u00e9der au volume<\/a> sur <b>GoogleBooks<\/b><\/p>\n<p><b>790223<\/b><br \/>\n<i>L&rsquo;\u00e9preuve. Conte<\/i><br \/>\nF\u00e9vrier 1779, Tome II, p. 245-49<br \/>\n(Mercure de France)<br \/>\n<a href=\"http:\/\/books.google.be\/books?id=CpkUAAAAQAAJ&amp;printsec=frontcover&amp;dq=editions:0WIMceFo3xOrgOJMJ&amp;lr=&amp;as_brr=1&amp;hl=fr\" target=\"_blank\" rel=\"noopener\">Acc\u00e9der au volume<\/a> sur <b>GoogleBooks<\/b><\/p>\n<p><b>790224<\/b><br \/>\nJean-Fran\u00e7ois Ducis<br \/>\n<i>\u00c0 M. Thomas, l&rsquo;un des quarante de l&rsquo;Acad\u00e9mie fran\u00e7aise<\/i><br \/>\nF\u00e9vrier 1779, Tome II, p. 250-54<br \/>\n<a href=\"http:\/\/books.google.be\/books?id=CpkUAAAAQAAJ&amp;printsec=frontcover&amp;dq=editions:0WIMceFo3xOrgOJMJ&amp;lr=&amp;as_brr=1&amp;hl=fr\" target=\"_blank\" rel=\"noopener\">Acc\u00e9der au volume<\/a> sur <b>GoogleBooks<\/b><\/p>\n<p><b>790225<\/b><br \/>\nClaude-Joseph Dorat<br \/>\n<i>Portrait de Voltaire<\/i><br \/>\nF\u00e9vrier 1779, Tome II, p. 254-55<br \/>\n<a href=\"http:\/\/books.google.be\/books?id=CpkUAAAAQAAJ&amp;printsec=frontcover&amp;dq=editions:0WIMceFo3xOrgOJMJ&amp;lr=&amp;as_brr=1&amp;hl=fr\" target=\"_blank\" rel=\"noopener\">Acc\u00e9der au volume<\/a> sur <b>GoogleBooks<\/b><\/p>\n<p><b>790226<\/b><br \/>\nMarquise d&rsquo;Antremont [Henriette Bourdic-Viot]\n<i>Couplets<\/i><br \/>\nF\u00e9vrier 1779, Tome II, p. 255-56<br \/>\n<a href=\"http:\/\/books.google.be\/books?id=CpkUAAAAQAAJ&amp;printsec=frontcover&amp;dq=editions:0WIMceFo3xOrgOJMJ&amp;lr=&amp;as_brr=1&amp;hl=fr\" target=\"_blank\" rel=\"noopener\">Acc\u00e9der au volume<\/a> sur <b>GoogleBooks<\/b><\/p>\n<p><b>790227<\/b><br \/>\nMarcad\u00e9<br \/>\n<i>L&rsquo;enfant et le corbeau. Fable<\/i><br \/>\nF\u00e9vrier 1779, Tome II, p. 256-57<br \/>\n<a href=\"http:\/\/books.google.be\/books?id=CpkUAAAAQAAJ&amp;printsec=frontcover&amp;dq=editions:0WIMceFo3xOrgOJMJ&amp;lr=&amp;as_brr=1&amp;hl=fr\" target=\"_blank\" rel=\"noopener\">Acc\u00e9der au volume<\/a> sur <b>GoogleBooks<\/b><\/p>\n<p><b>790228<\/b><br \/>\nBarth\u00e9l\u00e9my Imbert<br \/>\n<i>Impromptu sur l&rsquo;accouchement de la Reine<\/i><br \/>\nF\u00e9vrier 1779, Tome II, p. 257<br \/>\n<a href=\"http:\/\/books.google.be\/books?id=CpkUAAAAQAAJ&amp;printsec=frontcover&amp;dq=editions:0WIMceFo3xOrgOJMJ&amp;lr=&amp;as_brr=1&amp;hl=fr\" target=\"_blank\" rel=\"noopener\">Acc\u00e9der au volume<\/a> sur <b>GoogleBooks<\/b><\/p>\n<p><b>790229<\/b><br \/>\nPr\u00e9sident d&rsquo;Alco [Ange Bonnier d&rsquo;Alco]\n<i>Vers pour le portrait de M. de Voltaire<\/i><br \/>\nF\u00e9vrier 1779, Tome II, p. 257<br \/>\n<a href=\"http:\/\/books.google.be\/books?id=CpkUAAAAQAAJ&amp;printsec=frontcover&amp;dq=editions:0WIMceFo3xOrgOJMJ&amp;lr=&amp;as_brr=1&amp;hl=fr\" target=\"_blank\" rel=\"noopener\">Acc\u00e9der au volume<\/a> sur <b>GoogleBooks<\/b><\/p>\n<p><b>790230<\/b><br \/>\nJean-Fran\u00e7ois Guichard<br \/>\n<i>Vers sur le tombeau de J.J. Rousseau, dessin\u00e9 et grav\u00e9 par M. Moreau le jeune<\/i><br \/>\nF\u00e9vrier 1779, Tome II, p. 258<br \/>\n<a href=\"http:\/\/books.google.be\/books?id=CpkUAAAAQAAJ&amp;printsec=frontcover&amp;dq=editions:0WIMceFo3xOrgOJMJ&amp;lr=&amp;as_brr=1&amp;hl=fr\" target=\"_blank\" rel=\"noopener\">Acc\u00e9der au volume<\/a> sur <b>GoogleBooks<\/b><\/p>\n<p><b>790231<\/b><br \/>\nComtesse de Bussi<br \/>\n<i>Chanson \u00e0 l&rsquo;occasion de la reprise de Castor et Pollux, en 1778<\/i><br \/>\nF\u00e9vrier 1779, Tome II, p. 258-60<br \/>\n<a href=\"http:\/\/books.google.be\/books?id=CpkUAAAAQAAJ&amp;printsec=frontcover&amp;dq=editions:0WIMceFo3xOrgOJMJ&amp;lr=&amp;as_brr=1&amp;hl=fr\" target=\"_blank\" rel=\"noopener\">Acc\u00e9der au volume<\/a> sur <b>GoogleBooks<\/b><\/p>\n<p><b>790232<\/b><br \/>\nBarth\u00e9l\u00e9my Imbert<br \/>\n<i>Chanson<\/i><br \/>\nF\u00e9vrier 1779, Tome II, p. 260<br \/>\n<a href=\"http:\/\/books.google.be\/books?id=CpkUAAAAQAAJ&amp;printsec=frontcover&amp;dq=editions:0WIMceFo3xOrgOJMJ&amp;lr=&amp;as_brr=1&amp;hl=fr\" target=\"_blank\" rel=\"noopener\">Acc\u00e9der au volume<\/a> sur <b>GoogleBooks<\/b><\/p>\n<p><b>790233<\/b><br \/>\nPhilippe-Laurent Pons de Verdun<br \/>\n<i>Vie d&rsquo;un bon-homme<\/i><br \/>\nF\u00e9vrier 1779, Tome II, p. 261<br \/>\n<a href=\"http:\/\/books.google.be\/books?id=CpkUAAAAQAAJ&amp;printsec=frontcover&amp;dq=editions:0WIMceFo3xOrgOJMJ&amp;lr=&amp;as_brr=1&amp;hl=fr\" target=\"_blank\" rel=\"noopener\">Acc\u00e9der au volume<\/a> sur <b>GoogleBooks<\/b><\/p>\n<p style=\"text-align: justify;\"><b>790301<\/b><br \/>\nJacques Fitz-James Berwick<br \/>\n<i>M\u00e9moires du mar\u00e9chal de Berwick, \u00e9crits par lui-m\u00eame, avec une suite abr\u00e9g\u00e9e, depuis 1716, jusqu&rsquo;\u00e0 sa mort en 1734, pr\u00e9c\u00e9d\u00e9s de son portait, par mylord Bolingbroke, et d&rsquo;une \u00e9bauche d&rsquo;\u00e9loge historique, par le pr\u00e9sident de Montesquieu, termin\u00e9s par des notes et des lettres servant des pi\u00e8ces justificatives pour la campagne de 1708<\/i><br \/>\nMars 1779, Tome III, p. 3-30<br \/>\n(Ann\u00e9e litt\u00e9raire; Journal encyclop\u00e9dique; Journal de Paris; Affiches et annonces de Paris; Gazette universelle de litt\u00e9rature)<br \/>\n<a href=\"http:\/\/books.google.be\/books?id=NpIUAAAAQAAJ&amp;printsec=frontcover&amp;dq=editions:0qCv5MvfosIxTQW6d&amp;lr=&amp;as_brr=1&amp;hl=fr\" target=\"_blank\" rel=\"noopener\">Acc\u00e9der au volume<\/a> sur <b>GoogleBooks<\/b><\/p>\n<p><b>790302<\/b><br \/>\nM. de S.H***<br \/>\n<i>Phil\u00e9mon, ou entretiens sur divers sujets int\u00e9ressants de morale ; ou l&rsquo;anti-B\u00e9lisaire<\/i><br \/>\nMars 1779, Tome III, p. 31-41<br \/>\n(Journal des sciences et beaux-arts; Journal encyclop\u00e9dique; Affiches et annonces de Paris)<br \/>\n<a href=\"http:\/\/books.google.be\/books?id=NpIUAAAAQAAJ&amp;printsec=frontcover&amp;dq=editions:0qCv5MvfosIxTQW6d&amp;lr=&amp;as_brr=1&amp;hl=fr\" target=\"_blank\" rel=\"noopener\">Acc\u00e9der au volume<\/a> sur <b>GoogleBooks<\/b><\/p>\n<p><b>790303<\/b><br \/>\nJ\u00e9r\u00f4me de La Lande<br \/>\n<i>Des canaux de navigation, et sp\u00e9cialement du canal de Languedoc<\/i><br \/>\nMars 1779, Tome III, p. 42-62<br \/>\n(Journal des savants; Mercure de France; Journal de physique; Affiches et annonces de Paris)<br \/>\n<a href=\"http:\/\/books.google.be\/books?id=NpIUAAAAQAAJ&amp;printsec=frontcover&amp;dq=editions:0qCv5MvfosIxTQW6d&amp;lr=&amp;as_brr=1&amp;hl=fr\" target=\"_blank\" rel=\"noopener\">Acc\u00e9der au volume<\/a> sur <b>GoogleBooks<\/b><\/p>\n<p><b>790304<\/b><br \/>\nFran\u00e7ois-Thomas-Marie de Baculard d&rsquo;Arnaud<br \/>\n<i>Suite des \u00e9preuves du sentiment, tome V, seconde anecdote, Henriette et Charlot<\/i> [<a href=\"http:\/\/www.gedhs.ulg.ac.be\/recherches\/espritdesjournaux\/pdf\/arnaudsent.pdf\" target=\"_blank\" rel=\"noopener\">MODE IMAGE<\/a>]\nMars 1779, Tome III, p. 62-71<br \/>\n(Ann\u00e9e litt\u00e9raire)<br \/>\n<a href=\"http:\/\/books.google.be\/books?id=NpIUAAAAQAAJ&amp;printsec=frontcover&amp;dq=editions:0qCv5MvfosIxTQW6d&amp;lr=&amp;as_brr=1&amp;hl=fr\" target=\"_blank\" rel=\"noopener\">Acc\u00e9der au volume<\/a> sur <b>GoogleBooks<\/b><\/p>\n<p style=\"text-align: justify;\"><b>790305<\/b><br \/>\nPierre-Joseph Neyron<br \/>\n<i>De vi faederum in tergentes speciatim de obligatione successoris in faedere antecessoris, &amp;c. De la force des alliances entre les nations, et particuli\u00e8rement de l&rsquo;obligation qu&rsquo;impose au successeur un trait\u00e9 fait par son pr\u00e9d\u00e9cesseur, etc. Dissertation<\/i><br \/>\nMars 1779, Tome III, p. 72-78<br \/>\n(Gazette universelle de litt\u00e9rature)<br \/>\n<a href=\"http:\/\/books.google.be\/books?id=NpIUAAAAQAAJ&amp;printsec=frontcover&amp;dq=editions:0qCv5MvfosIxTQW6d&amp;lr=&amp;as_brr=1&amp;hl=fr\" target=\"_blank\" rel=\"noopener\">Acc\u00e9der au volume<\/a> sur <b>GoogleBooks<\/b><\/p>\n<p><b>790306<\/b><br \/>\n<i>Lettres sur la Sicile, par un Voyageur italien, \u00e0 un de ses amis<\/i><br \/>\nMars 1779, Tome III, p. 78-88<br \/>\n(Journal des sciences et beaux-arts)<br \/>\n<a href=\"http:\/\/books.google.be\/books?id=NpIUAAAAQAAJ&amp;printsec=frontcover&amp;dq=editions:0qCv5MvfosIxTQW6d&amp;lr=&amp;as_brr=1&amp;hl=fr\" target=\"_blank\" rel=\"noopener\">Acc\u00e9der au volume<\/a> sur <b>GoogleBooks<\/b><\/p>\n<p><b>790307<\/b><br \/>\nAntoine Lescallier<br \/>\n<i>Po\u00e8me sur la peinture, en sept chants<\/i><br \/>\nMars 1779, Tome III, p. 89-95<br \/>\n(Ann\u00e9e litt\u00e9raire; Journal de Paris)<br \/>\n<a href=\"http:\/\/books.google.be\/books?id=NpIUAAAAQAAJ&amp;printsec=frontcover&amp;dq=editions:0qCv5MvfosIxTQW6d&amp;lr=&amp;as_brr=1&amp;hl=fr\" target=\"_blank\" rel=\"noopener\">Acc\u00e9der au volume<\/a> sur <b>GoogleBooks<\/b><\/p>\n<p style=\"text-align: justify;\"><b>790308<\/b><br \/>\n<i>Notice des hommes les plus c\u00e9l\u00e8bres de la facult\u00e9 de m\u00e9decine en l&rsquo;universit\u00e9 de Paris, depuis 1110 jusqu&rsquo;en 1750 inclusivement ; extraite en plus grande partie du manuscrit de feu M. Thomas-Bernard Bertrand, communiqu\u00e9e par son fils ; r\u00e9dig\u00e9e par M. Jacques-Albert Hazon, docteur-r\u00e9gent de la m\u00eame facult\u00e9 ; pour servir de suite et de compl\u00e9ment \u00e0 l&rsquo;histoire abr\u00e9g\u00e9e de la facult\u00e9, sous le nom d&rsquo;\u00e9loge historique, avec des remarques \u00e9tendues, imprim\u00e9 en 1773<\/i><br \/>\nMars 1779, Tome III, p. 95-102<br \/>\n(Journal des savants; Gazette de sant\u00e9; Affiches et annonces de Paris)<br \/>\n<a href=\"http:\/\/books.google.be\/books?id=NpIUAAAAQAAJ&amp;printsec=frontcover&amp;dq=editions:0qCv5MvfosIxTQW6d&amp;lr=&amp;as_brr=1&amp;hl=fr\" target=\"_blank\" rel=\"noopener\">Acc\u00e9der au volume<\/a> sur <b>GoogleBooks<\/b><\/p>\n<p><b>790309<\/b><br \/>\n<i>Annales po\u00e9tiques, ou Almanach des Muses, depuis l&rsquo;origine de la po\u00e9sie fran\u00e7aise. T. VII et VIII<\/i><br \/>\nMars 1779, Tome III, p. 103-12<br \/>\n(Journal de Paris)<br \/>\n<a href=\"http:\/\/books.google.be\/books?id=NpIUAAAAQAAJ&amp;printsec=frontcover&amp;dq=editions:0qCv5MvfosIxTQW6d&amp;lr=&amp;as_brr=1&amp;hl=fr\" target=\"_blank\" rel=\"noopener\">Acc\u00e9der au volume<\/a> sur <b>GoogleBooks<\/b><\/p>\n<p><b>790310<\/b>[Louis de Laus de Boissy]\n<i>On ne s&rsquo;y attendait pas, ou les \u00c9poux r\u00e9unis, com\u00e9die-proverbe, en un acte et en prose, repr\u00e9sent\u00e9e \u00e0 la barri\u00e8re de Monceaux<\/i><br \/>\nMars 1779, Tome III, p. 113-20<br \/>\n(Journal des sciences et beaux-arts)<br \/>\n<a href=\"http:\/\/books.google.be\/books?id=NpIUAAAAQAAJ&amp;printsec=frontcover&amp;dq=editions:0qCv5MvfosIxTQW6d&amp;lr=&amp;as_brr=1&amp;hl=fr\" target=\"_blank\" rel=\"noopener\">Acc\u00e9der au volume<\/a> sur <b>GoogleBooks<\/b><\/p>\n<p><b>790311<\/b>[Robert Orme]\n<i>A history of the military transactions, &amp;c. Histoire des guerres des Anglais dans l&rsquo;Indostan<\/i><br \/>\nMars 1779, Tome III, p. 121-40<br \/>\n(Critical review)<br \/>\n<a href=\"http:\/\/books.google.be\/books?id=NpIUAAAAQAAJ&amp;printsec=frontcover&amp;dq=editions:0qCv5MvfosIxTQW6d&amp;lr=&amp;as_brr=1&amp;hl=fr\" target=\"_blank\" rel=\"noopener\">Acc\u00e9der au volume<\/a> sur <b>GoogleBooks<\/b><\/p>\n<p><b>790312<\/b><br \/>\nFran\u00e7ois Bedos de Celles<br \/>\n<i>L&rsquo;art du facteur d&rsquo;orgues<\/i><br \/>\nMars 1779, Tome III, p. 140-47<br \/>\n(Journal des savants)<br \/>\n<a href=\"http:\/\/books.google.be\/books?id=NpIUAAAAQAAJ&amp;printsec=frontcover&amp;dq=editions:0qCv5MvfosIxTQW6d&amp;lr=&amp;as_brr=1&amp;hl=fr\" target=\"_blank\" rel=\"noopener\">Acc\u00e9der au volume<\/a> sur <b>GoogleBooks<\/b><\/p>\n<p><b>790313<\/b><br \/>\nMichel Denis<br \/>\n<i>Aufsehers der Garell. Biblioth. &amp;c. Introduction \u00e0 la connaissance des livres. 1re partie<\/i><br \/>\nMars 1779, Tome III, p. 147-76<br \/>\n<a href=\"http:\/\/books.google.be\/books?id=NpIUAAAAQAAJ&amp;printsec=frontcover&amp;dq=editions:0qCv5MvfosIxTQW6d&amp;lr=&amp;as_brr=1&amp;hl=fr\" target=\"_blank\" rel=\"noopener\">Acc\u00e9der au volume<\/a> sur <b>GoogleBooks<\/b><\/p>\n<p><b>790314<\/b><br \/>\nAngelo Talassi<br \/>\n<i>La piuma recisa, &amp;c. La plume coup\u00e9e, po\u00e8me<\/i><br \/>\nMars 1779, Tome III, p. 177-82<br \/>\n(Effemeridi di Roma)<br \/>\n<a href=\"http:\/\/books.google.be\/books?id=NpIUAAAAQAAJ&amp;printsec=frontcover&amp;dq=editions:0qCv5MvfosIxTQW6d&amp;lr=&amp;as_brr=1&amp;hl=fr\" target=\"_blank\" rel=\"noopener\">Acc\u00e9der au volume<\/a> sur <b>GoogleBooks<\/b><\/p>\n<p><b>790315<\/b><br \/>\nLaborie \/ Antoine-Alexis Cadet-De-Vaux \/ Antoine Augustin Parmentier<i><br \/>\nObservations sur les fosses d&rsquo;aisance, et moyens de pr\u00e9venir les inconv\u00e9nients de leur vidange<\/i><br \/>\nMars 1779, Tome III, p. 183-91<br \/>\n(Journal de Paris; Gazette de sant\u00e9; Gazette d&rsquo;agriculture, commerce, arts et finances)<br \/>\n<a href=\"http:\/\/books.google.be\/books?id=NpIUAAAAQAAJ&amp;printsec=frontcover&amp;dq=editions:0qCv5MvfosIxTQW6d&amp;lr=&amp;as_brr=1&amp;hl=fr\" target=\"_blank\" rel=\"noopener\">Acc\u00e9der au volume<\/a> sur <b>GoogleBooks<\/b><\/p>\n<p style=\"text-align: justify;\"><b>790316<\/b><br \/>\nHenri Brooke<br \/>\n<i>A collection of the pieces, &amp;c. Recueil des pi\u00e8ces publi\u00e9es par [\u2026] ; auxquelles on a ajout\u00e9 plusieurs pi\u00e8ces qui paraissent pour la premi\u00e8re fois<\/i><br \/>\nMars 1779, Tome III, p. 191-97<br \/>\n(Monthly review)<br \/>\n<a href=\"http:\/\/books.google.be\/books?id=NpIUAAAAQAAJ&amp;printsec=frontcover&amp;dq=editions:0qCv5MvfosIxTQW6d&amp;lr=&amp;as_brr=1&amp;hl=fr\" target=\"_blank\" rel=\"noopener\">Acc\u00e9der au volume<\/a> sur <b>GoogleBooks<\/b><\/p>\n<p><b>790317<\/b><br \/>\n<i>Des plaisirs de l&rsquo;imagination. Imit\u00e9 de l&rsquo;italien<\/i><br \/>\nMars 1779, Tome III, p. 198-204<br \/>\n(Mercure de France)<br \/>\n<a href=\"http:\/\/books.google.be\/books?id=NpIUAAAAQAAJ&amp;printsec=frontcover&amp;dq=editions:0qCv5MvfosIxTQW6d&amp;lr=&amp;as_brr=1&amp;hl=fr\" target=\"_blank\" rel=\"noopener\">Acc\u00e9der au volume<\/a> sur <b>GoogleBooks<\/b><\/p>\n<p><b>790318<\/b><br \/>\nBarth\u00e9l\u00e9my Imbert<br \/>\n<i>Lettre aux auteurs du Journal de Paris, sur la mort du Chevalier de Laur\u00e8s<\/i><br \/>\nMars 1779, Tome III, p. 204-208<br \/>\n(Journal de Paris)<br \/>\n<a href=\"http:\/\/books.google.be\/books?id=NpIUAAAAQAAJ&amp;printsec=frontcover&amp;dq=editions:0qCv5MvfosIxTQW6d&amp;lr=&amp;as_brr=1&amp;hl=fr\" target=\"_blank\" rel=\"noopener\">Acc\u00e9der au volume<\/a> sur <b>GoogleBooks<\/b><\/p>\n<p><b>790319<\/b><br \/>\n<i>Remarques adress\u00e9es aux auteurs du Journal encyclop\u00e9dique, sur un article d&rsquo;un ouvrage dont ils ont rendu compte<\/i><br \/>\nMars 1779, Tome III, p. 208-11<br \/>\n(Journal encyclop\u00e9dique)<br \/>\n<a href=\"http:\/\/books.google.be\/books?id=NpIUAAAAQAAJ&amp;printsec=frontcover&amp;dq=editions:0qCv5MvfosIxTQW6d&amp;lr=&amp;as_brr=1&amp;hl=fr\" target=\"_blank\" rel=\"noopener\">Acc\u00e9der au volume<\/a> sur <b>GoogleBooks<\/b><\/p>\n<p><b>790320<\/b><br \/>\nJean Auffray<br \/>\n<i>Lettre de M. Auffray, de l&rsquo;acad\u00e9mie de Metz et de Marseille, \u00e0 M. Fr\u00e9ron<\/i><br \/>\nMars 1779, Tome III, p. 212-16<br \/>\n(Ann\u00e9e litt\u00e9raire)<br \/>\n<a href=\"http:\/\/books.google.be\/books?id=NpIUAAAAQAAJ&amp;printsec=frontcover&amp;dq=editions:0qCv5MvfosIxTQW6d&amp;lr=&amp;as_brr=1&amp;hl=fr\" target=\"_blank\" rel=\"noopener\">Acc\u00e9der au volume<\/a> sur <b>GoogleBooks<\/b><\/p>\n<p><b>790321<\/b><br \/>\n<i>Extrait d&rsquo;une lettre \u00e9crite \u00e0 M. l&rsquo;abb\u00e9 Dominique Sestini, &amp;c. par un ami r\u00e9sident \u00e0 Constantinople. (Traduit de l&rsquo;italien.)<\/i><br \/>\nMars 1779, Tome III, p. 216-20<br \/>\n(Novelle letterarie)<br \/>\n<a href=\"http:\/\/books.google.be\/books?id=NpIUAAAAQAAJ&amp;printsec=frontcover&amp;dq=editions:0qCv5MvfosIxTQW6d&amp;lr=&amp;as_brr=1&amp;hl=fr\" target=\"_blank\" rel=\"noopener\">Acc\u00e9der au volume<\/a> sur <b>GoogleBooks<\/b><\/p>\n<p style=\"text-align: justify;\"><b>790322<\/b><br \/>\n<i>R\u00e9ponse \u00e0 quelques \u00e9crits o\u00f9 l&rsquo;on d\u00e9prime divers monuments de la cath\u00e9drale de Tournai, et de sa biblioth\u00e8que publique ; adress\u00e9e aux r\u00e9dacteurs de ce journal<\/i><br \/>\nMars 1779, Tome III, p. 220-23<br \/>\n<a href=\"http:\/\/books.google.be\/books?id=NpIUAAAAQAAJ&amp;printsec=frontcover&amp;dq=editions:0qCv5MvfosIxTQW6d&amp;lr=&amp;as_brr=1&amp;hl=fr\" target=\"_blank\" rel=\"noopener\">Acc\u00e9der au volume<\/a> sur <b>GoogleBooks<\/b><\/p>\n<p><b>790323<\/b><br \/>\n<i>Les effets de l&rsquo;amour. Anecdote<\/i><br \/>\nMars 1779, Tome III, p. 223-27<br \/>\n<a href=\"http:\/\/books.google.be\/books?id=NpIUAAAAQAAJ&amp;printsec=frontcover&amp;dq=editions:0qCv5MvfosIxTQW6d&amp;lr=&amp;as_brr=1&amp;hl=fr\" target=\"_blank\" rel=\"noopener\">Acc\u00e9der au volume<\/a> sur <b>GoogleBooks<\/b><\/p>\n<p style=\"text-align: justify;\"><b>790324<\/b><br \/>\n<i>Extrait de la pri\u00e8re en action de graces, que les Juifs portugais ont r\u00e9cit\u00e9 \u00e0 l&rsquo;issue de leurs v\u00eapres, en leur assembl\u00e9e, rue S. Andr\u00e9-des-Arts, \u00e0 Paris, et prononc\u00e9e par le sieur Vidal p\u00e8re, syndic, au mois de d\u00e9cembre 1778<\/i><br \/>\nMars 1779, Tome III, p. 227-28<br \/>\n<a href=\"http:\/\/books.google.be\/books?id=NpIUAAAAQAAJ&amp;printsec=frontcover&amp;dq=editions:0qCv5MvfosIxTQW6d&amp;lr=&amp;as_brr=1&amp;hl=fr\" target=\"_blank\" rel=\"noopener\">Acc\u00e9der au volume<\/a> sur <b>GoogleBooks<\/b><\/p>\n<p><b>790325<\/b><br \/>\n<i>R\u00e9ponse aux questions ins\u00e9r\u00e9es dans ce journal sur une ancienne monnaie d&rsquo;or de Li\u00e8ge<\/i><br \/>\nMars 1779, Tome III, p. 228-32<br \/>\n<a href=\"http:\/\/books.google.be\/books?id=NpIUAAAAQAAJ&amp;printsec=frontcover&amp;dq=editions:0qCv5MvfosIxTQW6d&amp;lr=&amp;as_brr=1&amp;hl=fr\" target=\"_blank\" rel=\"noopener\">Acc\u00e9der au volume<\/a> sur <b>GoogleBooks<\/b><\/p>\n<p><b>790326<\/b><br \/>\n<i>Entretiens de M. de Th\u00e9mine<\/i><br \/>\nMars 1779, Tome III, p. 233-49<br \/>\n<a href=\"http:\/\/books.google.be\/books?id=NpIUAAAAQAAJ&amp;printsec=frontcover&amp;dq=editions:0qCv5MvfosIxTQW6d&amp;lr=&amp;as_brr=1&amp;hl=fr\" target=\"_blank\" rel=\"noopener\">Acc\u00e9der au volume<\/a> sur <b>GoogleBooks<\/b><\/p>\n<p><b>790327<\/b><br \/>\nArnaud Berquin<br \/>\n<i>Idylle<\/i><br \/>\nMars 1779, Tome III, p. 250-52<br \/>\n<a href=\"http:\/\/books.google.be\/books?id=NpIUAAAAQAAJ&amp;printsec=frontcover&amp;dq=editions:0qCv5MvfosIxTQW6d&amp;lr=&amp;as_brr=1&amp;hl=fr\" target=\"_blank\" rel=\"noopener\">Acc\u00e9der au volume<\/a> sur <b>GoogleBooks<\/b><\/p>\n<p><b>790328<\/b><br \/>\nCharles-Michel de Villette<br \/>\n<i>Requ\u00eate \u00e0 M. Necker, directeur-g\u00e9n\u00e9ral des finances, pour les habitants de Ferney<\/i><br \/>\nMars 1779, Tome III, p. 252-54<br \/>\n<a href=\"http:\/\/books.google.be\/books?id=NpIUAAAAQAAJ&amp;printsec=frontcover&amp;dq=editions:0qCv5MvfosIxTQW6d&amp;lr=&amp;as_brr=1&amp;hl=fr\" target=\"_blank\" rel=\"noopener\">Acc\u00e9der au volume<\/a> sur <b>GoogleBooks<\/b><\/p>\n<p><b>790329<\/b><br \/>\nFanny de Beauharnais<br \/>\n<i>Aux incr\u00e9dules. \u00c9p\u00eetre envoy\u00e9e \u00e0 M. le Comte de Buffon<\/i><br \/>\nMars 1779, Tome III, p. 254-57<br \/>\n<a href=\"http:\/\/books.google.be\/books?id=NpIUAAAAQAAJ&amp;printsec=frontcover&amp;dq=editions:0qCv5MvfosIxTQW6d&amp;lr=&amp;as_brr=1&amp;hl=fr\" target=\"_blank\" rel=\"noopener\">Acc\u00e9der au volume<\/a> sur <b>GoogleBooks<\/b><\/p>\n<p><b>790330<\/b><br \/>\nVoltaire<br \/>\n<i>Quatrain adress\u00e9 \u00e0 Mde de Florian, qui avait \u00e9crit \u00e0 M. de Voltaire qu&rsquo;elle voulait qu&rsquo;il v\u00e9cut longtemps<\/i><br \/>\nMars 1779, Tome III, p. 257<br \/>\n<a href=\"http:\/\/books.google.be\/books?id=NpIUAAAAQAAJ&amp;printsec=frontcover&amp;dq=editions:0qCv5MvfosIxTQW6d&amp;lr=&amp;as_brr=1&amp;hl=fr\" target=\"_blank\" rel=\"noopener\">Acc\u00e9der au volume<\/a> sur <b>GoogleBooks<\/b><\/p>\n<p style=\"text-align: justify;\"><b>790331<\/b><br \/>\nBouch<br \/>\n<i>Vers pr\u00e9sent\u00e9s \u00e0 M. Lenoir, par le sieur Bouch, \u00e9l\u00e8ve de l&rsquo;\u00e9cole gratuite de dessin, qui a remport\u00e9 de grand prix de figure, dont le sujet \u00e9tait le portrait du magistrat<\/i><br \/>\nMars 1779, Tome III, p. 257-58<br \/>\n<a href=\"http:\/\/books.google.be\/books?id=NpIUAAAAQAAJ&amp;printsec=frontcover&amp;dq=editions:0qCv5MvfosIxTQW6d&amp;lr=&amp;as_brr=1&amp;hl=fr\" target=\"_blank\" rel=\"noopener\">Acc\u00e9der au volume<\/a> sur <b>GoogleBooks<\/b><\/p>\n<p><b>790332<\/b><br \/>\nChenevi\u00e8res<br \/>\n<i>\u00c9trennes au Roi<\/i><br \/>\nMars 1779, Tome III, p. 258-59<br \/>\n<a href=\"http:\/\/books.google.be\/books?id=NpIUAAAAQAAJ&amp;printsec=frontcover&amp;dq=editions:0qCv5MvfosIxTQW6d&amp;lr=&amp;as_brr=1&amp;hl=fr\" target=\"_blank\" rel=\"noopener\">Acc\u00e9der au volume<\/a> sur <b>GoogleBooks<\/b><\/p>\n<p><b>790333<\/b><br \/>\nBarth\u00e9l\u00e9my Imbert<br \/>\n<i>Couplets \u00e0 Madame Casanova, sur un d\u00eener o\u00f9 un gros rhume m&#8217;emp\u00eache de me trouver<\/i><br \/>\nMars 1779, Tome III, p. 259<br \/>\n<a href=\"http:\/\/books.google.be\/books?id=NpIUAAAAQAAJ&amp;printsec=frontcover&amp;dq=editions:0qCv5MvfosIxTQW6d&amp;lr=&amp;as_brr=1&amp;hl=fr\" target=\"_blank\" rel=\"noopener\">Acc\u00e9der au volume<\/a> sur <b>GoogleBooks<\/b><\/p>\n<p><b>790334<\/b><br \/>\n<i>Vers \u00e0 M. Greuze sur son tableau repr\u00e9sentant le retour du fils maudit \u00e0 la maison paternelle<\/i><br \/>\nMars 1779, Tome III, p. 260-62<br \/>\n<a href=\"http:\/\/books.google.be\/books?id=NpIUAAAAQAAJ&amp;printsec=frontcover&amp;dq=editions:0qCv5MvfosIxTQW6d&amp;lr=&amp;as_brr=1&amp;hl=fr\" target=\"_blank\" rel=\"noopener\">Acc\u00e9der au volume<\/a> sur <b>GoogleBooks<\/b><\/p>\n<p style=\"text-align: justify;\"><b>790401<\/b><br \/>\nJean Andr\u00e9 de Luc<br \/>\n<i>Lettres physiques et morales sur les montagnes et sur l&rsquo;histoire de la terre et de l&rsquo;homme, adress\u00e9es \u00e0 la reine de la Grande-Bretagne<\/i>\u00a0[<a href=\"http:\/\/www.gedhs.ulg.ac.be\/recherches\/espritdesjournaux\/pdf\/deluc.pdf\" target=\"_blank\" rel=\"noopener\">MODE IMAGE<\/a>]\nAvril 1779, Tome IV, p. 3-24<br \/>\n(Journal des sciences et beaux-arts; Journal de Paris; Journal encyclop\u00e9dique; Gazette universelle de litt\u00e9rature; Affiches et annonces de Paris)<br \/>\n<a href=\"http:\/\/books.google.be\/books?id=WpkUAAAAQAAJ&amp;printsec=titlepage&amp;lr=&amp;as_brr=1&amp;hl=fr&amp;source=gbs_summary_r&amp;cad=0\" target=\"_blank\" rel=\"noopener\">Acc\u00e9der au volume<\/a> sur <b>GoogleBooks<\/b><\/p>\n<p><b>790402<\/b><br \/>\nPierre-Dominique-Guillaume de Rog\u00e9ville<br \/>\n<i>Dictionnaire historique des ordonnances et des tribunaux de la Lorraine et du Barrois<\/i><br \/>\nAvril 1779, Tome IV, p. 25-40<br \/>\n(Journal de Lorraine et Barrois; Journal encyclop\u00e9dique; Gazette universelle de litt\u00e9rature)<br \/>\n<a href=\"http:\/\/books.google.be\/books?id=WpkUAAAAQAAJ&amp;printsec=titlepage&amp;lr=&amp;as_brr=1&amp;hl=fr&amp;source=gbs_summary_r&amp;cad=0\" target=\"_blank\" rel=\"noopener\">Acc\u00e9der au volume<\/a> sur <b>GoogleBooks<\/b><\/p>\n<p><b>790403<\/b><br \/>\nBarth\u00e9lemi d&rsquo;Herbelot<br \/>\n<i>Biblioth\u00e8que orientale, ou dictionnaire universel, contenant tout ce qui fait conna\u00eetre les peuples de l&rsquo;Orient<\/i><br \/>\nAvril 1779, Tome IV, p. 41-61<br \/>\n(Biblioth\u00e8que hollandaise des sciences et des beaux-arts)<br \/>\n<a href=\"http:\/\/books.google.be\/books?id=WpkUAAAAQAAJ&amp;printsec=titlepage&amp;lr=&amp;as_brr=1&amp;hl=fr&amp;source=gbs_summary_r&amp;cad=0\" target=\"_blank\" rel=\"noopener\">Acc\u00e9der au volume<\/a> sur <b>GoogleBooks<\/b><\/p>\n<p style=\"text-align: justify;\"><b>790404<\/b><br \/>\n<i>Lettre d&rsquo;un jeune homme \u00e0 son ami, sur les fran\u00e7ais et les anglais, relativement \u00e0 la frivolit\u00e9 reproch\u00e9e aux uns, et la philosophie attribu\u00e9e aux autres ; ou Essai d&rsquo;un parall\u00e8le \u00e0 faire entre ces deux nations<\/i><br \/>\nAvril 1779, Tome IV, p. 61-68<br \/>\n(Ann\u00e9e litt\u00e9raire)<br \/>\n<a href=\"http:\/\/books.google.be\/books?id=WpkUAAAAQAAJ&amp;printsec=titlepage&amp;lr=&amp;as_brr=1&amp;hl=fr&amp;source=gbs_summary_r&amp;cad=0\" target=\"_blank\" rel=\"noopener\">Acc\u00e9der au volume<\/a> sur <b>GoogleBooks<\/b><\/p>\n<p style=\"text-align: justify;\"><b>790405<\/b><br \/>\nJos\u00e9 Mar\u00eda Vaca de Guzm\u00e1n y Manrique<br \/>\n<i>La destruction des vaisseaux de Fernand Cort\u00e8z, po\u00e8me lyrique, qui a remport\u00e9 le prix de l&rsquo;acad\u00e9mie espagnole le 13 ao\u00fbt 1778. Traduit de l&rsquo;espagnol<\/i><br \/>\nAvril 1779, Tome IV, p. 69-72<br \/>\n(Journal de Paris)<br \/>\n<a href=\"http:\/\/books.google.be\/books?id=WpkUAAAAQAAJ&amp;printsec=titlepage&amp;lr=&amp;as_brr=1&amp;hl=fr&amp;source=gbs_summary_r&amp;cad=0\" target=\"_blank\" rel=\"noopener\">Acc\u00e9der au volume<\/a> sur <b>GoogleBooks<\/b><\/p>\n<p><b>790406<\/b><br \/>\nFran\u00e7ois-Xavier Pag\u00e8s de Vixouze<br \/>\n<i>Louis XIV, ou la guerre de 1701 : po\u00e8me en quinze chants<\/i><br \/>\nAvril 1779, Tome IV, p. 72-97<br \/>\n(Journal encyclop\u00e9dique)<br \/>\n<a href=\"http:\/\/books.google.be\/books?id=WpkUAAAAQAAJ&amp;printsec=titlepage&amp;lr=&amp;as_brr=1&amp;hl=fr&amp;source=gbs_summary_r&amp;cad=0\" target=\"_blank\" rel=\"noopener\">Acc\u00e9der au volume<\/a> sur <b>GoogleBooks<\/b><\/p>\n<p style=\"text-align: justify;\"><b>790407<\/b><br \/>\nOnno Swier Van Haren<br \/>\n<i>Recherches historiques sur l&rsquo;\u00e9tat de la religion chr\u00e9tienne au Japon, relativement \u00e0 la nation hollandaise ; traduit du hollandais<\/i><br \/>\nAvril 1779, Tome IV, p. 98-107<br \/>\n(Mercure de France; Journal de Paris)<br \/>\n<a href=\"http:\/\/books.google.be\/books?id=WpkUAAAAQAAJ&amp;printsec=titlepage&amp;lr=&amp;as_brr=1&amp;hl=fr&amp;source=gbs_summary_r&amp;cad=0\" target=\"_blank\" rel=\"noopener\">Acc\u00e9der au volume<\/a> sur <b>GoogleBooks<\/b><\/p>\n<p style=\"text-align: justify;\"><b>790408<\/b><br \/>\nAnselme-Louis-Bernard Br\u00e9chillet Jourdain<br \/>\n<i>Trait\u00e9 des maladies et des op\u00e9rations r\u00e9ellement chirurgicales de la bouche et des parties qui y correspondent, suivi de notes, d&rsquo;observations et de consultations int\u00e9ressantes, tant anciennes que modernes<\/i><br \/>\nAvril 1779, Tome IV, p. 108-13<br \/>\n(Gazette de sant\u00e9; Mercure de France; Gazette universelle de litt\u00e9rature)<br \/>\n<a href=\"http:\/\/books.google.be\/books?id=WpkUAAAAQAAJ&amp;printsec=titlepage&amp;lr=&amp;as_brr=1&amp;hl=fr&amp;source=gbs_summary_r&amp;cad=0\" target=\"_blank\" rel=\"noopener\">Acc\u00e9der au volume<\/a> sur <b>GoogleBooks<\/b><\/p>\n<p style=\"text-align: justify;\"><b>790409<\/b><br \/>\nPierre-Prime-F\u00e9licien Le Tourneur<br \/>\n<i>\u00c9loge de M. le mar\u00e9chal du Muy, qui a remport\u00e9 le prix, au jugement de l&rsquo;acad\u00e9mie de Marseille, le 25 ao\u00fbt 1778<\/i><br \/>\nAvril 1779, Tome IV, p. 113-26<br \/>\n(Ann\u00e9e litt\u00e9raire; Journal de Paris)<br \/>\n<a href=\"http:\/\/books.google.be\/books?id=WpkUAAAAQAAJ&amp;printsec=titlepage&amp;lr=&amp;as_brr=1&amp;hl=fr&amp;source=gbs_summary_r&amp;cad=0\" target=\"_blank\" rel=\"noopener\">Acc\u00e9der au volume<\/a> sur <b>GoogleBooks<\/b><\/p>\n<p style=\"text-align: justify;\"><b>790410<\/b><br \/>\nPierre Sue<br \/>\n<i>Pr\u00e9cis historique sur la vie et les ouvrages de M. Passemant, ing\u00e9nieur du roi, pour servir de suppl\u00e9ment \u00e0 l&rsquo;article qui le concerne dans le Dictionnaire des artistes, avec une notice de plusieurs artistes anciens, omis dans cet ouvrage, suivie de quelques notes sur le suppl\u00e9ment \u00e0 la France litt\u00e9raire<\/i><br \/>\nAvril 1779, Tome IV, p. 127-42<br \/>\n(Journal des sciences et beaux-arts; Journal de Paris; Affiches et annonces de Paris)<br \/>\n<a href=\"http:\/\/books.google.be\/books?id=WpkUAAAAQAAJ&amp;printsec=titlepage&amp;lr=&amp;as_brr=1&amp;hl=fr&amp;source=gbs_summary_r&amp;cad=0\" target=\"_blank\" rel=\"noopener\">Acc\u00e9der au volume<\/a> sur <b>GoogleBooks<\/b><\/p>\n<p><b>790411<\/b><br \/>\nM. de Chab** [Michel Paul Guy de Chabanon]\n<i>Vers sur Voltaire<\/i><br \/>\nAvril 1779, Tome IV, p. 143-50<br \/>\n(Mercure de France; Journal de Paris)<br \/>\n<a href=\"http:\/\/books.google.be\/books?id=WpkUAAAAQAAJ&amp;printsec=titlepage&amp;lr=&amp;as_brr=1&amp;hl=fr&amp;source=gbs_summary_r&amp;cad=0\" target=\"_blank\" rel=\"noopener\">Acc\u00e9der au volume<\/a> sur <b>GoogleBooks<\/b><\/p>\n<p><b>790412<\/b><br \/>\nMichel Denis<br \/>\n<i>Einleitung in die Buckerkunde, &amp;c. Introduction \u00e0 la connaissance des livres<\/i><br \/>\nAvril 1779, Tome IV, p. 150-199<br \/>\n<a href=\"http:\/\/books.google.be\/books?id=WpkUAAAAQAAJ&amp;printsec=titlepage&amp;lr=&amp;as_brr=1&amp;hl=fr&amp;source=gbs_summary_r&amp;cad=0\" target=\"_blank\" rel=\"noopener\">Acc\u00e9der au volume<\/a> sur <b>GoogleBooks<\/b><\/p>\n<p style=\"text-align: justify;\"><b>790413<\/b><br \/>\nRobert Lowth<br \/>\n<i>Isaiah : a new translation, &amp;c. Isa\u00efe : traduction nouvelle, avec une dissertation pr\u00e9liminaire, des notes critiques et philologiques, et des \u00e9claircissements<\/i><br \/>\nAvril 1779, Tome IV, p. 200-21<br \/>\n(Critical review)<br \/>\n<a href=\"http:\/\/books.google.be\/books?id=WpkUAAAAQAAJ&amp;printsec=titlepage&amp;lr=&amp;as_brr=1&amp;hl=fr&amp;source=gbs_summary_r&amp;cad=0\" target=\"_blank\" rel=\"noopener\">Acc\u00e9der au volume<\/a> sur <b>GoogleBooks<\/b><\/p>\n<p><b>790414<\/b><br \/>\n<i>Id\u00e9es sur la r\u00e9formation des cimeti\u00e8res, adress\u00e9es aux auteurs du Journal des sciences et beaux-arts<\/i><br \/>\nAvril 1779, Tome IV, p. 222-38<br \/>\n(Journal des sciences et beaux-arts)<br \/>\n<a href=\"http:\/\/books.google.be\/books?id=WpkUAAAAQAAJ&amp;printsec=titlepage&amp;lr=&amp;as_brr=1&amp;hl=fr&amp;source=gbs_summary_r&amp;cad=0\" target=\"_blank\" rel=\"noopener\">Acc\u00e9der au volume<\/a> sur <b>GoogleBooks<\/b><\/p>\n<p><b>790415<\/b><br \/>\n<i>Tr\u00e8s humble Requ\u00eate au Tribunal d&rsquo;\u00e9ducation<\/i><br \/>\nAvril 1779, Tome IV, p. 238-40<br \/>\n(Biblioth\u00e8que hollandaise des sciences et des beaux-arts)<br \/>\n<a href=\"http:\/\/books.google.be\/books?id=WpkUAAAAQAAJ&amp;printsec=titlepage&amp;lr=&amp;as_brr=1&amp;hl=fr&amp;source=gbs_summary_r&amp;cad=0\" target=\"_blank\" rel=\"noopener\">Acc\u00e9der au volume<\/a> sur <b>GoogleBooks<\/b><\/p>\n<p><b>790416<\/b><br \/>\nVoltaire<br \/>\n<i>Lettre de M. de Voltaire, sur les plus c\u00e9l\u00e8bres auteurs du si\u00e8cle de Louis XIV<\/i><br \/>\nAvril 1779, Tome IV, p. 241-43<br \/>\n(Journal des Savants)<br \/>\n<a href=\"http:\/\/books.google.be\/books?id=WpkUAAAAQAAJ&amp;printsec=titlepage&amp;lr=&amp;as_brr=1&amp;hl=fr&amp;source=gbs_summary_r&amp;cad=0\" target=\"_blank\" rel=\"noopener\">Acc\u00e9der au volume<\/a> sur <b>GoogleBooks<\/b><\/p>\n<p><b>790417<\/b><br \/>\nJean-Jacques Rousseau<br \/>\n<i>Lettre de J. J. Rousseau, \u00e0 M. R*** [Jean-Edme Romilly]<\/i><br \/>\nAvril 1779, Tome IV, p. 243-45<br \/>\n(Journal de Paris)<br \/>\n<a href=\"http:\/\/books.google.be\/books?id=WpkUAAAAQAAJ&amp;printsec=titlepage&amp;lr=&amp;as_brr=1&amp;hl=fr&amp;source=gbs_summary_r&amp;cad=0\" target=\"_blank\" rel=\"noopener\">Acc\u00e9der au volume<\/a> sur <b>GoogleBooks<\/b><\/p>\n<p><b>790418<\/b><br \/>\n<i>Lettre de M. B\u2026, avocat au parlement, adress\u00e9e \u00e0 l&rsquo;auteur de la Gazette des Tribunaux, le 6 f\u00e9vrier 1779<\/i><br \/>\nAvril 1779, Tome IV, p. 245-47<br \/>\n<a href=\"http:\/\/books.google.be\/books?id=WpkUAAAAQAAJ&amp;printsec=titlepage&amp;lr=&amp;as_brr=1&amp;hl=fr&amp;source=gbs_summary_r&amp;cad=0\" target=\"_blank\" rel=\"noopener\">Acc\u00e9der au volume<\/a> sur <b>GoogleBooks<\/b><\/p>\n<p><b>790419<\/b><br \/>\n<i>Lettre \u00e0 un des auteurs de la Biblioth\u00e8que hollandaise des sciences et des beaux-arts<\/i><br \/>\nAvril 1779, Tome IV, p. 248-56<br \/>\n<a href=\"http:\/\/books.google.be\/books?id=WpkUAAAAQAAJ&amp;printsec=titlepage&amp;lr=&amp;as_brr=1&amp;hl=fr&amp;source=gbs_summary_r&amp;cad=0\" target=\"_blank\" rel=\"noopener\">Acc\u00e9der au volume<\/a> sur <b>GoogleBooks<\/b><\/p>\n<p><b>790420<\/b><br \/>\nLouis de Fontanes<br \/>\n<i>\u00c9p\u00eetre \u00e0 M. Ducis sur la trag\u00e9die d&rsquo;\u0152dipe chez Admete<\/i><br \/>\nAvril 1779, Tome IV, p. 258-56<br \/>\n<a href=\"http:\/\/books.google.be\/books?id=WpkUAAAAQAAJ&amp;printsec=titlepage&amp;lr=&amp;as_brr=1&amp;hl=fr&amp;source=gbs_summary_r&amp;cad=0\" target=\"_blank\" rel=\"noopener\">Acc\u00e9der au volume<\/a> sur <b>GoogleBooks<\/b><\/p>\n<p><b>790421<\/b><br \/>\nPierre-Antoine de La Place<br \/>\n<i>\u00c9pitaphe de David Garrick, c\u00e9l\u00e8bre com\u00e9dien anglais<\/i><br \/>\nAvril 1779, Tome IV, p. 265-66<br \/>\n<a href=\"http:\/\/books.google.be\/books?id=WpkUAAAAQAAJ&amp;printsec=titlepage&amp;lr=&amp;as_brr=1&amp;hl=fr&amp;source=gbs_summary_r&amp;cad=0\" target=\"_blank\" rel=\"noopener\">Acc\u00e9der au volume<\/a> sur <b>GoogleBooks<\/b><\/p>\n<p style=\"text-align: justify;\"><b>790422<\/b><br \/>\nVoltaire<br \/>\n<i>Vers qui ont \u00e9t\u00e9 adress\u00e9s \u00e0 Madame la Comtesse de B***, par M. de Voltaire, en r\u00e9ponse \u00e0 des vers que cette dame lui avait envoy\u00e9s sur le bruit qui courut \u00e0 Paris, il y a environ dix ans, que ce grand homme \u00e9tait mort<\/i><br \/>\nAvril 1779, Tome IV, p. 266-67<br \/>\n<a href=\"http:\/\/books.google.be\/books?id=WpkUAAAAQAAJ&amp;printsec=titlepage&amp;lr=&amp;as_brr=1&amp;hl=fr&amp;source=gbs_summary_r&amp;cad=0\" target=\"_blank\" rel=\"noopener\">Acc\u00e9der au volume<\/a> sur <b>GoogleBooks<\/b><\/p>\n<p><b>790423<\/b><br \/>\nVers sur les r\u00e9jouissances faites le 26 d\u00e9cembre 1778, \u00e0 l&rsquo;occasion de la naissance de Madame<br \/>\nAvril 1779, Tome IV, p. 267<br \/>\n<a href=\"http:\/\/books.google.be\/books?id=WpkUAAAAQAAJ&amp;printsec=titlepage&amp;lr=&amp;as_brr=1&amp;hl=fr&amp;source=gbs_summary_r&amp;cad=0\" target=\"_blank\" rel=\"noopener\">Acc\u00e9der au volume<\/a> sur <b>GoogleBooks<\/b><\/p>\n<p><b>790424<\/b><br \/>\nBarth\u00e9l\u00e9my Imbert<br \/>\n<i>L&rsquo;acad\u00e9mie des animaux, fable<\/i><br \/>\nAvril 1779, Tome IV, p. 267-71<br \/>\n<a href=\"http:\/\/books.google.be\/books?id=WpkUAAAAQAAJ&amp;printsec=titlepage&amp;lr=&amp;as_brr=1&amp;hl=fr&amp;source=gbs_summary_r&amp;cad=0\" target=\"_blank\" rel=\"noopener\">Acc\u00e9der au volume<\/a> sur <b>GoogleBooks<\/b><\/p>\n<p><b>790425<\/b><br \/>\n<i>Quatrain sur la prise du corsaire la Grambi, arm\u00e9 par les dames de Londres<\/i><br \/>\nAvril 1779, Tome IV, p. 271<br \/>\n<a href=\"http:\/\/books.google.be\/books?id=WpkUAAAAQAAJ&amp;printsec=titlepage&amp;lr=&amp;as_brr=1&amp;hl=fr&amp;source=gbs_summary_r&amp;cad=0\" target=\"_blank\" rel=\"noopener\">Acc\u00e9der au volume<\/a> sur <b>GoogleBooks<\/b><\/p>\n<p><b>790426<\/b><br \/>\nM. le C. D.<br \/>\n<i>Plaintes amoureuses<\/i><br \/>\nAvril 1779, Tome IV, p. 271-72<br \/>\n<a href=\"http:\/\/books.google.be\/books?id=WpkUAAAAQAAJ&amp;printsec=titlepage&amp;lr=&amp;as_brr=1&amp;hl=fr&amp;source=gbs_summary_r&amp;cad=0\" target=\"_blank\" rel=\"noopener\">Acc\u00e9der au volume<\/a> sur <b>GoogleBooks<\/b><\/p>\n<p><b>790501<\/b><br \/>\n<i>Code des lois des Gentoux, ou R\u00e8glements des Brames, traduit de l&rsquo;anglais d&rsquo;apr\u00e8s les versions faites de l&rsquo;original \u00e9crit en langue samscrette<\/i><br \/>\nMai 1779, Tome V, p. 3-20<br \/>\n(Journal des savants; Journal des sciences et des beaux-arts)<br \/>\n<a href=\"http:\/\/books.google.be\/books?id=Z5kUAAAAQAAJ&amp;printsec=titlepage&amp;dq=%22peignant+les+chocs+involontaires%22&amp;hl=fr&amp;source=gbs_summary_r&amp;cad=0\" target=\"_blank\" rel=\"noopener\">Acc\u00e9der au volume<\/a> sur <b>GoogleBooks<\/b><\/p>\n<p><b>790502<\/b><br \/>\n<i>Essai de traduction de Michel de l&rsquo;H\u00f4pital ; pr\u00e9c\u00e9d\u00e9 de recherches litt\u00e9raires, historiques et morales sur le XVIe si\u00e8cle. Tome II<\/i><br \/>\nMai 1779, Tome V, p. 20-37<br \/>\n(Journal encyclop\u00e9dique; Journal de Paris; Journal des sciences et des beaux-arts)<br \/>\n<a href=\"http:\/\/books.google.be\/books?id=Z5kUAAAAQAAJ&amp;printsec=titlepage&amp;dq=%22peignant+les+chocs+involontaires%22&amp;hl=fr&amp;source=gbs_summary_r&amp;cad=0\" target=\"_blank\" rel=\"noopener\">Acc\u00e9der au volume<\/a> sur <b>GoogleBooks<\/b><\/p>\n<p><b>790503<\/b><br \/>\nMichel Denis<br \/>\n<i>Einleitung in die bucherkunde, &amp;c. Introduction \u00e0 la connaissance des livres<\/i><br \/>\nMai 1779, Tome V, p. 37-62<br \/>\n<a href=\"http:\/\/books.google.be\/books?id=Z5kUAAAAQAAJ&amp;printsec=titlepage&amp;dq=%22peignant+les+chocs+involontaires%22&amp;hl=fr&amp;source=gbs_summary_r&amp;cad=0\" target=\"_blank\" rel=\"noopener\">Acc\u00e9der au volume<\/a> sur <b>GoogleBooks<\/b><\/p>\n<p><b>790504<\/b><br \/>\nFran\u00e7ois de Neufch\u00e2teau<br \/>\n<i>Le d\u00e9sint\u00e9ressement de Phocion, dialogue en vers<\/i><br \/>\nMai 1779, Tome V, p. 62-71<br \/>\n(Journal encyclop\u00e9dique)<br \/>\n<a href=\"http:\/\/books.google.be\/books?id=Z5kUAAAAQAAJ&amp;printsec=titlepage&amp;dq=%22peignant+les+chocs+involontaires%22&amp;hl=fr&amp;source=gbs_summary_r&amp;cad=0\" target=\"_blank\" rel=\"noopener\">Acc\u00e9der au volume<\/a> sur <b>GoogleBooks<\/b><\/p>\n<p style=\"text-align: justify;\"><b>790505<\/b><br \/>\nJohn Richardson<br \/>\n<i>A Grammar of the Arabic language, &amp;c. Grammaire de langue arabique, o\u00f9 les r\u00e8gles sont \u00e9claircies par des exemples tir\u00e9s des meilleurs \u00e9crivains ; ouvrage particuli\u00e8rement destin\u00e9 pour la compagnie des Indes orientales<\/i><br \/>\nMai 1779, Tome V, p. 72-83<br \/>\n(Monthly review)<br \/>\n<a href=\"http:\/\/books.google.be\/books?id=Z5kUAAAAQAAJ&amp;printsec=titlepage&amp;dq=%22peignant+les+chocs+involontaires%22&amp;hl=fr&amp;source=gbs_summary_r&amp;cad=0\" target=\"_blank\" rel=\"noopener\">Acc\u00e9der au volume<\/a> sur <b>GoogleBooks<\/b><\/p>\n<p><b>790506<\/b><br \/>\nDemaux<br \/>\n<i>\u00c9loge de Jean-Baptiste Rousseau, discours qui a remport\u00e9 le prix d&rsquo;\u00e9loquence de l&rsquo;Acad\u00e9mie d&rsquo;Amiens en 1778<\/i><br \/>\nMai 1779, Tome V, p. 84-96<br \/>\n(Ann\u00e9e litt\u00e9raire)<br \/>\n<a href=\"http:\/\/books.google.be\/books?id=Z5kUAAAAQAAJ&amp;printsec=titlepage&amp;dq=%22peignant+les+chocs+involontaires%22&amp;hl=fr&amp;source=gbs_summary_r&amp;cad=0\" target=\"_blank\" rel=\"noopener\">Acc\u00e9der au volume<\/a> sur <b>GoogleBooks<\/b><\/p>\n<p><b>790507<\/b><br \/>\nGiantommaso Baciocchi<br \/>\n<i>Componimenti del P. Giantommaso Baciocchi, &amp;c. \u0152uvres<\/i><br \/>\nMai 1779, Tome V, p. 97-102<br \/>\n(Effemeridi di Roma)<br \/>\n<a href=\"http:\/\/books.google.be\/books?id=Z5kUAAAAQAAJ&amp;printsec=titlepage&amp;dq=%22peignant+les+chocs+involontaires%22&amp;hl=fr&amp;source=gbs_summary_r&amp;cad=0\" target=\"_blank\" rel=\"noopener\">Acc\u00e9der au volume<\/a> sur <b>GoogleBooks<\/b><\/p>\n<p><b>790508<\/b>[Marie-Gabriel-Florent-Auguste Choiseul-Gouffier]\n<i>Voyages pittoresques de la Gr\u00e8ce. IIIe cahier<\/i><br \/>\nMai 1779, Tome V, p. 102-18<br \/>\n(Journal des savants; Journal encyclop\u00e9dique; Journal de Paris)<br \/>\n<a href=\"http:\/\/books.google.be\/books?id=Z5kUAAAAQAAJ&amp;printsec=titlepage&amp;dq=%22peignant+les+chocs+involontaires%22&amp;hl=fr&amp;source=gbs_summary_r&amp;cad=0\" target=\"_blank\" rel=\"noopener\">Acc\u00e9der au volume<\/a> sur <b>GoogleBooks<\/b><\/p>\n<p><b>790509<\/b><br \/>\nD. B., Am\u00e9ricain [Pierre-Ulric Dubuisson]\n<i>Abr\u00e9g\u00e9 de la r\u00e9volution de l&rsquo;Am\u00e9rique anglaise, depuis le commencement de l&rsquo;ann\u00e9e 1774, jusqu&rsquo;au premier janvier 1778<\/i><br \/>\nMai 1779, Tome V, p. 119-41<br \/>\n(Mercure de France; Journal encyclop\u00e9dique)<br \/>\n<a href=\"http:\/\/books.google.be\/books?id=Z5kUAAAAQAAJ&amp;printsec=titlepage&amp;dq=%22peignant+les+chocs+involontaires%22&amp;hl=fr&amp;source=gbs_summary_r&amp;cad=0\" target=\"_blank\" rel=\"noopener\">Acc\u00e9der au volume<\/a> sur <b>GoogleBooks<\/b><\/p>\n<p style=\"text-align: justify;\"><b>790510<\/b>[Achille-Guillaume Le B\u00e8gue de Presle]\n<i>Relation ou notice des derniers jours de M. Jean-Jacques Rousseau ; circonstances de sa mort, et quels sont les ouvrages posthumes qu&rsquo;on peut attendre de lui ; avec une addition relative au m\u00eame sujet, par J.-H. de Magellan<\/i><br \/>\nMai 1779, Tome V, p. 142-47<br \/>\n(Journal de Paris)<br \/>\n<a href=\"http:\/\/books.google.be\/books?id=Z5kUAAAAQAAJ&amp;printsec=titlepage&amp;dq=%22peignant+les+chocs+involontaires%22&amp;hl=fr&amp;source=gbs_summary_r&amp;cad=0\" target=\"_blank\" rel=\"noopener\">Acc\u00e9der au volume<\/a> sur <b>GoogleBooks<\/b><\/p>\n<p style=\"text-align: justify;\"><b>790511<\/b><br \/>\nHonor\u00e9 Lacombe de Prezel<br \/>\n<i>Dictionnaire iconologique ou introduction \u00e0 la connaissance des peintures, sculptures, estampes, m\u00e9dailles, pierres grav\u00e9es, embl\u00e8mes, devises, etc. avec des descriptions tir\u00e9es des po\u00e8tes anciens et modernes<\/i><br \/>\nMai 1779, Tome V, p. 147-56<br \/>\n(Journal de ltt\u00e9rature, des sciences et des arts; Journal des savants; Journal encyclop\u00e9dique)<br \/>\n<a href=\"http:\/\/books.google.be\/books?id=Z5kUAAAAQAAJ&amp;printsec=titlepage&amp;dq=%22peignant+les+chocs+involontaires%22&amp;hl=fr&amp;source=gbs_summary_r&amp;cad=0\" target=\"_blank\" rel=\"noopener\">Acc\u00e9der au volume<\/a> sur <b>GoogleBooks<\/b><\/p>\n<p><b>790512<\/b><br \/>\nJames Fordyce<br \/>\n<i>Sermons pour les jeunes dames et les jeunes demoiselles ; traduits de l&rsquo;anglais<\/i><br \/>\nMai 1779, Tome V, p. 157-66<br \/>\n(Mercure de France; Ann\u00e9e litt\u00e9raire; Journal de Paris; Affiches et annonces de Paris)<br \/>\n<a href=\"http:\/\/books.google.be\/books?id=Z5kUAAAAQAAJ&amp;printsec=titlepage&amp;dq=%22peignant+les+chocs+involontaires%22&amp;hl=fr&amp;source=gbs_summary_r&amp;cad=0\" target=\"_blank\" rel=\"noopener\">Acc\u00e9der au volume<\/a> sur <b>GoogleBooks<\/b><\/p>\n<p><b>790513<\/b>[Johann Caspar Lavater]\n<i>Geheimes tagebuch. Van einem Beobachter seiner selbst, &amp;c. Journal secret d&rsquo;un observateur de soi-m\u00eame<\/i><br \/>\nMai 1779, Tome V, p. 166-84<br \/>\n(Biblioth\u00e8que hollandaise des sciences et des beaux-arts)<br \/>\n<a href=\"http:\/\/books.google.be\/books?id=Z5kUAAAAQAAJ&amp;printsec=titlepage&amp;dq=%22peignant+les+chocs+involontaires%22&amp;hl=fr&amp;source=gbs_summary_r&amp;cad=0\" target=\"_blank\" rel=\"noopener\">Acc\u00e9der au volume<\/a> sur <b>GoogleBooks<\/b><\/p>\n<p style=\"text-align: justify;\"><b>790514<\/b><br \/>\nJean D\u00e9meste<br \/>\n<i>Lettres du docteur Demeste, correspondant de la soci\u00e9t\u00e9 royale de m\u00e9decine, au docteur Bernard, premier professeur de la facult\u00e9 de m\u00e9decine de Douay, de la soci\u00e9t\u00e9 royale de Londres, &amp;c., sur la chimie, la docimasie, la cristallographie, la lithologie, la min\u00e9ralogie et la physique en g\u00e9n\u00e9ral<\/i><br \/>\nMai 1779, Tome V, p. 184-200<br \/>\n(La nature consid\u00e9r\u00e9e sous ses diff\u00e9rents aspects, ou journal des trois r\u00e8gnes de la nature)<br \/>\n<a href=\"http:\/\/books.google.be\/books?id=Z5kUAAAAQAAJ&amp;printsec=titlepage&amp;dq=%22peignant+les+chocs+involontaires%22&amp;hl=fr&amp;source=gbs_summary_r&amp;cad=0\" target=\"_blank\" rel=\"noopener\">Acc\u00e9der au volume<\/a> sur <b>GoogleBooks<\/b><\/p>\n<p style=\"text-align: justify;\"><b>790515<\/b><br \/>\nJohn Whitehurst<br \/>\n<i>An inquiry into the original state and formation of the earth, &amp;c. Recherches sur l&rsquo;\u00e9tat original et la formation de la terre ; d\u00e9duites des faits et des lois de la nature. \u00c0 quoi on a ajout\u00e9 un appendice contenant quelques observations g\u00e9n\u00e9rales sur les strata de Derbyshire<\/i><br \/>\nMai 1779, Tome V, p. 201-08<br \/>\n(Critical review)<br \/>\n<a href=\"http:\/\/books.google.be\/books?id=Z5kUAAAAQAAJ&amp;printsec=titlepage&amp;dq=%22peignant+les+chocs+involontaires%22&amp;hl=fr&amp;source=gbs_summary_r&amp;cad=0\" target=\"_blank\" rel=\"noopener\">Acc\u00e9der au volume<\/a> sur <b>GoogleBooks<\/b><\/p>\n<p style=\"text-align: justify;\"><b>790516<\/b><br \/>\nAndr\u00e9 Chydenius<br \/>\n<i>M\u00e9moire concernant la libert\u00e9 de religion, adress\u00e9 aux d\u00e9put\u00e9s du clerg\u00e9 \u00e0 la diete g\u00e9n\u00e9rale des \u00e9tats du royaume de Su\u00e8de en 1779, pr\u00e9sent\u00e9 le 11 janvier 1779<\/i><br \/>\nMai 1779, Tome V, p. 209-17<br \/>\n(Ann\u00e9e litt\u00e9raire)<br \/>\n<a href=\"http:\/\/books.google.be\/books?id=Z5kUAAAAQAAJ&amp;printsec=titlepage&amp;dq=%22peignant+les+chocs+involontaires%22&amp;hl=fr&amp;source=gbs_summary_r&amp;cad=0\" target=\"_blank\" rel=\"noopener\">Acc\u00e9der au volume<\/a> sur <b>GoogleBooks<\/b><\/p>\n<p><b>790517<\/b><br \/>\nJean Baptiste Gabriel Alexandre Grosier<br \/>\n<i>Avis aux gens de lettres qui travaillent \u00e0 l&rsquo;\u00e9loge de l&rsquo;abb\u00e9 Suger, propos\u00e9 par l&rsquo;Acad\u00e9mie fran\u00e7aise<\/i><br \/>\nMai 1779, Tome V, p. 218<br \/>\n(Journal de litt\u00e9rature, des sciences et des arts)<br \/>\n<a href=\"http:\/\/books.google.be\/books?id=Z5kUAAAAQAAJ&amp;printsec=titlepage&amp;dq=%22peignant+les+chocs+involontaires%22&amp;hl=fr&amp;source=gbs_summary_r&amp;cad=0\" target=\"_blank\" rel=\"noopener\">Acc\u00e9der au volume<\/a> sur <b>GoogleBooks<\/b><\/p>\n<p><b>790518<\/b><br \/>\n<i>Lettre aux auteurs du Journal de Paris, sur l&rsquo;origine du prieur\u00e9 des deux Amans<\/i><br \/>\nMai 1779, Tome V, p. 219-24<br \/>\n(Journal de Paris)<br \/>\n<a href=\"http:\/\/books.google.be\/books?id=Z5kUAAAAQAAJ&amp;printsec=titlepage&amp;dq=%22peignant+les+chocs+involontaires%22&amp;hl=fr&amp;source=gbs_summary_r&amp;cad=0\" target=\"_blank\" rel=\"noopener\">Acc\u00e9der au volume<\/a> sur <b>GoogleBooks<\/b><\/p>\n<p><b>790519<\/b><br \/>\n<i>Lettre aux auteurs du m\u00eame journal [Journal de Paris], concernant une anecdote attendrissante<\/i><br \/>\nMai 1779, Tome V, p. 224-26<br \/>\n<a href=\"http:\/\/books.google.be\/books?id=Z5kUAAAAQAAJ&amp;printsec=titlepage&amp;dq=%22peignant+les+chocs+involontaires%22&amp;hl=fr&amp;source=gbs_summary_r&amp;cad=0\" target=\"_blank\" rel=\"noopener\">Acc\u00e9der au volume<\/a> sur <b>GoogleBooks<\/b><\/p>\n<p><b>790520<\/b><br \/>\nJean-Jacques Rousseau<br \/>\n<i>Billet de J. J. Rousseau, \u00e0 une demoiselle qui lui avait demand\u00e9 un lacet de sa fa\u00e7on pour le jour de ses noces<\/i><br \/>\nMai 1779, Tome V, p. 226<br \/>\n<a href=\"http:\/\/books.google.be\/books?id=Z5kUAAAAQAAJ&amp;printsec=titlepage&amp;dq=%22peignant+les+chocs+involontaires%22&amp;hl=fr&amp;source=gbs_summary_r&amp;cad=0\" target=\"_blank\" rel=\"noopener\">Acc\u00e9der au volume<\/a> sur <b>GoogleBooks<\/b><\/p>\n<p><b>790521<\/b><br \/>\n<i>Extrait d&rsquo;une lettre adress\u00e9e \u00e0 M. l&rsquo;abb\u00e9 de Fontenai, sur un passage de la trag\u00e9die d&rsquo;Horace<\/i><br \/>\nMai 1779, Tome V, p. 227-30<br \/>\n(Affiches et annonces de Paris)<br \/>\n<a href=\"http:\/\/books.google.be\/books?id=Z5kUAAAAQAAJ&amp;printsec=titlepage&amp;dq=%22peignant+les+chocs+involontaires%22&amp;hl=fr&amp;source=gbs_summary_r&amp;cad=0\" target=\"_blank\" rel=\"noopener\">Acc\u00e9der au volume<\/a> sur <b>GoogleBooks<\/b><\/p>\n<p><b>790522<\/b><br \/>\nLouis-Pierre Couret de Villeneuve<br \/>\n<i>Lettre aux r\u00e9dacteurs de ce journal, sur Etienne Dolet<\/i><br \/>\nMai 1779, Tome V, p. 230-43<br \/>\n<a href=\"http:\/\/books.google.be\/books?id=Z5kUAAAAQAAJ&amp;printsec=titlepage&amp;dq=%22peignant+les+chocs+involontaires%22&amp;hl=fr&amp;source=gbs_summary_r&amp;cad=0\" target=\"_blank\" rel=\"noopener\">Acc\u00e9der au volume<\/a> sur <b>GoogleBooks<\/b><\/p>\n<p><b>790523<\/b><br \/>\nLouis-Pierre Couret de Villeneuve<br \/>\n<i>Notice sur Mamert Patisson<\/i><br \/>\nMai 1779, Tome V, p. 243-45<br \/>\n<a href=\"http:\/\/books.google.be\/books?id=Z5kUAAAAQAAJ&amp;printsec=titlepage&amp;dq=%22peignant+les+chocs+involontaires%22&amp;hl=fr&amp;source=gbs_summary_r&amp;cad=0\" target=\"_blank\" rel=\"noopener\">Acc\u00e9der au volume<\/a> sur <b>GoogleBooks<\/b><\/p>\n<p><b>790524<\/b><br \/>\nAbb\u00e9 de S. L*** [Barth\u00e9lemy Mercier de Saint-L\u00e9ger]\n<i>Lettre aux auteurs de ce journal sur un morceau de sculpture, et sur le livre intitul\u00e9 le Triomphe des neuf Preux<\/i><br \/>\nMai 1779, Tome V, p. 245-49<br \/>\n<a href=\"http:\/\/books.google.be\/books?id=Z5kUAAAAQAAJ&amp;printsec=titlepage&amp;dq=%22peignant+les+chocs+involontaires%22&amp;hl=fr&amp;source=gbs_summary_r&amp;cad=0\" target=\"_blank\" rel=\"noopener\">Acc\u00e9der au volume<\/a> sur <b>GoogleBooks<\/b><\/p>\n<p><b>790525<\/b><br \/>\nJean-Fran\u00e7ois Marmontel<br \/>\n<i>Discours en vers sur l&rsquo;esp\u00e9rance de se survivre, lu dans la s\u00e9ance publique de l&rsquo;acad\u00e9mie fran\u00e7aise<\/i><br \/>\nMai 1779, Tome V, p. 250-55<br \/>\n<a href=\"http:\/\/books.google.be\/books?id=Z5kUAAAAQAAJ&amp;printsec=titlepage&amp;dq=%22peignant+les+chocs+involontaires%22&amp;hl=fr&amp;source=gbs_summary_r&amp;cad=0\" target=\"_blank\" rel=\"noopener\">Acc\u00e9der au volume<\/a> sur <b>GoogleBooks<\/b><\/p>\n<p><b>790526<\/b><br \/>\nAnge Bonnier d&rsquo;Alco<br \/>\n<i>\u00c0 Madame la Duchesse de***<\/i><br \/>\nMai 1779, Tome V, p. 256<br \/>\n<a href=\"http:\/\/books.google.be\/books?id=Z5kUAAAAQAAJ&amp;printsec=titlepage&amp;dq=%22peignant+les+chocs+involontaires%22&amp;hl=fr&amp;source=gbs_summary_r&amp;cad=0\" target=\"_blank\" rel=\"noopener\">Acc\u00e9der au volume<\/a> sur <b>GoogleBooks<\/b><\/p>\n<p><b>790527<\/b><br \/>\nAchille-Maximin-Philogone Knapen<br \/>\n<i>\u00c0 une indiff\u00e9rente<\/i><br \/>\nMai 1779, Tome V, p. 257<br \/>\n<a href=\"http:\/\/books.google.be\/books?id=Z5kUAAAAQAAJ&amp;printsec=titlepage&amp;dq=%22peignant+les+chocs+involontaires%22&amp;hl=fr&amp;source=gbs_summary_r&amp;cad=0\" target=\"_blank\" rel=\"noopener\">Acc\u00e9der au volume<\/a> sur <b>GoogleBooks<\/b><\/p>\n<p><b>790528<\/b>[Claude-Joseph Dorat]\n<i>La mort de Garrick. \u00c9p\u00eetre A***<\/i><br \/>\nMai 1779, Tome V, p. 257-59<br \/>\n<a href=\"http:\/\/books.google.be\/books?id=Z5kUAAAAQAAJ&amp;printsec=titlepage&amp;dq=%22peignant+les+chocs+involontaires%22&amp;hl=fr&amp;source=gbs_summary_r&amp;cad=0\" target=\"_blank\" rel=\"noopener\">Acc\u00e9der au volume<\/a> sur <b>GoogleBooks<\/b><\/p>\n<p><b>790529<\/b><br \/>\nComte D&rsquo;\u2026 de\u2026<br \/>\n<i>Stances \u00e0 l&rsquo;Amiti\u00e9<\/i><br \/>\nMai 1779, Tome V, p. 260<br \/>\n<a href=\"http:\/\/books.google.be\/books?id=Z5kUAAAAQAAJ&amp;printsec=titlepage&amp;dq=%22peignant+les+chocs+involontaires%22&amp;hl=fr&amp;source=gbs_summary_r&amp;cad=0\" target=\"_blank\" rel=\"noopener\">Acc\u00e9der au volume<\/a> sur <b>GoogleBooks<\/b><\/p>\n<p><b>790530<\/b><br \/>\nNicolas Bassenge<br \/>\n<i>\u00c9p\u00eetre \u00e0 M. L\u00e9onard<\/i><br \/>\nMai 1779, Tome V, p. 261-68<br \/>\n<a href=\"http:\/\/books.google.be\/books?id=Z5kUAAAAQAAJ&amp;printsec=titlepage&amp;dq=%22peignant+les+chocs+involontaires%22&amp;hl=fr&amp;source=gbs_summary_r&amp;cad=0\" target=\"_blank\" rel=\"noopener\">Acc\u00e9der au volume<\/a> sur <b>GoogleBooks<\/b><\/p>\n<p style=\"text-align: justify;\"><b>790531<\/b><br \/>\nGuillaume Cretin<br \/>\n<i>Plainte sur le tr\u00e9pas de feu Maistre Jehan Branconnier, dit Lourdault, Chantre ; compos\u00e9e par Maistre Guillaume Cretin, tr\u00e9sorier du Boys de Vincennes<\/i><br \/>\nMai 1779, Tome V, p. 269-75<br \/>\n<a href=\"http:\/\/books.google.be\/books?id=Z5kUAAAAQAAJ&amp;printsec=titlepage&amp;dq=%22peignant+les+chocs+involontaires%22&amp;hl=fr&amp;source=gbs_summary_r&amp;cad=0\" target=\"_blank\" rel=\"noopener\">Acc\u00e9der au volume<\/a> sur <b>GoogleBooks<\/b><\/p>\n<p><b>790601<\/b><br \/>\nGeorges-Louis Leclerc Buffon<br \/>\n<i>Histoire naturelle, g\u00e9n\u00e9rale et particuli\u00e8re servant de suite \u00e0 l&rsquo;histoire naturelle de l&rsquo;homme. Suppl\u00e9ment. Tomes VII et VIII<\/i><br \/>\nJuin 1779, Tome VI, p. 3-27<br \/>\n(Mercure de France; Journal des savants; Journal des sciences et beaux-arts; Journal de Paris; Gazette universelle de litt\u00e9rature; Avis divers)<br \/>\n<a href=\"http:\/\/books.google.be\/books?id=aZIUAAAAQAAJ&amp;printsec=titlepage&amp;dq=intitle:l%27esprit+intitle:des+intitle:journaux+date:1772-1779&amp;lr=&amp;as_brr=0&amp;hl=fr&amp;source=gbs_summary_r&amp;cad=0\" target=\"_blank\" rel=\"noopener\">Acc\u00e9der au volume<\/a> sur <b>GoogleBooks<\/b><\/p>\n<p><b>790602<\/b><br \/>\nPonce-Denis \u00c9couchard Le Brun<br \/>\n<i>Ode \u00e0 M. de Buffon, suivie d&rsquo;une \u00e9p\u00eetre sur la bonne et la mauvaise plaisanterie<\/i><br \/>\nJuin 1779, Tome VI, p. 27-38<br \/>\n(Journal de Paris; Ann\u00e9e litt\u00e9raire; Journal encyclop\u00e9dique; Gazette universelle de litt\u00e9rature)<br \/>\n<a href=\"http:\/\/books.google.be\/books?id=aZIUAAAAQAAJ&amp;printsec=titlepage&amp;dq=intitle:l%27esprit+intitle:des+intitle:journaux+date:1772-1779&amp;lr=&amp;as_brr=0&amp;hl=fr&amp;source=gbs_summary_r&amp;cad=0\" target=\"_blank\" rel=\"noopener\">Acc\u00e9der au volume<\/a> sur <b>GoogleBooks<\/b><\/p>\n<p style=\"text-align: justify;\"><b>790603<\/b><br \/>\nL\u00e9on VI<br \/>\n<i>Institutions militaires de l&#8217;empereur L\u00e9on le philosophe ; traduites en fran\u00e7ais avec des notes et des observations, suivies d&rsquo;une dissertation sur le feu gr\u00e9geois<\/i><br \/>\nJuin 1779, Tome VI, p. 38-48<br \/>\n(Journal des sciences et beaux-arts; Affiches et annonces de Paris; Avis divers)<br \/>\n<a href=\"http:\/\/books.google.be\/books?id=aZIUAAAAQAAJ&amp;printsec=titlepage&amp;dq=intitle:l%27esprit+intitle:des+intitle:journaux+date:1772-1779&amp;lr=&amp;as_brr=0&amp;hl=fr&amp;source=gbs_summary_r&amp;cad=0\" target=\"_blank\" rel=\"noopener\">Acc\u00e9der au volume<\/a> sur <b>GoogleBooks<\/b><\/p>\n<p><b>790604<\/b><br \/>\nVoltaire<br \/>\n<i>Commentaire sur l&rsquo;Esprit des lois de Montesquieu<\/i> [<a href=\"http:\/\/www.gedhs.ulg.ac.be\/recherches\/espritdesjournaux\/pdf\/790604.pdf\" target=\"_blank\" rel=\"noopener\">MODE IMAGE<\/a>]\nJuin 1779, Tome VI, p. 48-62<br \/>\n(Mercure de France; Journal encyclop\u00e9dique)<br \/>\n<a href=\"http:\/\/books.google.be\/books?id=aZIUAAAAQAAJ&amp;printsec=titlepage&amp;dq=intitle:l%27esprit+intitle:des+intitle:journaux+date:1772-1779&amp;lr=&amp;as_brr=0&amp;hl=fr&amp;source=gbs_summary_r&amp;cad=0\" target=\"_blank\" rel=\"noopener\">Acc\u00e9der au volume<\/a> sur <b>GoogleBooks<\/b><\/p>\n<p style=\"text-align: justify;\"><b>790605<\/b><br \/>\nClaude-Joseph Dorat<br \/>\n<i>Le chevalier fran\u00e7ais \u00e0 Turin, com\u00e9die en trois actes en vers, repr\u00e9sent\u00e9e \u00e0 Paris, \u00e0 la fin du mois de novembre 1778, par les com\u00e9diens fran\u00e7ais<\/i><\/p>\n<p>Le chevalier fran\u00e7ais \u00e0 Londres, com\u00e9die en trois actes, en vers, repr\u00e9sent\u00e9e par les com\u00e9diens fran\u00e7ais, \u00e0 la fin du mois de novembre 1778<br \/>\nJuin 1779, Tome VI, p. 63-71<br \/>\n(Journal encyclop\u00e9dique; Journal de Paris)<br \/>\n<a href=\"http:\/\/books.google.be\/books?id=aZIUAAAAQAAJ&amp;printsec=titlepage&amp;dq=intitle:l%27esprit+intitle:des+intitle:journaux+date:1772-1779&amp;lr=&amp;as_brr=0&amp;hl=fr&amp;source=gbs_summary_r&amp;cad=0\" target=\"_blank\" rel=\"noopener\">Acc\u00e9der au volume<\/a> sur <b>GoogleBooks<\/b><\/p>\n<p><b>790606<\/b><br \/>\nNicolas Gobet<br \/>\n<i>Les anciens min\u00e9ralogistes du royaume de France, avec des notes<\/i><br \/>\nJuin 1779, Tome VI, p. 72-85<br \/>\n(Journal de litt\u00e9rature, des sciences et des arts; Affiches et annonces de Paris)<br \/>\n<a href=\"http:\/\/books.google.be\/books?id=aZIUAAAAQAAJ&amp;printsec=titlepage&amp;dq=intitle:l%27esprit+intitle:des+intitle:journaux+date:1772-1779&amp;lr=&amp;as_brr=0&amp;hl=fr&amp;source=gbs_summary_r&amp;cad=0\" target=\"_blank\" rel=\"noopener\">Acc\u00e9der au volume<\/a> sur <b>GoogleBooks<\/b><\/p>\n<p><b>790607<\/b>[Ch. Remi]\n<i>Mon oisivet\u00e9<\/i><br \/>\nJuin 1779, Tome VI, p. 86-90<br \/>\n(Journal de Paris; Mercure de France)<br \/>\n<a href=\"http:\/\/books.google.be\/books?id=aZIUAAAAQAAJ&amp;printsec=titlepage&amp;dq=intitle:l%27esprit+intitle:des+intitle:journaux+date:1772-1779&amp;lr=&amp;as_brr=0&amp;hl=fr&amp;source=gbs_summary_r&amp;cad=0\" target=\"_blank\" rel=\"noopener\">Acc\u00e9der au volume<\/a> sur <b>GoogleBooks<\/b><\/p>\n<p><b>790608<\/b><br \/>\nAntoine Augustin Parmentier<br \/>\n<i>Mani\u00e8re de faire le pain de pommes de terre, sans m\u00e9lange de farine<\/i><br \/>\nJuin 1779, Tome VI, p. 90-98<br \/>\n(Gazette d&rsquo;agriculture, commerce, arts et finances; Affiches et annonces de Paris)<br \/>\n<a href=\"http:\/\/books.google.be\/books?id=aZIUAAAAQAAJ&amp;printsec=titlepage&amp;dq=intitle:l%27esprit+intitle:des+intitle:journaux+date:1772-1779&amp;lr=&amp;as_brr=0&amp;hl=fr&amp;source=gbs_summary_r&amp;cad=0\" target=\"_blank\" rel=\"noopener\">Acc\u00e9der au volume<\/a> sur <b>GoogleBooks<\/b><\/p>\n<p style=\"text-align: justify;\"><b>790609<\/b><br \/>\nJean-Ren\u00e9-Antoine de Verdun de La Crenne, Jean-Charles Borda, Alexandre-Gui Pingr\u00e9<br \/>\n<i>Voyage fait par ordre du roi, en 1771 et en 1772, en diverses parties de l&rsquo;Europe et de l&rsquo;Am\u00e9rique, pour v\u00e9rifier l&rsquo;utilit\u00e9 de plusieurs m\u00e9thodes et instruments, servant \u00e0 d\u00e9terminer la latitude et la longitude, tant des vaisseaux que des c\u00f4tes, \u00eeles et \u00e9cueils qu&rsquo;on reconna\u00eet, suivi de recherches pour rectifier les cartes hydrographiques<\/i><br \/>\nJuin 1779, Tome VI, p. 99-115<br \/>\n(Journal encyclop\u00e9dique; Gazette universelle de litt\u00e9rature)<br \/>\n<a href=\"http:\/\/books.google.be\/books?id=aZIUAAAAQAAJ&amp;printsec=titlepage&amp;dq=intitle:l%27esprit+intitle:des+intitle:journaux+date:1772-1779&amp;lr=&amp;as_brr=0&amp;hl=fr&amp;source=gbs_summary_r&amp;cad=0\" target=\"_blank\" rel=\"noopener\">Acc\u00e9der au volume<\/a> sur <b>GoogleBooks<\/b><\/p>\n<p style=\"text-align: justify;\"><b>790610<\/b><br \/>\nJohn Richardson<br \/>\n<i>A dissertation on the languages, literature and manners of eastern nationas, &amp;c. Dissertation sur les langues, la litt\u00e9rature et les m\u0153urs des nations orientales, servant originairement d&rsquo;introduction \u00e0 un dictionnaire persan, arabe et anglais ; \u00e0 laquelle on a ajout\u00e9 une seconde partie contenant des observations propres \u00e0 faire suite aux pr\u00e9c\u00e9dentes, et de nouvelles remarques sur l&rsquo;ouvrage intitul\u00e9 : Analyse de l&rsquo;ancienne mythologie, en r\u00e9ponse \u00e0 une apologie adress\u00e9e, par M. Bryant \u00e0 l&rsquo;auteur de cette dissertation<\/i><br \/>\nJuin 1779, Tome VI, p. 116-32<br \/>\n(Critical review)<br \/>\n<a href=\"http:\/\/books.google.be\/books?id=aZIUAAAAQAAJ&amp;printsec=titlepage&amp;dq=intitle:l%27esprit+intitle:des+intitle:journaux+date:1772-1779&amp;lr=&amp;as_brr=0&amp;hl=fr&amp;source=gbs_summary_r&amp;cad=0\" target=\"_blank\" rel=\"noopener\">Acc\u00e9der au volume<\/a> sur <b>GoogleBooks<\/b><\/p>\n<p><b>790611<\/b><br \/>\nNicolas Christophe de Thy, comte de Milly<br \/>\n<i>M\u00e9moire sur la mani\u00e8re d&rsquo;assainir les murs nouvellement faits<\/i><br \/>\nJuin 1779, Tome VI, p. 132-36<br \/>\n(Journal des savants; Mercure de France)<br \/>\n<a href=\"http:\/\/books.google.be\/books?id=aZIUAAAAQAAJ&amp;printsec=titlepage&amp;dq=intitle:l%27esprit+intitle:des+intitle:journaux+date:1772-1779&amp;lr=&amp;as_brr=0&amp;hl=fr&amp;source=gbs_summary_r&amp;cad=0\" target=\"_blank\" rel=\"noopener\">Acc\u00e9der au volume<\/a> sur <b>GoogleBooks<\/b><\/p>\n<p><b>790612<\/b><br \/>\n<i>Annales po\u00e9tiques ou Almanach des muses, depuis l&rsquo;origine de la po\u00e9sie fran\u00e7aise. Tome IX<\/i><br \/>\nJuin 1779, Tome VI, p. 136-41<br \/>\n(Journal de Paris)<br \/>\n<a href=\"http:\/\/books.google.be\/books?id=aZIUAAAAQAAJ&amp;printsec=titlepage&amp;dq=intitle:l%27esprit+intitle:des+intitle:journaux+date:1772-1779&amp;lr=&amp;as_brr=0&amp;hl=fr&amp;source=gbs_summary_r&amp;cad=0\" target=\"_blank\" rel=\"noopener\">Acc\u00e9der au volume<\/a> sur <b>GoogleBooks<\/b><\/p>\n<p style=\"text-align: justify;\"><b>790613<\/b><br \/>\nNicolas Toussaint Des Essarts<br \/>\n<i>Essai sur l&rsquo;histoire g\u00e9n\u00e9rale des tribunaux des peuples tant anciens que modernes, ou dictionnaire historique et judiciaire, contenant les anecdotes piquantes et les jugements fameux des tribunaux de tous les temps et de toutes les nations<\/i><br \/>\nJuin 1779, Tome VI, p. 141-54<br \/>\n(Journal encyclop\u00e9dique; Mercure de France)<br \/>\n<a href=\"http:\/\/books.google.be\/books?id=aZIUAAAAQAAJ&amp;printsec=titlepage&amp;dq=intitle:l%27esprit+intitle:des+intitle:journaux+date:1772-1779&amp;lr=&amp;as_brr=0&amp;hl=fr&amp;source=gbs_summary_r&amp;cad=0\" target=\"_blank\" rel=\"noopener\">Acc\u00e9der au volume<\/a> sur <b>GoogleBooks<\/b><\/p>\n<p><b>790614<\/b><br \/>\nMichel Du Tennetar<br \/>\n<i>Avis aux Messins, sur leur sant\u00e9, ou m\u00e9moire sur l&rsquo;\u00e9tat habituel de l&rsquo;atmosph\u00e8re \u00e0 Metz, et ses effets sur les habitants de cette ville<\/i><br \/>\nJuin 1779, Tome VI, p. 154-58<br \/>\n(Gazette universelle de litt\u00e9rature)<br \/>\n<a href=\"http:\/\/books.google.be\/books?id=aZIUAAAAQAAJ&amp;printsec=titlepage&amp;dq=intitle:l%27esprit+intitle:des+intitle:journaux+date:1772-1779&amp;lr=&amp;as_brr=0&amp;hl=fr&amp;source=gbs_summary_r&amp;cad=0\" target=\"_blank\" rel=\"noopener\">Acc\u00e9der au volume<\/a> sur <b>GoogleBooks<\/b><\/p>\n<p style=\"text-align: justify;\"><b>790615<\/b><br \/>\nChristoph Christian Sturm<br \/>\n<i>Consid\u00e9rations sur les \u0153uvres de Dieu dans le r\u00e8gne de la nature et de la providence, pour tous les jours de l&rsquo;ann\u00e9e ; ouvrage traduit de l&rsquo;allemand [\u2026] et traduit en fran\u00e7ais par Constance<\/i><br \/>\nJuin 1779, Tome VI, p. 158-67<br \/>\n(Mercure de France; Journal de Paris)<br \/>\n<a href=\"http:\/\/books.google.be\/books?id=aZIUAAAAQAAJ&amp;printsec=titlepage&amp;dq=intitle:l%27esprit+intitle:des+intitle:journaux+date:1772-1779&amp;lr=&amp;as_brr=0&amp;hl=fr&amp;source=gbs_summary_r&amp;cad=0\" target=\"_blank\" rel=\"noopener\">Acc\u00e9der au volume<\/a> sur <b>GoogleBooks<\/b><\/p>\n<p style=\"text-align: justify;\"><b>790616<\/b><br \/>\nPetronio Zecchini<br \/>\n<i>De Gorterian\u00e2 vitalitate miseriis hominum\u2026, &amp;c. De la vitalit\u00e9 qui, suivant Gorter, r\u00e9siste aux maladies des hommes ; th\u00e8se d\u00e9di\u00e9e \u00e0 S.E. le cardinal Calcagnini et soutenu par M. Alo\u00efse Perosi, \u00e9tudiant en m\u00e9decine pratique dans l&rsquo;universit\u00e9 de Ferrare<\/i><br \/>\nJuin 1779, Tome VI, p. 167-71<br \/>\n(Effemeridi di Roma)<br \/>\n<a href=\"http:\/\/books.google.be\/books?id=aZIUAAAAQAAJ&amp;printsec=titlepage&amp;dq=intitle:l%27esprit+intitle:des+intitle:journaux+date:1772-1779&amp;lr=&amp;as_brr=0&amp;hl=fr&amp;source=gbs_summary_r&amp;cad=0\" target=\"_blank\" rel=\"noopener\">Acc\u00e9der au volume<\/a> sur <b>GoogleBooks<\/b><\/p>\n<p style=\"text-align: justify;\"><b>790617<\/b><br \/>\nJean Sylvain Bailly<br \/>\n<i>Lettres sur l&rsquo;Atlantide de Platon et sur l&rsquo;ancienne histoire de l&rsquo;Asie, pour servir de suite aux lettres sur l&rsquo;origine des sciences, adress\u00e9es \u00e0 M. de Voltaire <\/i>[<a href=\"http:\/\/www.gedhs.ulg.ac.be\/recherches\/espritdesjournaux\/pdf\/790617.pdf\" target=\"_blank\" rel=\"noopener\">MODE IMAGE<\/a>]\nJuin 1779, Tome VI, p. 172-89<br \/>\n(Journal des savants)<br \/>\n<a href=\"http:\/\/books.google.be\/books?id=aZIUAAAAQAAJ&amp;printsec=titlepage&amp;dq=intitle:l%27esprit+intitle:des+intitle:journaux+date:1772-1779&amp;lr=&amp;as_brr=0&amp;hl=fr&amp;source=gbs_summary_r&amp;cad=0\" target=\"_blank\" rel=\"noopener\">Acc\u00e9der au volume<\/a> sur <b>GoogleBooks<\/b><\/p>\n<p><b>790618<\/b>[Jean-Fran\u00e7ois Cailhava de L&rsquo;Estandoux]\n<i>Discours prononc\u00e9 par Moli\u00e8re, le jour de sa r\u00e9ception posthume \u00e0 l&rsquo;Acad\u00e9mie fran\u00e7aise, avec la r\u00e9ponse<\/i><br \/>\nJuin 1779, Tome VI, p. 189-96<br \/>\n(Journal encyclop\u00e9dique; Gazette universelle de litt\u00e9rature)<br \/>\n<a href=\"http:\/\/books.google.be\/books?id=aZIUAAAAQAAJ&amp;printsec=titlepage&amp;dq=intitle:l%27esprit+intitle:des+intitle:journaux+date:1772-1779&amp;lr=&amp;as_brr=0&amp;hl=fr&amp;source=gbs_summary_r&amp;cad=0\" target=\"_blank\" rel=\"noopener\">Acc\u00e9der au volume<\/a> sur <b>GoogleBooks<\/b><\/p>\n<p style=\"text-align: justify;\"><b>790619<\/b><br \/>\n<i>Collection acad\u00e9mique, compos\u00e9e de l&rsquo;histoire et des m\u00e9moires, actes et journaux des plus c\u00e9l\u00e8bres acad\u00e9mies et soci\u00e9t\u00e9s litt\u00e9raires de l&rsquo;Europe, concernant l&rsquo;histoire naturelle, la physique exp\u00e9rimentale, la chimie, la m\u00e9decine, l&rsquo;anatomie, etc. Tome XIII de la partie \u00e9trang\u00e8re, contenant l&rsquo;histoire et les m\u00e9moires de l&rsquo;acad\u00e9mie royale des sciences de Turin, traduits et r\u00e9dig\u00e9s par feu M. Paul [\u2026], M. Vidal [\u2026] et M. Robinet [\u2026]<\/i><br \/>\nJuin 1779, Tome VI, p. 197-205<br \/>\n(Journal des savants; Mercure de France; Journal de Paris)<br \/>\n<a href=\"http:\/\/books.google.be\/books?id=aZIUAAAAQAAJ&amp;printsec=titlepage&amp;dq=intitle:l%27esprit+intitle:des+intitle:journaux+date:1772-1779&amp;lr=&amp;as_brr=0&amp;hl=fr&amp;source=gbs_summary_r&amp;cad=0\" target=\"_blank\" rel=\"noopener\">Acc\u00e9der au volume<\/a> sur <b>GoogleBooks<\/b><\/p>\n<p><b>790620<\/b><br \/>\nPaolo Frisi<br \/>\n<i>Elogi di Galileo Galilei, &amp;c. \u00c9loges de Galileo Galilei &amp; de Bonaventure Cavalieri<\/i><br \/>\nJuin 1779, Tome VI, p. 206-10<br \/>\n(Effemeridi di Roma)<br \/>\n<a href=\"http:\/\/books.google.be\/books?id=aZIUAAAAQAAJ&amp;printsec=titlepage&amp;dq=intitle:l%27esprit+intitle:des+intitle:journaux+date:1772-1779&amp;lr=&amp;as_brr=0&amp;hl=fr&amp;source=gbs_summary_r&amp;cad=0\" target=\"_blank\" rel=\"noopener\">Acc\u00e9der au volume<\/a> sur <b>GoogleBooks<\/b><\/p>\n<p><b>790621<\/b><br \/>\n<i>Bons mots des anciens<\/i><br \/>\nJuin 1779, Tome VI, p. 211-16<br \/>\n(Mercure de France)<br \/>\n<a href=\"http:\/\/books.google.be\/books?id=aZIUAAAAQAAJ&amp;printsec=titlepage&amp;dq=intitle:l%27esprit+intitle:des+intitle:journaux+date:1772-1779&amp;lr=&amp;as_brr=0&amp;hl=fr&amp;source=gbs_summary_r&amp;cad=0\" target=\"_blank\" rel=\"noopener\">Acc\u00e9der au volume<\/a> sur <b>GoogleBooks<\/b><\/p>\n<p><b>790622<\/b><br \/>\nNicolas-Thomas Leprince<br \/>\n<i>Lettres sur l&rsquo;invention du fusil \u00e0 vent et sur le papier velout\u00e9<\/i><br \/>\nJuin 1779, Tome VI, p. 217-19<br \/>\n(Journal des savants)<br \/>\n<a href=\"http:\/\/books.google.be\/books?id=aZIUAAAAQAAJ&amp;printsec=titlepage&amp;dq=intitle:l%27esprit+intitle:des+intitle:journaux+date:1772-1779&amp;lr=&amp;as_brr=0&amp;hl=fr&amp;source=gbs_summary_r&amp;cad=0\" target=\"_blank\" rel=\"noopener\">Acc\u00e9der au volume<\/a> sur <b>GoogleBooks<\/b><\/p>\n<p><b>790623<\/b><br \/>\n<i>Pouvoir de l&rsquo;amour sur les Anglais<\/i><br \/>\nJuin 1779, Tome VI, p. 220-25<br \/>\n(Journal de Paris)<br \/>\n<a href=\"http:\/\/books.google.be\/books?id=aZIUAAAAQAAJ&amp;printsec=titlepage&amp;dq=intitle:l%27esprit+intitle:des+intitle:journaux+date:1772-1779&amp;lr=&amp;as_brr=0&amp;hl=fr&amp;source=gbs_summary_r&amp;cad=0\" target=\"_blank\" rel=\"noopener\">Acc\u00e9der au volume<\/a> sur <b>GoogleBooks<\/b><\/p>\n<p><b>790624<\/b><br \/>\n<i>All\u00e9gorie curieuse, repr\u00e9sent\u00e9e sur une ancienne tapisserie<\/i><br \/>\nJuin 1779, Tome VI, p. 225-31<br \/>\n(Journal de Nancy)<br \/>\n<a href=\"http:\/\/books.google.be\/books?id=aZIUAAAAQAAJ&amp;printsec=titlepage&amp;dq=intitle:l%27esprit+intitle:des+intitle:journaux+date:1772-1779&amp;lr=&amp;as_brr=0&amp;hl=fr&amp;source=gbs_summary_r&amp;cad=0\" target=\"_blank\" rel=\"noopener\">Acc\u00e9der au volume<\/a> sur <b>GoogleBooks<\/b><\/p>\n<p><b>790625<\/b><br \/>\n<i>Lettre de M. J. G. \u00e0 M. l&rsquo;abb\u00e9 Turberville-Needham, directeur de l&rsquo;acad\u00e9mie imp\u00e9riale et royale de Bruxelles<\/i><br \/>\nJuin 1779, Tome VI, p. 232-60<br \/>\n<a href=\"http:\/\/books.google.be\/books?id=aZIUAAAAQAAJ&amp;printsec=titlepage&amp;dq=intitle:l%27esprit+intitle:des+intitle:journaux+date:1772-1779&amp;lr=&amp;as_brr=0&amp;hl=fr&amp;source=gbs_summary_r&amp;cad=0\" target=\"_blank\" rel=\"noopener\">Acc\u00e9der au volume<\/a> sur <b>GoogleBooks<\/b><\/p>\n<p><b>790626<\/b><br \/>\nBernard-Joseph Saurin<br \/>\n<i>Vers adress\u00e9s \u00e0 l&rsquo;ombre de Voltaire; et lus par M. Saurin, dans la s\u00e9ance publique de l&rsquo;acad\u00e9mie fran\u00e7aise<\/i><br \/>\nJuin 1779, Tome VI, p. 261-63<br \/>\n<a href=\"http:\/\/books.google.be\/books?id=aZIUAAAAQAAJ&amp;printsec=titlepage&amp;dq=intitle:l%27esprit+intitle:des+intitle:journaux+date:1772-1779&amp;lr=&amp;as_brr=0&amp;hl=fr&amp;source=gbs_summary_r&amp;cad=0\" target=\"_blank\" rel=\"noopener\">Acc\u00e9der au volume<\/a> sur <b>GoogleBooks<\/b><\/p>\n<p><b>790627<\/b><br \/>\nComte de Saint-Aldegonde<br \/>\n<i>Quatrain sur l&rsquo;heureux accouchement de la Reine<\/i><br \/>\nJuin 1779, Tome VI, p. 263<br \/>\n<a href=\"http:\/\/books.google.be\/books?id=aZIUAAAAQAAJ&amp;printsec=titlepage&amp;dq=intitle:l%27esprit+intitle:des+intitle:journaux+date:1772-1779&amp;lr=&amp;as_brr=0&amp;hl=fr&amp;source=gbs_summary_r&amp;cad=0\" target=\"_blank\" rel=\"noopener\">Acc\u00e9der au volume<\/a> sur <b>GoogleBooks<\/b><\/p>\n<p><b>790628<\/b><br \/>\nFran\u00e7ois-Joseph-Michel No\u00ebl<br \/>\n<i>L&rsquo;aigle et la colombe, dialogue<\/i><br \/>\nJuin 1779, Tome VI, p. 263-64<br \/>\n<a href=\"http:\/\/books.google.be\/books?id=aZIUAAAAQAAJ&amp;printsec=titlepage&amp;dq=intitle:l%27esprit+intitle:des+intitle:journaux+date:1772-1779&amp;lr=&amp;as_brr=0&amp;hl=fr&amp;source=gbs_summary_r&amp;cad=0\" target=\"_blank\" rel=\"noopener\">Acc\u00e9der au volume<\/a> sur <b>GoogleBooks<\/b><\/p>\n<p><b>790629<\/b><br \/>\n<i>L&rsquo;amour champ\u00eatre<\/i><br \/>\nJuin 1779, Tome VI, p. 264<br \/>\n<a href=\"http:\/\/books.google.be\/books?id=aZIUAAAAQAAJ&amp;printsec=titlepage&amp;dq=intitle:l%27esprit+intitle:des+intitle:journaux+date:1772-1779&amp;lr=&amp;as_brr=0&amp;hl=fr&amp;source=gbs_summary_r&amp;cad=0\" target=\"_blank\" rel=\"noopener\">Acc\u00e9der au volume<\/a> sur <b>GoogleBooks<\/b><\/p>\n<p><b>790630<\/b><br \/>\nNicoas-Germain L\u00e9onard<br \/>\n<i>Artur et Lucy. Romance, tir\u00e9e du Journal de Paris<\/i><br \/>\nJuin 1779, Tome VI, p. 265-67<br \/>\n<a href=\"http:\/\/books.google.be\/books?id=aZIUAAAAQAAJ&amp;printsec=titlepage&amp;dq=intitle:l%27esprit+intitle:des+intitle:journaux+date:1772-1779&amp;lr=&amp;as_brr=0&amp;hl=fr&amp;source=gbs_summary_r&amp;cad=0\" target=\"_blank\" rel=\"noopener\">Acc\u00e9der au volume<\/a> sur <b>GoogleBooks<\/b><\/p>\n<p><b>790631<\/b><br \/>\nNicolas Masson de Morvilliers<br \/>\n<i>\u00c9pigramme<\/i><br \/>\nJuin 1779, Tome VI, p. 268<br \/>\n<a href=\"http:\/\/books.google.be\/books?id=aZIUAAAAQAAJ&amp;printsec=titlepage&amp;dq=intitle:l%27esprit+intitle:des+intitle:journaux+date:1772-1779&amp;lr=&amp;as_brr=0&amp;hl=fr&amp;source=gbs_summary_r&amp;cad=0\" target=\"_blank\" rel=\"noopener\">Acc\u00e9der au volume<\/a> sur <b>GoogleBooks<\/b><\/p>\n<p><b>790632<\/b><br \/>\nPierre Antoine de La Place<br \/>\n<i>Portrait de S. A. M. le Prince de L\u2026<\/i><br \/>\nJuin 1779, Tome VI, p. 268<br \/>\n<a href=\"http:\/\/books.google.be\/books?id=aZIUAAAAQAAJ&amp;printsec=titlepage&amp;dq=intitle:l%27esprit+intitle:des+intitle:journaux+date:1772-1779&amp;lr=&amp;as_brr=0&amp;hl=fr&amp;source=gbs_summary_r&amp;cad=0\" target=\"_blank\" rel=\"noopener\">Acc\u00e9der au volume<\/a> sur <b>GoogleBooks<\/b><\/p>\n<p><b>790633<\/b><br \/>\nNicolas Masson de Morvilliers<br \/>\n<i>Portrait de l&rsquo;homme du jour. \u00c9pigramme<\/i><br \/>\nJuin 1779, Tome VI, p. 269<br \/>\n<a href=\"http:\/\/books.google.be\/books?id=aZIUAAAAQAAJ&amp;printsec=titlepage&amp;dq=intitle:l%27esprit+intitle:des+intitle:journaux+date:1772-1779&amp;lr=&amp;as_brr=0&amp;hl=fr&amp;source=gbs_summary_r&amp;cad=0\" target=\"_blank\" rel=\"noopener\">Acc\u00e9der au volume<\/a> sur <b>GoogleBooks<\/b><\/p>\n<p><b>790634<\/b><br \/>\nPierre-Nicolas Andr\u00e9-Murville<br \/>\n<i>Vers \u00e0 M. de F***, auteur de la com\u00e9die des deux Billets<\/i><br \/>\nJuin 1779, Tome VI, p. 269-70<br \/>\n<a href=\"http:\/\/books.google.be\/books?id=aZIUAAAAQAAJ&amp;printsec=titlepage&amp;dq=intitle:l%27esprit+intitle:des+intitle:journaux+date:1772-1779&amp;lr=&amp;as_brr=0&amp;hl=fr&amp;source=gbs_summary_r&amp;cad=0\" target=\"_blank\" rel=\"noopener\">Acc\u00e9der au volume<\/a> sur <b>GoogleBooks<\/b><\/p>\n<p><b>790635<\/b><br \/>\nSaint-Aubin<br \/>\n<i>Vers pour mettre au bas du portrait de M. Grandidier, historiographe de l&rsquo;\u00e9v\u00eaque de Strasbourg, membre de plusieurs acad\u00e9mies, &amp;c. &amp;c.<\/i><br \/>\nJuin 1779, Tome VI, p. 270<br \/>\n<a href=\"http:\/\/books.google.be\/books?id=aZIUAAAAQAAJ&amp;printsec=titlepage&amp;dq=intitle:l%27esprit+intitle:des+intitle:journaux+date:1772-1779&amp;lr=&amp;as_brr=0&amp;hl=fr&amp;source=gbs_summary_r&amp;cad=0\" target=\"_blank\" rel=\"noopener\">Acc\u00e9der au volume<\/a> sur <b>GoogleBooks<\/b><\/p>\n<p><b>790636<\/b><br \/>\nPhilippe-Laurent Pons de Verdun<br \/>\n<i>L&rsquo;enseigne d&rsquo;un po\u00e8te, \u00e9pigramme<\/i><br \/>\nJuin 1779, Tome VI, p. 271<br \/>\n<a href=\"http:\/\/books.google.be\/books?id=aZIUAAAAQAAJ&amp;printsec=titlepage&amp;dq=intitle:l%27esprit+intitle:des+intitle:journaux+date:1772-1779&amp;lr=&amp;as_brr=0&amp;hl=fr&amp;source=gbs_summary_r&amp;cad=0\" target=\"_blank\" rel=\"noopener\">Acc\u00e9der au volume<\/a> sur <b>GoogleBooks<\/b><\/p>\n<p><b> 790701<\/b><br \/>\nPompignan, Jean-Jacques Lefranc, marquis de<br \/>\n<i> M\u00e9langes de traductions de diff\u00e9rents ouvrages grecs, latins et anglais, sur des mati\u00e8res de politique, de litt\u00e9rature et d&rsquo;histoire<\/i><br \/>\nJuillet 1779, Tome VII, p. 3-51<br \/>\n(Journal de litt\u00e9rature, des sciences et des arts; Ann\u00e9e litt\u00e9raire; Journal encyclop\u00e9dique; Affiches et annonces de Paris)<br \/>\n<a href=\"http:\/\/books.google.be\/books?id=_xAJAAAAQAAJ&amp;printsec=frontcover&amp;dq=editions:0hOWUuYMSW2sZJSX&amp;lr=&amp;as_brr=1&amp;hl=fr\" target=\"_blank\" rel=\"noopener\">Acc\u00e9der au volume<\/a> sur <b>GoogleBooks<\/b><\/p>\n<p><b> 790702<\/b><br \/>\nGeorges-Louis Leclerc Buffon \/ Philippe Gu\u00e9neau de Montbeillard<br \/>\n<i> Histoire naturelle des oiseaux, tome IV<\/i><br \/>\nJuillet 1779, Tome VII, p. 51-61<br \/>\n(Mercure de France; Journal de Paris)<br \/>\n<a href=\"http:\/\/books.google.be\/books?id=_xAJAAAAQAAJ&amp;printsec=frontcover&amp;dq=editions:0hOWUuYMSW2sZJSX&amp;lr=&amp;as_brr=1&amp;hl=fr\" target=\"_blank\" rel=\"noopener\">Acc\u00e9der au volume<\/a> sur <b>GoogleBooks<\/b><\/p>\n<p><b> 790703<\/b><br \/>\nL.D. [Louis-Fran\u00e7ois Daire]\n<i> Vie de M. Gresset<\/i><br \/>\nJuillet 1779, Tome VII, p. 62-65<br \/>\n(Journal de Paris)<br \/>\n<a href=\"http:\/\/books.google.be\/books?id=_xAJAAAAQAAJ&amp;printsec=frontcover&amp;dq=editions:0hOWUuYMSW2sZJSX&amp;lr=&amp;as_brr=1&amp;hl=fr\" target=\"_blank\" rel=\"noopener\">Acc\u00e9der au volume<\/a> sur <b>GoogleBooks<\/b><\/p>\n<p><b> 790704<\/b><br \/>\nAnge-Fran\u00e7ois Fariau de Saint-Ange<br \/>\nTraduction nouvelle des M\u00e9tamorphoses d&rsquo;Ovide, en vers fran\u00e7ais, avec des notes<br \/>\nJuillet 1779, Tome VII, p. 66-79<br \/>\n(Journal des savants)<br \/>\n<a href=\"http:\/\/books.google.be\/books?id=_xAJAAAAQAAJ&amp;printsec=frontcover&amp;dq=editions:0hOWUuYMSW2sZJSX&amp;lr=&amp;as_brr=1&amp;hl=fr\" target=\"_blank\" rel=\"noopener\">Acc\u00e9der au volume<\/a> sur <b>GoogleBooks<\/b><\/p>\n<p style=\"text-align: justify;\"><b> 790705<\/b>[Riballier]\n<i> De l&rsquo;\u00e9ducation physique et morale des femmes, avec une notice alphab\u00e9tique de celles qui se sont distingu\u00e9es dans les diff\u00e9rentes carri\u00e8res des sciences et des beaux-arts, ou par des talents et des actions m\u00e9morables<\/i><br \/>\nJuillet 1779, Tome VII, p. 79-88<br \/>\n(Journal de litt\u00e9rature, des sciences et des arts; Journal de Paris; Journal encyclop\u00e9dique)<br \/>\n<a href=\"http:\/\/books.google.be\/books?id=_xAJAAAAQAAJ&amp;printsec=frontcover&amp;dq=editions:0hOWUuYMSW2sZJSX&amp;lr=&amp;as_brr=1&amp;hl=fr\" target=\"_blank\" rel=\"noopener\">Acc\u00e9der au volume<\/a> sur <b>GoogleBooks<\/b><\/p>\n<p><b> 790706<\/b><br \/>\nJacques-Vincent Delacroix<br \/>\n<i>\u00c9loge de Jean-Jacques Rousseau<\/i> [<a href=\"http:\/\/www.gedhs.ulg.ac.be\/recherches\/espritdesjournaux\/pdf\/rousseau1.pdf\" target=\"_blank\" rel=\"noopener\"><b>MODE IMAGE<\/b><\/a>]\nJuillet 1779, Tome VII, p. 89-94<br \/>\n(Journal encyclop\u00e9dique)<br \/>\n<a href=\"http:\/\/books.google.be\/books?id=_xAJAAAAQAAJ&amp;printsec=frontcover&amp;dq=editions:0hOWUuYMSW2sZJSX&amp;lr=&amp;as_brr=1&amp;hl=fr\" target=\"_blank\" rel=\"noopener\">Acc\u00e9der au volume<\/a> sur <b>GoogleBooks<\/b><\/p>\n<p style=\"text-align: justify;\"><b> 790707<\/b><br \/>\nPhilippe-Nicolas Pia<br \/>\n<i> D\u00e9tail des succ\u00e8s de l&rsquo;\u00e9tablissement que la ville de Paris a fait en faveur des personnes noy\u00e9es, et qui a \u00e9t\u00e9 adopt\u00e9e dans diverses provinces de France. Sixi\u00e8me partie, ann\u00e9es 1777 et 1778. On y a joint diff\u00e9rentes m\u00e9thodes pour secourir non seulement les noy\u00e9s, mais les suffoqu\u00e9s par la vapeur du charbon et autres vapeur m\u00e9phitiques quelconques ; les pendus ; les personnes gel\u00e9es ; les enfants naissants avec une apparence de mort<\/i><br \/>\nJuillet 1779, Tome VII, p. 95-101<br \/>\n(Gazette univereselle de litt\u00e9rature; Journal de Paris; Journal des savants)<br \/>\n<a href=\"http:\/\/books.google.be\/books?id=_xAJAAAAQAAJ&amp;printsec=frontcover&amp;dq=editions:0hOWUuYMSW2sZJSX&amp;lr=&amp;as_brr=1&amp;hl=fr\" target=\"_blank\" rel=\"noopener\">Acc\u00e9der au volume<\/a> sur <b>GoogleBooks<\/b><\/p>\n<p><b> 790708<\/b><br \/>\nClaude-Camille-Fran\u00e7ois d&rsquo;Albon<br \/>\n<i> Discours politiques, historiques et critiques sur quelques gouvernements de l&rsquo;Europe<\/i><br \/>\nJuillet 1779, Tome VII, p. 102-20<br \/>\n(Journal de litt\u00e9rature, des sciences et des arts; Affiches et annonces de Paris)<br \/>\n<a href=\"http:\/\/books.google.be\/books?id=_xAJAAAAQAAJ&amp;printsec=frontcover&amp;dq=editions:0hOWUuYMSW2sZJSX&amp;lr=&amp;as_brr=1&amp;hl=fr\" target=\"_blank\" rel=\"noopener\">Acc\u00e9der au volume<\/a> sur <b>GoogleBooks<\/b><\/p>\n<p style=\"text-align: justify;\"><b> 790709<\/b><br \/>\nWilliam Coxe<br \/>\n<i>Sketches of the natural, civil, and political state of Swisserland, &amp;c. Esquisse de l&rsquo;\u00e9tat naturel, civil et politique de la Suisse, dans une suite de lettres \u00e9crites \u00e0 M. Guillaume Melmoth<\/i> [<a href=\"http:\/\/www.gedhs.ulg.ac.be\/recherches\/espritdesjournaux\/pdf\/suisse1.pdf\" target=\"_blank\" rel=\"noopener\"><b>MODE IMAGE<\/b><\/a>]\nJuillet 1779, Tome VII, p. 120-32<br \/>\n(Critical review)<br \/>\n<a href=\"http:\/\/books.google.be\/books?id=_xAJAAAAQAAJ&amp;printsec=frontcover&amp;dq=editions:0hOWUuYMSW2sZJSX&amp;lr=&amp;as_brr=1&amp;hl=fr\" target=\"_blank\" rel=\"noopener\">Acc\u00e9der au volume<\/a> sur <b>GoogleBooks<\/b><\/p>\n<p><b> 790710<\/b><br \/>\nNicolas-Luton Durival<br \/>\n<i> Description de la Lorraine et du Barrois<\/i><br \/>\nJuillet 1779, Tome VII, p. 132-45<br \/>\n(Journal de Nancy; Mercure de France; Journal de Paris)<br \/>\n<a href=\"http:\/\/books.google.be\/books?id=_xAJAAAAQAAJ&amp;printsec=frontcover&amp;dq=editions:0hOWUuYMSW2sZJSX&amp;lr=&amp;as_brr=1&amp;hl=fr\" target=\"_blank\" rel=\"noopener\">Acc\u00e9der au volume<\/a> sur <b>GoogleBooks<\/b><\/p>\n<p><b> 790711<\/b><br \/>\nCharles-Pierre Colardeau<br \/>\n<i> uvres<\/i><br \/>\nJuillet 1779, Tome VII, p. 146-69<br \/>\n(Ann\u00e9e litt\u00e9raire; Journal de Paris; Journal encyclop\u00e9dique)<br \/>\n<a href=\"http:\/\/books.google.be\/books?id=_xAJAAAAQAAJ&amp;printsec=frontcover&amp;dq=editions:0hOWUuYMSW2sZJSX&amp;lr=&amp;as_brr=1&amp;hl=fr\" target=\"_blank\" rel=\"noopener\">Acc\u00e9der au volume<\/a> sur <b>GoogleBooks<\/b><\/p>\n<p style=\"text-align: justify;\"><b> 790712<\/b><br \/>\nJoseph Priestley<br \/>\n<i> Miscellaneous observations, &amp;c. M\u00e9lange d&rsquo;observations relatives \u00e0 l&rsquo;\u00e9ducation, surtout pour ce qui concerne la mani\u00e8re de diriger l&rsquo;esprit. \u00c0 quoi on a ajout\u00e9 un essai sur un cours d&rsquo;\u00e9ducation lib\u00e9rale<\/i><br \/>\nJuillet 1779, Tome VII, p. 170-76<br \/>\n<a href=\"http:\/\/books.google.be\/books?id=_xAJAAAAQAAJ&amp;printsec=frontcover&amp;dq=editions:0hOWUuYMSW2sZJSX&amp;lr=&amp;as_brr=1&amp;hl=fr\" target=\"_blank\" rel=\"noopener\">Acc\u00e9der au volume<\/a> sur <b>GoogleBooks<\/b><\/p>\n<p><b> 790713<\/b><br \/>\nJean-Sylvain Bailly<br \/>\n<i> Histoire de l&rsquo;astronomie moderne, depuis la fondation de l&rsquo;\u00e9cole d&rsquo;Alexandrie jusqu&rsquo;\u00e0 l&rsquo;\u00e9poque de 1730<\/i><br \/>\nJuillet 1779, Tome VII, p. 176-202<br \/>\n(Journal encyclop\u00e9dique)<br \/>\n<a href=\"http:\/\/books.google.be\/books?id=_xAJAAAAQAAJ&amp;printsec=frontcover&amp;dq=editions:0hOWUuYMSW2sZJSX&amp;lr=&amp;as_brr=1&amp;hl=fr\" target=\"_blank\" rel=\"noopener\">Acc\u00e9der au volume<\/a> sur <b>GoogleBooks<\/b><\/p>\n<p style=\"text-align: justify;\"><b> 790714<\/b><br \/>\nFulgence Frerot<br \/>\n<i> Abr\u00e9g\u00e9 historique de la vie des saints et des saintes, bienheureux et bienheureuses, et autres pieux et c\u00e9l\u00e8bres personnages des trois ordres de Saint Fran\u00e7ois<\/i><br \/>\nJuillet 1779, Tome VII, p. 202-10<br \/>\n(Mercure de France; Journal encyclop\u00e9dique)<br \/>\n<a href=\"http:\/\/books.google.be\/books?id=_xAJAAAAQAAJ&amp;printsec=frontcover&amp;dq=editions:0hOWUuYMSW2sZJSX&amp;lr=&amp;as_brr=1&amp;hl=fr\" target=\"_blank\" rel=\"noopener\">Acc\u00e9der au volume<\/a> sur <b>GoogleBooks<\/b><\/p>\n<p><b> 790715<\/b><br \/>\nJoseph M\u00fcller<br \/>\n<i> Lettre \u00e0 M. le chevalier de Born sur la tourmaline du Tyrol ; traduite de l&rsquo;Allemand<\/i><br \/>\nJuillet 1779, Tome VII, p. 211-19<br \/>\n<a href=\"http:\/\/books.google.be\/books?id=_xAJAAAAQAAJ&amp;printsec=frontcover&amp;dq=editions:0hOWUuYMSW2sZJSX&amp;lr=&amp;as_brr=1&amp;hl=fr\" target=\"_blank\" rel=\"noopener\">Acc\u00e9der au volume<\/a> sur <b>GoogleBooks<\/b><\/p>\n<p><b> 790716<\/b><br \/>\nMartin Sherlock<br \/>\n<i> Consiglio ad un giovane poeta, &amp;c. Conseil \u00e0 un jeune po\u00e8te<\/i><br \/>\nJuillet 1779, Tome VII, p. 219-29<br \/>\n(Effemeridi di Roma)<br \/>\n<a href=\"http:\/\/books.google.be\/books?id=_xAJAAAAQAAJ&amp;printsec=frontcover&amp;dq=editions:0hOWUuYMSW2sZJSX&amp;lr=&amp;as_brr=1&amp;hl=fr\" target=\"_blank\" rel=\"noopener\">Acc\u00e9der au volume<\/a> sur <b>GoogleBooks<\/b><\/p>\n<p><b> 790717<\/b><br \/>\n<i> Anecdotes sur Pierre-le-Grand<\/i><br \/>\nJuillet 1779, Tome VII, p. 230-35<br \/>\n(Journal encyclop\u00e9dique)<br \/>\n<a href=\"http:\/\/books.google.be\/books?id=_xAJAAAAQAAJ&amp;printsec=frontcover&amp;dq=editions:0hOWUuYMSW2sZJSX&amp;lr=&amp;as_brr=1&amp;hl=fr\" target=\"_blank\" rel=\"noopener\">Acc\u00e9der au volume<\/a> sur <b>GoogleBooks<\/b><\/p>\n<p><b> 790718<\/b><br \/>\n<i> Amusements \u00e9tymologiques<\/i><br \/>\nJuillet 1779, Tome VII, p. 236-41<br \/>\n(Mercure de France)<br \/>\n<a href=\"http:\/\/books.google.be\/books?id=_xAJAAAAQAAJ&amp;printsec=frontcover&amp;dq=editions:0hOWUuYMSW2sZJSX&amp;lr=&amp;as_brr=1&amp;hl=fr\" target=\"_blank\" rel=\"noopener\">Acc\u00e9der au volume<\/a> sur <b>GoogleBooks<\/b><\/p>\n<p><b> 790719<\/b><br \/>\nThomas-Marie Royou<br \/>\n<i> Lettre de M. l&rsquo;abb\u00e9 Royou \u00e0 M. Bailly<\/i><br \/>\nJuillet 1779, Tome VII, p. 241-42<br \/>\n(Ann\u00e9e litt\u00e9raire)<br \/>\n<a href=\"http:\/\/books.google.be\/books?id=_xAJAAAAQAAJ&amp;printsec=frontcover&amp;dq=editions:0hOWUuYMSW2sZJSX&amp;lr=&amp;as_brr=1&amp;hl=fr\" target=\"_blank\" rel=\"noopener\">Acc\u00e9der au volume<\/a> sur <b>GoogleBooks<\/b><\/p>\n<p><b> 790720<\/b><br \/>\n<i> Lettre aux auteurs du Journal de Paris<\/i><br \/>\nJuillet 1779, Tome VII, p. 243-45<br \/>\n(Journal de Paris)<br \/>\n<a href=\"http:\/\/books.google.be\/books?id=_xAJAAAAQAAJ&amp;printsec=frontcover&amp;dq=editions:0hOWUuYMSW2sZJSX&amp;lr=&amp;as_brr=1&amp;hl=fr\" target=\"_blank\" rel=\"noopener\">Acc\u00e9der au volume<\/a> sur <b>GoogleBooks<\/b><\/p>\n<p style=\"text-align: justify;\"><b> 790721<\/b><br \/>\nNicolas Fran\u00e7ois de Neufch\u00e2teau<br \/>\n<i> Lettre de M. Fran\u00e7ois de Neufch\u00e2teau \u00e0 l&rsquo;auteur du Journal de Nancy, sur la tapisserie de la salle de l&rsquo;audience et de la chambre du conseil de la Tournelle du parlement de Nancy<\/i><br \/>\nJuillet 1779, Tome VII, p. 245-48<br \/>\n(Journal de Nancy)<br \/>\n<a href=\"http:\/\/books.google.be\/books?id=_xAJAAAAQAAJ&amp;printsec=frontcover&amp;dq=editions:0hOWUuYMSW2sZJSX&amp;lr=&amp;as_brr=1&amp;hl=fr\" target=\"_blank\" rel=\"noopener\">Acc\u00e9der au volume<\/a> sur <b>GoogleBooks<\/b><\/p>\n<p><b> 790722<\/b><br \/>\nBaron de Servi\u00e8res<br \/>\n<i> Lettre sur les \u00e9difices tremblants ou inclin\u00e9s, adress\u00e9e \u00e0 MM. les auteurs du Journal des Savants<\/i><br \/>\nJuillet 1779, Tome VII, p. 249-55<br \/>\n(Journal des Savants)<br \/>\n<a href=\"http:\/\/books.google.be\/books?id=_xAJAAAAQAAJ&amp;printsec=frontcover&amp;dq=editions:0hOWUuYMSW2sZJSX&amp;lr=&amp;as_brr=1&amp;hl=fr\" target=\"_blank\" rel=\"noopener\">Acc\u00e9der au volume<\/a> sur <b>GoogleBooks<\/b><\/p>\n<p><b> 790723<\/b><br \/>\nJean-Antoine Roucher<br \/>\n<i> Fragments du po\u00e8me des Douze mois<\/i><br \/>\nJuillet 1779, Tome VII, p. 256-60<br \/>\n<a href=\"http:\/\/books.google.be\/books?id=_xAJAAAAQAAJ&amp;printsec=frontcover&amp;dq=editions:0hOWUuYMSW2sZJSX&amp;lr=&amp;as_brr=1&amp;hl=fr\" target=\"_blank\" rel=\"noopener\">Acc\u00e9der au volume<\/a> sur <b>GoogleBooks<\/b><\/p>\n<p><b> 790724<\/b><br \/>\n<i> R\u00e9ponse des Colons de Ferney, pour remercier M. le marquis de Villette, du soin qu&rsquo;il prend d&rsquo;assurer leur sort<\/i><br \/>\nJuillet 1779, Tome VII, p. 260-61<br \/>\n<a href=\"http:\/\/books.google.be\/books?id=_xAJAAAAQAAJ&amp;printsec=frontcover&amp;dq=editions:0hOWUuYMSW2sZJSX&amp;lr=&amp;as_brr=1&amp;hl=fr\" target=\"_blank\" rel=\"noopener\">Acc\u00e9der au volume<\/a> sur <b>GoogleBooks<\/b><\/p>\n<p style=\"text-align: justify;\"><b> 790725<\/b><br \/>\nFr\u00e8re Paul [Paul-Philippe Gudin de La Brenellerie]\n<i> Vers \u00c0 M. D&rsquo;Alembert. En lui envoyant le nouveau Recueil intitul\u00e9 : Graves observations sur les bonnes m\u0153urs, par le Fr\u00e8re Paul, Hermite de Paris<\/i><br \/>\nJuillet 1779, Tome VII, p. 261-62<br \/>\n<a href=\"http:\/\/books.google.be\/books?id=_xAJAAAAQAAJ&amp;printsec=frontcover&amp;dq=editions:0hOWUuYMSW2sZJSX&amp;lr=&amp;as_brr=1&amp;hl=fr\" target=\"_blank\" rel=\"noopener\">Acc\u00e9der au volume<\/a> sur <b>GoogleBooks<\/b><\/p>\n<p><b> 790726<\/b><br \/>\n<i> \u00c0 Madame de***<\/i><br \/>\nJuillet 1779, Tome VII, p. 262<br \/>\n<a href=\"http:\/\/books.google.be\/books?id=_xAJAAAAQAAJ&amp;printsec=frontcover&amp;dq=editions:0hOWUuYMSW2sZJSX&amp;lr=&amp;as_brr=1&amp;hl=fr\" target=\"_blank\" rel=\"noopener\">Acc\u00e9der au volume<\/a> sur <b>GoogleBooks<\/b><\/p>\n<p><b> 790727<\/b><br \/>\n<i> Vers extraits d&rsquo;une lettre \u00e9crite \u00e0 Madame de Bourdic, ci-devant marquise d&rsquo;Antremont ; suivie de la R\u00e9ponse de Madame de Bourdic<\/i><br \/>\nJuillet 1779, Tome VII, p. 262-263<br \/>\n<a href=\"http:\/\/books.google.be\/books?id=_xAJAAAAQAAJ&amp;printsec=frontcover&amp;dq=editions:0hOWUuYMSW2sZJSX&amp;lr=&amp;as_brr=1&amp;hl=fr\" target=\"_blank\" rel=\"noopener\">Acc\u00e9der au volume<\/a> sur <b>GoogleBooks<\/b><\/p>\n<p><b> 790728<\/b><br \/>\nM.***<br \/>\n<i> \u00c9pigramme<\/i><br \/>\nJuillet 1779, Tome VII, p. 263<br \/>\n<a href=\"http:\/\/books.google.be\/books?id=_xAJAAAAQAAJ&amp;printsec=frontcover&amp;dq=editions:0hOWUuYMSW2sZJSX&amp;lr=&amp;as_brr=1&amp;hl=fr\" target=\"_blank\" rel=\"noopener\">Acc\u00e9der au volume<\/a> sur <b>GoogleBooks<\/b><\/p>\n<p><b> 790729<\/b><br \/>\n<i> \u00c9p\u00eetre \u00e0 Ariste. Imitation libre du commencement de l&rsquo;\u00e9p\u00eetre VIIIe du comte Algarotti<\/i><br \/>\nJuillet 1779, Tome VII, p. 264-65<br \/>\n<a href=\"http:\/\/books.google.be\/books?id=_xAJAAAAQAAJ&amp;printsec=frontcover&amp;dq=editions:0hOWUuYMSW2sZJSX&amp;lr=&amp;as_brr=1&amp;hl=fr\" target=\"_blank\" rel=\"noopener\">Acc\u00e9der au volume<\/a> sur <b>GoogleBooks<\/b><\/p>\n<p><b> 790730<\/b><br \/>\nFran\u00e7ois-Charles Simonin<br \/>\n<i> Idylle couronn\u00e9e, le 8 mai 1779, par l&rsquo;acad\u00e9mie royale des sciences et belles-lettres de Nancy<\/i><br \/>\nJuillet 1779, Tome VII, p. 265-67<br \/>\n<a href=\"http:\/\/books.google.be\/books?id=_xAJAAAAQAAJ&amp;printsec=frontcover&amp;dq=editions:0hOWUuYMSW2sZJSX&amp;lr=&amp;as_brr=1&amp;hl=fr\" target=\"_blank\" rel=\"noopener\">Acc\u00e9der au volume<\/a> sur <b>GoogleBooks<\/b><\/p>\n<p><b> 790731<\/b><br \/>\nPhilippe-Laurent Pons de Verdun<br \/>\n<i> \u00c0 Mademoiselle***<\/i><br \/>\nJuillet 1779, Tome VII, p. 267<br \/>\n<a href=\"http:\/\/books.google.be\/books?id=_xAJAAAAQAAJ&amp;printsec=frontcover&amp;dq=editions:0hOWUuYMSW2sZJSX&amp;lr=&amp;as_brr=1&amp;hl=fr\" target=\"_blank\" rel=\"noopener\">Acc\u00e9der au volume<\/a> sur <b>GoogleBooks<\/b><\/p>\n<p><b> 790732<\/b><br \/>\nPhilippe-Laurent Pons de Verdun<br \/>\n<i> Les go\u00fbts sont diff\u00e9rents<\/i><br \/>\nJuillet 1779, Tome VII, p. 268<br \/>\n<a href=\"http:\/\/books.google.be\/books?id=_xAJAAAAQAAJ&amp;printsec=frontcover&amp;dq=editions:0hOWUuYMSW2sZJSX&amp;lr=&amp;as_brr=1&amp;hl=fr\" target=\"_blank\" rel=\"noopener\">Acc\u00e9der au volume<\/a> sur <b>GoogleBooks<\/b><\/p>\n<p><b> 790733<\/b><br \/>\nPhilippe-Laurent Pons de Verdun<br \/>\n<i> \u00c9pigramme<\/i><br \/>\nJuillet 1779, Tome VII, p. 268<br \/>\n<a href=\"http:\/\/books.google.be\/books?id=_xAJAAAAQAAJ&amp;printsec=frontcover&amp;dq=editions:0hOWUuYMSW2sZJSX&amp;lr=&amp;as_brr=1&amp;hl=fr\" target=\"_blank\" rel=\"noopener\">Acc\u00e9der au volume<\/a> sur <b>GoogleBooks<\/b><\/p>\n<p><b> 790734<\/b><br \/>\nPhilippe-Laurent Pons de Verdun<br \/>\n<i> L&rsquo;Amant malheureux<\/i><br \/>\nJuillet 1779, Tome VII, p. 269<br \/>\n<a href=\"http:\/\/books.google.be\/books?id=_xAJAAAAQAAJ&amp;printsec=frontcover&amp;dq=editions:0hOWUuYMSW2sZJSX&amp;lr=&amp;as_brr=1&amp;hl=fr\" target=\"_blank\" rel=\"noopener\">Acc\u00e9der au volume<\/a> sur <b>GoogleBooks<\/b><\/p>\n<p><b> 790801<\/b><br \/>\nGuillaume Dubois de Rochefort<br \/>\n<i> Histoire critique des opinions des anciens, et des syst\u00e8mes des philosophes sur le bonheur<\/i><br \/>\nAo\u00fbt 1779, Tome VIII, p. 3-33<br \/>\n(Journal encyclop\u00e9dique; Journal des savants; Journal de Paris; Affiches et annonces de Paris)<br \/>\n<a href=\"http:\/\/books.google.be\/books?id=tJIUAAAAQAAJ&amp;printsec=titlepage&amp;dq=intitle:esprit+des+date:1778-1779&amp;lr=&amp;as_brr=1&amp;hl=fr&amp;source=gbs_summary_r&amp;cad=0\" target=\"_blank\" rel=\"noopener\">Acc\u00e9der au volume<\/a> sur <b>GoogleBooks<\/b><\/p>\n<p style=\"text-align: justify;\"><b> 790802<\/b>[Carel Fredrik Brink]\n<i>Nouvelle description du cap de Bonne-Esp\u00e9rance, avec un journal historique d&rsquo;un voyage de terre, fait par ordre du gouverneur feu Mgr. Ryk Tulbagh, dans l&rsquo;int\u00e9rieur de l&rsquo;Afrique, par une caravane de 85 personnes, sous le commandement du capitaine M. Henri Hop [traduit du hollandais] <\/i>[<a href=\"http:\/\/www.gedhs.ulg.ac.be\/recherches\/espritdesjournaux\/pdf\/capbe.pdf\" target=\"_blank\" rel=\"noopener\"><b>MODE IMAGE<\/b><\/a>]\nAo\u00fbt 1779, Tome VIII, p. 34-42<br \/>\n(Biblioth\u00e8que hollandaise des sciences et des beaux-arts)<br \/>\n<a href=\"http:\/\/books.google.be\/books?id=tJIUAAAAQAAJ&amp;printsec=titlepage&amp;dq=intitle:esprit+des+date:1778-1779&amp;lr=&amp;as_brr=1&amp;hl=fr&amp;source=gbs_summary_r&amp;cad=0\" target=\"_blank\" rel=\"noopener\">Acc\u00e9der au volume<\/a> sur <b>GoogleBooks<\/b><\/p>\n<p><b> 790803<\/b><br \/>\nBarth\u00e9lemy Imbert<br \/>\n<i> Les deux fr\u00e8res ou la famille comme il y en a tant<\/i><br \/>\nAo\u00fbt 1779, Tome VIII, p. 43-49<br \/>\n(Journal de Paris; Journal encyclop\u00e9dique)<br \/>\n<a href=\"http:\/\/books.google.be\/books?id=tJIUAAAAQAAJ&amp;printsec=titlepage&amp;dq=intitle:esprit+des+date:1778-1779&amp;lr=&amp;as_brr=1&amp;hl=fr&amp;source=gbs_summary_r&amp;cad=0\" target=\"_blank\" rel=\"noopener\">Acc\u00e9der au volume<\/a> sur <b>GoogleBooks<\/b><\/p>\n<p><b> 790804<\/b><br \/>\nAbraham B\u00e4ck<br \/>\n<i> Aminnelse-tal \u00f6fver Carl von Linn\u00e9. Discours consacr\u00e9 \u00e0 la m\u00e9moire de feu M. Charles de Linn\u00e9<\/i><br \/>\nAo\u00fbt 1779, Tome VIII, p. 49-56<br \/>\n<a href=\"http:\/\/books.google.be\/books?id=tJIUAAAAQAAJ&amp;printsec=titlepage&amp;dq=intitle:esprit+des+date:1778-1779&amp;lr=&amp;as_brr=1&amp;hl=fr&amp;source=gbs_summary_r&amp;cad=0\" target=\"_blank\" rel=\"noopener\">Acc\u00e9der au volume<\/a> sur <b>GoogleBooks<\/b><\/p>\n<p><b> 790805<\/b><br \/>\nMarie-Gabriel-Florent-Auguste Choiseul-Gouffier<br \/>\n<i> Voyage pittoresque de la Gr\u00e8ce ; chapitre quatri\u00e8me<\/i><br \/>\nAo\u00fbt 1779, Tome VIII, p. 56-65<br \/>\n(Journal de Paris; Affiches et annonces de Paris)<br \/>\n<a href=\"http:\/\/books.google.be\/books?id=tJIUAAAAQAAJ&amp;printsec=titlepage&amp;dq=intitle:esprit+des+date:1778-1779&amp;lr=&amp;as_brr=1&amp;hl=fr&amp;source=gbs_summary_r&amp;cad=0\" target=\"_blank\" rel=\"noopener\">Acc\u00e9der au volume<\/a> sur <b>GoogleBooks<\/b><\/p>\n<p><b> 790806<\/b>[Anne d&rsquo;Aubourg de la Bove, comtesse de Miremont]\n<i> Trait\u00e9 de l&rsquo;\u00e9ducation des femmes, et cours complet d&rsquo;instruction. Tome I<\/i><br \/>\nAo\u00fbt 1779, Tome VIII, p. 66-79<br \/>\n(Mercure de Fance; Journal de Paris)<br \/>\n<a href=\"http:\/\/books.google.be\/books?id=tJIUAAAAQAAJ&amp;printsec=titlepage&amp;dq=intitle:esprit+des+date:1778-1779&amp;lr=&amp;as_brr=1&amp;hl=fr&amp;source=gbs_summary_r&amp;cad=0\" target=\"_blank\" rel=\"noopener\">Acc\u00e9der au volume<\/a> sur <b>GoogleBooks<\/b><\/p>\n<p style=\"text-align: justify;\"><b> 790807<\/b><br \/>\nNicolas-Toussaint Des Essarts<br \/>\n<i> Essai sur l&rsquo;histoire g\u00e9n\u00e9rale des tribunaux des peuples, tant anciens que modernes, ou dictionnaire historique et judiciaire, contenant les anecdotes piquantes et les jugements fameux des tribunaux de tous les temps et de toutes les nations. Tome III<\/i><br \/>\nAo\u00fbt 1779, Tome VIII, p. 79-92<br \/>\n(Gazette des tribunaux; Journal des savants; Journal encyclop\u00e9dique; Journal de Paris; Affiches et annonces de Paris)<br \/>\n<a href=\"http:\/\/books.google.be\/books?id=tJIUAAAAQAAJ&amp;printsec=titlepage&amp;dq=intitle:esprit+des+date:1778-1779&amp;lr=&amp;as_brr=1&amp;hl=fr&amp;source=gbs_summary_r&amp;cad=0\" target=\"_blank\" rel=\"noopener\">Acc\u00e9der au volume<\/a> sur <b>GoogleBooks<\/b><\/p>\n<p><b> 790808<\/b><br \/>\nLouis Poinsinet de Sivry<br \/>\n<i> Nouvelles recherches sur la science des m\u00e9dailles, inscriptions et hi\u00e9roglyphes antiques<\/i><br \/>\nAo\u00fbt 1779, Tome VIII, p. 92-102<br \/>\n(Journal encyclop\u00e9dique; Gazette universelle de litt\u00e9rature)<br \/>\n<a href=\"http:\/\/books.google.be\/books?id=tJIUAAAAQAAJ&amp;printsec=titlepage&amp;dq=intitle:esprit+des+date:1778-1779&amp;lr=&amp;as_brr=1&amp;hl=fr&amp;source=gbs_summary_r&amp;cad=0\" target=\"_blank\" rel=\"noopener\">Acc\u00e9der au volume<\/a> sur <b>GoogleBooks<\/b><\/p>\n<p><b> 790809<\/b>[Edme Billard-Dumonceau]\n<i> La journ\u00e9e champ\u00eatre au renouveau, op\u00e9ra h\u00e9ro\u00ef-comico-rustique ; par un campagnard<\/i><br \/>\nAo\u00fbt 1779, Tome VIII, p. 103-07<br \/>\n(Journal de litt\u00e9rature, des sciences et des arts; Affiches et annonces de Paris)<br \/>\n<a href=\"http:\/\/books.google.be\/books?id=tJIUAAAAQAAJ&amp;printsec=titlepage&amp;dq=intitle:esprit+des+date:1778-1779&amp;lr=&amp;as_brr=1&amp;hl=fr&amp;source=gbs_summary_r&amp;cad=0\" target=\"_blank\" rel=\"noopener\">Acc\u00e9der au volume<\/a> sur <b>GoogleBooks<\/b><\/p>\n<p style=\"text-align: justify;\"><b> 790810<\/b><br \/>\nDaniel Heinrich Hering<br \/>\n<i> Historische Nachricht von dem ersten anfang der evangelisch-reformirten kirche\u2026 Histoire du premier commencement des \u00e9glises r\u00e9form\u00e9es dans le Brandebourg et en Prusse, sous le r\u00e8gne de l&rsquo;\u00e9lecteur Jean Sigismond, avec les trois professions de foi de ces \u00e9glises<\/i><br \/>\nAo\u00fbt 1779, Tome VIII, p. 108-40<br \/>\n<a href=\"http:\/\/books.google.be\/books?id=tJIUAAAAQAAJ&amp;printsec=titlepage&amp;dq=intitle:esprit+des+date:1778-1779&amp;lr=&amp;as_brr=1&amp;hl=fr&amp;source=gbs_summary_r&amp;cad=0\" target=\"_blank\" rel=\"noopener\">Acc\u00e9der au volume<\/a> sur <b>GoogleBooks<\/b><\/p>\n<p><b> 790811<\/b><br \/>\n\u00c9variste D\u00e9sir\u00e9 de Forges, vicomte de Parny<br \/>\n<i> Opuscules po\u00e9tiques<\/i><br \/>\nAo\u00fbt 1779, Tome VIII, p. 141-43<br \/>\n<a href=\"http:\/\/books.google.be\/books?id=tJIUAAAAQAAJ&amp;printsec=titlepage&amp;dq=intitle:esprit+des+date:1778-1779&amp;lr=&amp;as_brr=1&amp;hl=fr&amp;source=gbs_summary_r&amp;cad=0\" target=\"_blank\" rel=\"noopener\">Acc\u00e9der au volume<\/a> sur <b>GoogleBooks<\/b><\/p>\n<p style=\"text-align: justify;\"><b> 790812<\/b><br \/>\nJoseph White<br \/>\n<i> Sacrorum evangeliorum versio syriaca Philoxeniana, &amp;c. Version syriaque des saints \u00e9vangiles, de Philox\u00e8ne, mise au jour maintenant pour la premi\u00e8re fois d&rsquo;apr\u00e8s les manuscrits de Ridley, d\u00e9pos\u00e9s dans la biblioth\u00e8que du nouveau coll\u00e8ge d&rsquo;Oxford ; avec une interpr\u00e9tation et des notes<\/i><br \/>\nAo\u00fbt 1779, Tome VIII, p. 144-50<br \/>\n(Critical review)<br \/>\n<a href=\"http:\/\/books.google.be\/books?id=tJIUAAAAQAAJ&amp;printsec=titlepage&amp;dq=intitle:esprit+des+date:1778-1779&amp;lr=&amp;as_brr=1&amp;hl=fr&amp;source=gbs_summary_r&amp;cad=0\" target=\"_blank\" rel=\"noopener\">Acc\u00e9der au volume<\/a> sur <b>GoogleBooks<\/b><\/p>\n<p><b> 790813<\/b><br \/>\nLouis-\u00c9lisabeth de La Vergne, comte de Tressan<br \/>\n<i> Traduction libre d&rsquo;Amadis de Gaule<\/i><br \/>\nAo\u00fbt 1779, Tome VIII, p. 151-70<br \/>\n(Mercure de France; Journal encyclop\u00e9dique; Journal de litt\u00e9rature, des sciences et des arts)<br \/>\n<a href=\"http:\/\/books.google.be\/books?id=tJIUAAAAQAAJ&amp;printsec=titlepage&amp;dq=intitle:esprit+des+date:1778-1779&amp;lr=&amp;as_brr=1&amp;hl=fr&amp;source=gbs_summary_r&amp;cad=0\" target=\"_blank\" rel=\"noopener\">Acc\u00e9der au volume<\/a> sur <b>GoogleBooks<\/b><\/p>\n<p><b> 790814<\/b><br \/>\nAntoine Augustin Parmentier<br \/>\n<i> Le parfait boulanger, ou trait\u00e9 complet sur la fabrication et le commerce du pain<\/i><br \/>\nAo\u00fbt 1779, Tome VIII, p. 171-92<br \/>\n(Journal de l&rsquo;agriculture, du commerce, des arts et des finances; Journal de litt\u00e9rature, des sciences et des arts; Affiches et annonces de Paris)<br \/>\n<a href=\"http:\/\/books.google.be\/books?id=tJIUAAAAQAAJ&amp;printsec=titlepage&amp;dq=intitle:esprit+des+date:1778-1779&amp;lr=&amp;as_brr=1&amp;hl=fr&amp;source=gbs_summary_r&amp;cad=0\" target=\"_blank\" rel=\"noopener\">Acc\u00e9der au volume<\/a> sur <b>GoogleBooks<\/b><\/p>\n<p style=\"text-align: justify;\"><b> 790815<\/b><br \/>\nPatrick Dugud Leslie<br \/>\n<i> A philosophical inquiry into the cause of animal heat, &amp;c. Recherches philosophiques sur la cause de la chaleur animale ; \u00e0 quoi l&rsquo;on a ajout\u00e9 par occasion des observations sur diff\u00e9rentes questions physiologiques et chimiques li\u00e9es avec ce sujet<\/i><br \/>\nAo\u00fbt 1779, Tome VIII, p. 193-203<br \/>\n(Critical Review)<br \/>\n<a href=\"http:\/\/books.google.be\/books?id=tJIUAAAAQAAJ&amp;printsec=titlepage&amp;dq=intitle:esprit+des+date:1778-1779&amp;lr=&amp;as_brr=1&amp;hl=fr&amp;source=gbs_summary_r&amp;cad=0\" target=\"_blank\" rel=\"noopener\">Acc\u00e9der au volume<\/a> sur <b>GoogleBooks<\/b><\/p>\n<p><b> 790816<\/b><br \/>\nMarie-\u00c9lisabeth Bou\u00e9e, Mme de La Fite<br \/>\n<i> Entretiens, drames et contes moraux \u00e0 l&rsquo;usage des enfants<\/i><br \/>\nAo\u00fbt 1779, Tome VIII, p. 203-21<br \/>\n<a href=\"http:\/\/books.google.be\/books?id=tJIUAAAAQAAJ&amp;printsec=titlepage&amp;dq=intitle:esprit+des+date:1778-1779&amp;lr=&amp;as_brr=1&amp;hl=fr&amp;source=gbs_summary_r&amp;cad=0\" target=\"_blank\" rel=\"noopener\">Acc\u00e9der au volume<\/a> sur <b>GoogleBooks<\/b><\/p>\n<p><b> 790817<\/b><br \/>\nWilliam Jones<br \/>\n<i> The speeches of Isaeus, &amp;c. Discours d&rsquo;Is\u00e9e, prononc\u00e9s dans des causes relatives \u00e0 la loi de succession d&rsquo;Ath\u00e8nes, avec une pr\u00e9face, des notes critiques et historiques, et un commentaire<\/i><br \/>\nAo\u00fbt 1779, Tome VIII, p. 221-28<br \/>\n(Critical review)<br \/>\n<a href=\"http:\/\/books.google.be\/books?id=tJIUAAAAQAAJ&amp;printsec=titlepage&amp;dq=intitle:esprit+des+date:1778-1779&amp;lr=&amp;as_brr=1&amp;hl=fr&amp;source=gbs_summary_r&amp;cad=0\" target=\"_blank\" rel=\"noopener\">Acc\u00e9der au volume<\/a> sur <b>GoogleBooks<\/b><\/p>\n<p><b> 790818<\/b><br \/>\n<i> Lettre sur l&rsquo;amiral Byron, adress\u00e9e \u00e0 M. l&rsquo;abb\u00e9 Grosier<\/i><br \/>\nAo\u00fbt 1779, Tome VIII, p. 229-40<br \/>\n(Journal de litt\u00e9rature, des sciences et des arts)<br \/>\n<a href=\"http:\/\/books.google.be\/books?id=tJIUAAAAQAAJ&amp;printsec=titlepage&amp;dq=intitle:esprit+des+date:1778-1779&amp;lr=&amp;as_brr=1&amp;hl=fr&amp;source=gbs_summary_r&amp;cad=0\" target=\"_blank\" rel=\"noopener\">Acc\u00e9der au volume<\/a> sur <b>GoogleBooks<\/b><\/p>\n<p><b> 780819<\/b><br \/>\n<i> \u00c9loge historique de M. Delius, conseiller de sa majest\u00e9 imp\u00e9riale et royale apostolique, au d\u00e9partement des mines, etc. (traduit de l&rsquo;italien)<\/i><br \/>\nAo\u00fbt 1779, Tome VIII, p. 241-46<br \/>\n(Novelle letterarie)<br \/>\n<a href=\"http:\/\/books.google.be\/books?id=tJIUAAAAQAAJ&amp;printsec=titlepage&amp;dq=intitle:esprit+des+date:1778-1779&amp;lr=&amp;as_brr=1&amp;hl=fr&amp;source=gbs_summary_r&amp;cad=0\" target=\"_blank\" rel=\"noopener\">Acc\u00e9der au volume<\/a> sur <b>GoogleBooks<\/b><\/p>\n<p><b> 780820<\/b><br \/>\n<i> Lettre \u00e0 M. Fr\u00e9ron, sur un monument \u00e9lev\u00e9 \u00e0 la m\u00e9moire de J. J. Rousseau<\/i><br \/>\nAo\u00fbt 1779, Tome VIII, p. 247-49<br \/>\n(Ann\u00e9e litt\u00e9raire)<br \/>\n<a href=\"http:\/\/books.google.be\/books?id=tJIUAAAAQAAJ&amp;printsec=titlepage&amp;dq=intitle:esprit+des+date:1778-1779&amp;lr=&amp;as_brr=1&amp;hl=fr&amp;source=gbs_summary_r&amp;cad=0\" target=\"_blank\" rel=\"noopener\">Acc\u00e9der au volume<\/a> sur <b>GoogleBooks<\/b><\/p>\n<p><b> 780821<\/b><br \/>\n<i> Question sur la proph\u00e9tie du petit proph\u00e8te de Boehmischbroda<\/i><br \/>\nAo\u00fbt 1779, Tome VIII, p. 249-51<br \/>\n(Journal de Paris)<br \/>\n<a href=\"http:\/\/books.google.be\/books?id=tJIUAAAAQAAJ&amp;printsec=titlepage&amp;dq=intitle:esprit+des+date:1778-1779&amp;lr=&amp;as_brr=1&amp;hl=fr&amp;source=gbs_summary_r&amp;cad=0\" target=\"_blank\" rel=\"noopener\">Acc\u00e9der au volume<\/a> sur <b>GoogleBooks<\/b><\/p>\n<p><b> 780822<\/b><br \/>\n<i> Lettre \u00e0 l&rsquo;auteur de l&rsquo;Ann\u00e9e Litt\u00e9raire, sur la v\u00e9ritable \u00e9poque de la naissance de J. B. Rousseau<\/i><br \/>\nAo\u00fbt 1779, Tome VIII, p. 252-53<br \/>\n<a href=\"http:\/\/books.google.be\/books?id=tJIUAAAAQAAJ&amp;printsec=titlepage&amp;dq=intitle:esprit+des+date:1778-1779&amp;lr=&amp;as_brr=1&amp;hl=fr&amp;source=gbs_summary_r&amp;cad=0\" target=\"_blank\" rel=\"noopener\">Acc\u00e9der au volume<\/a> sur <b>GoogleBooks<\/b><\/p>\n<p><b> 780823<\/b><br \/>\n<i> Lettre \u00e9crite par M. l&rsquo;abb\u00e9 Jean-Christophe Amaduzzi, \u00e0 M. le chanoine Ange-Marie Bandini. (Traduite de l&rsquo;italien)<\/i><br \/>\nAo\u00fbt 1779, Tome VIII, p. 254-58<br \/>\n(Novelle letterarie)<br \/>\n<a href=\"http:\/\/books.google.be\/books?id=tJIUAAAAQAAJ&amp;printsec=titlepage&amp;dq=intitle:esprit+des+date:1778-1779&amp;lr=&amp;as_brr=1&amp;hl=fr&amp;source=gbs_summary_r&amp;cad=0\" target=\"_blank\" rel=\"noopener\">Acc\u00e9der au volume<\/a> sur <b>GoogleBooks<\/b><\/p>\n<p><b> 780824<\/b><br \/>\n<i> Observations sur l&rsquo;\u00e9tat de l&rsquo;Allemagne au seizi\u00e8me si\u00e8cle ; traduction de l&rsquo;allemand<\/i><br \/>\nAo\u00fbt 1779, Tome VIII, p. 259-67<br \/>\n<a href=\"http:\/\/books.google.be\/books?id=tJIUAAAAQAAJ&amp;printsec=titlepage&amp;dq=intitle:esprit+des+date:1778-1779&amp;lr=&amp;as_brr=1&amp;hl=fr&amp;source=gbs_summary_r&amp;cad=0\" target=\"_blank\" rel=\"noopener\">Acc\u00e9der au volume<\/a> sur <b>GoogleBooks<\/b><\/p>\n<p><b> 780825<\/b><br \/>\n<i> Fragments d&rsquo;un opuscule en vers, intitul\u00e9 : Hommages ou souhaits patriotiques \u00e0 la France, par un citoyen<\/i><br \/>\nAo\u00fbt 1779, Tome VIII, p. 268-72<br \/>\n<a href=\"http:\/\/books.google.be\/books?id=tJIUAAAAQAAJ&amp;printsec=titlepage&amp;dq=intitle:esprit+des+date:1778-1779&amp;lr=&amp;as_brr=1&amp;hl=fr&amp;source=gbs_summary_r&amp;cad=0\" target=\"_blank\" rel=\"noopener\">Acc\u00e9der au volume<\/a> sur <b>GoogleBooks<\/b><\/p>\n<p><b> 780826<\/b><br \/>\nPonce-Denis \u00c9couchard Le Brun<br \/>\n<i> Jugement de l&rsquo;amour. Sur les yeux noirs et sur les bleus<\/i><br \/>\nAo\u00fbt 1779, Tome VIII, p. 272-73<br \/>\n<a href=\"http:\/\/books.google.be\/books?id=tJIUAAAAQAAJ&amp;printsec=titlepage&amp;dq=intitle:esprit+des+date:1778-1779&amp;lr=&amp;as_brr=1&amp;hl=fr&amp;source=gbs_summary_r&amp;cad=0\" target=\"_blank\" rel=\"noopener\">Acc\u00e9der au volume<\/a> sur <b>GoogleBooks<\/b><\/p>\n<p><b> 780827<\/b><br \/>\nPonce-Denis \u00c9couchard Le Brun<br \/>\n<i> Avis aux jeunes po\u00e8tes<\/i><br \/>\nAo\u00fbt 1779, Tome VIII, p. 273<br \/>\n<a href=\"http:\/\/books.google.be\/books?id=tJIUAAAAQAAJ&amp;printsec=titlepage&amp;dq=intitle:esprit+des+date:1778-1779&amp;lr=&amp;as_brr=1&amp;hl=fr&amp;source=gbs_summary_r&amp;cad=0\" target=\"_blank\" rel=\"noopener\">Acc\u00e9der au volume<\/a> sur <b>GoogleBooks<\/b><\/p>\n<p><b> 780828<\/b><br \/>\nCouchu<br \/>\nVers \u00e0 \u00c9gl\u00e9. Qui demandait \u00e0 l&rsquo;auteur des pr\u00e9ceptes sur sa toilette<br \/>\nAo\u00fbt 1779, Tome VIII, p. 273-74<br \/>\n<a href=\"http:\/\/books.google.be\/books?id=tJIUAAAAQAAJ&amp;printsec=titlepage&amp;dq=intitle:esprit+des+date:1778-1779&amp;lr=&amp;as_brr=1&amp;hl=fr&amp;source=gbs_summary_r&amp;cad=0\" target=\"_blank\" rel=\"noopener\">Acc\u00e9der au volume<\/a> sur <b>GoogleBooks<\/b><\/p>\n<p><b> 780829<\/b><br \/>\nNicolas Bassenge<br \/>\n<i> Essai d&rsquo;un jeune citoyen, sur les po\u00e9sies lues et chant\u00e9es \u00e0 la Soci\u00e9t\u00e9 d&rsquo;\u00c9mulation, \u00e9tablie \u00e0 Li\u00e8ge, le jour de son inauguration<\/i><br \/>\nAo\u00fbt 1779, Tome VIII, p. 274-77<br \/>\n<a href=\"http:\/\/books.google.be\/books?id=tJIUAAAAQAAJ&amp;printsec=titlepage&amp;dq=intitle:esprit+des+date:1778-1779&amp;lr=&amp;as_brr=1&amp;hl=fr&amp;source=gbs_summary_r&amp;cad=0\" target=\"_blank\" rel=\"noopener\">Acc\u00e9der au volume<\/a> sur <b>GoogleBooks<\/b><\/p>\n<p><b> 780830<\/b><br \/>\n<i> Jean-Nicolas-Marcellin Gu\u00e9rineau de Saint-P\u00e9ravi<\/i><br \/>\nCouplets chant\u00e9s \u00e0 la Soci\u00e9t\u00e9 d&rsquo;\u00c9mulation de Li\u00e8ge, le 2 juin 1779<br \/>\nAo\u00fbt 1779, Tome VIII, p. 278-79<br \/>\n<a href=\"http:\/\/books.google.be\/books?id=tJIUAAAAQAAJ&amp;printsec=titlepage&amp;dq=intitle:esprit+des+date:1778-1779&amp;lr=&amp;as_brr=1&amp;hl=fr&amp;source=gbs_summary_r&amp;cad=0\" target=\"_blank\" rel=\"noopener\">Acc\u00e9der au volume<\/a> sur <b>GoogleBooks<\/b><\/p>\n<p><b> 780831<\/b><br \/>\nM. R. D. C.<br \/>\n<i> Gasconnade<\/i><br \/>\nAo\u00fbt 1779, Tome VIII, p. 280<br \/>\n<a href=\"http:\/\/books.google.be\/books?id=tJIUAAAAQAAJ&amp;printsec=titlepage&amp;dq=intitle:esprit+des+date:1778-1779&amp;lr=&amp;as_brr=1&amp;hl=fr&amp;source=gbs_summary_r&amp;cad=0\" target=\"_blank\" rel=\"noopener\">Acc\u00e9der au volume<\/a> sur <b>GoogleBooks<\/b><\/p>\n<p><b> 790901<\/b><br \/>\nPhilippe-Andr\u00e9 Grandidier<br \/>\n<i> Histoire de l&rsquo;\u00e9glise et des \u00e9v\u00eaques-princes de Strasbourg, depuis la fondation de l&rsquo;\u00e9v\u00each\u00e9 jusqu&rsquo;\u00e0 nos jours<\/i><br \/>\nSeptembre 1779, Tome IX, p. 3-27<br \/>\n(Journal de litt\u00e9rature, des sciences et des arts; Journal des savants; Journal de Nancy; Gazette universelle de litt\u00e9rature)<br \/>\n<a href=\"http:\/\/books.google.be\/books?id=x5IUAAAAQAAJ&amp;printsec=titlepage&amp;dq=intitle:l%27esprit+intitle:des+intitle:journaux+date:1779-1779&amp;lr=&amp;as_brr=0&amp;hl=fr&amp;source=gbs_summary_r&amp;cad=0\" target=\"_blank\" rel=\"noopener\">Acc\u00e9der au volume<\/a> sur <b>GoogleBooks<\/b><\/p>\n<p style=\"text-align: justify;\"><b> 790902<\/b><br \/>\nThomas Forrest<br \/>\n<i> A voyage to New Guinea, and the Molucas, from Balambangan, &amp;c. Voyage de Balambangan, \u00e0 la nouvelle Guin\u00e9e et aux Moluques, contenant une description de Magindano, de Sooloo et d&rsquo;autres \u00eeles, et enrichi de trente planches en cuivre ; fait sur le Tartare, b\u00e2timent appartenant \u00e0 la compagnie des Indes-Orientales, dans les ann\u00e9es 1774, 1775 et 1776<\/i><br \/>\nSeptembre 1779, Tome IX, p. 28-35<br \/>\n(Critical review)<br \/>\n<a href=\"http:\/\/books.google.be\/books?id=x5IUAAAAQAAJ&amp;printsec=titlepage&amp;dq=intitle:l%27esprit+intitle:des+intitle:journaux+date:1779-1779&amp;lr=&amp;as_brr=0&amp;hl=fr&amp;source=gbs_summary_r&amp;cad=0\" target=\"_blank\" rel=\"noopener\">Acc\u00e9der au volume<\/a> sur <b>GoogleBooks<\/b><\/p>\n<p><b> 790903<\/b><br \/>\nJohann Jacob Engel<br \/>\n<i> De Wijsgeer voor de wereld, &amp;c. Le Philosophe pour le monde. Traduit de l&rsquo;allemand<\/i><br \/>\nSeptembre 1779, Tome IX, p. 35-49<br \/>\n(Biblioth\u00e8que hollandaise des sciences et des beaux-arts)<br \/>\n<a href=\"http:\/\/books.google.be\/books?id=x5IUAAAAQAAJ&amp;printsec=titlepage&amp;dq=intitle:l%27esprit+intitle:des+intitle:journaux+date:1779-1779&amp;lr=&amp;as_brr=0&amp;hl=fr&amp;source=gbs_summary_r&amp;cad=0\" target=\"_blank\" rel=\"noopener\">Acc\u00e9der au volume<\/a> sur <b>GoogleBooks<\/b><\/p>\n<p><b> 790904<\/b><br \/>\nAntoine-Henri de Berault-Bercastel<br \/>\n<i> Histoire de l&rsquo;\u00c9glise, d\u00e9di\u00e9e au roi<\/i><br \/>\nSeptembre 1779, Tome IX, p. 49-61<br \/>\n(Journal des savants; Journal eccl\u00e9siastique; Journal de litt\u00e9rature, des sciences et des arts; Affiches et annonces de Paris)<br \/>\n<a href=\"http:\/\/books.google.be\/books?id=x5IUAAAAQAAJ&amp;printsec=titlepage&amp;dq=intitle:l%27esprit+intitle:des+intitle:journaux+date:1779-1779&amp;lr=&amp;as_brr=0&amp;hl=fr&amp;source=gbs_summary_r&amp;cad=0\" target=\"_blank\" rel=\"noopener\">Acc\u00e9der au volume<\/a> sur <b>GoogleBooks<\/b><\/p>\n<p><b> 790905<\/b>[Lejeune]\n<i> La Louiseide, ou histoire de l&rsquo;exp\u00e9dition de S. Louis \u00e0 la Terre-Sainte, po\u00e8me \u00e9pique<\/i><br \/>\nSeptembre 1779, Tome IX, p. 61-67<br \/>\n(Mercure de France)<br \/>\n<a href=\"http:\/\/books.google.be\/books?id=x5IUAAAAQAAJ&amp;printsec=titlepage&amp;dq=intitle:l%27esprit+intitle:des+intitle:journaux+date:1779-1779&amp;lr=&amp;as_brr=0&amp;hl=fr&amp;source=gbs_summary_r&amp;cad=0\" target=\"_blank\" rel=\"noopener\">Acc\u00e9der au volume<\/a> sur <b>GoogleBooks<\/b><\/p>\n<p style=\"text-align: justify;\"><b> 790906<\/b><br \/>\nJean-Baptiste de Monet de Lamarck<br \/>\n<i> Flore fran\u00e7aise ou description succincte de toutes les plantes qui croissent naturellement en France, dispos\u00e9e selon une nouvelle m\u00e9thode d&rsquo;analyse, et \u00e0 laquelle on a joint la citation de leurs vertus les moins \u00e9quivoques en m\u00e9decine, et de leur utilit\u00e9 dans les arts<\/i><br \/>\nSeptembre 1779, Tome IX, p. 68-88<br \/>\n(Journal de litt\u00e9rature, des sciences et des arts; Gazette de sant\u00e9; Ann\u00e9e litt\u00e9raire; Journal des savants; Journal de Paris; Journal encyclop\u00e9dique)<br \/>\n<a href=\"http:\/\/books.google.be\/books?id=x5IUAAAAQAAJ&amp;printsec=titlepage&amp;dq=intitle:l%27esprit+intitle:des+intitle:journaux+date:1779-1779&amp;lr=&amp;as_brr=0&amp;hl=fr&amp;source=gbs_summary_r&amp;cad=0\" target=\"_blank\" rel=\"noopener\">Acc\u00e9der au volume<\/a> sur <b>GoogleBooks<\/b><\/p>\n<p><b> 790907<\/b><br \/>\n<i> Satyres de Juv\u00e9nal, traduites en fran\u00e7ais par M.M\u2026 avec le texte, des notes et un index<\/i><br \/>\nSeptembre 1779, Tome IX, p. 88-102<br \/>\n(Mercure de France)<br \/>\n<a href=\"http:\/\/books.google.be\/books?id=x5IUAAAAQAAJ&amp;printsec=titlepage&amp;dq=intitle:l%27esprit+intitle:des+intitle:journaux+date:1779-1779&amp;lr=&amp;as_brr=0&amp;hl=fr&amp;source=gbs_summary_r&amp;cad=0\" target=\"_blank\" rel=\"noopener\">Acc\u00e9der au volume<\/a> sur <b>GoogleBooks<\/b><\/p>\n<p><b> 790908<\/b><br \/>\n<i> L&rsquo;enfant indocile, com\u00e9die en quatre actes ou cinq, si on le juge \u00e0 propos<\/i><br \/>\nSeptembre 1779, Tome IX, p. 103-09<br \/>\n(Journal de Paris; Journal encyclop\u00e9dique; Affiches et annonces de Paris)<br \/>\n<a href=\"http:\/\/books.google.be\/books?id=x5IUAAAAQAAJ&amp;printsec=titlepage&amp;dq=intitle:l%27esprit+intitle:des+intitle:journaux+date:1779-1779&amp;lr=&amp;as_brr=0&amp;hl=fr&amp;source=gbs_summary_r&amp;cad=0\" target=\"_blank\" rel=\"noopener\">Acc\u00e9der au volume<\/a> sur <b>GoogleBooks<\/b><\/p>\n<p style=\"text-align: justify;\"><b> 790909<\/b><br \/>\nC. Cuypers<br \/>\n<i> Expos\u00e9 d&rsquo;une m\u00e9thode par laquelle on rend des disques de verre, destin\u00e9s \u00e0 des machines \u00e9lectriques, capables d&rsquo;exciter l&rsquo;\u00e9lectricit\u00e9 dans une atmosph\u00e8re humide ; suivi d&rsquo;une mani\u00e8re de faire de tr\u00e8s bons coussins pour frotter les verres des machines \u00e9lectriques, et de la description d&rsquo;un \u00e9lectrophone perp\u00e9tuel, plus parfait que ceux dont on s&rsquo;est servi jusqu&rsquo;ici<\/i><br \/>\nSeptembre 1779, Tome IX, p. 110-13<br \/>\n(Biblioth\u00e8que hollandaise des sciences et des beaux-arts)<br \/>\n<a href=\"http:\/\/books.google.be\/books?id=x5IUAAAAQAAJ&amp;printsec=titlepage&amp;dq=intitle:l%27esprit+intitle:des+intitle:journaux+date:1779-1779&amp;lr=&amp;as_brr=0&amp;hl=fr&amp;source=gbs_summary_r&amp;cad=0\" target=\"_blank\" rel=\"noopener\">Acc\u00e9der au volume<\/a> sur <b>GoogleBooks<\/b><\/p>\n<p><b> 790910<\/b>[Johann H. Ulrich]\n<i> Ueber den religions zustand in den Preussischen staaten, &amp;c. Lettres sur la situation de la religion dans les \u00e9tats prussiens<\/i><br \/>\nSeptembre 1779, Tome IX, p. 114-57<br \/>\n<a href=\"http:\/\/books.google.be\/books?id=x5IUAAAAQAAJ&amp;printsec=titlepage&amp;dq=intitle:l%27esprit+intitle:des+intitle:journaux+date:1779-1779&amp;lr=&amp;as_brr=0&amp;hl=fr&amp;source=gbs_summary_r&amp;cad=0\" target=\"_blank\" rel=\"noopener\">Acc\u00e9der au volume<\/a> sur <b>GoogleBooks<\/b><\/p>\n<p><b> 790911<\/b><br \/>\n<i> Annales po\u00e9tiques, ou almanach des muses, depuis l&rsquo;origine de la po\u00e9sie fran\u00e7aise, tome X<\/i><br \/>\nSeptembre 1779, Tome IX, p. 157-61<br \/>\n(Journal de Paris)<br \/>\n<a href=\"http:\/\/books.google.be\/books?id=x5IUAAAAQAAJ&amp;printsec=titlepage&amp;dq=intitle:l%27esprit+intitle:des+intitle:journaux+date:1779-1779&amp;lr=&amp;as_brr=0&amp;hl=fr&amp;source=gbs_summary_r&amp;cad=0\" target=\"_blank\" rel=\"noopener\">Acc\u00e9der au volume<\/a> sur <b>GoogleBooks<\/b><\/p>\n<p><b> 790912<\/b><br \/>\nAntonio Francesco Frisi<br \/>\n<i> Elogio del cavaliere Isacco Newton, &amp;c. \u00c9loge du chevalier Isaac Newton<\/i><br \/>\nSeptembre 1779, Tome IX, p. 162-80<br \/>\n(Effemeridi di Roma)<br \/>\n<a href=\"http:\/\/books.google.be\/books?id=x5IUAAAAQAAJ&amp;printsec=titlepage&amp;dq=intitle:l%27esprit+intitle:des+intitle:journaux+date:1779-1779&amp;lr=&amp;as_brr=0&amp;hl=fr&amp;source=gbs_summary_r&amp;cad=0\" target=\"_blank\" rel=\"noopener\">Acc\u00e9der au volume<\/a> sur <b>GoogleBooks<\/b><\/p>\n<p style=\"text-align: justify;\"><b> 790913<\/b><br \/>\nJean-Baptiste-Ren\u00e9 Robinet [Fran\u00e7ois-Ren\u00e9-Jean de Pommereul, Claude-Louis-Michel de Sacy, Jean-Louis Castilhon]\n<i> Dictionnaire universel des sciences morale, \u00e9conomique, politique et diplomatique, ou Biblioth\u00e8que de l&rsquo;homme d&rsquo;\u00e9tat et du citoyen<\/i><br \/>\nSeptembre 1779, Tome IX, p. 181-204<br \/>\n(Journal des savants; Mercure de France; Journal de Paris; Affiches et annonces de Paris; Gazette universelle de litt\u00e9rature; Gazette des tribunaux; Nouvelles de la r\u00e9publique des lettres et des arts)<br \/>\n<a href=\"http:\/\/books.google.be\/books?id=x5IUAAAAQAAJ&amp;printsec=titlepage&amp;dq=intitle:l%27esprit+intitle:des+intitle:journaux+date:1779-1779&amp;lr=&amp;as_brr=0&amp;hl=fr&amp;source=gbs_summary_r&amp;cad=0\" target=\"_blank\" rel=\"noopener\">Acc\u00e9der au volume<\/a> sur <b>GoogleBooks<\/b><\/p>\n<p><b> 790914<\/b><br \/>\nCouchu<br \/>\n<i> Lettre aux auteurs du Journal de Paris, sur le roman d&rsquo;Amadis de Gaule<\/i><br \/>\nSeptembre 1779, Tome IX, p. 205-211<br \/>\n(Journal de Paris)<br \/>\n<a href=\"http:\/\/books.google.be\/books?id=x5IUAAAAQAAJ&amp;printsec=titlepage&amp;dq=intitle:l%27esprit+intitle:des+intitle:journaux+date:1779-1779&amp;lr=&amp;as_brr=0&amp;hl=fr&amp;source=gbs_summary_r&amp;cad=0\" target=\"_blank\" rel=\"noopener\">Acc\u00e9der au volume<\/a> sur <b>GoogleBooks<\/b><\/p>\n<p><b> 790915<\/b><br \/>\nLouis-\u00c9lisabeth de La Vergne, comte de Tressan<br \/>\n<i> Lettre de M. le comte de Tressan, \u00e0 l&rsquo;occasion de celle qui pr\u00e9c\u00e8de<\/i><br \/>\nSeptembre 1779, Tome IX, p. 211-215<br \/>\n(Journal de Paris)<br \/>\n<a href=\"http:\/\/books.google.be\/books?id=x5IUAAAAQAAJ&amp;printsec=titlepage&amp;dq=intitle:l%27esprit+intitle:des+intitle:journaux+date:1779-1779&amp;lr=&amp;as_brr=0&amp;hl=fr&amp;source=gbs_summary_r&amp;cad=0\" target=\"_blank\" rel=\"noopener\">Acc\u00e9der au volume<\/a> sur <b>GoogleBooks<\/b><\/p>\n<p><b> 790916<\/b><br \/>\nCornelis Mighiel Calss \/ Cornelis Cornelisse Calss<br \/>\n<i> Lettre \u00e9crite au Czar Pierre-le-Grand, sur la fin du dernier si\u00e8cle, par deux paysans de Saardam<\/i><br \/>\nSeptembre 1779, Tome IX, p. 215-216<br \/>\n(Biblioth\u00e8que hollandaise des sciences et des beaux-arts)<br \/>\n<a href=\"http:\/\/books.google.be\/books?id=x5IUAAAAQAAJ&amp;printsec=titlepage&amp;dq=intitle:l%27esprit+intitle:des+intitle:journaux+date:1779-1779&amp;lr=&amp;as_brr=0&amp;hl=fr&amp;source=gbs_summary_r&amp;cad=0\" target=\"_blank\" rel=\"noopener\">Acc\u00e9der au volume<\/a> sur <b>GoogleBooks<\/b><\/p>\n<p><b> 790917<\/b><br \/>\n<i> Apologie des sauvages. Morceau traduit de l&rsquo;allemand<\/i><br \/>\nSeptembre 1779, Tome IX, p. 217-235<br \/>\n<a href=\"http:\/\/books.google.be\/books?id=x5IUAAAAQAAJ&amp;printsec=titlepage&amp;dq=intitle:l%27esprit+intitle:des+intitle:journaux+date:1779-1779&amp;lr=&amp;as_brr=0&amp;hl=fr&amp;source=gbs_summary_r&amp;cad=0\" target=\"_blank\" rel=\"noopener\">Acc\u00e9der au volume<\/a> sur <b>GoogleBooks<\/b><\/p>\n<p><b> 790918<\/b><br \/>\n<i> Anecdote extraite du Journal de Paris<\/i><br \/>\nSeptembre 1779, Tome IX, p. 235-238<br \/>\n(Journal de Paris)<br \/>\n<a href=\"http:\/\/books.google.be\/books?id=x5IUAAAAQAAJ&amp;printsec=titlepage&amp;dq=intitle:l%27esprit+intitle:des+intitle:journaux+date:1779-1779&amp;lr=&amp;as_brr=0&amp;hl=fr&amp;source=gbs_summary_r&amp;cad=0\" target=\"_blank\" rel=\"noopener\">Acc\u00e9der au volume<\/a> sur <b>GoogleBooks<\/b><\/p>\n<p style=\"text-align: justify;\"><b> 790919<\/b><br \/>\n<i>Contre-observations de M\u2026 Commis de la guerre, sur le livre intitul\u00e9 : Recherches et consid\u00e9rations sur la population de la France : adress\u00e9es aux r\u00e9dacteurs de ce Journal<\/i><br \/>\nSeptembre 1779, Tome IX, p. 238-243<br \/>\n<a href=\"http:\/\/books.google.be\/books?id=x5IUAAAAQAAJ&amp;printsec=titlepage&amp;dq=intitle:l%27esprit+intitle:des+intitle:journaux+date:1779-1779&amp;lr=&amp;as_brr=0&amp;hl=fr&amp;source=gbs_summary_r&amp;cad=0\" target=\"_blank\" rel=\"noopener\">Acc\u00e9der au volume<\/a> sur <b>GoogleBooks<\/b><\/p>\n<p style=\"text-align: justify;\"><b> 790920<\/b><br \/>\n<i> Lettre de M. l&rsquo;Abb\u00e9 Zacchiroli, \u00e0 l&rsquo;Imprimeur de la gazette italienne, intitul\u00e9e : Notizie del mondo, du 9 juillet 1779. (Traduite de l&rsquo;italien.)<\/i><br \/>\nSeptembre 1779, Tome IX, p. 243-245<br \/>\n<a href=\"http:\/\/books.google.be\/books?id=x5IUAAAAQAAJ&amp;printsec=titlepage&amp;dq=intitle:l%27esprit+intitle:des+intitle:journaux+date:1779-1779&amp;lr=&amp;as_brr=0&amp;hl=fr&amp;source=gbs_summary_r&amp;cad=0\" target=\"_blank\" rel=\"noopener\">Acc\u00e9der au volume<\/a> sur <b>GoogleBooks<\/b><\/p>\n<p><b> 790921<\/b><br \/>\nM. de V*** [Honor\u00e9-Gabriel Riqueti, comte de Mirabeau]\n<i> Vers sur le printemps<\/i><br \/>\nSeptembre 1779, Tome IX, p. 246-247<br \/>\n<a href=\"http:\/\/books.google.be\/books?id=x5IUAAAAQAAJ&amp;printsec=titlepage&amp;dq=intitle:l%27esprit+intitle:des+intitle:journaux+date:1779-1779&amp;lr=&amp;as_brr=0&amp;hl=fr&amp;source=gbs_summary_r&amp;cad=0\" target=\"_blank\" rel=\"noopener\">Acc\u00e9der au volume<\/a> sur <b>GoogleBooks<\/b><\/p>\n<p><b> 790922<\/b><br \/>\n<i> Le caract\u00e8re du po\u00e8te. Ode traduite librement de l&rsquo;allemand de Utz<\/i><br \/>\nSeptembre 1779, Tome IX, p. 247-248<br \/>\n<a href=\"http:\/\/books.google.be\/books?id=x5IUAAAAQAAJ&amp;printsec=titlepage&amp;dq=intitle:l%27esprit+intitle:des+intitle:journaux+date:1779-1779&amp;lr=&amp;as_brr=0&amp;hl=fr&amp;source=gbs_summary_r&amp;cad=0\" target=\"_blank\" rel=\"noopener\">Acc\u00e9der au volume<\/a> sur <b>GoogleBooks<\/b><\/p>\n<p style=\"text-align: justify;\"><b> 790923<\/b><br \/>\nPhilippe Antoine Grouvelle<br \/>\n<i> \u00c9p\u00eetre \u00e0 M\u2026 Auteur d&rsquo;un recueil de contes, intitul\u00e9 : Graves observations sur les m\u0153urs du dix-huiti\u00e8me si\u00e8cle ; par le Fr\u00e8re Paul, Hermite de Paris, \u00e0 ses s\u0153urs, etc.<\/i><br \/>\nSeptembre 1779, Tome IX, p. 248-251<\/p>\n<p><b> 790924<\/b><br \/>\nFr\u00e8re Paul [Paul-Philippe Gudin de La Brenellerie]\n<i> R\u00e9ponse du Fr\u00e8re Paul<\/i><br \/>\nSeptembre 1779, Tome IX, p. 251-253<br \/>\n<a href=\"http:\/\/books.google.be\/books?id=x5IUAAAAQAAJ&amp;printsec=titlepage&amp;dq=intitle:l%27esprit+intitle:des+intitle:journaux+date:1779-1779&amp;lr=&amp;as_brr=0&amp;hl=fr&amp;source=gbs_summary_r&amp;cad=0\" target=\"_blank\" rel=\"noopener\">Acc\u00e9der au volume<\/a> sur <b>GoogleBooks<\/b><\/p>\n<p><b> 790925<\/b><br \/>\nM. le comte D&rsquo;\u2026 De\u2026<br \/>\n<i> Laure. Consultant esculape<\/i><br \/>\nSeptembre 1779, Tome IX, p. 253-254<br \/>\n<a href=\"http:\/\/books.google.be\/books?id=x5IUAAAAQAAJ&amp;printsec=titlepage&amp;dq=intitle:l%27esprit+intitle:des+intitle:journaux+date:1779-1779&amp;lr=&amp;as_brr=0&amp;hl=fr&amp;source=gbs_summary_r&amp;cad=0\" target=\"_blank\" rel=\"noopener\">Acc\u00e9der au volume<\/a> sur <b>GoogleBooks<\/b><\/p>\n<p><b> 790926<\/b><br \/>\n<i> \u00c0 l&rsquo;\u00c9mulation<\/i><br \/>\nSeptembre 1779, Tome IX, p. 255-256<br \/>\n<a href=\"http:\/\/books.google.be\/books?id=x5IUAAAAQAAJ&amp;printsec=titlepage&amp;dq=intitle:l%27esprit+intitle:des+intitle:journaux+date:1779-1779&amp;lr=&amp;as_brr=0&amp;hl=fr&amp;source=gbs_summary_r&amp;cad=0\" target=\"_blank\" rel=\"noopener\">Acc\u00e9der au volume<\/a> sur <b>GoogleBooks<\/b><\/p>\n<p><b> 790927<\/b><br \/>\nM. de Chennevi\u00e8res<br \/>\n<i> \u00c9p\u00eetre \u00e0 Madame la comtesse de Maurepas, \u00e0 son arriv\u00e9e \u00e0 Pontchartrain<\/i><br \/>\nSeptembre 1779, Tome IX, p. 257-258<br \/>\n<a href=\"http:\/\/books.google.be\/books?id=x5IUAAAAQAAJ&amp;printsec=titlepage&amp;dq=intitle:l%27esprit+intitle:des+intitle:journaux+date:1779-1779&amp;lr=&amp;as_brr=0&amp;hl=fr&amp;source=gbs_summary_r&amp;cad=0\" target=\"_blank\" rel=\"noopener\">Acc\u00e9der au volume<\/a> sur <b>GoogleBooks<\/b><\/p>\n<p style=\"text-align: justify;\"><b>791001<\/b><br \/>\nAndr\u00e9-Guillaume de Gery<br \/>\n<i>\u00c9loge de Jeanne d&rsquo;Arc, dite la Pucelle d&rsquo;Orl\u00e9ans, prononc\u00e9 dans l&rsquo;\u00e9glise cath\u00e9drale d&rsquo;Orl\u00e9ans, le 8 mai 1779, jour anniversaire de la lev\u00e9e du si\u00e8ge de cette ville, en 1429<\/i><br \/>\nOctobre 1779, Tome X, p. 3-16<br \/>\n(Affiches d&rsquo;Orl\u00e9ans; Mercure de France; Journal g\u00e9n\u00e9ral de France, etc.)<br \/>\n<a href=\"http:\/\/books.google.be\/books?id=1ZIUAAAAQAAJ&amp;printsec=frontcover&amp;dq=intitle:l%27esprit+intitle:des+intitle:journaux+date:1777-1779&amp;lr=&amp;as_brr=0&amp;hl=fr\" target=\"_blank\" rel=\"noopener\">Acc\u00e9der au volume<\/a> sur <b>GoogleBooks<\/b><\/p>\n<p><b>791002<\/b><br \/>\nBlaise Pascal<br \/>\n<i>\u0152uvres<\/i><br \/>\nOctobre 1779, Tome X, p. 16-37<br \/>\n(Mercure de France; Journal encyclop\u00e9dique; Gazette universelle de litt\u00e9rature)<br \/>\n<a href=\"http:\/\/books.google.be\/books?id=1ZIUAAAAQAAJ&amp;printsec=frontcover&amp;dq=intitle:l%27esprit+intitle:des+intitle:journaux+date:1777-1779&amp;lr=&amp;as_brr=0&amp;hl=fr\" target=\"_blank\" rel=\"noopener\">Acc\u00e9der au volume<\/a> sur <b>GoogleBooks<\/b><\/p>\n<p style=\"text-align: justify;\"><b>791003<\/b>[Champlair]\n<i>L&rsquo;ami de la concorde, ou essai sur les moyens d&rsquo;\u00e9viter les proc\u00e8s, et sur les moyens d&rsquo;en tarir la source ; par un avocat en parlement<\/i><br \/>\nOctobre 1779, Tome X, p. 38-45<br \/>\n(Mercure de France; Gazette universelle de litt\u00e9rature)<br \/>\n<a href=\"http:\/\/books.google.be\/books?id=1ZIUAAAAQAAJ&amp;printsec=frontcover&amp;dq=intitle:l%27esprit+intitle:des+intitle:journaux+date:1777-1779&amp;lr=&amp;as_brr=0&amp;hl=fr\" target=\"_blank\" rel=\"noopener\">Acc\u00e9der au volume<\/a> sur <b>GoogleBooks<\/b><\/p>\n<p><b>791004<\/b>[John Seally]\n<i>Le favori de la fortune<\/i><br \/>\nOctobre 1779, Tome X, p. 45-50<br \/>\n(Journal de Paris; Affiches et annonces de Paris)<br \/>\n<a href=\"http:\/\/books.google.be\/books?id=1ZIUAAAAQAAJ&amp;printsec=frontcover&amp;dq=intitle:l%27esprit+intitle:des+intitle:journaux+date:1777-1779&amp;lr=&amp;as_brr=0&amp;hl=fr\" target=\"_blank\" rel=\"noopener\">Acc\u00e9der au volume<\/a> sur <b>GoogleBooks<\/b><\/p>\n<p style=\"text-align: justify;\"><b>791005<\/b>[Jackson Barwis]\n<i>Dialogues concerning the innate principles, &amp;c. Dialogues sur les principes inn\u00e9s ; contenant un examen de la doctrine de M. Locke sur ce sujet. Par l&rsquo;auteur des trois dialogues sur la libert\u00e9<\/i><br \/>\nOctobre 1779, Tome X, p. 50-55<br \/>\n(Monthly review)<br \/>\n<a href=\"http:\/\/books.google.be\/books?id=1ZIUAAAAQAAJ&amp;printsec=frontcover&amp;dq=intitle:l%27esprit+intitle:des+intitle:journaux+date:1777-1779&amp;lr=&amp;as_brr=0&amp;hl=fr\" target=\"_blank\" rel=\"noopener\">Acc\u00e9der au volume<\/a> sur <b>GoogleBooks<\/b><\/p>\n<p style=\"text-align: justify;\"><b>791006<\/b><br \/>\nGiuseppe Toaldo<br \/>\n<i>M\u00e9moires sur les conducteurs, pour pr\u00e9server les \u00e9difices de la foudre ; traduits de l&rsquo;italien avec des notes et des additions par M. Barbier de Tinan<\/i><br \/>\nOctobre 1779, Tome X, p. 56-71<br \/>\n(Journal de litt\u00e9rature, des sciences et des arts; Nouvelles de la r\u00e9publique des lettres, et des arts; Journal g\u00e9n\u00e9ral de France)<br \/>\n<a href=\"http:\/\/books.google.be\/books?id=1ZIUAAAAQAAJ&amp;printsec=frontcover&amp;dq=intitle:l%27esprit+intitle:des+intitle:journaux+date:1777-1779&amp;lr=&amp;as_brr=0&amp;hl=fr\" target=\"_blank\" rel=\"noopener\">Acc\u00e9der au volume<\/a> sur <b>GoogleBooks<\/b><\/p>\n<p><b>791007<\/b><br \/>\nAim\u00e9-Ambroise-Joseph Feutry<br \/>\n<i>Nouveaux opuscules<\/i><br \/>\nOctobre 1779, Tome X, p. 71-75<br \/>\n(Ann\u00e9e litt\u00e9raire)<br \/>\n<a href=\"http:\/\/books.google.be\/books?id=1ZIUAAAAQAAJ&amp;printsec=frontcover&amp;dq=intitle:l%27esprit+intitle:des+intitle:journaux+date:1777-1779&amp;lr=&amp;as_brr=0&amp;hl=fr\" target=\"_blank\" rel=\"noopener\">Acc\u00e9der au volume<\/a> sur <b>GoogleBooks<\/b><\/p>\n<p style=\"text-align: justify;\"><b>791008<\/b><br \/>\nJoseph-Aignan Sigaud de La Fond<br \/>\n<i>Essai sur diff\u00e9rentes esp\u00e8ces d&rsquo;air, qu&rsquo;on d\u00e9signe sous le nom d&rsquo;air fixe, pour servir de suite et de suppl\u00e9ment aux \u00c9l\u00e9ments de physique du m\u00eame auteur<\/i><br \/>\nOctobre 1779, Tome X, p. 75-88<br \/>\n(Ann\u00e9e litt\u00e9raire; Mercure de France; Affiches et annonces de Paris; Journal des savants)<br \/>\n<a href=\"http:\/\/books.google.be\/books?id=1ZIUAAAAQAAJ&amp;printsec=frontcover&amp;dq=intitle:l%27esprit+intitle:des+intitle:journaux+date:1777-1779&amp;lr=&amp;as_brr=0&amp;hl=fr\" target=\"_blank\" rel=\"noopener\">Acc\u00e9der au volume<\/a> sur <b>GoogleBooks<\/b><\/p>\n<p style=\"text-align: justify;\"><b>791009<\/b><br \/>\nPierre-Thomas-Nicolas Hurtaut \/ Magny<br \/>\n<i>Dictionnaire historique de la ville de Paris et de ses environs, dans lequel on trouve la description des monuments et curiosit\u00e9s de cette capitale ; l&rsquo;\u00e9tablissement des communaut\u00e9s d&rsquo;artistes et d&rsquo;artisans ; le nombre des rues et leur d\u00e9tail historique, tous les coll\u00e8ges et bourses qui leur sont affect\u00e9es, etc. etc. avec le plan nouveau de la ville et celui des environs \u00e0 quinze lieues au moins \u00e0 la ronde<\/i><br \/>\nOctobre 1779, Tome X, p. 89-106<br \/>\n(Journal de Paris; Journal de litt\u00e9rature, des sciences et des arts; Journal g\u00e9n\u00e9ral de France)<br \/>\n<a href=\"http:\/\/books.google.be\/books?id=1ZIUAAAAQAAJ&amp;printsec=frontcover&amp;dq=intitle:l%27esprit+intitle:des+intitle:journaux+date:1777-1779&amp;lr=&amp;as_brr=0&amp;hl=fr\" target=\"_blank\" rel=\"noopener\">Acc\u00e9der au volume<\/a> sur <b>GoogleBooks<\/b><\/p>\n<p><b>791010<\/b><br \/>\nGottfried Wilhelm Schilling<br \/>\n<i>De lepra commentationes, &amp;c. Dissertations sur la l\u00e8pre, publi\u00e9es par M. Hahn<\/i><br \/>\nOctobre 1779, Tome X, p. 106-12<br \/>\n(Biblioth\u00e8que hollandaise des sciences et des beaux-arts)<br \/>\n<a href=\"http:\/\/books.google.be\/books?id=1ZIUAAAAQAAJ&amp;printsec=frontcover&amp;dq=intitle:l%27esprit+intitle:des+intitle:journaux+date:1777-1779&amp;lr=&amp;as_brr=0&amp;hl=fr\" target=\"_blank\" rel=\"noopener\">Acc\u00e9der au volume<\/a> sur <b>GoogleBooks<\/b><\/p>\n<p style=\"text-align: justify;\"><b>791011<\/b><br \/>\nBarth\u00e9lemy Faujas de Saint-Fond<br \/>\n<i>Recherches sur les volcans \u00e9teints du Vivarais et du Velay ; avec un discours sur les volcans br\u00fblants ; des m\u00e9moires analytiques sur les schozls, la z\u00e9olite, le basalte, la pouzzolane, les laves et les diff\u00e9rentes substances qui s&rsquo;y trouvent engag\u00e9s<\/i><br \/>\nOctobre 1779, Tome X, p. 113-37<br \/>\n<a href=\"http:\/\/books.google.be\/books?id=1ZIUAAAAQAAJ&amp;printsec=frontcover&amp;dq=intitle:l%27esprit+intitle:des+intitle:journaux+date:1777-1779&amp;lr=&amp;as_brr=0&amp;hl=fr\" target=\"_blank\" rel=\"noopener\">Acc\u00e9der au volume<\/a> sur <b>GoogleBooks<\/b><\/p>\n<p><b>791012<\/b><br \/>\nAntoine-Marin Le Mierre<br \/>\n<i>Les Fastes, ou les Usages de l&rsquo;ann\u00e9e, po\u00e8me en seize chants<\/i><br \/>\nOctobre 1779, Tome X, p. 137-50<br \/>\n(Journal de Paris; Ann\u00e9e litt\u00e9raire)<br \/>\n<a href=\"http:\/\/books.google.be\/books?id=1ZIUAAAAQAAJ&amp;printsec=frontcover&amp;dq=intitle:l%27esprit+intitle:des+intitle:journaux+date:1777-1779&amp;lr=&amp;as_brr=0&amp;hl=fr\" target=\"_blank\" rel=\"noopener\">Acc\u00e9der au volume<\/a> sur <b>GoogleBooks<\/b><\/p>\n<p><b>791013<\/b><br \/>\nTh\u00e9odore Rilliet de Saussure<br \/>\n<i>Lettres sur l&#8217;emprunt et sur l&rsquo;imp\u00f4t, adress\u00e9es \u00e0 M***<\/i><br \/>\nOctobre 1779, Tome X, p. 150-55<br \/>\n(Journal de litt\u00e9rature, des sciences et des arts)<br \/>\n<a href=\"http:\/\/books.google.be\/books?id=1ZIUAAAAQAAJ&amp;printsec=frontcover&amp;dq=intitle:l%27esprit+intitle:des+intitle:journaux+date:1777-1779&amp;lr=&amp;as_brr=0&amp;hl=fr\" target=\"_blank\" rel=\"noopener\">Acc\u00e9der au volume<\/a> sur <b>GoogleBooks<\/b><\/p>\n<p><b>791014<\/b><br \/>\n<i>Philosophical transactions, &amp;c. Transactions philosophiques de la soci\u00e9t\u00e9 royale de Londres. vol. LXVIII, pour l&rsquo;ann\u00e9e 1778<\/i><br \/>\nOctobre 1779, Tome X, p. 155-78<br \/>\n(Critical review)<br \/>\n<a href=\"http:\/\/books.google.be\/books?id=1ZIUAAAAQAAJ&amp;printsec=frontcover&amp;dq=intitle:l%27esprit+intitle:des+intitle:journaux+date:1777-1779&amp;lr=&amp;as_brr=0&amp;hl=fr\" target=\"_blank\" rel=\"noopener\">Acc\u00e9der au volume<\/a> sur <b>GoogleBooks<\/b><\/p>\n<p><b>791015<\/b>[Pierre-S\u00e9bastien Gourlin]\n<i>Institution et instruction chr\u00e9tienne, d\u00e9di\u00e9e \u00e0 la reine des Deux-Siciles [traduit de l&rsquo;italien]<\/i><br \/>\nOctobre 1779, Tome X, p. 178-84<br \/>\n<a href=\"http:\/\/books.google.be\/books?id=1ZIUAAAAQAAJ&amp;printsec=frontcover&amp;dq=intitle:l%27esprit+intitle:des+intitle:journaux+date:1777-1779&amp;lr=&amp;as_brr=0&amp;hl=fr\" target=\"_blank\" rel=\"noopener\">Acc\u00e9der au volume<\/a> sur <b>GoogleBooks<\/b><\/p>\n<p><b>791016<\/b><br \/>\n<i>Lettre \u00e0 M. l&rsquo;abb\u00e9 Grosier<\/i><br \/>\nOctobre 1779, Tome X, p. 185-92<br \/>\n(Journal de litt\u00e9rature, des sciences et des arts)<br \/>\n<a href=\"http:\/\/books.google.be\/books?id=1ZIUAAAAQAAJ&amp;printsec=frontcover&amp;dq=intitle:l%27esprit+intitle:des+intitle:journaux+date:1777-1779&amp;lr=&amp;as_brr=0&amp;hl=fr\" target=\"_blank\" rel=\"noopener\">Acc\u00e9der au volume<\/a> sur <b>GoogleBooks<\/b><\/p>\n<p><b>701017<\/b><br \/>\n<i>Anecdotes sur le roi de Prusse, tir\u00e9es des lettres sur l&rsquo;\u00e9tat de la soci\u00e9t\u00e9 et des m\u0153urs en France, en Suisse et en Allemagne, et traduites de l&rsquo;anglais<\/i><br \/>\nOctobre 1779, Tome X, p. 192-99<br \/>\n(Journal encyclop\u00e9dique)<br \/>\n<a href=\"http:\/\/books.google.be\/books?id=1ZIUAAAAQAAJ&amp;printsec=frontcover&amp;dq=intitle:l%27esprit+intitle:des+intitle:journaux+date:1777-1779&amp;lr=&amp;as_brr=0&amp;hl=fr\" target=\"_blank\" rel=\"noopener\">Acc\u00e9der au volume<\/a> sur <b>GoogleBooks<\/b><\/p>\n<p><b>701018<\/b><br \/>\n<i>Lettre aux auteurs du Journal de Paris, concernant le Pilote de Dieppe, surnomm\u00e9 le Brave-Homme<\/i><br \/>\nOctobre 1779, Tome X, p. 200-05<br \/>\n(Journal de Paris)<br \/>\n<a href=\"http:\/\/books.google.be\/books?id=1ZIUAAAAQAAJ&amp;printsec=frontcover&amp;dq=intitle:l%27esprit+intitle:des+intitle:journaux+date:1777-1779&amp;lr=&amp;as_brr=0&amp;hl=fr\" target=\"_blank\" rel=\"noopener\">Acc\u00e9der au volume<\/a> sur <b>GoogleBooks<\/b><\/p>\n<p><b>701019<\/b><br \/>\nVarennes<br \/>\n<i>Lettre sur l&rsquo;origine des jetons<\/i><br \/>\nOctobre 1779, Tome X, p. 205-10<br \/>\n(Annonces, affiches et avis divers de l&rsquo;Orl\u00e9anais)<br \/>\n<a href=\"http:\/\/books.google.be\/books?id=1ZIUAAAAQAAJ&amp;printsec=frontcover&amp;dq=intitle:l%27esprit+intitle:des+intitle:journaux+date:1777-1779&amp;lr=&amp;as_brr=0&amp;hl=fr\" target=\"_blank\" rel=\"noopener\">Acc\u00e9der au volume<\/a> sur <b>GoogleBooks<\/b><\/p>\n<p><b>701020<\/b><br \/>\nClaude-Joseph Dorat<br \/>\n<i>\u00c9p\u00eetre \u00e0 un jeune philosophe<\/i><br \/>\nOctobre 1779, Tome X, p. 211-16<br \/>\n<a href=\"http:\/\/books.google.be\/books?id=1ZIUAAAAQAAJ&amp;printsec=frontcover&amp;dq=intitle:l%27esprit+intitle:des+intitle:journaux+date:1777-1779&amp;lr=&amp;as_brr=0&amp;hl=fr\" target=\"_blank\" rel=\"noopener\">Acc\u00e9der au volume<\/a> sur <b>GoogleBooks<\/b><\/p>\n<p><b>701021<\/b><br \/>\nNicolas Masson de Morvilliers<br \/>\n<i>\u00c0 une vieille coquette. Ode anacr\u00e9ontique<\/i><br \/>\nOctobre 1779, Tome X, p. 217-18<br \/>\n<a href=\"http:\/\/books.google.be\/books?id=1ZIUAAAAQAAJ&amp;printsec=frontcover&amp;dq=intitle:l%27esprit+intitle:des+intitle:journaux+date:1777-1779&amp;lr=&amp;as_brr=0&amp;hl=fr\" target=\"_blank\" rel=\"noopener\">Acc\u00e9der au volume<\/a> sur <b>GoogleBooks<\/b><\/p>\n<p><b>701022<\/b><br \/>\nNicolas Masson de Morvilliers<br \/>\n<i>L&rsquo;heureux choix. \u00c9pigramme<\/i><br \/>\nOctobre 1779, Tome X, p. 218<br \/>\n<a href=\"http:\/\/books.google.be\/books?id=1ZIUAAAAQAAJ&amp;printsec=frontcover&amp;dq=intitle:l%27esprit+intitle:des+intitle:journaux+date:1777-1779&amp;lr=&amp;as_brr=0&amp;hl=fr\" target=\"_blank\" rel=\"noopener\">Acc\u00e9der au volume<\/a> sur <b>GoogleBooks<\/b><\/p>\n<p><b>701023<\/b><br \/>\nSylvain Mar\u00e9chal<br \/>\n<i>Vers sur Mademoiselle D\u2026<\/i><br \/>\nOctobre 1779, Tome X, p. 219<br \/>\n<a href=\"http:\/\/books.google.be\/books?id=1ZIUAAAAQAAJ&amp;printsec=frontcover&amp;dq=intitle:l%27esprit+intitle:des+intitle:journaux+date:1777-1779&amp;lr=&amp;as_brr=0&amp;hl=fr\" target=\"_blank\" rel=\"noopener\">Acc\u00e9der au volume<\/a> sur <b>GoogleBooks<\/b><\/p>\n<p><b>701024<\/b><br \/>\nDavesne<br \/>\n<i>Mes deux \u00e2ges. \u00c9p\u00eetre \u00e0 M. G.<\/i><br \/>\nOctobre 1779, Tome X, p. 219-21<br \/>\n<a href=\"http:\/\/books.google.be\/books?id=1ZIUAAAAQAAJ&amp;printsec=frontcover&amp;dq=intitle:l%27esprit+intitle:des+intitle:journaux+date:1777-1779&amp;lr=&amp;as_brr=0&amp;hl=fr\" target=\"_blank\" rel=\"noopener\">Acc\u00e9der au volume<\/a> sur <b>GoogleBooks<\/b><\/p>\n<p style=\"text-align: justify;\"><b>701025<\/b><br \/>\n<i>Couplets. \u00c0 l&rsquo;occasion du mariage du prince a\u00een\u00e9 de la maison de Ligne, avec la princesse Massalska, de Pologne, adress\u00e9s aux nouveaux mari\u00e9s par les habitants de Beloeil<\/i><br \/>\nOctobre 1779, Tome X, p. 221-22<br \/>\n<a href=\"http:\/\/books.google.be\/books?id=1ZIUAAAAQAAJ&amp;printsec=frontcover&amp;dq=intitle:l%27esprit+intitle:des+intitle:journaux+date:1777-1779&amp;lr=&amp;as_brr=0&amp;hl=fr\" target=\"_blank\" rel=\"noopener\">Acc\u00e9der au volume<\/a> sur <b>GoogleBooks<\/b><\/p>\n<p><b>701026<\/b><br \/>\n<i>Gasconnade<\/i><br \/>\nOctobre 1779, Tome X, p. 223<br \/>\n<a href=\"http:\/\/books.google.be\/books?id=1ZIUAAAAQAAJ&amp;printsec=frontcover&amp;dq=intitle:l%27esprit+intitle:des+intitle:journaux+date:1777-1779&amp;lr=&amp;as_brr=0&amp;hl=fr\" target=\"_blank\" rel=\"noopener\">Acc\u00e9der au volume<\/a> sur <b>GoogleBooks<\/b><\/p>\n<p><b>791101<\/b><br \/>\nJean Dusaulx<br \/>\n<i>De la passion du jeu, depuis les temps anciens jusqu&rsquo;\u00e0 nos jours<\/i><br \/>\nNovembre 1779, Tome XI, p. 3-20<br \/>\n(Journal de litt\u00e9rature, des sciences et des arts; Journal de Paris)<br \/>\n<a href=\"http:\/\/books.google.be\/books?id=Wv8SAAAAYAAJ&amp;printsec=frontcover&amp;dq=editions:0YywDHrPuX_Qlj6G&amp;lr=&amp;as_brr=1&amp;hl=fr\" target=\"_blank\" rel=\"noopener\">Acc\u00e9der au volume<\/a> sur <b>GoogleBooks<\/b><\/p>\n<p><b>791102<\/b><br \/>\nGirolamo Tiraboschi<br \/>\n<i>Storia della letteratura italiana, &amp;c. Histoire de la litt\u00e9rature italienne. Tome VII, comprenant ce qui s&rsquo;est pass\u00e9 de l&rsquo;an MD \u00e0 l&rsquo;an MDC<\/i><br \/>\nNovembre 1779, Tome XI, p. 20-26<br \/>\n(Novelle letterarie)<br \/>\n<a href=\"http:\/\/books.google.be\/books?id=Wv8SAAAAYAAJ&amp;printsec=frontcover&amp;dq=editions:0YywDHrPuX_Qlj6G&amp;lr=&amp;as_brr=1&amp;hl=fr\" target=\"_blank\" rel=\"noopener\">Acc\u00e9der au volume<\/a> sur <b>GoogleBooks<\/b><\/p>\n<p style=\"text-align: justify;\"><b>791103<\/b><br \/>\nAbraham-Hyacinthe Anquetil-Duperron<br \/>\n<i>L\u00e9gislation orientale ; ouvrage dans lequel, en montrant quels sont en Turquie, en Perse et dans l&rsquo;Indoustan, les principes fondamentaux du gouvernement<\/i><br \/>\nNovembre 1779, Tome XI, p. 27-45<br \/>\n(Journal des savants; Ann\u00e9e litt\u00e9raire; Affiches et annonces de Paris)<br \/>\n<a href=\"http:\/\/books.google.be\/books?id=Wv8SAAAAYAAJ&amp;printsec=frontcover&amp;dq=editions:0YywDHrPuX_Qlj6G&amp;lr=&amp;as_brr=1&amp;hl=fr\" target=\"_blank\" rel=\"noopener\">Acc\u00e9der au volume<\/a> sur <b>GoogleBooks<\/b><\/p>\n<p><b>791104<\/b><br \/>\n<i>Annales po\u00e9tiques, ou Almanach des muses, depuis l&rsquo;origine de la po\u00e9sie fran\u00e7aise. Tomes XI et XII<\/i><br \/>\nNovembre 1779, Tome XI, p. 46-55<br \/>\n(Journal de Paris)<br \/>\n<a href=\"http:\/\/books.google.be\/books?id=Wv8SAAAAYAAJ&amp;printsec=frontcover&amp;dq=editions:0YywDHrPuX_Qlj6G&amp;lr=&amp;as_brr=1&amp;hl=fr\" target=\"_blank\" rel=\"noopener\">Acc\u00e9der au volume<\/a> sur <b>GoogleBooks<\/b><\/p>\n<p style=\"text-align: justify;\"><b>791105<\/b><br \/>\nJacques Daran<br \/>\n<i>Composition du rem\u00e8de de M. Daran, \u00e9cuyer, conseiller, chirurgien ordinaire du roi, servant par quartier et ma\u00eetre en chirurgie de Paris ; rem\u00e8de qu&rsquo;il pratique avec succ\u00e8s depuis 50 ans, pour la gu\u00e9rison des difficult\u00e9s d&rsquo;uriner, et des causes qui les produisent\u2026<\/i><br \/>\nNovembre 1779, Tome XI, p. 56-61<br \/>\n(Gazette de sant\u00e9; Journal g\u00e9n\u00e9ral de France)<br \/>\n<a href=\"http:\/\/books.google.be\/books?id=Wv8SAAAAYAAJ&amp;printsec=frontcover&amp;dq=editions:0YywDHrPuX_Qlj6G&amp;lr=&amp;as_brr=1&amp;hl=fr\" target=\"_blank\" rel=\"noopener\">Acc\u00e9der au volume<\/a> sur <b>GoogleBooks<\/b><\/p>\n<p><b>791106<\/b><br \/>\nCharles Pallas<br \/>\n<i>Testament paternel, ou avis d&rsquo;un p\u00e8re \u00e0 ses enfants<\/i><br \/>\nNovembre 1779, Tome XI, p. 61-68<br \/>\n(Journal encyclop\u00e9dique; Gazette universelle de litt\u00e9rature)<br \/>\n<a href=\"http:\/\/books.google.be\/books?id=Wv8SAAAAYAAJ&amp;printsec=frontcover&amp;dq=editions:0YywDHrPuX_Qlj6G&amp;lr=&amp;as_brr=1&amp;hl=fr\" target=\"_blank\" rel=\"noopener\">Acc\u00e9der au volume<\/a> sur <b>GoogleBooks<\/b><\/p>\n<p><b>791107<\/b><br \/>\nSoame Jenyns<br \/>\n<i>Vue de l&rsquo;\u00e9vidence de la religion chr\u00e9tienne, consid\u00e9r\u00e9e en elle-m\u00eame ; ouvrage traduit de l&rsquo;anglais par Pierre Le Tourneur<\/i><br \/>\nNovembre 1779, Tome XI, p. 69-84<br \/>\n(Ann\u00e9e litt\u00e9raire; Journal de litt\u00e9rature, des sciences et des arts)<br \/>\n<a href=\"http:\/\/books.google.be\/books?id=Wv8SAAAAYAAJ&amp;printsec=frontcover&amp;dq=editions:0YywDHrPuX_Qlj6G&amp;lr=&amp;as_brr=1&amp;hl=fr\" target=\"_blank\" rel=\"noopener\">Acc\u00e9der au volume<\/a> sur <b>GoogleBooks<\/b><\/p>\n<p style=\"text-align: justify;\"><b>791108<\/b><br \/>\nNicolas-Toussaint Des Essarts<br \/>\n<i>Essai sur l&rsquo;histoire g\u00e9n\u00e9rale des tribunaux des peuples tant anciens que modernes, ou Dictionnaire historique et judiciaire, contenant les anecdotes piquantes et les jugements fameux des tribunaux de tous les temps et de toutes les nations<\/i><br \/>\nNovembre 1779, Tome XI, p. 85-100<br \/>\n(Gazette des tribunaux; Journal encyclop\u00e9dique; Journal de Paris; Affiches et annonces de Paris)<br \/>\n<a href=\"http:\/\/books.google.be\/books?id=Wv8SAAAAYAAJ&amp;printsec=frontcover&amp;dq=editions:0YywDHrPuX_Qlj6G&amp;lr=&amp;as_brr=1&amp;hl=fr\" target=\"_blank\" rel=\"noopener\">Acc\u00e9der au volume<\/a> sur <b>GoogleBooks<\/b><\/p>\n<p style=\"text-align: justify;\"><b>791109<\/b><br \/>\nJean Hector de Montaigne, marquis de Poncins<br \/>\n<i>Le grand \u0153uvre de l&rsquo;agriculture, ou l&rsquo;art de r\u00e9g\u00e9n\u00e9rer les surfaces et les tr\u00e9fonds, accompagn\u00e9 de d\u00e9couvertes int\u00e9ressantes sur l&rsquo;agriculture et la guerre<\/i><br \/>\nNovembre 1779, Tome XI, p. 100-109<br \/>\n(Gazette d&rsquo;agriculture, commerce, arts et finances; Journal de Paris)<br \/>\n<a href=\"http:\/\/books.google.be\/books?id=Wv8SAAAAYAAJ&amp;printsec=frontcover&amp;dq=editions:0YywDHrPuX_Qlj6G&amp;lr=&amp;as_brr=1&amp;hl=fr\" target=\"_blank\" rel=\"noopener\">Acc\u00e9der au volume<\/a> sur <b>GoogleBooks<\/b><\/p>\n<p style=\"text-align: justify;\"><b>791110<\/b><br \/>\nAdriano Kluit<br \/>\n<i>Historia critica comitatus Hollandiae &amp; Zeelandiae ab antiqussimis inde deducta temporibus. Histoire critique des comtes de Hollande et de Z\u00e9lande, depuis les temps les plus recul\u00e9s. Tome I, partie II. Contenant plusieurs digressions \u00e9tendues sur la chronique de l&rsquo;anonyme moine d&rsquo;Egmond<\/i><br \/>\nNovembre 1779, Tome XI, p. 110-26<br \/>\n<a href=\"http:\/\/books.google.be\/books?id=Wv8SAAAAYAAJ&amp;printsec=frontcover&amp;dq=editions:0YywDHrPuX_Qlj6G&amp;lr=&amp;as_brr=1&amp;hl=fr\" target=\"_blank\" rel=\"noopener\">Acc\u00e9der au volume<\/a> sur <b>GoogleBooks<\/b><\/p>\n<p><b>791111<\/b><br \/>\nJulien-Jacques Moutonnet-Clairfons<br \/>\n<i>Anacr\u00e9on, Sapho, Bion, Moschus, Th\u00e9ocrite, mus\u00e9e, la Veill\u00e9e des f\u00eates de V\u00e9nus, choix de po\u00e9sies de Catulle, d&rsquo;Horace, et de diff\u00e9rents auteurs<\/i><br \/>\nNovembre 1779, Tome XI, p. 127-48<br \/>\n(Ann\u00e9e litt\u00e9raire; Journal encyclop\u00e9dique)<br \/>\n<a href=\"http:\/\/books.google.be\/books?id=Wv8SAAAAYAAJ&amp;printsec=frontcover&amp;dq=editions:0YywDHrPuX_Qlj6G&amp;lr=&amp;as_brr=1&amp;hl=fr\" target=\"_blank\" rel=\"noopener\">Acc\u00e9der au volume<\/a> sur <b>GoogleBooks<\/b><\/p>\n<p><b>791112<\/b><br \/>\nAngelo Maria Bandini<br \/>\n<i>Catalogus codicum italicorum, &amp;c. Catalogue des manuscrits italiens, de la biblioth\u00e8que de M\u00e9dicis, et de celles de Gaddi et de Santa Croce<\/i><br \/>\nNovembre 1779, Tome XI, p. 149-62<br \/>\n(Novelle letterarie)<br \/>\n<a href=\"http:\/\/books.google.be\/books?id=Wv8SAAAAYAAJ&amp;printsec=frontcover&amp;dq=editions:0YywDHrPuX_Qlj6G&amp;lr=&amp;as_brr=1&amp;hl=fr\" target=\"_blank\" rel=\"noopener\">Acc\u00e9der au volume<\/a> sur <b>GoogleBooks<\/b><\/p>\n<p><b>791113<\/b><br \/>\nAbb\u00e9 Febv\u00e9<br \/>\n<i>Discours sur les qualit\u00e9s sociales, couronn\u00e9 par l&rsquo;acad\u00e9mie royale des sciences et belles-lettres de Nancy, dans la s\u00e9ance publique du 8 mai 1779<\/i><br \/>\nNovembre 1779, Tome XI, p. 162-66<br \/>\n(Journal encyclop\u00e9dique)<br \/>\n<a href=\"http:\/\/books.google.be\/books?id=Wv8SAAAAYAAJ&amp;printsec=frontcover&amp;dq=editions:0YywDHrPuX_Qlj6G&amp;lr=&amp;as_brr=1&amp;hl=fr\" target=\"_blank\" rel=\"noopener\">Acc\u00e9der au volume<\/a> sur <b>GoogleBooks<\/b><\/p>\n<p><b>791114<\/b><br \/>\nKarl Gottlieb von Windisch<br \/>\n<i>Kurzgefasste Geschichte der Ungarn, &amp;c. Abr\u00e9g\u00e9 de l&rsquo;histoire de Hongrie<\/i><br \/>\nNovembre 1779, Tome XI, p. 167-82<br \/>\n<a href=\"http:\/\/books.google.be\/books?id=Wv8SAAAAYAAJ&amp;printsec=frontcover&amp;dq=editions:0YywDHrPuX_Qlj6G&amp;lr=&amp;as_brr=1&amp;hl=fr\" target=\"_blank\" rel=\"noopener\">Acc\u00e9der au volume<\/a> sur <b>GoogleBooks<\/b><\/p>\n<p style=\"text-align: justify;\"><b>791115<\/b><br \/>\nBarth\u00e9lemy Faujas de Saint-Fond<br \/>\n<i>Recherches sur les volcans \u00e9teints du Vivarais et du Velay ; avec un discours sur les volcans br\u00fblants ; des m\u00e9moires analytiques sur les schozls, la z\u00e9olite, le basalte, la pouzzolane, les laves et les diff\u00e9rentes substances qui s&rsquo;y trouvent engag\u00e9s<\/i><br \/>\nNovembre 1779, Tome XI, p. 182-209<br \/>\n(Journal encyclop\u00e9dique; Journal des savants; Mercure de France; Nouvelles de la r\u00e9publique des lettres)<br \/>\n<a href=\"http:\/\/books.google.be\/books?id=Wv8SAAAAYAAJ&amp;printsec=frontcover&amp;dq=editions:0YywDHrPuX_Qlj6G&amp;lr=&amp;as_brr=1&amp;hl=fr\" target=\"_blank\" rel=\"noopener\">Acc\u00e9der au volume<\/a> sur <b>GoogleBooks<\/b><\/p>\n<p><b>791116<\/b><br \/>\nJohn Pringle<br \/>\n<i>A discourse on the theory of gunnery, &amp;c. Discours sur la th\u00e9orie de l&rsquo;artillerie, prononc\u00e9 dans l&rsquo;assembl\u00e9e annuelle de la soci\u00e9t\u00e9 royale<\/i><br \/>\nNovembre 1779, Tome XI, p. 210-17<br \/>\n(Critical review)<br \/>\n<a href=\"http:\/\/books.google.be\/books?id=Wv8SAAAAYAAJ&amp;printsec=frontcover&amp;dq=editions:0YywDHrPuX_Qlj6G&amp;lr=&amp;as_brr=1&amp;hl=fr\" target=\"_blank\" rel=\"noopener\">Acc\u00e9der au volume<\/a> sur <b>GoogleBooks<\/b><\/p>\n<p><b>791117<\/b><br \/>\n<i>Du Mont-Serrat. Article extrait des Papiers anglais<\/i><br \/>\nNovembre 1779, Tome XI, p. 218-22<br \/>\n(Journal encyclop\u00e9dique)<br \/>\n<a href=\"http:\/\/books.google.be\/books?id=Wv8SAAAAYAAJ&amp;printsec=frontcover&amp;dq=editions:0YywDHrPuX_Qlj6G&amp;lr=&amp;as_brr=1&amp;hl=fr\" target=\"_blank\" rel=\"noopener\">Acc\u00e9der au volume<\/a> sur <b>GoogleBooks<\/b><\/p>\n<p><b>791118<\/b><br \/>\nLouis-Pierre Couret de Villeneuve<br \/>\n<i>\u00c9loge de l&rsquo;amiti\u00e9. Discours prononc\u00e9 dans une assembl\u00e9e de citoyens<\/i><br \/>\nNovembre 1779, Tome XI, p. 222-33<br \/>\n<a href=\"http:\/\/books.google.be\/books?id=Wv8SAAAAYAAJ&amp;printsec=frontcover&amp;dq=editions:0YywDHrPuX_Qlj6G&amp;lr=&amp;as_brr=1&amp;hl=fr\" target=\"_blank\" rel=\"noopener\">Acc\u00e9der au volume<\/a> sur <b>GoogleBooks<\/b><\/p>\n<p><b>791119<\/b>[Jean-Pierre Claris de Florian]\n<i>Le masque g\u00e9n\u00e9reux, nouvelle<\/i><br \/>\nNovembre 1779, Tome XI, p. 233-35<br \/>\n(Mercure de France)<br \/>\n<a href=\"http:\/\/books.google.be\/books?id=Wv8SAAAAYAAJ&amp;printsec=frontcover&amp;dq=editions:0YywDHrPuX_Qlj6G&amp;lr=&amp;as_brr=1&amp;hl=fr\" target=\"_blank\" rel=\"noopener\">Acc\u00e9der au volume<\/a> sur <b>GoogleBooks<\/b><\/p>\n<p style=\"text-align: justify;\"><b>791120<\/b><br \/>\n<i>Observations sur la Lettre de M. J. G*** ins\u00e9r\u00e9e dans l&rsquo;Esprit des Journaux du mois de juin dernier ; avec une notice de quelques \u00e9ditions faites \u00e0 Bruges par Colard Mansion durant le XVe si\u00e8cle<\/i><br \/>\nNovembre 1779, Tome XI, p. 236-49<br \/>\n<a href=\"http:\/\/books.google.be\/books?id=Wv8SAAAAYAAJ&amp;printsec=frontcover&amp;dq=editions:0YywDHrPuX_Qlj6G&amp;lr=&amp;as_brr=1&amp;hl=fr\" target=\"_blank\" rel=\"noopener\">Acc\u00e9der au volume<\/a> sur <b>GoogleBooks<\/b><\/p>\n<p><b>791121<\/b><br \/>\nClaude-Joseph Dorat<br \/>\n<i>Le pouvoir de l&rsquo;harmonie. Po\u00e8me lyrique, imit\u00e9 de Dryden, et d\u00e9di\u00e9 \u00e0 M. le chevalier Gluck<\/i><br \/>\nNovembre 1779, Tome XI, p. 250-56<br \/>\n<a href=\"http:\/\/books.google.be\/books?id=Wv8SAAAAYAAJ&amp;printsec=frontcover&amp;dq=editions:0YywDHrPuX_Qlj6G&amp;lr=&amp;as_brr=1&amp;hl=fr\" target=\"_blank\" rel=\"noopener\">Acc\u00e9der au volume<\/a> sur <b>GoogleBooks<\/b><\/p>\n<p><b>791122<\/b><br \/>\n<i>Vers par M***, Am\u00e9ricain<\/i><br \/>\nNovembre 1779, Tome XI, p. 256-57<br \/>\n<a href=\"http:\/\/books.google.be\/books?id=Wv8SAAAAYAAJ&amp;printsec=frontcover&amp;dq=editions:0YywDHrPuX_Qlj6G&amp;lr=&amp;as_brr=1&amp;hl=fr\" target=\"_blank\" rel=\"noopener\">Acc\u00e9der au volume<\/a> sur <b>GoogleBooks<\/b><\/p>\n<p><b>791123<\/b><br \/>\n<i>Couplets<\/i><br \/>\nNovembre 1779, Tome XI, p. 257-58<br \/>\n<a href=\"http:\/\/books.google.be\/books?id=Wv8SAAAAYAAJ&amp;printsec=frontcover&amp;dq=editions:0YywDHrPuX_Qlj6G&amp;lr=&amp;as_brr=1&amp;hl=fr\" target=\"_blank\" rel=\"noopener\">Acc\u00e9der au volume<\/a> sur <b>GoogleBooks<\/b><\/p>\n<p><b>791124<\/b><br \/>\nSylvain Mar\u00e9chal<br \/>\n<i>\u00c9pitaphe<\/i><br \/>\nNovembre 1779, Tome XI, p. 258<br \/>\n<a href=\"http:\/\/books.google.be\/books?id=Wv8SAAAAYAAJ&amp;printsec=frontcover&amp;dq=editions:0YywDHrPuX_Qlj6G&amp;lr=&amp;as_brr=1&amp;hl=fr\" target=\"_blank\" rel=\"noopener\">Acc\u00e9der au volume<\/a> sur <b>GoogleBooks<\/b><\/p>\n<p><b>791125<\/b><br \/>\n<i>La grande nouvelle. Conte<\/i><br \/>\nNovembre 1779, Tome XI, p. 258-59<br \/>\n<a href=\"http:\/\/books.google.be\/books?id=Wv8SAAAAYAAJ&amp;printsec=frontcover&amp;dq=editions:0YywDHrPuX_Qlj6G&amp;lr=&amp;as_brr=1&amp;hl=fr\" target=\"_blank\" rel=\"noopener\">Acc\u00e9der au volume<\/a> sur <b>GoogleBooks<\/b><\/p>\n<p style=\"text-align: justify;\"><b>791201<\/b><br \/>\nGeorges-Louis Leclerc Buffon<br \/>\n<i>Histoire naturelle, g\u00e9n\u00e9rale et particuli\u00e8re ; contenant les \u00c9poques de la nature. Suppl\u00e9ment, Tom. IX et X<\/i><br \/>\nD\u00e9cembre 1779, Tome XII, p. 3-41<br \/>\n(Journal encyclop\u00e9dique; Journal des savants; Journal de litt\u00e9rature, des sciences et des arts; Journal de Paris; Journal g\u00e9n\u00e9ral de France)<br \/>\n<a href=\"http:\/\/books.google.be\/books?id=i_8SAAAAYAAJ&amp;printsec=frontcover&amp;dq=editions:0YywDHrPuX_Qlj6G&amp;lr=&amp;as_brr=1&amp;hl=fr\" target=\"_blank\" rel=\"noopener\">Acc\u00e9der au volume<\/a> sur <b>GoogleBooks<\/b><\/p>\n<p><b>791202<\/b>[Cerfvol]\n<i>L&rsquo;art de rendre les femmes fid\u00e8les<\/i><br \/>\nD\u00e9cembre 1779, Tome XII, p. 41-45<br \/>\n(Mercure de France; Journal de Paris)<br \/>\n<a href=\"http:\/\/books.google.be\/books?id=i_8SAAAAYAAJ&amp;printsec=frontcover&amp;dq=editions:0YywDHrPuX_Qlj6G&amp;lr=&amp;as_brr=1&amp;hl=fr\" target=\"_blank\" rel=\"noopener\">Acc\u00e9der au volume<\/a> sur <b>GoogleBooks<\/b><\/p>\n<p style=\"text-align: justify;\"><b>791203<\/b><br \/>\nJohn Moore<br \/>\n<i>A view society and manners, &amp;c. Tableau de la soci\u00e9t\u00e9 et des m\u0153urs en France, en Suisse et en Allemagne ; avec des anecdotes relatives \u00e0 quelques personnages distingu\u00e9s<\/i><br \/>\nD\u00e9cembre 1779, Tome XII, p. 45-58<br \/>\n(Critical review)<br \/>\n<a href=\"http:\/\/books.google.be\/books?id=i_8SAAAAYAAJ&amp;printsec=frontcover&amp;dq=editions:0YywDHrPuX_Qlj6G&amp;lr=&amp;as_brr=1&amp;hl=fr\" target=\"_blank\" rel=\"noopener\">Acc\u00e9der au volume<\/a> sur <b>GoogleBooks<\/b><\/p>\n<p style=\"text-align: justify;\"><b>791204<\/b><br \/>\nLouis-Fran\u00e7ois de Calonne<br \/>\n<i>Essais d&rsquo;agriculture, en forme d&rsquo;entretiens, sur la nature de la progression des p\u00e9pini\u00e8res, des arbres \u00e9trangers, des arbres fruitiers, sur la vigne et les vendanges, sur les labours des terres, semences et r\u00e9coltes de grains, et sur plusieurs autres discussions champ\u00eatres<\/i><br \/>\nD\u00e9cembre 1779, Tome XII, p. 59-69<br \/>\n(Journal de litt\u00e9rature, des sciences et des arts; Journal encyclop\u00e9dique)<br \/>\n<a href=\"http:\/\/books.google.be\/books?id=i_8SAAAAYAAJ&amp;printsec=frontcover&amp;dq=editions:0YywDHrPuX_Qlj6G&amp;lr=&amp;as_brr=1&amp;hl=fr\" target=\"_blank\" rel=\"noopener\">Acc\u00e9der au volume<\/a> sur <b>GoogleBooks<\/b><\/p>\n<p style=\"text-align: justify;\"><b>791205<\/b><br \/>\nClaude R\u00e9villon<br \/>\n<i>Recherches sur la cause des affections hypocondriaques, appel\u00e9es commun\u00e9ment vapeurs, ou lettres d&rsquo;un m\u00e9decin sur ces affections. On y a joint un journal de l&rsquo;\u00e9tat du corps, en raison de la perfection de la transpiration et de la temp\u00e9rature de l&rsquo;air<\/i><br \/>\nD\u00e9cembre 1779, Tome XII, p. 70-79<br \/>\n(Journal de Paris; Mercure de France)<br \/>\n<a href=\"http:\/\/books.google.be\/books?id=i_8SAAAAYAAJ&amp;printsec=frontcover&amp;dq=editions:0YywDHrPuX_Qlj6G&amp;lr=&amp;as_brr=1&amp;hl=fr\" target=\"_blank\" rel=\"noopener\">Acc\u00e9der au volume<\/a> sur <b>GoogleBooks<\/b><\/p>\n<p><b>791206<\/b><br \/>\nStjepan Zanovi\u0107<br \/>\n<i>La po\u00e9sie et la philosophie d&rsquo;un Turc \u00e0 81 queues, \u00e0 3 plumes de h\u00e9ron, \u00e0 2 aigrettes et un collier d&rsquo;\u00e9meraudes<\/i><br \/>\nD\u00e9cembre 1779, Tome XII, p. 80-89<br \/>\n(Journal encyclop\u00e9dique)<br \/>\n<a href=\"http:\/\/books.google.be\/books?id=i_8SAAAAYAAJ&amp;printsec=frontcover&amp;dq=editions:0YywDHrPuX_Qlj6G&amp;lr=&amp;as_brr=1&amp;hl=fr\" target=\"_blank\" rel=\"noopener\">Acc\u00e9der au volume<\/a> sur <b>GoogleBooks<\/b><\/p>\n<p style=\"text-align: justify;\"><b>791207<\/b><br \/>\nJean-Joseph Rive<br \/>\n<i>Notices historiques et critiques de deux manuscrits de la biblioth\u00e8que de M. le duc de la Valli\u00e8re, dont l&rsquo;un a pour titre, le Roman d&rsquo;Artus, comte de Bretaigne ; et l&rsquo;autre, le Roman de Perenay ou de Lusignan<\/i><br \/>\nD\u00e9cembre 1779, Tome XII, p. 89-96<br \/>\n(Journal des savants)<br \/>\n<a href=\"http:\/\/books.google.be\/books?id=i_8SAAAAYAAJ&amp;printsec=frontcover&amp;dq=editions:0YywDHrPuX_Qlj6G&amp;lr=&amp;as_brr=1&amp;hl=fr\" target=\"_blank\" rel=\"noopener\">Acc\u00e9der au volume<\/a> sur <b>GoogleBooks<\/b><\/p>\n<p style=\"text-align: justify;\"><b>791208<\/b><br \/>\nJean-Joseph Rive<br \/>\n<i>Notices historiques et critiques de deux manuscrits uniques et tr\u00e8s pr\u00e9cieux de la biblioth\u00e8que de M. le duc de la Valli\u00e8re, dont l&rsquo;un a pour titre, la Guirlande de Julie ; et l&rsquo;autre, Recueil de fleurs et insectes, peints par Daniel Rabel, en 1624<\/i><br \/>\nD\u00e9cembre 1779, Tome XII, p. 97-100<br \/>\n(Journal des savants)<br \/>\n<a href=\"http:\/\/books.google.be\/books?id=i_8SAAAAYAAJ&amp;printsec=frontcover&amp;dq=editions:0YywDHrPuX_Qlj6G&amp;lr=&amp;as_brr=1&amp;hl=fr\" target=\"_blank\" rel=\"noopener\">Acc\u00e9der au volume<\/a> sur <b>GoogleBooks<\/b><\/p>\n<p style=\"text-align: justify;\"><b>791209<\/b><br \/>\nC.-H. Nirel<br \/>\n<i>Le voyage forc\u00e9 ou mani\u00e8re de tirer avantage des circonstances, tir\u00e9 des m\u00e9moires d&rsquo;un homme de lettres qui a fait un long s\u00e9jour en Angleterre, et en a observ\u00e9 les m\u0153urs et les usages<\/i><br \/>\nD\u00e9cembre 1779, Tome XII, p. 100-05<br \/>\n(Journal de Paris; Journal encyclop\u00e9dique)<br \/>\n<a href=\"http:\/\/books.google.be\/books?id=i_8SAAAAYAAJ&amp;printsec=frontcover&amp;dq=editions:0YywDHrPuX_Qlj6G&amp;lr=&amp;as_brr=1&amp;hl=fr\" target=\"_blank\" rel=\"noopener\">Acc\u00e9der au volume<\/a> sur <b>GoogleBooks<\/b><\/p>\n<p style=\"text-align: justify;\"><b>791210<\/b><br \/>\nPierre Mouchon<br \/>\n<i>Table analytique et raisonn\u00e9e des mati\u00e8res contenues dans les XXXIII volumes in-folio du Dictionnaire des sciences, des arts et des m\u00e9tiers, et dans son suppl\u00e9ment. Tome premier<\/i><br \/>\nD\u00e9cembre 1779, Tome XII, p. 106-12<br \/>\n(Mercure de France; Journal de Paris)<br \/>\n<a href=\"http:\/\/books.google.be\/books?id=i_8SAAAAYAAJ&amp;printsec=frontcover&amp;dq=editions:0YywDHrPuX_Qlj6G&amp;lr=&amp;as_brr=1&amp;hl=fr\" target=\"_blank\" rel=\"noopener\">Acc\u00e9der au volume<\/a> sur <b>GoogleBooks<\/b><\/p>\n<p><b>791211<\/b><br \/>\nKarl Gottlieb von Windisch<br \/>\n<i>Kurzgefasste geschichte der Ungarn. Abr\u00e9g\u00e9 de l&rsquo;histoire de Hongrie<\/i><br \/>\nD\u00e9cembre 1779, Tome XII, p. 112-40<br \/>\n<a href=\"http:\/\/books.google.be\/books?id=i_8SAAAAYAAJ&amp;printsec=frontcover&amp;dq=editions:0YywDHrPuX_Qlj6G&amp;lr=&amp;as_brr=1&amp;hl=fr\" target=\"_blank\" rel=\"noopener\">Acc\u00e9der au volume<\/a> sur <b>GoogleBooks<\/b><\/p>\n<p><b>791212<\/b><br \/>\nGioacchino Bonaventura Argentero, marquis de Brez\u00e9<br \/>\n<i>R\u00e9flexions sur les pr\u00e9jug\u00e9s militaires<\/i><br \/>\nD\u00e9cembre 1779, Tome XII, p. 140-51<br \/>\n(Journal encyclop\u00e9dique)<br \/>\n<a href=\"http:\/\/books.google.be\/books?id=i_8SAAAAYAAJ&amp;printsec=frontcover&amp;dq=editions:0YywDHrPuX_Qlj6G&amp;lr=&amp;as_brr=1&amp;hl=fr\" target=\"_blank\" rel=\"noopener\">Acc\u00e9der au volume<\/a> sur <b>GoogleBooks<\/b><\/p>\n<p><b>791213<\/b><br \/>\nClaudio Todeschi<br \/>\n<i>Opere. \u0152uvres. Tom. I, II et III<\/i><br \/>\nD\u00e9cembre 1779, Tome XII, p. 152-57<br \/>\n(Effemeridi di Roma)<br \/>\n<a href=\"http:\/\/books.google.be\/books?id=i_8SAAAAYAAJ&amp;printsec=frontcover&amp;dq=editions:0YywDHrPuX_Qlj6G&amp;lr=&amp;as_brr=1&amp;hl=fr\" target=\"_blank\" rel=\"noopener\">Acc\u00e9der au volume<\/a> sur <b>GoogleBooks<\/b><\/p>\n<p style=\"text-align: justify;\"><b>791214<\/b><br \/>\nDominique Joseph Garat<br \/>\n<i>\u00c9loge de Suger, abb\u00e9 de St. Denis, ministre d&rsquo;\u00e9tat, r\u00e9gent du royaume sous le r\u00e8gne de Louis-le-Jeune ; discours qui a remport\u00e9 le prix de l&rsquo;acad\u00e9mie fran\u00e7aise en 1779<\/i><br \/>\nD\u00e9cembre 1779, Tome XII, p. 158-73<br \/>\n(Journal de litt\u00e9rature, des sciences et des arts; Mercure de France; Journal encyclop\u00e9dique; Journal de Paris; Affiches et annonces de Paris)<br \/>\n<a href=\"http:\/\/books.google.be\/books?id=i_8SAAAAYAAJ&amp;printsec=frontcover&amp;dq=editions:0YywDHrPuX_Qlj6G&amp;lr=&amp;as_brr=1&amp;hl=fr\" target=\"_blank\" rel=\"noopener\">Acc\u00e9der au volume<\/a> sur <b>GoogleBooks<\/b><\/p>\n<p><b>791215<\/b><br \/>\nBoccace<br \/>\n<i>Contes, traduction nouvelle, enrichie de belles gravures<\/i><br \/>\nD\u00e9cembre 1779, Tome XII, p. 174-81<br \/>\n(Journal encyclop\u00e9dique)<br \/>\n<a href=\"http:\/\/books.google.be\/books?id=i_8SAAAAYAAJ&amp;printsec=frontcover&amp;dq=editions:0YywDHrPuX_Qlj6G&amp;lr=&amp;as_brr=1&amp;hl=fr\" target=\"_blank\" rel=\"noopener\">Acc\u00e9der au volume<\/a> sur <b>GoogleBooks<\/b><\/p>\n<p style=\"text-align: justify;\"><b>791216<\/b><br \/>\nMichael Casiri<br \/>\n<i>Bibliotheca arabico-hispano escurialensis, &amp;c. Biblioth\u00e8que arabique-espagnole de l&rsquo;Escurial ou Catalogue raisonn\u00e9 de tous les ouvrages manuscrits, compos\u00e9s en arabe par des auteurs arabes-espagnols, que contient la biblioth\u00e8que du monast\u00e8re de l&rsquo;Escurial<\/i><\/p>\n<p style=\"text-align: justify;\">Yriarte, Juan de<br \/>\n<i>Regiae bibliothecae matritensis codices graeci, &amp;c. Catalogue des manuscrits grecs de la biblioth\u00e8que royale de Madrid, r\u00e9dig\u00e9 et publi\u00e9 avec des notes, des \u00e9claircissements, etc.<\/i><br \/>\nD\u00e9cembre 1779, Tome XII, p. 182-92<br \/>\n(Novelle letterarie)<br \/>\n<a href=\"http:\/\/books.google.be\/books?id=i_8SAAAAYAAJ&amp;printsec=frontcover&amp;dq=editions:0YywDHrPuX_Qlj6G&amp;lr=&amp;as_brr=1&amp;hl=fr\" target=\"_blank\" rel=\"noopener\">Acc\u00e9der au volume<\/a> sur <b>GoogleBooks<\/b><\/p>\n<p><b>791217<\/b><br \/>\n<i>Lettre \u00e0 l&rsquo;\u00e9diteur du Mercure<\/i><br \/>\nD\u00e9cembre 1779, Tome XII, p. 193-96<br \/>\n(Mercure de France)<br \/>\n<a href=\"http:\/\/books.google.be\/books?id=i_8SAAAAYAAJ&amp;printsec=frontcover&amp;dq=editions:0YywDHrPuX_Qlj6G&amp;lr=&amp;as_brr=1&amp;hl=fr\" target=\"_blank\" rel=\"noopener\">Acc\u00e9der au volume<\/a> sur <b>GoogleBooks<\/b><\/p>\n<p><b>791218<\/b><br \/>\nCharles-Henri d&rsquo;Estaing<br \/>\n<i>Lettre de M. le comte d&rsquo;Estaing<\/i><br \/>\nD\u00e9cembre 1779, Tome XII, p. 197-200<br \/>\n(Ann\u00e9e litt\u00e9raire)<br \/>\n<a href=\"http:\/\/books.google.be\/books?id=i_8SAAAAYAAJ&amp;printsec=frontcover&amp;dq=editions:0YywDHrPuX_Qlj6G&amp;lr=&amp;as_brr=1&amp;hl=fr\" target=\"_blank\" rel=\"noopener\">Acc\u00e9der au volume<\/a> sur <b>GoogleBooks<\/b><\/p>\n<p><b>791219<\/b><br \/>\n<i>Lettre \u00e0 M. l&rsquo;abb\u00e9 Grosier, sur les suites funestes du jeu<\/i><br \/>\nD\u00e9cembre 1779, Tome XII, p. 201-03<br \/>\n(Journal de litt\u00e9rature, des sciences et des arts)<br \/>\n<a href=\"http:\/\/books.google.be\/books?id=i_8SAAAAYAAJ&amp;printsec=frontcover&amp;dq=editions:0YywDHrPuX_Qlj6G&amp;lr=&amp;as_brr=1&amp;hl=fr\" target=\"_blank\" rel=\"noopener\">Acc\u00e9der au volume<\/a> sur <b>GoogleBooks<\/b><\/p>\n<p><b>791220<\/b><br \/>\n<i>Anecdote sur la famille de M. de Voltaire<\/i><br \/>\nD\u00e9cembre 1779, Tome XII, p. 204-06<br \/>\n(Journal g\u00e9n\u00e9ral de France)<br \/>\n<a href=\"http:\/\/books.google.be\/books?id=i_8SAAAAYAAJ&amp;printsec=frontcover&amp;dq=editions:0YywDHrPuX_Qlj6G&amp;lr=&amp;as_brr=1&amp;hl=fr\" target=\"_blank\" rel=\"noopener\">Acc\u00e9der au volume<\/a> sur <b>GoogleBooks<\/b><\/p>\n<p><b>791221<\/b><br \/>\nFroberville<br \/>\n<i>Lettre aux r\u00e9dacteurs du journal, concernant J. B. Rousseau<\/i><br \/>\nD\u00e9cembre 1779, Tome XII, p. 207-09<br \/>\n<a href=\"http:\/\/books.google.be\/books?id=i_8SAAAAYAAJ&amp;printsec=frontcover&amp;dq=editions:0YywDHrPuX_Qlj6G&amp;lr=&amp;as_brr=1&amp;hl=fr\" target=\"_blank\" rel=\"noopener\">Acc\u00e9der au volume<\/a> sur <b>GoogleBooks<\/b><\/p>\n<p><b>791222<\/b><br \/>\nL\u00e9onard<br \/>\n<i>M\u00e9moires historiques sur l&rsquo;\u00c9tat de Li\u00e8ge<\/i><br \/>\nD\u00e9cembre 1779, Tome XII, p. 209-30<br \/>\n<a href=\"http:\/\/books.google.be\/books?id=i_8SAAAAYAAJ&amp;printsec=frontcover&amp;dq=editions:0YywDHrPuX_Qlj6G&amp;lr=&amp;as_brr=1&amp;hl=fr\" target=\"_blank\" rel=\"noopener\">Acc\u00e9der au volume<\/a> sur <b>GoogleBooks<\/b><\/p>\n<p><b>791223<\/b>[Jean-Fran\u00e7ois de La Harpe]\n<i>Aux Manes de Voltaire, Dithyrambe qui a remport\u00e9 le prix au jugement de l&rsquo;Acad\u00e9mie fran\u00e7aise, en 1779<\/i><br \/>\nD\u00e9cembre 1779, Tome XII, p. 231-42<br \/>\n(Mercure de France)<br \/>\n<a href=\"http:\/\/books.google.be\/books?id=i_8SAAAAYAAJ&amp;printsec=frontcover&amp;dq=editions:0YywDHrPuX_Qlj6G&amp;lr=&amp;as_brr=1&amp;hl=fr\" target=\"_blank\" rel=\"noopener\">Acc\u00e9der au volume<\/a> sur <b>GoogleBooks<\/b><\/p>\n<p><b>791224<\/b><br \/>\nPierre-Nicolas Andr\u00e9-Murville<br \/>\n<i>\u00c9p\u00eetre de Voltaire, pi\u00e8ce qui a obtenu l&rsquo;accessit, au jugement de l&rsquo;Acad\u00e9mie fran\u00e7aise, en 1779<\/i><br \/>\nD\u00e9cembre 1779, Tome XII, p. 242-48<br \/>\n<a href=\"http:\/\/books.google.be\/books?id=i_8SAAAAYAAJ&amp;printsec=frontcover&amp;dq=editions:0YywDHrPuX_Qlj6G&amp;lr=&amp;as_brr=1&amp;hl=fr\" target=\"_blank\" rel=\"noopener\">Acc\u00e9der au volume<\/a> sur <b>GoogleBooks<\/b><\/p>\n<\/div><div class=\"fusion-clearfix\"><\/div><\/div><\/div><\/div><\/div>\n","protected":false},"excerpt":{"rendered":"","protected":false},"author":2,"featured_media":0,"parent":0,"menu_order":0,"comment_status":"closed","ping_status":"closed","template":"","meta":{"footnotes":""},"class_list":["post-3738","page","type-page","status-publish","hentry"],"_links":{"self":[{"href":"http:\/\/web.philo.ulg.ac.be\/gedhsr\/wp-json\/wp\/v2\/pages\/3738","targetHints":{"allow":["GET"]}}],"collection":[{"href":"http:\/\/web.philo.ulg.ac.be\/gedhsr\/wp-json\/wp\/v2\/pages"}],"about":[{"href":"http:\/\/web.philo.ulg.ac.be\/gedhsr\/wp-json\/wp\/v2\/types\/page"}],"author":[{"embeddable":true,"href":"http:\/\/web.philo.ulg.ac.be\/gedhsr\/wp-json\/wp\/v2\/users\/2"}],"replies":[{"embeddable":true,"href":"http:\/\/web.philo.ulg.ac.be\/gedhsr\/wp-json\/wp\/v2\/comments?post=3738"}],"version-history":[{"count":1,"href":"http:\/\/web.philo.ulg.ac.be\/gedhsr\/wp-json\/wp\/v2\/pages\/3738\/revisions"}],"predecessor-version":[{"id":5708,"href":"http:\/\/web.philo.ulg.ac.be\/gedhsr\/wp-json\/wp\/v2\/pages\/3738\/revisions\/5708"}],"wp:attachment":[{"href":"http:\/\/web.philo.ulg.ac.be\/gedhsr\/wp-json\/wp\/v2\/media?parent=3738"}],"curies":[{"name":"wp","href":"https:\/\/api.w.org\/{rel}","templated":true}]}}