{"id":3745,"date":"2014-04-23T14:59:32","date_gmt":"2014-04-23T12:59:32","guid":{"rendered":"http:\/\/web.philo.ulg.ac.be\/gedhsr\/?page_id=3745"},"modified":"2019-12-18T10:31:46","modified_gmt":"2019-12-18T08:31:46","slug":"annee-1782","status":"publish","type":"page","link":"http:\/\/web.philo.ulg.ac.be\/gedhsr\/annee-1782\/","title":{"rendered":"Ann\u00e9e 1782"},"content":{"rendered":"<div class=\"fusion-fullwidth fullwidth-box fusion-builder-row-1 nonhundred-percent-fullwidth non-hundred-percent-height-scrolling\" style=\"background-color: #ffffff;background-position: center center;background-repeat: no-repeat;padding-top:0px;padding-right:0px;padding-bottom:0px;padding-left:0px;margin-bottom: 0px;margin-top: 0px;border-width: 0px 0px 0px 0px;border-color:#eae9e9;border-style:solid;\" ><div class=\"fusion-builder-row fusion-row\"><div class=\"fusion-layout-column fusion_builder_column fusion-builder-column-0 fusion_builder_column_1_1 1_1 fusion-one-full fusion-column-first fusion-column-last\" style=\"margin-top:0px;margin-bottom:0px;\"><div class=\"fusion-column-wrapper fusion-flex-column-wrapper-legacy\" style=\"background-position:left top;background-repeat:no-repeat;-webkit-background-size:cover;-moz-background-size:cover;-o-background-size:cover;background-size:cover;padding: 0px 0px 0px 0px;\"><style type=\"text\/css\"><\/style><div class=\"fusion-title title fusion-title-1 sep-underline sep-solid fusion-title-text fusion-title-size-one\" style=\"border-bottom-color:#00843b;margin-top:0px;margin-right:0px;margin-bottom:70px;margin-left:0px;\"><h1 class=\"title-heading-left fusion-responsive-typography-calculated\" style=\"margin:0;--fontSize:42;line-height:1;\">Ann\u00e9e 1782<\/h1><\/div><div class=\"fusion-text fusion-text-1\"><p style=\"text-align: justify;\"><b>820101<\/b><br \/>\nFran\u00e7ois-Michel Vermeil<br \/>\n<i>Essai sur les r\u00e9formes \u00e0 faire dans notre l\u00e9gislation criminelle<\/i><br \/>\nJanvier 1782, Tome I, p. 3-25<br \/>\n(Journal des savants; Journal encyclop\u00e9dique; Journal de litt\u00e9rature, des sciences et des arts; Mercure de France; Journal de Paris; Affiches et annonces de Paris)<br \/>\n<a href=\"http:\/\/books.google.be\/books?id=w5gUAAAAQAAJ&amp;printsec=frontcover&amp;dq=editions:0WIMceFo3xOrgOJMJ&amp;lr=&amp;as_brr=1&amp;hl=fr\" target=\"_blank\" rel=\"noopener\">Acc\u00e9der au volume<\/a> sur <b>GoogleBooks<\/b><\/p>\n<p style=\"text-align: justify;\"><b>820102<\/b><br \/>\nFran\u00e7ois Rozier<br \/>\n<i>Cours complet d&rsquo;agriculture th\u00e9orique, pratique, \u00e9conomique, et de m\u00e9decine rurale et v\u00e9t\u00e9rinaire; suivi d&rsquo;une m\u00e9thode pour \u00e9tudier l&rsquo;agriculture par principes; ou Dictionnaire universel d&rsquo;agriculture<\/i><br \/>\nJanvier 1782, Tome I, p. 26-43<br \/>\n(Gazette d&rsquo;agriculture, commerce, arts et finances; Mercure de France; Journal de litt\u00e9rature, des sciences et des arts; Journal des savants; Journal de Paris)<br \/>\n<a href=\"http:\/\/books.google.be\/books?id=w5gUAAAAQAAJ&amp;printsec=frontcover&amp;dq=editions:0WIMceFo3xOrgOJMJ&amp;lr=&amp;as_brr=1&amp;hl=fr\" target=\"_blank\" rel=\"noopener\">Acc\u00e9der au volume<\/a> sur <b>GoogleBooks<\/b><\/p>\n<p><b>820103<\/b><br \/>\nM. M*** [Jean-Henri Marchand]\n<i>Les giboul\u00e9es de l&rsquo;hiver<\/i><br \/>\nJanvier 1782, Tome I, p. 44-50<br \/>\n(Ann\u00e9e litt\u00e9raire; Affiches et annonces de Paris)<br \/>\n<a href=\"http:\/\/books.google.be\/books?id=w5gUAAAAQAAJ&amp;printsec=frontcover&amp;dq=editions:0WIMceFo3xOrgOJMJ&amp;lr=&amp;as_brr=1&amp;hl=fr\" target=\"_blank\" rel=\"noopener\">Acc\u00e9der au volume<\/a> sur <b>GoogleBooks<\/b><\/p>\n<p style=\"text-align: justify;\"><b>820104<\/b><br \/>\nCatharine Macaulay<br \/>\n<i>The history of England from the accession of James I. to the revolution. Vol. VI and VII. Histoire d&rsquo;Angleterre, depuis l&rsquo;av\u00e8nement au tr\u00f4ne de Jacques I, jusqu&rsquo;\u00e0 la r\u00e9volution. Vol. VI et VII<\/i><br \/>\nJanvier 1782, Tome I, p. 50-74<br \/>\n(Critical Review)<br \/>\n<a href=\"http:\/\/books.google.be\/books?id=w5gUAAAAQAAJ&amp;printsec=frontcover&amp;dq=editions:0WIMceFo3xOrgOJMJ&amp;lr=&amp;as_brr=1&amp;hl=fr\" target=\"_blank\" rel=\"noopener\">Acc\u00e9der au volume<\/a> sur <b>GoogleBooks<\/b><\/p>\n<p style=\"text-align: justify;\"><b>820105<\/b><br \/>\nFilippo Salvadore Gilii<br \/>\n<i>Saggo di storia Americana, &amp;c. Essai d&rsquo;histoire d&rsquo;Am\u00e9rique, ou histoire naturelle civile et eccl\u00e9siastique des royaumes et des provinces espagnoles de Terre-Ferme, dans l&rsquo;Am\u00e9rique septentrionale<\/i><br \/>\nJanvier 1782, Tome I, p. 75-90<br \/>\n(Effemeridi letterarie)<br \/>\n<a href=\"http:\/\/books.google.be\/books?id=w5gUAAAAQAAJ&amp;printsec=frontcover&amp;dq=editions:0WIMceFo3xOrgOJMJ&amp;lr=&amp;as_brr=1&amp;hl=fr\" target=\"_blank\" rel=\"noopener\">Acc\u00e9der au volume<\/a> sur <b>GoogleBooks<\/b><\/p>\n<p style=\"text-align: justify;\"><b>820106<\/b><br \/>\nPaul-G\u00e9d\u00e9on Joly de Maizeroy<br \/>\n<i>Tableau g\u00e9n\u00e9ral de la cavalerie grecque, compos\u00e9e de deux m\u00e9moires et d&rsquo;une traduction du trait\u00e9 de X\u00e9nophon, intitul\u00e9 : Le commandant de la cavalerie, avec des notes, accompagn\u00e9 d&rsquo;un d\u00e9tail de la composition de la phalange, et pr\u00e9c\u00e9d\u00e9 d&rsquo;un m\u00e9moire sur la guerre consid\u00e9r\u00e9e comme science<\/i><br \/>\nJanvier 1782, Tome I, p. 91-98<br \/>\n(Mercure de France)<br \/>\n<a href=\"http:\/\/books.google.be\/books?id=w5gUAAAAQAAJ&amp;printsec=frontcover&amp;dq=editions:0WIMceFo3xOrgOJMJ&amp;lr=&amp;as_brr=1&amp;hl=fr\" target=\"_blank\" rel=\"noopener\">Acc\u00e9der au volume<\/a> sur <b>GoogleBooks<\/b><\/p>\n<p style=\"text-align: justify;\"><b>820107<\/b><br \/>\nAntoine-Ren\u00e9 de Voyer, marquis de Paulmy d&rsquo;Argenson<br \/>\n<i>M\u00e9langes tir\u00e9s d&rsquo;une grande biblioth\u00e8que. De la lecture des livres fran\u00e7ais, lettre U. Romans du 16e si\u00e8cle; section XIII et XIV<\/i><br \/>\nJanvier 1782, Tome I, p. 98-106<br \/>\n(Journal de litt\u00e9rature, des sciences et des arts)<br \/>\n<a href=\"http:\/\/books.google.be\/books?id=w5gUAAAAQAAJ&amp;printsec=frontcover&amp;dq=editions:0WIMceFo3xOrgOJMJ&amp;lr=&amp;as_brr=1&amp;hl=fr\" target=\"_blank\" rel=\"noopener\">Acc\u00e9der au volume<\/a> sur <b>GoogleBooks<\/b><\/p>\n<p><b>820108<\/b><br \/>\n<i>M\u00e9moires de l&rsquo;acad\u00e9mie imp\u00e9riale et royale des sciences et belles-lettres de Bruxelles. Tome II<\/i><br \/>\nJanvier 1782, Tome I, p. 107-153<br \/>\n(Monthly Review)<br \/>\n<a href=\"http:\/\/books.google.be\/books?id=w5gUAAAAQAAJ&amp;printsec=frontcover&amp;dq=editions:0WIMceFo3xOrgOJMJ&amp;lr=&amp;as_brr=1&amp;hl=fr\" target=\"_blank\" rel=\"noopener\">Acc\u00e9der au volume<\/a> sur <b>GoogleBooks<\/b><\/p>\n<p><b>820109<\/b><br \/>\n<i>Lettres \u00e9difiantes et curieuses \u00e9crites des missions \u00e9trang\u00e8res. Nouvelle \u00e9dition; tomes X, XI et XII<\/i><br \/>\nJanvier 1782, Tome I, p. 153-166<br \/>\n(Journal des savants; Journal encyclop\u00e9dique; Affiches et annonces de Paris)<br \/>\n<a href=\"http:\/\/books.google.be\/books?id=w5gUAAAAQAAJ&amp;printsec=frontcover&amp;dq=editions:0WIMceFo3xOrgOJMJ&amp;lr=&amp;as_brr=1&amp;hl=fr\" target=\"_blank\" rel=\"noopener\">Acc\u00e9der au volume<\/a> sur <b>GoogleBooks<\/b><\/p>\n<p><b>820110<\/b><br \/>\nKarl Franz Meyer<br \/>\n<i>Aachensche Geschichten, &amp;c. Histoire de la ville libre et imp\u00e9riale d&rsquo;Aix-la-Chapelle<\/i><br \/>\nJanvier 1782, Tome I, p. 167-188<br \/>\n<a href=\"http:\/\/books.google.be\/books?id=w5gUAAAAQAAJ&amp;printsec=frontcover&amp;dq=editions:0WIMceFo3xOrgOJMJ&amp;lr=&amp;as_brr=1&amp;hl=fr\" target=\"_blank\" rel=\"noopener\">Acc\u00e9der au volume<\/a> sur <b>GoogleBooks<\/b><\/p>\n<p style=\"text-align: justify;\"><b>820111<\/b><br \/>\n<i>Ober die glaubwurdigkeit der medicinal berichte in peinlichen recinsfoellen, &amp;c. De la cr\u00e9dibilit\u00e9 des rapports faits par les m\u00e9decins dans les proc\u00e8s criminels<\/i><br \/>\nJanvier 1782, Tome I, p. 188-192<br \/>\n(Gazette salutaire)<br \/>\n<a href=\"http:\/\/books.google.be\/books?id=w5gUAAAAQAAJ&amp;printsec=frontcover&amp;dq=editions:0WIMceFo3xOrgOJMJ&amp;lr=&amp;as_brr=1&amp;hl=fr\" target=\"_blank\" rel=\"noopener\">Acc\u00e9der au volume<\/a> sur <b>GoogleBooks<\/b><\/p>\n<p><b>820112<\/b><br \/>\nFran\u00e7ois-Valentin Mulot<br \/>\n<i>Essais de sermons pr\u00each\u00e9s \u00e0 l&rsquo;H\u00f4tel-dieu de Paris<\/i><br \/>\nJanvier 1782, Tome I, p. 192-198<br \/>\n(Ann\u00e9e litt\u00e9raire; Affiches et annonces de Paris)<br \/>\n<a href=\"http:\/\/books.google.be\/books?id=w5gUAAAAQAAJ&amp;printsec=frontcover&amp;dq=editions:0WIMceFo3xOrgOJMJ&amp;lr=&amp;as_brr=1&amp;hl=fr\" target=\"_blank\" rel=\"noopener\">Acc\u00e9der au volume<\/a> sur <b>GoogleBooks<\/b><\/p>\n<p style=\"text-align: justify;\"><b>820113<\/b><br \/>\nHenri-Louis Duhamel du Monceau<br \/>\n<i>Trait\u00e9 g\u00e9n\u00e9ral des p\u00eaches, et histoire des poissons et des animaux qui vivent dans l&rsquo;eau. Seconde partie; tome III. 9me section, depuis la page 251, jusqu&rsquo;\u00e0 la page 336, avec 27 planches, in-folio<\/i><br \/>\nJanvier 1782, Tome I, p. 199-204<br \/>\n(Journal des savants)<br \/>\n<a href=\"http:\/\/books.google.be\/books?id=w5gUAAAAQAAJ&amp;printsec=frontcover&amp;dq=editions:0WIMceFo3xOrgOJMJ&amp;lr=&amp;as_brr=1&amp;hl=fr\" target=\"_blank\" rel=\"noopener\">Acc\u00e9der au volume<\/a> sur <b>GoogleBooks<\/b><\/p>\n<p><b>820114<\/b><br \/>\nBenjamin Kennicott<br \/>\n<i>Vetus Testamentum hebraicum; cum variis lectionibus. Ancien testament h\u00e9breu, avec diff\u00e9rentes le\u00e7ons<\/i><br \/>\nJanvier 1782, Tome I, p. 205-219<br \/>\n(Monthly Review; Critical Review)<br \/>\n<a href=\"http:\/\/books.google.be\/books?id=w5gUAAAAQAAJ&amp;printsec=frontcover&amp;dq=editions:0WIMceFo3xOrgOJMJ&amp;lr=&amp;as_brr=1&amp;hl=fr\" target=\"_blank\" rel=\"noopener\">Acc\u00e9der au volume<\/a> sur <b>GoogleBooks<\/b><\/p>\n<p><b>820115<\/b><br \/>\nGeorges-Louis Leclerc Buffon<br \/>\n<i>Histoire naturelle des oiseaux, tome VIII<\/i><br \/>\nJanvier 1782, Tome I, p. 219-231<br \/>\n(Journal de Paris; Journal encyclop\u00e9dique; Mercure de France)<br \/>\n<a href=\"http:\/\/books.google.be\/books?id=w5gUAAAAQAAJ&amp;printsec=frontcover&amp;dq=editions:0WIMceFo3xOrgOJMJ&amp;lr=&amp;as_brr=1&amp;hl=fr\" target=\"_blank\" rel=\"noopener\">Acc\u00e9der au volume<\/a> sur <b>GoogleBooks<\/b><\/p>\n<p><b>820116<\/b>[Jean-Pierre Claris de Florian]\n<i>Le moyen infaillible<\/i><br \/>\nJanvier 1782, Tome I, p. 232-242<br \/>\n(Mercure de France)<br \/>\n<a href=\"http:\/\/books.google.be\/books?id=w5gUAAAAQAAJ&amp;printsec=frontcover&amp;dq=editions:0WIMceFo3xOrgOJMJ&amp;lr=&amp;as_brr=1&amp;hl=fr\" target=\"_blank\" rel=\"noopener\">Acc\u00e9der au volume<\/a> sur <b>GoogleBooks<\/b><\/p>\n<p><b>820117<\/b><br \/>\nJean-Charles Courtalon-Delaistre<br \/>\n<i>Notice sur Antoine Caracciole, \u00e9v\u00eaque de Troyes du 16me. si\u00e8cle. Adress\u00e9e aux r\u00e9dacteurs de l&rsquo;Esprit des journaux<\/i><br \/>\nJanvier 1782, Tome I, p. 243-249<br \/>\n<a href=\"http:\/\/books.google.be\/books?id=w5gUAAAAQAAJ&amp;printsec=frontcover&amp;dq=editions:0WIMceFo3xOrgOJMJ&amp;lr=&amp;as_brr=1&amp;hl=fr\" target=\"_blank\" rel=\"noopener\">Acc\u00e9der au volume<\/a> sur <b>GoogleBooks<\/b><\/p>\n<p><b>820118<\/b><br \/>\nAbb\u00e9 B**<br \/>\n<i>V\u0153ux que forme un patriote pour Monseigneur le Dauphin<\/i><br \/>\nJanvier 1782, Tome I, p. 250-254<br \/>\n<a href=\"http:\/\/books.google.be\/books?id=w5gUAAAAQAAJ&amp;printsec=frontcover&amp;dq=editions:0WIMceFo3xOrgOJMJ&amp;lr=&amp;as_brr=1&amp;hl=fr\" target=\"_blank\" rel=\"noopener\">Acc\u00e9der au volume<\/a> sur <b>GoogleBooks<\/b><\/p>\n<p><b>820119<\/b><br \/>\nAntoine-Fran\u00e7ois Delandine<br \/>\n<i>\u00c0 messieurs les auteurs du Mercure de France, sur la naissance de Monseigneur le Dauphin, le 22 octobre 1781<\/i><br \/>\nJanvier 1782, Tome I, p. 254-260<br \/>\n<a href=\"http:\/\/books.google.be\/books?id=w5gUAAAAQAAJ&amp;printsec=frontcover&amp;dq=editions:0WIMceFo3xOrgOJMJ&amp;lr=&amp;as_brr=1&amp;hl=fr\" target=\"_blank\" rel=\"noopener\">Acc\u00e9der au volume<\/a> sur <b>GoogleBooks<\/b><\/p>\n<p style=\"text-align: justify;\"><b>820120<\/b><br \/>\nAnselme Berthod<br \/>\n<i>Lettre du cardinal de Granvelle, \u00e0 Claude Belin, faisant les fonctions d&rsquo;avocat fiscal \u00e0 Bruxelles, dans le proc\u00e8s criminel intent\u00e9 aux comtes d&rsquo;Egmont et de Hornes; extraite des m\u00e9moires de l&rsquo;Acad\u00e9mie imp\u00e9riale et royale des sciences et belles-lettres de Bruxelles, tome II<\/i><br \/>\nJanvier 1782, Tome I, p. 260-267<br \/>\n<a href=\"http:\/\/books.google.be\/books?id=w5gUAAAAQAAJ&amp;printsec=frontcover&amp;dq=editions:0WIMceFo3xOrgOJMJ&amp;lr=&amp;as_brr=1&amp;hl=fr\" target=\"_blank\" rel=\"noopener\">Acc\u00e9der au volume<\/a> sur <b>GoogleBooks<\/b><\/p>\n<p><b>820121<\/b><br \/>\n<i>\u00c9loge du P. Beccaria, traduit de l&rsquo;italien<\/i><br \/>\nJanvier 1782, Tome I, p. 267-270<br \/>\n(Novelle letterarie)<br \/>\n<a href=\"http:\/\/books.google.be\/books?id=w5gUAAAAQAAJ&amp;printsec=frontcover&amp;dq=editions:0WIMceFo3xOrgOJMJ&amp;lr=&amp;as_brr=1&amp;hl=fr\" target=\"_blank\" rel=\"noopener\">Acc\u00e9der au volume<\/a> sur <b>GoogleBooks<\/b><\/p>\n<p><b>820122<\/b><br \/>\n<i>Lettres de M. l&rsquo;abb\u00e9 Dominique Sestini, \u00e9crites durant le cours de ses voyages dans le Levant, et traduites de l&rsquo;italien<\/i><br \/>\nJanvier 1782, Tome I, p. 271-278<br \/>\n(Novelle letterarie)<br \/>\n<a href=\"http:\/\/books.google.be\/books?id=w5gUAAAAQAAJ&amp;printsec=frontcover&amp;dq=editions:0WIMceFo3xOrgOJMJ&amp;lr=&amp;as_brr=1&amp;hl=fr\" target=\"_blank\" rel=\"noopener\">Acc\u00e9der au volume<\/a> sur <b>GoogleBooks<\/b><\/p>\n<p><b>820123<\/b><br \/>\nFr\u00e9mont<br \/>\n<i>Les amours en marche vers le berceau du Dauphin<\/i><br \/>\nJanvier 1782, Tome I, p. 279-282<br \/>\n<a href=\"http:\/\/books.google.be\/books?id=w5gUAAAAQAAJ&amp;printsec=frontcover&amp;dq=editions:0WIMceFo3xOrgOJMJ&amp;lr=&amp;as_brr=1&amp;hl=fr\" target=\"_blank\" rel=\"noopener\">Acc\u00e9der au volume<\/a> sur <b>GoogleBooks<\/b><\/p>\n<p><b>820124<\/b><br \/>\nHermite du Mont d&rsquo;Isis<br \/>\n<i>Cantate sur la naissance de Monseigneur le Dauphin<\/i><br \/>\nJanvier 1782, Tome I, p. 283-285<br \/>\n<a href=\"http:\/\/books.google.be\/books?id=w5gUAAAAQAAJ&amp;printsec=frontcover&amp;dq=editions:0WIMceFo3xOrgOJMJ&amp;lr=&amp;as_brr=1&amp;hl=fr\" target=\"_blank\" rel=\"noopener\">Acc\u00e9der au volume<\/a> sur <b>GoogleBooks<\/b><\/p>\n<p><b>820125<\/b><br \/>\nSuite des vers faits par un prisonnier<br \/>\nJanvier 1782, Tome I, p. 285<br \/>\nSuite des vers faits par un prisonnier, 820125<br \/>\n<a href=\"http:\/\/books.google.be\/books?id=w5gUAAAAQAAJ&amp;printsec=frontcover&amp;dq=editions:0WIMceFo3xOrgOJMJ&amp;lr=&amp;as_brr=1&amp;hl=fr\" target=\"_blank\" rel=\"noopener\">Acc\u00e9der au volume<\/a> sur <b>GoogleBooks<\/b><\/p>\n<p><b>820126<\/b><br \/>\nG** de la B***[Pahin de la Blancherie]\nVers \u00e0 Monseigneur le Dauphin<br \/>\nJanvier 1782, Tome I, p. 286<br \/>\n<a href=\"http:\/\/books.google.be\/books?id=w5gUAAAAQAAJ&amp;printsec=frontcover&amp;dq=editions:0WIMceFo3xOrgOJMJ&amp;lr=&amp;as_brr=1&amp;hl=fr\" target=\"_blank\" rel=\"noopener\">Acc\u00e9der au volume<\/a> sur <b>GoogleBooks<\/b><\/p>\n<p style=\"text-align: justify;\"><b>820127<\/b><br \/>\nAim\u00e9-Ambroise-Joseph Feutry<br \/>\n<i>Vers mis sous une gravure du m\u00e9daillon d&rsquo;Octavien-C\u00e9sar-Auguste, etc. qui est \u00e0 la t\u00eate de la nouvelle \u00e9dition de la cour d&rsquo;Auguste, etc.<\/i><br \/>\n<a href=\"http:\/\/books.google.be\/books?id=w5gUAAAAQAAJ&amp;printsec=frontcover&amp;dq=editions:0WIMceFo3xOrgOJMJ&amp;lr=&amp;as_brr=1&amp;hl=fr\" target=\"_blank\" rel=\"noopener\">Acc\u00e9der au volume<\/a> sur <b>GoogleBooks<\/b><\/p>\n<p><b>820128<\/b><br \/>\nAim\u00e9-Ambroise-Joseph Feutry<br \/>\n<i>Vers pour le portrait du roi de Prusse<\/i><br \/>\nJanvier 1782, Tome I, p. 287<br \/>\n<a href=\"http:\/\/books.google.be\/books?id=w5gUAAAAQAAJ&amp;printsec=frontcover&amp;dq=editions:0WIMceFo3xOrgOJMJ&amp;lr=&amp;as_brr=1&amp;hl=fr\" target=\"_blank\" rel=\"noopener\">Acc\u00e9der au volume<\/a> sur <b>GoogleBooks<\/b><\/p>\n<p><b>820129<\/b><br \/>\nComtesse de B*** [Fanny de Beauharnais]\n<i>Romance faite \u00e0 Ermenonville sur le tombeau de J. Jacques Rousseau<\/i><br \/>\nJanvier 1782, Tome I, p. 287-288<br \/>\n<a href=\"http:\/\/books.google.be\/books?id=w5gUAAAAQAAJ&amp;printsec=frontcover&amp;dq=editions:0WIMceFo3xOrgOJMJ&amp;lr=&amp;as_brr=1&amp;hl=fr\" target=\"_blank\" rel=\"noopener\">Acc\u00e9der au volume<\/a> sur <b>GoogleBooks<\/b><\/p>\n<p><b>820130<\/b><br \/>\nChauvin<br \/>\n<i>Vers faits sur le tombeau de J. J. Rousseau<\/i><br \/>\nJanvier 1782, Tome I, p. 288-290<br \/>\n<a href=\"http:\/\/books.google.be\/books?id=w5gUAAAAQAAJ&amp;printsec=frontcover&amp;dq=editions:0WIMceFo3xOrgOJMJ&amp;lr=&amp;as_brr=1&amp;hl=fr\" target=\"_blank\" rel=\"noopener\">Acc\u00e9der au volume<\/a> sur <b>GoogleBooks<\/b><\/p>\n<p><b>820131<\/b><br \/>\n<i>Les deux chevaux; Fable imit\u00e9e de l&rsquo;allemand<\/i><br \/>\nJanvier 1782, Tome I, p. 290-291<br \/>\n<a href=\"http:\/\/books.google.be\/books?id=w5gUAAAAQAAJ&amp;printsec=frontcover&amp;dq=editions:0WIMceFo3xOrgOJMJ&amp;lr=&amp;as_brr=1&amp;hl=fr\" target=\"_blank\" rel=\"noopener\">Acc\u00e9der au volume<\/a> sur <b>GoogleBooks<\/b><\/p>\n<p><b>820132<\/b><br \/>\n<i>\u00c9pigramme<\/i><br \/>\nJanvier 1782, Tome I, p. 291<br \/>\n<a href=\"http:\/\/books.google.be\/books?id=w5gUAAAAQAAJ&amp;printsec=frontcover&amp;dq=editions:0WIMceFo3xOrgOJMJ&amp;lr=&amp;as_brr=1&amp;hl=fr\" target=\"_blank\" rel=\"noopener\">Acc\u00e9der au volume<\/a> sur <b>GoogleBooks<\/b><\/p>\n<p><b>820133<\/b><br \/>\n<i>Vers en pr\u00e9sentant une bourse<\/i><br \/>\nJanvier 1782, Tome I, p. 292<br \/>\n<a href=\"http:\/\/books.google.be\/books?id=w5gUAAAAQAAJ&amp;printsec=frontcover&amp;dq=editions:0WIMceFo3xOrgOJMJ&amp;lr=&amp;as_brr=1&amp;hl=fr\" target=\"_blank\" rel=\"noopener\">Acc\u00e9der au volume<\/a> sur <b>GoogleBooks<\/b><\/p>\n<p><b>820134<\/b><br \/>\nAugustin de Piis<br \/>\n<i>Critique du Journal de Paris<\/i><br \/>\nJanvier 1782, Tome I, p. 292-294<br \/>\n<a href=\"http:\/\/books.google.be\/books?id=w5gUAAAAQAAJ&amp;printsec=frontcover&amp;dq=editions:0WIMceFo3xOrgOJMJ&amp;lr=&amp;as_brr=1&amp;hl=fr\" target=\"_blank\" rel=\"noopener\">Acc\u00e9der au volume<\/a> sur <b>GoogleBooks<\/b><\/p>\n<p style=\"text-align: justify;\"><b>820201<\/b><br \/>\nWilliam Coxe<br \/>\n<i>Lettres \u00e0 M. W. Melmoth, sur l&rsquo;\u00e9tat politique, civil et naturel de la Suisse; traduites de l&rsquo;anglais, et augment\u00e9es des observations faites dans le pays, par le traducteur (M. Ramond)<\/i><br \/>\nF\u00e9vrier 1782, Tome II, p. 3-33<br \/>\n(Journal de litt\u00e9rature, des sciences et des arts; Journal des savants; Journal de Paris)<br \/>\n<a href=\"http:\/\/books.google.be\/books?id=GZEUAAAAQAAJ&amp;printsec=frontcover&amp;dq=editions:0qCv5MvfosIxTQW6d&amp;lr=&amp;as_brr=1&amp;hl=fr\" target=\"_blank\" rel=\"noopener\">Acc\u00e9der au volume<\/a> sur <b>GoogleBooks<\/b><\/p>\n<p><b>820202<\/b><br \/>\n<i>Philosophical Transactions, &amp;c. Transactions philosophiques de la soci\u00e9t\u00e9 royale de Londres. Tome LXX pour l&rsquo;ann\u00e9e 1780. Seconde partie<\/i><br \/>\nF\u00e9vrier 1782, Tome II, p. 34-48<br \/>\n(Critical Review)<br \/>\n<a href=\"http:\/\/books.google.be\/books?id=GZEUAAAAQAAJ&amp;printsec=frontcover&amp;dq=editions:0qCv5MvfosIxTQW6d&amp;lr=&amp;as_brr=1&amp;hl=fr\" target=\"_blank\" rel=\"noopener\">Acc\u00e9der au volume<\/a> sur <b>GoogleBooks<\/b><\/p>\n<p><b>820203<\/b><br \/>\nJacques-Pierre Brissot de Warville<br \/>\n<i>Un Hollandais aux habitants de la Grande-Bretagne<\/i><br \/>\nF\u00e9vrier 1782, Tome II, p. 48-55<br \/>\n(Journal encyclop\u00e9dique)<br \/>\n<a href=\"http:\/\/books.google.be\/books?id=GZEUAAAAQAAJ&amp;printsec=frontcover&amp;dq=editions:0qCv5MvfosIxTQW6d&amp;lr=&amp;as_brr=1&amp;hl=fr\" target=\"_blank\" rel=\"noopener\">Acc\u00e9der au volume<\/a> sur <b>GoogleBooks<\/b><\/p>\n<p><b>820204<\/b><br \/>\nJean-Fran\u00e7ois Fournel<br \/>\n<i>Trait\u00e9 de la s\u00e9duction consid\u00e9r\u00e9e dans l&rsquo;ordre judiciaire<\/i><br \/>\nF\u00e9vrier 1782, Tome II, p. 56-69<br \/>\n(Mercure de France; Journal de litt\u00e9rature, des sciences et des arts; Journal encyclop\u00e9dique)<br \/>\n<a href=\"http:\/\/books.google.be\/books?id=GZEUAAAAQAAJ&amp;printsec=frontcover&amp;dq=editions:0qCv5MvfosIxTQW6d&amp;lr=&amp;as_brr=1&amp;hl=fr\" target=\"_blank\" rel=\"noopener\">Acc\u00e9der au volume<\/a> sur <b>GoogleBooks<\/b><\/p>\n<p><b>820205<\/b><br \/>\nFran\u00e7ois-Thomas-Marie de Baculard d&rsquo;Arnaud<br \/>\n<i>Le Comte de Strafford, nouvelle historique<\/i><br \/>\nF\u00e9vrier 1782, Tome II, p. 70-85<br \/>\n(Ann\u00e9e litt\u00e9raire)<br \/>\n<a href=\"http:\/\/books.google.be\/books?id=GZEUAAAAQAAJ&amp;printsec=frontcover&amp;dq=editions:0qCv5MvfosIxTQW6d&amp;lr=&amp;as_brr=1&amp;hl=fr\" target=\"_blank\" rel=\"noopener\">Acc\u00e9der au volume<\/a> sur <b>GoogleBooks<\/b><\/p>\n<p style=\"text-align: justify;\"><b>820206<\/b><br \/>\nAntoine-Ren\u00e9 de Voyer, marquis de Paulmy d&rsquo;Argenson<br \/>\n<i>M\u00e9langes tir\u00e9s d&rsquo;une grande biblioth\u00e8que. De la lecture des livres fran\u00e7ais, lettre X. Livres de physique g\u00e9n\u00e9rale et particuli\u00e8re du XVIe si\u00e8cle<\/i><br \/>\nF\u00e9vrier 1782, Tome II, p. 86-98<br \/>\n(Journal de litt\u00e9rature, des sciences et des arts)<br \/>\n<a href=\"http:\/\/books.google.be\/books?id=GZEUAAAAQAAJ&amp;printsec=frontcover&amp;dq=editions:0qCv5MvfosIxTQW6d&amp;lr=&amp;as_brr=1&amp;hl=fr\" target=\"_blank\" rel=\"noopener\">Acc\u00e9der au volume<\/a> sur <b>GoogleBooks<\/b><\/p>\n<p style=\"text-align: justify;\"><b>820207<\/b><br \/>\nNicolas-Alexandre Mustel<br \/>\n<i>Trait\u00e9 historique et pratique de la v\u00e9g\u00e9tation, contenant plusieurs exp\u00e9riences nouvelles et d\u00e9monstratives sur l&rsquo;\u00e9conomie v\u00e9g\u00e9tale et sur la culture des arbres<\/i><br \/>\nF\u00e9vrier 1782, Tome II, p. 99-110<br \/>\n(Gazette d&rsquo;agriculture, commerce, arts et finances)<br \/>\n<a href=\"http:\/\/books.google.be\/books?id=GZEUAAAAQAAJ&amp;printsec=frontcover&amp;dq=editions:0qCv5MvfosIxTQW6d&amp;lr=&amp;as_brr=1&amp;hl=fr\" target=\"_blank\" rel=\"noopener\">Acc\u00e9der au volume<\/a> sur <b>GoogleBooks<\/b><\/p>\n<p style=\"text-align: justify;\"><b>820208<\/b><br \/>\nWilliam Kenrick<br \/>\n<i>Observations civil and canonical, on the marriage contract, as entered in to conformably to the rites and ceremonies of the church in England. Observations sur le mariage civil et canonique contract\u00e9 conform\u00e9ment aux rites et c\u00e9r\u00e9monies de l&rsquo;\u00e9glise d&rsquo;Angleterre<\/i><br \/>\nF\u00e9vrier 1782, Tome II, p. 110-116<br \/>\n(Monthly Review)<br \/>\n<a href=\"http:\/\/books.google.be\/books?id=GZEUAAAAQAAJ&amp;printsec=frontcover&amp;dq=editions:0qCv5MvfosIxTQW6d&amp;lr=&amp;as_brr=1&amp;hl=fr\" target=\"_blank\" rel=\"noopener\">Acc\u00e9der au volume<\/a> sur <b>GoogleBooks<\/b><\/p>\n<p><b>820209<\/b><br \/>\n<i>Maximes et r\u00e9flexions morales, extraites de La Bruy\u00e8re<\/i><br \/>\nF\u00e9vrier 1782, Tome II, p. 117-136<br \/>\n(Mercure de France; Journal de Paris)<br \/>\n<a href=\"http:\/\/books.google.be\/books?id=GZEUAAAAQAAJ&amp;printsec=frontcover&amp;dq=editions:0qCv5MvfosIxTQW6d&amp;lr=&amp;as_brr=1&amp;hl=fr\" target=\"_blank\" rel=\"noopener\">Acc\u00e9der au volume<\/a> sur <b>GoogleBooks<\/b><\/p>\n<p><b>820210<\/b><br \/>\nAndr\u00e9-Hyacinthe Sabatier<br \/>\n<i>Ode \u00e0 la ville de Marseille, au sujet de la statue \u00e9questre qu&rsquo;elle doit \u00e9lever au roi dans la principale place form\u00e9e sur le terrain de l&rsquo;arsenal<\/i><br \/>\nF\u00e9vrier 1782, Tome II, p. 137-140<br \/>\n(Mercure de France; Journal de Paris)<br \/>\n<a href=\"http:\/\/books.google.be\/books?id=GZEUAAAAQAAJ&amp;printsec=frontcover&amp;dq=editions:0qCv5MvfosIxTQW6d&amp;lr=&amp;as_brr=1&amp;hl=fr\" target=\"_blank\" rel=\"noopener\">Acc\u00e9der au volume<\/a> sur <b>GoogleBooks<\/b><\/p>\n<p><b>820211<\/b><br \/>\nKarl Franz Meyer<br \/>\n<i>Aachensche geschichten. Histoire d&rsquo;Aix-la-Chapelle<\/i><br \/>\nF\u00e9vrier 1782, Tome II, p. 140-157<br \/>\n<a href=\"http:\/\/books.google.be\/books?id=GZEUAAAAQAAJ&amp;printsec=frontcover&amp;dq=editions:0qCv5MvfosIxTQW6d&amp;lr=&amp;as_brr=1&amp;hl=fr\" target=\"_blank\" rel=\"noopener\">Acc\u00e9der au volume<\/a> sur <b>GoogleBooks<\/b><\/p>\n<p><b>820212<\/b>[Alexandre-Jacques Du Coudray]\n<i>Nouveaux essais sur Paris, pour servir de suite et de suppl\u00e9ment \u00e0 ceux de M. de Saint-Foix<\/i><br \/>\nF\u00e9vrier 1782, Tome II, p. 158-175<br \/>\n(Journal encyclop\u00e9dique)<br \/>\n<a href=\"http:\/\/books.google.be\/books?id=GZEUAAAAQAAJ&amp;printsec=frontcover&amp;dq=editions:0qCv5MvfosIxTQW6d&amp;lr=&amp;as_brr=1&amp;hl=fr\" target=\"_blank\" rel=\"noopener\">Acc\u00e9der au volume<\/a> sur <b>GoogleBooks<\/b><\/p>\n<p><b>820213<\/b><br \/>\nRoger Martin<br \/>\n\u00c9l\u00e9ments de math\u00e9matiques \u00e0 l&rsquo;usage des \u00e9coles de philosophie du coll\u00e8ge royal de Toulouse<br \/>\nF\u00e9vrier 1782, Tome II, p. 176-179<br \/>\n(Journal des savants)<br \/>\n<a href=\"http:\/\/books.google.be\/books?id=GZEUAAAAQAAJ&amp;printsec=frontcover&amp;dq=editions:0qCv5MvfosIxTQW6d&amp;lr=&amp;as_brr=1&amp;hl=fr\" target=\"_blank\" rel=\"noopener\">Acc\u00e9der au volume<\/a> sur <b>GoogleBooks<\/b><\/p>\n<p style=\"text-align: justify;\"><b>820214<\/b>[Samuel Peters]\n<i>A general history of Connecticut, &amp;c. Histoire g\u00e9n\u00e9ral de Connecticut, depuis son premier \u00e9tablissement sous George Fenwick, \u00e9cuyer, jusqu&rsquo;\u00e0 la fin de son alliance avec la Grande-Bretagne, renferment une description du pays et plusieurs anecdotes curieuses et int\u00e9ressantes<\/i><br \/>\nF\u00e9vrier 1782, Tome II, p. 180-192<br \/>\n(Critical Review)<br \/>\n<a href=\"http:\/\/books.google.be\/books?id=GZEUAAAAQAAJ&amp;printsec=frontcover&amp;dq=editions:0qCv5MvfosIxTQW6d&amp;lr=&amp;as_brr=1&amp;hl=fr\" target=\"_blank\" rel=\"noopener\">Acc\u00e9der au volume<\/a> sur <b>GoogleBooks<\/b><\/p>\n<p><b>820215<\/b><br \/>\nBenjamin Ibbot<br \/>\n<i>Thrity-six discourses on pratical subjetts. Trente-six discours sur des sujets de pratique<\/i><br \/>\nF\u00e9vrier 1782, Tome II, p. 193-196<br \/>\n(Critical Review)<br \/>\n<a href=\"http:\/\/books.google.be\/books?id=GZEUAAAAQAAJ&amp;printsec=frontcover&amp;dq=editions:0qCv5MvfosIxTQW6d&amp;lr=&amp;as_brr=1&amp;hl=fr\" target=\"_blank\" rel=\"noopener\">Acc\u00e9der au volume<\/a> sur <b>GoogleBooks<\/b><\/p>\n<p><b>820216<\/b><br \/>\n<i>Exercitatio Theologica de Nuptiis Virginis superadultae\u2026<\/i><br \/>\nF\u00e9vrier 1782, Tome II, p. 196-198<br \/>\n(Monthly Review)<br \/>\n<a href=\"http:\/\/books.google.be\/books?id=GZEUAAAAQAAJ&amp;printsec=frontcover&amp;dq=editions:0qCv5MvfosIxTQW6d&amp;lr=&amp;as_brr=1&amp;hl=fr\" target=\"_blank\" rel=\"noopener\">Acc\u00e9der au volume<\/a> sur <b>GoogleBooks<\/b><\/p>\n<p><b>820217<\/b><br \/>\nArnaud Berquin<br \/>\n<i>Le serin, Conte<\/i><br \/>\nF\u00e9vrier 1782, Tome II, p. 199-208<br \/>\n(Mercure de France)<br \/>\n<a href=\"http:\/\/books.google.be\/books?id=GZEUAAAAQAAJ&amp;printsec=frontcover&amp;dq=editions:0qCv5MvfosIxTQW6d&amp;lr=&amp;as_brr=1&amp;hl=fr\" target=\"_blank\" rel=\"noopener\">Acc\u00e9der au volume<\/a> sur <b>GoogleBooks<\/b><\/p>\n<p><b>820218<\/b><br \/>\n<i>R\u00e9flexions sur quatre vers ins\u00e9r\u00e9s dans le Journal de Paris du 17 novembre 1781, \u00e0 l&rsquo;occasion de la naissance de Monseigneur le Dauphin<\/i><br \/>\nF\u00e9vrier 1782, Tome II, p. 208-209<br \/>\n(Journal de Monsieur)<br \/>\n<a href=\"http:\/\/books.google.be\/books?id=GZEUAAAAQAAJ&amp;printsec=frontcover&amp;dq=editions:0qCv5MvfosIxTQW6d&amp;lr=&amp;as_brr=1&amp;hl=fr\" target=\"_blank\" rel=\"noopener\">Acc\u00e9der au volume<\/a> sur <b>GoogleBooks<\/b><\/p>\n<p><b>820219<\/b><br \/>\n<i>M\u00e9moires pour servir \u00e0 la vie de Fernand Cortez, conqu\u00e9rant du Mexique. Traduit de l&rsquo;anglais<\/i><br \/>\nF\u00e9vrier 1782, Tome II, p. 210-223<br \/>\n<a href=\"http:\/\/books.google.be\/books?id=GZEUAAAAQAAJ&amp;printsec=frontcover&amp;dq=editions:0qCv5MvfosIxTQW6d&amp;lr=&amp;as_brr=1&amp;hl=fr\" target=\"_blank\" rel=\"noopener\">Acc\u00e9der au volume<\/a> sur <b>GoogleBooks<\/b><\/p>\n<p><b>820220<\/b><br \/>\nClaude-Camille-Fran\u00e7ois d&rsquo;Albon<br \/>\n<i>Alo\u00e9, Idylle<\/i><br \/>\nF\u00e9vrier 1782, Tome II, p. 223-226<br \/>\n<a href=\"http:\/\/books.google.be\/books?id=GZEUAAAAQAAJ&amp;printsec=frontcover&amp;dq=editions:0qCv5MvfosIxTQW6d&amp;lr=&amp;as_brr=1&amp;hl=fr\" target=\"_blank\" rel=\"noopener\">Acc\u00e9der au volume<\/a> sur <b>GoogleBooks<\/b><\/p>\n<p><b>820221<\/b><br \/>\nBr***<br \/>\n<i>Aux auteurs du Journal de Paris, sur la mort de M. Tronchin<\/i><br \/>\nF\u00e9vrier 1782, Tome II, p. 226-234<br \/>\n(Journal de Paris)<br \/>\n<a href=\"http:\/\/books.google.be\/books?id=GZEUAAAAQAAJ&amp;printsec=frontcover&amp;dq=editions:0qCv5MvfosIxTQW6d&amp;lr=&amp;as_brr=1&amp;hl=fr\" target=\"_blank\" rel=\"noopener\">Acc\u00e9der au volume<\/a> sur <b>GoogleBooks<\/b><\/p>\n<p><b>820222<\/b><br \/>\n<i>Lettre de M. l&rsquo;abb\u00e9 Paulian (ex-j\u00e9suite) \u00e0 Voltaire<\/i><br \/>\nF\u00e9vrier 1782, Tome II, p. 234-235<br \/>\n(Mercure de France)<br \/>\n<a href=\"http:\/\/books.google.be\/books?id=GZEUAAAAQAAJ&amp;printsec=frontcover&amp;dq=editions:0qCv5MvfosIxTQW6d&amp;lr=&amp;as_brr=1&amp;hl=fr\" target=\"_blank\" rel=\"noopener\">Acc\u00e9der au volume<\/a> sur <b>GoogleBooks<\/b><\/p>\n<p><b>820223<\/b><br \/>\n<i>Suite des lettres de M. l&rsquo; abb\u00e9 Dominique Sestini, \u00e9crites durant le cours de ses voyages dans le Levant, et traduites de l&rsquo; italien<\/i><br \/>\nF\u00e9vrier 1782, Tome II, p. 236-242<br \/>\n(Novelle letterarie)<br \/>\n<a href=\"http:\/\/books.google.be\/books?id=GZEUAAAAQAAJ&amp;printsec=frontcover&amp;dq=editions:0qCv5MvfosIxTQW6d&amp;lr=&amp;as_brr=1&amp;hl=fr\" target=\"_blank\" rel=\"noopener\">Acc\u00e9der au volume<\/a> sur <b>GoogleBooks<\/b><\/p>\n<p><b>820224<\/b><br \/>\nAnsiaux<br \/>\n<i>Deuxi\u00e8me lettre sur Gaces de la Vigne; adress\u00e9e \u00e0 Mrs. les r\u00e9dacteurs de l&rsquo;Esprit des journaux<\/i><br \/>\nF\u00e9vrier 1782, Tome II, p. 242-252<br \/>\n<a href=\"http:\/\/books.google.be\/books?id=GZEUAAAAQAAJ&amp;printsec=frontcover&amp;dq=editions:0qCv5MvfosIxTQW6d&amp;lr=&amp;as_brr=1&amp;hl=fr\" target=\"_blank\" rel=\"noopener\">Acc\u00e9der au volume<\/a> sur <b>GoogleBooks<\/b><\/p>\n<p><b>820225<\/b><br \/>\nP. G. capitaine de vaisseau<br \/>\n<i>\u00c9p\u00eetre \u00e9crite \u00e0 bord d&rsquo; un vaisseau fran\u00e7ais qui croisait sur les Sorlingues, en septembre 1781<\/i><br \/>\nF\u00e9vrier 1782, Tome II, p. 253-254<br \/>\n<a href=\"http:\/\/books.google.be\/books?id=GZEUAAAAQAAJ&amp;printsec=frontcover&amp;dq=editions:0qCv5MvfosIxTQW6d&amp;lr=&amp;as_brr=1&amp;hl=fr\" target=\"_blank\" rel=\"noopener\">Acc\u00e9der au volume<\/a> sur <b>GoogleBooks<\/b><\/p>\n<p><b>820226<\/b><br \/>\n<i>Impromptu sur les dangers de la louange et de la sinc\u00e9rit\u00e9<\/i><br \/>\nF\u00e9vrier 1782, Tome II, p. 254<br \/>\n<a href=\"http:\/\/books.google.be\/books?id=GZEUAAAAQAAJ&amp;printsec=frontcover&amp;dq=editions:0qCv5MvfosIxTQW6d&amp;lr=&amp;as_brr=1&amp;hl=fr\" target=\"_blank\" rel=\"noopener\">Acc\u00e9der au volume<\/a> sur <b>GoogleBooks<\/b><\/p>\n<p><b>820227<\/b><br \/>\nC** [Jean-Fran\u00e7ois Collin d&rsquo;Harleville]\n<i>Claudine \u00e0 la Cour, ou le voyage inutile<\/i><br \/>\nF\u00e9vrier 1782, Tome II, p. 255-256<br \/>\n<a href=\"http:\/\/books.google.be\/books?id=GZEUAAAAQAAJ&amp;printsec=frontcover&amp;dq=editions:0qCv5MvfosIxTQW6d&amp;lr=&amp;as_brr=1&amp;hl=fr\" target=\"_blank\" rel=\"noopener\">Acc\u00e9der au volume<\/a> sur <b>GoogleBooks<\/b><\/p>\n<p><b>820228<\/b><br \/>\nAugustin de Piis<br \/>\n<i>\u00c9pitaphe d&rsquo; un homme int\u00e9ress\u00e9 dans les affaires du roi<\/i><br \/>\nF\u00e9vrier 1782, Tome II, p. 257<br \/>\n<a href=\"http:\/\/books.google.be\/books?id=GZEUAAAAQAAJ&amp;printsec=frontcover&amp;dq=editions:0qCv5MvfosIxTQW6d&amp;lr=&amp;as_brr=1&amp;hl=fr\" target=\"_blank\" rel=\"noopener\">Acc\u00e9der au volume<\/a> sur <b>GoogleBooks<\/b><\/p>\n<p><b>820229<\/b><br \/>\nPierre-Joseph Henkart<br \/>\n<i>Vers \u00e0 Monsieur L\u00e9onard<\/i><br \/>\nF\u00e9vrier 1782, Tome II, p. 257-259<br \/>\n<a href=\"http:\/\/books.google.be\/books?id=GZEUAAAAQAAJ&amp;printsec=frontcover&amp;dq=editions:0qCv5MvfosIxTQW6d&amp;lr=&amp;as_brr=1&amp;hl=fr\" target=\"_blank\" rel=\"noopener\">Acc\u00e9der au volume<\/a> sur <b>GoogleBooks<\/b><\/p>\n<p style=\"text-align: justify;\"><b>820230<\/b><br \/>\nAbb\u00e9 Gail<br \/>\n<i>Vers adress\u00e9s \u00e0 MM. Grand-Jean, chirurgiens-oculistes du roi et de la famille royale, qui ont fait \u00e0 ma m\u00e8re l&rsquo;op\u00e9ration d&rsquo; une cataracte compliqu\u00e9e d&rsquo;opacit\u00e9 au ch\u00e2teau<\/i><br \/>\nF\u00e9vrier 1782, Tome II, p. 260<br \/>\n<a href=\"http:\/\/books.google.be\/books?id=GZEUAAAAQAAJ&amp;printsec=frontcover&amp;dq=editions:0qCv5MvfosIxTQW6d&amp;lr=&amp;as_brr=1&amp;hl=fr\" target=\"_blank\" rel=\"noopener\">Acc\u00e9der au volume<\/a> sur <b>GoogleBooks<\/b><\/p>\n<p style=\"text-align: justify;\"><b>820231<\/b><br \/>\nCharles Millon<br \/>\n<i>Horoscope sur la naissance de Monseigneur le Dauphin, pi\u00e8ce compos\u00e9e par Ma\u00eetre Mathieu Laensbergh, math\u00e9maticien, et publi\u00e9e par M. Millon, de Li\u00e8ge<\/i><br \/>\nF\u00e9vrier 1782, Tome II, p. 260-262<br \/>\n<a href=\"http:\/\/books.google.be\/books?id=GZEUAAAAQAAJ&amp;printsec=frontcover&amp;dq=editions:0qCv5MvfosIxTQW6d&amp;lr=&amp;as_brr=1&amp;hl=fr\" target=\"_blank\" rel=\"noopener\">Acc\u00e9der au volume<\/a> sur <b>GoogleBooks<\/b><\/p>\n<p><b>820232<\/b><br \/>\nS***<br \/>\n<i>Sur la mort de Mgr. l&rsquo; archev\u00eaque de Paris<\/i><br \/>\nF\u00e9vrier 1782, Tome II, p. 263<br \/>\n<a href=\"http:\/\/books.google.be\/books?id=GZEUAAAAQAAJ&amp;printsec=frontcover&amp;dq=editions:0qCv5MvfosIxTQW6d&amp;lr=&amp;as_brr=1&amp;hl=fr\" target=\"_blank\" rel=\"noopener\">Acc\u00e9der au volume<\/a> sur <b>GoogleBooks<\/b><\/p>\n<p><b>820233<\/b><br \/>\nS***<br \/>\n<i>Portrait de feu Mgr. l&rsquo;archev\u00eaque<\/i><br \/>\nF\u00e9vrier 1782, Tome II, p. 263<br \/>\n<a href=\"http:\/\/books.google.be\/books?id=GZEUAAAAQAAJ&amp;printsec=frontcover&amp;dq=editions:0qCv5MvfosIxTQW6d&amp;lr=&amp;as_brr=1&amp;hl=fr\" target=\"_blank\" rel=\"noopener\">Acc\u00e9der au volume<\/a> sur <b>GoogleBooks<\/b><\/p>\n<p style=\"text-align: justify;\"><b>820234<\/b><br \/>\nPierre Antoine de La Place<br \/>\n<i>Sur le d\u00e9vouement de madame la marquise de Bercy, que rien ne put arracher du lit de son mari, et qui mourut 20 jours apr\u00e8s de la m\u00eame maladie<\/i><br \/>\nF\u00e9vrier 1782, Tome II, p. 263<br \/>\n<a href=\"http:\/\/books.google.be\/books?id=GZEUAAAAQAAJ&amp;printsec=frontcover&amp;dq=editions:0qCv5MvfosIxTQW6d&amp;lr=&amp;as_brr=1&amp;hl=fr\" target=\"_blank\" rel=\"noopener\">Acc\u00e9der au volume<\/a> sur <b>GoogleBooks<\/b><\/p>\n<p><b>820235<\/b><br \/>\nPierre Antoine de La Place<br \/>\n<i>\u00c9pitaphe de M. le marquis et de madame la marquise de Bercy<\/i><br \/>\nF\u00e9vrier 1782, Tome II, p. 264<br \/>\n<a href=\"http:\/\/books.google.be\/books?id=GZEUAAAAQAAJ&amp;printsec=frontcover&amp;dq=editions:0qCv5MvfosIxTQW6d&amp;lr=&amp;as_brr=1&amp;hl=fr\" target=\"_blank\" rel=\"noopener\">Acc\u00e9der au volume<\/a> sur <b>GoogleBooks<\/b><\/p>\n<p><b>820236<\/b><br \/>\n<i>Vers sur l&rsquo; abattis des arbres du Palais-Royal<\/i><br \/>\nF\u00e9vrier 1782, Tome II, p. 264-265<br \/>\n<a href=\"http:\/\/books.google.be\/books?id=GZEUAAAAQAAJ&amp;printsec=frontcover&amp;dq=editions:0qCv5MvfosIxTQW6d&amp;lr=&amp;as_brr=1&amp;hl=fr\" target=\"_blank\" rel=\"noopener\">Acc\u00e9der au volume<\/a> sur <b>GoogleBooks<\/b><\/p>\n<p><b>820237<\/b><br \/>\nPhilippe-Laurent Pons de Verdun<br \/>\n<i>\u00c9pigramme<\/i><br \/>\nF\u00e9vrier 1782, Tome II, p. 266<br \/>\n<a href=\"http:\/\/books.google.be\/books?id=GZEUAAAAQAAJ&amp;printsec=frontcover&amp;dq=editions:0qCv5MvfosIxTQW6d&amp;lr=&amp;as_brr=1&amp;hl=fr\" target=\"_blank\" rel=\"noopener\">Acc\u00e9der au volume<\/a> sur <b>GoogleBooks<\/b><\/p>\n<p><b> 820301<\/b><br \/>\nEdward Gibbon<br \/>\n<i> The history of the decline and fall of Roman Empire, &amp;c. Histoire de la d\u00e9cadence et de la chute de l&#8217;empire romain<\/i><br \/>\nMars 1782, Tome III, p. 3-32<br \/>\n(Critical Review; Monthly Review)<br \/>\n<a href=\"http:\/\/books.google.be\/books?id=MJEUAAAAQAAJ&amp;printsec=frontcover&amp;dq=editions:0qCv5MvfosIxTQW6d&amp;lr=&amp;as_brr=1&amp;hl=fr\" target=\"_blank\" rel=\"noopener\">Acc\u00e9der au volume<\/a> sur <b>GoogleBooks<\/b><\/p>\n<p style=\"text-align: justify;\"><b> 820302<\/b><br \/>\n<i> Pens\u00e9es morales, litt\u00e9raires et philosophiques de S\u00e9n\u00e8que le philosophe. On y a joint quelques portraits et des anecdotes r\u00e9pandus dans ses ouvrages<\/i><br \/>\nMars 1782, Tome III, p. 33-40<br \/>\n(Journal encyclop\u00e9dique)<br \/>\n<a href=\"http:\/\/books.google.be\/books?id=MJEUAAAAQAAJ&amp;printsec=frontcover&amp;dq=editions:0qCv5MvfosIxTQW6d&amp;lr=&amp;as_brr=1&amp;hl=fr\" target=\"_blank\" rel=\"noopener\">Acc\u00e9der au volume<\/a> sur <b>GoogleBooks<\/b><\/p>\n<p><b> 820303<\/b>[Fran\u00e7ois-Joachim de Pierres, cardinal de Bernis]\n<i> \u0152uvres compl\u00e8tes de M. le C. de B**. de l&rsquo;acad\u00e9mie fran\u00e7aise<\/i><br \/>\nMars 1782, Tome III, p. 40-44<br \/>\n(Mercure de France)<br \/>\n<a href=\"http:\/\/books.google.be\/books?id=MJEUAAAAQAAJ&amp;printsec=frontcover&amp;dq=editions:0qCv5MvfosIxTQW6d&amp;lr=&amp;as_brr=1&amp;hl=fr\" target=\"_blank\" rel=\"noopener\">Acc\u00e9der au volume<\/a> sur <b>GoogleBooks<\/b><\/p>\n<p style=\"text-align: justify;\"><b> 820304<\/b><br \/>\n<i> Recueil des historiens des Gaules et de la France. Tome XII. Contenant une partie de ce qui s&rsquo;est pass\u00e9 sous les trios r\u00e8gnes de Philippe Ier., de Louis VI, dit le-Gros, et de Louis VII, surnomm\u00e9 le Jeune, depuis l&rsquo;an M.LX, jusqu&rsquo;en MCLXXX; par es religieux B\u00e9n\u00e9dictins de la congr\u00e9gation de S. Maur<\/i><br \/>\nMars 1782, Tome III, p. 44-70<br \/>\n(Journal des savants)<br \/>\n<a href=\"http:\/\/books.google.be\/books?id=MJEUAAAAQAAJ&amp;printsec=frontcover&amp;dq=editions:0qCv5MvfosIxTQW6d&amp;lr=&amp;as_brr=1&amp;hl=fr\" target=\"_blank\" rel=\"noopener\">Acc\u00e9der au volume<\/a> sur <b>GoogleBooks<\/b><\/p>\n<p style=\"text-align: justify;\"><b> 820305<\/b><br \/>\nMarc-Antoine de No\u00e9<br \/>\n<i> Discours prononc\u00e9 dans l&rsquo;\u00e9glise m\u00e9tropolitaine d&rsquo;Auch, pour la b\u00e9n\u00e9diction des guidons du r\u00e9giment du Roi, dragons, le 28 septembre 1781<\/i><br \/>\nMars 1782, Tome III, p. 71-87<br \/>\n(Journal de Monsieur; Mercure de France; Journal de Paris)<br \/>\n<a href=\"http:\/\/books.google.be\/books?id=MJEUAAAAQAAJ&amp;printsec=frontcover&amp;dq=editions:0qCv5MvfosIxTQW6d&amp;lr=&amp;as_brr=1&amp;hl=fr\" target=\"_blank\" rel=\"noopener\">Acc\u00e9der au volume<\/a> sur <b>GoogleBooks<\/b><\/p>\n<p style=\"text-align: justify;\"><b> 820306<\/b><br \/>\nAntoine-Ren\u00e9 de Voyer, marquis de Paulmy d&rsquo;Argenson<br \/>\n<i> M\u00e9langes tir\u00e9s d&rsquo;une grande biblioth\u00e8que. De la lecture des livres fran\u00e7ais. Lettre Z. Suite des livres de physique et d&rsquo;histoire naturelle du XVIe si\u00e8cle<\/i><br \/>\nMars 1782, Tome III, p. 87-97<br \/>\n(Journal de litt\u00e9rature, des sciences et des arts)<br \/>\n<a href=\"http:\/\/books.google.be\/books?id=MJEUAAAAQAAJ&amp;printsec=frontcover&amp;dq=editions:0qCv5MvfosIxTQW6d&amp;lr=&amp;as_brr=1&amp;hl=fr\" target=\"_blank\" rel=\"noopener\">Acc\u00e9der au volume<\/a> sur <b>GoogleBooks<\/b><\/p>\n<p style=\"text-align: justify;\"><b> 820307<\/b><br \/>\nNicolas Richard<br \/>\n<i> \u00c9p\u00eetre \u00e0 un anonyme qui a rendu la libert\u00e9 \u00e0 deux cents prisonniers pour mois de nourrice, le jour de la naissance de Mgr. le Dauphin<\/i><br \/>\nMars 1782, Tome III, p. 98-100<br \/>\n(Mercure de France)<br \/>\n<a href=\"http:\/\/books.google.be\/books?id=MJEUAAAAQAAJ&amp;printsec=frontcover&amp;dq=editions:0qCv5MvfosIxTQW6d&amp;lr=&amp;as_brr=1&amp;hl=fr\" target=\"_blank\" rel=\"noopener\">Acc\u00e9der au volume<\/a> sur <b>GoogleBooks<\/b><\/p>\n<p><b> 820308<\/b><br \/>\nKarl Franz Meyer<br \/>\n<i> Aachensche geschichten. Histoire d&rsquo;Aix-la-Chapelle, &amp;c. Troisi\u00e8me extrait<\/i><br \/>\nMars 1782, Tome III, p. 101-135<br \/>\n<a href=\"http:\/\/books.google.be\/books?id=MJEUAAAAQAAJ&amp;printsec=frontcover&amp;dq=editions:0qCv5MvfosIxTQW6d&amp;lr=&amp;as_brr=1&amp;hl=fr\" target=\"_blank\" rel=\"noopener\">Acc\u00e9der au volume<\/a> sur <b>GoogleBooks<\/b><\/p>\n<p style=\"text-align: justify;\"><b> 820309<\/b><br \/>\nAndr\u00e9 Levret<br \/>\n<i> Observations sur l&rsquo;allaitement des enfants, dans lesquelles on indique plusieurs pr\u00e9cautions \u00e9galement int\u00e9ressantes pour la m\u00e8re et pour l&rsquo;enfant, soit avant, soit pendant, soit apr\u00e8s l&rsquo;allaitement; pr\u00e9cautions au moyen desquelles on \u00e9vitera un grand nombre d&rsquo;inconv\u00e9nients auxquels on s&rsquo;expose si on les n\u00e9glige<\/i><br \/>\nMars 1782, Tome III, p. 136-142<br \/>\n(Gazette de sant\u00e9; Gazette salutaire)<br \/>\n<a href=\"http:\/\/books.google.be\/books?id=MJEUAAAAQAAJ&amp;printsec=frontcover&amp;dq=editions:0qCv5MvfosIxTQW6d&amp;lr=&amp;as_brr=1&amp;hl=fr\" target=\"_blank\" rel=\"noopener\">Acc\u00e9der au volume<\/a> sur <b>GoogleBooks<\/b><\/p>\n<p><b> 820310<\/b><br \/>\n<i> Almanach litt\u00e9raire, ou \u00c9trennes d&rsquo;Apollon<\/i><br \/>\nMars 1782, Tome III, p. 142-157<br \/>\n(Mercure de France; Journal encyclop\u00e9dique; Journal de Paris)<br \/>\n<a href=\"http:\/\/books.google.be\/books?id=MJEUAAAAQAAJ&amp;printsec=frontcover&amp;dq=editions:0qCv5MvfosIxTQW6d&amp;lr=&amp;as_brr=1&amp;hl=fr\" target=\"_blank\" rel=\"noopener\">Acc\u00e9der au volume<\/a> sur <b>GoogleBooks<\/b><\/p>\n<p><b> 820311<\/b><br \/>\nJacques-Vincent Delacroix<br \/>\n<i> R\u00e9flexions philosophiques sur la civilisation et sur le moyen de rem\u00e9dier aux abus qu&rsquo;elle entra\u00eene<\/i><br \/>\nMars 1782, Tome III, p. 158-165<br \/>\n(Mercure de France)<br \/>\n<a href=\"http:\/\/books.google.be\/books?id=MJEUAAAAQAAJ&amp;printsec=frontcover&amp;dq=editions:0qCv5MvfosIxTQW6d&amp;lr=&amp;as_brr=1&amp;hl=fr\" target=\"_blank\" rel=\"noopener\">Acc\u00e9der au volume<\/a> sur <b>GoogleBooks<\/b><\/p>\n<p style=\"text-align: justify;\"><b> 820312<\/b><br \/>\nMarc-Antoine-Jacques Rochon de Chabannes<br \/>\n<i> La Tribu, com\u00e9die en un acte, pour les r\u00e9jouissances de Strasbourg, en l&rsquo;honneur de la f\u00eate s\u00e9culaire de la soumission de la ville \u00e0 Louis XIV<\/i><br \/>\nMars 1782, Tome III, p. 166-185<br \/>\n(Journal de litt\u00e9rature, des sciences et des arts; Mercure de France)<br \/>\n<a href=\"http:\/\/books.google.be\/books?id=MJEUAAAAQAAJ&amp;printsec=frontcover&amp;dq=editions:0qCv5MvfosIxTQW6d&amp;lr=&amp;as_brr=1&amp;hl=fr\" target=\"_blank\" rel=\"noopener\">Acc\u00e9der au volume<\/a> sur <b>GoogleBooks<\/b><\/p>\n<p><b> 820313<\/b><br \/>\nJosiah Tucker<br \/>\n<i> A treatise concerning civil governement, &amp;c. Trait\u00e9 concernant le gouvernement civil<\/i><br \/>\nMars 1782, Tome III, p. 185-201<br \/>\n(Monthly Review)<br \/>\n<a href=\"http:\/\/books.google.be\/books?id=MJEUAAAAQAAJ&amp;printsec=frontcover&amp;dq=editions:0qCv5MvfosIxTQW6d&amp;lr=&amp;as_brr=1&amp;hl=fr\" target=\"_blank\" rel=\"noopener\">Acc\u00e9der au volume<\/a> sur <b>GoogleBooks<\/b><\/p>\n<p style=\"text-align: justify;\"><b> 820314<\/b><br \/>\nUlrich Christoph Salchow<br \/>\n<i> Eroesnet seine erfundene\u2026 Publication faite par M. Salchow, docteur en m\u00e9decine, professeur et physicien \u00e0 Meldorf dans la Dithmarsie m\u00e9ridionale, du rem\u00e8de qu&rsquo;il a invent\u00e9 pour la gu\u00e9rison et l&rsquo;extirpation totale de la maladie des b\u0153ufs et des vaches<\/i><br \/>\nMars 1782, Tome III, p. 202-218<br \/>\n<a href=\"http:\/\/books.google.be\/books?id=MJEUAAAAQAAJ&amp;printsec=frontcover&amp;dq=editions:0qCv5MvfosIxTQW6d&amp;lr=&amp;as_brr=1&amp;hl=fr\" target=\"_blank\" rel=\"noopener\">Acc\u00e9der au volume<\/a> sur <b>GoogleBooks<\/b><\/p>\n<p><b> 820315<\/b><br \/>\nArnaud Berquin<br \/>\n<i> La neige, Conte<\/i><br \/>\nMars 1782, Tome III, p. 219-226<br \/>\n<a href=\"http:\/\/books.google.be\/books?id=MJEUAAAAQAAJ&amp;printsec=frontcover&amp;dq=editions:0qCv5MvfosIxTQW6d&amp;lr=&amp;as_brr=1&amp;hl=fr\" target=\"_blank\" rel=\"noopener\">Acc\u00e9der au volume<\/a> sur <b>GoogleBooks<\/b><\/p>\n<p><b> 820316<\/b><br \/>\n<i>Suite des m\u00e9moires pour servir \u00e0 la vie de Fernand Cortez, conqu\u00e9rant du Mexique. Traduit de l&rsquo;anglais<\/i><br \/>\nMars 1782, Tome III, p. 227-236<br \/>\n<a href=\"http:\/\/books.google.be\/books?id=MJEUAAAAQAAJ&amp;printsec=frontcover&amp;dq=editions:0qCv5MvfosIxTQW6d&amp;lr=&amp;as_brr=1&amp;hl=fr\" target=\"_blank\" rel=\"noopener\">Acc\u00e9der au volume<\/a> sur <b>GoogleBooks<\/b><\/p>\n<p><b> 820317<\/b><br \/>\n<i> Aux auteurs du Journal de Paris, en leur envoyant la traduction d&rsquo;une Eglogue de Virgile<\/i><br \/>\nMars 1782, Tome III, p. 236-240<br \/>\n<a href=\"http:\/\/books.google.be\/books?id=MJEUAAAAQAAJ&amp;printsec=frontcover&amp;dq=editions:0qCv5MvfosIxTQW6d&amp;lr=&amp;as_brr=1&amp;hl=fr\" target=\"_blank\" rel=\"noopener\">Acc\u00e9der au volume<\/a> sur <b>GoogleBooks<\/b><\/p>\n<p><b> 820318<\/b><br \/>\n<i> Extrait du trait\u00e9 de Plutarque : Comment il faut faire lire les po\u00e8tes aux jeunes gens. Traduit par M. S\u00e9lis<\/i><br \/>\nMars 1782, Tome III, p. 240-244<br \/>\n(Mercure de France)<br \/>\n<a href=\"http:\/\/books.google.be\/books?id=MJEUAAAAQAAJ&amp;printsec=frontcover&amp;dq=editions:0qCv5MvfosIxTQW6d&amp;lr=&amp;as_brr=1&amp;hl=fr\" target=\"_blank\" rel=\"noopener\">Acc\u00e9der au volume<\/a> sur <b>GoogleBooks<\/b><\/p>\n<p><b> 820319<\/b><br \/>\n<i> Traduction de l&rsquo;\u00e9p\u00eetre d&rsquo;Horace \u00e0 Fuscus Aristius. Liv. Ier. \u00e9p\u00eet. 10e; par M. S\u00e9lis<\/i><br \/>\nMars 1782, Tome III, p. 245-247<br \/>\n(Mercure de France)<br \/>\n<a href=\"http:\/\/books.google.be\/books?id=MJEUAAAAQAAJ&amp;printsec=frontcover&amp;dq=editions:0qCv5MvfosIxTQW6d&amp;lr=&amp;as_brr=1&amp;hl=fr\" target=\"_blank\" rel=\"noopener\">Acc\u00e9der au volume<\/a> sur <b>GoogleBooks<\/b><\/p>\n<p><b> 820320<\/b><br \/>\nAbb\u00e9 M***<br \/>\n<i> Question propos\u00e9e aux savants<\/i><br \/>\nMars 1782, Tome III, p. 248-252<br \/>\n(Journal de Paris)<br \/>\n<a href=\"http:\/\/books.google.be\/books?id=MJEUAAAAQAAJ&amp;printsec=frontcover&amp;dq=editions:0qCv5MvfosIxTQW6d&amp;lr=&amp;as_brr=1&amp;hl=fr\" target=\"_blank\" rel=\"noopener\">Acc\u00e9der au volume<\/a> sur <b>GoogleBooks<\/b><\/p>\n<p><b> 820321<\/b><br \/>\nLaurent-Pierre B\u00e9renger<br \/>\n<i> L&rsquo;hiver, \u00c9p\u00eetre \u00e0 mes livres<\/i><br \/>\nMars 1782, Tome III, p. 253-259<br \/>\n<a href=\"http:\/\/books.google.be\/books?id=MJEUAAAAQAAJ&amp;printsec=frontcover&amp;dq=editions:0qCv5MvfosIxTQW6d&amp;lr=&amp;as_brr=1&amp;hl=fr\" target=\"_blank\" rel=\"noopener\">Acc\u00e9der au volume<\/a> sur <b>GoogleBooks<\/b><\/p>\n<p style=\"text-align: justify;\"><b> 820322<\/b><br \/>\nLaurent-Pierre B\u00e9renger<br \/>\n<i> Impromptu de reconnaissance. \u00c0 M. Guiot, C. R. de Paris, ancien secr\u00e9taire de l&rsquo;acad\u00e9mie, qui m&rsquo;avait beaucoup press\u00e9 d&rsquo;envoyer cette \u00e9p\u00eetre au concours<\/i><br \/>\nMars 1782, Tome III, p. 260-261<br \/>\n<a href=\"http:\/\/books.google.be\/books?id=MJEUAAAAQAAJ&amp;printsec=frontcover&amp;dq=editions:0qCv5MvfosIxTQW6d&amp;lr=&amp;as_brr=1&amp;hl=fr\" target=\"_blank\" rel=\"noopener\">Acc\u00e9der au volume<\/a> sur <b>GoogleBooks<\/b><\/p>\n<p><b> 820323<\/b><br \/>\nFran\u00e7ois de Neufch\u00e2teau<br \/>\n<i> \u00c0 un riche insolent<\/i><br \/>\nMars 1782, Tome III, p. 261-262<br \/>\n<a href=\"http:\/\/books.google.be\/books?id=MJEUAAAAQAAJ&amp;printsec=frontcover&amp;dq=editions:0qCv5MvfosIxTQW6d&amp;lr=&amp;as_brr=1&amp;hl=fr\" target=\"_blank\" rel=\"noopener\">Acc\u00e9der au volume<\/a> sur <b>GoogleBooks<\/b><\/p>\n<p><b> 820324<\/b><br \/>\nCharles de Fontette-Sommery<br \/>\n<i> Imitation de Martial<\/i><br \/>\nMars 1782, Tome III, p. 262<br \/>\n<a href=\"http:\/\/books.google.be\/books?id=MJEUAAAAQAAJ&amp;printsec=frontcover&amp;dq=editions:0qCv5MvfosIxTQW6d&amp;lr=&amp;as_brr=1&amp;hl=fr\" target=\"_blank\" rel=\"noopener\">Acc\u00e9der au volume<\/a> sur <b>GoogleBooks<\/b><\/p>\n<p><b> 820325<\/b>[De Beaumont]\n<i> Les adieux de l&rsquo;arbre de Cracovie<\/i><br \/>\nMars 1782, Tome III, p. 262-265<br \/>\n<a href=\"http:\/\/books.google.be\/books?id=MJEUAAAAQAAJ&amp;printsec=frontcover&amp;dq=editions:0qCv5MvfosIxTQW6d&amp;lr=&amp;as_brr=1&amp;hl=fr\" target=\"_blank\" rel=\"noopener\">Acc\u00e9der au volume<\/a> sur <b>GoogleBooks<\/b><\/p>\n<p><b> 820326<\/b><br \/>\nPhilippe-Laurent Pons de Verdun<br \/>\n<i> La r\u00e9ponse trop vraie<\/i><br \/>\nMars 1782, Tome III, p. 265<br \/>\n<a href=\"http:\/\/books.google.be\/books?id=MJEUAAAAQAAJ&amp;printsec=frontcover&amp;dq=editions:0qCv5MvfosIxTQW6d&amp;lr=&amp;as_brr=1&amp;hl=fr\" target=\"_blank\" rel=\"noopener\">Acc\u00e9der au volume<\/a> sur <b>GoogleBooks<\/b><\/p>\n<p><b> 820327<\/b>[Hilarion No\u00ebl de Villenfagne d&rsquo;Ingihoul]\n<i> \u00c9l\u00e9gie<\/i><br \/>\nMars 1782, Tome III, p. 266<br \/>\n<a href=\"http:\/\/books.google.be\/books?id=MJEUAAAAQAAJ&amp;printsec=frontcover&amp;dq=editions:0qCv5MvfosIxTQW6d&amp;lr=&amp;as_brr=1&amp;hl=fr\" target=\"_blank\" rel=\"noopener\">Acc\u00e9der au volume<\/a> sur <b>GoogleBooks<\/b><\/p>\n<p><b> 820328<\/b><br \/>\nLavall\u00e9e de Valbray<br \/>\n<i> \u00c0 M. de St. P\u00e9ravi, en lui envoyant mon heureuse Nouvelle<\/i><br \/>\nMars 1782, Tome III, p. 267-268<br \/>\n<a href=\"http:\/\/books.google.be\/books?id=MJEUAAAAQAAJ&amp;printsec=frontcover&amp;dq=editions:0qCv5MvfosIxTQW6d&amp;lr=&amp;as_brr=1&amp;hl=fr\" target=\"_blank\" rel=\"noopener\">Acc\u00e9der au volume<\/a> sur <b>GoogleBooks<\/b><\/p>\n<p><b> 820329<\/b><br \/>\nJean-Nicolas-Marcellin Gu\u00e9rineau de Saint-P\u00e9ravi<br \/>\n<i> R\u00e9ponse \u00e0 M. Lavall\u00e9e de Valbray<\/i><br \/>\nMars 1782, Tome III, p. 268<br \/>\n<a href=\"http:\/\/books.google.be\/books?id=MJEUAAAAQAAJ&amp;printsec=frontcover&amp;dq=editions:0qCv5MvfosIxTQW6d&amp;lr=&amp;as_brr=1&amp;hl=fr\" target=\"_blank\" rel=\"noopener\">Acc\u00e9der au volume<\/a> sur <b>GoogleBooks<\/b><\/p>\n<p><b> 820330<\/b><br \/>\nJean-Nicolas-Marcellin Gu\u00e9rineau de Saint-P\u00e9ravi<br \/>\n<i> \u00c0 Madame la Comtesse d&rsquo;Oultremont de Warfus\u00e9e sur son mariage<\/i><br \/>\nMars 1782, Tome III, p. 269<br \/>\n<a href=\"http:\/\/books.google.be\/books?id=MJEUAAAAQAAJ&amp;printsec=frontcover&amp;dq=editions:0qCv5MvfosIxTQW6d&amp;lr=&amp;as_brr=1&amp;hl=fr\" target=\"_blank\" rel=\"noopener\">Acc\u00e9der au volume<\/a> sur <b>GoogleBooks<\/b><\/p>\n<p style=\"text-align: justify;\"><b> 820331<\/b><br \/>\nH. N.<br \/>\n<i> Vers \u00e0 messieurs les princes Michel, Boris et Alexis de Gallitzin, \u00e0 l&rsquo;occasion d&rsquo;un tr\u00e8s beau pr\u00e9sent qu&rsquo;ils avaient fait \u00e0 l&rsquo;auteur, en le priant de l&rsquo;accepter comme un t\u00e9moignage de leur amiti\u00e9<\/i><br \/>\nMars 1782, Tome III, p. 269<br \/>\n<a href=\"http:\/\/books.google.be\/books?id=MJEUAAAAQAAJ&amp;printsec=frontcover&amp;dq=editions:0qCv5MvfosIxTQW6d&amp;lr=&amp;as_brr=1&amp;hl=fr\" target=\"_blank\" rel=\"noopener\">Acc\u00e9der au volume<\/a> sur <b>GoogleBooks<\/b><\/p>\n<p><b> 820332<\/b><br \/>\nC. D. B. L.<br \/>\n<i> Le juge complaisant<\/i><br \/>\nMars 1782, Tome III, p. 270<br \/>\n<a href=\"http:\/\/books.google.be\/books?id=MJEUAAAAQAAJ&amp;printsec=frontcover&amp;dq=editions:0qCv5MvfosIxTQW6d&amp;lr=&amp;as_brr=1&amp;hl=fr\" target=\"_blank\" rel=\"noopener\">Acc\u00e9der au volume<\/a> sur <b>GoogleBooks<\/b><\/p>\n<p><b> 820333<\/b><br \/>\nVoltaire<br \/>\n<i> Au roi de Prusse<\/i><br \/>\nMars 1782, Tome III, p. 270-271<br \/>\n<a href=\"http:\/\/books.google.be\/books?id=MJEUAAAAQAAJ&amp;printsec=frontcover&amp;dq=editions:0qCv5MvfosIxTQW6d&amp;lr=&amp;as_brr=1&amp;hl=fr\" target=\"_blank\" rel=\"noopener\">Acc\u00e9der au volume<\/a> sur <b>GoogleBooks<\/b><\/p>\n<p><b> 820334<\/b><br \/>\n<i> Vers d&rsquo;un Parisien qui a re\u00e7u une assignation le jour des f\u00eates donn\u00e9es \u00e0 la reine<\/i><br \/>\nMars 1782, Tome III, p. 271-272<br \/>\n<a href=\"http:\/\/books.google.be\/books?id=MJEUAAAAQAAJ&amp;printsec=frontcover&amp;dq=editions:0qCv5MvfosIxTQW6d&amp;lr=&amp;as_brr=1&amp;hl=fr\" target=\"_blank\" rel=\"noopener\">Acc\u00e9der au volume<\/a> sur <b>GoogleBooks<\/b><\/p>\n<p style=\"text-align: justify;\"><b> 820401<\/b><br \/>\nJean-Jacques Garnier<br \/>\n<i> Histoire de France, depuis l&rsquo;\u00e9tablissement de la monarchie, jusqu&rsquo;au r\u00e8gne de Louis XIV. Tomes XXII et XXIII<\/i><br \/>\nAvril 1782, Tome IV, p. 3-38<br \/>\n(Mercure de France; Journal de Monsieur; Ann\u00e9e litt\u00e9raire; Journal de Paris; Journal de litt\u00e9rature, des sciences et des arts; Affiches et annonces de Paris)<br \/>\n<a href=\"http:\/\/books.google.be\/books?id=0pgUAAAAQAAJ&amp;printsec=frontcover&amp;dq=editions:0WIMceFo3xOrgOJMJ&amp;lr=&amp;as_brr=1&amp;hl=fr\" target=\"_blank\" rel=\"noopener\">Acc\u00e9der au volume<\/a> sur <b>GoogleBooks<\/b><\/p>\n<p><b> 820402<\/b>[J\u00e9r\u00f4me P\u00e9tion]\n<i> Moyens propos\u00e9s pour pr\u00e9venir l&rsquo;infanticide<\/i><br \/>\nAvril 1782, Tome IV, p. 38-48<br \/>\n(Journal de litt\u00e9rature, des sciences et des arts; Nouvelles de la r\u00e9publique des sciences et des arts)<br \/>\n<a href=\"http:\/\/books.google.be\/books?id=0pgUAAAAQAAJ&amp;printsec=frontcover&amp;dq=editions:0WIMceFo3xOrgOJMJ&amp;lr=&amp;as_brr=1&amp;hl=fr\" target=\"_blank\" rel=\"noopener\">Acc\u00e9der au volume<\/a> sur <b>GoogleBooks<\/b><\/p>\n<p><b> 820403<\/b><br \/>\nEmmanuel Pastoret<br \/>\n<i> Tributs offerts \u00e0 l&rsquo;acad\u00e9mie de Marseille<\/i><br \/>\nAvril 1782, Tome IV, p. 49-55<br \/>\n(Journal encyclop\u00e9dique; Journal de Paris)<br \/>\n<a href=\"http:\/\/books.google.be\/books?id=0pgUAAAAQAAJ&amp;printsec=frontcover&amp;dq=editions:0WIMceFo3xOrgOJMJ&amp;lr=&amp;as_brr=1&amp;hl=fr\" target=\"_blank\" rel=\"noopener\">Acc\u00e9der au volume<\/a> sur <b>GoogleBooks<\/b><\/p>\n<p style=\"text-align: justify;\"><b> 820404<\/b><br \/>\nEdward Gibbon<br \/>\n<i> The history of the decline and fall of the roman Empire, &amp;c. Histoire de la d\u00e9cadence et de la chute de l&rsquo;Empire romain. Vol. III<\/i><br \/>\nAvril 1782, Tome IV, p. 56-85<br \/>\n(Critical Review; Monthly Review)<br \/>\n<a href=\"http:\/\/books.google.be\/books?id=0pgUAAAAQAAJ&amp;printsec=frontcover&amp;dq=editions:0WIMceFo3xOrgOJMJ&amp;lr=&amp;as_brr=1&amp;hl=fr\" target=\"_blank\" rel=\"noopener\">Acc\u00e9der au volume<\/a> sur <b>GoogleBooks<\/b><\/p>\n<p><b> 820405<\/b><br \/>\n<i> Opuscules d&rsquo;un free-thinker, contenant les r\u00eaveries d&rsquo;un p\u00e8re de famille, avec des fragments et des m\u00e9langes<\/i><br \/>\nAvril 1782, Tome IV, p. 86-93<br \/>\n(Journal encyclop\u00e9dique)<br \/>\n<a href=\"http:\/\/books.google.be\/books?id=0pgUAAAAQAAJ&amp;printsec=frontcover&amp;dq=editions:0WIMceFo3xOrgOJMJ&amp;lr=&amp;as_brr=1&amp;hl=fr\" target=\"_blank\" rel=\"noopener\">Acc\u00e9der au volume<\/a> sur <b>GoogleBooks<\/b><\/p>\n<p style=\"text-align: justify;\"><b> 820406<\/b><br \/>\nJoseph Priestley<br \/>\n<i> Experiments and observations relating to various branches of, &amp;c. Exp\u00e9riences et observations relatives \u00e0 diff\u00e9rentes branches de la physique, avec une continuation des observations sur l&rsquo;air<\/i><br \/>\nAvril 1782, Tome IV, p. 93-107<br \/>\n(Critical Review; Monthly Review)<br \/>\n<a href=\"http:\/\/books.google.be\/books?id=0pgUAAAAQAAJ&amp;printsec=frontcover&amp;dq=editions:0WIMceFo3xOrgOJMJ&amp;lr=&amp;as_brr=1&amp;hl=fr\" target=\"_blank\" rel=\"noopener\">Acc\u00e9der au volume<\/a> sur <b>GoogleBooks<\/b><\/p>\n<p style=\"text-align: justify;\"><b> 820407<\/b><br \/>\nIgnace Moly de Br\u00e9zolles<br \/>\n<i>Pratique des officialit\u00e9s, ou Trait\u00e9 de la juridiction de toutes les cours eccl\u00e9siastiques, gracieuses et contentieuses, suivant les nouvelles lois du royaume, o\u00f9 l&rsquo;on traite : 1\u00b0. Des personnes qui ont droit d&rsquo;exercer cette juridiction par elles-m\u00eames ou par leurs officiers; de l&rsquo;institution et des qualit\u00e9s des officiaux, vice-g\u00e9rens, promoteurs, et de leur destitution; comme aussi de l&rsquo;\u00e9tablissement et formation des chambres eccl\u00e9siastiques, dioc\u00e9saines et souveraines. 2\u00b0. De la comp\u00e9tence et du pouvoir des juges d&rsquo;\u00e9glise sur les personnes la\u00efques ou eccl\u00e9siastiques, et sur les choses spirituelles ou eccl\u00e9siastiques, etc. les actions personnelles des clercs en mati\u00e8re civile, et ensuite de la comp\u00e9tence des chambres eccl\u00e9siastiques des d\u00e9cimes. 3\u00b0. Des r\u00e8gles prescrites par l&rsquo;ordonnance de 1667, aux juges d&rsquo;\u00e9glise, pour l&rsquo;instruction et le jugement des causes et des proc\u00e8s qui peuvent \u00eatre communes aux cours s\u00e9culi\u00e8res et aux si\u00e8ges des justices eccl\u00e9siastiques. 4\u00b0. Des r\u00e8gles et des formes qu&rsquo;on doit suivre dans les mati\u00e8res et les proc\u00e9dures qui sont propres et particuli\u00e8res aux officialit\u00e9s et aux autres tribunaux eccl\u00e9siastiques. O\u00f9 l&rsquo;on rapporte, en quatre parties, les formules des pactes des proc\u00e9dures sur ces diff\u00e9rentes mati\u00e8res, suivant l&rsquo;ordonnance de 1667<\/i><br \/>\nAvril 1782, Tome IV, p. 107-121<br \/>\n(Journal des savants)<br \/>\n<a href=\"http:\/\/books.google.be\/books?id=0pgUAAAAQAAJ&amp;printsec=frontcover&amp;dq=editions:0WIMceFo3xOrgOJMJ&amp;lr=&amp;as_brr=1&amp;hl=fr\" target=\"_blank\" rel=\"noopener\">Acc\u00e9der au volume<\/a> sur <b>GoogleBooks<\/b><\/p>\n<p><b> 820408<\/b><br \/>\nGilles Thomas Asselin<br \/>\n<i> Discours sur la vie religieuse, d\u00e9di\u00e9s \u00e0 Madame Louise de France<\/i><br \/>\nAvril 1782, Tome IV, p. 122-130<br \/>\n(Ann\u00e9e litt\u00e9raire; Affiches et annonces de Paris)<br \/>\n<a href=\"http:\/\/books.google.be\/books?id=0pgUAAAAQAAJ&amp;printsec=frontcover&amp;dq=editions:0WIMceFo3xOrgOJMJ&amp;lr=&amp;as_brr=1&amp;hl=fr\" target=\"_blank\" rel=\"noopener\">Acc\u00e9der au volume<\/a> sur <b>GoogleBooks<\/b><\/p>\n<p><b> 820409<\/b><br \/>\nAntoine-Ren\u00e9 de Voyer, marquis de Paulmy d&rsquo;Argenson<br \/>\n<i> M\u00e9langes tir\u00e9s d&rsquo;une grande biblioth\u00e8que. De la lecture des livres fran\u00e7ais; romans du 16e si\u00e8cle, sections XV, XVI, XVII et XVIII, Lettre Y<\/i><br \/>\nAvril 1782, Tome IV, p. 130-145<br \/>\n(Journal de litt\u00e9rature, des sciences et des arts)<br \/>\n<a href=\"http:\/\/books.google.be\/books?id=0pgUAAAAQAAJ&amp;printsec=frontcover&amp;dq=editions:0WIMceFo3xOrgOJMJ&amp;lr=&amp;as_brr=1&amp;hl=fr\" target=\"_blank\" rel=\"noopener\">Acc\u00e9der au volume<\/a> sur <b>GoogleBooks<\/b><\/p>\n<p style=\"text-align: justify;\"><b> 820410<\/b><br \/>\nFrancisco Xavier Clavigero<br \/>\n<i> Storia antica del Messico, &amp;c. Histoire ancienne du Mexique, tir\u00e9e des meilleurs historiens espagnols, des manuscrits et des anciennes peintures des Indiens, divis\u00e9e en dix livres, et enrichie de cartes g\u00e9ographiques, de figures et de dissertations<\/i><br \/>\nAvril 1782, Tome IV, p. 145-151<br \/>\n(Effemeridi letterarie)<br \/>\n<a href=\"http:\/\/books.google.be\/books?id=0pgUAAAAQAAJ&amp;printsec=frontcover&amp;dq=editions:0WIMceFo3xOrgOJMJ&amp;lr=&amp;as_brr=1&amp;hl=fr\" target=\"_blank\" rel=\"noopener\">Acc\u00e9der au volume<\/a> sur <b>GoogleBooks<\/b><\/p>\n<p style=\"text-align: justify;\"><b> 820411<\/b><br \/>\nM. le B. D. B. [Fran\u00e7ois-Philippe Loubat; baron de Bohan]\n<i> Examen critique du militaire fran\u00e7ais; suivi des principes qui doivent d\u00e9terminer sa constitution, sa discipline, et son instruction<\/i><br \/>\nAvril 1782, Tome IV, p. 151-160<br \/>\n(Journal des savants)<br \/>\n<a href=\"http:\/\/books.google.be\/books?id=0pgUAAAAQAAJ&amp;printsec=frontcover&amp;dq=editions:0WIMceFo3xOrgOJMJ&amp;lr=&amp;as_brr=1&amp;hl=fr\" target=\"_blank\" rel=\"noopener\">Acc\u00e9der au volume<\/a> sur <b>GoogleBooks<\/b><\/p>\n<p><b> 820412<\/b><br \/>\nKarl Franz Meyer<br \/>\n<i> Aachensche geschichten, &amp;c. Histoire de la ville libre et imp\u00e9riale d&rsquo;Aix-la-Chapelle<\/i><br \/>\nAvril 1782, Tome IV, p. 160-211<br \/>\n<a href=\"http:\/\/books.google.be\/books?id=0pgUAAAAQAAJ&amp;printsec=frontcover&amp;dq=editions:0WIMceFo3xOrgOJMJ&amp;lr=&amp;as_brr=1&amp;hl=fr\" target=\"_blank\" rel=\"noopener\">Acc\u00e9der au volume<\/a> sur <b>GoogleBooks<\/b><\/p>\n<p><b> 820413<\/b>[St\u00e9phanie-F\u00e9licit\u00e9 Du Crest, comtesse de Genlis]\n<i> Th\u00e9\u00e2tre de soci\u00e9t\u00e9; par l&rsquo;auteur du Th\u00e9\u00e2tre \u00e0 l&rsquo;usage des jeunes personnes<\/i><br \/>\nAvril 1782, Tome IV, p. 212-241<br \/>\n(Journal de savants; Journal de Paris; Mercure de France; Ann\u00e9e litt\u00e9raire; Journal encyclop\u00e9dique)<br \/>\n<a href=\"http:\/\/books.google.be\/books?id=0pgUAAAAQAAJ&amp;printsec=frontcover&amp;dq=editions:0WIMceFo3xOrgOJMJ&amp;lr=&amp;as_brr=1&amp;hl=fr\" target=\"_blank\" rel=\"noopener\">Acc\u00e9der au volume<\/a> sur <b>GoogleBooks<\/b><\/p>\n<p style=\"text-align: justify;\"><b> 820414<\/b><br \/>\nNicolas-Joseph S\u00e9lis<br \/>\n<i> Le prince d\u00e9sir\u00e9. Conte de f\u00e9es, pr\u00e9sent\u00e9 \u00e0 la reine par l&rsquo;un des enfants que le bureau d&rsquo;administration du coll\u00e8ge de Louis-le-Grand a nomm\u00e9s boursiers, \u00e0 l&rsquo;occasion de la naissance de Mgr. le Dauphin<\/i><br \/>\nAvril 1782, Tome IV, p. 242-245<br \/>\n(Mercure de France)<br \/>\n<a href=\"http:\/\/books.google.be\/books?id=0pgUAAAAQAAJ&amp;printsec=frontcover&amp;dq=editions:0WIMceFo3xOrgOJMJ&amp;lr=&amp;as_brr=1&amp;hl=fr\" target=\"_blank\" rel=\"noopener\">Acc\u00e9der au volume<\/a> sur <b>GoogleBooks<\/b><\/p>\n<p><b> 820415<\/b><br \/>\n<i> Anecdote sur la tol\u00e9rance chr\u00e9tienne, adress\u00e9e aux r\u00e9dacteurs du journal; par M. le cur\u00e9 de \u2026<\/i><br \/>\nAvril 1782, Tome IV, p. 245-248<br \/>\n<a href=\"http:\/\/books.google.be\/books?id=0pgUAAAAQAAJ&amp;printsec=frontcover&amp;dq=editions:0WIMceFo3xOrgOJMJ&amp;lr=&amp;as_brr=1&amp;hl=fr\" target=\"_blank\" rel=\"noopener\">Acc\u00e9der au volume<\/a> sur <b>GoogleBooks<\/b><\/p>\n<p><b>820416<\/b><br \/>\nClaude-Camille-Fran\u00e7ois d&rsquo;Albon<br \/>\n<i>Altamire, idylle<\/i><br \/>\nAvril 1782, Tome IV, p. 248-250<br \/>\n(Journal de Neuch\u00e2tel)<br \/>\n<a href=\"http:\/\/books.google.be\/books?id=0pgUAAAAQAAJ&amp;printsec=frontcover&amp;dq=editions:0WIMceFo3xOrgOJMJ&amp;lr=&amp;as_brr=1&amp;hl=fr\" target=\"_blank\" rel=\"noopener\">Acc\u00e9der au volume<\/a> sur <b>GoogleBooks<\/b><\/p>\n<p style=\"text-align: justify;\"><b>820417<\/b><br \/>\n<i> M\u00e9moire touchant l&rsquo;influence des communaut\u00e9s de r\u00e9form\u00e9s fran\u00e7ais \u00e9tablies dans le Palatinat, sur le commerce et l&rsquo;agriculture; traduit de l&rsquo;allemand de M. Wund, ins\u00e9r\u00e9 dans les M\u00e9moires de la soci\u00e9t\u00e9 \u00e9conomique de Lautern, pour 1780<\/i><br \/>\nAvril 1782, Tome IV, p. 251-260<br \/>\n<a href=\"http:\/\/books.google.be\/books?id=0pgUAAAAQAAJ&amp;printsec=frontcover&amp;dq=editions:0WIMceFo3xOrgOJMJ&amp;lr=&amp;as_brr=1&amp;hl=fr\" target=\"_blank\" rel=\"noopener\">Acc\u00e9der au volume<\/a> sur <b>GoogleBooks<\/b><\/p>\n<p><b>820418<\/b><br \/>\n<i> Le moraliseur : Fable, traduite du russe de Soumorokof<\/i><br \/>\nAvril 1782, Tome IV, p. 260-261<br \/>\n(Journal de litt\u00e9rature, des sciences et des arts)<br \/>\n<a href=\"http:\/\/books.google.be\/books?id=0pgUAAAAQAAJ&amp;printsec=frontcover&amp;dq=editions:0WIMceFo3xOrgOJMJ&amp;lr=&amp;as_brr=1&amp;hl=fr\" target=\"_blank\" rel=\"noopener\">Acc\u00e9der au volume<\/a> sur <b>GoogleBooks<\/b><\/p>\n<p><b>820419<\/b><br \/>\n<i> Suite des M\u00e9moires pour servir \u00e0 la vie de Fernand Cortez, conqu\u00e9rant du Mexique. Traduits de l&rsquo;anglais<\/i><br \/>\nAvril 1782, Tome IV, p. 262-280<br \/>\n<a href=\"http:\/\/books.google.be\/books?id=0pgUAAAAQAAJ&amp;printsec=frontcover&amp;dq=editions:0WIMceFo3xOrgOJMJ&amp;lr=&amp;as_brr=1&amp;hl=fr\" target=\"_blank\" rel=\"noopener\">Acc\u00e9der au volume<\/a> sur <b>GoogleBooks<\/b><\/p>\n<p><b>820420<\/b><br \/>\nTh\u00e9ophraste-Emp\u00e9docle-Misael des Bruy\u00e8res<br \/>\n<i> Observations sur les inconv\u00e9nients de la ressemblance des noms dans une m\u00eame famille; adress\u00e9es aux r\u00e9dacteurs du journal<\/i><br \/>\nAvril 1782, Tome IV, p. 280-283<br \/>\n<a href=\"http:\/\/books.google.be\/books?id=0pgUAAAAQAAJ&amp;printsec=frontcover&amp;dq=editions:0WIMceFo3xOrgOJMJ&amp;lr=&amp;as_brr=1&amp;hl=fr\" target=\"_blank\" rel=\"noopener\">Acc\u00e9der au volume<\/a> sur <b>GoogleBooks<\/b><\/p>\n<p><b>820421<\/b><br \/>\nAbb\u00e9 M***<br \/>\n<i> Addition \u00e0 un article des M\u00e9langes du journal de mars, page 248<\/i><br \/>\nAvril 1782, Tome IV, p. 283-284<br \/>\n(Journal de Paris)<br \/>\n<a href=\"http:\/\/books.google.be\/books?id=0pgUAAAAQAAJ&amp;printsec=frontcover&amp;dq=editions:0WIMceFo3xOrgOJMJ&amp;lr=&amp;as_brr=1&amp;hl=fr\" target=\"_blank\" rel=\"noopener\">Acc\u00e9der au volume<\/a> sur <b>GoogleBooks<\/b><\/p>\n<p><b>820422<\/b><br \/>\n<i> Lettre aux r\u00e9dacteurs du journal sur le compte qu&rsquo;ils ont rendu de deux m\u00e9moires publi\u00e9s dans le IIIe volume de l&rsquo;acad\u00e9mie de Bruxelles<\/i><br \/>\nAvril 1782, Tome IV, p. 285-290<br \/>\n<a href=\"http:\/\/books.google.be\/books?id=0pgUAAAAQAAJ&amp;printsec=frontcover&amp;dq=editions:0WIMceFo3xOrgOJMJ&amp;lr=&amp;as_brr=1&amp;hl=fr\" target=\"_blank\" rel=\"noopener\">Acc\u00e9der au volume<\/a> sur <b>GoogleBooks<\/b><\/p>\n<p><b>820423<\/b><br \/>\nNicolas de Bonneville<br \/>\n<i> Le bonheur champ\u00eatre. Dialogue entre un seigneur et un paysan<\/i><br \/>\nAvril 1782, Tome IV, p. 291-298<br \/>\n<a href=\"http:\/\/books.google.be\/books?id=0pgUAAAAQAAJ&amp;printsec=frontcover&amp;dq=editions:0WIMceFo3xOrgOJMJ&amp;lr=&amp;as_brr=1&amp;hl=fr\" target=\"_blank\" rel=\"noopener\">Acc\u00e9der au volume<\/a> sur <b>GoogleBooks<\/b><\/p>\n<p style=\"text-align: justify;\"><b>820424<\/b><br \/>\n<i> Vers sur la mort de M. Jacques-Fran\u00e7ois-Maxime de Chastenet, marquis de Puy-S\u00e9gur, vicomte de Buzancy, premier quart-comte de Soissons, etc. lieutenant-g\u00e9n\u00e9ral des arm\u00e9es du roi, grand-croix de l&rsquo;ordre militaire de St. Louis, etc.<\/i><br \/>\nAvril 1782, Tome IV, p. 299<br \/>\n<a href=\"http:\/\/books.google.be\/books?id=0pgUAAAAQAAJ&amp;printsec=frontcover&amp;dq=editions:0WIMceFo3xOrgOJMJ&amp;lr=&amp;as_brr=1&amp;hl=fr\" target=\"_blank\" rel=\"noopener\">Acc\u00e9der au volume<\/a> sur <b>GoogleBooks<\/b><\/p>\n<p><b>820425<\/b><br \/>\nAim\u00e9-Ambroise-Joseph Feutry<br \/>\n<i> Envoi \u00e0 M. le marquis de Puys\u00e9gur, fils a\u00een\u00e9, et colonel, au service de l&rsquo;artillerie<\/i><br \/>\nAvril 1782, Tome IV, p. 300<br \/>\n<a href=\"http:\/\/books.google.be\/books?id=0pgUAAAAQAAJ&amp;printsec=frontcover&amp;dq=editions:0WIMceFo3xOrgOJMJ&amp;lr=&amp;as_brr=1&amp;hl=fr\" target=\"_blank\" rel=\"noopener\">Acc\u00e9der au volume<\/a> sur <b>GoogleBooks<\/b><\/p>\n<p><b>820426<\/b><br \/>\nAntoine Bret<br \/>\n<i> Les deux hivers, Idylle<\/i><br \/>\nAvril 1782, Tome IV, p. 300-301<br \/>\n<a href=\"http:\/\/books.google.be\/books?id=0pgUAAAAQAAJ&amp;printsec=frontcover&amp;dq=editions:0WIMceFo3xOrgOJMJ&amp;lr=&amp;as_brr=1&amp;hl=fr\" target=\"_blank\" rel=\"noopener\">Acc\u00e9der au volume<\/a> sur <b>GoogleBooks<\/b><\/p>\n<p><b>820427<\/b><br \/>\nH\u00e9cart<br \/>\n<i> Couplet<\/i><br \/>\nAvril 1782, Tome IV, p. 301<\/p>\n<p><b>820428<\/b><br \/>\nCharles-Simon Favart<br \/>\n<i> \u00c0 Mademoiselle de Saint-Leg*<\/i><br \/>\nAvril 1782, Tome IV, p. 302-304<br \/>\n<a href=\"http:\/\/books.google.be\/books?id=0pgUAAAAQAAJ&amp;printsec=frontcover&amp;dq=editions:0WIMceFo3xOrgOJMJ&amp;lr=&amp;as_brr=1&amp;hl=fr\" target=\"_blank\" rel=\"noopener\">Acc\u00e9der au volume<\/a> sur <b>GoogleBooks<\/b><\/p>\n<p><b>820429<\/b><br \/>\n<i> \u00c0 Madame*, qui voulait marier l&rsquo;auteur<\/i><br \/>\nAvril 1782, Tome IV, p. 304<br \/>\n<a href=\"http:\/\/books.google.be\/books?id=0pgUAAAAQAAJ&amp;printsec=frontcover&amp;dq=editions:0WIMceFo3xOrgOJMJ&amp;lr=&amp;as_brr=1&amp;hl=fr\" target=\"_blank\" rel=\"noopener\">Acc\u00e9der au volume<\/a> sur <b>GoogleBooks<\/b><\/p>\n<p><b>820430<\/b><br \/>\nArnaud Berquin<br \/>\n<i> Cl\u00e9mentine et la rose, Idylle<\/i><br \/>\nAvril 1782, Tome IV, p. 304-305<br \/>\n<a href=\"http:\/\/books.google.be\/books?id=0pgUAAAAQAAJ&amp;printsec=frontcover&amp;dq=editions:0WIMceFo3xOrgOJMJ&amp;lr=&amp;as_brr=1&amp;hl=fr\" target=\"_blank\" rel=\"noopener\">Acc\u00e9der au volume<\/a> sur <b>GoogleBooks<\/b><\/p>\n<p><b>820431<\/b><br \/>\nAntoine-Fran\u00e7ois Le Bailly<br \/>\n<i> Le sage de la Perse, Apologue<\/i><br \/>\nAvril 1782, Tome IV, p. 306<br \/>\n<a href=\"http:\/\/books.google.be\/books?id=0pgUAAAAQAAJ&amp;printsec=frontcover&amp;dq=editions:0WIMceFo3xOrgOJMJ&amp;lr=&amp;as_brr=1&amp;hl=fr\" target=\"_blank\" rel=\"noopener\">Acc\u00e9der au volume<\/a> sur <b>GoogleBooks<\/b><\/p>\n<p><b>820432<\/b><br \/>\nPhilippe-Laurent Pons de Verdun<br \/>\n<i> Le scrupule normand, ou le prix de la famille<\/i><br \/>\nAvril 1782, Tome IV, p. 306-307<br \/>\n<a href=\"http:\/\/books.google.be\/books?id=0pgUAAAAQAAJ&amp;printsec=frontcover&amp;dq=editions:0WIMceFo3xOrgOJMJ&amp;lr=&amp;as_brr=1&amp;hl=fr\" target=\"_blank\" rel=\"noopener\">Acc\u00e9der au volume<\/a> sur <b>GoogleBooks<\/b><\/p>\n<p><b>820501<\/b><br \/>\nAntoine-Gaspard Boucher d&rsquo;Argis<br \/>\n<i>Observations sur les lois criminelles de France<\/i><br \/>\nMai 1782, Tome V, p. 3-12<br \/>\n(Journal des savants; Journal de Paris)<br \/>\n<a href=\"http:\/\/books.google.be\/books?id=3ZgUAAAAQAAJ&amp;printsec=frontcover&amp;dq=editions:0WIMceFo3xOrgOJMJ&amp;lr=&amp;as_brr=1&amp;hl=fr\" target=\"_blank\" rel=\"noopener\">Acc\u00e9der au volume<\/a> sur <b>GoogleBooks<\/b><\/p>\n<p><b>820502<\/b><br \/>\nCarlo Denina<br \/>\n<i>Storia politica e litteraria della Grecia, &amp;c. Histoire politique et litt\u00e9raire de la Gr\u00e8ce<\/i><br \/>\nMai 1782, Tome V, p. 13-39<br \/>\n(Efemeridi letterarie)<br \/>\n<a href=\"http:\/\/books.google.be\/books?id=3ZgUAAAAQAAJ&amp;printsec=frontcover&amp;dq=editions:0WIMceFo3xOrgOJMJ&amp;lr=&amp;as_brr=1&amp;hl=fr\" target=\"_blank\" rel=\"noopener\">Acc\u00e9der au volume<\/a> sur <b>GoogleBooks<\/b><\/p>\n<p><b>820503<\/b><br \/>\n<i>Collection des moralistes anciens, d\u00e9di\u00e9e au roi. Manuel d&rsquo;\u00c9pict\u00e8te, traduit par M. N. [Naigeon]<\/i><br \/>\nMai 1782, Tome V, p. 40-48<br \/>\n(Mercure de France)<br \/>\n<a href=\"http:\/\/books.google.be\/books?id=3ZgUAAAAQAAJ&amp;printsec=frontcover&amp;dq=editions:0WIMceFo3xOrgOJMJ&amp;lr=&amp;as_brr=1&amp;hl=fr\" target=\"_blank\" rel=\"noopener\">Acc\u00e9der au volume<\/a> sur <b>GoogleBooks<\/b><\/p>\n<p><b>820504<\/b><br \/>\nJohann Joachim Winckelmann<br \/>\n<i>Lettres famili\u00e8res<\/i><br \/>\nMai 1782, Tome V, p. 49-76<br \/>\n(Journal d&rsquo;agriculture, commerce, arts et finances)<br \/>\n<a href=\"http:\/\/books.google.be\/books?id=3ZgUAAAAQAAJ&amp;printsec=frontcover&amp;dq=editions:0WIMceFo3xOrgOJMJ&amp;lr=&amp;as_brr=1&amp;hl=fr\" target=\"_blank\" rel=\"noopener\">Acc\u00e9der au volume<\/a> sur <b>GoogleBooks<\/b><\/p>\n<p><b>820505<\/b><br \/>\nAntoine Sabatier de Castres<br \/>\n<i>Les bizarreries du destin, ou m\u00e9moires de Miladi Kilmar, publi\u00e9s par M. l&rsquo;abb\u00e9 Sabatier de Castres<\/i><br \/>\nMai 1782, Tome V, p. 76-96<br \/>\n(Journal de Monsieur; Journal des savants)<br \/>\n<a href=\"http:\/\/books.google.be\/books?id=3ZgUAAAAQAAJ&amp;printsec=frontcover&amp;dq=editions:0WIMceFo3xOrgOJMJ&amp;lr=&amp;as_brr=1&amp;hl=fr\" target=\"_blank\" rel=\"noopener\">Acc\u00e9der au volume<\/a> sur <b>GoogleBooks<\/b><\/p>\n<p style=\"text-align: justify;\"><b>820506<\/b><br \/>\nBernardi-Nicola\u00ef Pluvinet<br \/>\n<i>Parisini, &amp;c. Essai chimique sur la fermentation spiritueuse, ac\u00e9teuse et sur leurs produits, soutenu en 1781 pour le baccalaur\u00e9at en m\u00e9decine dans l&rsquo;universit\u00e9 de Montpellier<\/i><br \/>\nMai 1782, Tome V, p. 97-102<br \/>\n(Journal encyclop\u00e9dique)<br \/>\n<a href=\"http:\/\/books.google.be\/books?id=3ZgUAAAAQAAJ&amp;printsec=frontcover&amp;dq=editions:0WIMceFo3xOrgOJMJ&amp;lr=&amp;as_brr=1&amp;hl=fr\" target=\"_blank\" rel=\"noopener\">Acc\u00e9der au volume<\/a> sur <b>GoogleBooks<\/b><\/p>\n<p style=\"text-align: justify;\"><b>820507<\/b><br \/>\n<i>Lettres \u00e9difiantes et curieuses \u00e9crites des missions \u00e9trang\u00e8res. Nouvelle \u00e9dition. Tom. XIII, XIV, XV; et tomes XVI, XVII, XVIII, M\u00e9moires de la Chine<\/i><br \/>\nMai 1782, Tome V, p. 103-124<br \/>\n(Journal des savants; Journal encyclop\u00e9dique)<br \/>\n<a href=\"http:\/\/books.google.be\/books?id=3ZgUAAAAQAAJ&amp;printsec=frontcover&amp;dq=editions:0WIMceFo3xOrgOJMJ&amp;lr=&amp;as_brr=1&amp;hl=fr\" target=\"_blank\" rel=\"noopener\">Acc\u00e9der au volume<\/a> sur <b>GoogleBooks<\/b><\/p>\n<p style=\"text-align: justify;\"><b>820508<\/b><br \/>\nThomas Warton<br \/>\n<i>The history of english poetry, &amp;c. Histoire de la po\u00e9sie anglaise, depuis la fin du onzi\u00e8me si\u00e8cle, jusqu&rsquo;au commencement du dix-huiti\u00e8me si\u00e8cle. Tome III<\/i><br \/>\nMai 1782, Tome V, p. 125-157<br \/>\n(Critical Review)<br \/>\n<a href=\"http:\/\/books.google.be\/books?id=3ZgUAAAAQAAJ&amp;printsec=frontcover&amp;dq=editions:0WIMceFo3xOrgOJMJ&amp;lr=&amp;as_brr=1&amp;hl=fr\" target=\"_blank\" rel=\"noopener\">Acc\u00e9der au volume<\/a> sur <b>GoogleBooks<\/b><\/p>\n<p><b>820509<\/b>[St\u00e9phanie-F\u00e9licit\u00e9 Du Crest, comtesse de Genlis]\n<i>Th\u00e9\u00e2tre de soci\u00e9t\u00e9; par l&rsquo;auteur du Th\u00e9\u00e2tre \u00e0 l&rsquo;usage des jeunes personnes. Deuxi\u00e8me volume<\/i><br \/>\nMai 1782, Tome V, p. 157-173<br \/>\n(Journal de Paris; Journal des savants; Journal encyclop\u00e9dique; Mercure de France; Ann\u00e9e litt\u00e9raire)<br \/>\n<a href=\"http:\/\/books.google.be\/books?id=3ZgUAAAAQAAJ&amp;printsec=frontcover&amp;dq=editions:0WIMceFo3xOrgOJMJ&amp;lr=&amp;as_brr=1&amp;hl=fr\" target=\"_blank\" rel=\"noopener\">Acc\u00e9der au volume<\/a> sur <b>GoogleBooks<\/b><\/p>\n<p><b>820510<\/b><br \/>\nClaude-Fran\u00e7ois Berthelot<br \/>\n<i>La m\u00e9canique appliqu\u00e9e aux arts, aux manufactures, \u00e0 l&rsquo;agriculture et \u00e0 la guerre<\/i><br \/>\nMai 1782, Tome V, p. 173-181<br \/>\n(Journal d&rsquo;agriculture, commerce, finances et arts)<br \/>\n<a href=\"http:\/\/books.google.be\/books?id=3ZgUAAAAQAAJ&amp;printsec=frontcover&amp;dq=editions:0WIMceFo3xOrgOJMJ&amp;lr=&amp;as_brr=1&amp;hl=fr\" target=\"_blank\" rel=\"noopener\">Acc\u00e9der au volume<\/a> sur <b>GoogleBooks<\/b><\/p>\n<p><b>820511<\/b><br \/>\nJosiah Tucker<br \/>\n<i>A treatise concerning civil governement &amp;c. Trait\u00e9 concernant le gouvernement civil, en trois parties<\/i><br \/>\nMai 1782, Tome V, p. 181-191<br \/>\n(Monthly Review)<br \/>\n<a href=\"http:\/\/books.google.be\/books?id=3ZgUAAAAQAAJ&amp;printsec=frontcover&amp;dq=editions:0WIMceFo3xOrgOJMJ&amp;lr=&amp;as_brr=1&amp;hl=fr\" target=\"_blank\" rel=\"noopener\">Acc\u00e9der au volume<\/a> sur <b>GoogleBooks<\/b><\/p>\n<p style=\"text-align: justify;\"><b>820512<\/b>[Edme-Louis Billardon de Sauvigny]\n<i>Les apr\u00e8s-soupers de la soci\u00e9t\u00e9, ou Petit th\u00e9\u00e2tre lyrique et moral sur les aventures du jour, avec des gravures et des airs not\u00e9s. Tome Ier<\/i><br \/>\nMai 1782, Tome V, p. 192-200<br \/>\n(Mercure de France; Journal encyclop\u00e9dique; Journal de Paris; Affiches et annonces de Paris)<br \/>\n<a href=\"http:\/\/books.google.be\/books?id=3ZgUAAAAQAAJ&amp;printsec=frontcover&amp;dq=editions:0WIMceFo3xOrgOJMJ&amp;lr=&amp;as_brr=1&amp;hl=fr\" target=\"_blank\" rel=\"noopener\">Acc\u00e9der au volume<\/a> sur <b>GoogleBooks<\/b><\/p>\n<p><b>820513<\/b><br \/>\nKarl Franz Meyer<br \/>\n<i>Aachensche geschichten, &amp;c. Histoire de la ville libre et imp\u00e9riale d&rsquo;Aix-la-Chapelle<\/i><br \/>\nMai 1782, Tome V, p. 200-240<br \/>\n<a href=\"http:\/\/books.google.be\/books?id=3ZgUAAAAQAAJ&amp;printsec=frontcover&amp;dq=editions:0WIMceFo3xOrgOJMJ&amp;lr=&amp;as_brr=1&amp;hl=fr\" target=\"_blank\" rel=\"noopener\">Acc\u00e9der au volume<\/a> sur <b>GoogleBooks<\/b><\/p>\n<p><b>820514<\/b><br \/>\nMademoiselle de Gaudin<br \/>\n<i>Le fat corrig\u00e9, ou l&rsquo;amante g\u00e9n\u00e9reuse, Conte<\/i><br \/>\nMai 1782, Tome V, p. 241-261<br \/>\n(Mercure de France)<br \/>\n<a href=\"http:\/\/books.google.be\/books?id=3ZgUAAAAQAAJ&amp;printsec=frontcover&amp;dq=editions:0WIMceFo3xOrgOJMJ&amp;lr=&amp;as_brr=1&amp;hl=fr\" target=\"_blank\" rel=\"noopener\">Acc\u00e9der au volume<\/a> sur <b>GoogleBooks<\/b><\/p>\n<p><b>820515<\/b><br \/>\nPierre-Charles Levesque<br \/>\n<i>Le paysan et la valise : fable, traduit du russe de Soumorokof<\/i><br \/>\nMai 1782, Tome V, p. 261-262<br \/>\n(Journal de litt\u00e9rature, des sciences et des arts)<br \/>\n<a href=\"http:\/\/books.google.be\/books?id=3ZgUAAAAQAAJ&amp;printsec=frontcover&amp;dq=editions:0WIMceFo3xOrgOJMJ&amp;lr=&amp;as_brr=1&amp;hl=fr\" target=\"_blank\" rel=\"noopener\">Acc\u00e9der au volume<\/a> sur <b>GoogleBooks<\/b><\/p>\n<p><b>820516<\/b><br \/>\n<i>Fin des m\u00e9moires pour servir \u00e0 la vie de Fernand Cortez, conqu\u00e9rant du Mexique. Traduit de l&rsquo;anglais<\/i><br \/>\nMai 1782, Tome V, p. 262-285<br \/>\n<a href=\"http:\/\/books.google.be\/books?id=3ZgUAAAAQAAJ&amp;printsec=frontcover&amp;dq=editions:0WIMceFo3xOrgOJMJ&amp;lr=&amp;as_brr=1&amp;hl=fr\" target=\"_blank\" rel=\"noopener\">Acc\u00e9der au volume<\/a> sur <b>GoogleBooks<\/b><\/p>\n<p><b>820517<\/b><br \/>\n<i>Sur la question agit\u00e9e dans les volumes de mars et d&rsquo;avril<\/i><br \/>\nMai 1782, Tome V, p. 285-286<br \/>\n<a href=\"http:\/\/books.google.be\/books?id=3ZgUAAAAQAAJ&amp;printsec=frontcover&amp;dq=editions:0WIMceFo3xOrgOJMJ&amp;lr=&amp;as_brr=1&amp;hl=fr\" target=\"_blank\" rel=\"noopener\">Acc\u00e9der au volume<\/a> sur <b>GoogleBooks<\/b><\/p>\n<p style=\"text-align: justify;\"><b>820518<\/b><br \/>\nGervais-Fran\u00e7ois Magn\u00e9 de Marolles<br \/>\n<i>Recherches sur l&rsquo;origine et le premier usage des registres, des signatures, des r\u00e9clames, et des chiffres de page dans les livres imprim\u00e9s. Communiqu\u00e9es aux r\u00e9dacteurs du journal<\/i><br \/>\nMai 1782, Tome V, p. 287-325<br \/>\n<a href=\"http:\/\/books.google.be\/books?id=3ZgUAAAAQAAJ&amp;printsec=frontcover&amp;dq=editions:0WIMceFo3xOrgOJMJ&amp;lr=&amp;as_brr=1&amp;hl=fr\" target=\"_blank\" rel=\"noopener\">Acc\u00e9der au volume<\/a> sur <b>GoogleBooks<\/b><\/p>\n<p><b>820519<\/b><br \/>\nFoix<br \/>\n<i>Vers \u00e0 M. le duc de Crillon, sur la conqu\u00eate de Minorque<\/i><br \/>\nMai 1782, Tome V, p. 326-327<br \/>\n<a href=\"http:\/\/books.google.be\/books?id=3ZgUAAAAQAAJ&amp;printsec=frontcover&amp;dq=editions:0WIMceFo3xOrgOJMJ&amp;lr=&amp;as_brr=1&amp;hl=fr\" target=\"_blank\" rel=\"noopener\">Acc\u00e9der au volume<\/a> sur <b>GoogleBooks<\/b><\/p>\n<p><b>820520<\/b>[Pierre Pi\u00e9ry]\n<i>Fable. Le garde-chasse et les perdrix<\/i><br \/>\nMai 1782, Tome V, p. 328-328<br \/>\n<a href=\"http:\/\/books.google.be\/books?id=3ZgUAAAAQAAJ&amp;printsec=frontcover&amp;dq=editions:0WIMceFo3xOrgOJMJ&amp;lr=&amp;as_brr=1&amp;hl=fr\" target=\"_blank\" rel=\"noopener\">Acc\u00e9der au volume<\/a> sur <b>GoogleBooks<\/b><\/p>\n<p><b>820521<\/b><br \/>\nAndr\u00e9 Schouwaloff<br \/>\n<i>Vers sur l&rsquo;imp\u00e9ratrice de Russie<\/i><br \/>\nMai 1782, Tome V, p. 329<br \/>\n<a href=\"http:\/\/books.google.be\/books?id=3ZgUAAAAQAAJ&amp;printsec=frontcover&amp;dq=editions:0WIMceFo3xOrgOJMJ&amp;lr=&amp;as_brr=1&amp;hl=fr\" target=\"_blank\" rel=\"noopener\">Acc\u00e9der au volume<\/a> sur <b>GoogleBooks<\/b><\/p>\n<p><b>820522<\/b><br \/>\nPierre Duviquet<br \/>\n<i>Vers sur l&rsquo;\u00e9lection de M. S\u00e9lis \u00e0 l&rsquo;acad\u00e9mie royale de Berlin<\/i><br \/>\nMai 1782, Tome V, p. 329-330<br \/>\n<a href=\"http:\/\/books.google.be\/books?id=3ZgUAAAAQAAJ&amp;printsec=frontcover&amp;dq=editions:0WIMceFo3xOrgOJMJ&amp;lr=&amp;as_brr=1&amp;hl=fr\" target=\"_blank\" rel=\"noopener\">Acc\u00e9der au volume<\/a> sur <b>GoogleBooks<\/b><\/p>\n<p><b>820523<\/b><br \/>\nCharles Millon<br \/>\n<i>La retraite du sage<\/i><br \/>\nMai 1782, Tome V, p. 330-331<br \/>\n<a href=\"http:\/\/books.google.be\/books?id=3ZgUAAAAQAAJ&amp;printsec=frontcover&amp;dq=editions:0WIMceFo3xOrgOJMJ&amp;lr=&amp;as_brr=1&amp;hl=fr\" target=\"_blank\" rel=\"noopener\">Acc\u00e9der au volume<\/a> sur <b>GoogleBooks<\/b><\/p>\n<p><b>820524<\/b><br \/>\nCharles Millon<br \/>\n<i>Vers pour le portrait du roi de Prusse<\/i><br \/>\nMai 1782, Tome V, p. 331<br \/>\n<a href=\"http:\/\/books.google.be\/books?id=3ZgUAAAAQAAJ&amp;printsec=frontcover&amp;dq=editions:0WIMceFo3xOrgOJMJ&amp;lr=&amp;as_brr=1&amp;hl=fr\" target=\"_blank\" rel=\"noopener\">Acc\u00e9der au volume<\/a> sur <b>GoogleBooks<\/b><\/p>\n<p><b>820525<\/b><br \/>\nPierre-Joseph Henkart<br \/>\n<i>\u00c0 Monsieur de St. P\u00e9ravi, en lui envoyant un po\u00e8me sur la libert\u00e9 nationale<\/i><br \/>\nMai 1782, Tome V, p. 331-332<br \/>\n<a href=\"http:\/\/books.google.be\/books?id=3ZgUAAAAQAAJ&amp;printsec=frontcover&amp;dq=editions:0WIMceFo3xOrgOJMJ&amp;lr=&amp;as_brr=1&amp;hl=fr\" target=\"_blank\" rel=\"noopener\">Acc\u00e9der au volume<\/a> sur <b>GoogleBooks<\/b><\/p>\n<p><b>820526<\/b><br \/>\nJean-Nicolas-Marcellin Gu\u00e9rineau de Saint-P\u00e9ravi<br \/>\n<i>R\u00e9ponse de M. de St. P\u00e9ravi \u00e0 M. Henkart<\/i><br \/>\nMai 1782, Tome V, p. 332<br \/>\n<a href=\"http:\/\/books.google.be\/books?id=3ZgUAAAAQAAJ&amp;printsec=frontcover&amp;dq=editions:0WIMceFo3xOrgOJMJ&amp;lr=&amp;as_brr=1&amp;hl=fr\" target=\"_blank\" rel=\"noopener\">Acc\u00e9der au volume<\/a> sur <b>GoogleBooks<\/b><\/p>\n<p><b>820527<\/b><br \/>\nNau-Deville<br \/>\n<i>Vers pour mettre au bas du portrait que l&rsquo;on grave \u00e0 Londres de M. Noverre, o\u00f9 il fait les ballets au th\u00e9\u00e2tre de l&rsquo;op\u00e9ra<\/i><br \/>\nMai 1782, Tome V, p. 333<br \/>\n<a href=\"http:\/\/books.google.be\/books?id=3ZgUAAAAQAAJ&amp;printsec=frontcover&amp;dq=editions:0WIMceFo3xOrgOJMJ&amp;lr=&amp;as_brr=1&amp;hl=fr\" target=\"_blank\" rel=\"noopener\">Acc\u00e9der au volume<\/a> sur <b>GoogleBooks<\/b><\/p>\n<p><b>820528<\/b><br \/>\nAnselme Crignon d&rsquo;Ouzou\u00ebr<br \/>\n<i>L&rsquo;habit et l&rsquo;oreiller, fable imit\u00e9e de M. Lichtwer<\/i><br \/>\nMai 1782, Tome V, p. 333-334<br \/>\n<a href=\"http:\/\/books.google.be\/books?id=3ZgUAAAAQAAJ&amp;printsec=frontcover&amp;dq=editions:0WIMceFo3xOrgOJMJ&amp;lr=&amp;as_brr=1&amp;hl=fr\" target=\"_blank\" rel=\"noopener\">Acc\u00e9der au volume<\/a> sur <b>GoogleBooks<\/b><\/p>\n<p><b>820529<\/b><br \/>\nAlexandre-Xavier Harduin<br \/>\n<i>Les trois chevaux, conte<\/i><br \/>\nMai 1782, Tome V, p. 335-336<br \/>\n<a href=\"http:\/\/books.google.be\/books?id=3ZgUAAAAQAAJ&amp;printsec=frontcover&amp;dq=editions:0WIMceFo3xOrgOJMJ&amp;lr=&amp;as_brr=1&amp;hl=fr\" target=\"_blank\" rel=\"noopener\">Acc\u00e9der au volume<\/a> sur <b>GoogleBooks<\/b><\/p>\n<p><b>820530<\/b><br \/>\nCaigniez<br \/>\n<i>La scrupuleuse. Conte<\/i><br \/>\nMai 1782, Tome V, p. 337<br \/>\n<a href=\"http:\/\/books.google.be\/books?id=3ZgUAAAAQAAJ&amp;printsec=frontcover&amp;dq=editions:0WIMceFo3xOrgOJMJ&amp;lr=&amp;as_brr=1&amp;hl=fr\" target=\"_blank\" rel=\"noopener\">Acc\u00e9der au volume<\/a> sur <b>GoogleBooks<\/b><\/p>\n<p><b>820601<\/b><br \/>\nPierre-Charles Levesque<br \/>\nHistoire de Russie, tir\u00e9e des chroniques originales, de pi\u00e8ces authentiques, et des meilleurs historiens de la nation<br \/>\nJuin 1782, Tome VI, p. 3-43<br \/>\n<a href=\"http:\/\/books.google.be\/books?id=55gUAAAAQAAJ&amp;printsec=frontcover&amp;dq=editions:0H97A3Z5QJXMDoF3M&amp;lr=&amp;hl=fr\" target=\"_blank\" rel=\"noopener\">Acc\u00e9der au volume<\/a> sur <b>GoogleBooks<\/b><\/p>\n<p><b>820602<\/b><br \/>\nSimon-Pierre M\u00e9rard de Saint-Just<br \/>\n<i>L&rsquo;occasion et le moment, ou les petits riens; par un amateur sans pr\u00e9tention<\/i><br \/>\nJuin 1782, Tome VI, p. 44-56<br \/>\n(Journal de Paris; Journal de litt\u00e9rature, des sciences et des arts)<br \/>\n<a href=\"http:\/\/books.google.be\/books?id=55gUAAAAQAAJ&amp;printsec=frontcover&amp;dq=editions:0H97A3Z5QJXMDoF3M&amp;lr=&amp;hl=fr\" target=\"_blank\" rel=\"noopener\">Acc\u00e9der au volume<\/a> sur <b>GoogleBooks<\/b><\/p>\n<p style=\"text-align: justify;\"><b>820603<\/b><br \/>\nMathieu Tillet<br \/>\n<i>Exp\u00e9riences et observations sur le poids du pain au sortir du four, et sur le r\u00e8glement par lequel les boulangers sont assujettis \u00e0 donner au pain qu&rsquo;ils exposent en vente un poids fixe et d\u00e9termin\u00e9, lues au comit\u00e9 de boulangerie, le 5 novembre 1781<\/i><br \/>\nJuin 1782, Tome VI, p. 57-70<br \/>\n(Journal de Paris; Journal encyclop\u00e9dique; Journal de litt\u00e9rature, des sciences et des arts)<br \/>\n<a href=\"http:\/\/books.google.be\/books?id=55gUAAAAQAAJ&amp;printsec=frontcover&amp;dq=editions:0H97A3Z5QJXMDoF3M&amp;lr=&amp;hl=fr\" target=\"_blank\" rel=\"noopener\">Acc\u00e9der au volume<\/a> sur <b>GoogleBooks<\/b><\/p>\n<p style=\"text-align: justify;\"><b>820604<\/b><br \/>\nNicolas Thyrel de Boismont<br \/>\n<i>Sermon pour l&rsquo;assembl\u00e9e extraordinaire de charit\u00e9, qui s&rsquo;est tenue \u00e0 Paris, \u00e0 l&rsquo;occasion de l&rsquo;\u00e9tablissement d&rsquo;une maison de sant\u00e9 en faveur des eccl\u00e9siastiques et des militaires malades, prononc\u00e9 dans l&rsquo;\u00e9glise de la Charit\u00e9, le 13 mars 1782<\/i><br \/>\nJuin 1782, Tome VI, p. 70-88<br \/>\n(Ann\u00e9e litt\u00e9raire; Journal de Paris; Affiches et annonces de Paris)<br \/>\n<a href=\"http:\/\/books.google.be\/books?id=55gUAAAAQAAJ&amp;printsec=frontcover&amp;dq=editions:0H97A3Z5QJXMDoF3M&amp;lr=&amp;hl=fr\" target=\"_blank\" rel=\"noopener\">Acc\u00e9der au volume<\/a> sur <b>GoogleBooks<\/b><\/p>\n<p style=\"text-align: justify;\"><b>820605<\/b><br \/>\nSamuel Johnson<br \/>\n<i>The works of the English poets, &amp;c. \u0152uvres des po\u00e8tes anglais, avec les tomes V, VI, VII, VIII, IX et X des pr\u00e9faces biographiques et critiques<\/i><br \/>\nJuin 1782, Tome VI, p. 89-122<br \/>\n(Critical Review; Monthly Review)<br \/>\n<a href=\"http:\/\/books.google.be\/books?id=55gUAAAAQAAJ&amp;printsec=frontcover&amp;dq=editions:0H97A3Z5QJXMDoF3M&amp;lr=&amp;hl=fr\" target=\"_blank\" rel=\"noopener\">Acc\u00e9der au volume<\/a> sur <b>GoogleBooks<\/b><\/p>\n<p style=\"text-align: justify;\"><b>820606<\/b><br \/>\nJacques Le Sc\u00e8ne-Desmaisons<br \/>\n<i>Histoire de la derni\u00e8re r\u00e9volution de Su\u00e8de, pr\u00e9c\u00e9d\u00e9e d&rsquo;une analyse de l&rsquo;histoire de ce pays, pour d\u00e9velopper les vraies causes de cet \u00e9v\u00e9nement<\/i><br \/>\nJuin 1782, Tome VI, p. 123-131<br \/>\n<a href=\"http:\/\/books.google.be\/books?id=55gUAAAAQAAJ&amp;printsec=frontcover&amp;dq=editions:0H97A3Z5QJXMDoF3M&amp;lr=&amp;hl=fr\" target=\"_blank\" rel=\"noopener\">Acc\u00e9der au volume<\/a> sur <b>GoogleBooks<\/b><\/p>\n<p style=\"text-align: justify;\"><b>820607<\/b><br \/>\nAntoine-Ren\u00e9 de Voyer, marquis de Paulmy d&rsquo;Argenson<br \/>\n<i>M\u00e9langes tir\u00e9s d&rsquo;une grande biblioth\u00e8que. De la lecture des livres fran\u00e7ais; lettre Aa. Livres de m\u00e9decine, chirurgie, chimie et alchimie du XVIe si\u00e8cle<\/i><br \/>\nJuin 1782, Tome VI, p. 132-152<br \/>\n(Journal de Paris; Journal encyclop\u00e9dique; Journal de litt\u00e9rature, des sciences et des arts)<br \/>\n<a href=\"http:\/\/books.google.be\/books?id=55gUAAAAQAAJ&amp;printsec=frontcover&amp;dq=editions:0H97A3Z5QJXMDoF3M&amp;lr=&amp;hl=fr\" target=\"_blank\" rel=\"noopener\">Acc\u00e9der au volume<\/a> sur <b>GoogleBooks<\/b><\/p>\n<p style=\"text-align: justify;\"><b>820608<\/b><br \/>\nM. T***. D. M. M. [Pierre Thouvenel]\n<i>M\u00e9moire physique et m\u00e9dicinal, montrant des rapports \u00e9vidents entre les ph\u00e9nom\u00e8nes de la baguette divinatoire, du magn\u00e9tisme et de l&rsquo;\u00e9lectricit\u00e9<\/i><br \/>\nJuin 1782, Tome VI, p. 152-172<br \/>\n(Journal encyclop\u00e9dique; Journal eccl\u00e9siastique; Journal des savants; Journal de Paris; Mercure de France)<br \/>\n<a href=\"http:\/\/books.google.be\/books?id=55gUAAAAQAAJ&amp;printsec=frontcover&amp;dq=editions:0H97A3Z5QJXMDoF3M&amp;lr=&amp;hl=fr\" target=\"_blank\" rel=\"noopener\">Acc\u00e9der au volume<\/a> sur <b>GoogleBooks<\/b><\/p>\n<p><b>820609<\/b><br \/>\nThomas Pennant<br \/>\n<i>History of quadrupedes, &amp;c. Histoire des quadrup\u00e8des<\/i><br \/>\nJuin 1782, Tome VI, p. 173-185<br \/>\n(Critical Review)<br \/>\n<a href=\"http:\/\/books.google.be\/books?id=55gUAAAAQAAJ&amp;printsec=frontcover&amp;dq=editions:0H97A3Z5QJXMDoF3M&amp;lr=&amp;hl=fr\" target=\"_blank\" rel=\"noopener\">Acc\u00e9der au volume<\/a> sur <b>GoogleBooks<\/b><\/p>\n<p><b>820610<\/b><br \/>\nKarl Franz Meyer<br \/>\n<i>Aachensche geschichten, &amp;c. Histoire d&rsquo;Aix-la-Chapelle<\/i><br \/>\nJuin 1782, Tome VI, p. 185-216<br \/>\n<a href=\"http:\/\/books.google.be\/books?id=55gUAAAAQAAJ&amp;printsec=frontcover&amp;dq=editions:0H97A3Z5QJXMDoF3M&amp;lr=&amp;hl=fr\" target=\"_blank\" rel=\"noopener\">Acc\u00e9der au volume<\/a> sur <b>GoogleBooks<\/b><\/p>\n<p style=\"text-align: justify;\"><b>820611<\/b><br \/>\nWilliam Falconer<br \/>\n<i>Remarks on the influence of climate, situation, nature of country, population, etc. Remarques touchant l&rsquo;influence du climat, de la situation, de la nature du pays, de la population, de la nature des aliments et r\u00e9gime de vie, sur le caract\u00e8re et l&rsquo;humeur, les m\u0153urs et la conduite, l&rsquo;esprit, les lois et les coutumes, la forme de gouvernement et la religion des hommes<\/i><br \/>\nJuin 1782, Tome VI, p. 217-237<br \/>\n(Monthly Review; Critical Review)<br \/>\n<a href=\"http:\/\/books.google.be\/books?id=55gUAAAAQAAJ&amp;printsec=frontcover&amp;dq=editions:0H97A3Z5QJXMDoF3M&amp;lr=&amp;hl=fr\" target=\"_blank\" rel=\"noopener\">Acc\u00e9der au volume<\/a> sur <b>GoogleBooks<\/b><\/p>\n<p><b>820612<\/b><br \/>\nArnaud Berquin<br \/>\n<i>Amand, anecdote<\/i><br \/>\nJuin 1782, Tome VI, p. 238-243<br \/>\n<a href=\"http:\/\/books.google.be\/books?id=55gUAAAAQAAJ&amp;printsec=frontcover&amp;dq=editions:0H97A3Z5QJXMDoF3M&amp;lr=&amp;hl=fr\" target=\"_blank\" rel=\"noopener\">Acc\u00e9der au volume<\/a> sur <b>GoogleBooks<\/b><\/p>\n<p style=\"text-align: justify;\"><b>820613<\/b><br \/>\nPierre Lambinet<br \/>\n<i>Lettre de M. l&rsquo;abb\u00e9 Lambinet \u00e0 MM. les r\u00e9dacteurs de l&rsquo;Esprit des journaux, sur une Bible des pauvres, qui se trouve \u00e0 la biblioth\u00e8que publique de B\u00e2le<\/i><br \/>\nJuin 1782, Tome VI, p. 243-248<br \/>\n<a href=\"http:\/\/books.google.be\/books?id=55gUAAAAQAAJ&amp;printsec=frontcover&amp;dq=editions:0H97A3Z5QJXMDoF3M&amp;lr=&amp;hl=fr\" target=\"_blank\" rel=\"noopener\">Acc\u00e9der au volume<\/a> sur <b>GoogleBooks<\/b><\/p>\n<p><b>820614<\/b><br \/>\nSylvain Mar\u00e9chal<br \/>\n<i>L&rsquo;origine de l&rsquo;\u00e9criture : Idylle<\/i><br \/>\nJuin 1782, Tome VI, p. 248-251<br \/>\n<a href=\"http:\/\/books.google.be\/books?id=55gUAAAAQAAJ&amp;printsec=frontcover&amp;dq=editions:0H97A3Z5QJXMDoF3M&amp;lr=&amp;hl=fr\" target=\"_blank\" rel=\"noopener\">Acc\u00e9der au volume<\/a> sur <b>GoogleBooks<\/b><\/p>\n<p><b>820615<\/b><br \/>\nAngelo-Maria Bandini<br \/>\n<i>Notice d&rsquo;un manuscrit de po\u00e9sies, provenant de la biblioth\u00e8que de feu Pierre-Antoine Marchi, avocat \u00e0 Florence<\/i><br \/>\nJuin 1782, Tome VI, p. 251-263<br \/>\n(Novelle letterarie)<br \/>\n<a href=\"http:\/\/books.google.be\/books?id=55gUAAAAQAAJ&amp;printsec=frontcover&amp;dq=editions:0H97A3Z5QJXMDoF3M&amp;lr=&amp;hl=fr\" target=\"_blank\" rel=\"noopener\">Acc\u00e9der au volume<\/a> sur <b>GoogleBooks<\/b><\/p>\n<p><b>820616<\/b><br \/>\n<i>Notice sur M\u00e9tastase<\/i><br \/>\nJuin 1782, Tome VI, p. 263-266<br \/>\n<a href=\"http:\/\/books.google.be\/books?id=55gUAAAAQAAJ&amp;printsec=frontcover&amp;dq=editions:0H97A3Z5QJXMDoF3M&amp;lr=&amp;hl=fr\" target=\"_blank\" rel=\"noopener\">Acc\u00e9der au volume<\/a> sur <b>GoogleBooks<\/b><\/p>\n<p><b>820617<\/b><br \/>\nNicolas-Thomas Leprince<br \/>\n<i>Remarques sur les \u00e9poques de plusieurs inventions du Moyen-\u00c2ge<\/i><br \/>\nJuin 1782, Tome VI, p. 267-271<br \/>\n<a href=\"http:\/\/books.google.be\/books?id=55gUAAAAQAAJ&amp;printsec=frontcover&amp;dq=editions:0H97A3Z5QJXMDoF3M&amp;lr=&amp;hl=fr\" target=\"_blank\" rel=\"noopener\">Acc\u00e9der au volume<\/a> sur <b>GoogleBooks<\/b><\/p>\n<p><b>820618<\/b><br \/>\nAbb\u00e9 Charbonnier<br \/>\n<i>Extrait d&rsquo;une lettre de M. l&rsquo;abb\u00e9 Charbonnier, \u00e0 M. le chevalier de***, sur M. le comte de Buffon<\/i><br \/>\nJuin 1782, Tome VI, p. 272-274<br \/>\n(Journal de Paris)<br \/>\n<a href=\"http:\/\/books.google.be\/books?id=55gUAAAAQAAJ&amp;printsec=frontcover&amp;dq=editions:0H97A3Z5QJXMDoF3M&amp;lr=&amp;hl=fr\" target=\"_blank\" rel=\"noopener\">Acc\u00e9der au volume<\/a> sur <b>GoogleBooks<\/b><\/p>\n<p><b>820619<\/b><br \/>\nSancy<br \/>\n<i>\u00c0 M. le duc de Crillon sur sa grandesse<\/i><br \/>\nJuin 1782, Tome VI, p. 275<br \/>\n<a href=\"http:\/\/books.google.be\/books?id=55gUAAAAQAAJ&amp;printsec=frontcover&amp;dq=editions:0H97A3Z5QJXMDoF3M&amp;lr=&amp;hl=fr\" target=\"_blank\" rel=\"noopener\">Acc\u00e9der au volume<\/a> sur <b>GoogleBooks<\/b><\/p>\n<p><b>820620<\/b><br \/>\nBeno\u00eet-Joseph Marsollier des Viveti\u00e8res<br \/>\n<i>\u00c0 ma m\u00e8re<\/i><br \/>\nJuin 1782, Tome VI, p. 275-279<br \/>\n<a href=\"http:\/\/books.google.be\/books?id=55gUAAAAQAAJ&amp;printsec=frontcover&amp;dq=editions:0H97A3Z5QJXMDoF3M&amp;lr=&amp;hl=fr\" target=\"_blank\" rel=\"noopener\">Acc\u00e9der au volume<\/a> sur <b>GoogleBooks<\/b><\/p>\n<p><b>820621<\/b><br \/>\n<i>\u00c9pigramme<\/i><br \/>\nJuin 1782, Tome VI, p. 279<br \/>\n<a href=\"http:\/\/books.google.be\/books?id=55gUAAAAQAAJ&amp;printsec=frontcover&amp;dq=editions:0H97A3Z5QJXMDoF3M&amp;lr=&amp;hl=fr\" target=\"_blank\" rel=\"noopener\">Acc\u00e9der au volume<\/a> sur <b>GoogleBooks<\/b><\/p>\n<p><b>820622<\/b><br \/>\n\u00c9variste D\u00e9sir\u00e9 de Forges; vicomte de Parny<br \/>\n<i>Courroux d&rsquo;un amant<\/i><br \/>\nJuin 1782, Tome VI, p. 279-280<br \/>\n<a href=\"http:\/\/books.google.be\/books?id=55gUAAAAQAAJ&amp;printsec=frontcover&amp;dq=editions:0H97A3Z5QJXMDoF3M&amp;lr=&amp;hl=fr\" target=\"_blank\" rel=\"noopener\">Acc\u00e9der au volume<\/a> sur <b>GoogleBooks<\/b><\/p>\n<p><b>820623<\/b><br \/>\nVar\u00e9<br \/>\n<i>Le paresseux, conte<\/i><br \/>\nJuin 1782, Tome VI, p. 280-281<br \/>\n<a href=\"http:\/\/books.google.be\/books?id=55gUAAAAQAAJ&amp;printsec=frontcover&amp;dq=editions:0H97A3Z5QJXMDoF3M&amp;lr=&amp;hl=fr\" target=\"_blank\" rel=\"noopener\">Acc\u00e9der au volume<\/a> sur <b>GoogleBooks<\/b><\/p>\n<p><b>820624<\/b><br \/>\nGersin<br \/>\n<i>\u00c0 M. Gossec<\/i><br \/>\nJuin 1782, Tome VI, p. 281<br \/>\n<a href=\"http:\/\/books.google.be\/books?id=55gUAAAAQAAJ&amp;printsec=frontcover&amp;dq=editions:0H97A3Z5QJXMDoF3M&amp;lr=&amp;hl=fr\" target=\"_blank\" rel=\"noopener\">Acc\u00e9der au volume<\/a> sur <b>GoogleBooks<\/b><\/p>\n<p><b>820625<\/b><br \/>\nLaurent-Pierre B\u00e9renger<br \/>\n<i>Le triomphe des Gr\u00e2ces dans le temple des Muses; \u00e0 Mde la comtesse de Genlis<\/i><br \/>\nJuin 1782, Tome VI, p. 282-284<br \/>\n<a href=\"http:\/\/books.google.be\/books?id=55gUAAAAQAAJ&amp;printsec=frontcover&amp;dq=editions:0H97A3Z5QJXMDoF3M&amp;lr=&amp;hl=fr\" target=\"_blank\" rel=\"noopener\">Acc\u00e9der au volume<\/a> sur <b>GoogleBooks<\/b><\/p>\n<p><b>820626<\/b><br \/>\nAlexandre-Xavier Harduin<br \/>\n<i>\u00c9pigramme tir\u00e9e du Pogge<\/i><br \/>\nJuin 1782, Tome VI, p. 285<br \/>\n<a href=\"http:\/\/books.google.be\/books?id=55gUAAAAQAAJ&amp;printsec=frontcover&amp;dq=editions:0H97A3Z5QJXMDoF3M&amp;lr=&amp;hl=fr\" target=\"_blank\" rel=\"noopener\">Acc\u00e9der au volume<\/a> sur <b>GoogleBooks<\/b><\/p>\n<p><b>820627<\/b><br \/>\nStanislas-Jean de Boufflers<br \/>\n<i>Chanson. \u00c0 Mde. de Lauzun, d\u00e9guis\u00e9e au bal, en cuisini\u00e8re<\/i><br \/>\nJuin 1782, Tome VI, p. 285-286<br \/>\n<a href=\"http:\/\/books.google.be\/books?id=55gUAAAAQAAJ&amp;printsec=frontcover&amp;dq=editions:0H97A3Z5QJXMDoF3M&amp;lr=&amp;hl=fr\" target=\"_blank\" rel=\"noopener\">Acc\u00e9der au volume<\/a> sur <b>GoogleBooks<\/b><\/p>\n<p><b>820628<\/b><br \/>\nStanislas-Jean de Boufflers<br \/>\n<i>\u00c0 la m\u00eame [Madame de Lauzun], qui pr\u00e9tendait \u00eatre v\u00eatue en tourri\u00e8re, et non pas en cuisini\u00e8re<\/i><br \/>\nJuin 1782, Tome VI, p. 286<br \/>\n<a href=\"http:\/\/books.google.be\/books?id=55gUAAAAQAAJ&amp;printsec=frontcover&amp;dq=editions:0H97A3Z5QJXMDoF3M&amp;lr=&amp;hl=fr\" target=\"_blank\" rel=\"noopener\">Acc\u00e9der au volume<\/a> sur <b>GoogleBooks<\/b><\/p>\n<p><b>820629<\/b>[Louis-Jean-Baptiste-\u00c9tienne] Vig\u00e9e<br \/>\n<i>Clidamant<\/i><br \/>\nJuin 1782, Tome VI, p. 287<br \/>\n<a href=\"http:\/\/books.google.be\/books?id=55gUAAAAQAAJ&amp;printsec=frontcover&amp;dq=editions:0H97A3Z5QJXMDoF3M&amp;lr=&amp;hl=fr\" target=\"_blank\" rel=\"noopener\">Acc\u00e9der au volume<\/a> sur <b>GoogleBooks<\/b><\/p>\n<p><b>820701<\/b><br \/>\nM.*** [Jean-Marie Roland de La Plati\u00e8re]\n<i>Lettres \u00e9crites de Suisse, d&rsquo;Italie, de Sicile et de Malte, \u00e0 Mlle.** \u00e0 Paris, en 1776, 1777 et 1778<\/i><br \/>\nJuillet 1782, Tome VII, p. 3-21<br \/>\n(Mercure de France; Journal encyclop\u00e9dique; Affiches et annonces de Paris)<br \/>\n<a href=\"http:\/\/books.google.be\/books?id=7ZgUAAAAQAAJ&amp;printsec=frontcover&amp;dq=editions:0WIMceFo3xOrgOJMJ&amp;lr=&amp;as_brr=1&amp;hl=fr\" target=\"_blank\" rel=\"noopener\">Acc\u00e9der au volume<\/a> sur <b>GoogleBooks<\/b><\/p>\n<p style=\"text-align: justify;\"><b>820702<\/b><br \/>\n<i>Vie de M. le premier pr\u00e9sident de Lamoignon, \u00e9crite d&rsquo;apr\u00e8s les m\u00e9moires du temps et les papiers de la famille, pour \u00eatre mise \u00e0 la t\u00eate d&rsquo;une \u00e9dition nouvelle des arr\u00eat\u00e9s de Lamoignon<\/i><br \/>\nJuillet 1782, Tome VII, p. 21-42<br \/>\n(Mercure de France)<br \/>\n<a href=\"http:\/\/books.google.be\/books?id=7ZgUAAAAQAAJ&amp;printsec=frontcover&amp;dq=editions:0WIMceFo3xOrgOJMJ&amp;lr=&amp;as_brr=1&amp;hl=fr\" target=\"_blank\" rel=\"noopener\">Acc\u00e9der au volume<\/a> sur <b>GoogleBooks<\/b><\/p>\n<p style=\"text-align: justify;\"><b>820703<\/b><br \/>\n<i>Philosophical transactions, &amp;c. Transactions philosophiques de la soci\u00e9t\u00e9 royale de Londres. Tome LXXI. pour l&rsquo;ann\u00e9e 1781. Premi\u00e8re partie<\/i><br \/>\nJuillet 1782, Tome VII, p. 42-56<br \/>\n(Critical Review)<br \/>\n<a href=\"http:\/\/books.google.be\/books?id=7ZgUAAAAQAAJ&amp;printsec=frontcover&amp;dq=editions:0WIMceFo3xOrgOJMJ&amp;lr=&amp;as_brr=1&amp;hl=fr\" target=\"_blank\" rel=\"noopener\">Acc\u00e9der au volume<\/a> sur <b>GoogleBooks<\/b><\/p>\n<p><b>820704<\/b><br \/>\n<i>Annales po\u00e9tiques, depuis l&rsquo;origine de la po\u00e9sie fran\u00e7aise. Tome XIX<\/i><br \/>\nJuillet 1782, Tome VII, p. 57-81<br \/>\n(Ann\u00e9e litt\u00e9raire; Journal encyclop\u00e9dique)<br \/>\n<a href=\"http:\/\/books.google.be\/books?id=7ZgUAAAAQAAJ&amp;printsec=frontcover&amp;dq=editions:0WIMceFo3xOrgOJMJ&amp;lr=&amp;as_brr=1&amp;hl=fr\" target=\"_blank\" rel=\"noopener\">Acc\u00e9der au volume<\/a> sur <b>GoogleBooks<\/b><\/p>\n<p style=\"text-align: justify;\"><b>820705<\/b><br \/>\nJean-Fran\u00e7ois Berthelot<br \/>\n<i>Trait\u00e9 des \u00e9victions et de la garantie formelle; dans lequel sont traduites et discut\u00e9es les lois romaines du digeste et du code sur cette mati\u00e8re; avec la conf\u00e9rence des coutumes, des ordonnances, des arr\u00eats notables de France et les syst\u00e8mes soutenus \u00e0 ce sujet, par les plus fameux interpr\u00e8tes du droit romain et fran\u00e7ais<\/i><br \/>\nJuillet 1782, Tome VII, p. 81-86<br \/>\n(Journal des savants)<br \/>\n<a href=\"http:\/\/books.google.be\/books?id=7ZgUAAAAQAAJ&amp;printsec=frontcover&amp;dq=editions:0WIMceFo3xOrgOJMJ&amp;lr=&amp;as_brr=1&amp;hl=fr\" target=\"_blank\" rel=\"noopener\">Acc\u00e9der au volume<\/a> sur <b>GoogleBooks<\/b><\/p>\n<p><b>820706<\/b><br \/>\nPierre-Charles Levesque<br \/>\n<i>Histoire de Russie, tir\u00e9e des chroniques originaires, de pi\u00e8ces authentiques, et des meilleurs historiens de la nation<\/i><br \/>\nJuillet 1782, Tome VII, p. 87-140<br \/>\n(Ann\u00e9e litt\u00e9raire; Journal encyclop\u00e9dique; Affiches et annonces de Paris)<br \/>\n<a href=\"http:\/\/books.google.be\/books?id=7ZgUAAAAQAAJ&amp;printsec=frontcover&amp;dq=editions:0WIMceFo3xOrgOJMJ&amp;lr=&amp;as_brr=1&amp;hl=fr\" target=\"_blank\" rel=\"noopener\">Acc\u00e9der au volume<\/a> sur <b>GoogleBooks<\/b><\/p>\n<p><b>820707<\/b><br \/>\nJean-Paul Marat<br \/>\n<i>Recherches physiques sur le feu<\/i><br \/>\nJuillet 1782, Tome VII, p. 141-144<br \/>\n(Journal encyclop\u00e9dique; Journal de litt\u00e9rature, des sciences et des arts; Mercure de France; Journal de Paris)<br \/>\n<a href=\"http:\/\/books.google.be\/books?id=7ZgUAAAAQAAJ&amp;printsec=frontcover&amp;dq=editions:0WIMceFo3xOrgOJMJ&amp;lr=&amp;as_brr=1&amp;hl=fr\" target=\"_blank\" rel=\"noopener\">Acc\u00e9der au volume<\/a> sur <b>GoogleBooks<\/b><\/p>\n<p style=\"text-align: justify;\"><b>820708<\/b><br \/>\nJean-Paul Marat<br \/>\n<i>D\u00e9couvertes (\u2026) sur la lumi\u00e8re, constat\u00e9es par une suite d&rsquo;exp\u00e9riences nouvelles qui ont \u00e9t\u00e9 faites un tr\u00e8s grand nombre de fois sous les yeux de MM. les commissaires de l&rsquo;acad\u00e9mie royale des sciences<\/i><br \/>\nJuillet 1782, Tome VII, p. 145-154<br \/>\n(Journal encyclop\u00e9dique; Journal de litt\u00e9rature, des sciences et des arts; Mercure de France)<br \/>\n<a href=\"http:\/\/books.google.be\/books?id=7ZgUAAAAQAAJ&amp;printsec=frontcover&amp;dq=editions:0WIMceFo3xOrgOJMJ&amp;lr=&amp;as_brr=1&amp;hl=fr\" target=\"_blank\" rel=\"noopener\">Acc\u00e9der au volume<\/a> sur <b>GoogleBooks<\/b><\/p>\n<p style=\"text-align: justify;\"><b>820709<\/b>[Edme-Louis Billardon de Sauvigny]\n<i>Les apr\u00e8s-soupers de la soci\u00e9t\u00e9, ou petit th\u00e9\u00e2tre lyrique et moral sur les aventures du jour, avec des gravures et des airs not\u00e9s. Tome II<\/i><br \/>\nJuillet 1782, Tome VII, p. 155-171<br \/>\n(Journal de Paris; Mercure de France; Journal encyclop\u00e9dique)<br \/>\n<a href=\"http:\/\/books.google.be\/books?id=7ZgUAAAAQAAJ&amp;printsec=frontcover&amp;dq=editions:0WIMceFo3xOrgOJMJ&amp;lr=&amp;as_brr=1&amp;hl=fr\" target=\"_blank\" rel=\"noopener\">Acc\u00e9der au volume<\/a> sur <b>GoogleBooks<\/b><\/p>\n<p style=\"text-align: justify;\"><b>820710<\/b>[Marie-Fran\u00e7oise Loquet]\n<i>Entretiens d&rsquo;Ang\u00e9lique, pour exciter les jeunes personnes du sexe \u00e0 l&rsquo;amour et \u00e0 la pratique de la vertu; par une jeune demoiselle<\/i><br \/>\nJuillet 1782, Tome VII, p. 172-178<br \/>\n(Ann\u00e9e litt\u00e9raire; Journal litt\u00e9raire de Nancy)<br \/>\n<a href=\"http:\/\/books.google.be\/books?id=7ZgUAAAAQAAJ&amp;printsec=frontcover&amp;dq=editions:0WIMceFo3xOrgOJMJ&amp;lr=&amp;as_brr=1&amp;hl=fr\" target=\"_blank\" rel=\"noopener\">Acc\u00e9der au volume<\/a> sur <b>GoogleBooks<\/b><\/p>\n<p style=\"text-align: justify;\"><b>820711<\/b>[Josiah Tucker]\n<i>Cui bono? Or inquiry, what benefits can arise, &amp;c. Cui bono? ou examen des avantages, qui peuvent r\u00e9sulter pour les Anglais ou les Am\u00e9ricains, les Fran\u00e7ais, les Espagnols, ou les Hollandais, des plus grandes victoires ou des succ\u00e8s les plus brillants, dans la guerre actuelle : en forme de lettres adress\u00e9es \u00e0 M. Necker, ci-devant contr\u00f4leur-g\u00e9n\u00e9ral des finances de France<\/i><br \/>\nJuillet 1782, Tome VII, p. 179-199<br \/>\n(Critical Review)<br \/>\n<a href=\"http:\/\/books.google.be\/books?id=7ZgUAAAAQAAJ&amp;printsec=frontcover&amp;dq=editions:0WIMceFo3xOrgOJMJ&amp;lr=&amp;as_brr=1&amp;hl=fr\" target=\"_blank\" rel=\"noopener\">Acc\u00e9der au volume<\/a> sur <b>GoogleBooks<\/b><\/p>\n<p><b>820712<\/b><br \/>\nEmmanuel Cro\u00ff<br \/>\n<i>M\u00e9moire sur le passage par le nord, qui contient aussi des r\u00e9flexions sur les glaces<\/i><br \/>\nJuillet 1782, Tome VII, p. 199-204<br \/>\n(Journal de Paris; Affiches et annonces de Paris)<br \/>\n<a href=\"http:\/\/books.google.be\/books?id=7ZgUAAAAQAAJ&amp;printsec=frontcover&amp;dq=editions:0WIMceFo3xOrgOJMJ&amp;lr=&amp;as_brr=1&amp;hl=fr\" target=\"_blank\" rel=\"noopener\">Acc\u00e9der au volume<\/a> sur <b>GoogleBooks<\/b><\/p>\n<p><b>820713<\/b><br \/>\nKarl Franz Meyer<br \/>\n<i>Aachensche geschichten, &amp;c. Histoire d&rsquo;Aix-la-Chapelle<\/i><br \/>\nJuillet 1782, Tome VII, p. 204-246<br \/>\n<a href=\"http:\/\/books.google.be\/books?id=7ZgUAAAAQAAJ&amp;printsec=frontcover&amp;dq=editions:0WIMceFo3xOrgOJMJ&amp;lr=&amp;as_brr=1&amp;hl=fr\" target=\"_blank\" rel=\"noopener\">Acc\u00e9der au volume<\/a> sur <b>GoogleBooks<\/b><\/p>\n<p><b>820714<\/b><br \/>\nJ\u00e9r\u00f4me de La Lande<br \/>\n<i>Sur la possibilit\u00e9 de voler. Lettre de M de La Lande \u00e0 Messieurs les auteurs du Journal des savants<\/i><br \/>\nJuillet 1782, Tome VII, p. 247-251<br \/>\n<a href=\"http:\/\/books.google.be\/books?id=7ZgUAAAAQAAJ&amp;printsec=frontcover&amp;dq=editions:0WIMceFo3xOrgOJMJ&amp;lr=&amp;as_brr=1&amp;hl=fr\" target=\"_blank\" rel=\"noopener\">Acc\u00e9der au volume<\/a> sur <b>GoogleBooks<\/b><\/p>\n<p><b>820715<\/b><br \/>\nFran\u00e7ois-Philippe de Reyrac<br \/>\n<i>La bienfaisance<\/i><br \/>\nJuillet 1782, Tome VII, p. 251-254<br \/>\n(Journal de litt\u00e9rature, des sciences et des arts)<br \/>\n<a href=\"http:\/\/books.google.be\/books?id=7ZgUAAAAQAAJ&amp;printsec=frontcover&amp;dq=editions:0WIMceFo3xOrgOJMJ&amp;lr=&amp;as_brr=1&amp;hl=fr\" target=\"_blank\" rel=\"noopener\">Acc\u00e9der au volume<\/a> sur <b>GoogleBooks<\/b><\/p>\n<p><b>820716<\/b><br \/>\nPierre Lambinet<br \/>\n<i>Lettre de l&rsquo;abb\u00e9 Lambinet, \u00e0 MM. les r\u00e9dacteurs de l&rsquo;Esprit des journaux, sur la premi\u00e8re \u00e9dition du missel ambroisien<\/i><br \/>\nJuillet 1782, Tome VII, p. 254-257<br \/>\n<a href=\"http:\/\/books.google.be\/books?id=7ZgUAAAAQAAJ&amp;printsec=frontcover&amp;dq=editions:0WIMceFo3xOrgOJMJ&amp;lr=&amp;as_brr=1&amp;hl=fr\" target=\"_blank\" rel=\"noopener\">Acc\u00e9der au volume<\/a> sur <b>GoogleBooks<\/b><\/p>\n<p><b>820717<\/b><br \/>\n<i>Anecdote parisienne<\/i><br \/>\nJuillet 1782, Tome VII, p. 257-259<br \/>\n(Gazette litt\u00e9raire de l&rsquo;Europe)<br \/>\n<a href=\"http:\/\/books.google.be\/books?id=7ZgUAAAAQAAJ&amp;printsec=frontcover&amp;dq=editions:0WIMceFo3xOrgOJMJ&amp;lr=&amp;as_brr=1&amp;hl=fr\" target=\"_blank\" rel=\"noopener\">Acc\u00e9der au volume<\/a> sur <b>GoogleBooks<\/b><\/p>\n<p><b>820718<\/b><br \/>\nAngelo-Maria Bandini<br \/>\n<i>Suite de la notice d&rsquo;un manuscrit de po\u00e9sies, provenant de la biblioth\u00e8que de feu Pierre-Antoine Marchi, avocat \u00e0 Florence<\/i><br \/>\nJuillet 1782, Tome VII, p. 260-264<br \/>\n<a href=\"http:\/\/books.google.be\/books?id=7ZgUAAAAQAAJ&amp;printsec=frontcover&amp;dq=editions:0WIMceFo3xOrgOJMJ&amp;lr=&amp;as_brr=1&amp;hl=fr\" target=\"_blank\" rel=\"noopener\">Acc\u00e9der au volume<\/a> sur <b>GoogleBooks<\/b><\/p>\n<p><b>820719<\/b>[Andrieu]\n<i>Au grand duc de Russie, \u00e0 son passage \u00e0 Lyon<\/i><br \/>\nJuillet 1782, Tome VII, p. 265<br \/>\n<a href=\"http:\/\/books.google.be\/books?id=7ZgUAAAAQAAJ&amp;printsec=frontcover&amp;dq=editions:0WIMceFo3xOrgOJMJ&amp;lr=&amp;as_brr=1&amp;hl=fr\" target=\"_blank\" rel=\"noopener\">Acc\u00e9der au volume<\/a> sur <b>GoogleBooks<\/b><\/p>\n<p><b>820720<\/b><br \/>\nAdrien-Michel-Hyacinthe Blin de Sainmore<br \/>\n<i>Aux deux illustres voyageurs, sur leur arriv\u00e9e \u00e0 Paris<\/i><br \/>\nJuillet 1782, Tome VII, p. 266-267<br \/>\n<a href=\"http:\/\/books.google.be\/books?id=7ZgUAAAAQAAJ&amp;printsec=frontcover&amp;dq=editions:0WIMceFo3xOrgOJMJ&amp;lr=&amp;as_brr=1&amp;hl=fr\" target=\"_blank\" rel=\"noopener\">Acc\u00e9der au volume<\/a> sur <b>GoogleBooks<\/b><\/p>\n<p><b>820721<\/b><br \/>\nAnselme Crignon d&rsquo;Ouzou\u00ebr<br \/>\n<i>Vers \u00e0 ma s\u0153ur le jour de son mariage<\/i><br \/>\nJuillet 1782, Tome VII, p. 268<br \/>\n<a href=\"http:\/\/books.google.be\/books?id=7ZgUAAAAQAAJ&amp;printsec=frontcover&amp;dq=editions:0WIMceFo3xOrgOJMJ&amp;lr=&amp;as_brr=1&amp;hl=fr\" target=\"_blank\" rel=\"noopener\">Acc\u00e9der au volume<\/a> sur <b>GoogleBooks<\/b><\/p>\n<p><b>820722<\/b><br \/>\nCharles Millon<br \/>\n<i>\u00c0 Zelmis<\/i><br \/>\nJuillet 1782, Tome VII, p. 269<br \/>\n<a href=\"http:\/\/books.google.be\/books?id=7ZgUAAAAQAAJ&amp;printsec=frontcover&amp;dq=editions:0WIMceFo3xOrgOJMJ&amp;lr=&amp;as_brr=1&amp;hl=fr\" target=\"_blank\" rel=\"noopener\">Acc\u00e9der au volume<\/a> sur <b>GoogleBooks<\/b><\/p>\n<p><b>820723<\/b><br \/>\nArnaud Berquin<br \/>\n<i>Romance faite aupr\u00e8s du berceau d&rsquo;un enfant<\/i><br \/>\nJuillet 1782, Tome VII, p. 270-272<br \/>\n<a href=\"http:\/\/books.google.be\/books?id=7ZgUAAAAQAAJ&amp;printsec=frontcover&amp;dq=editions:0WIMceFo3xOrgOJMJ&amp;lr=&amp;as_brr=1&amp;hl=fr\" target=\"_blank\" rel=\"noopener\">Acc\u00e9der au volume<\/a> sur <b>GoogleBooks<\/b><\/p>\n<p><b>820724<\/b><br \/>\nPouteau le jeune<br \/>\n<i>\u00c9pigramme<\/i><br \/>\nJuillet 1782, Tome VII, p. 272<br \/>\n<a href=\"http:\/\/books.google.be\/books?id=7ZgUAAAAQAAJ&amp;printsec=frontcover&amp;dq=editions:0WIMceFo3xOrgOJMJ&amp;lr=&amp;as_brr=1&amp;hl=fr\" target=\"_blank\" rel=\"noopener\">Acc\u00e9der au volume<\/a> sur <b>GoogleBooks<\/b><\/p>\n<p><b>820725<\/b><br \/>\nLouis-Antoine de Caraccioli<br \/>\n<i>\u00c9pitaphe de M\u00e9tastase<\/i><br \/>\nJuillet 1782, Tome VII, p. 273<br \/>\n<a href=\"http:\/\/books.google.be\/books?id=7ZgUAAAAQAAJ&amp;printsec=frontcover&amp;dq=editions:0WIMceFo3xOrgOJMJ&amp;lr=&amp;as_brr=1&amp;hl=fr\" target=\"_blank\" rel=\"noopener\">Acc\u00e9der au volume<\/a> sur <b>GoogleBooks<\/b><\/p>\n<p><b>820801<\/b><br \/>\nMichel-Ren\u00e9 Hilliard d&rsquo;Auberteuil<br \/>\n<i>Essais historiques et politiques sur les Anglos-Am\u00e9ricains<\/i><br \/>\nAo\u00fbt 1782, Tome VIII, p. 3-17<br \/>\n(Journal de Paris; Journal encyclop\u00e9dique; Affiches et annonces de Paris)<br \/>\n<a href=\"http:\/\/books.google.be\/books?id=EpkUAAAAQAAJ&amp;printsec=titlepage&amp;dq=intitle:l%27esprit+intitle:des+intitle:journaux+date:1782-1782&amp;lr=&amp;as_brr=1&amp;hl=fr&amp;source=gbs_summary_r&amp;cad=0\" target=\"_blank\" rel=\"noopener\">Acc\u00e9der au volume<\/a> sur <b>GoogleBooks<\/b><\/p>\n<p style=\"text-align: justify;\"><b>820802<\/b><br \/>\nJean-Antoine-Nicolas de Caritat, marquis de Condorcet<br \/>\n<i>\u00c9loge de M. le comte de Maurepas, ministre d&rsquo;\u00e9tat, prononc\u00e9 dans la s\u00e9ance publique de l&rsquo;acad\u00e9mie royale des sciences le 10 avril 1782<\/i><br \/>\nAo\u00fbt 1782, Tome VIII, p. 17-24<br \/>\n(Journal de Paris)<br \/>\n<a href=\"http:\/\/books.google.be\/books?id=EpkUAAAAQAAJ&amp;printsec=titlepage&amp;dq=intitle:l%27esprit+intitle:des+intitle:journaux+date:1782-1782&amp;lr=&amp;as_brr=1&amp;hl=fr&amp;source=gbs_summary_r&amp;cad=0\" target=\"_blank\" rel=\"noopener\">Acc\u00e9der au volume<\/a> sur <b>GoogleBooks<\/b><\/p>\n<p style=\"text-align: justify;\"><b>820803<\/b>[Jean Mass\u00e9]\n<i>Trait\u00e9 de la culture, de l&rsquo;am\u00e9lioration, et de la conservation des bois, ouvrage utile \u00e0 tous les seigneurs, propri\u00e9taires, entrepreneurs, marchands de bois, charpentiers, menuisiers, charrons, etc.<\/i><br \/>\nAo\u00fbt 1782, Tome VIII, p. 24-44<br \/>\n(Journal d&rsquo;agriculture, commerce, finances et arts)<br \/>\n<a href=\"http:\/\/books.google.be\/books?id=EpkUAAAAQAAJ&amp;printsec=titlepage&amp;dq=intitle:l%27esprit+intitle:des+intitle:journaux+date:1782-1782&amp;lr=&amp;as_brr=1&amp;hl=fr&amp;source=gbs_summary_r&amp;cad=0\" target=\"_blank\" rel=\"noopener\">Acc\u00e9der au volume<\/a> sur <b>GoogleBooks<\/b><\/p>\n<p><b>820804<\/b><br \/>\nM. C. de L. [Pierre-Ambroise-Fran\u00e7ois Choderlos de Laclos]\n<i>Les liaisons dangereuses, ou lettres recueillies dans une soci\u00e9t\u00e9, et pour l&rsquo;instruction de quelques autres<\/i><br \/>\nAo\u00fbt 1782, Tome VIII, p. 45-57<br \/>\n(Ann\u00e9e litt\u00e9raire)<br \/>\n<a href=\"http:\/\/books.google.be\/books?id=EpkUAAAAQAAJ&amp;printsec=titlepage&amp;dq=intitle:l%27esprit+intitle:des+intitle:journaux+date:1782-1782&amp;lr=&amp;as_brr=1&amp;hl=fr&amp;source=gbs_summary_r&amp;cad=0\" target=\"_blank\" rel=\"noopener\">Acc\u00e9der au volume<\/a> sur <b>GoogleBooks<\/b><\/p>\n<p><b>820805<\/b><br \/>\nJohn Gregory<br \/>\n<i>Essay on the means, &amp;c. Essai sur les moyens de rendre les facult\u00e9s de l&rsquo;homme plus utiles \u00e0 son bonheur<\/i><br \/>\nAo\u00fbt 1782, Tome VIII, p. 57-73<br \/>\n<a href=\"http:\/\/books.google.be\/books?id=EpkUAAAAQAAJ&amp;printsec=titlepage&amp;dq=intitle:l%27esprit+intitle:des+intitle:journaux+date:1782-1782&amp;lr=&amp;as_brr=1&amp;hl=fr&amp;source=gbs_summary_r&amp;cad=0\" target=\"_blank\" rel=\"noopener\">Acc\u00e9der au volume<\/a> sur <b>GoogleBooks<\/b><\/p>\n<p><b>820806<\/b><br \/>\nFran\u00e7ois-Philippe de Reyrac<br \/>\n<i>Hymne au soleil, suivi de plusieurs morceaux du m\u00eame genre qui n&rsquo;ont point encore paru<\/i><br \/>\nAo\u00fbt 1782, Tome VIII, p. 73-82<br \/>\n(Journal de litt\u00e9rature, des sciences et des arts; Journal de Paris; Mercure de France)<br \/>\n<a href=\"http:\/\/books.google.be\/books?id=EpkUAAAAQAAJ&amp;printsec=titlepage&amp;dq=intitle:l%27esprit+intitle:des+intitle:journaux+date:1782-1782&amp;lr=&amp;as_brr=1&amp;hl=fr&amp;source=gbs_summary_r&amp;cad=0\" target=\"_blank\" rel=\"noopener\">Acc\u00e9der au volume<\/a> sur <b>GoogleBooks<\/b><\/p>\n<p style=\"text-align: justify;\"><b>820807<\/b><br \/>\nJean-Louis Soulavie<br \/>\n<i>Histoire naturelle de la France m\u00e9ridionale, ou recherches sur la min\u00e9ralogie du Vivarais, du Viennois, du Valentinois, du Forez, de l&rsquo;Auvergne, du Velai, de l&rsquo;Us\u00e9geois, du Comtat V\u00e9naissin, de la Provence, des dioc\u00e8ses de Nismes, Montpellier, Agde, etc. sur la physique de la mer M\u00e9diterran\u00e9e, sur les m\u00e9t\u00e9ores, les arbres, les animaux et l&rsquo;homme de ces contr\u00e9es. Tom. I, II et III, avec des planches et une carte g\u00e9ographique des trois r\u00e8gnes de la nature sur la surface du Vivarais, o\u00f9 leur distribution naturelle est repr\u00e9sent\u00e9e<\/i><br \/>\nAo\u00fbt 1782, Tome VIII, p. 83-114<br \/>\n(Journal des Savants; Journal encyclop\u00e9dique)<br \/>\n<a href=\"http:\/\/books.google.be\/books?id=EpkUAAAAQAAJ&amp;printsec=titlepage&amp;dq=intitle:l%27esprit+intitle:des+intitle:journaux+date:1782-1782&amp;lr=&amp;as_brr=1&amp;hl=fr&amp;source=gbs_summary_r&amp;cad=0\" target=\"_blank\" rel=\"noopener\">Acc\u00e9der au volume<\/a> sur <b>GoogleBooks<\/b><\/p>\n<p><b>820808<\/b>[Catherine II]\n<i>Le Czarewitz Chlore, conte moral. De main de ma\u00eetresse<\/i><br \/>\nAo\u00fbt 1782, Tome VIII, p. 114-123<br \/>\n(Journal encyclop\u00e9dique)<br \/>\n<a href=\"http:\/\/books.google.be\/books?id=EpkUAAAAQAAJ&amp;printsec=titlepage&amp;dq=intitle:l%27esprit+intitle:des+intitle:journaux+date:1782-1782&amp;lr=&amp;as_brr=1&amp;hl=fr&amp;source=gbs_summary_r&amp;cad=0\" target=\"_blank\" rel=\"noopener\">Acc\u00e9der au volume<\/a> sur <b>GoogleBooks<\/b><\/p>\n<p><b>820809<\/b><br \/>\nAbb\u00e9 de Brueys de Souvigniargues<br \/>\n<i>Diversit\u00e9s morales, ou les amusements de la raison<\/i><br \/>\nAo\u00fbt 1782, Tome VIII, p. 124-130<br \/>\n(Ann\u00e9e litt\u00e9raire)<br \/>\n<a href=\"http:\/\/books.google.be\/books?id=EpkUAAAAQAAJ&amp;printsec=titlepage&amp;dq=intitle:l%27esprit+intitle:des+intitle:journaux+date:1782-1782&amp;lr=&amp;as_brr=1&amp;hl=fr&amp;source=gbs_summary_r&amp;cad=0\" target=\"_blank\" rel=\"noopener\">Acc\u00e9der au volume<\/a> sur <b>GoogleBooks<\/b><\/p>\n<p style=\"text-align: justify;\"><b>820810<\/b><br \/>\nAntoine-Ren\u00e9 de Voyer, marquis de Paulmy d&rsquo;Argenson<br \/>\n<i>M\u00e9langes tir\u00e9s d&rsquo;une grande biblioth\u00e8que. De la lecture des livres fran\u00e7ais; lettre Bb. Livres concernant les sciences math\u00e9matiques et les arts qui en d\u00e9pendent, imprim\u00e9s au XVIe si\u00e8cle<\/i><br \/>\nAo\u00fbt 1782, Tome VIII, p. 130-150<br \/>\n(Journal de Paris; Journal de litt\u00e9rature, des sciences et des arts<br \/>\n<a href=\"http:\/\/books.google.be\/books?id=EpkUAAAAQAAJ&amp;printsec=titlepage&amp;dq=intitle:l%27esprit+intitle:des+intitle:journaux+date:1782-1782&amp;lr=&amp;as_brr=1&amp;hl=fr&amp;source=gbs_summary_r&amp;cad=0\" target=\"_blank\" rel=\"noopener\">Acc\u00e9der au volume<\/a> sur <b>GoogleBooks<\/b><\/p>\n<p style=\"text-align: justify;\"><b>820811<\/b><br \/>\n\u00c9gide de Lespinasse, chevalier de Langeac<br \/>\n<i>Colomb dans les fers, \u00e0 Ferdinand et Isabelle, apr\u00e8s la d\u00e9couverte de l&rsquo;Am\u00e9rique; \u00e9p\u00eetre qui a remport\u00e9 le prix de l&rsquo;acad\u00e9mie de Marseille; pr\u00e9c\u00e9d\u00e9e d&rsquo;un pr\u00e9cis historique sur Colomb<\/i><br \/>\nAo\u00fbt 1782, Tome VIII, p. 150-170<br \/>\n(Journal de Paris; Mercure de France; Ann\u00e9e litt\u00e9raire)<br \/>\n<a href=\"http:\/\/books.google.be\/books?id=EpkUAAAAQAAJ&amp;printsec=titlepage&amp;dq=intitle:l%27esprit+intitle:des+intitle:journaux+date:1782-1782&amp;lr=&amp;as_brr=1&amp;hl=fr&amp;source=gbs_summary_r&amp;cad=0\" target=\"_blank\" rel=\"noopener\">Acc\u00e9der au volume<\/a> sur <b>GoogleBooks<\/b><\/p>\n<p><b>820812<\/b><br \/>\nKarl Franz Meyer<br \/>\n<i>Aachensche geschichten, &amp;c. Histoire d&rsquo;Aix-la-Chapelle<\/i><br \/>\nAo\u00fbt 1782, Tome VIII, p. 171-191<br \/>\n<a href=\"http:\/\/books.google.be\/books?id=EpkUAAAAQAAJ&amp;printsec=titlepage&amp;dq=intitle:l%27esprit+intitle:des+intitle:journaux+date:1782-1782&amp;lr=&amp;as_brr=1&amp;hl=fr&amp;source=gbs_summary_r&amp;cad=0\" target=\"_blank\" rel=\"noopener\">Acc\u00e9der au volume<\/a> sur <b>GoogleBooks<\/b><\/p>\n<p style=\"text-align: justify;\"><b>820813<\/b>[Nicolas-Thomas Leprince]\n<i>Essai historique sur la biblioth\u00e8que du roi, et sur chacun des d\u00e9p\u00f4ts qui la composent, avec la description des b\u00e2timents et des objets les plus curieux \u00e0 voir dans ces diff\u00e9rents d\u00e9p\u00f4ts<\/i><br \/>\nAo\u00fbt 1782, Tome VIII, p. 191-204<br \/>\n(Journal encyclop\u00e9dique; Journal de Paris; Journal litt\u00e9raire de Nancy)<br \/>\n<a href=\"http:\/\/books.google.be\/books?id=EpkUAAAAQAAJ&amp;printsec=titlepage&amp;dq=intitle:l%27esprit+intitle:des+intitle:journaux+date:1782-1782&amp;lr=&amp;as_brr=1&amp;hl=fr&amp;source=gbs_summary_r&amp;cad=0\" target=\"_blank\" rel=\"noopener\">Acc\u00e9der au volume<\/a> sur <b>GoogleBooks<\/b><\/p>\n<p><b>820814<\/b><br \/>\n<i>Recherches sur la coutume de saluer quand on \u00e9ternue<\/i><br \/>\nAo\u00fbt 1782, Tome VIII, p. 205-211<br \/>\n(Mercure de France)<br \/>\n<a href=\"http:\/\/books.google.be\/books?id=EpkUAAAAQAAJ&amp;printsec=titlepage&amp;dq=intitle:l%27esprit+intitle:des+intitle:journaux+date:1782-1782&amp;lr=&amp;as_brr=1&amp;hl=fr&amp;source=gbs_summary_r&amp;cad=0\" target=\"_blank\" rel=\"noopener\">Acc\u00e9der au volume<\/a> sur <b>GoogleBooks<\/b><\/p>\n<p><b>820815<\/b><br \/>\nLe Prince le jeune<br \/>\n<i>Pourquoi sommes-nous redevables des plus utiles inventions aux si\u00e8cles d&rsquo;ignorance<\/i><br \/>\nAo\u00fbt 1782, Tome VIII, p. 211-215<br \/>\n<a href=\"http:\/\/books.google.be\/books?id=EpkUAAAAQAAJ&amp;printsec=titlepage&amp;dq=intitle:l%27esprit+intitle:des+intitle:journaux+date:1782-1782&amp;lr=&amp;as_brr=1&amp;hl=fr&amp;source=gbs_summary_r&amp;cad=0\" target=\"_blank\" rel=\"noopener\">Acc\u00e9der au volume<\/a> sur <b>GoogleBooks<\/b><\/p>\n<p><b>820816<\/b><br \/>\n<i>M\u00e9moires pour servir \u00e0 la vie de Christophe Colomb. Traduit de l&rsquo;anglais<\/i><br \/>\nAo\u00fbt 1782, Tome VIII, p. 216-230<br \/>\n<a href=\"http:\/\/books.google.be\/books?id=EpkUAAAAQAAJ&amp;printsec=titlepage&amp;dq=intitle:l%27esprit+intitle:des+intitle:journaux+date:1782-1782&amp;lr=&amp;as_brr=1&amp;hl=fr&amp;source=gbs_summary_r&amp;cad=0\" target=\"_blank\" rel=\"noopener\">Acc\u00e9der au volume<\/a> sur <b>GoogleBooks<\/b><\/p>\n<p><b>820817<\/b><br \/>\nAlexandre-Xavier Harduin<br \/>\n<i>Lettre aux auteurs du Journal de Paris, sur un point d&rsquo;orthographe<\/i><br \/>\nAo\u00fbt 1782, Tome VIII, p. 230-232<br \/>\n<a href=\"http:\/\/books.google.be\/books?id=EpkUAAAAQAAJ&amp;printsec=titlepage&amp;dq=intitle:l%27esprit+intitle:des+intitle:journaux+date:1782-1782&amp;lr=&amp;as_brr=1&amp;hl=fr&amp;source=gbs_summary_r&amp;cad=0\" target=\"_blank\" rel=\"noopener\">Acc\u00e9der au volume<\/a> sur <b>GoogleBooks<\/b><\/p>\n<p><b>820818<\/b><br \/>\nAngelo-Maria Bandini<br \/>\n<i>Fin de la notice d&rsquo;un manuscrit de po\u00e9sies, provenant de la biblioth\u00e8que de feu Pierre-Antoine, avocat \u00e0 Florence<\/i><br \/>\nAo\u00fbt 1782, Tome VIII, p. 230-236<br \/>\n(Novelle letterarie)<br \/>\n<a href=\"http:\/\/books.google.be\/books?id=EpkUAAAAQAAJ&amp;printsec=titlepage&amp;dq=intitle:l%27esprit+intitle:des+intitle:journaux+date:1782-1782&amp;lr=&amp;as_brr=1&amp;hl=fr&amp;source=gbs_summary_r&amp;cad=0\" target=\"_blank\" rel=\"noopener\">Acc\u00e9der au volume<\/a> sur <b>GoogleBooks<\/b><\/p>\n<p><b>820819<\/b><br \/>\nL.P.D.S.<br \/>\n<i>Lettre aux auteurs de l&rsquo;Esprit des journaux<\/i><br \/>\nAo\u00fbt 1782, Tome VIII, p. 236-238<br \/>\n<a href=\"http:\/\/books.google.be\/books?id=EpkUAAAAQAAJ&amp;printsec=titlepage&amp;dq=intitle:l%27esprit+intitle:des+intitle:journaux+date:1782-1782&amp;lr=&amp;as_brr=1&amp;hl=fr&amp;source=gbs_summary_r&amp;cad=0\" target=\"_blank\" rel=\"noopener\">Acc\u00e9der au volume<\/a> sur <b>GoogleBooks<\/b><\/p>\n<p><b>820820<\/b><br \/>\n<i>Prospectus d&rsquo;un ouvrage propos\u00e9 par souscription par M. l&rsquo;abb\u00e9 Rive, envoy\u00e9 aux r\u00e9dacteurs du Journal<\/i><br \/>\nAo\u00fbt 1782, Tome VIII, p. 238-277<br \/>\n<a href=\"http:\/\/books.google.be\/books?id=EpkUAAAAQAAJ&amp;printsec=titlepage&amp;dq=intitle:l%27esprit+intitle:des+intitle:journaux+date:1782-1782&amp;lr=&amp;as_brr=1&amp;hl=fr&amp;source=gbs_summary_r&amp;cad=0\" target=\"_blank\" rel=\"noopener\">Acc\u00e9der au volume<\/a> sur <b>GoogleBooks<\/b><\/p>\n<p><b>820821<\/b><br \/>\nJean-Fran\u00e7ois de La Harpe<br \/>\n<i>Vers \u00e0 M. le comte du Nord, r\u00e9cit\u00e9s \u00e0 la s\u00e9ance de l&rsquo;acad\u00e9mie fran\u00e7aise, le lundi 27 mai 1782<\/i><br \/>\nAo\u00fbt 1782, Tome VIII, p. 278-280<br \/>\n<a href=\"http:\/\/books.google.be\/books?id=EpkUAAAAQAAJ&amp;printsec=titlepage&amp;dq=intitle:l%27esprit+intitle:des+intitle:journaux+date:1782-1782&amp;lr=&amp;as_brr=1&amp;hl=fr&amp;source=gbs_summary_r&amp;cad=0\" target=\"_blank\" rel=\"noopener\">Acc\u00e9der au volume<\/a> sur <b>GoogleBooks<\/b><\/p>\n<p><b>820822<\/b><br \/>\n<i>Vers \u00e0 M. le comte du Nord<\/i><br \/>\nAo\u00fbt 1782, Tome VIII, p. 281<br \/>\n<a href=\"http:\/\/books.google.be\/books?id=EpkUAAAAQAAJ&amp;printsec=titlepage&amp;dq=intitle:l%27esprit+intitle:des+intitle:journaux+date:1782-1782&amp;lr=&amp;as_brr=1&amp;hl=fr&amp;source=gbs_summary_r&amp;cad=0\" target=\"_blank\" rel=\"noopener\">Acc\u00e9der au volume<\/a> sur <b>GoogleBooks<\/b><\/p>\n<p><b>820823<\/b><br \/>\nLaurent-Pierre B\u00e9renger<br \/>\n<i>Le lierre et le mur, fable<\/i><br \/>\nAo\u00fbt 1782, Tome VIII, p. 282<br \/>\n<a href=\"http:\/\/books.google.be\/books?id=EpkUAAAAQAAJ&amp;printsec=titlepage&amp;dq=intitle:l%27esprit+intitle:des+intitle:journaux+date:1782-1782&amp;lr=&amp;as_brr=1&amp;hl=fr&amp;source=gbs_summary_r&amp;cad=0\" target=\"_blank\" rel=\"noopener\">Acc\u00e9der au volume<\/a> sur <b>GoogleBooks<\/b><\/p>\n<p><b>820824<\/b><br \/>\nL*****<br \/>\n<i>Couplet \u00e0 une dame qui pr\u00e9tendait que perdre la raison et perdre la m\u00e9moire \u00e9tait la m\u00eame chose<\/i><br \/>\nAo\u00fbt 1782, Tome VIII, p. 283<br \/>\n<a href=\"http:\/\/books.google.be\/books?id=EpkUAAAAQAAJ&amp;printsec=titlepage&amp;dq=intitle:l%27esprit+intitle:des+intitle:journaux+date:1782-1782&amp;lr=&amp;as_brr=1&amp;hl=fr&amp;source=gbs_summary_r&amp;cad=0\" target=\"_blank\" rel=\"noopener\">Acc\u00e9der au volume<\/a> sur <b>GoogleBooks<\/b><\/p>\n<p><b>820825<\/b><br \/>\nJean-Charles Courtalon-Delaistre<br \/>\n<i>Le brochet. Fable imit\u00e9e du latin de Camerarius<\/i><br \/>\nAo\u00fbt 1782, Tome VIII, p. 283-284<br \/>\n<a href=\"http:\/\/books.google.be\/books?id=EpkUAAAAQAAJ&amp;printsec=titlepage&amp;dq=intitle:l%27esprit+intitle:des+intitle:journaux+date:1782-1782&amp;lr=&amp;as_brr=1&amp;hl=fr&amp;source=gbs_summary_r&amp;cad=0\" target=\"_blank\" rel=\"noopener\">Acc\u00e9der au volume<\/a> sur <b>GoogleBooks<\/b><\/p>\n<p><b>820826<\/b><br \/>\nJean-Charles Courtalon-Delaistre<br \/>\n<i>Le pr\u00e9dicateur. Conte<\/i><br \/>\nAo\u00fbt 1782, Tome VIII, p. 284-285<br \/>\n<a href=\"http:\/\/books.google.be\/books?id=EpkUAAAAQAAJ&amp;printsec=titlepage&amp;dq=intitle:l%27esprit+intitle:des+intitle:journaux+date:1782-1782&amp;lr=&amp;as_brr=1&amp;hl=fr&amp;source=gbs_summary_r&amp;cad=0\" target=\"_blank\" rel=\"noopener\">Acc\u00e9der au volume<\/a> sur <b>GoogleBooks<\/b><\/p>\n<p><b>820827<\/b><br \/>\nJean-Fran\u00e7ois Collin d&rsquo;Harleville<br \/>\n<i>La servante ma\u00eetresse<\/i><br \/>\nAo\u00fbt 1782, Tome VIII, p. 285-287<br \/>\n<a href=\"http:\/\/books.google.be\/books?id=EpkUAAAAQAAJ&amp;printsec=titlepage&amp;dq=intitle:l%27esprit+intitle:des+intitle:journaux+date:1782-1782&amp;lr=&amp;as_brr=1&amp;hl=fr&amp;source=gbs_summary_r&amp;cad=0\" target=\"_blank\" rel=\"noopener\">Acc\u00e9der au volume<\/a> sur <b>GoogleBooks<\/b><\/p>\n<p><b>820828<\/b><br \/>\nAbb\u00e9 Dourneau<br \/>\n<i>L&rsquo;influence des climats<\/i><br \/>\nAo\u00fbt 1782, Tome VIII, p. 287<br \/>\n<a href=\"http:\/\/books.google.be\/books?id=EpkUAAAAQAAJ&amp;printsec=titlepage&amp;dq=intitle:l%27esprit+intitle:des+intitle:journaux+date:1782-1782&amp;lr=&amp;as_brr=1&amp;hl=fr&amp;source=gbs_summary_r&amp;cad=0\" target=\"_blank\" rel=\"noopener\">Acc\u00e9der au volume<\/a> sur <b>GoogleBooks<\/b><\/p>\n<p style=\"text-align: justify;\"><b>820829<\/b><br \/>\nDysembart de La Fossardrie<br \/>\n<i>Vers \u00e0 S.A. Monseigneur le Prince de Ligne, Lieutenant-G\u00e9n\u00e9ral au service de S.M.I.R. Apostolique, Chevalier de la Toison d&rsquo;Or, Colonel-Propri\u00e9taire d&rsquo;un r\u00e9giment d&rsquo;infanterie, etc. etc. Sur l&rsquo;entr\u00e9e de son r\u00e9giment \u00e0 Tournai, le 24 mai 1782, et le retour prochain de l&rsquo;Empereur aux Pays-Bas, annonc\u00e9 dans plusieurs gazettes<\/i><br \/>\nAo\u00fbt 1782, Tome VIII, p. 288-291<br \/>\n<a href=\"http:\/\/books.google.be\/books?id=EpkUAAAAQAAJ&amp;printsec=titlepage&amp;dq=intitle:l%27esprit+intitle:des+intitle:journaux+date:1782-1782&amp;lr=&amp;as_brr=1&amp;hl=fr&amp;source=gbs_summary_r&amp;cad=0\" target=\"_blank\" rel=\"noopener\">Acc\u00e9der au volume<\/a> sur <b>GoogleBooks<\/b><\/p>\n<p><b>820830<\/b><br \/>\nAlexandre-Xavier Harduin<br \/>\n<i>La gradation infructueuse<\/i><br \/>\nAo\u00fbt 1782, Tome VIII, p. 291<br \/>\n<a href=\"http:\/\/books.google.be\/books?id=EpkUAAAAQAAJ&amp;printsec=titlepage&amp;dq=intitle:l%27esprit+intitle:des+intitle:journaux+date:1782-1782&amp;lr=&amp;as_brr=1&amp;hl=fr&amp;source=gbs_summary_r&amp;cad=0\" target=\"_blank\" rel=\"noopener\">Acc\u00e9der au volume<\/a> sur <b>GoogleBooks<\/b><\/p>\n<p><b>820831<\/b><br \/>\nJean-Nicolas-Marcellin Gu\u00e9rineau de Saint-P\u00e9ravi<br \/>\n<i>Vers sur les grands<\/i><br \/>\nAo\u00fbt 1782, Tome VIII, p. 292<br \/>\n<a href=\"http:\/\/books.google.be\/books?id=EpkUAAAAQAAJ&amp;printsec=titlepage&amp;dq=intitle:l%27esprit+intitle:des+intitle:journaux+date:1782-1782&amp;lr=&amp;as_brr=1&amp;hl=fr&amp;source=gbs_summary_r&amp;cad=0\" target=\"_blank\" rel=\"noopener\">Acc\u00e9der au volume<\/a> sur <b>GoogleBooks<\/b><\/p>\n<p><b> 820901<\/b><br \/>\nLi\u00e9vin-Bonaventure Proyart<br \/>\n<i> Vie du Dauphin, p\u00e8re de Louis XV, \u00e9crite sur les m\u00e9moires de la cour, enrichie des \u00e9crits du m\u00eame prince<\/i><br \/>\nSeptembre 1782, Tome IX, p. 3-57<br \/>\n(Journal encyclop\u00e9dique; Affiches, annonces et avis divers)<br \/>\n<a href=\"http:\/\/books.google.be\/books?id=G5kUAAAAQAAJ&amp;printsec=titlepage&amp;lr=&amp;as_brr=1&amp;hl=fr&amp;source=gbs_summary_r&amp;cad=0\" target=\"_blank\" rel=\"noopener\">Acc\u00e9der au volume<\/a> sur <b>GoogleBooks<\/b><\/p>\n<p style=\"text-align: justify;\"><b> 820902<\/b>[Louis Cousin-Despr\u00e9aux]\n<i> Histoire g\u00e9n\u00e9rale et particuli\u00e8re de la Gr\u00e8ce, contenant l&rsquo;origine, le progr\u00e8s et la d\u00e9cadence des lois, des sciences, des arts, des lettres, de la philosophie, etc. pr\u00e9c\u00e9d\u00e9e d&rsquo;une description g\u00e9ographique, de dissertations sur la chronologie, les mesures, la mythologie, etc. et ermin\u00e9e par le parall\u00e8le des Grecs anciens avec les Grecs modernes. Tomes V, VI, VII<\/i><br \/>\nSeptembre 1782, Tome IX, p. 58-82<br \/>\n(Ann\u00e9e litt\u00e9raire; Journal encyclop\u00e9dique; Affiches, annonces et avis divers)<br \/>\n<a href=\"http:\/\/books.google.be\/books?id=G5kUAAAAQAAJ&amp;printsec=titlepage&amp;lr=&amp;as_brr=1&amp;hl=fr&amp;source=gbs_summary_r&amp;cad=0\" target=\"_blank\" rel=\"noopener\">Acc\u00e9der au volume<\/a> sur <b>GoogleBooks<\/b><\/p>\n<p><b> 820903<\/b><br \/>\nM. P** [Jean-Andr\u00e9 Perreau]\n<i> Sc\u00e8nes champ\u00eatres et autres ouvrages du m\u00eame genre<\/i><br \/>\nSeptembre 1782, Tome IX, p. 82-86<br \/>\n(Journal de Paris)<br \/>\n<a href=\"http:\/\/books.google.be\/books?id=G5kUAAAAQAAJ&amp;printsec=titlepage&amp;lr=&amp;as_brr=1&amp;hl=fr&amp;source=gbs_summary_r&amp;cad=0\" target=\"_blank\" rel=\"noopener\">Acc\u00e9der au volume<\/a> sur <b>GoogleBooks<\/b><\/p>\n<p><b> 820904<\/b><br \/>\nJohn Gregory<br \/>\n<i> Essai on the means &amp;c. Essai sur les moyens de rendre les facult\u00e9s de l&rsquo;homme plus utiles \u00e0 son bonheur<\/i><br \/>\nSeptembre 1782, Tome IX, p. 86-103<br \/>\n(Critical Review; Monthly Review)<br \/>\n<a href=\"http:\/\/books.google.be\/books?id=G5kUAAAAQAAJ&amp;printsec=titlepage&amp;lr=&amp;as_brr=1&amp;hl=fr&amp;source=gbs_summary_r&amp;cad=0\" target=\"_blank\" rel=\"noopener\">Acc\u00e9der au volume<\/a> sur <b>GoogleBooks<\/b><\/p>\n<p><b> 820905<\/b>[Charles de Peyssonnel]\n<i> Les num\u00e9ros<\/i><br \/>\nSeptembre 1782, Tome IX, p. 103-120<br \/>\n(Journal de litt\u00e9rature, des sciences et des arts; Journal de Paris; Journal g\u00e9n\u00e9ral de France)<br \/>\n<a href=\"http:\/\/books.google.be\/books?id=G5kUAAAAQAAJ&amp;printsec=titlepage&amp;lr=&amp;as_brr=1&amp;hl=fr&amp;source=gbs_summary_r&amp;cad=0\" target=\"_blank\" rel=\"noopener\">Acc\u00e9der au volume<\/a> sur <b>GoogleBooks<\/b><\/p>\n<p style=\"text-align: justify;\"><b> 820906<\/b><br \/>\n<i> Acta academiae electoralis\u2026 M\u00e9moires de l&rsquo;acad\u00e9mie \u00e9lectorale des sciences utiles d&rsquo;Erfurt, pour les ann\u00e9es 1780 et 1781<\/i><br \/>\nSeptembre 1782, Tome IX, p. 121-149<br \/>\n<a href=\"http:\/\/books.google.be\/books?id=G5kUAAAAQAAJ&amp;printsec=titlepage&amp;lr=&amp;as_brr=1&amp;hl=fr&amp;source=gbs_summary_r&amp;cad=0\" target=\"_blank\" rel=\"noopener\">Acc\u00e9der au volume<\/a> sur <b>GoogleBooks<\/b><\/p>\n<p style=\"text-align: justify;\"><b> 820907<\/b>[Jean-Charles Poncelin de La Roche-Tilhac]\n<i> Histoire des r\u00e9volutions de Tahiti, avec le tableau du gouvernement, des m\u0153urs, des arts, et de la religion des habitants de cette \u00eele<\/i><br \/>\nSeptembre 1782, Tome IX, p. 149-159<br \/>\n(Journal d&rsquo;agriculture, commerce, finances et arts)<br \/>\n<a href=\"http:\/\/books.google.be\/books?id=G5kUAAAAQAAJ&amp;printsec=titlepage&amp;lr=&amp;as_brr=1&amp;hl=fr&amp;source=gbs_summary_r&amp;cad=0\" target=\"_blank\" rel=\"noopener\">Acc\u00e9der au volume<\/a> sur <b>GoogleBooks<\/b><\/p>\n<p style=\"text-align: justify;\"><b> 820908<\/b><br \/>\nWilliam Hamilton<br \/>\n<i> \u0152uvres compl\u00e8tes de M. le chevalier Hamilton, ministre du roi d&rsquo;Angleterre \u00e0 la cour de Naples, chevalier de l&rsquo;ordre du Bain, membre de la soci\u00e9t\u00e9 royale de France, &amp;c, comment\u00e9es par M. l&rsquo;abb\u00e9 Giraud-Soulavie<\/i><br \/>\nSeptembre 1782, Tome IX, p. 160-169<br \/>\n(Journal des savants)<br \/>\n<a href=\"http:\/\/books.google.be\/books?id=G5kUAAAAQAAJ&amp;printsec=titlepage&amp;lr=&amp;as_brr=1&amp;hl=fr&amp;source=gbs_summary_r&amp;cad=0\" target=\"_blank\" rel=\"noopener\">Acc\u00e9der au volume<\/a> sur <b>GoogleBooks<\/b><\/p>\n<p><b> 820909<\/b><br \/>\nJean-Antoine-Nicolas de Caritat, marquis de Condorcet<br \/>\n<i> \u00c9loge de M. le marquis de Courtenvaux, prononc\u00e9 dans la s\u00e9ance publique de l&rsquo;acad\u00e9mie royale des sciences, le 10 avril 1782<\/i><br \/>\nSeptembre 1782, Tome IX, p. 170-175<br \/>\n(Mercure de France)<br \/>\n<a href=\"http:\/\/books.google.be\/books?id=G5kUAAAAQAAJ&amp;printsec=titlepage&amp;lr=&amp;as_brr=1&amp;hl=fr&amp;source=gbs_summary_r&amp;cad=0\" target=\"_blank\" rel=\"noopener\">Acc\u00e9der au volume<\/a> sur <b>GoogleBooks<\/b><\/p>\n<p style=\"text-align: justify;\"><b> 820910<\/b><br \/>\nNicolas Le Camus de M\u00e9zi\u00e8res<br \/>\n<i> Trait\u00e9 de la force des bois, ouvrage essentiel, qui donne les moyens de procurer plus de solidit\u00e9 aux \u00e9difices, de conna\u00eetre la bonne et la mauvaise qualit\u00e9 des bois, ce calculer leur force, et de m\u00e9nager pr\u00e8s de moiti\u00e9 sur ceux qu&rsquo;on emploie ordinairement; avec la mani\u00e8re la plus avantageuse d&rsquo;exploiter les for\u00eats, d&rsquo;en faire l&rsquo;estimation sur pied, etc.<\/i><br \/>\nSeptembre 1782, Tome IX, p. 176-186<br \/>\n(Ann\u00e9e litt\u00e9raire; Journal des savants)<br \/>\n<a href=\"http:\/\/books.google.be\/books?id=G5kUAAAAQAAJ&amp;printsec=titlepage&amp;lr=&amp;as_brr=1&amp;hl=fr&amp;source=gbs_summary_r&amp;cad=0\" target=\"_blank\" rel=\"noopener\">Acc\u00e9der au volume<\/a> sur <b>GoogleBooks<\/b><\/p>\n<p><b> 820911<\/b><br \/>\nAbb\u00e9 B\u2026 [Gabriel Brizard]\n<i> Histoire g\u00e9n\u00e9alogique de la maison de Beaumont, avec les preuves justificatives pour servir de preuves \u00e0 cette histoire<\/i><br \/>\nSeptembre 1782, Tome IX, p. 187-210<br \/>\n(Extrait envoy\u00e9 aux r\u00e9dacteurs du journal par M. D.***)<br \/>\n<a href=\"http:\/\/books.google.be\/books?id=G5kUAAAAQAAJ&amp;printsec=titlepage&amp;lr=&amp;as_brr=1&amp;hl=fr&amp;source=gbs_summary_r&amp;cad=0\" target=\"_blank\" rel=\"noopener\">Acc\u00e9der au volume<\/a> sur <b>GoogleBooks<\/b><\/p>\n<p><b>820912<\/b><br \/>\n<i> Voyage de Salency, du 8 juin 1781, \u00e0 M. le comte de Cassini, directeur de l&rsquo;observatoire royal, de l&rsquo;acad\u00e9mie des sciences<\/i><br \/>\nSeptembre 1782, Tome IX, p. 211-219<br \/>\n(Mercure de France)<br \/>\n<a href=\"http:\/\/books.google.be\/books?id=G5kUAAAAQAAJ&amp;printsec=titlepage&amp;lr=&amp;as_brr=1&amp;hl=fr&amp;source=gbs_summary_r&amp;cad=0\" target=\"_blank\" rel=\"noopener\">Acc\u00e9der au volume<\/a> sur <b>GoogleBooks<\/b><\/p>\n<p><b>820913<\/b><br \/>\nArnaud Berquin<br \/>\n<i> Philippe et Maximin<\/i><br \/>\nSeptembre 1782, Tome IX, p. 219-222<br \/>\n<a href=\"http:\/\/books.google.be\/books?id=G5kUAAAAQAAJ&amp;printsec=titlepage&amp;lr=&amp;as_brr=1&amp;hl=fr&amp;source=gbs_summary_r&amp;cad=0\" target=\"_blank\" rel=\"noopener\">Acc\u00e9der au volume<\/a> sur <b>GoogleBooks<\/b><\/p>\n<p><b>820914<\/b><br \/>\n<i> Relation du voyage d&rsquo;Henri II d&rsquo;Orl\u00e9ans-Longueville, dans sa principaut\u00e9 de Neuchatel et Valengin en 1657<\/i><br \/>\nSeptembre 1782, Tome IX, p. 223-230<br \/>\n(Journal litt\u00e9raire de Neuchatel)<br \/>\n<a href=\"http:\/\/books.google.be\/books?id=G5kUAAAAQAAJ&amp;printsec=titlepage&amp;lr=&amp;as_brr=1&amp;hl=fr&amp;source=gbs_summary_r&amp;cad=0\" target=\"_blank\" rel=\"noopener\">Acc\u00e9der au volume<\/a> sur <b>GoogleBooks<\/b><\/p>\n<p><b>820915<\/b><br \/>\n<i> Lettre sur deux j\u00e9suites Adam, adress\u00e9e aux r\u00e9dacteurs du Journal<\/i><br \/>\nSeptembre 1782, Tome IX, p. 231-232<br \/>\n<a href=\"http:\/\/books.google.be\/books?id=G5kUAAAAQAAJ&amp;printsec=titlepage&amp;lr=&amp;as_brr=1&amp;hl=fr&amp;source=gbs_summary_r&amp;cad=0\" target=\"_blank\" rel=\"noopener\">Acc\u00e9der au volume<\/a> sur <b>GoogleBooks<\/b><\/p>\n<p><b>820916<\/b><br \/>\n<i> Suite des m\u00e9moires pour servir \u00e0 la vie de Christophe Colomb, traduit de l&rsquo;anglais<\/i><br \/>\nSeptembre 1782, Tome IX, p. 233-245<br \/>\n<a href=\"http:\/\/books.google.be\/books?id=G5kUAAAAQAAJ&amp;printsec=titlepage&amp;lr=&amp;as_brr=1&amp;hl=fr&amp;source=gbs_summary_r&amp;cad=0\" target=\"_blank\" rel=\"noopener\">Acc\u00e9der au volume<\/a> sur <b>GoogleBooks<\/b><\/p>\n<p><b>820917<\/b><br \/>\n<i> \u00c9loge du prince Dominique de Salm, mort subitement au mois de juin 1778, tir\u00e9 des Rheinische Beitrage du mois d&rsquo;ao\u00fbt 1781<\/i><br \/>\nSeptembre 1782, Tome IX, p. 246-249<br \/>\n<a href=\"http:\/\/books.google.be\/books?id=G5kUAAAAQAAJ&amp;printsec=titlepage&amp;lr=&amp;as_brr=1&amp;hl=fr&amp;source=gbs_summary_r&amp;cad=0\" target=\"_blank\" rel=\"noopener\">Acc\u00e9der au volume<\/a> sur <b>GoogleBooks<\/b><\/p>\n<p><b>820918<\/b><br \/>\n<i> Corrections faites par M. Medikus, de quelques erreurs sur le Palatinat, qu&rsquo;on lit dans certains voyages<\/i><br \/>\nSeptembre 1782, Tome IX, p. 250-253<br \/>\n<a href=\"http:\/\/books.google.be\/books?id=G5kUAAAAQAAJ&amp;printsec=titlepage&amp;lr=&amp;as_brr=1&amp;hl=fr&amp;source=gbs_summary_r&amp;cad=0\" target=\"_blank\" rel=\"noopener\">Acc\u00e9der au volume<\/a> sur <b>GoogleBooks<\/b><\/p>\n<p><b>820919<\/b><br \/>\nAnselme Crignon d&rsquo;Ouzou\u00ebr<br \/>\n<i> Imitation libre de la nuit, Idylle du recueil de M. l&rsquo;abb\u00e9 de Reyrac<\/i><br \/>\nSeptembre 1782, Tome IX, p. 254-258<br \/>\n<a href=\"http:\/\/books.google.be\/books?id=G5kUAAAAQAAJ&amp;printsec=titlepage&amp;lr=&amp;as_brr=1&amp;hl=fr&amp;source=gbs_summary_r&amp;cad=0\" target=\"_blank\" rel=\"noopener\">Acc\u00e9der au volume<\/a> sur <b>GoogleBooks<\/b><\/p>\n<p><b>820920<\/b><br \/>\nJean-Nicolas-Marcellin Gu\u00e9rineau de Saint-P\u00e9ravi<br \/>\n<i> \u00c9p\u00eetre de M. de Saint-P\u00e9ravi \u00e0 Monsieur le prince de\u2026 qui lui avait demand\u00e9 la lecture d&rsquo;une pi\u00e8ce de th\u00e9\u00e2tre<\/i><br \/>\nSeptembre 1782, Tome IX, p. 258-259<br \/>\n<a href=\"http:\/\/books.google.be\/books?id=G5kUAAAAQAAJ&amp;printsec=titlepage&amp;lr=&amp;as_brr=1&amp;hl=fr&amp;source=gbs_summary_r&amp;cad=0\" target=\"_blank\" rel=\"noopener\">Acc\u00e9der au volume<\/a> sur <b>GoogleBooks<\/b><\/p>\n<p><b>820921<\/b><br \/>\nCharles Millon<br \/>\n<i> Patrocle et Achille. Traduction litt\u00e9rale du commencement du 16e livre de l&rsquo;Iliade d&rsquo;Hom\u00e8re<\/i><br \/>\nSeptembre 1782, Tome IX, p. 259-264<br \/>\n<a href=\"http:\/\/books.google.be\/books?id=G5kUAAAAQAAJ&amp;printsec=titlepage&amp;lr=&amp;as_brr=1&amp;hl=fr&amp;source=gbs_summary_r&amp;cad=0\" target=\"_blank\" rel=\"noopener\">Acc\u00e9der au volume<\/a> sur <b>GoogleBooks<\/b><\/p>\n<p><b>820922<\/b><br \/>\nGa\u2026. de l&rsquo;h\u00f4tel des postes<br \/>\n<i> \u00c9pigramme<\/i><br \/>\nSeptembre 1782, Tome IX, p. 264<br \/>\n<a href=\"http:\/\/books.google.be\/books?id=G5kUAAAAQAAJ&amp;printsec=titlepage&amp;lr=&amp;as_brr=1&amp;hl=fr&amp;source=gbs_summary_r&amp;cad=0\" target=\"_blank\" rel=\"noopener\">Acc\u00e9der au volume<\/a> sur <b>GoogleBooks<\/b><\/p>\n<p><b>820923<\/b><br \/>\nCoursiaux<br \/>\n<i> La rime et la sottise<\/i><br \/>\nSeptembre 1782, Tome IX, p. 265-266<br \/>\n<a href=\"http:\/\/books.google.be\/books?id=G5kUAAAAQAAJ&amp;printsec=titlepage&amp;lr=&amp;as_brr=1&amp;hl=fr&amp;source=gbs_summary_r&amp;cad=0\" target=\"_blank\" rel=\"noopener\">Acc\u00e9der au volume<\/a> sur <b>GoogleBooks<\/b><\/p>\n<p style=\"text-align: justify;\"><b> 821001<\/b>[Jean-Fran\u00e7ois Peyron]\n<i> Nouveau voyage en Espagne, fait en 1777 et 1778, dans lequel on traite des m\u0153urs, du caract\u00e8re, des monuments anciens et modernes, du commerce, du th\u00e9\u00e2tre, de la l\u00e9gislation des tribunaux particuliers \u00e0 ce royaume, et de l&rsquo;inquisition; avec de nouveaux d\u00e9tails sur son \u00e9tat actuel, et sur une proc\u00e9dure r\u00e9cente et fameuse<\/i><br \/>\nOctobre 1782, Tome X, p. 3-41<br \/>\n(Journal de litt\u00e9rature, des sciences et des arts; Journal encyclop\u00e9dique; Affiches, annonces et avis divers; Mercure de France)<br \/>\n<a href=\"http:\/\/books.google.be\/books?id=mrwUAAAAQAAJ&amp;printsec=frontcover&amp;dq=editions:0c-Qyby_rnjU1r&amp;lr=&amp;as_brr=1&amp;hl=fr\" target=\"_blank\" rel=\"noopener\">Acc\u00e9der au volume<\/a> sur <b>GoogleBooks<\/b><\/p>\n<p style=\"text-align: justify;\"><b> 821002<\/b><br \/>\nRichard Cumberland<br \/>\n<i> Anecdotes of eminent painters in Spain, during the sixteenth and seventeeth centuries, &amp;c. Anecdotes des peintres c\u00e9l\u00e8bres en Espagne, durant les 16me et 17me si\u00e8cles, avec des courtes remarques sur l&rsquo;\u00e9tat pr\u00e9sent des arts en ce royaume<\/i><br \/>\nOctobre 1782, Tome X, p. 42-45<br \/>\n(Critical Review)<br \/>\n<a href=\"http:\/\/books.google.be\/books?id=mrwUAAAAQAAJ&amp;printsec=frontcover&amp;dq=editions:0c-Qyby_rnjU1r&amp;lr=&amp;as_brr=1&amp;hl=fr\" target=\"_blank\" rel=\"noopener\">Acc\u00e9der au volume<\/a> sur <b>GoogleBooks<\/b><\/p>\n<p style=\"text-align: justify;\"><b> 821003<\/b><br \/>\nMiss D. P. [Robert Dodsley]\n<i> Manuel de tous les \u00e2ges, ou \u00c9conomie de la vie humaine. Traduit d&rsquo;un ancien manuscrit indien en anglais, et de l&rsquo;anglais en fran\u00e7ais, sur la derni\u00e8re \u00e9dition<\/i><br \/>\nOctobre 1782, Tome X, p. 46-51<br \/>\n(Journal de litt\u00e9rature, des sciences et des arts)<br \/>\n<a href=\"http:\/\/books.google.be\/books?id=mrwUAAAAQAAJ&amp;printsec=frontcover&amp;dq=editions:0c-Qyby_rnjU1r&amp;lr=&amp;as_brr=1&amp;hl=fr\" target=\"_blank\" rel=\"noopener\">Acc\u00e9der au volume<\/a> sur <b>GoogleBooks<\/b><\/p>\n<p style=\"text-align: justify;\"><b> 821004<\/b><br \/>\nSamuel Johnson<br \/>\n<i> The works of the English poets, &amp;c. \u0152uvres des po\u00e8tes anglais, avec les tomes V, VI, VII, VIII, IX et X, des pr\u00e9faces biographiques et critiques<\/i><br \/>\nOctobre 1782, Tome X, p. 51-64<br \/>\n<a href=\"http:\/\/books.google.be\/books?id=mrwUAAAAQAAJ&amp;printsec=frontcover&amp;dq=editions:0c-Qyby_rnjU1r&amp;lr=&amp;as_brr=1&amp;hl=fr\" target=\"_blank\" rel=\"noopener\">Acc\u00e9der au volume<\/a> sur <b>GoogleBooks<\/b><\/p>\n<p style=\"text-align: justify;\"><b> 821005<\/b><br \/>\nHenri-Alexandre Tessier<br \/>\n<i> Observations sur plusieurs maladies de bestiaux, telles que la maladie rouge et la maladie du sang, qui attaquent les b\u00eates \u00e0 laine, et celles que cause aux b\u00eates \u00e0 cornes et aux chevaux, la construction vicieuse des \u00e9tables et des \u00e9curies; avec le plan d&rsquo;une \u00e9table, et celui d&rsquo;une \u00e9curie convenable aux chevaux de cavalerie, de fermes, de postes, &amp;c.<\/i><br \/>\nOctobre 1782, Tome X, p. 65-86<br \/>\n(Journal d&rsquo;agriculture, commerce, arts et finances)<br \/>\n<a href=\"http:\/\/books.google.be\/books?id=mrwUAAAAQAAJ&amp;printsec=frontcover&amp;dq=editions:0c-Qyby_rnjU1r&amp;lr=&amp;as_brr=1&amp;hl=fr\" target=\"_blank\" rel=\"noopener\">Acc\u00e9der au volume<\/a> sur <b>GoogleBooks<\/b><\/p>\n<p><b> 821006<\/b><br \/>\nJoseph-Louis-Ripault D\u00e9sormeaux<br \/>\n<i> Histoire de la Maison de Bourbon<\/i><br \/>\nOctobre 1782, Tome X, p. 86-111<br \/>\n(Ann\u00e9e litt\u00e9raire; Mercure de France)<br \/>\n<a href=\"http:\/\/books.google.be\/books?id=mrwUAAAAQAAJ&amp;printsec=frontcover&amp;dq=editions:0c-Qyby_rnjU1r&amp;lr=&amp;as_brr=1&amp;hl=fr\" target=\"_blank\" rel=\"noopener\">Acc\u00e9der au volume<\/a> sur <b>GoogleBooks<\/b><\/p>\n<p style=\"text-align: justify;\"><b> 821007<\/b><br \/>\n<i> Annales po\u00e9tiques depuis l&rsquo;origine de la po\u00e9sie fran\u00e7aise, tome XX, avec le portrait de Corneille; tome XXI, avec le portrait du P. le Moine<\/i><br \/>\nOctobre 1782, Tome X, p. 112-127<br \/>\n(Journal de Paris; Mercure de France; Journal encyclop\u00e9dique)<br \/>\n<a href=\"http:\/\/books.google.be\/books?id=mrwUAAAAQAAJ&amp;printsec=frontcover&amp;dq=editions:0c-Qyby_rnjU1r&amp;lr=&amp;as_brr=1&amp;hl=fr\" target=\"_blank\" rel=\"noopener\">Acc\u00e9der au volume<\/a> sur <b>GoogleBooks<\/b><\/p>\n<p><b> 821008<\/b>[Charles Gaspard de Toustain-Richebourg]\n<i> Pr\u00e9cis historique sur le comte de Vair, commandant les volontaires de l&rsquo;arm\u00e9e; par un major de cavalerie<\/i><br \/>\nOctobre 1782, Tome X, p. 127-139<br \/>\n(Journal encyclop\u00e9dique)<br \/>\n<a href=\"http:\/\/books.google.be\/books?id=mrwUAAAAQAAJ&amp;printsec=frontcover&amp;dq=editions:0c-Qyby_rnjU1r&amp;lr=&amp;as_brr=1&amp;hl=fr\" target=\"_blank\" rel=\"noopener\">Acc\u00e9der au volume<\/a> sur <b>GoogleBooks<\/b><\/p>\n<p><b> 821009<\/b>[Abb\u00e9 de Fontenai]\n<i> Le voyageur fran\u00e7ais, ou la connaissance de l&rsquo;ancien et du nouveau monde. Tomes XXVII et XXVIII<\/i><br \/>\nOctobre 1782, Tome X, p. 139-160<br \/>\n(Ann\u00e9e litt\u00e9raire; Journal de Monsieur)<br \/>\n<a href=\"http:\/\/books.google.be\/books?id=mrwUAAAAQAAJ&amp;printsec=frontcover&amp;dq=editions:0c-Qyby_rnjU1r&amp;lr=&amp;as_brr=1&amp;hl=fr\" target=\"_blank\" rel=\"noopener\">Acc\u00e9der au volume<\/a> sur <b>GoogleBooks<\/b><\/p>\n<p><b> 821010<\/b><br \/>\nJohn Sinclair<br \/>\n<i> Thougts on the naval strenght of the British Empire, &amp;c. Pens\u00e9es sur les forces navales de la Grande-Bretagne<\/i><br \/>\nOctobre 1782, Tome X, p. 160-179<br \/>\n(Critical Review)<br \/>\n<a href=\"http:\/\/books.google.be\/books?id=mrwUAAAAQAAJ&amp;printsec=frontcover&amp;dq=editions:0c-Qyby_rnjU1r&amp;lr=&amp;as_brr=1&amp;hl=fr\" target=\"_blank\" rel=\"noopener\">Acc\u00e9der au volume<\/a> sur <b>GoogleBooks<\/b><\/p>\n<p><b> 821011<\/b><br \/>\nAntoine-Ren\u00e9 de Voyer, marquis de Paulmy d&rsquo;Argenson<br \/>\n<i> M\u00e9langes tir\u00e9s d&rsquo;une grande biblioth\u00e8que. De la lecture des livres fran\u00e7ais; lettre Cc. Livres militaires du XVIe si\u00e8cle<\/i><br \/>\nOctobre 1782, Tome X, p. 179-200<br \/>\n(Journal de litt\u00e9rature, des sciences et des arts; Journal de Paris)<br \/>\n<a href=\"http:\/\/books.google.be\/books?id=mrwUAAAAQAAJ&amp;printsec=frontcover&amp;dq=editions:0c-Qyby_rnjU1r&amp;lr=&amp;as_brr=1&amp;hl=fr\" target=\"_blank\" rel=\"noopener\">Acc\u00e9der au volume<\/a> sur <b>GoogleBooks<\/b><\/p>\n<p><b> 821012<\/b><br \/>\nAbb\u00e9 Dourneau<br \/>\n<i> L&rsquo;immortalit\u00e9 de l&rsquo;\u00e2me, po\u00e8me<\/i><br \/>\nOctobre 1782, Tome X, p. 201-04<br \/>\n(Journal de Paris; Mercure de France)<br \/>\n<a href=\"http:\/\/books.google.be\/books?id=mrwUAAAAQAAJ&amp;printsec=frontcover&amp;dq=editions:0c-Qyby_rnjU1r&amp;lr=&amp;as_brr=1&amp;hl=fr\" target=\"_blank\" rel=\"noopener\">Acc\u00e9der au volume<\/a> sur <b>GoogleBooks<\/b><\/p>\n<p style=\"text-align: justify;\"><b> 821013<\/b><br \/>\nThomas Bever<br \/>\n<i> The history of the legal polity of the Roman Empire, &amp;c. Histoire des lois politiques de l&rsquo;Empire Romain, de leur origine, de leur progr\u00e8s, de leur \u00e9tendue<\/i><br \/>\nOctobre 1782, Tome X, p. 205-216<br \/>\n(Critical Review)<br \/>\n<a href=\"http:\/\/books.google.be\/books?id=mrwUAAAAQAAJ&amp;printsec=frontcover&amp;dq=editions:0c-Qyby_rnjU1r&amp;lr=&amp;as_brr=1&amp;hl=fr\" target=\"_blank\" rel=\"noopener\">Acc\u00e9der au volume<\/a> sur <b>GoogleBooks<\/b><\/p>\n<p><b> 821014<\/b><br \/>\nP*** [Jean-Andr\u00e9 Perreau]\n<i> Les remords ou le m\u00e9chant<\/i><br \/>\nOctobre 1782, Tome X, p. 217-221<br \/>\n(Mercure de France)<br \/>\n<a href=\"http:\/\/books.google.be\/books?id=mrwUAAAAQAAJ&amp;printsec=frontcover&amp;dq=editions:0c-Qyby_rnjU1r&amp;lr=&amp;as_brr=1&amp;hl=fr\" target=\"_blank\" rel=\"noopener\">Acc\u00e9der au volume<\/a> sur <b>GoogleBooks<\/b><\/p>\n<p><b> 821015<\/b><br \/>\nAbb\u00e9 Le Monnier<br \/>\n<i> Traduction de la satire d&rsquo;Horace : Ibam forte vi\u00e2 sacr\u00e2, etc. Satyre IXe. du premier livre<\/i><br \/>\nOctobre 1782, Tome X, p. 221-225<br \/>\n(Journal de Monsieur)<br \/>\n<a href=\"http:\/\/books.google.be\/books?id=mrwUAAAAQAAJ&amp;printsec=frontcover&amp;dq=editions:0c-Qyby_rnjU1r&amp;lr=&amp;as_brr=1&amp;hl=fr\" target=\"_blank\" rel=\"noopener\">Acc\u00e9der au volume<\/a> sur <b>GoogleBooks<\/b><\/p>\n<p><b> 821016<\/b><br \/>\nL&rsquo;A. M. [Th\u00e9odore Augustin Mann]\n<i> Lettre aux r\u00e9dacteurs de l&rsquo;Esprit des journaux, en leur adressant le Pr\u00e9cis sur le capitaine Cook<\/i><br \/>\nOctobre 1782, Tome X, p. 225-238<br \/>\n<a href=\"http:\/\/books.google.be\/books?id=mrwUAAAAQAAJ&amp;printsec=frontcover&amp;dq=editions:0c-Qyby_rnjU1r&amp;lr=&amp;as_brr=1&amp;hl=fr\" target=\"_blank\" rel=\"noopener\">Acc\u00e9der au volume<\/a> sur <b>GoogleBooks<\/b><\/p>\n<p><b> 821017<\/b><br \/>\n<i> Lettre de M. C. C. Gjoerwell, biblioth\u00e9caire du roi de Su\u00e8de, et directeur de la soci\u00e9t\u00e9 royale de Stockholm, aux auteurs du Journal de Paris<\/i><br \/>\nOctobre 1782, Tome X, p. 238-241<br \/>\n<a href=\"http:\/\/books.google.be\/books?id=mrwUAAAAQAAJ&amp;printsec=frontcover&amp;dq=editions:0c-Qyby_rnjU1r&amp;lr=&amp;as_brr=1&amp;hl=fr\" target=\"_blank\" rel=\"noopener\">Acc\u00e9der au volume<\/a> sur <b>GoogleBooks<\/b><\/p>\n<p><b> 821018<\/b><br \/>\n<i> Fin des M\u00e9moires pour servir \u00e0 la vie de Christophe Colomb. Traduit de l&rsquo;anglais<\/i><br \/>\nOctobre 1782, Tome X, p. 241-252<br \/>\n<a href=\"http:\/\/books.google.be\/books?id=mrwUAAAAQAAJ&amp;printsec=frontcover&amp;dq=editions:0c-Qyby_rnjU1r&amp;lr=&amp;as_brr=1&amp;hl=fr\" target=\"_blank\" rel=\"noopener\">Acc\u00e9der au volume<\/a> sur <b>GoogleBooks<\/b><\/p>\n<p><b> 821019<\/b><br \/>\nLe Prince, le jeune<br \/>\n<i> Remarques sur la mani\u00e8re dont les peintres et les sculpteurs repr\u00e9sentent l&rsquo;\u00e9tat de l&rsquo;homme apr\u00e8s sa vie<\/i><br \/>\nOctobre 1782, Tome X, p. 253-256<br \/>\n<a href=\"http:\/\/books.google.be\/books?id=mrwUAAAAQAAJ&amp;printsec=frontcover&amp;dq=editions:0c-Qyby_rnjU1r&amp;lr=&amp;as_brr=1&amp;hl=fr\" target=\"_blank\" rel=\"noopener\">Acc\u00e9der au volume<\/a> sur <b>GoogleBooks<\/b><\/p>\n<p><b> 821020<\/b>[Louis-Jules Mancini-Mazarini, duc de Nivernais]\n<i> Le chardonneret en libert\u00e9<\/i><br \/>\nOctobre 1782, Tome X, p. 257-258<br \/>\n<a href=\"http:\/\/books.google.be\/books?id=mrwUAAAAQAAJ&amp;printsec=frontcover&amp;dq=editions:0c-Qyby_rnjU1r&amp;lr=&amp;as_brr=1&amp;hl=fr\" target=\"_blank\" rel=\"noopener\">Acc\u00e9der au volume<\/a> sur <b>GoogleBooks<\/b><\/p>\n<p><b> 821021<\/b><br \/>\nCharles-Michel de Villette<br \/>\n<i> Stances \u00e0 ma jeune femme<\/i><br \/>\nOctobre 1782, Tome X, p. 258-260<br \/>\n<a href=\"http:\/\/books.google.be\/books?id=mrwUAAAAQAAJ&amp;printsec=frontcover&amp;dq=editions:0c-Qyby_rnjU1r&amp;lr=&amp;as_brr=1&amp;hl=fr\" target=\"_blank\" rel=\"noopener\">Acc\u00e9der au volume<\/a> sur <b>GoogleBooks<\/b><\/p>\n<p><b> 821022<\/b><br \/>\nMarvielles [Claude de Marolles]\n<i> Le rossignol et le butor, Fable<\/i><br \/>\nOctobre 1782, Tome X, p. 260-261<br \/>\n<a href=\"http:\/\/books.google.be\/books?id=mrwUAAAAQAAJ&amp;printsec=frontcover&amp;dq=editions:0c-Qyby_rnjU1r&amp;lr=&amp;as_brr=1&amp;hl=fr\" target=\"_blank\" rel=\"noopener\">Acc\u00e9der au volume<\/a> sur <b>GoogleBooks<\/b><\/p>\n<p><b> 821023<\/b><br \/>\nColin<br \/>\n<i> Le parasite frustr\u00e9. Quiproquo dialogu\u00e9<\/i><br \/>\nOctobre 1782, Tome X, p. 261-262<br \/>\n<a href=\"http:\/\/books.google.be\/books?id=mrwUAAAAQAAJ&amp;printsec=frontcover&amp;dq=editions:0c-Qyby_rnjU1r&amp;lr=&amp;as_brr=1&amp;hl=fr\" target=\"_blank\" rel=\"noopener\">Acc\u00e9der au volume<\/a> sur <b>GoogleBooks<\/b><\/p>\n<p><b> 821024<\/b><br \/>\nMlle Aurore<br \/>\n<i> \u00c9p\u00eetre<\/i><br \/>\nOctobre 1782, Tome X, p. 262-263<br \/>\n<a href=\"http:\/\/books.google.be\/books?id=mrwUAAAAQAAJ&amp;printsec=frontcover&amp;dq=editions:0c-Qyby_rnjU1r&amp;lr=&amp;as_brr=1&amp;hl=fr\" target=\"_blank\" rel=\"noopener\">Acc\u00e9der au volume<\/a> sur <b>GoogleBooks<\/b><\/p>\n<p><b> 821025<\/b><br \/>\nChevalier de Meilcourt<br \/>\n<i> Vers \u00e0 Mademoiselle Aurore \/ Suivis de la r\u00e9ponse de Mlle. Aurore<\/i><br \/>\nOctobre 1782, Tome X, p. 264-265<br \/>\n<a href=\"http:\/\/books.google.be\/books?id=mrwUAAAAQAAJ&amp;printsec=frontcover&amp;dq=editions:0c-Qyby_rnjU1r&amp;lr=&amp;as_brr=1&amp;hl=fr\" target=\"_blank\" rel=\"noopener\">Acc\u00e9der au volume<\/a> sur <b>GoogleBooks<\/b><\/p>\n<p style=\"text-align: justify;\"><b> 821026<\/b><br \/>\n<i>\u00c0 Mde. La vicomtesse de L***, qui s&rsquo;applique enti\u00e8rement \u00e0 l&rsquo;\u00e9tude de l&rsquo;orthographe, et qui dit \u00abqu&rsquo;on en vaut mieux quand on fait cela\u00bb<\/i><br \/>\nOctobre 1782, Tome X, p. 266<br \/>\n<a href=\"http:\/\/books.google.be\/books?id=mrwUAAAAQAAJ&amp;printsec=frontcover&amp;dq=editions:0c-Qyby_rnjU1r&amp;lr=&amp;as_brr=1&amp;hl=fr\" target=\"_blank\" rel=\"noopener\">Acc\u00e9der au volume<\/a> sur <b>GoogleBooks<\/b><\/p>\n<p><b> 821027<\/b><br \/>\nAbb\u00e9 V\u2026<br \/>\n<i> L&rsquo;\u00e9quivoque, Conte<\/i><br \/>\nOctobre 1782, Tome X, p. 266-267<br \/>\n<a href=\"http:\/\/books.google.be\/books?id=mrwUAAAAQAAJ&amp;printsec=frontcover&amp;dq=editions:0c-Qyby_rnjU1r&amp;lr=&amp;as_brr=1&amp;hl=fr\" target=\"_blank\" rel=\"noopener\">Acc\u00e9der au volume<\/a> sur <b>GoogleBooks<\/b><\/p>\n<p><b> 821101<\/b><br \/>\nJean Antoine Rigoley de Juvigny<br \/>\n<i> Discours sur le progr\u00e8s des lettres en France<\/i><br \/>\nNovembre 1782, Tome XI, p. 3-22<br \/>\n(Journal de Monsieur; Journal de Paris)<br \/>\n<a href=\"http:\/\/books.google.be\/books?id=PZkUAAAAQAAJ&amp;printsec=titlepage&amp;dq=intitle:l%27esprit+intitle:des+date:1782-1782&amp;lr=&amp;as_brr=1&amp;hl=fr&amp;source=gbs_summary_r&amp;cad=0\" target=\"_blank\" rel=\"noopener\">Acc\u00e9der au volume<\/a> sur <b>GoogleBooks<\/b><\/p>\n<p><b> 821102<\/b><br \/>\nMichel-Ren\u00e9 Hilliard d&rsquo;Auberteuil<br \/>\n<i> Essais historiques et politiques sur les Anglo-Am\u00e9ricains. Tome second<\/i><br \/>\nNovembre 1782, Tome XI, p. 23-38<br \/>\n(Journal encyclop\u00e9dique; Journal de Paris; Mercure de France)<br \/>\n<a href=\"http:\/\/books.google.be\/books?id=PZkUAAAAQAAJ&amp;printsec=titlepage&amp;dq=intitle:l%27esprit+intitle:des+date:1782-1782&amp;lr=&amp;as_brr=1&amp;hl=fr&amp;source=gbs_summary_r&amp;cad=0\" target=\"_blank\" rel=\"noopener\">Acc\u00e9der au volume<\/a> sur <b>GoogleBooks<\/b><\/p>\n<p><b> 821103<\/b>[Joseph-Nicolas Camuset]\n<i> De l&rsquo;architecture des corps humains, ou le mat\u00e9rialisme r\u00e9fut\u00e9 par les sens; par l&rsquo;auteur des Principes contre l&rsquo;incr\u00e9dulit\u00e9<\/i><br \/>\nNovembre 1782, Tome XI, p. 38-42<br \/>\n(Journal de litt\u00e9rature, des sciences et des arts)<br \/>\n<a href=\"http:\/\/books.google.be\/books?id=PZkUAAAAQAAJ&amp;printsec=titlepage&amp;dq=intitle:l%27esprit+intitle:des+date:1782-1782&amp;lr=&amp;as_brr=1&amp;hl=fr&amp;source=gbs_summary_r&amp;cad=0\" target=\"_blank\" rel=\"noopener\">Acc\u00e9der au volume<\/a> sur <b>GoogleBooks<\/b><\/p>\n<p><b> 821104<\/b>[Mignonneau]\n<i> Opinion d&rsquo;un citoyen sur le mariage et sur la dot<\/i><br \/>\nNovembre 1782, Tome XI, p. 43-53<br \/>\n(Journal des savants; Journal encyclop\u00e9dique)<br \/>\n<a href=\"http:\/\/books.google.be\/books?id=PZkUAAAAQAAJ&amp;printsec=titlepage&amp;dq=intitle:l%27esprit+intitle:des+date:1782-1782&amp;lr=&amp;as_brr=1&amp;hl=fr&amp;source=gbs_summary_r&amp;cad=0\" target=\"_blank\" rel=\"noopener\">Acc\u00e9der au volume<\/a> sur <b>GoogleBooks<\/b><\/p>\n<p><b> 821105<\/b><br \/>\nJohann Christoph Maier<br \/>\n<i> Versuch einer Geschichte der Kreuzz\u00fcge, &amp;c. Essai d&rsquo;une histoire des croisades et de leurs suites<\/i><br \/>\nNovembre 1782, Tome XI, p. 53-59<br \/>\n(Journal encyclop\u00e9dique)<br \/>\n<a href=\"http:\/\/books.google.be\/books?id=PZkUAAAAQAAJ&amp;printsec=titlepage&amp;dq=intitle:l%27esprit+intitle:des+date:1782-1782&amp;lr=&amp;as_brr=1&amp;hl=fr&amp;source=gbs_summary_r&amp;cad=0\" target=\"_blank\" rel=\"noopener\">Acc\u00e9der au volume<\/a> sur <b>GoogleBooks<\/b><\/p>\n<p style=\"text-align: justify;\"><b> 821106<\/b><br \/>\nJean-Charles Poncelin de La Roche-Tilhac<br \/>\n<i> Recueil d&rsquo;\u00e9v\u00e9nements curieux et int\u00e9ressants, ou Tableau politique, historique et philosophique de l&rsquo;ann\u00e9e 1781; suivi d&rsquo;un essai sur la vie d&rsquo;Hyder-Ali-Khan, roi de l&rsquo;une des parties de la presqu&rsquo;\u00eele de l&rsquo;Inde<\/i><br \/>\nNovembre 1782, Tome XI, p. 60-69<br \/>\n(Ann\u00e9e litt\u00e9raire; Journal des savants)<br \/>\n<a href=\"http:\/\/books.google.be\/books?id=PZkUAAAAQAAJ&amp;printsec=titlepage&amp;dq=intitle:l%27esprit+intitle:des+date:1782-1782&amp;lr=&amp;as_brr=1&amp;hl=fr&amp;source=gbs_summary_r&amp;cad=0\" target=\"_blank\" rel=\"noopener\">Acc\u00e9der au volume<\/a> sur <b>GoogleBooks<\/b><\/p>\n<p><b> 821107<\/b>[Edme-Louis Billardon de Sauvigny]\n<i> Les apr\u00e8s-soupers de la soci\u00e9t\u00e9, petit th\u00e9\u00e2tre lyrique et moral sur les aventures du jour<\/i><br \/>\nNovembre 1782, Tome XI, p. 69-76<br \/>\n(Mercure de France; Journal de Paris; Affiches, annonces et avis divers)<br \/>\n<a href=\"http:\/\/books.google.be\/books?id=PZkUAAAAQAAJ&amp;printsec=titlepage&amp;dq=intitle:l%27esprit+intitle:des+date:1782-1782&amp;lr=&amp;as_brr=1&amp;hl=fr&amp;source=gbs_summary_r&amp;cad=0\" target=\"_blank\" rel=\"noopener\">Acc\u00e9der au volume<\/a> sur <b>GoogleBooks<\/b><\/p>\n<p style=\"text-align: justify;\"><b> 821108<\/b><br \/>\n<i> Lettres \u00e9difiantes et curieuses \u00e9crites des missions \u00e9trang\u00e8res. Tome XIX, XX, XXI, XXII, XXIII et XXIV. Suite des m\u00e9moires de la Chine<\/i><br \/>\nNovembre 1782, Tome XI, p. 77-90<br \/>\n(Journal des savants; Journal encyclop\u00e9dique; Affiches, annonces, et avis divers)<br \/>\n<a href=\"http:\/\/books.google.be\/books?id=PZkUAAAAQAAJ&amp;printsec=titlepage&amp;dq=intitle:l%27esprit+intitle:des+date:1782-1782&amp;lr=&amp;as_brr=1&amp;hl=fr&amp;source=gbs_summary_r&amp;cad=0\" target=\"_blank\" rel=\"noopener\">Acc\u00e9der au volume<\/a> sur <b>GoogleBooks<\/b><\/p>\n<p style=\"text-align: justify;\"><b> 821109<\/b><br \/>\nHenri-Alexandre Tessier<br \/>\n<i> Observations sur plusieurs maladies de bestiaux, telles que la maladie rouge et la maladie du sang, qui attaquent les b\u00eates \u00e0 laine, et celles que cause aux b\u00eates \u00e0 cornes et aux chevaux, la construction vicieuse des \u00e9tables et des \u00e9curies; avec le plan d&rsquo;une \u00e9table, et celui d&rsquo;une \u00e9curie convenable aux chevaux de cavalerie, de fermes, de postes, &amp;c.<\/i><br \/>\nNovembre 1782, Tome XI, p. 91-109<br \/>\n(Journal d&rsquo;agriculture, commerce, finances et arts; Gazette de sant\u00e9; Journal de Paris)<br \/>\n<a href=\"http:\/\/books.google.be\/books?id=PZkUAAAAQAAJ&amp;printsec=titlepage&amp;dq=intitle:l%27esprit+intitle:des+date:1782-1782&amp;lr=&amp;as_brr=1&amp;hl=fr&amp;source=gbs_summary_r&amp;cad=0\" target=\"_blank\" rel=\"noopener\">Acc\u00e9der au volume<\/a> sur <b>GoogleBooks<\/b><\/p>\n<p style=\"text-align: justify;\"><b> 821110<\/b>[\u00c9tienne Fran\u00e7ois de Lantier]\n<i> Le Flatteur, com\u00e9die en cinq actes et en vers libres; repr\u00e9sent\u00e9e pour la premi\u00e8re fois sur le th\u00e9\u00e2tre de la nation, le vendredi 15 f\u00e9vrier 1782<\/i><br \/>\nNovembre 1782, Tome XI, p. 110-131<br \/>\n(Journal encyclop\u00e9dique; Mercure de France; Gazette litt\u00e9raire de l&rsquo;Europe)<br \/>\n<a href=\"http:\/\/books.google.be\/books?id=PZkUAAAAQAAJ&amp;printsec=titlepage&amp;dq=intitle:l%27esprit+intitle:des+date:1782-1782&amp;lr=&amp;as_brr=1&amp;hl=fr&amp;source=gbs_summary_r&amp;cad=0\" target=\"_blank\" rel=\"noopener\">Acc\u00e9der au volume<\/a> sur <b>GoogleBooks<\/b><\/p>\n<p style=\"text-align: justify;\"><b> 821111<\/b><br \/>\nWilliam MacIntosh<br \/>\n<i> Travels in Europe, Asia and Africa, describing characters, customs, &amp;c. Voyages en Europe, en Asie et en Afrique, contenant la description des caract\u00e8res, des m\u0153urs, des coutumes, des lois, des productions de la nature et de l&rsquo;art, &amp;c.<\/i><br \/>\nNovembre 1782, Tome XI, p. 132-142<br \/>\n(Critical Review)<br \/>\n<a href=\"http:\/\/books.google.be\/books?id=PZkUAAAAQAAJ&amp;printsec=titlepage&amp;dq=intitle:l%27esprit+intitle:des+date:1782-1782&amp;lr=&amp;as_brr=1&amp;hl=fr&amp;source=gbs_summary_r&amp;cad=0\" target=\"_blank\" rel=\"noopener\">Acc\u00e9der au volume<\/a> sur <b>GoogleBooks<\/b><\/p>\n<p><b> 821112<\/b><br \/>\nAntoine-Ren\u00e9 de Voyer, marquis de Paulmy d&rsquo;Argenson<br \/>\n<i> M\u00e9langes tir\u00e9s d&rsquo;une grande biblioth\u00e8que. De la lecture des livres fran\u00e7ais. Lettre Dd. Suite des livres militaires du XVe si\u00e8cle<\/i><br \/>\nNovembre 1782, Tome XI, p. 143-160<br \/>\n(Journal de litt\u00e9rature, des sciences et des arts; Journal de Paris)<br \/>\n<a href=\"http:\/\/books.google.be\/books?id=PZkUAAAAQAAJ&amp;printsec=titlepage&amp;dq=intitle:l%27esprit+intitle:des+date:1782-1782&amp;lr=&amp;as_brr=1&amp;hl=fr&amp;source=gbs_summary_r&amp;cad=0\" target=\"_blank\" rel=\"noopener\">Acc\u00e9der au volume<\/a> sur <b>GoogleBooks<\/b><\/p>\n<p><b> 821113<\/b>[Mademoiselle Fontette de Sommery]\n<i> Doutes sur les opinions re\u00e7ues dans la soci\u00e9t\u00e9<\/i><br \/>\nNovembre 1782, Tome XI, p. 161-166<br \/>\n(Mercure de France)<br \/>\n<a href=\"http:\/\/books.google.be\/books?id=PZkUAAAAQAAJ&amp;printsec=titlepage&amp;dq=intitle:l%27esprit+intitle:des+date:1782-1782&amp;lr=&amp;as_brr=1&amp;hl=fr&amp;source=gbs_summary_r&amp;cad=0\" target=\"_blank\" rel=\"noopener\">Acc\u00e9der au volume<\/a> sur <b>GoogleBooks<\/b><\/p>\n<p style=\"text-align: justify;\"><b> 821114<\/b><br \/>\nSamuel Johnson<br \/>\n<i> The works of the English poets, &amp;c. \u0152uvres des po\u00e8tes anglais, avec les tomes V, VI, VII, VIII, IX et X, des pr\u00e9faces biographiques et critiques<\/i><br \/>\nNovembre 1782, Tome XI, p. 166-178<br \/>\n<a href=\"http:\/\/books.google.be\/books?id=PZkUAAAAQAAJ&amp;printsec=titlepage&amp;dq=intitle:l%27esprit+intitle:des+date:1782-1782&amp;lr=&amp;as_brr=1&amp;hl=fr&amp;source=gbs_summary_r&amp;cad=0\" target=\"_blank\" rel=\"noopener\">Acc\u00e9der au volume<\/a> sur <b>GoogleBooks<\/b><\/p>\n<p style=\"text-align: justify;\"><b> 821115<\/b><br \/>\nPiroux<br \/>\n<i> Moyens de pr\u00e9server les \u00e9difices d&rsquo;incendies, et d&#8217;emp\u00eacher les progr\u00e8s des flammes; m\u00e9moire qui a remport\u00e9 le prix de l&rsquo;acad\u00e9mie royale de Nancy, le 8 mai 1781<\/i><br \/>\nNovembre 1782, Tome XI, p. 179-185<br \/>\n(Journal encyclop\u00e9dique)<br \/>\n<a href=\"http:\/\/books.google.be\/books?id=PZkUAAAAQAAJ&amp;printsec=titlepage&amp;dq=intitle:l%27esprit+intitle:des+date:1782-1782&amp;lr=&amp;as_brr=1&amp;hl=fr&amp;source=gbs_summary_r&amp;cad=0\" target=\"_blank\" rel=\"noopener\">Acc\u00e9der au volume<\/a> sur <b>GoogleBooks<\/b><\/p>\n<p style=\"text-align: justify;\"><b> 821116<\/b><br \/>\nClemente Bondi<br \/>\n<i> Les plaintes d&rsquo;un berger, \u00e9l\u00e9gie en vers traduite de l&rsquo;italien, par M. Pingeron, capitaine d&rsquo;artillerie, ing\u00e9nieur au service de Pologne, etc. Lue au Mus\u00e9e de Paris, le 20 f\u00e9vrier 1782<\/i><br \/>\nNovembre 1782, Tome XI, p. 186-193<br \/>\n(Journal encyclop\u00e9dique)<br \/>\n<a href=\"http:\/\/books.google.be\/books?id=PZkUAAAAQAAJ&amp;printsec=titlepage&amp;dq=intitle:l%27esprit+intitle:des+date:1782-1782&amp;lr=&amp;as_brr=1&amp;hl=fr&amp;source=gbs_summary_r&amp;cad=0\" target=\"_blank\" rel=\"noopener\">Acc\u00e9der au volume<\/a> sur <b>GoogleBooks<\/b><\/p>\n<p style=\"text-align: justify;\"><b> 821117<\/b><br \/>\n<i> Copie d&rsquo;une lettre de M. Christin, avocat au parlement de Besan\u00e7on et ancien d\u00e9fenseur des serfs du Mont-Jura, \u00e0 M. de Florian<\/i><br \/>\nNovembre 1782, Tome XI, p. 194<br \/>\n(Journal de Paris)<br \/>\n<a href=\"http:\/\/books.google.be\/books?id=PZkUAAAAQAAJ&amp;printsec=titlepage&amp;dq=intitle:l%27esprit+intitle:des+date:1782-1782&amp;lr=&amp;as_brr=1&amp;hl=fr&amp;source=gbs_summary_r&amp;cad=0\" target=\"_blank\" rel=\"noopener\">Acc\u00e9der au volume<\/a> sur <b>GoogleBooks<\/b><\/p>\n<p><b> 821118<\/b><br \/>\n<i> Testament singulier. Paysan qui institue, par son testament, son cheval son h\u00e9ritier<\/i><br \/>\nNovembre 1782, Tome XI, p. 195-197<br \/>\n(Causes c\u00e9l\u00e8bres, curieuses et int\u00e9ressantes)<br \/>\n<a href=\"http:\/\/books.google.be\/books?id=PZkUAAAAQAAJ&amp;printsec=titlepage&amp;dq=intitle:l%27esprit+intitle:des+date:1782-1782&amp;lr=&amp;as_brr=1&amp;hl=fr&amp;source=gbs_summary_r&amp;cad=0\" target=\"_blank\" rel=\"noopener\">Acc\u00e9der au volume<\/a> sur <b>GoogleBooks<\/b><\/p>\n<p><b> 821119<\/b><br \/>\nAbb\u00e9 Le Monnier<br \/>\n<i> Traduction d&rsquo;Horace. Ode 13, liv. 2<\/i><br \/>\nNovembre 1782, Tome XI, p. 197-198<br \/>\n(Journal de litt\u00e9rature, des sciences et des arts)<br \/>\n<a href=\"http:\/\/books.google.be\/books?id=PZkUAAAAQAAJ&amp;printsec=titlepage&amp;dq=intitle:l%27esprit+intitle:des+date:1782-1782&amp;lr=&amp;as_brr=1&amp;hl=fr&amp;source=gbs_summary_r&amp;cad=0\" target=\"_blank\" rel=\"noopener\">Acc\u00e9der au volume<\/a> sur <b>GoogleBooks<\/b><\/p>\n<p><b> 821120<\/b><br \/>\nHyppolite St\u00e9panoff<br \/>\n<i> Relation d&rsquo;un voyage du Kamtschatke \u00e0 Macao, tir\u00e9 des Rheinische beitraege du mois de d\u00e9cembre 1781<\/i><br \/>\nNovembre 1782, Tome XI, p. 199-210<br \/>\n<a href=\"http:\/\/books.google.be\/books?id=PZkUAAAAQAAJ&amp;printsec=titlepage&amp;dq=intitle:l%27esprit+intitle:des+date:1782-1782&amp;lr=&amp;as_brr=1&amp;hl=fr&amp;source=gbs_summary_r&amp;cad=0\" target=\"_blank\" rel=\"noopener\">Acc\u00e9der au volume<\/a> sur <b>GoogleBooks<\/b><\/p>\n<p><b> 821121<\/b><br \/>\nAbb\u00e9 Pech<br \/>\n<i> Le buste de Poussin, plac\u00e9 au Vatican<\/i><br \/>\nNovembre 1782, Tome XI, p. 210-213<br \/>\n(Journal de Paris)<br \/>\n<a href=\"http:\/\/books.google.be\/books?id=PZkUAAAAQAAJ&amp;printsec=titlepage&amp;dq=intitle:l%27esprit+intitle:des+date:1782-1782&amp;lr=&amp;as_brr=1&amp;hl=fr&amp;source=gbs_summary_r&amp;cad=0\" target=\"_blank\" rel=\"noopener\">Acc\u00e9der au volume<\/a> sur <b>GoogleBooks<\/b><\/p>\n<p><b> 821122<\/b><br \/>\nAbb\u00e9 de St. L***<br \/>\n<i> Notice de la vie et des ouvrages d&rsquo;Antoine-Raphael Mengs, peintre c\u00e9l\u00e8bre<\/i><br \/>\nNovembre 1782, Tome XI, p. 214-223<br \/>\n(Journal de Paris)<br \/>\n<a href=\"http:\/\/books.google.be\/books?id=PZkUAAAAQAAJ&amp;printsec=titlepage&amp;dq=intitle:l%27esprit+intitle:des+date:1782-1782&amp;lr=&amp;as_brr=1&amp;hl=fr&amp;source=gbs_summary_r&amp;cad=0\" target=\"_blank\" rel=\"noopener\">Acc\u00e9der au volume<\/a> sur <b>GoogleBooks<\/b><\/p>\n<p><b> 821123<\/b><br \/>\n<i> \u00c9loge de M. l&rsquo;abb\u00e9 Remy, mort le 12 juillet dernier<\/i><br \/>\nNovembre 1782, Tome XI, p. 224-229<br \/>\n(Mercure de France)<br \/>\n<a href=\"http:\/\/books.google.be\/books?id=PZkUAAAAQAAJ&amp;printsec=titlepage&amp;dq=intitle:l%27esprit+intitle:des+date:1782-1782&amp;lr=&amp;as_brr=1&amp;hl=fr&amp;source=gbs_summary_r&amp;cad=0\" target=\"_blank\" rel=\"noopener\">Acc\u00e9der au volume<\/a> sur <b>GoogleBooks<\/b><\/p>\n<p><b> 821124<\/b><br \/>\nAbb\u00e9 Hollier<br \/>\n<i> Ode tir\u00e9e du Psaume VIII<\/i><br \/>\nNovembre 1782, Tome XI, p. 230-231<br \/>\n<a href=\"http:\/\/books.google.be\/books?id=PZkUAAAAQAAJ&amp;printsec=titlepage&amp;dq=intitle:l%27esprit+intitle:des+date:1782-1782&amp;lr=&amp;as_brr=1&amp;hl=fr&amp;source=gbs_summary_r&amp;cad=0\" target=\"_blank\" rel=\"noopener\">Acc\u00e9der au volume<\/a> sur <b>GoogleBooks<\/b><\/p>\n<p><b> 821125<\/b>[Michel de Cubi\u00e8res-Palm\u00e9zeaux]\n<i> \u00c0 M. Dusaulx, traducteur de Juvenal<\/i><br \/>\nNovembre 1782, Tome XI, p. 232-233<br \/>\n<a href=\"http:\/\/books.google.be\/books?id=PZkUAAAAQAAJ&amp;printsec=titlepage&amp;dq=intitle:l%27esprit+intitle:des+date:1782-1782&amp;lr=&amp;as_brr=1&amp;hl=fr&amp;source=gbs_summary_r&amp;cad=0\" target=\"_blank\" rel=\"noopener\">Acc\u00e9der au volume<\/a> sur <b>GoogleBooks<\/b><\/p>\n<p><b> 821126<\/b><br \/>\nZ\u2026<br \/>\n<i> Vers \u00e0 Madame de **<\/i><br \/>\nNovembre 1782, Tome XI, p. 233-234<br \/>\n<a href=\"http:\/\/books.google.be\/books?id=PZkUAAAAQAAJ&amp;printsec=titlepage&amp;dq=intitle:l%27esprit+intitle:des+date:1782-1782&amp;lr=&amp;as_brr=1&amp;hl=fr&amp;source=gbs_summary_r&amp;cad=0\" target=\"_blank\" rel=\"noopener\">Acc\u00e9der au volume<\/a> sur <b>GoogleBooks<\/b><\/p>\n<p><b> 821127<\/b>[Louis-Jules Mancini-Mazarini Nivernais]\n<i> Le chardonneret et l&rsquo;aigle. Fable<\/i><br \/>\nNovembre 1782, Tome XI, p. 234-235<br \/>\n<a href=\"http:\/\/books.google.be\/books?id=PZkUAAAAQAAJ&amp;printsec=titlepage&amp;dq=intitle:l%27esprit+intitle:des+date:1782-1782&amp;lr=&amp;as_brr=1&amp;hl=fr&amp;source=gbs_summary_r&amp;cad=0\" target=\"_blank\" rel=\"noopener\">Acc\u00e9der au volume<\/a> sur <b>GoogleBooks<\/b><\/p>\n<p><b> 821128<\/b><br \/>\n<i> \u00c9p\u00eetre \u00e0 M. l&rsquo;abb\u00e9 de Lille<\/i><br \/>\nNovembre 1782, Tome XI, p. 235-236<br \/>\n<a href=\"http:\/\/books.google.be\/books?id=PZkUAAAAQAAJ&amp;printsec=titlepage&amp;dq=intitle:l%27esprit+intitle:des+date:1782-1782&amp;lr=&amp;as_brr=1&amp;hl=fr&amp;source=gbs_summary_r&amp;cad=0\" target=\"_blank\" rel=\"noopener\">Acc\u00e9der au volume<\/a> sur <b>GoogleBooks<\/b><\/p>\n<p><b> 821129<\/b><br \/>\nBaron de T***<br \/>\n<i> Ode \u00e0 Mademoiselle Aurore, de l&rsquo;Op\u00e9ra<\/i><br \/>\nNovembre 1782, Tome XI, p. 237-238<br \/>\n<a href=\"http:\/\/books.google.be\/books?id=PZkUAAAAQAAJ&amp;printsec=titlepage&amp;dq=intitle:l%27esprit+intitle:des+date:1782-1782&amp;lr=&amp;as_brr=1&amp;hl=fr&amp;source=gbs_summary_r&amp;cad=0\" target=\"_blank\" rel=\"noopener\">Acc\u00e9der au volume<\/a> sur <b>GoogleBooks<\/b><\/p>\n<p><b> 821130<\/b><br \/>\nGuidi<br \/>\n<i> Vers pr\u00e9sent\u00e9s \u00e0 Mme. la princesse de\u2026, le jour de St. Louis, par un pauvre enfant qu&rsquo;elle daigne honorer de ses bont\u00e9s<\/i><br \/>\nNovembre 1782, Tome XI, p. 239<br \/>\n<a href=\"http:\/\/books.google.be\/books?id=PZkUAAAAQAAJ&amp;printsec=titlepage&amp;dq=intitle:l%27esprit+intitle:des+date:1782-1782&amp;lr=&amp;as_brr=1&amp;hl=fr&amp;source=gbs_summary_r&amp;cad=0\" target=\"_blank\" rel=\"noopener\">Acc\u00e9der au volume<\/a> sur <b>GoogleBooks<\/b><\/p>\n<p style=\"text-align: justify;\"><b> 821131<\/b><br \/>\nAnselme Crignon d&rsquo;Ouzou\u00ebr<br \/>\n<i> Vers \u00e0 M. B\u00e9renger \u00e0 son retour de Marseille, o\u00f9 il avait \u00e9t\u00e9 malade, et d\u00e9sign\u00e9 pour la 1ere. place vacante \u00e0 l&rsquo;acad\u00e9mie de cette ville<\/i><br \/>\nNovembre 1782, Tome XI, p. 239-240<br \/>\n<a href=\"http:\/\/books.google.be\/books?id=PZkUAAAAQAAJ&amp;printsec=titlepage&amp;dq=intitle:l%27esprit+intitle:des+date:1782-1782&amp;lr=&amp;as_brr=1&amp;hl=fr&amp;source=gbs_summary_r&amp;cad=0\" target=\"_blank\" rel=\"noopener\">Acc\u00e9der au volume<\/a> sur <b>GoogleBooks<\/b><\/p>\n<p style=\"text-align: justify;\"><b> 821132<\/b><br \/>\nMarquis de Fulvy<br \/>\n<i> \u00c0 Mme. la comtesse de Lubersac, cette respectable m\u00e8re, qui, tr\u00e8s aimable encore \u00e0 94 ans, vient d&rsquo;\u00eatre enlev\u00e9e \u00e0 Mrs. les comte et abb\u00e9, et \u00e0 Mlle. de Lubersac, les seuls existants de dix-sept enfants qu&rsquo;elle avait donn\u00e9s \u00e0 l&rsquo;\u00e9tat, dont plusieurs se sont distingu\u00e9s dans les armes et dans les lettres<\/i><br \/>\nNovembre 1782, Tome XI, p. 241<br \/>\n<a href=\"http:\/\/books.google.be\/books?id=PZkUAAAAQAAJ&amp;printsec=titlepage&amp;dq=intitle:l%27esprit+intitle:des+date:1782-1782&amp;lr=&amp;as_brr=1&amp;hl=fr&amp;source=gbs_summary_r&amp;cad=0\" target=\"_blank\" rel=\"noopener\">Acc\u00e9der au volume<\/a> sur <b>GoogleBooks<\/b><\/p>\n<p><b> 821133<\/b><br \/>\nMilliard d&rsquo;Auberteuil<br \/>\n<i> Vers pour \u00eatre mis au bas du portrait de M. le marquis de Bouill\u00e9<\/i><br \/>\nNovembre 1782, Tome XI, p. 241<br \/>\n<a href=\"http:\/\/books.google.be\/books?id=PZkUAAAAQAAJ&amp;printsec=titlepage&amp;dq=intitle:l%27esprit+intitle:des+date:1782-1782&amp;lr=&amp;as_brr=1&amp;hl=fr&amp;source=gbs_summary_r&amp;cad=0\" target=\"_blank\" rel=\"noopener\">Acc\u00e9der au volume<\/a> sur <b>GoogleBooks<\/b><\/p>\n<p><b> 821134<\/b><br \/>\n<i> \u00c9p\u00eetre \u00e0 Damon<\/i><br \/>\nNovembre 1782, Tome XI, p. 242<br \/>\n<a href=\"http:\/\/books.google.be\/books?id=PZkUAAAAQAAJ&amp;printsec=titlepage&amp;dq=intitle:l%27esprit+intitle:des+date:1782-1782&amp;lr=&amp;as_brr=1&amp;hl=fr&amp;source=gbs_summary_r&amp;cad=0\" target=\"_blank\" rel=\"noopener\">Acc\u00e9der au volume<\/a> sur <b>GoogleBooks<\/b><\/p>\n<p><b> 821135<\/b><br \/>\nUn clerc de Procureur<br \/>\n<i> L&rsquo;allure de mes confr\u00e8res<\/i><br \/>\nNovembre 1782, Tome XI, p. 243<br \/>\n<a href=\"http:\/\/books.google.be\/books?id=PZkUAAAAQAAJ&amp;printsec=titlepage&amp;dq=intitle:l%27esprit+intitle:des+date:1782-1782&amp;lr=&amp;as_brr=1&amp;hl=fr&amp;source=gbs_summary_r&amp;cad=0\" target=\"_blank\" rel=\"noopener\">Acc\u00e9der au volume<\/a> sur <b>GoogleBooks<\/b><\/p>\n<p><b> 821136<\/b><br \/>\nBourgeon du Peray<br \/>\n<i> La pr\u00e9diction accomplie. Conte<\/i><br \/>\nNovembre 1782, Tome XI, p. 243-244<br \/>\n<a href=\"http:\/\/books.google.be\/books?id=PZkUAAAAQAAJ&amp;printsec=titlepage&amp;dq=intitle:l%27esprit+intitle:des+date:1782-1782&amp;lr=&amp;as_brr=1&amp;hl=fr&amp;source=gbs_summary_r&amp;cad=0\" target=\"_blank\" rel=\"noopener\">Acc\u00e9der au volume<\/a> sur <b>GoogleBooks<\/b><\/p>\n<p style=\"text-align: justify;\"><b> 821201<\/b><br \/>\n<i> Lettre pastorale de S. A. R. Monseigneur l&rsquo;archev\u00eaque-\u00e9lecteur de Tr\u00e8ves, \u00e9v\u00eaque d&rsquo;Ausbourg, prince d&rsquo;Euwangen, \u00e0 son \u00e9glise d&rsquo;Ausbourg : traduite de l&rsquo;allemand<\/i><br \/>\nD\u00e9cembre 1782, Tome XII, p. 3-27<br \/>\n(Journal des savants; Ann\u00e9e litt\u00e9raire; Affiches, annonces et avis divers)<br \/>\n<a href=\"http:\/\/books.google.be\/books?id=TZkUAAAAQAAJ&amp;printsec=titlepage&amp;dq=intitle:journaux+date:1782-1782&amp;lr=&amp;as_brr=1&amp;hl=fr&amp;source=gbs_summary_r&amp;cad=0\" target=\"_blank\" rel=\"noopener\">Acc\u00e9der au volume<\/a> sur <b>GoogleBooks<\/b><\/p>\n<p style=\"text-align: justify;\"><b> 821202<\/b><br \/>\nClaude-Guillaume Bourdon de Sigrais<br \/>\n<i> Consid\u00e9rations sur l&rsquo;esprit militaire des Germains, depuis l&rsquo;an de Rome 640, jusqu&rsquo;aux commencements de la monarchie fran\u00e7aise vers l&rsquo;an 476 de l&rsquo;\u00e8re vulgaire; recherches du m\u00eame genre que les m\u00e9moires pr\u00e9c\u00e9dents sur les Gaulois<\/i><br \/>\nD\u00e9cembre 1782, Tome XII, p. 28-46<br \/>\n(Journal de Monsieur; Journal encyclop\u00e9dique; Journal des savants; Journal de litt\u00e9rature, des sciences et des arts; Affiches, annonces et avis divers)<br \/>\n<a href=\"http:\/\/books.google.be\/books?id=TZkUAAAAQAAJ&amp;printsec=titlepage&amp;dq=intitle:journaux+date:1782-1782&amp;lr=&amp;as_brr=1&amp;hl=fr&amp;source=gbs_summary_r&amp;cad=0\" target=\"_blank\" rel=\"noopener\">Acc\u00e9der au volume<\/a> sur <b>GoogleBooks<\/b><\/p>\n<p><b> 821203<\/b><br \/>\nSamuel Johnson<br \/>\n<i> The works of the English poets, &amp;c. \u0152uvres des po\u00e8tes anglais, avec les tomes VIII, IX, VII, et X, des pr\u00e9faces biographiques et critiques<\/i><br \/>\nD\u00e9cembre 1782, Tome XII, p. 47-65<br \/>\n(Monthly Review)<br \/>\n<a href=\"http:\/\/books.google.be\/books?id=TZkUAAAAQAAJ&amp;printsec=titlepage&amp;dq=intitle:journaux+date:1782-1782&amp;lr=&amp;as_brr=1&amp;hl=fr&amp;source=gbs_summary_r&amp;cad=0\" target=\"_blank\" rel=\"noopener\">Acc\u00e9der au volume<\/a> sur <b>GoogleBooks<\/b><\/p>\n<p style=\"text-align: justify;\"><b> 821204<\/b><br \/>\nM. D. L. P. [Pierre-Antoine de La Place]\n<i> Recueil d&rsquo;\u00e9pitaphes s\u00e9rieuses, badines, satyriques et burlesques, de la plupart de ceux qui, dans tous les temps, ont acquis quelque c\u00e9l\u00e9brit\u00e9 par leurs vertus, ou qui se sont rendus fameux, soit par leurs vices, soit par leurs ridicules : le tout enrichi de notes et d&rsquo;anecdotes historiques, critiques et int\u00e9ressantes, tir\u00e9es des meilleurs ouvrages, ou imprim\u00e9s ou manuscrits, tant anciens que modernes. Ouvrage moins triste qu&rsquo;on ne pense<\/i><br \/>\nD\u00e9cembre 1782, Tome XII, p. 66-82<br \/>\n(Mercure de France; Journal encyclop\u00e9dique; Gazette litt\u00e9raire de l&rsquo;Europe; Journal g\u00e9n\u00e9ral de France)<br \/>\n<a href=\"http:\/\/books.google.be\/books?id=TZkUAAAAQAAJ&amp;printsec=titlepage&amp;dq=intitle:journaux+date:1782-1782&amp;lr=&amp;as_brr=1&amp;hl=fr&amp;source=gbs_summary_r&amp;cad=0\" target=\"_blank\" rel=\"noopener\">Acc\u00e9der au volume<\/a> sur <b>GoogleBooks<\/b><\/p>\n<p><b> 821205<\/b><br \/>\nPhilibert Chabert<br \/>\nTrait\u00e9 du charbon ou antrax, dans les animaux<br \/>\nD\u00e9cembre 1782, Tome XII, p. 82-99<br \/>\n(Journal d&rsquo;agriculture, commerce, finances et arts)<br \/>\n<a href=\"http:\/\/books.google.be\/books?id=TZkUAAAAQAAJ&amp;printsec=titlepage&amp;dq=intitle:journaux+date:1782-1782&amp;lr=&amp;as_brr=1&amp;hl=fr&amp;source=gbs_summary_r&amp;cad=0\" target=\"_blank\" rel=\"noopener\">Acc\u00e9der au volume<\/a> sur <b>GoogleBooks<\/b><\/p>\n<p style=\"text-align: justify;\"><b> 821206<\/b><br \/>\nAntoine-Ren\u00e9 de Voyer, marquis de Paulmy d&rsquo;Argenson<br \/>\n<i> M\u00e9langes tir\u00e9s d&rsquo;une grande biblioth\u00e8que. De la lecture des livres fran\u00e7ais; Lettre Ee. Fin des livres militaires du XVIe si\u00e8cle<\/i><br \/>\nD\u00e9cembre 1782, Tome XII, p. 99-118<br \/>\n(Journal de Paris; Journal de litt\u00e9rature, des sciences et des arts; Journal encyclop\u00e9dique)<br \/>\n<a href=\"http:\/\/books.google.be\/books?id=TZkUAAAAQAAJ&amp;printsec=titlepage&amp;dq=intitle:journaux+date:1782-1782&amp;lr=&amp;as_brr=1&amp;hl=fr&amp;source=gbs_summary_r&amp;cad=0\" target=\"_blank\" rel=\"noopener\">Acc\u00e9der au volume<\/a> sur <b>GoogleBooks<\/b><\/p>\n<p style=\"text-align: justify;\"><b> 821207<\/b>[David Williams]\n<i> Letters on political liberty, addressed to a member, &amp;c. Lettres sur la libert\u00e9 politique, adress\u00e9es \u00e0 un membre de la chambre des communes du parlement britannique, &amp;c.<\/i><br \/>\nD\u00e9cembre 1782, Tome XII, p. 118-125<br \/>\n(Monthly Review)<br \/>\n<a href=\"http:\/\/books.google.be\/books?id=TZkUAAAAQAAJ&amp;printsec=titlepage&amp;dq=intitle:journaux+date:1782-1782&amp;lr=&amp;as_brr=1&amp;hl=fr&amp;source=gbs_summary_r&amp;cad=0\" target=\"_blank\" rel=\"noopener\">Acc\u00e9der au volume<\/a> sur <b>GoogleBooks<\/b><\/p>\n<p><b> 821208<\/b><br \/>\nM. G** [Gaun\u00e9 de Cangy]\n<i> Antic\u00e9nosophie, ou le contraire de la vaine sagesse, po\u00e8me didactique<\/i><br \/>\nD\u00e9cembre 1782, Tome XII, p. 125-129<br \/>\n(Journal de Paris)<br \/>\n<a href=\"http:\/\/books.google.be\/books?id=TZkUAAAAQAAJ&amp;printsec=titlepage&amp;dq=intitle:journaux+date:1782-1782&amp;lr=&amp;as_brr=1&amp;hl=fr&amp;source=gbs_summary_r&amp;cad=0\" target=\"_blank\" rel=\"noopener\">Acc\u00e9der au volume<\/a> sur <b>GoogleBooks<\/b><\/p>\n<p><b> 821209<\/b><br \/>\nAbb\u00e9 B***[Charles Bossut]\n<i> Discours sur la vie et les ouvrages de Pascal<\/i><br \/>\nD\u00e9cembre 1782, Tome XII, p. 130-140<br \/>\n(Journal des savants; Journal encyclop\u00e9dique)<br \/>\n<a href=\"http:\/\/books.google.be\/books?id=TZkUAAAAQAAJ&amp;printsec=titlepage&amp;dq=intitle:journaux+date:1782-1782&amp;lr=&amp;as_brr=1&amp;hl=fr&amp;source=gbs_summary_r&amp;cad=0\" target=\"_blank\" rel=\"noopener\">Acc\u00e9der au volume<\/a> sur <b>GoogleBooks<\/b><\/p>\n<p><b> 821210<\/b><br \/>\n<i> Les aventures d&rsquo;un provincial, ou histoire du chevalier de Jordans<\/i><br \/>\nD\u00e9cembre 1782, Tome XII, p. 140-146<br \/>\n(Mercure de France; Journal de litt\u00e9rature, des sciences et des arts)<br \/>\n<a href=\"http:\/\/books.google.be\/books?id=TZkUAAAAQAAJ&amp;printsec=titlepage&amp;dq=intitle:journaux+date:1782-1782&amp;lr=&amp;as_brr=1&amp;hl=fr&amp;source=gbs_summary_r&amp;cad=0\" target=\"_blank\" rel=\"noopener\">Acc\u00e9der au volume<\/a> sur <b>GoogleBooks<\/b><\/p>\n<p style=\"text-align: justify;\"><b> 821211<\/b><br \/>\nPierre-Joseph Roussier<br \/>\n<i> M\u00e9moire sur la nouvelle harpe de M. Cousineau, luthier de la reine; mis au jour par M. F. Delaunay, du mus\u00e9e litt\u00e9raire de Paris<\/i><br \/>\nD\u00e9cembre 1782, Tome XII, p. 146-154<br \/>\n(Journal de Paris; Journal g\u00e9n\u00e9ral de France)<br \/>\n<a href=\"http:\/\/books.google.be\/books?id=TZkUAAAAQAAJ&amp;printsec=titlepage&amp;dq=intitle:journaux+date:1782-1782&amp;lr=&amp;as_brr=1&amp;hl=fr&amp;source=gbs_summary_r&amp;cad=0\" target=\"_blank\" rel=\"noopener\">Acc\u00e9der au volume<\/a> sur <b>GoogleBooks<\/b><\/p>\n<p style=\"text-align: justify;\"><b> 821212<\/b><br \/>\nJean-Pierre-Louis-Laurent Houel<br \/>\n<i> Voyage pittoresque des \u00eeles de Sicile, de Malte et de Lipari; o\u00f9 l&rsquo;on traite des antiquit\u00e9s qui s&rsquo;y trouvent encore, des principaux ph\u00e9nom\u00e8nes que la nature y offre; du costume des habitants et de quelques usages<\/i><br \/>\nD\u00e9cembre 1782, Tome XII, p. 155-167<br \/>\n(Journal des savants; Journal encyclop\u00e9dique)<br \/>\n<a href=\"http:\/\/books.google.be\/books?id=TZkUAAAAQAAJ&amp;printsec=titlepage&amp;dq=intitle:journaux+date:1782-1782&amp;lr=&amp;as_brr=1&amp;hl=fr&amp;source=gbs_summary_r&amp;cad=0\" target=\"_blank\" rel=\"noopener\">Acc\u00e9der au volume<\/a> sur <b>GoogleBooks<\/b><\/p>\n<p><b> 821213<\/b>[Charlotte-Marie-Anne Charbonnier de La Guesnerie]\n<i> Les ressources de la vertu; par l&rsquo;auteur des m\u00e9moires de Milady B***<\/i><br \/>\nD\u00e9cembre 1782, Tome XII, p. 168-181<br \/>\n(Journal de litt\u00e9rature, des sciences et des arts)<br \/>\n<a href=\"http:\/\/books.google.be\/books?id=TZkUAAAAQAAJ&amp;printsec=titlepage&amp;dq=intitle:journaux+date:1782-1782&amp;lr=&amp;as_brr=1&amp;hl=fr&amp;source=gbs_summary_r&amp;cad=0\" target=\"_blank\" rel=\"noopener\">Acc\u00e9der au volume<\/a> sur <b>GoogleBooks<\/b><\/p>\n<p><b> 821214<\/b><br \/>\nFrancesco Gusta<br \/>\n<i> Viaggi dei Papi dell&rsquo; abbate Francesco Gusta, &amp;c. Voyages des papes<\/i><br \/>\nD\u00e9cembre 1782, Tome XII, p. 181-209<br \/>\n(Novelle letterarie)<br \/>\n<a href=\"http:\/\/books.google.be\/books?id=TZkUAAAAQAAJ&amp;printsec=titlepage&amp;dq=intitle:journaux+date:1782-1782&amp;lr=&amp;as_brr=1&amp;hl=fr&amp;source=gbs_summary_r&amp;cad=0\" target=\"_blank\" rel=\"noopener\">Acc\u00e9der au volume<\/a> sur <b>GoogleBooks<\/b><\/p>\n<p><b> 821215<\/b><br \/>\nBarth\u00e9lemy Imbert<br \/>\n<i> Que ne peut l&rsquo;amour paternel?<\/i><br \/>\nD\u00e9cembre 1782, Tome XII, p. 210-226<br \/>\n(Mercure de France)<br \/>\n<a href=\"http:\/\/books.google.be\/books?id=TZkUAAAAQAAJ&amp;printsec=titlepage&amp;dq=intitle:journaux+date:1782-1782&amp;lr=&amp;as_brr=1&amp;hl=fr&amp;source=gbs_summary_r&amp;cad=0\" target=\"_blank\" rel=\"noopener\">Acc\u00e9der au volume<\/a> sur <b>GoogleBooks<\/b><\/p>\n<p><b> 821216<\/b><br \/>\nRontieu<br \/>\n<i> Le conciliateur, ou Lettre sur les jardins anglais<\/i><br \/>\nD\u00e9cembre 1782, Tome XII, p. 226-236<br \/>\n(Journal encyclop\u00e9dique)<br \/>\n<a href=\"http:\/\/books.google.be\/books?id=TZkUAAAAQAAJ&amp;printsec=titlepage&amp;dq=intitle:journaux+date:1782-1782&amp;lr=&amp;as_brr=1&amp;hl=fr&amp;source=gbs_summary_r&amp;cad=0\" target=\"_blank\" rel=\"noopener\">Acc\u00e9der au volume<\/a> sur <b>GoogleBooks<\/b><\/p>\n<p><b> 821217<\/b><br \/>\nAbb\u00e9 de St. L***<br \/>\n<i> Suite de la notice et des \u00e9crits du peintre Mengs<\/i><br \/>\nD\u00e9cembre 1782, Tome XII, p. 236-246<br \/>\n(Journal de Paris)<br \/>\n<a href=\"http:\/\/books.google.be\/books?id=TZkUAAAAQAAJ&amp;printsec=titlepage&amp;dq=intitle:journaux+date:1782-1782&amp;lr=&amp;as_brr=1&amp;hl=fr&amp;source=gbs_summary_r&amp;cad=0\" target=\"_blank\" rel=\"noopener\">Acc\u00e9der au volume<\/a> sur <b>GoogleBooks<\/b><\/p>\n<p style=\"text-align: justify;\"><b> 821218<\/b><br \/>\nL***<br \/>\n<i> Lettre aux auteurs du Journal encyclop\u00e9dique, sur un ouvrage dont ils ont rendu compte [Opinion d&rsquo;un citoyen sur le mariage et sur la dot, de Mignonneau]<\/i><br \/>\nD\u00e9cembre 1782, Tome XII, p. 247-250<br \/>\n<a href=\"http:\/\/books.google.be\/books?id=TZkUAAAAQAAJ&amp;printsec=titlepage&amp;dq=intitle:journaux+date:1782-1782&amp;lr=&amp;as_brr=1&amp;hl=fr&amp;source=gbs_summary_r&amp;cad=0\" target=\"_blank\" rel=\"noopener\">Acc\u00e9der au volume<\/a> sur <b>GoogleBooks<\/b><\/p>\n<p style=\"text-align: justify;\"><b> 821219<\/b><br \/>\nVan Muyssen<br \/>\n<i> Avis \u00e0 Messieurs les Antiquaires, avec indication de m\u00e9dailles romaines tr\u00e8s rares, et de quelques d\u00e9couvertes r\u00e9cemment faites \u00e0 Tongres<\/i><br \/>\nD\u00e9cembre 1782, Tome XII, p. 251-266<br \/>\n<a href=\"http:\/\/books.google.be\/books?id=TZkUAAAAQAAJ&amp;printsec=titlepage&amp;dq=intitle:journaux+date:1782-1782&amp;lr=&amp;as_brr=1&amp;hl=fr&amp;source=gbs_summary_r&amp;cad=0\" target=\"_blank\" rel=\"noopener\">Acc\u00e9der au volume<\/a> sur <b>GoogleBooks<\/b><\/p>\n<p><b> 821220<\/b><br \/>\nMademoiselle de Gaudin<br \/>\n<i> Ad\u00e9la\u00efde, ou la raison dupe de l&rsquo;amour, Conte<\/i><br \/>\nD\u00e9cembre 1782, Tome XII, p. 267-268<br \/>\n<a href=\"http:\/\/books.google.be\/books?id=TZkUAAAAQAAJ&amp;printsec=titlepage&amp;dq=intitle:journaux+date:1782-1782&amp;lr=&amp;as_brr=1&amp;hl=fr&amp;source=gbs_summary_r&amp;cad=0\" target=\"_blank\" rel=\"noopener\">Acc\u00e9der au volume<\/a> sur <b>GoogleBooks<\/b><\/p>\n<p><b> 821221<\/b><br \/>\nLatour de Lamontagne<br \/>\n<i> L&rsquo;hiver, stances \u00e0 Egl\u00e9<\/i><br \/>\nD\u00e9cembre 1782, Tome XII, p. 269-270<br \/>\n<a href=\"http:\/\/books.google.be\/books?id=TZkUAAAAQAAJ&amp;printsec=titlepage&amp;dq=intitle:journaux+date:1782-1782&amp;lr=&amp;as_brr=1&amp;hl=fr&amp;source=gbs_summary_r&amp;cad=0\" target=\"_blank\" rel=\"noopener\">Acc\u00e9der au volume<\/a> sur <b>GoogleBooks<\/b><\/p>\n<p><b> 821222<\/b><br \/>\nB\u2026 [Laurent-Pierre B\u00e9renger]\n<i> \u00c0 M. de W. [Watelet], de l&rsquo;acad\u00e9mie fran\u00e7aise<\/i><br \/>\nD\u00e9cembre 1782, Tome XII, p. 270<br \/>\n<a href=\"http:\/\/books.google.be\/books?id=TZkUAAAAQAAJ&amp;printsec=titlepage&amp;dq=intitle:journaux+date:1782-1782&amp;lr=&amp;as_brr=1&amp;hl=fr&amp;source=gbs_summary_r&amp;cad=0\" target=\"_blank\" rel=\"noopener\">Acc\u00e9der au volume<\/a> sur <b>GoogleBooks<\/b><\/p>\n<p style=\"text-align: justify;\"><b> 821223<\/b><br \/>\nBelleval<br \/>\n<i> Couplets chant\u00e9s en trio \u00e0 la fin de la F\u00e9e Urg\u00e8le, sur le th\u00e9\u00e2tre de Strasbourg, le 15 septembre 1782, devant M. le comte &amp; Madame la comtesse du Nord<\/i><br \/>\nD\u00e9cembre 1782, Tome XII, p. 271-272<br \/>\n<a href=\"http:\/\/books.google.be\/books?id=TZkUAAAAQAAJ&amp;printsec=titlepage&amp;dq=intitle:journaux+date:1782-1782&amp;lr=&amp;as_brr=1&amp;hl=fr&amp;source=gbs_summary_r&amp;cad=0\" target=\"_blank\" rel=\"noopener\">Acc\u00e9der au volume<\/a> sur <b>GoogleBooks<\/b><\/p>\n<p><b> 821224<\/b><br \/>\nF** [Aim\u00e9-Ambroise-Joseph Feutry]\n<i> Le bon sens et le bel esprit. Fable<\/i><br \/>\nD\u00e9cembre 1782, Tome XII, p. 272-273<br \/>\n<a href=\"http:\/\/books.google.be\/books?id=TZkUAAAAQAAJ&amp;printsec=titlepage&amp;dq=intitle:journaux+date:1782-1782&amp;lr=&amp;as_brr=1&amp;hl=fr&amp;source=gbs_summary_r&amp;cad=0\" target=\"_blank\" rel=\"noopener\">Acc\u00e9der au volume<\/a> sur <b>GoogleBooks<\/b><\/p>\n<p><b> 821225<\/b><br \/>\nSimon-Pierre M\u00e9rard de Saint-Just<br \/>\n<i> \u00c9pigramme contre un m\u00e9decin<\/i><br \/>\nD\u00e9cembre 1782, Tome XII, p. 273<br \/>\n<a href=\"http:\/\/books.google.be\/books?id=TZkUAAAAQAAJ&amp;printsec=titlepage&amp;dq=intitle:journaux+date:1782-1782&amp;lr=&amp;as_brr=1&amp;hl=fr&amp;source=gbs_summary_r&amp;cad=0\" target=\"_blank\" rel=\"noopener\">Acc\u00e9der au volume<\/a> sur <b>GoogleBooks<\/b><\/p>\n<p><b> 821226<\/b><br \/>\nGautier<br \/>\n<i> \u00c0 M. L*. B**, qui m&rsquo;engageait \u00e0 traiter en vers, un sujet vertueux<\/i><br \/>\nD\u00e9cembre 1782, Tome XII, p. 274-275<br \/>\n<a href=\"http:\/\/books.google.be\/books?id=TZkUAAAAQAAJ&amp;printsec=titlepage&amp;dq=intitle:journaux+date:1782-1782&amp;lr=&amp;as_brr=1&amp;hl=fr&amp;source=gbs_summary_r&amp;cad=0\" target=\"_blank\" rel=\"noopener\">Acc\u00e9der au volume<\/a> sur <b>GoogleBooks<\/b><\/p>\n<p><b> 821227<\/b><br \/>\nJean-Fran\u00e7ois Collin d&rsquo;Harleville<br \/>\n<i> Les nouvelles philippiques<\/i><br \/>\nD\u00e9cembre 1782, Tome XII, p. 275-279<br \/>\n<a href=\"http:\/\/books.google.be\/books?id=TZkUAAAAQAAJ&amp;printsec=titlepage&amp;dq=intitle:journaux+date:1782-1782&amp;lr=&amp;as_brr=1&amp;hl=fr&amp;source=gbs_summary_r&amp;cad=0\" target=\"_blank\" rel=\"noopener\">Acc\u00e9der au volume<\/a> sur <b>GoogleBooks<\/b><\/p>\n<\/div><div class=\"fusion-clearfix\"><\/div><\/div><\/div><\/div><\/div>\n","protected":false},"excerpt":{"rendered":"","protected":false},"author":2,"featured_media":0,"parent":0,"menu_order":0,"comment_status":"closed","ping_status":"closed","template":"","meta":{"footnotes":""},"class_list":["post-3745","page","type-page","status-publish","hentry"],"_links":{"self":[{"href":"http:\/\/web.philo.ulg.ac.be\/gedhsr\/wp-json\/wp\/v2\/pages\/3745","targetHints":{"allow":["GET"]}}],"collection":[{"href":"http:\/\/web.philo.ulg.ac.be\/gedhsr\/wp-json\/wp\/v2\/pages"}],"about":[{"href":"http:\/\/web.philo.ulg.ac.be\/gedhsr\/wp-json\/wp\/v2\/types\/page"}],"author":[{"embeddable":true,"href":"http:\/\/web.philo.ulg.ac.be\/gedhsr\/wp-json\/wp\/v2\/users\/2"}],"replies":[{"embeddable":true,"href":"http:\/\/web.philo.ulg.ac.be\/gedhsr\/wp-json\/wp\/v2\/comments?post=3745"}],"version-history":[{"count":1,"href":"http:\/\/web.philo.ulg.ac.be\/gedhsr\/wp-json\/wp\/v2\/pages\/3745\/revisions"}],"predecessor-version":[{"id":5711,"href":"http:\/\/web.philo.ulg.ac.be\/gedhsr\/wp-json\/wp\/v2\/pages\/3745\/revisions\/5711"}],"wp:attachment":[{"href":"http:\/\/web.philo.ulg.ac.be\/gedhsr\/wp-json\/wp\/v2\/media?parent=3745"}],"curies":[{"name":"wp","href":"https:\/\/api.w.org\/{rel}","templated":true}]}}