{"id":3751,"date":"2014-04-23T15:00:37","date_gmt":"2014-04-23T13:00:37","guid":{"rendered":"http:\/\/web.philo.ulg.ac.be\/gedhsr\/?page_id=3751"},"modified":"2019-12-18T10:33:28","modified_gmt":"2019-12-18T08:33:28","slug":"annee-1785","status":"publish","type":"page","link":"http:\/\/web.philo.ulg.ac.be\/gedhsr\/annee-1785\/","title":{"rendered":"Ann\u00e9e 1785"},"content":{"rendered":"<div class=\"fusion-fullwidth fullwidth-box fusion-builder-row-1 nonhundred-percent-fullwidth non-hundred-percent-height-scrolling\" style=\"background-color: #ffffff;background-position: center center;background-repeat: no-repeat;padding-top:0px;padding-right:0px;padding-bottom:0px;padding-left:0px;margin-bottom: 0px;margin-top: 0px;border-width: 0px 0px 0px 0px;border-color:#eae9e9;border-style:solid;\" ><div class=\"fusion-builder-row fusion-row\"><div class=\"fusion-layout-column fusion_builder_column fusion-builder-column-0 fusion_builder_column_1_1 1_1 fusion-one-full fusion-column-first fusion-column-last\" style=\"margin-top:0px;margin-bottom:0px;\"><div class=\"fusion-column-wrapper fusion-flex-column-wrapper-legacy\" style=\"background-position:left top;background-repeat:no-repeat;-webkit-background-size:cover;-moz-background-size:cover;-o-background-size:cover;background-size:cover;padding: 0px 0px 0px 0px;\"><style type=\"text\/css\"><\/style><div class=\"fusion-title title fusion-title-1 sep-underline sep-solid fusion-title-text fusion-title-size-one\" style=\"border-bottom-color:#00843b;margin-top:0px;margin-right:0px;margin-bottom:70px;margin-left:0px;\"><h1 class=\"title-heading-left fusion-responsive-typography-calculated\" style=\"margin:0;--fontSize:42;line-height:1;\">Ann\u00e9e 1785<\/h1><\/div><div class=\"fusion-text fusion-text-1\"><p><b>850101<br \/>\n<\/b>Fran\u00e7ois de Tott<br \/>\n<i>M\u00e9moires du baron de Tott sur les Turcs et les Tartares<\/i><br \/>\nJanvier 1785, Tome I, p. 3-41<br \/>\n(Ann\u00e9e litt\u00e9raire; Journal de Paris; Affiches, annonces et avis divers; Feuille du Jour)<br \/>\n<a href=\"http:\/\/books.google.be\/books?id=t5gUAAAAQAAJ&amp;printsec=frontcover&amp;dq=editions:0H97A3Z5QJXMDoF3M&amp;lr=&amp;hl=fr\" target=\"_blank\" rel=\"noopener\">Acc\u00e9der au volume<\/a> sur <b>GoogleBooks<\/b><\/p>\n<p style=\"text-align: justify;\"><b>850102<\/b><br \/>\nWilliam Jones<br \/>\n<i>A discourse on the institution of a society, &amp;c. Discours sur l&rsquo;\u00e9tablissement d&rsquo;une soci\u00e9t\u00e9, pour faire des recherches sur l&rsquo;histoire civile et naturelle, les antiquit\u00e9s, les arts, les sciences et les lettres de l&rsquo;Asie, prononc\u00e9 \u00e0 Calcutta, le 15 janvier 1784 : charge aux grands jur\u00e9s de Calcutta, le 4 d\u00e9cembre 1783, et une hymne \u00e0 Cadmeo, etc. Traduit du persan en anglais<\/i><br \/>\nJanvier 1785, Tome I, p. 42-49<br \/>\n(Monthly review)<br \/>\n<a href=\"http:\/\/books.google.be\/books?id=t5gUAAAAQAAJ&amp;printsec=frontcover&amp;dq=editions:0H97A3Z5QJXMDoF3M&amp;lr=&amp;hl=fr\" target=\"_blank\" rel=\"noopener\">Acc\u00e9der au volume<\/a> sur <b>GoogleBooks<\/b><\/p>\n<p style=\"text-align: justify;\"><b>850103<\/b><br \/>\nHugh Blair<br \/>\n<i>Sermons de M. Hugh Blair, docteur en th\u00e9ologie, ministre de l&rsquo;\u00e9glise cath\u00e9drale, et professeur de belles lettres dans l&rsquo;universit\u00e9 d&rsquo;\u00c9dimbourg, traduits de l&rsquo;anglais sur la onzi\u00e8me \u00e9dition; par M. B. S. Frossard<\/i><br \/>\nJanvier 1785, Tome I, p. 50-65<br \/>\n(Ann\u00e9e litt\u00e9raire; Journal de Paris; Journal encyclop\u00e9dique)<\/p>\n<p style=\"text-align: justify;\"><b>850104<\/b><br \/>\nWilliam Knox<br \/>\n<i>A view of the British Empire, &amp;c. Tableau de l&rsquo;Empire britannique, surtout de l&rsquo;\u00c9cosse, avec quelques projets pour l&rsquo;am\u00e9lioration de ce pays, l&rsquo;augmentation de ses p\u00eaches et le soulagement de la nation<\/i><br \/>\nJanvier 1785, Tome I, p. 65-76<br \/>\n(Monthly review)<br \/>\n<a href=\"http:\/\/books.google.be\/books?id=t5gUAAAAQAAJ&amp;printsec=frontcover&amp;dq=editions:0H97A3Z5QJXMDoF3M&amp;lr=&amp;hl=fr\" target=\"_blank\" rel=\"noopener\">Acc\u00e9der au volume<\/a> sur <b>GoogleBooks<\/b><\/p>\n<p style=\"text-align: justify;\"><b>850105<\/b><br \/>\nJean-Pierre Claris de Florian<br \/>\n<i>Les six nouvelles de M. de Florian, capitaine de dragons, et gentilhomme de S. A. S. Mgr. le duc de Penthievre, des acad\u00e9mies de Madrid et de Lyon<\/i><br \/>\nJanvier 1785, Tome I, p. 77-86<br \/>\n(Mercure de France; Journal de Paris)<br \/>\n<a href=\"http:\/\/books.google.be\/books?id=t5gUAAAAQAAJ&amp;printsec=frontcover&amp;dq=editions:0H97A3Z5QJXMDoF3M&amp;lr=&amp;hl=fr\" target=\"_blank\" rel=\"noopener\">Acc\u00e9der au volume<\/a> sur <b>GoogleBooks<\/b><\/p>\n<p><b>850106<\/b><br \/>\nMichael Ignaz Schmidt<br \/>\n<i>Michael Ignoz Schmidts\u2026 Geschichte der Deutschen. &amp;c. Histoire des Allemands<\/i><br \/>\nJanvier 1785, Tome I, p. 86-114<br \/>\n<a href=\"http:\/\/books.google.be\/books?id=t5gUAAAAQAAJ&amp;printsec=frontcover&amp;dq=editions:0H97A3Z5QJXMDoF3M&amp;lr=&amp;hl=fr\" target=\"_blank\" rel=\"noopener\">Acc\u00e9der au volume<\/a> sur <b>GoogleBooks<\/b><\/p>\n<p><b>850107<\/b>[Christophe-L\u00e9on F\u00e9roux]\n<i>Vues d&rsquo;un solitaire patriote<\/i><br \/>\nJanvier 1785, Tome I, p. 114-128<br \/>\n(Journal de Paris; Journal encyclop\u00e9dique; Affiches, annonces et avis divers)<br \/>\n<a href=\"http:\/\/books.google.be\/books?id=t5gUAAAAQAAJ&amp;printsec=frontcover&amp;dq=editions:0H97A3Z5QJXMDoF3M&amp;lr=&amp;hl=fr\" target=\"_blank\" rel=\"noopener\">Acc\u00e9der au volume<\/a> sur <b>GoogleBooks<\/b><\/p>\n<p style=\"text-align: justify;\"><b>850108<\/b><br \/>\nJonathan Carver<br \/>\n<i>Travels through the interior parts of North America, &amp;c. Voyages dans les parties int\u00e9rieures de l&rsquo;Am\u00e9rique septentrionale, pendant les ann\u00e9es 1766, 1767 et 1768<\/i><br \/>\nJanvier 1785, Tome I, p. 129-149<br \/>\n<a href=\"http:\/\/books.google.be\/books?id=t5gUAAAAQAAJ&amp;printsec=frontcover&amp;dq=editions:0H97A3Z5QJXMDoF3M&amp;lr=&amp;hl=fr\" target=\"_blank\" rel=\"noopener\">Acc\u00e9der au volume<\/a> sur <b>GoogleBooks<\/b><\/p>\n<p style=\"text-align: justify;\"><b>850109<\/b><br \/>\nJacques-Joseph de Gardane<br \/>\n<i>Des maladies des cr\u00e9oles en Europe, avec la mani\u00e8re de les traiter, et des observations sur celles des gens de mer, et sur quelques autres plus fr\u00e9quemment observ\u00e9es dans les climats chauds<\/i><br \/>\nJanvier 1785, Tome I, p. 149-170<br \/>\n(Gazette salutaire; Journal de Paris; Affiches, annonces et avis divers)<br \/>\n<a href=\"http:\/\/books.google.be\/books?id=t5gUAAAAQAAJ&amp;printsec=frontcover&amp;dq=editions:0H97A3Z5QJXMDoF3M&amp;lr=&amp;hl=fr\" target=\"_blank\" rel=\"noopener\">Acc\u00e9der au volume<\/a> sur <b>GoogleBooks<\/b><\/p>\n<p><b>850110<\/b><br \/>\n<i>Annales po\u00e9tiques, depuis l&rsquo;origine de la po\u00e9sie fran\u00e7aise. Tome XXX<\/i><br \/>\nJanvier 1785, Tome I, p. 170-192<br \/>\n(Journal encyclop\u00e9dique; Affiches, annonces et avis divers)<br \/>\n<a href=\"http:\/\/books.google.be\/books?id=t5gUAAAAQAAJ&amp;printsec=frontcover&amp;dq=editions:0H97A3Z5QJXMDoF3M&amp;lr=&amp;hl=fr\" target=\"_blank\" rel=\"noopener\">Acc\u00e9der au volume<\/a> sur <b>GoogleBooks<\/b><\/p>\n<p><b>850111<\/b><br \/>\nFrancesco Antonio Grimaldi<br \/>\n<i>Annali del regno di Napoli, &amp;c. Annales du royaume de Naples. Epoque I. T. VI<\/i><br \/>\nJanvier 1785, Tome I, p. 192-208<br \/>\n(Nuovo giornale enciclopedico)<br \/>\n<a href=\"http:\/\/books.google.be\/books?id=t5gUAAAAQAAJ&amp;printsec=frontcover&amp;dq=editions:0H97A3Z5QJXMDoF3M&amp;lr=&amp;hl=fr\" target=\"_blank\" rel=\"noopener\">Acc\u00e9der au volume<\/a> sur <b>GoogleBooks<\/b><\/p>\n<p><b>850112<\/b><br \/>\nArtaud<br \/>\n<i>Le pr\u00e9jug\u00e9 national d\u00e9truit; anecdote historique et v\u00e9ritable<\/i><br \/>\nJanvier 1785, Tome I, p. 209-221<br \/>\n(Mercure de France)<br \/>\n<a href=\"http:\/\/books.google.be\/books?id=t5gUAAAAQAAJ&amp;printsec=frontcover&amp;dq=editions:0H97A3Z5QJXMDoF3M&amp;lr=&amp;hl=fr\" target=\"_blank\" rel=\"noopener\">Acc\u00e9der au volume<\/a> sur <b>GoogleBooks<\/b><\/p>\n<p><b>850113<\/b><br \/>\nThomas Chatterton<br \/>\n<i>Le P\u00e8lerin, traduction libre d&rsquo;une ballade de Th Rowley, moine anglais du 15e si\u00e8cle<\/i><br \/>\nJanvier 1785, Tome I, p. 222-225<br \/>\n(Journal encyclop\u00e9dique)<br \/>\n<a href=\"http:\/\/books.google.be\/books?id=t5gUAAAAQAAJ&amp;printsec=frontcover&amp;dq=editions:0H97A3Z5QJXMDoF3M&amp;lr=&amp;hl=fr\" target=\"_blank\" rel=\"noopener\">Acc\u00e9der au volume<\/a> sur <b>GoogleBooks<\/b><\/p>\n<p><b>850114<\/b><br \/>\n<i>Suite du M\u00e9moire sur la Su\u00e8de<\/i><br \/>\nJanvier 1785, Tome I, p. 225-243<br \/>\n<a href=\"http:\/\/books.google.be\/books?id=t5gUAAAAQAAJ&amp;printsec=frontcover&amp;dq=editions:0H97A3Z5QJXMDoF3M&amp;lr=&amp;hl=fr\" target=\"_blank\" rel=\"noopener\">Acc\u00e9der au volume<\/a> sur <b>GoogleBooks<\/b><\/p>\n<p><b>850115<\/b><br \/>\n<i>Pens\u00e9es, maximes et proverbes, extrait et traduits de divers livres chinois; par M. Cibot, missionnaire, mort \u00e0 P\u00e9kin le 8 ao\u00fbt 1780<\/i><br \/>\nJanvier 1785, Tome I, p. 244-245<br \/>\n(Affiches, annonces et avis divers)<br \/>\n<a href=\"http:\/\/books.google.be\/books?id=t5gUAAAAQAAJ&amp;printsec=frontcover&amp;dq=editions:0H97A3Z5QJXMDoF3M&amp;lr=&amp;hl=fr\" target=\"_blank\" rel=\"noopener\">Acc\u00e9der au volume<\/a> sur <b>GoogleBooks<\/b><\/p>\n<p style=\"text-align: justify;\"><b>850116<\/b><br \/>\nHilarion No\u00ebl de Villenfagne d&rsquo;Ingihoul<br \/>\n<i>Essai historique sur les guerres d&rsquo;Awans et de Waroux, extrait et traduit de Hemricourt, lu \u00e0 la s\u00e9ance publique de la Soci\u00e9t\u00e9 d&rsquo;\u00c9mulation de Li\u00e8ge, le 20 f\u00e9vrier 1784<\/i><br \/>\nJanvier 1785, Tome I, p. 246-267<br \/>\n<a href=\"http:\/\/books.google.be\/books?id=t5gUAAAAQAAJ&amp;printsec=frontcover&amp;dq=editions:0H97A3Z5QJXMDoF3M&amp;lr=&amp;hl=fr\" target=\"_blank\" rel=\"noopener\">Acc\u00e9der au volume<\/a> sur <b>GoogleBooks<\/b><\/p>\n<p style=\"text-align: justify;\"><b>850117<\/b><i><br \/>\nDes Indiens. Extrait d&rsquo;un voyage dans l&rsquo;Am\u00e9rique septentrionale [Voyages dans les parties int\u00e9rieures de l&rsquo;Am\u00e9rique septentrionale, pendant les ann\u00e9es 1766, 1767 et 1768 (Carver)]<\/i><br \/>\nJanvier 1785, Tome I, p. 267-279<br \/>\n<a href=\"http:\/\/books.google.be\/books?id=t5gUAAAAQAAJ&amp;printsec=frontcover&amp;dq=editions:0H97A3Z5QJXMDoF3M&amp;lr=&amp;hl=fr\" target=\"_blank\" rel=\"noopener\">Acc\u00e9der au volume<\/a> sur <b>GoogleBooks<\/b><\/p>\n<p><b>850118<\/b><br \/>\nAim\u00e9-Ambroise-Joseph Feutry<br \/>\n<i>Le vrai ministre<\/i><br \/>\nJanvier 1785, Tome I, p. 280<br \/>\n<a href=\"http:\/\/books.google.be\/books?id=t5gUAAAAQAAJ&amp;printsec=frontcover&amp;dq=editions:0H97A3Z5QJXMDoF3M&amp;lr=&amp;hl=fr\" target=\"_blank\" rel=\"noopener\">Acc\u00e9der au volume<\/a> sur <b>GoogleBooks<\/b><\/p>\n<p><b>850119<\/b><br \/>\nAim\u00e9-Ambroise-Joseph Feutry<br \/>\n<i>L&rsquo;homme<\/i><br \/>\nJanvier 1785, Tome I, p. 281<br \/>\n<a href=\"http:\/\/books.google.be\/books?id=t5gUAAAAQAAJ&amp;printsec=frontcover&amp;dq=editions:0H97A3Z5QJXMDoF3M&amp;lr=&amp;hl=fr\" target=\"_blank\" rel=\"noopener\">Acc\u00e9der au volume<\/a> sur <b>GoogleBooks<\/b><\/p>\n<p><b>850120<\/b><br \/>\nSancy<br \/>\n<i>Aux M\u00e2nes de M. le Franc de Pompignan, mort le 1er novembre 1784<\/i><br \/>\nJanvier 1785, Tome I, p. 282<br \/>\n<a href=\"http:\/\/books.google.be\/books?id=t5gUAAAAQAAJ&amp;printsec=frontcover&amp;dq=editions:0H97A3Z5QJXMDoF3M&amp;lr=&amp;hl=fr\" target=\"_blank\" rel=\"noopener\">Acc\u00e9der au volume<\/a> sur <b>GoogleBooks<\/b><\/p>\n<p><b>850121<\/b><br \/>\nFran\u00e7ois-Beno\u00eet Hoffman<br \/>\n<i>Idylle<\/i><br \/>\nJanvier 1785, Tome I, p. 282-283<br \/>\n<a href=\"http:\/\/books.google.be\/books?id=t5gUAAAAQAAJ&amp;printsec=frontcover&amp;dq=editions:0H97A3Z5QJXMDoF3M&amp;lr=&amp;hl=fr\" target=\"_blank\" rel=\"noopener\">Acc\u00e9der au volume<\/a> sur <b>GoogleBooks<\/b><\/p>\n<p><b>850122<\/b><br \/>\nCrommelin de Guise<br \/>\n<i>Le ver-luisant et le roitelet, fable<\/i><br \/>\nJanvier 1785, Tome I, p. 283-284<br \/>\n<a href=\"http:\/\/books.google.be\/books?id=t5gUAAAAQAAJ&amp;printsec=frontcover&amp;dq=editions:0H97A3Z5QJXMDoF3M&amp;lr=&amp;hl=fr\" target=\"_blank\" rel=\"noopener\">Acc\u00e9der au volume<\/a> sur <b>GoogleBooks<\/b><\/p>\n<p><b>850123<\/b>[Stanislas-Jean de Boufflers]\n<i>Vers pour \u00eatre mis sous le buste du prince Henri de Prusse<\/i><br \/>\nJanvier 1785, Tome I, p. 284<br \/>\n<a href=\"http:\/\/books.google.be\/books?id=t5gUAAAAQAAJ&amp;printsec=frontcover&amp;dq=editions:0H97A3Z5QJXMDoF3M&amp;lr=&amp;hl=fr\" target=\"_blank\" rel=\"noopener\">Acc\u00e9der au volume<\/a> sur <b>GoogleBooks<\/b><\/p>\n<p style=\"text-align: justify;\"><b>850124<\/b>[Stanislas-Jean de Boufflers]\n<i>R\u00e9ponse d&rsquo;un enfant au prince Henri qui, en sortant d&rsquo;une repr\u00e9sentation de Castor et Pollux, lui avait demand\u00e9 s&rsquo;il n&rsquo;\u00e9tait pas venu dans un \u0153uf<\/i><br \/>\nJanvier 1785, Tome I, p. 285<br \/>\n<a href=\"http:\/\/books.google.be\/books?id=t5gUAAAAQAAJ&amp;printsec=frontcover&amp;dq=editions:0H97A3Z5QJXMDoF3M&amp;lr=&amp;hl=fr\" target=\"_blank\" rel=\"noopener\">Acc\u00e9der au volume<\/a> sur <b>GoogleBooks<\/b><\/p>\n<p><b>850125<\/b><br \/>\nCrommelin de Guise<br \/>\n<i>Le premier ministre de la mort, apologue<\/i><br \/>\nJanvier 1785, Tome I, p. 285-287<br \/>\n<a href=\"http:\/\/books.google.be\/books?id=t5gUAAAAQAAJ&amp;printsec=frontcover&amp;dq=editions:0H97A3Z5QJXMDoF3M&amp;lr=&amp;hl=fr\" target=\"_blank\" rel=\"noopener\">Acc\u00e9der au volume<\/a> sur <b>GoogleBooks<\/b><\/p>\n<p><b>850126<\/b><br \/>\n<i>Vers \u00e0 l&rsquo;auteur de la charmante \u00c9p\u00eetre \u00e0 la raison<\/i><br \/>\nJanvier 1785, Tome I, p. 287<br \/>\n<a href=\"http:\/\/books.google.be\/books?id=t5gUAAAAQAAJ&amp;printsec=frontcover&amp;dq=editions:0H97A3Z5QJXMDoF3M&amp;lr=&amp;hl=fr\" target=\"_blank\" rel=\"noopener\">Acc\u00e9der au volume<\/a> sur <b>GoogleBooks<\/b><\/p>\n<p><b>850127<\/b><br \/>\nAim\u00e9-Ambroise-Joseph Feutry<br \/>\n<i>\u00c0 M. le P\u00e9letier, pr\u00e9v\u00f4t des marchands de Paris<\/i><br \/>\nJanvier 1785, Tome I, p. 288<br \/>\n<a href=\"http:\/\/books.google.be\/books?id=t5gUAAAAQAAJ&amp;printsec=frontcover&amp;dq=editions:0H97A3Z5QJXMDoF3M&amp;lr=&amp;hl=fr\" target=\"_blank\" rel=\"noopener\">Acc\u00e9der au volume<\/a> sur <b>GoogleBooks<\/b><\/p>\n<p><b>850128<\/b><br \/>\nEymar<br \/>\n<i>Imitation de l&rsquo;\u00e9l\u00e9gie de Properce, Quicumque ille fuit, sur un tableau repr\u00e9sentant l&rsquo;amour<\/i><br \/>\nJanvier 1785, Tome I, p. 288-289<br \/>\n<a href=\"http:\/\/books.google.be\/books?id=t5gUAAAAQAAJ&amp;printsec=frontcover&amp;dq=editions:0H97A3Z5QJXMDoF3M&amp;lr=&amp;hl=fr\" target=\"_blank\" rel=\"noopener\">Acc\u00e9der au volume<\/a> sur <b>GoogleBooks<\/b><\/p>\n<p style=\"text-align: justify;\"><b>850201<\/b><br \/>\nFran\u00e7ois-Xavier Burtin<br \/>\n<i>Oryctographie de Bruxelles, ou description des fossiles, tant naturels qu&rsquo;accidentels d\u00e9couverts jusqu&rsquo;\u00e0 ce jour dans les environs de cette ville<\/i><br \/>\nF\u00e9vrier 1785, Tome II, p. 3-19<br \/>\n<a href=\"http:\/\/books.google.be\/books?id=xJgUAAAAQAAJ&amp;printsec=frontcover&amp;dq=editions:059HxCmeQ4llQdTuN&amp;lr=&amp;as_brr=1&amp;hl=fr\" target=\"_blank\" rel=\"noopener\">Acc\u00e9der au volume<\/a> sur <b>GoogleBooks<\/b><\/p>\n<p style=\"text-align: justify;\"><b>850202<\/b><br \/>\nJoseph White<br \/>\n<i>Sermons preached before the university of Oxford, &amp;c. Sermons pr\u00each\u00e9s devant l&rsquo;universit\u00e9 d&rsquo;Oxford, dans l&rsquo;ann\u00e9e 1784, \u00e0 la lecture fond\u00e9e par le r\u00e9v. Jean Bampton<\/i><br \/>\nF\u00e9vrier 1785, Tome II, p. 19-31<br \/>\n(Critical review)<br \/>\n<a href=\"http:\/\/books.google.be\/books?id=xJgUAAAAQAAJ&amp;printsec=frontcover&amp;dq=editions:059HxCmeQ4llQdTuN&amp;lr=&amp;as_brr=1&amp;hl=fr\" target=\"_blank\" rel=\"noopener\">Acc\u00e9der au volume<\/a> sur <b>GoogleBooks<\/b><\/p>\n<p style=\"text-align: justify;\"><b>850203<\/b><br \/>\nJohann Christoph Schwab<br \/>\n<i>Dissertation sur [les causes de] l&rsquo;universalit\u00e9 de la langue fran\u00e7aise [et la dur\u00e9e vraisemblable de son empire] (en allemand)<\/i><br \/>\nF\u00e9vrier 1785, Tome II, p. 31-46<br \/>\n(Gazette de litt\u00e9rature, des sciences et des arts)<br \/>\n<a href=\"http:\/\/books.google.be\/books?id=xJgUAAAAQAAJ&amp;printsec=frontcover&amp;dq=editions:059HxCmeQ4llQdTuN&amp;lr=&amp;as_brr=1&amp;hl=fr\" target=\"_blank\" rel=\"noopener\">Acc\u00e9der au volume<\/a> sur <b>GoogleBooks<\/b><\/p>\n<p><b>850204<\/b><br \/>\nDominique Cl\u00e9ment de Ris<br \/>\n<i>Observations sur les int\u00e9r\u00eats d&rsquo;argent pr\u00eat\u00e9 \u00e0 terme<\/i><br \/>\nF\u00e9vrier 1785, Tome II, p. 47-59<br \/>\n(Journal des savants)<br \/>\n<a href=\"http:\/\/books.google.be\/books?id=xJgUAAAAQAAJ&amp;printsec=frontcover&amp;dq=editions:059HxCmeQ4llQdTuN&amp;lr=&amp;as_brr=1&amp;hl=fr\" target=\"_blank\" rel=\"noopener\">Acc\u00e9der au volume<\/a> sur <b>GoogleBooks<\/b><\/p>\n<p style=\"text-align: justify;\"><b>850205<\/b><br \/>\nJonathan Carver<br \/>\n<i>Travels through the interior parts of north America, &amp;c. Voyages dans les parties int\u00e9rieurs de l&rsquo;Am\u00e9rique septentrionale, dans les ann\u00e9es 1766, 1767 et 1768<\/i><br \/>\nF\u00e9vrier 1785, Tome II, p. 59-87<br \/>\n<a href=\"http:\/\/books.google.be\/books?id=xJgUAAAAQAAJ&amp;printsec=frontcover&amp;dq=editions:059HxCmeQ4llQdTuN&amp;lr=&amp;as_brr=1&amp;hl=fr\" target=\"_blank\" rel=\"noopener\">Acc\u00e9der au volume<\/a> sur <b>GoogleBooks<\/b><\/p>\n<p><b>850206<\/b><br \/>\n<i>Les druides, trag\u00e9die, repr\u00e9sent\u00e9e pour la premi\u00e8re fois, sur le th\u00e9\u00e2tre fran\u00e7ais, le 7 mars 1772<\/i><br \/>\nF\u00e9vrier 1785, Tome II, p. 87-99<br \/>\n(Mercure de France)<br \/>\n<a href=\"http:\/\/books.google.be\/books?id=xJgUAAAAQAAJ&amp;printsec=frontcover&amp;dq=editions:059HxCmeQ4llQdTuN&amp;lr=&amp;as_brr=1&amp;hl=fr\" target=\"_blank\" rel=\"noopener\">Acc\u00e9der au volume<\/a> sur <b>GoogleBooks<\/b><\/p>\n<p style=\"text-align: justify;\"><b>850207<\/b><br \/>\nFrancesco Antonio Grimaldi<br \/>\n<i>Annali del regno di Napoli, &amp;c. Annales du royaume de Naples : \u00c9poque II. depuis l&rsquo;an CCCCIX de l&rsquo;\u00e8re vulgaire jusqu&rsquo;\u00e0 l&rsquo;ann\u00e9e MCCXI. Tome 1<\/i><br \/>\nF\u00e9vrier 1785, Tome II, p. 99-111<br \/>\n(Nuovo giornale enciclopedico)<br \/>\n<a href=\"http:\/\/books.google.be\/books?id=xJgUAAAAQAAJ&amp;printsec=frontcover&amp;dq=editions:059HxCmeQ4llQdTuN&amp;lr=&amp;as_brr=1&amp;hl=fr\" target=\"_blank\" rel=\"noopener\">Acc\u00e9der au volume<\/a> sur <b>GoogleBooks<\/b><\/p>\n<p><b>850208<\/b><br \/>\nLi\u00e9vin-Bonaventure Proyart<br \/>\n<i>Histoire de Stanislas premier, roi de Pologne, duc de Lorraine et de Bar<\/i><br \/>\nF\u00e9vrier 1785, Tome II, p. 111-131<br \/>\n(Ann\u00e9e litt\u00e9raire; Mercure de France; Journal encyclop\u00e9dique; Journal g\u00e9n\u00e9ral de France)<br \/>\n<a href=\"http:\/\/books.google.be\/books?id=xJgUAAAAQAAJ&amp;printsec=frontcover&amp;dq=editions:059HxCmeQ4llQdTuN&amp;lr=&amp;as_brr=1&amp;hl=fr\" target=\"_blank\" rel=\"noopener\">Acc\u00e9der au volume<\/a> sur <b>GoogleBooks<\/b><\/p>\n<p><b>850209<\/b>[Jean-Claude Gorjy]\n<i>Nouveau voyage sentimental<\/i><br \/>\nF\u00e9vrier 1785, Tome II, p. 131-137<br \/>\n(Journal de Paris; Mercure de France; Journal g\u00e9n\u00e9ral de l&rsquo;Europe)<br \/>\n<a href=\"http:\/\/books.google.be\/books?id=xJgUAAAAQAAJ&amp;printsec=frontcover&amp;dq=editions:059HxCmeQ4llQdTuN&amp;lr=&amp;as_brr=1&amp;hl=fr\" target=\"_blank\" rel=\"noopener\">Acc\u00e9der au volume<\/a> sur <b>GoogleBooks<\/b><\/p>\n<p style=\"text-align: justify;\"><b>850210<\/b><br \/>\nAntoine-Fran\u00e7ois Prost de Royer<br \/>\n<i>Nouveau dictionnaire de jurisprudence et des arr\u00eats, ou nouvelle \u00e9dition du dictionnaire de Brillon, connu sous le titre de Dictionnaire des arr\u00eats, et jurisprudence universelle des parlements de France et autres tribunaux; augment\u00e9 des mati\u00e8res du droit naturel, du droit des gens, du droit public, du droit m\u00e9dico-l\u00e9gal, d&rsquo;administration, de police, d&rsquo;agriculture, de commerce, de manufactures, de finances, de marine et de guerre, dans le rapport qu&rsquo;elles ont avec l&rsquo;administration de la justice<\/i><br \/>\nF\u00e9vrier 1785, Tome II, p. 138-155<br \/>\n<a href=\"http:\/\/books.google.be\/books?id=xJgUAAAAQAAJ&amp;printsec=frontcover&amp;dq=editions:059HxCmeQ4llQdTuN&amp;lr=&amp;as_brr=1&amp;hl=fr\" target=\"_blank\" rel=\"noopener\">Acc\u00e9der au volume<\/a> sur <b>GoogleBooks<\/b><\/p>\n<p style=\"text-align: justify;\"><b>850211<\/b><br \/>\nPierre-Jean-Claude Mauduyt de La Varenne<br \/>\n<i>M\u00e9moire sur les diff\u00e9rentes mani\u00e8res d&rsquo;administrer l&rsquo;\u00e9lectricit\u00e9, et observations sur les effets qu&rsquo;elles ont produits; extrait des m\u00e9moires de la soci\u00e9t\u00e9 royale de m\u00e9decine; imprim\u00e9 par ordre du roi<\/i><br \/>\nF\u00e9vrier 1785, Tome II, p. 155-167<br \/>\n(Gazette de sant\u00e9)<br \/>\n<a href=\"http:\/\/books.google.be\/books?id=xJgUAAAAQAAJ&amp;printsec=frontcover&amp;dq=editions:059HxCmeQ4llQdTuN&amp;lr=&amp;as_brr=1&amp;hl=fr\" target=\"_blank\" rel=\"noopener\">Acc\u00e9der au volume<\/a> sur <b>GoogleBooks<\/b><\/p>\n<p><b>850212<\/b>[Andr\u00e9-Charles Cailleau]\n<i>L&rsquo;automatie des animaux, suivie de quelques r\u00e9flexions sur le mahom\u00e9tisme et l&rsquo;agriculture, par un partisan de Descartes<\/i><br \/>\nF\u00e9vrier 1785, Tome II, p. 167-71<br \/>\n(Mercure de France)<br \/>\n<a href=\"http:\/\/books.google.be\/books?id=xJgUAAAAQAAJ&amp;printsec=frontcover&amp;dq=editions:059HxCmeQ4llQdTuN&amp;lr=&amp;as_brr=1&amp;hl=fr\" target=\"_blank\" rel=\"noopener\">Acc\u00e9der au volume<\/a> sur <b>GoogleBooks<\/b><\/p>\n<p style=\"text-align: justify;\"><b>850213<\/b><br \/>\nBarth\u00e9lemy Faujas de Saint-Fond<br \/>\n<i>Premi\u00e8re suite de la description des exp\u00e9riences a\u00e9rostatiques de MM. Montgolfier, et de celles auxquelles cette d\u00e9couverte a donn\u00e9 lieu; continuant les voyages a\u00e9riens de la Muette, des Tuileries, de Lyon, de Milan, du Champ de Mars, etc. Plusieurs m\u00e9moires de MM. Montgolfier et le comte de Milly, sur la mani\u00e8re de diriger les a\u00e9rostats; diff\u00e9rentes mani\u00e8res d&rsquo;obtenir l&rsquo;air inflammable; un m\u00e9moire sur la gomme \u00e9lastique, etc. etc. Ouvrage orn\u00e9 de cinq planches en taille-douce<\/i><br \/>\nF\u00e9vrier 1785, Tome II, p. 172-190<br \/>\n(Journal des savants; Journal de Paris; Mercure de France; Journal g\u00e9n\u00e9ral de France)<br \/>\n<a href=\"http:\/\/books.google.be\/books?id=xJgUAAAAQAAJ&amp;printsec=frontcover&amp;dq=editions:059HxCmeQ4llQdTuN&amp;lr=&amp;as_brr=1&amp;hl=fr\" target=\"_blank\" rel=\"noopener\">Acc\u00e9der au volume<\/a> sur <b>GoogleBooks<\/b><\/p>\n<p><b>850214<\/b><br \/>\nNicolas de Bonneville<br \/>\n<i>Histoire du ministre la Roche; comte imit\u00e9 de l&rsquo;anglais<\/i><br \/>\nF\u00e9vrier 1785, Tome II, p. 191-205<br \/>\n(Mercure de France)<br \/>\n<a href=\"http:\/\/books.google.be\/books?id=xJgUAAAAQAAJ&amp;printsec=frontcover&amp;dq=editions:059HxCmeQ4llQdTuN&amp;lr=&amp;as_brr=1&amp;hl=fr\" target=\"_blank\" rel=\"noopener\">Acc\u00e9der au volume<\/a> sur <b>GoogleBooks<\/b><\/p>\n<p><b>850215<\/b><br \/>\nF\u00e9lix Vicq-d&rsquo;Azyr<br \/>\n<i>Extrait de l&rsquo;\u00e9loge de M. Spielmann, lu \u00e0 la s\u00e9ance de la Soci\u00e9t\u00e9 royale de m\u00e9decine, le 28 octobre 1784<\/i><br \/>\nF\u00e9vrier 1785, Tome II, p. 205-211<br \/>\n(Journal de Paris)<br \/>\n<a href=\"http:\/\/books.google.be\/books?id=xJgUAAAAQAAJ&amp;printsec=frontcover&amp;dq=editions:059HxCmeQ4llQdTuN&amp;lr=&amp;as_brr=1&amp;hl=fr\" target=\"_blank\" rel=\"noopener\">Acc\u00e9der au volume<\/a> sur <b>GoogleBooks<\/b><\/p>\n<p><b>850216<\/b><br \/>\n<i>Lettres sur la culture de l&rsquo;esprit \u00e0 l&rsquo;auteur du Monde; traduites de l&rsquo;anglais<\/i><br \/>\nF\u00e9vrier 1785, Tome II, p. 211-227<br \/>\n<a href=\"http:\/\/books.google.be\/books?id=xJgUAAAAQAAJ&amp;printsec=frontcover&amp;dq=editions:059HxCmeQ4llQdTuN&amp;lr=&amp;as_brr=1&amp;hl=fr\" target=\"_blank\" rel=\"noopener\">Acc\u00e9der au volume<\/a> sur <b>GoogleBooks<\/b><\/p>\n<p><b>850217<\/b><br \/>\n<i>Abus du mot honneur, tir\u00e9 de l&rsquo;anglais<\/i><br \/>\nF\u00e9vrier 1785, Tome II, p. 228-227<br \/>\n<a href=\"http:\/\/books.google.be\/books?id=xJgUAAAAQAAJ&amp;printsec=frontcover&amp;dq=editions:059HxCmeQ4llQdTuN&amp;lr=&amp;as_brr=1&amp;hl=fr\" target=\"_blank\" rel=\"noopener\">Acc\u00e9der au volume<\/a> sur <b>GoogleBooks<\/b><\/p>\n<p><b>850218<\/b><br \/>\nHilarion No\u00ebl de Villenfagne d&rsquo;Ingihoul<br \/>\n<i>Fin de l&rsquo;essai historique sur les guerres d&rsquo;Awans et de Waroux, extrait et traduit de Hemricourt<\/i><br \/>\nF\u00e9vrier 1785, Tome II, p. 232-248<br \/>\n<a href=\"http:\/\/books.google.be\/books?id=xJgUAAAAQAAJ&amp;printsec=frontcover&amp;dq=editions:059HxCmeQ4llQdTuN&amp;lr=&amp;as_brr=1&amp;hl=fr\" target=\"_blank\" rel=\"noopener\">Acc\u00e9der au volume<\/a> sur <b>GoogleBooks<\/b><\/p>\n<p style=\"text-align: justify;\"><b>850219<\/b><br \/>\n<i>Suite des pens\u00e9es chinoises, extraites des m\u00e9moires concernant l&rsquo;histoire, les sciences, les arts, les moeurs, les usages, etc. des chinois par les missionnaires de P\u00e9king<\/i><br \/>\nF\u00e9vrier 1785, Tome II, p. 249-251<br \/>\n(Journal g\u00e9n\u00e9ral de France)<br \/>\n<a href=\"http:\/\/books.google.be\/books?id=xJgUAAAAQAAJ&amp;printsec=frontcover&amp;dq=editions:059HxCmeQ4llQdTuN&amp;lr=&amp;as_brr=1&amp;hl=fr\" target=\"_blank\" rel=\"noopener\">Acc\u00e9der au volume<\/a> sur <b>GoogleBooks<\/b><\/p>\n<p><b>850220<\/b><br \/>\n<i>Lettre d&rsquo;un gentilhomme de province \u00e0 un de ses amis<\/i><br \/>\nF\u00e9vrier 1785, Tome II, p. 251-253<br \/>\n(Journal de Paris)<br \/>\n<a href=\"http:\/\/books.google.be\/books?id=xJgUAAAAQAAJ&amp;printsec=frontcover&amp;dq=editions:059HxCmeQ4llQdTuN&amp;lr=&amp;as_brr=1&amp;hl=fr\" target=\"_blank\" rel=\"noopener\">Acc\u00e9der au volume<\/a> sur <b>GoogleBooks<\/b><\/p>\n<p style=\"text-align: justify;\"><b>850221<\/b><br \/>\nEmmanuel-Antoine-Joseph Ansiaux<br \/>\n<i>Lettre adress\u00e9e \u00e0 MM. Les r\u00e9dacteurs de l&rsquo;Esprit des Journaux, sur un mod\u00e8le en terre d&rsquo;un mausol\u00e9e \u00e0 \u00e9lever \u00e0 Fran\u00e7ois-Charles des Comtes de Welbruck, prince-\u00e9v\u00eaque de Li\u00e8ge<\/i><br \/>\nF\u00e9vrier 1785, Tome II, p. 254-257<br \/>\n<a href=\"http:\/\/books.google.be\/books?id=xJgUAAAAQAAJ&amp;printsec=frontcover&amp;dq=editions:059HxCmeQ4llQdTuN&amp;lr=&amp;as_brr=1&amp;hl=fr\" target=\"_blank\" rel=\"noopener\">Acc\u00e9der au volume<\/a> sur <b>GoogleBooks<\/b><\/p>\n<p><b>850222<\/b><br \/>\n<i>Mensonges imprim\u00e9s au sujet de la pers\u00e9cution de Galil\u00e9e<\/i><br \/>\nF\u00e9vrier 1785, Tome II, p. 258-268<br \/>\n(Mercure de France)<br \/>\n<a href=\"http:\/\/books.google.be\/books?id=xJgUAAAAQAAJ&amp;printsec=frontcover&amp;dq=editions:059HxCmeQ4llQdTuN&amp;lr=&amp;as_brr=1&amp;hl=fr\" target=\"_blank\" rel=\"noopener\">Acc\u00e9der au volume<\/a> sur <b>GoogleBooks<\/b><\/p>\n<p><b>850223<\/b><br \/>\n<i>Regrets d&rsquo;une m\u00e8re sur la mort de son enfant. Stances<\/i><br \/>\nF\u00e9vrier 1785, Tome II, p. 269-270<br \/>\n<a href=\"http:\/\/books.google.be\/books?id=xJgUAAAAQAAJ&amp;printsec=frontcover&amp;dq=editions:059HxCmeQ4llQdTuN&amp;lr=&amp;as_brr=1&amp;hl=fr\" target=\"_blank\" rel=\"noopener\">Acc\u00e9der au volume<\/a> sur <b>GoogleBooks<\/b><\/p>\n<p><b>850224<\/b><br \/>\nPierre Pi\u00e9ry<br \/>\n<i>L&rsquo;\u00e9pouvantail et les oiseaux. Fable<\/i><br \/>\nF\u00e9vrier 1785, Tome II, p. 271<br \/>\n<a href=\"http:\/\/books.google.be\/books?id=xJgUAAAAQAAJ&amp;printsec=frontcover&amp;dq=editions:059HxCmeQ4llQdTuN&amp;lr=&amp;as_brr=1&amp;hl=fr\" target=\"_blank\" rel=\"noopener\">Acc\u00e9der au volume<\/a> sur <b>GoogleBooks<\/b><\/p>\n<p><b>850225<\/b><br \/>\n<i>La vraie richesse. Conte<\/i><br \/>\nF\u00e9vrier 1785, Tome II, p. 272-275<br \/>\n<a href=\"http:\/\/books.google.be\/books?id=xJgUAAAAQAAJ&amp;printsec=frontcover&amp;dq=editions:059HxCmeQ4llQdTuN&amp;lr=&amp;as_brr=1&amp;hl=fr\" target=\"_blank\" rel=\"noopener\">Acc\u00e9der au volume<\/a> sur <b>GoogleBooks<\/b><\/p>\n<p><b>850226<\/b><br \/>\nB*. de R**.<br \/>\n<i>La dot mal conserv\u00e9e. Conte<\/i><br \/>\nF\u00e9vrier 1785, Tome II, p. 276<br \/>\n<a href=\"http:\/\/books.google.be\/books?id=xJgUAAAAQAAJ&amp;printsec=frontcover&amp;dq=editions:059HxCmeQ4llQdTuN&amp;lr=&amp;as_brr=1&amp;hl=fr\" target=\"_blank\" rel=\"noopener\">Acc\u00e9der au volume<\/a> sur <b>GoogleBooks<\/b><\/p>\n<p><b>850227<\/b><br \/>\nLouis-\u00c9lisabeth de La Vergne; comte de Tressan<br \/>\n<i>Les charmes de Francoville. Vers adress\u00e9s par feu M. le comte de Tressan \u00e0 M. le comte d&rsquo;Albon<\/i><br \/>\nF\u00e9vrier 1785, Tome II, p. 277-278<br \/>\n<a href=\"http:\/\/books.google.be\/books?id=xJgUAAAAQAAJ&amp;printsec=frontcover&amp;dq=editions:059HxCmeQ4llQdTuN&amp;lr=&amp;as_brr=1&amp;hl=fr\" target=\"_blank\" rel=\"noopener\">Acc\u00e9der au volume<\/a> sur <b>GoogleBooks<\/b><\/p>\n<p><b>850228<\/b><br \/>\nJean-Charles Courtalon-Delaistre<br \/>\n<i>La fourmi et la t\u00eate de cheval. Fable imit\u00e9e de l&rsquo;italien de Luigi Pulci, ins\u00e9r\u00e9e dans l&rsquo;Esprit des Journaux, mai 1784<\/i><br \/>\nF\u00e9vrier 1785, Tome II, p. 278-279<br \/>\n<a href=\"http:\/\/books.google.be\/books?id=xJgUAAAAQAAJ&amp;printsec=frontcover&amp;dq=editions:059HxCmeQ4llQdTuN&amp;lr=&amp;as_brr=1&amp;hl=fr\" target=\"_blank\" rel=\"noopener\">Acc\u00e9der au volume<\/a> sur <b>GoogleBooks<\/b><\/p>\n<p><b>850229<\/b><br \/>\n<i>L&rsquo;usurier mourant, Conte<\/i><br \/>\nF\u00e9vrier 1785, Tome II, p. 279<br \/>\n<a href=\"http:\/\/books.google.be\/books?id=xJgUAAAAQAAJ&amp;printsec=frontcover&amp;dq=editions:059HxCmeQ4llQdTuN&amp;lr=&amp;as_brr=1&amp;hl=fr\" target=\"_blank\" rel=\"noopener\">Acc\u00e9der au volume<\/a> sur <b>GoogleBooks<\/b><\/p>\n<p><b>850230<\/b><br \/>\nLouis-Edmond Quentin Champcenetz<br \/>\n<i>Couplet<\/i><br \/>\nF\u00e9vrier 1785, Tome II, p. 280<br \/>\n<a href=\"http:\/\/books.google.be\/books?id=xJgUAAAAQAAJ&amp;printsec=frontcover&amp;dq=editions:059HxCmeQ4llQdTuN&amp;lr=&amp;as_brr=1&amp;hl=fr\" target=\"_blank\" rel=\"noopener\">Acc\u00e9der au volume<\/a> sur <b>GoogleBooks<\/b><\/p>\n<p style=\"text-align: justify;\"><b>850301<\/b>[J. Hector St John de Cr\u00e8vecoeur]\n<i>Lettres d&rsquo;un cultivateur am\u00e9ricain, \u00e9crites \u00e0 W. S. [William Seton] \u00e9cuyer, depuis l&rsquo;ann\u00e9e 1770 jusqu&rsquo;\u00e0 1781, traduites de l&rsquo;anglais par ***<\/i><br \/>\nMars 1785, Tome III, p. 3-42<br \/>\n(Mercure de France; Journal de Paris; Feuille du jour)<br \/>\n<a href=\"http:\/\/books.google.be\/books?id=Y44UAAAAQAAJ&amp;printsec=frontcover&amp;dq=intitle:des+intitle:journaux+date:1772-1785&amp;lr=&amp;as_brr=1&amp;hl=fr%C2%B5\" target=\"_blank\" rel=\"noopener\">Acc\u00e9der au volume<\/a> sur <b>GoogleBooks<\/b><\/p>\n<p><b>850302<\/b>[John Pinkerton]\n<i>An essay on medals, &amp;c. Essai sur les m\u00e9dailles<\/i><br \/>\nMars 1785, Tome III, p. 42-50<br \/>\n(Critical review)<br \/>\n<a href=\"http:\/\/books.google.be\/books?id=Y44UAAAAQAAJ&amp;printsec=frontcover&amp;dq=intitle:des+intitle:journaux+date:1772-1785&amp;lr=&amp;as_brr=1&amp;hl=fr%C2%B5\" target=\"_blank\" rel=\"noopener\">Acc\u00e9der au volume<\/a> sur <b>GoogleBooks<\/b><\/p>\n<p><b>850303<\/b><br \/>\n<i>\u00c9trennes du Parnasse : choix de po\u00e9sies<\/i><br \/>\nMars 1785, Tome III, p. 50-54<br \/>\n<a href=\"http:\/\/books.google.be\/books?id=Y44UAAAAQAAJ&amp;printsec=frontcover&amp;dq=intitle:des+intitle:journaux+date:1772-1785&amp;lr=&amp;as_brr=1&amp;hl=fr%C2%B5\" target=\"_blank\" rel=\"noopener\">Acc\u00e9der au volume<\/a> sur <b>GoogleBooks<\/b><\/p>\n<p style=\"text-align: justify;\"><b>850304<\/b><br \/>\nValentin Jamerey-Duval<br \/>\n<i>\u0152uvres de Valentin-Jamerai Duval, garde du cabinet imp\u00e9rial des m\u00e9dailles, \u00e0 Vienne en Autriche, contenant sa vie, ses m\u00e9moires et ses lettres<\/i><br \/>\nMars 1785, Tome III, p. 55-71<br \/>\n(Mercure de France; Journal de Paris; Journal g\u00e9n\u00e9ral de France)<br \/>\n<a href=\"http:\/\/books.google.be\/books?id=Y44UAAAAQAAJ&amp;printsec=frontcover&amp;dq=intitle:des+intitle:journaux+date:1772-1785&amp;lr=&amp;as_brr=1&amp;hl=fr%C2%B5\" target=\"_blank\" rel=\"noopener\">Acc\u00e9der au volume<\/a> sur <b>GoogleBooks<\/b><\/p>\n<p><b>850305<\/b>[James Playfair]\n<i>A system of chronology, &amp;c. Syst\u00e8me de chronologie<\/i><br \/>\nMars 1785, Tome III, p. 72-80<br \/>\n(Critical review)<br \/>\n<a href=\"http:\/\/books.google.be\/books?id=Y44UAAAAQAAJ&amp;printsec=frontcover&amp;dq=intitle:des+intitle:journaux+date:1772-1785&amp;lr=&amp;as_brr=1&amp;hl=fr%C2%B5\" target=\"_blank\" rel=\"noopener\">Acc\u00e9der au volume<\/a> sur <b>GoogleBooks<\/b><\/p>\n<p style=\"text-align: justify;\"><b>850306<\/b><br \/>\nSimon van Slingelandt<br \/>\n<i>Staatkundige geschriften opgesteld en nagelaaten, &amp;c. Les \u00e9crits politiques de M. Simon van Slingelandt, qui remplit successivement les trois grands offices de secr\u00e9taire du conseil d&rsquo;\u00e9tat, de tr\u00e9sorier g\u00e9n\u00e9ral des Provinces-Unies et de grand pensionnaire de Hollande (en hollandais)<\/i><br \/>\nMars 1785, Tome III, p. 81-87<br \/>\n<a href=\"http:\/\/books.google.be\/books?id=Y44UAAAAQAAJ&amp;printsec=frontcover&amp;dq=intitle:des+intitle:journaux+date:1772-1785&amp;lr=&amp;as_brr=1&amp;hl=fr%C2%B5\" target=\"_blank\" rel=\"noopener\">Acc\u00e9der au volume<\/a> sur <b>GoogleBooks<\/b><\/p>\n<p><b>850307<\/b><br \/>\nHenri Bernardin de Saint-Pierre<br \/>\n<i>\u00c9tudes de la nature<\/i><br \/>\nMars 1785, Tome III, p. 87-98<br \/>\n(Ann\u00e9e litt\u00e9raire; Journal g\u00e9n\u00e9ral de France; Journal des savants)<br \/>\n<a href=\"http:\/\/books.google.be\/books?id=Y44UAAAAQAAJ&amp;printsec=frontcover&amp;dq=intitle:des+intitle:journaux+date:1772-1785&amp;lr=&amp;as_brr=1&amp;hl=fr%C2%B5\" target=\"_blank\" rel=\"noopener\">Acc\u00e9der au volume<\/a> sur <b>GoogleBooks<\/b><\/p>\n<p><b>850308<\/b>[Jean Baudrais]\n<i>\u00c9trennes de Polymnie, recueil de chansons, romances, vaudevilles, &amp;c.<\/i><br \/>\nMars 1785, Tome III, p. 99-102<br \/>\n<a href=\"http:\/\/books.google.be\/books?id=Y44UAAAAQAAJ&amp;printsec=frontcover&amp;dq=intitle:des+intitle:journaux+date:1772-1785&amp;lr=&amp;as_brr=1&amp;hl=fr%C2%B5\" target=\"_blank\" rel=\"noopener\">Acc\u00e9der au volume<\/a> sur <b>GoogleBooks<\/b><\/p>\n<p style=\"text-align: justify;\"><b>850309<\/b><br \/>\nPietro Napoli Signorelli<br \/>\n<i>Vicende della coltura, &amp;c. R\u00e9volutions des sciences dans les Deux-Siciles, ou histoire raisonn\u00e9e de leur l\u00e9gislation, politique, litt\u00e9rature, commerce, arts et spectacles, depuis les colonies \u00e9trang\u00e8res jusqu&rsquo;\u00e0 nous, divis\u00e9e en quatre parties<\/i><br \/>\nMars 1785, Tome III, p. 102-131<br \/>\n(Efemeridi letterarie)<br \/>\n<a href=\"http:\/\/books.google.be\/books?id=Y44UAAAAQAAJ&amp;printsec=frontcover&amp;dq=intitle:des+intitle:journaux+date:1772-1785&amp;lr=&amp;as_brr=1&amp;hl=fr%C2%B5\" target=\"_blank\" rel=\"noopener\">Acc\u00e9der au volume<\/a> sur <b>GoogleBooks<\/b><\/p>\n<p><b>850310<\/b><br \/>\nJean-\u00c9tienne Menu de Chomorceau<br \/>\n<i>Renaud, po\u00e8me h\u00e9ro\u00efque, imit\u00e9 du Tasse<\/i><br \/>\nMars 1785, Tome III, p. 131-142<br \/>\n(Journal encyclop\u00e9dique; Journal g\u00e9n\u00e9ral de France)<br \/>\n<a href=\"http:\/\/books.google.be\/books?id=Y44UAAAAQAAJ&amp;printsec=frontcover&amp;dq=intitle:des+intitle:journaux+date:1772-1785&amp;lr=&amp;as_brr=1&amp;hl=fr%C2%B5\" target=\"_blank\" rel=\"noopener\">Acc\u00e9der au volume<\/a> sur <b>GoogleBooks<\/b><\/p>\n<p style=\"text-align: justify;\"><b>850311<\/b><br \/>\nNo\u00ebl Retz<br \/>\n<i>Pr\u00e9cis d&rsquo;observations sur la nature, les causes, les sympt\u00f4mes et le traitement des maladies \u00e9pid\u00e9miques qui r\u00e8gnent tous les ans \u00e0 Rochefort, et qu&rsquo;on observe de temps en temps dans la plupart des provinces de France, avec des conseils sur les moyens de s&rsquo;en pr\u00e9server<\/i><br \/>\nMars 1785, Tome III, p. 143-149<br \/>\n(Journal de m\u00e9decine, chirurgie, pharmacie, &amp;c.)<br \/>\n<a href=\"http:\/\/books.google.be\/books?id=Y44UAAAAQAAJ&amp;printsec=frontcover&amp;dq=intitle:des+intitle:journaux+date:1772-1785&amp;lr=&amp;as_brr=1&amp;hl=fr%C2%B5\" target=\"_blank\" rel=\"noopener\">Acc\u00e9der au volume<\/a> sur <b>GoogleBooks<\/b><\/p>\n<p style=\"text-align: justify;\"><b>850312<\/b><br \/>\nCic\u00e9ron<br \/>\n<i>M. Tullii Ciceronis opera. Cum indicibus et variis lectionibus<\/i><br \/>\nMarcus Manilius<br \/>\n<i>M. Manilli astronomicon, libri quinque, cum commentariis &amp; castigationibus Joseph Scaligeri, Julii Caesaris, Fil. Fr. Junii Biturigis &amp; Fayi; his accedunt Bentleii quaedam animadversiones reprehensione dignae; quibus omnibus Editor sua scholia interposuit. Opera &amp; studio Edmundi Bruton<\/i><br \/>\nMars 1785, Tome III, p. 150-165<br \/>\n(Monthly review)<br \/>\n<a href=\"http:\/\/books.google.be\/books?id=Y44UAAAAQAAJ&amp;printsec=frontcover&amp;dq=intitle:des+intitle:journaux+date:1772-1785&amp;lr=&amp;as_brr=1&amp;hl=fr%C2%B5\" target=\"_blank\" rel=\"noopener\">Acc\u00e9der au volume<\/a> sur <b>GoogleBooks<\/b><\/p>\n<p style=\"text-align: justify;\"><b>850313<\/b><br \/>\nAntoine-Fran\u00e7ois Prost de Royer<br \/>\n<i>Nouveau dictionnaire de jurisprudence et des arr\u00eats, ou nouvelle \u00e9dition du dictionnaire de Brillon, connu sous le titre de dictionnaire des arr\u00eats, et jurisprudence universelle des parlements de France et autres tribunaux, augment\u00e9 des mati\u00e8res du droit naturel, etc. etc. etc.<\/i><br \/>\nMars 1785, Tome III, p. 165-185<br \/>\n(Journal encyclop\u00e9dique; Journal de Paris; Gazette des tribunaux)<br \/>\n<a href=\"http:\/\/books.google.be\/books?id=Y44UAAAAQAAJ&amp;printsec=frontcover&amp;dq=intitle:des+intitle:journaux+date:1772-1785&amp;lr=&amp;as_brr=1&amp;hl=fr%C2%B5\" target=\"_blank\" rel=\"noopener\">Acc\u00e9der au volume<\/a> sur <b>GoogleBooks<\/b><\/p>\n<p><b>850314<\/b><br \/>\n<i>Vari\u00e9t\u00e9s morales et amusantes, tir\u00e9es des journaux anglais. Traduction nouvelle<\/i><br \/>\nMars 1785, Tome III, p. 185-196<br \/>\n(Journal des savants; Journal encyclop\u00e9dique)<br \/>\n<a href=\"http:\/\/books.google.be\/books?id=Y44UAAAAQAAJ&amp;printsec=frontcover&amp;dq=intitle:des+intitle:journaux+date:1772-1785&amp;lr=&amp;as_brr=1&amp;hl=fr%C2%B5\" target=\"_blank\" rel=\"noopener\">Acc\u00e9der au volume<\/a> sur <b>GoogleBooks<\/b><\/p>\n<p><b>850315<\/b><br \/>\nGiovanni Ferri<br \/>\n<i>Apologie de Galil\u00e9e, par M. Ferri, de Rome<\/i><br \/>\nMars 1785, Tome III, p. 197-208<br \/>\n(Mercure de France)<br \/>\n<a href=\"http:\/\/books.google.be\/books?id=Y44UAAAAQAAJ&amp;printsec=frontcover&amp;dq=intitle:des+intitle:journaux+date:1772-1785&amp;lr=&amp;as_brr=1&amp;hl=fr%C2%B5\" target=\"_blank\" rel=\"noopener\">Acc\u00e9der au volume<\/a> sur <b>GoogleBooks<\/b><\/p>\n<p><b>850316<\/b><br \/>\nMayer<br \/>\n<i>Lettre \u00e0 Mme. la marquise de Tr&#8230;, par M. de Mayer, sur l&rsquo;origine des \u00c9trennes<\/i><br \/>\nMars 1785, Tome III, p. 209-212<br \/>\n(Journal de Paris)<br \/>\n<a href=\"http:\/\/books.google.be\/books?id=Y44UAAAAQAAJ&amp;printsec=frontcover&amp;dq=intitle:des+intitle:journaux+date:1772-1785&amp;lr=&amp;as_brr=1&amp;hl=fr%C2%B5\" target=\"_blank\" rel=\"noopener\">Acc\u00e9der au volume<\/a> sur <b>GoogleBooks<\/b><\/p>\n<p><b>850317<\/b><br \/>\n<i>Suite du m\u00e9moire sur la Su\u00e8de<\/i><br \/>\nMars 1785, Tome III, p. 212-236<br \/>\n<a href=\"http:\/\/books.google.be\/books?id=Y44UAAAAQAAJ&amp;printsec=frontcover&amp;dq=intitle:des+intitle:journaux+date:1772-1785&amp;lr=&amp;as_brr=1&amp;hl=fr%C2%B5\" target=\"_blank\" rel=\"noopener\">Acc\u00e9der au volume<\/a> sur <b>GoogleBooks<\/b><\/p>\n<p style=\"text-align: justify;\"><b>850318<\/b><br \/>\n<i>La chatte Mopsa, morceau traduit de l&rsquo;anglais; par M. Toussaint, et tir\u00e9 du Tr\u00e9sor de litt\u00e9rature [\u00e9trang\u00e8re], tome Ier. premi\u00e8re partie, par M. le Pr\u00e9vost d&rsquo;Exmes<\/i><br \/>\nMars 1785, Tome III, p. 236-238<br \/>\n(Journal encyclop\u00e9dique)<br \/>\n<a href=\"http:\/\/books.google.be\/books?id=Y44UAAAAQAAJ&amp;printsec=frontcover&amp;dq=intitle:des+intitle:journaux+date:1772-1785&amp;lr=&amp;as_brr=1&amp;hl=fr%C2%B5\" target=\"_blank\" rel=\"noopener\">Acc\u00e9der au volume<\/a> sur <b>GoogleBooks<\/b><\/p>\n<p><b>850319<\/b><br \/>\nPitt. D. L. B.<br \/>\n<i>De l&rsquo;\u00e9p\u00eetre en vers, fragment d&rsquo;une po\u00e9tique. Article envoy\u00e9 de Montpellier aux r\u00e9dacteurs du journal<\/i><br \/>\nMars 1785, Tome III, p. 239-247<br \/>\n<a href=\"http:\/\/books.google.be\/books?id=Y44UAAAAQAAJ&amp;printsec=frontcover&amp;dq=intitle:des+intitle:journaux+date:1772-1785&amp;lr=&amp;as_brr=1&amp;hl=fr%C2%B5\" target=\"_blank\" rel=\"noopener\">Acc\u00e9der au volume<\/a> sur <b>GoogleBooks<\/b><\/p>\n<p><b>850320<\/b><br \/>\n<i>Sur les copistes du XIVe si\u00e8cle<\/i><br \/>\nMars 1785, Tome III, p. 248-249<br \/>\n<a href=\"http:\/\/books.google.be\/books?id=Y44UAAAAQAAJ&amp;printsec=frontcover&amp;dq=intitle:des+intitle:journaux+date:1772-1785&amp;lr=&amp;as_brr=1&amp;hl=fr%C2%B5\" target=\"_blank\" rel=\"noopener\">Acc\u00e9der au volume<\/a> sur <b>GoogleBooks<\/b><\/p>\n<p><b>850321<\/b><br \/>\nJean Adam<br \/>\n<i>Lettre au r\u00e9dacteur du Journal historique et politique de Gen\u00e8ve, sur l&rsquo;anciennet\u00e9 du papier de linge<\/i><br \/>\nMars 1785, Tome III, p. 250-251<br \/>\n<a href=\"http:\/\/books.google.be\/books?id=Y44UAAAAQAAJ&amp;printsec=frontcover&amp;dq=intitle:des+intitle:journaux+date:1772-1785&amp;lr=&amp;as_brr=1&amp;hl=fr%C2%B5\" target=\"_blank\" rel=\"noopener\">Acc\u00e9der au volume<\/a> sur <b>GoogleBooks<\/b><\/p>\n<p><b>850322<\/b><br \/>\nJacques Delille<br \/>\n<i>Sur le luxe<\/i><br \/>\nMars 1785, Tome III, p. 252-258<br \/>\n<a href=\"http:\/\/books.google.be\/books?id=Y44UAAAAQAAJ&amp;printsec=frontcover&amp;dq=intitle:des+intitle:journaux+date:1772-1785&amp;lr=&amp;as_brr=1&amp;hl=fr%C2%B5\" target=\"_blank\" rel=\"noopener\">Acc\u00e9der au volume<\/a> sur <b>GoogleBooks<\/b><\/p>\n<p><b>850323<\/b><br \/>\nPhilibert-Louis-Orry; marquis de Fulvy<br \/>\n<i>Le corbeau et l&rsquo;abeille, Fable<\/i><br \/>\nMars 1785, Tome III, p. 258-259<br \/>\n<a href=\"http:\/\/books.google.be\/books?id=Y44UAAAAQAAJ&amp;printsec=frontcover&amp;dq=intitle:des+intitle:journaux+date:1772-1785&amp;lr=&amp;as_brr=1&amp;hl=fr%C2%B5\" target=\"_blank\" rel=\"noopener\">Acc\u00e9der au volume<\/a> sur <b>GoogleBooks<\/b><\/p>\n<p><b>850324<\/b><br \/>\nCousin Jacques [Louis-Abel Beffroy de Reigny]\n<i>Mes malheurs, Stances faites le premier novembre 1784, \u00e0 Sainte-Assise, par le Cousin Jacques, soufflant la com\u00e9die<\/i><br \/>\nMars 1785, Tome III, p. 259-260<br \/>\n<a href=\"http:\/\/books.google.be\/books?id=Y44UAAAAQAAJ&amp;printsec=frontcover&amp;dq=intitle:des+intitle:journaux+date:1772-1785&amp;lr=&amp;as_brr=1&amp;hl=fr%C2%B5\" target=\"_blank\" rel=\"noopener\">Acc\u00e9der au volume<\/a> sur <b>GoogleBooks<\/b><\/p>\n<p><b>850325<\/b><br \/>\nComte de Viermes<br \/>\n<i>\u00c0 Madame la comtesse des***, sur son chapeau<\/i><br \/>\nMars 1785, Tome III, p. 260<br \/>\n<a href=\"http:\/\/books.google.be\/books?id=Y44UAAAAQAAJ&amp;printsec=frontcover&amp;dq=intitle:des+intitle:journaux+date:1772-1785&amp;lr=&amp;as_brr=1&amp;hl=fr%C2%B5\" target=\"_blank\" rel=\"noopener\">Acc\u00e9der au volume<\/a> sur <b>GoogleBooks<\/b><\/p>\n<p><b>850326<\/b><br \/>\nRoger le Boiteux<br \/>\n<i>Le partage des draps, Conte<\/i><br \/>\nMars 1785, Tome III, p. 261<br \/>\n<a href=\"http:\/\/books.google.be\/books?id=Y44UAAAAQAAJ&amp;printsec=frontcover&amp;dq=intitle:des+intitle:journaux+date:1772-1785&amp;lr=&amp;as_brr=1&amp;hl=fr%C2%B5\" target=\"_blank\" rel=\"noopener\">Acc\u00e9der au volume<\/a> sur <b>GoogleBooks<\/b><\/p>\n<p><b>850327<\/b><br \/>\nChevalier de R*** [Claude-Fran\u00e7ois de Rivarol]\n<i>Traduction d&rsquo;une ode d&rsquo;Horace<\/i><br \/>\nMars 1785, Tome III, p. 261-262<br \/>\n<a href=\"http:\/\/books.google.be\/books?id=Y44UAAAAQAAJ&amp;printsec=frontcover&amp;dq=intitle:des+intitle:journaux+date:1772-1785&amp;lr=&amp;as_brr=1&amp;hl=fr%C2%B5\" target=\"_blank\" rel=\"noopener\">Acc\u00e9der au volume<\/a> sur <b>GoogleBooks<\/b><\/p>\n<p><b>850328<\/b><br \/>\nAntoine Fran\u00e7ois Le Bailly<br \/>\n<i>L&rsquo;oison et le serpent, Fable<\/i><br \/>\nMars 1785, Tome III, p. 262-263<br \/>\n<a href=\"http:\/\/books.google.be\/books?id=Y44UAAAAQAAJ&amp;printsec=frontcover&amp;dq=intitle:des+intitle:journaux+date:1772-1785&amp;lr=&amp;as_brr=1&amp;hl=fr%C2%B5\" target=\"_blank\" rel=\"noopener\">Acc\u00e9der au volume<\/a> sur <b>GoogleBooks<\/b><\/p>\n<p><b>850329<\/b><br \/>\nLandon<br \/>\n<i>\u00c9pigramme<\/i><br \/>\nMars 1785, Tome III, p. 263<br \/>\n<a href=\"http:\/\/books.google.be\/books?id=Y44UAAAAQAAJ&amp;printsec=frontcover&amp;dq=intitle:des+intitle:journaux+date:1772-1785&amp;lr=&amp;as_brr=1&amp;hl=fr%C2%B5\" target=\"_blank\" rel=\"noopener\">Acc\u00e9der au volume<\/a> sur <b>GoogleBooks<\/b><\/p>\n<p><b>850330<\/b><br \/>\nNicolas-Germain Thomson<br \/>\n<i>Tableau du Midi, et description de la Zone Torride, dans le po\u00e8me des Saisons, imit\u00e9 de Thomson<\/i><br \/>\nMars 1785, Tome III, p. 264-266<br \/>\n<a href=\"http:\/\/books.google.be\/books?id=Y44UAAAAQAAJ&amp;printsec=frontcover&amp;dq=intitle:des+intitle:journaux+date:1772-1785&amp;lr=&amp;as_brr=1&amp;hl=fr%C2%B5\" target=\"_blank\" rel=\"noopener\">Acc\u00e9der au volume<\/a> sur <b>GoogleBooks<\/b><\/p>\n<p><b>850331<\/b><br \/>\nPhilippe-Laurent Pons de Verdun<br \/>\n<i>L&rsquo;art oratoire<\/i><br \/>\nMars 1785, Tome III, p. 266<br \/>\n<a href=\"http:\/\/books.google.be\/books?id=Y44UAAAAQAAJ&amp;printsec=frontcover&amp;dq=intitle:des+intitle:journaux+date:1772-1785&amp;lr=&amp;as_brr=1&amp;hl=fr%C2%B5\" target=\"_blank\" rel=\"noopener\">Acc\u00e9der au volume<\/a> sur <b>GoogleBooks<\/b><\/p>\n<p style=\"text-align: justify;\"><b>850401<\/b><br \/>\nFran\u00e7ois Para Du Phanjas<br \/>\n<i>Tableau historique et philosophique de la religion, depuis l&rsquo;origine des temps et des choses jusqu&rsquo;\u00e0 nos jours. Premi\u00e8re partie : la religion primitive depuis la cr\u00e9ation jusqu&rsquo;\u00e0 Mo\u00efse; par l&rsquo;auteur de la th\u00e9orie des \u00eatres sensibles, des la th\u00e9orie des \u00eatres insensibles, du cours classique de philosophie, et de la philosophie de la religion<\/i><br \/>\nAvril 1785, Tome IV, p. 3-23<br \/>\n(Journal encyclop\u00e9dique; Journal g\u00e9n\u00e9ral de France)<br \/>\n<a href=\"http:\/\/books.google.be\/books?id=25gUAAAAQAAJ&amp;printsec=frontcover&amp;dq=editions:0WIMceFo3xOrgOJMJ&amp;lr=&amp;as_brr=1&amp;hl=fr\" target=\"_blank\" rel=\"noopener\">Acc\u00e9der au volume<\/a> sur <b>GoogleBooks<\/b><\/p>\n<p style=\"text-align: justify;\"><b>850402<\/b><br \/>\n<i>Dissertazioni approbate dall&rsquo; academia di scienze, lettere, et arti di Padova, &amp;c. Dissertations approuv\u00e9es par l&rsquo;acad\u00e9mie des sciences, belles-lettres et arts de Padoue, sur la question suivante, propos\u00e9e par un associ\u00e9 national de la m\u00eame acad\u00e9mie : \u00abTrouver les moyens les plus propres \u00e0 \u00e9chauffer et \u00e0 conserver l&rsquo;amour du bien des hommes dans le c\u0153ur des jeunes gens, qui doivent un jour \u00eatre puissants par l&rsquo;autorit\u00e9 ou par les richesses\u00bb<\/i><br \/>\nMai 1785, Tome V, p. 24-42<br \/>\n(Nuovo giornale Enciclopedico)<br \/>\n<a href=\"http:\/\/books.google.be\/books?id=25gUAAAAQAAJ&amp;printsec=frontcover&amp;dq=editions:0WIMceFo3xOrgOJMJ&amp;lr=&amp;as_brr=1&amp;hl=fr\" target=\"_blank\" rel=\"noopener\">Acc\u00e9der au volume<\/a> sur <b>GoogleBooks<\/b><\/p>\n<p style=\"text-align: justify;\"><b>850403<\/b><br \/>\nEmmanuel Pastoret<br \/>\n<i>Discours qui a remport\u00e9 le prix de l&rsquo;acad\u00e9mie royale des inscriptions et belles-lettres \u00e0 P\u00e2ques 1784; par M. de Pastoret, conseiller de la cour des aides, membre de plusieurs acad\u00e9mies, sur cette question : Quelle a \u00e9t\u00e9 l&rsquo;influence des lois maritimes des Rhodiens sur la marine des Grecs et des Romains, et l&rsquo;influence de la marine sur la puissance de ces deux peuples<\/i><br \/>\nAvril 1785, Tome IV, p. 43-52<br \/>\n(Journal encyclop\u00e9dique; Journal g\u00e9n\u00e9ral de France; Journal de Paris)<br \/>\n<a href=\"http:\/\/books.google.be\/books?id=25gUAAAAQAAJ&amp;printsec=frontcover&amp;dq=editions:0WIMceFo3xOrgOJMJ&amp;lr=&amp;as_brr=1&amp;hl=fr\" target=\"_blank\" rel=\"noopener\">Acc\u00e9der au volume<\/a> sur <b>GoogleBooks<\/b><\/p>\n<p><b>850404<\/b><br \/>\nCharles de Nomp\u00e8re, chevalier de Ch[ampa]gny<br \/>\n<i>Les voyages d&rsquo;amour, fils de V\u00e9nus<\/i><br \/>\nAvril 1785, Tome IV, p. 52-61<br \/>\n(Ann\u00e9e litt\u00e9raire; Mercure de France)<br \/>\n<a href=\"http:\/\/books.google.be\/books?id=25gUAAAAQAAJ&amp;printsec=frontcover&amp;dq=editions:0WIMceFo3xOrgOJMJ&amp;lr=&amp;as_brr=1&amp;hl=fr\" target=\"_blank\" rel=\"noopener\">Acc\u00e9der au volume<\/a> sur <b>GoogleBooks<\/b><\/p>\n<p style=\"text-align: justify;\"><b>850405<\/b><br \/>\n<i>Philosophical Transactions, &amp;c. Transactions philosophiques de la soci\u00e9t\u00e9 royale de Londres. Tome LXXIII pour l&rsquo;ann\u00e9e 1783, parties I et II<\/i><br \/>\nAvril 1785, Tome IV, p. 61-85<br \/>\n(Monthly review; Critical review; Universal magazine)<br \/>\n<a href=\"http:\/\/books.google.be\/books?id=25gUAAAAQAAJ&amp;printsec=frontcover&amp;dq=editions:0WIMceFo3xOrgOJMJ&amp;lr=&amp;as_brr=1&amp;hl=fr\" target=\"_blank\" rel=\"noopener\">Acc\u00e9der au volume<\/a> sur <b>GoogleBooks<\/b><\/p>\n<p><b>850406<\/b><br \/>\nHenri Bernardin de Saint-Pierre<br \/>\n<i>\u00c9tudes de la nature<\/i><br \/>\nAvril 1785, Tome IV, p. 86-103<br \/>\n(Ann\u00e9e litt\u00e9raire; Journal des savants; Journal g\u00e9n\u00e9ral de France)<br \/>\n<a href=\"http:\/\/books.google.be\/books?id=25gUAAAAQAAJ&amp;printsec=frontcover&amp;dq=editions:0WIMceFo3xOrgOJMJ&amp;lr=&amp;as_brr=1&amp;hl=fr\" target=\"_blank\" rel=\"noopener\">Acc\u00e9der au volume<\/a> sur <b>GoogleBooks<\/b><\/p>\n<p><b>850407<\/b><br \/>\nAntonio Jos\u00e9 Cavanilles<br \/>\n<i>Observations de M. l&rsquo;abb\u00e9 Cavanille, sur l&rsquo;article Espagne dans la nouvelle Encyclop\u00e9die<\/i><br \/>\nAvril 1785, Tome IV, p. 103-107<br \/>\n(Journal des savants)<br \/>\n<a href=\"http:\/\/books.google.be\/books?id=25gUAAAAQAAJ&amp;printsec=frontcover&amp;dq=editions:0WIMceFo3xOrgOJMJ&amp;lr=&amp;as_brr=1&amp;hl=fr\" target=\"_blank\" rel=\"noopener\">Acc\u00e9der au volume<\/a> sur <b>GoogleBooks<\/b><\/p>\n<p style=\"text-align: justify;\"><b>850408<\/b><br \/>\nPline l&rsquo;Ancien<br \/>\n<i>Morceaux extraits de l&rsquo;histoire naturelle de Pline; par M. Gueroult, professeur d&rsquo;\u00e9loquence au coll\u00e8ge d&rsquo;Harcourt; avec le texte \u00e0 c\u00f4t\u00e9 de la traduction fran\u00e7aise<\/i><br \/>\nAvril 1785, Tome IV, p. 107-122<br \/>\n(Mercure de France; Ann\u00e9e litt\u00e9raire; Journal de Paris)<br \/>\n<a href=\"http:\/\/books.google.be\/books?id=25gUAAAAQAAJ&amp;printsec=frontcover&amp;dq=editions:0WIMceFo3xOrgOJMJ&amp;lr=&amp;as_brr=1&amp;hl=fr\" target=\"_blank\" rel=\"noopener\">Acc\u00e9der au volume<\/a> sur <b>GoogleBooks<\/b><\/p>\n<p style=\"text-align: justify;\"><b>850409<\/b><br \/>\nFran\u00e7ois Rozier<br \/>\n<i>Cours complet d&rsquo;agriculture th\u00e9orique, pratique, \u00e9conomique, et de m\u00e9decine rurale et v\u00e9t\u00e9rinaire, suivi d&rsquo;une m\u00e9thode pour \u00e9tudier l&rsquo;agriculture par principes, ou dictionnaire universel d&rsquo;agriculture<\/i><br \/>\nAvril 1785, Tome IV, p. 123-129<br \/>\n(Journal encyclop\u00e9dique; Journal des savants)<br \/>\n<a href=\"http:\/\/books.google.be\/books?id=25gUAAAAQAAJ&amp;printsec=frontcover&amp;dq=editions:0WIMceFo3xOrgOJMJ&amp;lr=&amp;as_brr=1&amp;hl=fr\" target=\"_blank\" rel=\"noopener\">Acc\u00e9der au volume<\/a> sur <b>GoogleBooks<\/b><\/p>\n<p style=\"text-align: justify;\"><b>850410<\/b><br \/>\n<i>Histoire v\u00e9ritable du magn\u00e9tisme animal, ou nouvelles preuves de la r\u00e9alit\u00e9 de cet agent, tir\u00e9es de l&rsquo;ancien ouvrage d&rsquo;un vieux docteur<\/i><br \/>\nAvril 1785, Tome IV, p. 129-139<br \/>\n(Journal encyclop\u00e9dique; Affiches, annonces et avis divers)<br \/>\n<a href=\"http:\/\/books.google.be\/books?id=25gUAAAAQAAJ&amp;printsec=frontcover&amp;dq=editions:0WIMceFo3xOrgOJMJ&amp;lr=&amp;as_brr=1&amp;hl=fr\" target=\"_blank\" rel=\"noopener\">Acc\u00e9der au volume<\/a> sur <b>GoogleBooks<\/b><\/p>\n<p><b>850411<\/b><br \/>\nMichel-Augustin Thouret<br \/>\n<i>Extrait de la correspondance de la soci\u00e9t\u00e9 royale de m\u00e9decine, relativement au magn\u00e9tisme animal<\/i><br \/>\nAvril 1785, Tome IV, p. 140-151<br \/>\n(Journal des savants)<br \/>\n<a href=\"http:\/\/books.google.be\/books?id=25gUAAAAQAAJ&amp;printsec=frontcover&amp;dq=editions:0WIMceFo3xOrgOJMJ&amp;lr=&amp;as_brr=1&amp;hl=fr\" target=\"_blank\" rel=\"noopener\">Acc\u00e9der au volume<\/a> sur <b>GoogleBooks<\/b><\/p>\n<p><b>850412<\/b><br \/>\nL. S. M. A. S. D. P.<br \/>\n<i>Voyage en Allemagne et en Pologne, commenc\u00e9 en 1776<\/i><br \/>\nAvril 1785, Tome IV, p. 152-159<br \/>\n(Gazette de litt\u00e9rature, des sciences et des arts; Mercure de France; Journal de Paris)<br \/>\n<a href=\"http:\/\/books.google.be\/books?id=25gUAAAAQAAJ&amp;printsec=frontcover&amp;dq=editions:0WIMceFo3xOrgOJMJ&amp;lr=&amp;as_brr=1&amp;hl=fr\" target=\"_blank\" rel=\"noopener\">Acc\u00e9der au volume<\/a> sur <b>GoogleBooks<\/b><\/p>\n<p style=\"text-align: justify;\"><b>850413<\/b><br \/>\n<i>Discours prononc\u00e9s dans l&rsquo;acad\u00e9mie fran\u00e7aise, le jeudi 27 janvier 1785, \u00e0 la r\u00e9ception de M. l&rsquo;abb\u00e9 Maury, abb\u00e9 commendataire de la Frenade, vicaire-g\u00e9n\u00e9ral de Lombez, et pr\u00e9dicateur ordinaire du roi<\/i><br \/>\nAvril 1785, Tome IV, p. 159-173<br \/>\n(Mercure de France; Gazette de litt\u00e9rature, des sciences et des arts; Journal de Paris)<br \/>\n<a href=\"http:\/\/books.google.be\/books?id=25gUAAAAQAAJ&amp;printsec=frontcover&amp;dq=editions:0WIMceFo3xOrgOJMJ&amp;lr=&amp;as_brr=1&amp;hl=fr\" target=\"_blank\" rel=\"noopener\">Acc\u00e9der au volume<\/a> sur <b>GoogleBooks<\/b><\/p>\n<p><b>850414<\/b><br \/>\nJulien l&rsquo;Apostat<br \/>\n<i>Select works of the emperor Julian, &amp;c. \u0152uvres choisies de l&#8217;empereur Julien, et quelques morceaux du sophiste Libanius<\/i><br \/>\nAvril 1785, Tome IV, p. 173-190<br \/>\n(Critical review)<br \/>\n<a href=\"http:\/\/books.google.be\/books?id=25gUAAAAQAAJ&amp;printsec=frontcover&amp;dq=editions:0WIMceFo3xOrgOJMJ&amp;lr=&amp;as_brr=1&amp;hl=fr\" target=\"_blank\" rel=\"noopener\">Acc\u00e9der au volume<\/a> sur <b>GoogleBooks<\/b><\/p>\n<p><b>850415<\/b><br \/>\nAlexandre-Gui Pingr\u00e9<br \/>\n<i>Com\u00e9tographie, ou Trait\u00e9 historique et th\u00e9orique des com\u00e8tes<\/i><br \/>\nAvril 1785, Tome IV, p. 190-192<br \/>\n(Journal des savants)<br \/>\n<a href=\"http:\/\/books.google.be\/books?id=25gUAAAAQAAJ&amp;printsec=frontcover&amp;dq=editions:0WIMceFo3xOrgOJMJ&amp;lr=&amp;as_brr=1&amp;hl=fr\" target=\"_blank\" rel=\"noopener\">Acc\u00e9der au volume<\/a> sur <b>GoogleBooks<\/b><\/p>\n<p><b>850416<\/b><br \/>\n<i>Histoire d&rsquo;un adepte anglais, propre \u00e0 gu\u00e9rir la maladie de ceux qui courent encore apr\u00e8s la pierre philosophale<\/i><br \/>\nAvril 1785, Tome IV, p. 193-202<br \/>\n(Journal du lyc\u00e9e de Londres, ou Tableau de l&rsquo;\u00e9tat des sciences et des arts en Angleterre)<br \/>\n<a href=\"http:\/\/books.google.be\/books?id=25gUAAAAQAAJ&amp;printsec=frontcover&amp;dq=editions:0WIMceFo3xOrgOJMJ&amp;lr=&amp;as_brr=1&amp;hl=fr\" target=\"_blank\" rel=\"noopener\">Acc\u00e9der au volume<\/a> sur <b>GoogleBooks<\/b><\/p>\n<p><b>850417<\/b><br \/>\n<i>Divers morceaux extraits d&rsquo;un recueil intitul\u00e9 : Vari\u00e9t\u00e9 morales et amusantes, tir\u00e9es des journaux anglais, traduction nouvelle<\/i><br \/>\nAvril 1785, Tome IV, p. 203-215<br \/>\n(Journal encyclop\u00e9dique)<br \/>\n<a href=\"http:\/\/books.google.be\/books?id=25gUAAAAQAAJ&amp;printsec=frontcover&amp;dq=editions:0WIMceFo3xOrgOJMJ&amp;lr=&amp;as_brr=1&amp;hl=fr\" target=\"_blank\" rel=\"noopener\">Acc\u00e9der au volume<\/a> sur <b>GoogleBooks<\/b><\/p>\n<p><b>850418<\/b><br \/>\n<i>Voyages entrepris par les Italiens, pendant le XIIIe et XIVe si\u00e8cles<\/i><br \/>\nAvril 1785, Tome IV, p. 216-235<br \/>\n<a href=\"http:\/\/books.google.be\/books?id=25gUAAAAQAAJ&amp;printsec=frontcover&amp;dq=editions:0WIMceFo3xOrgOJMJ&amp;lr=&amp;as_brr=1&amp;hl=fr\" target=\"_blank\" rel=\"noopener\">Acc\u00e9der au volume<\/a> sur <b>GoogleBooks<\/b><\/p>\n<p><b>850419<\/b><br \/>\nJacques Edme Regnault du Beaucaron<br \/>\n<i>Herminie et Florimont, nouvelle<\/i><br \/>\nAvril 1785, Tome IV, p. 235-245<br \/>\n(Journal litt\u00e9raire de Nancy)<br \/>\n<a href=\"http:\/\/books.google.be\/books?id=25gUAAAAQAAJ&amp;printsec=frontcover&amp;dq=editions:0WIMceFo3xOrgOJMJ&amp;lr=&amp;as_brr=1&amp;hl=fr\" target=\"_blank\" rel=\"noopener\">Acc\u00e9der au volume<\/a> sur <b>GoogleBooks<\/b><\/p>\n<p><b>850420<\/b><br \/>\n<i>Aux auteurs du Journal de Paris, sur un nouveau club<\/i><br \/>\nAvril 1785, Tome IV, p. 246-249<br \/>\n<a href=\"http:\/\/books.google.be\/books?id=25gUAAAAQAAJ&amp;printsec=frontcover&amp;dq=editions:0WIMceFo3xOrgOJMJ&amp;lr=&amp;as_brr=1&amp;hl=fr\" target=\"_blank\" rel=\"noopener\">Acc\u00e9der au volume<\/a> sur <b>GoogleBooks<\/b><\/p>\n<p><b>850421<\/b><br \/>\nJean Louis de Lolme<br \/>\n<i>Sur la libert\u00e9 de la presse en Angleterre. Traduit de l&rsquo;anglais<\/i><br \/>\nAvril 1785, Tome IV, p. 250-257<br \/>\n<a href=\"http:\/\/books.google.be\/books?id=25gUAAAAQAAJ&amp;printsec=frontcover&amp;dq=editions:0WIMceFo3xOrgOJMJ&amp;lr=&amp;as_brr=1&amp;hl=fr\" target=\"_blank\" rel=\"noopener\">Acc\u00e9der au volume<\/a> sur <b>GoogleBooks<\/b><\/p>\n<p style=\"text-align: justify;\"><b>850422<\/b><br \/>\nArnaud de Saint-Maurice<br \/>\n<i>Lettre de M. Arnaud de St. Maurice, \u00e0 M. Pilatre de Rosier, occup\u00e9 \u00e0 son exp\u00e9rience a\u00e9rostatique, du passage de la mer de Boulogne, en Angleterre<\/i><br \/>\nAvril 1785, Tome IV, p. 257-259<br \/>\n<a href=\"http:\/\/books.google.be\/books?id=25gUAAAAQAAJ&amp;printsec=frontcover&amp;dq=editions:0WIMceFo3xOrgOJMJ&amp;lr=&amp;as_brr=1&amp;hl=fr\" target=\"_blank\" rel=\"noopener\">Acc\u00e9der au volume<\/a> sur <b>GoogleBooks<\/b><\/p>\n<p><b>850423<\/b><br \/>\n<i>R\u00e9ponse de M. Pilatre de Rosier, \u00e0 la lettre de M. A. D. St. M.<\/i><br \/>\nAvril 1785, Tome IV, p. 259-260<br \/>\n<a href=\"http:\/\/books.google.be\/books?id=25gUAAAAQAAJ&amp;printsec=frontcover&amp;dq=editions:0WIMceFo3xOrgOJMJ&amp;lr=&amp;as_brr=1&amp;hl=fr\" target=\"_blank\" rel=\"noopener\">Acc\u00e9der au volume<\/a> sur <b>GoogleBooks<\/b><\/p>\n<p><b>850424<\/b><br \/>\nRoyou<br \/>\n<i>\u00c0 mon fils<\/i><br \/>\nAvril 1785, Tome IV, p. 261-264<br \/>\n<a href=\"http:\/\/books.google.be\/books?id=25gUAAAAQAAJ&amp;printsec=frontcover&amp;dq=editions:0WIMceFo3xOrgOJMJ&amp;lr=&amp;as_brr=1&amp;hl=fr\" target=\"_blank\" rel=\"noopener\">Acc\u00e9der au volume<\/a> sur <b>GoogleBooks<\/b><\/p>\n<p><b>850425<\/b><br \/>\nC. de C.<br \/>\n<i>\u00c0 MM. Blanchard et Jeffries, le jour qu&rsquo;ils ont \u00e9t\u00e9 pr\u00e9sent\u00e9s au Mus\u00e9e<\/i><br \/>\nAvril 1785, Tome IV, p. 264-265<br \/>\n<a href=\"http:\/\/books.google.be\/books?id=25gUAAAAQAAJ&amp;printsec=frontcover&amp;dq=editions:0WIMceFo3xOrgOJMJ&amp;lr=&amp;as_brr=1&amp;hl=fr\" target=\"_blank\" rel=\"noopener\">Acc\u00e9der au volume<\/a> sur <b>GoogleBooks<\/b><\/p>\n<p><b>850426<\/b><br \/>\nD. B.<br \/>\n<i>\u00c9pigramme<\/i><br \/>\nAvril 1785, Tome IV, p. 265<br \/>\n<a href=\"http:\/\/books.google.be\/books?id=25gUAAAAQAAJ&amp;printsec=frontcover&amp;dq=editions:0WIMceFo3xOrgOJMJ&amp;lr=&amp;as_brr=1&amp;hl=fr\" target=\"_blank\" rel=\"noopener\">Acc\u00e9der au volume<\/a> sur <b>GoogleBooks<\/b><\/p>\n<p><b>850427<\/b><br \/>\n<i>Plaintes d&rsquo;un malheureux. Stances<\/i><br \/>\nAvril 1785, Tome IV, p. 266-267<br \/>\n<a href=\"http:\/\/books.google.be\/books?id=25gUAAAAQAAJ&amp;printsec=frontcover&amp;dq=editions:0WIMceFo3xOrgOJMJ&amp;lr=&amp;as_brr=1&amp;hl=fr\" target=\"_blank\" rel=\"noopener\">Acc\u00e9der au volume<\/a> sur <b>GoogleBooks<\/b><\/p>\n<p><b>850428<\/b><br \/>\nSancy<br \/>\n<i>Trait d&rsquo;\u00e9piscopat<\/i><br \/>\nAvril 1785, Tome IV, p. 267-268<br \/>\n<a href=\"http:\/\/books.google.be\/books?id=25gUAAAAQAAJ&amp;printsec=frontcover&amp;dq=editions:0WIMceFo3xOrgOJMJ&amp;lr=&amp;as_brr=1&amp;hl=fr\" target=\"_blank\" rel=\"noopener\">Acc\u00e9der au volume<\/a> sur <b>GoogleBooks<\/b><\/p>\n<p><b>850429<\/b><br \/>\nD. L. O.<br \/>\n<i>Ode \u00e0 Posthume, traduction libre de la onzi\u00e8me ode d&rsquo;Horace, 12e livre<\/i><br \/>\nAvril 1785, Tome IV, p. 268-269<br \/>\n<a href=\"http:\/\/books.google.be\/books?id=25gUAAAAQAAJ&amp;printsec=frontcover&amp;dq=editions:0WIMceFo3xOrgOJMJ&amp;lr=&amp;as_brr=1&amp;hl=fr\" target=\"_blank\" rel=\"noopener\">Acc\u00e9der au volume<\/a> sur <b>GoogleBooks<\/b><\/p>\n<p><b>850430<\/b><br \/>\nMadame la marquise de la F\u00e9** [Marie-Amable Petiteau]\n<i>Le cheval et l&rsquo;\u00e2ne, Fable<\/i><br \/>\nAvril 1785, Tome IV, p. 269-270<br \/>\n<a href=\"http:\/\/books.google.be\/books?id=25gUAAAAQAAJ&amp;printsec=frontcover&amp;dq=editions:0WIMceFo3xOrgOJMJ&amp;lr=&amp;as_brr=1&amp;hl=fr\" target=\"_blank\" rel=\"noopener\">Acc\u00e9der au volume<\/a> sur <b>GoogleBooks<\/b><\/p>\n<p><b>850431<\/b><br \/>\n<i>Conte<\/i><br \/>\nAvril 1785, Tome IV, p. 270<br \/>\n<a href=\"http:\/\/books.google.be\/books?id=25gUAAAAQAAJ&amp;printsec=frontcover&amp;dq=editions:0WIMceFo3xOrgOJMJ&amp;lr=&amp;as_brr=1&amp;hl=fr\" target=\"_blank\" rel=\"noopener\">Acc\u00e9der au volume<\/a> sur <b>GoogleBooks<\/b><\/p>\n<p><b>850432<\/b><br \/>\nFallet<br \/>\n<i>Les fraters et le chien, Fable<\/i><br \/>\nAvril 1785, Tome IV, p. 271-272<br \/>\n<a href=\"http:\/\/books.google.be\/books?id=25gUAAAAQAAJ&amp;printsec=frontcover&amp;dq=editions:0WIMceFo3xOrgOJMJ&amp;lr=&amp;as_brr=1&amp;hl=fr\" target=\"_blank\" rel=\"noopener\">Acc\u00e9der au volume<\/a> sur <b>GoogleBooks<\/b><\/p>\n<p><b>850501<\/b><br \/>\nM. L. C. D. M. D. L. D. G. D. C. D. M. L. D. D. A. [Adrien Marie Fran\u00e7ois de Verdy Du Vernois]\n<i>Essais de g\u00e9ographie, de politique et d&rsquo;histoire sur les possessions de l&#8217;empereur des Turcs en Europe, divis\u00e9s en trois parties<\/i><br \/>\nMai 1785, Tome V, p. 3-30<br \/>\n(Journal encyclop\u00e9dique; Journal des savants)<br \/>\n<a href=\"http:\/\/books.google.be\/books?id=jY4UAAAAQAAJ&amp;printsec=titlepage&amp;lr=&amp;as_brr=1&amp;hl=fr&amp;source=gbs_summary_r&amp;cad=0\" target=\"_blank\" rel=\"noopener\">Acc\u00e9der au volume<\/a> sur <b>GoogleBooks<\/b><\/p>\n<p><b>850502<\/b>[Pierre-Antoine de La Place]\n<i>Pi\u00e8ces int\u00e9ressantes et peu connues, pour servir \u00e0 l&rsquo;histoire et \u00e0 la litt\u00e9rature<\/i><br \/>\nMai 1785, Tome V, p. 30-60<br \/>\n(Mercure de France; Journal de Paris; Journal encyclop\u00e9dique; Journal g\u00e9n\u00e9ral de France)<br \/>\n<a href=\"http:\/\/books.google.be\/books?id=jY4UAAAAQAAJ&amp;printsec=titlepage&amp;lr=&amp;as_brr=1&amp;hl=fr&amp;source=gbs_summary_r&amp;cad=0\" target=\"_blank\" rel=\"noopener\">Acc\u00e9der au volume<\/a> sur <b>GoogleBooks<\/b><\/p>\n<p><b>850503<\/b><br \/>\nJohn Blair<br \/>\n<i>The history of the rise, &amp;c. Histoire de la naissance et du progr\u00e8s de la g\u00e9ographie<\/i><br \/>\nMai 1785, Tome V, p. 61-68<br \/>\n(Critical review)<br \/>\n<a href=\"http:\/\/books.google.be\/books?id=jY4UAAAAQAAJ&amp;printsec=titlepage&amp;lr=&amp;as_brr=1&amp;hl=fr&amp;source=gbs_summary_r&amp;cad=0\" target=\"_blank\" rel=\"noopener\">Acc\u00e9der au volume<\/a> sur <b>GoogleBooks<\/b><\/p>\n<p><b>850504<\/b><br \/>\n\u00c9tienne de Lac\u00e9p\u00e8de<br \/>\n<i>La po\u00e9tique de la musique<\/i><br \/>\nMai 1785, Tome V, p. 68-82<br \/>\n(Mercure de France; Journal de Paris)<br \/>\n<a href=\"http:\/\/books.google.be\/books?id=jY4UAAAAQAAJ&amp;printsec=titlepage&amp;lr=&amp;as_brr=1&amp;hl=fr&amp;source=gbs_summary_r&amp;cad=0\" target=\"_blank\" rel=\"noopener\">Acc\u00e9der au volume<\/a> sur <b>GoogleBooks<\/b><\/p>\n<p style=\"text-align: justify;\"><b>850505<\/b><br \/>\nPierre Fabre<br \/>\n<i>Suite des recherches sur diff\u00e9rents points de physiologie, de pathologie et de th\u00e9rapeutique, o\u00f9 l&rsquo;on explique les rapports des maladies internes avec les lois de l&rsquo;irritabilit\u00e9<\/i><br \/>\nMai 1785, Tome V, p. 82-92<br \/>\n(Journal des savants)<br \/>\n<a href=\"http:\/\/books.google.be\/books?id=jY4UAAAAQAAJ&amp;printsec=titlepage&amp;lr=&amp;as_brr=1&amp;hl=fr&amp;source=gbs_summary_r&amp;cad=0\" target=\"_blank\" rel=\"noopener\">Acc\u00e9der au volume<\/a> sur <b>GoogleBooks<\/b><\/p>\n<p style=\"text-align: justify;\"><b>850506<\/b><br \/>\n<i>The life and adventures of John Christopher Wolf, &amp;c. La vie et les aventures de Jean-Christophe Wolf, ci-devant premier secr\u00e9taire d&rsquo;\u00e9tat \u00e0 Jaffanapatnam, \u00e0 Ceylan, avec une description de cette \u00eele, de ses productions naturelles, et des m\u0153urs et coutumes de ses habitants<\/i><br \/>\nMai 1785, Tome V, p. 93-106<br \/>\n(Critical review)<br \/>\n<a href=\"http:\/\/books.google.be\/books?id=jY4UAAAAQAAJ&amp;printsec=titlepage&amp;lr=&amp;as_brr=1&amp;hl=fr&amp;source=gbs_summary_r&amp;cad=0\" target=\"_blank\" rel=\"noopener\">Acc\u00e9der au volume<\/a> sur <b>GoogleBooks<\/b><\/p>\n<p><b>850507<\/b><br \/>\nJohn Gay<br \/>\n<i>Fables choisies de John Gay, mises en vers fran\u00e7ais; par M. D. M. [De Mauroy] officier d&rsquo;infanterie<\/i><br \/>\nMai 1785, Tome V, p. 106-110<br \/>\n(Journal de Paris)<br \/>\n<a href=\"http:\/\/books.google.be\/books?id=jY4UAAAAQAAJ&amp;printsec=titlepage&amp;lr=&amp;as_brr=1&amp;hl=fr&amp;source=gbs_summary_r&amp;cad=0\" target=\"_blank\" rel=\"noopener\">Acc\u00e9der au volume<\/a> sur <b>GoogleBooks<\/b><\/p>\n<p style=\"text-align: justify;\"><b>850508<\/b><br \/>\nGianrinaldo Carli<br \/>\n<i>Opere del signor commendatore don Gian Rinaldo Conte Carli, &amp;c. \u0152uvres de M. le commandeur don Jean Rinaldo, comte Carli, pr\u00e9sident \u00e9m\u00e9rite du conseil supr\u00eame d&rsquo;\u00e9conomie publique<\/i><br \/>\nMai 1785, Tome V, p. 110-116<br \/>\n(Nuovo giornale enciclopedico)<br \/>\n<a href=\"http:\/\/books.google.be\/books?id=jY4UAAAAQAAJ&amp;printsec=titlepage&amp;lr=&amp;as_brr=1&amp;hl=fr&amp;source=gbs_summary_r&amp;cad=0\" target=\"_blank\" rel=\"noopener\">Acc\u00e9der au volume<\/a> sur <b>GoogleBooks<\/b><\/p>\n<p style=\"text-align: justify;\"><b>850509<\/b><br \/>\nAntoine-Fran\u00e7ois Delandine<br \/>\n<i>L&rsquo;enfer des peuples anciens, ou histoire des dieux infernaux, de leur culte, de leurs temples, de leurs noms, de leurs attributs, avec la description des morceaux c\u00e9l\u00e8bres de peinture, gravure et sculpture des artistes anciens et modernes qui ont repr\u00e9sent\u00e9 ces divinit\u00e9s<\/i><br \/>\nMai 1785, Tome V, p. 116-124<br \/>\n(Mercure de France; Ann\u00e9e litt\u00e9raire; Journal g\u00e9n\u00e9ral de France)<br \/>\n<a href=\"http:\/\/books.google.be\/books?id=jY4UAAAAQAAJ&amp;printsec=titlepage&amp;lr=&amp;as_brr=1&amp;hl=fr&amp;source=gbs_summary_r&amp;cad=0\" target=\"_blank\" rel=\"noopener\">Acc\u00e9der au volume<\/a> sur <b>GoogleBooks<\/b><\/p>\n<p style=\"text-align: justify;\"><b>850510<\/b><br \/>\nCharles Burney<br \/>\n<i>An account of the musical performances, &amp;c. Relation des concerts donn\u00e9s \u00e0 l&rsquo;abbaye de Westminster et au Panth\u00e9on, le 26, 27, 29 mai, et le 3 et 5 juin 1784, en m\u00e9moire d&rsquo;Handel<\/i><br \/>\nMai 1785, Tome V, p. 125-138<br \/>\n(Critical review; Universal magazine; Gentleman&rsquo;s magazine)<br \/>\n<a href=\"http:\/\/books.google.be\/books?id=jY4UAAAAQAAJ&amp;printsec=titlepage&amp;lr=&amp;as_brr=1&amp;hl=fr&amp;source=gbs_summary_r&amp;cad=0\" target=\"_blank\" rel=\"noopener\">Acc\u00e9der au volume<\/a> sur <b>GoogleBooks<\/b><\/p>\n<p style=\"text-align: justify;\"><b>850511<\/b><br \/>\nJean Meerman<br \/>\n<i>Discours qui a remport\u00e9 le prix de l&rsquo;acad\u00e9mie royale des inscriptions et belles-lettres de Paris, sur la question propos\u00e9e en 1782 : \u00abComparer ensemble la ligne des Ach\u00e9ens, celle des Suisses, et la ligue des Provinces-Unies. D\u00e9velopper les causes, l&rsquo;origine, la nature et l&rsquo;objet de ces associations politiques\u00bb<\/i><br \/>\nMai 1785, Tome V, p. 139-146<br \/>\n(Gazette de litt\u00e9rature, des sciences et des arts)<br \/>\n<a href=\"http:\/\/books.google.be\/books?id=jY4UAAAAQAAJ&amp;printsec=titlepage&amp;lr=&amp;as_brr=1&amp;hl=fr&amp;source=gbs_summary_r&amp;cad=0\" target=\"_blank\" rel=\"noopener\">Acc\u00e9der au volume<\/a> sur <b>GoogleBooks<\/b><\/p>\n<p style=\"text-align: justify;\"><b>850512<\/b><br \/>\nCesare Cittadella<br \/>\n<i>Catalogo istorico de pittori, &amp;c. Catalogue historique des peintres et sculpteurs ferrarois, et de leurs ouvrages, avec une notice exacte des plus c\u00e9l\u00e8bres peintures des \u00e9glises de Ferrare<\/i><br \/>\nMai 1785, Tome V, p. 147-156<br \/>\n(Efemeridi letterarie)<br \/>\n<a href=\"http:\/\/books.google.be\/books?id=jY4UAAAAQAAJ&amp;printsec=titlepage&amp;lr=&amp;as_brr=1&amp;hl=fr&amp;source=gbs_summary_r&amp;cad=0\" target=\"_blank\" rel=\"noopener\">Acc\u00e9der au volume<\/a> sur <b>GoogleBooks<\/b><\/p>\n<p><b>850513<\/b>[Fran\u00e7ois Blanchet]\n<i>Apologues et contes orientaux, &amp;c. par l&rsquo;auteur des Vari\u00e9t\u00e9s morales et amusantes<\/i><br \/>\nMai 1785, Tome V, p. 156-183<br \/>\n(Journal des savants; Journal de Paris; Journal encyclop\u00e9dique; Mercure de France)<br \/>\n<a href=\"http:\/\/books.google.be\/books?id=jY4UAAAAQAAJ&amp;printsec=titlepage&amp;lr=&amp;as_brr=1&amp;hl=fr&amp;source=gbs_summary_r&amp;cad=0\" target=\"_blank\" rel=\"noopener\">Acc\u00e9der au volume<\/a> sur <b>GoogleBooks<\/b><\/p>\n<p><b>850514<\/b><br \/>\nMallet du Pan<br \/>\n<i>D&rsquo;un doute sur la premi\u00e8re d\u00e9couverte de l&rsquo;Am\u00e9rique par Christophe Colomb<\/i><br \/>\nMai 1785, Tome V, p. 184-196<br \/>\n(Mercure de France)<br \/>\n<a href=\"http:\/\/books.google.be\/books?id=jY4UAAAAQAAJ&amp;printsec=titlepage&amp;lr=&amp;as_brr=1&amp;hl=fr&amp;source=gbs_summary_r&amp;cad=0\" target=\"_blank\" rel=\"noopener\">Acc\u00e9der au volume<\/a> sur <b>GoogleBooks<\/b><\/p>\n<p><b>850515<\/b><br \/>\nJacques Delille<br \/>\n<i>Extrait d&rsquo;une lettre \u00e9crite de Constantinople, par M. l&rsquo;abb\u00e9 de Lisle, \u00e0 Madame de&#8230;<\/i><br \/>\nMai 1785, Tome V, p. 196-202<br \/>\n(Journal de Paris)<br \/>\n<a href=\"http:\/\/books.google.be\/books?id=jY4UAAAAQAAJ&amp;printsec=titlepage&amp;lr=&amp;as_brr=1&amp;hl=fr&amp;source=gbs_summary_r&amp;cad=0\" target=\"_blank\" rel=\"noopener\">Acc\u00e9der au volume<\/a> sur <b>GoogleBooks<\/b><\/p>\n<p><b>850516<\/b><br \/>\nAbb\u00e9 Du Houx<br \/>\n<i>Lettre sur un \u00e9crivain et un ouvrage tr\u00e8s remarquable<\/i><br \/>\nMai 1785, Tome V, p. 202-213<br \/>\n(Journal encyclop\u00e9dique)<br \/>\n<a href=\"http:\/\/books.google.be\/books?id=jY4UAAAAQAAJ&amp;printsec=titlepage&amp;lr=&amp;as_brr=1&amp;hl=fr&amp;source=gbs_summary_r&amp;cad=0\" target=\"_blank\" rel=\"noopener\">Acc\u00e9der au volume<\/a> sur <b>GoogleBooks<\/b><\/p>\n<p><b>850517<\/b><br \/>\n<i>Notice sur les ducs de Normandie<\/i><br \/>\nMai 1785, Tome V, p. 213-215<br \/>\n(Journal de Paris)<br \/>\n<a href=\"http:\/\/books.google.be\/books?id=jY4UAAAAQAAJ&amp;printsec=titlepage&amp;lr=&amp;as_brr=1&amp;hl=fr&amp;source=gbs_summary_r&amp;cad=0\" target=\"_blank\" rel=\"noopener\">Acc\u00e9der au volume<\/a> sur <b>GoogleBooks<\/b><\/p>\n<p><b>850518<\/b><br \/>\n<i>Lettre d&rsquo;un Anglais sur les \u00e9couteurs<\/i><br \/>\nMai 1785, Tome V, p. 216-230<br \/>\n<a href=\"http:\/\/books.google.be\/books?id=jY4UAAAAQAAJ&amp;printsec=titlepage&amp;lr=&amp;as_brr=1&amp;hl=fr&amp;source=gbs_summary_r&amp;cad=0\" target=\"_blank\" rel=\"noopener\">Acc\u00e9der au volume<\/a> sur <b>GoogleBooks<\/b><\/p>\n<p><b>850519<\/b><br \/>\n<i>Notice biographique de Jonathan Carver<\/i><br \/>\nMai 1785, Tome V, p. 231-239<br \/>\n<a href=\"http:\/\/books.google.be\/books?id=jY4UAAAAQAAJ&amp;printsec=titlepage&amp;lr=&amp;as_brr=1&amp;hl=fr&amp;source=gbs_summary_r&amp;cad=0\" target=\"_blank\" rel=\"noopener\">Acc\u00e9der au volume<\/a> sur <b>GoogleBooks<\/b><\/p>\n<p style=\"text-align: justify;\"><b>850520<\/b><br \/>\n<i>De Lucilio Vanini et de Marc-Antoine de Dominis, dont l&rsquo;un soup\u00e7onn\u00e9 d&rsquo;ath\u00e9isme, et l&rsquo;autre convaincu d&rsquo;apostasie, eurent une fin malheureuse. Traduit de l&rsquo;Italien<\/i><br \/>\nMai 1785, Tome V, p. 239-243<br \/>\n<a href=\"http:\/\/books.google.be\/books?id=jY4UAAAAQAAJ&amp;printsec=titlepage&amp;lr=&amp;as_brr=1&amp;hl=fr&amp;source=gbs_summary_r&amp;cad=0\" target=\"_blank\" rel=\"noopener\">Acc\u00e9der au volume<\/a> sur <b>GoogleBooks<\/b><\/p>\n<p><b>850521<\/b><br \/>\nNigood d&rsquo;Outremer [Charles-Michel de Villette]\n<i>Lettre aux auteurs du Journal de Paris, sur une mani\u00e8re nouvelle de porter la canne<\/i><br \/>\nMai 1785, Tome V, p. 243-246<br \/>\n<a href=\"http:\/\/books.google.be\/books?id=jY4UAAAAQAAJ&amp;printsec=titlepage&amp;lr=&amp;as_brr=1&amp;hl=fr&amp;source=gbs_summary_r&amp;cad=0\" target=\"_blank\" rel=\"noopener\">Acc\u00e9der au volume<\/a> sur <b>GoogleBooks<\/b><\/p>\n<p style=\"text-align: justify;\"><b>850522<\/b><br \/>\nLouis Charles Auguste Le Tonnellier, baron de Breteuil<br \/>\n<i>Arr\u00eat du conseil d&rsquo;\u00e9tat du roi, qui supprime une lettre et des observations ins\u00e9r\u00e9es dans diff\u00e9rents journaux, sur l&rsquo;ex\u00e9cution de l&rsquo;article II de la d\u00e9claration de 1724, portant peine de mort contre le vol domestique; et fait d\u00e9fenses aux auteurs, r\u00e9dacteurs et directeurs des papiers publics d&rsquo;y ins\u00e9rer aucunes dissertations ou lettres de qui que ce soit sur les mati\u00e8res de l\u00e9gislation ou de jurisprudence. Du 2 mars 1785<\/i><br \/>\nMai 1785, Tome V, p. 246-248<br \/>\n<a href=\"http:\/\/books.google.be\/books?id=jY4UAAAAQAAJ&amp;printsec=titlepage&amp;lr=&amp;as_brr=1&amp;hl=fr&amp;source=gbs_summary_r&amp;cad=0\" target=\"_blank\" rel=\"noopener\">Acc\u00e9der au volume<\/a> sur <b>GoogleBooks<\/b><\/p>\n<p><b>850523<\/b><br \/>\nS\u00e9bastien-Gilles Huet de Guerville<br \/>\n<i>Le triomphe de la raison sur l&rsquo;\u00e9picur\u00e9isant<\/i><br \/>\nMai 1785, Tome V, p. 249-251<br \/>\n<a href=\"http:\/\/books.google.be\/books?id=jY4UAAAAQAAJ&amp;printsec=titlepage&amp;lr=&amp;as_brr=1&amp;hl=fr&amp;source=gbs_summary_r&amp;cad=0\" target=\"_blank\" rel=\"noopener\">Acc\u00e9der au volume<\/a> sur <b>GoogleBooks<\/b><\/p>\n<p><b>850524<\/b><br \/>\nLangeron fils<br \/>\n<i>Le z\u00e9phyr et l&rsquo;aquilon, Fable<\/i><br \/>\nMai 1785, Tome V, p. 252<br \/>\n<a href=\"http:\/\/books.google.be\/books?id=jY4UAAAAQAAJ&amp;printsec=titlepage&amp;lr=&amp;as_brr=1&amp;hl=fr&amp;source=gbs_summary_r&amp;cad=0\" target=\"_blank\" rel=\"noopener\">Acc\u00e9der au volume<\/a> sur <b>GoogleBooks<\/b><\/p>\n<p><b>850525<\/b><br \/>\n<i>Conte<\/i><br \/>\nMai 1785, Tome V, p. 252-253<br \/>\n<a href=\"http:\/\/books.google.be\/books?id=jY4UAAAAQAAJ&amp;printsec=titlepage&amp;lr=&amp;as_brr=1&amp;hl=fr&amp;source=gbs_summary_r&amp;cad=0\" target=\"_blank\" rel=\"noopener\">Acc\u00e9der au volume<\/a> sur <b>GoogleBooks<\/b><\/p>\n<p><b>850526<\/b><br \/>\nP&#8230;<br \/>\n<i>\u00c9p\u00eetre \u00e0 Madame la baronne de Bourdic, sur ses relations avec le docteur Franklin<\/i><br \/>\nMai 1785, Tome V, p. 253-255<br \/>\n<a href=\"http:\/\/books.google.be\/books?id=jY4UAAAAQAAJ&amp;printsec=titlepage&amp;lr=&amp;as_brr=1&amp;hl=fr&amp;source=gbs_summary_r&amp;cad=0\" target=\"_blank\" rel=\"noopener\">Acc\u00e9der au volume<\/a> sur <b>GoogleBooks<\/b><\/p>\n<p><b>850527<\/b><br \/>\nHecart<br \/>\n<i>\u00c0 un p\u00e9dant qui reprenait ses \u00e9l\u00e8ves avec trop de rigueur<\/i><br \/>\nMai 1785, Tome V, p. 255-256<br \/>\n<a href=\"http:\/\/books.google.be\/books?id=jY4UAAAAQAAJ&amp;printsec=titlepage&amp;lr=&amp;as_brr=1&amp;hl=fr&amp;source=gbs_summary_r&amp;cad=0\" target=\"_blank\" rel=\"noopener\">Acc\u00e9der au volume<\/a> sur <b>GoogleBooks<\/b><\/p>\n<p><b>850528<\/b><br \/>\nChevalier de Limoges<br \/>\n<i>Le sansonnet et le rossignol, Fable all\u00e9gorique<\/i><br \/>\nMai 1785, Tome V, p. 256-257<br \/>\n<a href=\"http:\/\/books.google.be\/books?id=jY4UAAAAQAAJ&amp;printsec=titlepage&amp;lr=&amp;as_brr=1&amp;hl=fr&amp;source=gbs_summary_r&amp;cad=0\" target=\"_blank\" rel=\"noopener\">Acc\u00e9der au volume<\/a> sur <b>GoogleBooks<\/b><\/p>\n<p><b>850529<\/b><br \/>\nMlle de Saint-L\u00e9ger [Anne-Hyacinthe de Colleville]\n<i>\u00c0 maman, pour sa f\u00eate<\/i><br \/>\nMai 1785, Tome V, p. 257-259<br \/>\n<a href=\"http:\/\/books.google.be\/books?id=jY4UAAAAQAAJ&amp;printsec=titlepage&amp;lr=&amp;as_brr=1&amp;hl=fr&amp;source=gbs_summary_r&amp;cad=0\" target=\"_blank\" rel=\"noopener\">Acc\u00e9der au volume<\/a> sur <b>GoogleBooks<\/b><\/p>\n<p><b>850530<\/b><br \/>\nSalaville<br \/>\n<i>Le sceptre et la houlette, Fable<\/i><br \/>\nMai 1785, Tome V, p. 259<br \/>\n<a href=\"http:\/\/books.google.be\/books?id=jY4UAAAAQAAJ&amp;printsec=titlepage&amp;lr=&amp;as_brr=1&amp;hl=fr&amp;source=gbs_summary_r&amp;cad=0\" target=\"_blank\" rel=\"noopener\">Acc\u00e9der au volume<\/a> sur <b>GoogleBooks<\/b><\/p>\n<p><b>850531<\/b><br \/>\nM.*** D. L. C.<br \/>\n<i>Ode \u00e0 Auguste C\u00e9sar, traduction lib. de la 2e. ode d&rsquo;Horace, liv. premier<\/i><br \/>\nMai 1785, Tome V, p. 259-263<br \/>\n<a href=\"http:\/\/books.google.be\/books?id=jY4UAAAAQAAJ&amp;printsec=titlepage&amp;lr=&amp;as_brr=1&amp;hl=fr&amp;source=gbs_summary_r&amp;cad=0\" target=\"_blank\" rel=\"noopener\">Acc\u00e9der au volume<\/a> sur <b>GoogleBooks<\/b><\/p>\n<p><b>850532<\/b><br \/>\nPhilippe-Laurent Pons de Verdun<br \/>\n<i>L&rsquo;\u00e9cho singulier<\/i><br \/>\nMai 1785, Tome V, p. 263-264<br \/>\n<a href=\"http:\/\/books.google.be\/books?id=jY4UAAAAQAAJ&amp;printsec=titlepage&amp;lr=&amp;as_brr=1&amp;hl=fr&amp;source=gbs_summary_r&amp;cad=0\" target=\"_blank\" rel=\"noopener\">Acc\u00e9der au volume<\/a> sur <b>GoogleBooks<\/b><\/p>\n<p><b>850533<\/b><br \/>\nJean-Fran\u00e7ois-Simon-Ferr\u00e9ol Beaugeard<br \/>\n<i>Le borgne avare<\/i><br \/>\nMai 1785, Tome V, p. 264<br \/>\n<a href=\"http:\/\/books.google.be\/books?id=jY4UAAAAQAAJ&amp;printsec=titlepage&amp;lr=&amp;as_brr=1&amp;hl=fr&amp;source=gbs_summary_r&amp;cad=0\" target=\"_blank\" rel=\"noopener\">Acc\u00e9der au volume<\/a> sur <b>GoogleBooks<\/b><\/p>\n<p><b>850534<\/b><br \/>\nVarenne<br \/>\n<i>Vers sur la naissance de monseigneur le duc de Normandie<\/i><br \/>\nMai 1785, Tome V, p. 265<br \/>\n<a href=\"http:\/\/books.google.be\/books?id=jY4UAAAAQAAJ&amp;printsec=titlepage&amp;lr=&amp;as_brr=1&amp;hl=fr&amp;source=gbs_summary_r&amp;cad=0\" target=\"_blank\" rel=\"noopener\">Acc\u00e9der au volume<\/a> sur <b>GoogleBooks<\/b><\/p>\n<p><b>850535<\/b><br \/>\nPhilibert-Louis-Orry; marquis de Fulvy<br \/>\n<i>Aux canons de la ville<\/i><br \/>\nMai 1785, Tome V, p. 265-266<br \/>\n<a href=\"http:\/\/books.google.be\/books?id=jY4UAAAAQAAJ&amp;printsec=titlepage&amp;lr=&amp;as_brr=1&amp;hl=fr&amp;source=gbs_summary_r&amp;cad=0\" target=\"_blank\" rel=\"noopener\">Acc\u00e9der au volume<\/a> sur <b>GoogleBooks<\/b><\/p>\n<p><b>850536<\/b><br \/>\nFran\u00e7ois-Marie Mayeur de Saint-Paul<br \/>\n<i>Impromptu fait en soupant chez M. D***, le 27 mars, jour de P\u00e2ques<\/i><br \/>\nMai 1785, Tome V, p. 266<br \/>\n<a href=\"http:\/\/books.google.be\/books?id=jY4UAAAAQAAJ&amp;printsec=titlepage&amp;lr=&amp;as_brr=1&amp;hl=fr&amp;source=gbs_summary_r&amp;cad=0\" target=\"_blank\" rel=\"noopener\">Acc\u00e9der au volume<\/a> sur <b>GoogleBooks<\/b><\/p>\n<p style=\"text-align: justify;\"><b>850601<\/b><br \/>\nClaude Savary<br \/>\n<em>Lettres sur l&rsquo;\u00c9gypte, o\u00f9 l&rsquo;on offre le parall\u00e8le des m\u0153urs anciennes et modernes de ses habitants, o\u00f9 l&rsquo;on d\u00e9crit l&rsquo;\u00e9tat, le commerce, l&rsquo;agriculture, le gouvernement du pays, et la descente de Saint-Louis \u00e0 Damiette, tir\u00e9e de Joinville et des auteurs arabes, avec des cartes g\u00e9ographiques<\/em><br \/>\nJuin 1785, Tome VI, p. 3-31<br \/>\n(Journal des savants; Journal encyclop\u00e9dique; Journal de Paris; Gazette de sant\u00e9)<br \/>\n<a href=\"http:\/\/books.google.be\/books?id=lI4UAAAAQAAJ&amp;printsec=titlepage&amp;lr=&amp;as_brr=1&amp;hl=fr&amp;source=gbs_summary_r&amp;cad=0\" target=\"_blank\" rel=\"noopener\">Acc\u00e9der au volume<\/a> sur <b>GoogleBooks<\/b><\/p>\n<p><b>850602<\/b>[Joseph Towers]\n<i>Dialogues concerning the ladies, &amp;c. Dialogues sur les dames, auxquels est ajout\u00e9 un essai sur les anciennes Amazones<\/i><br \/>\nJuin 1785, Tome VI, p. 32-39<br \/>\n(Critical review; Town and country magazine)<br \/>\n<a href=\"http:\/\/books.google.be\/books?id=lI4UAAAAQAAJ&amp;printsec=titlepage&amp;lr=&amp;as_brr=1&amp;hl=fr&amp;source=gbs_summary_r&amp;cad=0\" target=\"_blank\" rel=\"noopener\">Acc\u00e9der au volume<\/a> sur <b>GoogleBooks<\/b><\/p>\n<p><b>850603<\/b><br \/>\nCharles-Henri-Fr\u00e9d\u00e9ric Dumont<br \/>\n<i>Plan de l\u00e9gislation criminelle<\/i><br \/>\nJuin 1785, Tome VI, p. 40-53<br \/>\n(Journal des savants; Journal g\u00e9n\u00e9ral de France)<br \/>\n<a href=\"http:\/\/books.google.be\/books?id=lI4UAAAAQAAJ&amp;printsec=titlepage&amp;lr=&amp;as_brr=1&amp;hl=fr&amp;source=gbs_summary_r&amp;cad=0\" target=\"_blank\" rel=\"noopener\">Acc\u00e9der au volume<\/a> sur <b>GoogleBooks<\/b><\/p>\n<p><b>850604<\/b><br \/>\nCharles Gaspard de Toustain<br \/>\n<i>Morale de Moyse, pour servir de suite \u00e0 la collection des moralistes<\/i><br \/>\nJuin 1785, Tome VI, p. 54-62<br \/>\n(Journal de Normandie; Journal de Paris; Journal des savants; Journal g\u00e9n\u00e9ral de France)<br \/>\n<a href=\"http:\/\/books.google.be\/books?id=lI4UAAAAQAAJ&amp;printsec=titlepage&amp;lr=&amp;as_brr=1&amp;hl=fr&amp;source=gbs_summary_r&amp;cad=0\" target=\"_blank\" rel=\"noopener\">Acc\u00e9der au volume<\/a> sur <b>GoogleBooks<\/b><\/p>\n<p style=\"text-align: justify;\"><b>850605<\/b><br \/>\n<i>Collection acad\u00e9mique, compos\u00e9e des m\u00e9moires, actes ou journaux des plus c\u00e9l\u00e8bres acad\u00e9mie et soci\u00e9t\u00e9s litt\u00e9raires de l&rsquo;Europe, concernant l&rsquo;histoire naturelle, la botanique, la physique, la chimie, la chirurgie, l&rsquo;anatomie, la m\u00e9canique, &amp;c. Tome 7e (Partie fran\u00e7aise)<\/i><br \/>\nJuin 1785, Tome VI, p. 63-82<br \/>\n(Journal encyclop\u00e9dique; Journal des savants)<br \/>\n<a href=\"http:\/\/books.google.be\/books?id=lI4UAAAAQAAJ&amp;printsec=titlepage&amp;lr=&amp;as_brr=1&amp;hl=fr&amp;source=gbs_summary_r&amp;cad=0\" target=\"_blank\" rel=\"noopener\">Acc\u00e9der au volume<\/a> sur <b>GoogleBooks<\/b><\/p>\n<p><b>850606<\/b><br \/>\nLaurent-Pierre B\u00e9renger<br \/>\n<i>Suite des lettres sur la Provence<\/i><br \/>\nJuin 1785, Tome VI, p. 83-91<br \/>\n(Ann\u00e9e litt\u00e9raire; Journal de Paris)<br \/>\n<a href=\"http:\/\/books.google.be\/books?id=lI4UAAAAQAAJ&amp;printsec=titlepage&amp;lr=&amp;as_brr=1&amp;hl=fr&amp;source=gbs_summary_r&amp;cad=0\" target=\"_blank\" rel=\"noopener\">Acc\u00e9der au volume<\/a> sur <b>GoogleBooks<\/b><\/p>\n<p style=\"text-align: justify;\"><b>850607<\/b><br \/>\nNicolas-Alexandre Mustel<br \/>\n<i>Trait\u00e9 th\u00e9orique et pratique de la v\u00e9g\u00e9tation, contenant plusieurs exp\u00e9riences nouvelles et d\u00e9monstratives sur l&rsquo;\u00e9conomie v\u00e9g\u00e9tale et sur la culture des arbres<\/i><br \/>\nJuin 1785, Tome VI, p. 92-104<br \/>\n(Journal de Normandie; Journal de Paris; Journal encyclop\u00e9dique; Journal g\u00e9n\u00e9ral de France)<br \/>\n<a href=\"http:\/\/books.google.be\/books?id=lI4UAAAAQAAJ&amp;printsec=titlepage&amp;lr=&amp;as_brr=1&amp;hl=fr&amp;source=gbs_summary_r&amp;cad=0\" target=\"_blank\" rel=\"noopener\">Acc\u00e9der au volume<\/a> sur <b>GoogleBooks<\/b><\/p>\n<p><b>850608<\/b><br \/>\nChr\u00e9tien-Hubert Pfeffel<br \/>\n<i>Commentarii de limite Galliae, &amp;c. M\u00e9moires sur les limites de la France<\/i><br \/>\nJuin 1785, Tome VI, p. 104-114<br \/>\n(Journal encyclop\u00e9dique)<br \/>\n<a href=\"http:\/\/books.google.be\/books?id=lI4UAAAAQAAJ&amp;printsec=titlepage&amp;lr=&amp;as_brr=1&amp;hl=fr&amp;source=gbs_summary_r&amp;cad=0\" target=\"_blank\" rel=\"noopener\">Acc\u00e9der au volume<\/a> sur <b>GoogleBooks<\/b><\/p>\n<p style=\"text-align: justify;\"><b>850609<\/b><br \/>\nAbb\u00e9 Charmet<br \/>\n<i>Essai sur les connaissances de l&rsquo;homme, par un solitaire des bords de la Vienne : ouvrage divis\u00e9 en trois parties; 1\u00b0 les mis\u00e8res de l&rsquo;homme et son humiliation; 2\u00b0 sa grandeur et sa gloire; 3\u00b0 son immortalit\u00e9<\/i><br \/>\nJuin 1785, Tome VI, p. 115-124<br \/>\n(Journal g\u00e9n\u00e9ral de France; Journal de Paris)<br \/>\n<a href=\"http:\/\/books.google.be\/books?id=lI4UAAAAQAAJ&amp;printsec=titlepage&amp;lr=&amp;as_brr=1&amp;hl=fr&amp;source=gbs_summary_r&amp;cad=0\" target=\"_blank\" rel=\"noopener\">Acc\u00e9der au volume<\/a> sur <b>GoogleBooks<\/b><\/p>\n<p style=\"text-align: justify;\"><b>850610<\/b>[Alexander Cluny]\n<i>The American traveller or observations on the present state, &amp;c. Le voyageur am\u00e9ricain ou observations sur l&rsquo;\u00e9tat pr\u00e9sent, l&rsquo;agriculture et le commerce des colonies britanniques en Am\u00e9rique, &amp;c.<\/i><br \/>\nJuin 1785, Tome VI, p. 124-137<br \/>\n<a href=\"http:\/\/books.google.be\/books?id=lI4UAAAAQAAJ&amp;printsec=titlepage&amp;lr=&amp;as_brr=1&amp;hl=fr&amp;source=gbs_summary_r&amp;cad=0\" target=\"_blank\" rel=\"noopener\">Acc\u00e9der au volume<\/a> sur <b>GoogleBooks<\/b><\/p>\n<p><b>850611<\/b><br \/>\n<i>Annales po\u00e9tiques, depuis l&rsquo;origine de la po\u00e9sie fran\u00e7aise. Tome XXXI<\/i><br \/>\nJuin 1785, Tome VI, p. 138-156<br \/>\n(Journal encyclop\u00e9dique)<br \/>\n<a href=\"http:\/\/books.google.be\/books?id=lI4UAAAAQAAJ&amp;printsec=titlepage&amp;lr=&amp;as_brr=1&amp;hl=fr&amp;source=gbs_summary_r&amp;cad=0\" target=\"_blank\" rel=\"noopener\">Acc\u00e9der au volume<\/a> sur <b>GoogleBooks<\/b><\/p>\n<p><b>850612<\/b><br \/>\nJean-Paul Marat<br \/>\n<i>M\u00e9moire de M. Marat, docteur en m\u00e9decine, sur l&rsquo;\u00e9lectricit\u00e9 m\u00e9dicale, couronn\u00e9 par l&rsquo;acad\u00e9mie des sciences et belles-lettres de Rouen<\/i><br \/>\nJuin 1785, Tome VI, p. 157-168<br \/>\n(Journal de m\u00e9decine, chirurgie, pharmacie, etc.)<br \/>\n<a href=\"http:\/\/books.google.be\/books?id=lI4UAAAAQAAJ&amp;printsec=titlepage&amp;lr=&amp;as_brr=1&amp;hl=fr&amp;source=gbs_summary_r&amp;cad=0\" target=\"_blank\" rel=\"noopener\">Acc\u00e9der au volume<\/a> sur <b>GoogleBooks<\/b><\/p>\n<p><b>850613<\/b><br \/>\nJoseph-Antoine-Joachim Cerutti<br \/>\n<i>Recueil de quelques pi\u00e8ces de litt\u00e9rature en prose et en vers<\/i><br \/>\nJuin 1785, Tome VI, p. 168-177<br \/>\n(Mercure de France)<br \/>\n<a href=\"http:\/\/books.google.be\/books?id=lI4UAAAAQAAJ&amp;printsec=titlepage&amp;lr=&amp;as_brr=1&amp;hl=fr&amp;source=gbs_summary_r&amp;cad=0\" target=\"_blank\" rel=\"noopener\">Acc\u00e9der au volume<\/a> sur <b>GoogleBooks<\/b><\/p>\n<p><b>850614<\/b><br \/>\n<i>Memorie di matematica, &amp;c. M\u00e9moires de math\u00e9matiques et de physique de la soci\u00e9t\u00e9 italienne<\/i><br \/>\nJuin 1785, Tome VI, p. 178-187<br \/>\n(Efemeridi letterarie; Novelle letterarie)<br \/>\n<a href=\"http:\/\/books.google.be\/books?id=lI4UAAAAQAAJ&amp;printsec=titlepage&amp;lr=&amp;as_brr=1&amp;hl=fr&amp;source=gbs_summary_r&amp;cad=0\" target=\"_blank\" rel=\"noopener\">Acc\u00e9der au volume<\/a> sur <b>GoogleBooks<\/b><\/p>\n<p><b>850615<\/b><br \/>\n<i>Discours prononc\u00e9s dans l&rsquo;acad\u00e9mie fran\u00e7aise le jeudi 10 mars 1785, \u00e0 la r\u00e9ception de M. Target, avocat au parlement<\/i><br \/>\nJuin 1785, Tome VI, p. 187-208<br \/>\n(Journal encyclop\u00e9dique; Gazette des tribunaux; Nouvelles de la r\u00e9publique des lettres et des arts)<br \/>\n<a href=\"http:\/\/books.google.be\/books?id=lI4UAAAAQAAJ&amp;printsec=titlepage&amp;lr=&amp;as_brr=1&amp;hl=fr&amp;source=gbs_summary_r&amp;cad=0\" target=\"_blank\" rel=\"noopener\">Acc\u00e9der au volume<\/a> sur <b>GoogleBooks<\/b><\/p>\n<p><b>850616<\/b><br \/>\nNicolas Collin<br \/>\n<i>Lettre \u00e0 l&rsquo;auteur du Journal eccl\u00e9siastique, sur une erreur ins\u00e9r\u00e9e dans les calendriers pour 1785<\/i><br \/>\nJuin 1785, Tome VI, p. 209-212<br \/>\n<a href=\"http:\/\/books.google.be\/books?id=lI4UAAAAQAAJ&amp;printsec=titlepage&amp;lr=&amp;as_brr=1&amp;hl=fr&amp;source=gbs_summary_r&amp;cad=0\" target=\"_blank\" rel=\"noopener\">Acc\u00e9der au volume<\/a> sur <b>GoogleBooks<\/b><\/p>\n<p><b>850617<\/b><br \/>\nBarth\u00e9lemy Imbert<br \/>\n<i>Le courage de l&rsquo;amour et de la nature; Anecdote<\/i><br \/>\nJuin 1785, Tome VI, p. 213-230<br \/>\n(Mercure de France)<br \/>\n<a href=\"http:\/\/books.google.be\/books?id=lI4UAAAAQAAJ&amp;printsec=titlepage&amp;lr=&amp;as_brr=1&amp;hl=fr&amp;source=gbs_summary_r&amp;cad=0\" target=\"_blank\" rel=\"noopener\">Acc\u00e9der au volume<\/a> sur <b>GoogleBooks<\/b><\/p>\n<p><b>850618<\/b><br \/>\nGuillaume-Emmanuel-Joseph Guilhem de Clermont-Lod\u00e8ve; Baron de Sainte-Croix<br \/>\n<i>Lettre de M. le baron de Sainte-croix, de l&rsquo;acad\u00e9mie des inscriptions et belles-lettres, \u00e0 MM. les auteurs du Journal des savants<\/i><br \/>\nJuin 1785, Tome VI, p. 231-233<br \/>\n<a href=\"http:\/\/books.google.be\/books?id=lI4UAAAAQAAJ&amp;printsec=titlepage&amp;lr=&amp;as_brr=1&amp;hl=fr&amp;source=gbs_summary_r&amp;cad=0\" target=\"_blank\" rel=\"noopener\">Acc\u00e9der au volume<\/a> sur <b>GoogleBooks<\/b><\/p>\n<p><b>850619<\/b><br \/>\n<i>Divers morceaux extraits du recueil intitul\u00e9 : Vari\u00e9t\u00e9s morales et amusantes, tir\u00e9es des journaux anglais, traduction nouvelle<\/i><br \/>\nJuin 1785, Tome VI, p. 234-233<br \/>\n<a href=\"http:\/\/books.google.be\/books?id=lI4UAAAAQAAJ&amp;printsec=titlepage&amp;lr=&amp;as_brr=1&amp;hl=fr&amp;source=gbs_summary_r&amp;cad=0\" target=\"_blank\" rel=\"noopener\">Acc\u00e9der au volume<\/a> sur <b>GoogleBooks<\/b><\/p>\n<p><b>850620<\/b><br \/>\nBon-Joseph Dacier<br \/>\n<i>\u00c9loge de M. l&rsquo;Abb\u00e9 de Guasco, par M. Dacier<\/i><br \/>\nJuin 1785, Tome VI, p. 234-251<br \/>\n(Mercure de France)<br \/>\n<a href=\"http:\/\/books.google.be\/books?id=lI4UAAAAQAAJ&amp;printsec=titlepage&amp;lr=&amp;as_brr=1&amp;hl=fr&amp;source=gbs_summary_r&amp;cad=0\" target=\"_blank\" rel=\"noopener\">Acc\u00e9der au volume<\/a> sur <b>GoogleBooks<\/b><\/p>\n<p><b>850621<\/b><br \/>\n<i>Mort de M. l&rsquo;abb\u00e9 de Mably<\/i><br \/>\nJuin 1785, Tome VI, p. 252-255<br \/>\n(Journal de Paris)<br \/>\n<a href=\"http:\/\/books.google.be\/books?id=lI4UAAAAQAAJ&amp;printsec=titlepage&amp;lr=&amp;as_brr=1&amp;hl=fr&amp;source=gbs_summary_r&amp;cad=0\" target=\"_blank\" rel=\"noopener\">Acc\u00e9der au volume<\/a> sur <b>GoogleBooks<\/b><\/p>\n<p><b>850622<\/b><br \/>\n<i>Morceau tir\u00e9 d&rsquo;un discours de M. S. D. R. avocat-g\u00e9n\u00e9ral, dans une affaire de prise \u00e0 partie<\/i><br \/>\nJuin 1785, Tome VI, p. 256-260<br \/>\n(Gazette des tribunaux)<br \/>\n<a href=\"http:\/\/books.google.be\/books?id=lI4UAAAAQAAJ&amp;printsec=titlepage&amp;lr=&amp;as_brr=1&amp;hl=fr&amp;source=gbs_summary_r&amp;cad=0\" target=\"_blank\" rel=\"noopener\">Acc\u00e9der au volume<\/a> sur <b>GoogleBooks<\/b><\/p>\n<p><b>850623<\/b><br \/>\nAbb\u00e9 Bonnevie<br \/>\n<i>Lettre au r\u00e9dacteur de l&rsquo;Ann\u00e9e litt\u00e9raire<\/i><br \/>\nJuin 1785, Tome VI, p. 261-262<br \/>\n<a href=\"http:\/\/books.google.be\/books?id=lI4UAAAAQAAJ&amp;printsec=titlepage&amp;lr=&amp;as_brr=1&amp;hl=fr&amp;source=gbs_summary_r&amp;cad=0\" target=\"_blank\" rel=\"noopener\">Acc\u00e9der au volume<\/a> sur <b>GoogleBooks<\/b><\/p>\n<p><b>850624<\/b><br \/>\nF*** [Fiacre] Bouillon<br \/>\n<i>\u00c9p\u00eetre \u00e0 M. Renard, avocat \u00e0 Berlin, pour servir de r\u00e9ponse \u00e0 une lettre dans laquelle il m&rsquo;exhortait \u00e0 quitter l&rsquo;obscurit\u00e9 pour la fortune<\/i><br \/>\nJuin 1785, Tome VI, p. 263-266<br \/>\n<a href=\"http:\/\/books.google.be\/books?id=lI4UAAAAQAAJ&amp;printsec=titlepage&amp;lr=&amp;as_brr=1&amp;hl=fr&amp;source=gbs_summary_r&amp;cad=0\" target=\"_blank\" rel=\"noopener\">Acc\u00e9der au volume<\/a> sur <b>GoogleBooks<\/b><\/p>\n<p><b>850625<\/b><br \/>\nFran\u00e7ois-Beno\u00eet Hoffman<br \/>\n<i>Conte<\/i><br \/>\nJuin 1785, Tome VI, p. 266-267<br \/>\n<a href=\"http:\/\/books.google.be\/books?id=lI4UAAAAQAAJ&amp;printsec=titlepage&amp;lr=&amp;as_brr=1&amp;hl=fr&amp;source=gbs_summary_r&amp;cad=0\" target=\"_blank\" rel=\"noopener\">Acc\u00e9der au volume<\/a> sur <b>GoogleBooks<\/b><\/p>\n<p><b>850626<\/b><br \/>\n<i>Conseils \u00e0 un po\u00e8te qui viendra peut-\u00eatre<\/i><br \/>\nJuin 1785, Tome VI, p. 267-269<br \/>\n<a href=\"http:\/\/books.google.be\/books?id=lI4UAAAAQAAJ&amp;printsec=titlepage&amp;lr=&amp;as_brr=1&amp;hl=fr&amp;source=gbs_summary_r&amp;cad=0\" target=\"_blank\" rel=\"noopener\">Acc\u00e9der au volume<\/a> sur <b>GoogleBooks<\/b><\/p>\n<p><b>850627<\/b><br \/>\nLouis Francia de Beaufleury<br \/>\n<i>Le proverbe appliqu\u00e9<\/i><br \/>\nJuin 1785, Tome VI, p. 269<br \/>\n<a href=\"http:\/\/books.google.be\/books?id=lI4UAAAAQAAJ&amp;printsec=titlepage&amp;lr=&amp;as_brr=1&amp;hl=fr&amp;source=gbs_summary_r&amp;cad=0\" target=\"_blank\" rel=\"noopener\">Acc\u00e9der au volume<\/a> sur <b>GoogleBooks<\/b><\/p>\n<p><b>850628<\/b><br \/>\nBernard<br \/>\n<i>La mort d&rsquo;Adonis. Imitation de Bion<\/i><br \/>\nJuin 1785, Tome VI, p. 270-271<br \/>\n<a href=\"http:\/\/books.google.be\/books?id=lI4UAAAAQAAJ&amp;printsec=titlepage&amp;lr=&amp;as_brr=1&amp;hl=fr&amp;source=gbs_summary_r&amp;cad=0\" target=\"_blank\" rel=\"noopener\">Acc\u00e9der au volume<\/a> sur <b>GoogleBooks<\/b><\/p>\n<p><b>850629<\/b><br \/>\nSaint-Hubert<br \/>\n<i>In-Pomptu \u00e0 l&rsquo;occasion de Mademoiselle Sophie Pier&#8230; d&rsquo;Ar&#8230; que sa marraine avertissait de se tenir droite en travaillant<\/i><br \/>\nJuin 1785, Tome VI, p. 272<br \/>\n<a href=\"http:\/\/books.google.be\/books?id=lI4UAAAAQAAJ&amp;printsec=titlepage&amp;lr=&amp;as_brr=1&amp;hl=fr&amp;source=gbs_summary_r&amp;cad=0\" target=\"_blank\" rel=\"noopener\">Acc\u00e9der au volume<\/a> sur <b>GoogleBooks<\/b><\/p>\n<p><b>850630<\/b><br \/>\nCourtalon C. D. S. S. L. T.<br \/>\n<i>La perdrix et le faucon. Fable imit\u00e9e de Bidpay<\/i><br \/>\nJuin 1785, Tome VI, p. 272-274<br \/>\n<a href=\"http:\/\/books.google.be\/books?id=lI4UAAAAQAAJ&amp;printsec=titlepage&amp;lr=&amp;as_brr=1&amp;hl=fr&amp;source=gbs_summary_r&amp;cad=0\" target=\"_blank\" rel=\"noopener\">Acc\u00e9der au volume<\/a> sur <b>GoogleBooks<\/b><\/p>\n<p><b>850631<\/b><br \/>\nAbb\u00e9 Deblon<br \/>\n<i>Les d\u00e9sastres de la Calabre<\/i><br \/>\nJuin 1785, Tome VI, p. 274-277<br \/>\n<a href=\"http:\/\/books.google.be\/books?id=lI4UAAAAQAAJ&amp;printsec=titlepage&amp;lr=&amp;as_brr=1&amp;hl=fr&amp;source=gbs_summary_r&amp;cad=0\" target=\"_blank\" rel=\"noopener\">Acc\u00e9der au volume<\/a> sur <b>GoogleBooks<\/b><\/p>\n<p><b>850632<\/b><br \/>\nBasset<br \/>\n<i>\u00c0 M. le marquis de V*** apr\u00e8s avoir lu ses \u0153uvres<\/i><br \/>\nJuin 1785, Tome VI, p. 278-279<br \/>\n<a href=\"http:\/\/books.google.be\/books?id=lI4UAAAAQAAJ&amp;printsec=titlepage&amp;lr=&amp;as_brr=1&amp;hl=fr&amp;source=gbs_summary_r&amp;cad=0\" target=\"_blank\" rel=\"noopener\">Acc\u00e9der au volume<\/a> sur <b>GoogleBooks<\/b><\/p>\n<p style=\"text-align: justify;\"><b>850701<\/b><br \/>\nPierre-Louis-Claude Gin<br \/>\n<i>Nouveaux m\u00e9langes de philosophie et de litt\u00e9rature, ou analyse raisonn\u00e9e des connaissances les plus utiles \u00e0 l&rsquo;homme et au citoyen; d\u00e9di\u00e9s au roi<\/i><br \/>\nJuillet 1785, Tome VII, p. 3-15<br \/>\n(Mercure de France; Journal encyclop\u00e9dique; Journal de Paris; Journal g\u00e9n\u00e9ral de France)<br \/>\n<a href=\"http:\/\/books.google.be\/books?id=sI4UAAAAQAAJ&amp;printsec=titlepage&amp;lr=&amp;as_brr=1&amp;hl=fr&amp;source=gbs_summary_r&amp;cad=0\" target=\"_blank\" rel=\"noopener\">Acc\u00e9der au volume<\/a> sur <b>GoogleBooks<\/b><\/p>\n<p style=\"text-align: justify;\"><b>850702<\/b><br \/>\nCatherine II<br \/>\n<i>Bibliothek der grossfursten Alexander und Constantin, &amp;c. Biblioth\u00e8que des grands-ducs Alexandre et Constantin; par sa majest\u00e9 l&rsquo;imp\u00e9ratrice de Russie. Tomes I et I<\/i>I<br \/>\nJuillet 1785, Tome VII, p. 16-42<br \/>\n(Journal encyclop\u00e9dique; Journal g\u00e9n\u00e9ral de France)<br \/>\n<a href=\"http:\/\/books.google.be\/books?id=sI4UAAAAQAAJ&amp;printsec=titlepage&amp;lr=&amp;as_brr=1&amp;hl=fr&amp;source=gbs_summary_r&amp;cad=0\" target=\"_blank\" rel=\"noopener\">Acc\u00e9der au volume<\/a> sur <b>GoogleBooks<\/b><\/p>\n<p><b>850703<\/b>[Pierre-Jean-Georges Cabanis]\n<i>Serment d&rsquo;un m\u00e9decin , prononc\u00e9 le jour de sa r\u00e9ception, en 1783, dans les \u00e9coles situ\u00e9es en face d&rsquo;une \u00e9glise et pr\u00e8s d&rsquo;un h\u00f4pital<\/i><br \/>\nJuillet 1785, Tome VII, p. 42-50<br \/>\n(Gazette de litt\u00e9rature, des sciences et des arts)<br \/>\n<a href=\"http:\/\/books.google.be\/books?id=sI4UAAAAQAAJ&amp;printsec=titlepage&amp;lr=&amp;as_brr=1&amp;hl=fr&amp;source=gbs_summary_r&amp;cad=0\" target=\"_blank\" rel=\"noopener\">Acc\u00e9der au volume<\/a> sur <b>GoogleBooks<\/b><\/p>\n<p><b>850704<\/b><br \/>\n<i>Philosophical Transactions, &amp;c. Transactions philosophiques de la soci\u00e9t\u00e9 royale de Londres. Tome LXXIV, pour l&rsquo;ann\u00e9e 1784<\/i><br \/>\nJuillet 1785, Tome VII, p. 50-70<br \/>\n(Gentleman&rsquo;s magazine; Monthly review; Critical review)<br \/>\n<a href=\"http:\/\/books.google.be\/books?id=sI4UAAAAQAAJ&amp;printsec=titlepage&amp;lr=&amp;as_brr=1&amp;hl=fr&amp;source=gbs_summary_r&amp;cad=0\" target=\"_blank\" rel=\"noopener\">Acc\u00e9der au volume<\/a> sur <b>GoogleBooks<\/b><\/p>\n<p><b>850705<\/b>[Claude-Fran\u00e7ois-Adrien Lezay-Marn\u00e9zia]\n<i>Plan de lecture pour une jeune dame, &amp;c. &amp;c.<\/i><br \/>\nJuillet 1785, Tome VII, p. 71-80<br \/>\n(Mercure de France)<br \/>\n<a href=\"http:\/\/books.google.be\/books?id=sI4UAAAAQAAJ&amp;printsec=titlepage&amp;lr=&amp;as_brr=1&amp;hl=fr&amp;source=gbs_summary_r&amp;cad=0\" target=\"_blank\" rel=\"noopener\">Acc\u00e9der au volume<\/a> sur <b>GoogleBooks<\/b><\/p>\n<p><b>850706<\/b><br \/>\nMichael Ignaz Schmidt<br \/>\n<i>Michael Ignatz Schmidtz\u2026 Geschichte der Deutschen. &amp;c. Histoire des Allemands<\/i><br \/>\nJuillet 1785, Tome VII, p. 81-115<br \/>\n<a href=\"http:\/\/books.google.be\/books?id=sI4UAAAAQAAJ&amp;printsec=titlepage&amp;lr=&amp;as_brr=1&amp;hl=fr&amp;source=gbs_summary_r&amp;cad=0\" target=\"_blank\" rel=\"noopener\">Acc\u00e9der au volume<\/a> sur <b>GoogleBooks<\/b><\/p>\n<p style=\"text-align: justify;\"><b>850707<\/b><br \/>\nAlciphron<br \/>\n<i>Lettres grecques par le rh\u00e9teur Alciphron, ou anecdotes sur les m\u0153urs et les usages de la Gr\u00e8ce, traduites pour la premi\u00e8re fois en fran\u00e7ais, avec des notes historiques et critiques. 3 vol. dont le premier contient les Courtisanes, le seconde les Parasites, le troisi\u00e8me les m\u0153urs des peuples de la Gr\u00e8ce<\/i><br \/>\nJuillet 1785, Tome VII, p. 116-122<br \/>\n(Ann\u00e9e litt\u00e9raire)<br \/>\n<a href=\"http:\/\/books.google.be\/books?id=sI4UAAAAQAAJ&amp;printsec=titlepage&amp;lr=&amp;as_brr=1&amp;hl=fr&amp;source=gbs_summary_r&amp;cad=0\" target=\"_blank\" rel=\"noopener\">Acc\u00e9der au volume<\/a> sur <b>GoogleBooks<\/b><\/p>\n<p style=\"text-align: justify;\"><b>850708<\/b><br \/>\nAnne-Charles Lorry<br \/>\n<i>De praecipuis morborum mutationibus et conversionibus, tentamen medicum, &amp;c. Essai de m\u00e9decine sur les principaux changements et les conversions des maladies<\/i><br \/>\nJuillet 1785, Tome VII, p. 122-138<br \/>\n(Journal de m\u00e9decine, chirurgie, pharmacie, etc.; Journal g\u00e9n\u00e9ral de France)<br \/>\n<a href=\"http:\/\/books.google.be\/books?id=sI4UAAAAQAAJ&amp;printsec=titlepage&amp;lr=&amp;as_brr=1&amp;hl=fr&amp;source=gbs_summary_r&amp;cad=0\" target=\"_blank\" rel=\"noopener\">Acc\u00e9der au volume<\/a> sur <b>GoogleBooks<\/b><\/p>\n<p><b>850709<\/b><br \/>\n<i>Collection universelle des m\u00e9moires particuliers relatifs \u00e0 l&rsquo;histoire de France<\/i><br \/>\nJuillet 1785, Tome VII, p. 138-152<br \/>\n(Mercure de France; Journal de Paris; Journal encyclop\u00e9dique)<br \/>\n<a href=\"http:\/\/books.google.be\/books?id=sI4UAAAAQAAJ&amp;printsec=titlepage&amp;lr=&amp;as_brr=1&amp;hl=fr&amp;source=gbs_summary_r&amp;cad=0\" target=\"_blank\" rel=\"noopener\">Acc\u00e9der au volume<\/a> sur <b>GoogleBooks<\/b><\/p>\n<p><b>850710<\/b><br \/>\nMichel de Cubi\u00e8res-Palm\u00e9zeaux<br \/>\n<i>Les deux centenaires de Corneille, pi\u00e8ces en un acte et en vers<\/i><br \/>\nJuillet 1785, Tome VII, p. 153-65<br \/>\n(Mercure de France; Journal de Normandie)<br \/>\n<a href=\"http:\/\/books.google.be\/books?id=sI4UAAAAQAAJ&amp;printsec=titlepage&amp;lr=&amp;as_brr=1&amp;hl=fr&amp;source=gbs_summary_r&amp;cad=0\" target=\"_blank\" rel=\"noopener\">Acc\u00e9der au volume<\/a> sur <b>GoogleBooks<\/b><\/p>\n<p><b>850711<\/b><br \/>\nMartino de Stephanis<br \/>\n<i>Historia Moysis a physicorum &amp; historicum commentis vindicatur, auctore presbytero Martino de Stephanis, &amp;c.<\/i><br \/>\nJuillet 1785, Tome VII, p. 165-189<br \/>\n(Efemeridi letterarie)<br \/>\n<a href=\"http:\/\/books.google.be\/books?id=sI4UAAAAQAAJ&amp;printsec=titlepage&amp;lr=&amp;as_brr=1&amp;hl=fr&amp;source=gbs_summary_r&amp;cad=0\" target=\"_blank\" rel=\"noopener\">Acc\u00e9der au volume<\/a> sur <b>GoogleBooks<\/b><\/p>\n<p style=\"text-align: justify;\"><b>850712<\/b>[Appiano Buonafede]\n<i>Della Restaurazione di ogni filosofia, &amp;c. De la restauration de la philosophie en g\u00e9n\u00e9ral dans les XVI, XVII et XVIIIe si\u00e8cles. Ier vol.<\/i><br \/>\nJuillet 1785, Tome VII, p. 189-203<br \/>\n(Efemeridi letterarie)<br \/>\n<a href=\"http:\/\/books.google.be\/books?id=sI4UAAAAQAAJ&amp;printsec=titlepage&amp;lr=&amp;as_brr=1&amp;hl=fr&amp;source=gbs_summary_r&amp;cad=0\" target=\"_blank\" rel=\"noopener\">Acc\u00e9der au volume<\/a> sur <b>GoogleBooks<\/b><\/p>\n<p style=\"text-align: justify;\"><b>850713<\/b><br \/>\nRichard Price<br \/>\n<i>Observations on the importance, &amp;c. Observations sur l&rsquo;importance de la r\u00e9volution de l&rsquo;Am\u00e9rique, et sur les moyens de la rendre utile au monde : on y a ajout\u00e9 une lettre de feu M. Turgot, contr\u00f4leur-g\u00e9n\u00e9ral des finances en France; avec un appendix contenant une traduction du testament de M. Fortun\u00e9 Ricard, derni\u00e8rement publi\u00e9 en France<\/i><br \/>\nJuillet 1785, Tome VII, p. 204-224<br \/>\n(Monthly review)<br \/>\n<a href=\"http:\/\/books.google.be\/books?id=sI4UAAAAQAAJ&amp;printsec=titlepage&amp;lr=&amp;as_brr=1&amp;hl=fr&amp;source=gbs_summary_r&amp;cad=0\" target=\"_blank\" rel=\"noopener\">Acc\u00e9der au volume<\/a> sur <b>GoogleBooks<\/b><\/p>\n<p><b>850714<\/b><br \/>\nComte F. D H. [Franz von Hartig]\n<i>Lettres sur la France, l&rsquo;Angleterre et l&rsquo;Italie<\/i><br \/>\nJuillet 1785, Tome VII, p. 225-230<br \/>\n<a href=\"http:\/\/books.google.be\/books?id=sI4UAAAAQAAJ&amp;printsec=titlepage&amp;lr=&amp;as_brr=1&amp;hl=fr&amp;source=gbs_summary_r&amp;cad=0\" target=\"_blank\" rel=\"noopener\">Acc\u00e9der au volume<\/a> sur <b>GoogleBooks<\/b><\/p>\n<p style=\"text-align: justify;\"><b>850715<\/b>[Joseph Valla]\n<i>Institutiones theologicae ad usum scholarum accomodatae. Le\u00e7ons de th\u00e9ologie accommod\u00e9es \u00e0 l&rsquo;usage des \u00e9coles : seconde \u00e9dition<\/i><br \/>\nJuillet 1785, Tome VII, p. 231-239<br \/>\n<a href=\"http:\/\/books.google.be\/books?id=sI4UAAAAQAAJ&amp;printsec=titlepage&amp;lr=&amp;as_brr=1&amp;hl=fr&amp;source=gbs_summary_r&amp;cad=0\" target=\"_blank\" rel=\"noopener\">Acc\u00e9der au volume<\/a> sur <b>GoogleBooks<\/b><\/p>\n<p><b>850716<\/b><br \/>\nPierre-Louis Lacretelle<br \/>\n<i>Fragments d&rsquo;un ouvrage de morale<\/i><br \/>\nJuillet 1785, Tome VII, p. 240-252<br \/>\n(Mercure de France)<br \/>\n<a href=\"http:\/\/books.google.be\/books?id=sI4UAAAAQAAJ&amp;printsec=titlepage&amp;lr=&amp;as_brr=1&amp;hl=fr&amp;source=gbs_summary_r&amp;cad=0\" target=\"_blank\" rel=\"noopener\">Acc\u00e9der au volume<\/a> sur <b>GoogleBooks<\/b><\/p>\n<p><b>850717<\/b><br \/>\n<i>Pr\u00e9tendus sorciers arriv\u00e9s \u00e0 Lyon dans un char volant, au neuvi\u00e8me si\u00e8cle<\/i><br \/>\nJuillet 1785, Tome VII, p. 252-255<br \/>\n(Journal de Normandie)<br \/>\n<a href=\"http:\/\/books.google.be\/books?id=sI4UAAAAQAAJ&amp;printsec=titlepage&amp;lr=&amp;as_brr=1&amp;hl=fr&amp;source=gbs_summary_r&amp;cad=0\" target=\"_blank\" rel=\"noopener\">Acc\u00e9der au volume<\/a> sur <b>GoogleBooks<\/b><\/p>\n<p><b>850718<\/b><br \/>\n<i>De l&rsquo;origine des Am\u00e9ricains. Extrait d&rsquo;un voyage anglais<\/i><br \/>\nJuillet 1785, Tome VII, p. 255-270<br \/>\n<a href=\"http:\/\/books.google.be\/books?id=sI4UAAAAQAAJ&amp;printsec=titlepage&amp;lr=&amp;as_brr=1&amp;hl=fr&amp;source=gbs_summary_r&amp;cad=0\" target=\"_blank\" rel=\"noopener\">Acc\u00e9der au volume<\/a> sur <b>GoogleBooks<\/b><\/p>\n<p><b>850719<\/b><br \/>\n<i>Fragment curieux de P\u00e9trone<\/i><br \/>\nJuillet 1785, Tome VII, p. 271-274<br \/>\n(Gentleman&rsquo;s magazine)<br \/>\n<a href=\"http:\/\/books.google.be\/books?id=sI4UAAAAQAAJ&amp;printsec=titlepage&amp;lr=&amp;as_brr=1&amp;hl=fr&amp;source=gbs_summary_r&amp;cad=0\" target=\"_blank\" rel=\"noopener\">Acc\u00e9der au volume<\/a> sur <b>GoogleBooks<\/b><\/p>\n<p><b>850720<\/b><br \/>\nAntoine Fran\u00e7ois Le Bailly<br \/>\n<i>Imitation d&rsquo;une \u00e9l\u00e9gie d&rsquo;Ovide, contre les envieux, et sur la longue renomm\u00e9e des po\u00e8tes<\/i><br \/>\nJuillet 1785, Tome VII, p. 275-277<br \/>\n<a href=\"http:\/\/books.google.be\/books?id=sI4UAAAAQAAJ&amp;printsec=titlepage&amp;lr=&amp;as_brr=1&amp;hl=fr&amp;source=gbs_summary_r&amp;cad=0\" target=\"_blank\" rel=\"noopener\">Acc\u00e9der au volume<\/a> sur <b>GoogleBooks<\/b><\/p>\n<p><b>850721<\/b><br \/>\nJean-Fran\u00e7ois Guichard<br \/>\n<i>Le bonheur. Stances<\/i><br \/>\nJuillet 1785, Tome VII, p. 277-278<br \/>\n<a href=\"http:\/\/books.google.be\/books?id=sI4UAAAAQAAJ&amp;printsec=titlepage&amp;lr=&amp;as_brr=1&amp;hl=fr&amp;source=gbs_summary_r&amp;cad=0\" target=\"_blank\" rel=\"noopener\">Acc\u00e9der au volume<\/a> sur <b>GoogleBooks<\/b><\/p>\n<p><b>850722<\/b><br \/>\nCousin Jacques [Louis-Abel Beffroy de Reigny]\n<i>Nouvelle suite \u00e0 mes malheurs<\/i><br \/>\nJuillet 1785, Tome VII, p. 278-279<br \/>\n<a href=\"http:\/\/books.google.be\/books?id=sI4UAAAAQAAJ&amp;printsec=titlepage&amp;lr=&amp;as_brr=1&amp;hl=fr&amp;source=gbs_summary_r&amp;cad=0\" target=\"_blank\" rel=\"noopener\">Acc\u00e9der au volume<\/a> sur <b>GoogleBooks<\/b><\/p>\n<p><b>850723<\/b><br \/>\nPhilippe-Laurent Pons de Verdun<br \/>\n<i>L&rsquo;oubli volontaire<\/i><br \/>\nJuillet 1785, Tome VII, p. 280<br \/>\n<a href=\"http:\/\/books.google.be\/books?id=sI4UAAAAQAAJ&amp;printsec=titlepage&amp;lr=&amp;as_brr=1&amp;hl=fr&amp;source=gbs_summary_r&amp;cad=0\" target=\"_blank\" rel=\"noopener\">Acc\u00e9der au volume<\/a> sur <b>GoogleBooks<\/b><\/p>\n<p><b>850724<\/b><br \/>\nCuinet-Dorbeil<br \/>\n<i>Stances aux vieilles coquettes<\/i><br \/>\nJuillet 1785, Tome VII, p. 280-281<br \/>\n<a href=\"http:\/\/books.google.be\/books?id=sI4UAAAAQAAJ&amp;printsec=titlepage&amp;lr=&amp;as_brr=1&amp;hl=fr&amp;source=gbs_summary_r&amp;cad=0\" target=\"_blank\" rel=\"noopener\">Acc\u00e9der au volume<\/a> sur <b>GoogleBooks<\/b><\/p>\n<p><b>850725<\/b><br \/>\nLouis-Jean-Baptiste-\u00c9tienne Vig\u00e9e<br \/>\n<i>\u00c9pigramme<\/i><br \/>\nJuillet 1785, Tome VII, p. 281<br \/>\n<a href=\"http:\/\/books.google.be\/books?id=sI4UAAAAQAAJ&amp;printsec=titlepage&amp;lr=&amp;as_brr=1&amp;hl=fr&amp;source=gbs_summary_r&amp;cad=0\" target=\"_blank\" rel=\"noopener\">Acc\u00e9der au volume<\/a> sur <b>GoogleBooks<\/b><\/p>\n<p><b>850726<\/b><br \/>\nM***<br \/>\n<i>Balade \u00e0 Mlle. M***<\/i><br \/>\nJuillet 1785, Tome VII, p. 282-283<br \/>\n<a href=\"http:\/\/books.google.be\/books?id=sI4UAAAAQAAJ&amp;printsec=titlepage&amp;lr=&amp;as_brr=1&amp;hl=fr&amp;source=gbs_summary_r&amp;cad=0\" target=\"_blank\" rel=\"noopener\">Acc\u00e9der au volume<\/a> sur <b>GoogleBooks<\/b><\/p>\n<p><b>850801<\/b><br \/>\nPierre Chabrit<br \/>\n<i>De la monarchie fran\u00e7aise, ou de ses lois<\/i><br \/>\nAo\u00fbt 1785, Tome VIII, p. 3-31<br \/>\n(Gazette de litt\u00e9rature, des sciences et des arts; Journal encyclop\u00e9dique; Mercure de France)<br \/>\n<a href=\"http:\/\/books.google.be\/books?id=25gUAAAAhttp:\/\/books.google.be\/books?id=ApkUAAAAQAAJ&amp;printsec=frontcover&amp;dq=editions:0H97A3Z5QJXMDoF3M&amp;hl=frQAAJ&amp;printsec=frontcover&amp;dq=editions:0WIMceFo3xOrgOJMJ&amp;lr=&amp;as_brr=1&amp;hl=fr\" target=\"_blank\" rel=\"noopener\">Acc\u00e9der au volume<\/a> sur <b>GoogleBooks<\/b><\/p>\n<p style=\"text-align: justify;\"><b>850802<\/b><br \/>\nThomas Sheridan<br \/>\n<i>The works of the Rev. Dr. Jonathan Swift, &amp;c. Les \u0153uvres du R\u00e9v. Dr. Jonathan Swift, doyen de St. Patrice de Dublin, mises en ordre, revues et corrig\u00e9es<\/i><br \/>\nAo\u00fbt 1785, Tome VIII, p. 31-37<br \/>\n(Monthly review; Universal magazine)<br \/>\n<a href=\"http:\/\/books.google.be\/books?id=25gUAAAAhttp:\/\/books.google.be\/books?id=ApkUAAAAQAAJ&amp;printsec=frontcover&amp;dq=editions:0H97A3Z5QJXMDoF3M&amp;hl=frQAAJ&amp;printsec=frontcover&amp;dq=editions:0WIMceFo3xOrgOJMJ&amp;lr=&amp;as_brr=1&amp;hl=fr\" target=\"_blank\" rel=\"noopener\">Acc\u00e9der au volume<\/a> sur <b>GoogleBooks<\/b><\/p>\n<p><b>850803<\/b>[Riballier]\n<i>De l&rsquo;\u00e9ducation physique et morale des enfants des deux sexes<\/i><br \/>\nAo\u00fbt 1785, Tome VIII, p. 37-49<br \/>\n(Ann\u00e9e litt\u00e9raire; Journal g\u00e9n\u00e9ral de France)<br \/>\n<a href=\"http:\/\/books.google.be\/books?id=25gUAAAAhttp:\/\/books.google.be\/books?id=ApkUAAAAQAAJ&amp;printsec=frontcover&amp;dq=editions:0H97A3Z5QJXMDoF3M&amp;hl=frQAAJ&amp;printsec=frontcover&amp;dq=editions:0WIMceFo3xOrgOJMJ&amp;lr=&amp;as_brr=1&amp;hl=fr\" target=\"_blank\" rel=\"noopener\">Acc\u00e9der au volume<\/a> sur <b>GoogleBooks<\/b><\/p>\n<p style=\"text-align: justify;\"><b>850804<\/b><br \/>\nJosse Le Plat<br \/>\n<em>Monumentorum ad historiam Concilii tridentini potissimum illustrandam spectantium amplissima collectio&#8230; prodit nunc primum studio et opera Judoci Le Plat<\/em><br \/>\nAo\u00fbt 1785, Tome VIII, p. 50-64<br \/>\n<a href=\"http:\/\/books.google.be\/books?id=25gUAAAAhttp:\/\/books.google.be\/books?id=ApkUAAAAQAAJ&amp;printsec=frontcover&amp;dq=editions:0H97A3Z5QJXMDoF3M&amp;hl=frQAAJ&amp;printsec=frontcover&amp;dq=editions:0WIMceFo3xOrgOJMJ&amp;lr=&amp;as_brr=1&amp;hl=fr\" target=\"_blank\" rel=\"noopener\">Acc\u00e9der au volume<\/a> sur <b>GoogleBooks<\/b><\/p>\n<p><b>850805<\/b>[Gabriel Brizard,]\n<i>De l&rsquo;amour de Henri IV pour les lettres<\/i><br \/>\nAo\u00fbt 1785, Tome VIII, p. 64-78<br \/>\n(Ann\u00e9e litt\u00e9raire; Journal g\u00e9n\u00e9ral de France; Gazette de litt\u00e9rature)<br \/>\n<a href=\"http:\/\/books.google.be\/books?id=25gUAAAAhttp:\/\/books.google.be\/books?id=ApkUAAAAQAAJ&amp;printsec=frontcover&amp;dq=editions:0H97A3Z5QJXMDoF3M&amp;hl=frQAAJ&amp;printsec=frontcover&amp;dq=editions:0WIMceFo3xOrgOJMJ&amp;lr=&amp;as_brr=1&amp;hl=fr\" target=\"_blank\" rel=\"noopener\">Acc\u00e9der au volume<\/a> sur <b>GoogleBooks<\/b><\/p>\n<p style=\"text-align: justify;\"><b>850806<\/b><br \/>\nFriedrich Christoph Jonathan Fischer<br \/>\n<i>Friedrich Christoph Jonathan Fischer, &amp;c. Geschichte des deutschen handlungs, &amp;c. Histoire du commerce d&rsquo;Allemagne, concernant la navigation, la p\u00eache, les inventions, les arts, les m\u00e9tiers, les manufactures, l&rsquo;\u00e9conomie rurale, la police, la servitude, les p\u00e9ages, les monnaies et les mines, le droit de change, l&rsquo;\u00e9conomie dans les villes et le luxe<\/i><br \/>\nAo\u00fbt 1785, Tome VIII, p. 79-93<br \/>\n(Journal encyclop\u00e9dique)<br \/>\n<a href=\"http:\/\/books.google.be\/books?id=25gUAAAAhttp:\/\/books.google.be\/books?id=ApkUAAAAQAAJ&amp;printsec=frontcover&amp;dq=editions:0H97A3Z5QJXMDoF3M&amp;hl=frQAAJ&amp;printsec=frontcover&amp;dq=editions:0WIMceFo3xOrgOJMJ&amp;lr=&amp;as_brr=1&amp;hl=fr\" target=\"_blank\" rel=\"noopener\">Acc\u00e9der au volume<\/a> sur <b>GoogleBooks<\/b><\/p>\n<p><b>850807<\/b><br \/>\nMonget<br \/>\n<i>Les hochets moraux; 2 vol. le premier contenant des contes pour la premi\u00e8re enfance; le second, des contes pour l&rsquo;adolescence<\/i><br \/>\nAo\u00fbt 1785, Tome VIII, p. 94-110<br \/>\n(Mercure de France; Journal encyclop\u00e9dique)<br \/>\n<a href=\"http:\/\/books.google.be\/books?id=25gUAAAAhttp:\/\/books.google.be\/books?id=ApkUAAAAQAAJ&amp;printsec=frontcover&amp;dq=editions:0H97A3Z5QJXMDoF3M&amp;hl=frQAAJ&amp;printsec=frontcover&amp;dq=editions:0WIMceFo3xOrgOJMJ&amp;lr=&amp;as_brr=1&amp;hl=fr\" target=\"_blank\" rel=\"noopener\">Acc\u00e9der au volume<\/a> sur <b>GoogleBooks<\/b><\/p>\n<p><b>850808<\/b><br \/>\nNikolaus von Fuss<br \/>\n<i>\u00c9loge de M. L\u00e9onard Euler, lu a l&rsquo;acad\u00e9mie imp\u00e9riale des sciences, dans son assembl\u00e9e du 23 octobre 1783<\/i><br \/>\nAo\u00fbt 1785, Tome VIII, p. 110-117<br \/>\n(Journal des savants)<br \/>\n<a href=\"http:\/\/books.google.be\/books?id=25gUAAAAhttp:\/\/books.google.be\/books?id=ApkUAAAAQAAJ&amp;printsec=frontcover&amp;dq=editions:0H97A3Z5QJXMDoF3M&amp;hl=frQAAJ&amp;printsec=frontcover&amp;dq=editions:0WIMceFo3xOrgOJMJ&amp;lr=&amp;as_brr=1&amp;hl=fr\" target=\"_blank\" rel=\"noopener\">Acc\u00e9der au volume<\/a> sur <b>GoogleBooks<\/b><\/p>\n<p style=\"text-align: justify;\"><b>850809<\/b><br \/>\nKaspar Steigenberger<br \/>\n<i> Historisch-litterarischer versuch, &amp;c. Essai historique et litt\u00e9raire sur l&rsquo;origine et l&rsquo;accroissement de la biblioth\u00e8que \u00e9lectorale \u00e0 Munich; lu \u00e0 la salle de cette biblioth\u00e8que le jour anniversaire de l&rsquo;institution de l&rsquo;acad\u00e9mie des sciences de Bavi\u00e8re le 28 mars 1784<\/i><br \/>\nAo\u00fbt 1785, Tome VIII, p. 118-124<br \/>\n<a href=\"http:\/\/books.google.be\/books?id=25gUAAAAhttp:\/\/books.google.be\/books?id=ApkUAAAAQAAJ&amp;printsec=frontcover&amp;dq=editions:0H97A3Z5QJXMDoF3M&amp;hl=frQAAJ&amp;printsec=frontcover&amp;dq=editions:0WIMceFo3xOrgOJMJ&amp;lr=&amp;as_brr=1&amp;hl=fr\" target=\"_blank\" rel=\"noopener\">Acc\u00e9der au volume<\/a> sur <b>GoogleBooks<\/b><\/p>\n<p style=\"text-align: justify;\"><b>850810<\/b><br \/>\n1\u00b0 [Joseph Hudson] <i>Remarks upon the history, &amp;c. Remarques sur l&rsquo;histoire de l&rsquo;agriculture et du commerce d&rsquo;Angleterre, depuis l&rsquo;invasion des Romains jusqu&rsquo;\u00e0 l&rsquo;av\u00e8nement de Jacques 1 au tr\u00f4ne<\/i><br \/>\n2\u00b0 [Christopher Keld] An essay on the polity, &amp;c. Essai sur le gouvernement d&rsquo;Angleterre<br \/>\nAo\u00fbt 1785, Tome VIII, p. 124-30<br \/>\n(Critical Review)<br \/>\n<a href=\"http:\/\/books.google.be\/books?id=25gUAAAAhttp:\/\/books.google.be\/books?id=ApkUAAAAQAAJ&amp;printsec=frontcover&amp;dq=editions:0H97A3Z5QJXMDoF3M&amp;hl=frQAAJ&amp;printsec=frontcover&amp;dq=editions:0WIMceFo3xOrgOJMJ&amp;lr=&amp;as_brr=1&amp;hl=fr\" target=\"_blank\" rel=\"noopener\">Acc\u00e9der au volume<\/a> sur <b>GoogleBooks<\/b><\/p>\n<p><b>850811<\/b>[Charles-Joseph Mathon de La Cour]\n<i> Testament de M. Fortun\u00e9 Ricard, ma\u00eetre d&rsquo;arithm\u00e9tique \u00e0 D**, lu et publi\u00e9 \u00e0 l&rsquo;audience du bailliage de cette ville, le 19 ao\u00fbt 1784<\/i><br \/>\nAo\u00fbt 1785, Tome VIII, p. 131-136<br \/>\n(Journal de Paris; Journal g\u00e9n\u00e9ral de France)<br \/>\n<a href=\"http:\/\/books.google.be\/books?id=25gUAAAAhttp:\/\/books.google.be\/books?id=ApkUAAAAQAAJ&amp;printsec=frontcover&amp;dq=editions:0H97A3Z5QJXMDoF3M&amp;hl=frQAAJ&amp;printsec=frontcover&amp;dq=editions:0WIMceFo3xOrgOJMJ&amp;lr=&amp;as_brr=1&amp;hl=fr\" target=\"_blank\" rel=\"noopener\">Acc\u00e9der au volume<\/a> sur <b>GoogleBooks<\/b><\/p>\n<p><b>850812<\/b><br \/>\nJean-Henri Lambert<br \/>\n<i> Syst\u00e8me du monde; publi\u00e9 par M. M\u00e9rian, de l&rsquo;acad\u00e9mie des sciences et belles-lettres de Berlin<\/i><br \/>\nAo\u00fbt 1785, Tome VIII, p. 137-152<br \/>\n(Nouveau journal de litt\u00e9rature et de politique de l&rsquo;Europe, et surtout de la Suisse; Journal des savants)<br \/>\n<a href=\"http:\/\/books.google.be\/books?id=25gUAAAAhttp:\/\/books.google.be\/books?id=ApkUAAAAQAAJ&amp;printsec=frontcover&amp;dq=editions:0H97A3Z5QJXMDoF3M&amp;hl=frQAAJ&amp;printsec=frontcover&amp;dq=editions:0WIMceFo3xOrgOJMJ&amp;lr=&amp;as_brr=1&amp;hl=fr\" target=\"_blank\" rel=\"noopener\">Acc\u00e9der au volume<\/a> sur <b>GoogleBooks<\/b><\/p>\n<p style=\"text-align: justify;\"><b>850813<\/b><br \/>\nJoseph Ghesqui\u00e8re<br \/>\n<i> Acta sanctorum Belgii selecta , quae tum ex monumentis sinceris necdum in Bollandiano opere editis, tum ex vastissimo illo opere, servat\u00e2 primigeni\u00e2 scriptorum phrasi, collegit, chronologico ordine digessit, commentariisque ac notis illustravit Josephus Ghesquierus. Tomus II. <\/i><br \/>\nAo\u00fbt 1785, Tome VIII, p. 153-164<br \/>\n(Journal des savants)<br \/>\n<a href=\"http:\/\/books.google.be\/books?id=25gUAAAAhttp:\/\/books.google.be\/books?id=ApkUAAAAQAAJ&amp;printsec=frontcover&amp;dq=editions:0H97A3Z5QJXMDoF3M&amp;hl=frQAAJ&amp;printsec=frontcover&amp;dq=editions:0WIMceFo3xOrgOJMJ&amp;lr=&amp;as_brr=1&amp;hl=fr\" target=\"_blank\" rel=\"noopener\">Acc\u00e9der au volume<\/a> sur <b>GoogleBooks<\/b><\/p>\n<p><b>850814<\/b><br \/>\nFran\u00e7ois-Jean Daillant de La Touche<br \/>\n<i> L&rsquo;enfant prodigue, po\u00e8me en huit chants<\/i><br \/>\nAo\u00fbt 1785, Tome VIII, p. 165-177<br \/>\n(Journal de litt\u00e9rature fran\u00e7aise et \u00e9trang\u00e8re; Journal de Paris; Mercure de France)<br \/>\n<a href=\"http:\/\/books.google.be\/books?id=25gUAAAAhttp:\/\/books.google.be\/books?id=ApkUAAAAQAAJ&amp;printsec=frontcover&amp;dq=editions:0H97A3Z5QJXMDoF3M&amp;hl=frQAAJ&amp;printsec=frontcover&amp;dq=editions:0WIMceFo3xOrgOJMJ&amp;lr=&amp;as_brr=1&amp;hl=fr\" target=\"_blank\" rel=\"noopener\">Acc\u00e9der au volume<\/a> sur <b>GoogleBooks<\/b><\/p>\n<p><b>850815<\/b><br \/>\nWilliam Henderson<br \/>\n<i> De vita marina. Dissertatio, &amp;c. De la sant\u00e9 des gens de mer<\/i><br \/>\nAo\u00fbt 1785, Tome VIII, p. 177-186<br \/>\n(Gazette de sant\u00e9)<br \/>\n<a href=\"http:\/\/books.google.be\/books?id=25gUAAAAhttp:\/\/books.google.be\/books?id=ApkUAAAAQAAJ&amp;printsec=frontcover&amp;dq=editions:0H97A3Z5QJXMDoF3M&amp;hl=frQAAJ&amp;printsec=frontcover&amp;dq=editions:0WIMceFo3xOrgOJMJ&amp;lr=&amp;as_brr=1&amp;hl=fr\" target=\"_blank\" rel=\"noopener\">Acc\u00e9der au volume<\/a> sur <b>GoogleBooks<\/b><\/p>\n<p style=\"text-align: justify;\"><b>850816<\/b><br \/>\nAlessandro Vittorio Papacino d&rsquo;Antoni<br \/>\n<i> De l&rsquo;usage des armes \u00e0 feu, \u00e9crit en italien; traduit en fran\u00e7ais par M. le marquis de St. Auban, commandeur de l&rsquo;ordre royal et militaire de St. Louis, lieutenant-g\u00e9n\u00e9ral des arm\u00e9es du roi<\/i><br \/>\nAo\u00fbt 1785, Tome VIII, p. 187-192<br \/>\n(Mercure de France)<br \/>\n<a href=\"http:\/\/books.google.be\/books?id=25gUAAAAhttp:\/\/books.google.be\/books?id=ApkUAAAAQAAJ&amp;printsec=frontcover&amp;dq=editions:0H97A3Z5QJXMDoF3M&amp;hl=frQAAJ&amp;printsec=frontcover&amp;dq=editions:0WIMceFo3xOrgOJMJ&amp;lr=&amp;as_brr=1&amp;hl=fr\" target=\"_blank\" rel=\"noopener\">Acc\u00e9der au volume<\/a> sur <b>GoogleBooks<\/b><\/p>\n<p><b>850817<\/b><br \/>\n<i> Les dangers et les plaisirs de la sensibilit\u00e9. Conte<\/i><br \/>\nAo\u00fbt 1785, Tome VIII, p. 193-206<br \/>\n(Mercure de France)<br \/>\n<a href=\"http:\/\/books.google.be\/books?id=25gUAAAAhttp:\/\/books.google.be\/books?id=ApkUAAAAQAAJ&amp;printsec=frontcover&amp;dq=editions:0H97A3Z5QJXMDoF3M&amp;hl=frQAAJ&amp;printsec=frontcover&amp;dq=editions:0WIMceFo3xOrgOJMJ&amp;lr=&amp;as_brr=1&amp;hl=fr\" target=\"_blank\" rel=\"noopener\">Acc\u00e9der au volume<\/a> sur <b>GoogleBooks<\/b><\/p>\n<p><b>850818<\/b><br \/>\n<i> Lettre d&rsquo;une dame, sur les modes du jour<\/i><br \/>\nAo\u00fbt 1785, Tome VIII, p. 206-209<br \/>\n(Journal de Normandie)<br \/>\n<a href=\"http:\/\/books.google.be\/books?id=25gUAAAAhttp:\/\/books.google.be\/books?id=ApkUAAAAQAAJ&amp;printsec=frontcover&amp;dq=editions:0H97A3Z5QJXMDoF3M&amp;hl=frQAAJ&amp;printsec=frontcover&amp;dq=editions:0WIMceFo3xOrgOJMJ&amp;lr=&amp;as_brr=1&amp;hl=fr\" target=\"_blank\" rel=\"noopener\">Acc\u00e9der au volume<\/a> sur <b>GoogleBooks<\/b><\/p>\n<p><b>850819<\/b><br \/>\n<i> Morceaux d\u00e9tach\u00e9s d&rsquo;un ouvrage manuscrit sur l&rsquo;\u00e9tat du Nord, et sp\u00e9cialement de la Russie<\/i><br \/>\nAo\u00fbt 1785, Tome VIII, p. 209-217<br \/>\n(Gazette de litt\u00e9rature)<br \/>\n<a href=\"http:\/\/books.google.be\/books?id=25gUAAAAhttp:\/\/books.google.be\/books?id=ApkUAAAAQAAJ&amp;printsec=frontcover&amp;dq=editions:0H97A3Z5QJXMDoF3M&amp;hl=frQAAJ&amp;printsec=frontcover&amp;dq=editions:0WIMceFo3xOrgOJMJ&amp;lr=&amp;as_brr=1&amp;hl=fr\" target=\"_blank\" rel=\"noopener\">Acc\u00e9der au volume<\/a> sur <b>GoogleBooks<\/b><\/p>\n<p><b>850820<\/b><br \/>\n<i> Lettre aux auteurs du Journal de Paris, sur une assertion de M. J. H. Bernardin de Saint-Pierre, dans son ouvrage des \u00c9tudes de la nature<\/i><br \/>\nAo\u00fbt 1785, Tome VIII, p. 218-222<br \/>\n(Journal de Paris)<br \/>\n<a href=\"http:\/\/books.google.be\/books?id=25gUAAAAhttp:\/\/books.google.be\/books?id=ApkUAAAAQAAJ&amp;printsec=frontcover&amp;dq=editions:0H97A3Z5QJXMDoF3M&amp;hl=frQAAJ&amp;printsec=frontcover&amp;dq=editions:0WIMceFo3xOrgOJMJ&amp;lr=&amp;as_brr=1&amp;hl=fr\" target=\"_blank\" rel=\"noopener\">Acc\u00e9der au volume<\/a> sur <b>GoogleBooks<\/b><\/p>\n<p><b>850821<\/b><br \/>\n<i> Anecdote historique relative \u00e0 la Normandie<\/i><br \/>\nAo\u00fbt 1785, Tome VIII, p. 222-226<br \/>\n(Journal de Normandie)<br \/>\n<a href=\"http:\/\/books.google.be\/books?id=25gUAAAAhttp:\/\/books.google.be\/books?id=ApkUAAAAQAAJ&amp;printsec=frontcover&amp;dq=editions:0H97A3Z5QJXMDoF3M&amp;hl=frQAAJ&amp;printsec=frontcover&amp;dq=editions:0WIMceFo3xOrgOJMJ&amp;lr=&amp;as_brr=1&amp;hl=fr\" target=\"_blank\" rel=\"noopener\">Acc\u00e9der au volume<\/a> sur <b>GoogleBooks<\/b><\/p>\n<p style=\"text-align: justify;\"><b>850822<\/b><br \/>\n<i> Lettre \u00e0 l&rsquo;auteur du journal de Normandie, relativement \u00e0 l&rsquo;anecdote historique rapport\u00e9e ci-dessus [Anecdote historique relative \u00e0 la Normandie]<\/i><br \/>\nAo\u00fbt 1785, Tome VIII, p. 226-228<br \/>\n(Journal de Normandie)<br \/>\n<a href=\"http:\/\/books.google.be\/books?id=25gUAAAAhttp:\/\/books.google.be\/books?id=ApkUAAAAQAAJ&amp;printsec=frontcover&amp;dq=editions:0H97A3Z5QJXMDoF3M&amp;hl=frQAAJ&amp;printsec=frontcover&amp;dq=editions:0WIMceFo3xOrgOJMJ&amp;lr=&amp;as_brr=1&amp;hl=fr\" target=\"_blank\" rel=\"noopener\">Acc\u00e9der au volume<\/a> sur <b>GoogleBooks<\/b><\/p>\n<p style=\"text-align: justify;\"><b>850823<\/b><br \/>\n<i> Divers morceaux extraits du recueil intitul\u00e9 : Vari\u00e9t\u00e9s morales et amusantes, tir\u00e9es des journaux anglais, traduction nouvelle<\/i><br \/>\nAo\u00fbt 1785, Tome VIII, p. 229-242<br \/>\n(Journal encyclop\u00e9dique)<br \/>\n<a href=\"http:\/\/books.google.be\/books?id=25gUAAAAhttp:\/\/books.google.be\/books?id=ApkUAAAAQAAJ&amp;printsec=frontcover&amp;dq=editions:0H97A3Z5QJXMDoF3M&amp;hl=frQAAJ&amp;printsec=frontcover&amp;dq=editions:0WIMceFo3xOrgOJMJ&amp;lr=&amp;as_brr=1&amp;hl=fr\" target=\"_blank\" rel=\"noopener\">Acc\u00e9der au volume<\/a> sur <b>GoogleBooks<\/b><\/p>\n<p><b>850824<\/b><br \/>\nB\u00e9sile<br \/>\n<i> Lettre aux r\u00e9dacteurs de l&rsquo;Esprit des journaux<\/i><br \/>\nAo\u00fbt 1785, Tome VIII, p. 243-244<br \/>\n<a href=\"http:\/\/books.google.be\/books?id=25gUAAAAhttp:\/\/books.google.be\/books?id=ApkUAAAAQAAJ&amp;printsec=frontcover&amp;dq=editions:0H97A3Z5QJXMDoF3M&amp;hl=frQAAJ&amp;printsec=frontcover&amp;dq=editions:0WIMceFo3xOrgOJMJ&amp;lr=&amp;as_brr=1&amp;hl=fr\" target=\"_blank\" rel=\"noopener\">Acc\u00e9der au volume<\/a> sur <b>GoogleBooks<\/b><\/p>\n<p><b>850825<\/b><br \/>\nB\u00e9sile<br \/>\nNouveau plan de philosophie classique<br \/>\nAo\u00fbt 1785, Tome VIII, p. 245-250<br \/>\n<a href=\"http:\/\/books.google.be\/books?id=25gUAAAAhttp:\/\/books.google.be\/books?id=ApkUAAAAQAAJ&amp;printsec=frontcover&amp;dq=editions:0H97A3Z5QJXMDoF3M&amp;hl=frQAAJ&amp;printsec=frontcover&amp;dq=editions:0WIMceFo3xOrgOJMJ&amp;lr=&amp;as_brr=1&amp;hl=fr\" target=\"_blank\" rel=\"noopener\">Acc\u00e9der au volume<\/a> sur <b>GoogleBooks<\/b><\/p>\n<p><b>850826<\/b><br \/>\nComtesse de Nantois<br \/>\n<i> Les Femmes : \u00e9p\u00eetre \u00e0 madame la comtesse de Beauharnais<\/i><br \/>\nAo\u00fbt 1785, Tome VIII, p. 251-254<br \/>\n<a href=\"http:\/\/books.google.be\/books?id=25gUAAAAhttp:\/\/books.google.be\/books?id=ApkUAAAAQAAJ&amp;printsec=frontcover&amp;dq=editions:0H97A3Z5QJXMDoF3M&amp;hl=frQAAJ&amp;printsec=frontcover&amp;dq=editions:0WIMceFo3xOrgOJMJ&amp;lr=&amp;as_brr=1&amp;hl=fr\" target=\"_blank\" rel=\"noopener\">Acc\u00e9der au volume<\/a> sur <b>GoogleBooks<\/b><\/p>\n<p><b>850827<\/b><br \/>\nHyacinthe Morel<br \/>\n<i> La mouche et le taureau. Fable imit\u00e9e de Locman<\/i><br \/>\nAo\u00fbt 1785, Tome VIII, p. 254-255<br \/>\n<a href=\"http:\/\/books.google.be\/books?id=25gUAAAAhttp:\/\/books.google.be\/books?id=ApkUAAAAQAAJ&amp;printsec=frontcover&amp;dq=editions:0H97A3Z5QJXMDoF3M&amp;hl=frQAAJ&amp;printsec=frontcover&amp;dq=editions:0WIMceFo3xOrgOJMJ&amp;lr=&amp;as_brr=1&amp;hl=fr\" target=\"_blank\" rel=\"noopener\">Acc\u00e9der au volume<\/a> sur <b>GoogleBooks<\/b><\/p>\n<p><b>850828<\/b><br \/>\nAbb\u00e9 de la Sone<br \/>\n<i> Moralit\u00e9 ou l&rsquo;Amour et la rose<\/i><br \/>\nAo\u00fbt 1785, Tome VIII, p. 255-256<br \/>\n<a href=\"http:\/\/books.google.be\/books?id=25gUAAAAhttp:\/\/books.google.be\/books?id=ApkUAAAAQAAJ&amp;printsec=frontcover&amp;dq=editions:0H97A3Z5QJXMDoF3M&amp;hl=frQAAJ&amp;printsec=frontcover&amp;dq=editions:0WIMceFo3xOrgOJMJ&amp;lr=&amp;as_brr=1&amp;hl=fr\" target=\"_blank\" rel=\"noopener\">Acc\u00e9der au volume<\/a> sur <b>GoogleBooks<\/b><\/p>\n<p><b>850829<\/b><br \/>\nAuguste Dupuy des Islets<br \/>\n<i> Couplets \u00e0 Mlle. M***<\/i><br \/>\nAo\u00fbt 1785, Tome VIII, p. 256-257<br \/>\n<a href=\"http:\/\/books.google.be\/books?id=25gUAAAAhttp:\/\/books.google.be\/books?id=ApkUAAAAQAAJ&amp;printsec=frontcover&amp;dq=editions:0H97A3Z5QJXMDoF3M&amp;hl=frQAAJ&amp;printsec=frontcover&amp;dq=editions:0WIMceFo3xOrgOJMJ&amp;lr=&amp;as_brr=1&amp;hl=fr\" target=\"_blank\" rel=\"noopener\">Acc\u00e9der au volume<\/a> sur <b>GoogleBooks<\/b><\/p>\n<p style=\"text-align: justify;\"><b>850830<\/b><br \/>\nSancy<br \/>\n<i> Sur le d\u00e9vouement h\u00e9ro\u00efque du prince L\u00e9opold de Brunswick, qui s&rsquo;est noy\u00e9 dans l&rsquo;Oder, en voulant porter du secours \u00e0 des personnes expos\u00e9es au plus grand danger sur ce fleuve<\/i><br \/>\nAo\u00fbt 1785, Tome VIII, p. 257<br \/>\n<a href=\"http:\/\/books.google.be\/books?id=25gUAAAAhttp:\/\/books.google.be\/books?id=ApkUAAAAQAAJ&amp;printsec=frontcover&amp;dq=editions:0H97A3Z5QJXMDoF3M&amp;hl=frQAAJ&amp;printsec=frontcover&amp;dq=editions:0WIMceFo3xOrgOJMJ&amp;lr=&amp;as_brr=1&amp;hl=fr\" target=\"_blank\" rel=\"noopener\">Acc\u00e9der au volume<\/a> sur <b>GoogleBooks<\/b><\/p>\n<p><b>850831<\/b><br \/>\nAnselme Crignon d&rsquo;Ouzou\u00ebr<br \/>\nLa mortalit\u00e9 des femmes. Conte imit\u00e9 de Gellers<br \/>\nAo\u00fbt 1785, Tome VIII, p. 257-261<br \/>\n<a href=\"http:\/\/books.google.be\/books?id=25gUAAAAhttp:\/\/books.google.be\/books?id=ApkUAAAAQAAJ&amp;printsec=frontcover&amp;dq=editions:0H97A3Z5QJXMDoF3M&amp;hl=frQAAJ&amp;printsec=frontcover&amp;dq=editions:0WIMceFo3xOrgOJMJ&amp;lr=&amp;as_brr=1&amp;hl=fr\" target=\"_blank\" rel=\"noopener\">Acc\u00e9der au volume<\/a> sur <b>GoogleBooks<\/b><\/p>\n<p><b>850832<\/b><br \/>\nCourtalon, C. D. S. S. L. T.<br \/>\n<i> Le villageois et son cheval. Fable<\/i><br \/>\nAo\u00fbt 1785, Tome VIII, p. 261-262<br \/>\n<a href=\"http:\/\/books.google.be\/books?id=25gUAAAAhttp:\/\/books.google.be\/books?id=ApkUAAAAQAAJ&amp;printsec=frontcover&amp;dq=editions:0H97A3Z5QJXMDoF3M&amp;hl=frQAAJ&amp;printsec=frontcover&amp;dq=editions:0WIMceFo3xOrgOJMJ&amp;lr=&amp;as_brr=1&amp;hl=fr\" target=\"_blank\" rel=\"noopener\">Acc\u00e9der au volume<\/a> sur <b>GoogleBooks<\/b><\/p>\n<p><b>850833<\/b><br \/>\nCourtalon, C. D. S. S. L. T.<br \/>\n<i> L&rsquo;\u00e9corcheur et l&rsquo;usurier. Fable<\/i><br \/>\nAo\u00fbt 1785, Tome VIII, p. 262<br \/>\n<a href=\"http:\/\/books.google.be\/books?id=25gUAAAAhttp:\/\/books.google.be\/books?id=ApkUAAAAQAAJ&amp;printsec=frontcover&amp;dq=editions:0H97A3Z5QJXMDoF3M&amp;hl=frQAAJ&amp;printsec=frontcover&amp;dq=editions:0WIMceFo3xOrgOJMJ&amp;lr=&amp;as_brr=1&amp;hl=fr\" target=\"_blank\" rel=\"noopener\">Acc\u00e9der au volume<\/a> sur <b>GoogleBooks<\/b><\/p>\n<p><b>850901<\/b><br \/>\nGuillaume Eug\u00e8ne Joseph de Wal<br \/>\n<i> Essai sur l&rsquo;histoire de l&rsquo;ordre teutonique; par un chevalier de l&rsquo;ordre<\/i><br \/>\nSeptembre 1785, Tome IX, p. 3-38<br \/>\n(Journal des savants; Journal encyclop\u00e9dique)<br \/>\n<a href=\"http:\/\/books.google.be\/books?id=5o4UAAAAQAAJ&amp;printsec=titlepage&amp;dq=intitle:l%27esprit+intitle:des+intitle:journaux+date:1785-1785&amp;lr=&amp;as_brr=1&amp;hl=fr&amp;source=gbs_summary_r&amp;cad=0\" target=\"_blank\" rel=\"noopener\">Acc\u00e9der au volume<\/a> sur <b>GoogleBooks<\/b><\/p>\n<p><b>850902<\/b><br \/>\n<i> Nouveaux m\u00e9moires de l&rsquo;acad\u00e9mie de Dijon, pour la partie des sciences et des arts. Second semestre 1783<\/i><br \/>\nSeptembre 1785, Tome IX, p. 38-56<br \/>\n(Journal des savants; Journal encyclop\u00e9dique; Mercure de France)<br \/>\n<a href=\"http:\/\/books.google.be\/books?id=5o4UAAAAQAAJ&amp;printsec=titlepage&amp;dq=intitle:l%27esprit+intitle:des+intitle:journaux+date:1785-1785&amp;lr=&amp;as_brr=1&amp;hl=fr&amp;source=gbs_summary_r&amp;cad=0\" target=\"_blank\" rel=\"noopener\">Acc\u00e9der au volume<\/a> sur <b>GoogleBooks<\/b><\/p>\n<p><b>850903<\/b><br \/>\n<i> \u0152uvres de M. le Chevalier de Bert**. Nouvelle \u00e9dition, augment\u00e9e et corrig\u00e9e<\/i><br \/>\nSeptembre 1785, Tome IX, p. 57-64<br \/>\n(Journal de Paris; Journal encyclop\u00e9dique)<br \/>\n<a href=\"http:\/\/books.google.be\/books?id=5o4UAAAAQAAJ&amp;printsec=titlepage&amp;dq=intitle:l%27esprit+intitle:des+intitle:journaux+date:1785-1785&amp;lr=&amp;as_brr=1&amp;hl=fr&amp;source=gbs_summary_r&amp;cad=0\" target=\"_blank\" rel=\"noopener\">Acc\u00e9der au volume<\/a> sur <b>GoogleBooks<\/b><\/p>\n<p style=\"text-align: justify;\"><b>850904<\/b><br \/>\nMatthieu Aimerich<br \/>\n<i> Matthaei Aimerichii Specimen veteris romanae litteraturae deperditae vel adhuc latentis, seu syllabus historicus et criticus veterum olim notae eruditionis Romanorum ab urbe condita ad Honorii Augusti excessum, eorum imprimis quorum latina opera vel omnino vel ex parte disiderantur, &amp;c.<\/i><br \/>\nSeptembre 1785, Tome IX, p. 64-74<br \/>\n(Nuovo giornale enciclopedico)<br \/>\n<a href=\"http:\/\/books.google.be\/books?id=5o4UAAAAQAAJ&amp;printsec=titlepage&amp;dq=intitle:l%27esprit+intitle:des+intitle:journaux+date:1785-1785&amp;lr=&amp;as_brr=1&amp;hl=fr&amp;source=gbs_summary_r&amp;cad=0\" target=\"_blank\" rel=\"noopener\">Acc\u00e9der au volume<\/a> sur <b>GoogleBooks<\/b><\/p>\n<p style=\"text-align: justify;\"><b>850905<\/b><br \/>\nAdrien Richer<br \/>\n<i> Vie d&rsquo;Andr\u00e9 Doria, prince de Melsi, g\u00e9n\u00e9ral des arm\u00e9es navales sous Fran\u00e7ois premier ensuite de celles de l&#8217;empereur Charles-Quint<\/i><br \/>\nSeptembre 1785, Tome IX, p. 75-84<br \/>\n(Ann\u00e9e litt\u00e9raire; Journal g\u00e9n\u00e9ral de France; Journal encyclop\u00e9dique)<br \/>\n<a href=\"http:\/\/books.google.be\/books?id=5o4UAAAAQAAJ&amp;printsec=titlepage&amp;dq=intitle:l%27esprit+intitle:des+intitle:journaux+date:1785-1785&amp;lr=&amp;as_brr=1&amp;hl=fr&amp;source=gbs_summary_r&amp;cad=0\" target=\"_blank\" rel=\"noopener\">Acc\u00e9der au volume<\/a> sur <b>GoogleBooks<\/b><\/p>\n<p><b>850906<\/b><br \/>\nNicolas Le Long<br \/>\n<i> Histoire eccl\u00e9siastique et civile du dioc\u00e8se de Laon<\/i><br \/>\nSeptembre 1785, Tome IX, p. 85-93<br \/>\n(Mercure de France)<br \/>\n<a href=\"http:\/\/books.google.be\/books?id=5o4UAAAAQAAJ&amp;printsec=titlepage&amp;dq=intitle:l%27esprit+intitle:des+intitle:journaux+date:1785-1785&amp;lr=&amp;as_brr=1&amp;hl=fr&amp;source=gbs_summary_r&amp;cad=0\" target=\"_blank\" rel=\"noopener\">Acc\u00e9der au volume<\/a> sur <b>GoogleBooks<\/b><\/p>\n<p style=\"text-align: justify;\"><b>850907<\/b><br \/>\nFran\u00e7ois Bourguignon de Bussi\u00e8re de Lamure<br \/>\n<i> Nouveaux \u00e9l\u00e9ments de mati\u00e8re m\u00e9dicale, extraits des le\u00e7ons publiques de M. de Lamure, doyen des professeurs royaux au Ludovic\u00e9e de m\u00e9decine de Montpellier, avec des r\u00e9flexions judicieuses et importantes pour la connaissance des maladies et l&rsquo;application des m\u00e9dicaments, dans l&rsquo;exercice de la pratique de la m\u00e9decine, recueillis et mise en ordre par M***, docteur en m\u00e9decine, au Ludovic\u00e9e de Montpellier, \u00e9dition revue et corrig\u00e9e<\/i><br \/>\nSeptembre 1785, Tome IX, p. 94-104<br \/>\n(Gazette salutaire)<br \/>\n<a href=\"http:\/\/books.google.be\/books?id=5o4UAAAAQAAJ&amp;printsec=titlepage&amp;dq=intitle:l%27esprit+intitle:des+intitle:journaux+date:1785-1785&amp;lr=&amp;as_brr=1&amp;hl=fr&amp;source=gbs_summary_r&amp;cad=0\" target=\"_blank\" rel=\"noopener\">Acc\u00e9der au volume<\/a> sur <b>GoogleBooks<\/b><\/p>\n<p><b>850908<\/b><br \/>\nPlutarque<br \/>\n<i> \u0152uvres morales de Plutarque, traduites en fran\u00e7ais par M. l&rsquo;abb\u00e9 Ricard. Tomes I et II<\/i><br \/>\nSeptembre 1785, Tome IX, p. 104-130<br \/>\n(Journal des savants; Ann\u00e9e litt\u00e9raire; Journal de Paris)<br \/>\n<a href=\"http:\/\/books.google.be\/books?id=5o4UAAAAQAAJ&amp;printsec=titlepage&amp;dq=intitle:l%27esprit+intitle:des+intitle:journaux+date:1785-1785&amp;lr=&amp;as_brr=1&amp;hl=fr&amp;source=gbs_summary_r&amp;cad=0\" target=\"_blank\" rel=\"noopener\">Acc\u00e9der au volume<\/a> sur <b>GoogleBooks<\/b><\/p>\n<p><b>850909<\/b><br \/>\nJean-Fran\u00e7ois Marmontel<br \/>\n<i> De l&rsquo;autorit\u00e9 de l&rsquo;usage sur la langue; discours lu dans la s\u00e9ance publique de l&rsquo;acad\u00e9mie fran\u00e7aise, le 16 juin 1785<\/i><br \/>\nSeptembre 1785, Tome IX, p. 131-137<br \/>\n(Journal de Paris)<br \/>\n<a href=\"http:\/\/books.google.be\/books?id=5o4UAAAAQAAJ&amp;printsec=titlepage&amp;dq=intitle:l%27esprit+intitle:des+intitle:journaux+date:1785-1785&amp;lr=&amp;as_brr=1&amp;hl=fr&amp;source=gbs_summary_r&amp;cad=0\" target=\"_blank\" rel=\"noopener\">Acc\u00e9der au volume<\/a> sur <b>GoogleBooks<\/b><\/p>\n<p><b>850910<\/b><br \/>\nG\u00e9raud de La Chau \/ Gaspard Michel Le Blond<br \/>\n<i> Description des principales pierres grav\u00e9es du cabinet de S. A. S. Mgr. le duc d&rsquo;Orl\u00e9ans, premier prince du sang. Tome IIe<\/i><br \/>\nSeptembre 1785, Tome IX, p. 138-157<br \/>\n(Ann\u00e9e litt\u00e9raire; Journal de Paris; Journal encyclop\u00e9dique; Journal des savants)<br \/>\n<a href=\"http:\/\/books.google.be\/books?id=5o4UAAAAQAAJ&amp;printsec=titlepage&amp;dq=intitle:l%27esprit+intitle:des+intitle:journaux+date:1785-1785&amp;lr=&amp;as_brr=1&amp;hl=fr&amp;source=gbs_summary_r&amp;cad=0\" target=\"_blank\" rel=\"noopener\">Acc\u00e9der au volume<\/a> sur <b>GoogleBooks<\/b><\/p>\n<p style=\"text-align: justify;\"><b>850911<\/b><br \/>\nAndr\u00e9 Hess\u00e9n<br \/>\n<i> M\u00e9moire sur l&rsquo;horlogerie, contenant une nouvelle construction de montres simples et \u00e0 r\u00e9p\u00e9titions \u00e0 roues de rencontre, approuv\u00e9e par l&rsquo;acad\u00e9mie royale des sciences de Paris, le 22 d\u00e9cembre 1784<\/i><br \/>\nSeptembre 1785, Tome IX, p. 157-163<br \/>\n(Journal encyclop\u00e9dique)<br \/>\n<a href=\"http:\/\/books.google.be\/books?id=5o4UAAAAQAAJ&amp;printsec=titlepage&amp;dq=intitle:l%27esprit+intitle:des+intitle:journaux+date:1785-1785&amp;lr=&amp;as_brr=1&amp;hl=fr&amp;source=gbs_summary_r&amp;cad=0\" target=\"_blank\" rel=\"noopener\">Acc\u00e9der au volume<\/a> sur <b>GoogleBooks<\/b><\/p>\n<p style=\"text-align: justify;\"><b>850912<\/b><br \/>\n<i> Causes c\u00e9l\u00e8bres, curieuses et int\u00e9ressantes, de toutes les cours souveraines du royaume, avec les jugements qui les ont d\u00e9cid\u00e9es<\/i><br \/>\nSeptembre 1785, Tome IX, p. 163-173<br \/>\n<a href=\"http:\/\/books.google.be\/books?id=5o4UAAAAQAAJ&amp;printsec=titlepage&amp;dq=intitle:l%27esprit+intitle:des+intitle:journaux+date:1785-1785&amp;lr=&amp;as_brr=1&amp;hl=fr&amp;source=gbs_summary_r&amp;cad=0\" target=\"_blank\" rel=\"noopener\">Acc\u00e9der au volume<\/a> sur <b>GoogleBooks<\/b><\/p>\n<p style=\"text-align: justify;\"><b>850913<\/b><br \/>\nJacques Grasset de Saint-Sauveur \/ Sylvain M*** [Mar\u00e9chal]\n<i> Les tableaux de la fable, ou nouvelle histoire po\u00e9tique des dieux, demi-dieux et h\u00e9ros de la fable, repr\u00e9sent\u00e9e par figures, et accompagn\u00e9e d&rsquo;explications<\/i><br \/>\nSeptembre 1785, Tome IX, p. 173-177<br \/>\n(Journal de Normandie)<br \/>\n<a href=\"http:\/\/books.google.be\/books?id=5o4UAAAAQAAJ&amp;printsec=titlepage&amp;dq=intitle:l%27esprit+intitle:des+intitle:journaux+date:1785-1785&amp;lr=&amp;as_brr=1&amp;hl=fr&amp;source=gbs_summary_r&amp;cad=0\" target=\"_blank\" rel=\"noopener\">Acc\u00e9der au volume<\/a> sur <b>GoogleBooks<\/b><\/p>\n<p style=\"text-align: justify;\"><b>850914<\/b><br \/>\nF\u00e9lix Vicq-d&rsquo;Azir<br \/>\n<i> Suite des \u00e9loges lus dans les s\u00e9ances publiques de la soci\u00e9t\u00e9 royale de m\u00e9decine par M. Vicq-d&rsquo;Azir, secr\u00e9taire perp\u00e9tuel de la soci\u00e9t\u00e9<\/i><br \/>\nSeptembre 1785, Tome IX, p. 178-98<br \/>\n(Journal des savants; Mercure de France)<br \/>\n<a href=\"http:\/\/books.google.be\/books?id=5o4UAAAAQAAJ&amp;printsec=titlepage&amp;dq=intitle:l%27esprit+intitle:des+intitle:journaux+date:1785-1785&amp;lr=&amp;as_brr=1&amp;hl=fr&amp;source=gbs_summary_r&amp;cad=0\" target=\"_blank\" rel=\"noopener\">Acc\u00e9der au volume<\/a> sur <b>GoogleBooks<\/b><\/p>\n<p style=\"text-align: justify;\"><b>850915<\/b><br \/>\nJohn Ferdinand Dalziel Smith<br \/>\n<i> A tour in the united states, &amp;c. Voyages dans les \u00c9tats-Unis de l&rsquo;Am\u00e9rique, contenant un \u00e9tat de la situation actuelle de ce pays; de la population, de l&rsquo;agriculture, du commerce, des m\u0153urs et coutumes des habitants; des anecdotes de plusieurs membres du congr\u00e8s et des officiers-g\u00e9n\u00e9raux de l&rsquo;arm\u00e9e am\u00e9ricaine, et plusieurs autres \u00e9v\u00e9nements singuliers et int\u00e9ressants. Avec une description des nations indiennes, du pays, des montagnes, for\u00eats, rivi\u00e8res, et des vues les plus belles, les plus \u00e9tendues et les plus pittoresques de ce vaste continent, &amp;c.<\/i><br \/>\nSeptembre 1785, Tome IX, p. 198-204<br \/>\n(Monthly review; Critical review)<br \/>\n<a href=\"http:\/\/books.google.be\/books?id=5o4UAAAAQAAJ&amp;printsec=titlepage&amp;dq=intitle:l%27esprit+intitle:des+intitle:journaux+date:1785-1785&amp;lr=&amp;as_brr=1&amp;hl=fr&amp;source=gbs_summary_r&amp;cad=0\" target=\"_blank\" rel=\"noopener\">Acc\u00e9der au volume<\/a> sur <b>GoogleBooks<\/b><\/p>\n<p><b>850916<\/b><br \/>\n<i> Notice curieuse de la vie et des ouvrages de Nicolas Cl\u00e9nard, de Louvain<\/i><br \/>\nSeptembre 1785, Tome IX, p. 205-232<br \/>\n<a href=\"http:\/\/books.google.be\/books?id=5o4UAAAAQAAJ&amp;printsec=titlepage&amp;dq=intitle:l%27esprit+intitle:des+intitle:journaux+date:1785-1785&amp;lr=&amp;as_brr=1&amp;hl=fr&amp;source=gbs_summary_r&amp;cad=0\" target=\"_blank\" rel=\"noopener\">Acc\u00e9der au volume<\/a> sur <b>GoogleBooks<\/b><\/p>\n<p><b>850917<\/b><br \/>\n<i> Des applaudissements chez les anciens<\/i><br \/>\nSeptembre 1785, Tome IX, p. 232-234<br \/>\n(Journal de Normandie)<br \/>\n<a href=\"http:\/\/books.google.be\/books?id=5o4UAAAAQAAJ&amp;printsec=titlepage&amp;dq=intitle:l%27esprit+intitle:des+intitle:journaux+date:1785-1785&amp;lr=&amp;as_brr=1&amp;hl=fr&amp;source=gbs_summary_r&amp;cad=0\" target=\"_blank\" rel=\"noopener\">Acc\u00e9der au volume<\/a> sur <b>GoogleBooks<\/b><\/p>\n<p><b>850918<\/b><br \/>\nBenjamin Franklin<br \/>\n<i> \u00c9pitaphe d&rsquo;un \u00e9cureuil tu\u00e9 par un chien, traduit de l&rsquo;anglais de M. le docteur Franklin<\/i><br \/>\nSeptembre 1785, Tome IX, p. 235<br \/>\n(Journal encyclop\u00e9dique)<br \/>\n<a href=\"http:\/\/books.google.be\/books?id=5o4UAAAAQAAJ&amp;printsec=titlepage&amp;dq=intitle:l%27esprit+intitle:des+intitle:journaux+date:1785-1785&amp;lr=&amp;as_brr=1&amp;hl=fr&amp;source=gbs_summary_r&amp;cad=0\" target=\"_blank\" rel=\"noopener\">Acc\u00e9der au volume<\/a> sur <b>GoogleBooks<\/b><\/p>\n<p><b>850919<\/b><br \/>\nLe Blanc<br \/>\n<i> Lettre aux r\u00e9dacteurs de l&rsquo;Esprit des journaux, sur une assertion de l&rsquo;auteur des M\u00e9langes tir\u00e9s d&rsquo;une grande biblioth\u00e8que<\/i><br \/>\nSeptembre 1785, Tome IX, p. 236-240<br \/>\n<a href=\"http:\/\/books.google.be\/books?id=5o4UAAAAQAAJ&amp;printsec=titlepage&amp;dq=intitle:l%27esprit+intitle:des+intitle:journaux+date:1785-1785&amp;lr=&amp;as_brr=1&amp;hl=fr&amp;source=gbs_summary_r&amp;cad=0\" target=\"_blank\" rel=\"noopener\">Acc\u00e9der au volume<\/a> sur <b>GoogleBooks<\/b><\/p>\n<p><b>850920<\/b><br \/>\n<i> Anecdote sur le czar Pierre, traduit d&rsquo;un ouvrage anglais<\/i><br \/>\nSeptembre 1785, Tome IX, p. 240-242<br \/>\n(Journal de Paris)<br \/>\n<a href=\"http:\/\/books.google.be\/books?id=5o4UAAAAQAAJ&amp;printsec=titlepage&amp;dq=intitle:l%27esprit+intitle:des+intitle:journaux+date:1785-1785&amp;lr=&amp;as_brr=1&amp;hl=fr&amp;source=gbs_summary_r&amp;cad=0\" target=\"_blank\" rel=\"noopener\">Acc\u00e9der au volume<\/a> sur <b>GoogleBooks<\/b><\/p>\n<p><b>850921<\/b><br \/>\nFran\u00e7ois Blanchet<br \/>\n<i> L&rsquo;acad\u00e9mie silencieuse, ou les Embl\u00e8mes, apologue oriental<\/i><br \/>\nSeptembre 1785, Tome IX, p. 243-245<br \/>\n<a href=\"http:\/\/books.google.be\/books?id=5o4UAAAAQAAJ&amp;printsec=titlepage&amp;dq=intitle:l%27esprit+intitle:des+intitle:journaux+date:1785-1785&amp;lr=&amp;as_brr=1&amp;hl=fr&amp;source=gbs_summary_r&amp;cad=0\" target=\"_blank\" rel=\"noopener\">Acc\u00e9der au volume<\/a> sur <b>GoogleBooks<\/b><\/p>\n<p><b>850922<\/b><br \/>\nFran\u00e7ois Blanchet<br \/>\n<i> Moyen de ressusciter les morts, Conte persan<\/i><br \/>\nSeptembre 1785, Tome IX, p. 245-251<br \/>\n<a href=\"http:\/\/books.google.be\/books?id=5o4UAAAAQAAJ&amp;printsec=titlepage&amp;dq=intitle:l%27esprit+intitle:des+intitle:journaux+date:1785-1785&amp;lr=&amp;as_brr=1&amp;hl=fr&amp;source=gbs_summary_r&amp;cad=0\" target=\"_blank\" rel=\"noopener\">Acc\u00e9der au volume<\/a> sur <b>GoogleBooks<\/b><\/p>\n<p><b>850923<\/b><br \/>\nFran\u00e7ois Blanchet<br \/>\n<i> Le tr\u00f4ne, Anecdote orientale<\/i><br \/>\nSeptembre 1785, Tome IX, p. 251-252<br \/>\n<a href=\"http:\/\/books.google.be\/books?id=5o4UAAAAQAAJ&amp;printsec=titlepage&amp;dq=intitle:l%27esprit+intitle:des+intitle:journaux+date:1785-1785&amp;lr=&amp;as_brr=1&amp;hl=fr&amp;source=gbs_summary_r&amp;cad=0\" target=\"_blank\" rel=\"noopener\">Acc\u00e9der au volume<\/a> sur <b>GoogleBooks<\/b><\/p>\n<p><b>850924<\/b><br \/>\nMichel de Cubi\u00e8res-Palm\u00e9zeaux<br \/>\n<i> Sur la mort du duc Maximilien-Jules-L\u00e9opold de Brunswick<\/i><br \/>\nSeptembre 1785, Tome IX, p. 253-254<br \/>\n<a href=\"http:\/\/books.google.be\/books?id=5o4UAAAAQAAJ&amp;printsec=titlepage&amp;dq=intitle:l%27esprit+intitle:des+intitle:journaux+date:1785-1785&amp;lr=&amp;as_brr=1&amp;hl=fr&amp;source=gbs_summary_r&amp;cad=0\" target=\"_blank\" rel=\"noopener\">Acc\u00e9der au volume<\/a> sur <b>GoogleBooks<\/b><\/p>\n<p><b>850925<\/b><br \/>\nGobet<br \/>\n<i> Le rat savant. Fable<\/i><br \/>\nSeptembre 1785, Tome IX, p. 254<br \/>\n<a href=\"http:\/\/books.google.be\/books?id=5o4UAAAAQAAJ&amp;printsec=titlepage&amp;dq=intitle:l%27esprit+intitle:des+intitle:journaux+date:1785-1785&amp;lr=&amp;as_brr=1&amp;hl=fr&amp;source=gbs_summary_r&amp;cad=0\" target=\"_blank\" rel=\"noopener\">Acc\u00e9der au volume<\/a> sur <b>GoogleBooks<\/b><\/p>\n<p><b>850926<\/b><br \/>\nBasset<br \/>\n<i> \u00c9p\u00eetre \u00e0 Mlle Aurore, de l&rsquo;acad\u00e9mie royale de musique, que je soup\u00e7onnais de ne plus \u00e9crire<\/i><br \/>\nSeptembre 1785, Tome IX, p. 255-257<br \/>\n<a href=\"http:\/\/books.google.be\/books?id=5o4UAAAAQAAJ&amp;printsec=titlepage&amp;dq=intitle:l%27esprit+intitle:des+intitle:journaux+date:1785-1785&amp;lr=&amp;as_brr=1&amp;hl=fr&amp;source=gbs_summary_r&amp;cad=0\" target=\"_blank\" rel=\"noopener\">Acc\u00e9der au volume<\/a> sur <b>GoogleBooks<\/b><\/p>\n<p><b>850927<\/b><br \/>\nFran\u00e7ois-Beno\u00eet Hoffman<br \/>\n<i> L&rsquo;aigle et le serpent<\/i><br \/>\nSeptembre 1785, Tome IX, p. 257<br \/>\n<a href=\"http:\/\/books.google.be\/books?id=5o4UAAAAQAAJ&amp;printsec=titlepage&amp;dq=intitle:l%27esprit+intitle:des+intitle:journaux+date:1785-1785&amp;lr=&amp;as_brr=1&amp;hl=fr&amp;source=gbs_summary_r&amp;cad=0\" target=\"_blank\" rel=\"noopener\">Acc\u00e9der au volume<\/a> sur <b>GoogleBooks<\/b><\/p>\n<p style=\"text-align: justify;\"><b>850928<\/b><br \/>\nMusaeum<br \/>\n<i> \u00c0 Madame de Th&#8230;, apr\u00e8s la repr\u00e9sentation, sur le th\u00e9\u00e2tre de soci\u00e9t\u00e9 \u00e0 la Martinique, de l&rsquo;op\u00e9ra intitul\u00e9 : les Souliers mordor\u00e9s, dans lequel cette dame jouait le r\u00f4le de Madame Soc.<\/i><br \/>\nSeptembre 1785, Tome IX, p. 257-258<br \/>\n<a href=\"http:\/\/books.google.be\/books?id=5o4UAAAAQAAJ&amp;printsec=titlepage&amp;dq=intitle:l%27esprit+intitle:des+intitle:journaux+date:1785-1785&amp;lr=&amp;as_brr=1&amp;hl=fr&amp;source=gbs_summary_r&amp;cad=0\" target=\"_blank\" rel=\"noopener\">Acc\u00e9der au volume<\/a> sur <b>GoogleBooks<\/b><\/p>\n<p><b>850929<\/b><br \/>\nMusaeum<br \/>\n<i> Couplets<\/i><br \/>\nSeptembre 1785, Tome IX, p. 259<br \/>\n<a href=\"http:\/\/books.google.be\/books?id=5o4UAAAAQAAJ&amp;printsec=titlepage&amp;dq=intitle:l%27esprit+intitle:des+intitle:journaux+date:1785-1785&amp;lr=&amp;as_brr=1&amp;hl=fr&amp;source=gbs_summary_r&amp;cad=0\" target=\"_blank\" rel=\"noopener\">Acc\u00e9der au volume<\/a> sur <b>GoogleBooks<\/b><\/p>\n<p><b>850930<\/b><br \/>\nMlle de Saint-L\u00e9ger [Anne-Hyacinthe de Colleville]\n<i> \u00c9p\u00eetre \u00e0 ma petite jument<\/i><br \/>\nSeptembre 1785, Tome IX, p. 259-261<br \/>\n<a href=\"http:\/\/books.google.be\/books?id=5o4UAAAAQAAJ&amp;printsec=titlepage&amp;dq=intitle:l%27esprit+intitle:des+intitle:journaux+date:1785-1785&amp;lr=&amp;as_brr=1&amp;hl=fr&amp;source=gbs_summary_r&amp;cad=0\" target=\"_blank\" rel=\"noopener\">Acc\u00e9der au volume<\/a> sur <b>GoogleBooks<\/b><\/p>\n<p><b>850931<\/b><br \/>\n<i> L&rsquo;usurier mourant. Conte<\/i><br \/>\nSeptembre 1785, Tome IX, p. 261<br \/>\n<a href=\"http:\/\/books.google.be\/books?id=5o4UAAAAQAAJ&amp;printsec=titlepage&amp;dq=intitle:l%27esprit+intitle:des+intitle:journaux+date:1785-1785&amp;lr=&amp;as_brr=1&amp;hl=fr&amp;source=gbs_summary_r&amp;cad=0\" target=\"_blank\" rel=\"noopener\">Acc\u00e9der au volume<\/a> sur <b>GoogleBooks<\/b><\/p>\n<p><b>850932<\/b><br \/>\nM&#8230;&#8230;, correspondant du Mus\u00e9e de Paris<br \/>\n<i> Vers \u00e0 M. B\u00e9renger, \u00e0 son d\u00e9part d&rsquo;***<\/i><br \/>\nSeptembre 1785, Tome IX, p. 262-264<br \/>\n<a href=\"http:\/\/books.google.be\/books?id=5o4UAAAAQAAJ&amp;printsec=titlepage&amp;dq=intitle:l%27esprit+intitle:des+intitle:journaux+date:1785-1785&amp;lr=&amp;as_brr=1&amp;hl=fr&amp;source=gbs_summary_r&amp;cad=0\" target=\"_blank\" rel=\"noopener\">Acc\u00e9der au volume<\/a> sur <b>GoogleBooks<\/b><\/p>\n<p><b>850933<\/b><br \/>\nLouis de Laus de Boissy<br \/>\n<i> L&rsquo;oraison fun\u00e8bre. Conte<\/i><br \/>\nSeptembre 1785, Tome IX, p. 264<br \/>\n<a href=\"http:\/\/books.google.be\/books?id=5o4UAAAAQAAJ&amp;printsec=titlepage&amp;dq=intitle:l%27esprit+intitle:des+intitle:journaux+date:1785-1785&amp;lr=&amp;as_brr=1&amp;hl=fr&amp;source=gbs_summary_r&amp;cad=0\" target=\"_blank\" rel=\"noopener\">Acc\u00e9der au volume<\/a> sur <b>GoogleBooks<\/b><\/p>\n<p><b>851001<\/b><br \/>\nJean-Fran\u00e7ois Copel, dit le P. \u00c9lis\u00e9e<br \/>\n<i> Sermons du R. P. Elis\u00e9e, carme d\u00e9chauss\u00e9, pr\u00e9dicateur du roi<\/i><br \/>\nOctobre 1785, Tome X, p. 3-33<br \/>\n(Ann\u00e9e litt\u00e9raire; Journal eccl\u00e9siastique; Journal de Paris)<br \/>\n<a href=\"http:\/\/books.google.be\/books?id=-o4UAAAAQAAJ&amp;printsec=titlepage&amp;dq=intitle:l%27esprit+date:1785-1785&amp;lr=&amp;as_brr=1&amp;hl=fr&amp;source=gbs_summary_r&amp;cad=0\" target=\"_blank\" rel=\"noopener\">Acc\u00e9der au volume<\/a> sur <b>GoogleBooks<\/b><\/p>\n<p><b>851002<\/b><br \/>\n<i> M\u00e9langes de litt\u00e9rature \u00e9trang\u00e8re. Tome Ier<\/i><br \/>\nOctobre 1785, Tome X, p. 33-52<br \/>\n(Ann\u00e9e litt\u00e9raire; Journal de Paris; Journal encyclop\u00e9dique; Journal g\u00e9n\u00e9ral de France)<br \/>\n<a href=\"http:\/\/books.google.be\/books?id=-o4UAAAAQAAJ&amp;printsec=titlepage&amp;dq=intitle:l%27esprit+date:1785-1785&amp;lr=&amp;as_brr=1&amp;hl=fr&amp;source=gbs_summary_r&amp;cad=0\" target=\"_blank\" rel=\"noopener\">Acc\u00e9der au volume<\/a> sur <b>GoogleBooks<\/b><\/p>\n<p><b>851003<\/b><br \/>\nF\u2026 [Jean-Fran\u00e7ois Fournel]\n<i> Essai sur les probabilit\u00e9s du somnambulisme magn\u00e9tique, pour servir \u00e0 l&rsquo;histoire du magn\u00e9tisme animal<\/i><br \/>\nOctobre 1785, Tome X, p. 52-57<br \/>\n(Journal de Paris)<br \/>\n<a href=\"http:\/\/books.google.be\/books?id=-o4UAAAAQAAJ&amp;printsec=titlepage&amp;dq=intitle:l%27esprit+date:1785-1785&amp;lr=&amp;as_brr=1&amp;hl=fr&amp;source=gbs_summary_r&amp;cad=0\" target=\"_blank\" rel=\"noopener\">Acc\u00e9der au volume<\/a> sur <b>GoogleBooks<\/b><\/p>\n<p style=\"text-align: justify;\"><b>851004<\/b><br \/>\nPierre-Philippe Baignoux<br \/>\n<i> Discours qui a obtenu une mention honorable de la soci\u00e9t\u00e9 royale de Metz, sur cette question, propos\u00e9e par la m\u00eame soci\u00e9t\u00e9 : Quelle est l&rsquo;origine de l&rsquo;opinion qui \u00e9tend sur tous les individus d&rsquo;une m\u00eame famille une partie de la honte attach\u00e9e aux peines infamantes que subit le coupable? Cette opinion est-elle plus nuisible qu&rsquo;utile ? et dans le cas om l&rsquo;on se d\u00e9ciderait pour l&rsquo;affirmative, quels seraient les moyens de rem\u00e9dier aux inconv\u00e9nients qui en r\u00e9sultent?<\/i><br \/>\nOctobre 1785, Tome X, p. 58-70<br \/>\n(Journal encyclop\u00e9dique)<br \/>\n<a href=\"http:\/\/books.google.be\/books?id=-o4UAAAAQAAJ&amp;printsec=titlepage&amp;dq=intitle:l%27esprit+date:1785-1785&amp;lr=&amp;as_brr=1&amp;hl=fr&amp;source=gbs_summary_r&amp;cad=0\" target=\"_blank\" rel=\"noopener\">Acc\u00e9der au volume<\/a> sur <b>GoogleBooks<\/b><\/p>\n<p style=\"text-align: justify;\"><b>851005<\/b><br \/>\nGeorges-Christophe W\u00fcrtz<br \/>\n<i> M\u00e9moire sur l&rsquo;\u00e9tablissement des \u00e9coles de m\u00e9decine pratique \u00e0 former dans les principaux h\u00f4pitaux civils de la France, \u00e0 l&rsquo;instar de celle de Vienne, pour perfectionner l&rsquo;art de la m\u00e9decine pratique, et la faciliter aux jeunes m\u00e9decins<\/i><br \/>\nOctobre 1785, Tome X, p. 71-77<br \/>\n(Gazette de sant\u00e9; Journal des savants)<br \/>\n<a href=\"http:\/\/books.google.be\/books?id=-o4UAAAAQAAJ&amp;printsec=titlepage&amp;dq=intitle:l%27esprit+date:1785-1785&amp;lr=&amp;as_brr=1&amp;hl=fr&amp;source=gbs_summary_r&amp;cad=0\" target=\"_blank\" rel=\"noopener\">Acc\u00e9der au volume<\/a> sur <b>GoogleBooks<\/b><\/p>\n<p style=\"text-align: justify;\"><b>851006<\/b><br \/>\nAntoine Faug\u00e8re<br \/>\n<i> Oraison fun\u00e8bre de tr\u00e8s-haut et tr\u00e8s-puissant seigneur Jean de Montesquiou-Fezenzac-Poylobon, abb\u00e9 de l&rsquo;\u00e9glise royale et coll\u00e9giale de S. Martial et de Bolbone, vicaire-g\u00e9n\u00e9ral du dioc\u00e8se de Limoges, prononc\u00e9e dans l&rsquo;\u00e9glise de Saint-Martial, le 15 janvier 1785<\/i><br \/>\nOctobre 1785, Tome X, p. 78-85<br \/>\n(Mercure de France; Gazette de litt\u00e9rature)<br \/>\n<a href=\"http:\/\/books.google.be\/books?id=-o4UAAAAQAAJ&amp;printsec=titlepage&amp;dq=intitle:l%27esprit+date:1785-1785&amp;lr=&amp;as_brr=1&amp;hl=fr&amp;source=gbs_summary_r&amp;cad=0\" target=\"_blank\" rel=\"noopener\">Acc\u00e9der au volume<\/a> sur <b>GoogleBooks<\/b><\/p>\n<p style=\"text-align: justify;\"><b>851007<\/b><br \/>\nMark Noble<br \/>\n<i> Memoirs of the, &amp;c. M\u00e9moires de la famille du protecteur Cromwell, depuis le p\u00e9riode le plus \u00e9loign\u00e9 jusqu&rsquo;\u00e0 pr\u00e9sent, recueillis surtout de pi\u00e8ces originales, avec des preuves et des \u00e9claircissements, et une table, et orn\u00e9s de belles gravures<\/i><br \/>\nOctobre 1785, Tome X, p. 86-103<br \/>\n(Monthly review)<br \/>\n<a href=\"http:\/\/books.google.be\/books?id=-o4UAAAAQAAJ&amp;printsec=titlepage&amp;dq=intitle:l%27esprit+date:1785-1785&amp;lr=&amp;as_brr=1&amp;hl=fr&amp;source=gbs_summary_r&amp;cad=0\" target=\"_blank\" rel=\"noopener\">Acc\u00e9der au volume<\/a> sur <b>GoogleBooks<\/b><\/p>\n<p><b>851008<\/b><br \/>\nAdrien Chr\u00e9tien Friedel \/ Nicolas de Bonneville<br \/>\n<i> Nouveau th\u00e9\u00e2tre allemand, ou recueil des pi\u00e8ces qui ont paru avec succ\u00e8s sur les th\u00e9\u00e2tres des capitales de l&rsquo;Allemagne<\/i><br \/>\nOctobre 1785, Tome X, p. 104-131<br \/>\n(Journal encyclop\u00e9dique; Mercure de France)<br \/>\n<a href=\"http:\/\/books.google.be\/books?id=-o4UAAAAQAAJ&amp;printsec=titlepage&amp;dq=intitle:l%27esprit+date:1785-1785&amp;lr=&amp;as_brr=1&amp;hl=fr&amp;source=gbs_summary_r&amp;cad=0\" target=\"_blank\" rel=\"noopener\">Acc\u00e9der au volume<\/a> sur <b>GoogleBooks<\/b><\/p>\n<p><b>851009<\/b><br \/>\n1\u00b0 George Gregory<br \/>\n<i> Essays historical, &amp;c. Essais historiques et moraux<\/i><br \/>\n2\u00b0 William Paley<br \/>\n<i> The principles of moral, &amp;c. Les principes de la philosophie morale et politique<\/i><br \/>\nOctobre 1785, Tome X, p. 131-159<br \/>\n(Critical review)<br \/>\n<a href=\"http:\/\/books.google.be\/books?id=-o4UAAAAQAAJ&amp;printsec=titlepage&amp;dq=intitle:l%27esprit+date:1785-1785&amp;lr=&amp;as_brr=1&amp;hl=fr&amp;source=gbs_summary_r&amp;cad=0\" target=\"_blank\" rel=\"noopener\">Acc\u00e9der au volume<\/a> sur <b>GoogleBooks<\/b><\/p>\n<p style=\"text-align: justify;\"><b>851010<\/b><br \/>\nFilippo Salvadore Gilii<br \/>\n<i> Saggio di storia Americana, &amp;c. Essai d&rsquo;histoire d&rsquo;Am\u00e9rique, ou histoire naturelle, civile et sacr\u00e9e des royaumes et des provinces espagnoles de la Terre-Ferme dans l&rsquo;Am\u00e9rique m\u00e9ridionale. Tome IV. \u00c9tat pr\u00e9sent de la Terre-Ferme<\/i><br \/>\nOctobre 1785, Tome X, p. 160-169<br \/>\n(Efemeridi letterarie)<br \/>\n<a href=\"http:\/\/books.google.be\/books?id=-o4UAAAAQAAJ&amp;printsec=titlepage&amp;dq=intitle:l%27esprit+date:1785-1785&amp;lr=&amp;as_brr=1&amp;hl=fr&amp;source=gbs_summary_r&amp;cad=0\" target=\"_blank\" rel=\"noopener\">Acc\u00e9der au volume<\/a> sur <b>GoogleBooks<\/b><\/p>\n<p style=\"text-align: justify;\"><b>851011<\/b><br \/>\n<i> Causes c\u00e9l\u00e8bres, curieuses et int\u00e9ressantes, de toutes les cours souveraines du royaume, avec les jugements qui les ont d\u00e9cid\u00e9es<\/i><br \/>\nOctobre 1785, Tome X, p. 169-176<br \/>\n<a href=\"http:\/\/books.google.be\/books?id=-o4UAAAAQAAJ&amp;printsec=titlepage&amp;dq=intitle:l%27esprit+date:1785-1785&amp;lr=&amp;as_brr=1&amp;hl=fr&amp;source=gbs_summary_r&amp;cad=0\" target=\"_blank\" rel=\"noopener\">Acc\u00e9der au volume<\/a> sur <b>GoogleBooks<\/b><\/p>\n<p style=\"text-align: justify;\"><b>851012<\/b><br \/>\n1\u00b0 <i>Philippi et Castrucici fratrum Bonamiciorum lucensium Opera omnia : Volumen Primum, quo Philippi Bonamicii sciptorum pars prima continetur : accedit ejusdem Philippi vita. &#8211; Volumen secundum, quo Philippi Bonamicii scriptorum pars altera continetur<\/i><br \/>\n2\u00b0 Clemente Biagi<br \/>\n<i> Monumenta graeca ex museo equitis ac senatoris Jacobi Nanii Venti, illustrata \u00e0 D. Clemente Biagi Cremonensi, fac. theologiae ac fac. canonum lectore emerito, in collegio Urbano propagandae fidei S. Th. professore, academiae Cortonen. Etruscorum &amp; Veliternen &#8211; Volscorum socio<\/i><br \/>\nOctobre 1785, Tome X, p. 177-188<br \/>\n(Efemeredi letterarie)<br \/>\n<a href=\"http:\/\/books.google.be\/books?id=-o4UAAAAQAAJ&amp;printsec=titlepage&amp;dq=intitle:l%27esprit+date:1785-1785&amp;lr=&amp;as_brr=1&amp;hl=fr&amp;source=gbs_summary_r&amp;cad=0\" target=\"_blank\" rel=\"noopener\">Acc\u00e9der au volume<\/a> sur <b>GoogleBooks<\/b><\/p>\n<p><b>851013<\/b>[Samuel de Constant de Rebecque]\n<i> Camille, ou lettres de deux filles de ce si\u00e8cle; traduites de l&rsquo;anglais sur les originaux<\/i><br \/>\nOctobre 1785, Tome X, p. 188-202<br \/>\n(Ann\u00e9e litt\u00e9raire; Gazette de litt\u00e9rature)<br \/>\n<a href=\"http:\/\/books.google.be\/books?id=-o4UAAAAQAAJ&amp;printsec=titlepage&amp;dq=intitle:l%27esprit+date:1785-1785&amp;lr=&amp;as_brr=1&amp;hl=fr&amp;source=gbs_summary_r&amp;cad=0\" target=\"_blank\" rel=\"noopener\">Acc\u00e9der au volume<\/a> sur <b>GoogleBooks<\/b><\/p>\n<p style=\"text-align: justify;\"><b>851014<\/b><br \/>\nHonor\u00e9-Gabriel Riqueti, comte de Mirabeau<br \/>\n<i> 1\u00b0 Consid\u00e9rations sur l&rsquo;ordre de Cincinnatus, ou imitation d&rsquo;un pamphlet anglo-am\u00e9ricain<br \/>\n2\u00b0 Consid\u00e9rations on the order of Cincinnatus, &amp;c. Consid\u00e9rations sur l&rsquo;ordre de Cincinnatus, auxquelles sont ajout\u00e9es plusieurs pi\u00e8ces originales relatives \u00e0 cette institution; une lettre de feu M. Turgot, contr\u00f4leur des finances en France, au Dr. Price, sur les constitutions de l&rsquo;Am\u00e9rique, et un extrait des observations du Dr. Price, sur l&rsquo;importance de la r\u00e9volution de l&rsquo;Am\u00e9rique, avec des notes et des r\u00e9flexions sur ces ouvrage : traduction du fran\u00e7ais du comte de Mirabeau<\/i><br \/>\nOctobre 1785, Tome X, p. 203-210<br \/>\n(Monthly review; Critical review)<br \/>\n<a href=\"http:\/\/books.google.be\/books?id=-o4UAAAAQAAJ&amp;printsec=titlepage&amp;dq=intitle:l%27esprit+date:1785-1785&amp;lr=&amp;as_brr=1&amp;hl=fr&amp;source=gbs_summary_r&amp;cad=0\" target=\"_blank\" rel=\"noopener\">Acc\u00e9der au volume<\/a> sur <b>GoogleBooks<\/b><\/p>\n<p style=\"text-align: justify;\"><b>851015<\/b><br \/>\nJoseph de Mazarredo Salazar<br \/>\n<i> Rudimentos de t\u00e1ctica naval para instrucci\u00f2n de los officiales subalternos de marina, &amp;c. \u00c9l\u00e9ments de tactique navale \u00e0 l&rsquo;usage des officiers de la marine, &amp;c.<\/i><br \/>\nOctobre 1785, Tome X, p. 211-216<br \/>\n(Journal des savants)<br \/>\n<a href=\"http:\/\/books.google.be\/books?id=-o4UAAAAQAAJ&amp;printsec=titlepage&amp;dq=intitle:l%27esprit+date:1785-1785&amp;lr=&amp;as_brr=1&amp;hl=fr&amp;source=gbs_summary_r&amp;cad=0\" target=\"_blank\" rel=\"noopener\">Acc\u00e9der au volume<\/a> sur <b>GoogleBooks<\/b><\/p>\n<p><b>851016<\/b><br \/>\n<i> Roger Bacon, article tir\u00e9 d&rsquo;un ouvrage anglais<\/i><br \/>\nOctobre 1785, Tome X, p. 217-224<br \/>\n(Nouvelles de la r\u00e9publique des lettres et des arts)<br \/>\n<a href=\"http:\/\/books.google.be\/books?id=-o4UAAAAQAAJ&amp;printsec=titlepage&amp;dq=intitle:l%27esprit+date:1785-1785&amp;lr=&amp;as_brr=1&amp;hl=fr&amp;source=gbs_summary_r&amp;cad=0\" target=\"_blank\" rel=\"noopener\">Acc\u00e9der au volume<\/a> sur <b>GoogleBooks<\/b><\/p>\n<p><b>851017<\/b><br \/>\nLouis-S\u00e9bastien Mercier<br \/>\n<i> Bons rois, article tir\u00e9 d&rsquo;un ouvrage de M. Mercier<\/i><br \/>\nOctobre 1785, Tome X, p. 225-226<br \/>\n(Journal encyclop\u00e9dique)<br \/>\n<a href=\"http:\/\/books.google.be\/books?id=-o4UAAAAQAAJ&amp;printsec=titlepage&amp;dq=intitle:l%27esprit+date:1785-1785&amp;lr=&amp;as_brr=1&amp;hl=fr&amp;source=gbs_summary_r&amp;cad=0\" target=\"_blank\" rel=\"noopener\">Acc\u00e9der au volume<\/a> sur <b>GoogleBooks<\/b><\/p>\n<p><b>851018<\/b><br \/>\nMallet du Pan<br \/>\n<i> Lettre sur quelques passages d&rsquo;un ouvrage en 3 vol., intitul\u00e9 : Pi\u00e8ces int\u00e9ressantes et peu connues, pour servir \u00e0 l&rsquo;histoire, &amp;c. &amp;c.<\/i><br \/>\nOctobre 1785, Tome X, p. 226-238<br \/>\n(Mercure de France)<br \/>\n<a href=\"http:\/\/books.google.be\/books?id=-o4UAAAAQAAJ&amp;printsec=titlepage&amp;dq=intitle:l%27esprit+date:1785-1785&amp;lr=&amp;as_brr=1&amp;hl=fr&amp;source=gbs_summary_r&amp;cad=0\" target=\"_blank\" rel=\"noopener\">Acc\u00e9der au volume<\/a> sur <b>GoogleBooks<\/b><\/p>\n<p><b>851019<\/b><br \/>\n<i> Fin de la notice curieuse de la vie et des ouvrages de Nicolas Cl\u00e9nard, de Louvain<\/i><br \/>\nOctobre 1785, Tome X, p. 239-263<br \/>\n(Vari\u00e9t\u00e9s litt\u00e9raires, historiques, galantes, etc. ouvrage p\u00e9riodique, avec approbations et privil\u00e8ge du roi)<br \/>\n<a href=\"http:\/\/books.google.be\/books?id=-o4UAAAAQAAJ&amp;printsec=titlepage&amp;dq=intitle:l%27esprit+date:1785-1785&amp;lr=&amp;as_brr=1&amp;hl=fr&amp;source=gbs_summary_r&amp;cad=0\" target=\"_blank\" rel=\"noopener\">Acc\u00e9der au volume<\/a> sur <b>GoogleBooks<\/b><\/p>\n<p><b>851020<\/b><br \/>\nFran\u00e7ois Blanchet<br \/>\n<i> La royaut\u00e9, apologue oriental<\/i><br \/>\nOctobre 1785, Tome X, p. 264-266<br \/>\n(Journal encyclop\u00e9dique)<br \/>\n<a href=\"http:\/\/books.google.be\/books?id=-o4UAAAAQAAJ&amp;printsec=titlepage&amp;dq=intitle:l%27esprit+date:1785-1785&amp;lr=&amp;as_brr=1&amp;hl=fr&amp;source=gbs_summary_r&amp;cad=0\" target=\"_blank\" rel=\"noopener\">Acc\u00e9der au volume<\/a> sur <b>GoogleBooks<\/b><\/p>\n<p><b>851021<\/b><br \/>\nFran\u00e7ois Blanchet<br \/>\n<i> L&rsquo;envieux, apologue oriental<\/i><br \/>\nOctobre 1785, Tome X, p. 266-267<br \/>\n(Journal encyclop\u00e9dique)<br \/>\n<a href=\"http:\/\/books.google.be\/books?id=-o4UAAAAQAAJ&amp;printsec=titlepage&amp;dq=intitle:l%27esprit+date:1785-1785&amp;lr=&amp;as_brr=1&amp;hl=fr&amp;source=gbs_summary_r&amp;cad=0\" target=\"_blank\" rel=\"noopener\">Acc\u00e9der au volume<\/a> sur <b>GoogleBooks<\/b><\/p>\n<p><b>851022<\/b><br \/>\nFran\u00e7ois Blanchet<br \/>\n<i> Bienfaisance du calife Mostanser. Anecdote orientale<\/i><br \/>\nOctobre 1785, Tome X, p. 268-269<br \/>\n(Journal encyclop\u00e9dique)<br \/>\n<a href=\"http:\/\/books.google.be\/books?id=-o4UAAAAQAAJ&amp;printsec=titlepage&amp;dq=intitle:l%27esprit+date:1785-1785&amp;lr=&amp;as_brr=1&amp;hl=fr&amp;source=gbs_summary_r&amp;cad=0\" target=\"_blank\" rel=\"noopener\">Acc\u00e9der au volume<\/a> sur <b>GoogleBooks<\/b><\/p>\n<p><b>851023<\/b><br \/>\n<i> Abr\u00e9g\u00e9 de la vie du duc Maximilien-Jules-L\u00e9opold de Brunswick<\/i><br \/>\nOctobre 1785, Tome X, p. 270-286<br \/>\n<a href=\"http:\/\/books.google.be\/books?id=-o4UAAAAQAAJ&amp;printsec=titlepage&amp;dq=intitle:l%27esprit+date:1785-1785&amp;lr=&amp;as_brr=1&amp;hl=fr&amp;source=gbs_summary_r&amp;cad=0\" target=\"_blank\" rel=\"noopener\">Acc\u00e9der au volume<\/a> sur <b>GoogleBooks<\/b><\/p>\n<p style=\"text-align: justify;\"><b>851024<\/b><br \/>\n<i> L&rsquo;Europe pacifi\u00e9e par Louis XVI, ode qui a concouru pour le prix de po\u00e9sie de l&rsquo;Acad\u00e9mie fran\u00e7aise, distribu\u00e9 le 25 ao\u00fbt 1784, et qui a \u00e9t\u00e9 lue dans une assembl\u00e9e publique du mus\u00e9e de Paris; par M. Gu\u00e9niot, m\u00e9decin \u00e0 Avallon, associ\u00e9 correspondant du Mus\u00e9e de Paris, et auteur de l&rsquo;ode couronn\u00e9e, sur la servitude abolie par Louis XVI<\/i><br \/>\nOctobre 1785, Tome X, p. 287-293<br \/>\n<a href=\"http:\/\/books.google.be\/books?id=-o4UAAAAQAAJ&amp;printsec=titlepage&amp;dq=intitle:l%27esprit+date:1785-1785&amp;lr=&amp;as_brr=1&amp;hl=fr&amp;source=gbs_summary_r&amp;cad=0\" target=\"_blank\" rel=\"noopener\">Acc\u00e9der au volume<\/a> sur <b>GoogleBooks<\/b><\/p>\n<p><b>851025<\/b><br \/>\nLouis-Pierre Couret de Villeneuve<br \/>\n<i> La brebis et le chien, Fable<\/i><br \/>\nOctobre 1785, Tome X, p. 293-294<br \/>\n<a href=\"http:\/\/books.google.be\/books?id=-o4UAAAAQAAJ&amp;printsec=titlepage&amp;dq=intitle:l%27esprit+date:1785-1785&amp;lr=&amp;as_brr=1&amp;hl=fr&amp;source=gbs_summary_r&amp;cad=0\" target=\"_blank\" rel=\"noopener\">Acc\u00e9der au volume<\/a> sur <b>GoogleBooks<\/b><\/p>\n<p><b>851026<\/b><br \/>\nS&#8230;<br \/>\n<i> Vers \u00e0 M. Laurent de Vielledeuil, sur sa nomination \u00e0 l&rsquo;intendance de Rouen<\/i><br \/>\nOctobre 1785, Tome X, p. 294-295<br \/>\n<a href=\"http:\/\/books.google.be\/books?id=-o4UAAAAQAAJ&amp;printsec=titlepage&amp;dq=intitle:l%27esprit+date:1785-1785&amp;lr=&amp;as_brr=1&amp;hl=fr&amp;source=gbs_summary_r&amp;cad=0\" target=\"_blank\" rel=\"noopener\">Acc\u00e9der au volume<\/a> sur <b>GoogleBooks<\/b><\/p>\n<p><b>851027<\/b><br \/>\nCrignon Guinebaud<br \/>\n<i> Fragment d&rsquo;un po\u00e8me sur la cr\u00e9ation<\/i><br \/>\nOctobre 1785, Tome X, p. 295-296<br \/>\n<a href=\"http:\/\/books.google.be\/books?id=-o4UAAAAQAAJ&amp;printsec=titlepage&amp;dq=intitle:l%27esprit+date:1785-1785&amp;lr=&amp;as_brr=1&amp;hl=fr&amp;source=gbs_summary_r&amp;cad=0\" target=\"_blank\" rel=\"noopener\">Acc\u00e9der au volume<\/a> sur <b>GoogleBooks<\/b><\/p>\n<p><b>851028<\/b><br \/>\nBasset<br \/>\n<i> Vers \u00e0 M. l&rsquo;abb\u00e9 D***, en l&rsquo;invitant \u00e0 d\u00e9jeuner avec Mlle. V***<\/i><br \/>\nOctobre 1785, Tome X, p. 296<br \/>\n<a href=\"http:\/\/books.google.be\/books?id=-o4UAAAAQAAJ&amp;printsec=titlepage&amp;dq=intitle:l%27esprit+date:1785-1785&amp;lr=&amp;as_brr=1&amp;hl=fr&amp;source=gbs_summary_r&amp;cad=0\" target=\"_blank\" rel=\"noopener\">Acc\u00e9der au volume<\/a> sur <b>GoogleBooks<\/b><\/p>\n<p><b>851029<\/b><br \/>\nFran\u00e7ois-S\u00e9raphin Regnier-Desmarais<br \/>\n<i> Les exc\u00e8s, virelai<\/i><br \/>\nOctobre 1785, Tome X, p. 301<br \/>\n<a href=\"http:\/\/books.google.be\/books?id=-o4UAAAAQAAJ&amp;printsec=titlepage&amp;dq=intitle:l%27esprit+date:1785-1785&amp;lr=&amp;as_brr=1&amp;hl=fr&amp;source=gbs_summary_r&amp;cad=0\" target=\"_blank\" rel=\"noopener\">Acc\u00e9der au volume<\/a> sur <b>GoogleBooks<\/b><\/p>\n<p><b>851101<\/b><br \/>\n\u00c9tienne-Louis Billardon de Sauvigny<br \/>\n<i> \u0152uvres choisies de Bossuet. Tome Ier<\/i><br \/>\nNovembre 1785, Tome XI, p. 3-19<br \/>\n(Ann\u00e9e litt\u00e9raire; Journal de Paris; Journal g\u00e9n\u00e9ral de France; Mercure de France)<br \/>\n<a href=\"http:\/\/books.google.be\/books?id=ppgUAAAAQAAJ&amp;printsec=frontcover&amp;dq=editions:0H97A3Z5QJXMDoF3M&amp;lr=&amp;hl=fr\" target=\"_blank\" rel=\"noopener\">Acc\u00e9der au volume<\/a> sur <b>GoogleBooks<\/b><\/p>\n<p><b>851102<\/b>[Michel Paul Guy de Chabanon]\n<i> De la musique consid\u00e9r\u00e9e en elle-m\u00eame, et dans ses rapports avec la parole, les langues, la po\u00e9sie et le th\u00e9\u00e2tre<\/i><br \/>\nNovembre 1785, Tome XI, p. 20-48<br \/>\n(Gazette de litt\u00e9rature; Journal des savants)<br \/>\n<a href=\"http:\/\/books.google.be\/books?id=ppgUAAAAQAAJ&amp;printsec=frontcover&amp;dq=editions:0H97A3Z5QJXMDoF3M&amp;lr=&amp;hl=fr\" target=\"_blank\" rel=\"noopener\">Acc\u00e9der au volume<\/a> sur <b>GoogleBooks<\/b><\/p>\n<p style=\"text-align: justify;\"><b>851103<\/b><br \/>\nJacob St\u00e4hlin<br \/>\n<i> Original anecdoten van Peter-dem-Grossen, &amp;c. Anecdotes originales de Pierre-le-Grand, recueillies de la bouche des personnes distingu\u00e9es \u00e0 Moscou et \u00e0 P\u00e9tersbourg, et arrach\u00e9es \u00e0 l&rsquo;oubli<\/i><br \/>\nNovembre 1785, Tome XI, p. 48-58<br \/>\n(Journal g\u00e9n\u00e9ral de France; Journal encyclop\u00e9dique)<br \/>\n<a href=\"http:\/\/books.google.be\/books?id=ppgUAAAAQAAJ&amp;printsec=frontcover&amp;dq=editions:0H97A3Z5QJXMDoF3M&amp;lr=&amp;hl=fr\" target=\"_blank\" rel=\"noopener\">Acc\u00e9der au volume<\/a> sur <b>GoogleBooks<\/b><\/p>\n<p><b>851104<\/b><br \/>\nPlaton<br \/>\n<i>Platonis Euthydemus &amp; Gorgias. Recensuit, vertit, notasque suas adjecit Martinus Routh<\/i><br \/>\nNovembre 1785, Tome XI, p. 58-66<br \/>\n(Critical review)<br \/>\n<a href=\"http:\/\/books.google.be\/books?id=ppgUAAAAQAAJ&amp;printsec=frontcover&amp;dq=editions:0H97A3Z5QJXMDoF3M&amp;lr=&amp;hl=fr\" target=\"_blank\" rel=\"noopener\">Acc\u00e9der au volume<\/a> sur <b>GoogleBooks<\/b><\/p>\n<p><b>851105<\/b><br \/>\nAntoine-Henri de B\u00e9rault-Bercastel<br \/>\n<i> Histoire de l&rsquo;\u00e9glise, d\u00e9di\u00e9e au roi; tomes XIX et XX<\/i><br \/>\nNovembre 1785, Tome XI, p. 66-79<br \/>\n(Journal encyclop\u00e9dique; Gazette de litt\u00e9rature; Mercure de France)<br \/>\n<a href=\"http:\/\/books.google.be\/books?id=ppgUAAAAQAAJ&amp;printsec=frontcover&amp;dq=editions:0H97A3Z5QJXMDoF3M&amp;lr=&amp;hl=fr\" target=\"_blank\" rel=\"noopener\">Acc\u00e9der au volume<\/a> sur <b>GoogleBooks<\/b><\/p>\n<p style=\"text-align: justify;\"><b>851106<\/b><br \/>\nAdrien Richer<br \/>\n<i> Vies des plus c\u00e9l\u00e8bres marins<br \/>\nVie de Jean Bart, chef d&rsquo;escadre sous Louis XIV; troisi\u00e8me \u00e9dition, revue, corrig\u00e9e, et amplement augment\u00e9e sur les m\u00e9moires fournis par M. Bart, chevalier de St. Louis, chef d&rsquo;escadre, ancien gouverneur de St. Domingue, petit-fils de Jean Bart<br \/>\nVie de Corneille Tromp, lieutenant g\u00e9n\u00e9ral des arm\u00e9es navales de Hollande et de West-Frise, comte de Siliesbourg, chevalier de l&rsquo;ordre de l&rsquo;\u00e9l\u00e9phant<br \/>\nVie de Ren\u00e9 Duguay-Trouin, lieutenant g\u00e9n\u00e9ral des arm\u00e9es navales de France, commandeur de l&rsquo;ordre royal et militaire de St. Louis<br \/>\nVie du comte de Forbin, chef d&rsquo;escadre des arm\u00e9es navales de France<\/i><br \/>\nNovembre 1785, Tome XI, p. 80-95<br \/>\n(Ann\u00e9e litt\u00e9raire; Journal de Paris; Journal g\u00e9n\u00e9ral de France)<br \/>\n<a href=\"http:\/\/books.google.be\/books?id=ppgUAAAAQAAJ&amp;printsec=frontcover&amp;dq=editions:0H97A3Z5QJXMDoF3M&amp;lr=&amp;hl=fr\" target=\"_blank\" rel=\"noopener\">Acc\u00e9der au volume<\/a> sur <b>GoogleBooks<\/b><\/p>\n<p style=\"text-align: justify;\"><b>851107<\/b><br \/>\nJan Hendrik Van Swinden<br \/>\n<i> Recueil de m\u00e9moires sur l&rsquo;analogie de l&rsquo;\u00e9lectricit\u00e9 et du magn\u00e9tisme, couronn\u00e9s et publi\u00e9s par l&rsquo;acad\u00e9mie de Bavi\u00e8re, traduits du latin et de l&rsquo;allemand, augment\u00e9s de notes, et de quelques dissertations nouvelles<\/i><br \/>\nNovembre 1785, Tome XI, p. 95-106<br \/>\n(Journal des savants; Mercure de France)<br \/>\n<a href=\"http:\/\/books.google.be\/books?id=ppgUAAAAQAAJ&amp;printsec=frontcover&amp;dq=editions:0H97A3Z5QJXMDoF3M&amp;lr=&amp;hl=fr\" target=\"_blank\" rel=\"noopener\">Acc\u00e9der au volume<\/a> sur <b>GoogleBooks<\/b><\/p>\n<p style=\"text-align: justify;\"><b>851108<\/b><br \/>\nCharles de Peyssonnel<br \/>\n<i> Lettre de M. de Peyssonnel, ancien consul-g\u00e9n\u00e9ral \u00e0 Smyrne, ci-devant consul de sa majest\u00e9 aupr\u00e8s du khan des Tartares, \u00e0 M. le marquis de N., contenant quelques observations relatives aux m\u00e9moires qui ont paru sous le nom de M. le baron de Tott<\/i><br \/>\nNovembre 1785, Tome XI, p. 107-24<br \/>\n(Mercure de France; Journal des savants; Journal g\u00e9n\u00e9ral de France; Journal encyclop\u00e9dique; Gazette de litt\u00e9rature)<br \/>\n<a href=\"http:\/\/books.google.be\/books?id=ppgUAAAAQAAJ&amp;printsec=frontcover&amp;dq=editions:0H97A3Z5QJXMDoF3M&amp;lr=&amp;hl=fr\" target=\"_blank\" rel=\"noopener\">Acc\u00e9der au volume<\/a> sur <b>GoogleBooks<\/b><\/p>\n<p style=\"text-align: justify;\"><b>851109<\/b><br \/>\nRichard Joseph Sulivan<br \/>\n<i> Philosophical Rapsodies, &amp;c. Rapsodies philosophiques : fragments d&rsquo;Akbur de Betlis, contenant des r\u00e9flexions sur les lois, les m\u0153urs, les coutumes et les religions de certaines nations asiatiques, africaines et europ\u00e9ennes, recueillis et publi\u00e9s pour la premi\u00e8re fois<\/i><br \/>\nNovembre 1785, Tome XI, p. 125-138<br \/>\n(Critical review)<br \/>\n<a href=\"http:\/\/books.google.be\/books?id=ppgUAAAAQAAJ&amp;printsec=frontcover&amp;dq=editions:0H97A3Z5QJXMDoF3M&amp;lr=&amp;hl=fr\" target=\"_blank\" rel=\"noopener\">Acc\u00e9der au volume<\/a> sur <b>GoogleBooks<\/b><\/p>\n<p><b>851110<\/b><br \/>\nJoseph Enaux<br \/>\n<i> M\u00e9thode de traiter les morsures des animaux enrag\u00e9s et de la vip\u00e8re, suivie d&rsquo;un Pr\u00e9cis sur la pustule maligne<\/i><br \/>\nNovembre 1785, Tome XI, p. 139-156<br \/>\n(Gazette salutaire; Gazette de sant\u00e9; Nouvelles de la r\u00e9publique des lettres et des arts; Journal des savants; Journal encyclop\u00e9dique)<br \/>\n<a href=\"http:\/\/books.google.be\/books?id=ppgUAAAAQAAJ&amp;printsec=frontcover&amp;dq=editions:0H97A3Z5QJXMDoF3M&amp;lr=&amp;hl=fr\" target=\"_blank\" rel=\"noopener\">Acc\u00e9der au volume<\/a> sur <b>GoogleBooks<\/b><\/p>\n<p><b>851111<\/b><br \/>\nM. L. D. N. [Louis Antoine Nicolle de Lacroix]\n<i> Androm\u00e8de, po\u00e8me en cinq chants<\/i><br \/>\nNovembre 1785, Tome XI, p. 156-168<br \/>\n(Ann\u00e9e litt\u00e9raire; Journal de Paris; Journal g\u00e9n\u00e9ral de France)<br \/>\n<a href=\"http:\/\/books.google.be\/books?id=ppgUAAAAQAAJ&amp;printsec=frontcover&amp;dq=editions:0H97A3Z5QJXMDoF3M&amp;lr=&amp;hl=fr\" target=\"_blank\" rel=\"noopener\">Acc\u00e9der au volume<\/a> sur <b>GoogleBooks<\/b><\/p>\n<p style=\"text-align: justify;\"><b>851112<\/b><br \/>\nAntonmaria Lupi<br \/>\n<i> Dissertazioni, lettere ed altre operette, &amp;c. Dissertations, lettres et autres opuscules du c\u00e9l\u00e8bre P. Antoine-Marie Lupi, Florentin, non imprim\u00e9s jusqu&rsquo;ici, r\u00e9dig\u00e9s par ordre, enrichis de notes et d&rsquo;additions, et mis au jour par Fran\u00e7ois-Antoine Zaccaria. Tome premier, comprenant les choses sacr\u00e9es. Tome deuxi\u00e8me, comprenant les choses profanes<\/i><br \/>\nNovembre 1785, Tome XI, p. 169-176<br \/>\n(Efemeridi letterarie)<br \/>\n<a href=\"http:\/\/books.google.be\/books?id=ppgUAAAAQAAJ&amp;printsec=frontcover&amp;dq=editions:0H97A3Z5QJXMDoF3M&amp;lr=&amp;hl=fr\" target=\"_blank\" rel=\"noopener\">Acc\u00e9der au volume<\/a> sur <b>GoogleBooks<\/b><\/p>\n<p><b>851113<\/b>[St\u00e9phanie-F\u00e9licit\u00e9 Du Crest, comtesse de Genlis]\n<i> Th\u00e9\u00e2tre \u00e0 l&rsquo;usage des jeunes personnes. Tome Ier<\/i><br \/>\nNovembre 1785, Tome XI, p. 177-203<br \/>\n(Mercure de France)<br \/>\n<a href=\"http:\/\/books.google.be\/books?id=ppgUAAAAQAAJ&amp;printsec=frontcover&amp;dq=editions:0H97A3Z5QJXMDoF3M&amp;lr=&amp;hl=fr\" target=\"_blank\" rel=\"noopener\">Acc\u00e9der au volume<\/a> sur <b>GoogleBooks<\/b><\/p>\n<p><b>851114<\/b><br \/>\nHenry Swinburne<br \/>\n<i> Travels in the two Sicilies,&amp;c. Voyage dans les deux Siciles<\/i><br \/>\nNovembre 1785, Tome XI, p. 204-222<br \/>\n(Critical review)<br \/>\n<a href=\"http:\/\/books.google.be\/books?id=ppgUAAAAQAAJ&amp;printsec=frontcover&amp;dq=editions:0H97A3Z5QJXMDoF3M&amp;lr=&amp;hl=fr\" target=\"_blank\" rel=\"noopener\">Acc\u00e9der au volume<\/a> sur <b>GoogleBooks<\/b><\/p>\n<p><b>851115<\/b><br \/>\n<i> Causes c\u00e9l\u00e8bres, curieuses et int\u00e9ressantes, &amp;c.<\/i><br \/>\nNovembre 1785, Tome XI, p. 222-233<br \/>\n<a href=\"http:\/\/books.google.be\/books?id=ppgUAAAAQAAJ&amp;printsec=frontcover&amp;dq=editions:0H97A3Z5QJXMDoF3M&amp;lr=&amp;hl=fr\" target=\"_blank\" rel=\"noopener\">Acc\u00e9der au volume<\/a> sur <b>GoogleBooks<\/b><\/p>\n<p><b>851116<\/b><br \/>\nFran\u00e7ois Blanchet<br \/>\n<i> Le doyen de Badajoz, Conte Moral<\/i><br \/>\nNovembre 1785, Tome XI, p. 234-243<br \/>\n(Journal encyclop\u00e9dique)<br \/>\n<a href=\"http:\/\/books.google.be\/books?id=ppgUAAAAQAAJ&amp;printsec=frontcover&amp;dq=editions:0H97A3Z5QJXMDoF3M&amp;lr=&amp;hl=fr\" target=\"_blank\" rel=\"noopener\">Acc\u00e9der au volume<\/a> sur <b>GoogleBooks<\/b><\/p>\n<p><b>851117<\/b><br \/>\n<i> Jean-Antoine-Nicolas de Caritat; marquis de Condorcet<\/i><br \/>\n\u00c9loge de M. Euler, lu \u00e0 la rentr\u00e9e publique de l&rsquo;acad\u00e9mie des sciences<br \/>\nNovembre 1785, Tome XI, p. 244-251<br \/>\n(Journal de Paris)<br \/>\n<a href=\"http:\/\/books.google.be\/books?id=ppgUAAAAQAAJ&amp;printsec=frontcover&amp;dq=editions:0H97A3Z5QJXMDoF3M&amp;lr=&amp;hl=fr\" target=\"_blank\" rel=\"noopener\">Acc\u00e9der au volume<\/a> sur <b>GoogleBooks<\/b><\/p>\n<p><b>851118<\/b><br \/>\n<i> Extrait d&rsquo;une relation sur la nation japonaise<\/i><br \/>\nNovembre 1785, Tome XI, p. 251-259<br \/>\n(Novelle letterarie)<br \/>\n<a href=\"http:\/\/books.google.be\/books?id=ppgUAAAAQAAJ&amp;printsec=frontcover&amp;dq=editions:0H97A3Z5QJXMDoF3M&amp;lr=&amp;hl=fr\" target=\"_blank\" rel=\"noopener\">Acc\u00e9der au volume<\/a> sur <b>GoogleBooks<\/b><\/p>\n<p><b>851119<\/b><br \/>\nGeorge Gregory<br \/>\n<i> Recherche impartiale sur le suicide, tir\u00e9e des essais de M. Gr\u00e9gory<\/i><br \/>\nNovembre 1785, Tome XI, p. 260-267<br \/>\n(Westminster magazine)<br \/>\n<a href=\"http:\/\/books.google.be\/books?id=ppgUAAAAQAAJ&amp;printsec=frontcover&amp;dq=editions:0H97A3Z5QJXMDoF3M&amp;lr=&amp;hl=fr\" target=\"_blank\" rel=\"noopener\">Acc\u00e9der au volume<\/a> sur <b>GoogleBooks<\/b><\/p>\n<p><b>851120<\/b><br \/>\n<i> Lettre d&rsquo;un Anglais sur les Sigisb\u00e8s d&rsquo;Italie<\/i><br \/>\nNovembre 1785, Tome XI, p. 267-276<br \/>\n<a href=\"http:\/\/books.google.be\/books?id=ppgUAAAAQAAJ&amp;printsec=frontcover&amp;dq=editions:0H97A3Z5QJXMDoF3M&amp;lr=&amp;hl=fr\" target=\"_blank\" rel=\"noopener\">Acc\u00e9der au volume<\/a> sur <b>GoogleBooks<\/b><\/p>\n<p><b>851121<\/b><br \/>\n<i> Anecdote sur le docteur Swift<\/i><br \/>\nNovembre 1785, Tome XI, p. 276-278<br \/>\n(Gazette de litt\u00e9rature)<br \/>\n<a href=\"http:\/\/books.google.be\/books?id=ppgUAAAAQAAJ&amp;printsec=frontcover&amp;dq=editions:0H97A3Z5QJXMDoF3M&amp;lr=&amp;hl=fr\" target=\"_blank\" rel=\"noopener\">Acc\u00e9der au volume<\/a> sur <b>GoogleBooks<\/b><\/p>\n<p><b>851122<\/b><br \/>\nGaiet\u00e9 des Tyrinthiens<br \/>\nNovembre 1785, Tome XI, p. 279-280<br \/>\n(Vari\u00e9t\u00e9s litt\u00e9raires, historiques, galantes, etc.)<br \/>\n<a href=\"http:\/\/books.google.be\/books?id=ppgUAAAAQAAJ&amp;printsec=frontcover&amp;dq=editions:0H97A3Z5QJXMDoF3M&amp;lr=&amp;hl=fr\" target=\"_blank\" rel=\"noopener\">Acc\u00e9der au volume<\/a> sur <b>GoogleBooks<\/b><\/p>\n<p><b>851123<\/b><br \/>\nB\u00e9sile<br \/>\n<i> Lettre aux r\u00e9dacteurs de l&rsquo;Esprit des journaux, sur un nouveau plan de philosophie classique, etc.<\/i><br \/>\nNovembre 1785, Tome XI, p. 280-282<br \/>\n<a href=\"http:\/\/books.google.be\/books?id=ppgUAAAAQAAJ&amp;printsec=frontcover&amp;dq=editions:0H97A3Z5QJXMDoF3M&amp;lr=&amp;hl=fr\" target=\"_blank\" rel=\"noopener\">Acc\u00e9der au volume<\/a> sur <b>GoogleBooks<\/b><\/p>\n<p><b>851124<\/b><br \/>\nRobert (avocat au Parlement de Paris)<br \/>\n<i> Lettre qui fixe l&rsquo;opinion des gens-de-lettres sur le mariage de Descartes<\/i><br \/>\nNovembre 1785, Tome XI, p. 282-284<br \/>\n(Ann\u00e9e litt\u00e9raire)<br \/>\n<a href=\"http:\/\/books.google.be\/books?id=ppgUAAAAQAAJ&amp;printsec=frontcover&amp;dq=editions:0H97A3Z5QJXMDoF3M&amp;lr=&amp;hl=fr\" target=\"_blank\" rel=\"noopener\">Acc\u00e9der au volume<\/a> sur <b>GoogleBooks<\/b><\/p>\n<p><b>851125<\/b><br \/>\nCourtalon C. D. S. S. L. T.<br \/>\n<i> \u00c0 MM. les r\u00e9dacteurs de l&rsquo;Esprit des journaux, sur une opinion de M. Bernardin de St. Pierre, dans ses \u00e9tudes de la nature<\/i><br \/>\nNovembre 1785, Tome XI, p. 284-286<br \/>\n<a href=\"http:\/\/books.google.be\/books?id=ppgUAAAAQAAJ&amp;printsec=frontcover&amp;dq=editions:0H97A3Z5QJXMDoF3M&amp;lr=&amp;hl=fr\" target=\"_blank\" rel=\"noopener\">Acc\u00e9der au volume<\/a> sur <b>GoogleBooks<\/b><\/p>\n<p><b>851126<\/b><br \/>\nJean-Antoine Odez\u00e8ne<br \/>\n<i> \u00c9ducation des enfants de la campagne, \u00e9pisode du deuxi\u00e8me livre du Praedium Rusticum<\/i><br \/>\nNovembre 1785, Tome XI, p. 287-290<br \/>\n<a href=\"http:\/\/books.google.be\/books?id=ppgUAAAAQAAJ&amp;printsec=frontcover&amp;dq=editions:0H97A3Z5QJXMDoF3M&amp;lr=&amp;hl=fr\" target=\"_blank\" rel=\"noopener\">Acc\u00e9der au volume<\/a> sur <b>GoogleBooks<\/b><\/p>\n<p><b>851127<\/b><br \/>\nAncien capitaine de dragons<br \/>\n<i> \u00c9pigramme sur un m\u00e9decin chasseur<\/i><br \/>\nNovembre 1785, Tome XI, p. 291<br \/>\n<a href=\"http:\/\/books.google.be\/books?id=ppgUAAAAQAAJ&amp;printsec=frontcover&amp;dq=editions:0H97A3Z5QJXMDoF3M&amp;lr=&amp;hl=fr\" target=\"_blank\" rel=\"noopener\">Acc\u00e9der au volume<\/a> sur <b>GoogleBooks<\/b><\/p>\n<p><b>851128<\/b><br \/>\nComte de Boisboissel<br \/>\n<i> Le moment critique. Conte, lu \u00e0 la s\u00e9ance publique du Mus\u00e9e de Paris, du 20 avril 1785<\/i><br \/>\nNovembre 1785, Tome XI, p. 291-292<br \/>\n<a href=\"http:\/\/books.google.be\/books?id=ppgUAAAAQAAJ&amp;printsec=frontcover&amp;dq=editions:0H97A3Z5QJXMDoF3M&amp;lr=&amp;hl=fr\" target=\"_blank\" rel=\"noopener\">Acc\u00e9der au volume<\/a> sur <b>GoogleBooks<\/b><\/p>\n<p><b>851129<\/b><br \/>\nRichard<br \/>\n<i> Stances \u00e0 Mlle&#8230; qui avait port\u00e9 une rose \u00e0 sa bouche<\/i><br \/>\nNovembre 1785, Tome XI, p. 292<br \/>\n<a href=\"http:\/\/books.google.be\/books?id=ppgUAAAAQAAJ&amp;printsec=frontcover&amp;dq=editions:0H97A3Z5QJXMDoF3M&amp;lr=&amp;hl=fr\" target=\"_blank\" rel=\"noopener\">Acc\u00e9der au volume<\/a> sur <b>GoogleBooks<\/b><\/p>\n<p><b>851130<\/b><br \/>\nPhilibert-Louis-Orry; marquis de Fulvy<br \/>\n<i> Vers sur le changement de lieutenant de police<\/i><br \/>\nNovembre 1785, Tome XI, p. 293<br \/>\n<a href=\"http:\/\/books.google.be\/books?id=ppgUAAAAQAAJ&amp;printsec=frontcover&amp;dq=editions:0H97A3Z5QJXMDoF3M&amp;lr=&amp;hl=fr\" target=\"_blank\" rel=\"noopener\">Acc\u00e9der au volume<\/a> sur <b>GoogleBooks<\/b><\/p>\n<p><b>851131<\/b><br \/>\nRoucelle<br \/>\n<i>L&rsquo;\u00e2ne fac\u00e9tieux. Fable<\/i><br \/>\nNovembre 1785, Tome XI, p. 293-294<br \/>\n<a href=\"http:\/\/books.google.be\/books?id=ppgUAAAAQAAJ&amp;printsec=frontcover&amp;dq=editions:0H97A3Z5QJXMDoF3M&amp;lr=&amp;hl=fr\" target=\"_blank\" rel=\"noopener\">Acc\u00e9der au volume<\/a> sur <b>GoogleBooks<\/b><\/p>\n<p><b>851132<\/b><br \/>\nLar&#8230; de Falaise<br \/>\n<i>Le monde comme il va. Chanson<\/i><br \/>\nNovembre 1785, Tome XI, p. 295-296<br \/>\n<a href=\"http:\/\/books.google.be\/books?id=ppgUAAAAQAAJ&amp;printsec=frontcover&amp;dq=editions:0H97A3Z5QJXMDoF3M&amp;lr=&amp;hl=fr\" target=\"_blank\" rel=\"noopener\">Acc\u00e9der au volume<\/a> sur <b>GoogleBooks<\/b><\/p>\n<p><b>851133<\/b><br \/>\n<i>Imitation d&rsquo;une \u00e9pigramme latine de Muret<\/i><br \/>\nNovembre 1785, Tome XI, p. 296-297<br \/>\n<a href=\"http:\/\/books.google.be\/books?id=ppgUAAAAQAAJ&amp;printsec=frontcover&amp;dq=editions:0H97A3Z5QJXMDoF3M&amp;lr=&amp;hl=fr\" target=\"_blank\" rel=\"noopener\">Acc\u00e9der au volume<\/a> sur <b>GoogleBooks<\/b><\/p>\n<p><b>851134<\/b><br \/>\n<i>La belle voleuse. Pi\u00e8ce du feu comte d&rsquo;Egremont, traduite librement de l&rsquo;anglais<\/i><br \/>\nNovembre 1785, Tome XI, p. 297-298<br \/>\n<a href=\"http:\/\/books.google.be\/books?id=ppgUAAAAQAAJ&amp;printsec=frontcover&amp;dq=editions:0H97A3Z5QJXMDoF3M&amp;lr=&amp;hl=fr\" target=\"_blank\" rel=\"noopener\">Acc\u00e9der au volume<\/a> sur <b>GoogleBooks<\/b><\/p>\n<p><b>851135<\/b><br \/>\nLouis Joseph Legay<br \/>\n<i>Le gascon g\u00e9n\u00e9reux<\/i><br \/>\nNovembre 1785, Tome XI, p. 298<br \/>\n<a href=\"http:\/\/books.google.be\/books?id=ppgUAAAAQAAJ&amp;printsec=frontcover&amp;dq=editions:0H97A3Z5QJXMDoF3M&amp;lr=&amp;hl=fr\" target=\"_blank\" rel=\"noopener\">Acc\u00e9der au volume<\/a> sur <b>GoogleBooks<\/b><\/p>\n<p><b>851136<\/b><br \/>\nLouis Joseph Legay<br \/>\n<i>Le valet prudent<\/i><br \/>\nNovembre 1785, Tome XI, p. 299<br \/>\n<a href=\"http:\/\/books.google.be\/books?id=ppgUAAAAQAAJ&amp;printsec=frontcover&amp;dq=editions:0H97A3Z5QJXMDoF3M&amp;lr=&amp;hl=fr\" target=\"_blank\" rel=\"noopener\">Acc\u00e9der au volume<\/a> sur <b>GoogleBooks<\/b><\/p>\n<p style=\"text-align: justify;\"><b>851201<\/b><br \/>\nLouis Cousin-Despr\u00e9aux<br \/>\n<i>Histoire g\u00e9n\u00e9rale et particuli\u00e8re de la Gr\u00e8ce, contenant l&rsquo;origine, les progr\u00e8s et la d\u00e9cadence des lois, des sciences, des arts, des lettres, de la philosophie, etc.<\/i><br \/>\nD\u00e9cembre 1785, Tome XII, p. 3-18<br \/>\n(Journal g\u00e9n\u00e9ral de France; Journal de Normandie; Journal encyclop\u00e9dique)<br \/>\n<a href=\"http:\/\/books.google.be\/books?id=ZY8UAAAAQAAJ&amp;printsec=titlepage&amp;lr=&amp;as_brr=1&amp;hl=fr&amp;source=gbs_summary_r&amp;cad=0\" target=\"_blank\" rel=\"noopener\">Acc\u00e9der au volume<\/a> sur <b>GoogleBooks<\/b><\/p>\n<p style=\"text-align: justify;\"><b>851202<\/b><br \/>\nSimon-Pierre Ernst<br \/>\n<i>M\u00e9moire sur la question : Vers quel temps les eccl\u00e9siastiques commenc\u00e8rent-ils \u00e0 faire partie des \u00e9tats de Brabant? Quels furent ces eccl\u00e9siastiques, et quelles ont \u00e9t\u00e9 les causes de leur admission? Qui a remport\u00e9 le prix de l&rsquo;acad\u00e9mie imp\u00e9riale et royale des sciences et belles-lettres de Bruxelles en 1783<\/i><br \/>\nD\u00e9cembre 1785, Tome XII, p. 19-34<br \/>\n(Journal des savants)<br \/>\n<a href=\"http:\/\/books.google.be\/books?id=ZY8UAAAAQAAJ&amp;printsec=titlepage&amp;lr=&amp;as_brr=1&amp;hl=fr&amp;source=gbs_summary_r&amp;cad=0\" target=\"_blank\" rel=\"noopener\">Acc\u00e9der au volume<\/a> sur <b>GoogleBooks<\/b><\/p>\n<p style=\"text-align: justify;\"><b>851203<\/b><br \/>\nSamuel Johnson<br \/>\n<i>Morceaux choisis du Rambler, ou du Rodeur, ouvrage dans le genre du Spectateur, traduit de l&rsquo;anglais de Johnson; par M. B** (Boulard)<\/i><br \/>\nD\u00e9cembre 1785, Tome XII, p. 35-50<br \/>\n(Ann\u00e9e litt\u00e9raire; Gazette de litt\u00e9rature; Journal de Paris; Journal g\u00e9n\u00e9ral de France)<br \/>\n<a href=\"http:\/\/books.google.be\/books?id=ZY8UAAAAQAAJ&amp;printsec=titlepage&amp;lr=&amp;as_brr=1&amp;hl=fr&amp;source=gbs_summary_r&amp;cad=0\" target=\"_blank\" rel=\"noopener\">Acc\u00e9der au volume<\/a> sur <b>GoogleBooks<\/b><\/p>\n<p style=\"text-align: justify;\"><b>851204<\/b><br \/>\nJoseph-Barth\u00e9lemy-Fran\u00e7ois Carr\u00e8re<br \/>\n<i>Catalogue raisonn\u00e9 des ouvrages qui ont \u00e9t\u00e9 publi\u00e9s sur les eaux min\u00e9rales en g\u00e9n\u00e9ral, et sur celles de la France en particulier; avec une notice de toutes les eaux min\u00e9rales de ce royaume, et un tableau des diff\u00e9rents degr\u00e9s de temp\u00e9rature de celles qui sont thermales; publi\u00e9 d&rsquo;apr\u00e8s le v\u0153u de la soci\u00e9t\u00e9 royale de m\u00e9decine<\/i><br \/>\nD\u00e9cembre 1785, Tome XII, p. 50-62<br \/>\n(Journal des savants; Journal encyclop\u00e9dique)<br \/>\n<a href=\"http:\/\/books.google.be\/books?id=ZY8UAAAAQAAJ&amp;printsec=titlepage&amp;lr=&amp;as_brr=1&amp;hl=fr&amp;source=gbs_summary_r&amp;cad=0\" target=\"_blank\" rel=\"noopener\">Acc\u00e9der au volume<\/a> sur <b>GoogleBooks<\/b><\/p>\n<p><b>851205<\/b><br \/>\nAdrien Richer<br \/>\n<i>Vies des plus c\u00e9l\u00e8bres marins; vies du capitaine Cassard et du capitaine Paulin, connu sous le nom de baron de la Garde<\/i><br \/>\nD\u00e9cembre 1785, Tome XII, p. 63-70<br \/>\n(Ann\u00e9e litt\u00e9raire; Journal encyclop\u00e9dique; Journal g\u00e9n\u00e9ral de France)<br \/>\n<a href=\"http:\/\/books.google.be\/books?id=ZY8UAAAAQAAJ&amp;printsec=titlepage&amp;lr=&amp;as_brr=1&amp;hl=fr&amp;source=gbs_summary_r&amp;cad=0\" target=\"_blank\" rel=\"noopener\">Acc\u00e9der au volume<\/a> sur <b>GoogleBooks<\/b><\/p>\n<p style=\"text-align: justify;\"><b>851206<\/b><br \/>\nFran\u00e7ois-Andr\u00e9-Adrien Pluquet<br \/>\n<i>Les livres classiques de l&#8217;empire de la Chine, recueillis par le p\u00e8re No\u00ebl, pr\u00e9c\u00e9d\u00e9s d&rsquo;observations sur l&rsquo;origine, la nature, et les effets de la philosophie morale et politique dans cet empire. Tomes III et IV<\/i><br \/>\nD\u00e9cembre 1785, Tome XII, p. 71-81<br \/>\n(Journal des savants; Journal g\u00e9n\u00e9ral de France)<br \/>\n<a href=\"http:\/\/books.google.be\/books?id=ZY8UAAAAQAAJ&amp;printsec=titlepage&amp;lr=&amp;as_brr=1&amp;hl=fr&amp;source=gbs_summary_r&amp;cad=0\" target=\"_blank\" rel=\"noopener\">Acc\u00e9der au volume<\/a> sur <b>GoogleBooks<\/b><\/p>\n<p><b>851207<\/b><br \/>\nWilliam Paley<br \/>\n<i>The principles of moral, &amp;c. Les principes de la philosophie morale et politique<\/i><br \/>\nD\u00e9cembre 1785, Tome XII, p. 81-89<br \/>\n(Critical review)<br \/>\n<a href=\"http:\/\/books.google.be\/books?id=ZY8UAAAAQAAJ&amp;printsec=titlepage&amp;lr=&amp;as_brr=1&amp;hl=fr&amp;source=gbs_summary_r&amp;cad=0\" target=\"_blank\" rel=\"noopener\">Acc\u00e9der au volume<\/a> sur <b>GoogleBooks<\/b><\/p>\n<p style=\"text-align: justify;\"><b>851208<\/b><br \/>\nNicolas-Jean Hugou de Bassville<br \/>\n<i>Pr\u00e9cis sur la vie et les ouvrages de Fran\u00e7ois le Fort, citoyen de Gen\u00e8ve, g\u00e9n\u00e9ral et grand amiral de Russie, vice-roi du Nowogorod et principal ministre de Pierre-le-Grand, empereur de Moscovie<\/i><br \/>\nD\u00e9cembre 1785, Tome XII, p. 89-96<br \/>\n(Journal de Paris; Mercure de France; Journal g\u00e9n\u00e9ral de France)<br \/>\n<a href=\"http:\/\/books.google.be\/books?id=ZY8UAAAAQAAJ&amp;printsec=titlepage&amp;lr=&amp;as_brr=1&amp;hl=fr&amp;source=gbs_summary_r&amp;cad=0\" target=\"_blank\" rel=\"noopener\">Acc\u00e9der au volume<\/a> sur <b>GoogleBooks<\/b><\/p>\n<p><b>851209<\/b><br \/>\nJ. C. Jacobs<br \/>\n<i>Tractatus politico-medicus de dysenteria in genere<\/i><br \/>\nD\u00e9cembre 1785, Tome XII, p. 96-100<br \/>\n(Journal de m\u00e9decine, chirurgie, pharmacie, &amp;c.)<br \/>\n<a href=\"http:\/\/books.google.be\/books?id=ZY8UAAAAQAAJ&amp;printsec=titlepage&amp;lr=&amp;as_brr=1&amp;hl=fr&amp;source=gbs_summary_r&amp;cad=0\" target=\"_blank\" rel=\"noopener\">Acc\u00e9der au volume<\/a> sur <b>GoogleBooks<\/b><\/p>\n<p><b>851210<\/b><br \/>\n<i>Annales po\u00e9tiques depuis l&rsquo;origine de la po\u00e9sie fran\u00e7aise. Tome XXXII<\/i><br \/>\nD\u00e9cembre 1785, Tome XII, p. 100-133<br \/>\n(Journal encyclop\u00e9dique)<br \/>\n<a href=\"http:\/\/books.google.be\/books?id=ZY8UAAAAQAAJ&amp;printsec=titlepage&amp;lr=&amp;as_brr=1&amp;hl=fr&amp;source=gbs_summary_r&amp;cad=0\" target=\"_blank\" rel=\"noopener\">Acc\u00e9der au volume<\/a> sur <b>GoogleBooks<\/b><\/p>\n<p><b>851211<\/b><br \/>\n<i>1\u00b0 Medical communications, &amp;c. Communications m\u00e9dicales<\/i><br \/>\n2\u00b0 William Fordyce<br \/>\n<i>Fragmenta chirurgica et medica, autor Gul. Fordyce<\/i><br \/>\nD\u00e9cembre 1785, Tome XII, p. 134-151<br \/>\n(Critical review)<br \/>\n<a href=\"http:\/\/books.google.be\/books?id=ZY8UAAAAQAAJ&amp;printsec=titlepage&amp;lr=&amp;as_brr=1&amp;hl=fr&amp;source=gbs_summary_r&amp;cad=0\" target=\"_blank\" rel=\"noopener\">Acc\u00e9der au volume<\/a> sur <b>GoogleBooks<\/b><\/p>\n<p><b>851212<\/b><br \/>\n<i>Causes c\u00e9l\u00e8bres, curieuses et int\u00e9ressantes, &amp;c.<\/i><br \/>\nD\u00e9cembre 1785, Tome XII, p. 152-162<\/p>\n<p><b>851213<\/b><br \/>\nPierantonio Serassi<br \/>\n<i>La vita di Torquato Tasso, &amp;c. La vie de Torquato Tasso<\/i><br \/>\nD\u00e9cembre 1785, Tome XII, p. 162-76<br \/>\n(Efemeridi letterarie)<br \/>\n<a href=\"http:\/\/books.google.be\/books?id=ZY8UAAAAQAAJ&amp;printsec=titlepage&amp;lr=&amp;as_brr=1&amp;hl=fr&amp;source=gbs_summary_r&amp;cad=0\" target=\"_blank\" rel=\"noopener\">Acc\u00e9der au volume<\/a> sur <b>GoogleBooks<\/b><\/p>\n<p><b>851214<\/b><br \/>\n<i>Notices statistiques sur l&rsquo;Espagne, tir\u00e9es du Porte-feuille historique, (ann\u00e9e 1785, partie VIII, mois d&rsquo;ao\u00fbt)<\/i><br \/>\nD\u00e9cembre 1785, Tome XII, p. 176-183<br \/>\n(Extrait du Kalenario manuel y quia de forasteros en Madrid, para el anno 1783)<br \/>\n<a href=\"http:\/\/books.google.be\/books?id=ZY8UAAAAQAAJ&amp;printsec=titlepage&amp;lr=&amp;as_brr=1&amp;hl=fr&amp;source=gbs_summary_r&amp;cad=0\" target=\"_blank\" rel=\"noopener\">Acc\u00e9der au volume<\/a> sur <b>GoogleBooks<\/b><\/p>\n<p><b>851215<\/b><br \/>\nHenry Swinburne<br \/>\n<i>Travels in the two Sicilies, &amp;c. Voyage dans les Deux-Siciles, dans les ann\u00e9es 1777, 1778, 1779 et 1780. Vol. II<\/i><br \/>\nD\u00e9cembre 1785, Tome XII, p. 183-199<br \/>\n(Critical review)<br \/>\n<a href=\"http:\/\/books.google.be\/books?id=ZY8UAAAAQAAJ&amp;printsec=titlepage&amp;lr=&amp;as_brr=1&amp;hl=fr&amp;source=gbs_summary_r&amp;cad=0\" target=\"_blank\" rel=\"noopener\">Acc\u00e9der au volume<\/a> sur <b>GoogleBooks<\/b><\/p>\n<p style=\"text-align: justify;\"><b>851216<\/b><br \/>\nPhilip Miller<br \/>\n<i>Dictionnaire des jardins, contenant les m\u00e9thodes les plus s\u00fbres et les plus modernes pour cultiver et am\u00e9liorer les jardins potagers, \u00e0 fruits, \u00e0 fleurs et les p\u00e9pini\u00e8res, ainsi que pour r\u00e9former les anciennes pratiques d&rsquo;agriculture, avec des moyens nouveaux de faire et conserver le vin suivant les proc\u00e9d\u00e9s actuellement en usage parmi les vignerons les plus instruits de plusieurs pays de l&rsquo;Europe, et dans lequel on donne des pr\u00e9ceptes pour multiplier et faire prosp\u00e9rer tous les objets fournis \u00e0 l&rsquo;agriculture, et la mani\u00e8re d&#8217;employer toutes sortes de bois de charpente; ouvrage traduit de l&rsquo;anglais<\/i><br \/>\nD\u00e9cembre 1785, Tome XII, p. 200-210<br \/>\n(Journal encyclop\u00e9dique; Journal de Paris; Journal g\u00e9n\u00e9ral de France; Gazette salutaire)<br \/>\n<a href=\"http:\/\/books.google.be\/books?id=ZY8UAAAAQAAJ&amp;printsec=titlepage&amp;lr=&amp;as_brr=1&amp;hl=fr&amp;source=gbs_summary_r&amp;cad=0\" target=\"_blank\" rel=\"noopener\">Acc\u00e9der au volume<\/a> sur <b>GoogleBooks<\/b><\/p>\n<p style=\"text-align: justify;\"><b>851217<\/b><br \/>\nPierantonio Signorelli<br \/>\n<i>Vicende della cultura nelle due Sicilie, &amp;c. R\u00e9volutions des sciences dans les Deux-Siciles, ou Histoire raisonn\u00e9e de leur l\u00e9gislation et politique, des lettres, du commerce, des arts et des spectacles, des colonies \u00e9trang\u00e8res jusqu&rsquo;\u00e0 ce temps, divis\u00e9e en quatre parties. Tome III<\/i><br \/>\nD\u00e9cembre 1785, Tome XII, p. 210-223<br \/>\n(Efemeridi letterarie)<br \/>\n<a href=\"http:\/\/books.google.be\/books?id=ZY8UAAAAQAAJ&amp;printsec=titlepage&amp;lr=&amp;as_brr=1&amp;hl=fr&amp;source=gbs_summary_r&amp;cad=0\" target=\"_blank\" rel=\"noopener\">Acc\u00e9der au volume<\/a> sur <b>GoogleBooks<\/b><\/p>\n<p><b>851218<\/b><br \/>\nMallet du Pan<br \/>\n<i>Anecdote historique<\/i><br \/>\nD\u00e9cembre 1785, Tome XII, p. 224-232<br \/>\n<a href=\"http:\/\/books.google.be\/books?id=ZY8UAAAAQAAJ&amp;printsec=titlepage&amp;lr=&amp;as_brr=1&amp;hl=fr&amp;source=gbs_summary_r&amp;cad=0\" target=\"_blank\" rel=\"noopener\">Acc\u00e9der au volume<\/a> sur <b>GoogleBooks<\/b><\/p>\n<p><b>851219<\/b><br \/>\nLudwig Benedict Franz von Bilderbeck<br \/>\n<i>Les pantoufles d&rsquo;Abu-Casem. Conte oriental<\/i><br \/>\nD\u00e9cembre 1785, Tome XII, p. 232-237<br \/>\n(Journal des gens du monde)<br \/>\n<a href=\"http:\/\/books.google.be\/books?id=ZY8UAAAAQAAJ&amp;printsec=titlepage&amp;lr=&amp;as_brr=1&amp;hl=fr&amp;source=gbs_summary_r&amp;cad=0\" target=\"_blank\" rel=\"noopener\">Acc\u00e9der au volume<\/a> sur <b>GoogleBooks<\/b><\/p>\n<p><b>851220<\/b><br \/>\nPierre Lambinet<br \/>\n<i>Lettre sur l&rsquo;Escaut, \u00e0 MM. les r\u00e9dacteurs de l&rsquo;Esprit des journaux<\/i><br \/>\nD\u00e9cembre 1785, Tome XII, p. 237-238<br \/>\n<a href=\"http:\/\/books.google.be\/books?id=ZY8UAAAAQAAJ&amp;printsec=titlepage&amp;lr=&amp;as_brr=1&amp;hl=fr&amp;source=gbs_summary_r&amp;cad=0\" target=\"_blank\" rel=\"noopener\">Acc\u00e9der au volume<\/a> sur <b>GoogleBooks<\/b><\/p>\n<p><b>851221<\/b><br \/>\n<i>Extrait d&rsquo;une lettre \u00e9crite de Madrid, le 8 juillet 1785, sur les combats de taureaux<\/i><br \/>\nD\u00e9cembre 1785, Tome XII, p. 238-243<br \/>\n(Journal de Paris)<br \/>\n<a href=\"http:\/\/books.google.be\/books?id=ZY8UAAAAQAAJ&amp;printsec=titlepage&amp;lr=&amp;as_brr=1&amp;hl=fr&amp;source=gbs_summary_r&amp;cad=0\" target=\"_blank\" rel=\"noopener\">Acc\u00e9der au volume<\/a> sur <b>GoogleBooks<\/b><\/p>\n<p style=\"text-align: justify;\"><b>851222<\/b><br \/>\n<i>Lettre \u00e0 MM. les auteurs de l&rsquo;Esprit des journaux sur les culs de crin et les bouffants; en r\u00e9ponse \u00e0 celle d&rsquo;une dame de Normandie, ins\u00e9r\u00e9e dans leur volume d&rsquo;ao\u00fbt, pag. 206<\/i><br \/>\nD\u00e9cembre 1785, Tome XII, p. 243-246<br \/>\n<a href=\"http:\/\/books.google.be\/books?id=ZY8UAAAAQAAJ&amp;printsec=titlepage&amp;lr=&amp;as_brr=1&amp;hl=fr&amp;source=gbs_summary_r&amp;cad=0\" target=\"_blank\" rel=\"noopener\">Acc\u00e9der au volume<\/a> sur <b>GoogleBooks<\/b><\/p>\n<p style=\"text-align: justify;\"><b>851223<\/b><br \/>\n<i>Description d&rsquo;une f\u00eate donn\u00e9e le 17 f\u00e9vrier 1453, \u00e0 Lille; par Philippe, duc de Bourgogne et de Brabant; tir\u00e9e des m\u00e9moires d&rsquo;Oliver de la Marche. Tome IXe de la collection des m\u00e9moires historiques relatifs \u00e0 l&rsquo;histoire de France<\/i><br \/>\nD\u00e9cembre 1785, Tome XII, p. 247-250<br \/>\n(Journal de Paris)<br \/>\n<a href=\"http:\/\/books.google.be\/books?id=ZY8UAAAAQAAJ&amp;printsec=titlepage&amp;lr=&amp;as_brr=1&amp;hl=fr&amp;source=gbs_summary_r&amp;cad=0\" target=\"_blank\" rel=\"noopener\">Acc\u00e9der au volume<\/a> sur <b>GoogleBooks<\/b><\/p>\n<p><b>851224<\/b><br \/>\n<i>Adresse aux femmes<\/i><br \/>\nD\u00e9cembre 1785, Tome XII, p. 250-253<br \/>\n(Vari\u00e9t\u00e9s litt\u00e9raires, historiques, etc.)<br \/>\n<a href=\"http:\/\/books.google.be\/books?id=ZY8UAAAAQAAJ&amp;printsec=titlepage&amp;lr=&amp;as_brr=1&amp;hl=fr&amp;source=gbs_summary_r&amp;cad=0\" target=\"_blank\" rel=\"noopener\">Acc\u00e9der au volume<\/a> sur <b>GoogleBooks<\/b><\/p>\n<p><b>851225<\/b><br \/>\n<i>Adresse aux hommes<\/i><br \/>\nD\u00e9cembre 1785, Tome XII, p. 253-255<br \/>\n(Vari\u00e9t\u00e9s litt\u00e9raires, historiques, etc.)<br \/>\n<a href=\"http:\/\/books.google.be\/books?id=ZY8UAAAAQAAJ&amp;printsec=titlepage&amp;lr=&amp;as_brr=1&amp;hl=fr&amp;source=gbs_summary_r&amp;cad=0\" target=\"_blank\" rel=\"noopener\">Acc\u00e9der au volume<\/a> sur <b>GoogleBooks<\/b><\/p>\n<p><b>851226<\/b><br \/>\nS\u00e9bastien Mercier<br \/>\n<i>De la lib\u00e9ralit\u00e9<\/i><br \/>\nD\u00e9cembre 1785, Tome XII, p. 255-256<br \/>\n(Journal encyclop\u00e9dique)<br \/>\n<a href=\"http:\/\/books.google.be\/books?id=ZY8UAAAAQAAJ&amp;printsec=titlepage&amp;lr=&amp;as_brr=1&amp;hl=fr&amp;source=gbs_summary_r&amp;cad=0\" target=\"_blank\" rel=\"noopener\">Acc\u00e9der au volume<\/a> sur <b>GoogleBooks<\/b><\/p>\n<p><b>851227<\/b><br \/>\nMademoiselle Aurore<br \/>\n<i>Imitation du XXIIe chant de l&rsquo;Iliade d&rsquo;Hom\u00e8re<\/i><br \/>\nD\u00e9cembre 1785, Tome XII, p. 257-259<br \/>\n<a href=\"http:\/\/books.google.be\/books?id=ZY8UAAAAQAAJ&amp;printsec=titlepage&amp;lr=&amp;as_brr=1&amp;hl=fr&amp;source=gbs_summary_r&amp;cad=0\" target=\"_blank\" rel=\"noopener\">Acc\u00e9der au volume<\/a> sur <b>GoogleBooks<\/b><\/p>\n<p><b>851228<\/b><br \/>\n<i>L&rsquo;homme et la fourmi. Apologue<\/i><br \/>\nD\u00e9cembre 1785, Tome XII, p. 259-260<br \/>\n<a href=\"http:\/\/books.google.be\/books?id=ZY8UAAAAQAAJ&amp;printsec=titlepage&amp;lr=&amp;as_brr=1&amp;hl=fr&amp;source=gbs_summary_r&amp;cad=0\" target=\"_blank\" rel=\"noopener\">Acc\u00e9der au volume<\/a> sur <b>GoogleBooks<\/b><\/p>\n<p><b>851229<\/b><br \/>\nCrignon<br \/>\n<i>Discours de Camille \u00e0 ses soldats, pour relever leur courage \u00e0 la vue de la sup\u00e9riorit\u00e9 des Volsques<\/i><br \/>\nD\u00e9cembre 1785, Tome XII, p. 261<br \/>\n<a href=\"http:\/\/books.google.be\/books?id=ZY8UAAAAQAAJ&amp;printsec=titlepage&amp;lr=&amp;as_brr=1&amp;hl=fr&amp;source=gbs_summary_r&amp;cad=0\" target=\"_blank\" rel=\"noopener\">Acc\u00e9der au volume<\/a> sur <b>GoogleBooks<\/b><\/p>\n<p><b>851130<\/b><br \/>\nMarquis de C&#8230; V&#8230;<br \/>\n<i>\u00c9pigramme<\/i><br \/>\nD\u00e9cembre 1785, Tome XII, p. 262<br \/>\n<a href=\"http:\/\/books.google.be\/books?id=ZY8UAAAAQAAJ&amp;printsec=titlepage&amp;lr=&amp;as_brr=1&amp;hl=fr&amp;source=gbs_summary_r&amp;cad=0\" target=\"_blank\" rel=\"noopener\">Acc\u00e9der au volume<\/a> sur <b>GoogleBooks<\/b><\/p>\n<p><b>851231<\/b><br \/>\nAbb\u00e9 Quillon<br \/>\n<i>Le vieillard au printemps. \u00c9l\u00e9gie<\/i><br \/>\nD\u00e9cembre 1785, Tome XII, p. 262-263<br \/>\n<a href=\"http:\/\/books.google.be\/books?id=ZY8UAAAAQAAJ&amp;printsec=titlepage&amp;lr=&amp;as_brr=1&amp;hl=fr&amp;source=gbs_summary_r&amp;cad=0\" target=\"_blank\" rel=\"noopener\">Acc\u00e9der au volume<\/a> sur <b>GoogleBooks<\/b><\/p>\n<p><b>851232<\/b><br \/>\nLangeron fils<br \/>\n<i>Couplets \u00e0 mon p\u00e8re, pour le jour de sa f\u00eate<\/i><br \/>\nD\u00e9cembre 1785, Tome XII, p. 263-264<br \/>\n<a href=\"http:\/\/books.google.be\/books?id=ZY8UAAAAQAAJ&amp;printsec=titlepage&amp;lr=&amp;as_brr=1&amp;hl=fr&amp;source=gbs_summary_r&amp;cad=0\" target=\"_blank\" rel=\"noopener\">Acc\u00e9der au volume<\/a> sur <b>GoogleBooks<\/b><\/p>\n<p><b>851233<\/b><br \/>\nAbb\u00e9 Dourneau<br \/>\n<i>\u00c9pigramme<\/i><br \/>\nD\u00e9cembre 1785, Tome XII, p. 264<br \/>\n<a href=\"http:\/\/books.google.be\/books?id=ZY8UAAAAQAAJ&amp;printsec=titlepage&amp;lr=&amp;as_brr=1&amp;hl=fr&amp;source=gbs_summary_r&amp;cad=0\" target=\"_blank\" rel=\"noopener\">Acc\u00e9der au volume<\/a> sur <b>GoogleBooks<\/b><\/p>\n<p><b>851234<\/b><br \/>\nMusaeum<br \/>\n<i>La rose d&rsquo;amour<\/i><br \/>\nD\u00e9cembre 1785, Tome XII, p. 265-266<br \/>\n<a href=\"http:\/\/books.google.be\/books?id=ZY8UAAAAQAAJ&amp;printsec=titlepage&amp;lr=&amp;as_brr=1&amp;hl=fr&amp;source=gbs_summary_r&amp;cad=0\" target=\"_blank\" rel=\"noopener\">Acc\u00e9der au volume<\/a> sur <b>GoogleBooks<\/b><\/p>\n<p><b>851235<\/b><br \/>\nR**. La G**.<br \/>\n<i>\u00c9pigramme<\/i><br \/>\nD\u00e9cembre 1785, Tome XII, p. 266-267<br \/>\n<a href=\"http:\/\/books.google.be\/books?id=ZY8UAAAAQAAJ&amp;printsec=titlepage&amp;lr=&amp;as_brr=1&amp;hl=fr&amp;source=gbs_summary_r&amp;cad=0\" target=\"_blank\" rel=\"noopener\">Acc\u00e9der au volume<\/a> sur <b>GoogleBooks<\/b><\/p>\n<p><b>851236<\/b><br \/>\nMlle.** [Marie-Amable Petiteau]\n<i>Souhaits d&rsquo;une jeune demoiselle<\/i><br \/>\nD\u00e9cembre 1785, Tome XII, p. 267<br \/>\n<a href=\"http:\/\/books.google.be\/books?id=ZY8UAAAAQAAJ&amp;printsec=titlepage&amp;lr=&amp;as_brr=1&amp;hl=fr&amp;source=gbs_summary_r&amp;cad=0\" target=\"_blank\" rel=\"noopener\">Acc\u00e9der au volume<\/a> sur <b>GoogleBooks<\/b><\/p>\n<p><b>851237<\/b><br \/>\nM.***<br \/>\n<i>R\u00e9ponse aux souhaits d&rsquo;une jeune Demoiselle, sur les m\u00eames rimes<\/i><br \/>\nD\u00e9cembre 1785, Tome XII, p. 268<br \/>\n<a href=\"http:\/\/books.google.be\/books?id=ZY8UAAAAQAAJ&amp;printsec=titlepage&amp;lr=&amp;as_brr=1&amp;hl=fr&amp;source=gbs_summary_r&amp;cad=0\" target=\"_blank\" rel=\"noopener\">Acc\u00e9der au volume<\/a> sur <b>GoogleBooks<\/b><\/p>\n<\/div><div class=\"fusion-clearfix\"><\/div><\/div><\/div><\/div><\/div>\n","protected":false},"excerpt":{"rendered":"","protected":false},"author":2,"featured_media":0,"parent":0,"menu_order":0,"comment_status":"closed","ping_status":"closed","template":"","meta":{"footnotes":""},"class_list":["post-3751","page","type-page","status-publish","hentry"],"_links":{"self":[{"href":"http:\/\/web.philo.ulg.ac.be\/gedhsr\/wp-json\/wp\/v2\/pages\/3751","targetHints":{"allow":["GET"]}}],"collection":[{"href":"http:\/\/web.philo.ulg.ac.be\/gedhsr\/wp-json\/wp\/v2\/pages"}],"about":[{"href":"http:\/\/web.philo.ulg.ac.be\/gedhsr\/wp-json\/wp\/v2\/types\/page"}],"author":[{"embeddable":true,"href":"http:\/\/web.philo.ulg.ac.be\/gedhsr\/wp-json\/wp\/v2\/users\/2"}],"replies":[{"embeddable":true,"href":"http:\/\/web.philo.ulg.ac.be\/gedhsr\/wp-json\/wp\/v2\/comments?post=3751"}],"version-history":[{"count":1,"href":"http:\/\/web.philo.ulg.ac.be\/gedhsr\/wp-json\/wp\/v2\/pages\/3751\/revisions"}],"predecessor-version":[{"id":5714,"href":"http:\/\/web.philo.ulg.ac.be\/gedhsr\/wp-json\/wp\/v2\/pages\/3751\/revisions\/5714"}],"wp:attachment":[{"href":"http:\/\/web.philo.ulg.ac.be\/gedhsr\/wp-json\/wp\/v2\/media?parent=3751"}],"curies":[{"name":"wp","href":"https:\/\/api.w.org\/{rel}","templated":true}]}}