{"id":3757,"date":"2014-04-23T15:01:42","date_gmt":"2014-04-23T13:01:42","guid":{"rendered":"http:\/\/web.philo.ulg.ac.be\/gedhsr\/?page_id=3757"},"modified":"2019-12-18T10:35:35","modified_gmt":"2019-12-18T08:35:35","slug":"annee-1788","status":"publish","type":"page","link":"http:\/\/web.philo.ulg.ac.be\/gedhsr\/annee-1788\/","title":{"rendered":"Ann\u00e9e 1788"},"content":{"rendered":"<div class=\"fusion-fullwidth fullwidth-box fusion-builder-row-1 nonhundred-percent-fullwidth non-hundred-percent-height-scrolling\" style=\"background-color: #ffffff;background-position: center center;background-repeat: no-repeat;padding-top:0px;padding-right:0px;padding-bottom:0px;padding-left:0px;margin-bottom: 0px;margin-top: 0px;border-width: 0px 0px 0px 0px;border-color:#eae9e9;border-style:solid;\" ><div class=\"fusion-builder-row fusion-row\"><div class=\"fusion-layout-column fusion_builder_column fusion-builder-column-0 fusion_builder_column_1_1 1_1 fusion-one-full fusion-column-first fusion-column-last\" style=\"margin-top:0px;margin-bottom:0px;\"><div class=\"fusion-column-wrapper fusion-flex-column-wrapper-legacy\" style=\"background-position:left top;background-repeat:no-repeat;-webkit-background-size:cover;-moz-background-size:cover;-o-background-size:cover;background-size:cover;padding: 0px 0px 0px 0px;\"><style type=\"text\/css\"><\/style><div class=\"fusion-title title fusion-title-1 sep-underline sep-solid fusion-title-text fusion-title-size-one\" style=\"border-bottom-color:#00843b;margin-top:0px;margin-right:0px;margin-bottom:70px;margin-left:0px;\"><h1 class=\"title-heading-left fusion-responsive-typography-calculated\" style=\"margin:0;--fontSize:42;line-height:1;\">Ann\u00e9e 1788<\/h1><\/div><div class=\"fusion-text fusion-text-1\"><p style=\"text-align: justify;\"><b>880101<br \/>\n<\/b>Pierre Bertholon<br \/>\n<i> De l&rsquo;\u00e9lectricit\u00e9 des m\u00e9t\u00e9ores, ouvrage dans lequel on traite de l&rsquo;\u00e9lectricit\u00e9 naturelle en g\u00e9n\u00e9ral, et des m\u00e9t\u00e9ores en particulier, contenant l&rsquo;exposition et l&rsquo;explication des principaux ph\u00e9nom\u00e8nes qui ont rapport \u00e0 la m\u00e9t\u00e9orologie \u00e9lectrique, d&rsquo;apr\u00e8s l&rsquo;observation et l&rsquo;exp\u00e9rience, avec un grand nombre de figures en taille douce<\/i><br \/>\nJanvier 1788, Tome I, p. 3-32<br \/>\n(Journal encyclop\u00e9dique; Journal d&rsquo;histoire naturelle, etc.)<br \/>\n<a href=\"http:\/\/books.google.be\/books?id=6o0UAAAAQAAJ&amp;printsec=titlepage&amp;dq=intitle:l%27esprit+intitle:des+intitle:journaux+date:1788-1788&amp;lr=&amp;as_brr=0&amp;hl=fr&amp;source=gbs_summary_r&amp;cad=0\" target=\"_blank\" rel=\"noopener\">Acc\u00e9der au volume<\/a> sur <b>GoogleBooks<\/b><\/p>\n<p style=\"text-align: justify;\"><b> 880102<\/b><br \/>\nTh\u00e9ophraste<br \/>\n<i> Characterum ethicorum Theophrasti Eresii capita duo, hactenus anecdota, quae ex cod. ms. vaticano saeculi XI. graece edidit, latine vertit, praefatione et adnotationibus illustravit Johannes Christophorus Amadutius<\/i><br \/>\nJanvier 1788, Tome I, p. 32-38<br \/>\n(Effemeridi letterarie di Roma)<br \/>\n<a href=\"http:\/\/books.google.be\/books?id=6o0UAAAAQAAJ&amp;printsec=titlepage&amp;dq=intitle:l%27esprit+intitle:des+intitle:journaux+date:1788-1788&amp;lr=&amp;as_brr=0&amp;hl=fr&amp;source=gbs_summary_r&amp;cad=0\" target=\"_blank\" rel=\"noopener\">Acc\u00e9der au volume<\/a> sur <b>GoogleBooks<\/b><\/p>\n<p><b> 880103<\/b><br \/>\nAurelio de Giorgi Bertola<br \/>\n<i> Della filosophia della storia, &amp;c. La philosophie de l&rsquo;histoire, en trois livres<\/i><br \/>\nJanvier 1788, Tome I, p. 39-45<br \/>\n(Effemeridi letterarie di Roma)<br \/>\n<a href=\"http:\/\/books.google.be\/books?id=6o0UAAAAQAAJ&amp;printsec=titlepage&amp;dq=intitle:l%27esprit+intitle:des+intitle:journaux+date:1788-1788&amp;lr=&amp;as_brr=0&amp;hl=fr&amp;source=gbs_summary_r&amp;cad=0\" target=\"_blank\" rel=\"noopener\">Acc\u00e9der au volume<\/a> sur <b>GoogleBooks<\/b><\/p>\n<p><b> 880104<\/b><br \/>\nJohn Whitaker<br \/>\n<i> Mary Queen of Scots vindicated, &amp;c. Apologie de Marie Stuart, reine d&rsquo;\u00c9cosse<\/i><br \/>\nJanvier 1788, Tome I, p. 45-64<br \/>\n(English review; British register)<br \/>\n<a href=\"http:\/\/books.google.be\/books?id=6o0UAAAAQAAJ&amp;printsec=titlepage&amp;dq=intitle:l%27esprit+intitle:des+intitle:journaux+date:1788-1788&amp;lr=&amp;as_brr=0&amp;hl=fr&amp;source=gbs_summary_r&amp;cad=0\" target=\"_blank\" rel=\"noopener\">Acc\u00e9der au volume<\/a> sur <b>GoogleBooks<\/b><\/p>\n<p style=\"text-align: justify;\"><b> 880105<\/b><br \/>\nLudwig M\u00fcller<br \/>\n<i> Tableau des guerres de Fr\u00e9d\u00e9ric-le-Grand ou plan figur\u00e9 de vingt-six batailles rang\u00e9es ou combats essentiels donn\u00e9s dans les trois guerres de Sil\u00e9sie, avec une explication pr\u00e9cise de chaque bataille traduit de l&rsquo;allemand par M. le professeur de la Veaux<\/i><br \/>\nJanvier 1788, Tome I, p. 64-80<br \/>\n<a href=\"http:\/\/books.google.be\/books?id=6o0UAAAAQAAJ&amp;printsec=titlepage&amp;dq=intitle:l%27esprit+intitle:des+intitle:journaux+date:1788-1788&amp;lr=&amp;as_brr=0&amp;hl=fr&amp;source=gbs_summary_r&amp;cad=0\" target=\"_blank\" rel=\"noopener\">Acc\u00e9der au volume<\/a> sur <b>GoogleBooks<\/b><\/p>\n<p><b> 880106<\/b><br \/>\nLucien de Samosate<br \/>\n<i> uvres de Lucien, traduction nouvelle; tomes IV, V &amp; VI. Par M. l&rsquo;abb\u00e9 Massieu<\/i><br \/>\nJanvier 1788, Tome I, p. 80-100<br \/>\n(Ann\u00e9e litt\u00e9raire)<br \/>\n<a href=\"http:\/\/books.google.be\/books?id=6o0UAAAAQAAJ&amp;printsec=titlepage&amp;dq=intitle:l%27esprit+intitle:des+intitle:journaux+date:1788-1788&amp;lr=&amp;as_brr=0&amp;hl=fr&amp;source=gbs_summary_r&amp;cad=0\" target=\"_blank\" rel=\"noopener\">Acc\u00e9der au volume<\/a> sur <b>GoogleBooks<\/b><\/p>\n<p><b> 880107<\/b>[Antoine-Fran\u00e7ois Delandine]\n<i> Le conservateur, ou biblioth\u00e8que choisie de litt\u00e9rature, de morale et d&rsquo;histoire<\/i><br \/>\nJanvier 1788, Tome I, p. 100-113<br \/>\n(Journal g\u00e9n\u00e9ral de France; Journal encyclop\u00e9dique; Ann\u00e9e litt\u00e9raire)<br \/>\n<a href=\"http:\/\/books.google.be\/books?id=6o0UAAAAQAAJ&amp;printsec=titlepage&amp;dq=intitle:l%27esprit+intitle:des+intitle:journaux+date:1788-1788&amp;lr=&amp;as_brr=0&amp;hl=fr&amp;source=gbs_summary_r&amp;cad=0\" target=\"_blank\" rel=\"noopener\">Acc\u00e9der au volume<\/a> sur <b>GoogleBooks<\/b><\/p>\n<p><b> 880108<\/b><br \/>\nOnofrio Boni<br \/>\n<i> Elogio di Pompeo-Girolamo Batoni, &amp;c. \u00c9loge de Pompeo Girolemo Batoni<\/i><br \/>\nJanvier 1788, Tome I, p. 113-120<br \/>\n(Effemeridi letterarie di Roma)<br \/>\n<a href=\"http:\/\/books.google.be\/books?id=6o0UAAAAQAAJ&amp;printsec=titlepage&amp;dq=intitle:l%27esprit+intitle:des+intitle:journaux+date:1788-1788&amp;lr=&amp;as_brr=0&amp;hl=fr&amp;source=gbs_summary_r&amp;cad=0\" target=\"_blank\" rel=\"noopener\">Acc\u00e9der au volume<\/a> sur <b>GoogleBooks<\/b><\/p>\n<p><b> 880109<\/b><br \/>\nM. D*** [Antoine-Nicolas Dezallier d&rsquo;Argenville]\n<i> Vies des fameux architectes depuis la renaissance des arts, avec la description de leurs ouvrages<\/i><br \/>\nJanvier 1788, Tome I, p. 121-126<br \/>\n(Journal de Paris)<br \/>\n<a href=\"http:\/\/books.google.be\/books?id=6o0UAAAAQAAJ&amp;printsec=titlepage&amp;dq=intitle:l%27esprit+intitle:des+intitle:journaux+date:1788-1788&amp;lr=&amp;as_brr=0&amp;hl=fr&amp;source=gbs_summary_r&amp;cad=0\" target=\"_blank\" rel=\"noopener\">Acc\u00e9der au volume<\/a> sur <b>GoogleBooks<\/b><\/p>\n<p style=\"text-align: justify;\"><b> 880110<\/b><br \/>\nWilliam Guthrie<br \/>\n<i> A new system, &amp;c. Syst\u00e8me nouveau de g\u00e9ographie moderne : ou grammaire de g\u00e9ographie, d&rsquo;histoire et de commerce; et \u00e9tat actuel de tous les royaumes du monde<\/i><br \/>\nJanvier 1788, Tome I, p. 127-135<br \/>\n(Critical review)<br \/>\n<a href=\"http:\/\/books.google.be\/books?id=6o0UAAAAQAAJ&amp;printsec=titlepage&amp;dq=intitle:l%27esprit+intitle:des+intitle:journaux+date:1788-1788&amp;lr=&amp;as_brr=0&amp;hl=fr&amp;source=gbs_summary_r&amp;cad=0\" target=\"_blank\" rel=\"noopener\">Acc\u00e9der au volume<\/a> sur <b>GoogleBooks<\/b><\/p>\n<p style=\"text-align: justify;\"><b> 880111<\/b><br \/>\n<i> Epistolografia di Francesco, &amp;c. Recueils de lettres, par Francesco Parisi, biblioth\u00e9caire de l&rsquo;illustre maison de Borghese. Liv. I, divis\u00e9 en trois parties, dont la Iere. contient des m\u00e9moires sur la vie du cardinal Cinzio Passeri Aldobrandini, connu sous le nom de cardinal de St. George; et les deux autres, les lettres choisies du m\u00eame, avec celles qui lui ont \u00e9t\u00e9 \u00e9crites<\/i><br \/>\nJanvier 1788, Tome I, p. 136-142<br \/>\n(Effemeridi letterarie di Roma)<br \/>\n<a href=\"http:\/\/books.google.be\/books?id=6o0UAAAAQAAJ&amp;printsec=titlepage&amp;dq=intitle:l%27esprit+intitle:des+intitle:journaux+date:1788-1788&amp;lr=&amp;as_brr=0&amp;hl=fr&amp;source=gbs_summary_r&amp;cad=0\" target=\"_blank\" rel=\"noopener\">Acc\u00e9der au volume<\/a> sur <b>GoogleBooks<\/b><\/p>\n<p style=\"text-align: justify;\"><b> 880112<\/b><br \/>\nJean-Pierre Papon<br \/>\n<i> Voyage de Provence, contenant tout ce qui peut donner une id\u00e9e de l&rsquo;\u00e9tat ancien et moderne des villes, les curiosit\u00e9s qu&rsquo;elles renferment, la position des anciens peuples, des anecdotes litt\u00e9raires, d&rsquo;autres qui regardent des hommes c\u00e9l\u00e8bres, l&rsquo;histoire naturelle, les plantes, le climat, etc. etc. Cinq lettres sur les trouv\u00e8res et les troubadours, et la vie de trois troubadours<\/i><br \/>\nJanvier 1788, Tome I, p. 143-166<br \/>\n(Ann\u00e9e litt\u00e9raire; Journal encyclop\u00e9dique)<br \/>\n<a href=\"http:\/\/books.google.be\/books?id=6o0UAAAAQAAJ&amp;printsec=titlepage&amp;dq=intitle:l%27esprit+intitle:des+intitle:journaux+date:1788-1788&amp;lr=&amp;as_brr=0&amp;hl=fr&amp;source=gbs_summary_r&amp;cad=0\" target=\"_blank\" rel=\"noopener\">Acc\u00e9der au volume<\/a> sur <b>GoogleBooks<\/b><\/p>\n<p style=\"text-align: justify;\"><b> 880113<\/b>[Joseph Hudson]\n<i> Remarks upon the history of the landed and commercial policy of England, &amp;c. Remarques sur l&rsquo;histoire de l&rsquo;agriculture et du commerce en Angleterre, depuis l&rsquo;invasion des Romains jusqu&rsquo;\u00e0 l&rsquo;av\u00e8nement de Jacques I<\/i><br \/>\nJanvier 1788, Tome I, p. 166-187<br \/>\n(Censeur universel anglais)<br \/>\n<a href=\"http:\/\/books.google.be\/books?id=6o0UAAAAQAAJ&amp;printsec=titlepage&amp;dq=intitle:l%27esprit+intitle:des+intitle:journaux+date:1788-1788&amp;lr=&amp;as_brr=0&amp;hl=fr&amp;source=gbs_summary_r&amp;cad=0\" target=\"_blank\" rel=\"noopener\">Acc\u00e9der au volume<\/a> sur <b>GoogleBooks<\/b><\/p>\n<p><b> 880114<\/b><br \/>\nHorace<br \/>\n<i> Odi di Orazio, &amp;c. Odes d&rsquo;Horace, traduites en vers italiens; par M. le comte Gazoli [Cassoli]<\/i><br \/>\nJanvier 1788, Tome I, p. 187-191<br \/>\n(Effemeridi di Roma)<br \/>\n<a href=\"http:\/\/books.google.be\/books?id=6o0UAAAAQAAJ&amp;printsec=titlepage&amp;dq=intitle:l%27esprit+intitle:des+intitle:journaux+date:1788-1788&amp;lr=&amp;as_brr=0&amp;hl=fr&amp;source=gbs_summary_r&amp;cad=0\" target=\"_blank\" rel=\"noopener\">Acc\u00e9der au volume<\/a> sur <b>GoogleBooks<\/b><\/p>\n<p><b> 880115<\/b><br \/>\nPedro Jim\u00e9nez de G\u00f3ngora, duc de Almod\u00f3var<br \/>\n<i> Historia de los establecimientos, &amp;c. Histoire des divers \u00e9tablissements des nations europ\u00e9ennes dans les Indes<\/i><br \/>\nJanvier 1788, Tome I, p. 191-199<br \/>\n(Novelle letterarie di Firenze)<br \/>\n<a href=\"http:\/\/books.google.be\/books?id=6o0UAAAAQAAJ&amp;printsec=titlepage&amp;dq=intitle:l%27esprit+intitle:des+intitle:journaux+date:1788-1788&amp;lr=&amp;as_brr=0&amp;hl=fr&amp;source=gbs_summary_r&amp;cad=0\" target=\"_blank\" rel=\"noopener\">Acc\u00e9der au volume<\/a> sur <b>GoogleBooks<\/b><\/p>\n<p><b> 880116<\/b><br \/>\nSainte-Marthe<br \/>\n<i> Lettre au r\u00e9dacteur du Mercure<\/i><br \/>\nJanvier 1788, Tome I, p. 200<br \/>\n<a href=\"http:\/\/books.google.be\/books?id=6o0UAAAAQAAJ&amp;printsec=titlepage&amp;dq=intitle:l%27esprit+intitle:des+intitle:journaux+date:1788-1788&amp;lr=&amp;as_brr=0&amp;hl=fr&amp;source=gbs_summary_r&amp;cad=0\" target=\"_blank\" rel=\"noopener\">Acc\u00e9der au volume<\/a> sur <b>GoogleBooks<\/b><\/p>\n<p><b> 880117<\/b><br \/>\n<i> Le m\u00e9pris de la gloire. Conte oriental<\/i><br \/>\nJanvier 1788, Tome I, p. 200-210<br \/>\n(Mercure de France)<br \/>\n<a href=\"http:\/\/books.google.be\/books?id=6o0UAAAAQAAJ&amp;printsec=titlepage&amp;dq=intitle:l%27esprit+intitle:des+intitle:journaux+date:1788-1788&amp;lr=&amp;as_brr=0&amp;hl=fr&amp;source=gbs_summary_r&amp;cad=0\" target=\"_blank\" rel=\"noopener\">Acc\u00e9der au volume<\/a> sur <b>GoogleBooks<\/b><\/p>\n<p><b> 880118<\/b><br \/>\n<i> Suite des pens\u00e9es attribu\u00e9es \u00e0 Montesquieu<\/i><br \/>\nJanvier 1788, Tome I, p. 210-211<br \/>\n(Journal de Paris)<br \/>\n<a href=\"http:\/\/books.google.be\/books?id=6o0UAAAAQAAJ&amp;printsec=titlepage&amp;dq=intitle:l%27esprit+intitle:des+intitle:journaux+date:1788-1788&amp;lr=&amp;as_brr=0&amp;hl=fr&amp;source=gbs_summary_r&amp;cad=0\" target=\"_blank\" rel=\"noopener\">Acc\u00e9der au volume<\/a> sur <b>GoogleBooks<\/b><\/p>\n<p><b> 880119<\/b><br \/>\nBaron de Montesquieu [Jean-Baptiste Secondat]\n<i> R\u00e9clamation du baron de Montesquieu<\/i><br \/>\nJanvier 1788, Tome I, p. 212-213<br \/>\n(Journal de Paris)<br \/>\n<a href=\"http:\/\/books.google.be\/books?id=6o0UAAAAQAAJ&amp;printsec=titlepage&amp;dq=intitle:l%27esprit+intitle:des+intitle:journaux+date:1788-1788&amp;lr=&amp;as_brr=0&amp;hl=fr&amp;source=gbs_summary_r&amp;cad=0\" target=\"_blank\" rel=\"noopener\">Acc\u00e9der au volume<\/a> sur <b>GoogleBooks<\/b><\/p>\n<p><b> 880120<\/b><br \/>\nKarl Theodor von Dalberg<br \/>\n<i> Les rapports entre la morale et la politique, consid\u00e9r\u00e9s par Charles de Dalberg, article traduit de l&rsquo;allemand<\/i><br \/>\nJanvier 1788, Tome I, p. 213-231<br \/>\nDalberg (Karl Theodor von), 880120<br \/>\n<a href=\"http:\/\/books.google.be\/books?id=6o0UAAAAQAAJ&amp;printsec=titlepage&amp;dq=intitle:l%27esprit+intitle:des+intitle:journaux+date:1788-1788&amp;lr=&amp;as_brr=0&amp;hl=fr&amp;source=gbs_summary_r&amp;cad=0\" target=\"_blank\" rel=\"noopener\">Acc\u00e9der au volume<\/a> sur <b>GoogleBooks<\/b><\/p>\n<p><b> 880121<\/b><br \/>\n<i> Les projets, conte moral traduit de l&rsquo;anglais<\/i><br \/>\nJanvier 1788, Tome I, p. 231-232<br \/>\n(Censeur universel anglais)<br \/>\n<a href=\"http:\/\/books.google.be\/books?id=6o0UAAAAQAAJ&amp;printsec=titlepage&amp;dq=intitle:l%27esprit+intitle:des+intitle:journaux+date:1788-1788&amp;lr=&amp;as_brr=0&amp;hl=fr&amp;source=gbs_summary_r&amp;cad=0\" target=\"_blank\" rel=\"noopener\">Acc\u00e9der au volume<\/a> sur <b>GoogleBooks<\/b><\/p>\n<p style=\"text-align: justify;\"><b> 880122<\/b><br \/>\nJean-Baptiste Maugerard<br \/>\n<i> Lettre \u00e9crite de Metz, le 26 octobre 1787, par dom Maugerard, b\u00e9n\u00e9dictin de St. Arnould, de la soci\u00e9t\u00e9 royale des sciences et arts, de la chambre eccl\u00e9siastique et de la commission interm\u00e9diaire du district de Metz, biblioth\u00e9caire de Mgr. l&rsquo;\u00e9v\u00eaque de Metz, grand-aum\u00f4nier de France, etc., sur une \u00e9dition de Terence<\/i><br \/>\nJanvier 1788, Tome I, p. 233-240<br \/>\n(Journal encyclop\u00e9dique)<br \/>\n<a href=\"http:\/\/books.google.be\/books?id=6o0UAAAAQAAJ&amp;printsec=titlepage&amp;dq=intitle:l%27esprit+intitle:des+intitle:journaux+date:1788-1788&amp;lr=&amp;as_brr=0&amp;hl=fr&amp;source=gbs_summary_r&amp;cad=0\" target=\"_blank\" rel=\"noopener\">Acc\u00e9der au volume<\/a> sur <b>GoogleBooks<\/b><\/p>\n<p><b> 880123<\/b><br \/>\nMlle Levecque<br \/>\n<i> L&rsquo;agneau, Idylle<\/i><br \/>\nJanvier 1788, Tome I, p. 241-248<br \/>\n<a href=\"http:\/\/books.google.be\/books?id=6o0UAAAAQAAJ&amp;printsec=titlepage&amp;dq=intitle:l%27esprit+intitle:des+intitle:journaux+date:1788-1788&amp;lr=&amp;as_brr=0&amp;hl=fr&amp;source=gbs_summary_r&amp;cad=0\" target=\"_blank\" rel=\"noopener\">Acc\u00e9der au volume<\/a> sur <b>GoogleBooks<\/b><\/p>\n<p><b> 880124<\/b><br \/>\n<i> Extrait d&rsquo;une lettre adress\u00e9e \u00e0 l&rsquo;\u00e9diteur de l&rsquo;European Magazine<\/i><br \/>\nJanvier 1788, Tome I, p. 248-254<br \/>\n<a href=\"http:\/\/books.google.be\/books?id=6o0UAAAAQAAJ&amp;printsec=titlepage&amp;dq=intitle:l%27esprit+intitle:des+intitle:journaux+date:1788-1788&amp;lr=&amp;as_brr=0&amp;hl=fr&amp;source=gbs_summary_r&amp;cad=0\" target=\"_blank\" rel=\"noopener\">Acc\u00e9der au volume<\/a> sur <b>GoogleBooks<\/b><\/p>\n<p><b> 880125<\/b><br \/>\nC\u00e9rutti<br \/>\n<i> Questions \u00e0 r\u00e9soudre<\/i><br \/>\nJanvier 1788, Tome I, p. 255-257<br \/>\n(Journal de Paris)<br \/>\n<a href=\"http:\/\/books.google.be\/books?id=6o0UAAAAQAAJ&amp;printsec=titlepage&amp;dq=intitle:l%27esprit+intitle:des+intitle:journaux+date:1788-1788&amp;lr=&amp;as_brr=0&amp;hl=fr&amp;source=gbs_summary_r&amp;cad=0\" target=\"_blank\" rel=\"noopener\">Acc\u00e9der au volume<\/a> sur <b>GoogleBooks<\/b><\/p>\n<p><b> 880126<\/b><br \/>\nHermite de Meillanne<br \/>\n<i>Traduction du commencement du Ive; livre de l&rsquo;Ene\u00efde<\/i><br \/>\nJanvier 1788, Tome I, p. 258-261<br \/>\n<a href=\"http:\/\/books.google.be\/books?id=6o0UAAAAQAAJ&amp;printsec=titlepage&amp;dq=intitle:l%27esprit+intitle:des+intitle:journaux+date:1788-1788&amp;lr=&amp;as_brr=0&amp;hl=fr&amp;source=gbs_summary_r&amp;cad=0\" target=\"_blank\" rel=\"noopener\">Acc\u00e9der au volume<\/a> sur <b>GoogleBooks<\/b><\/p>\n<p><b> 880127<\/b><br \/>\nJ. B. R. J. F. D. M. L. D. C.<br \/>\n<i> \u00c9pigramme<\/i><br \/>\nJanvier 1788, Tome I, p. 261<br \/>\n<a href=\"http:\/\/books.google.be\/books?id=6o0UAAAAQAAJ&amp;printsec=titlepage&amp;dq=intitle:l%27esprit+intitle:des+intitle:journaux+date:1788-1788&amp;lr=&amp;as_brr=0&amp;hl=fr&amp;source=gbs_summary_r&amp;cad=0\" target=\"_blank\" rel=\"noopener\">Acc\u00e9der au volume<\/a> sur <b>GoogleBooks<\/b><\/p>\n<p><b> 880128<\/b><br \/>\nAbb\u00e9 Delignier<br \/>\n<i> Le loup pris, Fable<\/i><br \/>\nJanvier 1788, Tome I, p. 261-262<br \/>\n<a href=\"http:\/\/books.google.be\/books?id=6o0UAAAAQAAJ&amp;printsec=titlepage&amp;dq=intitle:l%27esprit+intitle:des+intitle:journaux+date:1788-1788&amp;lr=&amp;as_brr=0&amp;hl=fr&amp;source=gbs_summary_r&amp;cad=0\" target=\"_blank\" rel=\"noopener\">Acc\u00e9der au volume<\/a> sur <b>GoogleBooks<\/b><\/p>\n<p><b> 880129<\/b><br \/>\nS.* de St. L.**<br \/>\n<i> L&rsquo;aveu d\u00e9licat<\/i><br \/>\nJanvier 1788, Tome I, p. 262-263<br \/>\n<a href=\"http:\/\/books.google.be\/books?id=6o0UAAAAQAAJ&amp;printsec=titlepage&amp;dq=intitle:l%27esprit+intitle:des+intitle:journaux+date:1788-1788&amp;lr=&amp;as_brr=0&amp;hl=fr&amp;source=gbs_summary_r&amp;cad=0\" target=\"_blank\" rel=\"noopener\">Acc\u00e9der au volume<\/a> sur <b>GoogleBooks<\/b><\/p>\n<p><b> 880130<\/b><br \/>\nM***. de Saint-Aubin, D. L. D. L. L. [Mague de Saint Aubin]\n<i> Stances au cousin Jacques, Sur son nouvel ouvrage p\u00e9riodique, intitul\u00e9 le Courrier des plan\u00e8tes<\/i><br \/>\nJanvier 1788, Tome I, p. 263-264<br \/>\n<a href=\"http:\/\/books.google.be\/books?id=6o0UAAAAQAAJ&amp;printsec=titlepage&amp;dq=intitle:l%27esprit+intitle:des+intitle:journaux+date:1788-1788&amp;lr=&amp;as_brr=0&amp;hl=fr&amp;source=gbs_summary_r&amp;cad=0\" target=\"_blank\" rel=\"noopener\">Acc\u00e9der au volume<\/a> sur <b>GoogleBooks<\/b><\/p>\n<p><b>880131<\/b><br \/>\n<i> Madrigal<\/i><br \/>\nJanvier 1788, Tome I, p. 264<br \/>\n<a href=\"http:\/\/books.google.be\/books?id=6o0UAAAAQAAJ&amp;printsec=titlepage&amp;dq=intitle:l%27esprit+intitle:des+intitle:journaux+date:1788-1788&amp;lr=&amp;as_brr=0&amp;hl=fr&amp;source=gbs_summary_r&amp;cad=0\" target=\"_blank\" rel=\"noopener\">Acc\u00e9der au volume<\/a> sur <b>GoogleBooks<\/b><\/p>\n<p><b>880132<\/b><br \/>\nPhilibert-Louis-Orry; marquis de Fulvy<br \/>\n<i> La raison est bonne, Conte lu \u00e0 la s\u00e9ance publique du Mus\u00e9e de Paris, le 21 novembre 1787<\/i><br \/>\nJanvier 1788, Tome I, p. 265<br \/>\n<a href=\"http:\/\/books.google.be\/books?id=6o0UAAAAQAAJ&amp;printsec=titlepage&amp;dq=intitle:l%27esprit+intitle:des+intitle:journaux+date:1788-1788&amp;lr=&amp;as_brr=0&amp;hl=fr&amp;source=gbs_summary_r&amp;cad=0\" target=\"_blank\" rel=\"noopener\">Acc\u00e9der au volume<\/a> sur <b>GoogleBooks<\/b><\/p>\n<p><b>880133<\/b><br \/>\nBalze<br \/>\n<i>L&#8217;empire des arts; Ode au p\u00e8re Morel, doctrinaire, auteur de l&rsquo;\u00c9p\u00eetre \u00e0 un jeune mat\u00e9rialiste<\/i><br \/>\nJanvier 1788, Tome I, p. 265-270<br \/>\n<a href=\"http:\/\/books.google.be\/books?id=6o0UAAAAQAAJ&amp;printsec=titlepage&amp;dq=intitle:l%27esprit+intitle:des+intitle:journaux+date:1788-1788&amp;lr=&amp;as_brr=0&amp;hl=fr&amp;source=gbs_summary_r&amp;cad=0\" target=\"_blank\" rel=\"noopener\">Acc\u00e9der au volume<\/a> sur <b>GoogleBooks<\/b><\/p>\n<p><b>880134<\/b><br \/>\nMarvielles<br \/>\n<i> Le chemin des honneurs<\/i><br \/>\nJanvier 1788, Tome I, p. 270<br \/>\n<a href=\"http:\/\/books.google.be\/books?id=6o0UAAAAQAAJ&amp;printsec=titlepage&amp;dq=intitle:l%27esprit+intitle:des+intitle:journaux+date:1788-1788&amp;lr=&amp;as_brr=0&amp;hl=fr&amp;source=gbs_summary_r&amp;cad=0\" target=\"_blank\" rel=\"noopener\">Acc\u00e9der au volume<\/a> sur <b>GoogleBooks<\/b><\/p>\n<p><b>880135<\/b><br \/>\nMarvielles [Claude de Marolles]\n<i> \u00c9pigramme<\/i><br \/>\nJanvier 1788, Tome I, p. 271<br \/>\n<a href=\"http:\/\/books.google.be\/books?id=6o0UAAAAQAAJ&amp;printsec=titlepage&amp;dq=intitle:l%27esprit+intitle:des+intitle:journaux+date:1788-1788&amp;lr=&amp;as_brr=0&amp;hl=fr&amp;source=gbs_summary_r&amp;cad=0\" target=\"_blank\" rel=\"noopener\">Acc\u00e9der au volume<\/a> sur <b>GoogleBooks<\/b><\/p>\n<p style=\"text-align: justify;\"><b> 880201<\/b><br \/>\nLouise-F\u00e9licit\u00e9 Guinement de Keralio, dame Robert<br \/>\n<i> Histoire d&rsquo;Elisabeth, reine d&rsquo;Angleterre, tir\u00e9e des \u00e9crits originaux anglais, d&rsquo;actes, titres, lettres, et autres pi\u00e8ces manuscrites qui n&rsquo;ont point encore paru. Tome IIIe<\/i><br \/>\nF\u00e9vrier 1788, Tome II, p. 3-39<br \/>\n(Ann\u00e9e litt\u00e9raire; Journal g\u00e9n\u00e9ral de France; Journal encyclop\u00e9dique; Gazette de litt\u00e9rature, des sciences et des arts)<br \/>\n<a href=\"http:\/\/books.google.be\/books?id=vRkTAAAAYAAJ&amp;printsec=frontcover&amp;dq=editions:0YywDHrPuX_Qlj6G&amp;lr=&amp;as_brr=1&amp;hl=fr\" target=\"_blank\" rel=\"noopener\">Acc\u00e9der au volume<\/a> sur <b>GoogleBooks<\/b><\/p>\n<p style=\"text-align: justify;\"><b> 880202<\/b><br \/>\n<i> Transactions of the, &amp;c. M\u00e9moires philosophiques de la soci\u00e9t\u00e9 am\u00e9ricaine, institu\u00e9e \u00e0 Philadelphie, pour le progr\u00e8s des connaissances utiles. Vol. II<\/i><br \/>\nF\u00e9vrier 1788, Tome II, p. 40-67<br \/>\n(Monthly review; British register)<br \/>\n<a href=\"http:\/\/books.google.be\/books?id=vRkTAAAAYAAJ&amp;printsec=frontcover&amp;dq=editions:0YywDHrPuX_Qlj6G&amp;lr=&amp;as_brr=1&amp;hl=fr\" target=\"_blank\" rel=\"noopener\">Acc\u00e9der au volume<\/a> sur <b>GoogleBooks<\/b><\/p>\n<p><b> 880203<\/b><br \/>\nJoseph Lavall\u00e9e<br \/>\n<i> C\u00e9cile, fille d&rsquo;Achmet III, empereur des Turcs, n\u00e9e en 1710<\/i><br \/>\nF\u00e9vrier 1788, Tome II, p. 67-75<br \/>\n(Courrier lyrique et amusant; Journal de Paris; Gazette de litt\u00e9rature, des sciences et des arts)<br \/>\n<a href=\"http:\/\/books.google.be\/books?id=vRkTAAAAYAAJ&amp;printsec=frontcover&amp;dq=editions:0YywDHrPuX_Qlj6G&amp;lr=&amp;as_brr=1&amp;hl=fr\" target=\"_blank\" rel=\"noopener\">Acc\u00e9der au volume<\/a> sur <b>GoogleBooks<\/b><\/p>\n<p style=\"text-align: justify;\"><b> 880204<\/b><br \/>\nGiuseppe Amico Casagrande<br \/>\n<i> Della pianta del sanguineo, &amp;c. Trait\u00e9 physico-\u00e9conomique de la sanguinelle, de l&rsquo;huile qu&rsquo;on en tire, et de l&rsquo;usage qu&rsquo;on peut faire de cette huile<\/i><br \/>\nF\u00e9vrier 1788, Tome II, p. 76-83<br \/>\n(Effemeredi letterarie di Roma)<br \/>\n<a href=\"http:\/\/books.google.be\/books?id=vRkTAAAAYAAJ&amp;printsec=frontcover&amp;dq=editions:0YywDHrPuX_Qlj6G&amp;lr=&amp;as_brr=1&amp;hl=fr\" target=\"_blank\" rel=\"noopener\">Acc\u00e9der au volume<\/a> sur <b>GoogleBooks<\/b><\/p>\n<p style=\"text-align: justify;\"><b> 880205<\/b>[Martin Bouquet]\n<i> Recueil des historiens des gaules et de la France; tome XIIIe. contenant la suite des monuments des trois r\u00e8gnes de Philippe Ier. de Louis VI, dit le Gros, et de Louis VII, surnomm\u00e9 le Jeune, depuis l&rsquo;an 1060 jusqu&rsquo;en 1180, par des religieux b\u00e9n\u00e9dictins de la congr\u00e9gation de St. Maur<\/i><br \/>\nF\u00e9vrier 1788, Tome II, p. 83-102<br \/>\n(Journal des savants)<br \/>\n<a href=\"http:\/\/books.google.be\/books?id=vRkTAAAAYAAJ&amp;printsec=frontcover&amp;dq=editions:0YywDHrPuX_Qlj6G&amp;lr=&amp;as_brr=1&amp;hl=fr\" target=\"_blank\" rel=\"noopener\">Acc\u00e9der au volume<\/a> sur <b>GoogleBooks<\/b><\/p>\n<p><b> 880206<\/b><br \/>\nGiovanni Battista Palletta<br \/>\n<i> J. B. Pallettae,&#8230; Adversaria chirurgica prima<\/i><br \/>\nF\u00e9vrier 1788, Tome II, p. 102-108<br \/>\n(Giornale enciclopedico di Vicenza)<br \/>\n<a href=\"http:\/\/books.google.be\/books?id=vRkTAAAAYAAJ&amp;printsec=frontcover&amp;dq=editions:0YywDHrPuX_Qlj6G&amp;lr=&amp;as_brr=1&amp;hl=fr\" target=\"_blank\" rel=\"noopener\">Acc\u00e9der au volume<\/a> sur <b>GoogleBooks<\/b><\/p>\n<p><b> 880207<\/b><br \/>\nAlberto Fortis<br \/>\n<i> Del nitro minerale, &amp;c. Du nitre min\u00e9ral; m\u00e9moire historique<\/i><br \/>\nF\u00e9vrier 1788, Tome II, p. 109-114<br \/>\n(Giornale enciclopedico di Vicenza)<br \/>\n<a href=\"http:\/\/books.google.be\/books?id=vRkTAAAAYAAJ&amp;printsec=frontcover&amp;dq=editions:0YywDHrPuX_Qlj6G&amp;lr=&amp;as_brr=1&amp;hl=fr\" target=\"_blank\" rel=\"noopener\">Acc\u00e9der au volume<\/a> sur <b>GoogleBooks<\/b><\/p>\n<p style=\"text-align: justify;\"><b> 880208<\/b><br \/>\nCharlotte-Elisabeth A\u00efss\u00e9<br \/>\n<i> Lettres de Mademoiselle A\u00efss\u00e9 \u00e0 Mde. C\u2026 qui contiennent plusieurs anecdotes de l&rsquo;histoire du temps; depuis l&rsquo;ann\u00e9e 1726, jusqu&rsquo;en 1733, pr\u00e9c\u00e9d\u00e9es d&rsquo;un narr\u00e9 tr\u00e8s court de l&rsquo;histoire de Mlle. A\u00efss\u00e9, pour servir \u00e0 l&rsquo;intelligence de ses lettres; avec des notes dont quelques-unes sont de M. de Voltaire<\/i><br \/>\nF\u00e9vrier 1788, Tome II, p. 115-132<br \/>\n(Journal de Paris; Journal encyclop\u00e9dique)<br \/>\n<a href=\"http:\/\/books.google.be\/books?id=vRkTAAAAYAAJ&amp;printsec=frontcover&amp;dq=editions:0YywDHrPuX_Qlj6G&amp;lr=&amp;as_brr=1&amp;hl=fr\" target=\"_blank\" rel=\"noopener\">Acc\u00e9der au volume<\/a> sur <b>GoogleBooks<\/b><\/p>\n<p><b> 880209<\/b><br \/>\nMarie-Joseph de Ch\u00e9nier<br \/>\n<i> Az\u00e9mire, trag\u00e9die; repr\u00e9sente \u00e0 Fontainebleau le 4 novembre 1786, et sur le th\u00e9\u00e2tre de la com\u00e9die fran\u00e7aise le 6 du m\u00eame mois<\/i><br \/>\nF\u00e9vrier 1788, Tome II, p. 133-141<br \/>\n(Journal de Paris)<br \/>\n<a href=\"http:\/\/books.google.be\/books?id=vRkTAAAAYAAJ&amp;printsec=frontcover&amp;dq=editions:0YywDHrPuX_Qlj6G&amp;lr=&amp;as_brr=1&amp;hl=fr\" target=\"_blank\" rel=\"noopener\">Acc\u00e9der au volume<\/a> sur <b>GoogleBooks<\/b><\/p>\n<p style=\"text-align: justify;\"><b> 880210<\/b><br \/>\nJohann Stephan P\u00fctter<br \/>\n<i> Historische Entwickelung der heutigen staatsverfassung des teutschen Reichs. D\u00e9veloppement historique de la pr\u00e9sente constitution de l&#8217;empire d&rsquo;Allemagne<\/i><br \/>\nF\u00e9vrier 1788, Tome II, p. 141-160<br \/>\n<a href=\"http:\/\/books.google.be\/books?id=vRkTAAAAYAAJ&amp;printsec=frontcover&amp;dq=editions:0YywDHrPuX_Qlj6G&amp;lr=&amp;as_brr=1&amp;hl=fr\" target=\"_blank\" rel=\"noopener\">Acc\u00e9der au volume<\/a> sur <b>GoogleBooks<\/b><\/p>\n<p style=\"text-align: justify;\"><b> 880211<\/b><br \/>\nJohann Carl Wilhelm Voigt<br \/>\n<i> Nouvelles lettres sur les montagnes, ou Livre classique, particuli\u00e8rement destin\u00e9 aux gens du monde et aux jeunes personnes qui veulent acqu\u00e9rir des connaissances utiles et satisfaisantes sur la formation des montagnes; accompagn\u00e9 d&rsquo;une collection syst\u00e9matiques de pierres<\/i><br \/>\nF\u00e9vrier 1788, Tome II, p. 161-177<br \/>\n(Journal d&rsquo;histoire naturelle, etc.; Journal encyclop\u00e9dique)<br \/>\n<a href=\"http:\/\/books.google.be\/books?id=vRkTAAAAYAAJ&amp;printsec=frontcover&amp;dq=editions:0YywDHrPuX_Qlj6G&amp;lr=&amp;as_brr=1&amp;hl=fr\" target=\"_blank\" rel=\"noopener\">Acc\u00e9der au volume<\/a> sur <b>GoogleBooks<\/b><\/p>\n<p><b> 880212<\/b><br \/>\nJean Maydieu \/ Pierre-Jean Grosley<br \/>\n<i> Vie de M. Grosley, \u00e9crite en partie par lui-m\u00eame, continu\u00e9e et publi\u00e9e par M. l&rsquo;abb\u00e9 Maydieu<\/i><br \/>\nF\u00e9vrier 1788, Tome II, p. 177-201<br \/>\n(Journal litt\u00e9raire de Nancy; Journal g\u00e9n\u00e9ral de France)<br \/>\n<a href=\"http:\/\/books.google.be\/books?id=vRkTAAAAYAAJ&amp;printsec=frontcover&amp;dq=editions:0YywDHrPuX_Qlj6G&amp;lr=&amp;as_brr=1&amp;hl=fr\" target=\"_blank\" rel=\"noopener\">Acc\u00e9der au volume<\/a> sur <b>GoogleBooks<\/b><\/p>\n<p style=\"text-align: justify;\"><b> 880213<\/b><br \/>\nCharles-Louis Dumas<br \/>\n<i> M\u00e9moire couronn\u00e9 par la soci\u00e9t\u00e9 royale de m\u00e9decine de Paris, dans lequel, apr\u00e8s avoir expos\u00e9 les id\u00e9es g\u00e9n\u00e9rales que l&rsquo;on doit se former sur la nature de la fi\u00e8vre, et sur celle des maladies chroniques; on t\u00e2che de d\u00e9terminer dans quelles esp\u00e8ces et dans quel temps des maladies chroniques la fi\u00e8vre peut \u00eatre utile ou dangereuse, et avec quelles pr\u00e9cautions on doit l&rsquo;exciter ou la mod\u00e9rer dans leur traitement<\/i><br \/>\nF\u00e9vrier 1788, Tome II, p. 201-207<br \/>\n(Journal de m\u00e9decine, chirurgie, pharmacie, etc.)<br \/>\n<a href=\"http:\/\/books.google.be\/books?id=vRkTAAAAYAAJ&amp;printsec=frontcover&amp;dq=editions:0YywDHrPuX_Qlj6G&amp;lr=&amp;as_brr=1&amp;hl=fr\" target=\"_blank\" rel=\"noopener\">Acc\u00e9der au volume<\/a> sur <b>GoogleBooks<\/b><\/p>\n<p style=\"text-align: justify;\"><b> 880214<\/b><br \/>\nHeinrich Moritz Gottlieb Grellmann<br \/>\n<i> Dissertation on the Gipsies, &amp;c. Dissertation sur les Boh\u00e9miens, ou recherches historiques sur la mani\u00e8re de vivre, la police, les usages, l&rsquo;\u00e9tat et l&rsquo;origine des Boh\u00e9miens d&rsquo;Europe; compos\u00e9es en allemand, et traduites en anglais par Matthieu Raper<\/i><br \/>\nF\u00e9vrier 1788, Tome II, p. 207-214<br \/>\n(Censeur universel anglais)<br \/>\n<a href=\"http:\/\/books.google.be\/books?id=vRkTAAAAYAAJ&amp;printsec=frontcover&amp;dq=editions:0YywDHrPuX_Qlj6G&amp;lr=&amp;as_brr=1&amp;hl=fr\" target=\"_blank\" rel=\"noopener\">Acc\u00e9der au volume<\/a> sur <b>GoogleBooks<\/b><\/p>\n<p style=\"text-align: justify;\"><b> 880215<\/b><br \/>\n<i> Anders Sparrman<br \/>\nReize naar de kaep de goede hoop, de landen van den, &amp;c. Voyage au cap de Bonne-Esp\u00e9rance, aux Terres-Australes et autour du monde; nomm\u00e9ment chez les Hottentots et les Caffres; dans les ann\u00e9es 1772-1776<\/i><br \/>\nF\u00e9vrier 1788, Tome II, p. 215-222<br \/>\n(Journal hollandais : De Recensent, &amp;c. Amsterdam)<br \/>\n<a href=\"http:\/\/books.google.be\/books?id=vRkTAAAAYAAJ&amp;printsec=frontcover&amp;dq=editions:0YywDHrPuX_Qlj6G&amp;lr=&amp;as_brr=1&amp;hl=fr\" target=\"_blank\" rel=\"noopener\">Acc\u00e9der au volume<\/a> sur <b>GoogleBooks<\/b><\/p>\n<p><b> 880216<\/b><br \/>\n<i> Les triomphes de la mod\u00e9ration, po\u00e8me en six chants, traduit de l&rsquo;anglais de M. Hayley, par M. J.B. Mercier<\/i><br \/>\nF\u00e9vrier 1788, Tome II, p. 223-238<br \/>\n(Censeur universel anglais)<br \/>\n<a href=\"http:\/\/books.google.be\/books?id=vRkTAAAAYAAJ&amp;printsec=frontcover&amp;dq=editions:0YywDHrPuX_Qlj6G&amp;lr=&amp;as_brr=1&amp;hl=fr\" target=\"_blank\" rel=\"noopener\">Acc\u00e9der au volume<\/a> sur <b>GoogleBooks<\/b><\/p>\n<p><b> 880217<\/b><br \/>\nCharles-Marguerite-Jean-Baptiste Mercier Dupaty<br \/>\n<i> Lettre extraite d&rsquo;un recueil de lettres manuscrites sur l&rsquo;Italie<\/i><br \/>\nF\u00e9vrier 1788, Tome II, p. 238-241<br \/>\n(Journal de Guyenne)<br \/>\n<a href=\"http:\/\/books.google.be\/books?id=vRkTAAAAYAAJ&amp;printsec=frontcover&amp;dq=editions:0YywDHrPuX_Qlj6G&amp;lr=&amp;as_brr=1&amp;hl=fr\" target=\"_blank\" rel=\"noopener\">Acc\u00e9der au volume<\/a> sur <b>GoogleBooks<\/b><\/p>\n<p><b> 880218<\/b>[Nicolas-Gabriel Le Clerc]\n<i> La ruine de Sparte, Fable<\/i><br \/>\nF\u00e9vrier 1788, Tome II, p. 241-256<br \/>\n(Journal encyclop\u00e9dique)<br \/>\n<a href=\"http:\/\/books.google.be\/books?id=vRkTAAAAYAAJ&amp;printsec=frontcover&amp;dq=editions:0YywDHrPuX_Qlj6G&amp;lr=&amp;as_brr=1&amp;hl=fr\" target=\"_blank\" rel=\"noopener\">Acc\u00e9der au volume<\/a> sur <b>GoogleBooks<\/b><\/p>\n<p><b> 880219<\/b><br \/>\nJean Louis Mallet<br \/>\n<i> Dialogue. Colomb et Las-Casas<\/i><br \/>\nF\u00e9vrier 1788, Tome II, p. 257-259<br \/>\n(Ann\u00e9e litt\u00e9raire)<br \/>\n<a href=\"http:\/\/books.google.be\/books?id=vRkTAAAAYAAJ&amp;printsec=frontcover&amp;dq=editions:0YywDHrPuX_Qlj6G&amp;lr=&amp;as_brr=1&amp;hl=fr\" target=\"_blank\" rel=\"noopener\">Acc\u00e9der au volume<\/a> sur <b>GoogleBooks<\/b><\/p>\n<p><b> 880220<\/b><br \/>\nP\u2026 B\u2026 de G\u2026<br \/>\n<i> Sur l&rsquo;insouciance<\/i><br \/>\nF\u00e9vrier 1788, Tome II, p. 260-265<br \/>\n(Mercure de France)<br \/>\n<a href=\"http:\/\/books.google.be\/books?id=vRkTAAAAYAAJ&amp;printsec=frontcover&amp;dq=editions:0YywDHrPuX_Qlj6G&amp;lr=&amp;as_brr=1&amp;hl=fr\" target=\"_blank\" rel=\"noopener\">Acc\u00e9der au volume<\/a> sur <b>GoogleBooks<\/b><\/p>\n<p><b> 880221<\/b><br \/>\nPahin de La Blancherie<br \/>\n<i> Correspondance g\u00e9n\u00e9rale et gratuite pour les sciences et les arts<\/i><br \/>\nF\u00e9vrier 1788, Tome II, p. 266-270<br \/>\n(Nouvelles de la r\u00e9publique des lettres et des arts)<br \/>\n<a href=\"http:\/\/books.google.be\/books?id=vRkTAAAAYAAJ&amp;printsec=frontcover&amp;dq=editions:0YywDHrPuX_Qlj6G&amp;lr=&amp;as_brr=1&amp;hl=fr\" target=\"_blank\" rel=\"noopener\">Acc\u00e9der au volume<\/a> sur <b>GoogleBooks<\/b><\/p>\n<p><b> 880222<\/b><br \/>\n<i> De la bonhomie<\/i><br \/>\nF\u00e9vrier 1788, Tome II, p. 271-275<br \/>\n(Journal de Paris)<br \/>\n<a href=\"http:\/\/books.google.be\/books?id=vRkTAAAAYAAJ&amp;printsec=frontcover&amp;dq=editions:0YywDHrPuX_Qlj6G&amp;lr=&amp;as_brr=1&amp;hl=fr\" target=\"_blank\" rel=\"noopener\">Acc\u00e9der au volume<\/a> sur <b>GoogleBooks<\/b><\/p>\n<p><b> 880223<\/b><br \/>\n<i> De l&rsquo;\u00e9go\u00efsme<\/i><br \/>\nF\u00e9vrier 1788, Tome II, p. 275-279<br \/>\n(Journal de Paris)<br \/>\n<a href=\"http:\/\/books.google.be\/books?id=vRkTAAAAYAAJ&amp;printsec=frontcover&amp;dq=editions:0YywDHrPuX_Qlj6G&amp;lr=&amp;as_brr=1&amp;hl=fr\" target=\"_blank\" rel=\"noopener\">Acc\u00e9der au volume<\/a> sur <b>GoogleBooks<\/b><\/p>\n<p><b> 880224<\/b><br \/>\n<i> \u00c9l\u00e9gie philosophique. \u00c0 une m\u00e8re inconsolable de la mort de son fils<\/i><br \/>\nF\u00e9vrier 1788, Tome II, p. 280-283<br \/>\n<a href=\"http:\/\/books.google.be\/books?id=vRkTAAAAYAAJ&amp;printsec=frontcover&amp;dq=editions:0YywDHrPuX_Qlj6G&amp;lr=&amp;as_brr=1&amp;hl=fr\" target=\"_blank\" rel=\"noopener\">Acc\u00e9der au volume<\/a> sur <b>GoogleBooks<\/b><\/p>\n<p><b> 880225<\/b>[Joseph-Antoine-Joachim Cerutti]\n<i> L&rsquo;abeille et le serpent, ou le Bon et le mauvais serpent<\/i><br \/>\nF\u00e9vrier 1788, Tome II, p. 283-285<br \/>\n<a href=\"http:\/\/books.google.be\/books?id=vRkTAAAAYAAJ&amp;printsec=frontcover&amp;dq=editions:0YywDHrPuX_Qlj6G&amp;lr=&amp;as_brr=1&amp;hl=fr\" target=\"_blank\" rel=\"noopener\">Acc\u00e9der au volume<\/a> sur <b>GoogleBooks<\/b><\/p>\n<p><b> 880226<\/b><br \/>\nJoly<br \/>\n<i> La perte \u00e0 gain<\/i><br \/>\nF\u00e9vrier 1788, Tome II, p. 286<br \/>\n<a href=\"http:\/\/books.google.be\/books?id=vRkTAAAAYAAJ&amp;printsec=frontcover&amp;dq=editions:0YywDHrPuX_Qlj6G&amp;lr=&amp;as_brr=1&amp;hl=fr\" target=\"_blank\" rel=\"noopener\">Acc\u00e9der au volume<\/a> sur <b>GoogleBooks<\/b><\/p>\n<p><b> 880227<\/b>[Barth\u00e9lemy Imbert)<br \/>\n<i> Les voleurs dup\u00e9s, Conte<\/i><br \/>\nF\u00e9vrier 1788, Tome II, p. 286-289<br \/>\n<a href=\"http:\/\/books.google.be\/books?id=vRkTAAAAYAAJ&amp;printsec=frontcover&amp;dq=editions:0YywDHrPuX_Qlj6G&amp;lr=&amp;as_brr=1&amp;hl=fr\" target=\"_blank\" rel=\"noopener\">Acc\u00e9der au volume<\/a> sur <b>GoogleBooks<\/b><\/p>\n<p><b> 880228<\/b><br \/>\nUn a\u00een\u00e9 de Caux d&rsquo;Harfleur<br \/>\n<i> Ma promenade avec un ami, apr\u00e8s une longue absence<\/i><br \/>\nF\u00e9vrier 1788, Tome II, p. 289-290<br \/>\n<a href=\"http:\/\/books.google.be\/books?id=vRkTAAAAYAAJ&amp;printsec=frontcover&amp;dq=editions:0YywDHrPuX_Qlj6G&amp;lr=&amp;as_brr=1&amp;hl=fr\" target=\"_blank\" rel=\"noopener\">Acc\u00e9der au volume<\/a> sur <b>GoogleBooks<\/b><\/p>\n<p><b> 880229<\/b><br \/>\nLefebvre<br \/>\n<i> \u00c0 madame G\u2026 L&rsquo;amour et l&rsquo;envie, Fable<\/i><br \/>\nF\u00e9vrier 1788, Tome II, p. 290<br \/>\n<a href=\"http:\/\/books.google.be\/books?id=vRkTAAAAYAAJ&amp;printsec=frontcover&amp;dq=editions:0YywDHrPuX_Qlj6G&amp;lr=&amp;as_brr=1&amp;hl=fr\" target=\"_blank\" rel=\"noopener\">Acc\u00e9der au volume<\/a> sur <b>GoogleBooks<\/b><\/p>\n<p><b> 880230<\/b><br \/>\nSancy<br \/>\n<i> \u00c9pitaphe du chevalier Gluck, mort le 17 novembre 1787, \u00e0 Vienne en Autriche, dans la 73e. ann\u00e9e de son \u00e2ge<\/i><br \/>\nF\u00e9vrier 1788, Tome II, p. 291<br \/>\n<a href=\"http:\/\/books.google.be\/books?id=vRkTAAAAYAAJ&amp;printsec=frontcover&amp;dq=editions:0YywDHrPuX_Qlj6G&amp;lr=&amp;as_brr=1&amp;hl=fr\" target=\"_blank\" rel=\"noopener\">Acc\u00e9der au volume<\/a> sur <b>GoogleBooks<\/b><\/p>\n<p><b> 880231<\/b><br \/>\nMarandon<br \/>\n<i> Les deux escamoteurs, Conte<\/i><br \/>\nF\u00e9vrier 1788, Tome II, p. 291-293<br \/>\n<a href=\"http:\/\/books.google.be\/books?id=vRkTAAAAYAAJ&amp;printsec=frontcover&amp;dq=editions:0YywDHrPuX_Qlj6G&amp;lr=&amp;as_brr=1&amp;hl=fr\" target=\"_blank\" rel=\"noopener\">Acc\u00e9der au volume<\/a> sur <b>GoogleBooks<\/b><\/p>\n<p><b>880232<\/b><br \/>\nAbb\u00e9 de la Sonne<br \/>\n<i> L&rsquo;enfant et le flambeau. Fable<\/i><br \/>\nF\u00e9vrier 1788, Tome II, p. 294-295<br \/>\n<a href=\"http:\/\/books.google.be\/books?id=vRkTAAAAYAAJ&amp;printsec=frontcover&amp;dq=editions:0YywDHrPuX_Qlj6G&amp;lr=&amp;as_brr=1&amp;hl=fr\" target=\"_blank\" rel=\"noopener\">Acc\u00e9der au volume<\/a> sur <b>GoogleBooks<\/b><\/p>\n<p><b>880233<\/b><br \/>\nMarvielles<br \/>\n<i> \u00c9pigramme<\/i><br \/>\nF\u00e9vrier 1788, Tome II, p. 295<br \/>\n<a href=\"http:\/\/books.google.be\/books?id=vRkTAAAAYAAJ&amp;printsec=frontcover&amp;dq=editions:0YywDHrPuX_Qlj6G&amp;lr=&amp;as_brr=1&amp;hl=fr\" target=\"_blank\" rel=\"noopener\">Acc\u00e9der au volume<\/a> sur <b>GoogleBooks<\/b><\/p>\n<p><b>880234<\/b><br \/>\nMarvielles<br \/>\n<i> \u00c9pigramme<\/i><br \/>\nF\u00e9vrier 1788, Tome II, p. 295<br \/>\n<a href=\"http:\/\/books.google.be\/books?id=vRkTAAAAYAAJ&amp;printsec=frontcover&amp;dq=editions:0YywDHrPuX_Qlj6G&amp;lr=&amp;as_brr=1&amp;hl=fr\" target=\"_blank\" rel=\"noopener\">Acc\u00e9der au volume<\/a> sur <b>GoogleBooks<\/b><\/p>\n<p><b>880235<\/b><br \/>\n<i> Les fourmis, Idylle<\/i><br \/>\nF\u00e9vrier 1788, Tome II, p. 296-298<br \/>\n<a href=\"http:\/\/books.google.be\/books?id=vRkTAAAAYAAJ&amp;printsec=frontcover&amp;dq=editions:0YywDHrPuX_Qlj6G&amp;lr=&amp;as_brr=1&amp;hl=fr\" target=\"_blank\" rel=\"noopener\">Acc\u00e9der au volume<\/a> sur <b>GoogleBooks<\/b><\/p>\n<p style=\"text-align: justify;\"><b> 880301<\/b><br \/>\nLouise-F\u00e9licit\u00e9 Guinement de Keralio, dame Robert<br \/>\n<i> Collection des meilleurs ouvrages fran\u00e7ais, compos\u00e9s par des femmes; d\u00e9di\u00e9e aux femmes fran\u00e7aises<\/i><br \/>\nMars 1788, Tome III, p. 3-34<br \/>\n(Ann\u00e9e litt\u00e9raire; Journal des savants; Journal encyclop\u00e9dique; Journal g\u00e9n\u00e9ral de France; etc.)<br \/>\n<a href=\"http:\/\/books.google.be\/books?id=LpgUAAAAQAAJ&amp;printsec=frontcover&amp;dq=editions:0WIMceFo3xOrgOJMJ&amp;lr=&amp;as_brr=1&amp;hl=fr\" target=\"_blank\" rel=\"noopener\">Acc\u00e9der au volume<\/a> sur <b>GoogleBooks<\/b><\/p>\n<p style=\"text-align: justify;\"><b> 880302<\/b><br \/>\n<i> Transactions of the, &amp;c. M\u00e9moires philosophiques de la soci\u00e9t\u00e9 am\u00e9ricaine institu\u00e9e \u00e0 Philadelphie, pour le progr\u00e8s des connaissances utiles<\/i><br \/>\nMars 1788, Tome III, p. 34-53<br \/>\n(Monthly review; British register)<br \/>\n<a href=\"http:\/\/books.google.be\/books?id=LpgUAAAAQAAJ&amp;printsec=frontcover&amp;dq=editions:0WIMceFo3xOrgOJMJ&amp;lr=&amp;as_brr=1&amp;hl=fr\" target=\"_blank\" rel=\"noopener\">Acc\u00e9der au volume<\/a> sur <b>GoogleBooks<\/b><\/p>\n<p style=\"text-align: justify;\"><b> 880303<\/b><br \/>\nFriedrich von der Trenck<br \/>\n<i> La vie de Fr\u00e9d\u00e9ric, baron de Trenck, \u00e9crite par lui-m\u00eame; et traduite de l&rsquo;allemand en fran\u00e7ais; par le baron de B***<\/i><br \/>\nMars 1788, Tome III, p. 54-60<br \/>\n(Journal de Paris)<br \/>\n<a href=\"http:\/\/books.google.be\/books?id=LpgUAAAAQAAJ&amp;printsec=frontcover&amp;dq=editions:0WIMceFo3xOrgOJMJ&amp;lr=&amp;as_brr=1&amp;hl=fr\" target=\"_blank\" rel=\"noopener\">Acc\u00e9der au volume<\/a> sur <b>GoogleBooks<\/b><\/p>\n<p><b> 880304<\/b><br \/>\nAntonio Buccio<br \/>\n<i> De instituenda regendaque mente libri tres<\/i><br \/>\nMars 1788, Tome III, p. 60-66<br \/>\n(Effemeridi di Roma)<br \/>\n<a href=\"http:\/\/books.google.be\/books?id=LpgUAAAAQAAJ&amp;printsec=frontcover&amp;dq=editions:0WIMceFo3xOrgOJMJ&amp;lr=&amp;as_brr=1&amp;hl=fr\" target=\"_blank\" rel=\"noopener\">Acc\u00e9der au volume<\/a> sur <b>GoogleBooks<\/b><\/p>\n<p><b> 880305<\/b><br \/>\nJean-Pierre Claris de Florian<br \/>\n<i> Estelle, roman pastoral<\/i><br \/>\nMars 1788, Tome III, p. 67-88<br \/>\n(Mercure de France; Journal de Paris)<br \/>\n<a href=\"http:\/\/books.google.be\/books?id=LpgUAAAAQAAJ&amp;printsec=frontcover&amp;dq=editions:0WIMceFo3xOrgOJMJ&amp;lr=&amp;as_brr=1&amp;hl=fr\" target=\"_blank\" rel=\"noopener\">Acc\u00e9der au volume<\/a> sur <b>GoogleBooks<\/b><\/p>\n<p style=\"text-align: justify;\"><b> 880306<\/b><br \/>\nKaspar Steigenberger<br \/>\n<i> Literarisch-kritische Abhandlung \u00fcber die zwo aller\u00e4lteste gedruckte deutsche Bibeln welche in der kurf\u00fcrstl. Bibliothek in M\u00fcnchen. Essai historique et litt\u00e9raire sur l&rsquo;origine et l&rsquo;accroissement de la biblioth\u00e8que \u00e9lectorale de Munich<\/i><br \/>\nMars 1788, Tome III, p. 89-102<br \/>\n<a href=\"http:\/\/books.google.be\/books?id=LpgUAAAAQAAJ&amp;printsec=frontcover&amp;dq=editions:0WIMceFo3xOrgOJMJ&amp;lr=&amp;as_brr=1&amp;hl=fr\" target=\"_blank\" rel=\"noopener\">Acc\u00e9der au volume<\/a> sur <b>GoogleBooks<\/b><\/p>\n<p><b> 880307<\/b><br \/>\nMathieu-Antoine Bouchaud<br \/>\n<i> Commentaire sur la loi des Douze Tables, d\u00e9di\u00e9 au roi<\/i><br \/>\nMars 1788, Tome III, p. 103-117<br \/>\n(Journal des savants)<br \/>\n<a href=\"http:\/\/books.google.be\/books?id=LpgUAAAAQAAJ&amp;printsec=frontcover&amp;dq=editions:0WIMceFo3xOrgOJMJ&amp;lr=&amp;as_brr=1&amp;hl=fr\" target=\"_blank\" rel=\"noopener\">Acc\u00e9der au volume<\/a> sur <b>GoogleBooks<\/b><\/p>\n<p style=\"text-align: justify;\"><b> 880308<\/b><br \/>\nFriedrich Ludwig Walther<br \/>\n<i> Natuur en aardrykskundige beschryving, &amp;c. Description g\u00e9ographique et histoire naturelle des \u00eeles gracieuses, dans la mer du sud, suivant les derni\u00e8res d\u00e9couvertes<\/i><br \/>\nMars 1788, Tome III, p. 117-125<br \/>\n(Journal Hollandais, intitul\u00e9 : Boekzaal der geleerde waereld)<br \/>\n<a href=\"http:\/\/books.google.be\/books?id=LpgUAAAAQAAJ&amp;printsec=frontcover&amp;dq=editions:0WIMceFo3xOrgOJMJ&amp;lr=&amp;as_brr=1&amp;hl=fr\" target=\"_blank\" rel=\"noopener\">Acc\u00e9der au volume<\/a> sur <b>GoogleBooks<\/b><\/p>\n<p><b> 880309<\/b>[Michel de Cubi\u00e8res-Palm\u00e9zeaux]\n<i> Misogug, ou les Femmes comme elles sont, histoire orientale, traduite du chald\u00e9en<\/i><br \/>\nMars 1788, Tome III, p. 125-140<br \/>\n(Journal litt\u00e9raire de Nancy; Journal encyclop\u00e9dique)<br \/>\n<a href=\"http:\/\/books.google.be\/books?id=LpgUAAAAQAAJ&amp;printsec=frontcover&amp;dq=editions:0WIMceFo3xOrgOJMJ&amp;lr=&amp;as_brr=1&amp;hl=fr\" target=\"_blank\" rel=\"noopener\">Acc\u00e9der au volume<\/a> sur <b>GoogleBooks<\/b><\/p>\n<p style=\"text-align: justify;\"><b> 880310<\/b><br \/>\nTorbern Bergman<br \/>\n<i> Della preparazione dell&rsquo; allume, &amp;c. Dissertation sur la pr\u00e9paration de l&rsquo;alun; traduite du su\u00e9dois en italien<\/i><br \/>\nMars 1788, Tome III, p. 140-144<br \/>\n(Efemeridi di Roma)<br \/>\n<a href=\"http:\/\/books.google.be\/books?id=LpgUAAAAQAAJ&amp;printsec=frontcover&amp;dq=editions:0WIMceFo3xOrgOJMJ&amp;lr=&amp;as_brr=1&amp;hl=fr\" target=\"_blank\" rel=\"noopener\">Acc\u00e9der au volume<\/a> sur <b>GoogleBooks<\/b><\/p>\n<p style=\"text-align: justify;\"><b> 880311<\/b><br \/>\n<i> Memorie istoriche del, &amp;c. M\u00e9moires historiques concernant le peuple des assassins, et le vieux de la montagne, leur chef et souverain<\/i><br \/>\nMars 1788, Tome III, p. 144-147<br \/>\n(Novelle letterarie di Firenze)<br \/>\n<a href=\"http:\/\/books.google.be\/books?id=LpgUAAAAQAAJ&amp;printsec=frontcover&amp;dq=editions:0WIMceFo3xOrgOJMJ&amp;lr=&amp;as_brr=1&amp;hl=fr\" target=\"_blank\" rel=\"noopener\">Acc\u00e9der au volume<\/a> sur <b>GoogleBooks<\/b><\/p>\n<p><b> 880312<\/b><br \/>\nGeorges-Louis Leclerc, comte de Buffon<br \/>\n<i> Histoire naturelle des min\u00e9raux, tome V. Trait\u00e9 de l&rsquo;aimant et de ses usages<\/i><br \/>\nMars 1788, Tome III, p. 148-157<br \/>\n(Journal des savants)<br \/>\n<a href=\"http:\/\/books.google.be\/books?id=LpgUAAAAQAAJ&amp;printsec=frontcover&amp;dq=editions:0WIMceFo3xOrgOJMJ&amp;lr=&amp;as_brr=1&amp;hl=fr\" target=\"_blank\" rel=\"noopener\">Acc\u00e9der au volume<\/a> sur <b>GoogleBooks<\/b><\/p>\n<p style=\"text-align: justify;\"><b> 880313<\/b><br \/>\nJacques-Raymond de Grenier<br \/>\n<i> L&rsquo;art de la guerre sur mer, ou Tactique navale, assujettie \u00e0 de nouveaux principes, et \u00e0 un nouvel ordre de batailles<\/i><br \/>\nMars 1788, Tome III, p. 158-67<br \/>\n(Journal encyclop\u00e9dique)<br \/>\n<a href=\"http:\/\/books.google.be\/books?id=LpgUAAAAQAAJ&amp;printsec=frontcover&amp;dq=editions:0WIMceFo3xOrgOJMJ&amp;lr=&amp;as_brr=1&amp;hl=fr\" target=\"_blank\" rel=\"noopener\">Acc\u00e9der au volume<\/a> sur <b>GoogleBooks<\/b><\/p>\n<p style=\"text-align: justify;\"><b> 880314<\/b><br \/>\nJames Capper<br \/>\n<i> Onderrichtingen wegens het reizen over, &amp;c. Instructions sur le voyage par terre d&rsquo;Asie en Europe, par la route de Suez et d&rsquo;\u00c9gypte; avec des remarques sur les pays circonvoisins et les diverses routes; ainsi que le journal d&rsquo;un voyage d&rsquo;Europe aux indes par les grands d\u00e9serts d&rsquo;Arabie, avec des cartes<\/i><br \/>\nMars 1788, Tome III, p. 168-179<br \/>\n(Journal hollandais, intitul\u00e9 : De recensent, Amsterdam)<br \/>\n<a href=\"http:\/\/books.google.be\/books?id=LpgUAAAAQAAJ&amp;printsec=frontcover&amp;dq=editions:0WIMceFo3xOrgOJMJ&amp;lr=&amp;as_brr=1&amp;hl=fr\" target=\"_blank\" rel=\"noopener\">Acc\u00e9der au volume<\/a> sur <b>GoogleBooks<\/b><\/p>\n<p style=\"text-align: justify;\"><b> 880315<\/b><br \/>\nFran\u00e7ois Thi\u00e9ry<br \/>\n<i> La vie de l&rsquo;homme respect\u00e9e et d\u00e9fendue dans ses derniers moments; ou instruction sur les soins qu&rsquo;on doit aux morts, et \u00e0 ceux qui paraissent l&rsquo;\u00eatre, sur les fun\u00e9railles et les s\u00e9pultures : ouvrage d\u00e9di\u00e9 au roi<\/i><br \/>\nMars 1788, Tome III, p. 180-201<br \/>\n(Journal des savants; Journal de physique; Gazette de sant\u00e9; Journal encyclop\u00e9dique)<br \/>\n<a href=\"http:\/\/books.google.be\/books?id=LpgUAAAAQAAJ&amp;printsec=frontcover&amp;dq=editions:0WIMceFo3xOrgOJMJ&amp;lr=&amp;as_brr=1&amp;hl=fr\" target=\"_blank\" rel=\"noopener\">Acc\u00e9der au volume<\/a> sur <b>GoogleBooks<\/b><\/p>\n<p style=\"text-align: justify;\"><b> 880316<\/b><br \/>\n<i> Les triomphes de la mod\u00e9ration, po\u00e8me en six chants, traduit de l&rsquo;anglais de M. Hayley, par M. J.B. Mercier<\/i><br \/>\nMars 1788, Tome III, p. 202-219<br \/>\n(Censeur universel anglais)<br \/>\n<a href=\"http:\/\/books.google.be\/books?id=LpgUAAAAQAAJ&amp;printsec=frontcover&amp;dq=editions:0WIMceFo3xOrgOJMJ&amp;lr=&amp;as_brr=1&amp;hl=fr\" target=\"_blank\" rel=\"noopener\">Acc\u00e9der au volume<\/a> sur <b>GoogleBooks<\/b><\/p>\n<p style=\"text-align: justify;\"><b> 880317<\/b><br \/>\n<i> Circonstances particuli\u00e8res de la vie de Louis de Steinmann, major du r\u00e9giment prussien des dragons de Boss, n\u00e9 Turc, d&rsquo;apr\u00e8s des m\u00e9moires de sa propre main<\/i><br \/>\nMars 1788, Tome III, p. 219-229<br \/>\n<a href=\"http:\/\/books.google.be\/books?id=LpgUAAAAQAAJ&amp;printsec=frontcover&amp;dq=editions:0WIMceFo3xOrgOJMJ&amp;lr=&amp;as_brr=1&amp;hl=fr\" target=\"_blank\" rel=\"noopener\">Acc\u00e9der au volume<\/a> sur <b>GoogleBooks<\/b><\/p>\n<p><b> 880318<\/b><br \/>\n<i>Apologues de Fra Carlo des comtes Lodoli; traduit de l&rsquo;italien<\/i><br \/>\nMars 1788, Tome III, p. 229-232<br \/>\n(Nuovale giornale encyclopedico di Vicenza)<br \/>\n<a href=\"http:\/\/books.google.be\/books?id=LpgUAAAAQAAJ&amp;printsec=frontcover&amp;dq=editions:0WIMceFo3xOrgOJMJ&amp;lr=&amp;as_brr=1&amp;hl=fr\" target=\"_blank\" rel=\"noopener\">Acc\u00e9der au volume<\/a> sur <b>GoogleBooks<\/b><\/p>\n<p><b> 880319<\/b><br \/>\n<i> Lettre d&rsquo;un gentilhomme flamand \u00e0 Mlle. \u00c9milie d&rsquo;Ursel, \u00e2g\u00e9e de 5 ans<\/i><br \/>\nMars 1788, Tome III, p. 232-235<br \/>\n(Journal de Paris)<br \/>\n<a href=\"http:\/\/books.google.be\/books?id=LpgUAAAAQAAJ&amp;printsec=frontcover&amp;dq=editions:0WIMceFo3xOrgOJMJ&amp;lr=&amp;as_brr=1&amp;hl=fr\" target=\"_blank\" rel=\"noopener\">Acc\u00e9der au volume<\/a> sur <b>GoogleBooks<\/b><\/p>\n<p><b> 880320<\/b><br \/>\nD. C.<br \/>\n<i> Observations sur la lettre pr\u00e9c\u00e9dente<\/i><br \/>\nMars 1788, Tome III, p. 235-238<br \/>\n(Journal de Paris)<br \/>\n<a href=\"http:\/\/books.google.be\/books?id=LpgUAAAAQAAJ&amp;printsec=frontcover&amp;dq=editions:0WIMceFo3xOrgOJMJ&amp;lr=&amp;as_brr=1&amp;hl=fr\" target=\"_blank\" rel=\"noopener\">Acc\u00e9der au volume<\/a> sur <b>GoogleBooks<\/b><\/p>\n<p><b> 880321<\/b><br \/>\n<i> Autres observations sur m\u00eame sujet<\/i><br \/>\nMars 1788, Tome III, p. 239-240<br \/>\n(Journal de Paris)<br \/>\n<a href=\"http:\/\/books.google.be\/books?id=LpgUAAAAQAAJ&amp;printsec=frontcover&amp;dq=editions:0WIMceFo3xOrgOJMJ&amp;lr=&amp;as_brr=1&amp;hl=fr\" target=\"_blank\" rel=\"noopener\">Acc\u00e9der au volume<\/a> sur <b>GoogleBooks<\/b><\/p>\n<p style=\"text-align: justify;\"><b> 880322<\/b><br \/>\n<i> Traduction du m\u00e9moire de M. Otto sur la d\u00e9couverte de l&rsquo;Am\u00e9rique. (Tir\u00e9e du second volume des m\u00e9moires philosophiques de la soci\u00e9t\u00e9 de Philadelphie)<\/i><br \/>\nMars 1788, Tome III, p. 240-258<br \/>\n<a href=\"http:\/\/books.google.be\/books?id=LpgUAAAAQAAJ&amp;printsec=frontcover&amp;dq=editions:0WIMceFo3xOrgOJMJ&amp;lr=&amp;as_brr=1&amp;hl=fr\" target=\"_blank\" rel=\"noopener\">Acc\u00e9der au volume<\/a> sur <b>GoogleBooks<\/b><\/p>\n<p><b> 880323<\/b><br \/>\nNicolas Bricaire de La Dixm\u00e9rie<br \/>\n<i> Dialogue entre le Tasse et Voltaire<\/i><br \/>\nMars 1788, Tome III, p. 259-263<br \/>\n(Mercure de France)<br \/>\n<a href=\"http:\/\/books.google.be\/books?id=LpgUAAAAQAAJ&amp;printsec=frontcover&amp;dq=editions:0WIMceFo3xOrgOJMJ&amp;lr=&amp;as_brr=1&amp;hl=fr\" target=\"_blank\" rel=\"noopener\">Acc\u00e9der au volume<\/a> sur <b>GoogleBooks<\/b><\/p>\n<p><b> 880324<\/b><br \/>\n<i> Aper\u00e7us philosophiques des essais moraux de Bacon<\/i><br \/>\nMars 1788, Tome III, p. 264-269<br \/>\n(Censeur universel anglais)<br \/>\n<a href=\"http:\/\/books.google.be\/books?id=LpgUAAAAQAAJ&amp;printsec=frontcover&amp;dq=editions:0WIMceFo3xOrgOJMJ&amp;lr=&amp;as_brr=1&amp;hl=fr\" target=\"_blank\" rel=\"noopener\">Acc\u00e9der au volume<\/a> sur <b>GoogleBooks<\/b><\/p>\n<p><b> 880325<\/b><br \/>\n<i> Premi\u00e8re lettre \u00e0 M\u2026<\/i><br \/>\nMars 1788, Tome III, p. 269-282<br \/>\n(Mercure de France)<br \/>\n<a href=\"http:\/\/books.google.be\/books?id=LpgUAAAAQAAJ&amp;printsec=frontcover&amp;dq=editions:0WIMceFo3xOrgOJMJ&amp;lr=&amp;as_brr=1&amp;hl=fr\" target=\"_blank\" rel=\"noopener\">Acc\u00e9der au volume<\/a> sur <b>GoogleBooks<\/b><\/p>\n<p><b> 880326<\/b><br \/>\nPonce-Denis \u00c9couchard Le Brun<br \/>\n<i> Ode \u00e0 M. de Buffon, sur ses d\u00e9tracteurs<\/i><br \/>\nMars 1788, Tome III, p. 283-286<br \/>\n<a href=\"http:\/\/books.google.be\/books?id=LpgUAAAAQAAJ&amp;printsec=frontcover&amp;dq=editions:0WIMceFo3xOrgOJMJ&amp;lr=&amp;as_brr=1&amp;hl=fr\" target=\"_blank\" rel=\"noopener\">Acc\u00e9der au volume<\/a> sur <b>GoogleBooks<\/b><\/p>\n<p><b> 880327<\/b><br \/>\n<i>L&rsquo;A, B, C, des loups, apologue orienta<\/i>l<br \/>\nMars 1788, Tome III, p. 287-288<br \/>\n<a href=\"http:\/\/books.google.be\/books?id=LpgUAAAAQAAJ&amp;printsec=frontcover&amp;dq=editions:0WIMceFo3xOrgOJMJ&amp;lr=&amp;as_brr=1&amp;hl=fr\" target=\"_blank\" rel=\"noopener\">Acc\u00e9der au volume<\/a> sur <b>GoogleBooks<\/b><\/p>\n<p><b> 880328<\/b><br \/>\nLe Cat<br \/>\n<i> Couplets<\/i><br \/>\nMars 1788, Tome III, p. 288-289<br \/>\n<a href=\"http:\/\/books.google.be\/books?id=LpgUAAAAQAAJ&amp;printsec=frontcover&amp;dq=editions:0WIMceFo3xOrgOJMJ&amp;lr=&amp;as_brr=1&amp;hl=fr\" target=\"_blank\" rel=\"noopener\">Acc\u00e9der au volume<\/a> sur <b>GoogleBooks<\/b><\/p>\n<p><b> 880329<\/b><br \/>\nJean-Fran\u00e7ois Guichard<br \/>\n<i> Le mariage manqu\u00e9<\/i><br \/>\nMars 1788, Tome III, p. 289-290<br \/>\n<a href=\"http:\/\/books.google.be\/books?id=LpgUAAAAQAAJ&amp;printsec=frontcover&amp;dq=editions:0WIMceFo3xOrgOJMJ&amp;lr=&amp;as_brr=1&amp;hl=fr\" target=\"_blank\" rel=\"noopener\">Acc\u00e9der au volume<\/a> sur <b>GoogleBooks<\/b><\/p>\n<p><b> 880330<\/b><br \/>\nLa Place<br \/>\n<i> Le pr\u00e9lat offens\u00e9<\/i><br \/>\nMars 1788, Tome III, p. 290<br \/>\n<a href=\"http:\/\/books.google.be\/books?id=LpgUAAAAQAAJ&amp;printsec=frontcover&amp;dq=editions:0WIMceFo3xOrgOJMJ&amp;lr=&amp;as_brr=1&amp;hl=fr\" target=\"_blank\" rel=\"noopener\">Acc\u00e9der au volume<\/a> sur <b>GoogleBooks<\/b><\/p>\n<p><b> 880331<\/b><br \/>\nSt\u00e9phanie-F\u00e9licit\u00e9 Du Crest, comtesse de Genlis<br \/>\n<i> La vertu r\u00e9compens\u00e9e, anecdote russe<\/i><br \/>\nMars 1788, Tome III, p. 295-296<br \/>\n<a href=\"http:\/\/books.google.be\/books?id=LpgUAAAAQAAJ&amp;printsec=frontcover&amp;dq=editions:0WIMceFo3xOrgOJMJ&amp;lr=&amp;as_brr=1&amp;hl=fr\" target=\"_blank\" rel=\"noopener\">Acc\u00e9der au volume<\/a> sur <b>GoogleBooks<\/b><\/p>\n<p><b> 880332<\/b><br \/>\nChas<br \/>\n<i> Envoi. \u00c0 Madame la comtesse de Sillery<\/i><br \/>\nMars 1788, Tome III, p. 295-296<br \/>\n<a href=\"http:\/\/books.google.be\/books?id=LpgUAAAAQAAJ&amp;printsec=frontcover&amp;dq=editions:0WIMceFo3xOrgOJMJ&amp;lr=&amp;as_brr=1&amp;hl=fr\" target=\"_blank\" rel=\"noopener\">Acc\u00e9der au volume<\/a> sur <b>GoogleBooks<\/b><\/p>\n<p><b> 880333<\/b><br \/>\n<i> \u00c9variste D\u00e9sir\u00e9 de Forges; vicomte de Parny<\/i><br \/>\nDialogue<br \/>\nMars 1788, Tome III, p. 296<br \/>\n<a href=\"http:\/\/books.google.be\/books?id=LpgUAAAAQAAJ&amp;printsec=frontcover&amp;dq=editions:0WIMceFo3xOrgOJMJ&amp;lr=&amp;as_brr=1&amp;hl=fr\" target=\"_blank\" rel=\"noopener\">Acc\u00e9der au volume<\/a> sur <b>GoogleBooks<\/b><\/p>\n<p><b> 880334<\/b><br \/>\nAuguste Dupuy des Islets<br \/>\n<i> L&rsquo;inutilit\u00e9 de la parure, \u00c0 Madame de M**. Stances<\/i><br \/>\nMars 1788, Tome III, p. 297-298<br \/>\n<a href=\"http:\/\/books.google.be\/books?id=LpgUAAAAQAAJ&amp;printsec=frontcover&amp;dq=editions:0WIMceFo3xOrgOJMJ&amp;lr=&amp;as_brr=1&amp;hl=fr\" target=\"_blank\" rel=\"noopener\">Acc\u00e9der au volume<\/a> sur <b>GoogleBooks<\/b><\/p>\n<p><b> 880335<\/b><br \/>\nMde. la marquise de la F\u00e9r** [Marie-Amable Petiteau]\n<i> La vache et l&rsquo;\u00e2ne, Fable<\/i><br \/>\nMars 1788, Tome III, p. 298<br \/>\n<a href=\"http:\/\/books.google.be\/books?id=LpgUAAAAQAAJ&amp;printsec=frontcover&amp;dq=editions:0WIMceFo3xOrgOJMJ&amp;lr=&amp;as_brr=1&amp;hl=fr\" target=\"_blank\" rel=\"noopener\">Acc\u00e9der au volume<\/a> sur <b>GoogleBooks<\/b><\/p>\n<p><b> 880336<\/b><br \/>\nComte de P***<br \/>\n<i> Le capucin connaisseur<\/i><br \/>\nMars 1788, Tome III, p. 299<br \/>\n<a href=\"http:\/\/books.google.be\/books?id=LpgUAAAAQAAJ&amp;printsec=frontcover&amp;dq=editions:0WIMceFo3xOrgOJMJ&amp;lr=&amp;as_brr=1&amp;hl=fr\" target=\"_blank\" rel=\"noopener\">Acc\u00e9der au volume<\/a> sur <b>GoogleBooks<\/b><\/p>\n<p><b> 880337<\/b><br \/>\nPhilippe-Laurent Pons de Verdun<br \/>\n<i> Le prodige<\/i><br \/>\nMars 1788, Tome III, p. 299<br \/>\n<a href=\"http:\/\/books.google.be\/books?id=LpgUAAAAQAAJ&amp;printsec=frontcover&amp;dq=editions:0WIMceFo3xOrgOJMJ&amp;lr=&amp;as_brr=1&amp;hl=fr\" target=\"_blank\" rel=\"noopener\">Acc\u00e9der au volume<\/a> sur <b>GoogleBooks<\/b><\/p>\n<p style=\"text-align: justify;\"><b> 880401<\/b><br \/>\nCharles-Joseph Mathon de La Cour<br \/>\n<i> Discours sur les meilleurs moyens de faire na\u00eetre et d&rsquo;encourager le patriotisme dans une monarchie, qui a remport\u00e9 le prix de l&rsquo;acad\u00e9mie de Ch\u00e2lons-sur-Marne, le 25 ao\u00fbt 1787<\/i><br \/>\nAvril 1788, Tome IV, p. 3-19<br \/>\n(Journal de Paris; Journal encyclop\u00e9dique; Journal g\u00e9n\u00e9ral de France)<br \/>\n<a href=\"http:\/\/books.google.be\/books?id=gpgUAAAAQAAJ&amp;printsec=frontcover&amp;dq=editions:0H97A3Z5QJXMDoF3M&amp;lr=&amp;hl=fr\" target=\"_blank\" rel=\"noopener\">Acc\u00e9der au volume<\/a> sur <b>GoogleBooks<\/b><\/p>\n<p><b> 880402<\/b><br \/>\n<i> Juan Francisco de Masdeu<br \/>\nStoria critica di Spagna, &amp;c. Histoire critique d&rsquo;Espagne, et de la culture espagnole en tout genre<\/i><br \/>\nAvril 1788, Tome IV, p. 20-27<br \/>\n(Effemeridi letterarie di Roma)<br \/>\n<a href=\"http:\/\/books.google.be\/books?id=gpgUAAAAQAAJ&amp;printsec=frontcover&amp;dq=editions:0H97A3Z5QJXMDoF3M&amp;lr=&amp;hl=fr\" target=\"_blank\" rel=\"noopener\">Acc\u00e9der au volume<\/a> sur <b>GoogleBooks<\/b><\/p>\n<p><b> 880403<\/b><br \/>\nMichel Paul Guy de Chabanon<br \/>\n<i> uvres de th\u00e9\u00e2tre, et autres po\u00e9sies<\/i><br \/>\nAvril 1788, Tome IV, p. 28-48<br \/>\n(Mercure de France; Journal de Paris; Journal encyclop\u00e9dique)<br \/>\n<a href=\"http:\/\/books.google.be\/books?id=gpgUAAAAQAAJ&amp;printsec=frontcover&amp;dq=editions:0H97A3Z5QJXMDoF3M&amp;lr=&amp;hl=fr\" target=\"_blank\" rel=\"noopener\">Acc\u00e9der au volume<\/a> sur <b>GoogleBooks<\/b><\/p>\n<p><b> 880404<\/b><br \/>\nJohn Pinkerton<br \/>\n<i> A Dissertation on the origin, &amp;c. Dissertation sur l&rsquo;origine et les progr\u00e8s des Scythes ou Goths<\/i><br \/>\nAvril 1788, Tome IV, p. 48-63<br \/>\n(Critical review)<br \/>\n<a href=\"http:\/\/books.google.be\/books?id=gpgUAAAAQAAJ&amp;printsec=frontcover&amp;dq=editions:0H97A3Z5QJXMDoF3M&amp;lr=&amp;hl=fr\" target=\"_blank\" rel=\"noopener\">Acc\u00e9der au volume<\/a> sur <b>GoogleBooks<\/b><\/p>\n<p><b> 880405<\/b>[Isabelle de Charri\u00e8re]\n<i> Lettres \u00e9crites de Lausanne; Ire. partie. Caliste, ou suite des lettres \u00e9crites de Lausanne; II partie<\/i><br \/>\nAvril 1788, Tome IV, p. 64-78<br \/>\n(Mercure de France; Journal de Paris)<br \/>\n<a href=\"http:\/\/books.google.be\/books?id=gpgUAAAAQAAJ&amp;printsec=frontcover&amp;dq=editions:0H97A3Z5QJXMDoF3M&amp;lr=&amp;hl=fr\" target=\"_blank\" rel=\"noopener\">Acc\u00e9der au volume<\/a> sur <b>GoogleBooks<\/b><\/p>\n<p style=\"text-align: justify;\"><b> 880406<\/b><br \/>\n<i> M\u00e9moires couronn\u00e9s en l&rsquo;ann\u00e9e 1786, par l&rsquo;acad\u00e9mie des sciences, belles-lettres et arts de Lyon, sur l&rsquo;utilit\u00e9 des lichens dans la m\u00e9decine et dans les arts; par Mrs. G. F. Hoffman, docteur en m\u00e9decine, Amoreux fils, docteur-m\u00e9decin, et Willemet, professeur de chimie et de botanique<\/i><br \/>\nAvril 1788, Tome IV, p. 78-91<br \/>\n(Journal encyclop\u00e9dique)<br \/>\n<a href=\"http:\/\/books.google.be\/books?id=gpgUAAAAQAAJ&amp;printsec=frontcover&amp;dq=editions:0H97A3Z5QJXMDoF3M&amp;lr=&amp;hl=fr\" target=\"_blank\" rel=\"noopener\">Acc\u00e9der au volume<\/a> sur <b>GoogleBooks<\/b><\/p>\n<p><b> 880407<\/b><br \/>\n<i> Emma ou l&rsquo;Enfant du malheur, roman traduit de l&rsquo;anglais sur la seconde \u00e9dition<\/i><br \/>\nAvril 1788, Tome IV, p. 92-101<br \/>\n(Journal de litt\u00e9rature de Nancy)<br \/>\n<a href=\"http:\/\/books.google.be\/books?id=gpgUAAAAQAAJ&amp;printsec=frontcover&amp;dq=editions:0H97A3Z5QJXMDoF3M&amp;lr=&amp;hl=fr\" target=\"_blank\" rel=\"noopener\">Acc\u00e9der au volume<\/a> sur <b>GoogleBooks<\/b><\/p>\n<p><b> 880408<\/b><br \/>\nJohn Millar<br \/>\n<i> Elements of the law, &amp;c. \u00c9l\u00e9ments de la jurisprudence relative aux assurances<\/i><br \/>\nAvril 1788, Tome IV, p. 102-110<br \/>\n(Critical review)<br \/>\n<a href=\"http:\/\/books.google.be\/books?id=gpgUAAAAQAAJ&amp;printsec=frontcover&amp;dq=editions:0H97A3Z5QJXMDoF3M&amp;lr=&amp;hl=fr\" target=\"_blank\" rel=\"noopener\">Acc\u00e9der au volume<\/a> sur <b>GoogleBooks<\/b><\/p>\n<p><b> 880409<\/b><br \/>\nAdamo Fabbroni<br \/>\n<i> Dell&rsquo; arte di fare il vino, &amp;c. L&rsquo;art de faire le vin<\/i><br \/>\nAvril 1788, Tome IV, p. 110-114<br \/>\n(Novelle letterarie di Firenze)<br \/>\n<a href=\"http:\/\/books.google.be\/books?id=gpgUAAAAQAAJ&amp;printsec=frontcover&amp;dq=editions:0H97A3Z5QJXMDoF3M&amp;lr=&amp;hl=fr\" target=\"_blank\" rel=\"noopener\">Acc\u00e9der au volume<\/a> sur <b>GoogleBooks<\/b><\/p>\n<p><b> 880410<\/b>[Nicolas Xavier de Ricard]\n<i> Lettres d&rsquo;un militaire sur les changements qui s&rsquo;annoncent dans le syst\u00e8me politique de l&rsquo;Europe<\/i><br \/>\nAvril 1788, Tome IV, p. 114-122<br \/>\n(Journal encyclop\u00e9dique)<br \/>\n<a href=\"http:\/\/books.google.be\/books?id=gpgUAAAAQAAJ&amp;printsec=frontcover&amp;dq=editions:0H97A3Z5QJXMDoF3M&amp;lr=&amp;hl=fr\" target=\"_blank\" rel=\"noopener\">Acc\u00e9der au volume<\/a> sur <b>GoogleBooks<\/b><\/p>\n<p style=\"text-align: justify;\"><b> 880411<\/b>[Fran\u00e7ois Andrieux]\n<i> Les \u00c9tourdis, ou le Mort suppos\u00e9, com\u00e9die en trois actes, en vers, repr\u00e9sent\u00e9e pour la premi\u00e8re fois par les com\u00e9diens italiens ordinaires du roi, le vendredi 14 d\u00e9cembre 1787, et \u00e0 Versailles devant leurs majest\u00e9s, le 11 janvier 1788<\/i><br \/>\nAvril 1788, Tome IV, p. 122-130<br \/>\n(Journal de Paris)<br \/>\n<a href=\"http:\/\/books.google.be\/books?id=gpgUAAAAQAAJ&amp;printsec=frontcover&amp;dq=editions:0H97A3Z5QJXMDoF3M&amp;lr=&amp;hl=fr\" target=\"_blank\" rel=\"noopener\">Acc\u00e9der au volume<\/a> sur <b>GoogleBooks<\/b><\/p>\n<p style=\"text-align: justify;\"><b> 880412<\/b><br \/>\nEmmanuel-\u00c9tienne Du Villard de Durand<br \/>\n<i> Recherches sur les rentes, les emprunts et les remboursements, d&rsquo;o\u00f9 r\u00e9sultent, 1\u00b0 des formes d&#8217;emprunts moins on\u00e9reuses \u00e0 l&#8217;emprunteur, et en m\u00eame temps plus avantageuses aux cr\u00e9anciers accumulateurs, que ne le sont les diff\u00e9rentes formes d&#8217;emprunts publics employ\u00e9es jusqu&rsquo;\u00e0 pr\u00e9sent. 2\u00b0. Des conversions de remboursements qui r\u00e9unissent ces deux avantages, surtout lorsque le d\u00e9biteur renonce \u00e0 emprunter de nouveaux capitaux<\/i><br \/>\nAvril 1788, Tome IV, p. 131-139<br \/>\n(Journal des savants)<br \/>\n<a href=\"http:\/\/books.google.be\/books?id=gpgUAAAAQAAJ&amp;printsec=frontcover&amp;dq=editions:0H97A3Z5QJXMDoF3M&amp;lr=&amp;hl=fr\" target=\"_blank\" rel=\"noopener\">Acc\u00e9der au volume<\/a> sur <b>GoogleBooks<\/b><\/p>\n<p><b> 880413<\/b><br \/>\nBernardo Zamagna<br \/>\n<i> Oratio in funere Rogerii Josephi Boscovichii, habita XII Cal. Junii, a Bernardo Zamagna, patricio Rhacusino<\/i><br \/>\nAvril 1788, Tome IV, p. 140-143<br \/>\n(Novelle letterarie di Firenze)<br \/>\n<a href=\"http:\/\/books.google.be\/books?id=gpgUAAAAQAAJ&amp;printsec=frontcover&amp;dq=editions:0H97A3Z5QJXMDoF3M&amp;lr=&amp;hl=fr\" target=\"_blank\" rel=\"noopener\">Acc\u00e9der au volume<\/a> sur <b>GoogleBooks<\/b><\/p>\n<p style=\"text-align: justify;\"><b> 880414<\/b><br \/>\nAbb\u00e9 de Thorame<br \/>\n<i> Discours sur l&rsquo;amour de la patrie, prononc\u00e9 le 18 novembre 1787, dans l&rsquo;\u00e9glise cath\u00e9drale d&rsquo;Orl\u00e9ans, devant l&rsquo;assembl\u00e9e provinciale de l&rsquo;Orl\u00e9anais<\/i><br \/>\nAvril 1788, Tome IV, p. 144-155<br \/>\n(Ann\u00e9e litt\u00e9raire)<br \/>\n<a href=\"http:\/\/books.google.be\/books?id=gpgUAAAAQAAJ&amp;printsec=frontcover&amp;dq=editions:0H97A3Z5QJXMDoF3M&amp;lr=&amp;hl=fr\" target=\"_blank\" rel=\"noopener\">Acc\u00e9der au volume<\/a> sur <b>GoogleBooks<\/b><\/p>\n<p style=\"text-align: justify;\"><b> 880415<\/b><br \/>\nGiovanni Mariti<br \/>\n<i> Dissertazione istorico-critica sull, &amp;c. Dissertation historique et critique touchant l&rsquo;ancienne ville de Citium, dans l&rsquo;\u00eele de Chypre, et sa vraie topographie<\/i><br \/>\nAvril 1788, Tome IV, p. 155-158<br \/>\n(Novelle letterarie)<br \/>\n<a href=\"http:\/\/books.google.be\/books?id=gpgUAAAAQAAJ&amp;printsec=frontcover&amp;dq=editions:0H97A3Z5QJXMDoF3M&amp;lr=&amp;hl=fr\" target=\"_blank\" rel=\"noopener\">Acc\u00e9der au volume<\/a> sur <b>GoogleBooks<\/b><\/p>\n<p><b> 880416<\/b><br \/>\nSerafino Volta<br \/>\n<i> Elementi di mineralogia, &amp;c. \u00c9l\u00e9ments de min\u00e9ralogie analogique et syst\u00e9matique<\/i><br \/>\nAvril 1788, Tome IV, p. 159-162<br \/>\n(Effermeridi letterarie di Roma)<br \/>\n<a href=\"http:\/\/books.google.be\/books?id=gpgUAAAAQAAJ&amp;printsec=frontcover&amp;dq=editions:0H97A3Z5QJXMDoF3M&amp;lr=&amp;hl=fr\" target=\"_blank\" rel=\"noopener\">Acc\u00e9der au volume<\/a> sur <b>GoogleBooks<\/b><\/p>\n<p><b> 880417<\/b><br \/>\n<i> Collection universelle de m\u00e9moires particuliers relatifs \u00e0 l&rsquo;histoire de France. Tomes XXVIII- XXXIV<\/i><br \/>\nAvril 1788, Tome IV, p. 163-174<br \/>\n(Journal de Paris; Journal encyclop\u00e9dique)<br \/>\n<a href=\"http:\/\/books.google.be\/books?id=gpgUAAAAQAAJ&amp;printsec=frontcover&amp;dq=editions:0H97A3Z5QJXMDoF3M&amp;lr=&amp;hl=fr\" target=\"_blank\" rel=\"noopener\">Acc\u00e9der au volume<\/a> sur <b>GoogleBooks<\/b><\/p>\n<p><b> 880418<\/b><br \/>\nJean-Charles Laveaux<br \/>\n<i> Vie de Fr\u00e9d\u00e9ric II, roi de Prusse, &amp;c.<\/i><br \/>\nAvril 1788, Tome IV, p. 175-191<br \/>\n(Journal g\u00e9n\u00e9ral de France; Journal de Paris)<br \/>\n<a href=\"http:\/\/books.google.be\/books?id=gpgUAAAAQAAJ&amp;printsec=frontcover&amp;dq=editions:0H97A3Z5QJXMDoF3M&amp;lr=&amp;hl=fr\" target=\"_blank\" rel=\"noopener\">Acc\u00e9der au volume<\/a> sur <b>GoogleBooks<\/b><\/p>\n<p style=\"text-align: justify;\"><b> 880419<\/b>[Nicolas-Edme R\u00e9tif de La Bretonne]\n<i> Les Parisiennes, ou XL caract\u00e8res g\u00e9n\u00e9raux, pris dans les m\u0153urs actuelles, propres \u00e0 servir \u00e0 l&rsquo;instruction des personnes du sexe, tir\u00e9s des m\u00e9moires du nouveau lyc\u00e9e des m\u0153urs<\/i><br \/>\nAvril 1788, Tome IV, p. 192-208<br \/>\n(Ann\u00e9e litt\u00e9raire)<br \/>\n<a href=\"http:\/\/books.google.be\/books?id=gpgUAAAAQAAJ&amp;printsec=frontcover&amp;dq=editions:0H97A3Z5QJXMDoF3M&amp;lr=&amp;hl=fr\" target=\"_blank\" rel=\"noopener\">Acc\u00e9der au volume<\/a> sur <b>GoogleBooks<\/b><\/p>\n<p><b>880420<\/b><br \/>\n<i> Les triomphes de la mod\u00e9ration, po\u00e8me en six chants, traduit de l&rsquo;anglais de M. Hayley, par M. J.B. Mercier<\/i><br \/>\nAvril 1788, Tome IV, p. 209-232<br \/>\n(Censeur universel anglais)<br \/>\n<a href=\"http:\/\/books.google.be\/books?id=gpgUAAAAQAAJ&amp;printsec=frontcover&amp;dq=editions:0H97A3Z5QJXMDoF3M&amp;lr=&amp;hl=fr\" target=\"_blank\" rel=\"noopener\">Acc\u00e9der au volume<\/a> sur <b>GoogleBooks<\/b><\/p>\n<p><b>880421<\/b><br \/>\n<i> Seconde lettre \u00e0 M&#8230;<\/i><br \/>\nAvril 1788, Tome IV, p. 232-241<br \/>\n(Mercure de France)<br \/>\n<a href=\"http:\/\/books.google.be\/books?id=gpgUAAAAQAAJ&amp;printsec=frontcover&amp;dq=editions:0H97A3Z5QJXMDoF3M&amp;lr=&amp;hl=fr\" target=\"_blank\" rel=\"noopener\">Acc\u00e9der au volume<\/a> sur <b>GoogleBooks<\/b><\/p>\n<p><b>880422<\/b><br \/>\n<i> Article curieux, traduit de l&rsquo;italien<\/i><br \/>\nAvril 1788, Tome IV, p. 242-249<br \/>\n(Novelle letterarie di Firenze)<br \/>\n<a href=\"http:\/\/books.google.be\/books?id=gpgUAAAAQAAJ&amp;printsec=frontcover&amp;dq=editions:0H97A3Z5QJXMDoF3M&amp;lr=&amp;hl=fr\" target=\"_blank\" rel=\"noopener\">Acc\u00e9der au volume<\/a> sur <b>GoogleBooks<\/b><\/p>\n<p><b>880423<\/b><br \/>\n<i> La m\u00e8re attach\u00e9e<\/i><br \/>\nAvril 1788, Tome IV, p. 250-257<br \/>\n<a href=\"http:\/\/books.google.be\/books?id=gpgUAAAAQAAJ&amp;printsec=frontcover&amp;dq=editions:0H97A3Z5QJXMDoF3M&amp;lr=&amp;hl=fr\" target=\"_blank\" rel=\"noopener\">Acc\u00e9der au volume<\/a> sur <b>GoogleBooks<\/b><\/p>\n<p style=\"text-align: justify;\"><b>880424<\/b><br \/>\nJean-Baptiste Maugerard<br \/>\n<i> Notice de l&rsquo;\u00e9dition originale des \u0152uvres de Hrosvite, moniale d&rsquo;Allemagne, dont il existe un magnifique exemplaire dans la biblioth\u00e8que de Mgr. l&rsquo;archev\u00eaque de Toulouse, principal ministre d&rsquo;\u00e9tat, commandeur de l&rsquo;ordre du St. Esprit, &amp;c.<\/i><br \/>\nAvril 1788, Tome IV, p. 257-262<br \/>\n(Journal encyclop\u00e9dique)<br \/>\n<a href=\"http:\/\/books.google.be\/books?id=gpgUAAAAQAAJ&amp;printsec=frontcover&amp;dq=editions:0H97A3Z5QJXMDoF3M&amp;lr=&amp;hl=fr\" target=\"_blank\" rel=\"noopener\">Acc\u00e9der au volume<\/a> sur <b>GoogleBooks<\/b><\/p>\n<p><b>880425<\/b><br \/>\nPaul-Henri Marron<br \/>\n<i> Explication et d\u00e9saveu<\/i><br \/>\nAvril 1788, Tome IV, p. 263-264<br \/>\n<a href=\"http:\/\/books.google.be\/books?id=gpgUAAAAQAAJ&amp;printsec=frontcover&amp;dq=editions:0H97A3Z5QJXMDoF3M&amp;lr=&amp;hl=fr\" target=\"_blank\" rel=\"noopener\">Acc\u00e9der au volume<\/a> sur <b>GoogleBooks<\/b><\/p>\n<p><b>880426<\/b><br \/>\nFran\u00e7ois-Martin Poultier d&rsquo;Elmotte<br \/>\n<i> Morceaux d\u00e9tach\u00e9s d&rsquo;un ouvrage manuscrit, intitul\u00e9 : Ma robe de chambre<\/i><br \/>\nAvril 1788, Tome IV, p. 264-276<br \/>\n(Journal encyclop\u00e9dique)<br \/>\n<a href=\"http:\/\/books.google.be\/books?id=gpgUAAAAQAAJ&amp;printsec=frontcover&amp;dq=editions:0H97A3Z5QJXMDoF3M&amp;lr=&amp;hl=fr\" target=\"_blank\" rel=\"noopener\">Acc\u00e9der au volume<\/a> sur <b>GoogleBooks<\/b><\/p>\n<p style=\"text-align: justify;\"><b>880427<\/b><br \/>\n<i> Passages extraits d&rsquo;un nouvel ouvrage de M. Jean-\u00c9tienne Chappuysi, auxquels sont joints quelques r\u00e9flexions sur les Fruits de l&rsquo;adversit\u00e9<\/i><br \/>\nAvril 1788, Tome IV, p. 276-279<br \/>\n<a href=\"http:\/\/books.google.be\/books?id=gpgUAAAAQAAJ&amp;printsec=frontcover&amp;dq=editions:0H97A3Z5QJXMDoF3M&amp;lr=&amp;hl=fr\" target=\"_blank\" rel=\"noopener\">Acc\u00e9der au volume<\/a> sur <b>GoogleBooks<\/b><\/p>\n<p><b>880428<\/b><br \/>\nMoncrif<br \/>\n<i> Extrait d&rsquo;une lettre de Moka, \u00e9crite \u00e0 M. l&rsquo;abb\u00e9 Tessier<\/i><br \/>\nAvril 1788, Tome IV, p. 280-283<br \/>\n(Journal des savants)<br \/>\n<a href=\"http:\/\/books.google.be\/books?id=gpgUAAAAQAAJ&amp;printsec=frontcover&amp;dq=editions:0H97A3Z5QJXMDoF3M&amp;lr=&amp;hl=fr\" target=\"_blank\" rel=\"noopener\">Acc\u00e9der au volume<\/a> sur <b>GoogleBooks<\/b><\/p>\n<p><b>880429<\/b><br \/>\n<i> De la force du caract\u00e8re<\/i><br \/>\nAvril 1788, Tome IV, p. 284-288<br \/>\n(Journal de Paris)<br \/>\n<a href=\"http:\/\/books.google.be\/books?id=gpgUAAAAQAAJ&amp;printsec=frontcover&amp;dq=editions:0H97A3Z5QJXMDoF3M&amp;lr=&amp;hl=fr\" target=\"_blank\" rel=\"noopener\">Acc\u00e9der au volume<\/a> sur <b>GoogleBooks<\/b><\/p>\n<p><b>880430<\/b><br \/>\nDoigny du Ponceau<br \/>\n<i> Erminie consol\u00e9e par un vieillard, traduction du Tasse<\/i><br \/>\nAvril 1788, Tome IV, p. 289-293<br \/>\n<a href=\"http:\/\/books.google.be\/books?id=gpgUAAAAQAAJ&amp;printsec=frontcover&amp;dq=editions:0H97A3Z5QJXMDoF3M&amp;lr=&amp;hl=fr\" target=\"_blank\" rel=\"noopener\">Acc\u00e9der au volume<\/a> sur <b>GoogleBooks<\/b><\/p>\n<p><b>880431<\/b><br \/>\nCarn** [Lazare Carnot]\n<i> Sophie au bocage, Romance<\/i><br \/>\nAvril 1788, Tome IV, p. 294<br \/>\n<a href=\"http:\/\/books.google.be\/books?id=gpgUAAAAQAAJ&amp;printsec=frontcover&amp;dq=editions:0H97A3Z5QJXMDoF3M&amp;lr=&amp;hl=fr\" target=\"_blank\" rel=\"noopener\">Acc\u00e9der au volume<\/a> sur <b>GoogleBooks<\/b><\/p>\n<p><b>880432<\/b><br \/>\nJames de Saint-L\u00e9ger<br \/>\n<i> La plainte r\u00e9ciproque, Conte<\/i><br \/>\nAvril 1788, Tome IV, p. 294-295<br \/>\n<a href=\"http:\/\/books.google.be\/books?id=gpgUAAAAQAAJ&amp;printsec=frontcover&amp;dq=editions:0H97A3Z5QJXMDoF3M&amp;lr=&amp;hl=fr\" target=\"_blank\" rel=\"noopener\">Acc\u00e9der au volume<\/a> sur <b>GoogleBooks<\/b><\/p>\n<p><b>880433<\/b><br \/>\nFran\u00e7ois-Beno\u00eet Hoffman<br \/>\n<i> Paris d\u00e9truit<\/i><br \/>\nAvril 1788, Tome IV, p. 295-298<br \/>\n<a href=\"http:\/\/books.google.be\/books?id=gpgUAAAAQAAJ&amp;printsec=frontcover&amp;dq=editions:0H97A3Z5QJXMDoF3M&amp;lr=&amp;hl=fr\" target=\"_blank\" rel=\"noopener\">Acc\u00e9der au volume<\/a> sur <b>GoogleBooks<\/b><\/p>\n<p><b>880434<\/b><br \/>\nMugnerot<br \/>\n<i> Les t\u00eates \u00e0 perruques<\/i><br \/>\nAvril 1788, Tome IV, p. 298-299<br \/>\n<a href=\"http:\/\/books.google.be\/books?id=gpgUAAAAQAAJ&amp;printsec=frontcover&amp;dq=editions:0H97A3Z5QJXMDoF3M&amp;lr=&amp;hl=fr\" target=\"_blank\" rel=\"noopener\">Acc\u00e9der au volume<\/a> sur <b>GoogleBooks<\/b><\/p>\n<p><b>880435<\/b><br \/>\nAbb\u00e9 Deblon<br \/>\n<i> Invocation au printemps<\/i><br \/>\nAvril 1788, Tome IV, p. 299-300<br \/>\n<a href=\"http:\/\/books.google.be\/books?id=gpgUAAAAQAAJ&amp;printsec=frontcover&amp;dq=editions:0H97A3Z5QJXMDoF3M&amp;lr=&amp;hl=fr\" target=\"_blank\" rel=\"noopener\">Acc\u00e9der au volume<\/a> sur <b>GoogleBooks<\/b><\/p>\n<p><b>880436<\/b><br \/>\nPhilibert-Louis-Orry; marquis de Fulvy<br \/>\n<i> Les Antiques<\/i><br \/>\nAvril 1788, Tome IV, p. 301<br \/>\n<a href=\"http:\/\/books.google.be\/books?id=gpgUAAAAQAAJ&amp;printsec=frontcover&amp;dq=editions:0H97A3Z5QJXMDoF3M&amp;lr=&amp;hl=fr\" target=\"_blank\" rel=\"noopener\">Acc\u00e9der au volume<\/a> sur <b>GoogleBooks<\/b><\/p>\n<p><b>880437<\/b><br \/>\nNicolas-Germain L\u00e9onard<br \/>\n<i> Chant nuptial<\/i><br \/>\nAvril 1788, Tome IV, p. 302-303<br \/>\n<a href=\"http:\/\/books.google.be\/books?id=gpgUAAAAQAAJ&amp;printsec=frontcover&amp;dq=editions:0H97A3Z5QJXMDoF3M&amp;lr=&amp;hl=fr\" target=\"_blank\" rel=\"noopener\">Acc\u00e9der au volume<\/a> sur <b>GoogleBooks<\/b><\/p>\n<p style=\"text-align: justify;\"><b> 880501<\/b><br \/>\nM*** d&rsquo;Hosson [Ignace Mouradja d&rsquo;Ohsson]\n<i> Tableau g\u00e9n\u00e9ral de l&#8217;empire Othoman, divis\u00e9 en deux parties, dont l&rsquo;une comprend la l\u00e9gislation mahom\u00e9tane, l&rsquo;autre l&rsquo;histoire de l&#8217;empire Othoman; d\u00e9di\u00e9 au roi de Su\u00e8de<\/i><br \/>\nMai 1788, Tome V, p. 3-25<br \/>\n(Mercure de France; Journal de Paris; Journal g\u00e9n\u00e9ral de France)<br \/>\n<a href=\"http:\/\/books.google.be\/books?id=iJgUAAAAQAAJ&amp;printsec=frontcover&amp;dq=editions:0H97A3Z5QJXMDoF3M&amp;lr=&amp;hl=fr\" target=\"_blank\" rel=\"noopener\">Acc\u00e9der au volume<\/a> sur <b>GoogleBooks<\/b><\/p>\n<p><b> 880502<\/b><br \/>\nCarlo Tenivelli<br \/>\n<i> Biografia Piemontese, &amp;c. Biographie pi\u00e9montaise<\/i><br \/>\nMai 1788, Tome V, p. 25-35<br \/>\n(Effemeridi letterarie di Roma)<br \/>\n<a href=\"http:\/\/books.google.be\/books?id=iJgUAAAAQAAJ&amp;printsec=frontcover&amp;dq=editions:0H97A3Z5QJXMDoF3M&amp;lr=&amp;hl=fr\" target=\"_blank\" rel=\"noopener\">Acc\u00e9der au volume<\/a> sur <b>GoogleBooks<\/b><\/p>\n<p style=\"text-align: justify;\"><b> 880503<\/b>[Jean-Claude de La M\u00e9therie]\n<i> Principes de la philosophie naturelle, dans lesquels on cherche \u00e0 d\u00e9terminer les degr\u00e9s de certitude ou de probabilit\u00e9 des connaissances humaines<\/i><br \/>\nMai 1788, Tome V, p. 36-41<br \/>\n(Journal encyclop\u00e9dique)<br \/>\n<a href=\"http:\/\/books.google.be\/books?id=iJgUAAAAQAAJ&amp;printsec=frontcover&amp;dq=editions:0H97A3Z5QJXMDoF3M&amp;lr=&amp;hl=fr\" target=\"_blank\" rel=\"noopener\">Acc\u00e9der au volume<\/a> sur <b>GoogleBooks<\/b><\/p>\n<p style=\"text-align: justify;\"><b> 880504<\/b>[William Thomson]\n<i> Memoirs of the late war in Asia, &amp;c. M\u00e9moires de la derni\u00e8re guerre en Asie; avec un r\u00e9cit des souffrances qu&rsquo;ont endur\u00e9es les officiers et les soldats anglais dans les prisons<\/i><br \/>\nMai 1788, Tome V, p. 42-52<br \/>\n(Critical review)<br \/>\n<a href=\"http:\/\/books.google.be\/books?id=iJgUAAAAQAAJ&amp;printsec=frontcover&amp;dq=editions:0H97A3Z5QJXMDoF3M&amp;lr=&amp;hl=fr\" target=\"_blank\" rel=\"noopener\">Acc\u00e9der au volume<\/a> sur <b>GoogleBooks<\/b><\/p>\n<p><b> 880505<\/b><br \/>\nJacques Necker<br \/>\n<i> De l&rsquo;importance des opinions religieuses<\/i><br \/>\nMai 1788, Tome V, p. 52-63<br \/>\n(Journal g\u00e9n\u00e9ral de France; Journal de Paris)<br \/>\n<a href=\"http:\/\/books.google.be\/books?id=iJgUAAAAQAAJ&amp;printsec=frontcover&amp;dq=editions:0H97A3Z5QJXMDoF3M&amp;lr=&amp;hl=fr\" target=\"_blank\" rel=\"noopener\">Acc\u00e9der au volume<\/a> sur <b>GoogleBooks<\/b><\/p>\n<p><b> 880506<\/b><br \/>\nVincenzo Monti<br \/>\n<i> Galeatto Manfred, principe di, &amp;c. Galeotto Manfrede, prince de Faenza, trag\u00e9die<\/i><br \/>\nMai 1788, Tome V, p. 64-72<br \/>\n(Effemeridi letterarie di Roma)<br \/>\n<a href=\"http:\/\/books.google.be\/books?id=iJgUAAAAQAAJ&amp;printsec=frontcover&amp;dq=editions:0H97A3Z5QJXMDoF3M&amp;lr=&amp;hl=fr\" target=\"_blank\" rel=\"noopener\">Acc\u00e9der au volume<\/a> sur <b>GoogleBooks<\/b><\/p>\n<p style=\"text-align: justify;\"><b> 880507<\/b><br \/>\nJohann Stephan P\u00fctter<br \/>\n<i> Historische Entwickelung der Heutigen staatsverfassung der teutchen reichs. D\u00e9veloppement historique de la pr\u00e9sente constitution de l&#8217;empire d&rsquo;Allemagne<\/i><br \/>\nMai 1788, Tome V, p. 72-104<br \/>\n<a href=\"http:\/\/books.google.be\/books?id=iJgUAAAAQAAJ&amp;printsec=frontcover&amp;dq=editions:0H97A3Z5QJXMDoF3M&amp;lr=&amp;hl=fr\" target=\"_blank\" rel=\"noopener\">Acc\u00e9der au volume<\/a> sur <b>GoogleBooks<\/b><\/p>\n<p><b> 880508<\/b><br \/>\nMarie Monnet<br \/>\n<i> Lettres de Jenny Bleinmore<\/i><br \/>\nMai 1788, Tome V, p. 104-123<br \/>\n(Journal encyclop\u00e9dique)<br \/>\n<a href=\"http:\/\/books.google.be\/books?id=iJgUAAAAQAAJ&amp;printsec=frontcover&amp;dq=editions:0H97A3Z5QJXMDoF3M&amp;lr=&amp;hl=fr\" target=\"_blank\" rel=\"noopener\">Acc\u00e9der au volume<\/a> sur <b>GoogleBooks<\/b><\/p>\n<p style=\"text-align: justify;\"><b> 880509<\/b>[Christopher Keld]\n<i> An essay on the polity of England, &amp;c. Essai sur le gouvernement d&rsquo;Angleterre, o\u00f9 l&rsquo;on t\u00e2che de d\u00e9couvrir les vrais principes de l&rsquo;art de gouverner, quels rem\u00e8des seraient propres \u00e0 r\u00e9former les abus dont on se plaint, et pourquoi les diff\u00e9rents moyens adopt\u00e9s par la l\u00e9gislation, et ceux propos\u00e9s par les individus ont failli<\/i><br \/>\nMai 1788, Tome V, p. 123-141<br \/>\n(Monthly review)<br \/>\n<a href=\"http:\/\/books.google.be\/books?id=iJgUAAAAQAAJ&amp;printsec=frontcover&amp;dq=editions:0H97A3Z5QJXMDoF3M&amp;lr=&amp;hl=fr\" target=\"_blank\" rel=\"noopener\">Acc\u00e9der au volume<\/a> sur <b>GoogleBooks<\/b><\/p>\n<p style=\"text-align: justify;\"><b> 880510<\/b><br \/>\nHenri Montignot<br \/>\n<i> Dictionnaire de diplomatique, ou \u00e9tymologies des termes des bas si\u00e8cles, pour servir \u00e0 l&rsquo;intelligence des archives, chartes, etc. etc.<\/i><br \/>\nMai 1788, Tome V, p. 141-147<br \/>\n(Journal encyclop\u00e9dique)<br \/>\n<a href=\"http:\/\/books.google.be\/books?id=iJgUAAAAQAAJ&amp;printsec=frontcover&amp;dq=editions:0H97A3Z5QJXMDoF3M&amp;lr=&amp;hl=fr\" target=\"_blank\" rel=\"noopener\">Acc\u00e9der au volume<\/a> sur <b>GoogleBooks<\/b><\/p>\n<p><b> 880511<\/b><br \/>\nJoseph-Marie Loaisel de Tr\u00e9ogate<br \/>\n<i> Ainsi finissent les grandes passions; ou les derni\u00e8res amours du chevalier de\u2026<\/i><br \/>\nMai 1788, Tome V, p. 147-54<br \/>\n(Ann\u00e9e litt\u00e9raire)<br \/>\n<a href=\"http:\/\/books.google.be\/books?id=iJgUAAAAQAAJ&amp;printsec=frontcover&amp;dq=editions:0H97A3Z5QJXMDoF3M&amp;lr=&amp;hl=fr\" target=\"_blank\" rel=\"noopener\">Acc\u00e9der au volume<\/a> sur <b>GoogleBooks<\/b><\/p>\n<p style=\"text-align: justify;\"><b> 880512<\/b><br \/>\nGiuseppe Pratolongo<br \/>\n<i> Delle febri, chesi dicone putride, &amp;c. Discours sur les fi\u00e8vres commun\u00e9ment appel\u00e9es putrides, suivi de deux dissertations sur les fi\u00e8vres \u00e9pid\u00e9miques qui ont r\u00e9gn\u00e9 dans la ville et le territoire de G\u00eanes, dans les ann\u00e9es 1741, 1742 et 1743<\/i><br \/>\nMai 1788, Tome V, p. 154-159<br \/>\n(Effemeridi letterarie di Roma)<br \/>\n<a href=\"http:\/\/books.google.be\/books?id=iJgUAAAAQAAJ&amp;printsec=frontcover&amp;dq=editions:0H97A3Z5QJXMDoF3M&amp;lr=&amp;hl=fr\" target=\"_blank\" rel=\"noopener\">Acc\u00e9der au volume<\/a> sur <b>GoogleBooks<\/b><\/p>\n<p style=\"text-align: justify;\"><b> 880513<\/b><br \/>\nFrancesco Beretta<br \/>\n<i> Memoria istorica della febre, &amp;c. M\u00e9moire historique touchant la fi\u00e8vre \u00e9pid\u00e9mique qui a r\u00e9gn\u00e9 dans le bourg de S. Stefano, au duch\u00e9 de Milan, depuis le commencement d&rsquo;octobre 1783, jusqu&rsquo;\u00e0 la fin de juin 1784<\/i><br \/>\nMai 1788, Tome V, p. 160-162<br \/>\n(Effemeridi letterarie di Roma)<br \/>\n<a href=\"http:\/\/books.google.be\/books?id=iJgUAAAAQAAJ&amp;printsec=frontcover&amp;dq=editions:0H97A3Z5QJXMDoF3M&amp;lr=&amp;hl=fr\" target=\"_blank\" rel=\"noopener\">Acc\u00e9der au volume<\/a> sur <b>GoogleBooks<\/b><\/p>\n<p><b> 880514<\/b><br \/>\nFranz von Hartig<br \/>\n<i> M\u00e9langes de vers et de prose<\/i><br \/>\nMai 1788, Tome V, p. 163-177<br \/>\n<a href=\"http:\/\/books.google.be\/books?id=iJgUAAAAQAAJ&amp;printsec=frontcover&amp;dq=editions:0H97A3Z5QJXMDoF3M&amp;lr=&amp;hl=fr\" target=\"_blank\" rel=\"noopener\">Acc\u00e9der au volume<\/a> sur <b>GoogleBooks<\/b><\/p>\n<p><b> 880515<\/b><br \/>\nGioacchino Tosi<br \/>\n<i> Saggio metafisico sulla ragione, &amp;c. Essai m\u00e9taphysique sur la raison<\/i><br \/>\nMai 1788, Tome V, p. 177-181<br \/>\n(Effemeridi letterarie di Roma)<br \/>\n<a href=\"http:\/\/books.google.be\/books?id=iJgUAAAAQAAJ&amp;printsec=frontcover&amp;dq=editions:0H97A3Z5QJXMDoF3M&amp;lr=&amp;hl=fr\" target=\"_blank\" rel=\"noopener\">Acc\u00e9der au volume<\/a> sur <b>GoogleBooks<\/b><\/p>\n<p style=\"text-align: justify;\"><b> 880516<\/b><br \/>\nGiovanni Lozano<br \/>\n<i> Los honores sepulchrales a la buena memoria del sennor D. Gius. Mognino Gomez, Leydos dentro la Ciudad de Murcia en Espanna, &amp;c. Honneurs fun\u00e9raires rendus \u00e0 la m\u00e9moire de D. Gius. Mognino Gomez<\/i><br \/>\nMai 1788, Tome V, p. 181-184<br \/>\n(Effemeridi letterarie di Roma)<br \/>\n<a href=\"http:\/\/books.google.be\/books?id=iJgUAAAAQAAJ&amp;printsec=frontcover&amp;dq=editions:0H97A3Z5QJXMDoF3M&amp;lr=&amp;hl=fr\" target=\"_blank\" rel=\"noopener\">Acc\u00e9der au volume<\/a> sur <b>GoogleBooks<\/b><\/p>\n<p><b> 880517<\/b><br \/>\nBarth\u00e9lemy Imbert<br \/>\n<i> Choix de fabliaux mis en vers<\/i><br \/>\nMai 1788, Tome V, p. 184-203<br \/>\n(Mercure de France)<br \/>\n<a href=\"http:\/\/books.google.be\/books?id=iJgUAAAAQAAJ&amp;printsec=frontcover&amp;dq=editions:0H97A3Z5QJXMDoF3M&amp;lr=&amp;hl=fr\" target=\"_blank\" rel=\"noopener\">Acc\u00e9der au volume<\/a> sur <b>GoogleBooks<\/b><\/p>\n<p style=\"text-align: justify;\"><b> 880518<\/b><br \/>\nAndr\u00e9-Jean-Baptiste Boucher d&rsquo;Argis<br \/>\n<i> De la bienfaisance dans l&rsquo;ordre judiciaire; discours dans lequel on prouve la n\u00e9cessit\u00e9 de donner aux pauvres des d\u00e9fenseurs gratuits, et l&rsquo;obligation d&rsquo;indemniser ceux qui ayant \u00e9t\u00e9 accus\u00e9s, d\u00e9cr\u00e9t\u00e9s et emprisonn\u00e9s \u00e0 la requ\u00eate du minist\u00e8re public, ont ensuite obtenu des jugements absolutoires; prononc\u00e9 dans la premi\u00e8re assembl\u00e9e de l&rsquo;association de bienfaisance judiciaire, tenue au ch\u00e2telet de Paris, avec la permission de sa majest\u00e9, le lundi 14 janvier 1788<\/i><br \/>\nMai 1788, Tome V, p. 204-217<br \/>\n(Journal encyclop\u00e9dique)<br \/>\n<a href=\"http:\/\/books.google.be\/books?id=iJgUAAAAQAAJ&amp;printsec=frontcover&amp;dq=editions:0H97A3Z5QJXMDoF3M&amp;lr=&amp;hl=fr\" target=\"_blank\" rel=\"noopener\">Acc\u00e9der au volume<\/a> sur <b>GoogleBooks<\/b><\/p>\n<p><b> 880519<\/b><br \/>\nPaolo Mascagni<br \/>\n<i> Vasorum lymphaticorum corporis humani historia et ichnographia<\/i><br \/>\nMai 1788, Tome V, p. 217-220<br \/>\n(Novelle letterarie di Firenze)<br \/>\n<a href=\"http:\/\/books.google.be\/books?id=iJgUAAAAQAAJ&amp;printsec=frontcover&amp;dq=editions:0H97A3Z5QJXMDoF3M&amp;lr=&amp;hl=fr\" target=\"_blank\" rel=\"noopener\">Acc\u00e9der au volume<\/a> sur <b>GoogleBooks<\/b><\/p>\n<p><b> 880520<\/b><br \/>\nFrancesco Vigilio Barbacovi<br \/>\n<i> Progetto d&rsquo;un nuovo codice, &amp;c. Projet d&rsquo;un nouveau code judiciaire relativement aux causes civiles<\/i><br \/>\nMai 1788, Tome V, p. 220-224<br \/>\n(Effemeridi letterarie di Roma)<br \/>\n<a href=\"http:\/\/books.google.be\/books?id=iJgUAAAAQAAJ&amp;printsec=frontcover&amp;dq=editions:0H97A3Z5QJXMDoF3M&amp;lr=&amp;hl=fr\" target=\"_blank\" rel=\"noopener\">Acc\u00e9der au volume<\/a> sur <b>GoogleBooks<\/b><\/p>\n<p><b> 880521<\/b><br \/>\n<i> Les triomphes de la mod\u00e9ration, po\u00e8me en six chants, traduit de l&rsquo;anglais de M. Hayley, par M. J.B. Mercier<\/i><br \/>\nMai 1788, Tome V, p. 225-239<br \/>\n(Censeur universel anglais)<br \/>\n<a href=\"http:\/\/books.google.be\/books?id=iJgUAAAAQAAJ&amp;printsec=frontcover&amp;dq=editions:0H97A3Z5QJXMDoF3M&amp;lr=&amp;hl=fr\" target=\"_blank\" rel=\"noopener\">Acc\u00e9der au volume<\/a> sur <b>GoogleBooks<\/b><\/p>\n<p><b> 880522<\/b><br \/>\n<i> N\u00e9crologie. Lettre \u00e9crite de Paris, le 27 mars 1788, \u00e0 l&rsquo;auteur de la Gazette des tribunaux<\/i><br \/>\nMai 1788, Tome V, p. 240-246<br \/>\n<a href=\"http:\/\/books.google.be\/books?id=iJgUAAAAQAAJ&amp;printsec=frontcover&amp;dq=editions:0H97A3Z5QJXMDoF3M&amp;lr=&amp;hl=fr\" target=\"_blank\" rel=\"noopener\">Acc\u00e9der au volume<\/a> sur <b>GoogleBooks<\/b><\/p>\n<p><b> 880523<\/b><br \/>\nM***<br \/>\n<i> Anecdote historique, Tir\u00e9e d&rsquo;une ancienne chronique d&rsquo;Allemagne<\/i><br \/>\nMai 1788, Tome V, p. 247-251<br \/>\n(Mercure de France)<br \/>\n<a href=\"http:\/\/books.google.be\/books?id=iJgUAAAAQAAJ&amp;printsec=frontcover&amp;dq=editions:0H97A3Z5QJXMDoF3M&amp;lr=&amp;hl=fr\" target=\"_blank\" rel=\"noopener\">Acc\u00e9der au volume<\/a> sur <b>GoogleBooks<\/b><\/p>\n<p><b> 880524<\/b><br \/>\n<i> Aux auteurs du Journal de Paris, sur un ouvrage nouveau. Ce 26 mars 1788<\/i><br \/>\nMai 1788, Tome V, p. 251-255<br \/>\n<a href=\"http:\/\/books.google.be\/books?id=iJgUAAAAQAAJ&amp;printsec=frontcover&amp;dq=editions:0H97A3Z5QJXMDoF3M&amp;lr=&amp;hl=fr\" target=\"_blank\" rel=\"noopener\">Acc\u00e9der au volume<\/a> sur <b>GoogleBooks<\/b><\/p>\n<p><b> 880525<\/b><br \/>\n<i> Troisi\u00e8me lettre \u00e0 M\u2026<\/i><br \/>\nMai 1788, Tome V, p. 256-279<br \/>\n(Mercure de France)<br \/>\n<a href=\"http:\/\/books.google.be\/books?id=iJgUAAAAQAAJ&amp;printsec=frontcover&amp;dq=editions:0H97A3Z5QJXMDoF3M&amp;lr=&amp;hl=fr\" target=\"_blank\" rel=\"noopener\">Acc\u00e9der au volume<\/a> sur <b>GoogleBooks<\/b><\/p>\n<p><b> 880526<\/b><br \/>\n<i> Observations sur un article de bibliographie et de typographie<\/i><br \/>\nMai 1788, Tome V, p. 279-282<br \/>\n(Journal encyclop\u00e9dique)<br \/>\n<a href=\"http:\/\/books.google.be\/books?id=iJgUAAAAQAAJ&amp;printsec=frontcover&amp;dq=editions:0H97A3Z5QJXMDoF3M&amp;lr=&amp;hl=fr\" target=\"_blank\" rel=\"noopener\">Acc\u00e9der au volume<\/a> sur <b>GoogleBooks<\/b><\/p>\n<p style=\"text-align: justify;\"><b> 880527<\/b><br \/>\nAbb\u00e9 de Polling<br \/>\n<i> Notice concernant M. Steigenberger, chanoine r\u00e9gulier de l&rsquo;abbaye de Polling, en Bavi\u00e8re, biblioth\u00e9caire, et conseiller eccl\u00e9siastique effectif de l&rsquo;\u00e9lecteur Palatin, duc de Bavi\u00e8re, mort \u00e0 Munich, le 5 ao\u00fbt 1787<\/i><br \/>\nMai 1788, Tome V, p. 282-286<br \/>\n<a href=\"http:\/\/books.google.be\/books?id=iJgUAAAAQAAJ&amp;printsec=frontcover&amp;dq=editions:0H97A3Z5QJXMDoF3M&amp;lr=&amp;hl=fr\" target=\"_blank\" rel=\"noopener\">Acc\u00e9der au volume<\/a> sur <b>GoogleBooks<\/b><\/p>\n<p><b> 880528<\/b><br \/>\n<i> Aux auteurs du Journal de Paris<\/i><br \/>\nMai 1788, Tome V, p. 286-289<br \/>\n<a href=\"http:\/\/books.google.be\/books?id=iJgUAAAAQAAJ&amp;printsec=frontcover&amp;dq=editions:0H97A3Z5QJXMDoF3M&amp;lr=&amp;hl=fr\" target=\"_blank\" rel=\"noopener\">Acc\u00e9der au volume<\/a> sur <b>GoogleBooks<\/b><\/p>\n<p><b> 880529<\/b>[Louis-Abel Beffroy de Reigny]\n<i> Lettre du cousin Jacques \u00e0 tous ses cousins et ses cousines de Paris et de la province<\/i><br \/>\nMai 1788, Tome V, p. 289-292<br \/>\n<a href=\"http:\/\/books.google.be\/books?id=iJgUAAAAQAAJ&amp;printsec=frontcover&amp;dq=editions:0H97A3Z5QJXMDoF3M&amp;lr=&amp;hl=fr\" target=\"_blank\" rel=\"noopener\">Acc\u00e9der au volume<\/a> sur <b>GoogleBooks<\/b><\/p>\n<p><b> 880530<\/b><br \/>\nPeres d&rsquo;Uxo [ou Desperoux]\n<i> Les illusions po\u00e9tiques<\/i><br \/>\nMai 1788, Tome V, p. 293-297<br \/>\n<a href=\"http:\/\/books.google.be\/books?id=iJgUAAAAQAAJ&amp;printsec=frontcover&amp;dq=editions:0H97A3Z5QJXMDoF3M&amp;lr=&amp;hl=fr\" target=\"_blank\" rel=\"noopener\">Acc\u00e9der au volume<\/a> sur <b>GoogleBooks<\/b><\/p>\n<p><b> 880531<\/b><br \/>\nComte de S***<br \/>\n<i> Le portrait, Conte<\/i><br \/>\nMai 1788, Tome V, p. 297<br \/>\n<a href=\"http:\/\/books.google.be\/books?id=iJgUAAAAQAAJ&amp;printsec=frontcover&amp;dq=editions:0H97A3Z5QJXMDoF3M&amp;lr=&amp;hl=fr\" target=\"_blank\" rel=\"noopener\">Acc\u00e9der au volume<\/a> sur <b>GoogleBooks<\/b><\/p>\n<p><b> 880532<\/b><br \/>\nUne dame<br \/>\n<i> Aux hommes<\/i><br \/>\nMai 1788, Tome V, p. 297-299<br \/>\n<a href=\"http:\/\/books.google.be\/books?id=iJgUAAAAQAAJ&amp;printsec=frontcover&amp;dq=editions:0H97A3Z5QJXMDoF3M&amp;lr=&amp;hl=fr\" target=\"_blank\" rel=\"noopener\">Acc\u00e9der au volume<\/a> sur <b>GoogleBooks<\/b><\/p>\n<p><b> 880533<\/b><br \/>\nM. Bordeaux<br \/>\n<i> Vers. \u00c0 une dame c\u00e9l\u00e8bre par sa beaut\u00e9, et depuis par ses ouvrages<\/i><br \/>\nMai 1788, Tome V, p. 299<br \/>\n<a href=\"http:\/\/books.google.be\/books?id=iJgUAAAAQAAJ&amp;printsec=frontcover&amp;dq=editions:0H97A3Z5QJXMDoF3M&amp;lr=&amp;hl=fr\" target=\"_blank\" rel=\"noopener\">Acc\u00e9der au volume<\/a> sur <b>GoogleBooks<\/b><\/p>\n<p><b> 880534<\/b><br \/>\nSimon, D. T.<br \/>\n<i> Jean et mon procureur, Conte \u00e9pigrammatique<\/i><br \/>\nMai 1788, Tome V, p. 300<br \/>\n<a href=\"http:\/\/books.google.be\/books?id=iJgUAAAAQAAJ&amp;printsec=frontcover&amp;dq=editions:0H97A3Z5QJXMDoF3M&amp;lr=&amp;hl=fr\" target=\"_blank\" rel=\"noopener\">Acc\u00e9der au volume<\/a> sur <b>GoogleBooks<\/b><\/p>\n<p><b> 880535<\/b><br \/>\nMadame Laugier de Grandchamp<br \/>\n<i> Le nourrisson du Pays de Caux, Fabliau<\/i><br \/>\nMai 1788, Tome V, p. 300-302<br \/>\n<a href=\"http:\/\/books.google.be\/books?id=iJgUAAAAQAAJ&amp;printsec=frontcover&amp;dq=editions:0H97A3Z5QJXMDoF3M&amp;lr=&amp;hl=fr\" target=\"_blank\" rel=\"noopener\">Acc\u00e9der au volume<\/a> sur <b>GoogleBooks<\/b><\/p>\n<p><b> 880536<\/b><br \/>\nComte de la M\u2026<br \/>\n<i> La pr\u00e9voyance paternelle<\/i><br \/>\nMai 1788, Tome V, p. 302-303<br \/>\n<a href=\"http:\/\/books.google.be\/books?id=iJgUAAAAQAAJ&amp;printsec=frontcover&amp;dq=editions:0H97A3Z5QJXMDoF3M&amp;lr=&amp;hl=fr\" target=\"_blank\" rel=\"noopener\">Acc\u00e9der au volume<\/a> sur <b>GoogleBooks<\/b><\/p>\n<p><b> 880537<\/b><br \/>\nMugnerot<br \/>\n<i> La m\u00e9prise du bal<\/i><br \/>\nMai 1788, Tome V, p. 303-309<br \/>\n<a href=\"http:\/\/books.google.be\/books?id=iJgUAAAAQAAJ&amp;printsec=frontcover&amp;dq=editions:0H97A3Z5QJXMDoF3M&amp;lr=&amp;hl=fr\" target=\"_blank\" rel=\"noopener\">Acc\u00e9der au volume<\/a> sur <b>GoogleBooks<\/b><\/p>\n<p><b> 880538<\/b><br \/>\nAugustin de Piis<br \/>\n<i> La disgr\u00e2ce de St. Christophe<\/i><br \/>\nMai 1788, Tome V, p. 309<br \/>\n<a href=\"http:\/\/books.google.be\/books?id=iJgUAAAAQAAJ&amp;printsec=frontcover&amp;dq=editions:0H97A3Z5QJXMDoF3M&amp;lr=&amp;hl=fr\" target=\"_blank\" rel=\"noopener\">Acc\u00e9der au volume<\/a> sur <b>GoogleBooks<\/b><\/p>\n<p><b> 880539<\/b><br \/>\nJean-Fran\u00e7ois Guichard<br \/>\n<i> Bassompierre, \u00e0 Henri IV<\/i><br \/>\nMai 1788, Tome V, p. 309-310<br \/>\n<a href=\"http:\/\/books.google.be\/books?id=iJgUAAAAQAAJ&amp;printsec=frontcover&amp;dq=editions:0H97A3Z5QJXMDoF3M&amp;lr=&amp;hl=fr\" target=\"_blank\" rel=\"noopener\">Acc\u00e9der au volume<\/a> sur <b>GoogleBooks<\/b><\/p>\n<p><b> 880540<\/b><br \/>\nJean Louis Mallet<br \/>\n<i> Chacun son m\u00e9tier, Conte<\/i><br \/>\nMai 1788, Tome V, p. 310<br \/>\n<a href=\"http:\/\/books.google.be\/books?id=iJgUAAAAQAAJ&amp;printsec=frontcover&amp;dq=editions:0H97A3Z5QJXMDoF3M&amp;lr=&amp;hl=fr\" target=\"_blank\" rel=\"noopener\">Acc\u00e9der au volume<\/a> sur <b>GoogleBooks<\/b><\/p>\n<p><b> 880541<\/b><br \/>\nJean Louis Mallet<br \/>\n<i> Les deux habitants de Falaise, Conte<\/i><br \/>\nMai 1788, Tome V, p. 310<br \/>\n<a href=\"http:\/\/books.google.be\/books?id=iJgUAAAAQAAJ&amp;printsec=frontcover&amp;dq=editions:0H97A3Z5QJXMDoF3M&amp;lr=&amp;hl=fr\" target=\"_blank\" rel=\"noopener\">Acc\u00e9der au volume<\/a> sur <b>GoogleBooks<\/b><\/p>\n<p><b> 880601<\/b><br \/>\nPlutarque<br \/>\n<i> \u0152uvres morales de Plutarque, traduites en fran\u00e7ais; par M. l&rsquo;abb\u00e9 Ricard<\/i><br \/>\nJuin 1788, Tome VI, p. 3-46<br \/>\n<a href=\"http:\/\/books.google.be\/books?id=kJgUAAAAQAAJ&amp;printsec=frontcover&amp;dq=editions:0H97A3Z5QJXMDoF3M&amp;lr=&amp;hl=fr\" target=\"_blank\" rel=\"noopener\">Acc\u00e9der au volume<\/a> sur <b>GoogleBooks<\/b><\/p>\n<p style=\"text-align: justify;\"><b> 880602<\/b><br \/>\nJoan Kampf<br \/>\n<i> Verhandeling over eene nieuwe wijze, &amp;c. Nouvelle m\u00e9thode de gu\u00e9rir radicalement l&rsquo;hypocondrie, ainsi que toutes les maladies qui ont leur si\u00e8ge dans le bas-ventre; ouvrage aussi utile aux malades qu&rsquo;aux m\u00e9decins m\u00eames<\/i><br \/>\nJuin 1788, Tome VI, p. 47-62<br \/>\n(Traduit du journal hollandais intitul\u00e9 : De Recensent)<br \/>\n<a href=\"http:\/\/books.google.be\/books?id=kJgUAAAAQAAJ&amp;printsec=frontcover&amp;dq=editions:0H97A3Z5QJXMDoF3M&amp;lr=&amp;hl=fr\" target=\"_blank\" rel=\"noopener\">Acc\u00e9der au volume<\/a> sur <b>GoogleBooks<\/b><\/p>\n<p style=\"text-align: justify;\"><b> 880603<\/b><br \/>\nJoshua Reynolds<br \/>\n<i> Discours prononc\u00e9s \u00e0 l&rsquo;acad\u00e9mie royale de peinture de Londres; suivis des notes du m\u00eame auteur sur l&rsquo;art de peindre, de Dufresnoy : le tout traduit de l&rsquo;anglais<\/i><br \/>\nJuin 1788, Tome VI, p. 62-76<br \/>\n(Mercure de France; Journal de Paris)<br \/>\n<a href=\"http:\/\/books.google.be\/books?id=kJgUAAAAQAAJ&amp;printsec=frontcover&amp;dq=editions:0H97A3Z5QJXMDoF3M&amp;lr=&amp;hl=fr\" target=\"_blank\" rel=\"noopener\">Acc\u00e9der au volume<\/a> sur <b>GoogleBooks<\/b><\/p>\n<p><b> 880604<\/b><br \/>\nJohn Knox<br \/>\n<i> A tour through the Highlands, &amp;c. Voyage dans les montagnes d&rsquo;\u00c9cosse et aux H\u00e9brides en 1786<\/i><br \/>\nJuin 1788, Tome VI, p. 76-85<br \/>\n(Monthly review)<br \/>\n<a href=\"http:\/\/books.google.be\/books?id=kJgUAAAAQAAJ&amp;printsec=frontcover&amp;dq=editions:0H97A3Z5QJXMDoF3M&amp;lr=&amp;hl=fr\" target=\"_blank\" rel=\"noopener\">Acc\u00e9der au volume<\/a> sur <b>GoogleBooks<\/b><\/p>\n<p><b> 880605<\/b><br \/>\nAbb\u00e9 *** [Marie-Nicolas-Silvestre Guillon]\n<i> Nouveaux contes arabes, ou suppl\u00e9ment aux Milles et une nuits, suivi de m\u00e9langes, de litt\u00e9rature orientale et de lettres<\/i><br \/>\nJuin 1788, Tome VI, p. 86-103<br \/>\n(Mercure de France; Journal de Paris; Journal encyclop\u00e9dique)<br \/>\n<a href=\"http:\/\/books.google.be\/books?id=kJgUAAAAQAAJ&amp;printsec=frontcover&amp;dq=editions:0H97A3Z5QJXMDoF3M&amp;lr=&amp;hl=fr\" target=\"_blank\" rel=\"noopener\">Acc\u00e9der au volume<\/a> sur <b>GoogleBooks<\/b><\/p>\n<p><b> 880606<\/b>[Charles-Joseph Mathon de La Cour]\n<i> Collection des comptes rendus, pi\u00e8ces authentiques, \u00e9tats et tableaux concernant les finances de France, depuis 1758 jusqu&rsquo;en 1787<\/i><br \/>\nJuin 1788, Tome VI, p. 104-119<br \/>\n(Journal g\u00e9n\u00e9ral de France; Mercure de France; Journal encyclop\u00e9dique)<br \/>\n<a href=\"http:\/\/books.google.be\/books?id=kJgUAAAAQAAJ&amp;printsec=frontcover&amp;dq=editions:0H97A3Z5QJXMDoF3M&amp;lr=&amp;hl=fr\" target=\"_blank\" rel=\"noopener\">Acc\u00e9der au volume<\/a> sur <b>GoogleBooks<\/b><\/p>\n<p><b> 880607<\/b><br \/>\nAlexandre Pieyre<br \/>\n<i> L&rsquo;\u00e9cole des p\u00e8res, com\u00e9die en cinq actes, en vers; repr\u00e9sent\u00e9e pour la premi\u00e8re fois, par les com\u00e9diens fran\u00e7ais, le 1er juin 1787<\/i><br \/>\nJuin 1788, Tome VI, p. 120-130<br \/>\n(Journal g\u00e9n\u00e9ral de France; Journal de Paris; Ann\u00e9e litt\u00e9raire)<br \/>\n<a href=\"http:\/\/books.google.be\/books?id=kJgUAAAAQAAJ&amp;printsec=frontcover&amp;dq=editions:0H97A3Z5QJXMDoF3M&amp;lr=&amp;hl=fr\" target=\"_blank\" rel=\"noopener\">Acc\u00e9der au volume<\/a> sur <b>GoogleBooks<\/b><\/p>\n<p style=\"text-align: justify;\"><b> 880608<\/b><br \/>\nWilliam Playfair<br \/>\n<i> An essay on the national debt, &amp;c. Essai sur la dette nationale, avec des planches pour la comparaison des annuit\u00e9s et des rentes perp\u00e9tuelles<\/i><br \/>\nJuin 1788, Tome VI, p. 130-140<br \/>\n(English review)<br \/>\n<a href=\"http:\/\/books.google.be\/books?id=kJgUAAAAQAAJ&amp;printsec=frontcover&amp;dq=editions:0H97A3Z5QJXMDoF3M&amp;lr=&amp;hl=fr\" target=\"_blank\" rel=\"noopener\">Acc\u00e9der au volume<\/a> sur <b>GoogleBooks<\/b><\/p>\n<p style=\"text-align: justify;\"><b> 880609<\/b><br \/>\n<i> Metodo di conoscere alcune delle piu&rsquo; dannose adulterazioni che si fanno ai vini, &amp;c. M\u00e9thode pour reconna\u00eetre quelques-unes des substances les plus nuisibles, dont on peut s&rsquo;\u00eatre servi pour frelater les vins<\/i><br \/>\nJuin 1788, Tome VI, p. 141-149<br \/>\n(Gazette de sant\u00e9)<br \/>\n<a href=\"http:\/\/books.google.be\/books?id=kJgUAAAAQAAJ&amp;printsec=frontcover&amp;dq=editions:0H97A3Z5QJXMDoF3M&amp;lr=&amp;hl=fr\" target=\"_blank\" rel=\"noopener\">Acc\u00e9der au volume<\/a> sur <b>GoogleBooks<\/b><\/p>\n<p style=\"text-align: justify;\"><b> 880610<\/b><br \/>\nClaude Chevalier<br \/>\n<i> Les d\u00e9lices du si\u00e8cle d&rsquo;or, ou le triomphe de la vieillesse : Vetusta relicta, renovatur juventus; suite du discours philosophique sur les trois principes, animal, v\u00e9g\u00e9tal et min\u00e9ral, ou la clef qui ouvre les ports du sanctuaire philosophique<\/i><br \/>\nJuin 1788, Tome VI, p. 149-154<br \/>\n(Journal encyclop\u00e9dique)<br \/>\n<a href=\"http:\/\/books.google.be\/books?id=kJgUAAAAQAAJ&amp;printsec=frontcover&amp;dq=editions:0H97A3Z5QJXMDoF3M&amp;lr=&amp;hl=fr\" target=\"_blank\" rel=\"noopener\">Acc\u00e9der au volume<\/a> sur <b>GoogleBooks<\/b><\/p>\n<p style=\"text-align: justify;\"><b> 880611<\/b><br \/>\nAntoine Portal<br \/>\n<i> Observations sur les effets des vapeurs m\u00e9phitiques dans l&rsquo;homme, sur les noy\u00e9s, sur les enfants qui paraissent morts en naissant, et sur la rage, avec un pr\u00e9cis du traitement le mieux \u00e9prouv\u00e9 en pareils cas. Nouvelle \u00e9dition, \u00e0 laquelle on a joint des observations sur les effets de plusieurs poisons dans le corps de l&rsquo;homme, et sur les moyens d&rsquo;en emp\u00eacher les suites funestes<\/i><br \/>\nJuin 1788, Tome VI, p. 155-172<br \/>\n(Journal des savants; Gazette de sant\u00e9; Journal de Paris)<br \/>\n<a href=\"http:\/\/books.google.be\/books?id=kJgUAAAAQAAJ&amp;printsec=frontcover&amp;dq=editions:0H97A3Z5QJXMDoF3M&amp;lr=&amp;hl=fr\" target=\"_blank\" rel=\"noopener\">Acc\u00e9der au volume<\/a> sur <b>GoogleBooks<\/b><\/p>\n<p><b> 880612<\/b><br \/>\nLeonhard Euler<br \/>\n<i> Institutiones calculi differentialis, cum ejus usu in analysi finitorum ac doctrina serierum, &amp;c.<\/i><br \/>\nJuin 1788, Tome VI, p. 172-175<br \/>\n<a href=\"http:\/\/books.google.be\/books?id=kJgUAAAAQAAJ&amp;printsec=frontcover&amp;dq=editions:0H97A3Z5QJXMDoF3M&amp;lr=&amp;hl=fr\" target=\"_blank\" rel=\"noopener\">Acc\u00e9der au volume<\/a> sur <b>GoogleBooks<\/b><\/p>\n<p style=\"text-align: justify;\"><b> 880613<\/b><br \/>\nThomas Pownall<br \/>\n<i> Hydraulic and nautical observations, &amp;c. Observations hydrographiques et marines sur les courants de l&rsquo;Oc\u00e9an atlantique; contenant un th\u00e9or\u00e8me en forme d&rsquo;hypoth\u00e8se, propre aux recherches; d\u00e9di\u00e9es aux navigateurs. Avec quelques notes du docteur Franklin<\/i><br \/>\nJuin 1788, Tome VI, p. 175-179<br \/>\n(Monthly review)<br \/>\n<a href=\"http:\/\/books.google.be\/books?id=kJgUAAAAQAAJ&amp;printsec=frontcover&amp;dq=editions:0H97A3Z5QJXMDoF3M&amp;lr=&amp;hl=fr\" target=\"_blank\" rel=\"noopener\">Acc\u00e9der au volume<\/a> sur <b>GoogleBooks<\/b><\/p>\n<p style=\"text-align: justify;\"><b> 880614<\/b><br \/>\nJosse Le Plat<br \/>\n<i> Monumentorum ad historiam Concilii Tridentini potissimum illustrandam spectantium amplisssima collectio. Tr\u00e8s ample collection de monuments concernant l&rsquo;histoire du concile de Trente, et particuli\u00e8rement propres \u00e0 l&rsquo;\u00e9claircir<\/i><br \/>\nJuin 1788, Tome VI, p. 179-208<br \/>\n<a href=\"http:\/\/books.google.be\/books?id=kJgUAAAAQAAJ&amp;printsec=frontcover&amp;dq=editions:0H97A3Z5QJXMDoF3M&amp;lr=&amp;hl=fr\" target=\"_blank\" rel=\"noopener\">Acc\u00e9der au volume<\/a> sur <b>GoogleBooks<\/b><\/p>\n<p><b> 880615<\/b><br \/>\nR\u00e9gis Rey de Cazillac<br \/>\n<i> Coup d&rsquo;\u0153il philosophique sur le langage. Fragment, adress\u00e9 aux r\u00e9dacteurs du journal<\/i><br \/>\nJuin 1788, Tome VI, p. 209-225<br \/>\n<a href=\"http:\/\/books.google.be\/books?id=kJgUAAAAQAAJ&amp;printsec=frontcover&amp;dq=editions:0H97A3Z5QJXMDoF3M&amp;lr=&amp;hl=fr\" target=\"_blank\" rel=\"noopener\">Acc\u00e9der au volume<\/a> sur <b>GoogleBooks<\/b><\/p>\n<p><b> 880616<\/b><br \/>\nG\u2026<br \/>\n<i> Mort de M. Buffon<\/i><br \/>\nJuin 1788, Tome VI, p. 225-236<br \/>\n(Journal de Paris)<br \/>\n<a href=\"http:\/\/books.google.be\/books?id=kJgUAAAAQAAJ&amp;printsec=frontcover&amp;dq=editions:0H97A3Z5QJXMDoF3M&amp;lr=&amp;hl=fr\" target=\"_blank\" rel=\"noopener\">Acc\u00e9der au volume<\/a> sur <b>GoogleBooks<\/b><\/p>\n<p><b> 880617<\/b><br \/>\n<i> Les lampes. \u00c0 M. le comte de la C\u00e9p\u00e8de<\/i><br \/>\nJuin 1788, Tome VI, p. 237-239<br \/>\n(Journal de Paris)<br \/>\n<a href=\"http:\/\/books.google.be\/books?id=kJgUAAAAQAAJ&amp;printsec=frontcover&amp;dq=editions:0H97A3Z5QJXMDoF3M&amp;lr=&amp;hl=fr\" target=\"_blank\" rel=\"noopener\">Acc\u00e9der au volume<\/a> sur <b>GoogleBooks<\/b><\/p>\n<p><b> 880618 <\/b><br \/>\nP. L. C.<br \/>\n<i> Histoire de Palmire, Tir\u00e9e d&rsquo;un manuscrit fort ancien<\/i><br \/>\nJuin 1788, Tome VI, p. 239-249<br \/>\n(Mercure de France)<br \/>\n<a href=\"http:\/\/books.google.be\/books?id=kJgUAAAAQAAJ&amp;printsec=frontcover&amp;dq=editions:0H97A3Z5QJXMDoF3M&amp;lr=&amp;hl=fr\" target=\"_blank\" rel=\"noopener\">Acc\u00e9der au volume<\/a> sur <b>GoogleBooks<\/b><\/p>\n<p><b> 880619<\/b><br \/>\nJean-Baptiste Maugerard<br \/>\n<i> Notice bibliographique, adress\u00e9e de Metz aux auteurs du Journal encyclop\u00e9dique<\/i><br \/>\nJuin 1788, Tome VI, p. 249-252<br \/>\n<a href=\"http:\/\/books.google.be\/books?id=kJgUAAAAQAAJ&amp;printsec=frontcover&amp;dq=editions:0H97A3Z5QJXMDoF3M&amp;lr=&amp;hl=fr\" target=\"_blank\" rel=\"noopener\">Acc\u00e9der au volume<\/a> sur <b>GoogleBooks<\/b><\/p>\n<p><b> 880620<\/b><br \/>\n<i> \u00c9loge de M. Drouais, \u00e9l\u00e8ve de l&rsquo;acad\u00e9mie royale de peinture<\/i><br \/>\nJuin 1788, Tome VI, p. 252-260<br \/>\n(Journal de Paris)<br \/>\n<a href=\"http:\/\/books.google.be\/books?id=kJgUAAAAQAAJ&amp;printsec=frontcover&amp;dq=editions:0H97A3Z5QJXMDoF3M&amp;lr=&amp;hl=fr\" target=\"_blank\" rel=\"noopener\">Acc\u00e9der au volume<\/a> sur <b>GoogleBooks<\/b><\/p>\n<p><b> 880621<\/b><br \/>\n<i> Addition \u00e0 l&rsquo;\u00e9loge de cet artiste [Jean-Germain Drouais]<\/i><br \/>\nJuin 1788, Tome VI, p. 261-266<br \/>\n(Journal de Paris)<br \/>\n<a href=\"http:\/\/books.google.be\/books?id=kJgUAAAAQAAJ&amp;printsec=frontcover&amp;dq=editions:0H97A3Z5QJXMDoF3M&amp;lr=&amp;hl=fr\" target=\"_blank\" rel=\"noopener\">Acc\u00e9der au volume<\/a> sur <b>GoogleBooks<\/b><\/p>\n<p><b> 880622<\/b><br \/>\nDum.** de la Pl.***<br \/>\n<i> Lettre sur la tol\u00e9rance<\/i><br \/>\nJuin 1788, Tome VI, p. 267-271<br \/>\n(Journal de Paris)<br \/>\n<a href=\"http:\/\/books.google.be\/books?id=kJgUAAAAQAAJ&amp;printsec=frontcover&amp;dq=editions:0H97A3Z5QJXMDoF3M&amp;lr=&amp;hl=fr\" target=\"_blank\" rel=\"noopener\">Acc\u00e9der au volume<\/a> sur <b>GoogleBooks<\/b><\/p>\n<p style=\"text-align: justify;\"><b> 880623<\/b><br \/>\nBert de Pasci<br \/>\n<i> Commencement du premier chant d&rsquo;un po\u00e8me sur l&rsquo;\u00e9ducation physique des enfants au berceau. Imit\u00e9 de la Paedotrophie de Scevole de Ste. Marthe<\/i><br \/>\nJuin 1788, Tome VI, p. 272-280<br \/>\n<a href=\"http:\/\/books.google.be\/books?id=kJgUAAAAQAAJ&amp;printsec=frontcover&amp;dq=editions:0H97A3Z5QJXMDoF3M&amp;lr=&amp;hl=fr\" target=\"_blank\" rel=\"noopener\">Acc\u00e9der au volume<\/a> sur <b>GoogleBooks<\/b><\/p>\n<p><b> 880624<\/b><br \/>\n<i> Pan\u00e9gyrique des femmes, En r\u00e9ponse aux vers d&rsquo;une dame qui a plaid\u00e9 la cause de son sexe; au dernier journal, pag. 297<\/i><br \/>\nJuin 1788, Tome VI, p. 281-283<br \/>\n<a href=\"http:\/\/books.google.be\/books?id=kJgUAAAAQAAJ&amp;printsec=frontcover&amp;dq=editions:0H97A3Z5QJXMDoF3M&amp;lr=&amp;hl=fr\" target=\"_blank\" rel=\"noopener\">Acc\u00e9der au volume<\/a> sur <b>GoogleBooks<\/b><\/p>\n<p><b> 880625<\/b><br \/>\nBaronne de Thomassin de Juigny<br \/>\n<i> \u00c0 mon fils, Qui s&rsquo;\u00e9tait jet\u00e9 tout en pleurs dans mes bras, en apprenant que le roi l&rsquo;avait agr\u00e9\u00e9 pour une place \u00e0 l&rsquo;\u00e9cole militaire<\/i><br \/>\nJuin 1788, Tome VI, p. 283-284<br \/>\n<a href=\"http:\/\/books.google.be\/books?id=kJgUAAAAQAAJ&amp;printsec=frontcover&amp;dq=editions:0H97A3Z5QJXMDoF3M&amp;lr=&amp;hl=fr\" target=\"_blank\" rel=\"noopener\">Acc\u00e9der au volume<\/a> sur <b>GoogleBooks<\/b><\/p>\n<p><b> 880626<\/b><br \/>\nDamas<br \/>\n<i> Chanson<\/i><br \/>\nJuin 1788, Tome VI, p. 284-285<br \/>\n<a href=\"http:\/\/books.google.be\/books?id=kJgUAAAAQAAJ&amp;printsec=frontcover&amp;dq=editions:0H97A3Z5QJXMDoF3M&amp;lr=&amp;hl=fr\" target=\"_blank\" rel=\"noopener\">Acc\u00e9der au volume<\/a> sur <b>GoogleBooks<\/b><\/p>\n<p><b> 880627<\/b><br \/>\nD***. T***.<br \/>\n<i> Le bonheur<\/i><br \/>\nJuin 1788, Tome VI, p. 285<br \/>\n<a href=\"http:\/\/books.google.be\/books?id=kJgUAAAAQAAJ&amp;printsec=frontcover&amp;dq=editions:0H97A3Z5QJXMDoF3M&amp;lr=&amp;hl=fr\" target=\"_blank\" rel=\"noopener\">Acc\u00e9der au volume<\/a> sur <b>GoogleBooks<\/b><\/p>\n<p><b> 880628<\/b><br \/>\nMadame la marquise de la F\u00e9r** [Marie-Amable Petiteau]\n<i> La femme cons\u00e9quente avec son mari, Fable<\/i><br \/>\nJuin 1788, Tome VI, p. 285-286<br \/>\n<a href=\"http:\/\/books.google.be\/books?id=kJgUAAAAQAAJ&amp;printsec=frontcover&amp;dq=editions:0H97A3Z5QJXMDoF3M&amp;lr=&amp;hl=fr\" target=\"_blank\" rel=\"noopener\">Acc\u00e9der au volume<\/a> sur <b>GoogleBooks<\/b><\/p>\n<p><b> 880629<\/b><br \/>\nPhilippe-Laurent Pons de Verdun<br \/>\n<i> Le bon p\u00e8re<\/i><br \/>\nJuin 1788, Tome VI, p. 286-287<br \/>\n<a href=\"http:\/\/books.google.be\/books?id=kJgUAAAAQAAJ&amp;printsec=frontcover&amp;dq=editions:0H97A3Z5QJXMDoF3M&amp;lr=&amp;hl=fr\" target=\"_blank\" rel=\"noopener\">Acc\u00e9der au volume<\/a> sur <b>GoogleBooks<\/b><\/p>\n<p><b> 880630<\/b><br \/>\nClaude-Marie-Louis-Emmanuel Carbon de Flins Des Oliviers<br \/>\n<i> L&rsquo;opinion des hommes, Apologue<\/i><br \/>\nJuin 1788, Tome VI, p. 287-289<br \/>\n<a href=\"http:\/\/books.google.be\/books?id=kJgUAAAAQAAJ&amp;printsec=frontcover&amp;dq=editions:0H97A3Z5QJXMDoF3M&amp;lr=&amp;hl=fr\" target=\"_blank\" rel=\"noopener\">Acc\u00e9der au volume<\/a> sur <b>GoogleBooks<\/b><\/p>\n<p><b> 880631<\/b><br \/>\nSimon Barth\u00e9lemy Joseph No\u00ebl de La Morini\u00e8re<br \/>\n<i> L&rsquo;invitation. \u00c9p\u00eetre \u00e0 mademoiselle R. de V. G***.<\/i><br \/>\nJuin 1788, Tome VI, p. 289-291<br \/>\n<a href=\"http:\/\/books.google.be\/books?id=kJgUAAAAQAAJ&amp;printsec=frontcover&amp;dq=editions:0H97A3Z5QJXMDoF3M&amp;lr=&amp;hl=fr\" target=\"_blank\" rel=\"noopener\">Acc\u00e9der au volume<\/a> sur <b>GoogleBooks<\/b><\/p>\n<p><b> 880701<\/b><br \/>\nPlutarque<br \/>\n<i> \u0152uvres morales; traduites en fran\u00e7ais; par M. l&rsquo;abb\u00e9 Ricard<\/i><br \/>\nJuillet 1788, Tome VII, p. 3-42<br \/>\n(Journal g\u00e9n\u00e9ral de France; Journal encyclop\u00e9dique; Journal des savants; Journal de Paris; Ann\u00e9e litt\u00e9raire)<br \/>\n<a href=\"http:\/\/books.google.fr\/books?id=8LwUAAAAQAAJ&amp;printsec=frontcover&amp;dq=editions:02ME5FWofkIzMY&amp;lr=&amp;as_brr=1\" target=\"_blank\" rel=\"noopener\">Acc\u00e9der au volume<\/a> sur <b>GoogleBooks<\/b><\/p>\n<p style=\"text-align: justify;\"><b> 880702<\/b>[Pierre-David Satur]\n<i> Moyen propos\u00e9 \u00e0 la France pour r\u00e9tablir l&rsquo;\u00e9quilibre dans les finances, pour \u00e9tendre la circulation dans tout le royaume, pour perfectionner l&rsquo;agriculture, pour redoubler l&rsquo;activit\u00e9 du commerce et de l&rsquo;industrie<\/i><br \/>\nJuillet 1788, Tome VII, p. 43-55<br \/>\n(Mercure de France)<br \/>\n<a href=\"http:\/\/books.google.fr\/books?id=8LwUAAAAQAAJ&amp;printsec=frontcover&amp;dq=editions:02ME5FWofkIzMY&amp;lr=&amp;as_brr=1\" target=\"_blank\" rel=\"noopener\">Acc\u00e9der au volume<\/a> sur <b>GoogleBooks<\/b><\/p>\n<p><b> 880703<\/b><br \/>\nPierre Jean-Baptiste Legrand d&rsquo;Aussy<br \/>\n<i> Voyage d&rsquo;Auvergne<\/i><br \/>\nJuillet 1788, Tome VII, p. 56-81<br \/>\n(Journal de Paris; Journal g\u00e9n\u00e9ral de France)<br \/>\n<a href=\"http:\/\/books.google.fr\/books?id=8LwUAAAAQAAJ&amp;printsec=frontcover&amp;dq=editions:02ME5FWofkIzMY&amp;lr=&amp;as_brr=1\" target=\"_blank\" rel=\"noopener\">Acc\u00e9der au volume<\/a> sur <b>GoogleBooks<\/b><\/p>\n<p><b> 880704<\/b><br \/>\nTimothy Dwight<br \/>\n<i> The conquest of Canaan, &amp;c. La conqu\u00eate de Canaan : po\u00e8me en onze chants<\/i><br \/>\nJuillet 1788, Tome VII, p. 81-93<br \/>\n(European magazine)<br \/>\n<a href=\"http:\/\/books.google.fr\/books?id=8LwUAAAAQAAJ&amp;printsec=frontcover&amp;dq=editions:02ME5FWofkIzMY&amp;lr=&amp;as_brr=1\" target=\"_blank\" rel=\"noopener\">Acc\u00e9der au volume<\/a> sur <b>GoogleBooks<\/b><\/p>\n<p><b> 880705<\/b><br \/>\nLi\u00e9vin-Bonaventure Proyart<br \/>\n<i> Vie de M. d&rsquo;Orl\u00e9ans de la Motte, \u00e9v\u00eaque d&rsquo;Amiens, d\u00e9di\u00e9e \u00e0 Mgr. l&rsquo;archev\u00eaque de Sens, principal ministre<\/i><br \/>\nJuillet 1788, Tome VII, p. 94-111<br \/>\n(Ann\u00e9e litt\u00e9raire)<br \/>\n<a href=\"http:\/\/books.google.fr\/books?id=8LwUAAAAQAAJ&amp;printsec=frontcover&amp;dq=editions:02ME5FWofkIzMY&amp;lr=&amp;as_brr=1\" target=\"_blank\" rel=\"noopener\">Acc\u00e9der au volume<\/a> sur <b>GoogleBooks<\/b><\/p>\n<p style=\"text-align: justify;\"><b> 880706<\/b><br \/>\nEberhard August Wilhelm von Zimmermann<br \/>\n<i> Geographische historie van der mensch en der alom, &amp;c. Histoire g\u00e9ographique de l&rsquo;homme, et des quadrup\u00e8des, r\u00e9pandus sur la terre, traduite de l&rsquo;allemand en hollandais, par M. P. Boddaert<br \/>\n<\/i> Juillet 1788, Tome VII, p. 112-138<br \/>\n(Traduit du journal d&rsquo;Amsterdam, intitul\u00e9 : de Recensent)<br \/>\n<a href=\"http:\/\/books.google.fr\/books?id=8LwUAAAAQAAJ&amp;printsec=frontcover&amp;dq=editions:02ME5FWofkIzMY&amp;lr=&amp;as_brr=1\" target=\"_blank\" rel=\"noopener\">Acc\u00e9der au volume<\/a> sur <b>GoogleBooks<\/b><\/p>\n<p style=\"text-align: justify;\"><b> 880707<\/b><br \/>\nHenri-Jean-Baptiste de Bousmard<br \/>\n<i> M\u00e9moire sur cette question : Quels seraient les moyens compatibles avec les bonnes m\u0153urs, d&rsquo;assurer la conservation des b\u00e2tards, et d&rsquo;en tirer une plus grande utilit\u00e9 pour l&rsquo;\u00e9tat? Ouvrage qui a remport\u00e9 le prix de la soci\u00e9t\u00e9 royale des sciences et des arts de Metz en 1787<\/i><br \/>\nJuillet 1788, Tome VII, p. 139-148<br \/>\n(Mercure de France; Journal de Paris)<br \/>\n<a href=\"http:\/\/books.google.fr\/books?id=8LwUAAAAQAAJ&amp;printsec=frontcover&amp;dq=editions:02ME5FWofkIzMY&amp;lr=&amp;as_brr=1\" target=\"_blank\" rel=\"noopener\">Acc\u00e9der au volume<\/a> sur <b>GoogleBooks<\/b><\/p>\n<p style=\"text-align: justify;\"><b> 880708<\/b><br \/>\nDavid Ramsay (USA)<br \/>\n<i> The history of the revolution, &amp;c. Histoire de la r\u00e9volution de la Caroline m\u00e9ridionale, devenue d&rsquo;une province anglaise, un \u00e9tat ind\u00e9pendant<\/i><br \/>\nJuillet 1788, Tome VII, p. 149-157<br \/>\n(English review)<br \/>\n<a href=\"http:\/\/books.google.fr\/books?id=8LwUAAAAQAAJ&amp;printsec=frontcover&amp;dq=editions:02ME5FWofkIzMY&amp;lr=&amp;as_brr=1\" target=\"_blank\" rel=\"noopener\">Acc\u00e9der au volume<\/a> sur <b>GoogleBooks<\/b><\/p>\n<p style=\"text-align: justify;\"><b> 880709<\/b><br \/>\nPietro Napoli Signorelli<br \/>\n<i> Vicende della coltura delle due, &amp;c. R\u00e9volutions de la culture de l&rsquo;esprit dans les Deux-Siciles; ou histoire raisonn\u00e9e de la l\u00e9gislation, de la politique, des lettres, du commerce, des arts, et des spectacles de ce royaume, depuis l&rsquo;\u00e9tablissement des colonies \u00e9trang\u00e8res jusqu&rsquo;\u00e0 nous<\/i><br \/>\nJuillet 1788, Tome VII, p. 158-163<br \/>\n(Effemeridi letterarie di Roma)<br \/>\n<a href=\"http:\/\/books.google.fr\/books?id=8LwUAAAAQAAJ&amp;printsec=frontcover&amp;dq=editions:02ME5FWofkIzMY&amp;lr=&amp;as_brr=1\" target=\"_blank\" rel=\"noopener\">Acc\u00e9der au volume<\/a> sur <b>GoogleBooks<\/b><\/p>\n<p style=\"text-align: justify;\"><b> 880710<\/b><br \/>\nJacobus Langebeck \/ Peter Friderich Suhm<br \/>\n<i> Scriptores rerum Danicarum medii aevi, &amp;c. Les \u00e9crivains de Danemark du moyen-\u00e2ge, dont une partie n&rsquo;avait point encore \u00e9t\u00e9 imprim\u00e9e, et l&rsquo;autre l&rsquo;est plus correctement, recueillis et orn\u00e9s de notes; par M. Langebek, revus apr\u00e8s sa mort et aussi orn\u00e9s de notes; par M. Pierre Fr\u00e9d\u00e9ric Suhm. Tom. VI<\/i><br \/>\nJuillet 1788, Tome VII, p. 163-202<br \/>\n<a href=\"http:\/\/books.google.fr\/books?id=8LwUAAAAQAAJ&amp;printsec=frontcover&amp;dq=editions:02ME5FWofkIzMY&amp;lr=&amp;as_brr=1\" target=\"_blank\" rel=\"noopener\">Acc\u00e9der au volume<\/a> sur <b>GoogleBooks<\/b><\/p>\n<p><b> 880711<\/b><br \/>\n<i> La philosophie d&rsquo;une femme<\/i><br \/>\nJuillet 1788, Tome VII, p. 203-208<br \/>\n(Journal encyclop\u00e9dique)<br \/>\n<a href=\"http:\/\/books.google.fr\/books?id=8LwUAAAAQAAJ&amp;printsec=frontcover&amp;dq=editions:02ME5FWofkIzMY&amp;lr=&amp;as_brr=1\" target=\"_blank\" rel=\"noopener\">Acc\u00e9der au volume<\/a> sur <b>GoogleBooks<\/b><\/p>\n<p><b> 880712<\/b><br \/>\n<i> Memorie della societ\u00e0 agraria. M\u00e9moires de la soci\u00e9t\u00e9 agraire de Turin<\/i><br \/>\nJuillet 1788, Tome VII, p. 208-211<br \/>\n(Novelle letterarie di Firenze)<br \/>\n<a href=\"http:\/\/books.google.fr\/books?id=8LwUAAAAQAAJ&amp;printsec=frontcover&amp;dq=editions:02ME5FWofkIzMY&amp;lr=&amp;as_brr=1\" target=\"_blank\" rel=\"noopener\">Acc\u00e9der au volume<\/a> sur <b>GoogleBooks<\/b><\/p>\n<p><b> 880713<\/b><br \/>\nC****** [Jacques Cazotte]\n<i> \u0152uvres badines et morales. Tome 3e<\/i><br \/>\nJuillet 1788, Tome VII, p. 211-220<br \/>\n(Journal encyclop\u00e9dique)<br \/>\n<a href=\"http:\/\/books.google.fr\/books?id=8LwUAAAAQAAJ&amp;printsec=frontcover&amp;dq=editions:02ME5FWofkIzMY&amp;lr=&amp;as_brr=1\" target=\"_blank\" rel=\"noopener\">Acc\u00e9der au volume<\/a> sur <b>GoogleBooks<\/b><\/p>\n<p style=\"text-align: justify;\"><b> 880714<\/b><br \/>\nPrudence<br \/>\n<i> Aurelii Prudentii Clementis V. C. opera omnia nunc primum cum codd. Vaticanis collata, praesatione, variantibus lectionibus notis, ac rerum verborumque locupletissimo indice aucta &amp; illustrata<\/i><br \/>\nJuillet 1788, Tome VII, p. 220-223<br \/>\n(Effemeridi letterarie di Roma)<br \/>\n<a href=\"http:\/\/books.google.fr\/books?id=8LwUAAAAQAAJ&amp;printsec=frontcover&amp;dq=editions:02ME5FWofkIzMY&amp;lr=&amp;as_brr=1\" target=\"_blank\" rel=\"noopener\">Acc\u00e9der au volume<\/a> sur <b>GoogleBooks<\/b><\/p>\n<p><b> 880715<\/b><br \/>\n\u00c9tienne-Charles de Lom\u00e9nie de Brienne<br \/>\n<i> Compte rendu au roi, au mois de mars 1788, et publi\u00e9 par ses ordres<\/i><br \/>\nJuillet 1788, Tome VII, p. 224-236<br \/>\n(Journal g\u00e9n\u00e9ral de France; Journal de Paris; Journal encyclop\u00e9dique)<br \/>\n<a href=\"http:\/\/books.google.fr\/books?id=8LwUAAAAQAAJ&amp;printsec=frontcover&amp;dq=editions:02ME5FWofkIzMY&amp;lr=&amp;as_brr=1\" target=\"_blank\" rel=\"noopener\">Acc\u00e9der au volume<\/a> sur <b>GoogleBooks<\/b><\/p>\n<p><b> 880716<\/b><br \/>\nLouis de Fontanes<br \/>\n<i> Le verger<\/i><br \/>\nJuillet 1788, Tome VII, p. 237-242<br \/>\n(Journal de Paris)<br \/>\n<a href=\"http:\/\/books.google.fr\/books?id=8LwUAAAAQAAJ&amp;printsec=frontcover&amp;dq=editions:02ME5FWofkIzMY&amp;lr=&amp;as_brr=1\" target=\"_blank\" rel=\"noopener\">Acc\u00e9der au volume<\/a> sur <b>GoogleBooks<\/b><\/p>\n<p><b> 880717<\/b><br \/>\nC\u2026<br \/>\n<i> Histoire d&rsquo;Okano, Fragment d&rsquo;un voyage \u00e0 St. Domingue<\/i><br \/>\nJuillet 1788, Tome VII, p. 243-257<br \/>\n(Mercure de France)<br \/>\n<a href=\"http:\/\/books.google.fr\/books?id=8LwUAAAAQAAJ&amp;printsec=frontcover&amp;dq=editions:02ME5FWofkIzMY&amp;lr=&amp;as_brr=1\" target=\"_blank\" rel=\"noopener\">Acc\u00e9der au volume<\/a> sur <b>GoogleBooks<\/b><\/p>\n<p><b> 880718<\/b><br \/>\n<i> Lettre d&rsquo;un voyageur en Russie<\/i><br \/>\nJuillet 1788, Tome VII, p. 258-280<br \/>\n(Historisches Porte-feuille)<br \/>\n<a href=\"http:\/\/books.google.fr\/books?id=8LwUAAAAQAAJ&amp;printsec=frontcover&amp;dq=editions:02ME5FWofkIzMY&amp;lr=&amp;as_brr=1\" target=\"_blank\" rel=\"noopener\">Acc\u00e9der au volume<\/a> sur <b>GoogleBooks<\/b><\/p>\n<p><b> 880719<\/b><br \/>\nJean Louis Mallet<br \/>\n<i> Trenck et Fr\u00e9d\u00e9ric II. Dialogue<\/i><br \/>\nJuillet 1788, Tome VII, p. 281-285<br \/>\n(Ann\u00e9e litt\u00e9raire)<br \/>\n<a href=\"http:\/\/books.google.fr\/books?id=8LwUAAAAQAAJ&amp;printsec=frontcover&amp;dq=editions:02ME5FWofkIzMY&amp;lr=&amp;as_brr=1\" target=\"_blank\" rel=\"noopener\">Acc\u00e9der au volume<\/a> sur <b>GoogleBooks<\/b><\/p>\n<p style=\"text-align: justify;\"><b> 880720<\/b><br \/>\n<i> Lettre de M. l&rsquo;abb\u00e9 Francesco Fontani, biblioth\u00e9caire de la Ricardiana, \u00e0 M. Gio. Gaspero Menabuoni, un des biblioth\u00e9caires de la Magliabechiana, en date du 4 mars 1788 (traduite de l&rsquo;italien)<\/i><br \/>\nJuillet 1788, Tome VII, p. 285-290<br \/>\n(Novelle letterarie di Firenze)<br \/>\n<a href=\"http:\/\/books.google.fr\/books?id=8LwUAAAAQAAJ&amp;printsec=frontcover&amp;dq=editions:02ME5FWofkIzMY&amp;lr=&amp;as_brr=1\" target=\"_blank\" rel=\"noopener\">Acc\u00e9der au volume<\/a> sur <b>GoogleBooks<\/b><\/p>\n<p><b> 880721<\/b><br \/>\nR\u00e9gis Rey de Cazillac<br \/>\n<i> Suite du coup-d&rsquo;\u0153il philosophique sur le langage. Fragment, adress\u00e9 aux r\u00e9dacteurs du Journal<\/i><br \/>\nJuillet 1788, Tome VII, p. 290-302<br \/>\n<a href=\"http:\/\/books.google.fr\/books?id=8LwUAAAAQAAJ&amp;printsec=frontcover&amp;dq=editions:02ME5FWofkIzMY&amp;lr=&amp;as_brr=1\" target=\"_blank\" rel=\"noopener\">Acc\u00e9der au volume<\/a> sur <b>GoogleBooks<\/b><\/p>\n<p><b> 880722<\/b><br \/>\nBoncerf<br \/>\n<i> Lettre aux r\u00e9dacteurs de l&rsquo;Esprit des Journaux<\/i><br \/>\nJuillet 1788, Tome VII, p. 303-307<br \/>\n<a href=\"http:\/\/books.google.fr\/books?id=8LwUAAAAQAAJ&amp;printsec=frontcover&amp;dq=editions:02ME5FWofkIzMY&amp;lr=&amp;as_brr=1\" target=\"_blank\" rel=\"noopener\">Acc\u00e9der au volume<\/a> sur <b>GoogleBooks<\/b><\/p>\n<p><b> 880723<\/b><br \/>\nJean Philippe de Limbourg<br \/>\n<i> Observations ult\u00e9rieurs sur les eaux de Tongres et de Spa<\/i><br \/>\nJuillet 1788, Tome VII, p. 307-324<br \/>\n<a href=\"http:\/\/books.google.fr\/books?id=8LwUAAAAQAAJ&amp;printsec=frontcover&amp;dq=editions:02ME5FWofkIzMY&amp;lr=&amp;as_brr=1\" target=\"_blank\" rel=\"noopener\">Acc\u00e9der au volume<\/a> sur <b>GoogleBooks<\/b><\/p>\n<p><b> 880724<\/b><br \/>\nBert de Pasci<br \/>\n<i> Imitation libre de l&rsquo;ode d&rsquo;Horace<\/i><br \/>\nJuillet 1788, Tome VII, p. 325-330<br \/>\n<a href=\"http:\/\/books.google.fr\/books?id=8LwUAAAAQAAJ&amp;printsec=frontcover&amp;dq=editions:02ME5FWofkIzMY&amp;lr=&amp;as_brr=1\" target=\"_blank\" rel=\"noopener\">Acc\u00e9der au volume<\/a> sur <b>GoogleBooks<\/b><\/p>\n<p><b> 880725<\/b><br \/>\nJean-Pierre Claris de Florian<br \/>\n<i> Le rossignol et le prince, Fable<\/i><br \/>\nJuillet 1788, Tome VII, p. 330-331<br \/>\n<a href=\"http:\/\/books.google.fr\/books?id=8LwUAAAAQAAJ&amp;printsec=frontcover&amp;dq=editions:02ME5FWofkIzMY&amp;lr=&amp;as_brr=1\" target=\"_blank\" rel=\"noopener\">Acc\u00e9der au volume<\/a> sur <b>GoogleBooks<\/b><\/p>\n<p style=\"text-align: justify;\"><b> 880726<\/b><br \/>\nFranz von Hartig<br \/>\n<i> R\u00e9ponse \u00e0 M. de Casanova, sur un compliment fait en beaux vers, apr\u00e8s la lecture de mon \u00e9p\u00eetre sur le plaisir de voyager<\/i><br \/>\nJuillet 1788, Tome VII, p. 331-332<br \/>\n<a href=\"http:\/\/books.google.fr\/books?id=8LwUAAAAQAAJ&amp;printsec=frontcover&amp;dq=editions:02ME5FWofkIzMY&amp;lr=&amp;as_brr=1\" target=\"_blank\" rel=\"noopener\">Acc\u00e9der au volume<\/a> sur <b>GoogleBooks<\/b><\/p>\n<p><b> 880727<\/b><br \/>\nJean Louis Mallet<br \/>\n<i> Le songe<\/i><br \/>\nJuillet 1788, Tome VII, p. 332<br \/>\n<a href=\"http:\/\/books.google.fr\/books?id=8LwUAAAAQAAJ&amp;printsec=frontcover&amp;dq=editions:02ME5FWofkIzMY&amp;lr=&amp;as_brr=1\" target=\"_blank\" rel=\"noopener\">Acc\u00e9der au volume<\/a> sur <b>GoogleBooks<\/b><\/p>\n<p><b> 880728<\/b><br \/>\nSimon Barth\u00e9lemy Joseph No\u00ebl de La Morini\u00e8re<br \/>\n<i> Le testament de Gr\u00e9goire. Conte<\/i><br \/>\nJuillet 1788, Tome VII, p. 333-334<br \/>\n<a href=\"http:\/\/books.google.fr\/books?id=8LwUAAAAQAAJ&amp;printsec=frontcover&amp;dq=editions:02ME5FWofkIzMY&amp;lr=&amp;as_brr=1\" target=\"_blank\" rel=\"noopener\">Acc\u00e9der au volume<\/a> sur <b>GoogleBooks<\/b><\/p>\n<p><b> 880729<\/b><br \/>\nMarquis de C***. V***.<br \/>\n<i> L&rsquo;\u00e2ne et la rose, Fable<\/i><br \/>\nJuillet 1788, Tome VII, p. 335<br \/>\n<a href=\"http:\/\/books.google.fr\/books?id=8LwUAAAAQAAJ&amp;printsec=frontcover&amp;dq=editions:02ME5FWofkIzMY&amp;lr=&amp;as_brr=1\" target=\"_blank\" rel=\"noopener\">Acc\u00e9der au volume<\/a> sur <b>GoogleBooks<\/b><\/p>\n<p><b> 880730<\/b><br \/>\nJames de Saint-L\u00e9ger<br \/>\n<i> Le Gascon reconnu, Conte<\/i><br \/>\nJuillet 1788, Tome VII, p. 336<br \/>\n<a href=\"http:\/\/books.google.fr\/books?id=8LwUAAAAQAAJ&amp;printsec=frontcover&amp;dq=editions:02ME5FWofkIzMY&amp;lr=&amp;as_brr=1\" target=\"_blank\" rel=\"noopener\">Acc\u00e9der au volume<\/a> sur <b>GoogleBooks<\/b><\/p>\n<p><b> 880731<\/b><br \/>\nLe petit Vieillard<br \/>\n<i> Moralit\u00e9<\/i><br \/>\nJuillet 1788, Tome VII, p. 337<br \/>\n<a href=\"http:\/\/books.google.fr\/books?id=8LwUAAAAQAAJ&amp;printsec=frontcover&amp;dq=editions:02ME5FWofkIzMY&amp;lr=&amp;as_brr=1\" target=\"_blank\" rel=\"noopener\">Acc\u00e9der au volume<\/a> sur <b>GoogleBooks<\/b><\/p>\n<p><b> 880732<\/b><br \/>\nFran\u00e7ois de Neufch\u00e2teau<br \/>\n<i> Les contre-v\u00e9rit\u00e9s. \u00c9p\u00eetre \u00e0 Mlle. de Garcins<\/i><br \/>\nJuillet 1788, Tome VII, p. 337<br \/>\n<a href=\"http:\/\/books.google.fr\/books?id=8LwUAAAAQAAJ&amp;printsec=frontcover&amp;dq=editions:02ME5FWofkIzMY&amp;lr=&amp;as_brr=1\" target=\"_blank\" rel=\"noopener\">Acc\u00e9der au volume<\/a> sur <b>GoogleBooks<\/b><\/p>\n<p><b> 880801<\/b>[Gabriel S\u00e9nac de Meilhan]\n<i> Consid\u00e9rations sur l&rsquo;esprit et les m\u0153urs<\/i><br \/>\nAo\u00fbt 1788, Tome VIII, p. 3-52<br \/>\n(Ann\u00e9e litt\u00e9raire; Journal de Paris; Journal g\u00e9n\u00e9ral de France)<br \/>\n<a href=\"http:\/\/books.google.be\/books?id=spgUAAAAQAAJ&amp;printsec=frontcover&amp;dq=editions:0WIMceFo3xOrgOJMJ&amp;lr=&amp;as_brr=1&amp;hl=fr\" target=\"_blank\" rel=\"noopener\">Acc\u00e9der au volume<\/a> sur <b>GoogleBooks<\/b><\/p>\n<p><b> 880802<\/b><br \/>\n\u00c9tienne de Lac\u00e9p\u00e8de<br \/>\n<i> Histoire naturelle des quadrup\u00e8des ovipares et des serpents<\/i><br \/>\nAo\u00fbt 1788, Tome VIII, p. 52-83<br \/>\n(Journal des savants; Journal encyclop\u00e9dique; Ann\u00e9e litt\u00e9raire; Gazette de sant\u00e9; Journal de Paris)<br \/>\n<a href=\"http:\/\/books.google.be\/books?id=spgUAAAAQAAJ&amp;printsec=frontcover&amp;dq=editions:0WIMceFo3xOrgOJMJ&amp;lr=&amp;as_brr=1&amp;hl=fr\" target=\"_blank\" rel=\"noopener\">Acc\u00e9der au volume<\/a> sur <b>GoogleBooks<\/b><\/p>\n<p><b> 880803<\/b><br \/>\nGian-Pietro Florio<br \/>\n<i> Dissertazione medico-politica a favore, &amp;c. Dissertation m\u00e9dico-politique en faveur des gens de la campagne<\/i><br \/>\nAo\u00fbt 1788, Tome VIII, p. 83-90<br \/>\n(Giornale encyclopedico di Vicenza)<br \/>\n<a href=\"http:\/\/books.google.be\/books?id=spgUAAAAQAAJ&amp;printsec=frontcover&amp;dq=editions:0WIMceFo3xOrgOJMJ&amp;lr=&amp;as_brr=1&amp;hl=fr\" target=\"_blank\" rel=\"noopener\">Acc\u00e9der au volume<\/a> sur <b>GoogleBooks<\/b><\/p>\n<p><b> 880804<\/b><br \/>\nHenry Swinburne<br \/>\n<i> Travels in the two Sicilies, &amp;c. Voyages dans les deux Siciles, en 1777, 1778, 1779 et 1780. Vol. II<\/i><br \/>\nAo\u00fbt 1788, Tome VIII, p. 90-102<br \/>\n(Monthly review)<br \/>\n<a href=\"http:\/\/books.google.be\/books?id=spgUAAAAQAAJ&amp;printsec=frontcover&amp;dq=editions:0WIMceFo3xOrgOJMJ&amp;lr=&amp;as_brr=1&amp;hl=fr\" target=\"_blank\" rel=\"noopener\">Acc\u00e9der au volume<\/a> sur <b>GoogleBooks<\/b><\/p>\n<p style=\"text-align: justify;\"><b> 880805<\/b><br \/>\nJosse Le Plat<br \/>\n<i> Monumentorum ad historiam Concilii Tridentini potissimum illustrandam spectantium amplisssima collectio. Tr\u00e8s ample collection de monuments concernant l&rsquo;histoire du concile de Trente, et particuli\u00e8rement propres \u00e0 l&rsquo;\u00e9claircir. Tom. I-VIII<\/i><br \/>\nAo\u00fbt 1788, Tome VIII, p. 102-128<br \/>\n<a href=\"http:\/\/books.google.be\/books?id=spgUAAAAQAAJ&amp;printsec=frontcover&amp;dq=editions:0WIMceFo3xOrgOJMJ&amp;lr=&amp;as_brr=1&amp;hl=fr\" target=\"_blank\" rel=\"noopener\">Acc\u00e9der au volume<\/a> sur <b>GoogleBooks<\/b><\/p>\n<p><b> 880806<\/b><br \/>\nClaude Savary<br \/>\n<i> Lettres sur la Gr\u00e8ce, faisant suite de celles de l&rsquo;\u00c9gypte<\/i><br \/>\nAo\u00fbt 1788, Tome VIII, p. 129-135<br \/>\n(Journal g\u00e9n\u00e9ral de France)<br \/>\n<a href=\"http:\/\/books.google.be\/books?id=spgUAAAAQAAJ&amp;printsec=frontcover&amp;dq=editions:0WIMceFo3xOrgOJMJ&amp;lr=&amp;as_brr=1&amp;hl=fr\" target=\"_blank\" rel=\"noopener\">Acc\u00e9der au volume<\/a> sur <b>GoogleBooks<\/b><\/p>\n<p><b> 880807<\/b><br \/>\nFrancesco Maria Franceschinis<br \/>\n<i> Institutionum politicarum Elementa<\/i><br \/>\nAo\u00fbt 1788, Tome VIII, p. 136-143<br \/>\n(Effemeridi letterarie di Roma)<br \/>\n<a href=\"http:\/\/books.google.be\/books?id=spgUAAAAQAAJ&amp;printsec=frontcover&amp;dq=editions:0WIMceFo3xOrgOJMJ&amp;lr=&amp;as_brr=1&amp;hl=fr\" target=\"_blank\" rel=\"noopener\">Acc\u00e9der au volume<\/a> sur <b>GoogleBooks<\/b><\/p>\n<p><b> 880808<\/b><br \/>\n\u00c9tienne Fran\u00e7ois de Lantier<br \/>\n<i> Erminie, po\u00e8me en trois chants<\/i><br \/>\nAo\u00fbt 1788, Tome VIII, p. 143-151<br \/>\n(Mercure de France; Journal de Paris)<br \/>\n<a href=\"http:\/\/books.google.be\/books?id=spgUAAAAQAAJ&amp;printsec=frontcover&amp;dq=editions:0WIMceFo3xOrgOJMJ&amp;lr=&amp;as_brr=1&amp;hl=fr\" target=\"_blank\" rel=\"noopener\">Acc\u00e9der au volume<\/a> sur <b>GoogleBooks<\/b><\/p>\n<p><b> 880809<\/b><br \/>\nGiuseppe Maria Galanti<br \/>\n<i> Nuova descrizione istorica e geografica, &amp;c. Nouvelle description historique et g\u00e9ographique des Deux-Siciles<\/i><br \/>\nAo\u00fbt 1788, Tome VIII, p. 151-155<br \/>\n(Giornale enciclopedico di Vicenza)<br \/>\n<a href=\"http:\/\/books.google.be\/books?id=spgUAAAAQAAJ&amp;printsec=frontcover&amp;dq=editions:0WIMceFo3xOrgOJMJ&amp;lr=&amp;as_brr=1&amp;hl=fr\" target=\"_blank\" rel=\"noopener\">Acc\u00e9der au volume<\/a> sur <b>GoogleBooks<\/b><\/p>\n<p style=\"text-align: justify;\"><b> 880810<\/b>[Joseph Robertson]\n<i> The Parian chronicle, &amp;c. La chronique de Paros; ou la chronique des marbres Arundeliens, avec une dissertation touchant leur authenticit\u00e9<\/i><br \/>\nAo\u00fbt 1788, Tome VIII, p. 155-162<br \/>\n(English review)<br \/>\n<a href=\"http:\/\/books.google.be\/books?id=spgUAAAAQAAJ&amp;printsec=frontcover&amp;dq=editions:0WIMceFo3xOrgOJMJ&amp;lr=&amp;as_brr=1&amp;hl=fr\" target=\"_blank\" rel=\"noopener\">Acc\u00e9der au volume<\/a> sur <b>GoogleBooks<\/b><\/p>\n<p><b> 880811<\/b><br \/>\nMademoiselle Fontette de Sommery<br \/>\n<i> Lettres de Mlle. de Tourville \u00e0 Mde. la comtesse de Lenoncourt<\/i><br \/>\nAo\u00fbt 1788, Tome VIII, p. 162-173<br \/>\n(Mercure de France)<br \/>\n<a href=\"http:\/\/books.google.be\/books?id=spgUAAAAQAAJ&amp;printsec=frontcover&amp;dq=editions:0WIMceFo3xOrgOJMJ&amp;lr=&amp;as_brr=1&amp;hl=fr\" target=\"_blank\" rel=\"noopener\">Acc\u00e9der au volume<\/a> sur <b>GoogleBooks<\/b><\/p>\n<p><b> 880812<\/b><br \/>\nTom\u00e1s Serrano<br \/>\n<i> Carminum libri IV, opus posthumum. Accedit de ejusdem Serrani vita et litteris Michaelis Garciae commentarium<\/i><br \/>\nAo\u00fbt 1788, Tome VIII, p. 173-177<br \/>\n(Effemeridi letterarie di Roma)<br \/>\n<a href=\"http:\/\/books.google.be\/books?id=spgUAAAAQAAJ&amp;printsec=frontcover&amp;dq=editions:0WIMceFo3xOrgOJMJ&amp;lr=&amp;as_brr=1&amp;hl=fr\" target=\"_blank\" rel=\"noopener\">Acc\u00e9der au volume<\/a> sur <b>GoogleBooks<\/b><\/p>\n<p><b> 880813<\/b><br \/>\nGeorg Zoega<br \/>\n<i> Numi Aegyptii imperatorii prostantes in museo Borgiano Velitris<\/i><br \/>\nAo\u00fbt 1788, Tome VIII, p. 177-180<br \/>\n(Effemeridi letterarie di Roma)<br \/>\n<a href=\"http:\/\/books.google.be\/books?id=spgUAAAAQAAJ&amp;printsec=frontcover&amp;dq=editions:0WIMceFo3xOrgOJMJ&amp;lr=&amp;as_brr=1&amp;hl=fr\" target=\"_blank\" rel=\"noopener\">Acc\u00e9der au volume<\/a> sur <b>GoogleBooks<\/b><\/p>\n<p style=\"text-align: justify;\"><b> 880814<\/b><br \/>\nAntoine-Athanase Roux de Laborie<br \/>\n<i> \u00c9loge de Guillaume d&rsquo;Estouteville, cardinal-archev\u00eaque de Rouen, l\u00e9gat du saint-si\u00e8ge sous Charles VII; discours couronn\u00e9 \u00e0 Rouen, le 6 mars 1788<\/i><br \/>\nAo\u00fbt 1788, Tome VIII, p. 181-195<br \/>\n(Ann\u00e9e litt\u00e9raire; Journal encyclop\u00e9dique)<br \/>\n<a href=\"http:\/\/books.google.be\/books?id=spgUAAAAQAAJ&amp;printsec=frontcover&amp;dq=editions:0WIMceFo3xOrgOJMJ&amp;lr=&amp;as_brr=1&amp;hl=fr\" target=\"_blank\" rel=\"noopener\">Acc\u00e9der au volume<\/a> sur <b>GoogleBooks<\/b><\/p>\n<p style=\"text-align: justify;\"><b> 880815<\/b><br \/>\nSamuel de Constant de Rebecque<br \/>\n<i>Recueil de pi\u00e8ces dialogu\u00e9es, ou guenilles dramatiques, ramass\u00e9es dans une petite ville de Suisse; par l&rsquo;auteur de Camille, Laure, &amp;c.<\/i><br \/>\nAo\u00fbt 1788, Tome VIII, p. 196-204<br \/>\n(Ann\u00e9e litt\u00e9raire)<br \/>\n<a href=\"http:\/\/books.google.be\/books?id=spgUAAAAQAAJ&amp;printsec=frontcover&amp;dq=editions:0WIMceFo3xOrgOJMJ&amp;lr=&amp;as_brr=1&amp;hl=fr\" target=\"_blank\" rel=\"noopener\">Acc\u00e9der au volume<\/a> sur <b>GoogleBooks<\/b><\/p>\n<p style=\"text-align: justify;\"><b> 880816<\/b><br \/>\nFilippo de Carolis<br \/>\n<i> Riposta del doctor, &amp;c. R\u00e9ponse du docteur Filippo de Carolis, de Ravenne, au docteur Ilario Andrea Piccioni, sur la question si la phtisie est contagieuse ou non<\/i><br \/>\nAo\u00fbt 1788, Tome VIII, p. 204-207<br \/>\n(Effemeridi letterarie di Roma)<br \/>\n<a href=\"http:\/\/books.google.be\/books?id=spgUAAAAQAAJ&amp;printsec=frontcover&amp;dq=editions:0WIMceFo3xOrgOJMJ&amp;lr=&amp;as_brr=1&amp;hl=fr\" target=\"_blank\" rel=\"noopener\">Acc\u00e9der au volume<\/a> sur <b>GoogleBooks<\/b><\/p>\n<p><b> 880817<\/b><br \/>\n<i> Maximes, bons mots, anecdotes, extraits d&rsquo;un ouvrage nouveau, destin\u00e9 \u00e0 l&rsquo;instruction d&rsquo;un prince \u00e9tranger<\/i><br \/>\nAo\u00fbt 1788, Tome VIII, p. 208-219<br \/>\n(Journal encyclop\u00e9dique)<br \/>\n<a href=\"http:\/\/books.google.be\/books?id=spgUAAAAQAAJ&amp;printsec=frontcover&amp;dq=editions:0WIMceFo3xOrgOJMJ&amp;lr=&amp;as_brr=1&amp;hl=fr\" target=\"_blank\" rel=\"noopener\">Acc\u00e9der au volume<\/a> sur <b>GoogleBooks<\/b><\/p>\n<p><b> 880818<\/b><br \/>\nJean-Antoine-Nicolas de Caritat; marquis de Condorcet<br \/>\n<i> \u00c9loge de M. le marquis de Paulmy<\/i><br \/>\nAo\u00fbt 1788, Tome VIII, p. 219-224<br \/>\n(Journal de Paris)<br \/>\n<a href=\"http:\/\/books.google.be\/books?id=spgUAAAAQAAJ&amp;printsec=frontcover&amp;dq=editions:0WIMceFo3xOrgOJMJ&amp;lr=&amp;as_brr=1&amp;hl=fr\" target=\"_blank\" rel=\"noopener\">Acc\u00e9der au volume<\/a> sur <b>GoogleBooks<\/b><\/p>\n<p><b> 880819<\/b><br \/>\n<i> Mort de M. Vogel<\/i><br \/>\nAo\u00fbt 1788, Tome VIII, p. 224-226<br \/>\n(Journal de Paris)<br \/>\n<a href=\"http:\/\/books.google.be\/books?id=spgUAAAAQAAJ&amp;printsec=frontcover&amp;dq=editions:0WIMceFo3xOrgOJMJ&amp;lr=&amp;as_brr=1&amp;hl=fr\" target=\"_blank\" rel=\"noopener\">Acc\u00e9der au volume<\/a> sur <b>GoogleBooks<\/b><\/p>\n<p><b> 880820<\/b><br \/>\n<i> Essai d&rsquo;une histoire de la compagnie hollandaise des Indes orientales, traduit de l&rsquo;allemand du Portefeuille historique de Berlin<\/i><br \/>\nAo\u00fbt 1788, Tome VIII, p. 226-252<br \/>\n(Historisches porte-feuille)<br \/>\n<a href=\"http:\/\/books.google.be\/books?id=spgUAAAAQAAJ&amp;printsec=frontcover&amp;dq=editions:0WIMceFo3xOrgOJMJ&amp;lr=&amp;as_brr=1&amp;hl=fr\" target=\"_blank\" rel=\"noopener\">Acc\u00e9der au volume<\/a> sur <b>GoogleBooks<\/b><\/p>\n<p><b> 880821<\/b><br \/>\nM**. de la Pl***.<br \/>\n<i> Lettre sur l&rsquo;avarice<\/i><br \/>\nAo\u00fbt 1788, Tome VIII, p. 252-255<br \/>\n(Journal de Paris)<br \/>\n<a href=\"http:\/\/books.google.be\/books?id=spgUAAAAQAAJ&amp;printsec=frontcover&amp;dq=editions:0WIMceFo3xOrgOJMJ&amp;lr=&amp;as_brr=1&amp;hl=fr\" target=\"_blank\" rel=\"noopener\">Acc\u00e9der au volume<\/a> sur <b>GoogleBooks<\/b><\/p>\n<p><b> 880822<\/b><br \/>\n<i> Deuxi\u00e8me lettre sur l&rsquo;avarice<\/i><br \/>\nAo\u00fbt 1788, Tome VIII, p. 256-260<br \/>\n(Journal de Paris)<br \/>\n<a href=\"http:\/\/books.google.be\/books?id=spgUAAAAQAAJ&amp;printsec=frontcover&amp;dq=editions:0WIMceFo3xOrgOJMJ&amp;lr=&amp;as_brr=1&amp;hl=fr\" target=\"_blank\" rel=\"noopener\">Acc\u00e9der au volume<\/a> sur <b>GoogleBooks<\/b><\/p>\n<p><b> 880823<\/b><br \/>\nJean Philippe de Limbourg<br \/>\n<i> Suite des observations sur les eux de Tongres et de Spa<\/i><br \/>\nAo\u00fbt 1788, Tome VIII, p. 260-282<br \/>\n<a href=\"http:\/\/books.google.be\/books?id=spgUAAAAQAAJ&amp;printsec=frontcover&amp;dq=editions:0WIMceFo3xOrgOJMJ&amp;lr=&amp;as_brr=1&amp;hl=fr\" target=\"_blank\" rel=\"noopener\">Acc\u00e9der au volume<\/a> sur <b>GoogleBooks<\/b><\/p>\n<p><b> 880824<\/b><br \/>\n<i> Visite du roi aux Invalides, le 12 juin 1788<\/i><br \/>\nAo\u00fbt 1788, Tome VIII, p. 283-287<br \/>\n(Journal de Paris)<br \/>\n<a href=\"http:\/\/books.google.be\/books?id=spgUAAAAQAAJ&amp;printsec=frontcover&amp;dq=editions:0WIMceFo3xOrgOJMJ&amp;lr=&amp;as_brr=1&amp;hl=fr\" target=\"_blank\" rel=\"noopener\">Acc\u00e9der au volume<\/a> sur <b>GoogleBooks<\/b><\/p>\n<p><b> 880825<\/b><br \/>\n<i> Visite de la reine aux Invalides, le 23 juin<\/i><br \/>\nAo\u00fbt 1788, Tome VIII, p. 287-291<br \/>\n(Journal de Paris)<br \/>\n<a href=\"http:\/\/books.google.be\/books?id=spgUAAAAQAAJ&amp;printsec=frontcover&amp;dq=editions:0WIMceFo3xOrgOJMJ&amp;lr=&amp;as_brr=1&amp;hl=fr\" target=\"_blank\" rel=\"noopener\">Acc\u00e9der au volume<\/a> sur <b>GoogleBooks<\/b><\/p>\n<p><b> 880826<\/b><br \/>\nAndr\u00e9-Hyacinthe Sabatier<br \/>\n<i> La religion appui des \u00e9tats, Ode<\/i><br \/>\nAo\u00fbt 1788, Tome VIII, p. 292-297<br \/>\n<a href=\"http:\/\/books.google.be\/books?id=spgUAAAAQAAJ&amp;printsec=frontcover&amp;dq=editions:0WIMceFo3xOrgOJMJ&amp;lr=&amp;as_brr=1&amp;hl=fr\" target=\"_blank\" rel=\"noopener\">Acc\u00e9der au volume<\/a> sur <b>GoogleBooks<\/b><\/p>\n<p><b> 880827<\/b><br \/>\nMarie-Emilie Mayon; Mme de Montanclos<br \/>\n<i> Stances plaintives<\/i><br \/>\nAo\u00fbt 1788, Tome VIII, p. 297-298<br \/>\n<a href=\"http:\/\/books.google.be\/books?id=spgUAAAAQAAJ&amp;printsec=frontcover&amp;dq=editions:0WIMceFo3xOrgOJMJ&amp;lr=&amp;as_brr=1&amp;hl=fr\" target=\"_blank\" rel=\"noopener\">Acc\u00e9der au volume<\/a> sur <b>GoogleBooks<\/b><\/p>\n<p><b> 880828<\/b><br \/>\nJean Louis Mallet<br \/>\n<i> Le mari indulgent, Conte<\/i><br \/>\nAo\u00fbt 1788, Tome VIII, p. 298-299<br \/>\n<a href=\"http:\/\/books.google.be\/books?id=spgUAAAAQAAJ&amp;printsec=frontcover&amp;dq=editions:0WIMceFo3xOrgOJMJ&amp;lr=&amp;as_brr=1&amp;hl=fr\" target=\"_blank\" rel=\"noopener\">Acc\u00e9der au volume<\/a> sur <b>GoogleBooks<\/b><\/p>\n<p><b> 880829<\/b><br \/>\nJean Louis Mallet<br \/>\n<i> La Suisse aux Tuileries<\/i><br \/>\nAo\u00fbt 1788, Tome VIII, p. 299<br \/>\n<a href=\"http:\/\/books.google.be\/books?id=spgUAAAAQAAJ&amp;printsec=frontcover&amp;dq=editions:0WIMceFo3xOrgOJMJ&amp;lr=&amp;as_brr=1&amp;hl=fr\" target=\"_blank\" rel=\"noopener\">Acc\u00e9der au volume<\/a> sur <b>GoogleBooks<\/b><\/p>\n<p><b> 880830<\/b><br \/>\nMichel de Cubi\u00e8res-Palm\u00e9zeaux<br \/>\n<i> \u00c9p\u00eetre \u00e0 M. le comte Fran\u00e7ois d&rsquo;Hartig, chambellan de l&#8217;empereur, sur la mort de M. le comte de Buffon<\/i><br \/>\nAo\u00fbt 1788, Tome VIII, p. 300-304<br \/>\n<a href=\"http:\/\/books.google.be\/books?id=spgUAAAAQAAJ&amp;printsec=frontcover&amp;dq=editions:0WIMceFo3xOrgOJMJ&amp;lr=&amp;as_brr=1&amp;hl=fr\" target=\"_blank\" rel=\"noopener\">Acc\u00e9der au volume<\/a> sur <b>GoogleBooks<\/b><\/p>\n<p><b> 880831<\/b><br \/>\nHonor\u00e9-Antoine Richaud-Martelly<br \/>\n<i> La pie, Fable<\/i><br \/>\nAo\u00fbt 1788, Tome VIII, p. 304-305<br \/>\n<a href=\"http:\/\/books.google.be\/books?id=spgUAAAAQAAJ&amp;printsec=frontcover&amp;dq=editions:0WIMceFo3xOrgOJMJ&amp;lr=&amp;as_brr=1&amp;hl=fr\" target=\"_blank\" rel=\"noopener\">Acc\u00e9der au volume<\/a> sur <b>GoogleBooks<\/b><\/p>\n<p><b> 880832<\/b><br \/>\nMadame de B**<br \/>\n<i> Ode anacr\u00e9ontique<\/i><br \/>\nAo\u00fbt 1788, Tome VIII, p. 305-306<br \/>\n<a href=\"http:\/\/books.google.be\/books?id=spgUAAAAQAAJ&amp;printsec=frontcover&amp;dq=editions:0WIMceFo3xOrgOJMJ&amp;lr=&amp;as_brr=1&amp;hl=fr\" target=\"_blank\" rel=\"noopener\">Acc\u00e9der au volume<\/a> sur <b>GoogleBooks<\/b><\/p>\n<p><b> 880833<\/b><br \/>\nJames de Saint-L\u00e9ger<br \/>\n<i> Les bons amis, Conte<\/i><br \/>\nAo\u00fbt 1788, Tome VIII, p. 307<br \/>\n<a href=\"http:\/\/books.google.be\/books?id=spgUAAAAQAAJ&amp;printsec=frontcover&amp;dq=editions:0WIMceFo3xOrgOJMJ&amp;lr=&amp;as_brr=1&amp;hl=fr\" target=\"_blank\" rel=\"noopener\">Acc\u00e9der au volume<\/a> sur <b>GoogleBooks<\/b><\/p>\n<p><b> 880834<\/b><br \/>\nJean-Fran\u00e7ois Collin d&rsquo;Harleville<br \/>\n<i> Les deux auteurs<\/i><br \/>\nAo\u00fbt 1788, Tome VIII, p. 307-308<br \/>\n<a href=\"http:\/\/books.google.be\/books?id=spgUAAAAQAAJ&amp;printsec=frontcover&amp;dq=editions:0WIMceFo3xOrgOJMJ&amp;lr=&amp;as_brr=1&amp;hl=fr\" target=\"_blank\" rel=\"noopener\">Acc\u00e9der au volume<\/a> sur <b>GoogleBooks<\/b><\/p>\n<p><b> 880901<\/b><br \/>\nHenri Bernardin de Saint-Pierre<br \/>\n\u00c9tudes de la nature<br \/>\nSeptembre 1788, Tome IX, p. 3-54<br \/>\n(Ann\u00e9e litt\u00e9raire; Journal de Paris; Mercure de France; Journal de Guyenne; Journal de Normandie)<br \/>\n<a href=\"http:\/\/books.google.be\/books?id=pZgUAAAAQAAJ&amp;printsec=frontcover&amp;dq=editions:0H97A3Z5QJXMDoF3M&amp;lr=&amp;hl=fr\" target=\"_blank\" rel=\"noopener\">Acc\u00e9der au volume<\/a> sur <b>GoogleBooks<\/b><\/p>\n<p style=\"text-align: justify;\"><b> 880902<\/b>[Gervais-Fran\u00e7ois Magn\u00e9 de Marolles]\n<i> La chasse au fusil, ouvrage divis\u00e9 en deux parties; contenant, la premi\u00e8re, des recherches sur les armes de traits usit\u00e9es pour la chasse avant l&rsquo;invention des armes \u00e0 feu, savoir : l&rsquo;arc et l&rsquo;arbal\u00e8te, un d\u00e9tail de tout ce qui concerne la fabrication des canons de fusil, tant \u00e0 Paris et dans les diff\u00e9rentes manufactures de France, qu&rsquo;en Espagne, avec les marques des canonniers de Paris, l&rsquo;examen de plusieurs questions touchant la port\u00e9e des canons, eu \u00e9gard \u00e0 leur longueur, \u00e0 leur calibre, etc., et quelques notions sommaires sur les autres parties de chasse, avec des instructions pour parvenir \u00e0 bien tirer; la seconde, les enseignements et connaissances n\u00e9cessaires pour chasser utilement les diff\u00e9rentes esp\u00e8ces de gibier qui se trouvent en France, la mani\u00e8re de dresser les chiens de plaines, les ruses dont on peut se servir pour approcher certains oiseaux, et le d\u00e9tail de plusieurs chasses particuli\u00e8res \u00e0 quelques provinces, et peu connues ailleurs<\/i><br \/>\nSeptembre 1788, Tome IX, p. 55-67<br \/>\n(Mercure de France; Journal encyclop\u00e9dique)<br \/>\n<a href=\"http:\/\/books.google.be\/books?id=pZgUAAAAQAAJ&amp;printsec=frontcover&amp;dq=editions:0H97A3Z5QJXMDoF3M&amp;lr=&amp;hl=fr\" target=\"_blank\" rel=\"noopener\">Acc\u00e9der au volume<\/a> sur <b>GoogleBooks<\/b><\/p>\n<p><b> 880903<\/b>[Jean Baudrais]\n<i> Essais historiques sur l&rsquo;origine et les progr\u00e8s de l&rsquo;art dramatique en France, tomes I, II et III<\/i><br \/>\nSeptembre 1788, Tome IX, p. 67-75<br \/>\n(Journal de Paris; Mercure de France)<br \/>\n<a href=\"http:\/\/books.google.be\/books?id=pZgUAAAAQAAJ&amp;printsec=frontcover&amp;dq=editions:0H97A3Z5QJXMDoF3M&amp;lr=&amp;hl=fr\" target=\"_blank\" rel=\"noopener\">Acc\u00e9der au volume<\/a> sur <b>GoogleBooks<\/b><\/p>\n<p style=\"text-align: justify;\"><b> 880904<\/b><br \/>\nPietro Napoli Signorelli<br \/>\n<i> Vicende della coltura, &amp;c. R\u00e9volutions de la culture de l&rsquo;esprit dans les Deux-Siciles, ou histoire raisonn\u00e9e de la l\u00e9gislation, du commerce, des arts, des lettres, des spectacles, depuis le temps des colonies \u00e9trang\u00e8res jusqu&rsquo;\u00e0 ce jour<\/i><br \/>\nSeptembre 1788, Tome IX, p. 75-91<br \/>\n(Effemeridi letterarie di Roma)<br \/>\n<a href=\"http:\/\/books.google.be\/books?id=pZgUAAAAQAAJ&amp;printsec=frontcover&amp;dq=editions:0H97A3Z5QJXMDoF3M&amp;lr=&amp;hl=fr\" target=\"_blank\" rel=\"noopener\">Acc\u00e9der au volume<\/a> sur <b>GoogleBooks<\/b><\/p>\n<p><b> 880905<\/b><br \/>\nHyacinthe Morel<br \/>\n<i> \u00c9p\u00eetre \u00e0 Zulime, sur les inconv\u00e9nients du luxe dans une demoiselle d&rsquo;une m\u00e9diocre fortune<\/i><br \/>\nSeptembre 1788, Tome IX, p. 91-96<br \/>\n(Journal encyclop\u00e9dique)<br \/>\n<a href=\"http:\/\/books.google.be\/books?id=pZgUAAAAQAAJ&amp;printsec=frontcover&amp;dq=editions:0H97A3Z5QJXMDoF3M&amp;lr=&amp;hl=fr\" target=\"_blank\" rel=\"noopener\">Acc\u00e9der au volume<\/a> sur <b>GoogleBooks<\/b><\/p>\n<p style=\"text-align: justify;\"><b> 880906<\/b><br \/>\nGeorge Adams<br \/>\n<i> Essays on the microscope, &amp;c. Essais sur le microscope; contenant une description pratique des meilleurs microscopes : une histoire g\u00e9n\u00e9rale des insectes, leurs m\u00e9tamorphoses, leurs habitudes, etc. etc.<\/i><br \/>\nSeptembre 1788, Tome IX, p. 97-106<br \/>\n(Monthly review)<br \/>\n<a href=\"http:\/\/books.google.be\/books?id=pZgUAAAAQAAJ&amp;printsec=frontcover&amp;dq=editions:0H97A3Z5QJXMDoF3M&amp;lr=&amp;hl=fr\" target=\"_blank\" rel=\"noopener\">Acc\u00e9der au volume<\/a> sur <b>GoogleBooks<\/b><\/p>\n<p style=\"text-align: justify;\"><b> 880907<\/b><br \/>\nGiovanni Carlo Boschi<br \/>\n<i> Eminentissimo et reverendissimo principi Domino Joanni Carolo Boschi, cardinali amplissimo, majori S. sedis paenitentiario benedictus Pasqualoni Romanus in novo calasancio scholarum piarum collegio philosophiae et matheseos auditor se suamque de homine dissertationem academicam<\/i><br \/>\nSeptembre 1788, Tome IX, p. 106-110<br \/>\n(Effemeridi letterarie di Roma)<br \/>\n<a href=\"http:\/\/books.google.be\/books?id=pZgUAAAAQAAJ&amp;printsec=frontcover&amp;dq=editions:0H97A3Z5QJXMDoF3M&amp;lr=&amp;hl=fr\" target=\"_blank\" rel=\"noopener\">Acc\u00e9der au volume<\/a> sur <b>GoogleBooks<\/b><\/p>\n<p><b> 880908<\/b><br \/>\nNicolao Colletti<br \/>\n<i> Dissertazioni d&rsquo;Algebra, &amp;c. Dissertations alg\u00e9briques<\/i><br \/>\nSeptembre 1788, Tome IX, p. 110-13<br \/>\n(Effemeridi letterarie di Roma)<br \/>\n<a href=\"http:\/\/books.google.be\/books?id=pZgUAAAAQAAJ&amp;printsec=frontcover&amp;dq=editions:0H97A3Z5QJXMDoF3M&amp;lr=&amp;hl=fr\" target=\"_blank\" rel=\"noopener\">Acc\u00e9der au volume<\/a> sur <b>GoogleBooks<\/b><\/p>\n<p><b> 880909<\/b><br \/>\nMde M. D. S. J. N. A. J. F. d&rsquo;O. [Anne-Jeanne-F\u00e9licit\u00e9 M\u00e9rard de Saint-Just]\n<i> Histoire de la baronne d&rsquo;Alvigny<\/i><br \/>\nSeptembre 1788, Tome IX, p. 113-129<br \/>\n(Journal de Paris; Journal encyclop\u00e9dique)<br \/>\n<a href=\"http:\/\/books.google.be\/books?id=pZgUAAAAQAAJ&amp;printsec=frontcover&amp;dq=editions:0H97A3Z5QJXMDoF3M&amp;lr=&amp;hl=fr\" target=\"_blank\" rel=\"noopener\">Acc\u00e9der au volume<\/a> sur <b>GoogleBooks<\/b><\/p>\n<p style=\"text-align: justify;\"><b> 880910<\/b><br \/>\nWilliam Fullarton<br \/>\n<i> A view of the english interests in India, &amp;c. Tableau des int\u00e9r\u00eats que les Anglais ont dans l&rsquo;Inde; avec la relation des op\u00e9rations guerri\u00e8res qui ont eu lieu dans les parties m\u00e9ridionales de la presqu&rsquo;\u00eele, pendant les campagnes de 1782, 1783 et 1784, en deux lettres \u00e9crites etc.<\/i><br \/>\nSeptembre 1788, Tome IX, p. 130-145<br \/>\n(Monthly review)<br \/>\n<a href=\"http:\/\/books.google.be\/books?id=pZgUAAAAQAAJ&amp;printsec=frontcover&amp;dq=editions:0H97A3Z5QJXMDoF3M&amp;lr=&amp;hl=fr\" target=\"_blank\" rel=\"noopener\">Acc\u00e9der au volume<\/a> sur <b>GoogleBooks<\/b><\/p>\n<p style=\"text-align: justify;\"><b> 880911<\/b><br \/>\nJosse Le Plat<br \/>\n<i> Monumentorum ad historiam concilii Tridentini potissimum illustrandam spectantium amplissima collectio. La plus ample collection de monuments propres \u00e0 \u00e9claircir surtout l&rsquo;histoire du Concile de Trente. Ire. partie du tome VII, embrassant les monuments qui concernent la r\u00e9ception et la publication du concile dans les Pays-Bas et en France. Seconde partie du m\u00eame tome contenant divers journaux du concile, \u00e9crits par des auteurs qui y ont assist\u00e9<\/i><br \/>\nSeptembre 1788, Tome IX, p. 145-166<br \/>\n<a href=\"http:\/\/books.google.be\/books?id=pZgUAAAAQAAJ&amp;printsec=frontcover&amp;dq=editions:0H97A3Z5QJXMDoF3M&amp;lr=&amp;hl=fr\" target=\"_blank\" rel=\"noopener\">Acc\u00e9der au volume<\/a> sur <b>GoogleBooks<\/b><\/p>\n<p style=\"text-align: justify;\"><b> 880912<\/b><br \/>\nD\u00e9odat de Dolomieu<br \/>\n<i> M\u00e9moire sur les \u00eeles Ponces, et catalogue raisonn\u00e9 des produits de l&rsquo;Etna, pour servir \u00e0 l&rsquo;histoire des volcans; suivis de la description de l&rsquo;\u00e9ruption de l&rsquo;Etna, du mois de juillet 1787<\/i><br \/>\nSeptembre 1788, Tome IX, p. 167-175<br \/>\n(Journal des savants; Journal de Paris)<br \/>\n<a href=\"http:\/\/books.google.be\/books?id=pZgUAAAAQAAJ&amp;printsec=frontcover&amp;dq=editions:0H97A3Z5QJXMDoF3M&amp;lr=&amp;hl=fr\" target=\"_blank\" rel=\"noopener\">Acc\u00e9der au volume<\/a> sur <b>GoogleBooks<\/b><\/p>\n<p><b> 880913<\/b><br \/>\nVittorio Pico<br \/>\n<i> Melethemata inauguralia<\/i><br \/>\nSeptembre 1788, Tome IX, p. 176-179<br \/>\n(Effemeridi letterarie di Roma)<br \/>\n<a href=\"http:\/\/books.google.be\/books?id=pZgUAAAAQAAJ&amp;printsec=frontcover&amp;dq=editions:0H97A3Z5QJXMDoF3M&amp;lr=&amp;hl=fr\" target=\"_blank\" rel=\"noopener\">Acc\u00e9der au volume<\/a> sur <b>GoogleBooks<\/b><\/p>\n<p style=\"text-align: justify;\"><b> 880914<\/b><br \/>\nAndr\u00e9 Thouin \/ Antoine Augustin Parmentier \/ Charles-Germain Bourgeois<br \/>\n<i> Avis aux cultivateurs dont les r\u00e9coltes ont \u00e9t\u00e9 ravag\u00e9es par la gr\u00eale du 13 juillet dernier, r\u00e9dig\u00e9 par la soci\u00e9t\u00e9 royale d&rsquo;agriculture, et publi\u00e9 par ordre du roi<\/i><br \/>\nSeptembre 1788, Tome IX, p. 179-87<br \/>\n(Journal g\u00e9n\u00e9ral de France; Journal de Paris)<br \/>\n<a href=\"http:\/\/books.google.be\/books?id=pZgUAAAAQAAJ&amp;printsec=frontcover&amp;dq=editions:0H97A3Z5QJXMDoF3M&amp;lr=&amp;hl=fr\" target=\"_blank\" rel=\"noopener\">Acc\u00e9der au volume<\/a> sur <b>GoogleBooks<\/b><\/p>\n<p style=\"text-align: justify;\"><b> 880915<\/b><br \/>\n<i> Traduzione letterale di alcuni testi, &amp;c. Version litt\u00e9rale de quelques textes et sentences de l&rsquo;\u00e9criture sainte, en vers italiens, \u00e0 l&rsquo;usage de toutes \u00e2mes chr\u00e9tiennes, nomm\u00e9ment des femmes pieuses, pour \u00e9lever leur c\u0153ur \u00e0 Dieu par des sentiments tir\u00e9s de la parole divine et de la sainte \u00e9glise; avec une lettre de St. Gr\u00e9goire, dans laquelle on trouve des exemples de vertu propres \u00e0 diriger saintement les familles des gens de qualit\u00e9<\/i><br \/>\nSeptembre 1788, Tome IX, p. 188-190<br \/>\n<a href=\"http:\/\/books.google.be\/books?id=pZgUAAAAQAAJ&amp;printsec=frontcover&amp;dq=editions:0H97A3Z5QJXMDoF3M&amp;lr=&amp;hl=fr\" target=\"_blank\" rel=\"noopener\">Acc\u00e9der au volume<\/a> sur <b>GoogleBooks<\/b><\/p>\n<p style=\"text-align: justify;\"><b> 880916<\/b><br \/>\nPierre-Samuel Dupont de Nemours<br \/>\n<i> Lettre \u00e0 la chambre du commerce de Normandie, sur le m\u00e9moire qu&rsquo;elle a publi\u00e9 relativement au trait\u00e9 de commerce avec l&rsquo;Angleterre<\/i><br \/>\nSeptembre 1788, Tome IX, p. 191-209<br \/>\n(Journal de Lyon; Journal de Troyes; Affiches, annonces et avis divers)<br \/>\n<a href=\"http:\/\/books.google.be\/books?id=pZgUAAAAQAAJ&amp;printsec=frontcover&amp;dq=editions:0H97A3Z5QJXMDoF3M&amp;lr=&amp;hl=fr\" target=\"_blank\" rel=\"noopener\">Acc\u00e9der au volume<\/a> sur <b>GoogleBooks<\/b><\/p>\n<p><b> 880917<\/b><br \/>\nLa Merville<br \/>\n<i> Tibur ou l&rsquo;int\u00e9r\u00eat personnel, fable philosophique<\/i><br \/>\nSeptembre 1788, Tome IX, p. 210-212<br \/>\n(Journal de Normandie)<br \/>\n<a href=\"http:\/\/books.google.be\/books?id=pZgUAAAAQAAJ&amp;printsec=frontcover&amp;dq=editions:0H97A3Z5QJXMDoF3M&amp;lr=&amp;hl=fr\" target=\"_blank\" rel=\"noopener\">Acc\u00e9der au volume<\/a> sur <b>GoogleBooks<\/b><\/p>\n<p><b> 880918<\/b><br \/>\nBoris de Gallitzin<br \/>\n<i> Notice sur M. Risbeck<\/i><br \/>\nSeptembre 1788, Tome IX, p. 212-218<br \/>\n(Mercure de France)<br \/>\n<a href=\"http:\/\/books.google.be\/books?id=pZgUAAAAQAAJ&amp;printsec=frontcover&amp;dq=editions:0H97A3Z5QJXMDoF3M&amp;lr=&amp;hl=fr\" target=\"_blank\" rel=\"noopener\">Acc\u00e9der au volume<\/a> sur <b>GoogleBooks<\/b><\/p>\n<p><b> 880919<\/b><br \/>\nJean-Baptiste Aubry<br \/>\n<i> Lettre \u00e0 M. d&rsquo;Elmotte, de Montreuil-sur-mer; concernant son syst\u00e8me sur l&rsquo;origine et la filiation des id\u00e9es<\/i><br \/>\nSeptembre 1788, Tome IX, p. 218-223<br \/>\n(Journal encyclop\u00e9dique)<br \/>\n<a href=\"http:\/\/books.google.be\/books?id=pZgUAAAAQAAJ&amp;printsec=frontcover&amp;dq=editions:0H97A3Z5QJXMDoF3M&amp;lr=&amp;hl=fr\" target=\"_blank\" rel=\"noopener\">Acc\u00e9der au volume<\/a> sur <b>GoogleBooks<\/b><\/p>\n<p><b> 880920<\/b><br \/>\nFran\u00e7ois-Martin Poultier d&rsquo;Elmotte<br \/>\n<i> R\u00e9ponse de M. d&rsquo;Elmotte, de Montreuil-sur-mer, \u00e0 la lettre de D. Aubry<\/i><br \/>\nSeptembre 1788, Tome IX, p. 224-234<br \/>\n(Journal encyclop\u00e9dique)<br \/>\n<a href=\"http:\/\/books.google.be\/books?id=pZgUAAAAQAAJ&amp;printsec=frontcover&amp;dq=editions:0H97A3Z5QJXMDoF3M&amp;lr=&amp;hl=fr\" target=\"_blank\" rel=\"noopener\">Acc\u00e9der au volume<\/a> sur <b>GoogleBooks<\/b><\/p>\n<p><b> 880921<\/b><br \/>\nFrossard<br \/>\n<i> Lettre de M. le docteur Frossard, de Lyon, aux auteurs du Journal de Paris<\/i><br \/>\nSeptembre 1788, Tome IX, p. 234-246<br \/>\n<a href=\"http:\/\/books.google.be\/books?id=pZgUAAAAQAAJ&amp;printsec=frontcover&amp;dq=editions:0H97A3Z5QJXMDoF3M&amp;lr=&amp;hl=fr\" target=\"_blank\" rel=\"noopener\">Acc\u00e9der au volume<\/a> sur <b>GoogleBooks<\/b><\/p>\n<p><b> 880922<\/b><br \/>\nJohn Newton<br \/>\n<i> Extrait d&rsquo;une brochure \u00e9crite par John Newton, \u00e0 la soci\u00e9t\u00e9 de Manchester<\/i><br \/>\nSeptembre 1788, Tome IX, p. 246-256<br \/>\n(Journal de Paris)<br \/>\n<a href=\"http:\/\/books.google.be\/books?id=pZgUAAAAQAAJ&amp;printsec=frontcover&amp;dq=editions:0H97A3Z5QJXMDoF3M&amp;lr=&amp;hl=fr\" target=\"_blank\" rel=\"noopener\">Acc\u00e9der au volume<\/a> sur <b>GoogleBooks<\/b><\/p>\n<p><b> 880923<\/b><br \/>\nJean Philippe de Limbourg<br \/>\n<i> Fin des observations sur les eux de Tongres et de Spa<\/i><br \/>\nSeptembre 1788, Tome IX, p. 257-274<br \/>\n<a href=\"http:\/\/books.google.be\/books?id=pZgUAAAAQAAJ&amp;printsec=frontcover&amp;dq=editions:0H97A3Z5QJXMDoF3M&amp;lr=&amp;hl=fr\" target=\"_blank\" rel=\"noopener\">Acc\u00e9der au volume<\/a> sur <b>GoogleBooks<\/b><\/p>\n<p><b> 880924<\/b><br \/>\nComtesse de Fa\u2026<br \/>\n<i> \u00c9glogue. Traduite de Gessner<\/i><br \/>\nSeptembre 1788, Tome IX, p. 275-280<br \/>\n<a href=\"http:\/\/books.google.be\/books?id=pZgUAAAAQAAJ&amp;printsec=frontcover&amp;dq=editions:0H97A3Z5QJXMDoF3M&amp;lr=&amp;hl=fr\" target=\"_blank\" rel=\"noopener\">Acc\u00e9der au volume<\/a> sur <b>GoogleBooks<\/b><\/p>\n<p><b> 880925<\/b><br \/>\nJean-Fran\u00e7ois Marmontel<br \/>\n<i> Sur les plaisirs du ch\u00e2teau de Bezons<\/i><br \/>\nSeptembre 1788, Tome IX, p. 280-281<br \/>\n<a href=\"http:\/\/books.google.be\/books?id=pZgUAAAAQAAJ&amp;printsec=frontcover&amp;dq=editions:0H97A3Z5QJXMDoF3M&amp;lr=&amp;hl=fr\" target=\"_blank\" rel=\"noopener\">Acc\u00e9der au volume<\/a> sur <b>GoogleBooks<\/b><\/p>\n<p><b> 880926<\/b><br \/>\nM. des Robardi\u00e8res<br \/>\n<i> Envoi de roses<\/i><br \/>\nSeptembre 1788, Tome IX, p. 282<br \/>\n<a href=\"http:\/\/books.google.be\/books?id=pZgUAAAAQAAJ&amp;printsec=frontcover&amp;dq=editions:0H97A3Z5QJXMDoF3M&amp;lr=&amp;hl=fr\" target=\"_blank\" rel=\"noopener\">Acc\u00e9der au volume<\/a> sur <b>GoogleBooks<\/b><\/p>\n<p><b> 880927<\/b><br \/>\nRampal<br \/>\n<i> La poule et ses petits, Fable<\/i><br \/>\nSeptembre 1788, Tome IX, p. 282-284<br \/>\n<a href=\"http:\/\/books.google.be\/books?id=pZgUAAAAQAAJ&amp;printsec=frontcover&amp;dq=editions:0H97A3Z5QJXMDoF3M&amp;lr=&amp;hl=fr\" target=\"_blank\" rel=\"noopener\">Acc\u00e9der au volume<\/a> sur <b>GoogleBooks<\/b><\/p>\n<p><b> 880928<\/b><br \/>\nChevalier de L\u2026<br \/>\n<i> L&rsquo;Allemagne d\u00e9sol\u00e9e<\/i><br \/>\nSeptembre 1788, Tome IX, p. 284-285<br \/>\n<a href=\"http:\/\/books.google.be\/books?id=pZgUAAAAQAAJ&amp;printsec=frontcover&amp;dq=editions:0H97A3Z5QJXMDoF3M&amp;lr=&amp;hl=fr\" target=\"_blank\" rel=\"noopener\">Acc\u00e9der au volume<\/a> sur <b>GoogleBooks<\/b><\/p>\n<p><b> 880929<\/b><br \/>\nAuguste Gaude<br \/>\n<i> Z\u00e9lis au bal, d\u00e9guis\u00e9e en servante<\/i><br \/>\nSeptembre 1788, Tome IX, p. 286-287<br \/>\n<a href=\"http:\/\/books.google.be\/books?id=pZgUAAAAQAAJ&amp;printsec=frontcover&amp;dq=editions:0H97A3Z5QJXMDoF3M&amp;lr=&amp;hl=fr\" target=\"_blank\" rel=\"noopener\">Acc\u00e9der au volume<\/a> sur <b>GoogleBooks<\/b><\/p>\n<p><b> 880930<\/b><br \/>\nAuguste Gaude<br \/>\n<i> Le repentir<\/i><br \/>\nSeptembre 1788, Tome IX, p. 287<br \/>\n<a href=\"http:\/\/books.google.be\/books?id=pZgUAAAAQAAJ&amp;printsec=frontcover&amp;dq=editions:0H97A3Z5QJXMDoF3M&amp;lr=&amp;hl=fr\" target=\"_blank\" rel=\"noopener\">Acc\u00e9der au volume<\/a> sur <b>GoogleBooks<\/b><\/p>\n<p><b> 880931<\/b><br \/>\nAbb\u00e9 Deblon<br \/>\n<i> La promenade d&rsquo;un jour d&rsquo;\u00e9t\u00e9<\/i><br \/>\nSeptembre 1788, Tome IX, p. 288-290<br \/>\n<a href=\"http:\/\/books.google.be\/books?id=pZgUAAAAQAAJ&amp;printsec=frontcover&amp;dq=editions:0H97A3Z5QJXMDoF3M&amp;lr=&amp;hl=fr\" target=\"_blank\" rel=\"noopener\">Acc\u00e9der au volume<\/a> sur <b>GoogleBooks<\/b><\/p>\n<p><b> 880932<\/b><br \/>\nMugnerot<br \/>\n<i> Vers accompagnant l&rsquo;envoi d&rsquo;un paquet de plumes, taill\u00e9es pour Mme**<\/i><br \/>\nSeptembre 1788, Tome IX, p. 290-291<br \/>\n<a href=\"http:\/\/books.google.be\/books?id=pZgUAAAAQAAJ&amp;printsec=frontcover&amp;dq=editions:0H97A3Z5QJXMDoF3M&amp;lr=&amp;hl=fr\" target=\"_blank\" rel=\"noopener\">Acc\u00e9der au volume<\/a> sur <b>GoogleBooks<\/b><\/p>\n<p style=\"text-align: justify;\"><b> 881001<\/b><br \/>\n<i> Extrait des discours qui ont concouru pour le prix que l&rsquo;acad\u00e9mie des sciences, belles-lettres et arts de la ville de Lyon, a adjug\u00e9 \u00e0 M. Turlin, avocat au parlement de Paris, sur cette question : Les voyages peuvent-ils \u00eatre consid\u00e9r\u00e9s comme un moyen de perfectionner l&rsquo;\u00e9ducation?<\/i><br \/>\nOctobre 1788, Tome X, p. 3-25<br \/>\n(Ann\u00e9e litt\u00e9raire; Affiches, annonces et avis divers)<br \/>\n<a href=\"http:\/\/books.google.be\/books?id=wZgUAAAAQAAJ&amp;printsec=frontcover&amp;dq=editions:0H97A3Z5QJXMDoF3M&amp;lr=&amp;hl=fr\" target=\"_blank\" rel=\"noopener\">Acc\u00e9der au volume<\/a> sur <b>GoogleBooks<\/b><\/p>\n<p style=\"text-align: justify;\"><b> 881002<\/b><br \/>\nIsidoro Alessi<br \/>\n<i> Ricerche istorico-critiche, &amp;c. Recherches historiques et critiques sur les antiquit\u00e9s d&rsquo;Este. Iere. partie, depuis son origine jusqu&rsquo;\u00e0 l&rsquo;an MCCXIII de l&rsquo;\u00e8re chr\u00e9tienne<\/i><br \/>\nOctobre 1788, Tome X, p. 25-33<br \/>\n(Nuovo giornale di Vicenza)<br \/>\n<a href=\"http:\/\/books.google.be\/books?id=wZgUAAAAQAAJ&amp;printsec=frontcover&amp;dq=editions:0H97A3Z5QJXMDoF3M&amp;lr=&amp;hl=fr\" target=\"_blank\" rel=\"noopener\">Acc\u00e9der au volume<\/a> sur <b>GoogleBooks<\/b><\/p>\n<p><b> 881003<\/b><br \/>\nCharles de Peyssonnel<br \/>\n<i> Examen du livre intitul\u00e9 : Consid\u00e9rations sur la guerre actuelle des Turcs, par M. de Volney<\/i><br \/>\nOctobre 1788, Tome X, p. 34-62<br \/>\n(Mercure de France; Journal g\u00e9n\u00e9ral de France; Affiches, annonces et avis divers)<br \/>\n<a href=\"http:\/\/books.google.be\/books?id=wZgUAAAAQAAJ&amp;printsec=frontcover&amp;dq=editions:0H97A3Z5QJXMDoF3M&amp;lr=&amp;hl=fr\" target=\"_blank\" rel=\"noopener\">Acc\u00e9der au volume<\/a> sur <b>GoogleBooks<\/b><\/p>\n<p><b> 881004<\/b><br \/>\nMelchior-Louis; marquis d&rsquo;Aguilar<br \/>\n<i> Vers<\/i><br \/>\nOctobre 1788, Tome X, p. 63-70<br \/>\n(Journal de Paris; Affiches, annonces et avis divers)<br \/>\n<a href=\"http:\/\/books.google.be\/books?id=wZgUAAAAQAAJ&amp;printsec=frontcover&amp;dq=editions:0H97A3Z5QJXMDoF3M&amp;lr=&amp;hl=fr\" target=\"_blank\" rel=\"noopener\">Acc\u00e9der au volume<\/a> sur <b>GoogleBooks<\/b><\/p>\n<p style=\"text-align: justify;\"><b> 881005<\/b><br \/>\nG. A. B\u00fcttner<br \/>\n<i> M\u00e9moires du baron de la Motte-Fouqu\u00e9, g\u00e9n\u00e9ral d&rsquo;infanterie prussienne, dans lesquels on a ins\u00e9r\u00e9 sa correspondance int\u00e9ressante avec Fr\u00e9d\u00e9ric II, roi de Prusse<\/i><br \/>\nOctobre 1788, Tome X, p. 70-87<br \/>\n(Journal encyclop\u00e9dique)<br \/>\n<a href=\"http:\/\/books.google.be\/books?id=wZgUAAAAQAAJ&amp;printsec=frontcover&amp;dq=editions:0H97A3Z5QJXMDoF3M&amp;lr=&amp;hl=fr\" target=\"_blank\" rel=\"noopener\">Acc\u00e9der au volume<\/a> sur <b>GoogleBooks<\/b><\/p>\n<p><b> 881006<\/b><br \/>\nGiovanni Devoti<br \/>\n<i> Joannis Devoti patritii civitatis plebis, advocati, &amp; antecessoris Romani institutionum cananicarum libri IV. Tomus III<\/i><br \/>\nOctobre 1788, Tome X, p. 87-90<br \/>\n(Effemeridi letterarie di Roma)<br \/>\n<a href=\"http:\/\/books.google.be\/books?id=wZgUAAAAQAAJ&amp;printsec=frontcover&amp;dq=editions:0H97A3Z5QJXMDoF3M&amp;lr=&amp;hl=fr\" target=\"_blank\" rel=\"noopener\">Acc\u00e9der au volume<\/a> sur <b>GoogleBooks<\/b><\/p>\n<p><b> 881007<\/b><br \/>\nTorbern Bergman<br \/>\n<i> Opuscoli chimici e fisici di, &amp;c. Opuscules chimiques et physique de Bergman; dissertation sur la terre des pierres pr\u00e9cieuses<\/i><br \/>\nOctobre 1788, Tome X, p. 91-94<br \/>\n(Effemeridi letterarie di Roma)<br \/>\n<a href=\"http:\/\/books.google.be\/books?id=wZgUAAAAQAAJ&amp;printsec=frontcover&amp;dq=editions:0H97A3Z5QJXMDoF3M&amp;lr=&amp;hl=fr\" target=\"_blank\" rel=\"noopener\">Acc\u00e9der au volume<\/a> sur <b>GoogleBooks<\/b><\/p>\n<p style=\"text-align: justify;\"><b> 881008<\/b><br \/>\n<i> Notices et extraits des manuscrits de la biblioth\u00e8que du roi, lus au comit\u00e9 \u00e9tabli par sa majest\u00e9 dans l&rsquo;acad\u00e9mie royale des inscriptions et belles-lettres<\/i><br \/>\nOctobre 1788, Tome X, p. 94-126<br \/>\n(Journal des savants; Journal encyclop\u00e9dique; Mercure de France)<br \/>\n<a href=\"http:\/\/books.google.be\/books?id=wZgUAAAAQAAJ&amp;printsec=frontcover&amp;dq=editions:0H97A3Z5QJXMDoF3M&amp;lr=&amp;hl=fr\" target=\"_blank\" rel=\"noopener\">Acc\u00e9der au volume<\/a> sur <b>GoogleBooks<\/b><\/p>\n<p style=\"text-align: justify;\"><b> 881009<\/b><br \/>\nM. L. D. P. [Pierre-Antoine de La Place]\n<i> Pi\u00e8ces int\u00e9ressantes et peu connues pour servir \u00e0 l&rsquo;histoire et \u00e0 la litt\u00e9rature. Tom. VIe<\/i><br \/>\nOctobre 1788, Tome X, p. 127-144<br \/>\n(Journal de Paris; Mercure de France; Affiches, annonces et avis divers; Journal g\u00e9n\u00e9ral de France; Journal de Lyon; Journal de Normandie)<br \/>\n<a href=\"http:\/\/books.google.be\/books?id=wZgUAAAAQAAJ&amp;printsec=frontcover&amp;dq=editions:0H97A3Z5QJXMDoF3M&amp;lr=&amp;hl=fr\" target=\"_blank\" rel=\"noopener\">Acc\u00e9der au volume<\/a> sur <b>GoogleBooks<\/b><\/p>\n<p style=\"text-align: justify;\"><b> 881010<\/b><br \/>\nCarl von Linn\u00e9<br \/>\n<i> Fundamentorum botanicorum, &amp;c. Les fondements de botanique de Charles de Linn\u00e9, etc. Parties premi\u00e8re et deuxi\u00e8me. \u00c9dition publi\u00e9e par les soins de M. Jean-Emmanuel Gilibert<\/i><br \/>\nOctobre 1788, Tome X, p. 144-162<br \/>\n(Journal encyclop\u00e9dique)<br \/>\n<a href=\"http:\/\/books.google.be\/books?id=wZgUAAAAQAAJ&amp;printsec=frontcover&amp;dq=editions:0H97A3Z5QJXMDoF3M&amp;lr=&amp;hl=fr\" target=\"_blank\" rel=\"noopener\">Acc\u00e9der au volume<\/a> sur <b>GoogleBooks<\/b><\/p>\n<p style=\"text-align: justify;\"><b> 881011<\/b><br \/>\nJ\u00f3\u017cef Boruwlaski<br \/>\n<i> Memoirs of the celebrated Dwarf, &amp;c. M\u00e9moires du c\u00e9l\u00e8bre nain, Joseph Boruwlasky, gentilhomme polonais : contenant un r\u00e9cit fid\u00e8le et curieux de sa naissance, de son \u00e9ducation, de son mariage, et de ses voyages. \u00c9crits par lui-m\u00eame<\/i><br \/>\nOctobre 1788, Tome X, p. 163-168<br \/>\n(Monthly review)<br \/>\n<a href=\"http:\/\/books.google.be\/books?id=wZgUAAAAQAAJ&amp;printsec=frontcover&amp;dq=editions:0H97A3Z5QJXMDoF3M&amp;lr=&amp;hl=fr\" target=\"_blank\" rel=\"noopener\">Acc\u00e9der au volume<\/a> sur <b>GoogleBooks<\/b><\/p>\n<p><b> 881012<\/b>[Charles-Marguerite-Jean-Baptiste Mercier Dupaty]\n<i> Lettres sur l&rsquo;Italie<\/i><br \/>\nOctobre 1788, Tome X, p. 168-183<br \/>\n(Journal encyclop\u00e9dique)<br \/>\n<a href=\"http:\/\/books.google.be\/books?id=wZgUAAAAQAAJ&amp;printsec=frontcover&amp;dq=editions:0H97A3Z5QJXMDoF3M&amp;lr=&amp;hl=fr\" target=\"_blank\" rel=\"noopener\">Acc\u00e9der au volume<\/a> sur <b>GoogleBooks<\/b><\/p>\n<p style=\"text-align: justify;\"><b> 881013<\/b><br \/>\nWilliam Rutherford<br \/>\n<i> A view of ancient history, &amp;c. Essai sur l&rsquo;histoire ancienne, et sur les progr\u00e8s de la litt\u00e9rature et des beaux-arts<\/i><br \/>\nOctobre 1788, Tome X, p. 184-194<br \/>\n(English review)<br \/>\n<a href=\"http:\/\/books.google.be\/books?id=wZgUAAAAQAAJ&amp;printsec=frontcover&amp;dq=editions:0H97A3Z5QJXMDoF3M&amp;lr=&amp;hl=fr\" target=\"_blank\" rel=\"noopener\">Acc\u00e9der au volume<\/a> sur <b>GoogleBooks<\/b><\/p>\n<p style=\"text-align: justify;\"><b> 881014<\/b><br \/>\nD** du M** [Fran\u00e7ois-Guillaume Ducray-Duminil]\n<i> Lolotte et Fanfan, ou les aventures de deux enfants abandonn\u00e9s dans une \u00eele d\u00e9serte. R\u00e9dig\u00e9es et publi\u00e9es sur des manuscrits anglais<\/i><br \/>\nOctobre 1788, Tome X, p. 195-209<br \/>\n(Ann\u00e9e litt\u00e9raire; Affiches, annonces et avis divers)<br \/>\n<a href=\"http:\/\/books.google.be\/books?id=wZgUAAAAQAAJ&amp;printsec=frontcover&amp;dq=editions:0H97A3Z5QJXMDoF3M&amp;lr=&amp;hl=fr\" target=\"_blank\" rel=\"noopener\">Acc\u00e9der au volume<\/a> sur <b>GoogleBooks<\/b><\/p>\n<p><b> 881015<\/b><br \/>\nMichel de Cubi\u00e8res-Palm\u00e9zeaux<br \/>\n<i> La mort de Moli\u00e8re, pi\u00e8ce en trois actes, en vers, re\u00e7ue \u00e0 la com\u00e9die fran\u00e7aise le 31 janvier 1788<\/i><br \/>\nOctobre 1788, Tome X, p. 209-225<br \/>\n(Journal de Paris; Journal encyclop\u00e9dique)<br \/>\n<a href=\"http:\/\/books.google.be\/books?id=wZgUAAAAQAAJ&amp;printsec=frontcover&amp;dq=editions:0H97A3Z5QJXMDoF3M&amp;lr=&amp;hl=fr\" target=\"_blank\" rel=\"noopener\">Acc\u00e9der au volume<\/a> sur <b>GoogleBooks<\/b><\/p>\n<p><b> 881016<\/b><br \/>\nF\u00e9lix Vicq-d&rsquo;Azyr<br \/>\n<i> \u00c9loge de M. le comte de Vergennes, lu le 12 f\u00e9vrier 1788 dans la s\u00e9ance publique de la soci\u00e9t\u00e9 royale de m\u00e9decine<\/i><br \/>\nOctobre 1788, Tome X, p. 226-233<br \/>\n(Journal de Paris; Journal g\u00e9n\u00e9ral de France)<br \/>\n<a href=\"http:\/\/books.google.be\/books?id=wZgUAAAAQAAJ&amp;printsec=frontcover&amp;dq=editions:0H97A3Z5QJXMDoF3M&amp;lr=&amp;hl=fr\" target=\"_blank\" rel=\"noopener\">Acc\u00e9der au volume<\/a> sur <b>GoogleBooks<\/b><\/p>\n<p><b> 881017<\/b><br \/>\n<i> De la reconnaissance<\/i><br \/>\nOctobre 1788, Tome X, p. 233-237<br \/>\n(Journal de Paris)<br \/>\n<a href=\"http:\/\/books.google.be\/books?id=wZgUAAAAQAAJ&amp;printsec=frontcover&amp;dq=editions:0H97A3Z5QJXMDoF3M&amp;lr=&amp;hl=fr\" target=\"_blank\" rel=\"noopener\">Acc\u00e9der au volume<\/a> sur <b>GoogleBooks<\/b><\/p>\n<p style=\"text-align: justify;\"><b> 881018<\/b><br \/>\nJean-Louis Soulavie<br \/>\n<i> Observations sur le d\u00e9p\u00e9rissement de la langue m\u00e9ridionale, et sur les moyens de la conserver par des traductions; extraites d&rsquo;un voyage fait r\u00e9cemment en Provence; par M. l&rsquo;abb\u00e9 Soulavie, et adress\u00e9es \u00e0 Mde. la comtesse de B\u2026 S\u2026<\/i><br \/>\nOctobre 1788, Tome X, p. 238-243<br \/>\n<a href=\"http:\/\/books.google.be\/books?id=wZgUAAAAQAAJ&amp;printsec=frontcover&amp;dq=editions:0H97A3Z5QJXMDoF3M&amp;lr=&amp;hl=fr\" target=\"_blank\" rel=\"noopener\">Acc\u00e9der au volume<\/a> sur <b>GoogleBooks<\/b><\/p>\n<p><b> 881019<\/b><br \/>\n<i> Lettres d&rsquo;un voyageur en Russie, \u00e9crite en 1786<\/i><br \/>\nOctobre 1788, Tome X, p. 243-256<br \/>\n(Historisches portefeuille)<br \/>\n<a href=\"http:\/\/books.google.be\/books?id=wZgUAAAAQAAJ&amp;printsec=frontcover&amp;dq=editions:0H97A3Z5QJXMDoF3M&amp;lr=&amp;hl=fr\" target=\"_blank\" rel=\"noopener\">Acc\u00e9der au volume<\/a> sur <b>GoogleBooks<\/b><\/p>\n<p><b> 881020<\/b><br \/>\n<i> Le joueur corrig\u00e9, Anecdote<\/i><br \/>\nOctobre 1788, Tome X, p. 256-258<br \/>\n(Journal de Normandie)<br \/>\n<a href=\"http:\/\/books.google.be\/books?id=wZgUAAAAQAAJ&amp;printsec=frontcover&amp;dq=editions:0H97A3Z5QJXMDoF3M&amp;lr=&amp;hl=fr\" target=\"_blank\" rel=\"noopener\">Acc\u00e9der au volume<\/a> sur <b>GoogleBooks<\/b><\/p>\n<p><b> 881021<\/b><br \/>\nJean-Fran\u00e7ois Delandine<br \/>\n<i> Lettre aux r\u00e9dacteurs du Journal de Lyon, sur un ouvrage traitant des \u00e9tats-g\u00e9n\u00e9raux<\/i><br \/>\nOctobre 1788, Tome X, p. 258-262<br \/>\n<a href=\"http:\/\/books.google.be\/books?id=wZgUAAAAQAAJ&amp;printsec=frontcover&amp;dq=editions:0H97A3Z5QJXMDoF3M&amp;lr=&amp;hl=fr\" target=\"_blank\" rel=\"noopener\">Acc\u00e9der au volume<\/a> sur <b>GoogleBooks<\/b><\/p>\n<p><b> 881022<\/b><br \/>\n<i> On serait en peine \u00e0 moins. Conte du vieux temps<\/i><br \/>\nOctobre 1788, Tome X, p. 263-270<br \/>\n<a href=\"http:\/\/books.google.be\/books?id=wZgUAAAAQAAJ&amp;printsec=frontcover&amp;dq=editions:0H97A3Z5QJXMDoF3M&amp;lr=&amp;hl=fr\" target=\"_blank\" rel=\"noopener\">Acc\u00e9der au volume<\/a> sur <b>GoogleBooks<\/b><\/p>\n<p style=\"text-align: justify;\"><b> 881023<\/b><br \/>\nHilarion No\u00ebl de Villenfagne d&rsquo;Ingihoul<br \/>\n<i> Suite du Suppl\u00e9ment aux Recherches historiques sur Spa : \u00e0 M\u2026 En r\u00e9ponse aux observations ult\u00e9rieures de M. de Limbourg, docteur en M\u00e9decine, etc. ins\u00e9r\u00e9es dans l&rsquo;Esprit des Journaux des mois de juillet, ao\u00fbt et octobre<\/i><br \/>\nOctobre 1788, Tome X, p. 271-276<br \/>\n<a href=\"http:\/\/books.google.be\/books?id=wZgUAAAAQAAJ&amp;printsec=frontcover&amp;dq=editions:0H97A3Z5QJXMDoF3M&amp;lr=&amp;hl=fr\" target=\"_blank\" rel=\"noopener\">Acc\u00e9der au volume<\/a> sur <b>GoogleBooks<\/b><\/p>\n<p><b> 881024<\/b><br \/>\n<i> Perrette, Conte des f\u00e9es; traduit de l&rsquo;allemand<\/i><br \/>\nOctobre 1788, Tome X, p. 277-281<br \/>\n<a href=\"http:\/\/books.google.be\/books?id=wZgUAAAAQAAJ&amp;printsec=frontcover&amp;dq=editions:0H97A3Z5QJXMDoF3M&amp;lr=&amp;hl=fr\" target=\"_blank\" rel=\"noopener\">Acc\u00e9der au volume<\/a> sur <b>GoogleBooks<\/b><\/p>\n<p><b> 881025<\/b><br \/>\nVenance Dougados<br \/>\n<i> L&rsquo;ennui. \u00c9l\u00e9gie<\/i><br \/>\nOctobre 1788, Tome X, p. 282-285<br \/>\n<a href=\"http:\/\/books.google.be\/books?id=wZgUAAAAQAAJ&amp;printsec=frontcover&amp;dq=editions:0H97A3Z5QJXMDoF3M&amp;lr=&amp;hl=fr\" target=\"_blank\" rel=\"noopener\">Acc\u00e9der au volume<\/a> sur <b>GoogleBooks<\/b><\/p>\n<p><b> 881026<\/b><br \/>\nD. T.<br \/>\n<i> Vers \u00e0 l&rsquo;auteur de l&rsquo;\u00e9l\u00e9gie pr\u00e9c\u00e9dence [Ennui (l&rsquo;)]<\/i><br \/>\nOctobre 1788, Tome X, p. 285-286<br \/>\n<a href=\"http:\/\/books.google.be\/books?id=wZgUAAAAQAAJ&amp;printsec=frontcover&amp;dq=editions:0H97A3Z5QJXMDoF3M&amp;lr=&amp;hl=fr\" target=\"_blank\" rel=\"noopener\">Acc\u00e9der au volume<\/a> sur <b>GoogleBooks<\/b><\/p>\n<p><b> 881027<\/b><br \/>\nNicolas Bricaire de La Dixmerie<br \/>\n<i> Vers pr\u00e9sent\u00e9s le premier jour de l&rsquo;ann\u00e9e \u00e0 Mde. la marquise de**, qui avait pris un oranger pour devise<\/i><br \/>\nOctobre 1788, Tome X, p. 286-287<br \/>\n<a href=\"http:\/\/books.google.be\/books?id=wZgUAAAAQAAJ&amp;printsec=frontcover&amp;dq=editions:0H97A3Z5QJXMDoF3M&amp;lr=&amp;hl=fr\" target=\"_blank\" rel=\"noopener\">Acc\u00e9der au volume<\/a> sur <b>GoogleBooks<\/b><\/p>\n<p><b> 881028<\/b><br \/>\nD***. T******.<br \/>\n<i> Boutade s\u00e9rieuse d&rsquo;un quadrag\u00e9naire<\/i><br \/>\nOctobre 1788, Tome X, p. 287-288<br \/>\n<a href=\"http:\/\/books.google.be\/books?id=wZgUAAAAQAAJ&amp;printsec=frontcover&amp;dq=editions:0H97A3Z5QJXMDoF3M&amp;lr=&amp;hl=fr\" target=\"_blank\" rel=\"noopener\">Acc\u00e9der au volume<\/a> sur <b>GoogleBooks<\/b><\/p>\n<p><b> 881029<\/b><br \/>\nFran\u00e7ois-Marie Bourguignon, dit Bourignon<br \/>\n<i> Vers \u00e0 Mgr. Pierre Louis de la Rochefoucault, \u00e9v\u00eaque de Saintes, pour le jour de sa f\u00eate<\/i><br \/>\nOctobre 1788, Tome X, p. 288-289<br \/>\n<a href=\"http:\/\/books.google.be\/books?id=wZgUAAAAQAAJ&amp;printsec=frontcover&amp;dq=editions:0H97A3Z5QJXMDoF3M&amp;lr=&amp;hl=fr\" target=\"_blank\" rel=\"noopener\">Acc\u00e9der au volume<\/a> sur <b>GoogleBooks<\/b><\/p>\n<p><b> 881030<\/b><br \/>\nBaude de La Croix<br \/>\n<i> Le sansonnet et la linotte, Fable<\/i><br \/>\nOctobre 1788, Tome X, p. 289-290<br \/>\n<a href=\"http:\/\/books.google.be\/books?id=wZgUAAAAQAAJ&amp;printsec=frontcover&amp;dq=editions:0H97A3Z5QJXMDoF3M&amp;lr=&amp;hl=fr\" target=\"_blank\" rel=\"noopener\">Acc\u00e9der au volume<\/a> sur <b>GoogleBooks<\/b><\/p>\n<p><b> 881031<\/b><br \/>\n<i> Rondeau<\/i><br \/>\nOctobre 1788, Tome X, p. 291<br \/>\n<a href=\"http:\/\/books.google.be\/books?id=wZgUAAAAQAAJ&amp;printsec=frontcover&amp;dq=editions:0H97A3Z5QJXMDoF3M&amp;lr=&amp;hl=fr\" target=\"_blank\" rel=\"noopener\">Acc\u00e9der au volume<\/a> sur <b>GoogleBooks<\/b><\/p>\n<p><b> 881032<\/b><br \/>\nPlancher<br \/>\n<i> Couplets adress\u00e9s \u00e0 Mde. de Plac\u2026 le jour de Ste. Anne, sa patronne, en lui pr\u00e9sentant un bouquet de myrte<\/i><br \/>\nOctobre 1788, Tome X, p. 291-292<br \/>\n<a href=\"http:\/\/books.google.be\/books?id=wZgUAAAAQAAJ&amp;printsec=frontcover&amp;dq=editions:0H97A3Z5QJXMDoF3M&amp;lr=&amp;hl=fr\" target=\"_blank\" rel=\"noopener\">Acc\u00e9der au volume<\/a> sur <b>GoogleBooks<\/b><\/p>\n<p style=\"text-align: justify;\"><b> 881033<\/b><br \/>\nJean Louis Mallet<br \/>\n<i> \u00c0 Nina-Dugazon. Vers pr\u00e9sent\u00e9s \u00e0 Mde. Dugazon, jouant Nina, sur le th\u00e9\u00e2tre de Lyon, le 18 juillet 1788, avec une couronne de lauriers; par Mde. Verteuil, jouant Elize dans la m\u00eame pi\u00e8ce<\/i><br \/>\nOctobre 1788, Tome X, p. 292<br \/>\n<a href=\"http:\/\/books.google.be\/books?id=wZgUAAAAQAAJ&amp;printsec=frontcover&amp;dq=editions:0H97A3Z5QJXMDoF3M&amp;lr=&amp;hl=fr\" target=\"_blank\" rel=\"noopener\">Acc\u00e9der au volume<\/a> sur <b>GoogleBooks<\/b><\/p>\n<p><b> 881034<\/b><br \/>\nCharon<br \/>\n<i> \u00c9pigramme. \u00c0 un mauvais po\u00e8te<\/i><br \/>\nOctobre 1788, Tome X, p. 293<br \/>\n<a href=\"http:\/\/books.google.be\/books?id=wZgUAAAAQAAJ&amp;printsec=frontcover&amp;dq=editions:0H97A3Z5QJXMDoF3M&amp;lr=&amp;hl=fr\" target=\"_blank\" rel=\"noopener\">Acc\u00e9der au volume<\/a> sur <b>GoogleBooks<\/b><\/p>\n<p><b> 881035<\/b><br \/>\nMesan du Luc<br \/>\n<i> \u00c9p\u00eetre. \u00c0 Zulmis, ou mes adieux \u00e0 celle que j&rsquo;aime<\/i><br \/>\nOctobre 1788, Tome X, p. 293-295<br \/>\n<a href=\"http:\/\/books.google.be\/books?id=wZgUAAAAQAAJ&amp;printsec=frontcover&amp;dq=editions:0H97A3Z5QJXMDoF3M&amp;lr=&amp;hl=fr\" target=\"_blank\" rel=\"noopener\">Acc\u00e9der au volume<\/a> sur <b>GoogleBooks<\/b><\/p>\n<p><b> 881036<\/b><br \/>\nComte de la M***.<br \/>\n<i> Conte<\/i><br \/>\nOctobre 1788, Tome X, p. 295<br \/>\n<a href=\"http:\/\/books.google.be\/books?id=wZgUAAAAQAAJ&amp;printsec=frontcover&amp;dq=editions:0H97A3Z5QJXMDoF3M&amp;lr=&amp;hl=fr\" target=\"_blank\" rel=\"noopener\">Acc\u00e9der au volume<\/a> sur <b>GoogleBooks<\/b><\/p>\n<p><b> 881037<\/b><br \/>\nMarie-\u00c9mile-Guillaume Duchosal<br \/>\n<i> \u00c0 Eucharis, sur son d\u00e9part<\/i><br \/>\nOctobre 1788, Tome X, p. 295-296<br \/>\n<a href=\"http:\/\/books.google.be\/books?id=wZgUAAAAQAAJ&amp;printsec=frontcover&amp;dq=editions:0H97A3Z5QJXMDoF3M&amp;lr=&amp;hl=fr\" target=\"_blank\" rel=\"noopener\">Acc\u00e9der au volume<\/a> sur <b>GoogleBooks<\/b><\/p>\n<p><b> 881038<\/b><br \/>\nJean-Fran\u00e7ois Collin d&rsquo;Harleville<br \/>\n<i> Le po\u00e8te amoureux<\/i><br \/>\nOctobre 1788, Tome X, p. 296-297<br \/>\n<a href=\"http:\/\/books.google.be\/books?id=wZgUAAAAQAAJ&amp;printsec=frontcover&amp;dq=editions:0H97A3Z5QJXMDoF3M&amp;lr=&amp;hl=fr\" target=\"_blank\" rel=\"noopener\">Acc\u00e9der au volume<\/a> sur <b>GoogleBooks<\/b><\/p>\n<p><b> 881039<\/b><br \/>\nIsaac-Mathieu Crommelin<br \/>\n<i> Les \u00e2nes, Fable imit\u00e9e de Gellert<\/i><br \/>\nOctobre 1788, Tome X, p. 297-298<br \/>\n<a href=\"http:\/\/books.google.be\/books?id=wZgUAAAAQAAJ&amp;printsec=frontcover&amp;dq=editions:0H97A3Z5QJXMDoF3M&amp;lr=&amp;hl=fr\" target=\"_blank\" rel=\"noopener\">Acc\u00e9der au volume<\/a> sur <b>GoogleBooks<\/b><\/p>\n<p><b> 881040<\/b><br \/>\nUne jeune demoiselle<br \/>\n<i> Imitation libre de l&rsquo;\u00e9pigramme Quid Levius pluma, &amp;c.<\/i><br \/>\nOctobre 1788, Tome X, p. 298<br \/>\n<a href=\"http:\/\/books.google.be\/books?id=wZgUAAAAQAAJ&amp;printsec=frontcover&amp;dq=editions:0H97A3Z5QJXMDoF3M&amp;lr=&amp;hl=fr\" target=\"_blank\" rel=\"noopener\">Acc\u00e9der au volume<\/a> sur <b>GoogleBooks<\/b><\/p>\n<p><b> 881101<\/b><br \/>\nEmmanuel Pastoret<br \/>\n<i> Mo\u00efse consid\u00e9r\u00e9 comme l\u00e9gislateur et comme moraliste<\/i><br \/>\nNovembre 1788, Tome XI, p. 3-25<br \/>\n(Journal des savants; Journal encyclop\u00e9dique; Ann\u00e9e litt\u00e9raire; Journal g\u00e9n\u00e9ral de France)<br \/>\n<a href=\"http:\/\/books.google.be\/books?id=ypgUAAAAQAAJ&amp;printsec=frontcover&amp;dq=editions:0H97A3Z5QJXMDoF3M&amp;lr=&amp;hl=fr\" target=\"_blank\" rel=\"noopener\">Acc\u00e9der au volume<\/a> sur <b>GoogleBooks<\/b><\/p>\n<p><b> 881102<\/b><br \/>\nClaude Gaspard Barbat Du Closel d&rsquo;Arnery<br \/>\n<i> Abus et dangers de la contrainte par corps<\/i><br \/>\nNovembre 1788, Tome XI, p. 26-37<br \/>\n(Mercure de France; Ann\u00e9e litt\u00e9raire)<br \/>\n<a href=\"http:\/\/books.google.be\/books?id=ypgUAAAAQAAJ&amp;printsec=frontcover&amp;dq=editions:0H97A3Z5QJXMDoF3M&amp;lr=&amp;hl=fr\" target=\"_blank\" rel=\"noopener\">Acc\u00e9der au volume<\/a> sur <b>GoogleBooks<\/b><\/p>\n<p><b> 881103<\/b><br \/>\nJuan Sempere y Guari\u00f1os<br \/>\n<i> Historia del luxo y de las leyes sumptuarias de Espagna, &amp;c. Histoire du luxe et des lois somptuaires d&rsquo;Espagne<\/i><br \/>\nNovembre 1788, Tome XI, p. 37-41<br \/>\n(Effemeridi letterarie di Roma)<br \/>\n<a href=\"http:\/\/books.google.be\/books?id=ypgUAAAAQAAJ&amp;printsec=frontcover&amp;dq=editions:0H97A3Z5QJXMDoF3M&amp;lr=&amp;hl=fr\" target=\"_blank\" rel=\"noopener\">Acc\u00e9der au volume<\/a> sur <b>GoogleBooks<\/b><\/p>\n<p style=\"text-align: justify;\"><b> 881104<\/b><br \/>\nGeorge Keate<br \/>\n<i> An account of the Pelew Islands, &amp;c. Description des \u00eeles Pelew, situ\u00e9es dans la partie occidentale de l&rsquo;Oc\u00e9an pacifique; tir\u00e9es des journaux et des relations du capitaine Henry Wilson et de quelques-uns de ses officiers, qui en ao\u00fbt 1783, firent naufrage sur ces \u00eeles avec l&rsquo;Antelope, paquebot appartenant \u00e0 l&rsquo;honorable compagnie des Indes orientales<\/i><br \/>\nNovembre 1788, Tome XI, p. 42-51<br \/>\n(Gentleman&rsquo;s magazine)<br \/>\n<a href=\"http:\/\/books.google.be\/books?id=ypgUAAAAQAAJ&amp;printsec=frontcover&amp;dq=editions:0H97A3Z5QJXMDoF3M&amp;lr=&amp;hl=fr\" target=\"_blank\" rel=\"noopener\">Acc\u00e9der au volume<\/a> sur <b>GoogleBooks<\/b><\/p>\n<p><b> 881105<\/b><br \/>\nHorace<br \/>\n<i> Essai de traduction de quelques odes et de l&rsquo;art po\u00e9tique d&rsquo;Horace<\/i><br \/>\nNovembre 1788, Tome XI, p. 51-64<br \/>\n(Journal encyclop\u00e9dique)<br \/>\n<a href=\"http:\/\/books.google.be\/books?id=ypgUAAAAQAAJ&amp;printsec=frontcover&amp;dq=editions:0H97A3Z5QJXMDoF3M&amp;lr=&amp;hl=fr\" target=\"_blank\" rel=\"noopener\">Acc\u00e9der au volume<\/a> sur <b>GoogleBooks<\/b><\/p>\n<p style=\"text-align: justify;\"><b> 881106<\/b><br \/>\nAndr\u00e9 Dufresnoy<br \/>\n<i> Des propri\u00e9t\u00e9s de la plante appel\u00e9e Rhus radicans, de son utilit\u00e9, et des succ\u00e8s qu&rsquo;on en a obtenus pour la gu\u00e9rison des dartres, des affections dartreuses, et de la paralysie des parties inf\u00e9rieures<br \/>\nDes propri\u00e9t\u00e9s du narcisse des pr\u00e9s, et des succ\u00e8s qu&rsquo;on en a obtenus pour la gu\u00e9rison des convulsions<\/i><br \/>\nNovembre 1788, Tome XI, p. 65-73<br \/>\n(Gazette de sant\u00e9; Journal encyclop\u00e9dique)<br \/>\n<a href=\"http:\/\/books.google.be\/books?id=ypgUAAAAQAAJ&amp;printsec=frontcover&amp;dq=editions:0H97A3Z5QJXMDoF3M&amp;lr=&amp;hl=fr\" target=\"_blank\" rel=\"noopener\">Acc\u00e9der au volume<\/a> sur <b>GoogleBooks<\/b><\/p>\n<p style=\"text-align: justify;\"><b> 881107<\/b><br \/>\nJohn Dalrymple<br \/>\n<i> Memoirs of Great-Britain and Ireland, &amp;c. Histoire de la Grande-Bretagne et de l&rsquo;Irlande, depuis la bataille de la Hogue, jusqu&rsquo;\u00e0 la prise des flottes fran\u00e7aises et espagnoles \u00e0 Vigo. Vol. II<\/i><br \/>\nNovembre 1788, Tome XI, p. 73-84<br \/>\n(Critical review)<br \/>\n<a href=\"http:\/\/books.google.be\/books?id=ypgUAAAAQAAJ&amp;printsec=frontcover&amp;dq=editions:0H97A3Z5QJXMDoF3M&amp;lr=&amp;hl=fr\" target=\"_blank\" rel=\"noopener\">Acc\u00e9der au volume<\/a> sur <b>GoogleBooks<\/b><\/p>\n<p style=\"text-align: justify;\"><b> 881108<\/b><br \/>\nSimon Pierre Ernst<br \/>\n<i> Ordines apud Brabantos ejusdem cum eorum principibus esse aetatis,&#8230; demonstrat Simon Petrus Ernst, &amp;c. Simon Pierre Ernst, chanoine r\u00e9gulier de l&rsquo;abbaye de Roldue, ancien professeur de th\u00e9ologie dans la m\u00eame abbaye, d\u00e9montre que les \u00e9tats de Brabant y sont de m\u00eame \u00e2ge que les princes, en conformit\u00e9 du sentiments des tr\u00e8s illustres \u00e9tats, consign\u00e9 dans leur requ\u00eate des 29 janvier et 23 avril<br \/>\nHistoire abr\u00e9g\u00e9e du tiers-\u00e9tat de Brabant, ou m\u00e9moire historique dans lequel, apr\u00e8s un coup d&rsquo;\u0153il sur la constitution des villes en g\u00e9n\u00e9ral au moyen \u00e2ge, on voit l&rsquo;origine des communes en Brabant, l&rsquo;\u00e9poque et les causes de l&rsquo;intervention de leurs d\u00e9put\u00e9s aux assembl\u00e9es de la nation, et les occasions o\u00f9 elle se sont particuli\u00e8rement distingu\u00e9es, ainsi que le temps et la raison de la retraite des petites villes et franchises des \u00e9tats<\/i><br \/>\nNovembre 1788, Tome XI, p. 85-104<br \/>\n<a href=\"http:\/\/books.google.be\/books?id=ypgUAAAAQAAJ&amp;printsec=frontcover&amp;dq=editions:0H97A3Z5QJXMDoF3M&amp;lr=&amp;hl=fr\" target=\"_blank\" rel=\"noopener\">Acc\u00e9der au volume<\/a> sur <b>GoogleBooks<\/b><\/p>\n<p style=\"text-align: justify;\"><b> 881109<\/b><br \/>\nAbb\u00e9 d&rsquo;Almaric<br \/>\n<i> Oraison fun\u00e8bre de tr\u00e8s-haute, tr\u00e8s-puissante et tr\u00e8s-excellente princesse Louise-Marie de France, religieuse carm\u00e9lite, et prieure du monast\u00e8re de Saint-Denys; prononc\u00e9e dans l&rsquo;\u00e9lise des carm\u00e9lites de Saint-Denys, le 28 f\u00e9vrier 1788, et dans l&rsquo;\u00e9glise du premier couvent des carm\u00e9lites de Paris, le 5 mars<\/i><br \/>\nNovembre 1788, Tome XI, p. 105-117<br \/>\n(Ann\u00e9e litt\u00e9raire)<br \/>\n<a href=\"http:\/\/books.google.be\/books?id=ypgUAAAAQAAJ&amp;printsec=frontcover&amp;dq=editions:0H97A3Z5QJXMDoF3M&amp;lr=&amp;hl=fr\" target=\"_blank\" rel=\"noopener\">Acc\u00e9der au volume<\/a> sur <b>GoogleBooks<\/b><\/p>\n<p style=\"text-align: justify;\"><b> 881110<\/b><br \/>\n<i> Recueil des pi\u00e8ces int\u00e9ressantes concernant les antiquit\u00e9s, les beaux-arts, les belles-lettres et la philosophie, traduites de diff\u00e9rentes langues. Tome I et II<\/i><br \/>\nNovembre 1788, Tome XI, p. 118-136<br \/>\n(Journal encyclop\u00e9dique)<br \/>\n<a href=\"http:\/\/books.google.be\/books?id=ypgUAAAAQAAJ&amp;printsec=frontcover&amp;dq=editions:0H97A3Z5QJXMDoF3M&amp;lr=&amp;hl=fr\" target=\"_blank\" rel=\"noopener\">Acc\u00e9der au volume<\/a> sur <b>GoogleBooks<\/b><\/p>\n<p style=\"text-align: justify;\"><b> 881111<\/b><br \/>\nJohn Gillies<br \/>\n<i> Histoire de l&rsquo;ancienne Gr\u00e8ce, de ses colonies et de ses conqu\u00eates, depuis les premiers temps jusqu&rsquo;\u00e0 la division de l&#8217;empire mac\u00e9donien dans l&rsquo;Orient. On y a joint l&rsquo;histoire de la litt\u00e9rature, de la philosophie et des beaux-arts; traduite de l&rsquo;anglais par M. Carra<\/i><br \/>\nNovembre 1788, Tome XI, p. 136-166<br \/>\n(Journal de Paris; Ann\u00e9e litt\u00e9raire)<br \/>\n<a href=\"http:\/\/books.google.be\/books?id=ypgUAAAAQAAJ&amp;printsec=frontcover&amp;dq=editions:0H97A3Z5QJXMDoF3M&amp;lr=&amp;hl=fr\" target=\"_blank\" rel=\"noopener\">Acc\u00e9der au volume<\/a> sur <b>GoogleBooks<\/b><\/p>\n<p style=\"text-align: justify;\"><b> 881112<\/b><br \/>\nMichele Francesco Buniva<br \/>\n<i> Michael Franciscus Buniva, philosophiae &amp; med. doctor. a Pinarolio, Ut in amplissimum medicorum collegium cooptaretur, publice disputabat in regio Taurinensi lyceo anno MDCCLXXXVIII &amp;c.<\/i><br \/>\nNovembre 1788, Tome XI, p. 167-171<br \/>\n(Effemeridi letterarie di Roma)<br \/>\n<a href=\"http:\/\/books.google.be\/books?id=ypgUAAAAQAAJ&amp;printsec=frontcover&amp;dq=editions:0H97A3Z5QJXMDoF3M&amp;lr=&amp;hl=fr\" target=\"_blank\" rel=\"noopener\">Acc\u00e9der au volume<\/a> sur <b>GoogleBooks<\/b><\/p>\n<p style=\"text-align: justify;\"><b> 881113<\/b><br \/>\nGiuseppe Del Rosso<br \/>\n<i> Ricerche sull&rsquo; architettura, &amp;c. Recherches sur l&rsquo;architecture des \u00c9gyptiens, et sur ce que les Grecs paraissent avoir emprunt\u00e9 de cette nation; en r\u00e9ponse \u00e0 la question propos\u00e9e par l&rsquo;acad\u00e9mie royale des inscriptions et belles-lettres de Paris, pour l&rsquo;an 1785<\/i><br \/>\nNovembre 1788, Tome XI, p. 171-175<br \/>\n(Effemeridi letterarie di Roma)<br \/>\n<a href=\"http:\/\/books.google.be\/books?id=ypgUAAAAQAAJ&amp;printsec=frontcover&amp;dq=editions:0H97A3Z5QJXMDoF3M&amp;lr=&amp;hl=fr\" target=\"_blank\" rel=\"noopener\">Acc\u00e9der au volume<\/a> sur <b>GoogleBooks<\/b><\/p>\n<p style=\"text-align: justify;\"><b> 881114<\/b><br \/>\nMarie Monnet<br \/>\n<i> Essais en vers, par l&rsquo;auteur des Contes orientaux, au profit des cultivateurs maltrait\u00e9s par l&rsquo;orage du 23 juillet dernier<\/i><br \/>\nNovembre 1788, Tome XI, p. 176-185<br \/>\n(Mercure de France; Journal encyclop\u00e9dique)<br \/>\n<a href=\"http:\/\/books.google.be\/books?id=ypgUAAAAQAAJ&amp;printsec=frontcover&amp;dq=editions:0H97A3Z5QJXMDoF3M&amp;lr=&amp;hl=fr\" target=\"_blank\" rel=\"noopener\">Acc\u00e9der au volume<\/a> sur <b>GoogleBooks<\/b><\/p>\n<p><b> 881115<\/b><br \/>\nJoseph de Maimieux<br \/>\n<i> \u00c9loge philosophique de l&rsquo;impertinence, ouvrage posthume de M. de La Bract\u00e9ole<\/i><br \/>\nNovembre 1788, Tome XI, p. 186-191<br \/>\n(Journal de Paris; Affiches, annonces et avis divers)<br \/>\n<a href=\"http:\/\/books.google.be\/books?id=ypgUAAAAQAAJ&amp;printsec=frontcover&amp;dq=editions:0H97A3Z5QJXMDoF3M&amp;lr=&amp;hl=fr\" target=\"_blank\" rel=\"noopener\">Acc\u00e9der au volume<\/a> sur <b>GoogleBooks<\/b><\/p>\n<p style=\"text-align: justify;\"><b> 881116<\/b><br \/>\nC. F. E. Hammard<br \/>\n<i> Reise, &amp;c. Voyage de M. Hammard, ci-devant lieutenant de g\u00e9nie et inspecteur des ponts et chauss\u00e9es du roi de Prusse, fait en 1783, \u00e0 l&rsquo;arm\u00e9e de l&rsquo;imp\u00e9ratrice de Russie en Ukraine par la Haute-Sil\u00e9sie. Ier. vol<\/i><br \/>\nNovembre 1788, Tome XI, p. 191-203<br \/>\n<a href=\"http:\/\/books.google.be\/books?id=ypgUAAAAQAAJ&amp;printsec=frontcover&amp;dq=editions:0H97A3Z5QJXMDoF3M&amp;lr=&amp;hl=fr\" target=\"_blank\" rel=\"noopener\">Acc\u00e9der au volume<\/a> sur <b>GoogleBooks<\/b><\/p>\n<p><b> 881117<\/b><br \/>\nJacques Necker<br \/>\n<i> Sur le compte rendu au roi en 1781. Nouveaux \u00e9claircissements<\/i><br \/>\nNovembre 1788, Tome XI, p. 203-228<br \/>\n(Journal de Paris; Journal encyclop\u00e9dique)<br \/>\n<a href=\"http:\/\/books.google.be\/books?id=ypgUAAAAQAAJ&amp;printsec=frontcover&amp;dq=editions:0H97A3Z5QJXMDoF3M&amp;lr=&amp;hl=fr\" target=\"_blank\" rel=\"noopener\">Acc\u00e9der au volume<\/a> sur <b>GoogleBooks<\/b><\/p>\n<p><b> 881118<\/b><br \/>\nTardy<br \/>\n<i> N\u00e9crologie. Mort du mar\u00e9chal de Vaux<\/i><br \/>\nNovembre 1788, Tome XI, p. 229-242<br \/>\n(Journal de Paris)<br \/>\n<a href=\"http:\/\/books.google.be\/books?id=ypgUAAAAQAAJ&amp;printsec=frontcover&amp;dq=editions:0H97A3Z5QJXMDoF3M&amp;lr=&amp;hl=fr\" target=\"_blank\" rel=\"noopener\">Acc\u00e9der au volume<\/a> sur <b>GoogleBooks<\/b><\/p>\n<p><b> 881119<\/b><br \/>\n<i> Question sur la com\u00e9die<\/i><br \/>\nNovembre 1788, Tome XI, p. 242-244<br \/>\n(Journal de Paris)<br \/>\n<a href=\"http:\/\/books.google.be\/books?id=ypgUAAAAQAAJ&amp;printsec=frontcover&amp;dq=editions:0H97A3Z5QJXMDoF3M&amp;lr=&amp;hl=fr\" target=\"_blank\" rel=\"noopener\">Acc\u00e9der au volume<\/a> sur <b>GoogleBooks<\/b><\/p>\n<p style=\"text-align: justify;\"><b> 881120<\/b><br \/>\nJean-Baptiste Aubry<br \/>\n<i> R\u00e9plique de D. Aubry \u00e0 la r\u00e9ponse de M. d&rsquo;Elmotte de Montreuil-sur-Mer, ins\u00e9r\u00e9e dans le Journal de septembre<\/i><br \/>\nNovembre 1788, Tome XI, p. 245-250<br \/>\n(Journal encyclop\u00e9dique)<br \/>\n<a href=\"http:\/\/books.google.be\/books?id=ypgUAAAAQAAJ&amp;printsec=frontcover&amp;dq=editions:0H97A3Z5QJXMDoF3M&amp;lr=&amp;hl=fr\" target=\"_blank\" rel=\"noopener\">Acc\u00e9der au volume<\/a> sur <b>GoogleBooks<\/b><\/p>\n<p><b> 881121<\/b><br \/>\nPierre-Louis Ginguen\u00e9<br \/>\n<i> N\u00e9crologie. Mort de M. de Rochefort<\/i><br \/>\nNovembre 1788, Tome XI, p. 250-256<br \/>\n(Mercure de France)<br \/>\n<a href=\"http:\/\/books.google.be\/books?id=ypgUAAAAQAAJ&amp;printsec=frontcover&amp;dq=editions:0H97A3Z5QJXMDoF3M&amp;lr=&amp;hl=fr\" target=\"_blank\" rel=\"noopener\">Acc\u00e9der au volume<\/a> sur <b>GoogleBooks<\/b><\/p>\n<p><b> 881122<\/b><br \/>\n<i> Id\u00e9es diverses sur la beaut\u00e9<\/i><br \/>\nNovembre 1788, Tome XI, p. 257-259<br \/>\n(Journal de Saintonge et de l&rsquo;Angoumois)<br \/>\n<a href=\"http:\/\/books.google.be\/books?id=ypgUAAAAQAAJ&amp;printsec=frontcover&amp;dq=editions:0H97A3Z5QJXMDoF3M&amp;lr=&amp;hl=fr\" target=\"_blank\" rel=\"noopener\">Acc\u00e9der au volume<\/a> sur <b>GoogleBooks<\/b><\/p>\n<p><b> 881123<\/b><br \/>\n<i> Le comte Pierre, Danois, en Pologne. Anecdote historique, traduite de l&rsquo;allemand<\/i><br \/>\nNovembre 1788, Tome XI, p. 259-262<br \/>\n(Journal aller Journale)<br \/>\n<a href=\"http:\/\/books.google.be\/books?id=ypgUAAAAQAAJ&amp;printsec=frontcover&amp;dq=editions:0H97A3Z5QJXMDoF3M&amp;lr=&amp;hl=fr\" target=\"_blank\" rel=\"noopener\">Acc\u00e9der au volume<\/a> sur <b>GoogleBooks<\/b><\/p>\n<p><b> 881124<\/b><br \/>\n<i> Friedlef &amp; Hiarne-Skiald, ou histoire de l&rsquo;ennui de Magnus, roi de Norv\u00e8ge<\/i><br \/>\nNovembre 1788, Tome XI, p. 263-279<br \/>\n(Journal aller Journale)<br \/>\n<a href=\"http:\/\/books.google.be\/books?id=ypgUAAAAQAAJ&amp;printsec=frontcover&amp;dq=editions:0H97A3Z5QJXMDoF3M&amp;lr=&amp;hl=fr\" target=\"_blank\" rel=\"noopener\">Acc\u00e9der au volume<\/a> sur <b>GoogleBooks<\/b><\/p>\n<p style=\"text-align: justify;\"><b> 881125<\/b><br \/>\n<i> Recueil d&rsquo;observations sur quelques raret\u00e9s d&rsquo;un genre particulier et remarquable, qui se trouvent dans les collections d&rsquo;ouvrages de la nature et de l&rsquo;art, poss\u00e9d\u00e9es par M. le baron de Hupsch, \u00e0 Cologne. \u2013 Tir\u00e9es du Journal de voyages de M. Tr\u2026<\/i><br \/>\nNovembre 1788, Tome XI, p. 279-285<br \/>\n<a href=\"http:\/\/books.google.be\/books?id=ypgUAAAAQAAJ&amp;printsec=frontcover&amp;dq=editions:0H97A3Z5QJXMDoF3M&amp;lr=&amp;hl=fr\" target=\"_blank\" rel=\"noopener\">Acc\u00e9der au volume<\/a> sur <b>GoogleBooks<\/b><\/p>\n<p><b> 881126<\/b><br \/>\n<i> Fragments de morale. \u00c0 M. du M**. de la Pl**.<\/i><br \/>\nNovembre 1788, Tome XI, p. 286-288<br \/>\n(Journal de Paris)<br \/>\n<a href=\"http:\/\/books.google.be\/books?id=ypgUAAAAQAAJ&amp;printsec=frontcover&amp;dq=editions:0H97A3Z5QJXMDoF3M&amp;lr=&amp;hl=fr\" target=\"_blank\" rel=\"noopener\">Acc\u00e9der au volume<\/a> sur <b>GoogleBooks<\/b><\/p>\n<p><b> 881127<\/b><br \/>\nMerlin<br \/>\n<i> Imitation de l&rsquo;\u00e9l\u00e9gie de Gray, Sur un cimeti\u00e8re de campagne<\/i><br \/>\nNovembre 1788, Tome XI, p. 289-295<br \/>\n<a href=\"http:\/\/books.google.be\/books?id=ypgUAAAAQAAJ&amp;printsec=frontcover&amp;dq=editions:0H97A3Z5QJXMDoF3M&amp;lr=&amp;hl=fr\" target=\"_blank\" rel=\"noopener\">Acc\u00e9der au volume<\/a> sur <b>GoogleBooks<\/b><\/p>\n<p><b> 881128<\/b><br \/>\nCharles-Marguerite-Jean-Baptiste Mercier Dupaty<br \/>\n<i> \u00c0 Cinthie, \u00c9l\u00e9gie imit\u00e9e de Properce<\/i><br \/>\nNovembre 1788, Tome XI, p. 295-296<br \/>\n<a href=\"http:\/\/books.google.be\/books?id=ypgUAAAAQAAJ&amp;printsec=frontcover&amp;dq=editions:0H97A3Z5QJXMDoF3M&amp;lr=&amp;hl=fr\" target=\"_blank\" rel=\"noopener\">Acc\u00e9der au volume<\/a> sur <b>GoogleBooks<\/b><\/p>\n<p><b> 881129<\/b><br \/>\nAbb\u00e9 A*<br \/>\n<i> Le chat et le chien, Fable<\/i><br \/>\nNovembre 1788, Tome XI, p. 297-298<br \/>\n<a href=\"http:\/\/books.google.be\/books?id=ypgUAAAAQAAJ&amp;printsec=frontcover&amp;dq=editions:0H97A3Z5QJXMDoF3M&amp;lr=&amp;hl=fr\" target=\"_blank\" rel=\"noopener\">Acc\u00e9der au volume<\/a> sur <b>GoogleBooks<\/b><\/p>\n<p><b> 881130<\/b><br \/>\nEdouard-Thomas Simon<br \/>\n<i> La m\u00e9contente. Chanson nouvelle<\/i><br \/>\nNovembre 1788, Tome XI, p. 299-300<br \/>\n<a href=\"http:\/\/books.google.be\/books?id=ypgUAAAAQAAJ&amp;printsec=frontcover&amp;dq=editions:0H97A3Z5QJXMDoF3M&amp;lr=&amp;hl=fr\" target=\"_blank\" rel=\"noopener\">Acc\u00e9der au volume<\/a> sur <b>GoogleBooks<\/b><\/p>\n<p><b> 881131<\/b><br \/>\nJean Louis Mallet<br \/>\n<i> La marquise et l&rsquo;abb\u00e9, Dialogue<\/i><br \/>\nNovembre 1788, Tome XI, p. 300<br \/>\n<a href=\"http:\/\/books.google.be\/books?id=ypgUAAAAQAAJ&amp;printsec=frontcover&amp;dq=editions:0H97A3Z5QJXMDoF3M&amp;lr=&amp;hl=fr\" target=\"_blank\" rel=\"noopener\">Acc\u00e9der au volume<\/a> sur <b>GoogleBooks<\/b><\/p>\n<p><b> 881132<\/b><br \/>\nLe Brun<br \/>\n<i> \u00c9p\u00eetre des berg\u00e8res du Languedoc \u00e0 M. le chevalier de Florian, sur son roman d&rsquo;Estelle<\/i><br \/>\nNovembre 1788, Tome XI, p. 301-302<br \/>\n<a href=\"http:\/\/books.google.be\/books?id=ypgUAAAAQAAJ&amp;printsec=frontcover&amp;dq=editions:0H97A3Z5QJXMDoF3M&amp;lr=&amp;hl=fr\" target=\"_blank\" rel=\"noopener\">Acc\u00e9der au volume<\/a> sur <b>GoogleBooks<\/b><\/p>\n<p><b> 881133<\/b><br \/>\n<i> \u00c9p\u00eetre \u00e0 la perruque de mon grand-p\u00e8re<\/i><br \/>\nNovembre 1788, Tome XI, p. 302-304<br \/>\n<a href=\"http:\/\/books.google.be\/books?id=ypgUAAAAQAAJ&amp;printsec=frontcover&amp;dq=editions:0H97A3Z5QJXMDoF3M&amp;lr=&amp;hl=fr\" target=\"_blank\" rel=\"noopener\">Acc\u00e9der au volume<\/a> sur <b>GoogleBooks<\/b><\/p>\n<p style=\"text-align: justify;\"><b> 881201<\/b><br \/>\nLouis de Rouvroy, duc de Saint-Simon<br \/>\n<i> M\u00e9moires de M. le duc de Saint-Simon, ou, l&rsquo;observateur v\u00e9ridique sur le r\u00e8gne de Louis XIV, et sur les premi\u00e8res \u00e9poques du r\u00e8gne suivant<\/i><br \/>\nD\u00e9cembre 1788, Tome XII, p. 3-35<br \/>\n(Gazette de litt\u00e9rature, des sciences et des arts; Journal de Paris; Ann\u00e9e litt\u00e9raire; Journal encyclop\u00e9dique)<br \/>\n<a href=\"http:\/\/books.google.be\/books?id=gx8TAAAAYAAJ&amp;printsec=frontcover&amp;dq=editions:0YywDHrPuX_Qlj6G&amp;lr=&amp;as_brr=1&amp;hl=fr\" target=\"_blank\" rel=\"noopener\">Acc\u00e9der au volume<\/a> sur <b>GoogleBooks<\/b><\/p>\n<p style=\"text-align: justify;\"><b> 881202<\/b><br \/>\nJohann Georg Hartman<br \/>\n<i> Trait\u00e9 des haras, auquel on a ajout\u00e9 la mani\u00e8re de ferrer, marquer, hongrer et anglaiser les poulains : des remarques sur quelques-unes de leurs maladies, des observations sur le pouls, sur la saign\u00e9e et sur la population, avec un trait\u00e9 des mulets<\/i><br \/>\nD\u00e9cembre 1788, Tome XII, p. 36-51<br \/>\n(Journal g\u00e9n\u00e9ral de France; Journal des savants)<br \/>\n<a href=\"http:\/\/books.google.be\/books?id=gx8TAAAAYAAJ&amp;printsec=frontcover&amp;dq=editions:0YywDHrPuX_Qlj6G&amp;lr=&amp;as_brr=1&amp;hl=fr\" target=\"_blank\" rel=\"noopener\">Acc\u00e9der au volume<\/a> sur <b>GoogleBooks<\/b><\/p>\n<p style=\"text-align: justify;\"><b> 881203<\/b><br \/>\nFran\u00e7ois-Joseph-Michel No\u00ebl<br \/>\n<i> \u00c9loge de Louis XII, roi de France, surnomm\u00e9 le p\u00e8re du peuple, discours qui a remport\u00e9 le prix d&rsquo;\u00e9loquence au jugement de l&rsquo;acad\u00e9mie fran\u00e7aise en 1788<\/i><br \/>\nD\u00e9cembre 1788, Tome XII, p. 52-73<br \/>\n(Ann\u00e9e litt\u00e9raire; Mercure de France; Journal de Paris; Journal encyclop\u00e9dique; Journal g\u00e9n\u00e9ral de France)<br \/>\n<a href=\"http:\/\/books.google.be\/books?id=gx8TAAAAYAAJ&amp;printsec=frontcover&amp;dq=editions:0YywDHrPuX_Qlj6G&amp;lr=&amp;as_brr=1&amp;hl=fr\" target=\"_blank\" rel=\"noopener\">Acc\u00e9der au volume<\/a> sur <b>GoogleBooks<\/b><\/p>\n<p><b> 881204<\/b><br \/>\nIsidoro Bossarte<br \/>\n<i> Gabinete de lectura espa\u00f1ola, &amp;c. Cabinet de lecture espagnole, etc.<\/i><br \/>\nD\u00e9cembre 1788, Tome XII, p. 74-80<br \/>\n(Effemeridi letterarie di Roma)<br \/>\n<a href=\"http:\/\/books.google.be\/books?id=gx8TAAAAYAAJ&amp;printsec=frontcover&amp;dq=editions:0YywDHrPuX_Qlj6G&amp;lr=&amp;as_brr=1&amp;hl=fr\" target=\"_blank\" rel=\"noopener\">Acc\u00e9der au volume<\/a> sur <b>GoogleBooks<\/b><\/p>\n<p style=\"text-align: justify;\"><b> 881205<\/b><br \/>\nMarquis de Brez\u00e9<br \/>\n<i> Memoria interno alla, &amp;c. M\u00e9moire sur la conservation des grains, en r\u00e9ponse au programme de l&rsquo;acad\u00e9mie royale des sciences de Turin<\/i><br \/>\nD\u00e9cembre 1788, Tome XII, p. 80-86<br \/>\n(Giornale enciclopedico di Vicenza)<br \/>\n<a href=\"http:\/\/books.google.be\/books?id=gx8TAAAAYAAJ&amp;printsec=frontcover&amp;dq=editions:0YywDHrPuX_Qlj6G&amp;lr=&amp;as_brr=1&amp;hl=fr\" target=\"_blank\" rel=\"noopener\">Acc\u00e9der au volume<\/a> sur <b>GoogleBooks<\/b><\/p>\n<p><b> 881206<\/b><br \/>\nAbb\u00e9 d&rsquo;Auriol de Lauraguel<br \/>\n<i> Mes adieux au coll\u00e8ge de Louis-le-Grand, \u00e9p\u00eetre<\/i><br \/>\nD\u00e9cembre 1788, Tome XII, p. 87-92<br \/>\n(Journal g\u00e9n\u00e9ral de France; Ann\u00e9e litt\u00e9raire)<br \/>\n<a href=\"http:\/\/books.google.be\/books?id=gx8TAAAAYAAJ&amp;printsec=frontcover&amp;dq=editions:0YywDHrPuX_Qlj6G&amp;lr=&amp;as_brr=1&amp;hl=fr\" target=\"_blank\" rel=\"noopener\">Acc\u00e9der au volume<\/a> sur <b>GoogleBooks<\/b><\/p>\n<p style=\"text-align: justify;\"><b> 881207<\/b><br \/>\nC. F. E. Hammard<br \/>\n<i> Reise, &amp;c. Voyage de M. Hammard, ci-devant lieutenant de g\u00e9nie et inspecteur des ponts et chauss\u00e9es du roi de Prusse, fait en 1783, \u00e0 l&rsquo;arm\u00e9e de l&rsquo;imp\u00e9ratrice de Russie en Ukraine par la Haute-Sil\u00e9sie. Ier. vol<\/i><br \/>\nD\u00e9cembre 1788, Tome XII, p. 93-116<br \/>\n<a href=\"http:\/\/books.google.be\/books?id=gx8TAAAAYAAJ&amp;printsec=frontcover&amp;dq=editions:0YywDHrPuX_Qlj6G&amp;lr=&amp;as_brr=1&amp;hl=fr\" target=\"_blank\" rel=\"noopener\">Acc\u00e9der au volume<\/a> sur <b>GoogleBooks<\/b><\/p>\n<p style=\"text-align: justify;\"><b> 881208<\/b><br \/>\nJean-Joseph Sue<br \/>\n<i> \u00c9l\u00e9ments d&rsquo;anatomie, \u00e0 l&rsquo;usage des peintres, des sculpteurs et des amateurs; orn\u00e9s de 14 planches en taille-douce, repr\u00e9sentant au naturel tous les os de l&rsquo;adulte, et ceux de l&rsquo;enfant du premier \u00e2ge, avec leur explication<\/i><br \/>\nD\u00e9cembre 1788, Tome XII, p. 117-125<br \/>\n(Journal g\u00e9n\u00e9ral de France; Ann\u00e9e litt\u00e9raire)<br \/>\n<a href=\"http:\/\/books.google.be\/books?id=gx8TAAAAYAAJ&amp;printsec=frontcover&amp;dq=editions:0YywDHrPuX_Qlj6G&amp;lr=&amp;as_brr=1&amp;hl=fr\" target=\"_blank\" rel=\"noopener\">Acc\u00e9der au volume<\/a> sur <b>GoogleBooks<\/b><\/p>\n<p><b> 881209<\/b><br \/>\n<i> La germination, ou nouveau principe de physique; par un m\u00e9decin<\/i><br \/>\nD\u00e9cembre 1788, Tome XII, p. 125-152<br \/>\n(Mercure de France)<br \/>\n<a href=\"http:\/\/books.google.be\/books?id=gx8TAAAAYAAJ&amp;printsec=frontcover&amp;dq=editions:0YywDHrPuX_Qlj6G&amp;lr=&amp;as_brr=1&amp;hl=fr\" target=\"_blank\" rel=\"noopener\">Acc\u00e9der au volume<\/a> sur <b>GoogleBooks<\/b><\/p>\n<p style=\"text-align: justify;\"><b> 881210<\/b><br \/>\nDomenico Michelani<br \/>\n<i> Instituzioni dell&rsquo; arte oratoria, &amp;c. Institutions de l&rsquo;art oratoire, expos\u00e9es en forme de dialogue, et accompagn\u00e9es d&rsquo;exemples tir\u00e9s des \u00e9crivains classiques d&rsquo;Italie. Tome Ier<\/i><br \/>\nD\u00e9cembre 1788, Tome XII, p. 152-155<br \/>\n(Novelle letterarie di Firenze)<br \/>\n<a href=\"http:\/\/books.google.be\/books?id=gx8TAAAAYAAJ&amp;printsec=frontcover&amp;dq=editions:0YywDHrPuX_Qlj6G&amp;lr=&amp;as_brr=1&amp;hl=fr\" target=\"_blank\" rel=\"noopener\">Acc\u00e9der au volume<\/a> sur <b>GoogleBooks<\/b><\/p>\n<p><b> 881211<\/b><br \/>\nAndr\u00e9 Galland<br \/>\n<i> Bibliotheca graeco-latina veterum patrum antiquorumque scriptorum ecclesiasticorum, &amp;c.<\/i><br \/>\nD\u00e9cembre 1788, Tome XII, p. 155-170<br \/>\n(Novelle letterarie di Firenza)<br \/>\n<a href=\"http:\/\/books.google.be\/books?id=gx8TAAAAYAAJ&amp;printsec=frontcover&amp;dq=editions:0YywDHrPuX_Qlj6G&amp;lr=&amp;as_brr=1&amp;hl=fr\" target=\"_blank\" rel=\"noopener\">Acc\u00e9der au volume<\/a> sur <b>GoogleBooks<\/b><\/p>\n<p><b> 881212<\/b><br \/>\nLaurent-Pierre B\u00e9renger<br \/>\n<i> \u00c9cole historique et morale du soldat et de l&rsquo;officier, \u00e0 l&rsquo;usage des troupes de France et des \u00e9coles militaires, avec des portraits<\/i><br \/>\nD\u00e9cembre 1788, Tome XII, p. 170-181<br \/>\n(Gazette de litt\u00e9rature, des sciences et des arts; Journal de Paris; Journal g\u00e9n\u00e9ral de France; Affiches, annonces et avis divers)<br \/>\n<a href=\"http:\/\/books.google.be\/books?id=gx8TAAAAYAAJ&amp;printsec=frontcover&amp;dq=editions:0YywDHrPuX_Qlj6G&amp;lr=&amp;as_brr=1&amp;hl=fr\" target=\"_blank\" rel=\"noopener\">Acc\u00e9der au volume<\/a> sur <b>GoogleBooks<\/b><\/p>\n<p><b> 881213<\/b><br \/>\nFranz von Paula Triesnecker \/ Maximilianus Hell<br \/>\n<i> Ephemerides astronomicae anni 1788, ad meridianum vindobonensem &amp;c.<\/i><br \/>\nD\u00e9cembre 1788, Tome XII, p. 182-85<br \/>\n(Effemeridi letterarie di Roma)<br \/>\n<a href=\"http:\/\/books.google.be\/books?id=gx8TAAAAYAAJ&amp;printsec=frontcover&amp;dq=editions:0YywDHrPuX_Qlj6G&amp;lr=&amp;as_brr=1&amp;hl=fr\" target=\"_blank\" rel=\"noopener\">Acc\u00e9der au volume<\/a> sur <b>GoogleBooks<\/b><\/p>\n<p><b> 881214<\/b><br \/>\nLeonhard Euler<br \/>\n<i> Institutiones calculi differentialis, cum ejus usu in analysi finitorum ac doctrina serierum<\/i><br \/>\nD\u00e9cembre 1788, Tome XII, p. 186-189<br \/>\n(Effemeridi letterarie di Roma)<br \/>\n<a href=\"http:\/\/books.google.be\/books?id=gx8TAAAAYAAJ&amp;printsec=frontcover&amp;dq=editions:0YywDHrPuX_Qlj6G&amp;lr=&amp;as_brr=1&amp;hl=fr\" target=\"_blank\" rel=\"noopener\">Acc\u00e9der au volume<\/a> sur <b>GoogleBooks<\/b><\/p>\n<p style=\"text-align: justify;\"><b> 881215<\/b><br \/>\nJean-Pierre Erman<br \/>\n<i> Recherches historiques sur le mariage du margrave Jean de Brandebourg avec Germaine de Foix, veuve de Ferdinand-le-Catholique, lues dans les assembl\u00e9es publiques de l&rsquo;acad\u00e9mie royale des sciences et belles-lettres de Berlin, du 23 ao\u00fbt 1787 et du 24 janvier 1788<\/i><br \/>\nD\u00e9cembre 1788, Tome XII, p. 190-212<br \/>\n(Journal encyclop\u00e9dique)<br \/>\n<a href=\"http:\/\/books.google.be\/books?id=gx8TAAAAYAAJ&amp;printsec=frontcover&amp;dq=editions:0YywDHrPuX_Qlj6G&amp;lr=&amp;as_brr=1&amp;hl=fr\" target=\"_blank\" rel=\"noopener\">Acc\u00e9der au volume<\/a> sur <b>GoogleBooks<\/b><\/p>\n<p style=\"text-align: justify;\"><b> 881216<\/b><br \/>\nAntonio Colacicchi<br \/>\n<i> De&rsquo; mezzi da prevenire le, &amp;c. Des moyens de pr\u00e9venir la disette dans la ville et le territoire d&rsquo;Anagni<\/i><br \/>\nD\u00e9cembre 1788, Tome XII, p. 213-216<br \/>\n(Effemeridi letterarie di Roma)<br \/>\n<a href=\"http:\/\/books.google.be\/books?id=gx8TAAAAYAAJ&amp;printsec=frontcover&amp;dq=editions:0YywDHrPuX_Qlj6G&amp;lr=&amp;as_brr=1&amp;hl=fr\" target=\"_blank\" rel=\"noopener\">Acc\u00e9der au volume<\/a> sur <b>GoogleBooks<\/b><\/p>\n<p><b> 881217<\/b><br \/>\n<i> Histoire du P\u00e8re Nicolas, Imit\u00e9e de l&rsquo;anglais<\/i><br \/>\nD\u00e9cembre 1788, Tome XII, p. 217-234<br \/>\n(Mercure de France)<br \/>\n<a href=\"http:\/\/books.google.be\/books?id=gx8TAAAAYAAJ&amp;printsec=frontcover&amp;dq=editions:0YywDHrPuX_Qlj6G&amp;lr=&amp;as_brr=1&amp;hl=fr\" target=\"_blank\" rel=\"noopener\">Acc\u00e9der au volume<\/a> sur <b>GoogleBooks<\/b><\/p>\n<p><b> 881218<\/b><br \/>\n<i> La promenade et le cirque<\/i><br \/>\nD\u00e9cembre 1788, Tome XII, p. 234-238<br \/>\n(Journal de Paris)<br \/>\n<a href=\"http:\/\/books.google.be\/books?id=gx8TAAAAYAAJ&amp;printsec=frontcover&amp;dq=editions:0YywDHrPuX_Qlj6G&amp;lr=&amp;as_brr=1&amp;hl=fr\" target=\"_blank\" rel=\"noopener\">Acc\u00e9der au volume<\/a> sur <b>GoogleBooks<\/b><\/p>\n<p><b> 881219<\/b><br \/>\n<i> Le Suisse du cirque<\/i><br \/>\nD\u00e9cembre 1788, Tome XII, p. 238-239<br \/>\n(Journal de Paris)<br \/>\n<a href=\"http:\/\/books.google.be\/books?id=gx8TAAAAYAAJ&amp;printsec=frontcover&amp;dq=editions:0YywDHrPuX_Qlj6G&amp;lr=&amp;as_brr=1&amp;hl=fr\" target=\"_blank\" rel=\"noopener\">Acc\u00e9der au volume<\/a> sur <b>GoogleBooks<\/b><\/p>\n<p><b> 881220<\/b><br \/>\nL. A. D. L. L.<br \/>\n<i> Au Suisse du cirque, En r\u00e9ponse \u00e0 sa lettre<\/i><br \/>\nD\u00e9cembre 1788, Tome XII, p. 239-242<br \/>\n<a href=\"http:\/\/books.google.be\/books?id=gx8TAAAAYAAJ&amp;printsec=frontcover&amp;dq=editions:0YywDHrPuX_Qlj6G&amp;lr=&amp;as_brr=1&amp;hl=fr\" target=\"_blank\" rel=\"noopener\">Acc\u00e9der au volume<\/a> sur <b>GoogleBooks<\/b><\/p>\n<p><b> 881221<\/b><br \/>\nDomenico Sestini<br \/>\n<i> D\u00e9gradation des L\u00e2ches en Turquie<\/i><br \/>\nD\u00e9cembre 1788, Tome XII, p. 243-245<br \/>\n(Novelle letterarie di Firenze)<br \/>\n<a href=\"http:\/\/books.google.be\/books?id=gx8TAAAAYAAJ&amp;printsec=frontcover&amp;dq=editions:0YywDHrPuX_Qlj6G&amp;lr=&amp;as_brr=1&amp;hl=fr\" target=\"_blank\" rel=\"noopener\">Acc\u00e9der au volume<\/a> sur <b>GoogleBooks<\/b><\/p>\n<p><b> 881222<\/b><br \/>\nHenri-Jean-Baptiste de Bousmard<br \/>\n<i> Lettre \u00e0 Mrs. les auteurs du Journal de Paris<\/i><br \/>\nD\u00e9cembre 1788, Tome XII, p. 246-251<br \/>\n<a href=\"http:\/\/books.google.be\/books?id=gx8TAAAAYAAJ&amp;printsec=frontcover&amp;dq=editions:0YywDHrPuX_Qlj6G&amp;lr=&amp;as_brr=1&amp;hl=fr\" target=\"_blank\" rel=\"noopener\">Acc\u00e9der au volume<\/a> sur <b>GoogleBooks<\/b><\/p>\n<p style=\"text-align: justify;\"><b> 881223<\/b><br \/>\n<i> Notice historique sur la vie et les ouvrages de feu Gio. Antonio Scopoli, professeur de chimie et de botanique en l&rsquo;universit\u00e9 royale de Pavie, etc. Article traduit de l&rsquo;italien<\/i><br \/>\nD\u00e9cembre 1788, Tome XII, p. 251-260<br \/>\n(Novelle, &amp;c.)<br \/>\n<a href=\"http:\/\/books.google.be\/books?id=gx8TAAAAYAAJ&amp;printsec=frontcover&amp;dq=editions:0YywDHrPuX_Qlj6G&amp;lr=&amp;as_brr=1&amp;hl=fr\" target=\"_blank\" rel=\"noopener\">Acc\u00e9der au volume<\/a> sur <b>GoogleBooks<\/b><\/p>\n<p style=\"text-align: justify;\"><b> 881224<\/b><br \/>\nJean Philippe de Limbourg<br \/>\n<i> R\u00e9ponse de J. P. de Limbourg, l&rsquo;a\u00een\u00e9, docteur en m\u00e9decine, et de plusieurs soci\u00e9t\u00e9s des sciences, \u00e0 M. de Villenfagne sur la suite de son suppl\u00e9ment, relativement aux eaux de Tongres et de Spa<\/i><br \/>\nD\u00e9cembre 1788, Tome XII, p. 261-274<br \/>\n<a href=\"http:\/\/books.google.be\/books?id=gx8TAAAAYAAJ&amp;printsec=frontcover&amp;dq=editions:0YywDHrPuX_Qlj6G&amp;lr=&amp;as_brr=1&amp;hl=fr\" target=\"_blank\" rel=\"noopener\">Acc\u00e9der au volume<\/a> sur <b>GoogleBooks<\/b><\/p>\n<p><b> 881225<\/b><br \/>\n<i> De l&rsquo;\u00e9conomie<\/i><br \/>\nD\u00e9cembre 1788, Tome XII, p. 275-278<br \/>\n(Journal de Paris)<br \/>\n<a href=\"http:\/\/books.google.be\/books?id=gx8TAAAAYAAJ&amp;printsec=frontcover&amp;dq=editions:0YywDHrPuX_Qlj6G&amp;lr=&amp;as_brr=1&amp;hl=fr\" target=\"_blank\" rel=\"noopener\">Acc\u00e9der au volume<\/a> sur <b>GoogleBooks<\/b><\/p>\n<p><b> 881226<\/b><br \/>\n<i> Notice sur M. William Julius Mickle. Article traduit de l&rsquo;anglais<\/i><br \/>\nD\u00e9cembre 1788, Tome XII, p. 278-281<br \/>\n(Middlesex and London evening Post)<br \/>\n<a href=\"http:\/\/books.google.be\/books?id=gx8TAAAAYAAJ&amp;printsec=frontcover&amp;dq=editions:0YywDHrPuX_Qlj6G&amp;lr=&amp;as_brr=1&amp;hl=fr\" target=\"_blank\" rel=\"noopener\">Acc\u00e9der au volume<\/a> sur <b>GoogleBooks<\/b><\/p>\n<p><b> 881227<\/b><br \/>\n<i> Stances sur l&rsquo;imp\u00f4t territorial<\/i><br \/>\nD\u00e9cembre 1788, Tome XII, p. 282-285<br \/>\n<a href=\"http:\/\/books.google.be\/books?id=gx8TAAAAYAAJ&amp;printsec=frontcover&amp;dq=editions:0YywDHrPuX_Qlj6G&amp;lr=&amp;as_brr=1&amp;hl=fr\" target=\"_blank\" rel=\"noopener\">Acc\u00e9der au volume<\/a> sur <b>GoogleBooks<\/b><\/p>\n<p><b> 881228<\/b><br \/>\nAbb\u00e9 A**<br \/>\n<i> L&rsquo;aigle et l&rsquo;assembl\u00e9e des oiseaux. Fable<\/i><br \/>\nD\u00e9cembre 1788, Tome XII, p. 286-287<br \/>\n<a href=\"http:\/\/books.google.be\/books?id=gx8TAAAAYAAJ&amp;printsec=frontcover&amp;dq=editions:0YywDHrPuX_Qlj6G&amp;lr=&amp;as_brr=1&amp;hl=fr\" target=\"_blank\" rel=\"noopener\">Acc\u00e9der au volume<\/a> sur <b>GoogleBooks<\/b><\/p>\n<p><b> 881229<\/b><br \/>\nMarie-\u00c9mile-Guillaume Duchosal<br \/>\n<i> L&rsquo;esprit du jour<\/i><br \/>\nD\u00e9cembre 1788, Tome XII, p. 287-289<br \/>\n<a href=\"http:\/\/books.google.be\/books?id=gx8TAAAAYAAJ&amp;printsec=frontcover&amp;dq=editions:0YywDHrPuX_Qlj6G&amp;lr=&amp;as_brr=1&amp;hl=fr\" target=\"_blank\" rel=\"noopener\">Acc\u00e9der au volume<\/a> sur <b>GoogleBooks<\/b><\/p>\n<p><b> 881230<\/b><br \/>\nLouis-Jean-Baptiste-\u00c9tienne Vig\u00e9e<br \/>\n<i> Vers faits \u00e0 Morfontaine<\/i><br \/>\nD\u00e9cembre 1788, Tome XII, p. 289<br \/>\n<a href=\"http:\/\/books.google.be\/books?id=gx8TAAAAYAAJ&amp;printsec=frontcover&amp;dq=editions:0YywDHrPuX_Qlj6G&amp;lr=&amp;as_brr=1&amp;hl=fr\" target=\"_blank\" rel=\"noopener\">Acc\u00e9der au volume<\/a> sur <b>GoogleBooks<\/b><\/p>\n<p><b> 881231<\/b><br \/>\nNogent<br \/>\n<i> On ne pr\u00e9voit pas tout. Conte<\/i><br \/>\nD\u00e9cembre 1788, Tome XII, p. 290-292<br \/>\n<a href=\"http:\/\/books.google.be\/books?id=gx8TAAAAYAAJ&amp;printsec=frontcover&amp;dq=editions:0YywDHrPuX_Qlj6G&amp;lr=&amp;as_brr=1&amp;hl=fr\" target=\"_blank\" rel=\"noopener\">Acc\u00e9der au volume<\/a> sur <b>GoogleBooks<\/b><\/p>\n<p><b> 881232<\/b><br \/>\nNogent<br \/>\n<i> Mes remerciements \u00e0 Mesdames de\u2026 qui avaient jou\u00e9 dans une f\u00eate de ma composition<\/i><br \/>\nD\u00e9cembre 1788, Tome XII, p. 293<br \/>\n<a href=\"http:\/\/books.google.be\/books?id=gx8TAAAAYAAJ&amp;printsec=frontcover&amp;dq=editions:0YywDHrPuX_Qlj6G&amp;lr=&amp;as_brr=1&amp;hl=fr\" target=\"_blank\" rel=\"noopener\">Acc\u00e9der au volume<\/a> sur <b>GoogleBooks<\/b><\/p>\n<p><b> 881233<\/b><br \/>\nSylvain Mar\u00e9chal<br \/>\n<i> \u00c0 un berger s\u00e9journant \u00e0 Paris<\/i><br \/>\nD\u00e9cembre 1788, Tome XII, p. 293<br \/>\n<a href=\"http:\/\/books.google.be\/books?id=gx8TAAAAYAAJ&amp;printsec=frontcover&amp;dq=editions:0YywDHrPuX_Qlj6G&amp;lr=&amp;as_brr=1&amp;hl=fr\" target=\"_blank\" rel=\"noopener\">Acc\u00e9der au volume<\/a> sur <b>GoogleBooks<\/b><\/p>\n<p><b> 881234<\/b><br \/>\nUn a\u00een\u00e9 de Caux d&rsquo;Harfleur<br \/>\n<i> Le nid des amours. Imitation libre de M\u00e9tastase<\/i><br \/>\nD\u00e9cembre 1788, Tome XII, p. 294-296<br \/>\n<a href=\"http:\/\/books.google.be\/books?id=gx8TAAAAYAAJ&amp;printsec=frontcover&amp;dq=editions:0YywDHrPuX_Qlj6G&amp;lr=&amp;as_brr=1&amp;hl=fr\" target=\"_blank\" rel=\"noopener\">Acc\u00e9der au volume<\/a> sur <b>GoogleBooks<\/b><\/p>\n<p><b> 881235<\/b><br \/>\nMugnerot<br \/>\n<i> Le mot propre<\/i><br \/>\nD\u00e9cembre 1788, Tome XII, p. 296-297<br \/>\n<a href=\"http:\/\/books.google.be\/books?id=gx8TAAAAYAAJ&amp;printsec=frontcover&amp;dq=editions:0YywDHrPuX_Qlj6G&amp;lr=&amp;as_brr=1&amp;hl=fr\" target=\"_blank\" rel=\"noopener\">Acc\u00e9der au volume<\/a> sur <b>GoogleBooks<\/b><\/p>\n<p><b> 881236<\/b>[Louis-Abel Beffroy de Reigny]\n<i> Prospectus du Cousin-Jacques, pour la seconde ann\u00e9e du Courrier des plan\u00e8tes<\/i><br \/>\nD\u00e9cembre 1788, Tome XII, p. 297-301<br \/>\n<a href=\"http:\/\/books.google.be\/books?id=gx8TAAAAYAAJ&amp;printsec=frontcover&amp;dq=editions:0YywDHrPuX_Qlj6G&amp;lr=&amp;as_brr=1&amp;hl=fr\" target=\"_blank\" rel=\"noopener\">Acc\u00e9der au volume<\/a> sur <b>GoogleBooks<\/b><\/p>\n<\/div><div class=\"fusion-clearfix\"><\/div><\/div><\/div><\/div><\/div>\n","protected":false},"excerpt":{"rendered":"","protected":false},"author":2,"featured_media":0,"parent":0,"menu_order":0,"comment_status":"closed","ping_status":"closed","template":"","meta":{"footnotes":""},"class_list":["post-3757","page","type-page","status-publish","hentry"],"_links":{"self":[{"href":"http:\/\/web.philo.ulg.ac.be\/gedhsr\/wp-json\/wp\/v2\/pages\/3757","targetHints":{"allow":["GET"]}}],"collection":[{"href":"http:\/\/web.philo.ulg.ac.be\/gedhsr\/wp-json\/wp\/v2\/pages"}],"about":[{"href":"http:\/\/web.philo.ulg.ac.be\/gedhsr\/wp-json\/wp\/v2\/types\/page"}],"author":[{"embeddable":true,"href":"http:\/\/web.philo.ulg.ac.be\/gedhsr\/wp-json\/wp\/v2\/users\/2"}],"replies":[{"embeddable":true,"href":"http:\/\/web.philo.ulg.ac.be\/gedhsr\/wp-json\/wp\/v2\/comments?post=3757"}],"version-history":[{"count":1,"href":"http:\/\/web.philo.ulg.ac.be\/gedhsr\/wp-json\/wp\/v2\/pages\/3757\/revisions"}],"predecessor-version":[{"id":5717,"href":"http:\/\/web.philo.ulg.ac.be\/gedhsr\/wp-json\/wp\/v2\/pages\/3757\/revisions\/5717"}],"wp:attachment":[{"href":"http:\/\/web.philo.ulg.ac.be\/gedhsr\/wp-json\/wp\/v2\/media?parent=3757"}],"curies":[{"name":"wp","href":"https:\/\/api.w.org\/{rel}","templated":true}]}}