{"id":11,"date":"2020-06-08T11:12:09","date_gmt":"2020-06-08T09:12:09","guid":{"rendered":"http:\/\/web.philo.ulg.ac.be\/icls-sectionbelge\/?page_id=11"},"modified":"2025-11-13T14:18:12","modified_gmt":"2025-11-13T13:18:12","slug":"initiatives","status":"publish","type":"page","link":"http:\/\/web.philo.ulg.ac.be\/icls-sectionbelge\/initiatives\/","title":{"rendered":"Initiatives"},"content":{"rendered":"<div class=\"fusion-fullwidth fullwidth-box fusion-builder-row-1 nonhundred-percent-fullwidth non-hundred-percent-height-scrolling\" style=\"background-color: #ffffff;background-position: center center;background-repeat: no-repeat;padding-top:0px;padding-right:0px;padding-bottom:0px;padding-left:0px;margin-bottom: 0px;margin-top: 0px;border-width: 0px 0px 0px 0px;border-color:#eae9e9;border-style:solid;\" ><div class=\"fusion-builder-row fusion-row\"><div class=\"fusion-layout-column fusion_builder_column fusion-builder-column-0 fusion_builder_column_1_1 1_1 fusion-one-full fusion-column-first fusion-column-last\" style=\"margin-top:0px;margin-bottom:20px;\"><div class=\"fusion-column-wrapper fusion-flex-column-wrapper-legacy\" style=\"background-position:left top;background-repeat:no-repeat;-webkit-background-size:cover;-moz-background-size:cover;-o-background-size:cover;background-size:cover;padding: 0px 0px 0px 0px;\"><style type=\"text\/css\"><\/style><div class=\"fusion-title title fusion-title-1 sep-underline sep-solid fusion-title-text fusion-title-size-one\" style=\"border-bottom-color:#00843b;margin-top:0px;margin-right:0px;margin-bottom:70px;margin-left:0px;\"><h1 class=\"title-heading-left fusion-responsive-typography-calculated\" style=\"margin:0;--fontSize:42;line-height:1;\">Actualit\u00e9s<\/h1><\/div><ul class=\"fusion-checklist fusion-checklist-1\" style=\"font-size:15px;line-height:25.5px;\"><li style=\"background-color:rgba(255,255,255,0);\" class=\"fusion-li-item\"><span style=\"height:25.5px;width:25.5px;margin-right:10.5px;\" class=\"icon-wrapper circle-no\"><i class=\"fusion-li-icon fa-angle-right fas\" style=\"color:#4a4a4a;\" aria-hidden=\"true\"><\/i><\/span><div class=\"fusion-li-item-content\" style=\"margin-left:36px;color:#4a4a4a;\">\n<p>Le <a href=\"http:\/\/web.philo.ulg.ac.be\/icls-sectionbelge\/wp-content\/uploads\/sites\/61\/2025\/11\/Appel-SILC-2026-ICLS-CfP-2026.pdf\" target=\"_blank\" rel=\"noopener\">XVIIIe Congr\u00e8s de la Soci\u00e9t\u00e9 Internationale de Litt\u00e9rature courtoise<\/a>\u00a0se tiendra \u00e0 l&rsquo;Universit\u00e9 Paul-Val\u00e9ry Montpellier III du 20 au 24 juillet 2026. L&rsquo;\u00e9ch\u00e9ance pour la soumission des propositions a \u00e9t\u00e9 prolong\u00e9e au 20 novembre 2025.<\/p>\n<\/div><\/li><li style=\"background-color:rgba(255,255,255,0);\" class=\"fusion-li-item\"><span style=\"height:25.5px;width:25.5px;margin-right:10.5px;\" class=\"icon-wrapper circle-no\"><i class=\"fusion-li-icon fa-angle-right fas\" style=\"color:#4a4a4a;\" aria-hidden=\"true\"><\/i><\/span><div class=\"fusion-li-item-content\" style=\"margin-left:36px;color:#4a4a4a;\">\n<p><a href=\"https:\/\/www.facphl.uliege.be\/cms\/c_11479809\/fr\/deces-du-professeur-claude-thiry\" target=\"_blank\" rel=\"noopener\">Claude Thiry<\/a> (\u2020 3 novembre 2023)<\/p>\n<\/div><\/li><li style=\"background-color:rgba(255,255,255,0);\" class=\"fusion-li-item\"><span style=\"height:25.5px;width:25.5px;margin-right:10.5px;\" class=\"icon-wrapper circle-no\"><i class=\"fusion-li-icon fa-angle-right fas\" style=\"color:#4a4a4a;\" aria-hidden=\"true\"><\/i><\/span><div class=\"fusion-li-item-content\" style=\"margin-left:36px;color:#4a4a4a;\">\n<p style=\"text-align: justify;\">En raison des nouvelles dispositions li\u00e9es \u00e0 la crise sanitaire, la conf\u00e9rence annuelle de la Soci\u00e9t\u00e9 a \u00e9t\u00e9 report\u00e9e aux premiers mois de 2022. Les membres de la Section recevront aussit\u00f4t que possible la notification de la nouvelle date de la manifestation.<\/p>\n<\/div><\/li><li style=\"background-color:rgba(255,255,255,0);\" class=\"fusion-li-item\"><span style=\"height:25.5px;width:25.5px;margin-right:10.5px;\" class=\"icon-wrapper circle-no\"><i class=\"fusion-li-icon fa-angle-right fas\" style=\"color:#4a4a4a;\" aria-hidden=\"true\"><\/i><\/span><div class=\"fusion-li-item-content\" style=\"margin-left:36px;color:#4a4a4a;\">\n<p style=\"text-align: justify;\"><strong>Conf\u00e9rence annuelle 2020 :<\/strong> <a href=\"http:\/\/web.philo.ulg.ac.be\/icls-sectionbelge\/wp-content\/uploads\/sites\/61\/2020\/09\/Conference_annuelle_2020.pdf\" target=\"_blank\" rel=\"noopener noreferrer\">Frank Willaert, <em>Li meilleur dansseur sont en Loheraine<\/em><\/a> (le 16 octobre \u00e0 16h sur <em>Lifesize<\/em>).<\/p>\n<\/div><\/li><li style=\"background-color:rgba(255,255,255,0);\" class=\"fusion-li-item\"><span style=\"height:25.5px;width:25.5px;margin-right:10.5px;\" class=\"icon-wrapper circle-no\"><i class=\"fusion-li-icon fa-angle-right fas\" style=\"color:#4a4a4a;\" aria-hidden=\"true\"><\/i><\/span><div class=\"fusion-li-item-content\" style=\"margin-left:36px;color:#4a4a4a;\">\n<p style=\"text-align: justify;\"><strong>Parution :<\/strong> <em><a href=\"https:\/\/classiques-garnier.com\/les-lettres-medievales-a-l-aube-de-l-ere-typographique.html\" target=\"_blank\" rel=\"noopener noreferrer\">Les Lettres m\u00e9di\u00e9vales \u00e0 l\u2019aube de l\u2019\u00e8re typographique<\/a><\/em>, dir. R. Adam, J. Devaux, N. Henrard, M. Marchal, A. Velissariou, Paris, Classiques Garnier, 2020, coll. <em>Rencontres<\/em>, 451, s\u00e9rie <em>Civilisation m\u00e9di\u00e9vale<\/em>, n\u00b0 38.<\/p>\n<\/div><\/li><li style=\"background-color:rgba(255,255,255,0);\" class=\"fusion-li-item\"><span style=\"height:25.5px;width:25.5px;margin-right:10.5px;\" class=\"icon-wrapper circle-no\"><i class=\"fusion-li-icon fa-angle-right fas\" style=\"color:#4a4a4a;\" aria-hidden=\"true\"><\/i><\/span><div class=\"fusion-li-item-content\" style=\"margin-left:36px;color:#4a4a4a;\">\n<p><a href=\"http:\/\/web.philo.ulg.ac.be\/icls-sectionbelge\/wp-content\/uploads\/sites\/61\/2020\/11\/Willy_VanHoecke_FR.pdf\" target=\"_blank\" rel=\"noopener noreferrer\">Willy Van Hoecke<\/a> (\u2020 29 octobre 2020)<\/p>\n<\/div><\/li><\/ul><style type=\"text\/css\"><\/style><div class=\"fusion-title title fusion-title-2 sep-underline sep-solid fusion-title-text fusion-title-size-one\" style=\"border-bottom-color:#00843b;margin-top:70px;margin-right:0px;margin-bottom:70px;margin-left:0px;\"><h1 class=\"title-heading-left fusion-responsive-typography-calculated\" style=\"margin:0;--fontSize:42;line-height:1;\">Liens utiles<\/h1><\/div><div class=\"fusion-text fusion-text-1\"><h3>Nationaux<\/h3>\n<\/div><ul class=\"fusion-checklist fusion-checklist-2\" style=\"font-size:15px;line-height:25.5px;\"><li style=\"background-color:rgba(255,255,255,0);\" class=\"fusion-li-item\"><span style=\"height:25.5px;width:25.5px;margin-right:10.5px;\" class=\"icon-wrapper circle-no\"><i class=\"fusion-li-icon fa-angle-right fas\" style=\"color:#4a4a4a;\" aria-hidden=\"true\"><\/i><\/span><div class=\"fusion-li-item-content\" style=\"margin-left:36px;color:#4a4a4a;\">\n<p><a href=\"https:\/\/uclouvain.be\/fr\/instituts-recherche\/incal\/cemr\" target=\"_blank\" rel=\"noopener noreferrer\">Centre d\u2019\u00e9tudes sur le Moyen \u00c2ge et la Renaissance<\/a> (CEMR, UCLouvain)<\/p>\n<\/div><\/li><li style=\"background-color:rgba(255,255,255,0);\" class=\"fusion-li-item\"><span style=\"height:25.5px;width:25.5px;margin-right:10.5px;\" class=\"icon-wrapper circle-no\"><i class=\"fusion-li-icon fa-angle-right fas\" style=\"color:#4a4a4a;\" aria-hidden=\"true\"><\/i><\/span><div class=\"fusion-li-item-content\" style=\"margin-left:36px;color:#4a4a4a;\">\n<p><a href=\"https:\/\/uclouvain.be\/fr\/instituts-recherche\/incal\/grmf\" target=\"_blank\" rel=\"noopener noreferrer\">Groupe de recherche sur le moyen fran\u00e7ais<\/a> (UCLouvain)<\/p>\n<\/div><\/li><li style=\"background-color:rgba(255,255,255,0);\" class=\"fusion-li-item\"><span style=\"height:25.5px;width:25.5px;margin-right:10.5px;\" class=\"icon-wrapper circle-no\"><i class=\"fusion-li-icon fa-angle-right fas\" style=\"color:#4a4a4a;\" aria-hidden=\"true\"><\/i><\/span><div class=\"fusion-li-item-content\" style=\"margin-left:36px;color:#4a4a4a;\">\n<p><a href=\"https:\/\/www.transitions.uliege.be\/\" target=\"_blank\" rel=\"noopener noreferrer\"><em>Transitions<\/em>. Unit\u00e9 de recherches sur le Moyen \u00c2ge et la premi\u00e8re Modernit\u00e9<\/a> (Universit\u00e9 de Li\u00e8ge)<\/p>\n<\/div><\/li><\/ul><div class=\"fusion-text fusion-text-2\"><h3>Internationaux<\/h3>\n<\/div><ul class=\"fusion-checklist fusion-checklist-3\" style=\"font-size:15px;line-height:25.5px;\"><li style=\"background-color:rgba(255,255,255,0);\" class=\"fusion-li-item\"><span style=\"height:25.5px;width:25.5px;margin-right:10.5px;\" class=\"icon-wrapper circle-no\"><i class=\"fusion-li-icon fa-angle-right fas\" style=\"color:#4a4a4a;\" aria-hidden=\"true\"><\/i><\/span><div class=\"fusion-li-item-content\" style=\"margin-left:36px;color:#4a4a4a;\">\n<p><a href=\"https:\/\/www3.unifr.ch\/mediaevum\/fr\/\" target=\"_blank\" rel=\"noopener noreferrer\">Institut d\u2019\u00c9tudes M\u00e9di\u00e9vales<\/a> (Universit\u00e9 de Fribourg)<\/p>\n<\/div><\/li><li style=\"background-color:rgba(255,255,255,0);\" class=\"fusion-li-item\"><span style=\"height:25.5px;width:25.5px;margin-right:10.5px;\" class=\"icon-wrapper circle-no\"><i class=\"fusion-li-icon fa-angle-right fas\" style=\"color:#4a4a4a;\" aria-hidden=\"true\"><\/i><\/span><div class=\"fusion-li-item-content\" style=\"margin-left:36px;color:#4a4a4a;\">\n<p><a href=\"http:\/\/www.fefonlus.it\/index.php\/it\/\" target=\"_blank\" rel=\"noopener noreferrer\">Fondazione Ezio Franceschini &#8211; Archivio Gianfranco Contini<\/a><\/p>\n<\/div><\/li><\/ul><div class=\"fusion-clearfix\"><\/div><\/div><\/div><\/div><\/div>\n","protected":false},"excerpt":{"rendered":"","protected":false},"author":2,"featured_media":0,"parent":0,"menu_order":0,"comment_status":"closed","ping_status":"closed","template":"","meta":{"footnotes":""},"class_list":["post-11","page","type-page","status-publish","hentry"],"_links":{"self":[{"href":"http:\/\/web.philo.ulg.ac.be\/icls-sectionbelge\/wp-json\/wp\/v2\/pages\/11","targetHints":{"allow":["GET"]}}],"collection":[{"href":"http:\/\/web.philo.ulg.ac.be\/icls-sectionbelge\/wp-json\/wp\/v2\/pages"}],"about":[{"href":"http:\/\/web.philo.ulg.ac.be\/icls-sectionbelge\/wp-json\/wp\/v2\/types\/page"}],"author":[{"embeddable":true,"href":"http:\/\/web.philo.ulg.ac.be\/icls-sectionbelge\/wp-json\/wp\/v2\/users\/2"}],"replies":[{"embeddable":true,"href":"http:\/\/web.philo.ulg.ac.be\/icls-sectionbelge\/wp-json\/wp\/v2\/comments?post=11"}],"version-history":[{"count":5,"href":"http:\/\/web.philo.ulg.ac.be\/icls-sectionbelge\/wp-json\/wp\/v2\/pages\/11\/revisions"}],"predecessor-version":[{"id":131,"href":"http:\/\/web.philo.ulg.ac.be\/icls-sectionbelge\/wp-json\/wp\/v2\/pages\/11\/revisions\/131"}],"wp:attachment":[{"href":"http:\/\/web.philo.ulg.ac.be\/icls-sectionbelge\/wp-json\/wp\/v2\/media?parent=11"}],"curies":[{"name":"wp","href":"https:\/\/api.w.org\/{rel}","templated":true}]}}