{"id":2,"date":"2020-06-08T11:03:37","date_gmt":"2020-06-08T09:03:37","guid":{"rendered":"http:\/\/web.philo.ulg.ac.be\/icls-sectionbelge\/?page_id=2"},"modified":"2025-09-04T11:45:38","modified_gmt":"2025-09-04T09:45:38","slug":"page-d-exemple","status":"publish","type":"page","link":"http:\/\/web.philo.ulg.ac.be\/icls-sectionbelge\/","title":{"rendered":"Accueil"},"content":{"rendered":"<div class=\"fusion-fullwidth fullwidth-box fusion-builder-row-1 nonhundred-percent-fullwidth non-hundred-percent-height-scrolling\" style=\"background-color: #ffffff;background-position: center center;background-repeat: no-repeat;padding-top:0px;padding-right:0px;padding-bottom:0px;padding-left:0px;margin-bottom: 0px;margin-top: 0px;border-width: 0px 0px 0px 0px;border-color:#eae9e9;border-style:solid;\" ><div class=\"fusion-builder-row fusion-row\"><div class=\"fusion-layout-column fusion_builder_column fusion-builder-column-0 fusion_builder_column_1_1 1_1 fusion-one-full fusion-column-first fusion-column-last\" style=\"margin-top:0px;margin-bottom:0px;\"><div class=\"fusion-column-wrapper fusion-flex-column-wrapper-legacy\" style=\"background-position:left top;background-repeat:no-repeat;-webkit-background-size:cover;-moz-background-size:cover;-o-background-size:cover;background-size:cover;padding: 0px 0px 0px 0px;\"><style type=\"text\/css\"><\/style><div class=\"fusion-title title fusion-title-1 sep-underline sep-solid fusion-title-text fusion-title-size-one\" style=\"border-bottom-color:#00843b;margin-top:0px;margin-right:0px;margin-bottom:70px;margin-left:0px;\"><h1 class=\"title-heading-left fusion-responsive-typography-calculated\" style=\"margin:0;--fontSize:42;line-height:1;\">La Soci\u00e9t\u00e9<\/h1><\/div><div class=\"fusion-text fusion-text-1\"><p style=\"text-align: justify;\">L\u2019International Courtly Literature Society (<a href=\"https:\/\/iclsweb.org\" target=\"_blank\" rel=\"noopener\">ICLS<\/a>) ou Soci\u00e9t\u00e9 Internationale de Litt\u00e9rature Courtoise (SILC) a \u00e9t\u00e9 fond\u00e9e \u00e0 Chicago en 1973.<\/p>\n<p style=\"text-align: justify;\">La Soci\u00e9t\u00e9 promeut la recherche dans le domaine de la culture et de la litt\u00e9rature courtoise, en \u00a0s\u2019int\u00e9ressant en particulier aux textes et documents en langue vernaculaire des XIIe-XVIe si\u00e8cles, sans n\u00e9gliger la production en latin et dans d\u2019autres langues.<\/p>\n<p style=\"text-align: justify;\">\u00c0 partir de son expression litt\u00e9raire, la culture courtoise est envisag\u00e9e dans la totalit\u00e9 de ses expressions, aussi bien dans l\u2019art que dans l\u2019architecture ou dans la musique, avec une r\u00e9f\u00e9rence constante au contexte social et historique.<\/p>\n<p style=\"text-align: justify;\">Tous les trois ans, la SILC organise un <a href=\"http:\/\/iclsweb.org\/congress\/\" target=\"_blank\" rel=\"noopener\">Congr\u00e8s international<\/a> dans l\u2019un de ses pays membres. Le premier Congr\u00e8s s\u2019est tenu \u00e0 Philadelphie en avril 1974.<\/p>\n<p style=\"text-align: justify;\">Depuis 1975, la SILC publie le bulletin bibliographique annuel <a href=\"http:\/\/iclsweb.org\/encomia\/\" target=\"_blank\" rel=\"noopener\"><em>Encomia. Bulletin bibliographique de la Soci\u00e9t\u00e9 internationale de litt\u00e9rature courtoise<\/em><\/a>.<\/p>\n<\/div><style type=\"text\/css\"><\/style><div class=\"fusion-title title fusion-title-2 sep-underline sep-solid fusion-title-text fusion-title-size-one\" style=\"border-bottom-color:#00843b;margin-top:70px;margin-right:0px;margin-bottom:70px;margin-left:0px;\"><h1 class=\"title-heading-left fusion-responsive-typography-calculated\" style=\"margin:0;--fontSize:42;line-height:1;\">Notre Section<\/h1><\/div><div class=\"fusion-text fusion-text-2\"><p style=\"text-align: justify;\">La SILC compte aujourd\u2019hui onze Sections. La Section belge r\u00e9unit des chercheurs francophones et n\u00e9erlandophones, mais compte \u00e9galement plusieurs membres dans le reste de l\u2019Europe qui entretiennent des liens de collaboration stables avec des chercheurs et\/ou des centres belges de recherche.<\/p>\n<p style=\"text-align: justify;\">Notre priorit\u00e9 est de favoriser les \u00e9changes scientifiques et d\u2019encourager la collaboration institutionnelle entre les diff\u00e9rents \u00e9tablissements de recherche en Belgique, en premier lieu en promouvant l\u2019organisation de colloques, s\u00e9minaires, journ\u00e9es d\u2019\u00e9tude tant au niveau national qu\u2019international.<\/p>\n<p style=\"text-align: justify;\">Les membres se r\u00e9unissent annuellement pour faire \u00e9tat de leurs activit\u00e9s de recherche. \u00c0 cette occasion, nos jeunes membres ont toute l\u2019opportunit\u00e9 de se rencontrer, de pr\u00e9senter\u00a0 leurs travaux et recherches en cours, d\u2019annoncer la parution de leurs ouvrages, d\u2019\u00e9largir leur r\u00e9seau scientifique et professionnel, et de proposer leur participation ou de recevoir des offres de participation \u00e0 des projets et programmes de recherche en Belgique et \u00e0 l\u2019\u00e9tranger.<\/p>\n<\/div><style type=\"text\/css\"><\/style><div class=\"fusion-title title fusion-title-3 sep-underline sep-solid fusion-title-text fusion-title-size-one\" style=\"border-bottom-color:#00843b;margin-top:70px;margin-right:0px;margin-bottom:70px;margin-left:0px;\"><h1 class=\"title-heading-left fusion-responsive-typography-calculated\" style=\"margin:0;--fontSize:42;line-height:1;\">Bureau<\/h1><\/div><ul class=\"fusion-checklist fusion-checklist-1\" style=\"font-size:15px;line-height:25.5px;\"><li style=\"background-color:rgba(255,255,255,0);\" class=\"fusion-li-item\"><span style=\"height:25.5px;width:25.5px;margin-right:10.5px;\" class=\"icon-wrapper circle-no\"><i class=\"fusion-li-icon fa-angle-right fas\" style=\"color:#4a4a4a;\" aria-hidden=\"true\"><\/i><\/span><div class=\"fusion-li-item-content\" style=\"margin-left:36px;color:#4a4a4a;\">\n<p><a href=\"mailto:tania.vanhemelryck@uclouvain.be\">Tania VAN HEMELRYCK<\/a> (UCLouvain) : pr\u00e9sidente<\/p>\n<\/div><\/li><li style=\"background-color:rgba(255,255,255,0);\" class=\"fusion-li-item\"><span style=\"height:25.5px;width:25.5px;margin-right:10.5px;\" class=\"icon-wrapper circle-no\"><i class=\"fusion-li-icon fa-angle-right fas\" style=\"color:#4a4a4a;\" aria-hidden=\"true\"><\/i><\/span><div class=\"fusion-li-item-content\" style=\"margin-left:36px;color:#4a4a4a;\">\n<p><a href=\"mailto:Sophie.Lecomte@uliege.be\">Sophie LECOMTE<\/a> (ULi\u00e8ge) : vice-pr\u00e9sidente et secr\u00e9taire-tr\u00e9sori\u00e8re<\/p>\n<\/div><\/li><li style=\"background-color:rgba(255,255,255,0);\" class=\"fusion-li-item\"><span style=\"height:25.5px;width:25.5px;margin-right:10.5px;\" class=\"icon-wrapper circle-no\"><i class=\"fusion-li-icon fa-angle-right fas\" style=\"color:#4a4a4a;\" aria-hidden=\"true\"><\/i><\/span><div class=\"fusion-li-item-content\" style=\"margin-left:36px;color:#4a4a4a;\">\n<p><a href=\"mailto:olivier.delsaux@uclouvain.be\">Olivier DELSAUX<\/a> (Universit\u00e9 catholique de Louvain et Universit\u00e9 Saint-Louis \u2013 Bruxelles) : coordinateur pour <em>Encomia<\/em><\/p>\n<\/div><\/li><\/ul><div class=\"fusion-clearfix\"><\/div><\/div><\/div><\/div><\/div>\n","protected":false},"excerpt":{"rendered":"","protected":false},"author":2,"featured_media":0,"parent":0,"menu_order":0,"comment_status":"closed","ping_status":"closed","template":"","meta":{"footnotes":""},"class_list":["post-2","page","type-page","status-publish","hentry"],"_links":{"self":[{"href":"http:\/\/web.philo.ulg.ac.be\/icls-sectionbelge\/wp-json\/wp\/v2\/pages\/2","targetHints":{"allow":["GET"]}}],"collection":[{"href":"http:\/\/web.philo.ulg.ac.be\/icls-sectionbelge\/wp-json\/wp\/v2\/pages"}],"about":[{"href":"http:\/\/web.philo.ulg.ac.be\/icls-sectionbelge\/wp-json\/wp\/v2\/types\/page"}],"author":[{"embeddable":true,"href":"http:\/\/web.philo.ulg.ac.be\/icls-sectionbelge\/wp-json\/wp\/v2\/users\/2"}],"replies":[{"embeddable":true,"href":"http:\/\/web.philo.ulg.ac.be\/icls-sectionbelge\/wp-json\/wp\/v2\/comments?post=2"}],"version-history":[{"count":6,"href":"http:\/\/web.philo.ulg.ac.be\/icls-sectionbelge\/wp-json\/wp\/v2\/pages\/2\/revisions"}],"predecessor-version":[{"id":123,"href":"http:\/\/web.philo.ulg.ac.be\/icls-sectionbelge\/wp-json\/wp\/v2\/pages\/2\/revisions\/123"}],"wp:attachment":[{"href":"http:\/\/web.philo.ulg.ac.be\/icls-sectionbelge\/wp-json\/wp\/v2\/media?parent=2"}],"curies":[{"name":"wp","href":"https:\/\/api.w.org\/{rel}","templated":true}]}}