{"id":3390,"date":"2014-10-10T10:53:35","date_gmt":"2014-10-10T09:53:35","guid":{"rendered":"http:\/\/web.philo.ulg.ac.be\/islamo\/?page_id=3390"},"modified":"2022-03-21T09:01:48","modified_gmt":"2022-03-21T08:01:48","slug":"publications-recentes","status":"publish","type":"page","link":"http:\/\/web.philo.ulg.ac.be\/islamo\/publications-recentes\/","title":{"rendered":"Publications r\u00e9centes"},"content":{"rendered":"<div class=\"fusion-fullwidth fullwidth-box fusion-builder-row-1 nonhundred-percent-fullwidth non-hundred-percent-height-scrolling\" style=\"background-color: #ffffff;background-position: center center;background-repeat: no-repeat;padding-top:0px;padding-right:0px;padding-bottom:0px;padding-left:0px;margin-bottom: 0px;margin-top: 0px;border-width: 0px 0px 0px 0px;border-color:#eae9e9;border-style:solid;\" ><div class=\"fusion-builder-row fusion-row\"><div class=\"fusion-layout-column fusion_builder_column fusion-builder-column-0 fusion_builder_column_1_1 1_1 fusion-one-full fusion-column-first fusion-column-last\" style=\"margin-top:0px;margin-bottom:0px;\"><div class=\"fusion-column-wrapper fusion-flex-column-wrapper-legacy\" style=\"background-position:left top;background-repeat:no-repeat;-webkit-background-size:cover;-moz-background-size:cover;-o-background-size:cover;background-size:cover;padding: 0px 0px 0px 0px;\"><style type=\"text\/css\"><\/style><div class=\"fusion-title title fusion-title-1 sep-underline sep-solid fusion-title-text fusion-title-size-one\" style=\"border-bottom-color:#00843b;margin-top:0px;margin-right:0px;margin-bottom:70px;margin-left:0px;\"><h1 class=\"title-heading-left fusion-responsive-typography-calculated\" style=\"margin:0;--fontSize:42;line-height:1;\">Publications r\u00e9centes<\/h1><\/div><div class=\"fusion-text fusion-text-1\"><h3>2022<\/h3>\n<\/div><div class=\"fusion-clearfix\"><\/div><\/div><\/div><div class=\"fusion-layout-column fusion_builder_column fusion-builder-column-1 fusion_builder_column_1_4 1_4 fusion-one-fourth fusion-column-first\" style=\"width:25%;width:calc(25% - ( ( 4% ) * 0.25 ) );margin-right: 4%;margin-top:0px;margin-bottom:20px;\"><div class=\"fusion-column-wrapper fusion-flex-column-wrapper-legacy\" style=\"background-position:left top;background-repeat:no-repeat;-webkit-background-size:cover;-moz-background-size:cover;-o-background-size:cover;background-size:cover;padding: 0px 0px 0px 0px;\"><span class=\" fusion-imageframe imageframe-none imageframe-1 hover-type-none\"><a href=\"http:\/\/web.philo.ulg.ac.be\/islamo\/wp-content\/uploads\/sites\/32\/2022\/03\/mamluk.jpg\" class=\"fusion-lightbox\" data-rel=\"iLightbox[c1ca2426ad76290a61e]\" data-title=\"mamluk\" title=\"mamluk\"><img decoding=\"async\" width=\"212\" height=\"300\" src=\"http:\/\/web.philo.ulg.ac.be\/islamo\/wp-content\/uploads\/sites\/32\/2022\/03\/mamluk-212x300.jpg\" alt class=\"img-responsive wp-image-4864\" srcset=\"http:\/\/web.philo.ulg.ac.be\/islamo\/wp-content\/uploads\/sites\/32\/2022\/03\/mamluk-200x284.jpg 200w, http:\/\/web.philo.ulg.ac.be\/islamo\/wp-content\/uploads\/sites\/32\/2022\/03\/mamluk-400x567.jpg 400w, http:\/\/web.philo.ulg.ac.be\/islamo\/wp-content\/uploads\/sites\/32\/2022\/03\/mamluk-600x851.jpg 600w, http:\/\/web.philo.ulg.ac.be\/islamo\/wp-content\/uploads\/sites\/32\/2022\/03\/mamluk.jpg 705w\" sizes=\"(max-width: 800px) 100vw, 400px\" \/><\/a><\/span><div class=\"fusion-clearfix\"><\/div><\/div><\/div><div class=\"fusion-layout-column fusion_builder_column fusion-builder-column-2 fusion_builder_column_3_4 3_4 fusion-three-fourth fusion-column-last\" style=\"width:75%;width:calc(75% - ( ( 4% ) * 0.75 ) );margin-top:0px;margin-bottom:0px;\"><div class=\"fusion-column-wrapper fusion-flex-column-wrapper-legacy\" style=\"background-position:left top;background-repeat:no-repeat;-webkit-background-size:cover;-moz-background-size:cover;-o-background-size:cover;background-size:cover;padding: 1px 0px 0px 0px;\"><div class=\"fusion-text fusion-text-2\"><p>Elise FRANSSEN (ed.)<\/p>\n<p>Authors as Readers in the Maml\u016bk period and beyond.<\/p>\n<p>Venezia: Universit\u00e0 Ca&rsquo; Foscari (Filologie Medievali e Moderne 26, serie orientale 5), 2022.<\/p>\n<p><a href=\"https:\/\/doi.org\/10.30687\/978-88-6969-560-5\" target=\"_blank\" rel=\"noopener\">https:\/\/doi.org\/10.30687\/978-88-6969-560-5<\/a><\/p>\n<\/div><div class=\"fusion-clearfix\"><\/div><\/div><\/div><div class=\"fusion-layout-column fusion_builder_column fusion-builder-column-3 fusion_builder_column_1_1 1_1 fusion-one-full fusion-column-first fusion-column-last\" style=\"margin-top:0px;margin-bottom:20px;\"><div class=\"fusion-column-wrapper fusion-flex-column-wrapper-legacy\" style=\"background-position:left top;background-repeat:no-repeat;-webkit-background-size:cover;-moz-background-size:cover;-o-background-size:cover;background-size:cover;padding: 0px 0px 0px 0px;\"><div class=\"fusion-text fusion-text-3\"><h3>2020<\/h3>\n<\/div><div class=\"fusion-clearfix\"><\/div><\/div><\/div><div class=\"fusion-layout-column fusion_builder_column fusion-builder-column-4 fusion_builder_column_1_4 1_4 fusion-one-fourth fusion-column-first\" style=\"width:25%;width:calc(25% - ( ( 4% ) * 0.25 ) );margin-right: 4%;margin-top:0px;margin-bottom:20px;\"><div class=\"fusion-column-wrapper fusion-flex-column-wrapper-legacy\" style=\"background-position:left top;background-repeat:no-repeat;-webkit-background-size:cover;-moz-background-size:cover;-o-background-size:cover;background-size:cover;padding: 0px 0px 0px 0px;\"><span class=\" fusion-imageframe imageframe-none imageframe-2 hover-type-none\"><a href=\"http:\/\/web.philo.ulg.ac.be\/islamo\/wp-content\/uploads\/sites\/32\/2019\/12\/author.png\" class=\"fusion-lightbox\" data-rel=\"iLightbox[d99cf58b2415a714e08]\" data-title=\"author\" title=\"author\"><img decoding=\"async\" width=\"212\" height=\"300\" src=\"http:\/\/web.philo.ulg.ac.be\/islamo\/wp-content\/uploads\/sites\/32\/2019\/12\/author-212x300.png\" alt class=\"img-responsive wp-image-4858\" srcset=\"http:\/\/web.philo.ulg.ac.be\/islamo\/wp-content\/uploads\/sites\/32\/2019\/12\/author-200x284.png 200w, http:\/\/web.philo.ulg.ac.be\/islamo\/wp-content\/uploads\/sites\/32\/2019\/12\/author-400x567.png 400w, http:\/\/web.philo.ulg.ac.be\/islamo\/wp-content\/uploads\/sites\/32\/2019\/12\/author-600x851.png 600w, http:\/\/web.philo.ulg.ac.be\/islamo\/wp-content\/uploads\/sites\/32\/2019\/12\/author.png 705w\" sizes=\"(max-width: 800px) 100vw, 400px\" \/><\/a><\/span><div class=\"fusion-clearfix\"><\/div><\/div><\/div><div class=\"fusion-layout-column fusion_builder_column fusion-builder-column-5 fusion_builder_column_3_4 3_4 fusion-three-fourth fusion-column-last\" style=\"width:75%;width:calc(75% - ( ( 4% ) * 0.75 ) );margin-top:0px;margin-bottom:0px;\"><div class=\"fusion-column-wrapper fusion-flex-column-wrapper-legacy\" style=\"background-position:left top;background-repeat:no-repeat;-webkit-background-size:cover;-moz-background-size:cover;-o-background-size:cover;background-size:cover;padding: 1px 0px 0px 0px;\"><div class=\"fusion-text fusion-text-4\"><p>Fr\u00e9d\u00e9ric BAUDEN and Elise FRANSSEN (eds.)<\/p>\n<p>In the Author&rsquo;s Hand: Holograph and Authorial Manuscripts in the Islamic Handwritten Tradition.<\/p>\n<p>Leiden and Boston: Brill (\u00ab\u00a0Islamic History and Civlization\u00a0\u00bb, n\u00b0 171), 2020.<\/p>\n<\/div><div class=\"fusion-clearfix\"><\/div><\/div><\/div><div class=\"fusion-layout-column fusion_builder_column fusion-builder-column-6 fusion_builder_column_1_4 1_4 fusion-one-fourth fusion-column-first\" style=\"width:25%;width:calc(25% - ( ( 4% ) * 0.25 ) );margin-right: 4%;margin-top:0px;margin-bottom:20px;\"><div class=\"fusion-column-wrapper fusion-flex-column-wrapper-legacy\" style=\"background-position:left top;background-repeat:no-repeat;-webkit-background-size:cover;-moz-background-size:cover;-o-background-size:cover;background-size:cover;padding: 0px 0px 0px 0px;\"><span class=\" fusion-imageframe imageframe-none imageframe-3 hover-type-none\"><a href=\"http:\/\/web.philo.ulg.ac.be\/islamo\/wp-content\/uploads\/sites\/32\/2019\/12\/memoires12.png\" class=\"fusion-lightbox\" data-rel=\"iLightbox[4ee4ae3aed408c3162d]\" data-title=\"memoires12\" title=\"memoires12\"><img decoding=\"async\" width=\"212\" height=\"300\" src=\"http:\/\/web.philo.ulg.ac.be\/islamo\/wp-content\/uploads\/sites\/32\/2019\/12\/memoires12-212x300.png\" alt class=\"img-responsive wp-image-4860\" srcset=\"http:\/\/web.philo.ulg.ac.be\/islamo\/wp-content\/uploads\/sites\/32\/2019\/12\/memoires12-200x284.png 200w, http:\/\/web.philo.ulg.ac.be\/islamo\/wp-content\/uploads\/sites\/32\/2019\/12\/memoires12-400x567.png 400w, http:\/\/web.philo.ulg.ac.be\/islamo\/wp-content\/uploads\/sites\/32\/2019\/12\/memoires12-600x851.png 600w, http:\/\/web.philo.ulg.ac.be\/islamo\/wp-content\/uploads\/sites\/32\/2019\/12\/memoires12.png 705w\" sizes=\"(max-width: 800px) 100vw, 400px\" \/><\/a><\/span><div class=\"fusion-clearfix\"><\/div><\/div><\/div><div class=\"fusion-layout-column fusion_builder_column fusion-builder-column-7 fusion_builder_column_3_4 3_4 fusion-three-fourth fusion-column-last\" style=\"width:75%;width:calc(75% - ( ( 4% ) * 0.75 ) );margin-top:0px;margin-bottom:0px;\"><div class=\"fusion-column-wrapper fusion-flex-column-wrapper-legacy\" style=\"background-position:left top;background-repeat:no-repeat;-webkit-background-size:cover;-moz-background-size:cover;-o-background-size:cover;background-size:cover;padding: 1px 0px 0px 0px;\"><div class=\"fusion-text fusion-text-5\"><p>Fr\u00e9d\u00e9ric BAUDEN et Richard WALLER (\u00e9d.)<\/p>\n<p>Antoine Galland (1646-1715) et son Journal.\u00a0Actes du colloque international organis\u00e9 \u00e0 l&rsquo;Universit\u00e9 de Li\u00e8ge (16-18 f\u00e9vrier 2015) \u00e0 l&rsquo;occasion du tricentenaire de sa mort.<\/p>\n<p>Louvain, Paris, Bristol (CT): Peeters (\u00ab \u00a0Association pour la Promotion de l&rsquo;Histoire et de l&rsquo;Arch\u00e9ologie Orientales. M\u00e9moires\u00a0\u00bb, n\u00b0 12), 2020.<\/p>\n<\/div><div class=\"fusion-clearfix\"><\/div><\/div><\/div><div class=\"fusion-layout-column fusion_builder_column fusion-builder-column-8 fusion_builder_column_1_1 1_1 fusion-one-full fusion-column-first fusion-column-last\" style=\"margin-top:0px;margin-bottom:20px;\"><div class=\"fusion-column-wrapper fusion-flex-column-wrapper-legacy\" style=\"background-position:left top;background-repeat:no-repeat;-webkit-background-size:cover;-moz-background-size:cover;-o-background-size:cover;background-size:cover;padding: 0px 0px 0px 0px;\"><div class=\"fusion-text fusion-text-6\"><h3>2019<\/h3>\n<\/div><div class=\"fusion-clearfix\"><\/div><\/div><\/div><div class=\"fusion-layout-column fusion_builder_column fusion-builder-column-9 fusion_builder_column_1_4 1_4 fusion-one-fourth fusion-column-first\" style=\"width:25%;width:calc(25% - ( ( 4% ) * 0.25 ) );margin-right: 4%;margin-top:0px;margin-bottom:20px;\"><div class=\"fusion-column-wrapper fusion-flex-column-wrapper-legacy\" style=\"background-position:left top;background-repeat:no-repeat;-webkit-background-size:cover;-moz-background-size:cover;-o-background-size:cover;background-size:cover;padding: 0px 0px 0px 0px;\"><span class=\" fusion-imageframe imageframe-none imageframe-4 hover-type-none\"><a href=\"http:\/\/web.philo.ulg.ac.be\/islamo\/wp-content\/uploads\/sites\/32\/2019\/12\/mamluk_cairo.jpg\" class=\"fusion-lightbox\" data-rel=\"iLightbox[ef47a12e0f8ce3ea030]\" data-title=\"mamluk_cairo\" title=\"mamluk_cairo\"><img decoding=\"async\" width=\"212\" height=\"300\" src=\"http:\/\/web.philo.ulg.ac.be\/islamo\/wp-content\/uploads\/sites\/32\/2019\/12\/mamluk_cairo-212x300.jpg\" alt class=\"img-responsive wp-image-4854\" srcset=\"http:\/\/web.philo.ulg.ac.be\/islamo\/wp-content\/uploads\/sites\/32\/2019\/12\/mamluk_cairo-200x284.jpg 200w, http:\/\/web.philo.ulg.ac.be\/islamo\/wp-content\/uploads\/sites\/32\/2019\/12\/mamluk_cairo-400x567.jpg 400w, http:\/\/web.philo.ulg.ac.be\/islamo\/wp-content\/uploads\/sites\/32\/2019\/12\/mamluk_cairo-600x851.jpg 600w, http:\/\/web.philo.ulg.ac.be\/islamo\/wp-content\/uploads\/sites\/32\/2019\/12\/mamluk_cairo.jpg 705w\" sizes=\"(max-width: 800px) 100vw, 400px\" \/><\/a><\/span><div class=\"fusion-clearfix\"><\/div><\/div><\/div><div class=\"fusion-layout-column fusion_builder_column fusion-builder-column-10 fusion_builder_column_3_4 3_4 fusion-three-fourth fusion-column-last\" style=\"width:75%;width:calc(75% - ( ( 4% ) * 0.75 ) );margin-top:0px;margin-bottom:0px;\"><div class=\"fusion-column-wrapper fusion-flex-column-wrapper-legacy\" style=\"background-position:left top;background-repeat:no-repeat;-webkit-background-size:cover;-moz-background-size:cover;-o-background-size:cover;background-size:cover;padding: 1px 0px 0px 0px;\"><div class=\"fusion-text fusion-text-7\"><p>Fr\u00e9d\u00e9ric BAUDEN and Malika DEKKICHE (eds.)<\/p>\n<p>Mamluk Cairo: A Crossroads for Embassies. Studies on Diplomacy and Diplomatics.<\/p>\n<p>Leiden and Boston: Brill (\u00ab\u00a0Islamic History and Civilization\u00a0\u00bb, n\u00b0 161), 2019.<\/p>\n<\/div><div class=\"fusion-clearfix\"><\/div><\/div><\/div><div class=\"fusion-layout-column fusion_builder_column fusion-builder-column-11 fusion_builder_column_1_1 1_1 fusion-one-full fusion-column-first fusion-column-last\" style=\"margin-top:0px;margin-bottom:20px;\"><div class=\"fusion-column-wrapper fusion-flex-column-wrapper-legacy\" style=\"background-position:left top;background-repeat:no-repeat;-webkit-background-size:cover;-moz-background-size:cover;-o-background-size:cover;background-size:cover;padding: 0px 0px 0px 0px;\"><div class=\"fusion-text fusion-text-8\"><h3>2015<\/h3>\n<\/div><div class=\"fusion-clearfix\"><\/div><\/div><\/div><div class=\"fusion-layout-column fusion_builder_column fusion-builder-column-12 fusion_builder_column_1_4 1_4 fusion-one-fourth fusion-column-first\" style=\"width:25%;width:calc(25% - ( ( 4% ) * 0.25 ) );margin-right: 4%;margin-top:0px;margin-bottom:20px;\"><div class=\"fusion-column-wrapper fusion-flex-column-wrapper-legacy\" style=\"background-position:left top;background-repeat:no-repeat;-webkit-background-size:cover;-moz-background-size:cover;-o-background-size:cover;background-size:cover;padding: 0px 0px 0px 0px;\"><span class=\" fusion-imageframe imageframe-none imageframe-5 hover-type-none\"><a href=\"http:\/\/web.philo.ulg.ac.be\/islamo\/wp-content\/uploads\/sites\/32\/2022\/03\/ag3.jpg\" class=\"fusion-lightbox\" data-rel=\"iLightbox[3eb9f3cf829ba6d7124]\" data-title=\"ag3\" title=\"ag3\"><img decoding=\"async\" width=\"212\" height=\"300\" src=\"http:\/\/web.philo.ulg.ac.be\/islamo\/wp-content\/uploads\/sites\/32\/2022\/03\/ag3-212x300.jpg\" alt class=\"img-responsive wp-image-4870\" srcset=\"http:\/\/web.philo.ulg.ac.be\/islamo\/wp-content\/uploads\/sites\/32\/2022\/03\/ag3-200x284.jpg 200w, http:\/\/web.philo.ulg.ac.be\/islamo\/wp-content\/uploads\/sites\/32\/2022\/03\/ag3-400x567.jpg 400w, http:\/\/web.philo.ulg.ac.be\/islamo\/wp-content\/uploads\/sites\/32\/2022\/03\/ag3-600x851.jpg 600w, http:\/\/web.philo.ulg.ac.be\/islamo\/wp-content\/uploads\/sites\/32\/2022\/03\/ag3.jpg 705w\" sizes=\"(max-width: 800px) 100vw, 400px\" \/><\/a><\/span><div class=\"fusion-clearfix\"><\/div><\/div><\/div><div class=\"fusion-layout-column fusion_builder_column fusion-builder-column-13 fusion_builder_column_3_4 3_4 fusion-three-fourth fusion-column-last\" style=\"width:75%;width:calc(75% - ( ( 4% ) * 0.75 ) );margin-top:0px;margin-bottom:20px;\"><div class=\"fusion-column-wrapper fusion-flex-column-wrapper-legacy\" style=\"background-position:left top;background-repeat:no-repeat;-webkit-background-size:cover;-moz-background-size:cover;-o-background-size:cover;background-size:cover;padding: 0px 0px 0px 0px;\"><div class=\"fusion-text fusion-text-9\"><p style=\"text-align: justify;\">Fr\u00e9d\u00e9ric BAUDEN et Richard WALLER (\u00e9d.)<\/p>\n<p style=\"text-align: justify;\">Le Journal d\u2019Antoine Galland (1646-1715). La p\u00e9riode parisienne. Vol. III: Ann\u00e9es 1712-1713. \u00c9dition critique annot\u00e9e de Fr\u00e9d\u00e9ric Bauden et Richard Waller avec la collaboration de Michele Asolati, \u00c9tienne Famerie et Richard Veymiers pour l\u2019annotation.<\/p>\n<p>Louvain \u2013 Paris \u2013 Walpole (MA) : Peeters (\u00ab\u202fM\u00e9moires de l\u2019Association pour la promotion de l\u2019histoire et de l\u2019arch\u00e9ologie orientales, Universit\u00e9 de Li\u00e8ge\u202f\u00bb, n\u00b0 9), 2015<\/p>\n<\/div><div class=\"fusion-clearfix\"><\/div><\/div><\/div><div class=\"fusion-layout-column fusion_builder_column fusion-builder-column-14 fusion_builder_column_1_4 1_4 fusion-one-fourth fusion-column-first\" style=\"width:25%;width:calc(25% - ( ( 4% ) * 0.25 ) );margin-right: 4%;margin-top:0px;margin-bottom:20px;\"><div class=\"fusion-column-wrapper fusion-flex-column-wrapper-legacy\" style=\"background-position:left top;background-repeat:no-repeat;-webkit-background-size:cover;-moz-background-size:cover;-o-background-size:cover;background-size:cover;padding: 0px 0px 0px 0px;\"><span class=\" fusion-imageframe imageframe-none imageframe-6 hover-type-none\"><a href=\"http:\/\/web.philo.ulg.ac.be\/islamo\/wp-content\/uploads\/sites\/32\/2014\/10\/ag2015_2.jpg\" class=\"fusion-lightbox\" data-rel=\"iLightbox[6d877072ccbfe50fb24]\" data-title=\"ag2015_2\" title=\"ag2015_2\"><img decoding=\"async\" width=\"211\" height=\"300\" src=\"http:\/\/web.philo.ulg.ac.be\/islamo\/wp-content\/uploads\/sites\/32\/2014\/10\/ag2015_2-211x300.jpg\" alt class=\"img-responsive wp-image-3691\" srcset=\"http:\/\/web.philo.ulg.ac.be\/islamo\/wp-content\/uploads\/sites\/32\/2014\/10\/ag2015_2-211x300.jpg 211w, http:\/\/web.philo.ulg.ac.be\/islamo\/wp-content\/uploads\/sites\/32\/2014\/10\/ag2015_2.jpg 705w\" sizes=\"(max-width: 211px) 100vw, 211px\" \/><\/a><\/span><div class=\"fusion-clearfix\"><\/div><\/div><\/div><div class=\"fusion-layout-column fusion_builder_column fusion-builder-column-15 fusion_builder_column_3_4 3_4 fusion-three-fourth fusion-column-last\" style=\"width:75%;width:calc(75% - ( ( 4% ) * 0.75 ) );margin-top:0px;margin-bottom:20px;\"><div class=\"fusion-column-wrapper fusion-flex-column-wrapper-legacy\" style=\"background-position:left top;background-repeat:no-repeat;-webkit-background-size:cover;-moz-background-size:cover;-o-background-size:cover;background-size:cover;padding: 0px 0px 0px 0px;\"><div class=\"fusion-text fusion-text-10\"><p>Fr\u00e9d\u00e9ric BAUDEN et Richard WALLER (\u00e9d.)<\/p>\n<p style=\"text-align: justify;\">Le Journal d\u2019Antoine Galland (1646-1715). La p\u00e9riode parisienne. Vol. IV: Ann\u00e9es 1714-1715. \u00c9dition critique annot\u00e9e de Fr\u00e9d\u00e9ric Bauden et Richard Waller avec la collaboration de Michele Asolati, \u00c9tienne Famerie et Richard Veymiers pour l\u2019annotation.<\/p>\n<p style=\"text-align: justify;\">Louvain \u2013 Paris \u2013 Walpole (MA) : Peeters (\u00ab\u202fM\u00e9moires de l\u2019Association pour la promotion de l\u2019histoire et de l\u2019arch\u00e9ologie orientales, Universit\u00e9 de Li\u00e8ge\u202f\u00bb, n\u00b0 10), 2015<\/p>\n<\/div><div class=\"fusion-clearfix\"><\/div><\/div><\/div><div class=\"fusion-layout-column fusion_builder_column fusion-builder-column-16 fusion_builder_column_1_4 1_4 fusion-one-fourth fusion-column-first\" style=\"width:25%;width:calc(25% - ( ( 4% ) * 0.25 ) );margin-right: 4%;margin-top:0px;margin-bottom:20px;\"><div class=\"fusion-column-wrapper fusion-flex-column-wrapper-legacy\" style=\"background-position:left top;background-repeat:no-repeat;-webkit-background-size:cover;-moz-background-size:cover;-o-background-size:cover;background-size:cover;padding: 0px 0px 0px 0px;\"><span class=\" fusion-imageframe imageframe-none imageframe-7 hover-type-none\"><a href=\"http:\/\/web.philo.ulg.ac.be\/islamo\/wp-content\/uploads\/sites\/32\/2014\/10\/memoire7.jpg\" class=\"fusion-lightbox\" data-rel=\"iLightbox[3b623e2ba9ba8f873d7]\" data-title=\"memoire7\" title=\"memoire7\"><img decoding=\"async\" width=\"212\" height=\"300\" src=\"http:\/\/web.philo.ulg.ac.be\/islamo\/wp-content\/uploads\/sites\/32\/2014\/10\/memoire7-212x300.jpg\" alt class=\"img-responsive wp-image-4197\" srcset=\"http:\/\/web.philo.ulg.ac.be\/islamo\/wp-content\/uploads\/sites\/32\/2014\/10\/memoire7-212x300.jpg 212w, http:\/\/web.philo.ulg.ac.be\/islamo\/wp-content\/uploads\/sites\/32\/2014\/10\/memoire7.jpg 705w\" sizes=\"(max-width: 212px) 100vw, 212px\" \/><\/a><\/span><div class=\"fusion-clearfix\"><\/div><\/div><\/div><div class=\"fusion-layout-column fusion_builder_column fusion-builder-column-17 fusion_builder_column_3_4 3_4 fusion-three-fourth fusion-column-last\" style=\"width:75%;width:calc(75% - ( ( 4% ) * 0.75 ) );margin-top:0px;margin-bottom:20px;\"><div class=\"fusion-column-wrapper fusion-flex-column-wrapper-legacy\" style=\"background-position:left top;background-repeat:no-repeat;-webkit-background-size:cover;-moz-background-size:cover;-o-background-size:cover;background-size:cover;padding: 0px 0px 0px 0px;\"><div class=\"fusion-text fusion-text-11\"><p>Fr\u00e9d\u00e9ric BAUDEN (\u00e9d.)<\/p>\n<p>Tropics of Travel IV: Homes. Proceedings of the International Conference Organized at the University of Li\u00e8ge (13-15 January 2011). Edited by Fr\u00e9d\u00e9ric Bauden.<\/p>\n<p>Louvain \u2013 Paris \u2013 Walpole (MA) : Peeters (\u00ab\u202fM\u00e9moires de l\u2019Association pour la promotion de l\u2019histoire et de l\u2019arch\u00e9ologie orientales, Universit\u00e9 de Li\u00e8ge\u202f\u00bb, n\u00b0 7), 2015.<\/p>\n<\/div><div class=\"fusion-clearfix\"><\/div><\/div><\/div><div class=\"fusion-layout-column fusion_builder_column fusion-builder-column-18 fusion_builder_column_1_1 1_1 fusion-one-full fusion-column-first fusion-column-last\" style=\"margin-top:0px;margin-bottom:20px;\"><div class=\"fusion-column-wrapper fusion-flex-column-wrapper-legacy\" style=\"background-position:left top;background-repeat:no-repeat;-webkit-background-size:cover;-moz-background-size:cover;-o-background-size:cover;background-size:cover;padding: 0px 0px 0px 0px;\"><div class=\"fusion-text fusion-text-12\"><h3>2012<\/h3>\n<\/div><div class=\"fusion-clearfix\"><\/div><\/div><\/div><div class=\"fusion-layout-column fusion_builder_column fusion-builder-column-19 fusion_builder_column_1_4 1_4 fusion-one-fourth fusion-column-first\" style=\"width:25%;width:calc(25% - ( ( 4% ) * 0.25 ) );margin-right: 4%;margin-top:0px;margin-bottom:20px;\"><div class=\"fusion-column-wrapper fusion-flex-column-wrapper-legacy\" style=\"background-position:left top;background-repeat:no-repeat;-webkit-background-size:cover;-moz-background-size:cover;-o-background-size:cover;background-size:cover;padding: 0px 0px 0px 0px;\"><span class=\" fusion-imageframe imageframe-none imageframe-8 hover-type-none\"><a href=\"http:\/\/web.philo.ulg.ac.be\/islamo\/wp-content\/uploads\/sites\/32\/2014\/10\/2012.jpg\" class=\"fusion-lightbox\" data-rel=\"iLightbox[972252638becd56c1e5]\" data-title=\"2012\" title=\"2012\"><img decoding=\"async\" width=\"211\" height=\"300\" src=\"http:\/\/web.philo.ulg.ac.be\/islamo\/wp-content\/uploads\/sites\/32\/2014\/10\/2012-211x300.jpg\" alt class=\"img-responsive wp-image-3705\" srcset=\"http:\/\/web.philo.ulg.ac.be\/islamo\/wp-content\/uploads\/sites\/32\/2014\/10\/2012-211x300.jpg 211w, http:\/\/web.philo.ulg.ac.be\/islamo\/wp-content\/uploads\/sites\/32\/2014\/10\/2012.jpg 705w\" sizes=\"(max-width: 211px) 100vw, 211px\" \/><\/a><\/span><div class=\"fusion-clearfix\"><\/div><\/div><\/div><div class=\"fusion-layout-column fusion_builder_column fusion-builder-column-20 fusion_builder_column_3_4 3_4 fusion-three-fourth fusion-column-last\" style=\"width:75%;width:calc(75% - ( ( 4% ) * 0.75 ) );margin-top:0px;margin-bottom:20px;\"><div class=\"fusion-column-wrapper fusion-flex-column-wrapper-legacy\" style=\"background-position:left top;background-repeat:no-repeat;-webkit-background-size:cover;-moz-background-size:cover;-o-background-size:cover;background-size:cover;padding: 0px 0px 0px 0px;\"><div class=\"fusion-text fusion-text-13\"><p>Fr\u00e9d\u00e9ric BAUDEN et Richard WALLER<\/p>\n<p style=\"text-align: justify;\">Le Journal d\u2019Antoine Galland (1646-1715). La p\u00e9riode parisienne. Vol. II: Ann\u00e9es 1710-1711. \u00c9dition critique annot\u00e9e de Fr\u00e9d\u00e9ric Bauden et Richard Waller avec la collaboration de Michele Asolati, \u00c9tienne Famerie et Richard Veymiers pour l\u2019annotation.<\/p>\n<p style=\"text-align: justify;\">Louvain \u2013 Paris \u2013 Walpole (MA) : Peeters (\u00ab\u202fM\u00e9moires de l\u2019Association pour la promotion de l\u2019histoire et de l\u2019arch\u00e9ologie orientales, Universit\u00e9 de Li\u00e8ge\u202f\u00bb, n\u00b0 8), 2012, 25-501 p.<\/p>\n<p>(<a href=\"http:\/\/www.peeters-leuven.be\/boekoverz.asp?nr=9171\" target=\"_blank\" rel=\"noopener\">En savoir plus<\/a>)<\/p>\n<\/div><div class=\"fusion-clearfix\"><\/div><\/div><\/div><div class=\"fusion-layout-column fusion_builder_column fusion-builder-column-21 fusion_builder_column_1_1 1_1 fusion-one-full fusion-column-first fusion-column-last\" style=\"margin-top:0px;margin-bottom:20px;\"><div class=\"fusion-column-wrapper fusion-flex-column-wrapper-legacy\" style=\"background-position:left top;background-repeat:no-repeat;-webkit-background-size:cover;-moz-background-size:cover;-o-background-size:cover;background-size:cover;padding: 0px 0px 0px 0px;\"><div class=\"fusion-text fusion-text-14\"><h3>2011<\/h3>\n<\/div><div class=\"fusion-clearfix\"><\/div><\/div><\/div><div class=\"fusion-layout-column fusion_builder_column fusion-builder-column-22 fusion_builder_column_1_4 1_4 fusion-one-fourth fusion-column-first\" style=\"width:25%;width:calc(25% - ( ( 4% ) * 0.25 ) );margin-right: 4%;margin-top:0px;margin-bottom:20px;\"><div class=\"fusion-column-wrapper fusion-flex-column-wrapper-legacy\" style=\"background-position:left top;background-repeat:no-repeat;-webkit-background-size:cover;-moz-background-size:cover;-o-background-size:cover;background-size:cover;padding: 0px 0px 0px 0px;\"><span class=\" fusion-imageframe imageframe-none imageframe-9 hover-type-none\"><a href=\"http:\/\/web.philo.ulg.ac.be\/islamo\/wp-content\/uploads\/sites\/32\/2014\/11\/catalogo.jpg\" class=\"fusion-lightbox\" data-rel=\"iLightbox[4eacd68dfe73c40ef9b]\" data-title=\"catalogo\" title=\"catalogo\"><img decoding=\"async\" width=\"211\" height=\"300\" src=\"http:\/\/web.philo.ulg.ac.be\/islamo\/wp-content\/uploads\/sites\/32\/2014\/11\/catalogo-211x300.jpg\" alt class=\"img-responsive wp-image-3719\" srcset=\"http:\/\/web.philo.ulg.ac.be\/islamo\/wp-content\/uploads\/sites\/32\/2014\/11\/catalogo-211x300.jpg 211w, http:\/\/web.philo.ulg.ac.be\/islamo\/wp-content\/uploads\/sites\/32\/2014\/11\/catalogo.jpg 705w\" sizes=\"(max-width: 211px) 100vw, 211px\" \/><\/a><\/span><div class=\"fusion-clearfix\"><\/div><\/div><\/div><div class=\"fusion-layout-column fusion_builder_column fusion-builder-column-23 fusion_builder_column_3_4 3_4 fusion-three-fourth fusion-column-last\" style=\"width:75%;width:calc(75% - ( ( 4% ) * 0.75 ) );margin-top:0px;margin-bottom:20px;\"><div class=\"fusion-column-wrapper fusion-flex-column-wrapper-legacy\" style=\"background-position:left top;background-repeat:no-repeat;-webkit-background-size:cover;-moz-background-size:cover;-o-background-size:cover;background-size:cover;padding: 0px 0px 0px 0px;\"><div class=\"fusion-text fusion-text-15\"><p style=\"text-align: justify;\">Fr\u00e9d\u00e9ric BAUDEN<\/p>\n<p style=\"text-align: justify;\">Catalogo della collezione di monete islamiche del Museo Bottacin.<\/p>\n<p style=\"text-align: justify;\">Padova : Comuni, Musei e Biblioteche (\u00ab\u202fQuaderni del Bollettino del Museo civico di Padova\u202f\u00bb, 9), 2011, XXXI-461 p.<\/p>\n<\/div><div class=\"fusion-clearfix\"><\/div><\/div><\/div><div class=\"fusion-layout-column fusion_builder_column fusion-builder-column-24 fusion_builder_column_1_4 1_4 fusion-one-fourth fusion-column-first\" style=\"width:25%;width:calc(25% - ( ( 4% ) * 0.25 ) );margin-right: 4%;margin-top:0px;margin-bottom:20px;\"><div class=\"fusion-column-wrapper fusion-flex-column-wrapper-legacy\" style=\"background-position:left top;background-repeat:no-repeat;-webkit-background-size:cover;-moz-background-size:cover;-o-background-size:cover;background-size:cover;padding: 0px 0px 0px 0px;\"><span class=\" fusion-imageframe imageframe-none imageframe-10 hover-type-none\"><a href=\"http:\/\/web.philo.ulg.ac.be\/islamo\/wp-content\/uploads\/sites\/32\/2014\/11\/catalogue.jpg\" class=\"fusion-lightbox\" data-rel=\"iLightbox[d8eb957394448a30341]\" data-title=\"catalogue\" title=\"catalogue\"><img decoding=\"async\" width=\"211\" height=\"300\" src=\"http:\/\/web.philo.ulg.ac.be\/islamo\/wp-content\/uploads\/sites\/32\/2014\/11\/catalogue-211x300.jpg\" alt class=\"img-responsive wp-image-3720\" srcset=\"http:\/\/web.philo.ulg.ac.be\/islamo\/wp-content\/uploads\/sites\/32\/2014\/11\/catalogue-211x300.jpg 211w, http:\/\/web.philo.ulg.ac.be\/islamo\/wp-content\/uploads\/sites\/32\/2014\/11\/catalogue.jpg 705w\" sizes=\"(max-width: 211px) 100vw, 211px\" \/><\/a><\/span><div class=\"fusion-clearfix\"><\/div><\/div><\/div><div class=\"fusion-layout-column fusion_builder_column fusion-builder-column-25 fusion_builder_column_3_4 3_4 fusion-three-fourth fusion-column-last\" style=\"width:75%;width:calc(75% - ( ( 4% ) * 0.75 ) );margin-top:0px;margin-bottom:20px;\"><div class=\"fusion-column-wrapper fusion-flex-column-wrapper-legacy\" style=\"background-position:left top;background-repeat:no-repeat;-webkit-background-size:cover;-moz-background-size:cover;-o-background-size:cover;background-size:cover;padding: 0px 0px 0px 0px;\"><div class=\"fusion-text fusion-text-16\"><p style=\"text-align: justify;\">Fr\u00e9d\u00e9ric BAUDEN<\/p>\n<p style=\"text-align: justify;\">Catalogue de la collection de monnaies islamiques du Museo Bottacin.<\/p>\n<p style=\"text-align: justify;\">Padova : Comuni, Musei e Biblioteche (\u00ab\u202fQuaderni del Bollettino del Museo civico di Padova\u202f\u00bb, 9), 2011, XXXI-461 pp.<\/p>\n<\/div><div class=\"fusion-clearfix\"><\/div><\/div><\/div><div class=\"fusion-layout-column fusion_builder_column fusion-builder-column-26 fusion_builder_column_1_4 1_4 fusion-one-fourth fusion-column-first\" style=\"width:25%;width:calc(25% - ( ( 4% ) * 0.25 ) );margin-right: 4%;margin-top:0px;margin-bottom:20px;\"><div class=\"fusion-column-wrapper fusion-flex-column-wrapper-legacy\" style=\"background-position:left top;background-repeat:no-repeat;-webkit-background-size:cover;-moz-background-size:cover;-o-background-size:cover;background-size:cover;padding: 0px 0px 0px 0px;\"><span class=\" fusion-imageframe imageframe-none imageframe-11 hover-type-none\"><a href=\"http:\/\/web.philo.ulg.ac.be\/islamo\/wp-content\/uploads\/sites\/32\/2014\/10\/2010.jpg\" class=\"fusion-lightbox\" data-rel=\"iLightbox[03fe5eb8ae2fc84c048]\" data-title=\"2010\" title=\"2010\"><img decoding=\"async\" width=\"211\" height=\"300\" src=\"http:\/\/web.philo.ulg.ac.be\/islamo\/wp-content\/uploads\/sites\/32\/2014\/10\/2010-211x300.jpg\" alt class=\"img-responsive wp-image-3707\" srcset=\"http:\/\/web.philo.ulg.ac.be\/islamo\/wp-content\/uploads\/sites\/32\/2014\/10\/2010-211x300.jpg 211w, http:\/\/web.philo.ulg.ac.be\/islamo\/wp-content\/uploads\/sites\/32\/2014\/10\/2010.jpg 705w\" sizes=\"(max-width: 211px) 100vw, 211px\" \/><\/a><\/span><div class=\"fusion-clearfix\"><\/div><\/div><\/div><div class=\"fusion-layout-column fusion_builder_column fusion-builder-column-27 fusion_builder_column_3_4 3_4 fusion-three-fourth fusion-column-last\" style=\"width:75%;width:calc(75% - ( ( 4% ) * 0.75 ) );margin-top:0px;margin-bottom:20px;\"><div class=\"fusion-column-wrapper fusion-flex-column-wrapper-legacy\" style=\"background-position:left top;background-repeat:no-repeat;-webkit-background-size:cover;-moz-background-size:cover;-o-background-size:cover;background-size:cover;padding: 0px 0px 0px 0px;\"><div class=\"fusion-text fusion-text-17\"><p style=\"text-align: justify;\">Fr\u00e9d\u00e9ric BAUDEN et Richard WALLER<\/p>\n<p style=\"text-align: justify;\">Le Journal d\u2019Antoine Galland (1646-1715). La p\u00e9riode parisienne. Vol. I: Ann\u00e9es 1708-1709. \u00c9dition critique annot\u00e9e de Fr\u00e9d\u00e9ric Bauden et Richard Waller avec la collaboration de Michele Asolati, Aboubakr Chra\u00efbi et \u00c9tienne Famerie pour l\u2019annotation.<\/p>\n<p style=\"text-align: justify;\">Louvain \u2013 Paris \u2013 Walpole (MA) : Peeters (\u00ab\u202fM\u00e9moires de l\u2019Association pour la promotion de l\u2019histoire et de l\u2019arch\u00e9ologie orientales, Universit\u00e9 de Li\u00e8ge\u202f\u00bb, n\u00b0 6), 2011, 588 p.<\/p>\n<p>(<a href=\"http:\/\/www.peeters-leuven.be\/boekoverz.asp?nr=8806\" target=\"_blank\" rel=\"noopener\">En savoir plus<\/a>)<\/p>\n<\/div><div class=\"fusion-clearfix\"><\/div><\/div><\/div><div class=\"fusion-layout-column fusion_builder_column fusion-builder-column-28 fusion_builder_column_1_1 1_1 fusion-one-full fusion-column-first fusion-column-last\" style=\"margin-top:0px;margin-bottom:20px;\"><div class=\"fusion-column-wrapper fusion-flex-column-wrapper-legacy\" style=\"background-position:left top;background-repeat:no-repeat;-webkit-background-size:cover;-moz-background-size:cover;-o-background-size:cover;background-size:cover;padding: 0px 0px 0px 0px;\"><div class=\"fusion-text fusion-text-18\"><h3>2010<\/h3>\n<\/div><div class=\"fusion-clearfix\"><\/div><\/div><\/div><div class=\"fusion-layout-column fusion_builder_column fusion-builder-column-29 fusion_builder_column_1_4 1_4 fusion-one-fourth fusion-column-first\" style=\"width:25%;width:calc(25% - ( ( 4% ) * 0.25 ) );margin-right: 4%;margin-top:0px;margin-bottom:20px;\"><div class=\"fusion-column-wrapper fusion-flex-column-wrapper-legacy\" style=\"background-position:left top;background-repeat:no-repeat;-webkit-background-size:cover;-moz-background-size:cover;-o-background-size:cover;background-size:cover;padding: 0px 0px 0px 0px;\"><span class=\" fusion-imageframe imageframe-none imageframe-12 hover-type-none\"><a href=\"http:\/\/web.philo.ulg.ac.be\/islamo\/wp-content\/uploads\/sites\/32\/2014\/11\/quaderni.jpg\" class=\"fusion-lightbox\" data-rel=\"iLightbox[bbb654d8e6f9e938fe7]\" data-title=\"quaderni\" title=\"quaderni\"><img decoding=\"async\" width=\"211\" height=\"300\" src=\"http:\/\/web.philo.ulg.ac.be\/islamo\/wp-content\/uploads\/sites\/32\/2014\/11\/quaderni-211x300.jpg\" alt class=\"img-responsive wp-image-3718\" srcset=\"http:\/\/web.philo.ulg.ac.be\/islamo\/wp-content\/uploads\/sites\/32\/2014\/11\/quaderni-211x300.jpg 211w, http:\/\/web.philo.ulg.ac.be\/islamo\/wp-content\/uploads\/sites\/32\/2014\/11\/quaderni.jpg 705w\" sizes=\"(max-width: 211px) 100vw, 211px\" \/><\/a><\/span><div class=\"fusion-clearfix\"><\/div><\/div><\/div><div class=\"fusion-layout-column fusion_builder_column fusion-builder-column-30 fusion_builder_column_3_4 3_4 fusion-three-fourth fusion-column-last\" style=\"width:75%;width:calc(75% - ( ( 4% ) * 0.75 ) );margin-top:0px;margin-bottom:20px;\"><div class=\"fusion-column-wrapper fusion-flex-column-wrapper-legacy\" style=\"background-position:left top;background-repeat:no-repeat;-webkit-background-size:cover;-moz-background-size:cover;-o-background-size:cover;background-size:cover;padding: 0px 0px 0px 0px;\"><div class=\"fusion-text fusion-text-19\"><p style=\"text-align: justify;\">Fr\u00e9d\u00e9ric BAUDEN<\/p>\n<p style=\"text-align: justify;\">Les m\u00e9thodes de travail des historiens en Islam. Dossier coordonn\u00e9 par Fr\u00e9d\u00e9ric Bauden.<\/p>\n<p style=\"text-align: justify;\">Roma : Istituto per l\u2019Oriente C.A. Nallino (\u00ab\u202fQuaderni di Studi Arabi, nuova serie 4, 2009), 2010, 136 p.<\/p>\n<\/div><div class=\"fusion-clearfix\"><\/div><\/div><\/div><div class=\"fusion-layout-column fusion_builder_column fusion-builder-column-31 fusion_builder_column_1_1 1_1 fusion-one-full fusion-column-first fusion-column-last\" style=\"margin-top:0px;margin-bottom:20px;\"><div class=\"fusion-column-wrapper fusion-flex-column-wrapper-legacy\" style=\"background-position:left top;background-repeat:no-repeat;-webkit-background-size:cover;-moz-background-size:cover;-o-background-size:cover;background-size:cover;padding: 0px 0px 0px 0px;\"><div class=\"fusion-text fusion-text-20\"><h3>2008<\/h3>\n<\/div><div class=\"fusion-clearfix\"><\/div><\/div><\/div><div class=\"fusion-layout-column fusion_builder_column fusion-builder-column-32 fusion_builder_column_1_4 1_4 fusion-one-fourth fusion-column-first\" style=\"width:25%;width:calc(25% - ( ( 4% ) * 0.25 ) );margin-right: 4%;margin-top:0px;margin-bottom:20px;\"><div class=\"fusion-column-wrapper fusion-flex-column-wrapper-legacy\" style=\"background-position:left top;background-repeat:no-repeat;-webkit-background-size:cover;-moz-background-size:cover;-o-background-size:cover;background-size:cover;padding: 0px 0px 0px 0px;\"><span class=\" fusion-imageframe imageframe-none imageframe-13 hover-type-none\"><a href=\"http:\/\/web.philo.ulg.ac.be\/islamo\/wp-content\/uploads\/sites\/32\/2014\/11\/repertoire.jpg\" class=\"fusion-lightbox\" data-rel=\"iLightbox[22c1b353bb8c69b8e25]\" data-title=\"repertoire\" title=\"repertoire\"><img decoding=\"async\" width=\"211\" height=\"300\" src=\"http:\/\/web.philo.ulg.ac.be\/islamo\/wp-content\/uploads\/sites\/32\/2014\/11\/repertoire-211x300.jpg\" alt class=\"img-responsive wp-image-3717\" srcset=\"http:\/\/web.philo.ulg.ac.be\/islamo\/wp-content\/uploads\/sites\/32\/2014\/11\/repertoire-211x300.jpg 211w, http:\/\/web.philo.ulg.ac.be\/islamo\/wp-content\/uploads\/sites\/32\/2014\/11\/repertoire.jpg 705w\" sizes=\"(max-width: 211px) 100vw, 211px\" \/><\/a><\/span><div class=\"fusion-clearfix\"><\/div><\/div><\/div><div class=\"fusion-layout-column fusion_builder_column fusion-builder-column-33 fusion_builder_column_3_4 3_4 fusion-three-fourth fusion-column-last\" style=\"width:75%;width:calc(75% - ( ( 4% ) * 0.75 ) );margin-top:0px;margin-bottom:20px;\"><div class=\"fusion-column-wrapper fusion-flex-column-wrapper-legacy\" style=\"background-position:left top;background-repeat:no-repeat;-webkit-background-size:cover;-moz-background-size:cover;-o-background-size:cover;background-size:cover;padding: 0px 0px 0px 0px;\"><div class=\"fusion-text fusion-text-21\"><p style=\"text-align: justify;\">Fr\u00e9d\u00e9ric BAUDEN, Aboubakr CHRA\u00cfBI et Antonella GHERSETTI (\u00e9d.).<\/p>\n<p style=\"text-align: justify;\">Le R\u00e9pertoire narratif arabe m\u00e9di\u00e9val : transmission et ouverture. Actes du colloque international (Li\u00e8ge,\u00a015-17\u00a0septembre\u00a02005).<\/p>\n<p style=\"text-align: justify;\">Li\u00e8ge: Biblioth\u00e8que de la Facult\u00e9 de Philosophie et Lettres de l\u2019Universit\u00e9 de Li\u00e8ge (\u00ab\u202fBiblioth\u00e8que de la Facult\u00e9 de Philosophie et Lettres de l\u2019Universit\u00e9 de Li\u00e8ge\u202f\u00bb, fasc. CCXCV), 2008, 354 p.<\/p>\n<p>(<a href=\"http:\/\/www.deboccard.com\/fr\/category\/10537-Produit-9782870192955.html\" target=\"_blank\" rel=\"noopener\">En savoir plus<\/a>)<\/p>\n<\/div><div class=\"fusion-clearfix\"><\/div><\/div><\/div><\/div><\/div>\n","protected":false},"excerpt":{"rendered":"","protected":false},"author":2,"featured_media":0,"parent":0,"menu_order":0,"comment_status":"closed","ping_status":"closed","template":"","meta":{"footnotes":""},"class_list":["post-3390","page","type-page","status-publish","hentry"],"_links":{"self":[{"href":"http:\/\/web.philo.ulg.ac.be\/islamo\/wp-json\/wp\/v2\/pages\/3390","targetHints":{"allow":["GET"]}}],"collection":[{"href":"http:\/\/web.philo.ulg.ac.be\/islamo\/wp-json\/wp\/v2\/pages"}],"about":[{"href":"http:\/\/web.philo.ulg.ac.be\/islamo\/wp-json\/wp\/v2\/types\/page"}],"author":[{"embeddable":true,"href":"http:\/\/web.philo.ulg.ac.be\/islamo\/wp-json\/wp\/v2\/users\/2"}],"replies":[{"embeddable":true,"href":"http:\/\/web.philo.ulg.ac.be\/islamo\/wp-json\/wp\/v2\/comments?post=3390"}],"version-history":[{"count":7,"href":"http:\/\/web.philo.ulg.ac.be\/islamo\/wp-json\/wp\/v2\/pages\/3390\/revisions"}],"predecessor-version":[{"id":4872,"href":"http:\/\/web.philo.ulg.ac.be\/islamo\/wp-json\/wp\/v2\/pages\/3390\/revisions\/4872"}],"wp:attachment":[{"href":"http:\/\/web.philo.ulg.ac.be\/islamo\/wp-json\/wp\/v2\/media?parent=3390"}],"curies":[{"name":"wp","href":"https:\/\/api.w.org\/{rel}","templated":true}]}}