{"id":12821,"date":"2025-11-19T11:14:02","date_gmt":"2025-11-19T10:14:02","guid":{"rendered":"http:\/\/web.philo.ulg.ac.be\/linguistique\/?page_id=12821"},"modified":"2025-11-19T11:28:18","modified_gmt":"2025-11-19T10:28:18","slug":"agenda","status":"publish","type":"page","link":"http:\/\/web.philo.ulg.ac.be\/linguistique\/agenda\/","title":{"rendered":"Agenda"},"content":{"rendered":"<div class=\"fusion-fullwidth fullwidth-box fusion-builder-row-1 fusion-flex-container nonhundred-percent-fullwidth non-hundred-percent-height-scrolling\" style=\"background-color: rgba(255,255,255,0);background-position: center center;background-repeat: no-repeat;border-width: 0px 0px 0px 0px;border-color:rgba(97,158,133,0);border-style:solid;\" ><div class=\"fusion-builder-row fusion-row fusion-flex-align-items-flex-start\" style=\"max-width:1216.8px;margin-left: calc(-4% \/ 2 );margin-right: calc(-4% \/ 2 );\"><div class=\"fusion-layout-column fusion_builder_column fusion-builder-column-0 fusion_builder_column_1_1 1_1 fusion-flex-column\"><div class=\"fusion-column-wrapper fusion-flex-justify-content-flex-start fusion-content-layout-column\" style=\"background-position:left top;background-repeat:no-repeat;-webkit-background-size:cover;-moz-background-size:cover;-o-background-size:cover;background-size:cover;padding: 0px 0px 0px 0px;\"><div class=\"fusion-events-shortcode fusion-events-shortcode-1\"><div class=\"fusion-events-wrapper\" data-pages=\"0\"><div class=\"fusion-events-post fusion-spacing-yes fusion-one-fourth fusion-layout-column\" style=\"margin-bottom:4%;\"><div class=\"fusion-column-wrapper\"><div class=\"fusion-events-thumbnail hover-type-none\"><a href=\"http:\/\/web.philo.ulg.ac.be\/linguistique\/evenement\/conference-de-martin-haspelmath-mpi-eva-universite-de-leipzig-docteur-honoris-causa-de-luniversite-de-liege\/\" class=\"url\" rel=\"bookmark\" aria-label=\"Conf\u00e9rence de Martin Haspelmath (MPI &#8211; EVA &amp; Universit\u00e9 de Leipzig), Docteur honoris causa de l\u2019Universit\u00e9 de Li\u00e8ge\"><\/a><\/div><div class=\"fusion-events-content-wrapper\" style=\"padding:20px 20px 20px 20px;\"><div class=\"fusion-events-meta\"><h2><a href=\"http:\/\/web.philo.ulg.ac.be\/linguistique\/evenement\/conference-de-martin-haspelmath-mpi-eva-universite-de-leipzig-docteur-honoris-causa-de-luniversite-de-liege\/\" class=\"url\" rel=\"bookmark\">Conf\u00e9rence de Martin Haspelmath (MPI &#8211; EVA &amp; Universit\u00e9 de Leipzig), Docteur honoris causa de l\u2019Universit\u00e9 de Li\u00e8ge<\/a><\/h2><h4><span class=\"tribe-event-date-start\">vendredi 18 mars 2022 -  14 h 00<\/span> \/ <span class=\"tribe-event-time\">15 h 00<\/span><\/h4><\/div><\/div><\/div><\/div><div class=\"fusion-events-post fusion-spacing-yes fusion-one-fourth fusion-layout-column\" style=\"margin-bottom:4%;\"><div class=\"fusion-column-wrapper\"><div class=\"fusion-events-thumbnail hover-type-none\"><a href=\"http:\/\/web.philo.ulg.ac.be\/linguistique\/evenement\/journee-detudes-annuelle-sur-le-traitement-des-sources-galloromanes-trasogal\/\" class=\"url\" rel=\"bookmark\" aria-label=\"Journ\u00e9e d&rsquo;\u00e9tudes annuelle sur le Traitement des Sources Galloromanes (TraSoGal)\"><\/a><\/div><div class=\"fusion-events-content-wrapper\" style=\"padding:20px 20px 20px 20px;\"><div class=\"fusion-events-meta\"><h2><a href=\"http:\/\/web.philo.ulg.ac.be\/linguistique\/evenement\/journee-detudes-annuelle-sur-le-traitement-des-sources-galloromanes-trasogal\/\" class=\"url\" rel=\"bookmark\">Journ\u00e9e d&rsquo;\u00e9tudes annuelle sur le Traitement des Sources Galloromanes (TraSoGal)<\/a><\/h2><h4><span class=\"tribe-event-date-start\">vendredi 12 novembre 2021 -  9 h 00<\/span> \/ <span class=\"tribe-event-time\">17 h 00<\/span><\/h4><\/div><\/div><\/div><\/div><div class=\"fusion-events-post fusion-spacing-yes fusion-one-fourth fusion-layout-column\" style=\"margin-bottom:4%;\"><div class=\"fusion-column-wrapper\"><div class=\"fusion-events-thumbnail hover-type-none\"><a href=\"http:\/\/web.philo.ulg.ac.be\/linguistique\/evenement\/seminaire-methodes-de-la-linguistique-contemporaine-ling0076-1-7\/\" class=\"url\" rel=\"bookmark\" aria-label=\"S\u00e9minaire : m\u00e9thodes de la linguistique contemporaine (LING0076-1)\"><\/a><\/div><div class=\"fusion-events-content-wrapper\" style=\"padding:20px 20px 20px 20px;\"><div class=\"fusion-events-meta\"><h2><a href=\"http:\/\/web.philo.ulg.ac.be\/linguistique\/evenement\/seminaire-methodes-de-la-linguistique-contemporaine-ling0076-1-7\/\" class=\"url\" rel=\"bookmark\">S\u00e9minaire : m\u00e9thodes de la linguistique contemporaine (LING0076-1)<\/a><\/h2><h4><span class=\"tribe-event-date-start\">vendredi 24 avril 2020 -  13 h 00<\/span> \/ <span class=\"tribe-event-time\">16 h 00<\/span><\/h4><\/div><\/div><\/div><\/div><div class=\"fusion-events-post fusion-spacing-yes fusion-one-fourth fusion-layout-column fusion-column-last\" style=\"margin-bottom:4%;\"><div class=\"fusion-column-wrapper\"><div class=\"fusion-events-thumbnail hover-type-none\"><a href=\"http:\/\/web.philo.ulg.ac.be\/linguistique\/evenement\/seminaire-methodes-de-la-linguistique-contemporaine-ling0076-1-6\/\" class=\"url\" rel=\"bookmark\" aria-label=\"S\u00e9minaire : m\u00e9thodes de la linguistique contemporaine (LING0076-1)\"><\/a><\/div><div class=\"fusion-events-content-wrapper\" style=\"padding:20px 20px 20px 20px;\"><div class=\"fusion-events-meta\"><h2><a href=\"http:\/\/web.philo.ulg.ac.be\/linguistique\/evenement\/seminaire-methodes-de-la-linguistique-contemporaine-ling0076-1-6\/\" class=\"url\" rel=\"bookmark\">S\u00e9minaire : m\u00e9thodes de la linguistique contemporaine (LING0076-1)<\/a><\/h2><h4><span class=\"tribe-event-date-start\">vendredi 20 mars 2020 -  13 h 00<\/span> \/ <span class=\"tribe-event-time\">16 h 00<\/span><\/h4><\/div><\/div><\/div><\/div><div class=\"fusion-clearfix\"><\/div><div class=\"fusion-events-post fusion-spacing-yes fusion-one-fourth fusion-layout-column\" style=\"margin-bottom:4%;\"><div class=\"fusion-column-wrapper\"><div class=\"fusion-events-thumbnail hover-type-none\"><a href=\"http:\/\/web.philo.ulg.ac.be\/linguistique\/evenement\/jeannine-de-landtsheer-k-u-leuven-juste-lipse-et-le-pseudo-ciceronianisme-sa-position-dans-la-querelle-des-plumes-des-humanistes\/\" class=\"url\" rel=\"bookmark\" aria-label=\"Jeannine De LANDTSHEER (K.U.Leuven),  \u00ab Juste-Lipse et le (pseudo)-cic\u00e9ronianisme : sa position dans la querelle des plumes des humanistes \u00bb\"><\/a><\/div><div class=\"fusion-events-content-wrapper\" style=\"padding:20px 20px 20px 20px;\"><div class=\"fusion-events-meta\"><h2><a href=\"http:\/\/web.philo.ulg.ac.be\/linguistique\/evenement\/jeannine-de-landtsheer-k-u-leuven-juste-lipse-et-le-pseudo-ciceronianisme-sa-position-dans-la-querelle-des-plumes-des-humanistes\/\" class=\"url\" rel=\"bookmark\">Jeannine De LANDTSHEER (K.U.Leuven),  \u00ab Juste-Lipse et le (pseudo)-cic\u00e9ronianisme : sa position dans la querelle des plumes des humanistes \u00bb<\/a><\/h2><h4><span class=\"tribe-event-date-start\">mardi 10 mars 2020 -  12 h 15<\/span> \/ <span class=\"tribe-event-time\">14 h 00<\/span><\/h4><\/div><\/div><\/div><\/div><div class=\"fusion-events-post fusion-spacing-yes fusion-one-fourth fusion-layout-column\" style=\"margin-bottom:4%;\"><div class=\"fusion-column-wrapper\"><div class=\"fusion-events-thumbnail hover-type-none\"><a href=\"http:\/\/web.philo.ulg.ac.be\/linguistique\/evenement\/seminaire-methodes-de-la-linguistique-contemporaine-ling0076-1-5\/\" class=\"url\" rel=\"bookmark\" aria-label=\"S\u00e9minaire : m\u00e9thodes de la linguistique contemporaine (LING0076-1)\"><\/a><\/div><div class=\"fusion-events-content-wrapper\" style=\"padding:20px 20px 20px 20px;\"><div class=\"fusion-events-meta\"><h2><a href=\"http:\/\/web.philo.ulg.ac.be\/linguistique\/evenement\/seminaire-methodes-de-la-linguistique-contemporaine-ling0076-1-5\/\" class=\"url\" rel=\"bookmark\">S\u00e9minaire : m\u00e9thodes de la linguistique contemporaine (LING0076-1)<\/a><\/h2><h4><span class=\"tribe-event-date-start\">vendredi 28 f\u00e9vrier 2020 -  13 h 00<\/span> \/ <span class=\"tribe-event-time\">16 h 00<\/span><\/h4><\/div><\/div><\/div><\/div><div class=\"fusion-events-post fusion-spacing-yes fusion-one-fourth fusion-layout-column\" style=\"margin-bottom:4%;\"><div class=\"fusion-column-wrapper\"><div class=\"fusion-events-thumbnail hover-type-none\"><a href=\"http:\/\/web.philo.ulg.ac.be\/linguistique\/evenement\/workshop-sur-la-semantique-formelle-des-mondes-centres\/\" class=\"url\" rel=\"bookmark\" aria-label=\"Workshop sur la s\u00e9mantique formelle des mondes centr\u00e9s\"><\/a><\/div><div class=\"fusion-events-content-wrapper\" style=\"padding:20px 20px 20px 20px;\"><div class=\"fusion-events-meta\"><h2><a href=\"http:\/\/web.philo.ulg.ac.be\/linguistique\/evenement\/workshop-sur-la-semantique-formelle-des-mondes-centres\/\" class=\"url\" rel=\"bookmark\">Workshop sur la s\u00e9mantique formelle des mondes centr\u00e9s<\/a><\/h2><h4><span class=\"tribe-event-date-start\">vendredi 20 d\u00e9cembre 2019 -  13 h 30<\/span> \/ <span class=\"tribe-event-time\">18 h 00<\/span><\/h4><\/div><\/div><\/div><\/div><div class=\"fusion-events-post fusion-spacing-yes fusion-one-fourth fusion-layout-column fusion-column-last\" style=\"margin-bottom:4%;\"><div class=\"fusion-column-wrapper\"><div class=\"fusion-events-thumbnail hover-type-none\"><a href=\"http:\/\/web.philo.ulg.ac.be\/linguistique\/evenement\/seminaire-methodes-de-la-linguistique-contemporaine-ling0076-1-4\/\" class=\"url\" rel=\"bookmark\" aria-label=\"S\u00e9minaire : m\u00e9thodes de la linguistique contemporaine (LING0076-1)\"><\/a><\/div><div class=\"fusion-events-content-wrapper\" style=\"padding:20px 20px 20px 20px;\"><div class=\"fusion-events-meta\"><h2><a href=\"http:\/\/web.philo.ulg.ac.be\/linguistique\/evenement\/seminaire-methodes-de-la-linguistique-contemporaine-ling0076-1-4\/\" class=\"url\" rel=\"bookmark\">S\u00e9minaire : m\u00e9thodes de la linguistique contemporaine (LING0076-1)<\/a><\/h2><h4><span class=\"tribe-event-date-start\">vendredi 13 d\u00e9cembre 2019 -  13 h 00<\/span> \/ <span class=\"tribe-event-time\">16 h 00<\/span><\/h4><\/div><\/div><\/div><\/div><div class=\"fusion-clearfix\"><\/div><div class=\"fusion-events-post fusion-spacing-yes fusion-one-fourth fusion-layout-column\" style=\"margin-bottom:4%;\"><div class=\"fusion-column-wrapper\"><div class=\"fusion-events-thumbnail hover-type-none\"><a href=\"http:\/\/web.philo.ulg.ac.be\/linguistique\/evenement\/seminaire-methodes-de-la-linguistique-contemporaine-ling0076-1-3\/\" class=\"url\" rel=\"bookmark\" aria-label=\"S\u00e9minaire : m\u00e9thodes de la linguistique contemporaine (LING0076-1)\"><\/a><\/div><div class=\"fusion-events-content-wrapper\" style=\"padding:20px 20px 20px 20px;\"><div class=\"fusion-events-meta\"><h2><a href=\"http:\/\/web.philo.ulg.ac.be\/linguistique\/evenement\/seminaire-methodes-de-la-linguistique-contemporaine-ling0076-1-3\/\" class=\"url\" rel=\"bookmark\">S\u00e9minaire : m\u00e9thodes de la linguistique contemporaine (LING0076-1)<\/a><\/h2><h4><span class=\"tribe-event-date-start\">vendredi 22 novembre 2019 -  13 h 00<\/span> \/ <span class=\"tribe-event-time\">16 h 00<\/span><\/h4><\/div><\/div><\/div><\/div><div class=\"fusion-events-post fusion-spacing-yes fusion-one-fourth fusion-layout-column\" style=\"margin-bottom:4%;\"><div class=\"fusion-column-wrapper\"><div class=\"fusion-events-thumbnail hover-type-none\"><a href=\"http:\/\/web.philo.ulg.ac.be\/linguistique\/evenement\/seminaire-interuniversitaire-de-logique-et-philosophie-du-langage-bruno-leclercq-universite-de-liege\/\" class=\"url\" rel=\"bookmark\" aria-label=\"S\u00e9minaire interuniversitaire de logique et philosophie du langage : Bruno Leclercq (Universit\u00e9 de Li\u00e8ge)\"><\/a><\/div><div class=\"fusion-events-content-wrapper\" style=\"padding:20px 20px 20px 20px;\"><div class=\"fusion-events-meta\"><h2><a href=\"http:\/\/web.philo.ulg.ac.be\/linguistique\/evenement\/seminaire-interuniversitaire-de-logique-et-philosophie-du-langage-bruno-leclercq-universite-de-liege\/\" class=\"url\" rel=\"bookmark\">S\u00e9minaire interuniversitaire de logique et philosophie du langage : Bruno Leclercq (Universit\u00e9 de Li\u00e8ge)<\/a><\/h2><h4><span class=\"tribe-event-date-start\">jeudi 21 novembre 2019 -  14 h 00<\/span> \/ <span class=\"tribe-event-time\">17 h 00<\/span><\/h4><\/div><\/div><\/div><\/div><div class=\"fusion-events-post fusion-spacing-yes fusion-one-fourth fusion-layout-column\" style=\"margin-bottom:4%;\"><div class=\"fusion-column-wrapper\"><div class=\"fusion-events-thumbnail hover-type-none\"><a href=\"http:\/\/web.philo.ulg.ac.be\/linguistique\/evenement\/onference-de-milad-doueihi-le-fonctionnement-des-algorithmes-dans-le-cadre-de-lanalyse-des-big-data-visuels-et-textuels-et-les-visualisations-des-resultats-danalyse\/\" class=\"url\" rel=\"bookmark\" aria-label=\"onf\u00e9rence de Milad Doueihi, \u201d Le fonctionnement des algorithmes dans le cadre de l\u2019analyse des Big Data (visuels et textuels) et les visualisations des r\u00e9sultats d\u2019analyse \u201c\"><\/a><\/div><div class=\"fusion-events-content-wrapper\" style=\"padding:20px 20px 20px 20px;\"><div class=\"fusion-events-meta\"><h2><a href=\"http:\/\/web.philo.ulg.ac.be\/linguistique\/evenement\/onference-de-milad-doueihi-le-fonctionnement-des-algorithmes-dans-le-cadre-de-lanalyse-des-big-data-visuels-et-textuels-et-les-visualisations-des-resultats-danalyse\/\" class=\"url\" rel=\"bookmark\">onf\u00e9rence de Milad Doueihi, \u201d Le fonctionnement des algorithmes dans le cadre de l\u2019analyse des Big Data (visuels et textuels) et les visualisations des r\u00e9sultats d\u2019analyse \u201c<\/a><\/h2><h4><span class=\"tribe-event-date-start\">lundi 18 novembre 2019<\/span><\/h4><\/div><\/div><\/div><\/div><div class=\"fusion-events-post fusion-spacing-yes fusion-one-fourth fusion-layout-column fusion-column-last\" style=\"margin-bottom:4%;\"><div class=\"fusion-column-wrapper\"><div class=\"fusion-events-thumbnail hover-type-none\"><a href=\"http:\/\/web.philo.ulg.ac.be\/linguistique\/evenement\/colloque-la-genealogie-des-formes-dans-la-perspective-du-deep-learning\/\" class=\"url\" rel=\"bookmark\" aria-label=\"Colloque \u201cLa g\u00e9n\u00e9alogie des formes dans la perspective du Deep Learning\u201d\"><\/a><\/div><div class=\"fusion-events-content-wrapper\" style=\"padding:20px 20px 20px 20px;\"><div class=\"fusion-events-meta\"><h2><a href=\"http:\/\/web.philo.ulg.ac.be\/linguistique\/evenement\/colloque-la-genealogie-des-formes-dans-la-perspective-du-deep-learning\/\" class=\"url\" rel=\"bookmark\">Colloque \u201cLa g\u00e9n\u00e9alogie des formes dans la perspective du Deep Learning\u201d<\/a><\/h2><h4><span class=\"tribe-event-date-start\">jeudi 7 novembre 2019<\/span> \/ <span class=\"tribe-event-date-end\">vendredi 8 novembre 2019<\/span><\/h4><\/div><\/div><\/div><\/div><div class=\"fusion-clearfix\"><\/div><div class=\"fusion-events-post fusion-spacing-yes fusion-one-fourth fusion-layout-column\" style=\"margin-bottom:4%;\"><div class=\"fusion-column-wrapper\"><div class=\"fusion-events-thumbnail hover-type-none\"><a href=\"http:\/\/web.philo.ulg.ac.be\/linguistique\/evenement\/conference-de-lev-manovich-advantages-and-limits-of-deep-learning\/\" class=\"url\" rel=\"bookmark\" aria-label=\"Conf\u00e9rence de Lev Manovich, \u201cAdvantages and Limits of Deep Learning\u201c\"><\/a><\/div><div class=\"fusion-events-content-wrapper\" style=\"padding:20px 20px 20px 20px;\"><div class=\"fusion-events-meta\"><h2><a href=\"http:\/\/web.philo.ulg.ac.be\/linguistique\/evenement\/conference-de-lev-manovich-advantages-and-limits-of-deep-learning\/\" class=\"url\" rel=\"bookmark\">Conf\u00e9rence de Lev Manovich, \u201cAdvantages and Limits of Deep Learning\u201c<\/a><\/h2><h4><span class=\"tribe-event-date-start\">mercredi 6 novembre 2019<\/span><\/h4><\/div><\/div><\/div><\/div><div class=\"fusion-events-post fusion-spacing-yes fusion-one-fourth fusion-layout-column\" style=\"margin-bottom:4%;\"><div class=\"fusion-column-wrapper\"><div class=\"fusion-events-thumbnail hover-type-none\"><a href=\"http:\/\/web.philo.ulg.ac.be\/linguistique\/evenement\/journee-detude-perspectives-sur-lhistoire-de-la-semiotique\/\" class=\"url\" rel=\"bookmark\" aria-label=\"Journ\u00e9e d\u2019\u00e9tude \u201cPerspectives sur l\u2019histoire de la s\u00e9miotique\u201d\"><\/a><\/div><div class=\"fusion-events-content-wrapper\" style=\"padding:20px 20px 20px 20px;\"><div class=\"fusion-events-meta\"><h2><a href=\"http:\/\/web.philo.ulg.ac.be\/linguistique\/evenement\/journee-detude-perspectives-sur-lhistoire-de-la-semiotique\/\" class=\"url\" rel=\"bookmark\">Journ\u00e9e d\u2019\u00e9tude \u201cPerspectives sur l\u2019histoire de la s\u00e9miotique\u201d<\/a><\/h2><h4><span class=\"tribe-event-date-start\">samedi 26 octobre 2019 -  14 h 00<\/span> \/ <span class=\"tribe-event-time\">17 h 00<\/span><\/h4><\/div><\/div><\/div><\/div><div class=\"fusion-events-post fusion-spacing-yes fusion-one-fourth fusion-layout-column\" style=\"margin-bottom:4%;\"><div class=\"fusion-column-wrapper\"><div class=\"fusion-events-thumbnail hover-type-none\"><a href=\"http:\/\/web.philo.ulg.ac.be\/linguistique\/evenement\/seminaire-methodes-de-la-linguistique-contemporaine-ling0076-1-2\/\" class=\"url\" rel=\"bookmark\" aria-label=\"S\u00e9minaire : m\u00e9thodes de la linguistique contemporaine (LING0076-1)\"><\/a><\/div><div class=\"fusion-events-content-wrapper\" style=\"padding:20px 20px 20px 20px;\"><div class=\"fusion-events-meta\"><h2><a href=\"http:\/\/web.philo.ulg.ac.be\/linguistique\/evenement\/seminaire-methodes-de-la-linguistique-contemporaine-ling0076-1-2\/\" class=\"url\" rel=\"bookmark\">S\u00e9minaire : m\u00e9thodes de la linguistique contemporaine (LING0076-1)<\/a><\/h2><h4><span class=\"tribe-event-date-start\">vendredi 25 octobre 2019 -  13 h 00<\/span> \/ <span class=\"tribe-event-time\">16 h 00<\/span><\/h4><\/div><\/div><\/div><\/div><div class=\"fusion-events-post fusion-spacing-yes fusion-one-fourth fusion-layout-column fusion-column-last\" style=\"margin-bottom:4%;\"><div class=\"fusion-column-wrapper\"><div class=\"fusion-events-thumbnail hover-type-none\"><a href=\"http:\/\/web.philo.ulg.ac.be\/linguistique\/evenement\/seminaire-interuniversitaire-de-logique-et-philosophie-du-langage-gregory-bochner-institut-jean-nicod-paris\/\" class=\"url\" rel=\"bookmark\" aria-label=\"S\u00e9minaire interuniversitaire de logique et philosophie du langage : Gr\u00e9gory Bochner (Institut Jean Nicod, Paris)\"><\/a><\/div><div class=\"fusion-events-content-wrapper\" style=\"padding:20px 20px 20px 20px;\"><div class=\"fusion-events-meta\"><h2><a href=\"http:\/\/web.philo.ulg.ac.be\/linguistique\/evenement\/seminaire-interuniversitaire-de-logique-et-philosophie-du-langage-gregory-bochner-institut-jean-nicod-paris\/\" class=\"url\" rel=\"bookmark\">S\u00e9minaire interuniversitaire de logique et philosophie du langage : Gr\u00e9gory Bochner (Institut Jean Nicod, Paris)<\/a><\/h2><h4><span class=\"tribe-event-date-start\">jeudi 24 octobre 2019 -  14 h 00<\/span> \/ <span class=\"tribe-event-time\">17 h 00<\/span><\/h4><\/div><\/div><\/div><\/div><div class=\"fusion-clearfix\"><\/div><div class=\"fusion-events-post fusion-spacing-yes fusion-one-fourth fusion-layout-column\" style=\"margin-bottom:4%;\"><div class=\"fusion-column-wrapper\"><div class=\"fusion-events-thumbnail hover-type-none\"><a href=\"http:\/\/web.philo.ulg.ac.be\/linguistique\/evenement\/aicha-bouhjar-institut-royal-pour-la-culture-amazighe-rabat-amenagement-linguistique-dune-langue-plusieurs-fois-millenaire\/\" class=\"url\" rel=\"bookmark\" aria-label=\"A\u00efcha BOUHJAR (Institut Royal pour la Culture Amazighe, Rabat) : Am\u00e9nagement linguistique  d&rsquo;une langue plusieurs fois mill\u00e9naire\"><\/a><\/div><div class=\"fusion-events-content-wrapper\" style=\"padding:20px 20px 20px 20px;\"><div class=\"fusion-events-meta\"><h2><a href=\"http:\/\/web.philo.ulg.ac.be\/linguistique\/evenement\/aicha-bouhjar-institut-royal-pour-la-culture-amazighe-rabat-amenagement-linguistique-dune-langue-plusieurs-fois-millenaire\/\" class=\"url\" rel=\"bookmark\">A\u00efcha BOUHJAR (Institut Royal pour la Culture Amazighe, Rabat) : Am\u00e9nagement linguistique  d&rsquo;une langue plusieurs fois mill\u00e9naire<\/a><\/h2><h4><span class=\"tribe-event-date-start\">mercredi 23 octobre 2019 -  11 h 00<\/span> \/ <span class=\"tribe-event-time\">12 h 30<\/span><\/h4><\/div><\/div><\/div><\/div><div class=\"fusion-events-post fusion-spacing-yes fusion-one-fourth fusion-layout-column\" style=\"margin-bottom:4%;\"><div class=\"fusion-column-wrapper\"><div class=\"fusion-events-thumbnail hover-type-none\"><a href=\"http:\/\/web.philo.ulg.ac.be\/linguistique\/evenement\/journee-detude-enonciation-et-langages-de-programmation\/\" class=\"url\" rel=\"bookmark\" aria-label=\"Journ\u00e9e d\u2019\u00e9tude \u201c\u00c9nonciation et langages de programmation\u201d\"><\/a><\/div><div class=\"fusion-events-content-wrapper\" style=\"padding:20px 20px 20px 20px;\"><div class=\"fusion-events-meta\"><h2><a href=\"http:\/\/web.philo.ulg.ac.be\/linguistique\/evenement\/journee-detude-enonciation-et-langages-de-programmation\/\" class=\"url\" rel=\"bookmark\">Journ\u00e9e d\u2019\u00e9tude \u201c\u00c9nonciation et langages de programmation\u201d<\/a><\/h2><h4><span class=\"tribe-event-date-start\">mardi 15 octobre 2019 -  9 h 45<\/span> \/ <span class=\"tribe-event-time\">16 h 00<\/span><\/h4><\/div><\/div><\/div><\/div><div class=\"fusion-events-post fusion-spacing-yes fusion-one-fourth fusion-layout-column\" style=\"margin-bottom:4%;\"><div class=\"fusion-column-wrapper\"><div class=\"fusion-events-thumbnail hover-type-none\"><a href=\"http:\/\/web.philo.ulg.ac.be\/linguistique\/evenement\/seminaire-methodes-de-la-linguistique-contemporaine-ling0076-1\/\" class=\"url\" rel=\"bookmark\" aria-label=\"S\u00e9minaire : m\u00e9thodes de la linguistique contemporaine (LING0076-1)\"><\/a><\/div><div class=\"fusion-events-content-wrapper\" style=\"padding:20px 20px 20px 20px;\"><div class=\"fusion-events-meta\"><h2><a href=\"http:\/\/web.philo.ulg.ac.be\/linguistique\/evenement\/seminaire-methodes-de-la-linguistique-contemporaine-ling0076-1\/\" class=\"url\" rel=\"bookmark\">S\u00e9minaire : m\u00e9thodes de la linguistique contemporaine (LING0076-1)<\/a><\/h2><h4><span class=\"tribe-event-date-start\">vendredi 20 septembre 2019 -  13 h 00<\/span> \/ <span class=\"tribe-event-time\">16 h 00<\/span><\/h4><\/div><\/div><\/div><\/div><div class=\"fusion-events-post fusion-spacing-yes fusion-one-fourth fusion-layout-column fusion-column-last\" style=\"margin-bottom:4%;\"><div class=\"fusion-column-wrapper\"><div class=\"fusion-events-thumbnail hover-type-none\"><a href=\"http:\/\/web.philo.ulg.ac.be\/linguistique\/evenement\/virginie-lethier-elliadd-universite-de-franche-comte-reperer-les-reliefs-dune-surface-discursive-aplanie-exploration-textometrique-du-discours-de-la-banque-centrale-europeenne-1\/\" class=\"url\" rel=\"bookmark\" aria-label=\"Virginie Lethier (ELLIADD, Universit\u00e9 de Franche-Comt\u00e9), \u00ab Rep\u00e9rer les reliefs d\u2019une surface discursive aplanie ? Exploration textom\u00e9trique du discours de la Banque Centrale Europ\u00e9enne (1998-2018) \u00bb\"><\/a><\/div><div class=\"fusion-events-content-wrapper\" style=\"padding:20px 20px 20px 20px;\"><div class=\"fusion-events-meta\"><h2><a href=\"http:\/\/web.philo.ulg.ac.be\/linguistique\/evenement\/virginie-lethier-elliadd-universite-de-franche-comte-reperer-les-reliefs-dune-surface-discursive-aplanie-exploration-textometrique-du-discours-de-la-banque-centrale-europeenne-1\/\" class=\"url\" rel=\"bookmark\">Virginie Lethier (ELLIADD, Universit\u00e9 de Franche-Comt\u00e9), \u00ab Rep\u00e9rer les reliefs d\u2019une surface discursive aplanie ? Exploration textom\u00e9trique du discours de la Banque Centrale Europ\u00e9enne (1998-2018) \u00bb<\/a><\/h2><h4><span class=\"tribe-event-date-start\">mercredi 26 juin 2019 -  16 h 30<\/span> \/ <span class=\"tribe-event-time\">18 h 30<\/span><\/h4><\/div><\/div><\/div><\/div><div class=\"fusion-clearfix\"><\/div><div class=\"fusion-events-post fusion-spacing-yes fusion-one-fourth fusion-layout-column\" style=\"margin-bottom:4%;\"><div class=\"fusion-column-wrapper\"><div class=\"fusion-events-thumbnail hover-type-none\"><a href=\"http:\/\/web.philo.ulg.ac.be\/linguistique\/evenement\/visio-conference-friandis-de-natacha-souillard-lerass-toulouse-representations-et-construction-des-images-du-quartier-une-approche-contrastive-de-corpus-de-presse-aux-ancrages-territoriau\/\" class=\"url\" rel=\"bookmark\" aria-label=\"Visio-conf\u00e9rence FRIANDIS de Natacha Souillard (LERASS, Toulouse), \u00ab Repr\u00e9sentations et construction des images du quartier : une approche contrastive de corpus de presse aux ancrages territoriaux pluriels \u00bb\"><\/a><\/div><div class=\"fusion-events-content-wrapper\" style=\"padding:20px 20px 20px 20px;\"><div class=\"fusion-events-meta\"><h2><a href=\"http:\/\/web.philo.ulg.ac.be\/linguistique\/evenement\/visio-conference-friandis-de-natacha-souillard-lerass-toulouse-representations-et-construction-des-images-du-quartier-une-approche-contrastive-de-corpus-de-presse-aux-ancrages-territoriau\/\" class=\"url\" rel=\"bookmark\">Visio-conf\u00e9rence FRIANDIS de Natacha Souillard (LERASS, Toulouse), \u00ab Repr\u00e9sentations et construction des images du quartier : une approche contrastive de corpus de presse aux ancrages territoriaux pluriels \u00bb<\/a><\/h2><h4><span class=\"tribe-event-date-start\">mercredi 15 mai 2019 -  16 h 30<\/span><\/h4><\/div><\/div><\/div><\/div><div class=\"fusion-events-post fusion-spacing-yes fusion-one-fourth fusion-layout-column\" style=\"margin-bottom:4%;\"><div class=\"fusion-column-wrapper\"><div class=\"fusion-events-thumbnail hover-type-none\"><a href=\"http:\/\/web.philo.ulg.ac.be\/linguistique\/evenement\/jean-meyers-univ-p-valery-montpellier-lenvironnement-syntaxique-du-verbe-iubere-ordonner-dans-les-capitulaires-carolingiens\/\" class=\"url\" rel=\"bookmark\" aria-label=\"Jean MEYERS (Univ. P. Valery &#8211; Montpellier),  \u00ab L\u2019environnement syntaxique du verbe iubere (ordonner) dans les capitulaires carolingiens \u00bb\"><\/a><\/div><div class=\"fusion-events-content-wrapper\" style=\"padding:20px 20px 20px 20px;\"><div class=\"fusion-events-meta\"><h2><a href=\"http:\/\/web.philo.ulg.ac.be\/linguistique\/evenement\/jean-meyers-univ-p-valery-montpellier-lenvironnement-syntaxique-du-verbe-iubere-ordonner-dans-les-capitulaires-carolingiens\/\" class=\"url\" rel=\"bookmark\">Jean MEYERS (Univ. P. Valery &#8211; Montpellier),  \u00ab L\u2019environnement syntaxique du verbe iubere (ordonner) dans les capitulaires carolingiens \u00bb<\/a><\/h2><h4><span class=\"tribe-event-date-start\">mardi 14 mai 2019 -  12 h 00<\/span> \/ <span class=\"tribe-event-time\">13 h 00<\/span><\/h4><\/div><\/div><\/div><\/div><div class=\"fusion-events-post fusion-spacing-yes fusion-one-fourth fusion-layout-column\" style=\"margin-bottom:4%;\"><div class=\"fusion-column-wrapper\"><div class=\"fusion-events-thumbnail hover-type-none\"><a href=\"http:\/\/web.philo.ulg.ac.be\/linguistique\/evenement\/workshop_ctp_clauses\/\" class=\"url\" rel=\"bookmark\" aria-label=\"Workshop &lsquo;The syntagmatic properties of complementation patterns: Accommodating lexical and grammatical uses of CTP-clauses&rsquo;\"><\/a><\/div><div class=\"fusion-events-content-wrapper\" style=\"padding:20px 20px 20px 20px;\"><div class=\"fusion-events-meta\"><h2><a href=\"http:\/\/web.philo.ulg.ac.be\/linguistique\/evenement\/workshop_ctp_clauses\/\" class=\"url\" rel=\"bookmark\">Workshop &lsquo;The syntagmatic properties of complementation patterns: Accommodating lexical and grammatical uses of CTP-clauses&rsquo;<\/a><\/h2><h4><span class=\"tribe-event-date-start\">jeudi 9 mai 2019 -  8 h 00<\/span> \/ <span class=\"tribe-event-date-end\">vendredi 10 mai 2019 -  17 h 00<\/span><\/h4><\/div><\/div><\/div><\/div><div class=\"fusion-events-post fusion-spacing-yes fusion-one-fourth fusion-layout-column fusion-column-last\" style=\"margin-bottom:4%;\"><div class=\"fusion-column-wrapper\"><div class=\"fusion-events-thumbnail hover-type-none\"><a href=\"http:\/\/web.philo.ulg.ac.be\/linguistique\/evenement\/christophe-benzitoun-univ-de-lorraine-syntaxe-du-francais-parle-cuisine-et-dependances\/\" class=\"url\" rel=\"bookmark\" aria-label=\"Christophe Benzitoun (Univ. de Lorraine), \u00ab\u00a0Syntaxe du fran\u00e7ais parl\u00e9: cuisine et d\u00e9pendances\u00a0\u00bb\"><\/a><\/div><div class=\"fusion-events-content-wrapper\" style=\"padding:20px 20px 20px 20px;\"><div class=\"fusion-events-meta\"><h2><a href=\"http:\/\/web.philo.ulg.ac.be\/linguistique\/evenement\/christophe-benzitoun-univ-de-lorraine-syntaxe-du-francais-parle-cuisine-et-dependances\/\" class=\"url\" rel=\"bookmark\">Christophe Benzitoun (Univ. de Lorraine), \u00ab\u00a0Syntaxe du fran\u00e7ais parl\u00e9: cuisine et d\u00e9pendances\u00a0\u00bb<\/a><\/h2><h4><span class=\"tribe-event-date-start\">mercredi 8 mai 2019 -  13 h 00<\/span> \/ <span class=\"tribe-event-time\">15 h 00<\/span><\/h4><\/div><\/div><\/div><\/div><div class=\"fusion-clearfix\"><\/div><div class=\"fusion-events-post fusion-spacing-yes fusion-one-fourth fusion-layout-column\" style=\"margin-bottom:4%;\"><div class=\"fusion-column-wrapper\"><div class=\"fusion-events-thumbnail hover-type-none\"><a href=\"http:\/\/web.philo.ulg.ac.be\/linguistique\/evenement\/manfred-kienpointner-univ-innsbruck-la-liberte-ou-la-mort-la-rhetorique-dans-les-philippiques-de-ciceron\/\" class=\"url\" rel=\"bookmark\" aria-label=\"Manfred KIENPOINTNER (Univ. Innsbruck),  \u00ab La libert\u00e9 ou la mort. La rh\u00e9torique dans les Philippiques de Cic\u00e9ron \u00bb\"><\/a><\/div><div class=\"fusion-events-content-wrapper\" style=\"padding:20px 20px 20px 20px;\"><div class=\"fusion-events-meta\"><h2><a href=\"http:\/\/web.philo.ulg.ac.be\/linguistique\/evenement\/manfred-kienpointner-univ-innsbruck-la-liberte-ou-la-mort-la-rhetorique-dans-les-philippiques-de-ciceron\/\" class=\"url\" rel=\"bookmark\">Manfred KIENPOINTNER (Univ. Innsbruck),  \u00ab La libert\u00e9 ou la mort. La rh\u00e9torique dans les Philippiques de Cic\u00e9ron \u00bb<\/a><\/h2><h4><span class=\"tribe-event-date-start\">mardi 2 avril 2019 -  12 h 00<\/span><\/h4><\/div><\/div><\/div><\/div><div class=\"fusion-events-post fusion-spacing-yes fusion-one-fourth fusion-layout-column\" style=\"margin-bottom:4%;\"><div class=\"fusion-column-wrapper\"><div class=\"fusion-events-thumbnail hover-type-none\"><a href=\"http:\/\/web.philo.ulg.ac.be\/linguistique\/evenement\/visio-conference-friandis-de-thierry-guilbert-universite-de-picardie-jules-verne-et-curapp-ess-umr-7319-quand-les-echos-nous-conte-la-crise-grecque-en-2010-mythe-et-recit-contemporains\/\" class=\"url\" rel=\"bookmark\" aria-label=\"Visio-conf\u00e9rence FRIANDIS de Thierry Guilbert (Universit\u00e9 de Picardie Jules Verne et CURAPP-ESS (UMR 7319)), \u00ab Quand Les Echos nous conte la crise grecque en 2010. Mythe et r\u00e9cit contemporains \u00bb\"><\/a><\/div><div class=\"fusion-events-content-wrapper\" style=\"padding:20px 20px 20px 20px;\"><div class=\"fusion-events-meta\"><h2><a href=\"http:\/\/web.philo.ulg.ac.be\/linguistique\/evenement\/visio-conference-friandis-de-thierry-guilbert-universite-de-picardie-jules-verne-et-curapp-ess-umr-7319-quand-les-echos-nous-conte-la-crise-grecque-en-2010-mythe-et-recit-contemporains\/\" class=\"url\" rel=\"bookmark\">Visio-conf\u00e9rence FRIANDIS de Thierry Guilbert (Universit\u00e9 de Picardie Jules Verne et CURAPP-ESS (UMR 7319)), \u00ab Quand Les Echos nous conte la crise grecque en 2010. Mythe et r\u00e9cit contemporains \u00bb<\/a><\/h2><h4><span class=\"tribe-event-date-start\">mercredi 27 mars 2019 -  16 h 30<\/span> \/ <span class=\"tribe-event-time\">18 h 30<\/span><\/h4><\/div><\/div><\/div><\/div><div class=\"fusion-events-post fusion-spacing-yes fusion-one-fourth fusion-layout-column\" style=\"margin-bottom:4%;\"><div class=\"fusion-column-wrapper\"><div class=\"fusion-events-thumbnail hover-type-none\"><a href=\"http:\/\/web.philo.ulg.ac.be\/linguistique\/evenement\/damon-mayaffre-cnrs-nice-plus-values-heuristiques-de-lintelligence-artificielle-appliquee-aux-textes-de-quelques-exemples-sur-les-discours-demmanuel-macron\/\" class=\"url\" rel=\"bookmark\" aria-label=\"Damon Mayaffre (CNRS, Nice), \u00ab\u00a0Plus-values heuristiques de l&rsquo;Intelligence Artificielle appliqu\u00e9e aux textes. De quelques exemples sur les discours d&rsquo;Emmanuel Macron\u00a0\u00bb\"><\/a><\/div><div class=\"fusion-events-content-wrapper\" style=\"padding:20px 20px 20px 20px;\"><div class=\"fusion-events-meta\"><h2><a href=\"http:\/\/web.philo.ulg.ac.be\/linguistique\/evenement\/damon-mayaffre-cnrs-nice-plus-values-heuristiques-de-lintelligence-artificielle-appliquee-aux-textes-de-quelques-exemples-sur-les-discours-demmanuel-macron\/\" class=\"url\" rel=\"bookmark\">Damon Mayaffre (CNRS, Nice), \u00ab\u00a0Plus-values heuristiques de l&rsquo;Intelligence Artificielle appliqu\u00e9e aux textes. De quelques exemples sur les discours d&rsquo;Emmanuel Macron\u00a0\u00bb<\/a><\/h2><h4><span class=\"tribe-event-date-start\">dimanche 24 mars 2019 -  16 h 30<\/span> \/ <span class=\"tribe-event-time\">18 h 30<\/span><\/h4><\/div><\/div><\/div><\/div><div class=\"fusion-events-post fusion-spacing-yes fusion-one-fourth fusion-layout-column fusion-column-last\" style=\"margin-bottom:4%;\"><div class=\"fusion-column-wrapper\"><div class=\"fusion-events-thumbnail hover-type-none\"><a href=\"http:\/\/web.philo.ulg.ac.be\/linguistique\/evenement\/jean-pierre-chambon-universite-de-paris-sorbonne-six-petits-problemes-de-linguistique-et-de-philologie-romanes\/\" class=\"url\" rel=\"bookmark\" aria-label=\"Jean-Pierre Chambon (Universit\u00e9 de Paris-Sorbonne), \u00ab\u00a0Six petits probl\u00e8mes de linguistique et de philologie romanes\u00a0\u00bb\"><\/a><\/div><div class=\"fusion-events-content-wrapper\" style=\"padding:20px 20px 20px 20px;\"><div class=\"fusion-events-meta\"><h2><a href=\"http:\/\/web.philo.ulg.ac.be\/linguistique\/evenement\/jean-pierre-chambon-universite-de-paris-sorbonne-six-petits-problemes-de-linguistique-et-de-philologie-romanes\/\" class=\"url\" rel=\"bookmark\">Jean-Pierre Chambon (Universit\u00e9 de Paris-Sorbonne), \u00ab\u00a0Six petits probl\u00e8mes de linguistique et de philologie romanes\u00a0\u00bb<\/a><\/h2><h4><span class=\"tribe-event-date-start\">vendredi 22 mars 2019 -  15 h 00<\/span> \/ <span class=\"tribe-event-time\">17 h 00<\/span><\/h4><\/div><\/div><\/div><\/div><div class=\"fusion-clearfix\"><\/div><div class=\"fusion-events-post fusion-spacing-yes fusion-one-fourth fusion-layout-column\" style=\"margin-bottom:4%;\"><div class=\"fusion-column-wrapper\"><div class=\"fusion-events-thumbnail hover-type-none\"><a href=\"http:\/\/web.philo.ulg.ac.be\/linguistique\/evenement\/pascal-krajewski-philosophe-de-lart-et-informaticien-cieba-universite-de-lisbonne-quest-ce-quun-geste-numerique-contribution-a-une-typologie-des-gestes-a-lere-de-la-techno\/\" class=\"url\" rel=\"bookmark\" aria-label=\"Pascal Krajewski (philosophe de l\u2019art et informaticien, CIEBA, Universit\u00e9 de Lisbonne), \u00ab Qu&rsquo;est-ce qu&rsquo;un geste num\u00e9rique ? Contribution \u00e0 une typologie des gestes \u00e0 l&rsquo;\u00e8re de la technologie \u00bb\"><\/a><\/div><div class=\"fusion-events-content-wrapper\" style=\"padding:20px 20px 20px 20px;\"><div class=\"fusion-events-meta\"><h2><a href=\"http:\/\/web.philo.ulg.ac.be\/linguistique\/evenement\/pascal-krajewski-philosophe-de-lart-et-informaticien-cieba-universite-de-lisbonne-quest-ce-quun-geste-numerique-contribution-a-une-typologie-des-gestes-a-lere-de-la-techno\/\" class=\"url\" rel=\"bookmark\">Pascal Krajewski (philosophe de l\u2019art et informaticien, CIEBA, Universit\u00e9 de Lisbonne), \u00ab Qu&rsquo;est-ce qu&rsquo;un geste num\u00e9rique ? Contribution \u00e0 une typologie des gestes \u00e0 l&rsquo;\u00e8re de la technologie \u00bb<\/a><\/h2><h4><span class=\"tribe-event-date-start\">jeudi 21 mars 2019 -  15 h 00<\/span> \/ <span class=\"tribe-event-time\">17 h 00<\/span><\/h4><\/div><\/div><\/div><\/div><div class=\"fusion-events-post fusion-spacing-yes fusion-one-fourth fusion-layout-column\" style=\"margin-bottom:4%;\"><div class=\"fusion-column-wrapper\"><div class=\"fusion-events-thumbnail hover-type-none\"><a href=\"http:\/\/web.philo.ulg.ac.be\/linguistique\/evenement\/julien-thiburce-linguiste-et-semioticien-icar-lyon-2-ens-lappropriation-de-la-ville-entre-empreinte-de-subjectivite-et-document-darchive\/\" class=\"url\" rel=\"bookmark\" aria-label=\"Julien Thiburce (linguiste et s\u00e9mioticien, ICAR, Lyon 2\/ENS), \u00ab L&rsquo;appropriation de la ville entre empreinte de subjectivit\u00e9 et document d&rsquo;archive \u00bb\"><\/a><\/div><div class=\"fusion-events-content-wrapper\" style=\"padding:20px 20px 20px 20px;\"><div class=\"fusion-events-meta\"><h2><a href=\"http:\/\/web.philo.ulg.ac.be\/linguistique\/evenement\/julien-thiburce-linguiste-et-semioticien-icar-lyon-2-ens-lappropriation-de-la-ville-entre-empreinte-de-subjectivite-et-document-darchive\/\" class=\"url\" rel=\"bookmark\">Julien Thiburce (linguiste et s\u00e9mioticien, ICAR, Lyon 2\/ENS), \u00ab L&rsquo;appropriation de la ville entre empreinte de subjectivit\u00e9 et document d&rsquo;archive \u00bb<\/a><\/h2><h4><span class=\"tribe-event-date-start\">mercredi 20 mars 2019 -  14 h 00<\/span> \/ <span class=\"tribe-event-time\">16 h 00<\/span><\/h4><\/div><\/div><\/div><\/div><div class=\"fusion-events-post fusion-spacing-yes fusion-one-fourth fusion-layout-column\" style=\"margin-bottom:4%;\"><div class=\"fusion-column-wrapper\"><div class=\"fusion-events-thumbnail hover-type-none\"><a href=\"http:\/\/web.philo.ulg.ac.be\/linguistique\/evenement\/sophie-raux-historienne-de-lart-larhra-lyon-2-explorer-virtuellement-la-boutique-la-plus-celebre-du-commerce-dart-parisien-sous-la-regence-lapport-des-technolog\/\" class=\"url\" rel=\"bookmark\" aria-label=\"Sophie Raux (historienne de l\u2019art, LARHRA, Lyon 2) \u00ab Explorer virtuellement la boutique la plus c\u00e9l\u00e8bre du commerce d\u2019art parisien sous la R\u00e9gence : l\u2019apport des technologies num\u00e9riques \u00bb\"><\/a><\/div><div class=\"fusion-events-content-wrapper\" style=\"padding:20px 20px 20px 20px;\"><div class=\"fusion-events-meta\"><h2><a href=\"http:\/\/web.philo.ulg.ac.be\/linguistique\/evenement\/sophie-raux-historienne-de-lart-larhra-lyon-2-explorer-virtuellement-la-boutique-la-plus-celebre-du-commerce-dart-parisien-sous-la-regence-lapport-des-technolog\/\" class=\"url\" rel=\"bookmark\">Sophie Raux (historienne de l\u2019art, LARHRA, Lyon 2) \u00ab Explorer virtuellement la boutique la plus c\u00e9l\u00e8bre du commerce d\u2019art parisien sous la R\u00e9gence : l\u2019apport des technologies num\u00e9riques \u00bb<\/a><\/h2><h4><span class=\"tribe-event-date-start\">lundi 18 mars 2019 -  14 h 00<\/span> \/ <span class=\"tribe-event-time\">16 h 00<\/span><\/h4><\/div><\/div><\/div><\/div><div class=\"fusion-events-post fusion-spacing-yes fusion-one-fourth fusion-layout-column fusion-column-last\" style=\"margin-bottom:4%;\"><div class=\"fusion-column-wrapper\"><div class=\"fusion-events-thumbnail hover-type-none\"><a href=\"http:\/\/web.philo.ulg.ac.be\/linguistique\/evenement\/pedro-manuel-suarez-martinez-univ-oviedo-le-genre-du-nom-en-latin-et-nos-langues-modernes-est-il-ce-que-nous-croyons-quil-est\/\" class=\"url\" rel=\"bookmark\" aria-label=\"Pedro Manuel SUAREZ MARTINEZ (Univ. Oviedo),  \u00ab Le genre du nom (en latin et nos langues modernes) : est-il ce que nous croyons qu\u2019il est ? \u00bb\"><\/a><\/div><div class=\"fusion-events-content-wrapper\" style=\"padding:20px 20px 20px 20px;\"><div class=\"fusion-events-meta\"><h2><a href=\"http:\/\/web.philo.ulg.ac.be\/linguistique\/evenement\/pedro-manuel-suarez-martinez-univ-oviedo-le-genre-du-nom-en-latin-et-nos-langues-modernes-est-il-ce-que-nous-croyons-quil-est\/\" class=\"url\" rel=\"bookmark\">Pedro Manuel SUAREZ MARTINEZ (Univ. Oviedo),  \u00ab Le genre du nom (en latin et nos langues modernes) : est-il ce que nous croyons qu\u2019il est ? \u00bb<\/a><\/h2><h4><span class=\"tribe-event-date-start\">mardi 26 f\u00e9vrier 2019 -  12 h 00<\/span> \/ <span class=\"tribe-event-time\">13 h 00<\/span><\/h4><\/div><\/div><\/div><\/div><div class=\"fusion-clearfix\"><\/div><div class=\"fusion-events-post fusion-spacing-yes fusion-one-fourth fusion-layout-column\" style=\"margin-bottom:4%;\"><div class=\"fusion-column-wrapper\"><div class=\"fusion-events-thumbnail hover-type-none\"><a href=\"http:\/\/web.philo.ulg.ac.be\/linguistique\/evenement\/anna-pompei-univ-roma-3-saltum-dare-faire-un-bond-sur-les-verbes-supports-en-latin\/\" class=\"url\" rel=\"bookmark\" aria-label=\"Anna POMPEI (Univ. Roma 3), \u00ab saltum dare (faire un bond) : sur les verbes supports en latin \u00bb\"><\/a><\/div><div class=\"fusion-events-content-wrapper\" style=\"padding:20px 20px 20px 20px;\"><div class=\"fusion-events-meta\"><h2><a href=\"http:\/\/web.philo.ulg.ac.be\/linguistique\/evenement\/anna-pompei-univ-roma-3-saltum-dare-faire-un-bond-sur-les-verbes-supports-en-latin\/\" class=\"url\" rel=\"bookmark\">Anna POMPEI (Univ. Roma 3), \u00ab saltum dare (faire un bond) : sur les verbes supports en latin \u00bb<\/a><\/h2><h4><span class=\"tribe-event-date-start\">mardi 19 f\u00e9vrier 2019 -  12 h 00<\/span> \/ <span class=\"tribe-event-time\">13 h 00<\/span><\/h4><\/div><\/div><\/div><\/div><div class=\"fusion-events-post fusion-spacing-yes fusion-one-fourth fusion-layout-column\" style=\"margin-bottom:4%;\"><div class=\"fusion-column-wrapper\"><div class=\"fusion-events-thumbnail hover-type-none\"><a href=\"http:\/\/web.philo.ulg.ac.be\/linguistique\/evenement\/francesco-la-mantia-universite-de-palerme-hameconner-lautre-sur-un-aspect-de-la-deuxieme-personne-chez-jacques-lacan\/\" class=\"url\" rel=\"bookmark\" aria-label=\"Francesco La Mantia (Universit\u00e9 de Palerme) : \u00ab Hame\u00e7onner l\u2019Autre. Sur un aspect de la deuxi\u00e8me personne chez Jacques Lacan \u00bb\"><\/a><\/div><div class=\"fusion-events-content-wrapper\" style=\"padding:20px 20px 20px 20px;\"><div class=\"fusion-events-meta\"><h2><a href=\"http:\/\/web.philo.ulg.ac.be\/linguistique\/evenement\/francesco-la-mantia-universite-de-palerme-hameconner-lautre-sur-un-aspect-de-la-deuxieme-personne-chez-jacques-lacan\/\" class=\"url\" rel=\"bookmark\">Francesco La Mantia (Universit\u00e9 de Palerme) : \u00ab Hame\u00e7onner l\u2019Autre. Sur un aspect de la deuxi\u00e8me personne chez Jacques Lacan \u00bb<\/a><\/h2><h4><span class=\"tribe-event-date-start\">jeudi 24 janvier 2019 -  13 h 30<\/span> \/ <span class=\"tribe-event-time\">15 h 30<\/span><\/h4><\/div><\/div><\/div><\/div><div class=\"fusion-events-post fusion-spacing-yes fusion-one-fourth fusion-layout-column\" style=\"margin-bottom:4%;\"><div class=\"fusion-column-wrapper\"><div class=\"fusion-events-thumbnail hover-type-none\"><a href=\"http:\/\/web.philo.ulg.ac.be\/linguistique\/evenement\/john-field-reading-cambridge-crella-research-institute-second-language-listening-past-present-and-future-some-insights-for-teachers-and-learners\/\" class=\"url\" rel=\"bookmark\" aria-label=\"John Field (Reading, Cambridge, CRELLA Research Institute) : \u00ab\u00a0Second language listening: past, present and future. Some insights for teachers and learners.\u00a0\u00bb\"><\/a><\/div><div class=\"fusion-events-content-wrapper\" style=\"padding:20px 20px 20px 20px;\"><div class=\"fusion-events-meta\"><h2><a href=\"http:\/\/web.philo.ulg.ac.be\/linguistique\/evenement\/john-field-reading-cambridge-crella-research-institute-second-language-listening-past-present-and-future-some-insights-for-teachers-and-learners\/\" class=\"url\" rel=\"bookmark\">John Field (Reading, Cambridge, CRELLA Research Institute) : \u00ab\u00a0Second language listening: past, present and future. Some insights for teachers and learners.\u00a0\u00bb<\/a><\/h2><h4><span class=\"tribe-event-date-start\">mardi 11 d\u00e9cembre 2018 -  18 h 00<\/span> \/ <span class=\"tribe-event-time\">20 h 00<\/span><\/h4><\/div><\/div><\/div><\/div><div class=\"fusion-events-post fusion-spacing-yes fusion-one-fourth fusion-layout-column fusion-column-last\" style=\"margin-bottom:4%;\"><div class=\"fusion-column-wrapper\"><div class=\"fusion-events-thumbnail hover-type-none\"><a href=\"http:\/\/web.philo.ulg.ac.be\/linguistique\/evenement\/text-encoding-latinists-looking-for-new-synergies\/\" class=\"url\" rel=\"bookmark\" aria-label=\"Text encoding : Latinists looking for new synergies\"><\/a><\/div><div class=\"fusion-events-content-wrapper\" style=\"padding:20px 20px 20px 20px;\"><div class=\"fusion-events-meta\"><h2><a href=\"http:\/\/web.philo.ulg.ac.be\/linguistique\/evenement\/text-encoding-latinists-looking-for-new-synergies\/\" class=\"url\" rel=\"bookmark\">Text encoding : Latinists looking for new synergies<\/a><\/h2><h4><span class=\"tribe-event-date-start\">jeudi 8 novembre 2018 -  13 h 30<\/span> \/ <span class=\"tribe-event-date-end\">vendredi 9 novembre 2018 -  12 h 30<\/span><\/h4><\/div><\/div><\/div><\/div><div class=\"fusion-clearfix\"><\/div><div class=\"fusion-events-post fusion-spacing-yes fusion-one-fourth fusion-layout-column\" style=\"margin-bottom:4%;\"><div class=\"fusion-column-wrapper\"><div class=\"fusion-events-thumbnail hover-type-none\"><a href=\"http:\/\/web.philo.ulg.ac.be\/linguistique\/evenement\/d-louagie-ku-leuven-noun-phrases-in-australian-languages-towards-an-alternative-typology\/\" class=\"url\" rel=\"bookmark\" aria-label=\"D. Louagie (KU Leuven) : \u00ab\u00a0Noun phrases in Australian languages: Towards an alternative typology\u00a0\u00bb\"><\/a><\/div><div class=\"fusion-events-content-wrapper\" style=\"padding:20px 20px 20px 20px;\"><div class=\"fusion-events-meta\"><h2><a href=\"http:\/\/web.philo.ulg.ac.be\/linguistique\/evenement\/d-louagie-ku-leuven-noun-phrases-in-australian-languages-towards-an-alternative-typology\/\" class=\"url\" rel=\"bookmark\">D. Louagie (KU Leuven) : \u00ab\u00a0Noun phrases in Australian languages: Towards an alternative typology\u00a0\u00bb<\/a><\/h2><h4><span class=\"tribe-event-date-start\">mercredi 24 octobre 2018 -  17 h 00<\/span> \/ <span class=\"tribe-event-time\">18 h 00<\/span><\/h4><\/div><\/div><\/div><\/div><div class=\"fusion-events-post fusion-spacing-yes fusion-one-fourth fusion-layout-column\" style=\"margin-bottom:4%;\"><div class=\"fusion-column-wrapper\"><div class=\"fusion-events-thumbnail hover-type-none\"><a href=\"http:\/\/web.philo.ulg.ac.be\/linguistique\/evenement\/c-amigo-pino-universite-de-sao-paulo-les-seminaires-de-roland-barthes-de-la-semiologie-a-la-litterature-ou-de-la-recherche-collective-a-lamour\/\" class=\"url\" rel=\"bookmark\" aria-label=\"C. Amigo Pino (Universit\u00e9 de S\u00e3o Paulo) : \u00ab Les s\u00e9minaires de Roland Barthes : de la s\u00e9miologie \u00e0 la litt\u00e9rature (ou de la recherche collective \u00e0 l\u2019amour) \u00bb\"><\/a><\/div><div class=\"fusion-events-content-wrapper\" style=\"padding:20px 20px 20px 20px;\"><div class=\"fusion-events-meta\"><h2><a href=\"http:\/\/web.philo.ulg.ac.be\/linguistique\/evenement\/c-amigo-pino-universite-de-sao-paulo-les-seminaires-de-roland-barthes-de-la-semiologie-a-la-litterature-ou-de-la-recherche-collective-a-lamour\/\" class=\"url\" rel=\"bookmark\">C. Amigo Pino (Universit\u00e9 de S\u00e3o Paulo) : \u00ab Les s\u00e9minaires de Roland Barthes : de la s\u00e9miologie \u00e0 la litt\u00e9rature (ou de la recherche collective \u00e0 l\u2019amour) \u00bb<\/a><\/h2><h4><span class=\"tribe-event-date-start\">mercredi 24 octobre 2018 -  15 h 00<\/span> \/ <span class=\"tribe-event-time\">17 h 00<\/span><\/h4><\/div><\/div><\/div><\/div><div class=\"fusion-events-post fusion-spacing-yes fusion-one-fourth fusion-layout-column\" style=\"margin-bottom:4%;\"><div class=\"fusion-column-wrapper\"><div class=\"fusion-events-thumbnail hover-type-none\"><a href=\"http:\/\/web.philo.ulg.ac.be\/linguistique\/evenement\/semantic-maps-where-do-we-stand-and-where-are-we-going\/\" class=\"url\" rel=\"bookmark\" aria-label=\"Semantic maps:  Where do we stand and where are we going?\"><\/a><\/div><div class=\"fusion-events-content-wrapper\" style=\"padding:20px 20px 20px 20px;\"><div class=\"fusion-events-meta\"><h2><a href=\"http:\/\/web.philo.ulg.ac.be\/linguistique\/evenement\/semantic-maps-where-do-we-stand-and-where-are-we-going\/\" class=\"url\" rel=\"bookmark\">Semantic maps:  Where do we stand and where are we going?<\/a><\/h2><h4><span class=\"tribe-event-date-start\">mercredi 27 juin 2018<\/span> \/ <span class=\"tribe-event-date-end\">jeudi 28 juin 2018<\/span><\/h4><\/div><\/div><\/div><\/div><div class=\"fusion-events-post fusion-spacing-yes fusion-one-fourth fusion-layout-column fusion-column-last\" style=\"margin-bottom:4%;\"><div class=\"fusion-column-wrapper\"><div class=\"fusion-events-thumbnail hover-type-none\"><a href=\"http:\/\/web.philo.ulg.ac.be\/linguistique\/evenement\/w-croft-university-of-new-mexico-what-an-evolutionary-model-can-tell-us-about-mechanisms-of-language-change\/\" class=\"url\" rel=\"bookmark\" aria-label=\"W. Croft (University of New Mexico) : \u00ab What an evolutionary model can tell us about mechanisms of language change \u00bb\"><\/a><\/div><div class=\"fusion-events-content-wrapper\" style=\"padding:20px 20px 20px 20px;\"><div class=\"fusion-events-meta\"><h2><a href=\"http:\/\/web.philo.ulg.ac.be\/linguistique\/evenement\/w-croft-university-of-new-mexico-what-an-evolutionary-model-can-tell-us-about-mechanisms-of-language-change\/\" class=\"url\" rel=\"bookmark\">W. Croft (University of New Mexico) : \u00ab What an evolutionary model can tell us about mechanisms of language change \u00bb<\/a><\/h2><h4><span class=\"tribe-event-date-start\">mardi 26 juin 2018 -  18 h 00<\/span> \/ <span class=\"tribe-event-time\">19 h 15<\/span><\/h4><\/div><\/div><\/div><\/div><div class=\"fusion-clearfix\"><\/div><div class=\"fusion-events-post fusion-spacing-yes fusion-one-fourth fusion-layout-column\" style=\"margin-bottom:4%;\"><div class=\"fusion-column-wrapper\"><div class=\"fusion-events-thumbnail hover-type-none\"><a href=\"http:\/\/web.philo.ulg.ac.be\/linguistique\/evenement\/linguists-day-of-the-lsb-2018-journee-linguistique-du-cbl-2018\/\" class=\"url\" rel=\"bookmark\" aria-label=\"Linguist&rsquo;s day of the LSB 2018 \/ Journ\u00e9e linguistique du CBL 2018\"><\/a><\/div><div class=\"fusion-events-content-wrapper\" style=\"padding:20px 20px 20px 20px;\"><div class=\"fusion-events-meta\"><h2><a href=\"http:\/\/web.philo.ulg.ac.be\/linguistique\/evenement\/linguists-day-of-the-lsb-2018-journee-linguistique-du-cbl-2018\/\" class=\"url\" rel=\"bookmark\">Linguist&rsquo;s day of the LSB 2018 \/ Journ\u00e9e linguistique du CBL 2018<\/a><\/h2><h4><span class=\"tribe-event-date-start\">vendredi 25 mai 2018<\/span><\/h4><\/div><\/div><\/div><\/div><div class=\"fusion-events-post fusion-spacing-yes fusion-one-fourth fusion-layout-column\" style=\"margin-bottom:4%;\"><div class=\"fusion-column-wrapper\"><div class=\"fusion-events-thumbnail hover-type-none\"><a href=\"http:\/\/web.philo.ulg.ac.be\/linguistique\/evenement\/seminaire-sur-lutilisation-de-methodes-statistiques-en-linguistiques\/\" class=\"url\" rel=\"bookmark\" aria-label=\"S\u00e9minaire sur l&rsquo;utilisation de m\u00e9thodes statistiques en linguistiques\"><\/a><\/div><div class=\"fusion-events-content-wrapper\" style=\"padding:20px 20px 20px 20px;\"><div class=\"fusion-events-meta\"><h2><a href=\"http:\/\/web.philo.ulg.ac.be\/linguistique\/evenement\/seminaire-sur-lutilisation-de-methodes-statistiques-en-linguistiques\/\" class=\"url\" rel=\"bookmark\">S\u00e9minaire sur l&rsquo;utilisation de m\u00e9thodes statistiques en linguistiques<\/a><\/h2><h4><span class=\"tribe-event-date-start\">lundi 14 mai 2018<\/span> \/ <span class=\"tribe-event-date-end\">mercredi 16 mai 2018<\/span><\/h4><\/div><\/div><\/div><\/div><div class=\"fusion-events-post fusion-spacing-yes fusion-one-fourth fusion-layout-column\" style=\"margin-bottom:4%;\"><div class=\"fusion-column-wrapper\"><div class=\"fusion-events-thumbnail hover-type-none\"><a href=\"http:\/\/web.philo.ulg.ac.be\/linguistique\/evenement\/seminaire-methodologique-collocations-de-mots-et-de-constructions-a-vanlinden\/\" class=\"url\" rel=\"bookmark\" aria-label=\"S\u00e9minaire m\u00e9thodologique : Collocations de mots et de constructions [A. Vanlinden]\"><\/a><\/div><div class=\"fusion-events-content-wrapper\" style=\"padding:20px 20px 20px 20px;\"><div class=\"fusion-events-meta\"><h2><a href=\"http:\/\/web.philo.ulg.ac.be\/linguistique\/evenement\/seminaire-methodologique-collocations-de-mots-et-de-constructions-a-vanlinden\/\" class=\"url\" rel=\"bookmark\">S\u00e9minaire m\u00e9thodologique : Collocations de mots et de constructions [A. Vanlinden]<\/a><\/h2><h4><span class=\"tribe-event-date-start\">vendredi 27 avril 2018 -  13 h 00<\/span> \/ <span class=\"tribe-event-time\">16 h 00<\/span><\/h4><\/div><\/div><\/div><\/div><div class=\"fusion-events-post fusion-spacing-yes fusion-one-fourth fusion-layout-column fusion-column-last\" style=\"margin-bottom:4%;\"><div class=\"fusion-column-wrapper\"><div class=\"fusion-events-thumbnail hover-type-none\"><a href=\"http:\/\/web.philo.ulg.ac.be\/linguistique\/evenement\/cycle-de-conferences-de-naltt-namur-institute-for-language-text-and-transmediality\/\" class=\"url\" rel=\"bookmark\" aria-label=\"EXT : Cycle de conf\u00e9rences de NALTT (Namur institute for language, text and transmediality)\"><\/a><\/div><div class=\"fusion-events-content-wrapper\" style=\"padding:20px 20px 20px 20px;\"><div class=\"fusion-events-meta\"><h2><a href=\"http:\/\/web.philo.ulg.ac.be\/linguistique\/evenement\/cycle-de-conferences-de-naltt-namur-institute-for-language-text-and-transmediality\/\" class=\"url\" rel=\"bookmark\">EXT : Cycle de conf\u00e9rences de NALTT (Namur institute for language, text and transmediality)<\/a><\/h2><h4><span class=\"tribe-event-date-start\">mercredi 25 avril 2018 -  16 h 00<\/span> \/ <span class=\"tribe-event-time\">18 h 00<\/span><\/h4><\/div><\/div><\/div><\/div><div class=\"fusion-clearfix\"><\/div><div class=\"fusion-events-post fusion-spacing-yes fusion-one-fourth fusion-layout-column\" style=\"margin-bottom:4%;\"><div class=\"fusion-column-wrapper\"><div class=\"fusion-events-thumbnail hover-type-none\"><a href=\"http:\/\/web.philo.ulg.ac.be\/linguistique\/evenement\/diasema-lectures-david-gil-max-planck-jena-do-give-coexpression-synchronic-and-diachronic\/\" class=\"url\" rel=\"bookmark\" aria-label=\"Diasema Lectures : David Gil (Max Planck, Jena), Do\/Give coexpression: synchronic and diachronic\"><\/a><\/div><div class=\"fusion-events-content-wrapper\" style=\"padding:20px 20px 20px 20px;\"><div class=\"fusion-events-meta\"><h2><a href=\"http:\/\/web.philo.ulg.ac.be\/linguistique\/evenement\/diasema-lectures-david-gil-max-planck-jena-do-give-coexpression-synchronic-and-diachronic\/\" class=\"url\" rel=\"bookmark\">Diasema Lectures : David Gil (Max Planck, Jena), Do\/Give coexpression: synchronic and diachronic<\/a><\/h2><h4><span class=\"tribe-event-date-start\">lundi 23 avril 2018 -  17 h 00<\/span> \/ <span class=\"tribe-event-time\">18 h 00<\/span><\/h4><\/div><\/div><\/div><\/div><div class=\"fusion-events-post fusion-spacing-yes fusion-one-fourth fusion-layout-column\" style=\"margin-bottom:4%;\"><div class=\"fusion-column-wrapper\"><div class=\"fusion-events-thumbnail hover-type-none\"><a href=\"http:\/\/web.philo.ulg.ac.be\/linguistique\/evenement\/visio-conference-friandis-de-loise-bilat-universite-de-lausanne-la-renovation-du-liberalisme-comme-formation-socio-discursive-indices-dune-prehistoire-enonciative-de-l\/\" class=\"url\" rel=\"bookmark\" aria-label=\"Visio-conf\u00e9rence FRIANDIS de Lo\u00efse Bilat (Universit\u00e9 de Lausanne) : La r\u00e9novation du lib\u00e9ralisme comme formation socio-discursive : \u00ab indices \u00bb d\u2019une pr\u00e9histoire \u00e9nonciative de l\u2019\u00e9conomie politique \u00ab n\u00e9olib\u00e9rale \u00bb (1930-1960)\"><\/a><\/div><div class=\"fusion-events-content-wrapper\" style=\"padding:20px 20px 20px 20px;\"><div class=\"fusion-events-meta\"><h2><a href=\"http:\/\/web.philo.ulg.ac.be\/linguistique\/evenement\/visio-conference-friandis-de-loise-bilat-universite-de-lausanne-la-renovation-du-liberalisme-comme-formation-socio-discursive-indices-dune-prehistoire-enonciative-de-l\/\" class=\"url\" rel=\"bookmark\">Visio-conf\u00e9rence FRIANDIS de Lo\u00efse Bilat (Universit\u00e9 de Lausanne) : La r\u00e9novation du lib\u00e9ralisme comme formation socio-discursive : \u00ab indices \u00bb d\u2019une pr\u00e9histoire \u00e9nonciative de l\u2019\u00e9conomie politique \u00ab n\u00e9olib\u00e9rale \u00bb (1930-1960)<\/a><\/h2><h4><span class=\"tribe-event-date-start\">mercredi 28 mars 2018 -  15 h 00<\/span> \/ <span class=\"tribe-event-time\">17 h 00<\/span><\/h4><\/div><\/div><\/div><\/div><div class=\"fusion-events-post fusion-spacing-yes fusion-one-fourth fusion-layout-column\" style=\"margin-bottom:4%;\"><div class=\"fusion-column-wrapper\"><div class=\"fusion-events-thumbnail hover-type-none\"><a href=\"http:\/\/web.philo.ulg.ac.be\/linguistique\/evenement\/seminaire-methodologique-interaction-semantiquesyntaxe-dans-les-collocations-d-longree\/\" class=\"url\" rel=\"bookmark\" aria-label=\"S\u00e9minaire m\u00e9thodologique : Interaction s\u00e9mantique\/syntaxe dans les collocations [D. Longr\u00e9e]\"><\/a><\/div><div class=\"fusion-events-content-wrapper\" style=\"padding:20px 20px 20px 20px;\"><div class=\"fusion-events-meta\"><h2><a href=\"http:\/\/web.philo.ulg.ac.be\/linguistique\/evenement\/seminaire-methodologique-interaction-semantiquesyntaxe-dans-les-collocations-d-longree\/\" class=\"url\" rel=\"bookmark\">S\u00e9minaire m\u00e9thodologique : Interaction s\u00e9mantique\/syntaxe dans les collocations [D. Longr\u00e9e]<\/a><\/h2><h4><span class=\"tribe-event-date-start\">vendredi 16 mars 2018 -  13 h 00<\/span> \/ <span class=\"tribe-event-time\">16 h 00<\/span><\/h4><\/div><\/div><\/div><\/div><div class=\"fusion-events-post fusion-spacing-yes fusion-one-fourth fusion-layout-column fusion-column-last\" style=\"margin-bottom:4%;\"><div class=\"fusion-column-wrapper\"><div class=\"fusion-events-thumbnail hover-type-none\"><a href=\"http:\/\/web.philo.ulg.ac.be\/linguistique\/evenement\/journee-detudes-contextualisme-ii\/\" class=\"url\" rel=\"bookmark\" aria-label=\"Journ\u00e9e d&rsquo;\u00e9tudes \u00ab\u00a0Contextualisme\u00a0\u00bb II\"><\/a><\/div><div class=\"fusion-events-content-wrapper\" style=\"padding:20px 20px 20px 20px;\"><div class=\"fusion-events-meta\"><h2><a href=\"http:\/\/web.philo.ulg.ac.be\/linguistique\/evenement\/journee-detudes-contextualisme-ii\/\" class=\"url\" rel=\"bookmark\">Journ\u00e9e d&rsquo;\u00e9tudes \u00ab\u00a0Contextualisme\u00a0\u00bb II<\/a><\/h2><h4><span class=\"tribe-event-date-start\">vendredi 16 mars 2018 -  10 h 00<\/span> \/ <span class=\"tribe-event-time\">16 h 00<\/span><\/h4><\/div><\/div><\/div><\/div><div class=\"fusion-clearfix\"><\/div><div class=\"fusion-events-post fusion-spacing-yes fusion-one-fourth fusion-layout-column\" style=\"margin-bottom:4%;\"><div class=\"fusion-column-wrapper\"><div class=\"fusion-events-thumbnail hover-type-none\"><a href=\"http:\/\/web.philo.ulg.ac.be\/linguistique\/evenement\/diasema-lectures-ekaterina-rakhilina-national-research-university-higher-school-of-economics-moscow-frame-approach-to-cross-linguistic-studies-of-lexicon\/\" class=\"url\" rel=\"bookmark\" aria-label=\"Diasema Lectures : Ekaterina Rakhilina (National Research University Higher School of Economics, Moscow), \u2018Frame approach\u2019 to cross-linguistic studies of lexicon\"><\/a><\/div><div class=\"fusion-events-content-wrapper\" style=\"padding:20px 20px 20px 20px;\"><div class=\"fusion-events-meta\"><h2><a href=\"http:\/\/web.philo.ulg.ac.be\/linguistique\/evenement\/diasema-lectures-ekaterina-rakhilina-national-research-university-higher-school-of-economics-moscow-frame-approach-to-cross-linguistic-studies-of-lexicon\/\" class=\"url\" rel=\"bookmark\">Diasema Lectures : Ekaterina Rakhilina (National Research University Higher School of Economics, Moscow), \u2018Frame approach\u2019 to cross-linguistic studies of lexicon<\/a><\/h2><h4><span class=\"tribe-event-date-start\">mercredi 14 mars 2018 -  11 h 00<\/span> \/ <span class=\"tribe-event-time\">12 h 30<\/span><\/h4><\/div><\/div><\/div><\/div><div class=\"fusion-events-post fusion-spacing-yes fusion-one-fourth fusion-layout-column\" style=\"margin-bottom:4%;\"><div class=\"fusion-column-wrapper\"><div class=\"fusion-events-thumbnail hover-type-none\"><a href=\"http:\/\/web.philo.ulg.ac.be\/linguistique\/evenement\/diasema-lectures-ekaterina-rakhilina-national-research-university-higher-school-of-economics-moscow-typology-and-lexicon-starting-points\/\" class=\"url\" rel=\"bookmark\" aria-label=\"Diasema Lectures : Ekaterina Rakhilina (National Research University Higher School of Economics, Moscow), Typology and lexicon: starting points\"><\/a><\/div><div class=\"fusion-events-content-wrapper\" style=\"padding:20px 20px 20px 20px;\"><div class=\"fusion-events-meta\"><h2><a href=\"http:\/\/web.philo.ulg.ac.be\/linguistique\/evenement\/diasema-lectures-ekaterina-rakhilina-national-research-university-higher-school-of-economics-moscow-typology-and-lexicon-starting-points\/\" class=\"url\" rel=\"bookmark\">Diasema Lectures : Ekaterina Rakhilina (National Research University Higher School of Economics, Moscow), Typology and lexicon: starting points<\/a><\/h2><h4><span class=\"tribe-event-date-start\">mardi 13 mars 2018 -  17 h 00<\/span> \/ <span class=\"tribe-event-time\">18 h 30<\/span><\/h4><\/div><\/div><\/div><\/div><div class=\"fusion-events-post fusion-spacing-yes fusion-one-fourth fusion-layout-column\" style=\"margin-bottom:4%;\"><div class=\"fusion-column-wrapper\"><div class=\"fusion-events-thumbnail hover-type-none\"><a href=\"http:\/\/web.philo.ulg.ac.be\/linguistique\/evenement\/journee-detudes-contextualisme-i\/\" class=\"url\" rel=\"bookmark\" aria-label=\"Journ\u00e9e d&rsquo;\u00e9tudes \u00ab\u00a0Contextualisme\u00a0\u00bb I\"><\/a><\/div><div class=\"fusion-events-content-wrapper\" style=\"padding:20px 20px 20px 20px;\"><div class=\"fusion-events-meta\"><h2><a href=\"http:\/\/web.philo.ulg.ac.be\/linguistique\/evenement\/journee-detudes-contextualisme-i\/\" class=\"url\" rel=\"bookmark\">Journ\u00e9e d&rsquo;\u00e9tudes \u00ab\u00a0Contextualisme\u00a0\u00bb I<\/a><\/h2><h4><span class=\"tribe-event-date-start\">vendredi 2 mars 2018 -  10 h 00<\/span> \/ <span class=\"tribe-event-time\">16 h 00<\/span><\/h4><\/div><\/div><\/div><\/div><div class=\"fusion-events-post fusion-spacing-yes fusion-one-fourth fusion-layout-column fusion-column-last\" style=\"margin-bottom:4%;\"><div class=\"fusion-column-wrapper\"><div class=\"fusion-events-thumbnail hover-type-none\"><a href=\"http:\/\/web.philo.ulg.ac.be\/linguistique\/evenement\/conference-de-francesco-marsciani-universita-degli-studi-di-bologna-les-arcanes-du-quotidien-essais-dethnosemiotique\/\" class=\"url\" rel=\"bookmark\" aria-label=\"Conf\u00e9rence de Francesco Marsciani (Universit\u00e0 degli Studi di Bologna), Les arcanes du quotidien. Essais d\u2019ethnos\u00e9miotique\"><\/a><\/div><div class=\"fusion-events-content-wrapper\" style=\"padding:20px 20px 20px 20px;\"><div class=\"fusion-events-meta\"><h2><a href=\"http:\/\/web.philo.ulg.ac.be\/linguistique\/evenement\/conference-de-francesco-marsciani-universita-degli-studi-di-bologna-les-arcanes-du-quotidien-essais-dethnosemiotique\/\" class=\"url\" rel=\"bookmark\">Conf\u00e9rence de Francesco Marsciani (Universit\u00e0 degli Studi di Bologna), Les arcanes du quotidien. Essais d\u2019ethnos\u00e9miotique<\/a><\/h2><h4><span class=\"tribe-event-date-start\">mardi 27 f\u00e9vrier 2018 -  10 h 00<\/span> \/ <span class=\"tribe-event-time\">12 h 00<\/span><\/h4><\/div><\/div><\/div><\/div><div class=\"fusion-clearfix\"><\/div><div class=\"fusion-events-post fusion-spacing-yes fusion-one-fourth fusion-layout-column\" style=\"margin-bottom:4%;\"><div class=\"fusion-column-wrapper\"><div class=\"fusion-events-thumbnail hover-type-none\"><a href=\"http:\/\/web.philo.ulg.ac.be\/linguistique\/evenement\/seminaire-methodologique-constitutions-de-corpus-dexemples-pour-apprenants-l-rasier\/\" class=\"url\" rel=\"bookmark\" aria-label=\"S\u00e9minaire m\u00e9thodologique : Constitutions de corpus d&rsquo;exemples pour apprenants [L. Rasier]\"><\/a><\/div><div class=\"fusion-events-content-wrapper\" style=\"padding:20px 20px 20px 20px;\"><div class=\"fusion-events-meta\"><h2><a href=\"http:\/\/web.philo.ulg.ac.be\/linguistique\/evenement\/seminaire-methodologique-constitutions-de-corpus-dexemples-pour-apprenants-l-rasier\/\" class=\"url\" rel=\"bookmark\">S\u00e9minaire m\u00e9thodologique : Constitutions de corpus d&rsquo;exemples pour apprenants [L. Rasier]<\/a><\/h2><h4><span class=\"tribe-event-date-start\">vendredi 23 f\u00e9vrier 2018 -  13 h 00<\/span> \/ <span class=\"tribe-event-time\">16 h 00<\/span><\/h4><\/div><\/div><\/div><\/div><div class=\"fusion-events-post fusion-spacing-yes fusion-one-fourth fusion-layout-column\" style=\"margin-bottom:4%;\"><div class=\"fusion-column-wrapper\"><div class=\"fusion-events-thumbnail hover-type-none\"><a href=\"http:\/\/web.philo.ulg.ac.be\/linguistique\/evenement\/visio-conference-friandis-de-philippe-hambye-ucl-discours-doxique-et-discours-neoliberal-entre-convergences-et-specificites-discussion-a-partir-des-discours-mediatiques-sur-les-politiques-educat\/\" class=\"url\" rel=\"bookmark\" aria-label=\"Visio-conf\u00e9rence FRIANDIS de Philippe Hambye (UCL) : Discours doxique et discours n\u00e9olib\u00e9ral, entre convergences et sp\u00e9cificit\u00e9s. Discussion \u00e0 partir des discours m\u00e9diatiques sur les politiques \u00e9ducatives\"><\/a><\/div><div class=\"fusion-events-content-wrapper\" style=\"padding:20px 20px 20px 20px;\"><div class=\"fusion-events-meta\"><h2><a href=\"http:\/\/web.philo.ulg.ac.be\/linguistique\/evenement\/visio-conference-friandis-de-philippe-hambye-ucl-discours-doxique-et-discours-neoliberal-entre-convergences-et-specificites-discussion-a-partir-des-discours-mediatiques-sur-les-politiques-educat\/\" class=\"url\" rel=\"bookmark\">Visio-conf\u00e9rence FRIANDIS de Philippe Hambye (UCL) : Discours doxique et discours n\u00e9olib\u00e9ral, entre convergences et sp\u00e9cificit\u00e9s. Discussion \u00e0 partir des discours m\u00e9diatiques sur les politiques \u00e9ducatives<\/a><\/h2><h4><span class=\"tribe-event-date-start\">mercredi 21 f\u00e9vrier 2018 -  15 h 00<\/span> \/ <span class=\"tribe-event-time\">17 h 00<\/span><\/h4><\/div><\/div><\/div><\/div><div class=\"fusion-events-post fusion-spacing-yes fusion-one-fourth fusion-layout-column\" style=\"margin-bottom:4%;\"><div class=\"fusion-column-wrapper\"><div class=\"fusion-events-thumbnail hover-type-none\"><a href=\"http:\/\/web.philo.ulg.ac.be\/linguistique\/evenement\/seminaire-interuniversitaire-de-philosophie-du-langage\/\" class=\"url\" rel=\"bookmark\" aria-label=\"S\u00e9minaire interuniversitaire de philosophie du langage\"><\/a><\/div><div class=\"fusion-events-content-wrapper\" style=\"padding:20px 20px 20px 20px;\"><div class=\"fusion-events-meta\"><h2><a href=\"http:\/\/web.philo.ulg.ac.be\/linguistique\/evenement\/seminaire-interuniversitaire-de-philosophie-du-langage\/\" class=\"url\" rel=\"bookmark\">S\u00e9minaire interuniversitaire de philosophie du langage<\/a><\/h2><h4><span class=\"tribe-event-date-start\">lundi 19 f\u00e9vrier 2018 -  14 h 00<\/span> \/ <span class=\"tribe-event-time\">17 h 00<\/span><\/h4><\/div><\/div><\/div><\/div><div class=\"fusion-events-post fusion-spacing-yes fusion-one-fourth fusion-layout-column fusion-column-last\" style=\"margin-bottom:4%;\"><div class=\"fusion-column-wrapper\"><div class=\"fusion-events-thumbnail hover-type-none\"><a href=\"http:\/\/web.philo.ulg.ac.be\/linguistique\/evenement\/conference-de-asa-wikforss-stockholm-university-on-semantic-externalism-and-deference\/\" class=\"url\" rel=\"bookmark\" aria-label=\"Conf\u00e9rence de \u00c5sa Wikforss (Stockholm University) : Cognitive Perspective and the Transparency of Mental Content\"><\/a><\/div><div class=\"fusion-events-content-wrapper\" style=\"padding:20px 20px 20px 20px;\"><div class=\"fusion-events-meta\"><h2><a href=\"http:\/\/web.philo.ulg.ac.be\/linguistique\/evenement\/conference-de-asa-wikforss-stockholm-university-on-semantic-externalism-and-deference\/\" class=\"url\" rel=\"bookmark\">Conf\u00e9rence de \u00c5sa Wikforss (Stockholm University) : Cognitive Perspective and the Transparency of Mental Content<\/a><\/h2><h4><span class=\"tribe-event-date-start\">jeudi 8 f\u00e9vrier 2018 -  14 h 00<\/span> \/ <span class=\"tribe-event-time\">17 h 00<\/span><\/h4><\/div><\/div><\/div><\/div><div class=\"fusion-clearfix\"><\/div><div class=\"fusion-events-post fusion-spacing-yes fusion-one-fourth fusion-layout-column\" style=\"margin-bottom:4%;\"><div class=\"fusion-column-wrapper\"><div class=\"fusion-events-thumbnail hover-type-none\"><a href=\"http:\/\/web.philo.ulg.ac.be\/linguistique\/evenement\/diasema-lectures-v-gast-universite-friedrich-schiller-de-jena-graph-based-approaches-to-sentence-semantics-and-language-comparison\/\" class=\"url\" rel=\"bookmark\" aria-label=\"Diasema Lectures : V. Gast (universit\u00e9 Friedrich Schiller de Jena), Graph-based approaches to sentence semantics and language comparison\"><\/a><\/div><div class=\"fusion-events-content-wrapper\" style=\"padding:20px 20px 20px 20px;\"><div class=\"fusion-events-meta\"><h2><a href=\"http:\/\/web.philo.ulg.ac.be\/linguistique\/evenement\/diasema-lectures-v-gast-universite-friedrich-schiller-de-jena-graph-based-approaches-to-sentence-semantics-and-language-comparison\/\" class=\"url\" rel=\"bookmark\">Diasema Lectures : V. Gast (universit\u00e9 Friedrich Schiller de Jena), Graph-based approaches to sentence semantics and language comparison<\/a><\/h2><h4><span class=\"tribe-event-date-start\">lundi 5 f\u00e9vrier 2018 -  17 h 00<\/span> \/ <span class=\"tribe-event-time\">18 h 00<\/span><\/h4><\/div><\/div><\/div><\/div><div class=\"fusion-events-post fusion-spacing-yes fusion-one-fourth fusion-layout-column\" style=\"margin-bottom:4%;\"><div class=\"fusion-column-wrapper\"><div class=\"fusion-events-thumbnail hover-type-none\"><a href=\"http:\/\/web.philo.ulg.ac.be\/linguistique\/evenement\/seminaire-methodologique-question-des-tertia-comparationis-dans-les-corpus-multilingues-l-brems\/\" class=\"url\" rel=\"bookmark\" aria-label=\"S\u00e9minaire m\u00e9thodologique : Question des tertia comparationis dans les corpus multilingues [L. Brems]\"><\/a><\/div><div class=\"fusion-events-content-wrapper\" style=\"padding:20px 20px 20px 20px;\"><div class=\"fusion-events-meta\"><h2><a href=\"http:\/\/web.philo.ulg.ac.be\/linguistique\/evenement\/seminaire-methodologique-question-des-tertia-comparationis-dans-les-corpus-multilingues-l-brems\/\" class=\"url\" rel=\"bookmark\">S\u00e9minaire m\u00e9thodologique : Question des tertia comparationis dans les corpus multilingues [L. Brems]<\/a><\/h2><h4><span class=\"tribe-event-date-start\">vendredi 22 d\u00e9cembre 2017 -  13 h 00<\/span> \/ <span class=\"tribe-event-time\">16 h 00<\/span><\/h4><\/div><\/div><\/div><\/div><div class=\"fusion-events-post fusion-spacing-yes fusion-one-fourth fusion-layout-column\" style=\"margin-bottom:4%;\"><div class=\"fusion-column-wrapper\"><div class=\"fusion-events-thumbnail hover-type-none\"><a href=\"http:\/\/web.philo.ulg.ac.be\/linguistique\/evenement\/conference-de-dorien-van-de-mieroop-ku-leuven-a-discourse-analytical-view-on-identity-construction\/\" class=\"url\" rel=\"bookmark\" aria-label=\"Conf\u00e9rence de Dorien Van De Mieroop (KU Leuven), A discourse analytical view on identity construction\"><\/a><\/div><div class=\"fusion-events-content-wrapper\" style=\"padding:20px 20px 20px 20px;\"><div class=\"fusion-events-meta\"><h2><a href=\"http:\/\/web.philo.ulg.ac.be\/linguistique\/evenement\/conference-de-dorien-van-de-mieroop-ku-leuven-a-discourse-analytical-view-on-identity-construction\/\" class=\"url\" rel=\"bookmark\">Conf\u00e9rence de Dorien Van De Mieroop (KU Leuven), A discourse analytical view on identity construction<\/a><\/h2><h4><span class=\"tribe-event-date-start\">lundi 18 d\u00e9cembre 2017 -  17 h 00<\/span> \/ <span class=\"tribe-event-time\">18 h 00<\/span><\/h4><\/div><\/div><\/div><\/div><div class=\"fusion-events-post fusion-spacing-yes fusion-one-fourth fusion-layout-column fusion-column-last\" style=\"margin-bottom:4%;\"><div class=\"fusion-column-wrapper\"><div class=\"fusion-events-thumbnail hover-type-none\"><a href=\"http:\/\/web.philo.ulg.ac.be\/linguistique\/evenement\/pauline-heyvaert-et-an-van-linden-presentation-de-travaux-en-cours\/\" class=\"url\" rel=\"bookmark\" aria-label=\"Pauline Heyvaert et An Van linden : pr\u00e9sentation de travaux en cours\"><\/a><\/div><div class=\"fusion-events-content-wrapper\" style=\"padding:20px 20px 20px 20px;\"><div class=\"fusion-events-meta\"><h2><a href=\"http:\/\/web.philo.ulg.ac.be\/linguistique\/evenement\/pauline-heyvaert-et-an-van-linden-presentation-de-travaux-en-cours\/\" class=\"url\" rel=\"bookmark\">Pauline Heyvaert et An Van linden : pr\u00e9sentation de travaux en cours<\/a><\/h2><h4><span class=\"tribe-event-date-start\">lundi 18 d\u00e9cembre 2017 -  16 h 00<\/span> \/ <span class=\"tribe-event-time\">17 h 00<\/span><\/h4><\/div><\/div><\/div><\/div><div class=\"fusion-clearfix\"><\/div><div class=\"fusion-events-post fusion-spacing-yes fusion-one-fourth fusion-layout-column\" style=\"margin-bottom:4%;\"><div class=\"fusion-column-wrapper\"><div class=\"fusion-events-thumbnail hover-type-none\"><a href=\"http:\/\/web.philo.ulg.ac.be\/linguistique\/evenement\/conference-de-matthieu-balthazard-interferences-francais-wallon-wallon-francais-hier-et-aujourdhui-etude-de-cas-issus-du-vocabulaire-agricole\/\" class=\"url\" rel=\"bookmark\" aria-label=\"Conf\u00e9rence de Matthieu Balthazard, \u00ab\u00a0Interf\u00e9rences fran\u00e7ais-wallon, wallon-fran\u00e7ais hier et aujourd\u2019hui. \u00c9tude de cas issus du vocabulaire agricole\u00a0\u00bb\"><\/a><\/div><div class=\"fusion-events-content-wrapper\" style=\"padding:20px 20px 20px 20px;\"><div class=\"fusion-events-meta\"><h2><a href=\"http:\/\/web.philo.ulg.ac.be\/linguistique\/evenement\/conference-de-matthieu-balthazard-interferences-francais-wallon-wallon-francais-hier-et-aujourdhui-etude-de-cas-issus-du-vocabulaire-agricole\/\" class=\"url\" rel=\"bookmark\">Conf\u00e9rence de Matthieu Balthazard, \u00ab\u00a0Interf\u00e9rences fran\u00e7ais-wallon, wallon-fran\u00e7ais hier et aujourd\u2019hui. \u00c9tude de cas issus du vocabulaire agricole\u00a0\u00bb<\/a><\/h2><h4><span class=\"tribe-event-date-start\">jeudi 14 d\u00e9cembre 2017 -  10 h 00<\/span> \/ <span class=\"tribe-event-time\">12 h 00<\/span><\/h4><\/div><\/div><\/div><\/div><div class=\"fusion-events-post fusion-spacing-yes fusion-one-fourth fusion-layout-column\" style=\"margin-bottom:4%;\"><div class=\"fusion-column-wrapper\"><div class=\"fusion-events-thumbnail hover-type-none\"><a href=\"http:\/\/web.philo.ulg.ac.be\/linguistique\/evenement\/conference-de-matteo-treleani-lille-larchivage-numerique-et-la-question-du-syncretisme\/\" class=\"url\" rel=\"bookmark\" aria-label=\"Conf\u00e9rence de Matteo Treleani (Lille), \u00ab L\u2019archivage num\u00e9rique et la question du syncr\u00e9tisme \u00bb\"><\/a><\/div><div class=\"fusion-events-content-wrapper\" style=\"padding:20px 20px 20px 20px;\"><div class=\"fusion-events-meta\"><h2><a href=\"http:\/\/web.philo.ulg.ac.be\/linguistique\/evenement\/conference-de-matteo-treleani-lille-larchivage-numerique-et-la-question-du-syncretisme\/\" class=\"url\" rel=\"bookmark\">Conf\u00e9rence de Matteo Treleani (Lille), \u00ab L\u2019archivage num\u00e9rique et la question du syncr\u00e9tisme \u00bb<\/a><\/h2><h4><span class=\"tribe-event-date-start\">mercredi 13 d\u00e9cembre 2017<\/span><\/h4><\/div><\/div><\/div><\/div><div class=\"fusion-events-post fusion-spacing-yes fusion-one-fourth fusion-layout-column\" style=\"margin-bottom:4%;\"><div class=\"fusion-column-wrapper\"><div class=\"fusion-events-thumbnail hover-type-none\"><a href=\"http:\/\/web.philo.ulg.ac.be\/linguistique\/evenement\/journee-detudes-a-j-greimas-et-la-semiotique-de-limage\/\" class=\"url\" rel=\"bookmark\" aria-label=\"Journ\u00e9e d&rsquo;\u00e9tudes A.J. Greimas et la s\u00e9miotique de l\u2019image\"><\/a><\/div><div class=\"fusion-events-content-wrapper\" style=\"padding:20px 20px 20px 20px;\"><div class=\"fusion-events-meta\"><h2><a href=\"http:\/\/web.philo.ulg.ac.be\/linguistique\/evenement\/journee-detudes-a-j-greimas-et-la-semiotique-de-limage\/\" class=\"url\" rel=\"bookmark\">Journ\u00e9e d&rsquo;\u00e9tudes A.J. Greimas et la s\u00e9miotique de l\u2019image<\/a><\/h2><h4><span class=\"tribe-event-date-start\">mardi 12 d\u00e9cembre 2017<\/span><\/h4><\/div><\/div><\/div><\/div><div class=\"fusion-events-post fusion-spacing-yes fusion-one-fourth fusion-layout-column fusion-column-last\" style=\"margin-bottom:4%;\"><div class=\"fusion-column-wrapper\"><div class=\"fusion-events-thumbnail hover-type-none\"><a href=\"http:\/\/web.philo.ulg.ac.be\/linguistique\/evenement\/taal-en-cognitie\/\" class=\"url\" rel=\"bookmark\" aria-label=\"Journ\u00e9e d&rsquo;\u00e9tude : Taal en cognitie: implicaties en applicaties van het r\u00e9cente cognitief taalonderzoek\"><\/a><\/div><div class=\"fusion-events-content-wrapper\" style=\"padding:20px 20px 20px 20px;\"><div class=\"fusion-events-meta\"><h2><a href=\"http:\/\/web.philo.ulg.ac.be\/linguistique\/evenement\/taal-en-cognitie\/\" class=\"url\" rel=\"bookmark\">Journ\u00e9e d&rsquo;\u00e9tude : Taal en cognitie: implicaties en applicaties van het r\u00e9cente cognitief taalonderzoek<\/a><\/h2><h4><span class=\"tribe-event-date-start\">samedi 25 novembre 2017<\/span><\/h4><\/div><\/div><\/div><\/div><div class=\"fusion-clearfix\"><\/div><div class=\"fusion-events-post fusion-spacing-yes fusion-one-fourth fusion-layout-column\" style=\"margin-bottom:4%;\"><div class=\"fusion-column-wrapper\"><div class=\"fusion-events-thumbnail hover-type-none\"><a href=\"http:\/\/web.philo.ulg.ac.be\/linguistique\/evenement\/seminaire-methodologique-enquete-pour-letude-des-regionalismes-du-francais-n-mazziotta\/\" class=\"url\" rel=\"bookmark\" aria-label=\"S\u00e9minaire m\u00e9thodologique : Enqu\u00eate pour l&rsquo;\u00e9tude des r\u00e9gionalismes du fran\u00e7ais [N. Mazziotta]\"><\/a><\/div><div class=\"fusion-events-content-wrapper\" style=\"padding:20px 20px 20px 20px;\"><div class=\"fusion-events-meta\"><h2><a href=\"http:\/\/web.philo.ulg.ac.be\/linguistique\/evenement\/seminaire-methodologique-enquete-pour-letude-des-regionalismes-du-francais-n-mazziotta\/\" class=\"url\" rel=\"bookmark\">S\u00e9minaire m\u00e9thodologique : Enqu\u00eate pour l&rsquo;\u00e9tude des r\u00e9gionalismes du fran\u00e7ais [N. Mazziotta]<\/a><\/h2><h4><span class=\"tribe-event-date-start\">vendredi 24 novembre 2017 -  13 h 00<\/span> \/ <span class=\"tribe-event-time\">16 h 00<\/span><\/h4><\/div><\/div><\/div><\/div><div class=\"fusion-events-post fusion-spacing-yes fusion-one-fourth fusion-layout-column\" style=\"margin-bottom:4%;\"><div class=\"fusion-column-wrapper\"><div class=\"fusion-events-thumbnail hover-type-none\"><a href=\"http:\/\/web.philo.ulg.ac.be\/linguistique\/evenement\/morphology-days\/\" class=\"url\" rel=\"bookmark\" aria-label=\"Journ\u00e9e d&rsquo;\u00e9tude : Morphology Days\"><\/a><\/div><div class=\"fusion-events-content-wrapper\" style=\"padding:20px 20px 20px 20px;\"><div class=\"fusion-events-meta\"><h2><a href=\"http:\/\/web.philo.ulg.ac.be\/linguistique\/evenement\/morphology-days\/\" class=\"url\" rel=\"bookmark\">Journ\u00e9e d&rsquo;\u00e9tude : Morphology Days<\/a><\/h2><h4><span class=\"tribe-event-date-start\">jeudi 23 novembre 2017<\/span> \/ <span class=\"tribe-event-date-end\">vendredi 24 novembre 2017<\/span><\/h4><\/div><\/div><\/div><\/div><div class=\"fusion-events-post fusion-spacing-yes fusion-one-fourth fusion-layout-column\" style=\"margin-bottom:4%;\"><div class=\"fusion-column-wrapper\"><div class=\"fusion-events-thumbnail hover-type-none\"><a href=\"http:\/\/web.philo.ulg.ac.be\/linguistique\/evenement\/asymmetries-and-mismatches\/\" class=\"url\" rel=\"bookmark\" aria-label=\"Journ\u00e9e d&rsquo;\u00e9tude : Asymmetries and mismatches in Morphology\"><\/a><\/div><div class=\"fusion-events-content-wrapper\" style=\"padding:20px 20px 20px 20px;\"><div class=\"fusion-events-meta\"><h2><a href=\"http:\/\/web.philo.ulg.ac.be\/linguistique\/evenement\/asymmetries-and-mismatches\/\" class=\"url\" rel=\"bookmark\">Journ\u00e9e d&rsquo;\u00e9tude : Asymmetries and mismatches in Morphology<\/a><\/h2><h4><span class=\"tribe-event-date-start\">mercredi 22 novembre 2017<\/span><\/h4><\/div><\/div><\/div><\/div><div class=\"fusion-events-post fusion-spacing-yes fusion-one-fourth fusion-layout-column fusion-column-last\" style=\"margin-bottom:4%;\"><div class=\"fusion-column-wrapper\"><div class=\"fusion-events-thumbnail hover-type-none\"><a href=\"http:\/\/web.philo.ulg.ac.be\/linguistique\/evenement\/conference-de-marc-wilmet-ulb-academie-royale-de-langue-et-de-litterature-francaises-de-belgique-sur-la-fonction-completive\/\" class=\"url\" rel=\"bookmark\" aria-label=\"Conf\u00e9rence de Marc Wilmet (ULB, Acad\u00e9mie royale de langue et de litt\u00e9rature fran\u00e7aises de Belgique) sur la fonction compl\u00e9tive\"><\/a><\/div><div class=\"fusion-events-content-wrapper\" style=\"padding:20px 20px 20px 20px;\"><div class=\"fusion-events-meta\"><h2><a href=\"http:\/\/web.philo.ulg.ac.be\/linguistique\/evenement\/conference-de-marc-wilmet-ulb-academie-royale-de-langue-et-de-litterature-francaises-de-belgique-sur-la-fonction-completive\/\" class=\"url\" rel=\"bookmark\">Conf\u00e9rence de Marc Wilmet (ULB, Acad\u00e9mie royale de langue et de litt\u00e9rature fran\u00e7aises de Belgique) sur la fonction compl\u00e9tive<\/a><\/h2><h4><span class=\"tribe-event-date-start\">mercredi 15 novembre 2017 -  13 h 00<\/span> \/ <span class=\"tribe-event-time\">15 h 00<\/span><\/h4><\/div><\/div><\/div><\/div><div class=\"fusion-clearfix\"><\/div><div class=\"fusion-events-post fusion-spacing-yes fusion-one-fourth fusion-layout-column\" style=\"margin-bottom:4%;\"><div class=\"fusion-column-wrapper\"><div class=\"fusion-events-thumbnail hover-type-none\"><a href=\"http:\/\/web.philo.ulg.ac.be\/linguistique\/evenement\/conference-de-francesco-la-mantia-universite-de-palerme\/\" class=\"url\" rel=\"bookmark\" aria-label=\"Conf\u00e9rence de Francesco La Mantia (Universit\u00e9 de Palerme) : \u00ab\u00a0Rationalit\u00e9 silencieuse\u00a0\u00bb\"><\/a><\/div><div class=\"fusion-events-content-wrapper\" style=\"padding:20px 20px 20px 20px;\"><div class=\"fusion-events-meta\"><h2><a href=\"http:\/\/web.philo.ulg.ac.be\/linguistique\/evenement\/conference-de-francesco-la-mantia-universite-de-palerme\/\" class=\"url\" rel=\"bookmark\">Conf\u00e9rence de Francesco La Mantia (Universit\u00e9 de Palerme) : \u00ab\u00a0Rationalit\u00e9 silencieuse\u00a0\u00bb<\/a><\/h2><h4><span class=\"tribe-event-date-start\">lundi 13 novembre 2017 -  16 h 00<\/span> \/ <span class=\"tribe-event-time\">18 h 00<\/span><\/h4><\/div><\/div><\/div><\/div><div class=\"fusion-events-post fusion-spacing-yes fusion-one-fourth fusion-layout-column\" style=\"margin-bottom:4%;\"><div class=\"fusion-column-wrapper\"><div class=\"fusion-events-thumbnail hover-type-none\"><a href=\"http:\/\/web.philo.ulg.ac.be\/linguistique\/evenement\/diasema-lectures-maria-koptjevskaja-tamm-stockholm-university-areal-typology-of-lexicon-semantics\/\" class=\"url\" rel=\"bookmark\" aria-label=\"Diasema lectures : Maria Koptjevskaja Tamm (Stockholm University), Areal typology of lexicon-semantics\"><\/a><\/div><div class=\"fusion-events-content-wrapper\" style=\"padding:20px 20px 20px 20px;\"><div class=\"fusion-events-meta\"><h2><a href=\"http:\/\/web.philo.ulg.ac.be\/linguistique\/evenement\/diasema-lectures-maria-koptjevskaja-tamm-stockholm-university-areal-typology-of-lexicon-semantics\/\" class=\"url\" rel=\"bookmark\">Diasema lectures : Maria Koptjevskaja Tamm (Stockholm University), Areal typology of lexicon-semantics<\/a><\/h2><h4><span class=\"tribe-event-date-start\">mercredi 25 octobre 2017 -  11 h 00<\/span> \/ <span class=\"tribe-event-time\">12 h 30<\/span><\/h4><\/div><\/div><\/div><\/div><div class=\"fusion-events-post fusion-spacing-yes fusion-one-fourth fusion-layout-column\" style=\"margin-bottom:4%;\"><div class=\"fusion-column-wrapper\"><div class=\"fusion-events-thumbnail hover-type-none\"><a href=\"http:\/\/web.philo.ulg.ac.be\/linguistique\/evenement\/seminaire-methodologique-lidentification-de-lavestique-et-lisoglosse-indo-iranienne-p-swennen\/\" class=\"url\" rel=\"bookmark\" aria-label=\"S\u00e9minaire m\u00e9thodologique : L&rsquo;identification de l&rsquo;avestique et l&rsquo;isoglosse indo-iranienne [P. Swennen]\"><\/a><\/div><div class=\"fusion-events-content-wrapper\" style=\"padding:20px 20px 20px 20px;\"><div class=\"fusion-events-meta\"><h2><a href=\"http:\/\/web.philo.ulg.ac.be\/linguistique\/evenement\/seminaire-methodologique-lidentification-de-lavestique-et-lisoglosse-indo-iranienne-p-swennen\/\" class=\"url\" rel=\"bookmark\">S\u00e9minaire m\u00e9thodologique : L&rsquo;identification de l&rsquo;avestique et l&rsquo;isoglosse indo-iranienne [P. Swennen]<\/a><\/h2><h4><span class=\"tribe-event-date-start\">vendredi 20 octobre 2017 -  13 h 00<\/span> \/ <span class=\"tribe-event-time\">16 h 00<\/span><\/h4><\/div><\/div><\/div><\/div><div class=\"fusion-events-post fusion-spacing-yes fusion-one-fourth fusion-layout-column fusion-column-last\" style=\"margin-bottom:4%;\"><div class=\"fusion-column-wrapper\"><div class=\"fusion-events-thumbnail hover-type-none\"><a href=\"http:\/\/web.philo.ulg.ac.be\/linguistique\/evenement\/conference-desther-baiwir-universite-de-lille-sur-latlas-pan-picard-informatise-appi\/\" class=\"url\" rel=\"bookmark\" aria-label=\"Conf\u00e9rence d&rsquo;Esther Baiwir (Universit\u00e9 de Lille) sur l&rsquo;Atlas Pan-Picard Informatis\u00e9 (APPI)\"><\/a><\/div><div class=\"fusion-events-content-wrapper\" style=\"padding:20px 20px 20px 20px;\"><div class=\"fusion-events-meta\"><h2><a href=\"http:\/\/web.philo.ulg.ac.be\/linguistique\/evenement\/conference-desther-baiwir-universite-de-lille-sur-latlas-pan-picard-informatise-appi\/\" class=\"url\" rel=\"bookmark\">Conf\u00e9rence d&rsquo;Esther Baiwir (Universit\u00e9 de Lille) sur l&rsquo;Atlas Pan-Picard Informatis\u00e9 (APPI)<\/a><\/h2><h4><span class=\"tribe-event-date-start\">vendredi 20 octobre 2017 -  12 h 00<\/span> \/ <span class=\"tribe-event-time\">13 h 00<\/span><\/h4><\/div><\/div><\/div><\/div><div class=\"fusion-clearfix\"><\/div><div class=\"fusion-events-post fusion-spacing-yes fusion-one-fourth fusion-layout-column\" style=\"margin-bottom:4%;\"><div class=\"fusion-column-wrapper\"><div class=\"fusion-events-thumbnail hover-type-none\"><a href=\"http:\/\/web.philo.ulg.ac.be\/linguistique\/evenement\/journee-detude-les-langages-syncretiques-vers-une-approche-enonciative-et-materielle\/\" class=\"url\" rel=\"bookmark\" aria-label=\"Journ\u00e9e d\u2019\u00e9tude Les langages syncr\u00e9tiques : vers une approche \u00e9nonciative et mat\u00e9rielle\"><\/a><\/div><div class=\"fusion-events-content-wrapper\" style=\"padding:20px 20px 20px 20px;\"><div class=\"fusion-events-meta\"><h2><a href=\"http:\/\/web.philo.ulg.ac.be\/linguistique\/evenement\/journee-detude-les-langages-syncretiques-vers-une-approche-enonciative-et-materielle\/\" class=\"url\" rel=\"bookmark\">Journ\u00e9e d\u2019\u00e9tude Les langages syncr\u00e9tiques : vers une approche \u00e9nonciative et mat\u00e9rielle<\/a><\/h2><h4><span class=\"tribe-event-date-start\">mercredi 18 octobre 2017<\/span><\/h4><\/div><\/div><\/div><\/div><div class=\"fusion-events-post fusion-spacing-yes fusion-one-fourth fusion-layout-column\" style=\"margin-bottom:4%;\"><div class=\"fusion-column-wrapper\"><div class=\"fusion-events-thumbnail hover-type-none\"><a href=\"http:\/\/web.philo.ulg.ac.be\/linguistique\/evenement\/conference-de-diana-luz-pessoa-de-barros-sao-paulo-aspectualisation-en-semiotique-quelques-histoires\/\" class=\"url\" rel=\"bookmark\" aria-label=\"Conf\u00e9rence de Diana Luz Pessoa de Barros (S\u00e3o Paulo), \u00ab Aspectualisation en s\u00e9miotique : quelques histoires \u00bb\"><\/a><\/div><div class=\"fusion-events-content-wrapper\" style=\"padding:20px 20px 20px 20px;\"><div class=\"fusion-events-meta\"><h2><a href=\"http:\/\/web.philo.ulg.ac.be\/linguistique\/evenement\/conference-de-diana-luz-pessoa-de-barros-sao-paulo-aspectualisation-en-semiotique-quelques-histoires\/\" class=\"url\" rel=\"bookmark\">Conf\u00e9rence de Diana Luz Pessoa de Barros (S\u00e3o Paulo), \u00ab Aspectualisation en s\u00e9miotique : quelques histoires \u00bb<\/a><\/h2><h4><span class=\"tribe-event-date-start\">mardi 17 octobre 2017 -  16 h 00<\/span> \/ <span class=\"tribe-event-time\">18 h 00<\/span><\/h4><\/div><\/div><\/div><\/div><div class=\"fusion-events-post fusion-spacing-yes fusion-one-fourth fusion-layout-column\" style=\"margin-bottom:4%;\"><div class=\"fusion-column-wrapper\"><div class=\"fusion-events-thumbnail hover-type-none\"><a href=\"http:\/\/web.philo.ulg.ac.be\/linguistique\/evenement\/seminaire-methodologique-seance-dintroduction\/\" class=\"url\" rel=\"bookmark\" aria-label=\"S\u00e9minaire m\u00e9thodologique : s\u00e9ance d&rsquo;introduction\"><\/a><\/div><div class=\"fusion-events-content-wrapper\" style=\"padding:20px 20px 20px 20px;\"><div class=\"fusion-events-meta\"><h2><a href=\"http:\/\/web.philo.ulg.ac.be\/linguistique\/evenement\/seminaire-methodologique-seance-dintroduction\/\" class=\"url\" rel=\"bookmark\">S\u00e9minaire m\u00e9thodologique : s\u00e9ance d&rsquo;introduction<\/a><\/h2><h4><span class=\"tribe-event-date-start\">vendredi 22 septembre 2017 -  14 h 00<\/span> \/ <span class=\"tribe-event-time\">16 h 00<\/span><\/h4><\/div><\/div><\/div><\/div><div class=\"fusion-events-post fusion-spacing-yes fusion-one-fourth fusion-layout-column fusion-column-last\" style=\"margin-bottom:4%;\"><div class=\"fusion-column-wrapper\"><div class=\"fusion-events-thumbnail hover-type-none\"><a href=\"http:\/\/web.philo.ulg.ac.be\/linguistique\/evenement\/seance-daccueil-du-master\/\" class=\"url\" rel=\"bookmark\" aria-label=\"S\u00e9ance d&rsquo;accueil du Master\"><\/a><\/div><div class=\"fusion-events-content-wrapper\" style=\"padding:20px 20px 20px 20px;\"><div class=\"fusion-events-meta\"><h2><a href=\"http:\/\/web.philo.ulg.ac.be\/linguistique\/evenement\/seance-daccueil-du-master\/\" class=\"url\" rel=\"bookmark\">S\u00e9ance d&rsquo;accueil du Master<\/a><\/h2><h4><span class=\"tribe-event-date-start\">vendredi 22 septembre 2017 -  13 h 00<\/span> \/ <span class=\"tribe-event-time\">14 h 00<\/span><\/h4><\/div><\/div><\/div><\/div><div class=\"fusion-clearfix\"><\/div><div class=\"fusion-events-post fusion-spacing-yes fusion-one-fourth fusion-layout-column\" style=\"margin-bottom:4%;\"><div class=\"fusion-column-wrapper\"><div class=\"fusion-events-thumbnail hover-type-none\"><a href=\"http:\/\/web.philo.ulg.ac.be\/linguistique\/evenement\/mattis-list-max-plack-institute-jena-clics-2-0-towards-an-enhanced-handling-of-cross-linguistic-colexification-patterns\/\" class=\"url\" rel=\"bookmark\" aria-label=\"Conf\u00e9rence de Mattis LIST (Max Plack Institute, Jena) : CLICS 2.0: Towards an enhanced handling of cross-linguistic colexification patterns\"><\/a><\/div><div class=\"fusion-events-content-wrapper\" style=\"padding:20px 20px 20px 20px;\"><div class=\"fusion-events-meta\"><h2><a href=\"http:\/\/web.philo.ulg.ac.be\/linguistique\/evenement\/mattis-list-max-plack-institute-jena-clics-2-0-towards-an-enhanced-handling-of-cross-linguistic-colexification-patterns\/\" class=\"url\" rel=\"bookmark\">Conf\u00e9rence de Mattis LIST (Max Plack Institute, Jena) : CLICS 2.0: Towards an enhanced handling of cross-linguistic colexification patterns<\/a><\/h2><h4><span class=\"tribe-event-date-start\">lundi 3 juillet 2017 -  17 h 00<\/span> \/ <span class=\"tribe-event-time\">18 h 30<\/span><\/h4><\/div><\/div><\/div><\/div><div class=\"fusion-events-post fusion-spacing-yes fusion-one-fourth fusion-layout-column\" style=\"margin-bottom:4%;\"><div class=\"fusion-column-wrapper\"><div class=\"fusion-events-thumbnail hover-type-none\"><a href=\"http:\/\/web.philo.ulg.ac.be\/linguistique\/evenement\/raisonnement-graphique\/\" class=\"url\" rel=\"bookmark\" aria-label=\"Journ\u00e9e d&rsquo;\u00e9tude : Le raisonnement graphique\"><\/a><\/div><div class=\"fusion-events-content-wrapper\" style=\"padding:20px 20px 20px 20px;\"><div class=\"fusion-events-meta\"><h2><a href=\"http:\/\/web.philo.ulg.ac.be\/linguistique\/evenement\/raisonnement-graphique\/\" class=\"url\" rel=\"bookmark\">Journ\u00e9e d&rsquo;\u00e9tude : Le raisonnement graphique<\/a><\/h2><h4><span class=\"tribe-event-date-start\">jeudi 29 juin 2017 -  9 h 30<\/span> \/ <span class=\"tribe-event-time\">18 h 00<\/span><\/h4><\/div><\/div><\/div><\/div><div class=\"fusion-events-post fusion-spacing-yes fusion-one-fourth fusion-layout-column\" style=\"margin-bottom:4%;\"><div class=\"fusion-column-wrapper\"><div class=\"fusion-events-thumbnail hover-type-none\"><a href=\"http:\/\/web.philo.ulg.ac.be\/linguistique\/evenement\/7eme-colloque-de-lassociation-francaise-de-linguistique-cognitive\/\" class=\"url\" rel=\"bookmark\" aria-label=\"7\u00e8me colloque de l\u2019Association fran\u00e7aise de linguistique cognitive\"><\/a><\/div><div class=\"fusion-events-content-wrapper\" style=\"padding:20px 20px 20px 20px;\"><div class=\"fusion-events-meta\"><h2><a href=\"http:\/\/web.philo.ulg.ac.be\/linguistique\/evenement\/7eme-colloque-de-lassociation-francaise-de-linguistique-cognitive\/\" class=\"url\" rel=\"bookmark\">7\u00e8me colloque de l\u2019Association fran\u00e7aise de linguistique cognitive<\/a><\/h2><h4><span class=\"tribe-event-date-start\">mercredi 31 mai 2017<\/span> \/ <span class=\"tribe-event-date-end\">samedi 3 juin 2017<\/span><\/h4><\/div><\/div><\/div><\/div><div class=\"fusion-events-post fusion-spacing-yes fusion-one-fourth fusion-layout-column fusion-column-last\" style=\"margin-bottom:4%;\"><div class=\"fusion-column-wrapper\"><div class=\"fusion-events-thumbnail hover-type-none\"><a href=\"http:\/\/web.philo.ulg.ac.be\/linguistique\/evenement\/conference-de-matthias-urban-university-of-leiden-lexico-semantic-networks-on-various-levels-of-resolution\/\" class=\"url\" rel=\"bookmark\" aria-label=\"Conf\u00e9rence de Matthias URBAN (University of Leiden) : Lexico-semantic networks on various levels of resolution\"><\/a><\/div><div class=\"fusion-events-content-wrapper\" style=\"padding:20px 20px 20px 20px;\"><div class=\"fusion-events-meta\"><h2><a href=\"http:\/\/web.philo.ulg.ac.be\/linguistique\/evenement\/conference-de-matthias-urban-university-of-leiden-lexico-semantic-networks-on-various-levels-of-resolution\/\" class=\"url\" rel=\"bookmark\">Conf\u00e9rence de Matthias URBAN (University of Leiden) : Lexico-semantic networks on various levels of resolution<\/a><\/h2><h4><span class=\"tribe-event-date-start\">jeudi 18 mai 2017<\/span><\/h4><\/div><\/div><\/div><\/div><div class=\"fusion-clearfix\"><\/div><div class=\"fusion-events-post fusion-spacing-yes fusion-one-fourth fusion-layout-column\" style=\"margin-bottom:4%;\"><div class=\"fusion-column-wrapper\"><div class=\"fusion-events-thumbnail hover-type-none\"><a href=\"http:\/\/web.philo.ulg.ac.be\/linguistique\/evenement\/adam-gitner-assistant-professor-indiana-university-greek-and-latin-compared-idiomata-verborum-and-related-word-lists\/\" class=\"url\" rel=\"bookmark\" aria-label=\"Conf\u00e9rence d&rsquo;Adam GITNER (Assistant Professor Indiana University) : Greek and latin compared. Idiomata verborum and related word lists\"><\/a><\/div><div class=\"fusion-events-content-wrapper\" style=\"padding:20px 20px 20px 20px;\"><div class=\"fusion-events-meta\"><h2><a href=\"http:\/\/web.philo.ulg.ac.be\/linguistique\/evenement\/adam-gitner-assistant-professor-indiana-university-greek-and-latin-compared-idiomata-verborum-and-related-word-lists\/\" class=\"url\" rel=\"bookmark\">Conf\u00e9rence d&rsquo;Adam GITNER (Assistant Professor Indiana University) : Greek and latin compared. Idiomata verborum and related word lists<\/a><\/h2><h4><span class=\"tribe-event-date-start\">jeudi 11 mai 2017 -  11 h 00<\/span> \/ <span class=\"tribe-event-time\">13 h 00<\/span><\/h4><\/div><\/div><\/div><\/div><div class=\"fusion-events-post fusion-spacing-yes fusion-one-fourth fusion-layout-column\" style=\"margin-bottom:4%;\"><div class=\"fusion-column-wrapper\"><div class=\"fusion-events-thumbnail hover-type-none\"><a href=\"http:\/\/web.philo.ulg.ac.be\/linguistique\/evenement\/9e-journee-de-traitement-des-sources-galloromanes-trasogal-2017\/\" class=\"url\" rel=\"bookmark\" aria-label=\"9\u00e8me journ\u00e9e de Traitement des Sources Galloromanes (TraSoGal 2017)\"><\/a><\/div><div class=\"fusion-events-content-wrapper\" style=\"padding:20px 20px 20px 20px;\"><div class=\"fusion-events-meta\"><h2><a href=\"http:\/\/web.philo.ulg.ac.be\/linguistique\/evenement\/9e-journee-de-traitement-des-sources-galloromanes-trasogal-2017\/\" class=\"url\" rel=\"bookmark\">9\u00e8me journ\u00e9e de Traitement des Sources Galloromanes (TraSoGal 2017)<\/a><\/h2><h4><span class=\"tribe-event-date-start\">jeudi 4 mai 2017 -  9 h 00<\/span> \/ <span class=\"tribe-event-time\">18 h 00<\/span><\/h4><\/div><\/div><\/div><\/div><div class=\"fusion-events-post fusion-spacing-yes fusion-one-fourth fusion-layout-column\" style=\"margin-bottom:4%;\"><div class=\"fusion-column-wrapper\"><div class=\"fusion-events-thumbnail hover-type-none\"><a href=\"http:\/\/web.philo.ulg.ac.be\/linguistique\/evenement\/prof-marc-wilmet-il-y-a-grammaire-et-grammaire\/\" class=\"url\" rel=\"bookmark\" aria-label=\"Conf\u00e9rence de Marc WILMET : Il y a grammaire et grammaire\"><\/a><\/div><div class=\"fusion-events-content-wrapper\" style=\"padding:20px 20px 20px 20px;\"><div class=\"fusion-events-meta\"><h2><a href=\"http:\/\/web.philo.ulg.ac.be\/linguistique\/evenement\/prof-marc-wilmet-il-y-a-grammaire-et-grammaire\/\" class=\"url\" rel=\"bookmark\">Conf\u00e9rence de Marc WILMET : Il y a grammaire et grammaire<\/a><\/h2><h4><span class=\"tribe-event-date-start\">mercredi 3 mai 2017 -  12 h 00<\/span> \/ <span class=\"tribe-event-time\">14 h 00<\/span><\/h4><\/div><\/div><\/div><\/div><div class=\"fusion-events-post fusion-spacing-yes fusion-one-fourth fusion-layout-column fusion-column-last\" style=\"margin-bottom:4%;\"><div class=\"fusion-column-wrapper\"><div class=\"fusion-events-thumbnail hover-type-none\"><a href=\"http:\/\/web.philo.ulg.ac.be\/linguistique\/evenement\/visualiser-donnees-visuelles\/\" class=\"url\" rel=\"bookmark\" aria-label=\"Journ\u00e9e d&rsquo;\u00e9tude : Visualiser des donn\u00e9es visuelles : strat\u00e9gies \u00e9nonciatives et enjeux s\u00e9miotiques\"><\/a><\/div><div class=\"fusion-events-content-wrapper\" style=\"padding:20px 20px 20px 20px;\"><div class=\"fusion-events-meta\"><h2><a href=\"http:\/\/web.philo.ulg.ac.be\/linguistique\/evenement\/visualiser-donnees-visuelles\/\" class=\"url\" rel=\"bookmark\">Journ\u00e9e d&rsquo;\u00e9tude : Visualiser des donn\u00e9es visuelles : strat\u00e9gies \u00e9nonciatives et enjeux s\u00e9miotiques<\/a><\/h2><h4><span class=\"tribe-event-date-start\">lundi 24 avril 2017 -  9 h 00<\/span> \/ <span class=\"tribe-event-time\">17 h 00<\/span><\/h4><\/div><\/div><\/div><\/div><div class=\"fusion-clearfix\"><\/div><div class=\"fusion-events-post fusion-spacing-yes fusion-one-fourth fusion-layout-column\" style=\"margin-bottom:4%;\"><div class=\"fusion-column-wrapper\"><div class=\"fusion-events-thumbnail hover-type-none\"><a href=\"http:\/\/web.philo.ulg.ac.be\/linguistique\/evenement\/reference-fiction\/\" class=\"url\" rel=\"bookmark\" aria-label=\"Conf\u00e9rence de Manuel GARCIA-CARPINTERO (Logos, Barcelone) : On reference in fiction\"><\/a><\/div><div class=\"fusion-events-content-wrapper\" style=\"padding:20px 20px 20px 20px;\"><div class=\"fusion-events-meta\"><h2><a href=\"http:\/\/web.philo.ulg.ac.be\/linguistique\/evenement\/reference-fiction\/\" class=\"url\" rel=\"bookmark\">Conf\u00e9rence de Manuel GARCIA-CARPINTERO (Logos, Barcelone) : On reference in fiction<\/a><\/h2><h4><span class=\"tribe-event-date-start\">jeudi 20 avril 2017 -  14 h 00<\/span> \/ <span class=\"tribe-event-time\">17 h 00<\/span><\/h4><\/div><\/div><\/div><\/div><div class=\"fusion-events-post fusion-spacing-yes fusion-one-fourth fusion-layout-column\" style=\"margin-bottom:4%;\"><div class=\"fusion-column-wrapper\"><div class=\"fusion-events-thumbnail hover-type-none\"><a href=\"http:\/\/web.philo.ulg.ac.be\/linguistique\/evenement\/there-are-existential-constructions\/\" class=\"url\" rel=\"bookmark\" aria-label=\"Conf\u00e9rence de  William B. McGREGOR (Universit\u00e9 d\u2019Aarhus) : There are existential constructions and existential constructions: Presumption-invoking existentials in English\"><\/a><\/div><div class=\"fusion-events-content-wrapper\" style=\"padding:20px 20px 20px 20px;\"><div class=\"fusion-events-meta\"><h2><a href=\"http:\/\/web.philo.ulg.ac.be\/linguistique\/evenement\/there-are-existential-constructions\/\" class=\"url\" rel=\"bookmark\">Conf\u00e9rence de  William B. McGREGOR (Universit\u00e9 d\u2019Aarhus) : There are existential constructions and existential constructions: Presumption-invoking existentials in English<\/a><\/h2><h4><span class=\"tribe-event-date-start\">mardi 14 mars 2017 -  14 h 00<\/span> \/ <span class=\"tribe-event-time\">15 h 00<\/span><\/h4><\/div><\/div><\/div><\/div><div class=\"fusion-events-post fusion-spacing-yes fusion-one-fourth fusion-layout-column\" style=\"margin-bottom:4%;\"><div class=\"fusion-column-wrapper\"><div class=\"fusion-events-thumbnail hover-type-none\"><a href=\"http:\/\/web.philo.ulg.ac.be\/linguistique\/evenement\/semantic-maps\/\" class=\"url\" rel=\"bookmark\" aria-label=\"Conf\u00e9rence de Johan VAN DER AUWERA (Universit\u00e9 d\u2019Anvers) : Semantic maps, for synchronic and diachronic typology\"><\/a><\/div><div class=\"fusion-events-content-wrapper\" style=\"padding:20px 20px 20px 20px;\"><div class=\"fusion-events-meta\"><h2><a href=\"http:\/\/web.philo.ulg.ac.be\/linguistique\/evenement\/semantic-maps\/\" class=\"url\" rel=\"bookmark\">Conf\u00e9rence de Johan VAN DER AUWERA (Universit\u00e9 d\u2019Anvers) : Semantic maps, for synchronic and diachronic typology<\/a><\/h2><h4><span class=\"tribe-event-date-start\">vendredi 10 mars 2017 -  16 h 00<\/span> \/ <span class=\"tribe-event-time\">18 h 00<\/span><\/h4><\/div><\/div><\/div><\/div><div class=\"fusion-events-post fusion-spacing-yes fusion-one-fourth fusion-layout-column fusion-column-last\" style=\"margin-bottom:4%;\"><div class=\"fusion-column-wrapper\"><div class=\"fusion-events-thumbnail hover-type-none\"><a href=\"http:\/\/web.philo.ulg.ac.be\/linguistique\/evenement\/documents-ethnographies-vicinales\/\" class=\"url\" rel=\"bookmark\" aria-label=\"Conf\u00e9rence de Nicolas COU\u00c9GNAS (U. Limoges, CeReS) : Documents d\u2019ethnographies vicinales\"><\/a><\/div><div class=\"fusion-events-content-wrapper\" style=\"padding:20px 20px 20px 20px;\"><div class=\"fusion-events-meta\"><h2><a href=\"http:\/\/web.philo.ulg.ac.be\/linguistique\/evenement\/documents-ethnographies-vicinales\/\" class=\"url\" rel=\"bookmark\">Conf\u00e9rence de Nicolas COU\u00c9GNAS (U. Limoges, CeReS) : Documents d\u2019ethnographies vicinales<\/a><\/h2><h4><span class=\"tribe-event-date-start\">vendredi 10 mars 2017 -  15 h 00<\/span> \/ <span class=\"tribe-event-time\">17 h 00<\/span><\/h4><\/div><\/div><\/div><\/div><div class=\"fusion-clearfix\"><\/div><div class=\"fusion-events-post fusion-spacing-yes fusion-one-fourth fusion-layout-column\" style=\"margin-bottom:4%;\"><div class=\"fusion-column-wrapper\"><div class=\"fusion-events-thumbnail hover-type-none\"><a href=\"http:\/\/web.philo.ulg.ac.be\/linguistique\/evenement\/soi-implicite\/\" class=\"url\" rel=\"bookmark\" aria-label=\"Conf\u00e9rence de Fran\u00e7ois RECANATI (Institut Jean Nicod, Paris) : Le soi implicite (sur la r\u00e9f\u00e9rence de re et la r\u00e9f\u00e9rence de se)\"><\/a><\/div><div class=\"fusion-events-content-wrapper\" style=\"padding:20px 20px 20px 20px;\"><div class=\"fusion-events-meta\"><h2><a href=\"http:\/\/web.philo.ulg.ac.be\/linguistique\/evenement\/soi-implicite\/\" class=\"url\" rel=\"bookmark\">Conf\u00e9rence de Fran\u00e7ois RECANATI (Institut Jean Nicod, Paris) : Le soi implicite (sur la r\u00e9f\u00e9rence de re et la r\u00e9f\u00e9rence de se)<\/a><\/h2><h4><span class=\"tribe-event-date-start\">jeudi 23 f\u00e9vrier 2017 -  14 h 30<\/span> \/ <span class=\"tribe-event-time\">17 h 00<\/span><\/h4><\/div><\/div><\/div><\/div><div class=\"fusion-events-post fusion-spacing-yes fusion-one-fourth fusion-layout-column\" style=\"margin-bottom:4%;\"><div class=\"fusion-column-wrapper\"><div class=\"fusion-events-thumbnail hover-type-none\"><a href=\"http:\/\/web.philo.ulg.ac.be\/linguistique\/evenement\/demonstratives-location-pain\/\" class=\"url\" rel=\"bookmark\" aria-label=\"Conf\u00e9rence de Simone GOZZANO (Universita degli Studi dell&rsquo;Aquila) : Demonstratives and the location of pain\"><\/a><\/div><div class=\"fusion-events-content-wrapper\" style=\"padding:20px 20px 20px 20px;\"><div class=\"fusion-events-meta\"><h2><a href=\"http:\/\/web.philo.ulg.ac.be\/linguistique\/evenement\/demonstratives-location-pain\/\" class=\"url\" rel=\"bookmark\">Conf\u00e9rence de Simone GOZZANO (Universita degli Studi dell&rsquo;Aquila) : Demonstratives and the location of pain<\/a><\/h2><h4><span class=\"tribe-event-date-start\">jeudi 23 f\u00e9vrier 2017 -  10 h 00<\/span> \/ <span class=\"tribe-event-time\">12 h 00<\/span><\/h4><\/div><\/div><\/div><\/div><div class=\"fusion-events-post fusion-spacing-yes fusion-one-fourth fusion-layout-column\" style=\"margin-bottom:4%;\"><div class=\"fusion-column-wrapper\"><div class=\"fusion-events-thumbnail hover-type-none\"><a href=\"http:\/\/web.philo.ulg.ac.be\/linguistique\/evenement\/la-lexicographie-bilingue\/\" class=\"url\" rel=\"bookmark\" aria-label=\"Conf\u00e9rence d&rsquo;Elizaveta ZIMONT (FNRS) : La lexicographie bilingue fran\u00e7ais-n\u00e9erlandais et n\u00e9erlandais-fran\u00e7ais aux XVIe et XVIIe si\u00e8cles : corpus, objectifs et mod\u00e8le d&rsquo;analyse\"><\/a><\/div><div class=\"fusion-events-content-wrapper\" style=\"padding:20px 20px 20px 20px;\"><div class=\"fusion-events-meta\"><h2><a href=\"http:\/\/web.philo.ulg.ac.be\/linguistique\/evenement\/la-lexicographie-bilingue\/\" class=\"url\" rel=\"bookmark\">Conf\u00e9rence d&rsquo;Elizaveta ZIMONT (FNRS) : La lexicographie bilingue fran\u00e7ais-n\u00e9erlandais et n\u00e9erlandais-fran\u00e7ais aux XVIe et XVIIe si\u00e8cles : corpus, objectifs et mod\u00e8le d&rsquo;analyse<\/a><\/h2><h4><span class=\"tribe-event-date-start\">jeudi 9 f\u00e9vrier 2017 -  14 h 00<\/span> \/ <span class=\"tribe-event-time\">15 h 00<\/span><\/h4><\/div><\/div><\/div><\/div><div class=\"fusion-clearfix\"><\/div><\/div><\/div><\/div><style type=\"text\/css\">.fusion-body .fusion-builder-column-0{width:100% !important;margin-top : 0px;margin-bottom : 20px;}.fusion-builder-column-0 > .fusion-column-wrapper {padding-top : 0px !important;padding-right : 0px !important;margin-right : 1.92%;padding-bottom : 0px !important;padding-left : 0px !important;margin-left : 1.92%;}@media only screen and (max-width:1024px) {.fusion-body .fusion-builder-column-0{width:100% !important;order : 0;}.fusion-builder-column-0 > .fusion-column-wrapper {margin-right : 1.92%;margin-left : 1.92%;}}@media only screen and (max-width:640px) {.fusion-body .fusion-builder-column-0{width:100% !important;order : 0;}.fusion-builder-column-0 > .fusion-column-wrapper {margin-right : 1.92%;margin-left : 1.92%;}}<\/style><\/div><\/div><style type=\"text\/css\">.fusion-body .fusion-flex-container.fusion-builder-row-1{ padding-top : 0px;margin-top : 0px;padding-right : 0px;padding-bottom : 0px;margin-bottom : 0px;padding-left : 0px;}<\/style><\/div>\n","protected":false},"excerpt":{"rendered":"","protected":false},"author":2,"featured_media":0,"parent":0,"menu_order":0,"comment_status":"closed","ping_status":"closed","template":"","meta":{"footnotes":""},"class_list":["post-12821","page","type-page","status-publish","hentry","cat_conference"],"_links":{"self":[{"href":"http:\/\/web.philo.ulg.ac.be\/linguistique\/wp-json\/wp\/v2\/pages\/12821","targetHints":{"allow":["GET"]}}],"collection":[{"href":"http:\/\/web.philo.ulg.ac.be\/linguistique\/wp-json\/wp\/v2\/pages"}],"about":[{"href":"http:\/\/web.philo.ulg.ac.be\/linguistique\/wp-json\/wp\/v2\/types\/page"}],"author":[{"embeddable":true,"href":"http:\/\/web.philo.ulg.ac.be\/linguistique\/wp-json\/wp\/v2\/users\/2"}],"replies":[{"embeddable":true,"href":"http:\/\/web.philo.ulg.ac.be\/linguistique\/wp-json\/wp\/v2\/comments?post=12821"}],"version-history":[{"count":5,"href":"http:\/\/web.philo.ulg.ac.be\/linguistique\/wp-json\/wp\/v2\/pages\/12821\/revisions"}],"predecessor-version":[{"id":12834,"href":"http:\/\/web.philo.ulg.ac.be\/linguistique\/wp-json\/wp\/v2\/pages\/12821\/revisions\/12834"}],"wp:attachment":[{"href":"http:\/\/web.philo.ulg.ac.be\/linguistique\/wp-json\/wp\/v2\/media?parent=12821"}],"curies":[{"name":"wp","href":"https:\/\/api.w.org\/{rel}","templated":true}]}}