{"id":12551,"date":"2017-09-28T00:01:49","date_gmt":"2017-09-27T22:01:49","guid":{"rendered":"http:\/\/web.philo.ulg.ac.be\/linguistique\/?post_type=tribe_events&#038;p=12551"},"modified":"2017-09-28T00:04:11","modified_gmt":"2017-09-27T22:04:11","slug":"conference-de-marc-wilmet-ulb-academie-royale-de-langue-et-de-litterature-francaises-de-belgique-sur-la-fonction-completive","status":"publish","type":"tribe_events","link":"http:\/\/web.philo.ulg.ac.be\/linguistique\/evenement\/conference-de-marc-wilmet-ulb-academie-royale-de-langue-et-de-litterature-francaises-de-belgique-sur-la-fonction-completive\/","title":{"rendered":"Conf\u00e9rence de Marc Wilmet (ULB, Acad\u00e9mie royale de langue et de litt\u00e9rature fran\u00e7aises de Belgique) sur la fonction compl\u00e9tive"},"content":{"rendered":"<p><b class=\"moz-txt-star\">La fonction compl\u00e9tive<\/b><\/p>\n<p>Le terme technique de \u00ab compl\u00e9ment \u00bb remonte \u00e0 la Grammaire g\u00e9n\u00e9rale de Beauz\u00e9e (1767), qui le d\u00e9finit : \u00ab addition faite \u00e0 un mot afin d\u2019en changer ou d\u2019en compl\u00e9ter la signification \u00bb. La grammaire scolaire applique t\u00f4t la notion au \u00ab compl\u00e9ment d\u2019objet direct \u00bb (COD) \u2013 indispensable, croit-elle, \u00e0 l\u2019embl\u00e9matique accord du participe pass\u00e9 \u2013, qu\u2019il faudra savoir distinguer d\u00e8s lors de l\u2019\u00ab attribut \u00bb, du \u00ab compl\u00e9ment d\u2019objet indirect \u00bb et d\u2019une kyrielle de \u00ab compl\u00e9ments circonstanciels \u00bb (36 chez Grevisse), sans parler des hybrides \u00ab compl\u00e9ment d\u2019attribution \u00bb et \u00ab compl\u00e9ment d\u2019agent \u00bb.<\/p>\n<p>Dans son expos\u00e9, Marc Wilmet entreprend de situer la fonction compl\u00e9tive par rapport aux deux autres que sont la fonction d\u00e9terminative (dont rel\u00e8ve le mal nomm\u00e9 \u00ab compl\u00e9ment du nom \u00bb) et la fonction pr\u00e9dicative (dont rel\u00e8vent l\u2019attribut en pr\u00e9dication premi\u00e8re et l\u2019apposition en pr\u00e9dication seconde). Il trace ensuite une fronti\u00e8re nette entre des compl\u00e9ments nucl\u00e9aires et des compl\u00e9ments lin\u00e9aires de l\u2019adjectif et du verbe, pour aboutir en fin de parcours \u00e0 un reclassement des circonstants (les \u00ab circonstanciels \u00bb de la tradition) sur une base non plus s\u00e9mantique mais syntaxique.<\/p>\n","protected":false},"excerpt":{"rendered":"<p>La fonction compl\u00e9tive Le terme technique de \u00ab compl\u00e9ment \u00bb remonte \u00e0 la Grammaire g\u00e9n\u00e9rale de [&hellip;]<\/p>\n","protected":false},"author":2,"featured_media":0,"template":"","meta":{"_tribe_events_status":"","_tribe_events_status_reason":"","footnotes":""},"tags":[],"tribe_events_cat":[88],"class_list":["post-12551","tribe_events","type-tribe_events","status-publish","hentry","tribe_events_cat-conference","cat_conference"],"_links":{"self":[{"href":"http:\/\/web.philo.ulg.ac.be\/linguistique\/wp-json\/wp\/v2\/tribe_events\/12551","targetHints":{"allow":["GET"]}}],"collection":[{"href":"http:\/\/web.philo.ulg.ac.be\/linguistique\/wp-json\/wp\/v2\/tribe_events"}],"about":[{"href":"http:\/\/web.philo.ulg.ac.be\/linguistique\/wp-json\/wp\/v2\/types\/tribe_events"}],"author":[{"embeddable":true,"href":"http:\/\/web.philo.ulg.ac.be\/linguistique\/wp-json\/wp\/v2\/users\/2"}],"version-history":[{"count":3,"href":"http:\/\/web.philo.ulg.ac.be\/linguistique\/wp-json\/wp\/v2\/tribe_events\/12551\/revisions"}],"predecessor-version":[{"id":12554,"href":"http:\/\/web.philo.ulg.ac.be\/linguistique\/wp-json\/wp\/v2\/tribe_events\/12551\/revisions\/12554"}],"wp:attachment":[{"href":"http:\/\/web.philo.ulg.ac.be\/linguistique\/wp-json\/wp\/v2\/media?parent=12551"}],"wp:term":[{"taxonomy":"post_tag","embeddable":true,"href":"http:\/\/web.philo.ulg.ac.be\/linguistique\/wp-json\/wp\/v2\/tags?post=12551"},{"taxonomy":"tribe_events_cat","embeddable":true,"href":"http:\/\/web.philo.ulg.ac.be\/linguistique\/wp-json\/wp\/v2\/tribe_events_cat?post=12551"}],"curies":[{"name":"wp","href":"https:\/\/api.w.org\/{rel}","templated":true}]}}