{"id":12624,"date":"2018-02-21T10:07:40","date_gmt":"2018-02-21T09:07:40","guid":{"rendered":"http:\/\/web.philo.ulg.ac.be\/linguistique\/?post_type=tribe_events&#038;p=12624"},"modified":"2018-02-21T10:12:32","modified_gmt":"2018-02-21T09:12:32","slug":"visio-conference-friandis-de-loise-bilat-universite-de-lausanne-la-renovation-du-liberalisme-comme-formation-socio-discursive-indices-dune-prehistoire-enonciative-de-l","status":"publish","type":"tribe_events","link":"http:\/\/web.philo.ulg.ac.be\/linguistique\/evenement\/visio-conference-friandis-de-loise-bilat-universite-de-lausanne-la-renovation-du-liberalisme-comme-formation-socio-discursive-indices-dune-prehistoire-enonciative-de-l\/","title":{"rendered":"Visio-conf\u00e9rence FRIANDIS de Lo\u00efse Bilat (Universit\u00e9 de Lausanne) : La r\u00e9novation du lib\u00e9ralisme comme formation socio-discursive : \u00ab indices \u00bb d\u2019une pr\u00e9histoire \u00e9nonciative de l\u2019\u00e9conomie politique \u00ab n\u00e9olib\u00e9rale \u00bb (1930-1960)"},"content":{"rendered":"<p>Troisi\u00e8me cycle de visio-conf\u00e9rences \u2013 FRIANDIS (R\u00e9seau Francophone International en Analyse de DIScours) 2018<\/p>\n<p>Con\u00e7u dans une perspective transdisciplinaire et m\u00e9thodologique, ce cycle de rencontres virtuelles s&rsquo;adresse aux professeurs, aux chercheurs ainsi qu&rsquo;aux \u00e9tudiants de 3i\u00e8me cycles int\u00e9ress\u00e9s par le spectre des \u00e9tudes du discours. <\/p>\n<p>Afin de permettre au plus grand nombre de participer aux \u00e9changes, les rencontres se d\u00e9rouleront par visio-conf\u00e9rence, simultan\u00e9ment dans 3 pays et chaque fois dans 4 \u00e0 6 universit\u00e9s de 15h \u00e0 17h, heure de Paris et de 9h \u00e0 11h, heure Montr\u00e9al. <\/p>\n<p>Mercredi 28 mars 2018 :<br \/>\nConf\u00e9renci\u00e8re : Lo\u00efse Bilat est collaboratrice scientifique \u00e0 l\u2019universit\u00e9 de Lausanne et charg\u00e9e de cours en s\u00e9miolinguistique textuelle \u00e0 l\u2019Universit\u00e9 de Franche-Comt\u00e9. Elle a travaill\u00e9 en sociologie des m\u00e9dias et de la communication apr\u00e8s une formation en linguistique fran\u00e7aise, analyse du discours, lexicom\u00e9trie et argumentation. Ses recherches en analyse du discours portent sur l\u2019\u00e9mergence et le fonctionnement textuel de diverses normes culturelles et institutionnelles (dans la culture de masse, les m\u00e9dias, les pratiques politiques). Le sujet discut\u00e9 ici fait partie de sa th\u00e8se de doctorat. Elle pr\u00e9sentera son architecture m\u00e9thodologique, les pi\u00e8ges \u00e0 \u00e9viter lorsque l\u2019on travaille linguistiquement sur un objet pr\u00e9d\u00e9fini par la philosophe politique, mais aussi ses r\u00e9sultats qui rendent compte des circulations lexicales et des modalit\u00e9s d\u2019\u00e9nonciation partag\u00e9es par des acteurs vari\u00e9s de la r\u00e9novation du lib\u00e9ralisme (Hayek, Mises, Aron, Rand, Lippmann, R\u00f6pke). <\/p>\n","protected":false},"excerpt":{"rendered":"<p>Troisi\u00e8me cycle de visio-conf\u00e9rences \u2013 FRIANDIS (R\u00e9seau Francophone International en Analyse de DIScours) 2018 Con\u00e7u dans [&hellip;]<\/p>\n","protected":false},"author":2,"featured_media":0,"template":"","meta":{"_tribe_events_status":"","_tribe_events_status_reason":"","footnotes":""},"tags":[],"tribe_events_cat":[88],"class_list":["post-12624","tribe_events","type-tribe_events","status-publish","hentry","tribe_events_cat-conference","cat_conference"],"_links":{"self":[{"href":"http:\/\/web.philo.ulg.ac.be\/linguistique\/wp-json\/wp\/v2\/tribe_events\/12624","targetHints":{"allow":["GET"]}}],"collection":[{"href":"http:\/\/web.philo.ulg.ac.be\/linguistique\/wp-json\/wp\/v2\/tribe_events"}],"about":[{"href":"http:\/\/web.philo.ulg.ac.be\/linguistique\/wp-json\/wp\/v2\/types\/tribe_events"}],"author":[{"embeddable":true,"href":"http:\/\/web.philo.ulg.ac.be\/linguistique\/wp-json\/wp\/v2\/users\/2"}],"version-history":[{"count":2,"href":"http:\/\/web.philo.ulg.ac.be\/linguistique\/wp-json\/wp\/v2\/tribe_events\/12624\/revisions"}],"predecessor-version":[{"id":12626,"href":"http:\/\/web.philo.ulg.ac.be\/linguistique\/wp-json\/wp\/v2\/tribe_events\/12624\/revisions\/12626"}],"wp:attachment":[{"href":"http:\/\/web.philo.ulg.ac.be\/linguistique\/wp-json\/wp\/v2\/media?parent=12624"}],"wp:term":[{"taxonomy":"post_tag","embeddable":true,"href":"http:\/\/web.philo.ulg.ac.be\/linguistique\/wp-json\/wp\/v2\/tags?post=12624"},{"taxonomy":"tribe_events_cat","embeddable":true,"href":"http:\/\/web.philo.ulg.ac.be\/linguistique\/wp-json\/wp\/v2\/tribe_events_cat?post=12624"}],"curies":[{"name":"wp","href":"https:\/\/api.w.org\/{rel}","templated":true}]}}