{"id":12721,"date":"2019-03-15T13:27:41","date_gmt":"2019-03-15T12:27:41","guid":{"rendered":"http:\/\/web.philo.ulg.ac.be\/linguistique\/?post_type=tribe_events&#038;p=12721"},"modified":"2019-03-15T13:27:41","modified_gmt":"2019-03-15T12:27:41","slug":"visio-conference-friandis-de-thierry-guilbert-universite-de-picardie-jules-verne-et-curapp-ess-umr-7319-quand-les-echos-nous-conte-la-crise-grecque-en-2010-mythe-et-recit-contemporains","status":"publish","type":"tribe_events","link":"http:\/\/web.philo.ulg.ac.be\/linguistique\/evenement\/visio-conference-friandis-de-thierry-guilbert-universite-de-picardie-jules-verne-et-curapp-ess-umr-7319-quand-les-echos-nous-conte-la-crise-grecque-en-2010-mythe-et-recit-contemporains\/","title":{"rendered":"Visio-conf\u00e9rence FRIANDIS de Thierry Guilbert (Universit\u00e9 de Picardie Jules Verne et CURAPP-ESS (UMR 7319)), \u00ab Quand Les Echos nous conte la crise grecque en 2010. Mythe et r\u00e9cit contemporains \u00bb"},"content":{"rendered":"<p>S&rsquo;inscrire aupr\u00e8s de Dominique Longr\u00e9e<\/p>\n<p>&nbsp;<\/p>\n<p><strong>Thierry Guilbert<\/strong> est ma\u00eetre de conf\u00e9rence-HDR en analyse du discours \u00e0 l\u2019Universit\u00e9 de Picardie Jules Verne et au CURAPP-ESS (UMR 7319). Il a publi\u00e9 notamment <em>L\u2019\u00ab\u00a0\u00e9vidence\u00a0\u00bb du discours n\u00e9olib\u00e9ral. Analyse dans la presse \u00e9crite<\/em> (2011, \u00e9d. du Croquant).<\/p>\n<p>&nbsp;<\/p>\n<p>Je propose de revisiter un travail m\u00ealant plusieurs approches \u2013 l\u2019analyse du discours, la s\u00e9miologie du conte (Propp, Greimas) et le mythe (Barthes) \u2013 \u00e0 la lumi\u00e8re de lectures et de travaux plus r\u00e9cents.<\/p>\n<p>Dans le papier publi\u00e9 en 2017 (in Contantopoulou, <em>R\u00e9cits de la crise<\/em>, L\u2019Harmattan), il s\u2019agissait de comprendre comment <em>Les \u00c9chos<\/em> avaient cont\u00e9 la \u00ab\u00a0crise grecque\u00a0\u00bb et comment ce r\u00e9cit, en mobilisant des cadres d\u2019interpr\u00e9tation pr\u00e9existants, visait \u00e0 imposer des normes de conduites aux lecteurs.<\/p>\n<p>Les \u00e9l\u00e9ments du papier (probl\u00e9matique, corpus, cadre th\u00e9orique et analyses) pr\u00e9sent\u00e9s dans cette conf\u00e9rence seront discut\u00e9s au regard de faits sociohistoriques plus globaux\u00a0: l\u2019utilisation centrale de la \u00ab\u00a0crise grecque\u00a0\u00bb dans la g\u00e9n\u00e9ralisation des politiques aust\u00e9ritaires (Irwin 2013\u00a0; Krugman 2013\u00a0; Tooze 2018) et, plus g\u00e9n\u00e9ralement, de la crise comme \u00ab\u00a0m\u00e9thode de gouvernement\u00a0\u00bb (<em>Lignes<\/em> 2009)\u00a0; le r\u00f4le discursif de la BCE (Guilbert &amp; Lebaron 2017, 2019)\u00a0; l\u2019inscription de la gouvernementalit\u00e9 n\u00e9olib\u00e9rale dans le projet europ\u00e9en (Foucault 2004).<\/p>\n","protected":false},"excerpt":{"rendered":"<p>S&rsquo;inscrire aupr\u00e8s de Dominique Longr\u00e9e &nbsp; Thierry Guilbert est ma\u00eetre de conf\u00e9rence-HDR en analyse du discours [&hellip;]<\/p>\n","protected":false},"author":2,"featured_media":0,"template":"","meta":{"_tribe_events_status":"","_tribe_events_status_reason":"","footnotes":""},"tags":[],"tribe_events_cat":[88],"class_list":["post-12721","tribe_events","type-tribe_events","status-publish","hentry","tribe_events_cat-conference","cat_conference"],"_links":{"self":[{"href":"http:\/\/web.philo.ulg.ac.be\/linguistique\/wp-json\/wp\/v2\/tribe_events\/12721","targetHints":{"allow":["GET"]}}],"collection":[{"href":"http:\/\/web.philo.ulg.ac.be\/linguistique\/wp-json\/wp\/v2\/tribe_events"}],"about":[{"href":"http:\/\/web.philo.ulg.ac.be\/linguistique\/wp-json\/wp\/v2\/types\/tribe_events"}],"author":[{"embeddable":true,"href":"http:\/\/web.philo.ulg.ac.be\/linguistique\/wp-json\/wp\/v2\/users\/2"}],"version-history":[{"count":1,"href":"http:\/\/web.philo.ulg.ac.be\/linguistique\/wp-json\/wp\/v2\/tribe_events\/12721\/revisions"}],"predecessor-version":[{"id":12722,"href":"http:\/\/web.philo.ulg.ac.be\/linguistique\/wp-json\/wp\/v2\/tribe_events\/12721\/revisions\/12722"}],"wp:attachment":[{"href":"http:\/\/web.philo.ulg.ac.be\/linguistique\/wp-json\/wp\/v2\/media?parent=12721"}],"wp:term":[{"taxonomy":"post_tag","embeddable":true,"href":"http:\/\/web.philo.ulg.ac.be\/linguistique\/wp-json\/wp\/v2\/tags?post=12721"},{"taxonomy":"tribe_events_cat","embeddable":true,"href":"http:\/\/web.philo.ulg.ac.be\/linguistique\/wp-json\/wp\/v2\/tribe_events_cat?post=12721"}],"curies":[{"name":"wp","href":"https:\/\/api.w.org\/{rel}","templated":true}]}}