{"id":12726,"date":"2019-03-15T13:37:48","date_gmt":"2019-03-15T12:37:48","guid":{"rendered":"http:\/\/web.philo.ulg.ac.be\/linguistique\/?post_type=tribe_events&#038;p=12726"},"modified":"2019-03-15T13:37:48","modified_gmt":"2019-03-15T12:37:48","slug":"visio-conference-friandis-de-natacha-souillard-lerass-toulouse-representations-et-construction-des-images-du-quartier-une-approche-contrastive-de-corpus-de-presse-aux-ancrages-territoriau","status":"publish","type":"tribe_events","link":"http:\/\/web.philo.ulg.ac.be\/linguistique\/evenement\/visio-conference-friandis-de-natacha-souillard-lerass-toulouse-representations-et-construction-des-images-du-quartier-une-approche-contrastive-de-corpus-de-presse-aux-ancrages-territoriau\/","title":{"rendered":"Visio-conf\u00e9rence FRIANDIS de Natacha Souillard (LERASS, Toulouse), \u00ab Repr\u00e9sentations et construction des images du quartier : une approche contrastive de corpus de presse aux ancrages territoriaux pluriels \u00bb"},"content":{"rendered":"<p>S&rsquo;inscrire aupr\u00e8s de Dominique Longr\u00e9e<\/p>\n<p>&nbsp;<\/p>\n<p><strong>Natacha Souillard<\/strong> est docteure en Sciences de l\u2019Information et de la Communication (SIC). Elle a effectu\u00e9 une th\u00e8se mettant en relation la gouvernance et la participation citoyenne en contexte local, \u00e0 partir d\u2019une approche communicationnelle de dispositifs participatifs, sous la direction de Pascal Marchand, au sein du LERASS (Laboratoire de Recherches et d\u2019\u00c9tudes Appliqu\u00e9es en Sciences Sociales), \u00e0 l\u2019Universit\u00e9 Toulouse 3 Paul Sabatier.<\/p>\n<p>&nbsp;<\/p>\n<p>La conf\u00e9renci\u00e8re propose de mettre en perspective l\u2019apport de m\u00e9thodes d\u2019analyse statistiques de donn\u00e9es textuelles pour l\u2019appr\u00e9hension des multiples repr\u00e9sentations du \u00ab\u00a0quartier\u00a0\u00bb en tant qu\u2019objet discursif, \u00e9tudi\u00e9es \u00e0 partir d\u2019une approche contrastive de trois corpus de presse diff\u00e9rents. Les deux premiers corpus sont compos\u00e9s d\u2019articles extraits de la Presse Quotidienne Nationale et R\u00e9gionale (PQN et PQR) fran\u00e7aises en ayant recours \u00e0 des mots cl\u00e9s. Le troisi\u00e8me corpus est compos\u00e9 des \u00e9ditions de dix journaux et bulletins associatifs de quartiers toulousains. Ces articles et titres collect\u00e9s suivent une temporalit\u00e9 variable et ont un ancrage territorial diff\u00e9rent, la collecte et l\u2019approche contrastive de ces trois corpus soul\u00e8vent ainsi des enjeux m\u00e9thodologiques particuliers. L\u2019analyse permet cependant de mettre en \u00e9vidence, par un effet de loupe, les diff\u00e9rents processus et logiques de m\u00e9diatisation qui contribuent \u00e0 la cr\u00e9ation des images d\u2019une composante urbaine, le quartier, et de ses habitants, entre discours et contre-discours.<\/p>\n<p>&nbsp;<\/p>\n","protected":false},"excerpt":{"rendered":"<p>S&rsquo;inscrire aupr\u00e8s de Dominique Longr\u00e9e &nbsp; Natacha Souillard est docteure en Sciences de l\u2019Information et de [&hellip;]<\/p>\n","protected":false},"author":2,"featured_media":0,"template":"","meta":{"_tribe_events_status":"","_tribe_events_status_reason":"","footnotes":""},"tags":[],"tribe_events_cat":[88],"class_list":["post-12726","tribe_events","type-tribe_events","status-publish","hentry","tribe_events_cat-conference","cat_conference"],"_links":{"self":[{"href":"http:\/\/web.philo.ulg.ac.be\/linguistique\/wp-json\/wp\/v2\/tribe_events\/12726","targetHints":{"allow":["GET"]}}],"collection":[{"href":"http:\/\/web.philo.ulg.ac.be\/linguistique\/wp-json\/wp\/v2\/tribe_events"}],"about":[{"href":"http:\/\/web.philo.ulg.ac.be\/linguistique\/wp-json\/wp\/v2\/types\/tribe_events"}],"author":[{"embeddable":true,"href":"http:\/\/web.philo.ulg.ac.be\/linguistique\/wp-json\/wp\/v2\/users\/2"}],"version-history":[{"count":1,"href":"http:\/\/web.philo.ulg.ac.be\/linguistique\/wp-json\/wp\/v2\/tribe_events\/12726\/revisions"}],"predecessor-version":[{"id":12727,"href":"http:\/\/web.philo.ulg.ac.be\/linguistique\/wp-json\/wp\/v2\/tribe_events\/12726\/revisions\/12727"}],"wp:attachment":[{"href":"http:\/\/web.philo.ulg.ac.be\/linguistique\/wp-json\/wp\/v2\/media?parent=12726"}],"wp:term":[{"taxonomy":"post_tag","embeddable":true,"href":"http:\/\/web.philo.ulg.ac.be\/linguistique\/wp-json\/wp\/v2\/tags?post=12726"},{"taxonomy":"tribe_events_cat","embeddable":true,"href":"http:\/\/web.philo.ulg.ac.be\/linguistique\/wp-json\/wp\/v2\/tribe_events_cat?post=12726"}],"curies":[{"name":"wp","href":"https:\/\/api.w.org\/{rel}","templated":true}]}}