{"id":8420,"date":"2016-09-28T14:59:14","date_gmt":"2016-09-28T12:59:14","guid":{"rendered":"http:\/\/web.philo.ulg.ac.be\/transitions\/?page_id=8420"},"modified":"2019-08-27T15:32:01","modified_gmt":"2019-08-27T13:32:01","slug":"archives","status":"publish","type":"page","link":"http:\/\/web.philo.ulg.ac.be\/transitions\/archives\/","title":{"rendered":"Archives"},"content":{"rendered":"<div class=\"fusion-fullwidth fullwidth-box fusion-builder-row-1 nonhundred-percent-fullwidth non-hundred-percent-height-scrolling\" style=\"background-color: #ffffff;background-position: center center;background-repeat: no-repeat;padding-top:0px;padding-right:0px;padding-bottom:0px;padding-left:0px;margin-bottom: 0px;margin-top: 0px;border-width: 0px 0px 0px 0px;border-color:#eae9e9;border-style:solid;\" ><div class=\"fusion-builder-row fusion-row\"><div class=\"fusion-layout-column fusion_builder_column fusion-builder-column-0 fusion_builder_column_1_1 1_1 fusion-one-full fusion-column-first fusion-column-last\" style=\"margin-top:0px;margin-bottom:0px;\"><div class=\"fusion-column-wrapper fusion-flex-column-wrapper-legacy\" style=\"background-position:left top;background-repeat:no-repeat;-webkit-background-size:cover;-moz-background-size:cover;-o-background-size:cover;background-size:cover;padding: 0px 0px 0px 0px;\"><style type=\"text\/css\"><\/style><div class=\"fusion-title title fusion-title-1 sep-underline sep-solid fusion-title-text fusion-title-size-one\" style=\"border-bottom-color:#00843b;margin-top:35px;margin-right:0px;margin-bottom:80px;margin-left:0px;\"><h1 class=\"title-heading-left fusion-responsive-typography-calculated\" style=\"margin:0;--fontSize:42;line-height:1;\">Archives<\/h1><\/div><div class=\"fusion-text fusion-text-1\">\n\t\t\t\t<div class=\"event-list\">\n\t\t\t\t<style type=\"text\/css\">\n\t\t\t\t\t.filterbar { display:table; width:100% }\n\t\t\t\t\t.filterbar > div { display:table-cell }\n\t\t\t\t<\/style>\n\t\t\t\t<!--[if lte IE 7]>\n\t\t\t\t<style>.filterbar > div { float:left }<\/style>\n\t\t\t\t<![endif]-->\n\t\t\t\t<div class=\"filterbar subsubsub\">\n\t\t\t\t\t<div style=\"text-align:left\"><ul class=\"hlist\"><li><strong>Tous<\/strong><\/li><li><a href=\"http:\/\/web.philo.ulg.ac.be\/transitions\/archives\/?date1=upcoming\">A venir<\/a><\/li><li><a href=\"http:\/\/web.philo.ulg.ac.be\/transitions\/archives\/?date1=2010\">2010<\/a><\/li><li><a href=\"http:\/\/web.philo.ulg.ac.be\/transitions\/archives\/?date1=2011\">2011<\/a><\/li><li><a href=\"http:\/\/web.philo.ulg.ac.be\/transitions\/archives\/?date1=2012\">2012<\/a><\/li><li><a href=\"http:\/\/web.philo.ulg.ac.be\/transitions\/archives\/?date1=2013\">2013<\/a><\/li><li><a href=\"http:\/\/web.philo.ulg.ac.be\/transitions\/archives\/?date1=2014\">2014<\/a><\/li><li><a href=\"http:\/\/web.philo.ulg.ac.be\/transitions\/archives\/?date1=2015\">2015<\/a><\/li><li><a href=\"http:\/\/web.philo.ulg.ac.be\/transitions\/archives\/?date1=2016\">2016<\/a><\/li><li><a href=\"http:\/\/web.philo.ulg.ac.be\/transitions\/archives\/?date1=2017\">2017<\/a><\/li><li><a href=\"http:\/\/web.philo.ulg.ac.be\/transitions\/archives\/?date1=2018\">2018<\/a><\/li><li><a href=\"http:\/\/web.philo.ulg.ac.be\/transitions\/archives\/?date1=2019\">2019<\/a><\/li><\/ul>\n\t\t\t\t\t<\/div><\/div>\n\t\t\t\t<ul class=\"event-list-view\">\n\t\t\t \t<li class=\"event membres\">\n\t\t\t\t\t<div class=\"event-date\"><div class=\"end-date\"><div class=\"event-weekday\">dim<\/div><div class=\"event-day\">15<\/div><div class=\"event-month\">Sep<\/div><div class=\"event-year\">2019<\/div><\/div><\/div>\n\t\t\t\t\t<div class=\"event-info multi-day\"><div class=\"event-title\"><h3>Appel \u00e0 communications : Naturalisation et l\u00e9gitimation des pouvoirs (1300\u20131800). Entreprise d\u2019histoire compar\u00e9e<\/h3><\/div><div class=\"event-details\"><p style=\"text-align: justify;\">Le renvoi \u00e0 la \u00ab naturalit\u00e9 \u00bb appara\u00eet \u00eatre, tant dans les soci\u00e9t\u00e9s anciennes que contemporaines, une justification r\u00e9currente des formes de domination et des pouvoirs. L\u2019ambition du double colloque interdisciplinaire qui se tiendra \u00e0 l\u2019<em>Universit\u00e9 de Luxembourg<\/em> (28\u201329 novembre 2019) et \u00e0 <em>l\u2019\u00d6sterreischiche Akademie der Wissenschaften de Vienne<\/em> (2\u20133 avril 2020) est de cerner les continuit\u00e9s et les transformations de ce concept \u00e0 travers le temps et l\u2019espace, sur le continent europ\u00e9en entre 1300 et 1800, afin de produire, \u00e0 terme, une synth\u00e8se collective.<\/p>\n<p style=\"text-align: justify;\">Plus d\u2019informations sont disponibles dans l\u2019argumentaire ci-joint.<\/p>\n<p style=\"text-align: justify;\">Les chercheurs.ses int\u00e9ress\u00e9.e.s par ce projet, toutes disciplines confondues, sont convi\u00e9.e.s \u00e0 envoyer leurs propositions de communication avant le 15 septembre 2019 \u00e0 <a href=\"mailto:loiseadde@yahoo.fr;\">\u00c9lo\u00efse Adde<\/a> et <a href=\"mailto:Jonathan.Dumont@oeaw.ac.at;\">Jonathan Dumont<\/a>.<\/p>\n<p><a href=\"http:\/\/web.philo.ulg.ac.be\/transitions\/wp-content\/uploads\/sites\/3\/2019\/06\/Naturalit\u00e9-Naturalness-NaturlichkeitFINAL.pdf\">Appel \u00e0 communications\/Call for Papers<\/a><\/p>\n<\/div><\/div>\n\t\t\t\t<\/li>\n\t\t\t \t<li class=\"event colloques\">\n\t\t\t\t\t<div class=\"event-date\"><div class=\"end-date\"><div class=\"event-weekday\">lun<\/div><div class=\"event-day\">09<\/div><div class=\"event-month\">Sep<\/div><div class=\"event-year\">2019<\/div><\/div><\/div>\n\t\t\t\t\t<div class=\"event-info multi-day\"><div class=\"event-title\"><h3>Giornata di studi: \u00abil romanesco tra ieri e oggi\u00bb<\/h3><\/div><span class=\"event-time\">09h00<\/span><span class=\"event-location\">Salle des professeurs, A1 \u2013 B\u00e2timent central \u2013 Place 20-Ao\u00fbt, Li\u00e8ge<\/span><div class=\"event-details\"><p style=\"text-align: justify;\">Sono passate pi\u00f9 di due decadi da quando Ugo Vignuzzi (1995:164b) constat\u00f2, per l\u2019Italia mediana, l\u2019esigenza di \u2018intensifica[re] le ricerche di archivio e le relative indagini sulle testimonianze in volgare, che per certe zone risulta[va]no praticamente allo stato embrionale\u2019. Da allora, numerose e variegate sono state le acquisizioni documentarie \u2013 a cui, nei migliori dei casi, fecero seguito dettagliate analisi linguistiche \u2013 che hanno permesso di fare luce su alcuni aspetti irrisolti del romanesco (cfr. ad esempio, per il periodo medievale e rinascimentale, Trifone 1998 e Formentin 2012).<\/p>\n<p style=\"text-align: justify;\">Ideato e realizzato nell\u2019ambito del progetto \u2018<a href=\"http:\/\/web.philo.ulg.ac.be\/transitions\/post-doctorats-en-cours\/#valenti\" target=\"_blank\" rel=\"noopener\">ROMANESCO 800\u20131550<\/a>\u2019, questo workshop si propone di mettere in risalto eventuali nuove testimonianze ancora inedite, di presentare gli studi linguistici in corso (lungo tutto l\u2019arco cronologico dalle Origini all\u2019et\u00e0 moderna), nonch\u00e9 di fare il punto sul materiale archivistico \u2013 edito e inedito \u2013 fino ad oggi noto. Successivamente alla catalogazione di D\u2019Achille\u2013Giovanardi (1984) \u00e8 stato infatti rinvenuto negli archivi un cospicuo numero di fonti che trasmettono testi in romanesco, le quali furono debitamente comunicate negli aggiornamenti bibliografici che seguirono (si veda in primo luogo lo Schedario del Lazio della \u00abRivista italiana di dialettologia\u00bb, ma anche Costa 1995 e D\u2019Achille 2009). Tuttavia la crescente mole di segnalazioni documentarie, unita alle innovazioni informatiche e tecnologiche di questi ultimi anni (ormai sempre pi\u00f9 alla portata anche di utenti non specializzati), rendono necessario un ripensamento globale delle modalit\u00e0 di condivisione delle nuove scoperte derivanti dalle singole ricerche archivistiche, filologiche e linguistiche.<\/p>\n<p style=\"text-align: justify;\">Organizzazione : <a href=\"mailto:gianluca.valenti@uliege.be\">Gianluca Valenti<\/a><\/p>\n<p><a href=\"http:\/\/web.philo.ulg.ac.be\/transitions\/wp-content\/uploads\/sites\/3\/2019\/04\/Liegi-9.9.2019-Programma-provvisorio.pdf\">Programma provvisorio<\/a><\/p>\n<\/div><\/div>\n\t\t\t\t<\/li>\n\t\t\t \t<li class=\"event membres\">\n\t\t\t\t\t<div class=\"event-date\"><div class=\"end-date\"><div class=\"event-weekday\">dim<\/div><div class=\"event-day\">30<\/div><div class=\"event-month\">Juin<\/div><div class=\"event-year\">2019<\/div><\/div><\/div>\n\t\t\t\t\t<div class=\"event-info multi-day\"><div class=\"event-title\"><h3>Call For Papers: Impression et diffusion de la loi dans les Pays-Bas habsbourgeois, les Provinces-Unies et la principaut\u00e9 de Li\u00e8ge aux temps modernes (XVIe-XVIIIe si\u00e8cle)<\/h3><\/div><div class=\"event-details\"><p><a href=\"http:\/\/web.philo.ulg.ac.be\/transitions\/wp-content\/uploads\/sites\/3\/2019\/05\/b11777x-copie.jpg\"><img decoding=\"async\" class=\"alignleft size-medium wp-image-10023\" src=\"http:\/\/web.philo.ulg.ac.be\/transitions\/wp-content\/uploads\/sites\/3\/2019\/05\/b11777x-copie-300x74.jpg\" alt=\"\" width=\"150\" srcset=\"http:\/\/web.philo.ulg.ac.be\/transitions\/wp-content\/uploads\/sites\/3\/2019\/05\/b11777x-copie-300x74.jpg 300w, http:\/\/web.philo.ulg.ac.be\/transitions\/wp-content\/uploads\/sites\/3\/2019\/05\/b11777x-copie-768x190.jpg 768w, http:\/\/web.philo.ulg.ac.be\/transitions\/wp-content\/uploads\/sites\/3\/2019\/05\/b11777x-copie-1024x254.jpg 1024w, http:\/\/web.philo.ulg.ac.be\/transitions\/wp-content\/uploads\/sites\/3\/2019\/05\/b11777x-copie.jpg 1146w\" sizes=\"(max-width: 300px) 100vw, 300px\" \/><\/a><\/p>\n<p style=\"text-align: justify;\">Call For Papers: Impression et diffusion de la loi dans les Pays-Bas habsbourgeois, les Provinces-Unies et la principaut\u00e9 de Li\u00e8ge aux temps modernes (XVIe-XVIIIe si\u00e8cle) \/ Printing and disseminating the Law in the Habsburg Netherlands, the Dutch Republic and the Prince-Bishopric of Liege in the early modern period (16th-18th century) (Li\u00e8ge, Universit\u00e9 de Li\u00e8ge, 5-6 d\u00e9cembre 2019). Deadline pour la soumission: 30 juin 2019. Contact: <a href=\"mailto:renaud.adam@uliege.be\">Renaud Adam<\/a>.<\/p>\n<p><a href=\"http:\/\/web.philo.ulg.ac.be\/transitions\/wp-content\/uploads\/sites\/3\/2019\/05\/Printing_Law_CfP_FR.pdf\">Appel \u00e0 contributions<\/a><br \/>\n<a href=\"http:\/\/web.philo.ulg.ac.be\/transitions\/wp-content\/uploads\/sites\/3\/2019\/05\/Printing_Law_CfP_EN.pdf\">Call for papers<\/a><\/p>\n<\/div><\/div>\n\t\t\t\t<\/li>\n\t\t\t \t<li class=\"event colloques\">\n\t\t\t\t\t<div class=\"event-date multi-date\"><div class=\"start-date\"><div class=\"event-weekday\">mer<\/div><div class=\"event-day\">19<\/div><div class=\"event-month\">Juin<\/div><div class=\"event-year\">2019<\/div><\/div><div class=\"end-date\"><div class=\"event-weekday\">sam<\/div><div class=\"event-day\">31<\/div><div class=\"event-month\">Ao\u00fbt<\/div><div class=\"event-year\">2019<\/div><\/div><\/div>\n\t\t\t\t\t<div class=\"event-info multi-day\"><div class=\"event-title\"><h3>Call For Papers: Marges (XIe-XVIIe si\u00e8cles). Journ\u00e9es doctorales internationales de Transitions 2020<\/h3><\/div><div class=\"event-details\"><p style=\"text-align: justify;\">Appel \u00e0 communications : Journ\u00e9es doctorales de <em>Transitions<\/em>, 5e \u00e9dition (5-6 f\u00e9vrier 2020).<\/p>\n<p style=\"text-align: justify;\">En collaboration avec le Centre d\u2019\u00e9tudes sup\u00e9rieures de civilisation m\u00e9di\u00e9vale de l'Universit\u00e9 de Poitiers (Universit\u00e9 de Poitiers) et le Centre for Medieval Literature des universit\u00e9s de York et du Danemark du Sud (Odense, SDU Kolding).<\/p>\n<p style=\"text-align: justify;\">Comit\u00e9 organisateur \u00e0 l'Universit\u00e9 de Li\u00e8ge : Giulia Barison, Alexandre Goderniaux, Eva Trizzullo, Gaylen Vankan, V\u00e9ronique Winand.<\/p>\n<p><a href=\"http:\/\/web.philo.ulg.ac.be\/transitions\/wp-content\/uploads\/sites\/3\/2019\/06\/CFP_Marges_Transitions2020.pdf\">Appel \u00e0 communications\/Call for papers (FR\/EN)<\/a><\/p>\n<\/div><\/div>\n\t\t\t\t<\/li>\n\t\t\t \t<li class=\"event membres\">\n\t\t\t\t\t<div class=\"event-date\"><div class=\"end-date\"><div class=\"event-weekday\">jeu<\/div><div class=\"event-day\">13<\/div><div class=\"event-month\">Juin<\/div><div class=\"event-year\">2019<\/div><\/div><\/div>\n\t\t\t\t\t<div class=\"event-info multi-day\"><div class=\"event-title\"><h3>L\u2019homme dans le cabinet de curiosit\u00e9s - Myriam Marrache-Gouraud (Universit\u00e9 de Bretagne Occidentale)<\/h3><\/div><span class=\"event-time\">20h00<\/span><span class=\"event-location\">Domaine du Ch\u00e2teau de Jehay  Rue du Parc, n\u00b01  4540 AMAY<\/span><div class=\"event-details\"><p style=\"text-align=justify;\">Ma\u00eetre de Conf\u00e9rences en Litt\u00e9rature du XVIe si\u00e8cle \u00e0 Brest, \u00e0 la Facult\u00e9 des Lettres de l'Universit\u00e9 de Bretagne Occidentale, Myriam Marrache-Gouraud est l\u2019auteur de nombreux articles et livres \u00e0 propos de Rabelais et des cabinets de curiosit\u00e9s, notamment dans l\u2019ouvrage de r\u00e9f\u00e9rence <em>La licorne et le b\u00e9zoard. Une histoire des cabinets de curiosit\u00e9s<\/em>.<\/p>\n<p style=\"text-align=justify;\">Les cabinets de curiosit\u00e9s abritent traditionnellement des merveilles de la nature et de l\u2019art. Crocodiles, serpents g\u00e9ants, cam\u00e9l\u00e9ons et \u0153ufs d\u2019autruche y c\u00f4toient des coraux, racines monstrueuses, monnaies anciennes ou objets d\u2019art tr\u00e8s raffin\u00e9s. Mais l\u2019homme, on le sait moins, a aussi sa place parmi les curiosit\u00e9s : les formes humaines exceptionnelles voisinent avec les formes animales, v\u00e9g\u00e9tales, min\u00e9rales dans les collections. La conf\u00e9rence permettra de comprendre quels types de sp\u00e9cimens humains sont collectionn\u00e9s, et pourquoi ils le sont.<\/p>\n<p><strong>Organisation<\/strong> : <a href=\"mailto:Alexandre.Galand@chateaujehay.be;\">Alexandre Galand<\/a><\/p>\n<\/div><\/div>\n\t\t\t\t<\/li>\n\t\t\t \t<li class=\"event colloques\">\n\t\t\t\t\t<div class=\"event-date\"><div class=\"end-date\"><div class=\"event-weekday\">lun<\/div><div class=\"event-day\">03<\/div><div class=\"event-month\">Juin<\/div><div class=\"event-year\">2019<\/div><\/div><\/div>\n\t\t\t\t\t<div class=\"event-info multi-day\"><div class=\"event-title\"><h3>Doctoriales des m\u00e9di\u00e9vistes du Grand Est<\/h3><\/div><span class=\"event-time\">09h00<\/span><span class=\"event-location\">Universit\u00e9 de Li\u00e8ge, S50 (B\u00e2t A4)<\/span><div class=\"event-details\"><p><a href=\"http:\/\/web.philo.ulg.ac.be\/transitions\/wp-content\/uploads\/sites\/3\/2019\/05\/Affiche.png\"><img decoding=\"async\" class=\"alignleft size-medium wp-image-10024\" src=\"http:\/\/web.philo.ulg.ac.be\/transitions\/wp-content\/uploads\/sites\/3\/2019\/05\/Affiche-212x300.png\" alt=\"\" width=\"150\" srcset=\"http:\/\/web.philo.ulg.ac.be\/transitions\/wp-content\/uploads\/sites\/3\/2019\/05\/Affiche-212x300.png 212w, http:\/\/web.philo.ulg.ac.be\/transitions\/wp-content\/uploads\/sites\/3\/2019\/05\/Affiche-724x1024.png 724w, http:\/\/web.philo.ulg.ac.be\/transitions\/wp-content\/uploads\/sites\/3\/2019\/05\/Affiche-768x1086.png 768w\" sizes=\"(max-width: 212px) 100vw, 212px\" \/><\/a><\/p>\n<p style=\"text-align: justify;\">Journ\u00e9e organis\u00e9e par Fl. Close (Histoire du Moyen \u00c2ge Occidental), A. Marchandisse, (Histoire du Moyen \u00c2ge Tardif et de la Renaissance), B. Van den Bossche (Histoire de l\u2019Art et Arch\u00e9ologie du Moyen \u00c2ge) et G. Wymmersch (coordinateur de la journ\u00e9e).<\/p>\n<p style=\"text-align: justify;\">Intentions de participation souhait\u00e9es avant le 27 mai 2019.<br \/>\nInformations et inscriptions : <a href=\"mailto:gwymmersch@uliege.be\">G. Wymmersch<\/a>.<\/p>\n<\/div><\/div>\n\t\t\t\t<\/li>\n\t\t\t \t<li class=\"event membres\">\n\t\t\t\t\t<div class=\"event-date\"><div class=\"end-date\"><div class=\"event-weekday\">ven<\/div><div class=\"event-day\">24<\/div><div class=\"event-month\">Mai<\/div><div class=\"event-year\">2019<\/div><\/div><\/div>\n\t\t\t\t\t<div class=\"event-info multi-day\"><div class=\"event-title\"><h3>Nouvelles perspectives sur les maternit\u00e9s. Regards crois\u00e9s des sciences et de la litt\u00e9rature <\/h3><\/div><span class=\"event-time\">15h30<\/span><span class=\"event-location\"> Institut Pierre Werner, 28 rue M\u00fcnster, 2160 Luxembourg<\/span><div class=\"event-details\"><p style=\"text-align: justify;\">La maternit\u00e9 est un sujet qui divise. Largement investie par les st\u00e9r\u00e9otypes, l\u2019image des m\u00e8res est prise dans un faisceau de repr\u00e9sentations depuis l\u2019Antiquit\u00e9 jusqu\u2019\u00e0 nos jours. Tant\u00f4t source d\u2019oppression, tant\u00f4t source de pouvoir, la maternit\u00e9 est indissociable de la construction sociale des. La procr\u00e9ation se place ainsi comme la pierre angulaire de la f\u00e9minit\u00e9, essentialisant le genre f\u00e9minin et les corps des femmes. Ces derniers se font les r\u00e9ceptacles des constructions sociales : accepter ou refuser la procr\u00e9ation, \u00eatre fertile ou \u00eatre st\u00e9rile, autant de faits qui conditionnent la mani\u00e8re dont la f\u00e9minit\u00e9 est socialement construite et per\u00e7ue.<\/p>\n<p style=\"text-align: justify;\">Penser la maternit\u00e9 convoque tous les aspects de la vie biologique et sociale, m\u00ealant \u00e9troitement des pratiques (sociales, m\u00e9dicales, anthropologiques, etc.) et des repr\u00e9sentations que les arts ont investi. Si la grossesse, l\u2019accession \u00e0 la maternit\u00e9 ont pu quitter au XXe si\u00e8cle le domaine du tabou litt\u00e9raire et social (D\u00e9trez, Simon 2006), reste que les \u0153uvres artistiques t\u00e9moignent de la difficult\u00e9 \u00e0 s\u2019extraire d\u2019une pens\u00e9e binaire de la maternit\u00e9, tout en mettant en mots des enjeux contemporains qui d\u00e9cha\u00eenent les passions. Ces questionnements sociaux et juridiques, qui nourrissent les \u0153uvres artistiques, renvoient \u00e9galement aux pratiques m\u00e9dicales entourant la maternit\u00e9, et donc les corps des femmes. Bien avant notre \u00e9poque contemporaine d\u2019ailleurs, le Moyen \u00c2ge occidental, pour ancrer notre r\u00e9flexion dans le temps et l\u2019espace, voit la maternit\u00e9 (grossesse, accouchement, allaitement, mise en nourrice, et prime \u00e9ducation du nourrisson puis du b\u00e9b\u00e9) comme objet du d\u00e9veloppement d\u2019un discours m\u00e9dical prescriptif.<\/p>\n<p style=\"text-align: justify;\">Ce cycle de s\u00e9minaire est l\u2019occasion de faire dialoguer humanit\u00e9s et sciences autour de ce que le concept de maternit\u00e9 implique tant au niveau des pratiques qu\u2019\u00e0 celui des repr\u00e9sentations, de mani\u00e8re \u00e0 d\u00e9construire les discours traditionnels qui s\u2019articulent autour de normalit\u00e9 \/ anormalit\u00e9. Il s\u2019agira d\u2019explorer, au-del\u00e0 de tout syst\u00e8me d\u2019opposition, les grands topo\u00ef li\u00e9s \u00e0 la maternit\u00e9 : le fait de donner naissance, la maternit\u00e9 \u00e0 travers les \u00e2ges, les corps des femmes et l\u2019allaitement, la maternit\u00e9 et l\u2019\u00e9thique, la violence des m\u00e8res et l\u2019homoparentalit\u00e9 f\u00e9minine.<\/p>\n<p style=\"text-align: justify;\">Organisation : <a href=\"mailto:helene.barthelmebs-raguin@uni.lu\">H\u00e9l\u00e8ne Barthelmebs<\/a> et <a href=\"mailto:marjolaine.raguin@uliege.be\">Marjolaine Raguin<\/a><\/p>\n<p><a href=\"http:\/\/web.philo.ulg.ac.be\/transitions\/wp-content\/uploads\/sites\/3\/2018\/09\/D\u00e9pliant-Maternit\u00e9s_v2-compressed.pdf\">Programme<\/a><\/p>\n<\/div><\/div>\n\t\t\t\t<\/li>\n\t\t\t \t<li class=\"event membres\">\n\t\t\t\t\t<div class=\"event-date\"><div class=\"end-date\"><div class=\"event-weekday\">mer<\/div><div class=\"event-day\">22<\/div><div class=\"event-month\">Mai<\/div><div class=\"event-year\">2019<\/div><\/div><\/div>\n\t\t\t\t\t<div class=\"event-info multi-day\"><div class=\"event-title\"><h3>Pr\u00e9sentation de l&#039;ouvrage - L\u00e9onard de Vinci \u00e0 la cour de France, Rennes, Presses universitaires de Rennes, 2019 par Laure Fagnart<\/h3><\/div><span class=\"event-time\">18h00<\/span><span class=\"event-location\">Librairie Eco del Nord (rue de la R\u00e9gence, 46, 4000 Li\u00e8ge)<\/span><div class=\"event-details\"><p><a href=\"http:\/\/web.philo.ulg.ac.be\/transitions\/wp-content\/uploads\/sites\/3\/2019\/05\/Affiche-Rencontre-22-mai-2019-Fagnart.jpg\"><img decoding=\"async\" class=\"alignleft size-medium wp-image-10020\" src=\"http:\/\/web.philo.ulg.ac.be\/transitions\/wp-content\/uploads\/sites\/3\/2019\/05\/Affiche-Rencontre-22-mai-2019-Fagnart-212x300.jpg\" alt=\"\" width=\"150\" srcset=\"http:\/\/web.philo.ulg.ac.be\/transitions\/wp-content\/uploads\/sites\/3\/2019\/05\/Affiche-Rencontre-22-mai-2019-Fagnart-212x300.jpg 212w, http:\/\/web.philo.ulg.ac.be\/transitions\/wp-content\/uploads\/sites\/3\/2019\/05\/Affiche-Rencontre-22-mai-2019-Fagnart-724x1024.jpg 724w, http:\/\/web.philo.ulg.ac.be\/transitions\/wp-content\/uploads\/sites\/3\/2019\/05\/Affiche-Rencontre-22-mai-2019-Fagnart-768x1086.jpg 768w\" sizes=\"(max-width: 212px) 100vw, 212px\" \/><\/a><\/p>\n<p style=\"text-align: justify;\">Pr\u00e9sentation de l'ouvrage - <em>L\u00e9onard de Vinci \u00e0 la cour de France<\/em>, Rennes, Presses universitaires de Rennes, 2019 par Laure Fagnart.<\/p>\n<p style=\"text-align: justify;\">L'histoire des relations et des engagements entre L\u00e9onard de Vinci et les rois fran\u00e7ais compte bien des \u00e9pisodes. Comment ses tableaux sont-ils entr\u00e9s en possession des souverains fran\u00e7ais ? Sont-ils issus de commandes royales, ont-ils \u00e9t\u00e9 saisis \u00e0 l'occasion des guerres d'Italie, ont-ils \u00e9t\u00e9 acquis aupr\u00e8s d'autres collectionneurs prestigieux du temps ? Quel a \u00e9t\u00e9 leur parcours dans la collection royale fran\u00e7aise de peintures sous Fran\u00e7ois Ier et sous ses successeurs, Henri IV et Louis XIV en t\u00eate ? Ce livre propose de r\u00e9pondre \u00e0 ces questions et de restituer ainsi une tranche de l'histoire des rapports entre le ma\u00eetre italien et la France.<\/p>\n<\/div><\/div>\n\t\t\t\t<\/li>\n\t\t\t \t<li class=\"event seminaires\">\n\t\t\t\t\t<div class=\"event-date\"><div class=\"end-date\"><div class=\"event-weekday\">mer<\/div><div class=\"event-day\">08<\/div><div class=\"event-month\">Mai<\/div><div class=\"event-year\">2019<\/div><\/div><\/div>\n\t\t\t\t\t<div class=\"event-info multi-day\"><div class=\"event-title\"><h3>S\u00e9minaire - Les sources, de la trace au discours : cadres th\u00e9oriques, analyse et m\u00e9thodes<\/h3><\/div><span class=\"event-time\">12h00<\/span><span class=\"event-location\">Universit\u00e9 de Li\u00e8ge, salle de l&#039;Horloge (B\u00e2t A1)<\/span><div class=\"event-details\"><p><a href=\"http:\/\/web.philo.ulg.ac.be\/transitions\/wp-content\/uploads\/sites\/3\/2019\/02\/AfficheS\u00e9minaireTransitions-page-001.jpg\"><img decoding=\"async\" class=\"alignleft size-medium wp-image-9969\" src=\"http:\/\/web.philo.ulg.ac.be\/transitions\/wp-content\/uploads\/sites\/3\/2019\/02\/AfficheS\u00e9minaireTransitions-page-001-225x300.jpg\" alt=\"\" width=\"150\" srcset=\"http:\/\/web.philo.ulg.ac.be\/transitions\/wp-content\/uploads\/sites\/3\/2019\/02\/AfficheS\u00e9minaireTransitions-page-001-225x300.jpg 225w, http:\/\/web.philo.ulg.ac.be\/transitions\/wp-content\/uploads\/sites\/3\/2019\/02\/AfficheS\u00e9minaireTransitions-page-001-768x1024.jpg 768w, http:\/\/web.philo.ulg.ac.be\/transitions\/wp-content\/uploads\/sites\/3\/2019\/02\/AfficheS\u00e9minaireTransitions-page-001.jpg 1575w\" sizes=\"(max-width: 225px) 100vw, 225px\" \/><\/a><\/p>\n<p style=\"text-align: justify;\">S\u00e9minaire des doctorants de <em>Transitions<\/em>.<\/p>\n<p style=\"text-align: justify;\">Programme :<\/p>\n<ul>\n<li>Aude Sartenar (U. de Gen\u00e8ve - ULi\u00e8ge) \u2013 <em>Existe-t-il une biographie chevaleresque occitane ? La notion de source appliqu\u00e9e aux <\/em>Chroniques romanes<em> des comtes de Foix d\u2019Arnaud Esquerrier.<\/em><\/li>\n<li>Lucia Aquino (ULi\u00e8ge) \u2013 <em>Baccio Pontelli, marqueteur florentin : des traces documentaires aux \u0153uvres.<\/em><\/li>\n<li>S\u00e9bastien Damoiseaux, Aleuna Macarenko &amp; V\u00e9ronique Winand (ULi\u00e8ge) \u2013 <em>Conclusions.<\/em><\/li>\n<\/ul>\n<p>Mod\u00e9ratrice : Aleuna Macarenko.<\/p>\n<p style=\"text-align: justify;\">Organisation : S\u00e9bastien Damoiseaux, Aleuna Macarenko et V\u00e9ronique Winand.<\/p>\n<\/div><\/div>\n\t\t\t\t<\/li>\n\t\t\t \t<li class=\"event conferences\">\n\t\t\t\t\t<div class=\"event-date\"><div class=\"end-date\"><div class=\"event-weekday\">jeu<\/div><div class=\"event-day\">02<\/div><div class=\"event-month\">Mai<\/div><div class=\"event-year\">2019<\/div><\/div><\/div>\n\t\t\t\t\t<div class=\"event-info multi-day\"><div class=\"event-title\"><h3>Conf\u00e9rence - Le latin \u00e0 l&#039;universit\u00e9, aujourd&#039;hui <\/h3><\/div><span class=\"event-time\">17h00<\/span><span class=\"event-location\">Universit\u00e9 de Li\u00e8ge, Th\u00e9\u00e2tre universitaire royal de Li\u00e8ge - TURLg (B\u00e2t. A4)<\/span><div class=\"event-details\"><p><a href=\"http:\/\/web.philo.ulg.ac.be\/transitions\/wp-content\/uploads\/sites\/3\/2019\/04\/LatinUniversit\u00e9-1.jpg\"><img decoding=\"async\" class=\"alignleft size-medium wp-image-10011\" src=\"http:\/\/web.philo.ulg.ac.be\/transitions\/wp-content\/uploads\/sites\/3\/2019\/04\/LatinUniversit\u00e9-1.jpg\" alt=\"\" width=\"150\" srcset=\"http:\/\/web.philo.ulg.ac.be\/transitions\/wp-content\/uploads\/sites\/3\/2019\/04\/LatinUniversit\u00e9-1-212x300.jpg 212w, http:\/\/web.philo.ulg.ac.be\/transitions\/wp-content\/uploads\/sites\/3\/2019\/04\/LatinUniversit\u00e9-1-724x1024.jpg 724w, http:\/\/web.philo.ulg.ac.be\/transitions\/wp-content\/uploads\/sites\/3\/2019\/04\/LatinUniversit\u00e9-1-768x1086.jpg 768w, http:\/\/web.philo.ulg.ac.be\/transitions\/wp-content\/uploads\/sites\/3\/2019\/04\/LatinUniversit\u00e9-1.jpg 2339w\" sizes=\"(max-width: 2339px) 100vw, 2339px\" \/><\/a><\/p>\n<p style=\"text-align: justify;\">La Facult\u00e9 de Philosophie &amp; Lettres (Dpts des Sciences de l'Antiquit\u00e9, des Sciences historiques et de Langues et Litt\u00e9ratures fran\u00e7aises et romanes), sur une initiative et avec le soutien des unit\u00e9s de recherche <em>Mondes anciens<\/em> et <em>Transitions<\/em>, organise une manifestation consacr\u00e9e au latin \u00e0 l'universit\u00e9, aujourd'hui.<\/p>\n<p style=\"text-align: justify;\">Contacts : <a href=\"mailto:Yann.Berthelet@uliege.be\">Yann Berthelet<\/a> et <a href=\"mailto:bruno.rochette@uliege.be\">Bruno Rochette<\/a>.<\/p>\n<p style=\"text-align: justify;\"><strong>R\u00e9servation souhait\u00e9e<\/strong> : <a href=\"mailto:latinuniversite@uliege.be\">latinuniversite@uliege.be<\/a>.<\/p>\n<\/div><\/div>\n\t\t\t\t<\/li>\n\t\t\t \t<li class=\"event membres\">\n\t\t\t\t\t<div class=\"event-date\"><div class=\"end-date\"><div class=\"event-weekday\">ven<\/div><div class=\"event-day\">26<\/div><div class=\"event-month\">Avr<\/div><div class=\"event-year\">2019<\/div><\/div><\/div>\n\t\t\t\t\t<div class=\"event-info multi-day\"><div class=\"event-title\"><h3>Nouvelles perspectives sur les maternit\u00e9s. Regards crois\u00e9s des sciences et de la litt\u00e9rature <\/h3><\/div><span class=\"event-time\">15h30<\/span><span class=\"event-location\"> Institut Pierre Werner, 28 rue M\u00fcnster, 2160 Luxembourg<\/span><div class=\"event-details\"><p style=\"text-align: justify;\">La maternit\u00e9 est un sujet qui divise. Largement investie par les st\u00e9r\u00e9otypes, l\u2019image des m\u00e8res est prise dans un faisceau de repr\u00e9sentations depuis l\u2019Antiquit\u00e9 jusqu\u2019\u00e0 nos jours. Tant\u00f4t source d\u2019oppression, tant\u00f4t source de pouvoir, la maternit\u00e9 est indissociable de la construction sociale des. La procr\u00e9ation se place ainsi comme la pierre angulaire de la f\u00e9minit\u00e9, essentialisant le genre f\u00e9minin et les corps des femmes. Ces derniers se font les r\u00e9ceptacles des constructions sociales : accepter ou refuser la procr\u00e9ation, \u00eatre fertile ou \u00eatre st\u00e9rile, autant de faits qui conditionnent la mani\u00e8re dont la f\u00e9minit\u00e9 est socialement construite et per\u00e7ue.<\/p>\n<p style=\"text-align: justify;\">Penser la maternit\u00e9 convoque tous les aspects de la vie biologique et sociale, m\u00ealant \u00e9troitement des pratiques (sociales, m\u00e9dicales, anthropologiques, etc.) et des repr\u00e9sentations que les arts ont investi. Si la grossesse, l\u2019accession \u00e0 la maternit\u00e9 ont pu quitter au XXe si\u00e8cle le domaine du tabou litt\u00e9raire et social (D\u00e9trez, Simon 2006), reste que les \u0153uvres artistiques t\u00e9moignent de la difficult\u00e9 \u00e0 s\u2019extraire d\u2019une pens\u00e9e binaire de la maternit\u00e9, tout en mettant en mots des enjeux contemporains qui d\u00e9cha\u00eenent les passions. Ces questionnements sociaux et juridiques, qui nourrissent les \u0153uvres artistiques, renvoient \u00e9galement aux pratiques m\u00e9dicales entourant la maternit\u00e9, et donc les corps des femmes. Bien avant notre \u00e9poque contemporaine d\u2019ailleurs, le Moyen \u00c2ge occidental, pour ancrer notre r\u00e9flexion dans le temps et l\u2019espace, voit la maternit\u00e9 (grossesse, accouchement, allaitement, mise en nourrice, et prime \u00e9ducation du nourrisson puis du b\u00e9b\u00e9) comme objet du d\u00e9veloppement d\u2019un discours m\u00e9dical prescriptif.<\/p>\n<p style=\"text-align: justify;\">Ce cycle de s\u00e9minaire est l\u2019occasion de faire dialoguer humanit\u00e9s et sciences autour de ce que le concept de maternit\u00e9 implique tant au niveau des pratiques qu\u2019\u00e0 celui des repr\u00e9sentations, de mani\u00e8re \u00e0 d\u00e9construire les discours traditionnels qui s\u2019articulent autour de normalit\u00e9 \/ anormalit\u00e9. Il s\u2019agira d\u2019explorer, au-del\u00e0 de tout syst\u00e8me d\u2019opposition, les grands topo\u00ef li\u00e9s \u00e0 la maternit\u00e9 : le fait de donner naissance, la maternit\u00e9 \u00e0 travers les \u00e2ges, les corps des femmes et l\u2019allaitement, la maternit\u00e9 et l\u2019\u00e9thique, la violence des m\u00e8res et l\u2019homoparentalit\u00e9 f\u00e9minine.<\/p>\n<p style=\"text-align: justify;\">Organisation : <a href=\"mailto:helene.barthelmebs-raguin@uni.lu\">H\u00e9l\u00e8ne Barthelmebs<\/a> et <a href=\"mailto:marjolaine.raguin@uliege.be\">Marjolaine Raguin<\/a><\/p>\n<p><a href=\"http:\/\/web.philo.ulg.ac.be\/transitions\/wp-content\/uploads\/sites\/3\/2018\/09\/D\u00e9pliant-Maternit\u00e9s_v2-compressed.pdf\">Programme<\/a><\/p>\n<\/div><\/div>\n\t\t\t\t<\/li>\n\t\t\t \t<li class=\"event conferences\">\n\t\t\t\t\t<div class=\"event-date\"><div class=\"end-date\"><div class=\"event-weekday\">jeu<\/div><div class=\"event-day\">04<\/div><div class=\"event-month\">Avr<\/div><div class=\"event-year\">2019<\/div><\/div><\/div>\n\t\t\t\t\t<div class=\"event-info multi-day\"><div class=\"event-title\"><h3>Conf\u00e9rence - Le statut d\u2019autrice au XVIe si\u00e8cle - Eliane Viennot (Universit\u00e9 Jean Monnet, Saint-\u00c9tienne)<\/h3><\/div><span class=\"event-time\">17h00<\/span><span class=\"event-location\">Universit\u00e9 de Li\u00e8ge, salle Wittert (b\u00e2t. A1)<\/span><div class=\"event-details\"><p><a href=\"http:\/\/web.philo.ulg.ac.be\/transitions\/wp-content\/uploads\/sites\/3\/2019\/01\/MargueriteNavarre.jpg\"><img decoding=\"async\" class=\"alignleft size-medium wp-image-9932\" src=\"http:\/\/web.philo.ulg.ac.be\/transitions\/wp-content\/uploads\/sites\/3\/2019\/01\/MargueriteNavarre.jpg\" alt=\"\" width=\"150\" srcset=\"http:\/\/web.philo.ulg.ac.be\/transitions\/wp-content\/uploads\/sites\/3\/2019\/01\/MargueriteNavarre-253x300.jpg 253w, http:\/\/web.philo.ulg.ac.be\/transitions\/wp-content\/uploads\/sites\/3\/2019\/01\/MargueriteNavarre.jpg 648w\" sizes=\"(max-width: 648px) 100vw, 648px\" \/><\/a><\/p>\n<p style=\"text-align: justify;\">Cette conf\u00e9rence organis\u00e9e dans le cadre du cours d'Histoire de l'Humanisme (HIST-0036) en collaboration avec le FerULg, sera prononc\u00e9e en lien avec l\u2019adaptation contemporaine de l\u2019<em>Heptam\u00e9ron<\/em> de Marguerite d\u2019Angoul\u00eame, reine de Navarre et s\u0153ur de Fran\u00e7ois Ier qui sera livr\u00e9e au Th\u00e9\u00e2tre de Li\u00e8ge (mise en sc\u00e8ne, Benjamin Lazar ; direction et cr\u00e9ation musicale Geoffroy Joudrain) entre le 30 mars et le 4 avril 2019.<\/p>\n<\/div><\/div>\n\t\t\t\t<\/li>\n\t\t\t \t<li class=\"event membres\">\n\t\t\t\t\t<div class=\"event-date\"><div class=\"end-date\"><div class=\"event-weekday\">mar<\/div><div class=\"event-day\">02<\/div><div class=\"event-month\">Avr<\/div><div class=\"event-year\">2019<\/div><\/div><\/div>\n\t\t\t\t\t<div class=\"event-info multi-day\"><div class=\"event-title\"><h3>Soutenance de th\u00e8se \u2013 Anne-Sophie Laruelle - &quot;La figure d\u2019Hercule dans l\u2019art de la tapisserie \u00e0 la Renaissance (c. 1450-1565). Fortune iconographique et usages politiques&quot;<\/h3><\/div><span class=\"event-time\">14h30<\/span><span class=\"event-location\">Universit\u00e9 de Li\u00e8ge, Salle Lumi\u00e8re (B\u00e2t A1)<\/span><div class=\"event-details\"><p style=\"text-align: justify;\">Le 2 avril 2019 \u00e0 14h30, en la salle Lumi\u00e8re de l\u2019Universit\u00e9 de Li\u00e8ge, Anne-Sophie Laruelle soutiendra publiquement sa th\u00e8se de doctorat intitul\u00e9e \"La figure d\u2019Hercule dans l\u2019art de la tapisserie \u00e0 la Renaissance (c. 1450-1565). Fortune iconographique et usages politiques\".<\/p>\n<p style=\"text-align: justify;\">Cette th\u00e8se, dirig\u00e9e par la prof. Dominique Allart (ULi\u00e8ge), propose d\u2019examiner les exploits d\u2019Hercule, l\u2019un des th\u00e8mes litt\u00e9raires et artistiques les plus appr\u00e9ci\u00e9s \u00e0 la Renaissance, dans le domaine de la tapisserie. Elle interroge, par ailleurs, le sens particulier que les princes europ\u00e9ens donnaient \u00e0 cette figure h\u00e9ro\u00efque et exemplaire.<\/p>\n<p style=\"text-align: justify;\">Le jury sera compos\u00e9 de Mmes et MM. D. Allart (ULi\u00e8ge), G. Delmarcel (KU Leuven), L. Fagnart (ULi\u00e8ge), C. Paredes (Direction des Monuments et des Sites de la R\u00e9gion de Bruxelles-Capitale \/ ULB) et B. Van den Bossche (ULi\u00e8ge).<\/p>\n<\/div><\/div>\n\t\t\t\t<\/li>\n\t\t\t \t<li class=\"event seminaires\">\n\t\t\t\t\t<div class=\"event-date\"><div class=\"end-date\"><div class=\"event-weekday\">mer<\/div><div class=\"event-day\">27<\/div><div class=\"event-month\">Mar<\/div><div class=\"event-year\">2019<\/div><\/div><\/div>\n\t\t\t\t\t<div class=\"event-info multi-day\"><div class=\"event-title\"><h3>S\u00e9minaire - Les sources, de la trace au discours : cadres th\u00e9oriques, analyse et m\u00e9thodes<\/h3><\/div><span class=\"event-time\">12h00<\/span><span class=\"event-location\">Universit\u00e9 de Li\u00e8ge, salle de l&#039;Horloge (B\u00e2t A1)<\/span><div class=\"event-details\"><p><a href=\"http:\/\/web.philo.ulg.ac.be\/transitions\/wp-content\/uploads\/sites\/3\/2019\/02\/AfficheS\u00e9minaireTransitions-page-001.jpg\"><img decoding=\"async\" class=\"alignleft size-medium wp-image-9969\" src=\"http:\/\/web.philo.ulg.ac.be\/transitions\/wp-content\/uploads\/sites\/3\/2019\/02\/AfficheS\u00e9minaireTransitions-page-001-225x300.jpg\" alt=\"\" width=\"150\" srcset=\"http:\/\/web.philo.ulg.ac.be\/transitions\/wp-content\/uploads\/sites\/3\/2019\/02\/AfficheS\u00e9minaireTransitions-page-001-225x300.jpg 225w, http:\/\/web.philo.ulg.ac.be\/transitions\/wp-content\/uploads\/sites\/3\/2019\/02\/AfficheS\u00e9minaireTransitions-page-001-768x1024.jpg 768w, http:\/\/web.philo.ulg.ac.be\/transitions\/wp-content\/uploads\/sites\/3\/2019\/02\/AfficheS\u00e9minaireTransitions-page-001.jpg 1575w\" sizes=\"(max-width: 225px) 100vw, 225px\" \/><\/a><\/p>\n<p style=\"text-align: justify;\">S\u00e9minaire des doctorants de <em>Transitions<\/em>.<\/p>\n<p style=\"text-align: justify;\">Programme :<\/p>\n<ul>\n<li>Fr\u00e9d\u00e9ric Degroote (ULi\u00e8ge - FRESH) \u2013 <em>Le livre de madrigaux comme source : r\u00e9flexions sur le cas anversois.<\/em><\/li>\n<li>Giulia Barison (U. di Siena - ULi\u00e8ge) \u2013 <em>The <\/em>Fiorita <em>by Armannino: first notes on \"group C\".<\/em><\/li>\n<\/ul>\n<p>Mod\u00e9ratrice : V\u00e9ronique Winand.<\/p>\n<p style=\"text-align: justify;\">Organisation : S\u00e9bastien Damoiseaux, Aleuna Macarenko et V\u00e9ronique Winand.<\/p>\n<\/div><\/div>\n\t\t\t\t<\/li>\n\t\t\t \t<li class=\"event membres\">\n\t\t\t\t\t<div class=\"event-date\"><div class=\"end-date\"><div class=\"event-weekday\">ven<\/div><div class=\"event-day\">22<\/div><div class=\"event-month\">Mar<\/div><div class=\"event-year\">2019<\/div><\/div><\/div>\n\t\t\t\t\t<div class=\"event-info multi-day\"><div class=\"event-title\"><h3>Soutenance de th\u00e8se - Julien R\u00e9gibeau - &quot;Faire face \u00e0 l\u2019incertitude du monde. Pratiques diplomatiques et identit\u00e9 politique du Saint-Si\u00e8ge \u00e0 l\u2019\u00e9preuve des congr\u00e8s de Westphalie (1639-1651)&quot;<\/h3><\/div><span class=\"event-time\">14h00<\/span><span class=\"event-location\">Universit\u00e9 de Li\u00e8ge, Grand Physique (B\u00e2t A1)<\/span><div class=\"event-details\"><p style=\"text-align: justify;\">Le 22 mars 2019 entre 14h00 et 17h00 en la salle Grand-Physique, Julien R\u00e9gibeau soutiendra sa th\u00e8se intitul\u00e9e \"Faire face \u00e0 l\u2019incertitude du monde. Pratiques diplomatiques et identit\u00e9 politique du Saint-Si\u00e8ge \u00e0 l\u2019\u00e9preuve des congr\u00e8s de Westphalie (1639-1651)\". Le jury sera compos\u00e9 de :<br \/>\nAnnick Delfosse (ULi\u00e8ge-promotrice)<br \/>\nBruno Demoulin (ULi\u00e8ge)<br \/>\nViolet Soen (KUL)<br \/>\nSilvano Giordano (Pontificia Universit\u00e0 Gregoriana)<br \/>\nGuido Braun (Universit\u00e9 de Haute-Alsace\/Universit\u00e4t Bonn).<br \/>\nLa soutenance de th\u00e8se est publique.<\/p>\n<\/div><\/div>\n\t\t\t\t<\/li>\n\t\t\t \t<li class=\"event colloques\">\n\t\t\t\t\t<div class=\"event-date multi-date\"><div class=\"start-date\"><div class=\"event-weekday\">jeu<\/div><div class=\"event-day\">21<\/div><div class=\"event-month\">Mar<\/div><div class=\"event-year\">2019<\/div><\/div><div class=\"end-date\"><div class=\"event-weekday\">ven<\/div><div class=\"event-day\">22<\/div><div class=\"event-month\">Mar<\/div><div class=\"event-year\">2019<\/div><\/div><\/div>\n\t\t\t\t\t<div class=\"event-info multi-day\"><div class=\"event-title\"><h3>Colloque - Transnationalit\u00e9 \u00e0 la cour \/ Transnationalism at Court<\/h3><\/div><span class=\"event-location\">Universit\u00e9 de Li\u00e8ge, salle des Professeurs (B\u00e2t. A1)<\/span><div class=\"event-details\"><p><a href=\"http:\/\/web.philo.ulg.ac.be\/transitions\/wp-content\/uploads\/sites\/3\/2019\/03\/Liege-Poster-1.jpg\"><img decoding=\"async\" class=\"alignleft size-medium wp-image-9996\" src=\"http:\/\/web.philo.ulg.ac.be\/transitions\/wp-content\/uploads\/sites\/3\/2019\/03\/Liege-Poster-1-212x300.jpg\" alt=\"\" width=\"150\" srcset=\"http:\/\/web.philo.ulg.ac.be\/transitions\/wp-content\/uploads\/sites\/3\/2019\/03\/Liege-Poster-1-212x300.jpg 212w, http:\/\/web.philo.ulg.ac.be\/transitions\/wp-content\/uploads\/sites\/3\/2019\/03\/Liege-Poster-1-724x1024.jpg 724w, http:\/\/web.philo.ulg.ac.be\/transitions\/wp-content\/uploads\/sites\/3\/2019\/03\/Liege-Poster-1-768x1086.jpg 768w, http:\/\/web.philo.ulg.ac.be\/transitions\/wp-content\/uploads\/sites\/3\/2019\/03\/Liege-Poster-1.jpg 1654w\" sizes=\"(max-width: 212px) 100vw, 212px\" \/><\/a><\/p>\n<p style=\"text-align: justify;\">Le projet de recherche MALMECC vise \u00e0 questionner les principaux mod\u00e8les historiographiques relatifs \u00e0 la p\u00e9riode m\u00e9di\u00e9vale, en se concentrant plus particuli\u00e8rement sur le r\u00f4le de la musique dans la politique, la religion et les arts en milieu curial. Un de ces mod\u00e8les est celui de la cr\u00e9ation de l\u2019Etat-nation, ce qui conduit \u00e0 consid\u00e9rer comme p\u00e9riph\u00e9riques de larges aires g\u00e9ographiques qui jou\u00e8rent pourtant \u00e0 l\u2019\u00e9poque un r\u00f4le culturel et identitaire de premier plan mais qui ont depuis disparu au sein de nations modernes, \u00e0 l\u2019image de l\u2019ancienne principaut\u00e9 de Li\u00e8ge, aujourd\u2019hui \u00ab divis\u00e9e \u00bb entre Belgique et Pays-Bas, ou les r\u00e9gions gouvern\u00e9es par la dynastie de Luxembourg au cours des ann\u00e9es 1250-1450, qui incluaient des parties des actuelles France, Pologne, R\u00e9publique tch\u00e8que, Allemagne, Belgique et Luxembourg. Cette conf\u00e9rence sera d\u00e9di\u00e9e \u00e0 l\u2019\u00e9tude de tels ph\u00e9nom\u00e8nes et \u00e9changes culturels pr\u00e9-nationaux et transnationaux, autour des Pays-Bas et d\u2019une comparaison avec le contexte europ\u00e9en.<\/p>\n<p><a href=\"http:\/\/web.philo.ulg.ac.be\/transitions\/wp-content\/uploads\/sites\/3\/2019\/03\/Liege-Leaflet.pdf\">Programme<\/a><\/p>\n<\/div><\/div>\n\t\t\t\t<\/li>\n\t\t\t \t<li class=\"event seminaires\">\n\t\t\t\t\t<div class=\"event-date\"><div class=\"end-date\"><div class=\"event-weekday\">mer<\/div><div class=\"event-day\">20<\/div><div class=\"event-month\">Mar<\/div><div class=\"event-year\">2019<\/div><\/div><\/div>\n\t\t\t\t\t<div class=\"event-info multi-day\"><div class=\"event-title\"><h3>S\u00e9minaire - Les sources, de la trace au discours : cadres th\u00e9oriques, analyse et m\u00e9thodes<\/h3><\/div><span class=\"event-time\">12h00<\/span><span class=\"event-location\">Universit\u00e9 de Li\u00e8ge, salle de l&#039;Horloge (B\u00e2t A1)<\/span><div class=\"event-details\"><p><a href=\"http:\/\/web.philo.ulg.ac.be\/transitions\/wp-content\/uploads\/sites\/3\/2019\/02\/AfficheS\u00e9minaireTransitions-page-001.jpg\"><img decoding=\"async\" class=\"alignleft size-medium wp-image-9969\" src=\"http:\/\/web.philo.ulg.ac.be\/transitions\/wp-content\/uploads\/sites\/3\/2019\/02\/AfficheS\u00e9minaireTransitions-page-001-225x300.jpg\" alt=\"\" width=\"150\" srcset=\"http:\/\/web.philo.ulg.ac.be\/transitions\/wp-content\/uploads\/sites\/3\/2019\/02\/AfficheS\u00e9minaireTransitions-page-001-225x300.jpg 225w, http:\/\/web.philo.ulg.ac.be\/transitions\/wp-content\/uploads\/sites\/3\/2019\/02\/AfficheS\u00e9minaireTransitions-page-001-768x1024.jpg 768w, http:\/\/web.philo.ulg.ac.be\/transitions\/wp-content\/uploads\/sites\/3\/2019\/02\/AfficheS\u00e9minaireTransitions-page-001.jpg 1575w\" sizes=\"(max-width: 225px) 100vw, 225px\" \/><\/a><\/p>\n<p style=\"text-align: justify;\">S\u00e9minaire des doctorants de <em>Transitions<\/em>.<\/p>\n<p style=\"text-align: justify;\">Programme :<\/p>\n<ul>\n<li>Alexandre Goderniaux (ULi\u00e8ge) \u2013 <em>Historiographie et herm\u00e9neutique de la pol\u00e9mique politique des Temps modernes : quelques r\u00e9flexions<\/em>.<\/li>\n<li>V\u00e9ronique Winand (U. di Siena - ULi\u00e8ge) \u2013 <em>Le <\/em>codex descriptus<em>, une copie fid\u00e8le \u00e0 son mod\u00e8le ? Quelques r\u00e9flexions m\u00e9thodologiques.<\/em><\/li>\n<\/ul>\n<p>Mod\u00e9ratrice : Ad\u00e9la\u00efde Lambert.<\/p>\n<p style=\"text-align: justify;\">Organisation : S\u00e9bastien Damoiseaux, Aleuna Macarenko et V\u00e9ronique Winand.<\/p>\n<\/div><\/div>\n\t\t\t\t<\/li>\n\t\t\t \t<li class=\"event gpublic\">\n\t\t\t\t\t<div class=\"event-date\"><div class=\"end-date\"><div class=\"event-weekday\">mer<\/div><div class=\"event-day\">20<\/div><div class=\"event-month\">Mar<\/div><div class=\"event-year\">2019<\/div><\/div><\/div>\n\t\t\t\t\t<div class=\"event-info multi-day\"><div class=\"event-title\"><h3>Pr\u00e9sentation de l\u2019ouvrage - Fran\u00e7ois Ier et l\u2019Italie \/ L\u2019Italia et Francesco I<\/h3><\/div><span class=\"event-time\">17h00<\/span><span class=\"event-location\">Li\u00e8ge, Libraire italienne \u00ab Eco del Nord \u00bb, rue de la R\u00e9gence, 46<\/span><div class=\"event-details\"><p><a href=\"http:\/\/web.philo.ulg.ac.be\/transitions\/wp-content\/uploads\/sites\/3\/2019\/02\/COUVERTURE-ER25.png\"><img decoding=\"async\" class=\"alignleft size-medium wp-image-9975\" src=\"http:\/\/web.philo.ulg.ac.be\/transitions\/wp-content\/uploads\/sites\/3\/2019\/02\/COUVERTURE-ER25-232x300.png\" alt=\"\" width=\"150\" srcset=\"http:\/\/web.philo.ulg.ac.be\/transitions\/wp-content\/uploads\/sites\/3\/2019\/02\/COUVERTURE-ER25-232x300.png 232w, http:\/\/web.philo.ulg.ac.be\/transitions\/wp-content\/uploads\/sites\/3\/2019\/02\/COUVERTURE-ER25-768x992.png 768w, http:\/\/web.philo.ulg.ac.be\/transitions\/wp-content\/uploads\/sites\/3\/2019\/02\/COUVERTURE-ER25-793x1024.png 793w, http:\/\/web.philo.ulg.ac.be\/transitions\/wp-content\/uploads\/sites\/3\/2019\/02\/COUVERTURE-ER25.png 1680w\" sizes=\"(max-width: 232px) 100vw, 232px\" \/><\/a><\/p>\n<p style=\"text-align: justify;\">Pr\u00e9sentation de l\u2019ouvrage \u2014 <em><strong>Fran\u00e7ois Ier et l\u2019Italie \/ L\u2019Italia et Francesco I<\/strong><\/em>, Brepols, 2018, en pr\u00e9sence de deux des \u00e9diteurs, Jean-Marie LE GALL (Universit\u00e9 Paris 1 Panth\u00e9on-Sorbonne) et Giovanni RICCI (Universit\u00e0 degli Studi di Ferrara), et de <a href=\"http:\/\/web.philo.ulg.ac.be\/transitions\/jonathan-dumont\/\" target=\"_blank\" rel=\"noopener\">Jonathan DUMONT<\/a> et <a href=\"http:\/\/web.philo.ulg.ac.be\/transitions\/laure-fagnart\/\" target=\"_blank&quot;\" rel=\"noopener\">Laure FAGNART<\/a>.<\/p>\n<p style=\"text-align: justify;\">Cette pr\u00e9sentation est organis\u00e9e en collaboration avec le groupe de contact du F.R.S.-FNRS \u00ab Mod\u00e8les, \u00e9changes et r\u00e9alisations artistiques (XVe-XVIe si\u00e8cles) \u00bb.<\/p>\n<\/div><\/div>\n\t\t\t\t<\/li>\n\t\t\t \t<li class=\"event conferences\">\n\t\t\t\t\t<div class=\"event-date\"><div class=\"end-date\"><div class=\"event-weekday\">mar<\/div><div class=\"event-day\">19<\/div><div class=\"event-month\">Mar<\/div><div class=\"event-year\">2019<\/div><\/div><\/div>\n\t\t\t\t\t<div class=\"event-info multi-day\"><div class=\"event-title\"><h3>Venise et le livre - Catherine Kikuchi<\/h3><\/div><div class=\"event-details\"><p><a href=\"http:\/\/web.philo.ulg.ac.be\/transitions\/wp-content\/uploads\/sites\/3\/2019\/02\/Kikuchi.jpg\"><img decoding=\"async\" class=\"alignleft size-medium wp-image-9971\" src=\"http:\/\/web.philo.ulg.ac.be\/transitions\/wp-content\/uploads\/sites\/3\/2019\/02\/Kikuchi-212x300.jpg\" alt=\"\" width=\"150\" srcset=\"http:\/\/web.philo.ulg.ac.be\/transitions\/wp-content\/uploads\/sites\/3\/2019\/02\/Kikuchi-212x300.jpg 212w, http:\/\/web.philo.ulg.ac.be\/transitions\/wp-content\/uploads\/sites\/3\/2019\/02\/Kikuchi-724x1024.jpg 724w, http:\/\/web.philo.ulg.ac.be\/transitions\/wp-content\/uploads\/sites\/3\/2019\/02\/Kikuchi-768x1086.jpg 768w, http:\/\/web.philo.ulg.ac.be\/transitions\/wp-content\/uploads\/sites\/3\/2019\/02\/Kikuchi.jpg 1240w\" sizes=\"(max-width: 212px) 100vw, 212px\" \/><\/a><\/p>\n<p style=\"text-align: justify;\">Conf\u00e9rence organis\u00e9e dans le cadre des <em>Miraeus Lecture<\/em>.<\/p>\n<p style=\"text-align: justify;\">En 1469, le premier imprimeur v\u00e9nitien, Johann de Spire, obtient un privil\u00e8ge de la part des autorit\u00e9s de la ville. Apr\u00e8s sa mort en 1470, l'industrie du livre va prendre son essor et accueillir plusieurs dizaines d'ateliers simultan\u00e9ment dans la ville. Ce d\u00e9veloppement \u00e9conomique s'appuie sur des acteurs qui s'organisent progressivement pour trouver les capitaux et les ressources n\u00e9cessaires pour la production du livre, mettant en place des collaborations de plus en plus denses. Ces acteurs sont pour beaucoup \u00e9trangers \u00e0 Venise : Allemands, mais aussi Milanais, Florentins, Grecs, Juifs... L'industrie du livre tire partie des ressources des communaut\u00e9s \u00e9trang\u00e8res locales, mais en son sein, les relations de pouvoir et les in\u00e9galit\u00e9s restent pr\u00e9gnantes. Malgr\u00e9 cela, l'imprimerie s'ins\u00e8re dans le tissu urbain v\u00e9nitien, reconnue progressivement par les autorit\u00e9s. Comment un monde \u00e9conomique et social se construit-il dans ce grand p\u00f4le de production incunable qu'est Venise, \u00e0 la fin du XVe si\u00e8cle et dans les premi\u00e8res d\u00e9cennies du XVIe si\u00e8cle ?<\/p>\n<\/div><\/div>\n\t\t\t\t<\/li>\n\t\t\t \t<li class=\"event membres\">\n\t\t\t\t\t<div class=\"event-date\"><div class=\"end-date\"><div class=\"event-weekday\">ven<\/div><div class=\"event-day\">15<\/div><div class=\"event-month\">Mar<\/div><div class=\"event-year\">2019<\/div><\/div><\/div>\n\t\t\t\t\t<div class=\"event-info multi-day\"><div class=\"event-title\"><h3>Nouvelles perspectives sur les maternit\u00e9s. Regards crois\u00e9s des sciences et de la litt\u00e9rature <\/h3><\/div><span class=\"event-time\">15h30<\/span><span class=\"event-location\"> Institut Pierre Werner, 28 rue M\u00fcnster, 2160 Luxembourg<\/span><div class=\"event-details\"><p style=\"text-align: justify;\">La maternit\u00e9 est un sujet qui divise. Largement investie par les st\u00e9r\u00e9otypes, l\u2019image des m\u00e8res est prise dans un faisceau de repr\u00e9sentations depuis l\u2019Antiquit\u00e9 jusqu\u2019\u00e0 nos jours. Tant\u00f4t source d\u2019oppression, tant\u00f4t source de pouvoir, la maternit\u00e9 est indissociable de la construction sociale des. La procr\u00e9ation se place ainsi comme la pierre angulaire de la f\u00e9minit\u00e9, essentialisant le genre f\u00e9minin et les corps des femmes. Ces derniers se font les r\u00e9ceptacles des constructions sociales : accepter ou refuser la procr\u00e9ation, \u00eatre fertile ou \u00eatre st\u00e9rile, autant de faits qui conditionnent la mani\u00e8re dont la f\u00e9minit\u00e9 est socialement construite et per\u00e7ue.<\/p>\n<p style=\"text-align: justify;\">Penser la maternit\u00e9 convoque tous les aspects de la vie biologique et sociale, m\u00ealant \u00e9troitement des pratiques (sociales, m\u00e9dicales, anthropologiques, etc.) et des repr\u00e9sentations que les arts ont investi. Si la grossesse, l\u2019accession \u00e0 la maternit\u00e9 ont pu quitter au XXe si\u00e8cle le domaine du tabou litt\u00e9raire et social (D\u00e9trez, Simon 2006), reste que les \u0153uvres artistiques t\u00e9moignent de la difficult\u00e9 \u00e0 s\u2019extraire d\u2019une pens\u00e9e binaire de la maternit\u00e9, tout en mettant en mots des enjeux contemporains qui d\u00e9cha\u00eenent les passions. Ces questionnements sociaux et juridiques, qui nourrissent les \u0153uvres artistiques, renvoient \u00e9galement aux pratiques m\u00e9dicales entourant la maternit\u00e9, et donc les corps des femmes. Bien avant notre \u00e9poque contemporaine d\u2019ailleurs, le Moyen \u00c2ge occidental, pour ancrer notre r\u00e9flexion dans le temps et l\u2019espace, voit la maternit\u00e9 (grossesse, accouchement, allaitement, mise en nourrice, et prime \u00e9ducation du nourrisson puis du b\u00e9b\u00e9) comme objet du d\u00e9veloppement d\u2019un discours m\u00e9dical prescriptif.<\/p>\n<p style=\"text-align: justify;\">Ce cycle de s\u00e9minaire est l\u2019occasion de faire dialoguer humanit\u00e9s et sciences autour de ce que le concept de maternit\u00e9 implique tant au niveau des pratiques qu\u2019\u00e0 celui des repr\u00e9sentations, de mani\u00e8re \u00e0 d\u00e9construire les discours traditionnels qui s\u2019articulent autour de normalit\u00e9 \/ anormalit\u00e9. Il s\u2019agira d\u2019explorer, au-del\u00e0 de tout syst\u00e8me d\u2019opposition, les grands topo\u00ef li\u00e9s \u00e0 la maternit\u00e9 : le fait de donner naissance, la maternit\u00e9 \u00e0 travers les \u00e2ges, les corps des femmes et l\u2019allaitement, la maternit\u00e9 et l\u2019\u00e9thique, la violence des m\u00e8res et l\u2019homoparentalit\u00e9 f\u00e9minine.<\/p>\n<p style=\"text-align: justify;\">Organisation : <a href=\"mailto:helene.barthelmebs-raguin@uni.lu\">H\u00e9l\u00e8ne Barthelmebs<\/a> et <a href=\"mailto:marjolaine.raguin@uliege.be\">Marjolaine Raguin<\/a><\/p>\n<p><a href=\"http:\/\/web.philo.ulg.ac.be\/transitions\/wp-content\/uploads\/sites\/3\/2018\/09\/D\u00e9pliant-Maternit\u00e9s_v2-compressed.pdf\">Programme<\/a><\/p>\n<\/div><\/div>\n\t\t\t\t<\/li>\n\t\t\t \t<li class=\"event seminaires\">\n\t\t\t\t\t<div class=\"event-date\"><div class=\"end-date\"><div class=\"event-weekday\">mer<\/div><div class=\"event-day\">13<\/div><div class=\"event-month\">Mar<\/div><div class=\"event-year\">2019<\/div><\/div><\/div>\n\t\t\t\t\t<div class=\"event-info multi-day\"><div class=\"event-title\"><h3>S\u00e9minaire - Les sources, de la trace au discours : cadres th\u00e9oriques, analyse et m\u00e9thodes<\/h3><\/div><span class=\"event-time\">12h00<\/span><span class=\"event-location\">Universit\u00e9 de Li\u00e8ge, salle de l&#039;Horloge (B\u00e2t A1)<\/span><div class=\"event-details\"><p><a href=\"http:\/\/web.philo.ulg.ac.be\/transitions\/wp-content\/uploads\/sites\/3\/2019\/02\/AfficheS\u00e9minaireTransitions-page-001.jpg\"><img decoding=\"async\" class=\"alignleft size-medium wp-image-9969\" src=\"http:\/\/web.philo.ulg.ac.be\/transitions\/wp-content\/uploads\/sites\/3\/2019\/02\/AfficheS\u00e9minaireTransitions-page-001-225x300.jpg\" alt=\"\" width=\"150\" srcset=\"http:\/\/web.philo.ulg.ac.be\/transitions\/wp-content\/uploads\/sites\/3\/2019\/02\/AfficheS\u00e9minaireTransitions-page-001-225x300.jpg 225w, http:\/\/web.philo.ulg.ac.be\/transitions\/wp-content\/uploads\/sites\/3\/2019\/02\/AfficheS\u00e9minaireTransitions-page-001-768x1024.jpg 768w, http:\/\/web.philo.ulg.ac.be\/transitions\/wp-content\/uploads\/sites\/3\/2019\/02\/AfficheS\u00e9minaireTransitions-page-001.jpg 1575w\" sizes=\"(max-width: 225px) 100vw, 225px\" \/><\/a><\/p>\n<p style=\"text-align: justify;\">S\u00e9minaire des doctorants de <em>Transitions<\/em>.<\/p>\n<p style=\"text-align: justify;\">Programme :<\/p>\n<ul>\n<li>Aleuna Macarenko (FRS-FNRS - ULi\u00e8ge) \u2013 <em>Le <\/em>Psautier de Berlin<em> et les fragments apparent\u00e9s : quand l\u2019objet d\u2019\u00e9tude devient source de sa propre connaissance<\/em>.<\/li>\n<li>S\u00e9bastien Damoiseaux (ULi\u00e8ge) \u2013 <em>Les \u00ab\u00a0escroes de l\u2019ostel\u00a0\u00bb. Indices de la diplomatie princi\u00e8re dans les sources de la vie quotidienne.<\/em><\/li>\n<\/ul>\n<p>Mod\u00e9rateur : K\u00e9vin Schmidt.<\/p>\n<p style=\"text-align: justify;\">Organisation : S\u00e9bastien Damoiseaux, Aleuna Macarenko et V\u00e9ronique Winand.<\/p>\n<\/div><\/div>\n\t\t\t\t<\/li>\n\t\t\t \t<li class=\"event conferences\">\n\t\t\t\t\t<div class=\"event-date\"><div class=\"end-date\"><div class=\"event-weekday\">mar<\/div><div class=\"event-day\">12<\/div><div class=\"event-month\">Mar<\/div><div class=\"event-year\">2019<\/div><\/div><\/div>\n\t\t\t\t\t<div class=\"event-info multi-day\"><div class=\"event-title\"><h3>Conf\u00e9rence - La sculpture romaine \u00e0 Li\u00e8ge, mod\u00e8les antiques et interpr\u00e9tations modernes. Les cas de Lambert Lombard et Jean Del Cour - Gr\u00e9goire Extermann (Universit\u00e9 de Gen\u00e8ve)<\/h3><\/div><span class=\"event-time\">18h00<\/span><span class=\"event-location\">Universit\u00e9 de Li\u00e8ge, Grand Physique (B\u00e2t A1)<\/span><div class=\"event-details\"><p><a href=\"http:\/\/web.philo.ulg.ac.be\/transitions\/wp-content\/uploads\/sites\/3\/2019\/02\/affiche-extermann.jpg\"><img decoding=\"async\" class=\"alignleft size-medium wp-image-9976\" src=\"http:\/\/web.philo.ulg.ac.be\/transitions\/wp-content\/uploads\/sites\/3\/2019\/02\/affiche-extermann-212x300.jpg\" alt=\"\" width=\"150\" srcset=\"http:\/\/web.philo.ulg.ac.be\/transitions\/wp-content\/uploads\/sites\/3\/2019\/02\/affiche-extermann-212x300.jpg 212w, http:\/\/web.philo.ulg.ac.be\/transitions\/wp-content\/uploads\/sites\/3\/2019\/02\/affiche-extermann-725x1024.jpg 725w, http:\/\/web.philo.ulg.ac.be\/transitions\/wp-content\/uploads\/sites\/3\/2019\/02\/affiche-extermann-768x1085.jpg 768w, http:\/\/web.philo.ulg.ac.be\/transitions\/wp-content\/uploads\/sites\/3\/2019\/02\/affiche-extermann.jpg 1123w\" sizes=\"(max-width: 212px) 100vw, 212px\" \/><\/a><\/p>\n<p style=\"text-align: justify;\">Organisation : unit\u00e9s de recherche <em>Transitions<\/em> et <em>Art, Arch\u00e9ologie et Patrimoine<\/em>.<\/p>\n<\/div><\/div>\n\t\t\t\t<\/li>\n\t\t\t \t<li class=\"event seminaires\">\n\t\t\t\t\t<div class=\"event-date\"><div class=\"end-date\"><div class=\"event-weekday\">mer<\/div><div class=\"event-day\">27<\/div><div class=\"event-month\">F\u00e9v<\/div><div class=\"event-year\">2019<\/div><\/div><\/div>\n\t\t\t\t\t<div class=\"event-info multi-day\"><div class=\"event-title\"><h3>S\u00e9minaire - Les sources, de la trace au discours : cadres th\u00e9oriques, analyse et m\u00e9thodes<\/h3><\/div><span class=\"event-time\">13h00<\/span><span class=\"event-location\">Universit\u00e9 de Li\u00e8ge, salle de l&#039;Horloge (B\u00e2t A1)<\/span><div class=\"event-details\"><p><a href=\"http:\/\/web.philo.ulg.ac.be\/transitions\/wp-content\/uploads\/sites\/3\/2019\/02\/AfficheS\u00e9minaireTransitions-page-001.jpg\"><img decoding=\"async\" class=\"alignleft size-medium wp-image-9969\" src=\"http:\/\/web.philo.ulg.ac.be\/transitions\/wp-content\/uploads\/sites\/3\/2019\/02\/AfficheS\u00e9minaireTransitions-page-001-225x300.jpg\" alt=\"\" width=\"150\" srcset=\"http:\/\/web.philo.ulg.ac.be\/transitions\/wp-content\/uploads\/sites\/3\/2019\/02\/AfficheS\u00e9minaireTransitions-page-001-225x300.jpg 225w, http:\/\/web.philo.ulg.ac.be\/transitions\/wp-content\/uploads\/sites\/3\/2019\/02\/AfficheS\u00e9minaireTransitions-page-001-768x1024.jpg 768w, http:\/\/web.philo.ulg.ac.be\/transitions\/wp-content\/uploads\/sites\/3\/2019\/02\/AfficheS\u00e9minaireTransitions-page-001.jpg 1575w\" sizes=\"(max-width: 225px) 100vw, 225px\" \/><\/a><\/p>\n<p style=\"text-align: justify;\">S\u00e9minaire des doctorants de <em>Transitions<\/em>.<\/p>\n<p style=\"text-align: justify;\">Programme :<\/p>\n<ul>\n<li>S\u00e9bastien Damoiseaux &amp; Aleuna Macarenko (ULi\u00e8ge) \u2013 <em>Introduction<\/em>.<\/li>\n<li>Eva Trizzullo (FRS-FNRS - ULi\u00e8ge) \u2013 <em>Vasari face aux sources. Les <\/em>Vite <em>comme outil pour l\u2019\u00e9tude du milieu culturel romain du Cinquecento : le cas des dataires apostoliques de L\u00e9on X (1513-1521)<\/em>.<\/li>\n<li>Gaylen Vankan (FRS-FNRS - ULi\u00e8ge) \u2013 <em>Traduction ou homonymie ? Quand la source d\u2019information devient source de confusion<\/em>.<\/li>\n<\/ul>\n<p>Mod\u00e9rateur : Antonio Geremicca.<\/p>\n<p style=\"text-align: justify;\">Organisation : S\u00e9bastien Damoiseaux, Aleuna Macarenko et V\u00e9ronique Winand.<\/p>\n<\/div><\/div>\n\t\t\t\t<\/li>\n\t\t\t \t<li class=\"event gpublic\">\n\t\t\t\t\t<div class=\"event-date multi-date\"><div class=\"start-date\"><div class=\"event-weekday\">ven<\/div><div class=\"event-day\">22<\/div><div class=\"event-month\">F\u00e9v<\/div><div class=\"event-year\">2019<\/div><\/div><div class=\"end-date\"><div class=\"event-weekday\">mer<\/div><div class=\"event-day\">29<\/div><div class=\"event-month\">Mai<\/div><div class=\"event-year\">2019<\/div><\/div><\/div>\n\t\t\t\t\t<div class=\"event-info multi-day\"><div class=\"event-title\"><h3>Exposition - (E)mouvoir : fastes et apparats du XVIe au XIXe si\u00e8cle<\/h3><\/div><span class=\"event-location\">Mus\u00e9e Wittert<\/span><div class=\"event-details\"><p><a href=\"http:\/\/web.philo.ulg.ac.be\/transitions\/wp-content\/uploads\/sites\/3\/2019\/02\/Annexe3_Affiche-1.jpg\"><img decoding=\"async\" class=\"alignleft size-medium wp-image-9945\" src=\"http:\/\/web.philo.ulg.ac.be\/transitions\/wp-content\/uploads\/sites\/3\/2019\/02\/Annexe3_Affiche-1.jpg\" alt=\"\" width=\"150\" srcset=\"http:\/\/web.philo.ulg.ac.be\/transitions\/wp-content\/uploads\/sites\/3\/2019\/02\/Annexe3_Affiche-1-212x300.jpg 212w, http:\/\/web.philo.ulg.ac.be\/transitions\/wp-content\/uploads\/sites\/3\/2019\/02\/Annexe3_Affiche-1-724x1024.jpg 724w, http:\/\/web.philo.ulg.ac.be\/transitions\/wp-content\/uploads\/sites\/3\/2019\/02\/Annexe3_Affiche-1-768x1086.jpg 768w, http:\/\/web.philo.ulg.ac.be\/transitions\/wp-content\/uploads\/sites\/3\/2019\/02\/Annexe3_Affiche-1.jpg 2339w\" sizes=\"(max-width: 2339px) 100vw, 2339px\" \/><\/a><\/p>\n<p style=\"text-align: justify;\">Horaires :<br \/>\nLundi-vendredi : 10h00-16h20<br \/>\nSamedi : 10h00-13h00.<\/p>\n<p style=\"text-align: justify;\"><a href=\"https:\/\/www.news.uliege.be\/cms\/c_10698392\/fr\/-e-mouvoir-fastes-et-apparats-du-xvie-au-xixe-siecle\">Plus d'informations dans les nouvelles de l'ULi\u00e8ge...<\/a><\/p>\n<\/div><\/div>\n\t\t\t\t<\/li>\n\t\t\t \t<li class=\"event gpublic\">\n\t\t\t\t\t<div class=\"event-date\"><div class=\"end-date\"><div class=\"event-weekday\">jeu<\/div><div class=\"event-day\">21<\/div><div class=\"event-month\">F\u00e9v<\/div><div class=\"event-year\">2019<\/div><\/div><\/div>\n\t\t\t\t\t<div class=\"event-info multi-day\"><div class=\"event-title\"><h3>Vernissage - (E)mouvoir : fastes et apparats du XVIe au XIXe si\u00e8cle<\/h3><\/div><span class=\"event-time\">18h30<\/span><span class=\"event-location\">Mus\u00e9e Wittert<\/span><div class=\"event-details\"><p><a href=\"http:\/\/web.philo.ulg.ac.be\/transitions\/wp-content\/uploads\/sites\/3\/2019\/02\/Annexe3_Affiche-1.jpg\"><img decoding=\"async\" class=\"alignleft size-medium wp-image-9945\" src=\"http:\/\/web.philo.ulg.ac.be\/transitions\/wp-content\/uploads\/sites\/3\/2019\/02\/Annexe3_Affiche-1.jpg\" alt=\"\" width=\"150\" srcset=\"http:\/\/web.philo.ulg.ac.be\/transitions\/wp-content\/uploads\/sites\/3\/2019\/02\/Annexe3_Affiche-1-212x300.jpg 212w, http:\/\/web.philo.ulg.ac.be\/transitions\/wp-content\/uploads\/sites\/3\/2019\/02\/Annexe3_Affiche-1-724x1024.jpg 724w, http:\/\/web.philo.ulg.ac.be\/transitions\/wp-content\/uploads\/sites\/3\/2019\/02\/Annexe3_Affiche-1-768x1086.jpg 768w, http:\/\/web.philo.ulg.ac.be\/transitions\/wp-content\/uploads\/sites\/3\/2019\/02\/Annexe3_Affiche-1.jpg 2339w\" sizes=\"(max-width: 2339px) 100vw, 2339px\" \/><\/a><\/p>\n<p style=\"text-align: justify;\">Le Professeur Pierre Wolper, Recteur de l\u2019Universit\u00e9 de Li\u00e8ge,<br \/>\nLe Professeur Jean Winand, Premier Vice-recteur,<br \/>\nLe Professeur Louis Gerrekens, Doyen de la Facult\u00e9 de Philosophie et Lettres,<br \/>\nLa Professeure Annick Delfosse, Histoire moderne,<br \/>\nL\u2019\u00e9quipe du Mus\u00e9e Wittert,<br \/>\nont le plaisir de vous inviter au vernissage de l\u2019exposition <strong>(E)mouvoir : fastes et apparats du XVIe au XIXe si\u00e8cle<\/strong>.<\/p>\n<p style=\"text-align: justify;\">En collaboration avec ULi\u00e8ge Library, le Centre d\u2019Histoire des Sciences et des Techniques, l\u2019Embarcad\u00e8re du Savoir, la Maison de la M\u00e9tallurgie et de l\u2019Industrie de Li\u00e8ge, le laboratoire de Min\u00e9ralogie du d\u00e9partement de G\u00e9ologie, le d\u00e9partement de Chimie et R\u00e9jouisciences. Dans le prolongement des projets <em>Cultures du Spectacle baroque<\/em> et <em>Sacer Horror<\/em>.<\/p>\n<p style=\"text-align: justify;\"><a href=\"https:\/\/www.news.uliege.be\/cms\/c_10698392\/fr\/-e-mouvoir-fastes-et-apparats-du-xvie-au-xixe-siecle\">Plus d'informations dans les nouvelles de l'ULi\u00e8ge...<\/a><\/p>\n<\/div><\/div>\n\t\t\t\t<\/li>\n\t\t\t \t<li class=\"event cycleconferences gpublic\">\n\t\t\t\t\t<div class=\"event-date\"><div class=\"end-date\"><div class=\"event-weekday\">mar<\/div><div class=\"event-day\">19<\/div><div class=\"event-month\">F\u00e9v<\/div><div class=\"event-year\">2019<\/div><\/div><\/div>\n\t\t\t\t\t<div class=\"event-info multi-day\"><div class=\"event-title\"><h3>\u00c9rasme et ses lettres : de la correspondance \u00e0 l&#039;oeuvre \u00e9pistolaire - Christine B\u00e9n\u00e9vent (\u00c9cole nationale des Chartes)<\/h3><\/div><span class=\"event-time\">18h00<\/span><span class=\"event-location\">Universit\u00e9 de Li\u00e8ge, salle Wittert (B\u00e2t A1)<\/span><div class=\"event-details\"><p><a href=\"http:\/\/web.philo.ulg.ac.be\/transitions\/wp-content\/uploads\/sites\/3\/2019\/01\/affiche-b\u00e9n\u00e9vent-212x300.jpg\"><img decoding=\"async\" class=\"alignleft size-medium wp-image-9837\" src=\"http:\/\/web.philo.ulg.ac.be\/transitions\/wp-content\/uploads\/sites\/3\/2019\/01\/affiche-b\u00e9n\u00e9vent-212x300.jpg\" alt=\"\" width=\"150\" \/><\/a><\/p>\n<p style=\"text-align: justify;\">Organisation : cycle de conf\u00e9rences de <em>Transitions<\/em>.<\/p>\n<p style=\"text-align: justify;\">Exceptionnellement, la conf\u00e9rence aura lieu dans la <strong>salle Wittert<\/strong><\/p>\n<\/div><\/div>\n\t\t\t\t<\/li>\n\t\t\t \t<li class=\"event conferences\">\n\t\t\t\t\t<div class=\"event-date\"><div class=\"end-date\"><div class=\"event-weekday\">mar<\/div><div class=\"event-day\">29<\/div><div class=\"event-month\">Jan<\/div><div class=\"event-year\">2019<\/div><\/div><\/div>\n\t\t\t\t\t<div class=\"event-info multi-day\"><div class=\"event-title\"><h3>Red\u00e9couverte de Margot l\u2019Enrag\u00e9e (Dulle Griet), chef-d\u2019\u0153uvre de Pierre Bruegel l\u2019Ancien - Dominique Allart (Universit\u00e9 de Li\u00e8ge)<\/h3><\/div><span class=\"event-time\">16h00<\/span><span class=\"event-location\">BRAFA (Tour &amp; Taxis, Bruxelles)<\/span><div class=\"event-details\"><p><a href=\"http:\/\/web.philo.ulg.ac.be\/transitions\/wp-content\/uploads\/sites\/3\/2019\/01\/Allart_Conf\u00e9rence.jpeg\"><img decoding=\"async\" class=\"alignleft size-medium wp-image-9938\" src=\"http:\/\/web.philo.ulg.ac.be\/transitions\/wp-content\/uploads\/sites\/3\/2019\/01\/Allart_Conf\u00e9rence-300x225.jpeg\" alt=\"\" width=\"150\" srcset=\"http:\/\/web.philo.ulg.ac.be\/transitions\/wp-content\/uploads\/sites\/3\/2019\/01\/Allart_Conf\u00e9rence-300x225.jpeg 300w, http:\/\/web.philo.ulg.ac.be\/transitions\/wp-content\/uploads\/sites\/3\/2019\/01\/Allart_Conf\u00e9rence.jpeg 640w\" sizes=\"(max-width: 300px) 100vw, 300px\" \/><\/a><\/p>\n<p style=\"text-align: justify;\">La Prof. Dominique Allart, sp\u00e9cialiste de la famille Bruegel, invitera \u00e0 r\u00e9examiner la c\u00e9l\u00e8bre Dulle Griet de Pierre Bruegel l\u2019Ancien (Anvers, Mus\u00e9e Mayer van den Bergh), suite \u00e0 la restauration qui lui a \u00e9t\u00e9 consacr\u00e9e r\u00e9cemment. Dans quelles circonstances l\u2019artiste a-t-il con\u00e7u et peint cette \u00e9trange composition ? Quelle signification pouvait-elle rev\u00eatir \u00e0 l\u2019\u00e9poque ? Ces questions conduiront \u00e0 examiner l\u2019h\u00e9ritage de J\u00e9rome Bosch et \u00e0 aborder les th\u00e8mes de la folie et de la misogynie au XVIe si\u00e8cle.<\/p>\n<p><a href=\"https:\/\/www.brafa.art\/arttalks-fr\" target=\"_blank\" rel=\"noopener\">Plus d'informations...<\/a><\/p>\n<\/div><\/div>\n\t\t\t\t<\/li>\n\t\t\t \t<li class=\"event membres\">\n\t\t\t\t\t<div class=\"event-date\"><div class=\"end-date\"><div class=\"event-weekday\">ven<\/div><div class=\"event-day\">25<\/div><div class=\"event-month\">Jan<\/div><div class=\"event-year\">2019<\/div><\/div><\/div>\n\t\t\t\t\t<div class=\"event-info multi-day\"><div class=\"event-title\"><h3>Nouvelles perspectives sur les maternit\u00e9s. Regards crois\u00e9s des sciences et de la litt\u00e9rature <\/h3><\/div><span class=\"event-time\">15h30<\/span><span class=\"event-location\"> Institut Pierre Werner, 28 rue M\u00fcnster, 2160 Luxembourg<\/span><div class=\"event-details\"><p style=\"text-align: justify;\">La maternit\u00e9 est un sujet qui divise. Largement investie par les st\u00e9r\u00e9otypes, l\u2019image des m\u00e8res est prise dans un faisceau de repr\u00e9sentations depuis l\u2019Antiquit\u00e9 jusqu\u2019\u00e0 nos jours. Tant\u00f4t source d\u2019oppression, tant\u00f4t source de pouvoir, la maternit\u00e9 est indissociable de la construction sociale des. La procr\u00e9ation se place ainsi comme la pierre angulaire de la f\u00e9minit\u00e9, essentialisant le genre f\u00e9minin et les corps des femmes. Ces derniers se font les r\u00e9ceptacles des constructions sociales : accepter ou refuser la procr\u00e9ation, \u00eatre fertile ou \u00eatre st\u00e9rile, autant de faits qui conditionnent la mani\u00e8re dont la f\u00e9minit\u00e9 est socialement construite et per\u00e7ue.<\/p>\n<p style=\"text-align: justify;\">Penser la maternit\u00e9 convoque tous les aspects de la vie biologique et sociale, m\u00ealant \u00e9troitement des pratiques (sociales, m\u00e9dicales, anthropologiques, etc.) et des repr\u00e9sentations que les arts ont investi. Si la grossesse, l\u2019accession \u00e0 la maternit\u00e9 ont pu quitter au XXe si\u00e8cle le domaine du tabou litt\u00e9raire et social (D\u00e9trez, Simon 2006), reste que les \u0153uvres artistiques t\u00e9moignent de la difficult\u00e9 \u00e0 s\u2019extraire d\u2019une pens\u00e9e binaire de la maternit\u00e9, tout en mettant en mots des enjeux contemporains qui d\u00e9cha\u00eenent les passions. Ces questionnements sociaux et juridiques, qui nourrissent les \u0153uvres artistiques, renvoient \u00e9galement aux pratiques m\u00e9dicales entourant la maternit\u00e9, et donc les corps des femmes. Bien avant notre \u00e9poque contemporaine d\u2019ailleurs, le Moyen \u00c2ge occidental, pour ancrer notre r\u00e9flexion dans le temps et l\u2019espace, voit la maternit\u00e9 (grossesse, accouchement, allaitement, mise en nourrice, et prime \u00e9ducation du nourrisson puis du b\u00e9b\u00e9) comme objet du d\u00e9veloppement d\u2019un discours m\u00e9dical prescriptif.<\/p>\n<p style=\"text-align: justify;\">Ce cycle de s\u00e9minaire est l\u2019occasion de faire dialoguer humanit\u00e9s et sciences autour de ce que le concept de maternit\u00e9 implique tant au niveau des pratiques qu\u2019\u00e0 celui des repr\u00e9sentations, de mani\u00e8re \u00e0 d\u00e9construire les discours traditionnels qui s\u2019articulent autour de normalit\u00e9 \/ anormalit\u00e9. Il s\u2019agira d\u2019explorer, au-del\u00e0 de tout syst\u00e8me d\u2019opposition, les grands topo\u00ef li\u00e9s \u00e0 la maternit\u00e9 : le fait de donner naissance, la maternit\u00e9 \u00e0 travers les \u00e2ges, les corps des femmes et l\u2019allaitement, la maternit\u00e9 et l\u2019\u00e9thique, la violence des m\u00e8res et l\u2019homoparentalit\u00e9 f\u00e9minine.<\/p>\n<p style=\"text-align: justify;\">Organisation : <a href=\"mailto:helene.barthelmebs-raguin@uni.lu\">H\u00e9l\u00e8ne Barthelmebs<\/a> et <a href=\"mailto:marjolaine.raguin@uliege.be\">Marjolaine Raguin<\/a><\/p>\n<p><a href=\"http:\/\/web.philo.ulg.ac.be\/transitions\/wp-content\/uploads\/sites\/3\/2018\/09\/D\u00e9pliant-Maternit\u00e9s_v2-compressed.pdf\">Programme<\/a><\/p>\n<\/div><\/div>\n\t\t\t\t<\/li>\n\t\t\t \t<li class=\"event cycleconferences gpublic\">\n\t\t\t\t\t<div class=\"event-date\"><div class=\"end-date\"><div class=\"event-weekday\">mar<\/div><div class=\"event-day\">11<\/div><div class=\"event-month\">D\u00e9c<\/div><div class=\"event-year\">2018<\/div><\/div><\/div>\n\t\t\t\t\t<div class=\"event-info multi-day\"><div class=\"event-title\"><h3>\u00c9pouser l&#039;autre : mariages entre chr\u00e9tiens et musulmans (Xe-XIIIe si\u00e8cles) - Martin Aurell (Universit\u00e9 de Poitiers)<\/h3><\/div><span class=\"event-time\">18h00<\/span><span class=\"event-location\">Universit\u00e9 de Li\u00e8ge, Grand Physique (B\u00e2t A1)<\/span><div class=\"event-details\"><p><a href=\"http:\/\/web.philo.ulg.ac.be\/transitions\/wp-content\/uploads\/sites\/3\/2018\/11\/Affiche-Martin-Aurell.jpg\"><img decoding=\"async\" class=\"alignleft size-medium wp-image-9837\" src=\"http:\/\/web.philo.ulg.ac.be\/transitions\/wp-content\/uploads\/sites\/3\/2018\/11\/Affiche-Martin-Aurell.jpg\" alt=\"\" width=\"150\" \/><\/a><\/p>\n<p style=\"text-align: justify;\">Organisation : cycle de conf\u00e9rences de <em>Transitions<\/em>.<\/p>\n<\/div><\/div>\n\t\t\t\t<\/li>\n\t\t\t \t<li class=\"event membres\">\n\t\t\t\t\t<div class=\"event-date\"><div class=\"end-date\"><div class=\"event-weekday\">ven<\/div><div class=\"event-day\">23<\/div><div class=\"event-month\">Nov<\/div><div class=\"event-year\">2018<\/div><\/div><\/div>\n\t\t\t\t\t<div class=\"event-info multi-day\"><div class=\"event-title\"><h3>Nouvelles perspectives sur les maternit\u00e9s. Regards crois\u00e9s des sciences et de la litt\u00e9rature <\/h3><\/div><span class=\"event-time\">15h30<\/span><span class=\"event-location\"> Institut Pierre Werner, 28 rue M\u00fcnster, 2160 Luxembourg<\/span><div class=\"event-details\"><p style=\"text-align: justify;\">La maternit\u00e9 est un sujet qui divise. Largement investie par les st\u00e9r\u00e9otypes, l\u2019image des m\u00e8res est prise dans un faisceau de repr\u00e9sentations depuis l\u2019Antiquit\u00e9 jusqu\u2019\u00e0 nos jours. Tant\u00f4t source d\u2019oppression, tant\u00f4t source de pouvoir, la maternit\u00e9 est indissociable de la construction sociale des. La procr\u00e9ation se place ainsi comme la pierre angulaire de la f\u00e9minit\u00e9, essentialisant le genre f\u00e9minin et les corps des femmes. Ces derniers se font les r\u00e9ceptacles des constructions sociales : accepter ou refuser la procr\u00e9ation, \u00eatre fertile ou \u00eatre st\u00e9rile, autant de faits qui conditionnent la mani\u00e8re dont la f\u00e9minit\u00e9 est socialement construite et per\u00e7ue.<\/p>\n<p style=\"text-align: justify;\">Penser la maternit\u00e9 convoque tous les aspects de la vie biologique et sociale, m\u00ealant \u00e9troitement des pratiques (sociales, m\u00e9dicales, anthropologiques, etc.) et des repr\u00e9sentations que les arts ont investi. Si la grossesse, l\u2019accession \u00e0 la maternit\u00e9 ont pu quitter au XXe si\u00e8cle le domaine du tabou litt\u00e9raire et social (D\u00e9trez, Simon 2006), reste que les \u0153uvres artistiques t\u00e9moignent de la difficult\u00e9 \u00e0 s\u2019extraire d\u2019une pens\u00e9e binaire de la maternit\u00e9, tout en mettant en mots des enjeux contemporains qui d\u00e9cha\u00eenent les passions. Ces questionnements sociaux et juridiques, qui nourrissent les \u0153uvres artistiques, renvoient \u00e9galement aux pratiques m\u00e9dicales entourant la maternit\u00e9, et donc les corps des femmes. Bien avant notre \u00e9poque contemporaine d\u2019ailleurs, le Moyen \u00c2ge occidental, pour ancrer notre r\u00e9flexion dans le temps et l\u2019espace, voit la maternit\u00e9 (grossesse, accouchement, allaitement, mise en nourrice, et prime \u00e9ducation du nourrisson puis du b\u00e9b\u00e9) comme objet du d\u00e9veloppement d\u2019un discours m\u00e9dical prescriptif.<\/p>\n<p style=\"text-align: justify;\">Ce cycle de s\u00e9minaire est l\u2019occasion de faire dialoguer humanit\u00e9s et sciences autour de ce que le concept de maternit\u00e9 implique tant au niveau des pratiques qu\u2019\u00e0 celui des repr\u00e9sentations, de mani\u00e8re \u00e0 d\u00e9construire les discours traditionnels qui s\u2019articulent autour de normalit\u00e9 \/ anormalit\u00e9. Il s\u2019agira d\u2019explorer, au-del\u00e0 de tout syst\u00e8me d\u2019opposition, les grands topo\u00ef li\u00e9s \u00e0 la maternit\u00e9 : le fait de donner naissance, la maternit\u00e9 \u00e0 travers les \u00e2ges, les corps des femmes et l\u2019allaitement, la maternit\u00e9 et l\u2019\u00e9thique, la violence des m\u00e8res et l\u2019homoparentalit\u00e9 f\u00e9minine.<\/p>\n<p style=\"text-align: justify;\">Organisation : <a href=\"mailto:helene.barthelmebs-raguin@uni.lu\">H\u00e9l\u00e8ne Barthelmebs<\/a> et <a href=\"mailto:marjolaine.raguin@uliege.be\">Marjolaine Raguin<\/a><\/p>\n<p><a href=\"http:\/\/web.philo.ulg.ac.be\/transitions\/wp-content\/uploads\/sites\/3\/2018\/09\/D\u00e9pliant-Maternit\u00e9s_v2-compressed.pdf\">Programme<\/a><\/p>\n<\/div><\/div>\n\t\t\t\t<\/li>\n\t\t\t \t<li class=\"event seminaires\">\n\t\t\t\t\t<div class=\"event-date\"><div class=\"end-date\"><div class=\"event-weekday\">mer<\/div><div class=\"event-day\">14<\/div><div class=\"event-month\">Nov<\/div><div class=\"event-year\">2018<\/div><\/div><\/div>\n\t\t\t\t\t<div class=\"event-info multi-day\"><div class=\"event-title\"><h3>Expressions de la dissidence dans l&#039;art de la Renaissance. R\u00e9flexions autour du cas de Bruegel.<\/h3><\/div><span class=\"event-time\">10h00<\/span><div class=\"event-details\"><p style=\"text-align: justify;\"><a href=\"http:\/\/web.philo.ulg.ac.be\/transitions\/wp-content\/uploads\/sites\/3\/2018\/11\/Affiche-S\u00e9minaire.jpg\"><img decoding=\"async\" class=\"alignleft size-medium wp-image-9902\" src=\"http:\/\/web.philo.ulg.ac.be\/transitions\/wp-content\/uploads\/sites\/3\/2018\/11\/Affiche-S\u00e9minaire.jpg\" alt=\"\" width=\"150\" \/><\/a>S\u00e9minaire de recherche doctorale et post-doctorale organis\u00e9 par le Service d\u2019Histoire de l\u2019art des Temps modernes<\/p>\n<p style=\"text-align: justify;\"><strong>Programme<\/strong><\/p>\n<p style=\"text-align: justify;\">J\u00fcrgen M\u00dcLLER, <em>Bruegel, adepte de Sebastien Franck ?<\/em><br \/>\nDominique ALLART, <em>Bruegel et l\u2019art du double sens<\/em><\/p>\n<p style=\"text-align: justify;\"><em><strong>Le diable r\u00e9side-t-il dans les d\u00e9tails ? Quelques \u00e9tudes de cas<\/strong><\/em><br \/>\nLucia AQUINO, <em>Dissidence politique dans l'Adoration des Mages de Filippino Lippi<\/em><br \/>\nL. FAGNART, <em>Contentieux autour de la Vierge aux rochers de L\u00e9onard de Vinci<\/em><br \/>\nA. GEREMICCA, <em>Le \u00ab Christ en Croix \u00bb d'Agnolo Bronzino \u00e0 Nice. Dissidence religieuse dans<br \/>\nles commandes artistiques de Bartolomeo et Lucrezia Panciatichi<\/em><br \/>\nG. VANKAN, <em>\u00ab Le Christ dans un paysage \u00bb de Jan Swart van Groningen : symboles,<br \/>\nr\u00e9f\u00e9rences et messages cach\u00e9s<\/em><br \/>\nAnne-Sophie LARUELLE, <em>Des contenus compromettants dans la tapisserie du XVIe si\u00e8cle?<\/em><\/p>\n<p style=\"text-align: justify;\"><strong>Discussion<br \/>\n<\/strong>Les doctorants et chercheurs post-docs sont les bienvenus (<span style=\"text-decoration: underline;\">inscription obligatoire<\/span>). Acc\u00e8s aux \u00e9tudiants de Master <span style=\"text-decoration: underline;\">sur demande<\/span>.<\/p>\n<p style=\"text-align: justify;\">Contact : <a href=\"mailto:antonio.geremicca@uliege.be\">Antonio Geremicca<\/a><\/p>\n<\/div><\/div>\n\t\t\t\t<\/li>\n\t\t\t \t<li class=\"event cycleconferences gpublic\">\n\t\t\t\t\t<div class=\"event-date\"><div class=\"end-date\"><div class=\"event-weekday\">mar<\/div><div class=\"event-day\">13<\/div><div class=\"event-month\">Nov<\/div><div class=\"event-year\">2018<\/div><\/div><\/div>\n\t\t\t\t\t<div class=\"event-info multi-day\"><div class=\"event-title\"><h3>Pierre Bruegel l&#039;Ancien et le paradoxe comme forme d&#039;image. Une nouvelle interpr\u00e9tation du &quot;Portement de croix&quot; de Vienne - Jurgen Mueller (Universit\u00e9 de Dresde)<\/h3><\/div><span class=\"event-time\">18h00<\/span><span class=\"event-location\">Universit\u00e9 de Li\u00e8ge, Grand Physique (B\u00e2t A1)<\/span><div class=\"event-details\"><p><a href=\"http:\/\/web.philo.ulg.ac.be\/transitions\/wp-content\/uploads\/sites\/3\/2018\/11\/Affiche-Muller-05-novembre-2018.jpg\"><img decoding=\"async\" class=\"alignleft size-medium wp-image-9837\" src=\"http:\/\/web.philo.ulg.ac.be\/transitions\/wp-content\/uploads\/sites\/3\/2018\/11\/Affiche-Muller-05-novembre-2018.jpg\" alt=\"\" width=\"150\" \/><\/a><strong>L\u2019Ann\u00e9e Bruegel (2019) a d\u00e9j\u00e0 commenc\u00e9 \u00e0 l\u2019ULi\u00e8ge !<\/strong><\/p>\n<p style=\"text-align: justify;\">L\u2019UR Transitions, partenaire du r\u00e9cent symposium The Bruegel Success Story (Bruxelles,septembre 2018), recevra le Prof. J\u00fcrgen M\u00dcLLER (Universit\u00e9 de Dresde) \u00e0 l\u2019occasion de la parution de son tout nouvel ouvrage aux \u00e9ditions Taschen. Le 13 novembre \u00e0 18h, dans le cadre des \u00ab Mardis de Transitions \u00bb, J\u00fcrgen M\u00fcller prononcera une conf\u00e9rence en nos murs :<\/p>\n<p style=\"text-align: justify;\"><em>Pierre Bruegel l'Ancien et le paradoxe comme forme d'image. Une nouvelle interpr\u00e9tation du \"Portement de croix\" de Vienne.<\/em><\/p>\n<p style=\"text-align: justify;\">L\u2019entr\u00e9e est libre. Bienvenue \u00e0 tous !<\/p>\n<p style=\"text-align: justify;\">Le <a href=\"http:\/\/web.philo.ulg.ac.be\/transitions\/wp-content\/uploads\/sites\/3\/2018\/11\/livre-bruegel.pdf\">livre<\/a> de J\u00fcrgen M\u00fcller sera en vente avant et apr\u00e8s la conf\u00e9rence. L\u2019auteur se tiendra \u00e0 votre disposition pour le d\u00e9dicacer. Attention : pas de possibilit\u00e9 de paiement par carte de cr\u00e9dit.<\/p>\n<\/div><\/div>\n\t\t\t\t<\/li>\n\t\t\t \t<li class=\"event colloques\">\n\t\t\t\t\t<div class=\"event-date multi-date\"><div class=\"start-date\"><div class=\"event-weekday\">lun<\/div><div class=\"event-day\">12<\/div><div class=\"event-month\">Nov<\/div><div class=\"event-year\">2018<\/div><\/div><div class=\"end-date\"><div class=\"event-weekday\">mar<\/div><div class=\"event-day\">13<\/div><div class=\"event-month\">Nov<\/div><div class=\"event-year\">2018<\/div><\/div><\/div>\n\t\t\t\t\t<div class=\"event-info multi-day\"><div class=\"event-title\"><h3>Ecdotica digitale e nuovi approcci critici del testo<\/h3><\/div><span class=\"event-location\">ULi\u00e8ge, Salle de l\u2019Horloge<\/span><div class=\"event-details\"><p><a href=\"http:\/\/web.philo.ulg.ac.be\/transitions\/wp-content\/uploads\/sites\/3\/2018\/10\/Ecdotica_Digitale_locandina.jpg\"><img decoding=\"async\" class=\"alignleft size-medium wp-image-9878\" src=\"http:\/\/web.philo.ulg.ac.be\/transitions\/wp-content\/uploads\/sites\/3\/2018\/10\/Ecdotica_Digitale_locandina.jpg\" alt=\"\" width=\"150\" srcset=\"http:\/\/web.philo.ulg.ac.be\/transitions\/wp-content\/uploads\/sites\/3\/2018\/10\/Ecdotica_Digitale_locandina-300x204.jpg 300w, http:\/\/web.philo.ulg.ac.be\/transitions\/wp-content\/uploads\/sites\/3\/2018\/10\/Ecdotica_Digitale_locandina-768x522.jpg 768w, http:\/\/web.philo.ulg.ac.be\/transitions\/wp-content\/uploads\/sites\/3\/2018\/10\/Ecdotica_Digitale_locandina-1024x697.jpg 1024w, http:\/\/web.philo.ulg.ac.be\/transitions\/wp-content\/uploads\/sites\/3\/2018\/10\/Ecdotica_Digitale_locandina.jpg 2352w\" sizes=\"(max-width: 2352px) 100vw, 2352px\" \/><\/a><\/p>\n<p style=\"text-align: justify;\">Le colloque international <em>Ecdotica digitale e nuovi approcci critici del testo<\/em> r\u00e9unira des sp\u00e9cialistes issus de diff\u00e9rents pays (France, Italie, Belgique) et de diff\u00e9rentes disciplines (philologie, informatique, critique historique et litt\u00e9raire) pour interroger l'impact des <em>digital humanities<\/em> sur la pratique philologique des textes italiens, sp\u00e9cialement ceux du Moyen-\u00c2ge et de la premi\u00e8re Modernit\u00e9. En effet, plusieurs groupes de recherche exploitent aujourd'hui les immenses possibilit\u00e9s offertes par l\u2019usage du num\u00e9rique pour concevoir et r\u00e9aliser des logiciels complexes, qui ne sont plus d\u00e9sormais de simples outils de pr\u00e9sentation des textes. Ce faisant, ils interrogent \u00e9galement les m\u00e9thodes traditionnelles de l\u2019ecdotique et contribuent \u00e0 leur renouvellement, un renouvellement dont le colloque entend cerner les contours.<\/p>\n<p style=\"text-align: justify;\">Organisation : <a href=\"mailto:pmoreno@uliege.be\">Paola Moreno<\/a> et <a href=\"mailto:helene.miesse@uliege.be\">H\u00e9l\u00e8ne Miesse<\/a><\/p>\n<p><a href=\"http:\/\/web.philo.ulg.ac.be\/transitions\/wp-content\/uploads\/sites\/3\/2018\/10\/Programme_Ecodtica_eclairci-compressed.pdf\">Programme<\/a><\/p>\n<\/div><\/div>\n\t\t\t\t<\/li>\n\t\t\t \t<li class=\"event membres\">\n\t\t\t\t\t<div class=\"event-date\"><div class=\"end-date\"><div class=\"event-weekday\">ven<\/div><div class=\"event-day\">26<\/div><div class=\"event-month\">Oct<\/div><div class=\"event-year\">2018<\/div><\/div><\/div>\n\t\t\t\t\t<div class=\"event-info multi-day\"><div class=\"event-title\"><h3>Nouvelles perspectives sur les maternit\u00e9s. Regards crois\u00e9s des sciences et de la litt\u00e9rature <\/h3><\/div><span class=\"event-time\">15h30<\/span><span class=\"event-location\"> Institut Pierre Werner, 28 rue M\u00fcnster, 2160 Luxembourg<\/span><div class=\"event-details\"><p style=\"text-align: justify;\">La maternit\u00e9 est un sujet qui divise. Largement investie par les st\u00e9r\u00e9otypes, l\u2019image des m\u00e8res est prise dans un faisceau de repr\u00e9sentations depuis l\u2019Antiquit\u00e9 jusqu\u2019\u00e0 nos jours. Tant\u00f4t source d\u2019oppression, tant\u00f4t source de pouvoir, la maternit\u00e9 est indissociable de la construction sociale des. La procr\u00e9ation se place ainsi comme la pierre angulaire de la f\u00e9minit\u00e9, essentialisant le genre f\u00e9minin et les corps des femmes. Ces derniers se font les r\u00e9ceptacles des constructions sociales : accepter ou refuser la procr\u00e9ation, \u00eatre fertile ou \u00eatre st\u00e9rile, autant de faits qui conditionnent la mani\u00e8re dont la f\u00e9minit\u00e9 est socialement construite et per\u00e7ue.<\/p>\n<p style=\"text-align: justify;\">Penser la maternit\u00e9 convoque tous les aspects de la vie biologique et sociale, m\u00ealant \u00e9troitement des pratiques (sociales, m\u00e9dicales, anthropologiques, etc.) et des repr\u00e9sentations que les arts ont investi. Si la grossesse, l\u2019accession \u00e0 la maternit\u00e9 ont pu quitter au XXe si\u00e8cle le domaine du tabou litt\u00e9raire et social (D\u00e9trez, Simon 2006), reste que les \u0153uvres artistiques t\u00e9moignent de la difficult\u00e9 \u00e0 s\u2019extraire d\u2019une pens\u00e9e binaire de la maternit\u00e9, tout en mettant en mots des enjeux contemporains qui d\u00e9cha\u00eenent les passions. Ces questionnements sociaux et juridiques, qui nourrissent les \u0153uvres artistiques, renvoient \u00e9galement aux pratiques m\u00e9dicales entourant la maternit\u00e9, et donc les corps des femmes. Bien avant notre \u00e9poque contemporaine d\u2019ailleurs, le Moyen \u00c2ge occidental, pour ancrer notre r\u00e9flexion dans le temps et l\u2019espace, voit la maternit\u00e9 (grossesse, accouchement, allaitement, mise en nourrice, et prime \u00e9ducation du nourrisson puis du b\u00e9b\u00e9) comme objet du d\u00e9veloppement d\u2019un discours m\u00e9dical prescriptif.<\/p>\n<p style=\"text-align: justify;\">Ce cycle de s\u00e9minaire est l\u2019occasion de faire dialoguer humanit\u00e9s et sciences autour de ce que le concept de maternit\u00e9 implique tant au niveau des pratiques qu\u2019\u00e0 celui des repr\u00e9sentations, de mani\u00e8re \u00e0 d\u00e9construire les discours traditionnels qui s\u2019articulent autour de normalit\u00e9 \/ anormalit\u00e9. Il s\u2019agira d\u2019explorer, au-del\u00e0 de tout syst\u00e8me d\u2019opposition, les grands topo\u00ef li\u00e9s \u00e0 la maternit\u00e9 : le fait de donner naissance, la maternit\u00e9 \u00e0 travers les \u00e2ges, les corps des femmes et l\u2019allaitement, la maternit\u00e9 et l\u2019\u00e9thique, la violence des m\u00e8res et l\u2019homoparentalit\u00e9 f\u00e9minine.<\/p>\n<p style=\"text-align: justify;\">Organisation : <a href=\"mailto:helene.barthelmebs-raguin@uni.lu\">H\u00e9l\u00e8ne Barthelmebs<\/a> et <a href=\"mailto:marjolaine.raguin@uliege.be\">Marjolaine Raguin<\/a><\/p>\n<p><a href=\"http:\/\/web.philo.ulg.ac.be\/transitions\/wp-content\/uploads\/sites\/3\/2018\/09\/D\u00e9pliant-Maternit\u00e9s_v2-compressed.pdf\">Programme<\/a><\/p>\n<\/div><\/div>\n\t\t\t\t<\/li>\n\t\t\t \t<li class=\"event cycleconferences gpublic\">\n\t\t\t\t\t<div class=\"event-date\"><div class=\"end-date\"><div class=\"event-weekday\">mar<\/div><div class=\"event-day\">09<\/div><div class=\"event-month\">Oct<\/div><div class=\"event-year\">2018<\/div><\/div><\/div>\n\t\t\t\t\t<div class=\"event-info multi-day\"><div class=\"event-title\"><h3>&quot;I tempi che girano.&quot;  espaces et temps dans la correspondance officielle de Machiavel \u2013 Corinne Manchio (Universit\u00e9 Paris 8)<\/h3><\/div><span class=\"event-time\">18h00<\/span><span class=\"event-location\">Universit\u00e9 de Li\u00e8ge, Grand Physique (B\u00e2t A1)<\/span><div class=\"event-details\"><p><a href=\"http:\/\/web.philo.ulg.ac.be\/transitions\/wp-content\/uploads\/sites\/3\/2018\/10\/Affiche-corinne.jpg\"><img decoding=\"async\" class=\"alignleft size-medium wp-image-9839\" src=\"http:\/\/web.philo.ulg.ac.be\/transitions\/wp-content\/uploads\/sites\/3\/2018\/10\/Affiche-corinne.jpg\" alt=\"\" width=\"150\" srcset=\"http:\/\/web.philo.ulg.ac.be\/transitions\/wp-content\/uploads\/sites\/3\/2018\/10\/Affiche-corinne-212x300.jpg 212w, http:\/\/web.philo.ulg.ac.be\/transitions\/wp-content\/uploads\/sites\/3\/2018\/10\/Affiche-corinne-724x1024.jpg 724w, http:\/\/web.philo.ulg.ac.be\/transitions\/wp-content\/uploads\/sites\/3\/2018\/10\/Affiche-corinne-768x1086.jpg 768w, http:\/\/web.philo.ulg.ac.be\/transitions\/wp-content\/uploads\/sites\/3\/2018\/10\/Affiche-corinne.jpg 794w\" sizes=\"(max-width: 794px) 100vw, 794px\" \/><\/a><\/p>\n<p style=\"text-align: justify;\">Organisation : cycle de conf\u00e9rences de <em>Transitions<\/em>.<\/p>\n<\/div><\/div>\n\t\t\t\t<\/li>\n\t\t\t \t<li class=\"event gpublic\">\n\t\t\t\t\t<div class=\"event-date\"><div class=\"end-date\"><div class=\"event-weekday\">ven<\/div><div class=\"event-day\">28<\/div><div class=\"event-month\">Sep<\/div><div class=\"event-year\">2018<\/div><\/div><\/div>\n\t\t\t\t\t<div class=\"event-info multi-day\"><div class=\"event-title\"><h3>Nuit des Chercheurs 2018<\/h3><\/div><span class=\"event-time\">17h00<\/span><span class=\"event-location\">Li\u00e8ge, M\u00e9diacit\u00e9<\/span><div class=\"event-details\"><p><a href=\"http:\/\/web.philo.ulg.ac.be\/transitions\/wp-content\/uploads\/sites\/3\/2018\/09\/Nuit-Chercheurs-2.jpg\"><img decoding=\"async\" class=\"alignleft size-medium wp-image-9820\" src=\"http:\/\/web.philo.ulg.ac.be\/transitions\/wp-content\/uploads\/sites\/3\/2018\/09\/Nuit-Chercheurs-2-233x300.jpg\" alt=\"\" width=\"150\" srcset=\"http:\/\/web.philo.ulg.ac.be\/transitions\/wp-content\/uploads\/sites\/3\/2018\/09\/Nuit-Chercheurs-2-233x300.jpg 233w, http:\/\/web.philo.ulg.ac.be\/transitions\/wp-content\/uploads\/sites\/3\/2018\/09\/Nuit-Chercheurs-2-768x988.jpg 768w, http:\/\/web.philo.ulg.ac.be\/transitions\/wp-content\/uploads\/sites\/3\/2018\/09\/Nuit-Chercheurs-2-796x1024.jpg 796w, http:\/\/web.philo.ulg.ac.be\/transitions\/wp-content\/uploads\/sites\/3\/2018\/09\/Nuit-Chercheurs-2.jpg 882w\" sizes=\"(max-width: 233px) 100vw, 233px\" \/><\/a><\/p>\n<p style=\"text-align: justify;\">L\u2019Unit\u00e9 de recherches \u00ab Transitions. Moyen \u00c2ge et premi\u00e8re Modernit\u00e9 \u00bb est pr\u00e9sente cette ann\u00e9e \u00e0 la \u00ab Nuit des Chercheurs \u00bb (<em>Mediacit\u00e9<\/em>, 28 septembre 2018, 17h-21h). Une partie de ses membres, li\u00e9s par des int\u00e9r\u00eats scientifiques communs autour du th\u00e8me <em>Anvers, Rome, Avignon : des cultures festives<\/em>, proposent au public de d\u00e9couvrir les ressorts des c\u00e9l\u00e9brations religieuses et politiques depuis le Moyen \u00c2ge.<\/p>\n<p style=\"text-align: justify;\">Le stand sera anim\u00e9 par les chercheurs qui pr\u00e9sentent leurs projets : <a href=\"http:\/\/web.philo.ulg.ac.be\/transitions\/mariaelena-bugini\/\" target=\"_blank\" rel=\"noopener\">Mariaelena Bugini<\/a> (<em>Iconographie musicale<\/em>) ; <a href=\"http:\/\/web.philo.ulg.ac.be\/transitions\/emilie-corswarem\/\" target=\"_blank\" rel=\"noopener\">Emilie Corswarem<\/a> (<em>PerformArt<\/em>) ; <a href=\"http:\/\/web.philo.ulg.ac.be\/transitions\/claudia-dalberto\/\" target=\"_blank\" rel=\"noopener\">Claudia D\u2019Alberto<\/a> (<em>Imago Papae<\/em>) ; <a href=\"http:\/\/web.philo.ulg.ac.be\/transitions\/annick-delfosse\/\" target=\"_blank\" rel=\"noopener\">Annick Delfosse<\/a>, <a href=\"http:\/\/web.philo.ulg.ac.be\/transitions\/rosa-de-marco\/\" target=\"_blank\" rel=\"noopener\">Rosa De Marco<\/a> et <a href=\"http:\/\/web.philo.ulg.ac.be\/transitions\/aurore-drecourt\/\" target=\"_blank\" rel=\"noopener\">Aurore Dr\u00e9court<\/a> (Service d\u2019Histoire Moderne-<em>Cultures du Spectacle Baroque<\/em>), <a href=\"http:\/\/web.philo.ulg.ac.be\/transitions\/christophe-masson\/\" target=\"_blank\" rel=\"noopener\">Christophe Masson<\/a> (<em>Music and Late Medieval European Court Culture<\/em>).<\/p>\n<\/div><\/div>\n\t\t\t\t<\/li>\n\t\t\t \t<li class=\"event colloques\">\n\t\t\t\t\t<div class=\"event-date multi-date\"><div class=\"start-date\"><div class=\"event-weekday\">jeu<\/div><div class=\"event-day\">27<\/div><div class=\"event-month\">Sep<\/div><div class=\"event-year\">2018<\/div><\/div><div class=\"end-date\"><div class=\"event-weekday\">sam<\/div><div class=\"event-day\">29<\/div><div class=\"event-month\">Sep<\/div><div class=\"event-year\">2018<\/div><\/div><\/div>\n\t\t\t\t\t<div class=\"event-info multi-day\"><div class=\"event-title\"><h3>Zeuxis redivivus. Art et \u00e9mulation dans l\u2019Europe du XIVe au XVIIe si\u00e8cle<\/h3><\/div><span class=\"event-location\">Bruxelles, Palais des Acad\u00e9mies<\/span><div class=\"event-details\"><p><a href=\"http:\/\/web.philo.ulg.ac.be\/transitions\/wp-content\/uploads\/sites\/3\/2018\/07\/Zuccaro-Federico-Taddeo-Zuccari-copiant-des-statues-antiques-dessin-183-x-425-mm-Uffizi.jpg\"><img decoding=\"async\" class=\"alignleft size-medium wp-image-9783\" src=\"http:\/\/web.philo.ulg.ac.be\/transitions\/wp-content\/uploads\/sites\/3\/2018\/07\/Zuccaro-Federico-Taddeo-Zuccari-copiant-des-statues-antiques-dessin-183-x-425-mm-Uffizi.jpg\" alt=\"\" width=\"150\" srcset=\"http:\/\/web.philo.ulg.ac.be\/transitions\/wp-content\/uploads\/sites\/3\/2018\/07\/Zuccaro-Federico-Taddeo-Zuccari-copiant-des-statues-antiques-dessin-183-x-425-mm-Uffizi-300x131.jpg 300w, http:\/\/web.philo.ulg.ac.be\/transitions\/wp-content\/uploads\/sites\/3\/2018\/07\/Zuccaro-Federico-Taddeo-Zuccari-copiant-des-statues-antiques-dessin-183-x-425-mm-Uffizi-768x334.jpg 768w, http:\/\/web.philo.ulg.ac.be\/transitions\/wp-content\/uploads\/sites\/3\/2018\/07\/Zuccaro-Federico-Taddeo-Zuccari-copiant-des-statues-antiques-dessin-183-x-425-mm-Uffizi-1024x446.jpg 1024w, http:\/\/web.philo.ulg.ac.be\/transitions\/wp-content\/uploads\/sites\/3\/2018\/07\/Zuccaro-Federico-Taddeo-Zuccari-copiant-des-statues-antiques-dessin-183-x-425-mm-Uffizi.jpg 1378w\" sizes=\"(max-width: 1378px) 100vw, 1378px\" \/><\/a><\/p>\n<p style=\"text-align: justify;\">Le colloque se propose d\u2019interroger la notion d\u2019\u00e9mulation entendue dans son sens le plus large, c\u2019est-\u00e0-dire \u00e0 la fois comme rivalit\u00e9 b\u00e9n\u00e9fique et comme \u00ab imitation-\u00e9mulation \u00bb vis-\u00e0-vis de la nature ou des ma\u00eetres. Les bornes chronologiques de la manifestation iront du XIVe au XVIIe si\u00e8cle inclus, afin de retracer l\u2019apparition ou les premi\u00e8res manifestations du th\u00e8me et son \u00e9volution dans la dur\u00e9e. Parmi les questions qui retiendront notre attention, \u00e9pinglons l\u2019\u00e9mulation avec la nature, la copie d\u2019un mod\u00e8le prestigieux, l\u2019\u00e9mulation avec l\u2019Antiquit\u00e9, le paragone, l\u2019intericonicit\u00e9, l\u2019\u00e9mulation entre les commanditaires ou entre les artistes eux-m\u00eames, l\u2019\u00e9mulation entre zones g\u00e9ographiques,...<\/p>\n<p style=\"text-align: justify;\"><strong>Organisation<\/strong> : Mathilde Bert, Ralph Dekoninck et <a href=\"http:\/\/web.philo.ulg.ac.be\/transitions\/laure-fagnart\/\" target=\"_blank&quot;\" rel=\"noopener\">Laure Fagnart<\/a><\/p>\n<p><a href=\"http:\/\/web.philo.ulg.ac.be\/transitions\/wp-content\/uploads\/sites\/3\/2018\/08\/Zeuxis-redivivus-Bruxelles-27-29-septembre-2018.pdf\">Programme<\/a><\/p>\n<\/div><\/div>\n\t\t\t\t<\/li>\n\t\t\t \t<li class=\"event gpublic\">\n\t\t\t\t\t<div class=\"event-date\"><div class=\"end-date\"><div class=\"event-weekday\">lun<\/div><div class=\"event-day\">17<\/div><div class=\"event-month\">Sep<\/div><div class=\"event-year\">2018<\/div><\/div><\/div>\n\t\t\t\t\t<div class=\"event-info multi-day\"><div class=\"event-title\"><h3>R\u00e9union d&#039;information \u00e0 l&#039;attention des \u00e9tudiants de master<\/h3><\/div><span class=\"event-time\">14h00<\/span><span class=\"event-location\">Li\u00e8ge, Universit\u00e9 de Li\u00e8ge, B\u00e2t. A4, salle R30 <\/span><div class=\"event-details\"><p><a href=\"http:\/\/web.philo.ulg.ac.be\/transitions\/wp-content\/uploads\/sites\/3\/2018\/08\/Annonce-r\u00e9union-enseignements-Master-2018-2019-page-001.jpg\"><img decoding=\"async\" class=\"alignleft size-medium wp-image-9818\" src=\"http:\/\/web.philo.ulg.ac.be\/transitions\/wp-content\/uploads\/sites\/3\/2018\/08\/Annonce-r\u00e9union-enseignements-Master-2018-2019-page-001.jpg\" alt=\"\" width=\"150\" srcset=\"http:\/\/web.philo.ulg.ac.be\/transitions\/wp-content\/uploads\/sites\/3\/2018\/08\/Annonce-r\u00e9union-enseignements-Master-2018-2019-page-001-212x300.jpg 212w, http:\/\/web.philo.ulg.ac.be\/transitions\/wp-content\/uploads\/sites\/3\/2018\/08\/Annonce-r\u00e9union-enseignements-Master-2018-2019-page-001-724x1024.jpg 724w, http:\/\/web.philo.ulg.ac.be\/transitions\/wp-content\/uploads\/sites\/3\/2018\/08\/Annonce-r\u00e9union-enseignements-Master-2018-2019-page-001-768x1086.jpg 768w, http:\/\/web.philo.ulg.ac.be\/transitions\/wp-content\/uploads\/sites\/3\/2018\/08\/Annonce-r\u00e9union-enseignements-Master-2018-2019-page-001.jpg 1754w\" sizes=\"(max-width: 1754px) 100vw, 1754px\" \/><\/a><\/p>\n<p style=\"text-align: justify;\"><strong>R\u00e9union d'information \u00e0 destination des \u00e9tudiants de master<\/strong><br \/>\n(finalit\u00e9 approfondie - toutes fili\u00e8res confondues)<br \/>\n<strong>Moyen \u00c2ge &amp; premi\u00e8re Modernit\u00e9<\/strong><\/p>\n<p style=\"text-align: justify;\"><strong>Lundi 17 septembre, 14h00-14h45 - salle R30<\/strong><\/p>\n<p style=\"text-align: justify;\">Vous pouvez vous sp\u00e9cialiser dans l'\u00e9tude de ces p\u00e9riodes gr\u00e2ce \u00e0 des enseignements en histoire, langues et litt\u00e9ratures, histoire de l'art et histoire de la musique dispens\u00e9s dans notre Facult\u00e9 !<\/p>\n<\/div><\/div>\n\t\t\t\t<\/li>\n\t\t\t \t<li class=\"event colloques\">\n\t\t\t\t\t<div class=\"event-date multi-date\"><div class=\"start-date\"><div class=\"event-weekday\">mer<\/div><div class=\"event-day\">12<\/div><div class=\"event-month\">Sep<\/div><div class=\"event-year\">2018<\/div><\/div><div class=\"end-date\"><div class=\"event-weekday\">ven<\/div><div class=\"event-day\">14<\/div><div class=\"event-month\">Sep<\/div><div class=\"event-year\">2018<\/div><\/div><\/div>\n\t\t\t\t\t<div class=\"event-info multi-day\"><div class=\"event-title\"><h3>Colloque international - The Bruegel Success Story. Symposium XXI for the Study of Underdrawing and Technology in Painting<\/h3><\/div><span class=\"event-location\">Bruxelles, Mus\u00e9es Royaux des Beaux-Arts de Belgique<\/span><div class=\"event-details\"><p><a href=\"http:\/\/web.philo.ulg.ac.be\/transitions\/wp-content\/uploads\/sites\/3\/2018\/08\/1slide.jpg\"><img decoding=\"async\" class=\"alignleft size-medium wp-image-9814\" src=\"http:\/\/web.philo.ulg.ac.be\/transitions\/wp-content\/uploads\/sites\/3\/2018\/08\/1slide.jpg\" alt=\"\" width=\"150\" srcset=\"http:\/\/web.philo.ulg.ac.be\/transitions\/wp-content\/uploads\/sites\/3\/2018\/08\/1slide-300x79.jpg 300w, http:\/\/web.philo.ulg.ac.be\/transitions\/wp-content\/uploads\/sites\/3\/2018\/08\/1slide-768x203.jpg 768w, http:\/\/web.philo.ulg.ac.be\/transitions\/wp-content\/uploads\/sites\/3\/2018\/08\/1slide-1024x271.jpg 1024w, http:\/\/web.philo.ulg.ac.be\/transitions\/wp-content\/uploads\/sites\/3\/2018\/08\/1slide.jpg 3944w\" sizes=\"(max-width: 3944px) 100vw, 3944px\" \/><\/a><\/p>\n<p style=\"text-align: justify;\">The Bruegel Success Story. Creative Process, Imitation, Emulation, Workshop Organization and Business Strategies<\/p>\n<p style=\"text-align: justify;\">The Bruegel dynasty, defined here as Pieter Bruegel the Elder and his artistic progeny, traded on its success for more than a century. Recent new hypotheses on the creative process and the chronology of the output of the family\u2019s founder as well as an increasing interest in the careers and artistic production of the members of the second and third generations encourage further inquiry and reassessment.<\/p>\n<p style=\"text-align: justify;\">Within the same family, creative genius inspired emulation, imitation and repetition. The careers led by the different members of the Bruegel dynasty, their working methods, the transmission of skills, the passing-down of models, workshop organization and in certain cases, large-scale production, collaboration within and outside the workshop, the role of patrons and the art market are among the many fascinating themes that are open for investigation.<\/p>\n<p style=\"text-align: justify;\"><strong>Organisation<\/strong> : V\u00e9ronique B\u00dcCKEN (Royal Museum of Fine Arts of Belgium), Christina CURRIE (KIK-IRPA), Dominique ALLART (ULi\u00e8ge\/Transitions), Sandra DERWA (KIK-IRPA), Bart FRANSEN (KIK-IRPA), Valentine HENDERIKS (ULB), Elisabeth VAN EYCK (KIK-IRPA), Cyriel STROO (KIK-IRPA), Dominique VANWIJNSBERGHE (KIK-IRPA).<\/p>\n<p style=\"text-align: justify;\"><strong>Informations et inscriptions<\/strong> : <a href=\"http:\/\/conf.kikirpa.be\/bruegel2018\">ici<\/a><\/p>\n<p><a href=\"http:\/\/web.philo.ulg.ac.be\/transitions\/wp-content\/uploads\/sites\/3\/2018\/08\/bruegel2018.pdf\">Programme<\/a><\/p>\n<\/div><\/div>\n\t\t\t\t<\/li>\n\t\t\t \t<li class=\"event colloques\">\n\t\t\t\t\t<div class=\"event-date multi-date\"><div class=\"start-date\"><div class=\"event-weekday\">mer<\/div><div class=\"event-day\">20<\/div><div class=\"event-month\">Juin<\/div><div class=\"event-year\">2018<\/div><\/div><div class=\"end-date\"><div class=\"event-weekday\">ven<\/div><div class=\"event-day\">22<\/div><div class=\"event-month\">Juin<\/div><div class=\"event-year\">2018<\/div><\/div><\/div>\n\t\t\t\t\t<div class=\"event-info multi-day\"><div class=\"event-title\"><h3>Colloque - IMAGOPAPAE<\/h3><\/div><span class=\"event-location\">Li\u00e8ge, Universit\u00e9 de Li\u00e8ge, B\u00e2t A1, Salle Acad\u00e9mique<\/span><div class=\"event-details\"><p><a href=\"http:\/\/web.philo.ulg.ac.be\/transitions\/wp-content\/uploads\/sites\/3\/2018\/05\/Imagopapae-2018-Affiche50x70V3-DEF-page-001.jpg\"><img decoding=\"async\" class=\"alignleft size-medium wp-image-9752\" src=\"http:\/\/web.philo.ulg.ac.be\/transitions\/wp-content\/uploads\/sites\/3\/2018\/05\/Imagopapae-2018-Affiche50x70V3-DEF-page-001.jpg\" alt=\"\" width=\"150\" srcset=\"http:\/\/web.philo.ulg.ac.be\/transitions\/wp-content\/uploads\/sites\/3\/2018\/05\/Imagopapae-2018-Affiche50x70V3-DEF-page-001-214x300.jpg 214w, http:\/\/web.philo.ulg.ac.be\/transitions\/wp-content\/uploads\/sites\/3\/2018\/05\/Imagopapae-2018-Affiche50x70V3-DEF-page-001-731x1024.jpg 731w, http:\/\/web.philo.ulg.ac.be\/transitions\/wp-content\/uploads\/sites\/3\/2018\/05\/Imagopapae-2018-Affiche50x70V3-DEF-page-001-768x1075.jpg 768w, http:\/\/web.philo.ulg.ac.be\/transitions\/wp-content\/uploads\/sites\/3\/2018\/05\/Imagopapae-2018-Affiche50x70V3-DEF-page-001.jpg 2953w\" sizes=\"(max-width: 2953px) 100vw, 2953px\" \/><\/a><\/p>\n<p style=\"text-align: justify;\">Le colloque est consacr\u00e9 \u00e0 la figure du pape entre pass\u00e9 et pr\u00e9sent.<\/p>\n<p style=\"text-align: justify;\">La situation actuelle est extraordinaire : deux papes coexistent, l\u2019un \u00e9m\u00e9rite, qui abdiqua en 2013, et l\u2019autre encore en charge. En 2013, la renonciation de Beno\u00eet XVI fut la premi\u00e8re de l\u2019histoire contemporaine, plus de sept cents ans apr\u00e8s la plus c\u00e9l\u00e8bre des abdications m\u00e9di\u00e9vales - celle de C\u00e9lestin V en 1294. Nous avons aussi \u00e9t\u00e9 t\u00e9moins de la canonisation de deux papes (Jean XXIII et Jean Paul II, 2014) et de la promulgation de deux jubil\u00e9s (le jubil\u00e9 ordinaire de 2000, et un jubil\u00e9 extraordinaire en 2015 sous le signe de la Mis\u00e9ricorde).<\/p>\n<p style=\"text-align: justify;\">Les sciences humaines sont appel\u00e9es \u00e0 essayer d\u2019expliquer le sens de ces \u00e9v\u00e9nements qui, \u00e0 d\u00e9faut, pourraient \u00eatre per\u00e7us comme des inventions modernes et non comme des processus profond\u00e9ment ancr\u00e9s dans l\u2019Histoire.<\/p>\n<p style=\"text-align: justify;\">\u00c0 cet \u00e9gard nous proposons une analyse sur la Papaut\u00e9 de Rome et d\u2019Avignon, sur les controverses franciscaines et sur la tradition tr\u00e8s d\u00e9battue du pape ang\u00e9lique. Chaque th\u00e9matique sera abord\u00e9e d\u2019un point de vue historique, historico-artistique, philologique et litt\u00e9raire.<\/p>\n<p style=\"text-align: justify;\">En outre, l\u2019on s\u2019interrogera non seulement sur la diffamation que subit le pape, depuis la <em>damnatio memoriae<\/em> de Boniface VIII jusqu\u2019\u00e0 l\u2019\u00e9poque napol\u00e9onienne, en passant par la R\u00e9forme protestante, mais aussi sur la c\u00e9l\u00e9bration dont il fait l\u2019objet lors de la Contre-R\u00e9forme notamment.<\/p>\n<p style=\"text-align: justify;\">La question du pape contemporain figurera elle aussi au programme du colloque, envisag\u00e9e \u00e0 travers l\u2019\u00e9tude de genre, l\u2019histoire de la photographie et une analyse exp\u00e9rimentale de la s\u00e9rie t\u00e9l\u00e9vis\u00e9e <em>The Young Pope<\/em> (Paolo Sorrentino 2016).<\/p>\n<p style=\"text-align: justify;\"><strong>Organisation<\/strong> : Claudia D\u2019ALBERTO (ULi\u00e8ge\/Transitions) en collaboration avec Beno\u00eet VAN DEN BOSSCHE (ULi\u00e8ge\/Transitions), Dominique ALLART (ULi\u00e8ge\/Transitions), Eric BOUSMAR (USaintlouis\/ CRHiDI), Annick DELFOSSE (ULi\u00e8ge\/Transitions), Laure FAGNART (ULi\u00e8ge\/Transitions), Marie-Elisabeth HENNEAU (ULi\u00e8ge\/Transitions), Alain MARCHANDISSE (ULi\u00e8ge\/Transitions) et en partenariat avec la Bibliotheca Hertziana (Rome), l\u2019Institut de recherche et d\u2019histoire des textes (Paris), le Mus\u00e9e du Petit Palais d\u2019Avignon, la Societ\u00e0 Internazionale per lo Studio del Medioevo Latino (Florence), l\u2019Universit\u00e0 degli Studi di Ferrara.<\/p>\n<p><a href=\"http:\/\/web.philo.ulg.ac.be\/transitions\/wp-content\/uploads\/sites\/3\/2018\/05\/Imagopapae-2018-ProgrammeDEF.pdf\">Programme<\/a><br \/>\n<a href=\"http:\/\/web.philo.ulg.ac.be\/transitions\/wp-content\/uploads\/sites\/3\/2018\/05\/IMAGOPAPAE-Formulaire_DEF.docx\">Formulaire d'inscription (doc)<\/a><br \/>\n<a href=\"http:\/\/web.philo.ulg.ac.be\/transitions\/wp-content\/uploads\/sites\/3\/2018\/05\/IMAGOPAPAE-Formulaire_DEF.pdf\">Formulaire d'inscription (pdf)<\/a><\/p>\n<p style=\"text-align: justify; font-size: small;\">L\u2019inscription au colloque IMAGOPAPAE est enti\u00e8rement gratuite. Pour des raisons \u00e9videntes d\u2019organisation, celle-ci est n\u00e9anmoins obligatoire. Aussi, invitons-nous les personnes souhaitant assister au colloque \u00e0 remplir le formulaire d\u2019inscription t\u00e9l\u00e9chargeable via le lien ci-dessus et \u00e0 le renvoyer d\u00fbment compl\u00e9t\u00e9 \u00e0 l\u2019adresse <a href=\"mailto:imagopapae@gmail.com\">imagopapae@gmail.com<\/a> pour le 17 jun 2018 au plus tard. Seules les personnes en ordre d\u2019inscription se verront garantir l\u2019acc\u00e8s aux manifestations scientifiques.<\/p>\n<\/div><\/div>\n\t\t\t\t<\/li>\n\t\t\t \t<li class=\"event cycleconferences\">\n\t\t\t\t\t<div class=\"event-date\"><div class=\"end-date\"><div class=\"event-weekday\">mar<\/div><div class=\"event-day\">05<\/div><div class=\"event-month\">Juin<\/div><div class=\"event-year\">2018<\/div><\/div><\/div>\n\t\t\t\t\t<div class=\"event-info multi-day\"><div class=\"event-title\"><h3>Conf\u00e9rence -  La r\u00e9gion de Li\u00e8ge et ses \u00e9diteurs, Tanguy Habrand (ULi\u00e8ge\/Traverses)<\/h3><\/div><span class=\"event-time\">20h00<\/span><span class=\"event-location\">Li\u00e8ge, Cit\u00e9 Miroir<\/span><div class=\"event-details\"><p><a href=\"http:\/\/web.philo.ulg.ac.be\/transitions\/wp-content\/uploads\/sites\/3\/2018\/03\/Adam_3Habrand.jpg\"><img decoding=\"async\" class=\"alignleft size-medium wp-image-9667\" src=\"http:\/\/web.philo.ulg.ac.be\/transitions\/wp-content\/uploads\/sites\/3\/2018\/03\/Adam_3Habrand.jpg\" alt=\"\" width=\"150\" srcset=\"http:\/\/web.philo.ulg.ac.be\/transitions\/wp-content\/uploads\/sites\/3\/2018\/03\/Adam_3Habrand-225x300.jpg 225w, http:\/\/web.philo.ulg.ac.be\/transitions\/wp-content\/uploads\/sites\/3\/2018\/03\/Adam_3Habrand.jpg 720w\" sizes=\"(max-width: 720px) 100vw, 720px\" \/><\/a><\/p>\n<p style=\"text-align: justify;\">Dans le cadre de l\u2019exposition \u00ab Empreintes. Patrimoine \u00e9crit t\u00e9moin de l\u2019Histoire \u00bb organis\u00e9e par le R\u00e9seau des biblioth\u00e8ques de l\u2019Universit\u00e9 de Li\u00e8ge et la Cit\u00e9 Miroir de Li\u00e8ge, un cycle de conf\u00e9rences, intitul\u00e9 \u00ab Livres &amp; Li\u00e8ge \u00bb, a \u00e9t\u00e9 mis sur pied en partenariat avec l\u2019Unit\u00e9 de recherches Transitions et avec la participation de membres de l\u2019Unit\u00e9 de recherches Traverses.<\/p>\n<p style=\"text-align: justify;\">Apr\u00e8s Marabout, Mardaga et Chagor devenu Hemma, Li\u00e8ge compte de remarquables catalogues litt\u00e9raires (L'Arbre \u00e0 Paroles, Luce Wilquin, T\u00e9tras Lyre), d\u2019essais (Yellow Now) et de culture locale (Noir Dessin, Dricot, \u00e9ditions du Perron alli\u00e9es \u00e0 Now Future), sans oublier le r\u00f4le jou\u00e9 par Luc Pire, d'importants relais institutionnels (Presses universitaires, \u00c9ditions de la Province) et de nouvelles figures. Panorama d\u2019un secteur en plein bouleversement et tenu d\u2019exister entre Paris et Bruxelles.<\/p>\n<p>PAF : 5\u20ac<br \/>\n(<a href=\"https:\/\/www.news.uliege.be\/cms\/c_9814199\/fr\/exposition-empreintes\" target=\"_blank\" rel=\"noopener\">En savoir plus<\/a>)<\/p>\n<\/div><\/div>\n\t\t\t\t<\/li>\n\t\t\t \t<li class=\"event colloques\">\n\t\t\t\t\t<div class=\"event-date multi-date\"><div class=\"start-date\"><div class=\"event-weekday\">mar<\/div><div class=\"event-day\">29<\/div><div class=\"event-month\">Mai<\/div><div class=\"event-year\">2018<\/div><\/div><div class=\"end-date\"><div class=\"event-weekday\">mer<\/div><div class=\"event-day\">30<\/div><div class=\"event-month\">Mai<\/div><div class=\"event-year\">2018<\/div><\/div><\/div>\n\t\t\t\t\t<div class=\"event-info multi-day\"><div class=\"event-title\"><h3>Colloque - Rencontres doctorales internationales : \u00ab Quel lieu choisir ? Implantation, repr\u00e9sentation et mention de l&#039;\u00e9difice et de l&#039;objet (XIe-XVIIe si\u00e8cles) \u00bb<\/h3><\/div><span class=\"event-location\">Amiens, Universit\u00e9 de Picardie Jules Verne<\/span><div class=\"event-details\"><p><a href=\"http:\/\/web.philo.ulg.ac.be\/transitions\/wp-content\/uploads\/sites\/3\/2018\/04\/Affiche-finale-avec-mails.jpg\"><img decoding=\"async\" class=\"alignleft size-medium wp-image-9290\" src=\"http:\/\/web.philo.ulg.ac.be\/transitions\/wp-content\/uploads\/sites\/3\/2018\/04\/Affiche-finale-avec-mails.jpg\" alt=\"\" width=\"150\" \/><\/a><\/p>\n<p style=\"text-align: justify;\">L\u2019Unit\u00e9 de recherches (UR) Transitions. Moyen \u00c2ge et premi\u00e8re Modernit\u00e9 de l\u2019Universit\u00e9 de Li\u00e8ge s\u2019associe au laboratoire TRAME (Textes, repr\u00e9sentations, arch\u00e9ologie et m\u00e9moire de l\u2019Antiquit\u00e9 \u00e0 la Renaissance) de l\u2019Universit\u00e9 de Picardie Jules Verne et au Centre d\u2019\u00c9tudes Sup\u00e9rieures de la Renaissance de l\u2019Universit\u00e9 Fran\u00e7ois Rabelais de Tours \u00e0 l\u2019occasion de rencontres doctorales en trois volets. Mises en \u0153uvre par les doctorants de ces trois institutions, ces rencontres ont pour but de favoriser l\u2019\u00e9change et les d\u00e9bats entre doctorant(e)s, jeunes chercheurs(euses) et coll\u00e8gues exp\u00e9riment\u00e9(e)s.<br \/>\nLe deuxi\u00e8me volet de ces journ\u00e9es sera organis\u00e9 \u00e0 Amiens, les 29 et 30 mai 2018.<br \/>\n<a href=\"http:\/\/web.philo.ulg.ac.be\/transitions\/wp-content\/uploads\/sites\/3\/2018\/04\/Programme-JDI-Amiens-29-et-30-mai-2018..pdf\">Programme<\/a><\/p>\n<\/div><\/div>\n\t\t\t\t<\/li>\n\t\t\t \t<li class=\"event membres\">\n\t\t\t\t\t<div class=\"event-date\"><div class=\"end-date\"><div class=\"event-weekday\">jeu<\/div><div class=\"event-day\">24<\/div><div class=\"event-month\">Mai<\/div><div class=\"event-year\">2018<\/div><\/div><\/div>\n\t\t\t\t\t<div class=\"event-info multi-day\"><div class=\"event-title\"><h3>Ma th\u00e8se en 180 secondes - finale interuniversitaire<\/h3><\/div><div class=\"event-details\"><p><a href=\"http:\/\/web.philo.ulg.ac.be\/transitions\/wp-content\/uploads\/sites\/3\/2018\/03\/mt180_logo.jpg\"><img decoding=\"async\" class=\"alignleft size-full wp-image-9710\" src=\"http:\/\/web.philo.ulg.ac.be\/transitions\/wp-content\/uploads\/sites\/3\/2018\/03\/mt180_logo.jpg\" alt=\"\" width=\"150\" \/><\/a><\/p>\n<p style=\"text-align: justify;\">Aurore Dr\u00e9court, doctorante de <em>Transitions<\/em>, fait partie des quatre candidats \u00e0 avoir remport\u00e9 la finale li\u00e9geoise de Ma th\u00e8se en 180 secondes. Elle s'est ainsi qualifi\u00e9e pour la finale interuniversitaire du coucours, une finale qui se d\u00e9roulera \u00e0 Bruxelles le jeudi 24 mai. Toutes nos f\u00e9licitations !<\/p>\n<\/div><\/div>\n\t\t\t\t<\/li>\n\t\t\t \t<li class=\"event membres\">\n\t\t\t\t\t<div class=\"event-date\"><div class=\"end-date\"><div class=\"event-weekday\">jeu<\/div><div class=\"event-day\">24<\/div><div class=\"event-month\">Mai<\/div><div class=\"event-year\">2018<\/div><\/div><\/div>\n\t\t\t\t\t<div class=\"event-info multi-day\"><div class=\"event-title\"><h3>Launching RASCIO - Workshop, organized by \u00c9lise Franssen<\/h3><\/div><span class=\"event-time\">09h00<\/span><span class=\"event-location\">Sala Archivio, Universit\u00e0 Ca&#039; Foscari, Venise<\/span><div class=\"event-details\"><p><a href=\"http:\/\/web.philo.ulg.ac.be\/transitions\/wp-content\/uploads\/sites\/3\/2018\/05\/RASCIO-Workshop.jpg\"><img decoding=\"async\" class=\"alignleft size-medium wp-image-9740\" src=\"http:\/\/web.philo.ulg.ac.be\/transitions\/wp-content\/uploads\/sites\/3\/2018\/05\/RASCIO-Workshop.jpg\" alt=\"\" width=\"150\" srcset=\"http:\/\/web.philo.ulg.ac.be\/transitions\/wp-content\/uploads\/sites\/3\/2018\/05\/RASCIO-Workshop-212x300.jpg 212w, http:\/\/web.philo.ulg.ac.be\/transitions\/wp-content\/uploads\/sites\/3\/2018\/05\/RASCIO-Workshop-724x1024.jpg 724w, http:\/\/web.philo.ulg.ac.be\/transitions\/wp-content\/uploads\/sites\/3\/2018\/05\/RASCIO-Workshop-768x1086.jpg 768w, http:\/\/web.philo.ulg.ac.be\/transitions\/wp-content\/uploads\/sites\/3\/2018\/05\/RASCIO-Workshop.jpg 3507w\" sizes=\"(max-width: 3507px) 100vw, 3507px\" \/><\/a><\/p>\n<p style=\"text-align: justify;\">This workshop is the opening event of \u00c9lise Franssen's Marie Sk\u0142odowska-Curie project \"RASCIO\" (Reader, Author, Scholar in a Context of Information Overflow. How to manage and master knowledge when there is too much to know?\" \u2014 grant agreement n\u00b0 749180; see <a href=\"http:\/\/web.philo.ulg.ac.be\/islamo\/tradition-manuscrite-transmission-et-autorite-en-islam\/\" target=\"_blank\" rel=\"noopener\">here<\/a>).<\/p>\n<p style=\"text-align: justify;\">It is intended to be a methodological and case-studies\u2019 round-table. The different topics to be addressed are:<\/p>\n<ul>\n<li>Methodology and note-taking strategies<\/li>\n<li>Correspondence between scholars\/<em>litt\u00e9rateurs<\/em> and networking<\/li>\n<li>Scholars\u2019 libraries<\/li>\n<li>Digital humanities and on-line editions<\/li>\n<\/ul>\n<p><a href=\"http:\/\/web.philo.ulg.ac.be\/transitions\/wp-content\/uploads\/sites\/3\/2018\/05\/Workshop-RASCIO-program.pdf\">Full program<\/a><\/p>\n<\/div><\/div>\n\t\t\t\t<\/li>\n\t\t\t \t<li class=\"event cycleconferences\">\n\t\t\t\t\t<div class=\"event-date\"><div class=\"end-date\"><div class=\"event-weekday\">mar<\/div><div class=\"event-day\">22<\/div><div class=\"event-month\">Mai<\/div><div class=\"event-year\">2018<\/div><\/div><\/div>\n\t\t\t\t\t<div class=\"event-info multi-day\"><div class=\"event-title\"><h3>Conf\u00e9rence -  La presse li\u00e9geoise, une histoire mouvement\u00e9e, Catherine Lanneau (ULi\u00e8ge\/Traverses-RPI).<\/h3><\/div><span class=\"event-time\">20h00<\/span><span class=\"event-location\">Li\u00e8ge, Cit\u00e9 Miroir<\/span><div class=\"event-details\"><p><a href=\"http:\/\/web.philo.ulg.ac.be\/transitions\/wp-content\/uploads\/sites\/3\/2018\/03\/Adam4_Lanneau-1.jpg\"><img decoding=\"async\" class=\"alignleft size-medium wp-image-9670\" src=\"http:\/\/web.philo.ulg.ac.be\/transitions\/wp-content\/uploads\/sites\/3\/2018\/03\/Adam4_Lanneau-1.jpg\" alt=\"\" width=\"150\" srcset=\"http:\/\/web.philo.ulg.ac.be\/transitions\/wp-content\/uploads\/sites\/3\/2018\/03\/Adam4_Lanneau-1-226x300.jpg 226w, http:\/\/web.philo.ulg.ac.be\/transitions\/wp-content\/uploads\/sites\/3\/2018\/03\/Adam4_Lanneau-1-768x1019.jpg 768w, http:\/\/web.philo.ulg.ac.be\/transitions\/wp-content\/uploads\/sites\/3\/2018\/03\/Adam4_Lanneau-1-772x1024.jpg 772w, http:\/\/web.philo.ulg.ac.be\/transitions\/wp-content\/uploads\/sites\/3\/2018\/03\/Adam4_Lanneau-1.jpg 3843w\" sizes=\"(max-width: 3843px) 100vw, 3843px\" \/><\/a><\/p>\n<p style=\"text-align: justify;\">Dans le cadre de l\u2019exposition \u00ab Empreintes. Patrimoine \u00e9crit t\u00e9moin de l\u2019Histoire \u00bb organis\u00e9e par le R\u00e9seau des biblioth\u00e8ques de l\u2019Universit\u00e9 de Li\u00e8ge et la Cit\u00e9 Miroir de Li\u00e8ge, un cycle de conf\u00e9rences, intitul\u00e9 \u00ab Livres &amp; Li\u00e8ge \u00bb, a \u00e9t\u00e9 mis sur pied en partenariat avec l\u2019Unit\u00e9 de recherches Transitions et avec la participation de membres de l\u2019Unit\u00e9 de recherches Traverses.<\/p>\n<p style=\"text-align: justify;\">Des gazettes principautaires du XVIIIe si\u00e8cle aux sites internet d\u2019information locale, la presse d\u2019information li\u00e9geoise a connu, en pr\u00e8s de trois si\u00e8cles, de nombreuses \u00e9volutions. La pr\u00e9sente conf\u00e9rence brossera un panorama des principales entreprises de presse et montrera en quoi elles sont \u00e0 la fois miroir et actrices de la vie politique, \u00e9conomique et culturelle en Cit\u00e9 ardente.<\/p>\n<p>P.A.F. : 5\u20ac<br \/>\n(<a href=\"https:\/\/www.news.uliege.be\/cms\/c_9814199\/fr\/exposition-empreintes\" target=\"_blank\" rel=\"noopener\">En savoir plus<\/a>)<\/p>\n<\/div><\/div>\n\t\t\t\t<\/li>\n\t\t\t \t<li class=\"event colloques\">\n\t\t\t\t\t<div class=\"event-date\"><div class=\"end-date\"><div class=\"event-weekday\">ven<\/div><div class=\"event-day\">18<\/div><div class=\"event-month\">Mai<\/div><div class=\"event-year\">2018<\/div><\/div><\/div>\n\t\t\t\t\t<div class=\"event-info multi-day\"><div class=\"event-title\"><h3>Atelier - Les mots de l&#039;accord. Vocabulaire juridique et social de la r\u00e9gulation sociale (Moyen \u00c2ge - Temps Modernes)<\/h3><\/div><span class=\"event-time\">08h45<\/span><span class=\"event-location\">Universit\u00e9 de Li\u00e8ge, B\u00e2t. A1, salle du D\u00e9canat<\/span><div class=\"event-details\"><p><a href=\"http:\/\/web.philo.ulg.ac.be\/transitions\/wp-content\/uploads\/sites\/3\/2018\/04\/Les-mots-de-laccord-Affiche-programme-v3-1.jpg\"><img decoding=\"async\" class=\"alignleft size-medium wp-image-9729\" src=\"http:\/\/web.philo.ulg.ac.be\/transitions\/wp-content\/uploads\/sites\/3\/2018\/04\/Les-mots-de-laccord-Affiche-programme-v3-1.jpg\" alt=\"\" width=\"150\" \/><\/a><\/p>\n<p style=\"text-align: justify;\">Le 18 mai, Transitions s'associe au Centre d'Histoire du Droit et de la Justice (UCL) et au laboratoire d'Analyse Compar\u00e9e des Pouvoirs (Paris-Est Marne-la-Vall\u00e9e) pour discuter des mani\u00e8res de s\u2019accorder et de r\u00e9soudre les conflits aux marges de la justice de la fin du Moyen \u00c2ge \u00e0 l\u2019\u00e9poque moderne.<\/p>\n<p style=\"text-align: justify;\">Organisation : <a href=\"http:\/\/web.philo.ulg.ac.be\/transitions\/annick-delfosse\/\">Annick Delfosse<\/a> (ULi\u00e8ge\/Transitions), <a href=\"http:\/\/web.philo.ulg.ac.be\/transitions\/aurore-drecourt\/\">Aurore Dr\u00e9court<\/a> (FRS-FNRS-ULi\u00e8ge\/Transitions &amp; UCL), Xavier Rousseaux (UCL) et Diane Roussel (Universit\u00e9 de Paris-Est Marne-la-Vall\u00e9e).<\/p>\n<p><a href=\"http:\/\/web.philo.ulg.ac.be\/transitions\/wp-content\/uploads\/sites\/3\/2018\/04\/Les-mots-de-laccord-Affiche-programme-v3.pdf\">Programme<\/a><\/p>\n<\/div><\/div>\n\t\t\t\t<\/li>\n\t\t\t \t<li class=\"event colloques\">\n\t\t\t\t\t<div class=\"event-date multi-date\"><div class=\"start-date\"><div class=\"event-weekday\">jeu<\/div><div class=\"event-day\">17<\/div><div class=\"event-month\">Mai<\/div><div class=\"event-year\">2018<\/div><\/div><div class=\"end-date\"><div class=\"event-weekday\">ven<\/div><div class=\"event-day\">18<\/div><div class=\"event-month\">Mai<\/div><div class=\"event-year\">2018<\/div><\/div><\/div>\n\t\t\t\t\t<div class=\"event-info multi-day\"><div class=\"event-title\"><h3>Colloque - La paix des Dames \u2013 volet II, entre c\u00e9r\u00e9moniel, m\u00e9diatisation et m\u00e9moire<\/h3><\/div><span class=\"event-location\">17 et 18 mai 2018, Bourg-en-Bresse, Monast\u00e8re royal de Brou<\/span><div class=\"event-details\"><p><a href=\"http:\/\/web.philo.ulg.ac.be\/transitions\/wp-content\/uploads\/sites\/3\/2018\/03\/Ladies-Peace-800-copy.jpeg\"><img decoding=\"async\" class=\"alignleft size-medium wp-image-9634\" src=\"http:\/\/web.philo.ulg.ac.be\/transitions\/wp-content\/uploads\/sites\/3\/2018\/03\/Ladies-Peace-800-copy.jpeg\" alt=\"\" width=\"150\" srcset=\"http:\/\/web.philo.ulg.ac.be\/transitions\/wp-content\/uploads\/sites\/3\/2018\/03\/Ladies-Peace-800-copy-206x300.jpeg 206w, http:\/\/web.philo.ulg.ac.be\/transitions\/wp-content\/uploads\/sites\/3\/2018\/03\/Ladies-Peace-800-copy.jpeg 548w\" sizes=\"(max-width: 548px) 100vw, 548px\" \/><\/a><\/p>\n<p style=\"text-align: justify;\">Organisation : <a href=\"mailto:laure.fagnart@ulg.ac.be\">Laure Fagnart<\/a> et <a href=\"http:\/\/web.philo.ulg.ac.be\/transitions\/jonathan-dumont\/\">Jonathan Dumont<\/a><\/p>\n<p style=\"text-align: justify;\">Parmi toutes les femmes qui ont exerc\u00e9 une fonction de pouvoir dans l\u2019Europe de la Renaissance, Louise de Savoie et Marguerite d\u2019Autriche sont assur\u00e9ment parmi les plus c\u00e9l\u00e8bres. Le trait\u00e9 de paix qu\u2019elles n\u00e9goci\u00e8rent ensemble, au nom de leurs fils et neveu, \u00e0 Cambrai, en 1529, ne l\u2019est pas moins. Demeur\u00e9 dans les m\u00e9moires comme la \u00ab paix des Dames \u00bb, cet accord mit fin \u00e0 la seconde guerre que se livraient Fran\u00e7ois Ier et Charles Quint. Pourtant, la rencontre, th\u00e9\u00e2tre d\u2019un mois de n\u00e9gociations entre la France et l\u2019Empire, est mal connue. Quant \u00e0 ses c\u00e9l\u00e9brations, tant dans le domaine des arts que dans celui des lettres, elles n\u2019ont pas encore retenu l\u2019attention qu\u2019elles m\u00e9ritent. Un programme de recherches tend \u00e0 combler ces lacunes. Men\u00e9 en partenariat avec l\u2019Universit\u00e9 Paris 13 (La Pl\u00e9iade) et le Monast\u00e8re royal de Brou (Bourg-en-Bresse), il a re\u00e7u le soutien financier du F.R.S.-FNRS (Cr\u00e9dit de recherche, CDR) et du WBI \u2013 Wallonie-Bruxelles-International (Programme Tournesol). D\u2019une part, il vise \u00e0 produire le r\u00e9cit d\u00e9taill\u00e9 de la rencontre organis\u00e9e en juillet-ao\u00fbt 1529. De l\u2019autre, il entend analyser les productions litt\u00e9raires et artistiques qui ont immortalis\u00e9, imm\u00e9diatement et a posteriori, la signature de la paix. \u00c0 terme, les r\u00e9sultats de la recherche seront valoris\u00e9s sous la forme d\u2019un livre collectif et d\u2019un espace d\u2019interpr\u00e9tation, dispos\u00e9 au Monast\u00e8re royal de Brou. Deux colloques sont organis\u00e9s en amont : une premi\u00e8re rencontre a eu lieu les 7 et 8 d\u00e9cembre 2017, \u00e0 Li\u00e8ge, afin d\u2019\u00e9voquer les aspects politiques, diplomatiques et c\u00e9r\u00e9moniaux de la rencontre de Cambrai ; une seconde, mise en \u0153uvre les 17 et 18 mai 2018, \u00e0 Bourg-en-Bresse, sera consacr\u00e9e \u00e0 la m\u00e9diatisation de la signature de la paix.<\/p>\n<p style=\"text-align: justify;\"><a href=\"http:\/\/web.philo.ulg.ac.be\/transitions\/wp-content\/uploads\/sites\/3\/2018\/04\/La-paix-des-Dames-Brou-17-18-mai-2018-programme.pdf\">Programme<\/a><\/p>\n<\/div><\/div>\n\t\t\t\t<\/li>\n\t\t\t \t<li class=\"event seminaires\">\n\t\t\t\t\t<div class=\"event-date\"><div class=\"end-date\"><div class=\"event-weekday\">mer<\/div><div class=\"event-day\">16<\/div><div class=\"event-month\">Mai<\/div><div class=\"event-year\">2018<\/div><\/div><\/div>\n\t\t\t\t\t<div class=\"event-info multi-day\"><div class=\"event-title\"><h3>S\u00e9minaire - Les humanit\u00e9s num\u00e9riques. Pratiques, critiques et perspectives<\/h3><\/div><span class=\"event-time\">11h00<\/span><span class=\"event-location\">Li\u00e8ge, Li\u00e8ge Universit\u00e9, B\u00e2t. A4, salle S50<\/span><div class=\"event-details\"><p><a href=\"http:\/\/web.philo.ulg.ac.be\/transitions\/wp-content\/uploads\/sites\/3\/2018\/02\/S\u00e9minaire-doctorants-2018-v3.jpg\"><img decoding=\"async\" src=\"http:\/\/web.philo.ulg.ac.be\/transitions\/wp-content\/uploads\/sites\/3\/2018\/02\/S\u00e9minaire-doctorants-2018-v3.jpg\" alt=\"\" width=\"150\" class=\"alignleft size-medium wp-image-9633\" srcset=\"http:\/\/web.philo.ulg.ac.be\/transitions\/wp-content\/uploads\/sites\/3\/2018\/02\/S\u00e9minaire-doctorants-2018-v3-212x300.jpg 212w, http:\/\/web.philo.ulg.ac.be\/transitions\/wp-content\/uploads\/sites\/3\/2018\/02\/S\u00e9minaire-doctorants-2018-v3-724x1024.jpg 724w, http:\/\/web.philo.ulg.ac.be\/transitions\/wp-content\/uploads\/sites\/3\/2018\/02\/S\u00e9minaire-doctorants-2018-v3-768x1086.jpg 768w, http:\/\/web.philo.ulg.ac.be\/transitions\/wp-content\/uploads\/sites\/3\/2018\/02\/S\u00e9minaire-doctorants-2018-v3.jpg 2480w\" sizes=\"(max-width: 2480px) 100vw, 2480px\" \/><\/a><\/p>\n<p style=\"text-align: justify;\">S\u00e9minaire des doctorants de Transitions 2018<\/p>\n<p>L\u2019histoire de l\u2019art face \u00e0 la num\u00e9risation<\/p>\n<p>Programme :<br \/>\nAleuna Macarenko : <em>Collection Ronald van Belle - la num\u00e9risation comme solution pour la sauvegarde d\u2019un patrimoine menac\u00e9 ?<\/em><br \/>\nGaylen Vankan : <em>Penser l\u2019outil num\u00e9rique dans l\u2019\u00e9tude du rondel - enjeux, int\u00e9r\u00eats et dangers<\/em><\/p>\n<p>Mod\u00e9rateur : Emmanuel Joly<\/p>\n<p>Claudia d'Alberto et Marjolaine Raguin : <em>Conclusions<\/em><\/p>\n<p>Comit\u00e9 organisateur : <a href=\"http:\/\/web.philo.ulg.ac.be\/transitions\/claudia-dalberto\/\">Claudia d'Alberto<\/a>, <a href=\"http:\/\/web.philo.ulg.ac.be\/transitions\/alexandre-goderniaux\/\">Alexandre Goderniaux<\/a>, <a href=\"http:\/\/web.philo.ulg.ac.be\/transitions\/marjolaine-raguin-barthelmebs\/\">Marjolaine Raguin<\/a> et <a href=\"http:\/\/web.philo.ulg.ac.be\/transitions\/eva-trizzullo\/\">Eva Trizzullo<\/a>.<\/p>\n<\/div><\/div>\n\t\t\t\t<\/li>\n\t\t\t \t<li class=\"event membres\">\n\t\t\t\t\t<div class=\"event-date\"><div class=\"end-date\"><div class=\"event-weekday\">mer<\/div><div class=\"event-day\">09<\/div><div class=\"event-month\">Mai<\/div><div class=\"event-year\">2018<\/div><\/div><\/div>\n\t\t\t\t\t<div class=\"event-info multi-day\"><div class=\"event-title\"><h3>Journ\u00e9e d\u2019\u00e9tude - Mobilit\u00e9(s) \u00e0 l\u2019\u00e9poque moderne et de nos jours. Regards crois\u00e9s<\/h3><\/div><span class=\"event-location\">Bruxelles, Biblioth\u00e8que royale de Belgique, Royal Sky Room 1<\/span><div class=\"event-details\"><p><a href=\"http:\/\/web.philo.ulg.ac.be\/transitions\/wp-content\/uploads\/sites\/3\/2018\/04\/Affiche-FINALE-J.E.-Modernum-09.05.2018-page-001.jpg\"><img decoding=\"async\" class=\"alignleft size-medium wp-image-9715\" src=\"http:\/\/web.philo.ulg.ac.be\/transitions\/wp-content\/uploads\/sites\/3\/2018\/04\/Affiche-FINALE-J.E.-Modernum-09.05.2018-page-001.jpg\" alt=\"\" width=\"150\" srcset=\"http:\/\/web.philo.ulg.ac.be\/transitions\/wp-content\/uploads\/sites\/3\/2018\/04\/Affiche-FINALE-J.E.-Modernum-09.05.2018-page-001-225x300.jpg 225w, http:\/\/web.philo.ulg.ac.be\/transitions\/wp-content\/uploads\/sites\/3\/2018\/04\/Affiche-FINALE-J.E.-Modernum-09.05.2018-page-001-768x1024.jpg 768w, http:\/\/web.philo.ulg.ac.be\/transitions\/wp-content\/uploads\/sites\/3\/2018\/04\/Affiche-FINALE-J.E.-Modernum-09.05.2018-page-001.jpg 2250w\" sizes=\"(max-width: 2250px) 100vw, 2250px\" \/><\/a><\/p>\n<p style=\"text-align: justify;\">Inscription\u00a0: <a href=\"https:\/\/modernum.hypotheses.org\/journees-detude-de-modernum\/09052018-mobilites-a-lepoque-moderne-et-de-nos-jours-regards-croises\" target=\"_blank\" rel=\"noopener\">ici<\/a><\/p>\n<\/div><\/div>\n\t\t\t\t<\/li>\n\t\t\t \t<li class=\"event cycleconferences\">\n\t\t\t\t\t<div class=\"event-date\"><div class=\"end-date\"><div class=\"event-weekday\">mar<\/div><div class=\"event-day\">08<\/div><div class=\"event-month\">Mai<\/div><div class=\"event-year\">2018<\/div><\/div><\/div>\n\t\t\t\t\t<div class=\"event-info multi-day\"><div class=\"event-title\"><h3>Conf\u00e9rence - Li\u00e8ge et son entr\u00e9e dans l\u2019\u00e8re typographique, Renaud Adam  (CESR, Universit\u00e9 de Tours \u2013 ULi\u00e8ge\/Transitions).<\/h3><\/div><span class=\"event-time\">20h00<\/span><span class=\"event-location\">Li\u00e8ge, Cit\u00e9 Miroir<\/span><div class=\"event-details\"><p><a href=\"http:\/\/web.philo.ulg.ac.be\/transitions\/wp-content\/uploads\/sites\/3\/2018\/03\/Adam_1.jpg\"><img decoding=\"async\" class=\"alignleft size-medium wp-image-9666\" src=\"http:\/\/web.philo.ulg.ac.be\/transitions\/wp-content\/uploads\/sites\/3\/2018\/03\/Adam_1.jpg\" alt=\"\" width=\"150\" srcset=\"http:\/\/web.philo.ulg.ac.be\/transitions\/wp-content\/uploads\/sites\/3\/2018\/03\/Adam_1-199x300.jpg 199w, http:\/\/web.philo.ulg.ac.be\/transitions\/wp-content\/uploads\/sites\/3\/2018\/03\/Adam_1-679x1024.jpg 679w, http:\/\/web.philo.ulg.ac.be\/transitions\/wp-content\/uploads\/sites\/3\/2018\/03\/Adam_1-768x1159.jpg 768w, http:\/\/web.philo.ulg.ac.be\/transitions\/wp-content\/uploads\/sites\/3\/2018\/03\/Adam_1.jpg 1102w\" sizes=\"(max-width: 1102px) 100vw, 1102px\" \/><\/a><\/p>\n<p style=\"text-align: justify;\">Dans le cadre de l\u2019exposition \u00ab Empreintes. Patrimoine \u00e9crit t\u00e9moin de l\u2019Histoire \u00bb organis\u00e9e par le R\u00e9seau des biblioth\u00e8ques de l\u2019Universit\u00e9 de Li\u00e8ge et la Cit\u00e9 Miroir de Li\u00e8ge, un cycle de conf\u00e9rences, intitul\u00e9 \u00ab Livres &amp; Li\u00e8ge \u00bb, a \u00e9t\u00e9 mis sur pied en partenariat avec l\u2019Unit\u00e9 de recherches Transitions et avec la participation de membres de l\u2019Unit\u00e9 de recherches Traverses.<\/p>\n<p style=\"text-align: justify;\">Plus d\u2019un si\u00e8cle s\u00e9pare l\u2019arriv\u00e9e de l\u2019imprimerie \u00e0 Li\u00e8ge de son invention par Gutenberg vers 1450. La pr\u00e9sente conf\u00e9rence sera l\u2019occasion de revenir non seulement sur les raisons de cet \u00e9cart chronologique, mais aussi de mesurer les cons\u00e9quences de l\u2019entr\u00e9e de Li\u00e8ge dans l\u2019\u00e8re typographique.<\/p>\n<p>P.A.F. : 5 \u20ac<br \/>\n(<a href=\"https:\/\/www.news.uliege.be\/cms\/c_9814199\/fr\/exposition-empreintes\" target=\"_blank\" rel=\"noopener\">En savoir plus<\/a>)<\/p>\n<\/div><\/div>\n\t\t\t\t<\/li>\n\t\t\t \t<li class=\"event colloques\">\n\t\t\t\t\t<div class=\"event-date\"><div class=\"end-date\"><div class=\"event-weekday\">ven<\/div><div class=\"event-day\">27<\/div><div class=\"event-month\">Avr<\/div><div class=\"event-year\">2018<\/div><\/div><\/div>\n\t\t\t\t\t<div class=\"event-info multi-day\"><div class=\"event-title\"><h3>Journ\u00e9e d&#039;\u00e9tudes - Portes ouvertes. Variations sur l&#039;Ars Tarsiata<\/h3><\/div><span class=\"event-time\">09h30<\/span><span class=\"event-location\">Li\u00e8ge, Universit\u00e9 de Li\u00e8ge, B\u00e2t. A3, salle Wittert<\/span><div class=\"event-details\"><p><a href=\"http:\/\/web.philo.ulg.ac.be\/transitions\/wp-content\/uploads\/sites\/3\/2018\/01\/ARS-TARSIATA_POSTER-page-001.jpg\"><img decoding=\"async\" class=\"alignleft size-medium wp-image-9393\" src=\"http:\/\/web.philo.ulg.ac.be\/transitions\/wp-content\/uploads\/sites\/3\/2018\/01\/ARS-TARSIATA_POSTER-page-001.jpg\" alt=\"\" width=\"150\" srcset=\"http:\/\/web.philo.ulg.ac.be\/transitions\/wp-content\/uploads\/sites\/3\/2018\/01\/ARS-TARSIATA_POSTER-page-001-212x300.jpg 212w, http:\/\/web.philo.ulg.ac.be\/transitions\/wp-content\/uploads\/sites\/3\/2018\/01\/ARS-TARSIATA_POSTER-page-001-724x1024.jpg 724w, http:\/\/web.philo.ulg.ac.be\/transitions\/wp-content\/uploads\/sites\/3\/2018\/01\/ARS-TARSIATA_POSTER-page-001-768x1086.jpg 768w, http:\/\/web.philo.ulg.ac.be\/transitions\/wp-content\/uploads\/sites\/3\/2018\/01\/ARS-TARSIATA_POSTER-page-001.jpg 1240w\" sizes=\"(max-width: 1240px) 100vw, 1240px\" \/><\/a><\/p>\n<p style=\"text-align:justify;\">PORTES OUVERTES. Variations sur l\u2019ARS TARSIATA<\/p>\n<p>La journ\u00e9e se propose d'examiner trois portes en bois, embl\u00e9matiques de l'art de la marqueterie italienne et fran\u00e7aise de la Renaissance. L'activit\u00e9 est organis\u00e9e par le Service d'Histoire et Technologie des Arts plastiques (Temps modernes) de l\u2019Universit\u00e9 de Li\u00e8ge, avec le soutien de Transitions et du groupe de contact du F.R.S.-FNRS \u00ab Mod\u00e8les, \u00e9changes et r\u00e9alisations artistiques (XVe-XVIe si\u00e8cles) \u00bb.<\/p>\n<p>Contact : <a href=\"mailto:rdemarco@ulg.ac.be\">Rosa De Marco<\/a><\/p>\n<\/div><\/div>\n\t\t\t\t<\/li>\n\t\t\t \t<li class=\"event seminaires\">\n\t\t\t\t\t<div class=\"event-date\"><div class=\"end-date\"><div class=\"event-weekday\">mer<\/div><div class=\"event-day\">25<\/div><div class=\"event-month\">Avr<\/div><div class=\"event-year\">2018<\/div><\/div><\/div>\n\t\t\t\t\t<div class=\"event-info multi-day\"><div class=\"event-title\"><h3>S\u00e9minaire - Les doctorants de Transitions et les humanit\u00e9s num\u00e9riques. Pratiques, critiques et perspectives <\/h3><\/div><span class=\"event-time\">11h00<\/span><span class=\"event-location\">Li\u00e8ge, Li\u00e8ge Universit\u00e9, B\u00e2t. A4, salle S50<\/span><div class=\"event-details\"><p><a href=\"http:\/\/web.philo.ulg.ac.be\/transitions\/wp-content\/uploads\/sites\/3\/2018\/02\/S\u00e9minaire-doctorants-2018-v3.jpg\"><img decoding=\"async\" src=\"http:\/\/web.philo.ulg.ac.be\/transitions\/wp-content\/uploads\/sites\/3\/2018\/02\/S\u00e9minaire-doctorants-2018-v3.jpg\" alt=\"\" width=\"150\" class=\"alignleft size-medium wp-image-9633\" srcset=\"http:\/\/web.philo.ulg.ac.be\/transitions\/wp-content\/uploads\/sites\/3\/2018\/02\/S\u00e9minaire-doctorants-2018-v3-212x300.jpg 212w, http:\/\/web.philo.ulg.ac.be\/transitions\/wp-content\/uploads\/sites\/3\/2018\/02\/S\u00e9minaire-doctorants-2018-v3-724x1024.jpg 724w, http:\/\/web.philo.ulg.ac.be\/transitions\/wp-content\/uploads\/sites\/3\/2018\/02\/S\u00e9minaire-doctorants-2018-v3-768x1086.jpg 768w, http:\/\/web.philo.ulg.ac.be\/transitions\/wp-content\/uploads\/sites\/3\/2018\/02\/S\u00e9minaire-doctorants-2018-v3.jpg 2480w\" sizes=\"(max-width: 2480px) 100vw, 2480px\" \/><\/a><\/p>\n<p style=\"text-align: justify;\">S\u00e9minaire des doctorants de Transitions 2018<\/p>\n<p>L'\u00e9dition critique de manuscrits<\/p>\n<p>Programme :<br \/>\nV\u00e9ronique Winand : <em>Stemmatique et digital humanities : quelques r\u00e9flexions<\/em><br \/>\nAd\u00e9la\u00efde Lambert : <em>La philologie \u00e0 l\u2019\u00e8re num\u00e9rique - apports et limites des bases textuelles<\/em><\/p>\n<p>Mod\u00e9ratrice : Marjolaine Raguin<\/p>\n<p>Comit\u00e9 organisateur : <a href=\"http:\/\/web.philo.ulg.ac.be\/transitions\/claudia-dalberto\/\">Claudia d'Alberto<\/a>, <a href=\"http:\/\/web.philo.ulg.ac.be\/transitions\/alexandre-goderniaux\/\">Alexandre Goderniaux<\/a>, <a href=\"http:\/\/web.philo.ulg.ac.be\/transitions\/marjolaine-raguin-barthelmebs\/\">Marjolaine Raguin<\/a> et <a href=\"http:\/\/web.philo.ulg.ac.be\/transitions\/eva-trizzullo\/\">Eva Trizzullo<\/a>.<\/p>\n<\/div><\/div>\n\t\t\t\t<\/li>\n\t\t\t \t<li class=\"event colloques\">\n\t\t\t\t\t<div class=\"event-date multi-date\"><div class=\"start-date\"><div class=\"event-weekday\">jeu<\/div><div class=\"event-day\">19<\/div><div class=\"event-month\">Avr<\/div><div class=\"event-year\">2018<\/div><\/div><div class=\"end-date\"><div class=\"event-weekday\">ven<\/div><div class=\"event-day\">20<\/div><div class=\"event-month\">Avr<\/div><div class=\"event-year\">2018<\/div><\/div><\/div>\n\t\t\t\t\t<div class=\"event-info multi-day\"><div class=\"event-title\"><h3>Colloque - La vie de la prose m\u00e9di\u00e9vale \u00e0 l\u2019aube de la Modernit\u00e9<\/h3><\/div><span class=\"event-location\">Li\u00e8ge, Li\u00e8ge Universit\u00e9<\/span><div class=\"event-details\"><p><a href=\"http:\/\/web.philo.ulg.ac.be\/transitions\/wp-content\/uploads\/sites\/3\/2018\/03\/ULi\u00e8geTransitions_VieProseMed.19-20.4.18_Affiche-page-001.jpg\"><img decoding=\"async\" class=\"alignleft size-medium wp-image-9711\" src=\"http:\/\/web.philo.ulg.ac.be\/transitions\/wp-content\/uploads\/sites\/3\/2018\/03\/ULi\u00e8geTransitions_VieProseMed.19-20.4.18_Affiche-page-001.jpg\" alt=\"\" width=\"150\" srcset=\"http:\/\/web.philo.ulg.ac.be\/transitions\/wp-content\/uploads\/sites\/3\/2018\/03\/ULi\u00e8geTransitions_VieProseMed.19-20.4.18_Affiche-page-001-212x300.jpg 212w, http:\/\/web.philo.ulg.ac.be\/transitions\/wp-content\/uploads\/sites\/3\/2018\/03\/ULi\u00e8geTransitions_VieProseMed.19-20.4.18_Affiche-page-001-724x1024.jpg 724w, http:\/\/web.philo.ulg.ac.be\/transitions\/wp-content\/uploads\/sites\/3\/2018\/03\/ULi\u00e8geTransitions_VieProseMed.19-20.4.18_Affiche-page-001-768x1086.jpg 768w, http:\/\/web.philo.ulg.ac.be\/transitions\/wp-content\/uploads\/sites\/3\/2018\/03\/ULi\u00e8geTransitions_VieProseMed.19-20.4.18_Affiche-page-001.jpg 1240w\" sizes=\"(max-width: 1240px) 100vw, 1240px\" \/><\/a><\/p>\n<p style=\"text-align: justify;\">Organisation : <a href=\"http:\/\/web.philo.ulg.ac.be\/transitions\/renaud-adam-3\/\" target=\"_blank\" rel=\"noopener\">Renaud Adam<\/a>, <a href=\"http:\/\/web.philo.ulg.ac.be\/transitions\/nadine-henrard\/\" target=\"_blank\" rel=\"noopener\">Nadine Henrard<\/a> et <a href=\"http:\/\/web.philo.ulg.ac.be\/transitions\/nicola-morato\/\" target=\"_blank\" rel=\"noopener\">Nicola Morato<\/a><br \/>\n<a href=\"http:\/\/web.philo.ulg.ac.be\/transitions\/wp-content\/uploads\/sites\/3\/2018\/03\/ULi\u00e8geTransitions_VieProseMed.19-20.4.18.pdf\">Programme<\/a><\/p>\n<\/div><\/div>\n\t\t\t\t<\/li>\n\t\t\t \t<li class=\"event membres\">\n\t\t\t\t\t<div class=\"event-date\"><div class=\"end-date\"><div class=\"event-weekday\">mer<\/div><div class=\"event-day\">18<\/div><div class=\"event-month\">Avr<\/div><div class=\"event-year\">2018<\/div><\/div><\/div>\n\t\t\t\t\t<div class=\"event-info multi-day\"><div class=\"event-title\"><h3>Conf\u00e9rence - &quot;Architecture et polyphonie au XVe si\u00e8cle : une esth\u00e9tique partag\u00e9e du flamboyant&quot; - Graeme Boone (Ohio State University)<\/h3><\/div><span class=\"event-time\">18h00<\/span><span class=\"event-location\">Li\u00e8ge, Li\u00e8ge Universit\u00e9, B\u00e2t. A1, Grand-Physique<\/span><div class=\"event-details\"><p style=\"text-align:justify;\">Le 18 avril prochain, \u00e0 l'invitation de la fili\u00e8re Histoire de l'art, arch\u00e9ologie et musicologie du d\u00e9partement des Sciences historiques de l'Universit\u00e9 de Li\u00e8ge, Monsieur Graeme Boone (Ohio State University) prononcera une conf\u00e9rence intitul\u00e9e \"Architecture et polyphonie au XVe si\u00e8cle : une esth\u00e9tique partag\u00e9e du flamboyant\". La conf\u00e9rence aura lieu \u00e0 18 heures, dans la salle Grand Physique.<\/p>\n<p style=\"text-align:justify;\">L\u2019intuition d'une identit\u00e9 partag\u00e9e entre la polyphonie musicale et l'architecture flamboyante du xve si\u00e8cle est depuis longtemps constat\u00e9e, mais la nature pr\u00e9cise de cette sym\u00e9trie trans-disciplinaire n'a pas jusqu'\u00e0 pr\u00e9sent fait l'objet d\u2019un examen approfondi.  Or, l'\u00e9bauche d'une telle \u00e9tude nous permet d'entrevoir des conceptions \u00e9troitement analogues entre les deux domaines, ouvrant la possibilit\u00e9 d'une co-illumination r\u00e9v\u00e9latrice et, de l\u00e0, d\u2019une remise en valeur des mentalit\u00e9s artistiques nord-europ\u00e9ennes au seuil de la Renaissance.<\/p>\n<\/div><\/div>\n\t\t\t\t<\/li>\n\t\t\t \t<li class=\"event membres\">\n\t\t\t\t\t<div class=\"event-date\"><div class=\"end-date\"><div class=\"event-weekday\">mar<\/div><div class=\"event-day\">17<\/div><div class=\"event-month\">Avr<\/div><div class=\"event-year\">2018<\/div><\/div><\/div>\n\t\t\t\t\t<div class=\"event-info multi-day\"><div class=\"event-title\"><h3>(Demi-)journ\u00e9e d&#039;\u00e9tude annuelle de la Biblioth\u00e8que royale de Belgique - Les biblioth\u00e8ques patrimoniales en Belgique, 500 ans d\u2019histoire<\/h3><\/div><span class=\"event-location\">Biblioth\u00e8que royale de Belgique - Parkroom<\/span><div class=\"event-details\"><p><a href=\"http:\/\/web.philo.ulg.ac.be\/transitions\/wp-content\/uploads\/sites\/3\/2018\/02\/Adam1.jpg\"><img decoding=\"async\" class=\"alignleft size-medium wp-image-9288\" src=\"http:\/\/web.philo.ulg.ac.be\/transitions\/wp-content\/uploads\/sites\/3\/2018\/02\/Adam1.jpg\" alt=\"\" width=\"150\" \/><\/a><\/p>\n<p style=\"text-align: justify;\">En cette ann\u00e9e acad\u00e9mique 2017-2018, l\u2019Universit\u00e9 de Li\u00e8ge et l\u2019Universit\u00e9 de Gand comm\u00e9morent chacune le bicentenaire de leur fondation. Ce n\u2019est cependant pas leur seul point commun : ces deux institutions abritent en effet les p\u00f4les patrimoniaux les plus significatifs du Nord et du Sud du pays. L\u2019occasion \u00e9tait belle de prendre appui sur ces deux d\u00e9p\u00f4ts (universitaires) d\u2019exception pour aller \u00e0 la rencontre d\u2019autres biblioth\u00e8ques belges dont les richesses \u2013 pr\u00e9sent\u00e9es ici sous des angles in\u00e9dits \u2013 m\u00e9ritaient tout autant un \u00e9clairage de premier plan. Cinq collections seront ainsi mises \u00e0 l\u2019honneur, le 17 avril 2018 \u00e0 la Biblioth\u00e8que royale de Belgique, lors de la prochaine journ\u00e9e d\u2019\u00e9tude du groupe de contact du FNRS \u00ab Documents rares et pr\u00e9cieux \u00bb. Les biblioth\u00e8ques patrimoniales de Gand et de Li\u00e8ge, bien s\u00fbr, mais aussi la R\u00e9serve pr\u00e9cieuse de la Soci\u00e9t\u00e9 arch\u00e9ologique de Namur, la collection d\u2019autographes du Mus\u00e9e de Mariemont ou encore la c\u00e9l\u00e8bre Biblioth\u00e8que des ducs de Bourgogne, berceau de ce qui deviendra la future Biblioth\u00e8que royale de Belgique. Un focus sur les liens entretenus par cette derni\u00e8re avec ses homologues de Li\u00e8ge et de Gand, via des r\u00e9seaux biblioth\u00e9conomiques et bibliophiliques, permettra ainsi de boucler la boucle.<\/p>\n<\/div><\/div>\n\t\t\t\t<\/li>\n\t\t\t \t<li class=\"event seminaires\">\n\t\t\t\t\t<div class=\"event-date\"><div class=\"end-date\"><div class=\"event-weekday\">mer<\/div><div class=\"event-day\">28<\/div><div class=\"event-month\">Mar<\/div><div class=\"event-year\">2018<\/div><\/div><\/div>\n\t\t\t\t\t<div class=\"event-info multi-day\"><div class=\"event-title\"><h3>S\u00e9minaire - Les doctorants de Transitions et les humanit\u00e9s num\u00e9riques. Pratiques, critiques et perspectives <\/h3><\/div><span class=\"event-time\">11h00<\/span><span class=\"event-location\">Li\u00e8ge, Li\u00e8ge Universit\u00e9, B\u00e2t. A4, salle S50<\/span><div class=\"event-details\"><p><a href=\"http:\/\/web.philo.ulg.ac.be\/transitions\/wp-content\/uploads\/sites\/3\/2018\/02\/S\u00e9minaire-doctorants-2018-v3.jpg\"><img decoding=\"async\" src=\"http:\/\/web.philo.ulg.ac.be\/transitions\/wp-content\/uploads\/sites\/3\/2018\/02\/S\u00e9minaire-doctorants-2018-v3.jpg\" alt=\"\" width=\"150\" class=\"alignleft size-medium wp-image-9633\" srcset=\"http:\/\/web.philo.ulg.ac.be\/transitions\/wp-content\/uploads\/sites\/3\/2018\/02\/S\u00e9minaire-doctorants-2018-v3-212x300.jpg 212w, http:\/\/web.philo.ulg.ac.be\/transitions\/wp-content\/uploads\/sites\/3\/2018\/02\/S\u00e9minaire-doctorants-2018-v3-724x1024.jpg 724w, http:\/\/web.philo.ulg.ac.be\/transitions\/wp-content\/uploads\/sites\/3\/2018\/02\/S\u00e9minaire-doctorants-2018-v3-768x1086.jpg 768w, http:\/\/web.philo.ulg.ac.be\/transitions\/wp-content\/uploads\/sites\/3\/2018\/02\/S\u00e9minaire-doctorants-2018-v3.jpg 2480w\" sizes=\"(max-width: 2480px) 100vw, 2480px\" \/><\/a><\/p>\n<p style=\"text-align: justify;\">S\u00e9minaire des doctorants de Transitions 2018<\/p>\n<p>Les bases de donn\u00e9es entre Histoire et Histoire de l\u2019art<\/p>\n<p>Programme :<br \/>\nAlexandre Goderniaux : <em>Les bases de donn\u00e9es de pamphlets : quels apports pour l\u2019historien ?<\/em><br \/>\nEva Trizzullo : <em>Les dataires de L\u00e9on X et les arts : les outils num\u00e9riques au service d'une recherche interdisciplinaire<\/em>.<\/p>\n<p>Mod\u00e9ratrice : Aurore Dr\u00e9court<\/p>\n<p>Comit\u00e9 organisateur : <a href=\"http:\/\/web.philo.ulg.ac.be\/transitions\/claudia-dalberto\/\">Claudia d'Alberto<\/a>, <a href=\"http:\/\/web.philo.ulg.ac.be\/transitions\/alexandre-goderniaux\/\">Alexandre Goderniaux<\/a>, <a href=\"http:\/\/web.philo.ulg.ac.be\/transitions\/marjolaine-raguin-barthelmebs\/\">Marjolaine Raguin<\/a> et <a href=\"http:\/\/web.philo.ulg.ac.be\/transitions\/eva-trizzullo\/\">Eva Trizzullo<\/a>.<\/p>\n<\/div><\/div>\n\t\t\t\t<\/li>\n\t\t\t \t<li class=\"event membres\">\n\t\t\t\t\t<div class=\"event-date\"><div class=\"end-date\"><div class=\"event-weekday\">sam<\/div><div class=\"event-day\">24<\/div><div class=\"event-month\">Mar<\/div><div class=\"event-year\">2018<\/div><\/div><\/div>\n\t\t\t\t\t<div class=\"event-info multi-day\"><div class=\"event-title\"><h3>\u00c9v\u00e9nement - remise des insignes de doctor honoris causa au prof. E.M. Kavaler<\/h3><\/div><span class=\"event-time\">10h00<\/span><span class=\"event-location\">Li\u00e8ge, Universit\u00e9 de Li\u00e8ge, Amphith\u00e9\u00e2tre de l&#039;Europe<\/span><div class=\"event-details\"><p style=\"text-align: justify;\">\u00c9v\u00e9nement : le Prof. E.M. Kavaler, directeur du Centre for Reformation and Renaissance Studies du Victoria College (University of Toronto), recevra les insignes de docteur honoris causa de notre Universit\u00e9 le 24 mars 2018.<\/p>\n<p><a href=\"https:\/\/events.uliege.be\/dhcdr\/\" target=\"_blank\" rel=\"noopener\">Plus d'informations...<\/a><\/p>\n<\/div><\/div>\n\t\t\t\t<\/li>\n\t\t\t \t<li class=\"event membres\">\n\t\t\t\t\t<div class=\"event-date\"><div class=\"end-date\"><div class=\"event-weekday\">ven<\/div><div class=\"event-day\">23<\/div><div class=\"event-month\">Mar<\/div><div class=\"event-year\">2018<\/div><\/div><\/div>\n\t\t\t\t\t<div class=\"event-info multi-day\"><div class=\"event-title\"><h3>Conf\u00e9rence - Theatre and Material: Netherlandish Sculpture and the Sacred - E. M. Kavaler<\/h3><\/div><span class=\"event-time\">16h00<\/span><span class=\"event-location\">Li\u00e8ge, Th\u00e9\u00e2tre universitaire<\/span><div class=\"event-details\"><p><a href=\"http:\/\/web.philo.ulg.ac.be\/transitions\/wp-content\/uploads\/sites\/3\/2018\/02\/Kavaler-mars-2018-page-001.jpg\"><img decoding=\"async\" class=\"alignleft size-medium wp-image-9628\" src=\"http:\/\/web.philo.ulg.ac.be\/transitions\/wp-content\/uploads\/sites\/3\/2018\/02\/Kavaler-mars-2018-page-001-212x300.jpg\" alt=\"\" width=\"150\" srcset=\"http:\/\/web.philo.ulg.ac.be\/transitions\/wp-content\/uploads\/sites\/3\/2018\/02\/Kavaler-mars-2018-page-001-212x300.jpg 212w, http:\/\/web.philo.ulg.ac.be\/transitions\/wp-content\/uploads\/sites\/3\/2018\/02\/Kavaler-mars-2018-page-001-724x1024.jpg 724w, http:\/\/web.philo.ulg.ac.be\/transitions\/wp-content\/uploads\/sites\/3\/2018\/02\/Kavaler-mars-2018-page-001-768x1086.jpg 768w, http:\/\/web.philo.ulg.ac.be\/transitions\/wp-content\/uploads\/sites\/3\/2018\/02\/Kavaler-mars-2018-page-001.jpg 1240w\" sizes=\"(max-width: 212px) 100vw, 212px\" \/><\/a><\/p>\n<p style=\"text-align: justify;\">Le prof. E. M. Kavaler, directeur du Centre for Reformation and Renaissance Studies du Victoria College (University of Toronto), prononcera le 23 mars 2018 \u00e0 16h au Th\u00e9\u00e2tre universitaire une conf\u00e9rence intitul\u00e9e \u201cTheatre and Material: Netherlandish Sculpture and the Sacred\u201d.<br \/>\nInvitation cordiale \u00e0 tous.<\/p>\n<\/div><\/div>\n\t\t\t\t<\/li>\n\t\t\t \t<li class=\"event conferences cycleconferences gpublic\">\n\t\t\t\t\t<div class=\"event-date\"><div class=\"end-date\"><div class=\"event-weekday\">mar<\/div><div class=\"event-day\">20<\/div><div class=\"event-month\">Mar<\/div><div class=\"event-year\">2018<\/div><\/div><\/div>\n\t\t\t\t\t<div class=\"event-info multi-day\"><div class=\"event-title\"><h3>Conf\u00e9rence - Combattre, c\u00e9l\u00e9brer, informer : histoire et usages du placard politique illustr\u00e9 au XVIe si\u00e8cle\u00a0\u2013 Estelle Leutrat\u00a0(Universit\u00e9 de Rennes 2)<\/h3><\/div><span class=\"event-time\">18h00<\/span><span class=\"event-location\">Universit\u00e9 de Li\u00e8ge, Grand Physique (B\u00e2t A1)<\/span><div class=\"event-details\"><p><a href=\"http:\/\/web.philo.ulg.ac.be\/transitions\/wp-content\/uploads\/sites\/3\/2017\/10\/Transitions-cycle-de-conf\u00e9rence-2017-2018.jpg\"><img decoding=\"async\" class=\"alignleft size-medium wp-image-9288\" src=\"http:\/\/web.philo.ulg.ac.be\/transitions\/wp-content\/uploads\/sites\/3\/2017\/10\/Transitions-cycle-de-conf\u00e9rence-2017-2018-212x300.jpg\" alt=\"\" width=\"150\" srcset=\"http:\/\/web.philo.ulg.ac.be\/transitions\/wp-content\/uploads\/sites\/3\/2017\/10\/Transitions-cycle-de-conf\u00e9rence-2017-2018-212x300.jpg 212w, http:\/\/web.philo.ulg.ac.be\/transitions\/wp-content\/uploads\/sites\/3\/2017\/10\/Transitions-cycle-de-conf\u00e9rence-2017-2018-724x1024.jpg 724w, http:\/\/web.philo.ulg.ac.be\/transitions\/wp-content\/uploads\/sites\/3\/2017\/10\/Transitions-cycle-de-conf\u00e9rence-2017-2018-768x1086.jpg 768w\" sizes=\"(max-width: 212px) 100vw, 212px\" \/><\/a><\/p>\n<p style=\"text-align: justify;\">Organisation : Cycle de conf\u00e9rences de Transitions<\/p>\n<\/div><\/div>\n\t\t\t\t<\/li>\n\t\t\t \t<li class=\"event membres\">\n\t\t\t\t\t<div class=\"event-date\"><div class=\"end-date\"><div class=\"event-weekday\">ven<\/div><div class=\"event-day\">09<\/div><div class=\"event-month\">Mar<\/div><div class=\"event-year\">2018<\/div><\/div><\/div>\n\t\t\t\t\t<div class=\"event-info multi-day\"><div class=\"event-title\"><h3>The \u2018Longue Dur\u00e9e\u2019 of the Querelle des femmes: Gender, Materiality, Form<\/h3><\/div><span class=\"event-time\">09h30<\/span><span class=\"event-location\">Paris, Institut d&#039;\u00e9tudes avanc\u00e9es, H\u00f4tel de Lauzun<\/span><div class=\"event-details\"><p style=\"text-align: justify;\">Organisation : Elizabeth L'Estrange<br \/>\n<a href=\"http:\/\/web.philo.ulg.ac.be\/transitions\/wp-content\/uploads\/sites\/3\/2018\/02\/Querelle-Programme-Public.pdf\" target=\"_blank\" rel=\"noopener\">Programme de la journ\u00e9e<\/a><\/p>\n<\/div><\/div>\n\t\t\t\t<\/li>\n\t\t\t \t<li class=\"event colloques\">\n\t\t\t\t\t<div class=\"event-date\"><div class=\"end-date\"><div class=\"event-weekday\">jeu<\/div><div class=\"event-day\">08<\/div><div class=\"event-month\">Mar<\/div><div class=\"event-year\">2018<\/div><\/div><\/div>\n\t\t\t\t\t<div class=\"event-info multi-day\"><div class=\"event-title\"><h3>Journ\u00e9e d&#039;\u00e9tudes - Marquer la ville, affirmer l\u2019identit\u00e9. Pratiques culturelles et espaces religieux nationaux (Italie et anciens Pays-Bas espagnols XVIe-XVIIe si\u00e8cles)<\/h3><\/div><span class=\"event-time\">10h00<\/span><span class=\"event-location\">Bruxelles, Universit\u00e9 Libre de Bruxelles, 39 Avenue Franklin Roosevelt, salle Spaak (R 39)<\/span><div class=\"event-details\"><p><a href=\"http:\/\/web.philo.ulg.ac.be\/transitions\/wp-content\/uploads\/sites\/3\/2018\/02\/Affiche-Marquer-la-ville-page-001.jpg\"><img decoding=\"async\" class=\"alignleft size-medium wp-image-9575\" src=\"http:\/\/web.philo.ulg.ac.be\/transitions\/wp-content\/uploads\/sites\/3\/2018\/02\/Affiche-Marquer-la-ville-page-001.jpg\" alt=\"\" width=\"150\" srcset=\"http:\/\/web.philo.ulg.ac.be\/transitions\/wp-content\/uploads\/sites\/3\/2018\/02\/Affiche-Marquer-la-ville-page-001-212x300.jpg 212w, http:\/\/web.philo.ulg.ac.be\/transitions\/wp-content\/uploads\/sites\/3\/2018\/02\/Affiche-Marquer-la-ville-page-001-724x1024.jpg 724w, http:\/\/web.philo.ulg.ac.be\/transitions\/wp-content\/uploads\/sites\/3\/2018\/02\/Affiche-Marquer-la-ville-page-001-768x1086.jpg 768w, http:\/\/web.philo.ulg.ac.be\/transitions\/wp-content\/uploads\/sites\/3\/2018\/02\/Affiche-Marquer-la-ville-page-001.jpg 1240w\" sizes=\"(max-width: 1240px) 100vw, 1240px\" \/><\/a><\/p>\n<p style=\"text-align: justify;\">Organisation : Marie-Alexis Colin (ULB), Emilie Corswarem (ULi\u00e8ge\/Transitions), Charles-Yvan Eliss\u00e8che (ULB) et Jorge Morales (ULi\u00e8ge\/Transitions).<\/p>\n<\/div><\/div>\n\t\t\t\t<\/li>\n\t\t\t \t<li class=\"event seminaires\">\n\t\t\t\t\t<div class=\"event-date\"><div class=\"end-date\"><div class=\"event-weekday\">mer<\/div><div class=\"event-day\">07<\/div><div class=\"event-month\">Mar<\/div><div class=\"event-year\">2018<\/div><\/div><\/div>\n\t\t\t\t\t<div class=\"event-info multi-day\"><div class=\"event-title\"><h3>S\u00e9minaire - Les doctorants de Transitions et les humanit\u00e9s num\u00e9riques. Pratiques, critiques et perspectives <\/h3><\/div><span class=\"event-time\">11h00<\/span><span class=\"event-location\">Li\u00e8ge, Li\u00e8ge Universit\u00e9, B\u00e2t. A4, salle S50<\/span><div class=\"event-details\"><p><a href=\"http:\/\/web.philo.ulg.ac.be\/transitions\/wp-content\/uploads\/sites\/3\/2018\/02\/S\u00e9minaire-doctorants-2018-v3.jpg\"><img decoding=\"async\" class=\"alignleft size-medium wp-image-9633\" src=\"http:\/\/web.philo.ulg.ac.be\/transitions\/wp-content\/uploads\/sites\/3\/2018\/02\/S\u00e9minaire-doctorants-2018-v3.jpg\" alt=\"\" width=\"150\" srcset=\"http:\/\/web.philo.ulg.ac.be\/transitions\/wp-content\/uploads\/sites\/3\/2018\/02\/S\u00e9minaire-doctorants-2018-v3-212x300.jpg 212w, http:\/\/web.philo.ulg.ac.be\/transitions\/wp-content\/uploads\/sites\/3\/2018\/02\/S\u00e9minaire-doctorants-2018-v3-724x1024.jpg 724w, http:\/\/web.philo.ulg.ac.be\/transitions\/wp-content\/uploads\/sites\/3\/2018\/02\/S\u00e9minaire-doctorants-2018-v3-768x1086.jpg 768w, http:\/\/web.philo.ulg.ac.be\/transitions\/wp-content\/uploads\/sites\/3\/2018\/02\/S\u00e9minaire-doctorants-2018-v3.jpg 2480w\" sizes=\"(max-width: 2480px) 100vw, 2480px\" \/><\/a><\/p>\n<p style=\"text-align: justify;\">S\u00e9minaire des doctorants de Transitions 2018<\/p>\n<p>Session inaugurale \u2013 Introduction et pr\u00e9sentation des bases de donn\u00e9es et des outils num\u00e9riques au sein de Transitions<\/p>\n<p>Programme :<br \/>\nSylvie Neven: <em>COLOUR ConTEXT<\/em><br \/>\nH\u00e9l\u00e8ne Miesse et Antonio Geremicca: <em>EpistolART<\/em><br \/>\nRenaud Adam: <em>Arm@rium<\/em><\/p>\n<p>Mod\u00e9rateur : Gianluca Valenti<\/p>\n<p>Comit\u00e9 organisateur : <a href=\"http:\/\/web.philo.ulg.ac.be\/transitions\/claudia-dalberto\/\">Claudia d'Alberto<\/a>, <a href=\"http:\/\/web.philo.ulg.ac.be\/transitions\/alexandre-goderniaux\/\">Alexandre Goderniaux<\/a>, <a href=\"http:\/\/web.philo.ulg.ac.be\/transitions\/marjolaine-raguin-barthelmebs\/\">Marjolaine Raguin<\/a> et <a href=\"http:\/\/web.philo.ulg.ac.be\/transitions\/eva-trizzullo\/\">Eva Trizzullo<\/a>.<\/p>\n<\/div><\/div>\n\t\t\t\t<\/li>\n\t\t\t \t<li class=\"event colloques\">\n\t\t\t\t\t<div class=\"event-date multi-date\"><div class=\"start-date\"><div class=\"event-weekday\">jeu<\/div><div class=\"event-day\">01<\/div><div class=\"event-month\">Mar<\/div><div class=\"event-year\">2018<\/div><\/div><div class=\"end-date\"><div class=\"event-weekday\">ven<\/div><div class=\"event-day\">02<\/div><div class=\"event-month\">Mar<\/div><div class=\"event-year\">2018<\/div><\/div><\/div>\n\t\t\t\t\t<div class=\"event-info multi-day\"><div class=\"event-title\"><h3>Colloque - Les femmes dans les chansons lyriques de croisade en langue vulgaire : voix, motifs, repr\u00e9sentations et enjeux<\/h3><\/div><span class=\"event-location\">Li\u00e8ge, Universit\u00e9 de Li\u00e8ge , XX-Ao\u00fbt, B\u00e2t. A1, salle des Professeurs<\/span><div class=\"event-details\"><p><a href=\"http:\/\/web.philo.ulg.ac.be\/transitions\/wp-content\/uploads\/sites\/3\/2018\/02\/Affiche-colloque-1-et-2-mars-2018-2-page-001.jpg\"><img decoding=\"async\" class=\"alignleft size-medium wp-image-9602\" src=\"http:\/\/web.philo.ulg.ac.be\/transitions\/wp-content\/uploads\/sites\/3\/2018\/02\/Affiche-colloque-1-et-2-mars-2018-2-page-001.jpg\" alt=\"\" width=\"150\" srcset=\"http:\/\/web.philo.ulg.ac.be\/transitions\/wp-content\/uploads\/sites\/3\/2018\/02\/Affiche-colloque-1-et-2-mars-2018-2-page-001-212x300.jpg 212w, http:\/\/web.philo.ulg.ac.be\/transitions\/wp-content\/uploads\/sites\/3\/2018\/02\/Affiche-colloque-1-et-2-mars-2018-2-page-001-724x1024.jpg 724w, http:\/\/web.philo.ulg.ac.be\/transitions\/wp-content\/uploads\/sites\/3\/2018\/02\/Affiche-colloque-1-et-2-mars-2018-2-page-001-768x1086.jpg 768w, http:\/\/web.philo.ulg.ac.be\/transitions\/wp-content\/uploads\/sites\/3\/2018\/02\/Affiche-colloque-1-et-2-mars-2018-2-page-001.jpg 1240w\" sizes=\"(max-width: 1240px) 100vw, 1240px\" \/><\/a><\/p>\n<p style=\"text-align: justify;\">Organisation : <a href=\"http:\/\/web.philo.ulg.ac.be\/transitions\/nadine-henrard\/\">Nadine Henrard<\/a>, <a href=\"http:\/\/web.philo.ulg.ac.be\/transitions\/marjolaine-raguin-barthelmebs\/\">Marjolaine Raguin<\/a> et Giovanni Palumbo.<\/p>\n<p><a href=\"http:\/\/web.philo.ulg.ac.be\/transitions\/wp-content\/uploads\/sites\/3\/2018\/02\/D\u00e9pliant-colloque-1-et-2-mars-2018-2.pdf\" target=\"_blank\" rel=\"noopener\">Programme<\/a><\/p>\n<\/div><\/div>\n\t\t\t\t<\/li>\n\t\t\t \t<li class=\"event colloques\">\n\t\t\t\t\t<div class=\"event-date\"><div class=\"end-date\"><div class=\"event-weekday\">jeu<\/div><div class=\"event-day\">01<\/div><div class=\"event-month\">Mar<\/div><div class=\"event-year\">2018<\/div><\/div><\/div>\n\t\t\t\t\t<div class=\"event-info multi-day\"><div class=\"event-title\"><h3>CFP - Colloque international \u00ab Zeuxis redivivus. Art et \u00e9mulation dans l\u2019Europe du XIVe au XVIIe si\u00e8cle \u00bb (Bruxelles, Palais des Acad\u00e9mies, 28 et 29 septembre 2018)<\/h3><\/div><div class=\"event-details\"><p style=\"text-align: justify;\">Le colloque se propose d\u2019interroger la notion d\u2019\u00e9mulation dans la pratique artistique au premier \u00e2ge moderne, en faisant dialoguer les \u0153uvres avec la th\u00e9orie et l\u2019historiographie de l\u2019art. La manifestation sera organis\u00e9e par Transitions (Universit\u00e9 de Li\u00e8ge) et le GEMCA (Universit\u00e9 catholique de Louvain). Les propositions de communication devront parvenir par courrier \u00e9lectronique \u00e0 Mathilde Bert (<a href=\"mailto:mathildebert@gmail.com\">mathildebert@gmail.com<\/a>) et \u00e0 Laure Fagnart (<a href=\"mailto:laure.fagnart@uliege.be\">laure.fagnart@uliege.be<\/a>) pour le 1er mars 2018.<br \/>\n<a href=\"http:\/\/web.philo.ulg.ac.be\/transitions\/wp-content\/uploads\/sites\/3\/2018\/01\/Appel-colloque-sur-l\u00e9mulation.pdf\">Argumentaire<\/a><\/p>\n<\/div><\/div>\n\t\t\t\t<\/li>\n\t\t\t \t<li class=\"event epistolart membres\">\n\t\t\t\t\t<div class=\"event-date\"><div class=\"end-date\"><div class=\"event-weekday\">ven<\/div><div class=\"event-day\">23<\/div><div class=\"event-month\">F\u00e9v<\/div><div class=\"event-year\">2018<\/div><\/div><\/div>\n\t\t\t\t\t<div class=\"event-info multi-day\"><div class=\"event-title\"><h3>D\u00e9fense de th\u00e8se de Cristiano Amendola - Il vero raccontato. Narratio brevis e retorica umanistica nell\u2019epistola tra Quattro e Cinquecento<\/h3><\/div><span class=\"event-time\">14h00<\/span><span class=\"event-location\">Li\u00e8ge, Universit\u00e9 de Li\u00e8ge, B\u00e2t. A1, salle Lumi\u00e8re<\/span><div class=\"event-details\"><p style=\"text-align: justify;\">Le 23 f\u00e9vrier prochain \u00e0 14h, en la salle Lumi\u00e8re de l\u2019Universit\u00e9 de Li\u00e8ge, Cristiano Amendola d\u00e9fendra publiquement sa th\u00e8se de doctorat intitul\u00e9e <em>Il vero raccontato. <\/em>Narratio brevis<em> e retorica umanistica nell\u2019epistola tra Quattro e Cinquecento<\/em>.<\/p>\n<p style=\"text-align: justify;\">Cette th\u00e8se, dirig\u00e9e par la prof. Paola Moreno (ULi\u00e8ge), propose une histoire du <em>sermo quotidianus<\/em> adopt\u00e9 par l\u2019\u00e9pistolographie humaniste sous l\u2019effet mod\u00e9lisant de l\u2019\u00e9criture \u00e9pistolaire cic\u00e9ronienne, en identifiant dans les formes de la <em>Narratio brevis<\/em> romane les r\u00e9f\u00e9rences litt\u00e9raires principales. Elle propose, en outre, une reconstruction des processus de codification de l\u2019\u00e9pistolographie italienne \u00e0 la fin du 15e et au d\u00e9but du 16e si\u00e8cle.<\/p>\n<\/div><\/div>\n\t\t\t\t<\/li>\n\t\t\t \t<li class=\"event conferences\">\n\t\t\t\t\t<div class=\"event-date\"><div class=\"end-date\"><div class=\"event-weekday\">mer<\/div><div class=\"event-day\">21<\/div><div class=\"event-month\">F\u00e9v<\/div><div class=\"event-year\">2018<\/div><\/div><\/div>\n\t\t\t\t\t<div class=\"event-info multi-day\"><div class=\"event-title\"><h3>Conf\u00e9rence - Fruit de l&#039;exil et du n\u00e9goce : le livre italien au nord des Alpes \u00e0 la Renaissance  - Chiara Lastraioli<\/h3><\/div><span class=\"event-time\">18h00<\/span><span class=\"event-location\">Li\u00e8ge, Li\u00e8ge universit\u00e9, B\u00e2t. A1, salle Grand-Physique<\/span><div class=\"event-details\"><p><a href=\"http:\/\/web.philo.ulg.ac.be\/transitions\/wp-content\/uploads\/sites\/3\/2018\/02\/Adam2.jpg\"><img decoding=\"async\" class=\"alignleft size-medium wp-image-9288\" src=\"http:\/\/web.philo.ulg.ac.be\/transitions\/wp-content\/uploads\/sites\/3\/2018\/02\/Adam2.jpg\" alt=\"\" width=\"150\" \/><\/a><\/p>\n<p style=\"text-align: justify;\">Depuis quelques ann\u00e9es, on assiste au renouveau des \u00e9tudes sur la production et de la commercialisation du livre en italien au Nord des Alpes \u00e0 la premi\u00e8re modernit\u00e9. Aux \u00e9crits fondamentaux de Nicole Bingen et Jean Balsamo se sont ajout\u00e9es des nouvelles \u00e9tudes de Renaud Adam, Shanti Graheli, Nina Lamal, ainsi que les recherches d\u00e9velopp\u00e9es au sein du projet EDITEF (L'\u00e9dition italienne dans l'espace francophone \u00e0 la premi\u00e8re modernit\u00e9). Lors de cette conf\u00e9rence, on cherchera de mettre en perspective les recherches les plus r\u00e9centes afin de mieux appr\u00e9hender les r\u00e9seaux intellectuels et marchands qui ont pr\u00e9sid\u00e9 \u00e0 la diffuion de la culture en langue italienne dans une Europe secou\u00e9es par les guerres d'Italie et les conflits confessionnels.<\/p>\n<p style=\"text-align: justify;\">Chiara Lastraioli est directrice de la Maison des sciences de l\u2019homme du Val de Loire et enseigne la litt\u00e9rature italienne au Centre d\u2019\u00c9tudes de la Renaissance (CESR) de Tours. Elle est \u00e9galement \u00e0 la t\u00eate du programme des \u00ab Biblioth\u00e8ques Virtuelles Humanistes \u00bb du CESR et est la responsable du projet EDITEF (L'\u00e9dition italienne dans l'espace francophone \u00e0 la premi\u00e8re modernit\u00e9).<\/p>\n<\/div><\/div>\n\t\t\t\t<\/li>\n\t\t\t \t<li class=\"event colloques\">\n\t\t\t\t\t<div class=\"event-date\"><div class=\"end-date\"><div class=\"event-weekday\">mar<\/div><div class=\"event-day\">20<\/div><div class=\"event-month\">F\u00e9v<\/div><div class=\"event-year\">2018<\/div><\/div><\/div>\n\t\t\t\t\t<div class=\"event-info multi-day\"><div class=\"event-title\"><h3>CFP - Colloque La commande (XIIIe-XVIIe s.) : acteurs, contrats et productions (Tours, 10 et 11 juillet 2018)<\/h3><\/div><div class=\"event-details\"><p style=\"text-align: justify;\">L'UR <em>Transitions<\/em> s\u2019est associ\u00e9e au laboratoire TRAME (Textes, repr\u00e9sentations, arch\u00e9ologie et m\u00e9moire de l\u2019Antiquit\u00e9 \u00e0 la Renaissance) de l\u2019Universit\u00e9 de Picardie Jules Verne et au Centre d\u2019\u00c9tudes Sup\u00e9rieures de la Renaissance de l\u2019Universit\u00e9 Fran\u00e7ois Rabelais de Tours pour l\u2019organisation de rencontres doctorales en trois volets.<\/p>\n<p>Le troisi\u00e8me volet se tiendra \u00e0 Tours <strong>les mardi 10 et mercredi 11 juillet 2018<\/strong>, sur le th\u00e8me <em>La commande (XIIIe-XVIIe s.) : acteurs, contrats et productions<\/em>. Les propositions de communication sont attendues pour le <strong>20 f\u00e9vrier 2018<\/strong>.<\/p>\n<p><a href=\"http:\/\/web.philo.ulg.ac.be\/transitions\/wp-content\/uploads\/sites\/3\/2018\/01\/Appel_La-commande_Tours-CESR.pdf\">Argumentaire<\/a>.<\/p>\n<\/div><\/div>\n\t\t\t\t<\/li>\n\t\t\t \t<li class=\"event membres\">\n\t\t\t\t\t<div class=\"event-date\"><div class=\"end-date\"><div class=\"event-weekday\">ven<\/div><div class=\"event-day\">09<\/div><div class=\"event-month\">F\u00e9v<\/div><div class=\"event-year\">2018<\/div><\/div><\/div>\n\t\t\t\t\t<div class=\"event-info multi-day\"><div class=\"event-title\"><h3>Obtention par Alessandro Aresti d&#039;une Marie Sklodowska-Curie Individual Fellowship<\/h3><\/div><div class=\"event-details\"><p><a href=\"http:\/\/web.philo.ulg.ac.be\/transitions\/wp-content\/uploads\/sites\/3\/2018\/02\/MCA.jpg\"><img decoding=\"async\" class=\"alignleft size-medium wp-image-9552\" src=\"http:\/\/web.philo.ulg.ac.be\/transitions\/wp-content\/uploads\/sites\/3\/2018\/02\/MCA.jpg\" alt=\"\" width=\"150\" srcset=\"http:\/\/web.philo.ulg.ac.be\/transitions\/wp-content\/uploads\/sites\/3\/2018\/02\/MCA-300x195.jpg 300w, http:\/\/web.philo.ulg.ac.be\/transitions\/wp-content\/uploads\/sites\/3\/2018\/02\/MCA-768x499.jpg 768w, http:\/\/web.philo.ulg.ac.be\/transitions\/wp-content\/uploads\/sites\/3\/2018\/02\/MCA-1024x666.jpg 1024w, http:\/\/web.philo.ulg.ac.be\/transitions\/wp-content\/uploads\/sites\/3\/2018\/02\/MCA.jpg 1886w\" sizes=\"(max-width: 1886px) 100vw, 1886px\" \/><\/a><\/p>\n<p style=\"text-align: justify;\">Alessandro Aresti, membre de <em>Transitions<\/em> et collaborateur scientifique de l\u2019Universit\u00e9 de Li\u00e8ge (o\u00f9 il a \u00e9t\u00e9 chercheur post-doc avec un mandat Marie Curie Cofund de 2015 \u00e0 2017), a obtenu une Marie Sklodowska-Curie Individual Fellowship de l\u2019Union europ\u00e9enne pour conduire des recherches sur la langue des arts en Italie entre le Moyen \u00c2ge et la Renaissance. Son projet a comme objectif la r\u00e9\u00e9dition en ligne des documents contenus dans deux anthologies publi\u00e9es par l\u2019\u00e9rudit siennois Gaetano Milanesi (1813-1895), <em>Documenti per la storia dell\u2019arte senese<\/em> (Siena, Porri, 3 voll., 1854-1856) et <em>La scrittura di artisti italiani (secoli XIV-XVII)<\/em> (Firenze, presso l\u2019Editore Carlo Pini, 1876), et la r\u00e9alisation d\u2019un dictionnaire de l\u2019italien historico-artistique. Alessandro Aresti sera rattach\u00e9 \u00e0 l\u2019Opera del Vocabolario Italiano (Florence), qui d\u00e9pend du Consiglio Nazionale delle Ricerche (CNR), et travaillera sous la direction de Lino Leonardi.<\/p>\n<\/div><\/div>\n\t\t\t\t<\/li>\n\t\t\t \t<li class=\"event conferences cycleconferences gpublic\">\n\t\t\t\t\t<div class=\"event-date\"><div class=\"end-date\"><div class=\"event-weekday\">mar<\/div><div class=\"event-day\">06<\/div><div class=\"event-month\">F\u00e9v<\/div><div class=\"event-year\">2018<\/div><\/div><\/div>\n\t\t\t\t\t<div class=\"event-info multi-day\"><div class=\"event-title\"><h3>Conf\u00e9rence - Esclaves et esclavage en M\u00e9diterran\u00e9e occidentale au Bas Moyen Age. Cat\u00e9gories, effacement du pass\u00e9, parcours personnels\u00a0\u2013 Roser Salicr\u00fa i Lluch (Consejo Superior de Investigaciones, Barcelone)<\/h3><\/div><span class=\"event-time\">18h00<\/span><span class=\"event-location\">Universit\u00e9 de Li\u00e8ge, Grand Physique (B\u00e2t A1)<\/span><div class=\"event-details\"><p><a href=\"http:\/\/web.philo.ulg.ac.be\/transitions\/wp-content\/uploads\/sites\/3\/2017\/10\/Transitions-cycle-de-conf\u00e9rence-2017-2018.jpg\"><img decoding=\"async\" class=\"alignleft size-medium wp-image-9288\" src=\"http:\/\/web.philo.ulg.ac.be\/transitions\/wp-content\/uploads\/sites\/3\/2017\/10\/Transitions-cycle-de-conf\u00e9rence-2017-2018-212x300.jpg\" alt=\"\" width=\"150\" srcset=\"http:\/\/web.philo.ulg.ac.be\/transitions\/wp-content\/uploads\/sites\/3\/2017\/10\/Transitions-cycle-de-conf\u00e9rence-2017-2018-212x300.jpg 212w, http:\/\/web.philo.ulg.ac.be\/transitions\/wp-content\/uploads\/sites\/3\/2017\/10\/Transitions-cycle-de-conf\u00e9rence-2017-2018-724x1024.jpg 724w, http:\/\/web.philo.ulg.ac.be\/transitions\/wp-content\/uploads\/sites\/3\/2017\/10\/Transitions-cycle-de-conf\u00e9rence-2017-2018-768x1086.jpg 768w\" sizes=\"(max-width: 212px) 100vw, 212px\" \/><\/a><\/p>\n<p style=\"text-align: justify;\">Organisation : Cycle de conf\u00e9rences de Transitions<\/p>\n<\/div><\/div>\n\t\t\t\t<\/li>\n\t\t\t \t<li class=\"event colloques\">\n\t\t\t\t\t<div class=\"event-date multi-date\"><div class=\"start-date\"><div class=\"event-weekday\">mar<\/div><div class=\"event-day\">30<\/div><div class=\"event-month\">Jan<\/div><div class=\"event-year\">2018<\/div><\/div><div class=\"end-date\"><div class=\"event-weekday\">mer<\/div><div class=\"event-day\">31<\/div><div class=\"event-month\">Jan<\/div><div class=\"event-year\">2018<\/div><\/div><\/div>\n\t\t\t\t\t<div class=\"event-info multi-day\"><div class=\"event-title\"><h3>Colloque - Rencontres doctorales internationales : \u00ab Transition(s) : concept, m\u00e9thodes et \u00e9tudes de cas (XIVe-XVIIe si\u00e8cles) \u00bb (Li\u00e8ge, 30 et 31 janvier 2018)<\/h3><\/div><span class=\"event-location\">Li\u00e8ge, Li\u00e8ge Universit\u00e9<\/span><div class=\"event-details\"><p><a href=\"http:\/\/web.philo.ulg.ac.be\/transitions\/wp-content\/uploads\/sites\/3\/2018\/01\/S\u00e9minaire-doctoral-2018-bon-pour-diffusion-1.jpg\"><img decoding=\"async\" class=\"alignleft size-medium wp-image-9392\" src=\"http:\/\/web.philo.ulg.ac.be\/transitions\/wp-content\/uploads\/sites\/3\/2018\/01\/S\u00e9minaire-doctoral-2018-bon-pour-diffusion-1.jpg\" alt=\"\" width=\"150\" srcset=\"http:\/\/web.philo.ulg.ac.be\/transitions\/wp-content\/uploads\/sites\/3\/2018\/01\/S\u00e9minaire-doctoral-2018-bon-pour-diffusion-1-212x300.jpg 212w, http:\/\/web.philo.ulg.ac.be\/transitions\/wp-content\/uploads\/sites\/3\/2018\/01\/S\u00e9minaire-doctoral-2018-bon-pour-diffusion-1-724x1024.jpg 724w, http:\/\/web.philo.ulg.ac.be\/transitions\/wp-content\/uploads\/sites\/3\/2018\/01\/S\u00e9minaire-doctoral-2018-bon-pour-diffusion-1-768x1086.jpg 768w, http:\/\/web.philo.ulg.ac.be\/transitions\/wp-content\/uploads\/sites\/3\/2018\/01\/S\u00e9minaire-doctoral-2018-bon-pour-diffusion-1.jpg 2481w\" sizes=\"(max-width: 2481px) 100vw, 2481px\" \/><\/a><\/p>\n<p style=\"text-align: justify;\">L\u2019Unit\u00e9 de recherches (UR) Transitions. Moyen \u00c2ge et premi\u00e8re Modernit\u00e9 de l\u2019Universit\u00e9 de Li\u00e8ge s\u2019associe au laboratoire TRAME (Textes, repr\u00e9sentations, arch\u00e9ologie et m\u00e9moire de l\u2019Antiquit\u00e9 \u00e0 la Renaissance) de l\u2019Universit\u00e9 de Picardie Jules Verne et au Centre d\u2019\u00c9tudes Sup\u00e9rieures de la Renaissance de l\u2019Universit\u00e9 Fran\u00e7ois Rabelais de Tours \u00e0 l\u2019occasion de rencontres doctorales en trois volets. Mises en \u0153uvre par les doctorants de ces trois institutions, ces rencontres ont pour but de favoriser l\u2019\u00e9change et les d\u00e9bats entre doctorant(e)s, jeunes chercheurs(euses) et coll\u00e8gues exp\u00e9riment\u00e9(e)s.<\/p>\n<p style=\"text-align: justify;\">Contact : <a href=\"http:\/\/web.philo.ulg.ac.be\/transitions\/julie-piront\/\" target=\"_blank\" rel=\"noopener\">Julie Piront<\/a><br \/>\n<a href=\"http:\/\/web.philo.ulg.ac.be\/transitions\/wp-content\/uploads\/sites\/3\/2018\/01\/S\u00e9minaire-doctoral-2018.pdf\">Programme<\/a><\/p>\n<\/div><\/div>\n\t\t\t\t<\/li>\n\t\t\t \t<li class=\"event seminaires\">\n\t\t\t\t\t<div class=\"event-date\"><div class=\"end-date\"><div class=\"event-weekday\">lun<\/div><div class=\"event-day\">18<\/div><div class=\"event-month\">D\u00e9c<\/div><div class=\"event-year\">2017<\/div><\/div><\/div>\n\t\t\t\t\t<div class=\"event-info multi-day\"><div class=\"event-title\"><h3>S\u00e9minaire de recherche - Les rouages de l\u2019\u00c9tat bourguignon (XIVe-XVIe s.).<\/h3><\/div><span class=\"event-time\">14h00<\/span><span class=\"event-location\">Li\u00e8ge, Li\u00e8ge Universit\u00e9, B\u00e2t A1, Salle Lumi\u00e8re<\/span><div class=\"event-details\"><p><a href=\"http:\/\/web.philo.ulg.ac.be\/transitions\/wp-content\/uploads\/sites\/3\/2017\/12\/S\u00e9minaire-bourguignon-La-litt\u00e9rature-d\u00e9cembre-2017-page-001.jpg\"><img decoding=\"async\" class=\"alignleft size-medium wp-image-9370\" src=\"http:\/\/web.philo.ulg.ac.be\/transitions\/wp-content\/uploads\/sites\/3\/2017\/12\/S\u00e9minaire-bourguignon-La-litt\u00e9rature-d\u00e9cembre-2017-page-001-212x300.jpg\" alt=\"\" width=\"150\" srcset=\"http:\/\/web.philo.ulg.ac.be\/transitions\/wp-content\/uploads\/sites\/3\/2017\/12\/S\u00e9minaire-bourguignon-La-litt\u00e9rature-d\u00e9cembre-2017-page-001-212x300.jpg 212w, http:\/\/web.philo.ulg.ac.be\/transitions\/wp-content\/uploads\/sites\/3\/2017\/12\/S\u00e9minaire-bourguignon-La-litt\u00e9rature-d\u00e9cembre-2017-page-001-724x1024.jpg 724w, http:\/\/web.philo.ulg.ac.be\/transitions\/wp-content\/uploads\/sites\/3\/2017\/12\/S\u00e9minaire-bourguignon-La-litt\u00e9rature-d\u00e9cembre-2017-page-001-768x1086.jpg 768w, http:\/\/web.philo.ulg.ac.be\/transitions\/wp-content\/uploads\/sites\/3\/2017\/12\/S\u00e9minaire-bourguignon-La-litt\u00e9rature-d\u00e9cembre-2017-page-001.jpg 1240w\" sizes=\"(max-width: 212px) 100vw, 212px\" \/><\/a><\/p>\n<p style=\"text-align: justify;\">Th\u00e8me : La Litt\u00e9rature.<\/p>\n<p>Intervenants : Jean Devaux (Universit\u00e9 du Littoral-C\u00f4te d\u2019Opale), <strong><em>Le lyon rampant et l'universelle araigne<\/em> : la po\u00e9sie de circonstance entre France et Bourgogne<\/strong> et Remco Sleiderink (Universiteit Antwerpen), <strong>Actualit\u00e9, bilan et perspectives<\/strong>.<\/p>\n<\/div><\/div>\n\t\t\t\t<\/li>\n\t\t\t \t<li class=\"event membres\">\n\t\t\t\t\t<div class=\"event-date\"><div class=\"end-date\"><div class=\"event-weekday\">jeu<\/div><div class=\"event-day\">14<\/div><div class=\"event-month\">D\u00e9c<\/div><div class=\"event-year\">2017<\/div><\/div><\/div>\n\t\t\t\t\t<div class=\"event-info multi-day\"><div class=\"event-title\"><h3>Rencontre \u2013 Pr\u00e9sentation du volume Intrecci virtuosi<\/h3><\/div><span class=\"event-time\">17h00<\/span><span class=\"event-location\">Rome, Academia Belgica<\/span><div class=\"event-details\"><p><a href=\"http:\/\/web.philo.ulg.ac.be\/transitions\/wp-content\/uploads\/sites\/3\/2017\/12\/Geremicca.jpg\"><img decoding=\"async\" class=\"alignleft size-medium wp-image-9369\" src=\"http:\/\/web.philo.ulg.ac.be\/transitions\/wp-content\/uploads\/sites\/3\/2017\/12\/Geremicca-300x214.jpg\" alt=\"\" width=\"300\" height=\"214\" srcset=\"http:\/\/web.philo.ulg.ac.be\/transitions\/wp-content\/uploads\/sites\/3\/2017\/12\/Geremicca-300x214.jpg 300w, http:\/\/web.philo.ulg.ac.be\/transitions\/wp-content\/uploads\/sites\/3\/2017\/12\/Geremicca-768x549.jpg 768w, http:\/\/web.philo.ulg.ac.be\/transitions\/wp-content\/uploads\/sites\/3\/2017\/12\/Geremicca-1024x732.jpg 1024w, http:\/\/web.philo.ulg.ac.be\/transitions\/wp-content\/uploads\/sites\/3\/2017\/12\/Geremicca.jpg 1240w\" sizes=\"(max-width: 300px) 100vw, 300px\" \/><\/a><\/p>\n<p style=\"text-align: justify;\">Le 14 d\u00e9cembre, Rome, Academia Belgica, via Omero 8, 00197 Rome, \u00e0 17h00.<br \/>\nRencontre \u2013 Pr\u00e9sentation du volume <em>Intrecci virtuosi. Letterati, artisti e accademie tra Cinque e Seicento<\/em> \u00e9dit\u00e9 par Carla CHIUMMO (Universit\u00e0 degli studi di Cassino), <a href=\"http:\/\/web.philo.ulg.ac.be\/transitions\/antonio-geremicca\/\" target=\"_blank\" rel=\"noopener\">Antonio GEREMICCA<\/a> (ULi\u00e8ge\/Transitions) et Patrizia TOSINI (Universit\u00e0 degli studi di Cassino), en pr\u00e9sence de Silvia GINZBURG (Universit\u00e0 di Roma Tre), Emilio RUSSO (Sapienza Universit\u00e0 di Roma), Renzo BRAGANTINI (Sapienza Universit\u00e0 di Roma) et des \u00e9diteurs.<br \/>\n<a href=\"http:\/\/web.philo.ulg.ac.be\/transitions\/wp-content\/uploads\/sites\/3\/2017\/12\/Presentazione-Intrecci-Virtuosi.pdf\">Affiche<\/a>.<\/p>\n<\/div><\/div>\n\t\t\t\t<\/li>\n\t\t\t \t<li class=\"event membres\">\n\t\t\t\t\t<div class=\"event-date\"><div class=\"end-date\"><div class=\"event-weekday\">mer<\/div><div class=\"event-day\">13<\/div><div class=\"event-month\">D\u00e9c<\/div><div class=\"event-year\">2017<\/div><\/div><\/div>\n\t\t\t\t\t<div class=\"event-info multi-day\"><div class=\"event-title\"><h3>La recension la plus compl\u00e8te des &#039;Mille et une Nuits&#039; et ses manuscrits<\/h3><\/div><span class=\"event-time\">18h00<\/span><span class=\"event-location\">Le Caire, Institut Fran\u00e7ais d&#039;Arch\u00e9ologie Orientale<\/span><div class=\"event-details\"><p><a href=\"http:\/\/web.philo.ulg.ac.be\/transitions\/wp-content\/uploads\/sites\/3\/2017\/12\/conf_IFAO_\u00c9Franssen.jpg\"><img decoding=\"async\" class=\"alignleft wp-image-8823\" src=\"http:\/\/web.philo.ulg.ac.be\/transitions\/wp-content\/uploads\/sites\/3\/2017\/12\/conf_IFAO_\u00c9Franssen-300x300.jpg\" width=\"150\" height=\"225\" \/><\/a><\/p>\n<p style=\"text-align: justify;\">La recension \u00e9gyptienne des Mille et Une Nuits est importante \u00e0 plusieurs \u00e9gards. Elle rassemble des manuscrits comprenant effectivement mille et une nuits, soit quatre volumes manuscrits copi\u00e9s en \u00c9gypte \u00e0 la fin du XVIIIe ou au d\u00e9but du XIXe si\u00e8cle. La distribution du texte en nuits y est identique et les manuscrits pr\u00e9sentent par ailleurs de nombreuses caract\u00e9ristiques codicologiques communes. Plusieurs indices portent \u00e0 croire que cette recension n\u2019est pas n\u00e9e par hasard, ni vraiment dans la continuit\u00e9 de ses cousines plus anciennes. L\u2019\u00e9tude des manuscrits qui la repr\u00e9sentent nous emm\u00e8ne en un voyage vari\u00e9 d\u2019une rive \u00e0 l\u2019autre de la M\u00e9diterran\u00e9e, impliquant des copistes z\u00e9l\u00e9s et des orientalistes passionn\u00e9s.<\/p>\n<\/div><\/div>\n\t\t\t\t<\/li>\n\t\t\t \t<li class=\"event conferences cycleconferences gpublic\">\n\t\t\t\t\t<div class=\"event-date\"><div class=\"end-date\"><div class=\"event-weekday\">mar<\/div><div class=\"event-day\">12<\/div><div class=\"event-month\">D\u00e9c<\/div><div class=\"event-year\">2017<\/div><\/div><\/div>\n\t\t\t\t\t<div class=\"event-info multi-day\"><div class=\"event-title\"><h3>Conf\u00e9rence - Raoul Niger : penser le pouvoir apr\u00e8s l\u2019affaire Becket\u00a0\u2013 Fr\u00e9d\u00e9rique Lachaud\u00a0(Universit\u00e9 de Lorraine)<\/h3><\/div><span class=\"event-time\">18h00<\/span><span class=\"event-location\">Universit\u00e9 de Li\u00e8ge, Grand Physique (B\u00e2t A1)<\/span><div class=\"event-details\"><p><a href=\"http:\/\/web.philo.ulg.ac.be\/transitions\/wp-content\/uploads\/sites\/3\/2017\/10\/Transitions-cycle-de-conf\u00e9rence-2017-2018.jpg\"><img decoding=\"async\" class=\"alignleft size-medium wp-image-9288\" src=\"http:\/\/web.philo.ulg.ac.be\/transitions\/wp-content\/uploads\/sites\/3\/2017\/10\/Transitions-cycle-de-conf\u00e9rence-2017-2018-212x300.jpg\" alt=\"\" width=\"150\" srcset=\"http:\/\/web.philo.ulg.ac.be\/transitions\/wp-content\/uploads\/sites\/3\/2017\/10\/Transitions-cycle-de-conf\u00e9rence-2017-2018-212x300.jpg 212w, http:\/\/web.philo.ulg.ac.be\/transitions\/wp-content\/uploads\/sites\/3\/2017\/10\/Transitions-cycle-de-conf\u00e9rence-2017-2018-724x1024.jpg 724w, http:\/\/web.philo.ulg.ac.be\/transitions\/wp-content\/uploads\/sites\/3\/2017\/10\/Transitions-cycle-de-conf\u00e9rence-2017-2018-768x1086.jpg 768w\" sizes=\"(max-width: 212px) 100vw, 212px\" \/><\/a><\/p>\n<p style=\"text-align: justify;\">Organisation : Cycle de conf\u00e9rences de Transitions<\/p>\n<\/div><\/div>\n\t\t\t\t<\/li>\n\t\t\t \t<li class=\"event membres\">\n\t\t\t\t\t<div class=\"event-date multi-date\"><div class=\"start-date\"><div class=\"event-weekday\">lun<\/div><div class=\"event-day\">11<\/div><div class=\"event-month\">D\u00e9c<\/div><div class=\"event-year\">2017<\/div><\/div><div class=\"end-date\"><div class=\"event-weekday\">mer<\/div><div class=\"event-day\">13<\/div><div class=\"event-month\">D\u00e9c<\/div><div class=\"event-year\">2017<\/div><\/div><\/div>\n\t\t\t\t\t<div class=\"event-info multi-day\"><div class=\"event-title\"><h3>Workshop &quot;Arabic Manuscripts&quot;<\/h3><\/div><span class=\"event-location\">Le Caire, Institut Fran\u00e7ais d&#039;Arch\u00e9ologie Orientale<\/span><div class=\"event-details\"><p><a href=\"http:\/\/web.philo.ulg.ac.be\/transitions\/wp-content\/uploads\/sites\/3\/2017\/12\/Affiche-1-Workshop-Arabic-Manuscripts-petite-page-001.jpg\"><img decoding=\"async\" class=\"alignleft wp-image-8823\" src=\"http:\/\/web.philo.ulg.ac.be\/transitions\/wp-content\/uploads\/sites\/3\/2017\/12\/Affiche-1-Workshop-Arabic-Manuscripts-petite-page-001-212x300.jpg\" width=\"150\" height=\"225\" \/><\/a><\/p>\n<p style=\"text-align: justify;\">The first research vector of the program \"War in the Medieval Near East (11th-16th C.): Transmission of Knowledge, Social Practices and Sensitive Approach\", aims at giving researchers access to -and studying- an unpublished documentation. It combines training, editing and analysing jurfisiyya manuscripts whose dissemination is still poorly known. In this program, manuscripts are considered as fully historical sources whose study should allow a better knowledge of the environment in which they were written, made and disseminated. Researchers aim at using all the information supplied by the artefacts and the documental notes that they contain. It is in this context that the first workshop \"Arabic Manuscripts\" is organized in IFAO; it will be followed, in 2018 and 2019, by two more specialized workshops focusing on the completion of a database and the edition of manuscripts. This workshop aims at providing the participants with the basic codicological knowledge and at giving them the necessary operational autonomy required by their daily research. A practical approach has been privileged by the organizers: courses mixing presentation and exercises; specific hand-on sessions based on the original manuscripts preserved in IFAO.<\/p>\n<\/div><\/div>\n\t\t\t\t<\/li>\n\t\t\t \t<li class=\"event colloques\">\n\t\t\t\t\t<div class=\"event-date multi-date\"><div class=\"start-date\"><div class=\"event-weekday\">jeu<\/div><div class=\"event-day\">07<\/div><div class=\"event-month\">D\u00e9c<\/div><div class=\"event-year\">2017<\/div><\/div><div class=\"end-date\"><div class=\"event-weekday\">ven<\/div><div class=\"event-day\">08<\/div><div class=\"event-month\">D\u00e9c<\/div><div class=\"event-year\">2017<\/div><\/div><\/div>\n\t\t\t\t\t<div class=\"event-info multi-day\"><div class=\"event-title\"><h3>Colloque \u2013 La paix des Dames, entre politique, diplomatie et c\u00e9r\u00e9moniel (volet I)<\/h3><\/div><span class=\"event-location\">Li\u00e8ge, Li\u00e8ge universit\u00e9, B\u00e2t. A1, Salle des professeurs<\/span><div class=\"event-details\"><p><a href=\"http:\/\/web.philo.ulg.ac.be\/transitions\/wp-content\/uploads\/sites\/3\/2017\/09\/Ladies-Peace-800-copy.jpeg\"><img decoding=\"async\" class=\"alignleft wp-image-8823\" src=\"http:\/\/web.philo.ulg.ac.be\/transitions\/wp-content\/uploads\/sites\/3\/2017\/09\/Ladies-Peace-800-copy.jpeg\" width=\"150\" height=\"225\" \/><\/a><\/p>\n<p style=\"text-align: justify;\">Parmi toutes les femmes qui ont exerc\u00e9 une fonction de pouvoir dans l\u2019Europe de la Renaissance, Louise de Savoie et Marguerite d\u2019Autriche sont assur\u00e9ment parmi les plus c\u00e9l\u00e8bres. Le trait\u00e9 de paix qu\u2019elles n\u00e9goci\u00e8rent ensemble, au nom de leurs fils et neveu, \u00e0 Cambrai, en 1529, ne l\u2019est pas moins. Demeur\u00e9 dans les m\u00e9moires comme la \u00ab\u00a0paix des Dames\u00a0\u00bb, cet accord mit fin \u00e0 la seconde guerre que se livraient Fran\u00e7ois Ier et Charles Quint. Pourtant, la rencontre, th\u00e9\u00e2tre d\u2019un mois de n\u00e9gociations entre la France et l\u2019Empire, est mal connue. Quant \u00e0 ses c\u00e9l\u00e9brations, tant dans le domaine des arts que dans celui des lettres, elles n\u2019ont pas encore retenu l\u2019attention qu\u2019elles m\u00e9ritent. Ce programme\u00a0\u2013\u00a0qui a re\u00e7u le soutien financier du F.R.S.-FNRS (Cr\u00e9dit de recherche, CDR) et du WBI\u00a0\u2013\u00a0Wallonie-Bruxelles-International (Programme Tournesol) \u2013 est men\u00e9 en partenariat avec l\u2019Universit\u00e9 Paris 13 (La Pl\u00e9iade) et le Monast\u00e8re royal de Brou (Bourg-en-Bresse). D\u2019une part, il vise \u00e0 produire le r\u00e9cit d\u00e9taill\u00e9 de la rencontre organis\u00e9e en juillet-ao\u00fbt 1529. De l\u2019autre, il entend analyser les productions litt\u00e9raires et artistiques qui ont immortalis\u00e9, imm\u00e9diatement et a <em>posteriori<\/em>, la signature de la paix. \u00c0 terme, les r\u00e9sultats de la recherche seront valoris\u00e9s sous la forme d\u2019un livre collectif et d\u2019un espace d'interpr\u00e9tation, programm\u00e9 au printemps 2019 au Monast\u00e8re royal de Brou. Deux colloques seront organis\u00e9s en amont\u00a0: une premi\u00e8re rencontre sera mise sur pied les 7 et 8 d\u00e9cembre 2017, \u00e0 Li\u00e8ge, afin d\u2019\u00e9voquer les aspects politiques, diplomatiques et c\u00e9r\u00e9moniaux de la rencontre de Cambrai\u00a0; une seconde, mise en \u0153uvre les 17 et 18 mai 2018, \u00e0 Bourg-en-Bresse, sera consacr\u00e9e \u00e0 la m\u00e9diatisation de la signature de la paix.<\/p>\n<p style=\"text-align: justify;\">Le 7 d\u00e9cembre de 13h30 \u00e0 18h30\u00a0; le 8 d\u00e9cembre de 9h00 \u00e0 13h30.<br \/>\nOrganisation\u00a0: <a href=\"http:\/\/web.philo.ulg.ac.be\/transitions\/laure-fagnart-3\/\" target=\"_blank\" rel=\"noopener\">Laure Fagnart<\/a><br \/>\n<a href=\"http:\/\/web.philo.ulg.ac.be\/transitions\/wp-content\/uploads\/sites\/3\/2017\/11\/La-paix-des-Dames-Li\u00e8ge-7-8-d\u00e9cembre-2017-2.pdf\">Programme<\/a><\/p>\n<\/div><\/div>\n\t\t\t\t<\/li>\n\t\t\t \t<li class=\"event colloques gpublic\">\n\t\t\t\t\t<div class=\"event-date\"><div class=\"end-date\"><div class=\"event-weekday\">lun<\/div><div class=\"event-day\">04<\/div><div class=\"event-month\">D\u00e9c<\/div><div class=\"event-year\">2017<\/div><\/div><\/div>\n\t\t\t\t\t<div class=\"event-info multi-day\"><div class=\"event-title\"><h3>Appel \u00e0 contributions \u2013 colloque IMAGOPAPAE<\/h3><\/div><span class=\"event-location\">Li\u00e8ge, Mus\u00e9e de la Boverie et Universit\u00e9 de Li\u00e8ge<\/span><div class=\"event-details\"><p><a href=\"http:\/\/web.philo.ulg.ac.be\/transitions\/wp-content\/uploads\/sites\/3\/2017\/10\/Imagopapae2018_logo.jpg\"><img decoding=\"async\" class=\"alignleft wp-image-8823\" src=\"http:\/\/web.philo.ulg.ac.be\/transitions\/wp-content\/uploads\/sites\/3\/2017\/10\/Imagopapae2018_logo-200x300.jpg\" width=\"150\" height=\"225\" \/><\/a><\/p>\n<p style=\"text-align: justify;\">L\u2019Universit\u00e9 de Li\u00e8ge,<br \/>\nl\u2019Unit\u00e9 de recherches Transitions. Moyen \u00c2ge et premi\u00e8re Modernit\u00e9,<br \/>\nle Service d\u2019Histoire de l\u2019Art et Arch\u00e9ologie du Moyen \u00c2ge<\/p>\n<p>ont le plaisir de vous annoncer <strong>le lancement de l\u2019appel \u00e0 contribution pour le colloque international \u2013 IMAGOPAPAE<\/strong>, organis\u00e9 par <a href=\"http:\/\/web.philo.ulg.ac.be\/transitions\/claudia-dalberto\/\" target=\"_blank\" rel=\"noopener\">Claudia D\u2019ALBERTO<\/a> (Chercheuse post-doc Marie Curie COFUND Li\u00e8ge Universit\u00e9), en collaboration avec :<\/p>\n<p>Bibliotheca Hertziana (Rome)<br \/>\nInstitut de recherche et d\u2019histoire des textes (Paris)<br \/>\nMus\u00e9e de la Boverie (Li\u00e8ge)<br \/>\nMus\u00e9e du Petit Palais d\u2019Avignon<br \/>\nSociet\u00e0 Internazionale per lo Studio del Medioevo Latino (Florence)<br \/>\nUniversit\u00e0 degli Studi di Ferrara<\/p>\n<p>Cette manifestation se tiendra \u00e0 Li\u00e8ge (Mus\u00e9e de la Boverie et Universit\u00e9 de Li\u00e8ge) <strong>du 20 au 22 juin 2018<\/strong>.<\/p>\n<p><a href=\"http:\/\/web.philo.ulg.ac.be\/transitions\/wp-content\/uploads\/sites\/3\/2017\/10\/Imagopapae2018_appel_cand.pdf\">Appel \u00e0 contributions<\/a>.<\/p>\n<p>La date limite de candidature est fix\u00e9e au <strong>4 d\u00e9cembre 2017<\/strong>.<br \/>\nLes propositions de communication sont \u00e0 envoyer \u00e0 : <a href=\"mailto:claudia.dalberto@ulg.ac.be\">Claudia d'Alberto<\/a> ; <a href=\"mailto:imagopapae@gmail.com\">Imagopapae<\/a><\/p>\n<\/div><\/div>\n\t\t\t\t<\/li>\n\t\t\t \t<li class=\"event membres\">\n\t\t\t\t\t<div class=\"event-date\"><div class=\"end-date\"><div class=\"event-weekday\">lun<\/div><div class=\"event-day\">04<\/div><div class=\"event-month\">D\u00e9c<\/div><div class=\"event-year\">2017<\/div><\/div><\/div>\n\t\t\t\t\t<div class=\"event-info multi-day\"><div class=\"event-title\"><h3>Soutenance de th\u00e8se de J\u00e9romine Fran\u00e7ois, \u201cLa Celestina, un mito literario hisp\u00e1nico (1822-2014)\u201d<\/h3><\/div><span class=\"event-time\">14h00<\/span><span class=\"event-location\">Li\u00e8ge, Universit\u00e9 de Li\u00e8ge, B\u00e2t. A1, salle Lumi\u00e8re<\/span><div class=\"event-details\"><p><a href=\"http:\/\/web.philo.ulg.ac.be\/transitions\/wp-content\/uploads\/sites\/3\/2017\/11\/Celestina_1.jpg\"><img decoding=\"async\" class=\"alignleft size-medium wp-image-9288\" src=\"http:\/\/web.philo.ulg.ac.be\/transitions\/wp-content\/uploads\/sites\/3\/2017\/11\/Celestina_1.jpg\" alt=\"\" width=\"100\" \/><\/a><\/p>\n<p style=\"text-align: justify;\">Le 4 d\u00e9cembre prochain, J\u00e9romine Fran\u00e7ois (d\u00e9partement de Langues Romanes de l\u2019Universit\u00e9 de Li\u00e8ge) d\u00e9fendra publiquement sa th\u00e8se de doctorat en Langues, Lettres et Traductologie intitul\u00e9e \u201c<em>La Celestina<\/em>, un mito literario hisp\u00e1nico (1822-2014)\u201d.<\/p>\n<p><a href=\"http:\/\/web.philo.ulg.ac.be\/transitions\/wp-content\/uploads\/sites\/3\/2017\/11\/Celestina_2.jpg\"><img decoding=\"async\" class=\"alignright size-medium wp-image-9288\" src=\"http:\/\/web.philo.ulg.ac.be\/transitions\/wp-content\/uploads\/sites\/3\/2017\/11\/Celestina_2.jpg\" alt=\"\" width=\"100\" \/><\/a><\/p>\n<p style=\"text-align: justify;\">Cette th\u00e8se, dirig\u00e9e par les professeurs Jacques Joset (ULi\u00e8ge) et \u00c1lvaro Ceballos Viro (ULi\u00e8ge), examine le processus de mythification qu\u2019a connu <em>La Celestina<\/em>, classique de la litt\u00e9rature espagnole, depuis le XIXe si\u00e8cle jusqu\u2019\u00e0 nos jours. Afin de mettre au jour la structure et l\u2019histoire de ce mythe litt\u00e9raire, ce travail analyse l\u2019ensemble des r\u00e9\u00e9critures espagnoles contemporaines de <em>La Celestina<\/em>.<\/p>\n<\/div><\/div>\n\t\t\t\t<\/li>\n\t\t\t \t<li class=\"event membres\">\n\t\t\t\t\t<div class=\"event-date\"><div class=\"end-date\"><div class=\"event-weekday\">jeu<\/div><div class=\"event-day\">16<\/div><div class=\"event-month\">Nov<\/div><div class=\"event-year\">2017<\/div><\/div><\/div>\n\t\t\t\t\t<div class=\"event-info multi-day\"><div class=\"event-title\"><h3>Conf\u00e9rence - Luther et la Belgique : une architecture \u00e0 g\u00e9om\u00e9trie variable - Laurence Druez (Archives de l&#039;\u00c9tat \u00e0 Li\u00e8ge) et Julien Maquet (Arch\u00e9oforum de Li\u00e8ge ; Institut du patrimoine wallon)<\/h3><\/div><span class=\"event-time\">17h00<\/span><span class=\"event-location\">Bruxelles, Palais des Acad\u00e9mies<\/span><div class=\"event-details\"><p style=\"text-align: justify;\">L'Acad\u00e9mie royale des Sciences, des Lettres et des Beaux-Arts de Belgique<br \/>\nvous invite \u00e0 la session sp\u00e9ciale du Coll\u00e8ge Belgique :<br \/>\n<strong>L'ann\u00e9e Luther<\/strong><br \/>\npar <a href=\"http:\/\/www.academieroyale.be\/fr\/details-690\/relations\/laurence-druez\/secorig593\/\">Laurence Druez<\/a> et <a href=\"http:\/\/www.academieroyale.be\/fr\/details-690\/relations\/julien-maquet\/secorig593\/\">Julien Maquet<\/a>, qui aura lieu le jeudi 16 novembre au Palais des Acad\u00e9mies (1, rue Ducale 1000 BRUXELLES), de 17 \u00e0 19 heures.<br \/>\nAcc\u00e8s gratuit. Inscription pr\u00e9alable sur le site internet <a>www.academieroyale.be<\/a>.<br \/>\n<a href=\"http:\/\/web.philo.ulg.ac.be\/transitions\/wp-content\/uploads\/sites\/3\/2017\/11\/Session_AnneeLuther_Flyer.pdf\" target=\"_blank\" rel=\"noopener\">Plus d'informations<\/a>.<\/p>\n<\/div><\/div>\n\t\t\t\t<\/li>\n\t\t\t \t<li class=\"event membres\">\n\t\t\t\t\t<div class=\"event-date\"><div class=\"end-date\"><div class=\"event-weekday\">mar<\/div><div class=\"event-day\">14<\/div><div class=\"event-month\">Nov<\/div><div class=\"event-year\">2017<\/div><\/div><\/div>\n\t\t\t\t\t<div class=\"event-info multi-day\"><div class=\"event-title\"><h3>Conf\u00e9rence - Luther et la Belgique : une minorit\u00e9 vivante - Laurence Druez (Archives de l&#039;\u00c9tat \u00e0 Li\u00e8ge)<\/h3><\/div><span class=\"event-time\">17h00<\/span><span class=\"event-location\">Bruxelles, Palais des Acad\u00e9mies<\/span><div class=\"event-details\"><p style=\"text-align: justify;\">L'Acad\u00e9mie royale des Sciences, des Lettres et des Beaux-Arts de Belgique<br \/>\nvous invite \u00e0 la session sp\u00e9ciale du Coll\u00e8ge Belgique :<br \/>\n<strong>L'ann\u00e9e Luther<\/strong><br \/>\npar <a href=\"http:\/\/www.academieroyale.be\/fr\/details-690\/relations\/laurence-druez\/secorig593\/\">Laurence Druez<\/a>, qui aura lieu le mardi 14 novembre au Palais des Acad\u00e9mies (1, rue Ducale 1000 BRUXELLES), de 17 \u00e0 19 heures.<br \/>\nAcc\u00e8s gratuit. Inscription pr\u00e9alable sur le site internet <a>www.academieroyale.be<\/a>.<br \/>\n<a href=\"http:\/\/web.philo.ulg.ac.be\/transitions\/wp-content\/uploads\/sites\/3\/2017\/11\/Session_AnneeLuther_Flyer.pdf\" target=\"_blank\" rel=\"noopener\">Plus d'informations<\/a>.<\/p>\n<\/div><\/div>\n\t\t\t\t<\/li>\n\t\t\t \t<li class=\"event conferences cycleconferences gpublic\">\n\t\t\t\t\t<div class=\"event-date\"><div class=\"end-date\"><div class=\"event-weekday\">mar<\/div><div class=\"event-day\">14<\/div><div class=\"event-month\">Nov<\/div><div class=\"event-year\">2017<\/div><\/div><\/div>\n\t\t\t\t\t<div class=\"event-info multi-day\"><div class=\"event-title\"><h3>Conf\u00e9rence - La laude moderne :\u00a0survival\u00a0ou utopie r\u00e9gressive ?\u00a0\u2013 Anne Pi\u00e9jus (Centre national de la recherche scientifique)<\/h3><\/div><span class=\"event-time\">18h00<\/span><span class=\"event-location\">Universit\u00e9 de Li\u00e8ge, Grand Physique (B\u00e2t A1)<\/span><div class=\"event-details\"><p><a href=\"http:\/\/web.philo.ulg.ac.be\/transitions\/wp-content\/uploads\/sites\/3\/2017\/10\/Transitions-cycle-de-conf\u00e9rence-2017-2018.jpg\"><img decoding=\"async\" class=\"alignleft size-medium wp-image-9288\" src=\"http:\/\/web.philo.ulg.ac.be\/transitions\/wp-content\/uploads\/sites\/3\/2017\/10\/Transitions-cycle-de-conf\u00e9rence-2017-2018-212x300.jpg\" alt=\"\" width=\"150\" srcset=\"http:\/\/web.philo.ulg.ac.be\/transitions\/wp-content\/uploads\/sites\/3\/2017\/10\/Transitions-cycle-de-conf\u00e9rence-2017-2018-212x300.jpg 212w, http:\/\/web.philo.ulg.ac.be\/transitions\/wp-content\/uploads\/sites\/3\/2017\/10\/Transitions-cycle-de-conf\u00e9rence-2017-2018-724x1024.jpg 724w, http:\/\/web.philo.ulg.ac.be\/transitions\/wp-content\/uploads\/sites\/3\/2017\/10\/Transitions-cycle-de-conf\u00e9rence-2017-2018-768x1086.jpg 768w\" sizes=\"(max-width: 212px) 100vw, 212px\" \/><\/a><\/p>\n<p style=\"text-align: justify;\">Organisation : Cycle de conf\u00e9rences de Transitions<\/p>\n<\/div><\/div>\n\t\t\t\t<\/li>\n\t\t\t \t<li class=\"event epistolart\">\n\t\t\t\t\t<div class=\"event-date\"><div class=\"end-date\"><div class=\"event-weekday\">ven<\/div><div class=\"event-day\">10<\/div><div class=\"event-month\">Nov<\/div><div class=\"event-year\">2017<\/div><\/div><\/div>\n\t\t\t\t\t<div class=\"event-info multi-day\"><div class=\"event-title\"><h3>D\u00e9fense de th\u00e8se de Claudia Marconato, Edizione critica dell\u2019epistolario di Sebastiano Erizzo, letterato veneziano del secondo Cinquecento<\/h3><\/div><span class=\"event-time\">10h30<\/span><span class=\"event-location\">Universit\u00e0 degli Studi di Padova, Dipartimento di Studi linguistici e letterari, salle Scattola <\/span><div class=\"event-details\"><p><a href=\"http:\/\/web.philo.ulg.ac.be\/transitions\/wp-content\/uploads\/sites\/3\/2017\/10\/Tesi_Marconato.jpg\"><img decoding=\"async\" class=\"alignleft wp-image-8823\" src=\"http:\/\/web.philo.ulg.ac.be\/transitions\/wp-content\/uploads\/sites\/3\/2017\/10\/Tesi_Marconato-300x205.jpg\" alt=\"\" width=\"150\" \/><\/a><\/p>\n<p style=\"text-align: justify;\">Le 10 novembre prochain, dans la salle Scattola du Dipartimento di Studi linguistici e letterari de l\u2019Universit\u00e0 degli Studi di Padova, Claudia Marconato d\u00e9fendra publiquement sa th\u00e8se de doctorat en philologie italienne intitul\u00e9e <em>Edizione critica dell\u2019epistolario di Sebastiano Erizzo, letterato veneziano del secondo Cinquecento.<\/em><\/p>\n<p style=\"text-align: justify;\">Cette th\u00e8se, dirig\u00e9e par les professeurs Franco Tomasi (Unipd) et Paola Moreno (ULi\u00e8ge), consiste en l\u2019\u00e9dition comment\u00e9e d\u2019un recueil \u00e9pistolaire de la Renaissance intitul\u00e9 <em>Libri tre delle lettere<\/em>, dont l\u2019auteur est Sebastiano Erizzo (1525-1585), patricien v\u00e9nitien passionn\u00e9 de numismatique et de philosophie, qui d\u00e9cida, \u00e0 la fin de sa vie, de compiler une anthologie de lettres destin\u00e9e \u00e0 l\u2019imprimerie mais rest\u00e9e \u00e0 l\u2019\u00e9tat de manuscrit pr\u00e9paratoire.<\/p>\n<\/div><\/div>\n\t\t\t\t<\/li>\n\t\t\t \t<li class=\"event \">\n\t\t\t\t\t<div class=\"event-date\"><div class=\"end-date\"><div class=\"event-weekday\">sam<\/div><div class=\"event-day\">28<\/div><div class=\"event-month\">Oct<\/div><div class=\"event-year\">2017<\/div><\/div><\/div>\n\t\t\t\t\t<div class=\"event-info multi-day\"><div class=\"event-title\"><h3>D\u00e9fense de th\u00e8se d\u2019Alessandro Rizzo, \u00ab Le Lys et le Lion. Diplomatie et \u00e9changes entre Florence et le sultanat mamelouk (d\u00e9but XVe-d\u00e9but XVIe si\u00e8cle) \u00bb.<\/h3><\/div><span class=\"event-time\">14h00<\/span><span class=\"event-location\">Li\u00e8ge, Li\u00e8ge Universit\u00e9, B\u00e2t. A1, salle Wittert<\/span><div class=\"event-details\"><p style=\"text-align: justify;\">Le 28 octobre prochain, dans la salle Wittert de l\u2019Universit\u00e9 de Li\u00e8ge, Alessandro Rizzo (Unit\u00e9 de recherches Transitions) d\u00e9fendra publiquement sa th\u00e8se de doctorat en Histoire intitul\u00e9e <em>Le Lys et le Lion. Diplomatie et \u00e9changes entre Florence et le sultanat mamelouk (d\u00e9but XVe-d\u00e9but XVIe si\u00e8cle).<\/em><\/p>\n<p style=\"text-align: justify;\">Cette th\u00e8se, dirig\u00e9e par les professeurs Fr\u00e9d\u00e9ric Bauden (ULi\u00e8ge) et \u00c9lisabeth Malamut et Mohamed Ouerfelli (Aix-Marseille Universit\u00e9), consiste en l\u2019\u00e9tude des relations diplomatiques et commerciales entre Florence et l\u2019empire des sultans mamelouks, de la premi\u00e8re ambassade florentine au Caire (1422), jusqu\u2019aux derniers contacts entre ces deux pouvoirs (1510).<\/p>\n<\/div><\/div>\n\t\t\t\t<\/li>\n\t\t\t \t<li class=\"event colloques lodocat\">\n\t\t\t\t\t<div class=\"event-date multi-date\"><div class=\"start-date\"><div class=\"event-weekday\">mer<\/div><div class=\"event-day\">18<\/div><div class=\"event-month\">Oct<\/div><div class=\"event-year\">2017<\/div><\/div><div class=\"end-date\"><div class=\"event-weekday\">sam<\/div><div class=\"event-day\">21<\/div><div class=\"event-month\">Oct<\/div><div class=\"event-year\">2017<\/div><\/div><\/div>\n\t\t\t\t\t<div class=\"event-info multi-day\"><div class=\"event-title\"><h3>Colloque - \u00catre femmes dans une \u00c9glise d\u2019hommes entre Italie du Nord et Pays-Bas m\u00e9ridionaux : engagements, discours et r\u00e9ceptions, du Moyen \u00c2ge \u00e0 la fin de l\u2019Ancien R\u00e9gime<\/h3><\/div><span class=\"event-location\">Li\u00e8ge, Grand S\u00e9minaire (salle Saint-Lambert) et Li\u00e8ge Universit\u00e9 (salle des Professeurs)<\/span><div class=\"event-details\"><p><a href=\"http:\/\/web.philo.ulg.ac.be\/transitions\/wp-content\/uploads\/sites\/3\/2017\/09\/ANR-LODOCAT-Colloque-visuel.jpg\"><img decoding=\"async\" class=\"alignleft wp-image-8823\" src=\"http:\/\/web.philo.ulg.ac.be\/transitions\/wp-content\/uploads\/sites\/3\/2017\/09\/ANR-LODOCAT-Colloque-visuel.jpg\" width=\"150\" height=\"225\" \/><\/a><\/p>\n<p style=\"text-align: justify;\">Colloque de cl\u00f4ture du projet LODOCAT (ANR), avec la collaboration de Transitions, du R\u00e9seau Femmes Enseignement Recherche de l\u2019Universit\u00e9 de Li\u00e8ge (FER Li\u00e8ge universit\u00e9), de la Biblioth\u00e8que U. Alpha et la Biblioth\u00e8que du Grand S\u00e9minaire de Li\u00e8ge.<\/p>\n<p>Organisation : <a href=\"http:\/\/web.philo.ulg.ac.be\/transitions\/marie-elisabeth-henneau\/\" target=\"_blank\" rel=\"noopener\">Marie-Elisabeth Henneau<\/a> et <a href=\"http:\/\/web.philo.ulg.ac.be\/transitions\/julie-piront\/\" target=\"_blank\" rel=\"noopener\">Julie Piront<\/a>.<\/p>\n<p><a href=\"http:\/\/web.philo.ulg.ac.be\/transitions\/wp-content\/uploads\/sites\/3\/2017\/09\/AnrLodocatColloqueLiege.pdf\">Programme<\/a><\/p>\n<\/div><\/div>\n\t\t\t\t<\/li>\n\t\t\t \t<li class=\"event conferences cycleconferences gpublic\">\n\t\t\t\t\t<div class=\"event-date\"><div class=\"end-date\"><div class=\"event-weekday\">mar<\/div><div class=\"event-day\">17<\/div><div class=\"event-month\">Oct<\/div><div class=\"event-year\">2017<\/div><\/div><\/div>\n\t\t\t\t\t<div class=\"event-info multi-day\"><div class=\"event-title\"><h3>Conf\u00e9rence - &quot;Pour l&#039;amour du risque&quot;? Galliot du Pr\u00e9 (1512-1560) et l&#039;\u00e9dition imprim\u00e9e des textes m\u00e9di\u00e9vaux en langue fran\u00e7aise - Tania Van Hemelryck (UCLouvain)<\/h3><\/div><span class=\"event-time\">18h00<\/span><span class=\"event-location\">Universit\u00e9 de Li\u00e8ge, Grand Physique (B\u00e2t. A1)<\/span><div class=\"event-details\"><p><a href=\"http:\/\/web.philo.ulg.ac.be\/transitions\/wp-content\/uploads\/sites\/3\/2017\/10\/Transitions-cycle-de-conf\u00e9rence-2017-2018.jpg\"><img decoding=\"async\" class=\"alignleft size-medium wp-image-9288\" src=\"http:\/\/web.philo.ulg.ac.be\/transitions\/wp-content\/uploads\/sites\/3\/2017\/10\/Transitions-cycle-de-conf\u00e9rence-2017-2018-212x300.jpg\" alt=\"\" width=\"150\" srcset=\"http:\/\/web.philo.ulg.ac.be\/transitions\/wp-content\/uploads\/sites\/3\/2017\/10\/Transitions-cycle-de-conf\u00e9rence-2017-2018-212x300.jpg 212w, http:\/\/web.philo.ulg.ac.be\/transitions\/wp-content\/uploads\/sites\/3\/2017\/10\/Transitions-cycle-de-conf\u00e9rence-2017-2018-724x1024.jpg 724w, http:\/\/web.philo.ulg.ac.be\/transitions\/wp-content\/uploads\/sites\/3\/2017\/10\/Transitions-cycle-de-conf\u00e9rence-2017-2018-768x1086.jpg 768w\" sizes=\"(max-width: 212px) 100vw, 212px\" \/><\/a><\/p>\n<p style=\"text-align: justify;\">Organisation : Cycle de conf\u00e9rences de Transitions<\/p>\n<\/div><\/div>\n\t\t\t\t<\/li>\n\t\t\t \t<li class=\"event membres\">\n\t\t\t\t\t<div class=\"event-date\"><div class=\"end-date\"><div class=\"event-weekday\">mar<\/div><div class=\"event-day\">10<\/div><div class=\"event-month\">Oct<\/div><div class=\"event-year\">2017<\/div><\/div><\/div>\n\t\t\t\t\t<div class=\"event-info multi-day\"><div class=\"event-title\"><h3>Cours-conf\u00e9rence du Coll\u00e8ge Belgique \u2013 Dames de paix au temps des Guerres d\u2019Italie. Regards crois\u00e9s sur Louise de Savoie et Marguerite d\u2019Autriche <\/h3><\/div><span class=\"event-time\">17h00<\/span><span class=\"event-location\">Palais provincial de Namur\u00a0(Place Saint-Aubain, 2 \u2013 5000 Namur)<\/span><div class=\"event-details\"><p><a href=\"http:\/\/web.philo.ulg.ac.be\/transitions\/wp-content\/uploads\/sites\/3\/2017\/09\/Ladies-Peace-800-copy.jpeg\"><img decoding=\"async\" class=\"alignleft wp-image-8823\" src=\"http:\/\/web.philo.ulg.ac.be\/transitions\/wp-content\/uploads\/sites\/3\/2017\/09\/Ladies-Peace-800-copy.jpeg\" width=\"150\" height=\"225\" \/><\/a><\/p>\n<p style=\"text-align: justify;\">Cours-conf\u00e9rence du Coll\u00e8ge Belgique \u2013 <em>Dames de paix au temps des Guerres d\u2019Italie. Regards crois\u00e9s sur Louise de Savoie et Marguerite d\u2019Autriche<\/em> par Jean-Marie Cauchies, <a href=\"http:\/\/web.philo.ulg.ac.be\/transitions\/jonathan-dumont\/\" target=\"_blank\" rel=\"noopener\">Jonathan Dumont<\/a> et <a href=\"http:\/\/web.philo.ulg.ac.be\/transitions\/laure-fagnart-3\/\" target=\"_blank\" rel=\"noopener\">Laure Fagnart<\/a><\/p>\n<p style=\"text-align: justify;\"><strong>mardi 3 octobre<\/strong>\u00a0: Paix des Dames et Guerres d\u2019Italie : une pause, un espoir ?<br \/>\n<strong>mardi 10 octobre<\/strong>\u00a0: Marguerite d'Autriche et Louise de Savoie, dames Concorde<\/p>\n<p style=\"text-align: justify;\">Organisation : Acad\u00e9mie royale des Sciences, des Lettres et des Beaux-Arts de Belgique. Ce cours-conf\u00e9rence aura lieu les mardis 3 octobre et 10 octobre 2017 au\u00a0Palais provincial de Namur\u00a0(Place Saint-Aubain, 2 \u2013 5000 Namur),\u00a0de\u00a017 \u00e0 19 heures. Acc\u00e8s gratuit. Inscription pr\u00e9alable sur le site internet <a href=\"http:\/\/www.academieroyale.be\">www.academieroyale.be<\/a> . Apr\u00e8s la cr\u00e9ation d'un compte personnel (cliquer sur \u00ab cr\u00e9er un compte\u00bb, en bas \u00e0 gauche de la page d'accueil), l'inscription se fait sur la page de la le\u00e7on (bouton \u00ab\u00a0inscription\u00a0\u00bb).<\/p>\n<\/div><\/div>\n\t\t\t\t<\/li>\n\t\t\t \t<li class=\"event membres\">\n\t\t\t\t\t<div class=\"event-date\"><div class=\"end-date\"><div class=\"event-weekday\">ven<\/div><div class=\"event-day\">06<\/div><div class=\"event-month\">Oct<\/div><div class=\"event-year\">2017<\/div><\/div><\/div>\n\t\t\t\t\t<div class=\"event-info multi-day\"><div class=\"event-title\"><h3>Exposition - Participation de Franz BIerlaire et Paola Moreno \u00e0 la r\u00e9daction du guide du visiteur de l\u2019exposition \u00ab\u00a0Renouveler un texte mill\u00e9naire. \u00c9rasme, r\u00e9formateur ?\u00a0\u00bb<\/h3><\/div><span class=\"event-location\">Maison d\u2019Erasme, Rue du Chapitre, 31 B-1070 BRUXELLES<\/span><div class=\"event-details\"><p><a href=\"http:\/\/web.philo.ulg.ac.be\/transitions\/wp-content\/uploads\/sites\/3\/2017\/09\/erasmus.jpg\"><img decoding=\"async\" class=\"alignleft wp-image-8823\" src=\"http:\/\/web.philo.ulg.ac.be\/transitions\/wp-content\/uploads\/sites\/3\/2017\/09\/erasmus.jpg\" width=\"150\" \/><\/a><\/p>\n<p style=\"text-align: justify;\"><a href=\"http:\/\/web.philo.ulg.ac.be\/transitions\/franz-bierlaire\/\" target=\"_blank\" rel=\"noopener\">Franz Bierlaire<\/a> et <a href=\"http:\/\/web.philo.ulg.ac.be\/transitions\/paola-moreno-3\/\" target=\"_blank\" rel=\"noopener\">Paola Moreno<\/a> ont collabor\u00e9 avec la Maison d\u2019Erasme de Bruxelles pour la r\u00e9daction du guide du visiteur de l\u2019exposition \u00ab\u00a0Renouveler un texte mill\u00e9naire. \u00c9rasme, r\u00e9formateur ?\u00a0\u00bb. Une exposition qui aura lieu \u00e0 Bruxelles, du 6 octobre 2017 au 7 janvier 2018.<\/p>\n<p>Vernissage de l\u2019exposition\u00a0: le 6 octobre \u00e0 18h.<\/p>\n<p>Organisateurs\u00a0: Maison d\u2019Erasme<\/p>\n<p><a href=\"http:\/\/www.erasmushouse.museum\/Public\/Article.php?ID=4486\">Plus d'informations<\/a><\/p>\n<\/div><\/div>\n\t\t\t\t<\/li>\n\t\t\t \t<li class=\"event membres\">\n\t\t\t\t\t<div class=\"event-date\"><div class=\"end-date\"><div class=\"event-weekday\">mar<\/div><div class=\"event-day\">03<\/div><div class=\"event-month\">Oct<\/div><div class=\"event-year\">2017<\/div><\/div><\/div>\n\t\t\t\t\t<div class=\"event-info multi-day\"><div class=\"event-title\"><h3>Cours-conf\u00e9rence du Coll\u00e8ge Belgique \u2013 Dames de paix au temps des Guerres d\u2019Italie. Regards crois\u00e9s sur Louise de Savoie et Marguerite d\u2019Autriche <\/h3><\/div><span class=\"event-time\">17h00<\/span><span class=\"event-location\">Palais provincial de Namur\u00a0(Place Saint-Aubain, 2 \u2013 5000 Namur)<\/span><div class=\"event-details\"><p><a href=\"http:\/\/web.philo.ulg.ac.be\/transitions\/wp-content\/uploads\/sites\/3\/2017\/09\/Ladies-Peace-800-copy.jpeg\"><img decoding=\"async\" class=\"alignleft wp-image-8823\" src=\"http:\/\/web.philo.ulg.ac.be\/transitions\/wp-content\/uploads\/sites\/3\/2017\/09\/Ladies-Peace-800-copy.jpeg\" width=\"150\" height=\"225\" \/><\/a><\/p>\n<p style=\"text-align: justify;\">Cours-conf\u00e9rence du Coll\u00e8ge Belgique \u2013 <em>Dames de paix au temps des Guerres d\u2019Italie. Regards crois\u00e9s sur Louise de Savoie et Marguerite d\u2019Autriche<\/em> par Jean-Marie Cauchies, <a href=\"http:\/\/web.philo.ulg.ac.be\/transitions\/jonathan-dumont\/\" target=\"_blank\" rel=\"noopener\">Jonathan Dumont<\/a> et <a href=\"http:\/\/web.philo.ulg.ac.be\/transitions\/laure-fagnart-3\/\" target=\"_blank\" rel=\"noopener\">Laure Fagnart<\/a><\/p>\n<p style=\"text-align: justify;\"><strong>mardi 3 octobre<\/strong>\u00a0: Paix des Dames et Guerres d\u2019Italie : une pause, un espoir ?<br \/>\n<strong>mardi 10 octobre<\/strong>\u00a0: Marguerite d'Autriche et Louise de Savoie, dames Concorde<\/p>\n<p style=\"text-align: justify;\">Organisation : Acad\u00e9mie royale des Sciences, des Lettres et des Beaux-Arts de Belgique. Ce cours-conf\u00e9rence aura lieu les mardis 3 octobre et 10 octobre 2017 au\u00a0Palais provincial de Namur\u00a0(Place Saint-Aubain, 2 \u2013 5000 Namur),\u00a0de\u00a017 \u00e0 19 heures. Acc\u00e8s gratuit. Inscription pr\u00e9alable sur le site internet <a href=\"http:\/\/www.academieroyale.be\">www.academieroyale.be<\/a> . Apr\u00e8s la cr\u00e9ation d'un compte personnel (cliquer sur \u00ab cr\u00e9er un compte\u00bb, en bas \u00e0 gauche de la page d'accueil), l'inscription se fait sur la page de la le\u00e7on (bouton \u00ab\u00a0inscription\u00a0\u00bb).<\/p>\n<\/div><\/div>\n\t\t\t\t<\/li>\n\t\t\t \t<li class=\"event colloques\">\n\t\t\t\t\t<div class=\"event-date multi-date\"><div class=\"start-date\"><div class=\"event-weekday\">ven<\/div><div class=\"event-day\">29<\/div><div class=\"event-month\">Sep<\/div><div class=\"event-year\">2017<\/div><\/div><div class=\"end-date\"><div class=\"event-weekday\">sam<\/div><div class=\"event-day\">30<\/div><div class=\"event-month\">Sep<\/div><div class=\"event-year\">2017<\/div><\/div><\/div>\n\t\t\t\t\t<div class=\"event-info multi-day\"><div class=\"event-title\"><h3>Workshop - Sacellum mirabile. Nouvelles \u00e9tudes sur la chapelle de Claude d\u2019Urf\u00e9, ambassadeur de la couronne de France au Concile de Trente.  Workshop des auteurs de l\u2019ouvrage <\/h3><\/div><span class=\"event-location\">Lyon, Saint-\u00c9tienne-le-Molard, B\u00e2tie d\u2019Urf\u00e9 <\/span><div class=\"event-details\"><p><a href=\"http:\/\/web.philo.ulg.ac.be\/transitions\/wp-content\/uploads\/sites\/3\/2017\/09\/Urfe.jpg\"><img decoding=\"async\" class=\"alignleft wp-image-8823\" src=\"http:\/\/web.philo.ulg.ac.be\/transitions\/wp-content\/uploads\/sites\/3\/2017\/09\/Urfe.jpg\" width=\"150\" height=\"225\" \/><\/a><\/p>\n<p style=\"text-align: justify;\">Membre de la petite noblesse de la r\u00e9gion lyonnaise du Forez, Claude d\u2019Urf\u00e9 (1501-1558) fr\u00e9quente r\u00e9guli\u00e8rement la cour de Fran\u00e7ois Ier puis celle d\u2019Henri II. Entre 1546 et 1551, il s\u00e9journe en Italie, d\u2019abord en tant qu\u2019ambassadeur au Concile de Trente-Bologne puis comme repr\u00e9sentant de la couronne fran\u00e7aise aupr\u00e8s du Saint-Si\u00e8ge. Ce s\u00e9jour lui donne l\u2019occasion de d\u00e9couvrir l\u2019art de la Renaissance italienne, tel que celui-ci se d\u00e9ploie vers 1550, mais aussi la pens\u00e9e religieuse des pr\u00e9lats et des intellectuels qu\u2019il croise \u00e0 l\u2019occasion de ses missions diplomatiques. Ces rencontres ont profond\u00e9ment marqu\u00e9 l\u2019architecture et le d\u00e9cor de la chapelle de la B\u00e2tie d\u2019Urf\u00e9 qu\u2019il fait r\u00e9am\u00e9nager dans la demeure seigneuriale de ses anc\u00eatres \u00e0 Saint-\u00c9tienne-le-Molard. Les 29 et 30 septembre 2017, un workshop est organis\u00e9 \u00e0 la B\u00e2tie d\u2019Urf\u00e9. Y prendront part les auteurs qui participeront \u00e0 la r\u00e9daction d\u2019un ouvrage collectif intitul\u00e9 <em>\u2018Sacellum mirabile\u2019. Nouvelles \u00e9tudes sur la chapelle de Claude d\u2019Urf\u00e9, ambassadeur de la couronne de France au Concile de Trente<\/em>. Ce volume \u2013 qui para\u00eetra sous la direction d\u2019Elena Bugini et qui rassemblera les contributions d\u2019une trentaine de chercheurs \u2013 sera publi\u00e9 en 2018.<\/p>\n<p style=\"text-align: justify;\">B\u00e2tie d\u2019Urf\u00e9 (Saint-\u00c9tienne-le-Molard, Lyon, France)<br \/>\n29\/09 \u2013 15h00-20h00<br \/>\n30\/09 \u2013 9h00-12h00<\/p>\n<p style=\"text-align: justify;\"><a href=\"http:\/\/web.philo.ulg.ac.be\/transitions\/wp-content\/uploads\/sites\/3\/2017\/09\/Urfe-programme.pdf\" target=\"_blank\" rel=\"noopener\">Programme<\/a><\/p>\n<p style=\"text-align: justify;\">Organisation : <a href=\"http:\/\/web.philo.ulg.ac.be\/transitions\/mariaelena-bugini\/\" target=\"_blank\" rel=\"noopener\">Elena Bugini<\/a> et <a href=\"http:\/\/web.philo.ulg.ac.be\/transitions\/laure-fagnart-3\/\" target=\"_blank\" rel=\"noopener\">Laure Fagnart<\/a><\/p>\n<\/div><\/div>\n\t\t\t\t<\/li>\n\t\t\t \t<li class=\"event gpublic\">\n\t\t\t\t\t<div class=\"event-date\"><div class=\"end-date\"><div class=\"event-weekday\">mer<\/div><div class=\"event-day\">20<\/div><div class=\"event-month\">Sep<\/div><div class=\"event-year\">2017<\/div><\/div><\/div>\n\t\t\t\t\t<div class=\"event-info multi-day\"><div class=\"event-title\"><h3>Information - Enseignements de Master relatifs au Moyen \u00c2ge &amp; \u00e0 la premi\u00e8re Modernit\u00e9<\/h3><\/div><span class=\"event-time\">12h15<\/span><span class=\"event-location\">Li\u00e8ge, Universit\u00e9 de Li\u00e8ge, B\u00e2t. A4, S100<\/span><div class=\"event-details\"><p><a href=\"http:\/\/web.philo.ulg.ac.be\/transitions\/wp-content\/uploads\/sites\/3\/2017\/09\/Annonce-r\u00e9union-enseignements-Master-2017-18.jpg\"><img decoding=\"async\" class=\"alignleft wp-image-8823\" src=\"http:\/\/web.philo.ulg.ac.be\/transitions\/wp-content\/uploads\/sites\/3\/2017\/09\/Annonce-r\u00e9union-enseignements-Master-2017-18.jpg\" width=\"150\" height=\"225\" \/><\/a><\/p>\n<p style=\"text-align: justify;\">En Master \u00e0 finalit\u00e9 approfondie, vous pouvez vous sp\u00e9cialiser dans l\u2019\u00e9tude du Moyen \u00c2ge et de la premi\u00e8re Modernit\u00e9 gr\u00e2ce \u00e0 des enseignements en histoire, langues et litt\u00e9ratures, histoire de l\u2019art et histoire de la musique dispens\u00e9s au sein de notre Facult\u00e9.<\/p>\n<\/div><\/div>\n\t\t\t\t<\/li>\n\t\t\t \t<li class=\"event colloques\">\n\t\t\t\t\t<div class=\"event-date\"><div class=\"end-date\"><div class=\"event-weekday\">ven<\/div><div class=\"event-day\">15<\/div><div class=\"event-month\">Sep<\/div><div class=\"event-year\">2017<\/div><\/div><\/div>\n\t\t\t\t\t<div class=\"event-info multi-day\"><div class=\"event-title\"><h3>CFP - Rencontres doctorales internationales : \u00ab Transition(s) : concept, m\u00e9thodes et \u00e9tudes de cas (XIVe-XVIIe si\u00e8cles) \u00bb (Li\u00e8ge, 30 et 31 janvier 2018)<\/h3><\/div><span class=\"event-location\">Li\u00e8ge, Li\u00e8ge Universit\u00e9<\/span><div class=\"event-details\"><div class=\"page\" title=\"Page 1\">\n<div class=\"layoutArea\">\n<div class=\"column\">\n<p style=\"text-align: justify;\">L\u2019Unit\u00e9 de recherches (UR) Transitions. Moyen \u00c2ge et premi\u00e8re Modernit\u00e9 de l\u2019Universit\u00e9 de Li\u00e8ge s\u2019associe au laboratoire TRAME (Textes, repr\u00e9sentations, arch\u00e9ologie et m\u00e9moire de l\u2019Antiquit\u00e9 \u00e0 la Renaissance) de l\u2019Universit\u00e9 de Picardie Jules Verne et au Centre d\u2019\u00c9tudes Sup\u00e9rieures de la Renaissance de l\u2019Universit\u00e9 Fran\u00e7ois Rabelais de Tours \u00e0 l\u2019occasion de rencontres doctorales en trois volets. Mises en \u0153uvre par les doctorants de ces trois institutions, ces rencontres ont pour but de favoriser l\u2019\u00e9change et les d\u00e9bats entre doctorant(e)s, jeunes chercheurs(euses) et coll\u00e8gues exp\u00e9riment\u00e9(e)s.<\/p>\n<p>Le premier volet de ces journ\u00e9es sera organis\u00e9 \u00e0 Li\u00e8ge, les mardi 30 et mercredi 31 janvier 2018.<\/p>\n<p><a href=\"http:\/\/web.philo.ulg.ac.be\/transitions\/wp-content\/uploads\/sites\/3\/2017\/06\/Transitions-Appel-2018-FR-EN-1.pdf\" target=\"_blank\" rel=\"noopener\">Appel \u00e0 communication \/ Call for Paper<\/a><\/p>\n<p>Contact : <a href=\"http:\/\/web.philo.ulg.ac.be\/transitions\/julie-piront\/\" target=\"_blank\" rel=\"noopener\">Julie Piront<\/a><\/p>\n<\/div>\n<\/div>\n<\/div>\n<\/div><\/div>\n\t\t\t\t<\/li>\n\t\t\t \t<li class=\"event colloques\">\n\t\t\t\t\t<div class=\"event-date\"><div class=\"end-date\"><div class=\"event-weekday\">jeu<\/div><div class=\"event-day\">07<\/div><div class=\"event-month\">Sep<\/div><div class=\"event-year\">2017<\/div><\/div><\/div>\n\t\t\t\t\t<div class=\"event-info multi-day\"><div class=\"event-title\"><h3>Colloque - Lingua delle arti e lingua di artisti in Italia fra Medioevo e Rinascimento<\/h3><\/div><span class=\"event-time\">9 h 00 min<\/span><span class=\"event-location\">U.Lg, Salle Lumi\u00e8re, 7, Place du XX Ao\u00fbt (b\u00e2t. A1), 4000 Li\u00e8ge<\/span><div class=\"event-details\"><p><a href=\"http:\/\/web.philo.ulg.ac.be\/transitions\/wp-content\/uploads\/sites\/3\/2017\/08\/lingua_arti.jpg\"><img decoding=\"async\" class=\"alignleft wp-image-8823\" src=\"http:\/\/web.philo.ulg.ac.be\/transitions\/wp-content\/uploads\/sites\/3\/2017\/08\/lingua_arti.jpg\" width=\"150\" height=\"225\" \/><\/a><\/p>\n<p>Renseignements: <a href=\"http:\/\/web.philo.ulg.ac.be\/transitions\/alessandro-aresti\/\" target=\"_blank\" rel=\"noopener\">Alessandro Aresti<\/a>, <a href=\"http:\/\/web.philo.ulg.ac.be\/transitions\/paola-moreno-3\/\" target=\"_blank\" rel=\"noopener\">Paola Moreno<\/a><\/p>\n<p><a href=\"http:\/\/web.philo.ulg.ac.be\/transitions\/wp-content\/uploads\/sites\/3\/2017\/08\/lingua_arti.jpg\" target=\"_blank\" rel=\"noopener\">Programme<\/a><\/p>\n<\/div><\/div>\n\t\t\t\t<\/li>\n\t\t\t \t<li class=\"event seminaires\">\n\t\t\t\t\t<div class=\"event-date\"><div class=\"end-date\"><div class=\"event-weekday\">mer<\/div><div class=\"event-day\">10<\/div><div class=\"event-month\">Mai<\/div><div class=\"event-year\">2017<\/div><\/div><\/div>\n\t\t\t\t\t<div class=\"event-info multi-day\"><div class=\"event-title\"><h3>S\u00e9minaire - L\u2019\u00e9v\u00e9nement. Penser la rupture \u00e0 travers ses causes et ses traces<\/h3><\/div><span class=\"event-time\">12h-14h<\/span><span class=\"event-location\">U.Lg, Salle Philo II, 7, Place du XX Ao\u00fbt, 4000 Li\u00e8ge<\/span><div class=\"event-details\"><p><a href=\"http:\/\/web.philo.ulg.ac.be\/transitions\/wp-content\/uploads\/sites\/3\/2017\/02\/seminaire_doctorants_2017.jpg\"><img decoding=\"async\" class=\"alignleft wp-image-8788\" src=\"http:\/\/web.philo.ulg.ac.be\/transitions\/wp-content\/uploads\/sites\/3\/2017\/02\/seminaire_doctorants_2017.jpg\" width=\"150\" height=\"212\" \/><\/a><br \/>\nS\u00e9minaire des doctorants.<\/p>\n<p>Programme:<br \/>\nK\u00e9vin SCHMIDT: L'an 1227 \u00e0 Saint-Trond : de Metz \u00e0 Li\u00e8ge<br \/>\nAd\u00e9la\u00efde LAMBERT: Livre de raison, livre de famille. R\u00e9flexions m\u00e9thodologiques sur la diffusion extralitt\u00e9raire de Gerard du Frattre<br \/>\nS\u00e9bastien DAMOISEAUX: Conclusions <\/p>\n<p>Comit\u00e9 organisateur\u00a0: <a href=\"http:\/\/web.philo.ulg.ac.be\/transitions\/sebastien-damoiseaux\/\">S\u00e9bastien Damoiseaux<\/a>, <a href=\"http:\/\/web.philo.ulg.ac.be\/transitions\/adelaide-lambert\/\">Ad\u00e9la\u00efde Lambert<\/a> et <a href=\"http:\/\/web.philo.ulg.ac.be\/transitions\/julien-regibeau\/\">Julien R\u00e9gibeau<\/a>.<\/p>\n<\/div><\/div>\n\t\t\t\t<\/li>\n\t\t\t \t<li class=\"event seminaires\">\n\t\t\t\t\t<div class=\"event-date\"><div class=\"end-date\"><div class=\"event-weekday\">mar<\/div><div class=\"event-day\">25<\/div><div class=\"event-month\">Avr<\/div><div class=\"event-year\">2017<\/div><\/div><\/div>\n\t\t\t\t\t<div class=\"event-info multi-day\"><div class=\"event-title\"><h3>S\u00e9minaire de recherche : Les rouages de l\u2019\u00c9tat bourguignon (XIVe\u2013XVIe si\u00e8cles) - Les institutions (en ce compris les assembl\u00e9es repr\u00e9sentatives) <\/h3><\/div><span class=\"event-time\">14h-16h<\/span><span class=\"event-location\">U.Lg, Salle des Professeurs, 7, Place du XX Ao\u00fbt (b\u00e2t. A1), 4000 Li\u00e8ge<\/span><div class=\"event-details\"><p><a href=\"http:\/\/web.philo.ulg.ac.be\/transitions\/wp-content\/uploads\/sites\/3\/2017\/04\/sem_bourg7.jpg\"><img decoding=\"async\" class=\"alignleft wp-image-8823\" src=\"http:\/\/web.philo.ulg.ac.be\/transitions\/wp-content\/uploads\/sites\/3\/2017\/04\/sem_bourg7.jpg\" width=\"150\" \/><\/a><br \/>\nTh\u00e8me\u00a0: Les institutions (en ce compris les assembl\u00e9es repr\u00e9sentatives)<br \/>\nIntervenant 1 :  Dominique Vanwijnsberghe (IRPA)<br \/>\nEnluminure et Peinture<\/p>\n<p>Intervenant 2 : Anne Dubois (Universit\u00e9 catholique de Louvain)<br \/>\nActualit\u00e9, bilan et perspectives<\/p>\n<p>Comit\u00e9 organisateur : <a href=\"http:\/\/web.philo.ulg.ac.be\/transitions\/jonathan-dumont\/\" target=\"_blank\">Jonathan Dumont<\/a>, <a href=\"http:\/\/web.philo.ulg.ac.be\/transitions\/alain-marchandisse\/\" target=\"_blank\">Alain Marchandisse<\/a>, <a href=\"http:\/\/web.philo.ulg.ac.be\/transitions\/christophe-masson\/\" target=\"_blank\">Christophe Masson<\/a><\/p>\n<\/div><\/div>\n\t\t\t\t<\/li>\n\t\t\t \t<li class=\"event conferences\">\n\t\t\t\t\t<div class=\"event-date\"><div class=\"end-date\"><div class=\"event-weekday\">mar<\/div><div class=\"event-day\">25<\/div><div class=\"event-month\">Avr<\/div><div class=\"event-year\">2017<\/div><\/div><\/div>\n\t\t\t\t\t<div class=\"event-info multi-day\"><div class=\"event-title\"><h3>Conf\u00e9rence : Les f\u00eates solennelles et diplomatiques \u00e0 Amboise entre 1361 et 1507 - Lucie Gaugain (Universit\u00e9 Fran\u00e7ois Rabelais de Tours)<\/h3><\/div><span class=\"event-time\">17h<\/span><span class=\"event-location\">Li\u00e8ge, ULg, Salle Kurth<\/span><div class=\"event-details\"><p><a href=\"http:\/\/web.philo.ulg.ac.be\/transitions\/wp-content\/uploads\/sites\/3\/2017\/04\/Lucie-GAUGAIN-avril-2017.jpg\"><img decoding=\"async\" class=\"alignleft wp-image-8823\" src=\"http:\/\/web.philo.ulg.ac.be\/transitions\/wp-content\/uploads\/sites\/3\/2017\/04\/Lucie-GAUGAIN-avril-2017.jpg\" width=\"150\" \/><\/a><br \/>\nConf\u00e9rence: <em>Les f\u00eates solennelles et diplomatiques \u00e0 Amboise entre 1361 et 1507<\/em> par Lucie Gaugain (Universit\u00e9 Fran\u00e7ois Rabelais de Tours).<br \/>\nOrganisation: <a href=\"http:\/\/web.philo.ulg.ac.be\/transitions\/laure-fagnart-3\/\" target=\"_blank\">Laure Fagnart<\/a><\/p>\n<\/div><\/div>\n\t\t\t\t<\/li>\n\t\t\t \t<li class=\"event conferences\">\n\t\t\t\t\t<div class=\"event-date\"><div class=\"end-date\"><div class=\"event-weekday\">mer<\/div><div class=\"event-day\">19<\/div><div class=\"event-month\">Avr<\/div><div class=\"event-year\">2017<\/div><\/div><\/div>\n\t\t\t\t\t<div class=\"event-info multi-day\"><div class=\"event-title\"><h3>Conf\u00e9rence - Montaigne, ses livres, ses lecteurs (1569-1604) - Jean Balsamo (Universit\u00e9 de Reims)<\/h3><\/div><span class=\"event-time\">18h00<\/span><span class=\"event-location\">U.Lg, Salle Grand Physique, 7, Place du XX Ao\u00fbt, 4000 Li\u00e8ge<\/span><div class=\"event-details\"><p><a href=\"http:\/\/web.philo.ulg.ac.be\/transitions\/wp-content\/uploads\/sites\/3\/2017\/01\/Balsamo-2.jpg\"><img decoding=\"async\" class=\"alignleft wp-image-8823\" src=\"http:\/\/web.philo.ulg.ac.be\/transitions\/wp-content\/uploads\/sites\/3\/2017\/01\/Balsamo-2.jpg\" width=\"150\" \/><\/a><br \/>\nOrganis\u00e9 en partenariat avec  The Mir\u00e6us Lectures of the Flanders Book Historical Society and the Antwerp Bibliophile Society. <\/p>\n<p>Informations: <a href=\"http:\/\/web.philo.ulg.ac.be\/transitions\/renaud-adam\/\" target=\"_blank\">Renaud Adam<\/a>.<\/p>\n<\/div><\/div>\n\t\t\t\t<\/li>\n\t\t\t \t<li class=\"event conferences\">\n\t\t\t\t\t<div class=\"event-date\"><div class=\"end-date\"><div class=\"event-weekday\">mar<\/div><div class=\"event-day\">18<\/div><div class=\"event-month\">Avr<\/div><div class=\"event-year\">2017<\/div><\/div><\/div>\n\t\t\t\t\t<div class=\"event-info multi-day\"><div class=\"event-title\"><h3>Conf\u00e9rence - La lyre anthropomorphe C94 de Vienne. Un instrument embl\u00e9matique de la Renaissance italienne<\/h3><\/div><span class=\"event-time\">18h<\/span><span class=\"event-location\">U.Lg, Salle Wittert, 7, Place du XX Ao\u00fbt, 4000 Li\u00e8ge<\/span><div class=\"event-details\"><p><a href=\"http:\/\/web.philo.ulg.ac.be\/transitions\/wp-content\/uploads\/sites\/3\/2017\/03\/Bugini_conf_mars2017.jpg\"><img decoding=\"async\" class=\"alignleft wp-image-8823\" src=\"http:\/\/web.philo.ulg.ac.be\/transitions\/wp-content\/uploads\/sites\/3\/2017\/03\/Bugini_conf_mars2017.jpg\" width=\"150\" \/><\/a><br \/>\n<em>La lyre anthropomorphe C94 de Vienne. Un instrument embl\u00e9matique de la Renaissance italienne<\/em> par<a href=\"http:\/\/web.philo.ulg.ac.be\/transitions\/mariaelena-bugini\/\" target=\"_blank\"> Elena BUGINI<\/a> (ULg\/Transitions). Conf\u00e9rence organis\u00e9e avec la collaboration de la Soci\u00e9t\u00e9 li\u00e9geoise de musicologie.<\/p>\n<\/div><\/div>\n\t\t\t\t<\/li>\n\t\t\t \t<li class=\"event lodocat\">\n\t\t\t\t\t<div class=\"event-date multi-date\"><div class=\"start-date\"><div class=\"event-weekday\">jeu<\/div><div class=\"event-day\">06<\/div><div class=\"event-month\">Avr<\/div><div class=\"event-year\">2017<\/div><\/div><div class=\"end-date\"><div class=\"event-weekday\">ven<\/div><div class=\"event-day\">07<\/div><div class=\"event-month\">Avr<\/div><div class=\"event-year\">2017<\/div><\/div><\/div>\n\t\t\t\t\t<div class=\"event-info multi-day\"><div class=\"event-title\"><h3>Journ\u00e9es d\u2019\u00e9tude \u2013 Religieuses et semi-religieuses entre G\u00eanes et Bruxelles\u00a0: des agents f\u00e9minins du catholicisme romain aux fronti\u00e8res du protestantisme<\/h3><\/div><span class=\"event-location\">Besan\u00e7on, Universit\u00e9 de Franche-Comt\u00e9\/LSH<\/span><div class=\"event-details\"><p><a href=\"http:\/\/web.philo.ulg.ac.be\/transitions\/wp-content\/uploads\/sites\/3\/2017\/03\/JE_Besancon.jpg\"><img decoding=\"async\" class=\"alignleft wp-image-8823\" src=\"http:\/\/web.philo.ulg.ac.be\/transitions\/wp-content\/uploads\/sites\/3\/2017\/03\/JE_Besancon.jpg\" width=\"150\" \/><\/a><br \/>\nJourn\u00e9es d\u2019\u00e9tude \u2013 <em>Religieuses et semi-religieuses entre G\u00eanes et Bruxelles\u00a0: des agents f\u00e9minins du catholicisme romain aux fronti\u00e8res du protestantisme<\/em>, organis\u00e9es par <a href=\"http:\/\/web.philo.ulg.ac.be\/transitions\/marie-elisabeth-henneau\/\" target=\"_blank\">Marie-Elisabeth HENNEAU<\/a> (ULg\/Transitions), Corinne MARCHAL (U. Franche-Comt\u00e9\/LSH) et <a href=\"http:\/\/web.philo.ulg.ac.be\/transitions\/julie-piront\/\" target=\"_blank\">Julie PIRONT<\/a> (ULg\/Transitions) dans le cadre du projet ANR Lodocat<br \/>\n<a href=\"http:\/\/web.philo.ulg.ac.be\/transitions\/wp-content\/uploads\/sites\/3\/2017\/03\/Lodocat_JE_Besancon_Programme.pdf\" target=\"_blank\">Programme<\/a><\/p>\n<\/div><\/div>\n\t\t\t\t<\/li>\n\t\t\t \t<li class=\"event seminaires\">\n\t\t\t\t\t<div class=\"event-date\"><div class=\"end-date\"><div class=\"event-weekday\">mer<\/div><div class=\"event-day\">29<\/div><div class=\"event-month\">Mar<\/div><div class=\"event-year\">2017<\/div><\/div><\/div>\n\t\t\t\t\t<div class=\"event-info multi-day\"><div class=\"event-title\"><h3>S\u00e9minaire - L\u2019\u00e9v\u00e9nement. Penser la rupture \u00e0 travers ses causes et ses traces<\/h3><\/div><span class=\"event-time\">12h-14h<\/span><span class=\"event-location\">U.Lg, Salle Philo II, 7, Place du XX Ao\u00fbt, 4000 Li\u00e8ge<\/span><div class=\"event-details\"><p><a href=\"http:\/\/web.philo.ulg.ac.be\/transitions\/wp-content\/uploads\/sites\/3\/2017\/02\/seminaire_doctorants_2017.jpg\"><img decoding=\"async\" class=\"alignleft wp-image-8788\" src=\"http:\/\/web.philo.ulg.ac.be\/transitions\/wp-content\/uploads\/sites\/3\/2017\/02\/seminaire_doctorants_2017.jpg\" width=\"150\" height=\"212\" \/><\/a><br \/>\nS\u00e9minaire des doctorants.<\/p>\n<p>Programme:<br \/>\nAurore DRECOURT: De l\u2019int\u00e9r\u00eat des \u00e9tudes de cas : l\u2019exemple du proc\u00e8s pour viol de Marie Barbe Blavier<br \/>\nEva TRIZZULLO: Survivre au ma\u00eetre. La vie artistique \u00e0 Rome au lendemain de la mort de Rapha\u00ebl<br \/>\nV\u00e9ronique WINAND: Une guerre et ses al\u00e9as. \u00c9tude de l'invasion saxonne du Logres dans le roman de M\u00e9liadus au fil de la cyclisation de Guiron le Courtois<\/p>\n<p>Comit\u00e9 organisateur\u00a0: <a href=\"http:\/\/web.philo.ulg.ac.be\/transitions\/sebastien-damoiseaux\/\">S\u00e9bastien Damoiseaux<\/a>, <a href=\"http:\/\/web.philo.ulg.ac.be\/transitions\/adelaide-lambert\/\">Ad\u00e9la\u00efde Lambert<\/a> et <a href=\"http:\/\/web.philo.ulg.ac.be\/transitions\/julien-regibeau\/\">Julien R\u00e9gibeau<\/a>.<\/p>\n<\/div><\/div>\n\t\t\t\t<\/li>\n\t\t\t \t<li class=\"event cycleconferences\">\n\t\t\t\t\t<div class=\"event-date\"><div class=\"end-date\"><div class=\"event-weekday\">mar<\/div><div class=\"event-day\">21<\/div><div class=\"event-month\">Mar<\/div><div class=\"event-year\">2017<\/div><\/div><\/div>\n\t\t\t\t\t<div class=\"event-info multi-day\"><div class=\"event-title\"><h3>Conf\u00e9rence - Biblioth\u00e8ques et publics, biblioth\u00e8ques publiques dans l\u2019Europe d\u2019Ancien R\u00e9gime (XVIe-XVIIIe si\u00e8cle) - Yann Sordet (Biblioth\u00e8que Mazarine)<\/h3><\/div><span class=\"event-time\">18h<\/span><span class=\"event-location\">Li\u00e8ge, ULg, Grand Physique (B\u00e2t. A1)<\/span><div class=\"event-details\"><p><a href=\"http:\/\/web.philo.ulg.ac.be\/transitions\/wp-content\/uploads\/sites\/3\/2017\/02\/Yann_sordet_2017.jpg\" rel=\"attachment wp-att-8006\"><img decoding=\"async\" class=\"alignleft wp-image-8006\" src=\"http:\/\/web.philo.ulg.ac.be\/transitions\/wp-content\/uploads\/sites\/3\/2017\/02\/Yann_sordet_2017.jpg\" alt=\"Cycle_de_conf\u00e9rences_Transitions\" width=\"150\" \/><\/a><br \/>\nOrganisation : Cycle de conf\u00e9rences de Transitions<\/p>\n<\/div><\/div>\n\t\t\t\t<\/li>\n\t\t\t \t<li class=\"event seminaires\">\n\t\t\t\t\t<div class=\"event-date\"><div class=\"end-date\"><div class=\"event-weekday\">mar<\/div><div class=\"event-day\">14<\/div><div class=\"event-month\">Mar<\/div><div class=\"event-year\">2017<\/div><\/div><\/div>\n\t\t\t\t\t<div class=\"event-info multi-day\"><div class=\"event-title\"><h3>S\u00e9minaire - IMAGOPAPAE : Le pape en image (XIVe si\u00e8cle)<\/h3><\/div><span class=\"event-time\">9h30-13h<\/span><span class=\"event-location\">U.Lg, S\u00e9minaire cin\u00e9ma, 7, Place du XX Ao\u00fbt, 4000 Li\u00e8ge<\/span><div class=\"event-details\"><p><a href=\"http:\/\/web.philo.ulg.ac.be\/transitions\/wp-content\/uploads\/sites\/3\/2017\/02\/Imagopapae_mars_2017.jpg\"><img decoding=\"async\" class=\"alignleft wp-image-8823\" src=\"http:\/\/web.philo.ulg.ac.be\/transitions\/wp-content\/uploads\/sites\/3\/2017\/02\/Imagopapae_mars_2017.jpg\" width=\"150\" \/><\/a>Une table ronde organis\u00e9e par <a href=\"http:\/\/web.philo.ulg.ac.be\/transitions\/claudia-dalberto\/\" target=\"_blank\">Claudia d'Alberto<\/a>.<\/p>\n<\/div><\/div>\n\t\t\t\t<\/li>\n\t\t\t \t<li class=\"event conferences epistolart\">\n\t\t\t\t\t<div class=\"event-date\"><div class=\"end-date\"><div class=\"event-weekday\">jeu<\/div><div class=\"event-day\">09<\/div><div class=\"event-month\">Mar<\/div><div class=\"event-year\">2017<\/div><\/div><\/div>\n\t\t\t\t\t<div class=\"event-info multi-day\"><div class=\"event-title\"><h3>Conf\u00e9rence - Baldassare Turini, m\u00e9c\u00e8ne et agent des M\u00e9dicis aupr\u00e8s des artistes. L&#039;affaire des tombes de L\u00e9on X et Cl\u00e9ment VII \u00e0 Rome<\/h3><\/div><span class=\"event-time\">18h<\/span><span class=\"event-location\">U.Lg, Salle Petit Physique, 7, Place du XX Ao\u00fbt, 4000 Li\u00e8ge<\/span><div class=\"event-details\"><p><a href=\"http:\/\/web.philo.ulg.ac.be\/transitions\/wp-content\/uploads\/sites\/3\/2017\/03\/Conf_Eva_Trizzullo-mars_2017.jpg\"><img decoding=\"async\" class=\"alignleft wp-image-8823\" src=\"http:\/\/web.philo.ulg.ac.be\/transitions\/wp-content\/uploads\/sites\/3\/2017\/03\/Conf_Eva_Trizzullo-mars_2017.jpg\" width=\"150\" \/><\/a><br \/>\n<em>Baldassare Turini, m\u00e9c\u00e8ne et agent des M\u00e9dicis aupr\u00e8s des artistes. L'affaire des tombes de L\u00e9on X et Cl\u00e9ment VII \u00e0 Rome<\/em> par <a href=\"http:\/\/web.philo.ulg.ac.be\/transitions\/eva-trizzullo\/\">Eva Trizzullo<\/a> (ULG\/Transitions) dans le cadre des activit\u00e9s de l'ARC EpistolART.<\/p>\n<\/div><\/div>\n\t\t\t\t<\/li>\n\t\t\t \t<li class=\"event seminaires\">\n\t\t\t\t\t<div class=\"event-date\"><div class=\"end-date\"><div class=\"event-weekday\">mer<\/div><div class=\"event-day\">08<\/div><div class=\"event-month\">Mar<\/div><div class=\"event-year\">2017<\/div><\/div><\/div>\n\t\t\t\t\t<div class=\"event-info multi-day\"><div class=\"event-title\"><h3>S\u00e9minaire - L\u2019\u00e9v\u00e9nement. Penser la rupture \u00e0 travers ses causes et ses traces<\/h3><\/div><span class=\"event-time\">12h-14h<\/span><span class=\"event-location\">U.Lg, Salle Philo II, 7, Place du XX Ao\u00fbt, 4000 Li\u00e8ge<\/span><div class=\"event-details\"><p><a href=\"http:\/\/web.philo.ulg.ac.be\/transitions\/wp-content\/uploads\/sites\/3\/2017\/02\/seminaire_doctorants_2017.jpg\"><img decoding=\"async\" class=\"alignleft wp-image-8788\" src=\"http:\/\/web.philo.ulg.ac.be\/transitions\/wp-content\/uploads\/sites\/3\/2017\/02\/seminaire_doctorants_2017.jpg\" width=\"150\" height=\"212\" \/><\/a><br \/>\nS\u00e9minaire des doctorants.<\/p>\n<p>Programme:<br \/>\nAd\u00e9la\u00efde LAMBERT: Introduction<br \/>\nJulien REGIBEAU: Ordonner le r\u00e9el pour le soumettre \u00e0 l\u2019action. La m\u00e9diation pontificale face aux troubles de la Fronde (1648)<br \/>\nS\u00e9bastien DAMOISEAUX: La \u00ab croisade \u00bb de Nicopolis : le succ\u00e8s d\u2019une d\u00e9faite<\/p>\n<p>Comit\u00e9 organisateur\u00a0: <a href=\"http:\/\/web.philo.ulg.ac.be\/transitions\/sebastien-damoiseaux\/\">S\u00e9bastien Damoiseaux<\/a>, <a href=\"http:\/\/web.philo.ulg.ac.be\/transitions\/adelaide-lambert\/\">Ad\u00e9la\u00efde Lambert<\/a> et <a href=\"http:\/\/web.philo.ulg.ac.be\/transitions\/julien-regibeau\/\">Julien R\u00e9gibeau<\/a>.<\/p>\n<\/div><\/div>\n\t\t\t\t<\/li>\n\t\t\t \t<li class=\"event colloques\">\n\t\t\t\t\t<div class=\"event-date multi-date\"><div class=\"start-date\"><div class=\"event-weekday\">jeu<\/div><div class=\"event-day\">23<\/div><div class=\"event-month\">F\u00e9v<\/div><div class=\"event-year\">2017<\/div><\/div><div class=\"end-date\"><div class=\"event-weekday\">ven<\/div><div class=\"event-day\">24<\/div><div class=\"event-month\">F\u00e9v<\/div><div class=\"event-year\">2017<\/div><\/div><\/div>\n\t\t\t\t\t<div class=\"event-info multi-day\"><div class=\"event-title\"><h3>Colloque - La reconqu\u00eate par le livre et l&#039;image. Au c\u0153ur de la r\u00e9forme catholique dans les Pays-Bas (XVIe-XVIIes.)<\/h3><\/div><span class=\"event-location\">Li\u00e8ge, Universit\u00e9 de Li\u00e8ge, Salle des Professeurs (A1 - batiment central - Place du XX-Ao\u00fbt)<\/span><div class=\"event-details\"><p><a href=\"http:\/\/web.philo.ulg.ac.be\/transitions\/wp-content\/uploads\/sites\/3\/2016\/12\/reconquete_par_le_livre_affiche.jpg\"><img decoding=\"async\" class=\"alignleft wp-image-8788\" src=\"http:\/\/web.philo.ulg.ac.be\/transitions\/wp-content\/uploads\/sites\/3\/2016\/12\/reconquete_par_le_livre_affiche-212x300.jpg\" width=\"150\" height=\"212\" srcset=\"http:\/\/web.philo.ulg.ac.be\/transitions\/wp-content\/uploads\/sites\/3\/2016\/12\/reconquete_par_le_livre_affiche-212x300.jpg 212w, http:\/\/web.philo.ulg.ac.be\/transitions\/wp-content\/uploads\/sites\/3\/2016\/12\/reconquete_par_le_livre_affiche-724x1024.jpg 724w, http:\/\/web.philo.ulg.ac.be\/transitions\/wp-content\/uploads\/sites\/3\/2016\/12\/reconquete_par_le_livre_affiche-768x1086.jpg 768w, http:\/\/web.philo.ulg.ac.be\/transitions\/wp-content\/uploads\/sites\/3\/2016\/12\/reconquete_par_le_livre_affiche.jpg 842w\" sizes=\"(max-width: 150px) 100vw, 150px\" \/><\/a><br \/>\nContacts\u00a0:\u00a0<a href=\"http:\/\/web.philo.ulg.ac.be\/transitions\/renaud-adam\/\" target=\"_blank\">Renaud Adam <\/a>et\u00a0<a href=\"http:\/\/web.philo.ulg.ac.be\/transitions\/rosa-de-marco\/\" target=\"_blank\">Rosa De Marco<\/a><\/p>\n<p><a href=\"http:\/\/web.philo.ulg.ac.be\/transitions\/wp-content\/uploads\/sites\/3\/2016\/12\/reconquete_par_le_livre_programme.pdf\" target=\"_blank\">Programme<\/a><\/p>\n<\/div><\/div>\n\t\t\t\t<\/li>\n\t\t\t \t<li class=\"event conferences\">\n\t\t\t\t\t<div class=\"event-date\"><div class=\"end-date\"><div class=\"event-weekday\">mar<\/div><div class=\"event-day\">21<\/div><div class=\"event-month\">F\u00e9v<\/div><div class=\"event-year\">2017<\/div><\/div><\/div>\n\t\t\t\t\t<div class=\"event-info multi-day\"><div class=\"event-title\"><h3>Conf\u00e9rence - Le Moyen \u00c2ge et l&#039;id\u00e9e moderne de po\u00e9sie - Michel Zink, professeur \u00e9m\u00e9rite du Coll\u00e8ge de France<\/h3><\/div><span class=\"event-time\">17h<\/span><span class=\"event-location\">U.Lg, Salle Grand Physique, 7, Place du XX Ao\u00fbt, 4000 Li\u00e8ge<\/span><div class=\"event-details\"><p>La conf\u00e9rence sera suivie d'un \u00e9change anim\u00e9 par G\u00e9rald Purnelle.<\/p>\n<\/div><\/div>\n\t\t\t\t<\/li>\n\t\t\t \t<li class=\"event cycleconferences\">\n\t\t\t\t\t<div class=\"event-date\"><div class=\"end-date\"><div class=\"event-weekday\">mar<\/div><div class=\"event-day\">14<\/div><div class=\"event-month\">F\u00e9v<\/div><div class=\"event-year\">2017<\/div><\/div><\/div>\n\t\t\t\t\t<div class=\"event-info multi-day\"><div class=\"event-title\"><h3>Conf\u00e9rence - Jean de Saintr\u00e9 d\u2019Antoine de La Sale : premier roman de la Modernit\u00e9 ? - Sylvie Lef\u00e8vre (Universit\u00e9 Paris-Sorbonne)<\/h3><\/div><span class=\"event-time\">18h<\/span><span class=\"event-location\">Li\u00e8ge, ULg, Grand Physique (B\u00e2t. A1)<\/span><div class=\"event-details\"><p><a href=\"http:\/\/web.philo.ulg.ac.be\/transitions\/wp-content\/uploads\/sites\/3\/2017\/01\/Lefevre-fevrier_2017.jpeg\" rel=\"attachment wp-att-8006\"><img decoding=\"async\" class=\"alignleft wp-image-8006\" src=\"http:\/\/web.philo.ulg.ac.be\/transitions\/wp-content\/uploads\/sites\/3\/2017\/01\/Lefevre-fevrier_2017.jpeg\" alt=\"Cycle_de_conf\u00e9rences_Transitions\" width=\"150\" \/><\/a><br \/>\nOrganisation : Cycle de conf\u00e9rences de Transitions<\/p>\n<\/div><\/div>\n\t\t\t\t<\/li>\n\t\t\t \t<li class=\"event seminaires\">\n\t\t\t\t\t<div class=\"event-date\"><div class=\"end-date\"><div class=\"event-weekday\">mar<\/div><div class=\"event-day\">07<\/div><div class=\"event-month\">F\u00e9v<\/div><div class=\"event-year\">2017<\/div><\/div><\/div>\n\t\t\t\t\t<div class=\"event-info multi-day\"><div class=\"event-title\"><h3>S\u00e9minaire de recherche : Les rouages de l\u2019\u00c9tat bourguignon (XIVe\u2013XVIe si\u00e8cles) - Les institutions (en ce compris les assembl\u00e9es repr\u00e9sentatives) <\/h3><\/div><span class=\"event-time\">14h-16h<\/span><span class=\"event-location\">U.Lg, salle Lejeune (B\u00e2t. O2), Complexe Op\u00e9ra, place de la R\u00e9publique fran\u00e7aise, 4000 Li\u00e8ge <\/span><div class=\"event-details\"><p><a href=\"http:\/\/web.philo.ulg.ac.be\/transitions\/wp-content\/uploads\/sites\/3\/2017\/02\/SemBourg_6.jpg\"><img decoding=\"async\" class=\"alignleft wp-image-8823\" src=\"http:\/\/web.philo.ulg.ac.be\/transitions\/wp-content\/uploads\/sites\/3\/2017\/02\/SemBourg_6.jpg\" width=\"150\" \/><\/a><br \/>\nTh\u00e8me\u00a0: Les institutions (en ce compris les assembl\u00e9es repr\u00e9sentatives)<br \/>\nIntervenant 1 : Mario DAMEN (Universiteit van Amsterdam)<br \/>\nLa noblesse et les \u00c9tats de Brabant au XVe si\u00e8cle. Pouvoirs, quotidien, rituels et ostentation <\/p>\n<p>Intervenant 2 : Jean-Baptiste SANTAMARIA (Universit\u00e9 de Lille)<br \/>\nActualit\u00e9, bilan et perspectives<\/p>\n<p>Comit\u00e9 organisateur : <a href=\"http:\/\/web.philo.ulg.ac.be\/transitions\/jonathan-dumont\/\" target=\"_blank\">Jonathan Dumont<\/a>, <a href=\"http:\/\/web.philo.ulg.ac.be\/transitions\/alain-marchandisse\/\" target=\"_blank\">Alain Marchandisse<\/a>, <a href=\"http:\/\/web.philo.ulg.ac.be\/transitions\/christophe-masson\/\" target=\"_blank\">Christophe Masson<\/a><\/p>\n<\/div><\/div>\n\t\t\t\t<\/li>\n\t\t\t \t<li class=\"event gpublic\">\n\t\t\t\t\t<div class=\"event-date multi-date\"><div class=\"start-date\"><div class=\"event-weekday\">jeu<\/div><div class=\"event-day\">02<\/div><div class=\"event-month\">F\u00e9v<\/div><div class=\"event-year\">2017<\/div><\/div><div class=\"end-date\"><div class=\"event-weekday\">dim<\/div><div class=\"event-day\">30<\/div><div class=\"event-month\">Avr<\/div><div class=\"event-year\">2017<\/div><\/div><\/div>\n\t\t\t\t\t<div class=\"event-info multi-day\"><div class=\"event-title\"><h3>Exposition - Une r\u00e9forme, un livre : Luther et la bible palatine<\/h3><\/div><span class=\"event-location\">Li\u00e8ge, Grand Curtius (F\u00e9ronstr\u00e9e 136)<\/span><div class=\"event-details\"><p><a href=\"http:\/\/web.philo.ulg.ac.be\/transitions\/wp-content\/uploads\/sites\/3\/2017\/01\/affiche-Luther.jpg\"><img decoding=\"async\" class=\"alignleft wp-image-8843\" src=\"http:\/\/web.philo.ulg.ac.be\/transitions\/wp-content\/uploads\/sites\/3\/2017\/01\/affiche-Luther-204x300.jpg\" width=\"150\" height=\"221\" srcset=\"http:\/\/web.philo.ulg.ac.be\/transitions\/wp-content\/uploads\/sites\/3\/2017\/01\/affiche-Luther-204x300.jpg 204w, http:\/\/web.philo.ulg.ac.be\/transitions\/wp-content\/uploads\/sites\/3\/2017\/01\/affiche-Luther-696x1024.jpg 696w, http:\/\/web.philo.ulg.ac.be\/transitions\/wp-content\/uploads\/sites\/3\/2017\/01\/affiche-Luther-768x1130.jpg 768w, http:\/\/web.philo.ulg.ac.be\/transitions\/wp-content\/uploads\/sites\/3\/2017\/01\/affiche-Luther.jpg 803w\" sizes=\"(max-width: 150px) 100vw, 150px\" \/><\/a>Commissariat scientifique assur\u00e9 par Annick Delfosse (Transitions) et C\u00e9cile Oger (R\u00e9seau des Biblioth\u00e8ques - Transitions)<\/p>\n<\/div><\/div>\n\t\t\t\t<\/li>\n\t\t\t \t<li class=\"event seminaires\">\n\t\t\t\t\t<div class=\"event-date\"><div class=\"end-date\"><div class=\"event-weekday\">mar<\/div><div class=\"event-day\">20<\/div><div class=\"event-month\">D\u00e9c<\/div><div class=\"event-year\">2016<\/div><\/div><\/div>\n\t\t\t\t\t<div class=\"event-info multi-day\"><div class=\"event-title\"><h3>S\u00e9minaire de recherche : Les rouages de l\u2019\u00c9tat bourguignon (XIVe\u2013XVIe si\u00e8cles)<\/h3><\/div><span class=\"event-time\">14h-16h<\/span><span class=\"event-location\">Universit\u00e9 de Li\u00e8ge, Salle Lumi\u00e8re (B\u00e2t. A1)<\/span><div class=\"event-details\"><p><a href=\"http:\/\/web.philo.ulg.ac.be\/transitions\/wp-content\/uploads\/sites\/3\/2016\/02\/SemEtatsBourguignons.jpg\" rel=\"attachment wp-att-8006\"><img decoding=\"async\" class=\"alignleft wp-image-8006\" src=\"http:\/\/web.philo.ulg.ac.be\/transitions\/wp-content\/uploads\/sites\/3\/2016\/02\/SemEtatsBourguignons-724x1024.jpg\" alt=\"SemEtatsBourguignons\" width=\"150\" height=\"212\" srcset=\"http:\/\/web.philo.ulg.ac.be\/transitions\/wp-content\/uploads\/sites\/3\/2016\/02\/SemEtatsBourguignons-212x300.jpg 212w, http:\/\/web.philo.ulg.ac.be\/transitions\/wp-content\/uploads\/sites\/3\/2016\/02\/SemEtatsBourguignons-724x1024.jpg 724w, http:\/\/web.philo.ulg.ac.be\/transitions\/wp-content\/uploads\/sites\/3\/2016\/02\/SemEtatsBourguignons-768x1086.jpg 768w, http:\/\/web.philo.ulg.ac.be\/transitions\/wp-content\/uploads\/sites\/3\/2016\/02\/SemEtatsBourguignons.jpg 1240w\" sizes=\"(max-width: 150px) 100vw, 150px\" \/><\/a>Th\u00e8me : La cour<br \/>\n1. Au c\u0153ur de l\u2019\u00c9tat bourguignon : la cour. Pouvoirs, quotidien, rituels et ostentation<br \/>\n2. Actualit\u00e9, bilan et perspective<br \/>\nIntervenant : \u00c9ric BOUSMAR (Universit\u00e9 Saint-Louis, Bruxelles)<br \/>\nMod\u00e9rateur : Henri SIMONNEAU (Universit\u00e9 de Lille 3)<\/p>\n<p>Organisation :\u00a0<a href=\"mailto:christophe.masson@ulg.ac.be\">christophe.masson@ulg.ac.be<\/a>\u00a0et\u00a0<a href=\"mailto:jonathan.dumont@ulg.ac.be\">jonathan.dumont@ulg.ac.be<\/a><\/p>\n<\/div><\/div>\n\t\t\t\t<\/li>\n\t\t\t \t<li class=\"event cycleconferences\">\n\t\t\t\t\t<div class=\"event-date\"><div class=\"end-date\"><div class=\"event-weekday\">mar<\/div><div class=\"event-day\">13<\/div><div class=\"event-month\">D\u00e9c<\/div><div class=\"event-year\">2016<\/div><\/div><\/div>\n\t\t\t\t\t<div class=\"event-info multi-day\"><div class=\"event-title\"><h3>Conf\u00e9rence : La Bible historiale. Traduction, mise en page et illustration du livre sacr\u00e9 \u00e0 l\u2019\u00e9poque gothique - Thomas Flum (Universit\u00e9 de Franche-Comt\u00e9)<\/h3><\/div><span class=\"event-time\">18h<\/span><span class=\"event-location\">Li\u00e8ge, ULg, Grand Physique (B\u00e2t. A1)<\/span><div class=\"event-details\"><p><a href=\"http:\/\/web.philo.ulg.ac.be\/transitions\/wp-content\/uploads\/sites\/3\/2016\/12\/Thomas_Flum_decembre_2016.jpg\" rel=\"attachment wp-att-8006\"><img decoding=\"async\" class=\"alignleft wp-image-8006\" src=\"http:\/\/web.philo.ulg.ac.be\/transitions\/wp-content\/uploads\/sites\/3\/2016\/12\/Thomas_Flum_decembre_2016.jpg\" alt=\"Cycle_de_conf\u00e9rences_Transitions\" width=\"150\" target=\"_blank\"\/><\/a><br \/>\nOrganisation : Cycle de conf\u00e9rences de Transitions<\/p>\n<\/div><\/div>\n\t\t\t\t<\/li>\n\t\t\t \t<li class=\"event colloques epistolart\">\n\t\t\t\t\t<div class=\"event-date\"><div class=\"end-date\"><div class=\"event-weekday\">ven<\/div><div class=\"event-day\">02<\/div><div class=\"event-month\">D\u00e9c<\/div><div class=\"event-year\">2016<\/div><\/div><\/div>\n\t\t\t\t\t<div class=\"event-info multi-day\"><div class=\"event-title\"><h3>Colloque : Le Regole di Fortunio a cinquecento anni dalla prima stampa<\/h3><\/div><span class=\"event-time\">9h00 - 18h30<\/span><span class=\"event-location\">Li\u00e8ge, Ch\u00e2teau de Colonster, Salle bleue, All\u00e9e des \u00c9rables, 4000 Li\u00e8ge<\/span><div class=\"event-details\"><p><a href=\"http:\/\/web.philo.ulg.ac.be\/transitions\/wp-content\/uploads\/sites\/3\/2016\/10\/Le_Regole_di_Fortunio_-_Locandina.jpg\" rel=\"attachment wp-att-7967\"><img decoding=\"async\" class=\"alignleft wp-image-7967\" src=\"http:\/\/web.philo.ulg.ac.be\/transitions\/wp-content\/uploads\/sites\/3\/2016\/10\/Le_Regole_di_Fortunio_-_Locandina.jpg\" alt=\"\" width=\"150\" \/><\/a>Convegno internazionale<br \/>\nLe <em>Regole<\/em> di Fortunio a cinquecento anni dalla prima stampa<\/p>\n<p>Organisation et contacts\u00a0:\u00a0<a title=\"Paola Moreno\" href=\"http:\/\/web.philo.ulg.ac.be\/transitions\/paola-moreno\/\">Paola Moreno<\/a> et <a title=\"Gianluca Valenti\" href=\"http:\/\/web.philo.ulg.ac.be\/transitions\/gianluca-valenti\/\">Gianluca Valenti<\/a><\/p>\n<p><a href=\"http:\/\/web.philo.ulg.ac.be\/transitions\/wp-content\/uploads\/sites\/3\/2016\/11\/Le_Regole_di_Fortunio_-_Programma.pdf\" target=\"_blank\">Programme<\/a><\/p>\n<\/div><\/div>\n\t\t\t\t<\/li>\n\t\t\t \t<li class=\"event conferences\">\n\t\t\t\t\t<div class=\"event-date\"><div class=\"end-date\"><div class=\"event-weekday\">mar<\/div><div class=\"event-day\">29<\/div><div class=\"event-month\">Nov<\/div><div class=\"event-year\">2016<\/div><\/div><\/div>\n\t\t\t\t\t<div class=\"event-info multi-day\"><div class=\"event-title\"><h3>Conf\u00e9rence : Au coeur des r\u00e9formes religieuses europ\u00e9ennes : Jean Loisier, abb\u00e9 de C\u00eeteaux (1540-1559)<\/h3><\/div><span class=\"event-time\">18h<\/span><span class=\"event-location\">Li\u00e8ge, ULg, Salle Wittert<\/span><div class=\"event-details\"><p><a href=\"http:\/\/web.philo.ulg.ac.be\/transitions\/wp-content\/uploads\/sites\/3\/2016\/11\/20161129_Marceau.jpg\"><img decoding=\"async\" class=\"alignleft wp-image-8006\" src=\"http:\/\/web.philo.ulg.ac.be\/transitions\/wp-content\/uploads\/sites\/3\/2016\/11\/20161129_Marceau.jpg\" alt=\"Conf\u00e9rence_Transitions\" width=\"150\" target=\"_blank\"\/><\/a><br \/>\nUne activit\u00e9 de <em>Transitions<\/em> en collaboration avec le groupe de contact \u00ab Humanisme et r\u00e9formes \u00bb dans le cadre des <em>Exercices sur des questions d\u2019histoire moderne.<\/em><\/p>\n<p>Contacts: <a href=\"http:\/\/web.philo.ulg.ac.be\/transitions\/annick-delfosse\/\" target=\"_blank\">Annick Delfosse<\/a> et <a href=\"http:\/\/web.philo.ulg.ac.be\/transitions\/marie-elisabeth-henneau\/\" target=\"_blank\">Marie-\u00c9lisabeth Henneau<\/a>.<\/p>\n<\/div><\/div>\n\t\t\t\t<\/li>\n\t\t\t \t<li class=\"event seminaires\">\n\t\t\t\t\t<div class=\"event-date\"><div class=\"end-date\"><div class=\"event-weekday\">mar<\/div><div class=\"event-day\">22<\/div><div class=\"event-month\">Nov<\/div><div class=\"event-year\">2016<\/div><\/div><\/div>\n\t\t\t\t\t<div class=\"event-info multi-day\"><div class=\"event-title\"><h3>S\u00e9minaire de recherche : Les rouages de l\u2019\u00c9tat bourguignon (XIVe\u2013XVIe si\u00e8cles)<\/h3><\/div><span class=\"event-time\">14h-16h<\/span><span class=\"event-location\">Universit\u00e9 de Li\u00e8ge, Salle Lumi\u00e8re (B\u00e2t. A1)<\/span><div class=\"event-details\"><p><a href=\"http:\/\/web.philo.ulg.ac.be\/transitions\/wp-content\/uploads\/sites\/3\/2016\/11\/Seminaire_bourguignon_Prietzel_novembre_2016.jpg\" rel=\"attachment wp-att-8006\"><img decoding=\"async\" class=\"alignleft wp-image-8006\" src=\"http:\/\/web.philo.ulg.ac.be\/transitions\/wp-content\/uploads\/sites\/3\/2016\/11\/Seminaire_bourguignon_Prietzel_novembre_2016.jpg\" alt=\"\" width=\"150\" height=\"212\" target=\"_blank\"\/><\/a>Th\u00e8me : L'Eglise<br \/>\nIntervenant : Malte\u00a0PRIETZEL (Universit\u00e4t Paderborn)<br \/>\n1. Pi\u00e9t\u00e9 et politique : Les ducs de Bourgogne et l'\u00c9glise<br \/>\n2. Actualit\u00e9, bilan et perspectives<br \/>\nMod\u00e9rateur : Monique MAILLARD-LUYPAERT (S\u00e9minaire de Tournai - Universit\u00e9 Saint-Louis, Bruxelles)<\/p>\n<p>Organisation :\u00a0<a href=\"mailto:christophe.masson@ulg.ac.be\">christophe.masson@ulg.ac.be<\/a>\u00a0et\u00a0<a href=\"mailto:jonathan.dumont@ulg.ac.be\">jonathan.dumont@ulg.ac.be<\/a><\/p>\n<\/div><\/div>\n\t\t\t\t<\/li>\n\t\t\t \t<li class=\"event conferences gpublic\">\n\t\t\t\t\t<div class=\"event-date\"><div class=\"end-date\"><div class=\"event-weekday\">mar<\/div><div class=\"event-day\">22<\/div><div class=\"event-month\">Nov<\/div><div class=\"event-year\">2016<\/div><\/div><\/div>\n\t\t\t\t\t<div class=\"event-info multi-day\"><div class=\"event-title\"><h3>Rencontre avec Sylvie Neven (ULg\/Transitions) \u00e0 l&#039;occasion de la publication de son \u00e9tude &quot;The Strasbourg Manuscript. A Medieval Tradition of Artists\u2019 Recipe Collections (1400-1570)&quot;<\/h3><\/div><span class=\"event-time\">18h00<\/span><span class=\"event-location\">Li\u00e8ge, ULg, Salle Wittert<\/span><div class=\"event-details\"><p><a href=\"http:\/\/web.philo.ulg.ac.be\/transitions\/wp-content\/uploads\/sites\/3\/2016\/11\/Neven_novembre_2016.jpg\"><img decoding=\"async\" class=\"wp-image-7953 size-medium alignleft\" src=\"http:\/\/web.philo.ulg.ac.be\/transitions\/wp-content\/uploads\/sites\/3\/2016\/11\/Neven_novembre_2016.jpg\" alt=\"\" width=\"150\" \/><\/a><strong>La couleur: science et savoir-faire<\/strong><br \/>\nRencontre avec <a href=\"http:\/\/web.philo.ulg.ac.be\/transitions\/sylvie-neven\/\" target=\"_blank\">Sylvie Neven<\/a> (ULg\/Transitions) auteure du livre <a href=\"http:\/\/web.philo.ulg.ac.be\/transitions\/the-strasbourg-manuscript\/\" target=\"_blank\"><em>The Strasbourg Manuscript. A Medieval Tradition of Artists\u2019 Recipe Collections (1400-1570)<\/em><\/a> (Londres, 2016).<\/p>\n<p>Mod\u00e9ration : Prof. <a href=\"http:\/\/web.philo.ulg.ac.be\/transitions\/dominique-allart\/\" target=\"_blank\">Dominique Allart<\/a> (ULg\/Transitions), avec une intervention du Dr. <a href=\"mailto:Cecile.Oger@ulg.ac.be\" target=\"_blank\">C\u00e9cile Oger<\/a> (ULg\/Transitions), conservatrice \u00e0 la Biblioth\u00e8que Alpha de l\u2019Universit\u00e9 de Li\u00e8ge.<\/p>\n<\/div><\/div>\n\t\t\t\t<\/li>\n\t\t\t \t<li class=\"event cycleconferences\">\n\t\t\t\t\t<div class=\"event-date\"><div class=\"end-date\"><div class=\"event-weekday\">mar<\/div><div class=\"event-day\">15<\/div><div class=\"event-month\">Nov<\/div><div class=\"event-year\">2016<\/div><\/div><\/div>\n\t\t\t\t\t<div class=\"event-info multi-day\"><div class=\"event-title\"><h3>Conf\u00e9rence : \u00c9tats, princes et cours au XVIIe si\u00e8cle. \u00c9tats des lieux et r\u00e9flexions - Benoist Pierre (Centre d\u2019\u00c9tudes Sup\u00e9rieures de la Renaissance, Universit\u00e9 de Tours)<\/h3><\/div><span class=\"event-time\">18h<\/span><span class=\"event-location\">Li\u00e8ge, ULg, Grand Physique (B\u00e2t. A1)<\/span><div class=\"event-details\"><p><a href=\"http:\/\/web.philo.ulg.ac.be\/transitions\/wp-content\/uploads\/sites\/3\/2016\/11\/Benoist_Pierre_novembre_2016.jpg\" rel=\"attachment wp-att-8006\"><img decoding=\"async\" class=\"alignleft wp-image-8006\" src=\"http:\/\/web.philo.ulg.ac.be\/transitions\/wp-content\/uploads\/sites\/3\/2016\/11\/Benoist_Pierre_novembre_2016.jpg\" alt=\"Cycle_de_conf\u00e9rences_Transitions\" width=\"150\" \/><\/a><br \/>\nOrganisation : Cycle de conf\u00e9rences de Transitions<\/p>\n<\/div><\/div>\n\t\t\t\t<\/li>\n\t\t\t \t<li class=\"event colloques\">\n\t\t\t\t\t<div class=\"event-date multi-date\"><div class=\"start-date\"><div class=\"event-weekday\">mer<\/div><div class=\"event-day\">09<\/div><div class=\"event-month\">Nov<\/div><div class=\"event-year\">2016<\/div><\/div><div class=\"end-date\"><div class=\"event-weekday\">jeu<\/div><div class=\"event-day\">10<\/div><div class=\"event-month\">Nov<\/div><div class=\"event-year\">2016<\/div><\/div><\/div>\n\t\t\t\t\t<div class=\"event-info multi-day\"><div class=\"event-title\"><h3>Colloque : L&#039;Europe des r\u00e9cits en langue d&#039;o\u00efl - Tradition textuelle et histoire litt\u00e9raire des genres narratifs en ancien fran\u00e7ais<\/h3><\/div><span class=\"event-location\"> Li\u00e8ge, ULg, Complexe Op\u00e9ra, Salle Rita Lejeune et B\u00e2timent Central, Place du 20-Ao\u00fbt, Salle de l\u2019Horloge<\/span><div class=\"event-details\"><p><a href=\"http:\/\/web.philo.ulg.ac.be\/transitions\/wp-content\/uploads\/sites\/3\/2016\/10\/Poster1.jpg\" rel=\"attachment wp-att-8006\"><img decoding=\"async\" class=\"alignleft wp-image-8006\" src=\"http:\/\/web.philo.ulg.ac.be\/transitions\/wp-content\/uploads\/sites\/3\/2016\/10\/Poster1.jpg\" alt=\"\" height=\"150\" target=\"_blank\"\/><\/a><br \/>\nL'Europe des r\u00e9cits en langue d'o\u00efl - Tradition textuelle et histoire litt\u00e9raire des genres narratifs en ancien fran\u00e7ais<\/p>\n<p><a href=\"http:\/\/web.philo.ulg.ac.be\/transitions\/wp-content\/uploads\/sites\/3\/2016\/10\/Brochure.pdf\" target=\"_blank\">Programme du colloque<\/a><\/p>\n<p>Organisation : <a href=\"http:\/\/web.philo.ulg.ac.be\/transitions\/nadine-henrard\/\">Nadine Henrard<\/a>, <a href=\"http:\/\/web.philo.ulg.ac.be\/transitions\/nicola-Morato\/\">Nicola Morato<\/a>, Giovanni Palumbo (UNamur) et Colette Storms (UCL et KULeuven-Brussel).<\/p>\n<\/div><\/div>\n\t\t\t\t<\/li>\n\t\t\t \t<li class=\"event seminaires\">\n\t\t\t\t\t<div class=\"event-date\"><div class=\"end-date\"><div class=\"event-weekday\">mer<\/div><div class=\"event-day\">09<\/div><div class=\"event-month\">Nov<\/div><div class=\"event-year\">2016<\/div><\/div><\/div>\n\t\t\t\t\t<div class=\"event-info multi-day\"><div class=\"event-title\"><h3>S\u00e9minaire : L&#039;histoire ancienne jusqu&#039;\u00e0 C\u00e9sar : composition et tradition manuscrite (Hannah Morcos et Maria Teresa Rachetta)<\/h3><\/div><span class=\"event-time\">10h30-12h<\/span><span class=\"event-location\"> Li\u00e8ge, ULg, Salle de l\u2019Horloge<\/span><div class=\"event-details\"><p><a href=\"http:\/\/web.philo.ulg.ac.be\/transitions\/wp-content\/uploads\/sites\/3\/2016\/10\/Poster2.jpg\" rel=\"attachment wp-att-8006\"><img decoding=\"async\" class=\"alignleft wp-image-8006\" src=\"http:\/\/web.philo.ulg.ac.be\/transitions\/wp-content\/uploads\/sites\/3\/2016\/10\/Poster2.jpg\" alt=\"\" width=\"150\" target=\"_blank\"\/><\/a><br \/>\nL'histoire ancienne jusqu'\u00e0 C\u00e9sar : composition et tradition manuscrite (Hannah Morcos et Maria Teresa Rachetta)<\/p>\n<p>Organisation : <a href=\"http:\/\/web.philo.ulg.ac.be\/transitions\/nicola-Morato\/\">Nicola Morato<\/a>.<\/p>\n<\/div><\/div>\n\t\t\t\t<\/li>\n\t\t\t \t<li class=\"event conferences gpublic\">\n\t\t\t\t\t<div class=\"event-date\"><div class=\"end-date\"><div class=\"event-weekday\">mer<\/div><div class=\"event-day\">09<\/div><div class=\"event-month\">Nov<\/div><div class=\"event-year\">2016<\/div><\/div><\/div>\n\t\t\t\t\t<div class=\"event-info multi-day\"><div class=\"event-title\"><h3>Rencontre avec Gabriel Martinez-Gros \u00e0 l&#039;occasion de la publication de son essai &quot;Fascination du Djihad&quot;<\/h3><\/div><span class=\"event-time\">18h30<\/span><span class=\"event-location\">Librairie Pax, 4 Place Cockerill, 4000 Li\u00e8ge<\/span><div class=\"event-details\"><p><a href=\"http:\/\/web.philo.ulg.ac.be\/transitions\/wp-content\/uploads\/sites\/3\/2016\/10\/Gabriel_Martinez-Gros.jpg\"><img decoding=\"async\" class=\"wp-image-7953 size-medium alignleft\" src=\"http:\/\/web.philo.ulg.ac.be\/transitions\/wp-content\/uploads\/sites\/3\/2016\/10\/Gabriel_Martinez-Gros.jpg\" alt=\"JDT2016\" width=\"150\" \/><\/a><br \/>\nEn collaboration avec la librairie PAX, rencontre avec Gabriel Martinez-Gros \u00e0 l\u2019occasion de la parution de son nouvel essai <em>Fascination du Djihad<\/em> (Editions Puf), anim\u00e9e par <a href=\"http:\/\/web.philo.ulg.ac.be\/transitions\/radouane-attiya\/\" target=\"_blank\">Radouane Attiya<\/a> et <a href=\"http:\/\/web.philo.ulg.ac.be\/transitions\/julien-regibeau\/\" target=\"_blank\">Julien R\u00e9gibeau<\/a>.<\/p>\n<p><a href=\"http:\/\/web.philo.ulg.ac.be\/transitions\/wp-content\/uploads\/sites\/3\/2016\/10\/Gabriel_Martinez-Gros.pdf\">Plus d'informations<\/a>.<\/p>\n<\/div><\/div>\n\t\t\t\t<\/li>\n\t\t\t \t<li class=\"event seminaires\">\n\t\t\t\t\t<div class=\"event-date\"><div class=\"end-date\"><div class=\"event-weekday\">mer<\/div><div class=\"event-day\">26<\/div><div class=\"event-month\">Oct<\/div><div class=\"event-year\">2016<\/div><\/div><\/div>\n\t\t\t\t\t<div class=\"event-info multi-day\"><div class=\"event-title\"><h3>S\u00e9minaire : D\u00e9class\u00e9s et appauvris entre Moyen \u00c2ge et Temps modernes. Une histoire sociale par les images par Giovanni Ricci (Universit\u00e0 di Ferrara)<\/h3><\/div><span class=\"event-time\">9h-11h<\/span><span class=\"event-location\">Li\u00e8ge, ULg, B\u00e2t. A4, Salle du Conseil<\/span><div class=\"event-details\"><p><a href=\"http:\/\/web.philo.ulg.ac.be\/transitions\/wp-content\/uploads\/sites\/3\/2016\/10\/Sem_Ricci.jpg\" rel=\"attachment wp-att-8006\"><img decoding=\"async\" class=\"alignleft wp-image-8006\" src=\"http:\/\/web.philo.ulg.ac.be\/transitions\/wp-content\/uploads\/sites\/3\/2016\/10\/Sem_Ricci.jpg\" alt=\"\" width=\"150\" \/><\/a><br \/>\nTh\u00e8me: D\u00e9class\u00e9s et appauvris entre Moyen \u00c2ge et Temps modernes. Une histoire sociale par les images par Giovanni Ricci (Universit\u00e0 di Ferrara)<\/p>\n<p>Organisation : <a href=\"http:\/\/web.philo.ulg.ac.be\/transitions\/jonathan-dumont\/\">Jonathan Dumont<\/a><\/p>\n<\/div><\/div>\n\t\t\t\t<\/li>\n\t\t\t \t<li class=\"event conferences\">\n\t\t\t\t\t<div class=\"event-date\"><div class=\"end-date\"><div class=\"event-weekday\">mar<\/div><div class=\"event-day\">25<\/div><div class=\"event-month\">Oct<\/div><div class=\"event-year\">2016<\/div><\/div><\/div>\n\t\t\t\t\t<div class=\"event-info multi-day\"><div class=\"event-title\"><h3>Conf\u00e9rence :  L\u2019alliance \u00ab impie \u00bb entre la France et les Ottomans : nouveaux regards par Giovanni Ricci (Universit\u00e0 di Ferrara)<\/h3><\/div><span class=\"event-time\">18h-19h30<\/span><span class=\"event-location\"> Li\u00e8ge, ULg, B\u00e2t. A1, Salle Grand Physique<\/span><div class=\"event-details\"><p><a href=\"http:\/\/web.philo.ulg.ac.be\/transitions\/wp-content\/uploads\/sites\/3\/2016\/10\/Conf_Ricci.jpg\" rel=\"attachment wp-att-8006\"><img decoding=\"async\" class=\"alignleft wp-image-8006\" src=\"http:\/\/web.philo.ulg.ac.be\/transitions\/wp-content\/uploads\/sites\/3\/2016\/10\/Conf_Ricci.jpg\" alt=\"\" width=\"150\" \/><\/a><br \/>\nL\u2019alliance \u00ab impie \u00bb entre la France et les Ottomans : nouveaux regards par Giovanni Ricci (Universit\u00e0 di Ferrara)<\/p>\n<p>Organisation : <a href=\"http:\/\/web.philo.ulg.ac.be\/transitions\/jonathan-dumont\/\">Jonathan Dumont<\/a> et <a href=\"http:\/\/web.philo.ulg.ac.be\/transitions\/alain-marchandisse\/\">Alain Marchandisse.<\/a><\/p>\n<\/div><\/div>\n\t\t\t\t<\/li>\n\t\t\t \t<li class=\"event epistolart gpublic\">\n\t\t\t\t\t<div class=\"event-date\"><div class=\"end-date\"><div class=\"event-weekday\">ven<\/div><div class=\"event-day\">21<\/div><div class=\"event-month\">Oct<\/div><div class=\"event-year\">2016<\/div><\/div><\/div>\n\t\t\t\t\t<div class=\"event-info multi-day\"><div class=\"event-title\"><h3>Atelier : \u00c9changes sur l&#039;art et son histoire, entre Li\u00e8ge et Florence. De l&#039;atelier d&#039;artiste au XVIe si\u00e8cle au poste de travail informatique.<\/h3><\/div><span class=\"event-location\">M\u00e9diacit\u00e9, Li\u00e8ge<\/span><div class=\"event-details\"><p><a href=\"http:\/\/web.philo.ulg.ac.be\/transitions\/wp-content\/uploads\/sites\/3\/2016\/10\/NuitChercheurs_2.jpg\" rel=\"attachment wp-att-8006\"><img decoding=\"async\" class=\"alignleft wp-image-8006\" src=\"http:\/\/web.philo.ulg.ac.be\/transitions\/wp-content\/uploads\/sites\/3\/2016\/10\/NuitChercheurs_2.jpg\" alt=\"Nuit des chercheurs\" width=\"150\" \/><\/a><br \/>\n<span class=\"\">Activit\u00e9 organis\u00e9e par Dominique Allart, Paola Moreno et Sylvie Neven dans la cadre de la Nuit des chercheurs. <\/span><\/p>\n<p><a href=\"http:\/\/web.philo.ulg.ac.be\/transitions\/wp-content\/uploads\/sites\/3\/2016\/10\/ndc_2016.pdf\">Pr\u00e9sentation de l'activit\u00e9.<\/a><\/p>\n<\/div><\/div>\n\t\t\t\t<\/li>\n\t\t\t \t<li class=\"event colloques lodocat\">\n\t\t\t\t\t<div class=\"event-date multi-date\"><div class=\"start-date\"><div class=\"event-weekday\">jeu<\/div><div class=\"event-day\">20<\/div><div class=\"event-month\">Oct<\/div><div class=\"event-year\">2016<\/div><\/div><div class=\"end-date\"><div class=\"event-weekday\">ven<\/div><div class=\"event-day\">21<\/div><div class=\"event-month\">Oct<\/div><div class=\"event-year\">2016<\/div><\/div><\/div>\n\t\t\t\t\t<div class=\"event-info multi-day\"><div class=\"event-title\"><h3>Colloque : D\u00e9votion aux anges et litt\u00e9rature pieuse :  une sp\u00e9cificit\u00e9 de la Dorsale catholique ?<\/h3><\/div><span class=\"event-location\">ULg, Salle de l&#039;Horloge<\/span><div class=\"event-details\"><p><img decoding=\"async\" class=\"alignleft wp-image-8406\" src=\"http:\/\/web.philo.ulg.ac.be\/transitions\/wp-content\/uploads\/sites\/3\/2016\/09\/LODOCAT_ULG_2016102120-724x1024.jpg\" width=\"150\" height=\"212\" srcset=\"http:\/\/web.philo.ulg.ac.be\/transitions\/wp-content\/uploads\/sites\/3\/2016\/09\/LODOCAT_ULG_2016102120-212x300.jpg 212w, http:\/\/web.philo.ulg.ac.be\/transitions\/wp-content\/uploads\/sites\/3\/2016\/09\/LODOCAT_ULG_2016102120-724x1024.jpg 724w, http:\/\/web.philo.ulg.ac.be\/transitions\/wp-content\/uploads\/sites\/3\/2016\/09\/LODOCAT_ULG_2016102120-768x1086.jpg 768w, http:\/\/web.philo.ulg.ac.be\/transitions\/wp-content\/uploads\/sites\/3\/2016\/09\/LODOCAT_ULG_2016102120.jpg 1240w\" sizes=\"(max-width: 150px) 100vw, 150px\" \/>Dans le cadre de l'ANR <a href=\"http:\/\/lodocat.hypotheses.org\/category\/a-propos\">LODOCAT<\/a><\/p>\n<p>Programme <a href=\"https:\/\/lodocat.hypotheses.org\/144\">ici<\/a>.<\/p>\n<\/div><\/div>\n\t\t\t\t<\/li>\n\t\t\t \t<li class=\"event seminaires\">\n\t\t\t\t\t<div class=\"event-date\"><div class=\"end-date\"><div class=\"event-weekday\">mar<\/div><div class=\"event-day\">18<\/div><div class=\"event-month\">Oct<\/div><div class=\"event-year\">2016<\/div><\/div><\/div>\n\t\t\t\t\t<div class=\"event-info multi-day\"><div class=\"event-title\"><h3>S\u00e9minaire de recherche : Les rouages de l\u2019\u00c9tat bourguignon (XIVe\u2013XVIe si\u00e8cles)<\/h3><\/div><span class=\"event-time\">14h-16h<\/span><span class=\"event-location\">Universit\u00e9 de Li\u00e8ge, Salle Lumi\u00e8re (B\u00e2t. A1)<\/span><div class=\"event-details\"><p><a href=\"http:\/\/web.philo.ulg.ac.be\/transitions\/wp-content\/uploads\/sites\/3\/2016\/09\/Seminaire_bourguignon_Lecuppre-Desjardin_octobre_2016.jpg\" rel=\"attachment wp-att-8006\"><img decoding=\"async\" class=\"alignleft wp-image-8006\" src=\"http:\/\/web.philo.ulg.ac.be\/transitions\/wp-content\/uploads\/sites\/3\/2016\/09\/Seminaire_bourguignon_Lecuppre-Desjardin_octobre_2016.jpg\" alt=\"\" width=\"150\" height=\"212\" \/><\/a>Th\u00e8me : Vie urbaine<br \/>\nIntervenant : \u00c9lodie LECUPPRE-DESJARDIN (Universit\u00e9 de Lille 3)<br \/>\n1. Les villes des anciens Pays-Bas et la nouveaut\u00e9<br \/>\n2. Actualit\u00e9, bilan et perspective<br \/>\nMod\u00e9rateur : Anne-Laure VAN BRUANE (Universiteit Gent)<\/p>\n<p>Organisation :\u00a0<a href=\"mailto:christophe.masson@ulg.ac.be\">christophe.masson@ulg.ac.be<\/a>\u00a0et\u00a0<a href=\"mailto:jonathan.dumont@ulg.ac.be\">jonathan.dumont@ulg.ac.be<\/a><\/p>\n<\/div><\/div>\n\t\t\t\t<\/li>\n\t\t\t \t<li class=\"event cycleconferences\">\n\t\t\t\t\t<div class=\"event-date\"><div class=\"end-date\"><div class=\"event-weekday\">mar<\/div><div class=\"event-day\">18<\/div><div class=\"event-month\">Oct<\/div><div class=\"event-year\">2016<\/div><\/div><\/div>\n\t\t\t\t\t<div class=\"event-info multi-day\"><div class=\"event-title\"><h3>Conf\u00e9rence : Les mirages de l\u2019\u00c9tat. R\u00e9flexions sur la construction politique bourguignonne au XVe si\u00e8cle - \u00c9lodie Lecuppre-Desjardin (Universit\u00e9 de Lille 3)<\/h3><\/div><span class=\"event-time\">18h<\/span><span class=\"event-location\">Li\u00e8ge, ULg, Grand Physique (B\u00e2t. A1)<\/span><div class=\"event-details\"><p><a href=\"http:\/\/web.philo.ulg.ac.be\/transitions\/wp-content\/uploads\/sites\/3\/2016\/09\/Conference_Elodie_Lecuppre-Desjardin_octobre_2016.jpg\" rel=\"attachment wp-att-8006\"><img decoding=\"async\" class=\"alignleft wp-image-8006\" src=\"http:\/\/web.philo.ulg.ac.be\/transitions\/wp-content\/uploads\/sites\/3\/2016\/09\/Conference_Elodie_Lecuppre-Desjardin_octobre_2016.jpg\" alt=\"Cycle_de_conf\u00e9rences_Transitions\" width=\"150\" \/><\/a><\/p>\n<p>Organisation : Cycle de conf\u00e9rences de Transitions<\/p>\n<\/div><\/div>\n\t\t\t\t<\/li>\n\t\t\t \t<li class=\"event \">\n\t\t\t\t\t<div class=\"event-date\"><div class=\"end-date\"><div class=\"event-weekday\">ven<\/div><div class=\"event-day\">23<\/div><div class=\"event-month\">Sep<\/div><div class=\"event-year\">2016<\/div><\/div><\/div>\n\t\t\t\t\t<div class=\"event-info multi-day\"><div class=\"event-title\"><h3>Masters (finalit\u00e9 approfondie) : r\u00e9union d&#039;information<\/h3><\/div><span class=\"event-time\">12h-13h<\/span><span class=\"event-location\">ULg, A4, S50<\/span><div class=\"event-details\"><p><a href=\"http:\/\/web.philo.ulg.ac.be\/transitions\/wp-content\/uploads\/sites\/3\/2016\/09\/InfoMasters2016.jpg\"><img decoding=\"async\" class=\"alignleft wp-image-8363\" src=\"http:\/\/web.philo.ulg.ac.be\/transitions\/wp-content\/uploads\/sites\/3\/2016\/09\/InfoMasters2016-725x1024.jpg\" width=\"150\" height=\"212\" srcset=\"http:\/\/web.philo.ulg.ac.be\/transitions\/wp-content\/uploads\/sites\/3\/2016\/09\/InfoMasters2016-212x300.jpg 212w, http:\/\/web.philo.ulg.ac.be\/transitions\/wp-content\/uploads\/sites\/3\/2016\/09\/InfoMasters2016-725x1024.jpg 725w, http:\/\/web.philo.ulg.ac.be\/transitions\/wp-content\/uploads\/sites\/3\/2016\/09\/InfoMasters2016-768x1085.jpg 768w, http:\/\/web.philo.ulg.ac.be\/transitions\/wp-content\/uploads\/sites\/3\/2016\/09\/InfoMasters2016.jpg 1754w\" sizes=\"(max-width: 150px) 100vw, 150px\" \/><\/a><\/p>\n<\/div><\/div>\n\t\t\t\t<\/li>\n\t\t\t \t<li class=\"event colloques\">\n\t\t\t\t\t<div class=\"event-date\"><div class=\"end-date\"><div class=\"event-weekday\">sam<\/div><div class=\"event-day\">30<\/div><div class=\"event-month\">Juil<\/div><div class=\"event-year\">2016<\/div><\/div><\/div>\n\t\t\t\t\t<div class=\"event-info multi-day\"><div class=\"event-title\"><h3>Colloque international: La reconqu\u00eate par le livre et l\u2019estampe. Au c\u0153ur de la r\u00e9forme catholique dans les Pays-Bas (XVIe-XVIIe s.) \/ Winning Back with Books and Prints. At the Heart of the Catholic Reformation in the Low Countries (16th - 17th centuries)<\/h3><\/div><span class=\"event-location\">Universit\u00e9 de Li\u00e8ge<\/span><div class=\"event-details\"><p><a href=\"http:\/\/web.philo.ulg.ac.be\/transitions\/wp-content\/uploads\/sites\/3\/2016\/05\/cfp_FR_Liege_2017-page-001.jpg\"><img decoding=\"async\" class=\"wp-image-7953 size-medium alignleft\" src=\"http:\/\/web.philo.ulg.ac.be\/transitions\/wp-content\/uploads\/sites\/3\/2016\/05\/cfp_FR_Liege_2017-page-001.jpg\" width=\"150\" height=\"200\" \/><\/a><\/p>\n<p><em><strong>Appel \u00e0 propositions \/ Call for paper<\/strong><\/em><\/p>\n<p>L\u2019unit\u00e9 de recherche Transitions de l\u2019Universit\u00e9 de Li\u00e8ge, en partenariat avec le groupe de contact du FNRS \u00ab Documents rares et pr\u00e9cieux \u00bb, organisera les 23 et 24 f\u00e9vrier 2017 deux journ\u00e9es d\u2019\u00e9tude consacr\u00e9es \u00e0 l\u2019utilisation du support imprim\u00e9 par les acteurs de la r\u00e9forme catholique pour soutenir leur action de reconqu\u00eate des Pays-Bas. Cette manifestation prend place \u00e0 l\u2019occasion des c\u00e9l\u00e9brations organis\u00e9es \u00e0 Li\u00e8ge pour le 500e centenaire des d\u00e9buts de la R\u00e9forme. Les propositions seront adress\u00e9es \u00e0 Renaud Adam (<a href=\"mailto:renaud.adam@ulg.ac.be\">renaud.adam@ulg.ac.be<\/a>) et Rosa De Marco (<a href=\"mailto:rdemarco@ulg.ac.be\">rdemarco@ulg.ac.be<\/a>) par courriel en fichier joint, avant le 30 juillet 2016.<\/p>\n<p><a href=\"http:\/\/web.philo.ulg.ac.be\/transitions\/wp-content\/uploads\/sites\/3\/2016\/05\/cfp_FR_Liege_2017.pdf\" target=\"_blank\" rel=\"noopener\">Appel \u00e0 participation: d\u00e9tails pratiques<\/a>.<\/p>\n<p>The Research Unit Transitions of the University of Li\u00e8ge, in partnership with the FNRS group \u00ab Documents rares et pr\u00e9cieux \u00bb, will organize a symposium dedicated to the use of the printing press by the partisans of the Catholic Reformation in their processes to win back the Low Countries. The symposium will take place in the context of Li\u00e8ge\u2019s celebrations of the 500th anniversary of the early Reformation. Please submit a proposal by the 30 July 2016 to Renaud Adam (<a href=\"mailto:renaud.adam@ulg.ac.be\">renaud.adam@ulg.ac.be<\/a>) and Rosa De Marco (<a href=\"mailto:rdemarco@ulg.ac.be\">rdemarco@ulg.ac.be<\/a>).<\/p>\n<p><a href=\"http:\/\/web.philo.ulg.ac.be\/transitions\/wp-content\/uploads\/sites\/3\/2016\/05\/cfp_EN_Liege_2017.pdf\" target=\"_blank\" rel=\"noopener\">Call for Paper: practical informations.<\/a><\/p>\n<\/div><\/div>\n\t\t\t\t<\/li>\n\t\t\t \t<li class=\"event epistolart seminaires\">\n\t\t\t\t\t<div class=\"event-date multi-date\"><div class=\"start-date\"><div class=\"event-weekday\">lun<\/div><div class=\"event-day\">04<\/div><div class=\"event-month\">Juil<\/div><div class=\"event-year\">2016<\/div><\/div><div class=\"end-date\"><div class=\"event-weekday\">ven<\/div><div class=\"event-day\">08<\/div><div class=\"event-month\">Juil<\/div><div class=\"event-year\">2016<\/div><\/div><\/div>\n\t\t\t\t\t<div class=\"event-info multi-day\"><div class=\"event-title\"><h3>EpistolART : Summer seminar<\/h3><\/div><span class=\"event-location\">Li\u00e8ge, Universit\u00e9 de Li\u00e8ge<\/span><div class=\"event-details\"><p><img decoding=\"async\" class=\"alignleft wp-image-7976\" src=\"http:\/\/web.philo.ulg.ac.be\/transitions\/wp-content\/uploads\/sites\/3\/2016\/01\/Epistolart_SummerSeminar-768x1024.jpg\" alt=\"\" width=\"150\" height=\"200\" srcset=\"http:\/\/web.philo.ulg.ac.be\/transitions\/wp-content\/uploads\/sites\/3\/2016\/01\/Epistolart_SummerSeminar-225x300.jpg 225w, http:\/\/web.philo.ulg.ac.be\/transitions\/wp-content\/uploads\/sites\/3\/2016\/01\/Epistolart_SummerSeminar-768x1024.jpg 768w, http:\/\/web.philo.ulg.ac.be\/transitions\/wp-content\/uploads\/sites\/3\/2016\/01\/Epistolart_SummerSeminar.jpg 1125w\" sizes=\"(max-width: 150px) 100vw, 150px\" \/>Organisation : <a href=\"http:\/\/web.philo.ulg.ac.be\/transitions\/epistolart\/\">EpistolART<\/a><\/p>\n<p>See also : <a href=\"http:\/\/www.summerschoolsineurope.eu\/\" target=\"_blank\">www.summerschoolsineurope.eu<\/a><\/p>\n<\/div><\/div>\n\t\t\t\t<\/li>\n\t\t\t \t<li class=\"event colloques lodocat\">\n\t\t\t\t\t<div class=\"event-date multi-date\"><div class=\"start-date\"><div class=\"event-weekday\">jeu<\/div><div class=\"event-day\">26<\/div><div class=\"event-month\">Mai<\/div><div class=\"event-year\">2016<\/div><\/div><div class=\"end-date\"><div class=\"event-weekday\">ven<\/div><div class=\"event-day\">27<\/div><div class=\"event-month\">Mai<\/div><div class=\"event-year\">2016<\/div><\/div><\/div>\n\t\t\t\t\t<div class=\"event-info multi-day\"><div class=\"event-title\"><h3>Colloque: \u00c9criture de soi \/ \u00e9criture de l\u2019autre dans les milieux conventuels f\u00e9minins du Nord de l\u2019Italie aux Pays-Bas m\u00e9ridionaux (XV e -XVIII e s)<\/h3><\/div><span class=\"event-location\">Universit\u00e9 du Luxembourg<\/span><div class=\"event-details\"><p><a href=\"http:\/\/web.philo.ulg.ac.be\/transitions\/wp-content\/uploads\/sites\/3\/2016\/03\/Lodocat_JE_Luxembourg_affiche.jpg\" rel=\"attachment wp-att-8006\"><img decoding=\"async\" class=\"alignleft wp-image-8006\" src=\"http:\/\/web.philo.ulg.ac.be\/transitions\/wp-content\/uploads\/sites\/3\/2016\/03\/Lodocat_JE_Luxembourg_affiche.jpg\" alt=\"Lodocat JE j\u00e9suites Luxembourg\" width=\"150\" height=\"212\" \/><\/a>\u00c9criture de soi \/ \u00e9criture de l\u2019autre dans les milieux conventuels f\u00e9minins du Nord de l\u2019Italie aux Pays-Bas m\u00e9ridionaux (XV -XVIII s).<br \/>\nANR LODOCAT<\/p>\n<p>Lieu : Universit\u00e9 de Luxembourg<br \/>\nDate : 26\u00a0 -27 mai 2016<\/p>\n<p><a href=\"http:\/\/web.philo.ulg.ac.be\/transitions\/wp-content\/uploads\/sites\/3\/2016\/03\/Lodocat_JE_Luxembourg_programme.pdf\" target=\"_blank\" rel=\"noopener\">Programme<\/a><\/p>\n<p>&nbsp;<\/p>\n<p><em>Comit\u00e9 organisateur<\/em><\/p>\n<ul>\n<li>Michel Margue UL<\/li>\n<li>H\u00e9rold Pettiau UL<\/li>\n<li>Marie-C\u00e9cile Charles UL<\/li>\n<li>Catherine Guyon ULorraine\/CRUHL<\/li>\n<li>Marie-Elisabeth Henneau ULg\/Transitions<\/li>\n<\/ul>\n<\/div><\/div>\n\t\t\t\t<\/li>\n\t\t\t \t<li class=\"event epistolart seminaires\">\n\t\t\t\t\t<div class=\"event-date\"><div class=\"end-date\"><div class=\"event-weekday\">jeu<\/div><div class=\"event-day\">19<\/div><div class=\"event-month\">Mai<\/div><div class=\"event-year\">2016<\/div><\/div><\/div>\n\t\t\t\t\t<div class=\"event-info multi-day\"><div class=\"event-title\"><h3>S\u00e9minaire de recherche EpistolART : Fonti epistolari per la Storia dell&#039;Arte. Il &quot;Carteggio inedito di artisti&quot; di Johann Wilhelm Gaye. Metodi, riflessioni, proposte.<\/h3><\/div><span class=\"event-time\">15h<\/span><span class=\"event-location\">Universit\u00e0 di Roma Tre, Aula didattica, I piano, Piazza della Repubblica, 10, Rome.<\/span><div class=\"event-details\"><p><a href=\"http:\/\/web.philo.ulg.ac.be\/transitions\/wp-content\/uploads\/sites\/3\/2016\/05\/Epistolart_rome_mai_2016.jpg\" rel=\"attachment wp-att-8006\"><img decoding=\"async\" class=\"alignleft wp-image-8006\" src=\"http:\/\/web.philo.ulg.ac.be\/transitions\/wp-content\/uploads\/sites\/3\/2016\/05\/Epistolart_rome_mai_2016.jpg\" alt=\"\" width=\"150\" height=\"212\" \/><\/a>S\u00e9minaire de recherche EpistolART: <em>Fonti epistolari per la Storia dell'Arte. Il \"Carteggio inedito di artisti\" di Johann Wilhelm Gaye. Metodi, riflessioni, proposte.<\/em><br \/>\nIntervenants : Barbara Agosti, Silvia Ginzburg, Dominique Allart, Paola Moreno, Antonio Geremicca.<\/p>\n<p>Renseignements : <a href=\"mailto:antonio.geremicca@ulg.ac.be\">antonio.geremicca@ulg.ac.be<\/a><\/p>\n<\/div><\/div>\n\t\t\t\t<\/li>\n\t\t\t \t<li class=\"event colloques seminaires\">\n\t\t\t\t\t<div class=\"event-date\"><div class=\"end-date\"><div class=\"event-weekday\">mer<\/div><div class=\"event-day\">18<\/div><div class=\"event-month\">Mai<\/div><div class=\"event-year\">2016<\/div><\/div><\/div>\n\t\t\t\t\t<div class=\"event-info multi-day\"><div class=\"event-title\"><h3>S\u00e9minaire de recherches \u00ab La litt\u00e9rature fran\u00e7aise d\u2019inspiration m\u00e9di\u00e9vale dans les imprim\u00e9s anciens \u00bb.<\/h3><\/div><span class=\"event-location\">Universit\u00e9 de Li\u00e8ge<\/span><div class=\"event-details\"><p>Organisation: <a href=\"http:\/\/web.philo.ulg.ac.be\/transitions\/renaud-adam\/\">Renaud Adam<\/a>, <a href=\"http:\/\/web.philo.ulg.ac.be\/transitions\/adelaide-lambert\/\">Ad\u00e9la\u00efde Lambert<\/a>, <a href=\"http:\/\/web.philo.ulg.ac.be\/transitions\/nadine-henrard\/\">Nadine Henrard<\/a>, <a href=\"http:\/\/web.philo.ulg.ac.be\/transitions\/alain-marchandisse\/\">Alain Marchandisse<\/a>.<\/p>\n<p>Place limit\u00e9e, r\u00e9servation obligatoire : <a href=\"mailto:renaud.adam@ulg.ac.be\">renaud.adam@ulg.ac.be<\/a><\/p>\n<\/div><\/div>\n\t\t\t\t<\/li>\n\t\t\t \t<li class=\"event colloques\">\n\t\t\t\t\t<div class=\"event-date\"><div class=\"end-date\"><div class=\"event-weekday\">mar<\/div><div class=\"event-day\">17<\/div><div class=\"event-month\">Mai<\/div><div class=\"event-year\">2016<\/div><\/div><\/div>\n\t\t\t\t\t<div class=\"event-info multi-day\"><div class=\"event-title\"><h3>Journ\u00e9e d&#039;\u00e9tudes internationale : &quot;Cy commence ung livre empreint\u00e9...&quot; : diffusion et r\u00e9ception de la litt\u00e9rature m\u00e9di\u00e9vale en langue fran\u00e7aise par l&#039;imprimerie (1470-1550)<\/h3><\/div><span class=\"event-time\">9h-17h<\/span><span class=\"event-location\">Universit\u00e9 de Li\u00e8ge, b\u00e2t. A1, Salle Lumi\u00e8re<\/span><div class=\"event-details\"><p><a href=\"http:\/\/web.philo.ulg.ac.be\/transitions\/wp-content\/uploads\/sites\/3\/2016\/05\/cy-commence.jpg\" rel=\"attachment wp-att-7990\"><img decoding=\"async\" class=\"alignleft wp-image-7990\" src=\"http:\/\/web.philo.ulg.ac.be\/transitions\/wp-content\/uploads\/sites\/3\/2016\/05\/cy-commence.jpg\" alt=\"\" width=\"150\" height=\"212\" \/><\/a>Organisation : Renaud Adam, Annick Delfosse, Nadine Henrard, Ad\u00e9la\u00efde Lambert, Alain Marchandisse (ULg) et Giovanni Palumbo (UNamur)<\/p>\n<p>Contact : <a href=\"http:\/\/web.philo.ulg.ac.be\/transitions\/renaud-adam\/\">Renaud Adam<\/a><\/p>\n<p><a href=\"http:\/\/web.philo.ulg.ac.be\/transitions\/wp-content\/uploads\/sites\/3\/2016\/05\/cyCommence_depliant.pdf\" target=\"_blank\">Programme<\/a><\/p>\n<\/div><\/div>\n\t\t\t\t<\/li>\n\t\t\t \t<li class=\"event seminaires\">\n\t\t\t\t\t<div class=\"event-date\"><div class=\"end-date\"><div class=\"event-weekday\">mer<\/div><div class=\"event-day\">04<\/div><div class=\"event-month\">Mai<\/div><div class=\"event-year\">2016<\/div><\/div><\/div>\n\t\t\t\t\t<div class=\"event-info multi-day\"><div class=\"event-title\"><h3>S\u00e9minaire doctoral : la pol\u00e9mique et ses enjeux<\/h3><\/div><span class=\"event-time\">12h-14h<\/span><span class=\"event-location\">Universit\u00e9 de Li\u00e8ge, S50<\/span><div class=\"event-details\"><p><a href=\"http:\/\/web.philo.ulg.ac.be\/transitions\/wp-content\/uploads\/sites\/3\/2016\/02\/SemDoc2016_2.jpg\" rel=\"attachment wp-att-8003\"><img decoding=\"async\" class=\"alignleft wp-image-8003\" src=\"http:\/\/web.philo.ulg.ac.be\/transitions\/wp-content\/uploads\/sites\/3\/2016\/02\/SemDoc2016_2-724x1024.jpg\" alt=\"\" width=\"150\" height=\"212\" srcset=\"http:\/\/web.philo.ulg.ac.be\/transitions\/wp-content\/uploads\/sites\/3\/2016\/02\/SemDoc2016_2-212x300.jpg 212w, http:\/\/web.philo.ulg.ac.be\/transitions\/wp-content\/uploads\/sites\/3\/2016\/02\/SemDoc2016_2-724x1024.jpg 724w, http:\/\/web.philo.ulg.ac.be\/transitions\/wp-content\/uploads\/sites\/3\/2016\/02\/SemDoc2016_2-768x1086.jpg 768w\" sizes=\"(max-width: 150px) 100vw, 150px\" \/><\/a>Organisation :\u00a0<a href=\"http:\/\/web.philo.ulg.ac.be\/transitions\/jeromine-francois\/\">J\u00e9romine Fran\u00e7ois<\/a>\u00a0et\u00a0<a href=\"http:\/\/web.philo.ulg.ac.be\/transitions\/julien-regibeau\/\">Julien R\u00e9gibeau<\/a><\/p>\n<\/div><\/div>\n\t\t\t\t<\/li>\n\t\t\t \t<li class=\"event seminaires\">\n\t\t\t\t\t<div class=\"event-date\"><div class=\"end-date\"><div class=\"event-weekday\">mar<\/div><div class=\"event-day\">26<\/div><div class=\"event-month\">Avr<\/div><div class=\"event-year\">2016<\/div><\/div><\/div>\n\t\t\t\t\t<div class=\"event-info multi-day\"><div class=\"event-title\"><h3>S\u00e9minaire de recherche : Les rouages de l\u2019\u00c9tat bourguignon (XIVe\u2013XVIe si\u00e8cles)<\/h3><\/div><span class=\"event-time\">14h-16h<\/span><span class=\"event-location\">Li\u00e8ge, ULg, Grand Physique (B\u00e2t. A1)<\/span><div class=\"event-details\"><p><a href=\"http:\/\/web.philo.ulg.ac.be\/transitions\/wp-content\/uploads\/sites\/3\/2016\/04\/Affiche_seminaire_bourguignon_seance_2.jpg\" rel=\"attachment wp-att-8006\"><img decoding=\"async\" class=\"alignleft wp-image-8006\" src=\"http:\/\/web.philo.ulg.ac.be\/transitions\/wp-content\/uploads\/sites\/3\/2016\/04\/Affiche_seminaire_bourguignon_seance_2.jpg\" alt=\"\" width=\"150\" height=\"212\" \/><\/a>Th\u00e8me : L\u2019imprimerie<br \/>\nIntervenant : Renaud ADAM (Universit\u00e9 de Li\u00e8ge)<br \/>\n1. L\u00e9gislation et imprimerie dans les anciens Pays-Bas (XVe-XVIe s.)<br \/>\n2. Actualit\u00e9, bilan et perspective<br \/>\nMod\u00e9rateur : Anne SCHOYSMAN (Universit\u00e9 de Sienne)<\/p>\n<p>Organisation :\u00a0<a href=\"mailto:christophe.masson@ulg.ac.be\">christophe.masson@ulg.ac.be<\/a>\u00a0et\u00a0<a href=\"mailto:jonathan.dumont@ulg.ac.be\">jonathan.dumont@ulg.ac.be<\/a><\/p>\n<\/div><\/div>\n\t\t\t\t<\/li>\n\t\t\t \t<li class=\"event seminaires\">\n\t\t\t\t\t<div class=\"event-date\"><div class=\"end-date\"><div class=\"event-weekday\">mer<\/div><div class=\"event-day\">20<\/div><div class=\"event-month\">Avr<\/div><div class=\"event-year\">2016<\/div><\/div><\/div>\n\t\t\t\t\t<div class=\"event-info multi-day\"><div class=\"event-title\"><h3>S\u00e9minaire doctoral : la pol\u00e9mique et ses enjeux<\/h3><\/div><span class=\"event-time\">12h-14h<\/span><span class=\"event-location\">Universit\u00e9 de Li\u00e8ge, S50<\/span><div class=\"event-details\"><p><a href=\"http:\/\/web.philo.ulg.ac.be\/transitions\/wp-content\/uploads\/sites\/3\/2016\/02\/SemDoc2016_2.jpg\" rel=\"attachment wp-att-8003\"><img decoding=\"async\" class=\"alignleft wp-image-8003\" src=\"http:\/\/web.philo.ulg.ac.be\/transitions\/wp-content\/uploads\/sites\/3\/2016\/02\/SemDoc2016_2-724x1024.jpg\" alt=\"\" width=\"150\" height=\"212\" srcset=\"http:\/\/web.philo.ulg.ac.be\/transitions\/wp-content\/uploads\/sites\/3\/2016\/02\/SemDoc2016_2-212x300.jpg 212w, http:\/\/web.philo.ulg.ac.be\/transitions\/wp-content\/uploads\/sites\/3\/2016\/02\/SemDoc2016_2-724x1024.jpg 724w, http:\/\/web.philo.ulg.ac.be\/transitions\/wp-content\/uploads\/sites\/3\/2016\/02\/SemDoc2016_2-768x1086.jpg 768w\" sizes=\"(max-width: 150px) 100vw, 150px\" \/><\/a>Organisation :\u00a0<a href=\"http:\/\/web.philo.ulg.ac.be\/transitions\/jeromine-francois\/\">J\u00e9romine Fran\u00e7ois<\/a>\u00a0et\u00a0<a href=\"http:\/\/web.philo.ulg.ac.be\/transitions\/julien-regibeau\/\">Julien R\u00e9gibeau<\/a><\/p>\n<\/div><\/div>\n\t\t\t\t<\/li>\n\t\t\t \t<li class=\"event gpublic\">\n\t\t\t\t\t<div class=\"event-date\"><div class=\"end-date\"><div class=\"event-weekday\">mar<\/div><div class=\"event-day\">12<\/div><div class=\"event-month\">Avr<\/div><div class=\"event-year\">2016<\/div><\/div><\/div>\n\t\t\t\t\t<div class=\"event-info multi-day\"><div class=\"event-title\"><h3>Conf\u00e9rence : Pr\u00e9sentation de la traduction des &quot;Entretiens sur la tranquillit\u00e9 de l&#039;\u00e2me de Leon Battista Alberti&quot; (P. Jodogne et M. Paoli)<\/h3><\/div><span class=\"event-time\">18h30<\/span><span class=\"event-location\">Librairie Pax (Place Cockerill, 4)<\/span><div class=\"event-details\"><p><a href=\"http:\/\/web.philo.ulg.ac.be\/transitions\/wp-content\/uploads\/sites\/3\/2016\/03\/jodogne_paoli.jpg.jpg\"><img decoding=\"async\" class=\"alignleft wp-image-8003\" src=\"http:\/\/web.philo.ulg.ac.be\/transitions\/wp-content\/uploads\/sites\/3\/2016\/03\/jodogne_paoli.jpg.jpg\" alt=\"\" width=\"150\" height=\"212\" \/><\/a><span class=\"\">Discussion avec Pierre Jodogne (traducteur), Michel Paoli (pr\u00e9facier), Dominique Allart et Paola Moreno autour de la publication r\u00e9cente de la premi\u00e8re traduction en fran\u00e7ais des\u00a0<\/span><em class=\"\">Entretiens sur la tranquillit\u00e9 de l'\u00e2me<\/em><span class=\"\">\u00a0de Leon Battista Alberti (G\u00eanes 1404 \u2013 Florence 1472), parue chez Seuil (2016).<\/span><\/p>\n<\/div><\/div>\n\t\t\t\t<\/li>\n\t\t\t \t<li class=\"event epistolart seminaires\">\n\t\t\t\t\t<div class=\"event-date\"><div class=\"end-date\"><div class=\"event-weekday\">dim<\/div><div class=\"event-day\">03<\/div><div class=\"event-month\">Avr<\/div><div class=\"event-year\">2016<\/div><\/div><\/div>\n\t\t\t\t\t<div class=\"event-info multi-day\"><div class=\"event-title\"><h3>Call for paper : EpistolART Summer Seminar <\/h3><\/div><span class=\"event-location\">Li\u00e8ge, Universit\u00e9 de Li\u00e8ge<\/span><div class=\"event-details\"><p><a href=\"http:\/\/web.philo.ulg.ac.be\/transitions\/wp-content\/uploads\/sites\/3\/2016\/01\/Epistolart_SummerSeminar.jpg\" rel=\"attachment wp-att-7976\"><img decoding=\"async\" class=\"alignleft wp-image-7976\" src=\"http:\/\/web.philo.ulg.ac.be\/transitions\/wp-content\/uploads\/sites\/3\/2016\/01\/Epistolart_SummerSeminar-768x1024.jpg\" alt=\"\" width=\"150\" height=\"200\" srcset=\"http:\/\/web.philo.ulg.ac.be\/transitions\/wp-content\/uploads\/sites\/3\/2016\/01\/Epistolart_SummerSeminar-225x300.jpg 225w, http:\/\/web.philo.ulg.ac.be\/transitions\/wp-content\/uploads\/sites\/3\/2016\/01\/Epistolart_SummerSeminar-768x1024.jpg 768w, http:\/\/web.philo.ulg.ac.be\/transitions\/wp-content\/uploads\/sites\/3\/2016\/01\/Epistolart_SummerSeminar.jpg 1125w\" sizes=\"(max-width: 150px) 100vw, 150px\" \/><\/a>Organisation : <a href=\"http:\/\/web.philo.ulg.ac.be\/transitions\/epistolart\/\">EpistolART<\/a><\/p>\n<p><a href=\"http:\/\/web.philo.ulg.ac.be\/transitions\/wp-content\/uploads\/sites\/3\/2016\/02\/Call-for-paper-Summer-Seminar_en_fr_it.pdf\" target=\"_blank\">Call for paper\u00a0(FR \/ IT \/ EN)<\/a><\/p>\n<p>See also :\u00a0<a href=\"http:\/\/www.summerschoolsineurope.eu\/\" target=\"_blank\">www.summerschoolsineurope.eu<\/a><\/p>\n<\/div><\/div>\n\t\t\t\t<\/li>\n\t\t\t \t<li class=\"event conferences cycleconferences gpublic\">\n\t\t\t\t\t<div class=\"event-date\"><div class=\"end-date\"><div class=\"event-weekday\">mar<\/div><div class=\"event-day\">15<\/div><div class=\"event-month\">Mar<\/div><div class=\"event-year\">2016<\/div><\/div><\/div>\n\t\t\t\t\t<div class=\"event-info multi-day\"><div class=\"event-title\"><h3>Conf\u00e9rence : L\u00e9on X, un M\u00e9dicis sur le tr\u00f4ne de Saint-Pierre (1513-1521) : m\u00e9c\u00e9nat, propagande, culture et conflits (Outi Merisalo, U. de Jyv\u00e4skyl\u00e4)<\/h3><\/div><span class=\"event-time\">18h30<\/span><span class=\"event-location\">Universit\u00e9 de Li\u00e8ge, Complexe Op\u00e9ra, Salle Pousseur<\/span><div class=\"event-details\"><p><a href=\"http:\/\/web.philo.ulg.ac.be\/transitions\/wp-content\/uploads\/sites\/3\/2016\/03\/20160314_Merisalo.jpg\" rel=\"attachment wp-att-8009\"><img decoding=\"async\" class=\"alignleft wp-image-8009\" src=\"http:\/\/web.philo.ulg.ac.be\/transitions\/wp-content\/uploads\/sites\/3\/2016\/03\/20160314_Merisalo-724x1024.jpg\" alt=\"\" width=\"150\" height=\"212\" srcset=\"http:\/\/web.philo.ulg.ac.be\/transitions\/wp-content\/uploads\/sites\/3\/2016\/03\/20160314_Merisalo-212x300.jpg 212w, http:\/\/web.philo.ulg.ac.be\/transitions\/wp-content\/uploads\/sites\/3\/2016\/03\/20160314_Merisalo-724x1024.jpg 724w, http:\/\/web.philo.ulg.ac.be\/transitions\/wp-content\/uploads\/sites\/3\/2016\/03\/20160314_Merisalo-768x1086.jpg 768w\" sizes=\"(max-width: 150px) 100vw, 150px\" \/><\/a>Organisation : Cycle de conf\u00e9rences de Transitions<\/p>\n<p>Outi Merisalo interview\u00e9e sur <a href=\"https:\/\/rcf.fr\/actualite\/actualite-locale\/outi-merisalo\">RCF le 15 mars<\/a><\/p>\n<\/div><\/div>\n\t\t\t\t<\/li>\n\t\t\t \t<li class=\"event seminaires\">\n\t\t\t\t\t<div class=\"event-date\"><div class=\"end-date\"><div class=\"event-weekday\">mer<\/div><div class=\"event-day\">09<\/div><div class=\"event-month\">Mar<\/div><div class=\"event-year\">2016<\/div><\/div><\/div>\n\t\t\t\t\t<div class=\"event-info multi-day\"><div class=\"event-title\"><h3>S\u00e9minaire doctoral : la pol\u00e9mique et ses enjeux<\/h3><\/div><span class=\"event-time\">12h-14h<\/span><span class=\"event-location\">Universit\u00e9 de Li\u00e8ge, S50<\/span><div class=\"event-details\"><p><a href=\"http:\/\/web.philo.ulg.ac.be\/transitions\/wp-content\/uploads\/sites\/3\/2016\/02\/SemDoc2016_1.jpg\" rel=\"attachment wp-att-8002\"><img decoding=\"async\" class=\"alignleft wp-image-8002\" src=\"http:\/\/web.philo.ulg.ac.be\/transitions\/wp-content\/uploads\/sites\/3\/2016\/02\/SemDoc2016_1-724x1024.jpg\" alt=\"\" width=\"150\" height=\"212\" srcset=\"http:\/\/web.philo.ulg.ac.be\/transitions\/wp-content\/uploads\/sites\/3\/2016\/02\/SemDoc2016_1-212x300.jpg 212w, http:\/\/web.philo.ulg.ac.be\/transitions\/wp-content\/uploads\/sites\/3\/2016\/02\/SemDoc2016_1-724x1024.jpg 724w, http:\/\/web.philo.ulg.ac.be\/transitions\/wp-content\/uploads\/sites\/3\/2016\/02\/SemDoc2016_1-768x1086.jpg 768w\" sizes=\"(max-width: 150px) 100vw, 150px\" \/><\/a>Organisation : <a href=\"http:\/\/web.philo.ulg.ac.be\/transitions\/jeromine-francois\/\">J\u00e9romine Fran\u00e7ois<\/a> et <a href=\"http:\/\/web.philo.ulg.ac.be\/transitions\/julien-regibeau\/\">Julien R\u00e9gibeau<\/a><\/p>\n<\/div><\/div>\n\t\t\t\t<\/li>\n\t\t\t \t<li class=\"event seminaires\">\n\t\t\t\t\t<div class=\"event-date\"><div class=\"end-date\"><div class=\"event-weekday\">mar<\/div><div class=\"event-day\">08<\/div><div class=\"event-month\">Mar<\/div><div class=\"event-year\">2016<\/div><\/div><\/div>\n\t\t\t\t\t<div class=\"event-info multi-day\"><div class=\"event-title\"><h3>S\u00e9minaire de recherche : Les rouages de l\u2019\u00c9tat bourguignon (XIVe\u2013XVIe si\u00e8cles)<\/h3><\/div><span class=\"event-time\">14h-16h<\/span><span class=\"event-location\">Universit\u00e9 de Li\u00e8ge, Grand Physique (B\u00e2t. A1)<\/span><div class=\"event-details\"><p><a href=\"http:\/\/web.philo.ulg.ac.be\/transitions\/wp-content\/uploads\/sites\/3\/2016\/02\/SemBourg_Schnerb.jpg\" rel=\"attachment wp-att-7999\"><img decoding=\"async\" class=\"alignleft wp-image-7999\" src=\"http:\/\/web.philo.ulg.ac.be\/transitions\/wp-content\/uploads\/sites\/3\/2016\/02\/SemBourg_Schnerb-723x1024.jpg\" alt=\"\" width=\"150\" height=\"212\" srcset=\"http:\/\/web.philo.ulg.ac.be\/transitions\/wp-content\/uploads\/sites\/3\/2016\/02\/SemBourg_Schnerb-212x300.jpg 212w, http:\/\/web.philo.ulg.ac.be\/transitions\/wp-content\/uploads\/sites\/3\/2016\/02\/SemBourg_Schnerb-723x1024.jpg 723w, http:\/\/web.philo.ulg.ac.be\/transitions\/wp-content\/uploads\/sites\/3\/2016\/02\/SemBourg_Schnerb-768x1087.jpg 768w, http:\/\/web.philo.ulg.ac.be\/transitions\/wp-content\/uploads\/sites\/3\/2016\/02\/SemBourg_Schnerb.jpg 1239w\" sizes=\"(max-width: 150px) 100vw, 150px\" \/><\/a>Th\u00e8me : La guerre<br \/>\nIntervenant : Bertrand SCHNERB (Universit\u00e9 Lille 3)<br \/>\n1. Le contr\u00f4le et le paiement des gens de guerre dans les arm\u00e9es des ducs de Bourgogne de la Maison de Valois<br \/>\n2. Actualit\u00e9, bilan et perspective<br \/>\nMod\u00e9rateur : Christophe MASSON (Universit\u00e9 de Li\u00e8ge)<\/p>\n<p>Contact\u00a0:\u00a0<a href=\"mailto:christophe.masson@ulg.ac.be\">christophe.masson@ulg.ac.be<\/a>\u00a0et\u00a0<a href=\"mailto:jonathan.dumont@ulg.ac.be\">jonathan.dumont@ulg.ac.be<\/a><\/p>\n<\/div><\/div>\n\t\t\t\t<\/li>\n\t\t\t \t<li class=\"event colloques\">\n\t\t\t\t\t<div class=\"event-date multi-date\"><div class=\"start-date\"><div class=\"event-weekday\">jeu<\/div><div class=\"event-day\">25<\/div><div class=\"event-month\">F\u00e9v<\/div><div class=\"event-year\">2016<\/div><\/div><div class=\"end-date\"><div class=\"event-weekday\">ven<\/div><div class=\"event-day\">26<\/div><div class=\"event-month\">F\u00e9v<\/div><div class=\"event-year\">2016<\/div><\/div><\/div>\n\t\t\t\t\t<div class=\"event-info multi-day\"><div class=\"event-title\"><h3>Colloque : Fran\u00e7ois Ier et les artistes du Nord (1515-1547)<\/h3><\/div><span class=\"event-location\">Bruxelles, Institut Royal du Patrimoine Artistique<\/span><div class=\"event-details\"><p><a href=\"http:\/\/web.philo.ulg.ac.be\/transitions\/wp-content\/uploads\/sites\/3\/2016\/01\/201602_FrancoisI.jpg\" rel=\"attachment wp-att-7967\"><img decoding=\"async\" class=\"alignleft wp-image-7967\" src=\"http:\/\/web.philo.ulg.ac.be\/transitions\/wp-content\/uploads\/sites\/3\/2016\/01\/201602_FrancoisI-739x1024.jpg\" alt=\"\" width=\"150\" height=\"208\" srcset=\"http:\/\/web.philo.ulg.ac.be\/transitions\/wp-content\/uploads\/sites\/3\/2016\/01\/201602_FrancoisI-216x300.jpg 216w, http:\/\/web.philo.ulg.ac.be\/transitions\/wp-content\/uploads\/sites\/3\/2016\/01\/201602_FrancoisI-739x1024.jpg 739w, http:\/\/web.philo.ulg.ac.be\/transitions\/wp-content\/uploads\/sites\/3\/2016\/01\/201602_FrancoisI-768x1065.jpg 768w, http:\/\/web.philo.ulg.ac.be\/transitions\/wp-content\/uploads\/sites\/3\/2016\/01\/201602_FrancoisI.jpg 1668w\" sizes=\"(max-width: 150px) 100vw, 150px\" \/><\/a>Un colloque international du groupe de contact F.R.S.-FNRS \"Mod\u00e8les, \u00e9changes et r\u00e9alisations artistiques (XVe-XVIe s.)\", co-organis\u00e9 par l'IRPA et\u00a0<em>Transitions<\/em>\u00a0et parrain\u00e9 par le Comit\u00e9 international d'Histoire de l'Art (CIHA).<\/p>\n<p>Organisation et contacts\u00a0:\u00a0<a title=\"Laure Fagnart\" href=\"http:\/\/web.philo.ulg.ac.be\/transitions\/laure-fagnart\/\">Laure Fagnart<\/a>\u00a0(F.R.S-FNRS\/ULg)\u00a0et\u00a0<a title=\"Isabelle Lecocq\" href=\"http:\/\/web.philo.ulg.ac.be\/transitions\/isabelle-lecocq\/\">Isabelle Lecocq<\/a>\u00a0(IRPA)<\/p>\n<p><a href=\"http:\/\/web.philo.ulg.ac.be\/transitions\/wp-content\/uploads\/sites\/3\/2015\/12\/FrancoisIerArtistesNord_Argument.pdf\" target=\"_blank\">Argument<\/a><\/p>\n<p><a href=\"http:\/\/web.philo.ulg.ac.be\/transitions\/wp-content\/uploads\/sites\/3\/2015\/12\/FrancoisIerArtistesNord_Programme.pdf\" target=\"_blank\">Programme<\/a><\/p>\n<p><a href=\"http:\/\/org.kikirpa.be\/francois\/\" target=\"_blank\">Site officiel du colloque<\/a><\/p>\n<\/div><\/div>\n\t\t\t\t<\/li>\n\t\t\t \t<li class=\"event conferences gpublic\">\n\t\t\t\t\t<div class=\"event-date\"><div class=\"end-date\"><div class=\"event-weekday\">mar<\/div><div class=\"event-day\">23<\/div><div class=\"event-month\">F\u00e9v<\/div><div class=\"event-year\">2016<\/div><\/div><\/div>\n\t\t\t\t\t<div class=\"event-info multi-day\"><div class=\"event-title\"><h3>Conf\u00e9rence : De Gerson au pape Fran\u00e7ois : Du pouvoir dans la soci\u00e9t\u00e9 politique et dans l\u2019\u00c9glise (Philippe Denis : U. KwaZulu-Natal)<\/h3><\/div><span class=\"event-time\">18h30<\/span><span class=\"event-location\">Universit\u00e9 de Li\u00e8ge, Grand Physique (B\u00e2t. A1)<\/span><div class=\"event-details\"><p><a href=\"http:\/\/web.philo.ulg.ac.be\/transitions\/wp-content\/uploads\/sites\/3\/2016\/02\/Denis_20160203.jpg\" rel=\"attachment wp-att-7997\"><img decoding=\"async\" class=\"alignleft wp-image-7997\" src=\"http:\/\/web.philo.ulg.ac.be\/transitions\/wp-content\/uploads\/sites\/3\/2016\/02\/Denis_20160203-724x1024.jpg\" alt=\"Denis_20160203\" width=\"150\" height=\"212\" srcset=\"http:\/\/web.philo.ulg.ac.be\/transitions\/wp-content\/uploads\/sites\/3\/2016\/02\/Denis_20160203-212x300.jpg 212w, http:\/\/web.philo.ulg.ac.be\/transitions\/wp-content\/uploads\/sites\/3\/2016\/02\/Denis_20160203-724x1024.jpg 724w, http:\/\/web.philo.ulg.ac.be\/transitions\/wp-content\/uploads\/sites\/3\/2016\/02\/Denis_20160203-768x1086.jpg 768w, http:\/\/web.philo.ulg.ac.be\/transitions\/wp-content\/uploads\/sites\/3\/2016\/02\/Denis_20160203.jpg 1240w\" sizes=\"(max-width: 150px) 100vw, 150px\" \/><\/a><\/p>\n<\/div><\/div>\n\t\t\t\t<\/li>\n\t\t\t \t<li class=\"event colloques seminaires\">\n\t\t\t\t\t<div class=\"event-date\"><div class=\"end-date\"><div class=\"event-weekday\">mar<\/div><div class=\"event-day\">16<\/div><div class=\"event-month\">F\u00e9v<\/div><div class=\"event-year\">2016<\/div><\/div><\/div>\n\t\t\t\t\t<div class=\"event-info multi-day\"><div class=\"event-title\"><h3>Journ\u00e9e d&#039;\u00e9tudes : Cycle, cercle, compilation <\/h3><\/div><span class=\"event-location\">Li\u00e8ge, ULg, Salle de l&#039;Horloge (B\u00e2t. A1)<\/span><div class=\"event-details\"><p><a href=\"http:\/\/web.philo.ulg.ac.be\/transitions\/wp-content\/uploads\/sites\/3\/2015\/10\/20160216_ULg.jpg\"><img decoding=\"async\" class=\"alignleft wp-image-7831\" src=\"http:\/\/web.philo.ulg.ac.be\/transitions\/wp-content\/uploads\/sites\/3\/2015\/10\/20160216_ULg-724x1024.jpg\" alt=\"\" width=\"150\" height=\"212\" srcset=\"http:\/\/web.philo.ulg.ac.be\/transitions\/wp-content\/uploads\/sites\/3\/2015\/10\/20160216_ULg-212x300.jpg 212w, http:\/\/web.philo.ulg.ac.be\/transitions\/wp-content\/uploads\/sites\/3\/2015\/10\/20160216_ULg-724x1024.jpg 724w, http:\/\/web.philo.ulg.ac.be\/transitions\/wp-content\/uploads\/sites\/3\/2015\/10\/20160216_ULg.jpg 1754w\" sizes=\"(max-width: 150px) 100vw, 150px\" \/><\/a>Deuxi\u00e8me\u00a0volet du s\u00e9minaire interfacultaire \"Langues, litt\u00e9ratures et cultures du Moyen \u00c2ge \u00e0 la Renaissance\" (ED3 - Langues et Lettres).<\/p>\n<p>Contact : <a href=\"http:\/\/web.philo.ulg.ac.be\/transitions\/nadine-henrard\/\">Nadine Henrard<\/a><\/p>\n<p><a href=\"http:\/\/web.philo.ulg.ac.be\/transitions\/wp-content\/uploads\/sites\/3\/2016\/02\/Triptyque-ULg.pdf\" target=\"_blank\">Programme<\/a><\/p>\n<\/div><\/div>\n\t\t\t\t<\/li>\n\t\t\t \t<li class=\"event conferences cycleconferences gpublic\">\n\t\t\t\t\t<div class=\"event-date\"><div class=\"end-date\"><div class=\"event-weekday\">mar<\/div><div class=\"event-day\">16<\/div><div class=\"event-month\">F\u00e9v<\/div><div class=\"event-year\">2016<\/div><\/div><\/div>\n\t\t\t\t\t<div class=\"event-info multi-day\"><div class=\"event-title\"><h3>Conf\u00e9rence : La consommation du sucre dans l&#039;Orient musulman au Moyen \u00c2ge : entre convivialit\u00e9 et propagande (Mohamed Ouerfelli : U. Aix-Marseille)<\/h3><\/div><span class=\"event-time\">18h30<\/span><span class=\"event-location\">Universit\u00e9 de Li\u00e8ge, Complexe Op\u00e9ra, Salle Pousseur<\/span><div class=\"event-details\"><p><a href=\"http:\/\/web.philo.ulg.ac.be\/transitions\/wp-content\/uploads\/sites\/3\/2016\/01\/Affiche_Ouerfelli.jpg\" rel=\"attachment wp-att-7985\"><img decoding=\"async\" class=\"alignleft wp-image-7985\" src=\"http:\/\/web.philo.ulg.ac.be\/transitions\/wp-content\/uploads\/sites\/3\/2016\/01\/Affiche_Ouerfelli-724x1024.jpg\" alt=\"\" width=\"150\" height=\"212\" srcset=\"http:\/\/web.philo.ulg.ac.be\/transitions\/wp-content\/uploads\/sites\/3\/2016\/01\/Affiche_Ouerfelli-212x300.jpg 212w, http:\/\/web.philo.ulg.ac.be\/transitions\/wp-content\/uploads\/sites\/3\/2016\/01\/Affiche_Ouerfelli-724x1024.jpg 724w, http:\/\/web.philo.ulg.ac.be\/transitions\/wp-content\/uploads\/sites\/3\/2016\/01\/Affiche_Ouerfelli-768x1087.jpg 768w\" sizes=\"(max-width: 150px) 100vw, 150px\" \/><\/a>Organisation : Cycle de conf\u00e9rences de Transitions<\/p>\n<\/div><\/div>\n\t\t\t\t<\/li>\n\t\t\t \t<li class=\"event colloques\">\n\t\t\t\t\t<div class=\"event-date multi-date\"><div class=\"start-date\"><div class=\"event-weekday\">mar<\/div><div class=\"event-day\">26<\/div><div class=\"event-month\">Jan<\/div><div class=\"event-year\">2016<\/div><\/div><div class=\"end-date\"><div class=\"event-weekday\">mer<\/div><div class=\"event-day\">27<\/div><div class=\"event-month\">Jan<\/div><div class=\"event-year\">2016<\/div><\/div><\/div>\n\t\t\t\t\t<div class=\"event-info multi-day\"><div class=\"event-title\"><h3>Journ\u00e9es d&#039;\u00e9tudes : Troisi\u00e8mes Rencontres Doctorales de Transitions<\/h3><\/div><span class=\"event-location\">Universit\u00e9 de Li\u00e8ge, salle Wittert (A1, R\/120, aile des j\u00e9suites)<\/span><div class=\"event-details\"><p><a href=\"http:\/\/web.philo.ulg.ac.be\/transitions\/wp-content\/uploads\/sites\/3\/2016\/01\/Affiche_Rencontres_doctorales_2016.jpg\"><img decoding=\"async\" class=\"wp-image-7954 size-medium alignleft\" src=\"http:\/\/web.philo.ulg.ac.be\/transitions\/wp-content\/uploads\/sites\/3\/2016\/01\/Affiche_Rencontres_doctorales_2016-212x300.jpg\" alt=\"\" width=\"150\" height=\"200\" \/><\/a>Contact : <a href=\"mailto:transitions@ulg.ac.be\">transitions@ulg.ac.be<\/a><\/p>\n<p><a href=\"http:\/\/web.philo.ulg.ac.be\/transitions\/wp-content\/uploads\/sites\/3\/2016\/01\/JDT-2016.pdf\" target=\"_blank\" rel=\"\">Programme<\/a><\/p>\n<\/div><\/div>\n\t\t\t\t<\/li>\n\t\t\t \t<li class=\"event colloques conferences\">\n\t\t\t\t\t<div class=\"event-date\"><div class=\"end-date\"><div class=\"event-weekday\">mar<\/div><div class=\"event-day\">26<\/div><div class=\"event-month\">Jan<\/div><div class=\"event-year\">2016<\/div><\/div><\/div>\n\t\t\t\t\t<div class=\"event-info multi-day\"><div class=\"event-title\"><h3>Conf\u00e9rence: Peut-on conserver le concept de Moyen \u00c2ge si l&#039;on supprime le concept de Renaissance ? (Michel Paoli : U. Amiens)<\/h3><\/div><span class=\"event-time\">18h<\/span><span class=\"event-location\">Universit\u00e9 de Li\u00e8ge, salle Grand Physique<\/span><div class=\"event-details\"><p><a href=\"http:\/\/web.philo.ulg.ac.be\/transitions\/wp-content\/uploads\/sites\/3\/2016\/01\/conference_paoli_2016-1.jpg\"><img decoding=\"async\" class=\"wp-image-7953 size-medium alignleft\" src=\"http:\/\/web.philo.ulg.ac.be\/transitions\/wp-content\/uploads\/sites\/3\/2016\/01\/conference_paoli_2016-1-212x300.jpg\" alt=\"JDT2016\" width=\"150\" height=\"200\" \/><\/a><br \/>\nContact : <a href=\"mailto:transitions@ulg.ac.be\">transitions@ulg.ac.be<\/a><\/p>\n<p style=\"text-align: left;\">Une conf\u00e9rence dans le cadre des\u00a0Journ\u00e9es doctorales internationales de Transitions.<\/p>\n<\/div><\/div>\n\t\t\t\t<\/li>\n\t\t\t \t<li class=\"event colloques seminaires\">\n\t\t\t\t\t<div class=\"event-date\"><div class=\"end-date\"><div class=\"event-weekday\">ven<\/div><div class=\"event-day\">11<\/div><div class=\"event-month\">D\u00e9c<\/div><div class=\"event-year\">2015<\/div><\/div><\/div>\n\t\t\t\t\t<div class=\"event-info multi-day\"><div class=\"event-title\"><h3>Journ\u00e9e d&#039;\u00e9tudes : Transfert de dialogue et r\u00e9\u00e9criture de l&#039;Histoire<\/h3><\/div><span class=\"event-location\">Louvain-la-Neuve, UCL, Salle du Conseil du FIAL<\/span><div class=\"event-details\"><p><img decoding=\"async\" class=\"alignleft wp-image-7830\" src=\"http:\/\/web.philo.ulg.ac.be\/transitions\/wp-content\/uploads\/sites\/3\/2015\/10\/20151211_UCL-724x1024.jpg\" alt=\"\" width=\"150\" height=\"212\" srcset=\"http:\/\/web.philo.ulg.ac.be\/transitions\/wp-content\/uploads\/sites\/3\/2015\/10\/20151211_UCL-212x300.jpg 212w, http:\/\/web.philo.ulg.ac.be\/transitions\/wp-content\/uploads\/sites\/3\/2015\/10\/20151211_UCL-724x1024.jpg 724w, http:\/\/web.philo.ulg.ac.be\/transitions\/wp-content\/uploads\/sites\/3\/2015\/10\/20151211_UCL.jpg 1754w\" sizes=\"(max-width: 150px) 100vw, 150px\" \/>Premier volet du s\u00e9minaire interfacultaire \"Langues, litt\u00e9ratures et cultures du Moyen \u00c2ge \u00e0 la Renaissance\" (ED3 - Langues et Lettres). Le second volet sera organis\u00e9, \u00e0 Li\u00e8ge, le 16 f\u00e9vrier 2016.<\/p>\n<p>Contact : <a href=\"mailto:mattia.cavagna@uclouvain.be\">mattia.cavagna@uclouvain.be<\/a><\/p>\n<p><a href=\"http:\/\/www.langues-et-lettres.frs-fnrs.be\/index.php\/contenus-de-la-formation\/seminaires-interuniversitaires\/2-langues-litteratures-et-cultures-du-moyen-age-a-la-renaissance-1\" target=\"_blank\">Programme<\/a><\/p>\n<p>&nbsp;<\/p>\n<\/div><\/div>\n\t\t\t\t<\/li>\n\t\t\t \t<li class=\"event conferences cycleconferences gpublic\">\n\t\t\t\t\t<div class=\"event-date\"><div class=\"end-date\"><div class=\"event-weekday\">mar<\/div><div class=\"event-day\">01<\/div><div class=\"event-month\">D\u00e9c<\/div><div class=\"event-year\">2015<\/div><\/div><\/div>\n\t\t\t\t\t<div class=\"event-info multi-day\"><div class=\"event-title\"><h3>Conf\u00e9rence : Rapha\u00ebl et l&#039;art du portrait (Maurice Brock, CESR-U. Fran\u00e7ois-Rabelais de Tours)<\/h3><\/div><span class=\"event-time\">18h30<\/span><span class=\"event-location\">Universit\u00e9 de Li\u00e8ge, Complexe Op\u00e9ra, Salle Pousseur<\/span><div class=\"event-details\"><p><a href=\"http:\/\/web.philo.ulg.ac.be\/transitions\/wp-content\/uploads\/sites\/3\/2015\/11\/AfficheBrock.jpg\"><img decoding=\"async\" class=\"alignleft wp-image-7925\" src=\"http:\/\/web.philo.ulg.ac.be\/transitions\/wp-content\/uploads\/sites\/3\/2015\/11\/AfficheBrock-724x1024.jpg\" alt=\"\" width=\"150\" height=\"212\" srcset=\"http:\/\/web.philo.ulg.ac.be\/transitions\/wp-content\/uploads\/sites\/3\/2015\/11\/AfficheBrock-212x300.jpg 212w, http:\/\/web.philo.ulg.ac.be\/transitions\/wp-content\/uploads\/sites\/3\/2015\/11\/AfficheBrock-724x1024.jpg 724w, http:\/\/web.philo.ulg.ac.be\/transitions\/wp-content\/uploads\/sites\/3\/2015\/11\/AfficheBrock.jpg 1240w\" sizes=\"(max-width: 150px) 100vw, 150px\" \/><\/a>Organisation : Cycle de conf\u00e9rences de Transitions<\/p>\n<\/div><\/div>\n\t\t\t\t<\/li>\n\t\t\t \t<li class=\"event conferences cycleconferences gpublic\">\n\t\t\t\t\t<div class=\"event-date\"><div class=\"end-date\"><div class=\"event-weekday\">mar<\/div><div class=\"event-day\">17<\/div><div class=\"event-month\">Nov<\/div><div class=\"event-year\">2015<\/div><\/div><\/div>\n\t\t\t\t\t<div class=\"event-info multi-day\"><div class=\"event-title\"><h3>Conf\u00e9rence : Baroque en liturgie : comprendre le c\u00e9r\u00e9monial catholique \u00e0 l&#039;\u00e9poque moderne (Bernard Dompnier, U. Clermont-Ferrand)<\/h3><\/div><span class=\"event-time\">18h30<\/span><span class=\"event-location\">Universit\u00e9 de Li\u00e8ge, Complexe Op\u00e9ra, Salle Pousseur<\/span><div class=\"event-details\"><p><a href=\"http:\/\/web.philo.ulg.ac.be\/transitions\/wp-content\/uploads\/sites\/3\/2015\/11\/Affiche_Dompnier.jpg\"><img decoding=\"async\" class=\"alignleft wp-image-7846\" src=\"http:\/\/web.philo.ulg.ac.be\/transitions\/wp-content\/uploads\/sites\/3\/2015\/11\/Affiche_Dompnier-724x1024.jpg\" alt=\"\" width=\"150\" height=\"212\" srcset=\"http:\/\/web.philo.ulg.ac.be\/transitions\/wp-content\/uploads\/sites\/3\/2015\/11\/Affiche_Dompnier-212x300.jpg 212w, http:\/\/web.philo.ulg.ac.be\/transitions\/wp-content\/uploads\/sites\/3\/2015\/11\/Affiche_Dompnier-724x1024.jpg 724w, http:\/\/web.philo.ulg.ac.be\/transitions\/wp-content\/uploads\/sites\/3\/2015\/11\/Affiche_Dompnier.jpg 1240w\" sizes=\"(max-width: 150px) 100vw, 150px\" \/><\/a>Organisation : Cycle de conf\u00e9rences de Transitions<\/p>\n<\/div><\/div>\n\t\t\t\t<\/li>\n\t\t\t \t<li class=\"event colloques\">\n\t\t\t\t\t<div class=\"event-date multi-date\"><div class=\"start-date\"><div class=\"event-weekday\">jeu<\/div><div class=\"event-day\">29<\/div><div class=\"event-month\">Oct<\/div><div class=\"event-year\">2015<\/div><\/div><div class=\"end-date\"><div class=\"event-weekday\">sam<\/div><div class=\"event-day\">31<\/div><div class=\"event-month\">Oct<\/div><div class=\"event-year\">2015<\/div><\/div><\/div>\n\t\t\t\t\t<div class=\"event-info multi-day\"><div class=\"event-title\"><h3>Colloque : Intrecci virtuosi : Letterati, artisti e accademie nell\u2019Italia Centrale tra Cinque e Seicento: Roma e Firenze<\/h3><\/div><span class=\"event-location\">Cassino et Rome<\/span><div class=\"event-details\"><p><a href=\"http:\/\/web.philo.ulg.ac.be\/transitions\/wp-content\/uploads\/sites\/3\/2015\/09\/IntrecciVirtuosi.jpg\"><img decoding=\"async\" class=\"alignleft wp-image-7769\" src=\"http:\/\/web.philo.ulg.ac.be\/transitions\/wp-content\/uploads\/sites\/3\/2015\/09\/IntrecciVirtuosi-724x1024.jpg\" alt=\"\" width=\"150\" height=\"212\" srcset=\"http:\/\/web.philo.ulg.ac.be\/transitions\/wp-content\/uploads\/sites\/3\/2015\/09\/IntrecciVirtuosi-212x300.jpg 212w, http:\/\/web.philo.ulg.ac.be\/transitions\/wp-content\/uploads\/sites\/3\/2015\/09\/IntrecciVirtuosi-724x1024.jpg 724w, http:\/\/web.philo.ulg.ac.be\/transitions\/wp-content\/uploads\/sites\/3\/2015\/09\/IntrecciVirtuosi.jpg 1240w\" sizes=\"(max-width: 150px) 100vw, 150px\" \/><\/a>Organisation : <a href=\"http:\/\/web.philo.ulg.ac.be\/transitions\/antonio-geremicca\/\" target=\"_blank\">Antonio Geremicca<\/a>, avec Carla Chiummo et Patrizia Tosini<\/p>\n<p><a href=\"http:\/\/web.philo.ulg.ac.be\/transitions\/wp-content\/uploads\/sites\/3\/2015\/09\/IntrecciVirtuosi_Programme.pdf\" target=\"_blank\">Programme<\/a><\/p>\n<\/div><\/div>\n\t\t\t\t<\/li>\n\t\t\t \t<li class=\"event colloques lodocat\">\n\t\t\t\t\t<div class=\"event-date\"><div class=\"end-date\"><div class=\"event-weekday\">jeu<\/div><div class=\"event-day\">15<\/div><div class=\"event-month\">Oct<\/div><div class=\"event-year\">2015<\/div><\/div><\/div>\n\t\t\t\t\t<div class=\"event-info multi-day\"><div class=\"event-title\"><h3>Journ\u00e9e d&#039;\u00e9tudes : Relations et interactions entre chapitres, couvents, monast\u00e8res f\u00e9minins et leur environnement dans l&#039;espace lotharingien (XIIIe-XVIIIe s.)<\/h3><\/div><span class=\"event-time\">9h-18h30<\/span><span class=\"event-location\">Arras, Universit\u00e9 d&#039;Artois<\/span><div class=\"event-details\"><p><a href=\"http:\/\/web.philo.ulg.ac.be\/transitions\/wp-content\/uploads\/sites\/3\/2015\/09\/LODOCAT_JE_Arras.jpg\"><img decoding=\"async\" class=\"alignleft wp-image-7781\" src=\"http:\/\/web.philo.ulg.ac.be\/transitions\/wp-content\/uploads\/sites\/3\/2015\/09\/LODOCAT_JE_Arras-724x1024.jpg\" alt=\"\" width=\"150\" height=\"212\" srcset=\"http:\/\/web.philo.ulg.ac.be\/transitions\/wp-content\/uploads\/sites\/3\/2015\/09\/LODOCAT_JE_Arras-212x300.jpg 212w, http:\/\/web.philo.ulg.ac.be\/transitions\/wp-content\/uploads\/sites\/3\/2015\/09\/LODOCAT_JE_Arras-724x1024.jpg 724w, http:\/\/web.philo.ulg.ac.be\/transitions\/wp-content\/uploads\/sites\/3\/2015\/09\/LODOCAT_JE_Arras.jpg 1240w\" sizes=\"(max-width: 150px) 100vw, 150px\" \/><\/a>Organisation : <a href=\"http:\/\/web.philo.ulg.ac.be\/transitions\/marie-elisabeth-henneau\/\" target=\"_blank\">Marie-Elisabeth Henneau<\/a> dans le cadre de l'ANR <a href=\"http:\/\/web.philo.ulg.ac.be\/transitions\/lodocat\/\" target=\"_blank\">Lodocat<\/a><\/p>\n<p>Contact : <a href=\"mailto:mehenneau@ulg.ac.be\">mehenneau@ulg.ac.be<\/a><\/p>\n<p><a href=\"http:\/\/web.philo.ulg.ac.be\/transitions\/wp-content\/uploads\/sites\/3\/2015\/09\/LODOCAT_JE_Arras_Prog.pdf\" target=\"_blank\">Programme<\/a><\/p>\n<\/div><\/div>\n\t\t\t\t<\/li>\n\t\t\t \t<li class=\"event colloques\">\n\t\t\t\t\t<div class=\"event-date multi-date\"><div class=\"start-date\"><div class=\"event-weekday\">mer<\/div><div class=\"event-day\">07<\/div><div class=\"event-month\">Oct<\/div><div class=\"event-year\">2015<\/div><\/div><div class=\"end-date\"><div class=\"event-weekday\">ven<\/div><div class=\"event-day\">09<\/div><div class=\"event-month\">Oct<\/div><div class=\"event-year\">2015<\/div><\/div><\/div>\n\t\t\t\t\t<div class=\"event-info multi-day\"><div class=\"event-title\"><h3>Colloque : L&#039;art mosan (1000-1250), un art entre Seine et Rhin? R\u00e9flexions, bilans, perspectives<\/h3><\/div><span class=\"event-location\">Bruxelles - Li\u00e8ge - Namur<\/span><div class=\"event-details\"><p><a href=\"http:\/\/web.philo.ulg.ac.be\/transitions\/wp-content\/uploads\/sites\/3\/2015\/09\/folder_colloque_mosan.jpg\"><img decoding=\"async\" class=\"alignleft wp-image-7754\" src=\"http:\/\/web.philo.ulg.ac.be\/transitions\/wp-content\/uploads\/sites\/3\/2015\/09\/folder_colloque_mosan.jpg\" alt=\"\" width=\"93\" height=\"200\" srcset=\"http:\/\/web.philo.ulg.ac.be\/transitions\/wp-content\/uploads\/sites\/3\/2015\/09\/folder_colloque_mosan-139x300.jpg 139w, http:\/\/web.philo.ulg.ac.be\/transitions\/wp-content\/uploads\/sites\/3\/2015\/09\/folder_colloque_mosan.jpg 302w\" sizes=\"(max-width: 93px) 100vw, 93px\" \/><\/a>Organisation : <a href=\"http:\/\/web.philo.ulg.ac.be\/transitions\/benoit-van-den-bossche\/\" target=\"_blank\">Beno\u00eet Van den Bossche<\/a> (ULg), avec S. Balace (KMKG-MRAH),\u00a0A. Dierkens (ULB), N. Schroeder (ULB) et M. Piavaux (UNamur).<br \/>\nContact : <a href=\"mailto:colloquemosan@mrah.be\">colloquemosan@mrah.be<\/a><\/p>\n<p><a href=\"http:\/\/web.philo.ulg.ac.be\/transitions\/wp-content\/uploads\/sites\/3\/2015\/09\/prospectus-colloque-Art-mosan.pdf\" target=\"_blank\">Programme<\/a><\/p>\n<\/div><\/div>\n\t\t\t\t<\/li>\n\t\t\t \t<li class=\"event colloques epistolart\">\n\t\t\t\t\t<div class=\"event-date multi-date\"><div class=\"start-date\"><div class=\"event-weekday\">jeu<\/div><div class=\"event-day\">01<\/div><div class=\"event-month\">Oct<\/div><div class=\"event-year\">2015<\/div><\/div><div class=\"end-date\"><div class=\"event-weekday\">ven<\/div><div class=\"event-day\">02<\/div><div class=\"event-month\">Oct<\/div><div class=\"event-year\">2015<\/div><\/div><\/div>\n\t\t\t\t\t<div class=\"event-info multi-day\"><div class=\"event-title\"><h3>Colloque : \u00c0 la recherche de la norme : Arts et Lettres dans l&#039;Italie de la Renaissance<\/h3><\/div><span class=\"event-location\">Universit\u00e9 de Li\u00e8ge<\/span><div class=\"event-details\"><p><a href=\"http:\/\/web.philo.ulg.ac.be\/transitions\/wp-content\/uploads\/sites\/3\/2015\/09\/NormesULg.jpg\"><img decoding=\"async\" class=\"alignleft wp-image-7752\" src=\"http:\/\/web.philo.ulg.ac.be\/transitions\/wp-content\/uploads\/sites\/3\/2015\/09\/NormesULg-768x1024.jpg\" alt=\"\" width=\"150\" height=\"200\" srcset=\"http:\/\/web.philo.ulg.ac.be\/transitions\/wp-content\/uploads\/sites\/3\/2015\/09\/NormesULg-225x300.jpg 225w, http:\/\/web.philo.ulg.ac.be\/transitions\/wp-content\/uploads\/sites\/3\/2015\/09\/NormesULg-768x1024.jpg 768w, http:\/\/web.philo.ulg.ac.be\/transitions\/wp-content\/uploads\/sites\/3\/2015\/09\/NormesULg.jpg 1575w\" sizes=\"(max-width: 150px) 100vw, 150px\" \/><\/a><\/p>\n<p>Organisation : <a title=\"H\u00e9l\u00e8ne Miesse\" href=\"http:\/\/web.philo.ulg.ac.be\/transitions\/helene-miesse\/\" target=\"_blank\">H\u00e9l\u00e8ne Miesse<\/a>\u00a0(EpistolART) et <a href=\"http:\/\/web.philo.ulg.ac.be\/transitions\/gianluca-valenti\/\" target=\"_blank\">Gianluca Valenti<\/a>\u00a0(FNRS\/EpistolART)<br \/>\nContact : <a href=\"mailto:recherchenorme@ulg.ac.be\">recherchenorme@ulg.ac.be<\/a><\/p>\n<p><a href=\"http:\/\/web.philo.ulg.ac.be\/transitions\/wp-content\/uploads\/sites\/3\/2015\/09\/Programme_colloque_norme.pdf\" target=\"_blank\">Programme<\/a><\/p>\n<\/div><\/div>\n\t\t\t\t<\/li>\n\t\t\t \t<li class=\"event colloques\">\n\t\t\t\t\t<div class=\"event-date\"><div class=\"end-date\"><div class=\"event-weekday\">ven<\/div><div class=\"event-day\">26<\/div><div class=\"event-month\">Juin<\/div><div class=\"event-year\">2015<\/div><\/div><\/div>\n\t\t\t\t\t<div class=\"event-info multi-day\"><div class=\"event-title\"><h3>Journ\u00e9e d&#039;\u00e9tudes internationale : Les Archives Digitales Francesco Guicciardini \u00e0 l\u2019ULg : L\u2019exorde de la Storia d\u2019Italia comme cas d\u2019\u00e9tude<\/h3><\/div><span class=\"event-time\">10h-17h<\/span><span class=\"event-location\">Li\u00e8ge, Universit\u00e9 de Li\u00e8ge, Salle Lumi\u00e8re<\/span><div class=\"event-details\"><p style=\"text-align: justify;\"><a href=\"http:\/\/web.philo.ulg.ac.be\/transitions\/wp-content\/uploads\/sites\/3\/2015\/05\/20150626Affiche.jpg\"><img decoding=\"async\" class=\"alignleft wp-image-7725\" src=\"http:\/\/web.philo.ulg.ac.be\/transitions\/wp-content\/uploads\/sites\/3\/2015\/05\/20150626Affiche-709x1024.jpg\" alt=\"\" width=\"150\" srcset=\"http:\/\/web.philo.ulg.ac.be\/transitions\/wp-content\/uploads\/sites\/3\/2015\/05\/20150626Affiche-208x300.jpg 208w, http:\/\/web.philo.ulg.ac.be\/transitions\/wp-content\/uploads\/sites\/3\/2015\/05\/20150626Affiche-709x1024.jpg 709w, http:\/\/web.philo.ulg.ac.be\/transitions\/wp-content\/uploads\/sites\/3\/2015\/05\/20150626Affiche.jpg 1125w\" sizes=\"(max-width: 709px) 100vw, 709px\" \/><\/a>Organisation : <a href=\"http:\/\/web.philo.ulg.ac.be\/transitions\/paola-moreno\/\">Paola Moreno<\/a>, en\u00a0collaboration avec\u00a0le Laboratoire d\u2019\u00e9tudes romanes de l\u2019Universit\u00e9 Paris 8, et avec le soutien de\u00a0l\u2019Institut Universitaire de France (IUF).<\/p>\n<p style=\"text-align: justify;\"><a href=\"http:\/\/web.philo.ulg.ac.be\/transitions\/wp-content\/uploads\/sites\/3\/2015\/05\/20150626Prog.pdf\" target=\"_blank\">Programme<\/a><\/p>\n<p style=\"text-align: justify;\">Contact et renseignements : <a href= \"mailto:c.amendola@ulg.ac.be\">Cristiano Amendola<\/a><\/p>\n<\/div><\/div>\n\t\t\t\t<\/li>\n\t\t\t \t<li class=\"event colloques\">\n\t\t\t\t\t<div class=\"event-date multi-date\"><div class=\"start-date\"><div class=\"event-weekday\">jeu<\/div><div class=\"event-day\">25<\/div><div class=\"event-month\">Juin<\/div><div class=\"event-year\">2015<\/div><\/div><div class=\"end-date\"><div class=\"event-weekday\">dim<\/div><div class=\"event-day\">28<\/div><div class=\"event-month\">Juin<\/div><div class=\"event-year\">2015<\/div><\/div><\/div>\n\t\t\t\t\t<div class=\"event-info multi-day\"><div class=\"event-title\"><h3>Colloque international : School of Mamluk Studies<\/h3><\/div><span class=\"event-location\">Li\u00e8ge, Universit\u00e9 de Li\u00e8ge, Salle acad\u00e9mique et salle des professeurs<\/span><div class=\"event-details\"><p><a href=\"http:\/\/web.philo.ulg.ac.be\/transitions\/wp-content\/uploads\/sites\/3\/2015\/06\/SMS2015finalschedule-copie.jpg.jpg\"><img decoding=\"async\" class=\"alignleft wp-image-7740\" src=\"http:\/\/web.philo.ulg.ac.be\/transitions\/wp-content\/uploads\/sites\/3\/2015\/06\/SMS2015finalschedule-copie.jpg.jpg\" alt=\"SMS2015finalschedule - copie.jpg\" width=\"150\" srcset=\"http:\/\/web.philo.ulg.ac.be\/transitions\/wp-content\/uploads\/sites\/3\/2015\/06\/SMS2015finalschedule-copie.jpg-213x300.jpg 213w, http:\/\/web.philo.ulg.ac.be\/transitions\/wp-content\/uploads\/sites\/3\/2015\/06\/SMS2015finalschedule-copie.jpg.jpg 359w\" sizes=\"(max-width: 359px) 100vw, 359px\" \/><\/a><a href=\"http:\/\/web.philo.ulg.ac.be\/transitions\/wp-content\/uploads\/sites\/3\/2015\/06\/SMS2015finalschedule.pdf\" target=\"_blank\">Programme<\/a><\/p>\n<\/div><\/div>\n\t\t\t\t<\/li>\n\t\t\t \t<li class=\"event gpublic\">\n\t\t\t\t\t<div class=\"event-date\"><div class=\"end-date\"><div class=\"event-weekday\">jeu<\/div><div class=\"event-day\">25<\/div><div class=\"event-month\">Juin<\/div><div class=\"event-year\">2015<\/div><\/div><\/div>\n\t\t\t\t\t<div class=\"event-info multi-day\"><div class=\"event-title\"><h3>Exposition : Saint-Jacques \u00e0 Li\u00e8ge, 1000 ans d&#039;architecture, d&#039;art et d&#039;histoire<\/h3><\/div><span class=\"event-location\">Li\u00e8ge, \u00e9glise Saint-Jacques<\/span><div class=\"event-details\"><p style=\"text-align: justify;\"><a href=\"http:\/\/web.philo.ulg.ac.be\/transitions\/wp-content\/uploads\/sites\/3\/2015\/06\/SaintJacques.jpg\"><img decoding=\"async\" class=\"alignleft wp-image-7737\" src=\"http:\/\/web.philo.ulg.ac.be\/transitions\/wp-content\/uploads\/sites\/3\/2015\/06\/SaintJacques-1024x506.jpg\" alt=\"SaintJacques\" width=\"150\" srcset=\"http:\/\/web.philo.ulg.ac.be\/transitions\/wp-content\/uploads\/sites\/3\/2015\/06\/SaintJacques-300x148.jpg 300w, http:\/\/web.philo.ulg.ac.be\/transitions\/wp-content\/uploads\/sites\/3\/2015\/06\/SaintJacques-1024x506.jpg 1024w, http:\/\/web.philo.ulg.ac.be\/transitions\/wp-content\/uploads\/sites\/3\/2015\/06\/SaintJacques.jpg 1181w\" sizes=\"(max-width: 1024px) 100vw, 1024px\" \/><\/a>Le DR <em>Transitions<\/em> est associ\u00e9 aux manifestations organis\u00e9es dans le cadre du Mill\u00e9naire de l\u2019abbaye Saint-Jacques \u00e0 Li\u00e8ge. Huit de ses membres contribuent \u00e0 la monographie qui comm\u00e9morera cet anniversaire, sous la direction de <a href=\"http:\/\/web.philo.ulg.ac.be\/transitions\/dominique-allart\/\">Dominique Allart<\/a> (ULg -Transitions), Mathieu Piavaux (UNamur), <a href=\"http:\/\/web.philo.ulg.ac.be\/transitions\/benoit-van-den-bossche\/\">Beno\u00eet Van den Bossche <\/a>(ULg -Transitions) et Alexis Wilkin (ULB).<\/p>\n<p style=\"text-align: justify;\">Parmi les manifestations\u00a0programm\u00e9es, une <a href=\"http:\/\/web.philo.ulg.ac.be\/transitions\/wp-content\/uploads\/sites\/3\/2015\/06\/SaintJacques-Invitation-web-copie.pdf\" target=\"_blank\">exposition<\/a> se tiendra en l\u2019\u00e9glise Saint-Jacques, du\u00a026 juin au 13 septembre. \u00a0<\/p>\n<\/div><\/div>\n\t\t\t\t<\/li>\n\t\t\t \t<li class=\"event seminaires\">\n\t\t\t\t\t<div class=\"event-date\"><div class=\"end-date\"><div class=\"event-weekday\">ven<\/div><div class=\"event-day\">08<\/div><div class=\"event-month\">Mai<\/div><div class=\"event-year\">2015<\/div><\/div><\/div>\n\t\t\t\t\t<div class=\"event-info multi-day\"><div class=\"event-title\"><h3>!!! S\u00e9minaire doctoral : &quot;Autour du lieu&quot; : NOUVELLE DATE !!!<\/h3><\/div><span class=\"event-time\">9h-11h<\/span><span class=\"event-location\">Li\u00e8ge, ULg, A2\/6\/8<\/span><div class=\"event-details\"><p><strong><a href=\"http:\/\/web.philo.ulg.ac.be\/transitions\/wp-content\/uploads\/sites\/3\/2015\/01\/SemDoc20154.jpg\"><img decoding=\"async\" class=\"alignleft wp-image-7454\" src=\"http:\/\/web.philo.ulg.ac.be\/transitions\/wp-content\/uploads\/sites\/3\/2015\/01\/SemDoc20154-724x1024.jpg\" alt=\"\" width=\"150\" height=\"212\" srcset=\"http:\/\/web.philo.ulg.ac.be\/transitions\/wp-content\/uploads\/sites\/3\/2015\/01\/SemDoc20154-212x300.jpg 212w, http:\/\/web.philo.ulg.ac.be\/transitions\/wp-content\/uploads\/sites\/3\/2015\/01\/SemDoc20154-724x1024.jpg 724w\" sizes=\"(max-width: 150px) 100vw, 150px\" \/><\/a>Les lieux de\u00a0pouvoir<\/strong><\/p>\n<p>Kevin Schneider, <em>Les s\u00e9pultures \u00e9piscopales, ancrer le pouvoir aux XIIe et XIIIe si\u00e8cles<\/em><br \/>Alessandro Rizzo,\u00a0<em>Les espaces du commerce et de la diplomatie r\u00e9serv\u00e9s aux Florentins dans l\u2019Empire mamelouk<br \/><\/em>Mod\u00e9ratrices : J\u00e9romine Fran\u00e7ois et Caroline Saal<\/p>\n<p>Conclusions du s\u00e9minaire<\/p>\n<p style=\"text-align: justify;\">Organisation :\u00a0<a title=\"Caroline Saal\" href=\"http:\/\/web.philo.ulg.ac.be\/transitions\/caroline-saal\/\">Caroline Saal<\/a>,\u00a0<a title=\"Kevin Schneider\" href=\"http:\/\/web.philo.ulg.ac.be\/transitions\/kevin-schneider\/\">Kevin Schneider<\/a>\u00a0et\u00a0<a title=\"J\u00e9romine Fran\u00e7ois\" href=\"http:\/\/web.philo.ulg.ac.be\/transitions\/jeromine-francois\/\">J\u00e9romine Fran\u00e7ois<\/a><\/p>\n<\/div><\/div>\n\t\t\t\t<\/li>\n\t\t\t \t<li class=\"event seminaires\">\n\t\t\t\t\t<div class=\"event-date\"><div class=\"end-date\"><div class=\"event-weekday\">mar<\/div><div class=\"event-day\">05<\/div><div class=\"event-month\">Mai<\/div><div class=\"event-year\">2015<\/div><\/div><\/div>\n\t\t\t\t\t<div class=\"event-info multi-day\"><div class=\"event-title\"><h3>Workshop : L&#039;Europe \u00e0 Rome - IV. La musique dans les \u00e9glises nationales (fin XVIe-XVIIe si\u00e8cles)<\/h3><\/div><span class=\"event-time\">14h<\/span><span class=\"event-location\">Rome, Academia Belgica<\/span><div class=\"event-details\"><p><a href=\"http:\/\/web.philo.ulg.ac.be\/transitions\/wp-content\/uploads\/sites\/3\/2015\/04\/EuropeRomeIV.jpg\"><img decoding=\"async\" class=\"alignleft wp-image-7719\" src=\"http:\/\/web.philo.ulg.ac.be\/transitions\/wp-content\/uploads\/sites\/3\/2015\/04\/EuropeRomeIV-723x1024.jpg\" alt=\"EuropeRomeIV\" width=\"150\" height=\"212\" srcset=\"http:\/\/web.philo.ulg.ac.be\/transitions\/wp-content\/uploads\/sites\/3\/2015\/04\/EuropeRomeIV-212x300.jpg 212w, http:\/\/web.philo.ulg.ac.be\/transitions\/wp-content\/uploads\/sites\/3\/2015\/04\/EuropeRomeIV-723x1024.jpg 723w, http:\/\/web.philo.ulg.ac.be\/transitions\/wp-content\/uploads\/sites\/3\/2015\/04\/EuropeRomeIV.jpg 1239w\" sizes=\"(max-width: 150px) 100vw, 150px\" \/><\/a>Organisation et contact : <a title=\"Michela Berti\" href=\"http:\/\/web.philo.ulg.ac.be\/transitions\/michela-berti\/\">Michela Berti<\/a> et <a title=\"\u00c9milie Corswarem\" href=\"http:\/\/web.philo.ulg.ac.be\/transitions\/emilie-corswarem\/\">Emilie Corswarem<\/a>.<\/p>\n<p>Inscription pr\u00e9alable vivement souhait\u00e9e.<\/p>\n<p>&nbsp;<\/p>\n<\/div><\/div>\n\t\t\t\t<\/li>\n\t\t\t \t<li class=\"event colloques\">\n\t\t\t\t\t<div class=\"event-date multi-date\"><div class=\"start-date\"><div class=\"event-weekday\">lun<\/div><div class=\"event-day\">27<\/div><div class=\"event-month\">Avr<\/div><div class=\"event-year\">2015<\/div><\/div><div class=\"end-date\"><div class=\"event-weekday\">mar<\/div><div class=\"event-day\">28<\/div><div class=\"event-month\">Avr<\/div><div class=\"event-year\">2015<\/div><\/div><\/div>\n\t\t\t\t\t<div class=\"event-info multi-day\"><div class=\"event-title\"><h3>Colloque international : Culture mat\u00e9rielle et contacts diplomatiques entre l\u2019Occident latin, Byzance et l\u2019Orient islamique (XIe-XVIe si\u00e8cle)<\/h3><\/div><span class=\"event-location\">Li\u00e8ge, ULg, Salle des Professeurs (A1, 1er \u00e9tage)<\/span><div class=\"event-details\"><p><a href=\"http:\/\/web.philo.ulg.ac.be\/islamo\/portfolio-item\/agenda\/\" target=\"_blank\">Informations<\/a><a href=\"http:\/\/web.philo.ulg.ac.be\/transitions\/wp-content\/uploads\/sites\/3\/2015\/04\/Affiche-e1429471456647.jpg\"><img decoding=\"async\" class=\"alignleft wp-image-7716\" src=\"http:\/\/web.philo.ulg.ac.be\/transitions\/wp-content\/uploads\/sites\/3\/2015\/04\/Affiche-e1429471456647.jpg\" alt=\"Affiche-e1429471456647\" width=\"150\" height=\"212\" srcset=\"http:\/\/web.philo.ulg.ac.be\/transitions\/wp-content\/uploads\/sites\/3\/2015\/04\/Affiche-e1429471456647-212x300.jpg 212w, http:\/\/web.philo.ulg.ac.be\/transitions\/wp-content\/uploads\/sites\/3\/2015\/04\/Affiche-e1429471456647.jpg 557w\" sizes=\"(max-width: 150px) 100vw, 150px\" \/><\/a><\/p>\n<\/div><\/div>\n\t\t\t\t<\/li>\n\t\t\t \t<li class=\"event colloques epistolart\">\n\t\t\t\t\t<div class=\"event-date\"><div class=\"end-date\"><div class=\"event-weekday\">jeu<\/div><div class=\"event-day\">23<\/div><div class=\"event-month\">Avr<\/div><div class=\"event-year\">2015<\/div><\/div><\/div>\n\t\t\t\t\t<div class=\"event-info multi-day\"><div class=\"event-title\"><h3>Workshop : L&#039;\u00e9dition des textes \u00e9pistolaires vulgaires \u00e0 la Renaissance italienne (EpistolART)<\/h3><\/div><span class=\"event-time\">14h-18h<\/span><span class=\"event-location\">Li\u00e8ge, ULg, Salle du D\u00e9canat (B\u00e2t. A1)<\/span><div class=\"event-details\"><p style=\"text-align: justify;\"><a href=\"http:\/\/web.philo.ulg.ac.be\/transitions\/wp-content\/uploads\/sites\/3\/2015\/03\/EpisolartWorkshop_20150423.jpg\"><img decoding=\"async\" class=\"alignleft wp-image-7627\" src=\"http:\/\/web.philo.ulg.ac.be\/transitions\/wp-content\/uploads\/sites\/3\/2015\/03\/EpisolartWorkshop_20150423-709x1024.jpg\" alt=\"\" width=\"150\" srcset=\"http:\/\/web.philo.ulg.ac.be\/transitions\/wp-content\/uploads\/sites\/3\/2015\/03\/EpisolartWorkshop_20150423-208x300.jpg 208w, http:\/\/web.philo.ulg.ac.be\/transitions\/wp-content\/uploads\/sites\/3\/2015\/03\/EpisolartWorkshop_20150423-709x1024.jpg 709w, http:\/\/web.philo.ulg.ac.be\/transitions\/wp-content\/uploads\/sites\/3\/2015\/03\/EpisolartWorkshop_20150423.jpg 1125w\" sizes=\"(max-width: 709px) 100vw, 709px\" \/><\/a>En pr\u00e9sence de Daniela Ferrari et Roberto Vetrugno (projet IDEA Isabella d'Este Archive), Lucia Aquino (EpistolART), Antonio Ciaralli (Universit\u00e0 di Perugia).<\/p>\n<p style=\"text-align: justify;\">Renseignements : <a href=\"mailto:charlotte.marique@ulg.ac.be\"> Charlotte Marique<\/a> ou <a href=\"mailto:cmarconato@student.ulg.ac.be\">Claudia Marconato<\/a><\/p>\n<\/div><\/div>\n\t\t\t\t<\/li>\n\t\t\t \t<li class=\"event conferences\">\n\t\t\t\t\t<div class=\"event-date\"><div class=\"end-date\"><div class=\"event-weekday\">ven<\/div><div class=\"event-day\">27<\/div><div class=\"event-month\">Mar<\/div><div class=\"event-year\">2015<\/div><\/div><\/div>\n\t\t\t\t\t<div class=\"event-info multi-day\"><div class=\"event-title\"><h3>Le hasard et le cas : une conf\u00e9rence de Carlo Ginzburg<\/h3><\/div><span class=\"event-time\">16h-18h<\/span><span class=\"event-location\">Li\u00e8ge, ULg, salle des Professeurs<\/span><div class=\"event-details\"><p><img decoding=\"async\" class=\"alignleft wp-image-7639\" src=\"http:\/\/web.philo.ulg.ac.be\/transitions\/wp-content\/uploads\/sites\/3\/2015\/03\/Ginzburg_affiche-724x1024.jpg\" alt=\"\" width=\"150\" height=\"212\" srcset=\"http:\/\/web.philo.ulg.ac.be\/transitions\/wp-content\/uploads\/sites\/3\/2015\/03\/Ginzburg_affiche-212x300.jpg 212w, http:\/\/web.philo.ulg.ac.be\/transitions\/wp-content\/uploads\/sites\/3\/2015\/03\/Ginzburg_affiche-724x1024.jpg 724w, http:\/\/web.philo.ulg.ac.be\/transitions\/wp-content\/uploads\/sites\/3\/2015\/03\/Ginzburg_affiche.jpg 1753w\" sizes=\"(max-width: 150px) 100vw, 150px\" \/>A l'occasion de la remise des insignes de\u00a0Docteur <i>Honoris causa<\/i>.<\/p>\n<p>Contacts : <a href=\"mailto:adelfosse@ulg.ac.be\">adelfosse@ulg.ac.be<\/a> ou\u00a0<a href=\"mailto:gregory.cormann@ulg.ac.be\">gregory.cormann@ulg.ac.be<\/a><\/p>\n<\/div><\/div>\n\t\t\t\t<\/li>\n\t\t\t \t<li class=\"event colloques epistolart\">\n\t\t\t\t\t<div class=\"event-date\"><div class=\"end-date\"><div class=\"event-weekday\">jeu<\/div><div class=\"event-day\">26<\/div><div class=\"event-month\">Mar<\/div><div class=\"event-year\">2015<\/div><\/div><\/div>\n\t\t\t\t\t<div class=\"event-info multi-day\"><div class=\"event-title\"><h3>Annual Meeting of the Renaissance Society of America<\/h3><\/div><span class=\"event-time\">13h15-18h15<\/span><span class=\"event-location\">Berlin, Humboldt Universit\u00e4t, Hegelplatz, Dorotheenstrasse 24\/1, Fourth Floor, 1.405<\/span><div class=\"event-details\"><p style=\"text-align: justify;\"><a href=\"http:\/\/web.philo.ulg.ac.be\/transitions\/wp-content\/uploads\/sites\/3\/2014\/08\/RSA.jpg\"><img decoding=\"async\" class=\"alignleft wp-image-6881\" src=\"http:\/\/web.philo.ulg.ac.be\/transitions\/wp-content\/uploads\/sites\/3\/2014\/08\/RSA.jpg\" alt=\"\" width=\"150\" height=\"108\" \/><\/a>The EpistolART team \u00a0is attending the next annual meeting of the RSA (Berlin) in order to present its first research results and its digital critical edition of Gaye\u2019s\u00a0<em>Carteggio inedito.<\/em><strong>\u00a0<\/strong><\/p>\n<p style=\"text-align: justify;\"><strong>See the schedule of its 3 panels <a href=\"http:\/\/convention2.allacademic.com\/one\/rsa\/rsa15\/index.php?cmd=Online+Program+View+Person&amp;selected_people_id=5213346&amp;PHPSESSID=tp2gj8d437u2klu2kgdvavom80\" target=\"_blank\">here<\/a>.<\/strong><\/p>\n<\/div><\/div>\n\t\t\t\t<\/li>\n\t\t\t \t<li class=\"event conferences gpublic\">\n\t\t\t\t\t<div class=\"event-date\"><div class=\"end-date\"><div class=\"event-weekday\">mer<\/div><div class=\"event-day\">18<\/div><div class=\"event-month\">Mar<\/div><div class=\"event-year\">2015<\/div><\/div><\/div>\n\t\t\t\t\t<div class=\"event-info multi-day\"><div class=\"event-title\"><h3>Musica e potere nella Roma barocca : une conf\u00e9rence de Michela Berti, Transitions<\/h3><\/div><span class=\"event-time\">18h30<\/span><span class=\"event-location\">Li\u00e8ge, ULg, Salle Wittert (B\u00e2t. A1)<\/span><div class=\"event-details\"><p><em><b><a href=\"http:\/\/web.philo.ulg.ac.be\/transitions\/wp-content\/uploads\/sites\/3\/2014\/10\/2.jpg\"><img decoding=\"async\" class=\" wp-image-7339 alignleft\" src=\"http:\/\/web.philo.ulg.ac.be\/transitions\/wp-content\/uploads\/sites\/3\/2014\/10\/2.jpg\" alt=\"\" width=\"150\" srcset=\"http:\/\/web.philo.ulg.ac.be\/transitions\/wp-content\/uploads\/sites\/3\/2014\/10\/2-204x300.jpg 204w, http:\/\/web.philo.ulg.ac.be\/transitions\/wp-content\/uploads\/sites\/3\/2014\/10\/2.jpg 699w\" sizes=\"(max-width: 699px) 100vw, 699px\" \/><\/a><\/b><\/em><\/p>\n<p style=\"text-align: justify;\">La musicologue <a title=\"Michela Berti\" href=\"http:\/\/web.philo.ulg.ac.be\/transitions\/michela-berti\/\">Michela Berti<\/a>, de formation romaine et parisienne, nous transportera de nouveau \u00e0 Rome et analysera le lien \u00e9troit entre pouvoir et musique, qui caract\u00e9risait la ville papale \u00e0 l\u2019\u00e2ge baroque.<\/p>\n<p style=\"text-align: justify;\">Voir la <a href=\"http:\/\/youtu.be\/H_7Cnf-5_OE\" target=\"_blank\">vid\u00e9o de pr\u00e9sentation<\/a>\u00a0<\/p>\n<\/div><\/div>\n\t\t\t\t<\/li>\n\t\t\t \t<li class=\"event conferences cycleconferences gpublic\">\n\t\t\t\t\t<div class=\"event-date\"><div class=\"end-date\"><div class=\"event-weekday\">mar<\/div><div class=\"event-day\">17<\/div><div class=\"event-month\">Mar<\/div><div class=\"event-year\">2015<\/div><\/div><\/div>\n\t\t\t\t\t<div class=\"event-info multi-day\"><div class=\"event-title\"><h3>\u00c9mouvoir la cit\u00e9 : un examen des \u00e9motions en politique : une conf\u00e9rence de Nicole Hochner, The Hebrew University of Jerusalem<\/h3><\/div><span class=\"event-time\">18h30<\/span><span class=\"event-location\">Li\u00e8ge, ULg, Salle des Professeurs (B\u00e2t. A1)<\/span><div class=\"event-details\"><p><a href=\"http:\/\/web.philo.ulg.ac.be\/transitions\/wp-content\/uploads\/sites\/3\/2015\/02\/Hochner.jpg\"><img decoding=\"async\" class=\"alignleft wp-image-7616\" src=\"http:\/\/web.philo.ulg.ac.be\/transitions\/wp-content\/uploads\/sites\/3\/2015\/02\/Hochner-724x1024.jpg\" alt=\"\" width=\"150\" height=\"212\" srcset=\"http:\/\/web.philo.ulg.ac.be\/transitions\/wp-content\/uploads\/sites\/3\/2015\/02\/Hochner-212x300.jpg 212w, http:\/\/web.philo.ulg.ac.be\/transitions\/wp-content\/uploads\/sites\/3\/2015\/02\/Hochner-724x1024.jpg 724w, http:\/\/web.philo.ulg.ac.be\/transitions\/wp-content\/uploads\/sites\/3\/2015\/02\/Hochner.jpg 1753w\" sizes=\"(max-width: 150px) 100vw, 150px\" \/><\/a>La conf\u00e9rence sera suivie d'un d\u00e9bat auquel participeront Didier Vrancken, Gr\u00e9gory Cormann, J\u00e9r\u00e9my Hamers et Jonathan Dumont.<\/p>\n<p>En collaboration avec la <a href=\"http:\/\/www.msh.ulg.ac.be\/jcms\/j_6\/fr\/accueil\" target=\"_blank\">Maison des Sciences de l'Homme<\/a>.<\/p>\n<p>Contact :<a title=\"Jonathan Dumont\" href=\"http:\/\/web.philo.ulg.ac.be\/transitions\/jonathan-dumont\/\" target=\"_blank\"> Jonathan Dumont<\/a><\/p>\n<\/div><\/div>\n\t\t\t\t<\/li>\n\t\t\t \t<li class=\"event seminaires\">\n\t\t\t\t\t<div class=\"event-date\"><div class=\"end-date\"><div class=\"event-weekday\">mer<\/div><div class=\"event-day\">11<\/div><div class=\"event-month\">Mar<\/div><div class=\"event-year\">2015<\/div><\/div><\/div>\n\t\t\t\t\t<div class=\"event-info multi-day\"><div class=\"event-title\"><h3>S\u00e9minaire doctoral : &quot;Autour du lieu&quot;<\/h3><\/div><span class=\"event-time\">11h-13h<\/span><span class=\"event-location\">Li\u00e8ge, ULg, A2\/4\/15<\/span><div class=\"event-details\"><p><strong><a href=\"http:\/\/web.philo.ulg.ac.be\/transitions\/wp-content\/uploads\/sites\/3\/2015\/01\/SemDoc20153.jpg\"><img decoding=\"async\" class=\"alignleft wp-image-7453\" src=\"http:\/\/web.philo.ulg.ac.be\/transitions\/wp-content\/uploads\/sites\/3\/2015\/01\/SemDoc20153-724x1024.jpg\" alt=\"\" width=\"150\" height=\"212\" srcset=\"http:\/\/web.philo.ulg.ac.be\/transitions\/wp-content\/uploads\/sites\/3\/2015\/01\/SemDoc20153-212x300.jpg 212w, http:\/\/web.philo.ulg.ac.be\/transitions\/wp-content\/uploads\/sites\/3\/2015\/01\/SemDoc20153-724x1024.jpg 724w\" sizes=\"(max-width: 150px) 100vw, 150px\" \/><\/a>Les lieux de sociabilit\u00e9<\/strong><\/p>\n<p style=\"text-align: justify;\">Arnaud Rusch, <em>Le livre de f\u00eate dans l'espace : la question de la visibilit\u00e9 et de la conservation des imprim\u00e9s des f\u00eates et c\u00e9r\u00e9monies du pouvoir<\/em><br \/>Julien R\u00e9gibeau, <em>G\u00e9opolitique de la diplomatie : le lieu comme acteur des n\u00e9gociations de l\u2019internonce Bichi (1645-1646)<br \/><\/em>Mod\u00e9ratrice\u00a0: J\u00e9romine Fran\u00e7ois<\/p>\n<p style=\"text-align: justify;\">Organisation :\u00a0<a title=\"Caroline Saal\" href=\"http:\/\/web.philo.ulg.ac.be\/transitions\/caroline-saal\/\">Caroline Saal<\/a>,\u00a0<a title=\"Kevin Schneider\" href=\"http:\/\/web.philo.ulg.ac.be\/transitions\/kevin-schneider\/\">Kevin Schneider<\/a>\u00a0et\u00a0<a title=\"J\u00e9romine Fran\u00e7ois\" href=\"http:\/\/web.philo.ulg.ac.be\/transitions\/jeromine-francois\/\">J\u00e9romine Fran\u00e7ois<\/a><\/p>\n<\/div><\/div>\n\t\t\t\t<\/li>\n\t\t\t \t<li class=\"event cycleconferences\">\n\t\t\t\t\t<div class=\"event-date\"><div class=\"end-date\"><div class=\"event-weekday\">mar<\/div><div class=\"event-day\">10<\/div><div class=\"event-month\">Mar<\/div><div class=\"event-year\">2015<\/div><\/div><\/div>\n\t\t\t\t\t<div class=\"event-info multi-day\"><div class=\"event-title\"><h3>Du Manuscrit \u00e0 l\u2019imprim\u00e9. Le cas du Roman de Guiglan (1520 [?]) : une conf\u00e9rence de Richard Trachsler (Universit\u00e9 de Z\u00fcrich)<\/h3><\/div><span class=\"event-time\">18h<\/span><span class=\"event-location\">Li\u00e8ge, ULg, Grand Physique (B\u00e2t. A1)<\/span><div class=\"event-details\"><p><a href=\"http:\/\/web.philo.ulg.ac.be\/transitions\/wp-content\/uploads\/sites\/3\/2015\/03\/Trachsler_201503.jpg\"><img decoding=\"async\" class=\"alignleft wp-image-7622\" src=\"http:\/\/web.philo.ulg.ac.be\/transitions\/wp-content\/uploads\/sites\/3\/2015\/03\/Trachsler_201503-724x1024.jpg\" alt=\"\" width=\"150\" height=\"212\" srcset=\"http:\/\/web.philo.ulg.ac.be\/transitions\/wp-content\/uploads\/sites\/3\/2015\/03\/Trachsler_201503-212x300.jpg 212w, http:\/\/web.philo.ulg.ac.be\/transitions\/wp-content\/uploads\/sites\/3\/2015\/03\/Trachsler_201503-724x1024.jpg 724w, http:\/\/web.philo.ulg.ac.be\/transitions\/wp-content\/uploads\/sites\/3\/2015\/03\/Trachsler_201503.jpg 1200w\" sizes=\"(max-width: 150px) 100vw, 150px\" \/><\/a>Organisation : Cycle de conf\u00e9rences de Transitions<\/p>\n<\/div><\/div>\n\t\t\t\t<\/li>\n\t\t\t \t<li class=\"event colloques\">\n\t\t\t\t\t<div class=\"event-date multi-date\"><div class=\"start-date\"><div class=\"event-weekday\">mer<\/div><div class=\"event-day\">04<\/div><div class=\"event-month\">Mar<\/div><div class=\"event-year\">2015<\/div><\/div><div class=\"end-date\"><div class=\"event-weekday\">sam<\/div><div class=\"event-day\">07<\/div><div class=\"event-month\">Mar<\/div><div class=\"event-year\">2015<\/div><\/div><\/div>\n\t\t\t\t\t<div class=\"event-info multi-day\"><div class=\"event-title\"><h3>Mary of Burgundy, the Reign, the &#039;Persona&#039; and the Legacy of a European Princess : a International Colloquium<\/h3><\/div><span class=\"event-location\">Bruxelles, University of Birmingham Office \/ Bruges, Groeningemuseum<\/span><div class=\"event-details\"><p style=\"text-align: justify;\"><a href=\"http:\/\/web.philo.ulg.ac.be\/transitions\/wp-content\/uploads\/sites\/3\/2015\/01\/201503_MoB.jpg\"><img decoding=\"async\" class=\"alignleft wp-image-7465\" src=\"http:\/\/web.philo.ulg.ac.be\/transitions\/wp-content\/uploads\/sites\/3\/2015\/01\/201503_MoB-724x1024.jpg\" alt=\"\" width=\"150\" height=\"212\" srcset=\"http:\/\/web.philo.ulg.ac.be\/transitions\/wp-content\/uploads\/sites\/3\/2015\/01\/201503_MoB-212x300.jpg 212w, http:\/\/web.philo.ulg.ac.be\/transitions\/wp-content\/uploads\/sites\/3\/2015\/01\/201503_MoB-724x1024.jpg 724w\" sizes=\"(max-width: 150px) 100vw, 150px\" \/><\/a>Organisateurs :\u00a0<a title=\"Jonathan Dumont\" href=\"http:\/\/web.philo.ulg.ac.be\/transitions\/jonathan-dumont\/\">Jonathan Dumont<\/a> (FNRS-ULg\/Transitions), Michael Depreter (ULB), <a title=\"Elizabeth L\u2019Estrange\" href=\"http:\/\/web.philo.ulg.ac.be\/transitions\/elizabeth-lestrange\/\">Elizabeth L'Estrange<\/a> (University of Birmingham), Samuel Mareel (UGent).<\/p>\n<p><a title=\"Programme\" href=\"http:\/\/web.philo.ulg.ac.be\/transitions\/wp-content\/uploads\/sites\/3\/2015\/01\/201503_MoB_Program.pdf\" target=\"_blank\">Programme<\/a><\/p>\n<p style=\"text-align: justify;\">Des bourses de voyage sont disponibles pour les \u00e9tudiants de Master et\u00a0les doctorants (information et conditions :\u00a0<a href=\"mailto:Maryofburgundy2015@gmail.com\">Maryofburgundy2015@gmail.com<\/a>).\u00a0<\/p>\n<p style=\"text-align: justify;\">Site web :\u00a0<a title=\"https:\/\/maryofburgundy2015.wordpress.com\/\" href=\"https:\/\/maryofburgundy2015.wordpress.com\/\" target=\"_blank\">https:\/\/maryofburgundy2015.wordpress.com\/<\/a><\/p>\n<\/div><\/div>\n\t\t\t\t<\/li>\n\t\t\t \t<li class=\"event conferences gpublic\">\n\t\t\t\t\t<div class=\"event-date\"><div class=\"end-date\"><div class=\"event-weekday\">ven<\/div><div class=\"event-day\">27<\/div><div class=\"event-month\">F\u00e9v<\/div><div class=\"event-year\">2015<\/div><\/div><\/div>\n\t\t\t\t\t<div class=\"event-info multi-day\"><div class=\"event-title\"><h3>Pietro Bembo et les arts au temps de L\u00e9on X : une conf\u00e9rence de Silvia Ginzburg<\/h3><\/div><span class=\"event-time\">18h<\/span><span class=\"event-location\">Li\u00e8ge, ULg, Salle des Professeurs  (A1, 1er \u00e9tage)<\/span><div class=\"event-details\"><p><a href=\"http:\/\/web.philo.ulg.ac.be\/transitions\/wp-content\/uploads\/sites\/3\/2015\/02\/GinzburgS_affiche.jpg\"><img decoding=\"async\" class=\"alignleft wp-image-7591\" src=\"http:\/\/web.philo.ulg.ac.be\/transitions\/wp-content\/uploads\/sites\/3\/2015\/02\/GinzburgS_affiche-768x1024.jpg\" alt=\"\" width=\"150\" height=\"200\" srcset=\"http:\/\/web.philo.ulg.ac.be\/transitions\/wp-content\/uploads\/sites\/3\/2015\/02\/GinzburgS_affiche-225x300.jpg 225w, http:\/\/web.philo.ulg.ac.be\/transitions\/wp-content\/uploads\/sites\/3\/2015\/02\/GinzburgS_affiche-768x1024.jpg 768w, http:\/\/web.philo.ulg.ac.be\/transitions\/wp-content\/uploads\/sites\/3\/2015\/02\/GinzburgS_affiche.jpg 1125w\" sizes=\"(max-width: 150px) 100vw, 150px\" \/><\/a>Conf\u00e9rence de cl\u00f4ture du colloque <em>\u00catre hommes de \"lettres\" : secr\u00e9taires et politiques culturelles au seizi\u00e8me si\u00e8cle<\/em><\/p>\n<p>Organisation : Antonio Geremicca &amp; H\u00e9l\u00e8ne Miesse<\/p>\n<\/div><\/div>\n\t\t\t\t<\/li>\n\t\t\t \t<li class=\"event colloques epistolart\">\n\t\t\t\t\t<div class=\"event-date multi-date\"><div class=\"start-date\"><div class=\"event-weekday\">jeu<\/div><div class=\"event-day\">26<\/div><div class=\"event-month\">F\u00e9v<\/div><div class=\"event-year\">2015<\/div><\/div><div class=\"end-date\"><div class=\"event-weekday\">ven<\/div><div class=\"event-day\">27<\/div><div class=\"event-month\">F\u00e9v<\/div><div class=\"event-year\">2015<\/div><\/div><\/div>\n\t\t\t\t\t<div class=\"event-info multi-day\"><div class=\"event-title\"><h3>\u00catre homme de \u201clettres\u201d. Secr\u00e9taires et politique culturelle au seizi\u00e8me si\u00e8cle : colloque international<\/h3><\/div><span class=\"event-location\">Li\u00e8ge, ULg, Salle des Professeurs (A1, 1er \u00e9tage)<\/span><div class=\"event-details\"><p><a href=\"http:\/\/web.philo.ulg.ac.be\/transitions\/wp-content\/uploads\/sites\/3\/2015\/01\/2015022627_HommedeLettres.jpg\"><img decoding=\"async\" class=\"alignleft wp-image-7549\" src=\"http:\/\/web.philo.ulg.ac.be\/transitions\/wp-content\/uploads\/sites\/3\/2015\/01\/2015022627_HommedeLettres-768x1024.jpg\" alt=\"\" width=\"150\" height=\"200\" srcset=\"http:\/\/web.philo.ulg.ac.be\/transitions\/wp-content\/uploads\/sites\/3\/2015\/01\/2015022627_HommedeLettres-225x300.jpg 225w, http:\/\/web.philo.ulg.ac.be\/transitions\/wp-content\/uploads\/sites\/3\/2015\/01\/2015022627_HommedeLettres-768x1024.jpg 768w, http:\/\/web.philo.ulg.ac.be\/transitions\/wp-content\/uploads\/sites\/3\/2015\/01\/2015022627_HommedeLettres.jpg 1008w\" sizes=\"(max-width: 150px) 100vw, 150px\" \/><\/a><a href=\"http:\/\/web.philo.ulg.ac.be\/transitions\/wp-content\/uploads\/sites\/3\/2015\/02\/Programma-Segretario-definitivo.pdf\" target=\"_blank\">Programme<\/a><\/p>\n<p><a href=\"http:\/\/web.philo.ulg.ac.be\/transitions\/wp-content\/uploads\/sites\/3\/2014\/12\/HommeLettres_InfosPratiques.pdf\" target=\"_blank\">Informations pratiques<\/a><\/p>\n<p><a href=\"http:\/\/web.philo.ulg.ac.be\/transitions\/wp-content\/uploads\/sites\/3\/2014\/08\/CallSecretaires1.pdf\" target=\"_blank\">Appel \u00e0 communication (IT \/ FR \/ EN)<\/a>\u00a0(appel cl\u00f4tur\u00e9)<\/p>\n<p>Organisation : <a title=\"Antonio Geremicca\" href=\"http:\/\/web.philo.ulg.ac.be\/transitions\/antonio-geremicca\/\">Antonio Geremicca<\/a> et <a title=\"H\u00e9l\u00e8ne Miesse\" href=\"http:\/\/web.philo.ulg.ac.be\/transitions\/helene-miesse\/\">H\u00e9l\u00e8ne Miesse<\/a><\/p>\n<p>&nbsp;<\/p>\n<\/div><\/div>\n\t\t\t\t<\/li>\n\t\t\t \t<li class=\"event colloques epistolart\">\n\t\t\t\t\t<div class=\"event-date\"><div class=\"end-date\"><div class=\"event-weekday\">ven<\/div><div class=\"event-day\">13<\/div><div class=\"event-month\">F\u00e9v<\/div><div class=\"event-year\">2015<\/div><\/div><\/div>\n\t\t\t\t\t<div class=\"event-info multi-day\"><div class=\"event-title\"><h3>Probl\u00e9matiques et m\u00e9thodologies ecdotiques. Quelques exemples italiens : Journ\u00e9e du Groupe de contact FNRS en Ecdotique Moderne<\/h3><\/div><span class=\"event-time\">9h30-13h<\/span><span class=\"event-location\">Universit\u00e9 de Li\u00e8ge, Salle Lumi\u00e8re<\/span><div class=\"event-details\"><p><a href=\"http:\/\/web.philo.ulg.ac.be\/transitions\/wp-content\/uploads\/sites\/3\/2015\/02\/20150213.jpg\"><img decoding=\"async\" class=\"alignleft wp-image-7556\" src=\"http:\/\/web.philo.ulg.ac.be\/transitions\/wp-content\/uploads\/sites\/3\/2015\/02\/20150213-768x1024.jpg\" alt=\"\" width=\"150\" height=\"200\" srcset=\"http:\/\/web.philo.ulg.ac.be\/transitions\/wp-content\/uploads\/sites\/3\/2015\/02\/20150213-225x300.jpg 225w, http:\/\/web.philo.ulg.ac.be\/transitions\/wp-content\/uploads\/sites\/3\/2015\/02\/20150213-768x1024.jpg 768w, http:\/\/web.philo.ulg.ac.be\/transitions\/wp-content\/uploads\/sites\/3\/2015\/02\/20150213.jpg 1575w\" sizes=\"(max-width: 150px) 100vw, 150px\" \/><\/a><\/p>\n<p><a href=\"http:\/\/web.philo.ulg.ac.be\/transitions\/wp-content\/uploads\/sites\/3\/2015\/01\/20150213_Programme.pdf\" target=\"_blank\">Programme<\/a><\/p>\n<p>En collaboration avec le GEDHSR<\/p>\n<\/div><\/div>\n\t\t\t\t<\/li>\n\t\t\t \t<li class=\"event seminaires\">\n\t\t\t\t\t<div class=\"event-date\"><div class=\"end-date\"><div class=\"event-weekday\">mer<\/div><div class=\"event-day\">11<\/div><div class=\"event-month\">F\u00e9v<\/div><div class=\"event-year\">2015<\/div><\/div><\/div>\n\t\t\t\t\t<div class=\"event-info multi-day\"><div class=\"event-title\"><h3>S\u00e9minaire doctoral : &quot;Autour du lieu&quot;<\/h3><\/div><span class=\"event-time\">11h-13h<\/span><span class=\"event-location\">Li\u00e8ge, ULg, A2\/4\/15<\/span><div class=\"event-details\"><p><strong><a href=\"http:\/\/web.philo.ulg.ac.be\/transitions\/wp-content\/uploads\/sites\/3\/2015\/01\/SemDoc20152.jpg\"><img decoding=\"async\" class=\"alignleft wp-image-7452\" src=\"http:\/\/web.philo.ulg.ac.be\/transitions\/wp-content\/uploads\/sites\/3\/2015\/01\/SemDoc20152-724x1024.jpg\" alt=\"\" width=\"150\" height=\"212\" srcset=\"http:\/\/web.philo.ulg.ac.be\/transitions\/wp-content\/uploads\/sites\/3\/2015\/01\/SemDoc20152-212x300.jpg 212w, http:\/\/web.philo.ulg.ac.be\/transitions\/wp-content\/uploads\/sites\/3\/2015\/01\/SemDoc20152-724x1024.jpg 724w\" sizes=\"(max-width: 150px) 100vw, 150px\" \/><\/a>Le lieu de production des sources<\/strong><\/p>\n<p>Cristiano Amendola, <em>La chancellerie comme lieu de production de prose<\/em><br \/>Caroline Saal, <em>La place du lieu social dans l\u2019acte historiographique<br \/><\/em>Mod\u00e9rateur : Kevin Schneider<\/p>\n<p>Organisation :\u00a0<a title=\"Caroline Saal\" href=\"http:\/\/web.philo.ulg.ac.be\/transitions\/caroline-saal\/\">Caroline Saal<\/a>,\u00a0<a title=\"Kevin Schneider\" href=\"http:\/\/web.philo.ulg.ac.be\/transitions\/kevin-schneider\/\">Kevin Schneider<\/a>\u00a0et\u00a0<a title=\"J\u00e9romine Fran\u00e7ois\" href=\"http:\/\/web.philo.ulg.ac.be\/transitions\/jeromine-francois\/\">J\u00e9romine Fran\u00e7ois<\/a><\/p>\n<\/div><\/div>\n\t\t\t\t<\/li>\n\t\t\t \t<li class=\"event cycleconferences\">\n\t\t\t\t\t<div class=\"event-date\"><div class=\"end-date\"><div class=\"event-weekday\">mar<\/div><div class=\"event-day\">10<\/div><div class=\"event-month\">F\u00e9v<\/div><div class=\"event-year\">2015<\/div><\/div><\/div>\n\t\t\t\t\t<div class=\"event-info multi-day\"><div class=\"event-title\"><h3>Artistes toscans \u00e0 la cour de France sous le r\u00e8gne de Charles VIII et Louis XII : une conf\u00e9rence de Tommaso Mozzati (Universit\u00e9 de P\u00e9rouse)<\/h3><\/div><span class=\"event-time\">18h<\/span><span class=\"event-location\">Li\u00e8ge, ULg, Grand Physique (B\u00e2t. A1)<\/span><div class=\"event-details\"><p>\u00a0<a href=\"http:\/\/web.philo.ulg.ac.be\/transitions\/wp-content\/uploads\/sites\/3\/2015\/01\/20150210_Mozzati.jpg\"><img decoding=\"async\" class=\"alignleft wp-image-7544\" src=\"http:\/\/web.philo.ulg.ac.be\/transitions\/wp-content\/uploads\/sites\/3\/2015\/01\/20150210_Mozzati-724x1024.jpg\" alt=\"\" width=\"150\" srcset=\"http:\/\/web.philo.ulg.ac.be\/transitions\/wp-content\/uploads\/sites\/3\/2015\/01\/20150210_Mozzati-212x300.jpg 212w, http:\/\/web.philo.ulg.ac.be\/transitions\/wp-content\/uploads\/sites\/3\/2015\/01\/20150210_Mozzati-724x1024.jpg 724w, http:\/\/web.philo.ulg.ac.be\/transitions\/wp-content\/uploads\/sites\/3\/2015\/01\/20150210_Mozzati.jpg 1240w\" sizes=\"(max-width: 724px) 100vw, 724px\" \/><\/a>Organisation : Cycle de conf\u00e9rences de Transitions<\/p>\n<\/div><\/div>\n\t\t\t\t<\/li>\n\t\t\t \t<li class=\"event conferences gpublic\">\n\t\t\t\t\t<div class=\"event-date\"><div class=\"end-date\"><div class=\"event-weekday\">mer<\/div><div class=\"event-day\">04<\/div><div class=\"event-month\">F\u00e9v<\/div><div class=\"event-year\">2015<\/div><\/div><\/div>\n\t\t\t\t\t<div class=\"event-info multi-day\"><div class=\"event-title\"><h3>Lo \u201cstratega\u201d delle immagini. Cosimo I de\u2019 Medici e gli artisti della Firenze ducale : une conf\u00e9rence d&#039;Antonio Geremicca (Transitions)<\/h3><\/div><span class=\"event-time\">18h30<\/span><span class=\"event-location\">Li\u00e8ge, ULg, Salle Wittert (B\u00e2t. A1)<\/span><div class=\"event-details\"><p><b><i><a href=\"http:\/\/web.philo.ulg.ac.be\/transitions\/wp-content\/uploads\/sites\/3\/2014\/10\/3.jpg\"><img decoding=\"async\" class=\" wp-image-7342 alignleft\" src=\"http:\/\/web.philo.ulg.ac.be\/transitions\/wp-content\/uploads\/sites\/3\/2014\/10\/3.jpg\" alt=\"\" width=\"150\" srcset=\"http:\/\/web.philo.ulg.ac.be\/transitions\/wp-content\/uploads\/sites\/3\/2014\/10\/3-217x300.jpg 217w, http:\/\/web.philo.ulg.ac.be\/transitions\/wp-content\/uploads\/sites\/3\/2014\/10\/3.jpg 558w\" sizes=\"(max-width: 558px) 100vw, 558px\" \/><\/a><\/i><\/b><\/p>\n<p style=\"text-align: justify;\">C\u2019est \u00e0 Florence que nous am\u00e8ne\u00a0<a title=\"Antonio Geremicca\" href=\"http:\/\/web.philo.ulg.ac.be\/transitions\/antonio-geremicca\/\">Antonio Geremicca<\/a>. Historien de l\u2019art form\u00e9 \u00e0 l\u2019Universit\u00e9 de Pise, il examinera les choix artistiques de Cosme I<sup>er<\/sup> de M\u00e9dicis, prince qui fit du m\u00e9c\u00e9nat un instrument de propagande de son pouvoir.<\/p>\n<p style=\"text-align: justify;\"><a href=\"http:\/\/youtu.be\/YF8VZ2wPPtg\" target=\"_blank\">Vid\u00e9o de pr\u00e9sentation<\/a><\/p>\n<\/div><\/div>\n\t\t\t\t<\/li>\n\t\t\t \t<li class=\"event seminaires\">\n\t\t\t\t\t<div class=\"event-date\"><div class=\"end-date\"><div class=\"event-weekday\">mer<\/div><div class=\"event-day\">21<\/div><div class=\"event-month\">Jan<\/div><div class=\"event-year\">2015<\/div><\/div><\/div>\n\t\t\t\t\t<div class=\"event-info multi-day\"><div class=\"event-title\"><h3>S\u00e9minaire doctoral : &quot;Autour du lieu&quot;<\/h3><\/div><span class=\"event-time\">11h-13h<\/span><span class=\"event-location\">Li\u00e8ge, ULg, A2\/4\/15<\/span><div class=\"event-details\"><p><strong><a href=\"http:\/\/web.philo.ulg.ac.be\/transitions\/wp-content\/uploads\/sites\/3\/2015\/01\/SemDoc2015.jpg\"><img decoding=\"async\" class=\" wp-image-7451 alignleft\" src=\"http:\/\/web.philo.ulg.ac.be\/transitions\/wp-content\/uploads\/sites\/3\/2015\/01\/SemDoc2015-724x1024.jpg\" alt=\"S\u00e9minaire doctorants 2014 - jour 1\" width=\"150\" height=\"212\" srcset=\"http:\/\/web.philo.ulg.ac.be\/transitions\/wp-content\/uploads\/sites\/3\/2015\/01\/SemDoc2015-212x300.jpg 212w, http:\/\/web.philo.ulg.ac.be\/transitions\/wp-content\/uploads\/sites\/3\/2015\/01\/SemDoc2015-724x1024.jpg 724w\" sizes=\"(max-width: 150px) 100vw, 150px\" \/><\/a>Le lieu mat\u00e9riel<\/strong><\/p>\n<p>J\u00e9romine Fran\u00e7ois, <em>Le chronotope dans la <\/em>C\u00e9lestine<em><br \/><\/em>Emmanuel Joly, <em>Le lieu en architecture<\/em><br \/>Mod\u00e9ratrice\u00a0: Caroline Saal<\/p>\n<p>Organisation : <a title=\"Caroline Saal\" href=\"http:\/\/web.philo.ulg.ac.be\/transitions\/caroline-saal\/\">Caroline Saal<\/a>, <a title=\"Kevin Schneider\" href=\"http:\/\/web.philo.ulg.ac.be\/transitions\/kevin-schneider\/\">Kevin Schneider<\/a> et <a title=\"J\u00e9romine Fran\u00e7ois\" href=\"http:\/\/web.philo.ulg.ac.be\/transitions\/jeromine-francois\/\">J\u00e9romine Fran\u00e7ois<\/a><\/p>\n<\/div><\/div>\n\t\t\t\t<\/li>\n\t\t\t \t<li class=\"event conferences gpublic\">\n\t\t\t\t\t<div class=\"event-date\"><div class=\"end-date\"><div class=\"event-weekday\">mer<\/div><div class=\"event-day\">21<\/div><div class=\"event-month\">Jan<\/div><div class=\"event-year\">2015<\/div><\/div><\/div>\n\t\t\t\t\t<div class=\"event-info multi-day\"><div class=\"event-title\"><h3>Voci sul sacco di Roma\u00a0: Cellini, Sanudo, Guicciardini : une conf\u00e9rence d&#039;H\u00e9l\u00e8ne Miesse (Transitions)<\/h3><\/div><span class=\"event-time\">18h30<\/span><span class=\"event-location\">Li\u00e8ge, ULg, Salle Wittert (B\u00e2t. A1)<\/span><div class=\"event-details\"><p><b><i><a href=\"http:\/\/web.philo.ulg.ac.be\/transitions\/wp-content\/uploads\/sites\/3\/2014\/10\/1.jpg\"><img decoding=\"async\" class=\" wp-image-7341 alignleft\" src=\"http:\/\/web.philo.ulg.ac.be\/transitions\/wp-content\/uploads\/sites\/3\/2014\/10\/1.jpg\" alt=\"\" width=\"150\" srcset=\"http:\/\/web.philo.ulg.ac.be\/transitions\/wp-content\/uploads\/sites\/3\/2014\/10\/1-211x300.jpg 211w, http:\/\/web.philo.ulg.ac.be\/transitions\/wp-content\/uploads\/sites\/3\/2014\/10\/1.jpg 542w\" sizes=\"(max-width: 542px) 100vw, 542px\" \/><\/a><\/i><\/b><\/p>\n<p style=\"text-align: justify;\">Cette conf\u00e9rence nous emm\u00e8nera dans la Rome du seizi\u00e8me si\u00e8cle, victime en 1527 du fameux sac de la part des Lansquenets. La chercheuse belge <a title=\"H\u00e9l\u00e8ne Miesse\" href=\"http:\/\/web.philo.ulg.ac.be\/transitions\/helene-miesse\/\">H\u00e9l\u00e8ne Miesse<\/a> exposera la r\u00e9ception de cet \u00e9v\u00e9nement terrible du point de vue de trois figures importantes : Benvenuto Cellini, Francesco Guicciardini et Marin Sanudo.<\/p>\n<p style=\"text-align: justify;\"><a href=\"http:\/\/youtu.be\/nl-pBdkTqu4\" target=\"_blank\">Vid\u00e9o de pr\u00e9sentation<\/a><\/p>\n<\/div><\/div>\n\t\t\t\t<\/li>\n\t\t\t \t<li class=\"event colloques\">\n\t\t\t\t\t<div class=\"event-date\"><div class=\"end-date\"><div class=\"event-weekday\">ven<\/div><div class=\"event-day\">12<\/div><div class=\"event-month\">D\u00e9c<\/div><div class=\"event-year\">2014<\/div><\/div><\/div>\n\t\t\t\t\t<div class=\"event-info multi-day\"><div class=\"event-title\"><h3>Le livre italien dans les anciens Pays-Bas et en Principaut\u00e9 de Li\u00e8ge \u00e0 la premi\u00e8re modernit\u00e9 (XVIe-XVIIe s.) : journ\u00e9e d&#039;\u00e9tudes<\/h3><\/div><span class=\"event-time\">9h15-17h30<\/span><span class=\"event-location\">Bruxelles, Biblioth\u00e8que royale de Belgique, Park Room<\/span><div class=\"event-details\"><p style=\"text-align: justify;\"><a href=\"http:\/\/web.philo.ulg.ac.be\/transitions\/wp-content\/uploads\/sites\/3\/2014\/11\/EDITEF_KBR.jpg\"><img decoding=\"async\" class=\" wp-image-7416 alignleft\" src=\"http:\/\/web.philo.ulg.ac.be\/transitions\/wp-content\/uploads\/sites\/3\/2014\/11\/EDITEF_KBR-724x1024.jpg\" alt=\"\" width=\"150\" srcset=\"http:\/\/web.philo.ulg.ac.be\/transitions\/wp-content\/uploads\/sites\/3\/2014\/11\/EDITEF_KBR-212x300.jpg 212w, http:\/\/web.philo.ulg.ac.be\/transitions\/wp-content\/uploads\/sites\/3\/2014\/11\/EDITEF_KBR-724x1024.jpg 724w, http:\/\/web.philo.ulg.ac.be\/transitions\/wp-content\/uploads\/sites\/3\/2014\/11\/EDITEF_KBR.jpg 800w\" sizes=\"(max-width: 724px) 100vw, 724px\" \/><\/a>Une journ\u00e9e d'\u00e9tudes EDITEF (L'<em>\u00e9dition italienne dans l'espace francophone<\/em>), en collaboration avec le Centre d'Etudes Sup\u00e9rieures de la Renaissance (CESR) de Tours.<\/p>\n<p style=\"text-align: justify;\"><a href=\"http:\/\/www.kbr.be\/actualites\/colloque\/livreItalien\/progr.pdf\" target=\"_blank\">Programme<\/a><\/p>\n<p>Organisation\u00a0: <a href=\"mailto:renaud.adam@ulg.ac.be\">Renaud Adam<\/a><\/p>\n<\/div><\/div>\n\t\t\t\t<\/li>\n\t\t\t \t<li class=\"event cycleconferences\">\n\t\t\t\t\t<div class=\"event-date\"><div class=\"end-date\"><div class=\"event-weekday\">mar<\/div><div class=\"event-day\">09<\/div><div class=\"event-month\">D\u00e9c<\/div><div class=\"event-year\">2014<\/div><\/div><\/div>\n\t\t\t\t\t<div class=\"event-info multi-day\"><div class=\"event-title\"><h3>La t\u00e2tonnante repr\u00e9sentation du purgatoire dans les Jugements derniers italiens (XIVe-XVe si\u00e8cles) : une conf\u00e9rence de Marcello Angheben (Universit\u00e9 de Poitiers)<\/h3><\/div><span class=\"event-time\">18h<\/span><span class=\"event-location\">Grand Physique (ULg)<\/span><div class=\"event-details\"><p><a href=\"http:\/\/web.philo.ulg.ac.be\/transitions\/wp-content\/uploads\/sites\/3\/2014\/12\/Affiche_ANGHEBEN.jpg\"><img decoding=\"async\" class=\"alignleft wp-image-7425\" src=\"http:\/\/web.philo.ulg.ac.be\/transitions\/wp-content\/uploads\/sites\/3\/2014\/12\/Affiche_ANGHEBEN-723x1024.jpg\" alt=\"Marcello Angheben d\u00e9cembre 2014\" width=\"150\" height=\"212\" srcset=\"http:\/\/web.philo.ulg.ac.be\/transitions\/wp-content\/uploads\/sites\/3\/2014\/12\/Affiche_ANGHEBEN-212x300.jpg 212w, http:\/\/web.philo.ulg.ac.be\/transitions\/wp-content\/uploads\/sites\/3\/2014\/12\/Affiche_ANGHEBEN-723x1024.jpg 723w, http:\/\/web.philo.ulg.ac.be\/transitions\/wp-content\/uploads\/sites\/3\/2014\/12\/Affiche_ANGHEBEN.jpg 800w\" sizes=\"(max-width: 150px) 100vw, 150px\" \/><\/a>Organisation : Cycle de conf\u00e9rences de Transitions<\/p>\n<\/div><\/div>\n\t\t\t\t<\/li>\n\t\t\t \t<li class=\"event conferences gpublic\">\n\t\t\t\t\t<div class=\"event-date\"><div class=\"end-date\"><div class=\"event-weekday\">jeu<\/div><div class=\"event-day\">27<\/div><div class=\"event-month\">Nov<\/div><div class=\"event-year\">2014<\/div><\/div><\/div>\n\t\t\t\t\t<div class=\"event-info multi-day\"><div class=\"event-title\"><h3>Colour ConText. A Database on Colour Practice and Colour Knowledge : workshop et conf\u00e9rences (Sylvie Neven)<\/h3><\/div><span class=\"event-location\">Universit\u00e9 de Li\u00e8ge<\/span><div class=\"event-details\"><p style=\"text-align: justify;\"><a href=\"http:\/\/web.philo.ulg.ac.be\/transitions\/wp-content\/uploads\/sites\/3\/2014\/08\/379.jpg\"><img decoding=\"async\" class=\" wp-image-7089 alignleft\" alt=\"\" src=\"http:\/\/web.philo.ulg.ac.be\/transitions\/wp-content\/uploads\/sites\/3\/2014\/08\/379.jpg\" width=\"150\" \/><\/a><strong>Ch\u00e2teau de Colonster, 12h-14h : <\/strong>Sylvie Neven,\u00a0<em>Colour ConText, un outil informatique pour comprendre et restaurer la couleur,\u00a0<\/em>une conf\u00e9rence \"Li\u00e8ge Cr\u00e9ative\", en collaboration avec la Maison des Sciences de l'Homme.<\/p>\n<p>Prix :\u00a0\u00a030 \u20ac (lunch inclus)\u00a0(50% de r\u00e9duction pour les \u00e9tudiants et le personnel des universit\u00e9s et hautes \u00e9coles)<\/p>\n<p><a href=\"http:\/\/www.liegecreative.be\/event\/index\/detail\/id\/344\/lang\/fr#.U_w4yEs9qX8\" target=\"_blank\">Informations\u00a0et inscription<\/a><\/p>\n<p>&nbsp;<\/p>\n<p style=\"text-align: justify;\"><strong>Site du XX Ao\u00fbt, 14h30-17h30 :\u00a0<\/strong><em>Alum - A material at the Crossroads of the Arts, Crafts and Learned Inquiry<\/em>, workshop organis\u00e9 par\u00a0Sylvie Neven (inscription vivement souhait\u00e9e).<\/p>\n<p>&nbsp;<\/p>\n<p style=\"text-align: justify;\"><strong><a href=\"http:\/\/web.philo.ulg.ac.be\/transitions\/wp-content\/uploads\/sites\/3\/2014\/10\/ColourConText.jpg\"><img decoding=\"async\" class=\" wp-image-7336 alignleft\" alt=\"\" src=\"http:\/\/web.philo.ulg.ac.be\/transitions\/wp-content\/uploads\/sites\/3\/2014\/10\/ColourConText-723x1024.jpg\" width=\"150\" srcset=\"http:\/\/web.philo.ulg.ac.be\/transitions\/wp-content\/uploads\/sites\/3\/2014\/10\/ColourConText-211x300.jpg 211w, http:\/\/web.philo.ulg.ac.be\/transitions\/wp-content\/uploads\/sites\/3\/2014\/10\/ColourConText-723x1024.jpg 723w, http:\/\/web.philo.ulg.ac.be\/transitions\/wp-content\/uploads\/sites\/3\/2014\/10\/ColourConText.jpg 1239w\" sizes=\"(max-width: 723px) 100vw, 723px\" \/><\/a>Salle acad\u00e9mique, 18h30 :\u00a0<\/strong>pr\u00e9sentation du projet international \"Colour ConText\" (Berlin,\u00a0Max Planck Institute (MPIWG) \/ Li\u00e8ge,\u00a0<i>Transitions),\u00a0<\/i>avec la participation de Sven Dupr\u00e9 et Dirk Wintergr\u00fcn, suivie\u00a0d'une conf\u00e9rence de\u00a0Sylvie Neven,\u00a0<em>Histoire et sciences de la couleur.\u00a0<\/em>Entr\u00e9e libre.<\/p>\n<p>&nbsp;<\/p>\n<p>Lire aussi les articles dans\u00a0<a style=\"line-height: normal;\" href=\"http:\/\/le15ejour.ulg.ac.be\/jcms\/c_47322\/fr\/les-procedes-de-fabrication-des-pigments-repertories\" target=\"_blank\"><em>Le 15e jour du mois<\/em><\/a>\u00a0et sur le site\u00a0<em><a href=\"http:\/\/culture.ulg.ac.be\/jcms\/c_1766706\/fr\/analyser-comprendre-restaurer-la-couleur\" target=\"_blank\">Culture<\/a>. <\/em>Voir \u00e9galement\u00a0<a style=\"line-height: normal;\" href=\"http:\/\/www.ulg.ac.be\/cms\/c_5359988\/fr\/colour-context-recree-les-couleurs-anciennes\" target=\"_blank\">ULgTV<\/a>.<\/p>\n<\/div><\/div>\n\t\t\t\t<\/li>\n\t\t\t \t<li class=\"event conferences gpublic\">\n\t\t\t\t\t<div class=\"event-date\"><div class=\"end-date\"><div class=\"event-weekday\">mer<\/div><div class=\"event-day\">19<\/div><div class=\"event-month\">Nov<\/div><div class=\"event-year\">2014<\/div><\/div><\/div>\n\t\t\t\t\t<div class=\"event-info multi-day\"><div class=\"event-title\"><h3>Conf\u00e9rence de Gianluca Valenti (Transitions)<\/h3><\/div><span class=\"event-time\">18h30<\/span><span class=\"event-location\">Salle Wittert (Ulg - B\u00e2t. A1)<\/span><div class=\"event-details\"><p><b><i><a href=\"http:\/\/web.philo.ulg.ac.be\/transitions\/wp-content\/uploads\/sites\/3\/2014\/10\/4.jpg\"><img decoding=\"async\" class=\" wp-image-7340 alignleft\" alt=\"\" src=\"http:\/\/web.philo.ulg.ac.be\/transitions\/wp-content\/uploads\/sites\/3\/2014\/10\/4-1024x796.jpg\" width=\"150\" srcset=\"http:\/\/web.philo.ulg.ac.be\/transitions\/wp-content\/uploads\/sites\/3\/2014\/10\/4-300x233.jpg 300w, http:\/\/web.philo.ulg.ac.be\/transitions\/wp-content\/uploads\/sites\/3\/2014\/10\/4-1024x796.jpg 1024w, http:\/\/web.philo.ulg.ac.be\/transitions\/wp-content\/uploads\/sites\/3\/2014\/10\/4.jpg 1817w\" sizes=\"(max-width: 1024px) 100vw, 1024px\" \/><\/a>Caccia e letteratura alla corte degli Este<\/i><\/b><\/p>\n<p><a title=\"Gianluca Valenti\" href=\"http:\/\/web.philo.ulg.ac.be\/transitions\/gianluca-valenti\/\">Gianluca Valenti<\/a>, docteur en philologie romane form\u00e9 \u00e0 Rome, interrogera, gr\u00e2ce \u00e0 l\u2019\u00e9tude d\u2019un texte du quinzi\u00e8me si\u00e8cle jusqu\u2019aujourd\u2019hui inconnu, le lien qui, \u00e0 la cour des Este de Ferrare, unit litt\u00e9rature et chasse.<\/p>\n<p><a href=\"http:\/\/youtu.be\/KYE9EKbocNQ\" target=\"_blank\">Vid\u00e9o de pr\u00e9sentation<\/a>\u00a0<\/p>\n<\/div><\/div>\n\t\t\t\t<\/li>\n\t\t\t \t<li class=\"event cycleconferences\">\n\t\t\t\t\t<div class=\"event-date\"><div class=\"end-date\"><div class=\"event-weekday\">mar<\/div><div class=\"event-day\">18<\/div><div class=\"event-month\">Nov<\/div><div class=\"event-year\">2014<\/div><\/div><\/div>\n\t\t\t\t\t<div class=\"event-info multi-day\"><div class=\"event-title\"><h3>Conf\u00e9rence de Vasco Zara (Universit\u00e9 de Dijon) <\/h3><\/div><span class=\"event-time\">18h<\/span><span class=\"event-location\">Grand Physique (ULg - B\u00e2t. A1)<\/span><div class=\"event-details\"><div title=\"Page 1\">\n<p><em><strong><a href=\"http:\/\/web.philo.ulg.ac.be\/transitions\/wp-content\/uploads\/sites\/3\/2014\/11\/Affiche_Zara.jpg\"><img decoding=\"async\" class=\" wp-image-7377 alignleft\" alt=\"\" src=\"http:\/\/web.philo.ulg.ac.be\/transitions\/wp-content\/uploads\/sites\/3\/2014\/11\/Affiche_Zara-723x1024.jpg\" width=\"150\" srcset=\"http:\/\/web.philo.ulg.ac.be\/transitions\/wp-content\/uploads\/sites\/3\/2014\/11\/Affiche_Zara-212x300.jpg 212w, http:\/\/web.philo.ulg.ac.be\/transitions\/wp-content\/uploads\/sites\/3\/2014\/11\/Affiche_Zara-723x1024.jpg 723w, http:\/\/web.philo.ulg.ac.be\/transitions\/wp-content\/uploads\/sites\/3\/2014\/11\/Affiche_Zara.jpg 1240w\" sizes=\"(max-width: 723px) 100vw, 723px\" \/><\/a>Musique et architecture. De la d\u00e9finition d\u2019une sainte-chapelle<\/strong><\/em><\/p>\n<p>\u00a0Organisation : Cycle de conf\u00e9rences de Transitions<\/p>\n<\/div>\n<\/div><\/div>\n\t\t\t\t<\/li>\n\t\t\t \t<li class=\"event gpublic\">\n\t\t\t\t\t<div class=\"event-date\"><div class=\"end-date\"><div class=\"event-weekday\">mer<\/div><div class=\"event-day\">22<\/div><div class=\"event-month\">Oct<\/div><div class=\"event-year\">2014<\/div><\/div><\/div>\n\t\t\t\t\t<div class=\"event-info multi-day\"><div class=\"event-title\"><h3>&quot;Meraviglie di arti e lettere&quot; - Itinerari italiani (Cycle de conf\u00e9rences)<\/h3><\/div><span class=\"event-time\">18h30<\/span><span class=\"event-location\">Salle Wittert (Ulg - B\u00e2t. A1)<\/span><div class=\"event-details\"><p style=\"text-align: justify;\"><a href=\"http:\/\/web.philo.ulg.ac.be\/transitions\/wp-content\/uploads\/sites\/3\/2014\/09\/CycleDanteAlighieri2014.jpg\"><img decoding=\"async\" class=\" wp-image-7230 alignleft\" alt=\"\" src=\"http:\/\/web.philo.ulg.ac.be\/transitions\/wp-content\/uploads\/sites\/3\/2014\/09\/CycleDanteAlighieri2014.jpg\" width=\"150\" srcset=\"http:\/\/web.philo.ulg.ac.be\/transitions\/wp-content\/uploads\/sites\/3\/2014\/09\/CycleDanteAlighieri2014-214x300.jpg 214w, http:\/\/web.philo.ulg.ac.be\/transitions\/wp-content\/uploads\/sites\/3\/2014\/09\/CycleDanteAlighieri2014.jpg 731w\" sizes=\"(max-width: 731px) 100vw, 731px\" \/><\/a>Le cycle \u2013 qui vise \u00e0 faire mieux connaitre \u00e0 un large public l\u2019Italie renaissante et baroque \u2013 est le fruit d'une collaboration entre le D\u00e9partement <em>Transitions<\/em> et la\u00a0<em>Societ\u00e0 Dante Alighieri<\/em>. Il\u00a0nait de la rencontre, humaine et professionnelle, de cinq jeunes chercheurs d\u2019origines, de disciplines et de formations diff\u00e9rentes.<\/p>\n<p style=\"text-align: justify;\">Suivant un parcours construit de mani\u00e8re chronologique, ceux-ci emm\u00e8neront leur auditoire \u00e0 la d\u00e9couverte de divers aspects historiques et culturels \u2013 litt\u00e9rature, chasse, arts figuratifs et musique \u2013 caract\u00e9ristiques de cours italiennes parmi les plus importantes d\u2019Europe, telles Florence, Rome et Ferrare.<\/p>\n<p style=\"text-align: justify;\">Informations : <a href=\"mailto:m.berti@ulg.ac.be\">m.berti@ulg.ac.be<\/a> ; <a href=\"mailto:dante.alighieri.liege@cybernet.be\">dante.alighieri.liege@cybernet.be<\/a><\/p>\n<\/div><\/div>\n\t\t\t\t<\/li>\n\t\t\t \t<li class=\"event conferences gpublic\">\n\t\t\t\t\t<div class=\"event-date\"><div class=\"end-date\"><div class=\"event-weekday\">mer<\/div><div class=\"event-day\">22<\/div><div class=\"event-month\">Oct<\/div><div class=\"event-year\">2014<\/div><\/div><\/div>\n\t\t\t\t\t<div class=\"event-info multi-day\"><div class=\"event-title\"><h3>Conf\u00e9rence de Cristiano Amendola (Transitions)<\/h3><\/div><span class=\"event-time\">18h30<\/span><span class=\"event-location\">Salle Wittert (Ulg - B\u00e2t. A1)<\/span><div class=\"event-details\"><p><b><i><a href=\"http:\/\/web.philo.ulg.ac.be\/transitions\/wp-content\/uploads\/sites\/3\/2014\/10\/Boccace.jpg\"><img decoding=\"async\" class=\" wp-image-7267 alignleft\" alt=\"\" src=\"http:\/\/web.philo.ulg.ac.be\/transitions\/wp-content\/uploads\/sites\/3\/2014\/10\/Boccace.jpg\" width=\"150\" srcset=\"http:\/\/web.philo.ulg.ac.be\/transitions\/wp-content\/uploads\/sites\/3\/2014\/10\/Boccace-191x300.jpg 191w, http:\/\/web.philo.ulg.ac.be\/transitions\/wp-content\/uploads\/sites\/3\/2014\/10\/Boccace.jpg 640w\" sizes=\"(max-width: 640px) 100vw, 640px\" \/><\/a>Gli artisti e il gusto della beffa nella cultura fiorentina del \u2018400<\/i> <\/b><\/p>\n<p style=\"text-align: justify;\">\u00c0 partir de la nouvelle florentine du \u2018Grasso legnaiuolo\u2019, <a title=\"Cristiano Amendola\" href=\"http:\/\/web.philo.ulg.ac.be\/transitions\/cristiano-amendola\/\">Cristiano Amendola<\/a>, philologue de l\u2019Universit\u00e9 Federico II de Naples, montrera comment, au Quattrocento, certaines propri\u00e9t\u00e9s intellectuelles telles que la malice et l\u2019ing\u00e9niosit\u00e9 sont des attributs fondamentaux dans la description de l\u2019artiste \u00e0 succ\u00e8s.\u00a0<\/p>\n<p style=\"text-align: justify;\"><a href=\"http:\/\/youtu.be\/MBBpxfQbjRI\">Vid\u00e9o de pr\u00e9sentation<\/a><\/p>\n<\/div><\/div>\n\t\t\t\t<\/li>\n\t\t\t \t<li class=\"event cycleconferences\">\n\t\t\t\t\t<div class=\"event-date\"><div class=\"end-date\"><div class=\"event-weekday\">mar<\/div><div class=\"event-day\">14<\/div><div class=\"event-month\">Oct<\/div><div class=\"event-year\">2014<\/div><\/div><\/div>\n\t\t\t\t\t<div class=\"event-info multi-day\"><div class=\"event-title\"><h3>Conf\u00e9rence de Jean C\u00e9ard (Universit\u00e9 Paris X-Nanterre)<\/h3><\/div><span class=\"event-time\">18h<\/span><span class=\"event-location\">Grand Physique (ULg)<\/span><div class=\"event-details\"><p><a href=\"http:\/\/web.philo.ulg.ac.be\/transitions\/wp-content\/uploads\/sites\/3\/2014\/10\/CEARD.jpg\"><img decoding=\"async\" class=\" wp-image-7231 alignleft\" alt=\"\" src=\"http:\/\/web.philo.ulg.ac.be\/transitions\/wp-content\/uploads\/sites\/3\/2014\/10\/CEARD-723x1024.jpg\" width=\"150\" srcset=\"http:\/\/web.philo.ulg.ac.be\/transitions\/wp-content\/uploads\/sites\/3\/2014\/10\/CEARD-212x300.jpg 212w, http:\/\/web.philo.ulg.ac.be\/transitions\/wp-content\/uploads\/sites\/3\/2014\/10\/CEARD-723x1024.jpg 723w, http:\/\/web.philo.ulg.ac.be\/transitions\/wp-content\/uploads\/sites\/3\/2014\/10\/CEARD.jpg 1240w\" sizes=\"(max-width: 723px) 100vw, 723px\" \/><\/a><em><strong>L\u2019\u00e9criture du diable\u00a0: la litt\u00e9rature d\u00e9monologique, de la Renaissance \u00e0 nos jours<\/strong><\/em><\/p>\n<p>Inauguration du Cycle de conf\u00e9rences de Transitions<\/p>\n<\/div><\/div>\n\t\t\t\t<\/li>\n\t\t\t \t<li class=\"event cycleconferences\">\n\t\t\t\t\t<div class=\"event-date\"><div class=\"end-date\"><div class=\"event-weekday\">mar<\/div><div class=\"event-day\">14<\/div><div class=\"event-month\">Oct<\/div><div class=\"event-year\">2014<\/div><\/div><\/div>\n\t\t\t\t\t<div class=\"event-info multi-day\"><div class=\"event-title\"><h3>Les Conf\u00e9rences de &quot;Transitions&quot;<\/h3><\/div><span class=\"event-time\">18h<\/span><span class=\"event-location\">Grand Physique (ULg)<\/span><div class=\"event-details\"><p style=\"text-align: justify;\"><a href=\"http:\/\/web.philo.ulg.ac.be\/transitions\/wp-content\/uploads\/sites\/3\/2014\/09\/Cycle2014_2015.jpg\"><img decoding=\"async\" class=\" wp-image-7196 alignleft\" alt=\"\" src=\"http:\/\/web.philo.ulg.ac.be\/transitions\/wp-content\/uploads\/sites\/3\/2014\/09\/Cycle2014_2015-723x1024.jpg\" width=\"150\" srcset=\"http:\/\/web.philo.ulg.ac.be\/transitions\/wp-content\/uploads\/sites\/3\/2014\/09\/Cycle2014_2015-212x300.jpg 212w, http:\/\/web.philo.ulg.ac.be\/transitions\/wp-content\/uploads\/sites\/3\/2014\/09\/Cycle2014_2015-723x1024.jpg 723w, http:\/\/web.philo.ulg.ac.be\/transitions\/wp-content\/uploads\/sites\/3\/2014\/09\/Cycle2014_2015.jpg 1240w\" sizes=\"(max-width: 723px) 100vw, 723px\" \/><\/a>Tous les deuxi\u00e8mes mardis du mois, <em>Transitions <\/em>invite un conf\u00e9rencier pour exposer les r\u00e9sultats de ses recherches\u00a0\u00e0 un public large.<\/p>\n<\/div><\/div>\n\t\t\t\t<\/li>\n\t\t\t \t<li class=\"event colloques\">\n\t\t\t\t\t<div class=\"event-date\"><div class=\"end-date\"><div class=\"event-weekday\">lun<\/div><div class=\"event-day\">13<\/div><div class=\"event-month\">Oct<\/div><div class=\"event-year\">2014<\/div><\/div><\/div>\n\t\t\t\t\t<div class=\"event-info multi-day\"><div class=\"event-title\"><h3>Le mod\u00e8le musical des \u00e9glises nationales \u00e0 Rome \u00e0 l\u2019\u00e9poque baroque<\/h3><\/div><span class=\"event-location\">Acad\u00e9mie Royale de Belgique (Bruxelles)<\/span><div class=\"event-details\"><p>Workshop\u00a0(inscription pr\u00e9alable vivement souhait\u00e9e)<\/p>\n<p>Organisation et contact\u00a0: <a title=\"\u00c9milie Corswarem\" href=\"http:\/\/web.philo.ulg.ac.be\/transitions\/emilie-corswarem\/\">Emilie Corswarem<\/a> et <a title=\"Michela Berti\" href=\"http:\/\/web.philo.ulg.ac.be\/transitions\/michela-berti\/\">Michela Berti<\/a><\/p>\n<\/div><\/div>\n\t\t\t\t<\/li>\n\t\t\t \t<li class=\"event colloques\">\n\t\t\t\t\t<div class=\"event-date\"><div class=\"end-date\"><div class=\"event-weekday\">jeu<\/div><div class=\"event-day\">05<\/div><div class=\"event-month\">Juin<\/div><div class=\"event-year\">2014<\/div><\/div><\/div>\n\t\t\t\t\t<div class=\"event-info multi-day\"><div class=\"event-title\"><h3>L\u2019Europe \u00e0 Rome - II. La musique dans les \u00e9glises nationales (fin XVIe - XVIIe si\u00e8cles) : nouvelles perspectives de recherche<\/h3><\/div><span class=\"event-time\">9h30-18H<\/span><span class=\"event-location\">Universit\u00e9 de Li\u00e8ge, Salle de r\u00e9union du d\u00e9canat (A1)<\/span><div class=\"event-details\"><p><span style=\"font-family: arial,helvetica,sans-serif;\"><a href=\"http:\/\/web.philo.ulg.ac.be\/transitions\/wp-content\/uploads\/sites\/3\/2014\/05\/EuropeRomeII.jpg\"><img decoding=\"async\" class=\" wp-image-6773 alignleft\" alt=\"\" src=\"http:\/\/web.philo.ulg.ac.be\/transitions\/wp-content\/uploads\/sites\/3\/2014\/05\/EuropeRomeII-723x1024.jpg\" width=\"150\" srcset=\"http:\/\/web.philo.ulg.ac.be\/transitions\/wp-content\/uploads\/sites\/3\/2014\/05\/EuropeRomeII-212x300.jpg 212w, http:\/\/web.philo.ulg.ac.be\/transitions\/wp-content\/uploads\/sites\/3\/2014\/05\/EuropeRomeII-723x1024.jpg 723w, http:\/\/web.philo.ulg.ac.be\/transitions\/wp-content\/uploads\/sites\/3\/2014\/05\/EuropeRomeII.jpg 1753w\" sizes=\"(max-width: 723px) 100vw, 723px\" \/><\/a>Organisation : <a title=\"Michela Berti\" href=\"http:\/\/web.philo.ulg.ac.be\/transitions\/michela-berti\/\">Michela Berti<\/a> &amp; <a title=\"\u00c9milie Corswarem\" href=\"http:\/\/web.philo.ulg.ac.be\/transitions\/emilie-corswarem\/\">Emilie Corswarem<\/a><\/span><\/p>\n<p><a href=\"http:\/\/web.philo.ulg.ac.be\/transitions\/wp-content\/uploads\/sites\/3\/2014\/05\/EuropeRomeII.pdf\" target=\"blank\">Pr\u00e9sentation<\/a><\/p>\n<p><a href=\"http:\/\/web.philo.ulg.ac.be\/transitions\/wp-content\/uploads\/sites\/3\/2014\/06\/EuropeRomeII_Progr.pdf\" target=\"blank\">Programme<\/a><\/p>\n<\/div><\/div>\n\t\t\t\t<\/li>\n\t\t\t \t<li class=\"event colloques epistolart\">\n\t\t\t\t\t<div class=\"event-date multi-date\"><div class=\"start-date\"><div class=\"event-weekday\">mar<\/div><div class=\"event-day\">03<\/div><div class=\"event-month\">Juin<\/div><div class=\"event-year\">2014<\/div><\/div><div class=\"end-date\"><div class=\"event-weekday\">mer<\/div><div class=\"event-day\">04<\/div><div class=\"event-month\">Juin<\/div><div class=\"event-year\">2014<\/div><\/div><\/div>\n\t\t\t\t\t<div class=\"event-info multi-day\"><div class=\"event-title\"><h3>Un artiste florentin de la Renaissance. Francesco Salviati entre mod\u00e8les litt\u00e9raires et figuratifs<\/h3><\/div><span class=\"event-location\">Universit\u00e9 de Li\u00e8ge, Salle Lumi\u00e8re (2e \u00e9tage - A1)<\/span><div class=\"event-details\"><p><a href=\"http:\/\/web.philo.ulg.ac.be\/transitions\/wp-content\/uploads\/sites\/3\/2014\/05\/Affiche_Salviati.jpeg\"><img decoding=\"async\" class=\"alignleft  wp-image-6482\" src=\"http:\/\/web.philo.ulg.ac.be\/transitions\/wp-content\/uploads\/sites\/3\/2014\/05\/Affiche_Salviati-212x300.jpeg\" alt=\"\" width=\"150\" height=\"212\" srcset=\"http:\/\/web.philo.ulg.ac.be\/transitions\/wp-content\/uploads\/sites\/3\/2014\/05\/Affiche_Salviati-212x300.jpeg 212w, http:\/\/web.philo.ulg.ac.be\/transitions\/wp-content\/uploads\/sites\/3\/2014\/05\/Affiche_Salviati-724x1024.jpeg 724w, http:\/\/web.philo.ulg.ac.be\/transitions\/wp-content\/uploads\/sites\/3\/2014\/05\/Affiche_Salviati.jpeg 1200w\" sizes=\"(max-width: 150px) 100vw, 150px\" \/><\/a>Colloque international <br \/>Organisation : <a title=\"Antonio Geremicca\" href=\"http:\/\/web.philo.ulg.ac.be\/transitions\/antonio-geremicca\/\">Antonio Geremicca<\/a><\/p>\n<p><a href=\"http:\/\/web.philo.ulg.ac.be\/transitions\/wp-content\/uploads\/sites\/3\/2014\/05\/Programme_Salviati.pdf\" target=\"blank\">Programme<\/a><\/p>\n<p>&nbsp;<\/p>\n<\/div><\/div>\n\t\t\t\t<\/li>\n\t\t\t \t<li class=\"event gpublic\">\n\t\t\t\t\t<div class=\"event-date\"><div class=\"end-date\"><div class=\"event-weekday\">jeu<\/div><div class=\"event-day\">15<\/div><div class=\"event-month\">Mai<\/div><div class=\"event-year\">2014<\/div><\/div><\/div>\n\t\t\t\t\t<div class=\"event-info multi-day\"><div class=\"event-title\"><h3>Journ\u00e9e-atelier \u00ab Cultures du Spectacle baroque \u00bb<\/h3><\/div><span class=\"event-time\">10h-17h<\/span><span class=\"event-location\">Valenciennes, Le Ph\u00e9nix (sc\u00e8ne nationale)<\/span><div class=\"event-details\"><p style=\"text-align: justify;\"><a href=\"http:\/\/web.philo.ulg.ac.be\/transitions\/wp-content\/uploads\/sites\/3\/2014\/05\/Festival-2014-Affiche-Cultures-du-spectacle-baroque-copie.jpg\"><img decoding=\"async\" class=\"alignleft  wp-image-6526\" alt=\"Festival 2014 - Affiche Cultures du spectacle baroque - copie\" src=\"http:\/\/web.philo.ulg.ac.be\/transitions\/wp-content\/uploads\/sites\/3\/2014\/05\/Festival-2014-Affiche-Cultures-du-spectacle-baroque-copie-212x300.jpg\" width=\"150\" height=\"212\" srcset=\"http:\/\/web.philo.ulg.ac.be\/transitions\/wp-content\/uploads\/sites\/3\/2014\/05\/Festival-2014-Affiche-Cultures-du-spectacle-baroque-copie-212x300.jpg 212w, http:\/\/web.philo.ulg.ac.be\/transitions\/wp-content\/uploads\/sites\/3\/2014\/05\/Festival-2014-Affiche-Cultures-du-spectacle-baroque-copie-724x1024.jpg 724w, http:\/\/web.philo.ulg.ac.be\/transitions\/wp-content\/uploads\/sites\/3\/2014\/05\/Festival-2014-Affiche-Cultures-du-spectacle-baroque-copie.jpg 1754w\" sizes=\"(max-width: 150px) 100vw, 150px\" \/><\/a>Une collaboration du projet f\u00e9d\u00e9ral \u00ab\u00a0Cultures du Spectacle baroque\u00a0\u00bb avec la troupe th\u00e9\u00e2trale \u00ab\u00a0Abattoir ferm\u00e9\u00a0\u00bb et l\u2019ensemble instrumental \u00ab\u00a0Harmonia Sacra\u00a0\u00bb.<\/p>\n<p style=\"text-align: justify;\"><a href=\"http:\/\/www.embaroquement.com\/page-10370.html\" target=\"_blank\">Lien<\/a><\/p>\n<\/div><\/div>\n\t\t\t\t<\/li>\n\t\t\t \t<li class=\"event conferences gpublic\">\n\t\t\t\t\t<div class=\"event-date\"><div class=\"end-date\"><div class=\"event-weekday\">mer<\/div><div class=\"event-day\">30<\/div><div class=\"event-month\">Avr<\/div><div class=\"event-year\">2014<\/div><\/div><\/div>\n\t\t\t\t\t<div class=\"event-info multi-day\"><div class=\"event-title\"><h3>Les humanistes \u00e0 l\u2019\u00e2ge des humanit\u00e9s num\u00e9riques (Jean-Marie LE GALL, Universit\u00e9 Paris I - Sorbonne)<\/h3><\/div><span class=\"event-time\">18h<\/span><span class=\"event-location\">Universit\u00e9 de Li\u00e8ge, Salle acad\u00e9mique<\/span><div class=\"event-details\"><p style=\"text-align: justify;\"><a href=\"http:\/\/web.philo.ulg.ac.be\/transitions\/wp-content\/uploads\/sites\/3\/2014\/03\/Affiche_LeGall1.jpg\"><img decoding=\"async\" class=\"alignleft  wp-image-5924\" alt=\"\" src=\"http:\/\/web.philo.ulg.ac.be\/transitions\/wp-content\/uploads\/sites\/3\/2014\/03\/Affiche_LeGall1-724x1024.jpg\" width=\"150\" height=\"212\" srcset=\"http:\/\/web.philo.ulg.ac.be\/transitions\/wp-content\/uploads\/sites\/3\/2014\/03\/Affiche_LeGall1-212x300.jpg 212w, http:\/\/web.philo.ulg.ac.be\/transitions\/wp-content\/uploads\/sites\/3\/2014\/03\/Affiche_LeGall1-724x1024.jpg 724w\" sizes=\"(max-width: 150px) 100vw, 150px\" \/><\/a>Jean-Marie Le Gall, Universit\u00e9 Panth\u00e9on-Sorbonne, auteur de l'ouvrage <em>Les humanistes en Europe. XVe-XVIe si\u00e8cles<\/em>, sera l'invit\u00e9 de Transitions et de la Maison des Sciences de l'Homme. Il donnera une conf\u00e9rence intitul\u00e9e <em>Les humanistes \u00e0 l'\u00e2ge des humanit\u00e9s num\u00e9riques<\/em>. La conf\u00e9rence sera suivie d'un d\u00e9bat anim\u00e9 par Annick Delfosse et Laure Fagnart.<\/p>\n<p style=\"text-align: justify;\"><a href=\"mailto:transitions@ulg.ac.be\">Renseignements<\/a><\/p>\n<\/div><\/div>\n\t\t\t\t<\/li>\n\t\t\t \t<li class=\"event seminaires\">\n\t\t\t\t\t<div class=\"event-date\"><div class=\"end-date\"><div class=\"event-weekday\">mar<\/div><div class=\"event-day\">01<\/div><div class=\"event-month\">Avr<\/div><div class=\"event-year\">2014<\/div><\/div><\/div>\n\t\t\t\t\t<div class=\"event-info multi-day\"><div class=\"event-title\"><h3>Valoriser des corpus iconographiques \u00ab secondaires \u00bb (Anne-Sophie LARUELLE - Caroline SAAL)<\/h3><\/div><div class=\"event-details\"><p><a href=\"http:\/\/web.philo.ulg.ac.be\/transitions\/wp-content\/uploads\/sites\/3\/2013\/11\/Affiche_SemDoctorants.jpg\"><img decoding=\"async\" class=\"alignleft  wp-image-5924\" alt=\"\" src=\"http:\/\/web.philo.ulg.ac.be\/transitions\/wp-content\/uploads\/sites\/3\/2013\/11\/Affiche_SemDoctorants-724x1024.jpg\" width=\"150\" height=\"212\" \/><\/a>Organisation : Marie Lekane et Caroline Saal<br \/><a href=\"http:\/\/www.transitions.ulg.ac.be\/documents\/Affiche_SemDoctorants.pdf\" target=\"_blank\">Programme<\/a><\/p>\n<\/div><\/div>\n\t\t\t\t<\/li>\n\t\t\t \t<li class=\"event colloques epistolart\">\n\t\t\t\t\t<div class=\"event-date\"><div class=\"end-date\"><div class=\"event-weekday\">mer<\/div><div class=\"event-day\">19<\/div><div class=\"event-month\">Mar<\/div><div class=\"event-year\">2014<\/div><\/div><\/div>\n\t\t\t\t\t<div class=\"event-info multi-day\"><div class=\"event-title\"><h3>EpistolART : la correspondance, lieu d&#039;\u00e9mergence de la figure de l&#039;artiste \u00e0 la Renaissance. Pr\u00e9sentation et table ronde.<\/h3><\/div><span class=\"event-location\">Salle acad\u00e9mique (14h-17h)<\/span><div class=\"event-details\"><p><a href=\"http:\/\/web.philo.ulg.ac.be\/transitions\/wp-content\/uploads\/sites\/3\/2014\/03\/Affiche_Epistolart2.jpg\"><img decoding=\"async\" class=\"alignleft  wp-image-5924\" alt=\"\" src=\"http:\/\/web.philo.ulg.ac.be\/transitions\/wp-content\/uploads\/sites\/3\/2014\/03\/Affiche_Epistolart2.jpg\" width=\"150\" height=\"212\" \/><\/a>Organisation : Paola Moreno, Dominique Allart, Annick Delfosse et Laure Fagnart, avec Antonio Geremicca, H\u00e9l\u00e8ne Miesse et Cristiano Amendola.<\/p>\n<\/div><\/div>\n\t\t\t\t<\/li>\n\t\t\t \t<li class=\"event epistolart gpublic\">\n\t\t\t\t\t<div class=\"event-date\"><div class=\"end-date\"><div class=\"event-weekday\">mer<\/div><div class=\"event-day\">19<\/div><div class=\"event-month\">Mar<\/div><div class=\"event-year\">2014<\/div><\/div><\/div>\n\t\t\t\t\t<div class=\"event-info multi-day\"><div class=\"event-title\"><h3>Rencontre-d\u00e9bat : &quot;Artistes de le Renaissance : une identit\u00e9 \u00e0 affirmer, des r\u00e9seaux \u00e0 construire&quot;<\/h3><\/div><span class=\"event-location\">Cit\u00e9 Miroir, Salon des Lumi\u00e8res (18h30-20h30)<\/span><div class=\"event-details\"><p><a href=\"http:\/\/web.philo.ulg.ac.be\/transitions\/wp-content\/uploads\/sites\/3\/2014\/03\/Affiche_Epistolart2.jpg\"><img decoding=\"async\" class=\"alignleft  wp-image-5924\" src=\"http:\/\/web.philo.ulg.ac.be\/transitions\/wp-content\/uploads\/sites\/3\/2014\/03\/Affiche_Epistolart2.jpg\" alt=\"\" width=\"150\" height=\"212\" \/><\/a>Une rencontre-d\u00e9bat anim\u00e9e par Julie Luong en pr\u00e9sence de Paola Moreno et Dominique Allart\u00a0<\/p>\n<p>Organisation : l'\u00e9quipe EpistolART en collaboration avec la Maison des Sciences de l'Homme (MSH) de l'Universit\u00e9 de Li\u00e8ge.<\/p>\n<\/div><\/div>\n\t\t\t\t<\/li>\n\t\t\t \t<li class=\"event conferences\">\n\t\t\t\t\t<div class=\"event-date\"><div class=\"end-date\"><div class=\"event-weekday\">jeu<\/div><div class=\"event-day\">13<\/div><div class=\"event-month\">Mar<\/div><div class=\"event-year\">2014<\/div><\/div><\/div>\n\t\t\t\t\t<div class=\"event-info multi-day\"><div class=\"event-title\"><h3>Ornament and Aesthetics : Perspectives on a Netherlands Renaissance (Ethan Matt KAVALLER, University of Toronto)<\/h3><\/div><span class=\"event-time\">17h<\/span><span class=\"event-location\">Salle du Th\u00e9\u00e2tre universitaire royal de Li\u00e8ge<\/span><div class=\"event-details\"><p><a href=\"http:\/\/web.philo.ulg.ac.be\/transitions\/wp-content\/uploads\/sites\/3\/2014\/05\/Kavaler-mars-2014-copie.jpg\"><img decoding=\"async\" class=\" wp-image-6702 alignleft\" alt=\"\" src=\"http:\/\/web.philo.ulg.ac.be\/transitions\/wp-content\/uploads\/sites\/3\/2014\/05\/Kavaler-mars-2014-copie-723x1024.jpg\" width=\"150\" height=\"212\" srcset=\"http:\/\/web.philo.ulg.ac.be\/transitions\/wp-content\/uploads\/sites\/3\/2014\/05\/Kavaler-mars-2014-copie-211x300.jpg 211w, http:\/\/web.philo.ulg.ac.be\/transitions\/wp-content\/uploads\/sites\/3\/2014\/05\/Kavaler-mars-2014-copie-723x1024.jpg 723w, http:\/\/web.philo.ulg.ac.be\/transitions\/wp-content\/uploads\/sites\/3\/2014\/05\/Kavaler-mars-2014-copie.jpg 1239w\" sizes=\"(max-width: 150px) 100vw, 150px\" \/><\/a>Organisation : Laure Fagnart et Isabelle Lecocq dans le cadre du groupe de contact \u00ab\u00a0Mod\u00e8les, \u00e9changes et r\u00e9alisations artistiques (XVe-XVIe si\u00e8cles)\u00a0\u00bb<\/p>\n<\/div><\/div>\n\t\t\t\t<\/li>\n\t\t\t \t<li class=\"event cycleconferences\">\n\t\t\t\t\t<div class=\"event-date\"><div class=\"end-date\"><div class=\"event-weekday\">mar<\/div><div class=\"event-day\">11<\/div><div class=\"event-month\">Mar<\/div><div class=\"event-year\">2014<\/div><\/div><\/div>\n\t\t\t\t\t<div class=\"event-info multi-day\"><div class=\"event-title\"><h3>William Shakespeare entre Moralit\u00e9 et Scepticisme (Marc DELREZ, Universit\u00e9 de Li\u00e8ge)<\/h3><\/div><div class=\"event-details\"><p><a href=\"http:\/\/web.philo.ulg.ac.be\/transitions\/wp-content\/uploads\/sites\/3\/2014\/03\/AfficheDelrez.jpg\"><img decoding=\"async\" class=\"alignleft  wp-image-5924\" alt=\"\" src=\"http:\/\/web.philo.ulg.ac.be\/transitions\/wp-content\/uploads\/sites\/3\/2014\/03\/AfficheDelrez.jpg\" width=\"150\" height=\"212\" \/><\/a>Organisation : Cycle de conf\u00e9rences de Transitions<\/p>\n<\/div><\/div>\n\t\t\t\t<\/li>\n\t\t\t \t<li class=\"event seminaires\">\n\t\t\t\t\t<div class=\"event-date\"><div class=\"end-date\"><div class=\"event-weekday\">mar<\/div><div class=\"event-day\">11<\/div><div class=\"event-month\">Mar<\/div><div class=\"event-year\">2014<\/div><\/div><\/div>\n\t\t\t\t\t<div class=\"event-info multi-day\"><div class=\"event-title\"><h3>Des mod\u00e8les \u00e0 la mod\u00e9lisation : informatique de l\u2019image appliqu\u00e9e aux sciences historiques (Marie LEKANE - Arnaud RUSCH)<\/h3><\/div><div class=\"event-details\"><p><a href=\"http:\/\/web.philo.ulg.ac.be\/transitions\/wp-content\/uploads\/sites\/3\/2013\/11\/Affiche_SemDoctorants.jpg\"><img decoding=\"async\" class=\"alignleft  wp-image-5924\" alt=\"\" src=\"http:\/\/web.philo.ulg.ac.be\/transitions\/wp-content\/uploads\/sites\/3\/2013\/11\/Affiche_SemDoctorants-724x1024.jpg\" width=\"150\" height=\"212\" \/><\/a>Organisation : Marie Lekane et Caroline Saal<br \/><a href=\"http:\/\/www.transitions.ulg.ac.be\/documents\/Affiche_SemDoctorants.pdf\" target=\"_blank\">Programme<\/a><\/p>\n<\/div><\/div>\n\t\t\t\t<\/li>\n\t\t\t \t<li class=\"event cycleconferences\">\n\t\t\t\t\t<div class=\"event-date\"><div class=\"end-date\"><div class=\"event-weekday\">mar<\/div><div class=\"event-day\">11<\/div><div class=\"event-month\">F\u00e9v<\/div><div class=\"event-year\">2014<\/div><\/div><\/div>\n\t\t\t\t\t<div class=\"event-info multi-day\"><div class=\"event-title\"><h3>Ex\u00e9g\u00e8se et id\u00e9ologie dans les commentaires de la \u00ab Com\u00e9die \u00bb de Dante de la fin du XIVe et du d\u00e9but du XVe si\u00e8cle (Frank LA BRASCA, Tours, CESR)<\/h3><\/div><div class=\"event-details\"><p><a href=\"http:\/\/web.philo.ulg.ac.be\/transitions\/wp-content\/uploads\/sites\/3\/2014\/03\/AfficheLaBrasca.jpg\"><img decoding=\"async\" class=\"alignleft  wp-image-5924\" alt=\"\" src=\"http:\/\/web.philo.ulg.ac.be\/transitions\/wp-content\/uploads\/sites\/3\/2014\/03\/AfficheLaBrasca.jpg\" width=\"150\" height=\"212\" \/><\/a>Organisation : Cycle de conf\u00e9rences de Transitions<\/p>\n<\/div><\/div>\n\t\t\t\t<\/li>\n\t\t\t \t<li class=\"event conferences\">\n\t\t\t\t\t<div class=\"event-date\"><div class=\"end-date\"><div class=\"event-weekday\">jeu<\/div><div class=\"event-day\">30<\/div><div class=\"event-month\">Jan<\/div><div class=\"event-year\">2014<\/div><\/div><\/div>\n\t\t\t\t\t<div class=\"event-info multi-day\"><div class=\"event-title\"><h3>A lost &#039;Self Portrait with Family&#039; by Jan Cornelisz. Vermeyen. Quarrelling about the Ownership of a Masterpiece in the Sixteenth Century <\/h3><\/div><span class=\"event-location\">Grand Physique (18h)<\/span><div class=\"event-details\"><p><a href=\"http:\/\/web.philo.ulg.ac.be\/transitions\/wp-content\/uploads\/sites\/3\/2014\/05\/VanderStock.jpg\"><img decoding=\"async\" class=\" wp-image-6527 alignleft\" alt=\"\" src=\"http:\/\/web.philo.ulg.ac.be\/transitions\/wp-content\/uploads\/sites\/3\/2014\/05\/VanderStock-723x1024.jpg\" width=\"150\" srcset=\"http:\/\/web.philo.ulg.ac.be\/transitions\/wp-content\/uploads\/sites\/3\/2014\/05\/VanderStock-212x300.jpg 212w, http:\/\/web.philo.ulg.ac.be\/transitions\/wp-content\/uploads\/sites\/3\/2014\/05\/VanderStock-723x1024.jpg 723w, http:\/\/web.philo.ulg.ac.be\/transitions\/wp-content\/uploads\/sites\/3\/2014\/05\/VanderStock.jpg 1240w\" sizes=\"(max-width: 723px) 100vw, 723px\" \/><\/a>Une conf\u00e9rence du Prof. Jan VAN DER STOCK (KU Leuven) dans le cadre des\u00a0Journ\u00e9es doctorales internationales de Transitions.<\/p>\n<\/div><\/div>\n\t\t\t\t<\/li>\n\t\t\t \t<li class=\"event colloques\">\n\t\t\t\t\t<div class=\"event-date multi-date\"><div class=\"start-date\"><div class=\"event-weekday\">jeu<\/div><div class=\"event-day\">30<\/div><div class=\"event-month\">Jan<\/div><div class=\"event-year\">2014<\/div><\/div><div class=\"end-date\"><div class=\"event-weekday\">ven<\/div><div class=\"event-day\">31<\/div><div class=\"event-month\">Jan<\/div><div class=\"event-year\">2014<\/div><\/div><\/div>\n\t\t\t\t\t<div class=\"event-info multi-day\"><div class=\"event-title\"><h3>Journ\u00e9es doctorales internationales sur le Moyen \u00c2ge tardif et la premi\u00e8re modernit\u00e9<\/h3><\/div><span class=\"event-time\">10h<\/span><span class=\"event-location\">Universit\u00e9 de Li\u00e8ge, Salle Wittert (R\/120, A1, aile des J\u00e9suites)<\/span><div class=\"event-details\"><p><a href=\"http:\/\/web.philo.ulg.ac.be\/transitions\/wp-content\/uploads\/sites\/3\/2014\/05\/JDT.jpg\"><img decoding=\"async\" class=\" wp-image-6647 alignleft\" alt=\"JDT\" src=\"http:\/\/web.philo.ulg.ac.be\/transitions\/wp-content\/uploads\/sites\/3\/2014\/05\/JDT.jpg\" width=\"150\" height=\"212\" \/><\/a>Organisation : A.-S. Laruelle, M. Lekane, J. R\u00e9gibeau, A. Rusch<\/p>\n<p><a href=\"http:\/\/www.transitions.ulg.ac.be\/documents\/JournDoc_janv2014_flyer.pdf\" target=\"_blank\">Programme<\/a><\/p>\n<\/div><\/div>\n\t\t\t\t<\/li>\n\t\t\t \t<li class=\"event colloques\">\n\t\t\t\t\t<div class=\"event-date\"><div class=\"end-date\"><div class=\"event-weekday\">ven<\/div><div class=\"event-day\">13<\/div><div class=\"event-month\">D\u00e9c<\/div><div class=\"event-year\">2013<\/div><\/div><\/div>\n\t\t\t\t\t<div class=\"event-info multi-day\"><div class=\"event-title\"><h3>Le mod\u00e8le musical des \u00e9glises nationales \u00e0 Rome \u00e0 l&#039;\u00e9poque baroque<\/h3><\/div><span class=\"event-location\">Academia Belgica (Rome)<\/span><div class=\"event-details\"><p><a href=\"http:\/\/web.philo.ulg.ac.be\/transitions\/wp-content\/uploads\/sites\/3\/2014\/05\/Affiche_ChieseNazionali.jpg\"><img decoding=\"async\" class=\" wp-image-6688 alignleft\" alt=\"\" src=\"http:\/\/web.philo.ulg.ac.be\/transitions\/wp-content\/uploads\/sites\/3\/2014\/05\/Affiche_ChieseNazionali-724x1024.jpg\" width=\"150\" height=\"212\" srcset=\"http:\/\/web.philo.ulg.ac.be\/transitions\/wp-content\/uploads\/sites\/3\/2014\/05\/Affiche_ChieseNazionali-212x300.jpg 212w, http:\/\/web.philo.ulg.ac.be\/transitions\/wp-content\/uploads\/sites\/3\/2014\/05\/Affiche_ChieseNazionali-724x1024.jpg 724w, http:\/\/web.philo.ulg.ac.be\/transitions\/wp-content\/uploads\/sites\/3\/2014\/05\/Affiche_ChieseNazionali.jpg 1240w\" sizes=\"(max-width: 150px) 100vw, 150px\" \/><\/a>Organisation : Emilie Corswarem et Michela Berti<br \/><a href=\"http:\/\/www.transitions.ulg.ac.be\/documents\/ChieseNazionali_Programme.pdf\" target=\"_blank\">Programme<\/a><\/p>\n<\/div><\/div>\n\t\t\t\t<\/li>\n\t\t\t \t<li class=\"event cycleconferences\">\n\t\t\t\t\t<div class=\"event-date\"><div class=\"end-date\"><div class=\"event-weekday\">mar<\/div><div class=\"event-day\">10<\/div><div class=\"event-month\">D\u00e9c<\/div><div class=\"event-year\">2013<\/div><\/div><\/div>\n\t\t\t\t\t<div class=\"event-info multi-day\"><div class=\"event-title\"><h3>\u00c9tienne Dup\u00e9rac et les Antiquit\u00e9s romaines : l\u2019\u00e9tude de l\u2019Antique et son imaginaire \u00e0 Rome au XVIe si\u00e8cle (Emmanuel LURIN, Universit\u00e9 Paris-Sorbonne)<\/h3><\/div><div class=\"event-details\"><p><a href=\"http:\/\/web.philo.ulg.ac.be\/transitions\/wp-content\/uploads\/sites\/3\/2014\/03\/Affiche_Lurin.jpg\"><img decoding=\"async\" class=\"alignleft  wp-image-5924\" alt=\"\" src=\"http:\/\/web.philo.ulg.ac.be\/transitions\/wp-content\/uploads\/sites\/3\/2014\/03\/Affiche_Lurin-724x1024.jpg\" width=\"150\" height=\"212\" \/><\/a>Organisation : Cycle de conf\u00e9rences de Transitions<\/p>\n<\/div><\/div>\n\t\t\t\t<\/li>\n\t\t\t \t<li class=\"event seminaires\">\n\t\t\t\t\t<div class=\"event-date\"><div class=\"end-date\"><div class=\"event-weekday\">mar<\/div><div class=\"event-day\">03<\/div><div class=\"event-month\">D\u00e9c<\/div><div class=\"event-year\">2013<\/div><\/div><\/div>\n\t\t\t\t\t<div class=\"event-info multi-day\"><div class=\"event-title\"><h3>Les apports et les limites des bases de donn\u00e9es (Pierre-Fran\u00e7ois PIRLET - Sylvie NEVEN)<\/h3><\/div><div class=\"event-details\"><p><a href=\"http:\/\/web.philo.ulg.ac.be\/transitions\/wp-content\/uploads\/sites\/3\/2013\/11\/Affiche_SemDoctorants.jpg\"><img decoding=\"async\" class=\"alignleft  wp-image-5924\" alt=\"\" src=\"http:\/\/web.philo.ulg.ac.be\/transitions\/wp-content\/uploads\/sites\/3\/2013\/11\/Affiche_SemDoctorants-724x1024.jpg\" width=\"150\" height=\"212\" \/><\/a>Organisation : Marie Lekane et Caroline Saal<br \/><a href=\"http:\/\/www.transitions.ulg.ac.be\/documents\/Affiche_SemDoctorants.pdf\" target=\"_blank\">Programme<\/a><\/p>\n<\/div><\/div>\n\t\t\t\t<\/li>\n\t\t\t \t<li class=\"event cycleconferences\">\n\t\t\t\t\t<div class=\"event-date\"><div class=\"end-date\"><div class=\"event-weekday\">mar<\/div><div class=\"event-day\">12<\/div><div class=\"event-month\">Nov<\/div><div class=\"event-year\">2013<\/div><\/div><\/div>\n\t\t\t\t\t<div class=\"event-info multi-day\"><div class=\"event-title\"><h3>La principaut\u00e9 de Li\u00e8ge au d\u00e9but du XIVe si\u00e8cle : un principaut\u00e9 en transitions? (Christophe MASSON, Universit\u00e9 de Li\u00e8ge)<\/h3><\/div><div class=\"event-details\"><p><a href=\"http:\/\/web.philo.ulg.ac.be\/transitions\/wp-content\/uploads\/sites\/3\/2014\/03\/Affiche_Masson.jpg\"><img decoding=\"async\" class=\"alignleft  wp-image-5924\" alt=\"\" src=\"http:\/\/web.philo.ulg.ac.be\/transitions\/wp-content\/uploads\/sites\/3\/2014\/03\/Affiche_Masson-724x1024.jpg\" width=\"150\" height=\"212\" \/><\/a>Organisation : Cycle de conf\u00e9rences de Transitions<\/p>\n<\/div><\/div>\n\t\t\t\t<\/li>\n\t\t\t \t<li class=\"event seminaires\">\n\t\t\t\t\t<div class=\"event-date\"><div class=\"end-date\"><div class=\"event-weekday\">mar<\/div><div class=\"event-day\">05<\/div><div class=\"event-month\">Nov<\/div><div class=\"event-year\">2013<\/div><\/div><\/div>\n\t\t\t\t\t<div class=\"event-info multi-day\"><div class=\"event-title\"><h3>Les nouvelles approches du pouvoir (H\u00e9l\u00e8ne MIESSE - Julien R\u00c9GIBEAU)<\/h3><\/div><div class=\"event-details\"><p><a href=\"http:\/\/web.philo.ulg.ac.be\/transitions\/wp-content\/uploads\/sites\/3\/2013\/11\/Affiche_SemDoctorants.jpg\"><img decoding=\"async\" class=\"alignleft  wp-image-5924\" alt=\"\" src=\"http:\/\/web.philo.ulg.ac.be\/transitions\/wp-content\/uploads\/sites\/3\/2013\/11\/Affiche_SemDoctorants-724x1024.jpg\" width=\"150\" height=\"212\" \/><\/a>Organisation : Marie Lekane et Caroline Saal<br \/><a href=\"http:\/\/www.transitions.ulg.ac.be\/documents\/Affiche_SemDoctorants.pdf\" target=\"_blank\">Programme<\/a><\/p>\n<\/div><\/div>\n\t\t\t\t<\/li>\n\t\t\t \t<li class=\"event conferences\">\n\t\t\t\t\t<div class=\"event-date multi-date\"><div class=\"start-date\"><div class=\"event-weekday\">mer<\/div><div class=\"event-day\">23<\/div><div class=\"event-month\">Oct<\/div><div class=\"event-year\">2013<\/div><\/div><div class=\"end-date\"><div class=\"event-weekday\">jeu<\/div><div class=\"event-day\">24<\/div><div class=\"event-month\">Oct<\/div><div class=\"event-year\">2013<\/div><\/div><\/div>\n\t\t\t\t\t<div class=\"event-info multi-day\"><div class=\"event-title\"><h3>La modernit\u00e9 du XVIe si\u00e8cle : ruptures et continuit\u00e9s<\/h3><\/div><span class=\"event-time\">17h-19h<\/span><span class=\"event-location\">Palais des Acad\u00e9mies, Ecuries royales (Bruxelles)<\/span><div class=\"event-details\"><p><a href=\"http:\/\/web.philo.ulg.ac.be\/transitions\/wp-content\/uploads\/sites\/3\/2014\/05\/CollegeBelgique-copie.jpg\"><img decoding=\"async\" class=\" wp-image-6687 alignleft\" alt=\"\" src=\"http:\/\/web.philo.ulg.ac.be\/transitions\/wp-content\/uploads\/sites\/3\/2014\/05\/CollegeBelgique-copie-723x1024.jpg\" width=\"150\" height=\"212\" srcset=\"http:\/\/web.philo.ulg.ac.be\/transitions\/wp-content\/uploads\/sites\/3\/2014\/05\/CollegeBelgique-copie-212x300.jpg 212w, http:\/\/web.philo.ulg.ac.be\/transitions\/wp-content\/uploads\/sites\/3\/2014\/05\/CollegeBelgique-copie-723x1024.jpg 723w, http:\/\/web.philo.ulg.ac.be\/transitions\/wp-content\/uploads\/sites\/3\/2014\/05\/CollegeBelgique-copie.jpg 1240w\" sizes=\"(max-width: 150px) 100vw, 150px\" \/><\/a>Quatre cours-conf\u00e9rences sur<em> La modernit\u00e9 du XVIe si\u00e8cle : ruptures et continuit\u00e9s\u00a0<\/em>dans le cadre du Coll\u00e8ge Belgique :<em><br \/><\/em><\/p>\n<div title=\"Page 1\">\n<ul>\n<li>Dominique Allart, \u00ab Lambert Lombard, un artiste de la\u00a0Renaissance ouvert aux le\u00e7ons du Moyen \u00c2ge \u00bb<\/li>\n<li>Paola Moreno, \u00ab L\u2019exemple historique dans la pens\u00e9e de\u00a0Machiavel et de Guichardin \u00bb<\/li>\n<li>Annick Delfosse, \u00ab Accepter l\u2019histoire pour r\u00e9nover le\u00a0pr\u00e9sent : l\u2019exemple j\u00e9suite \u00bb<\/li>\n<li>Laure Fagnart, \u00ab Modernit\u00e9, pass\u00e9 r\u00e9cent et Antiquit\u00e9 dans\u00a0l\u2019appartement des bains du ch\u00e2teau de Fontainebleau \u00bb\u00a0<\/li>\n<\/ul>\n<\/div>\n<p>Coordinateur : Prof. Pierre Jodogne<\/p>\n<p>&nbsp;<\/p>\n<\/div><\/div>\n\t\t\t\t<\/li>\n\t\t\t \t<li class=\"event cycleconferences\">\n\t\t\t\t\t<div class=\"event-date\"><div class=\"end-date\"><div class=\"event-weekday\">mar<\/div><div class=\"event-day\">15<\/div><div class=\"event-month\">Oct<\/div><div class=\"event-year\">2013<\/div><\/div><\/div>\n\t\t\t\t\t<div class=\"event-info multi-day\"><div class=\"event-title\"><h3>Le banquet comme spectacle dans le \u00ab Decameron \u00bb de Boccace (Giancarlo ALFANO, Seconda Universit\u00e0 di Napoli)<\/h3><\/div><div class=\"event-details\"><p><a href=\"http:\/\/web.philo.ulg.ac.be\/transitions\/wp-content\/uploads\/sites\/3\/2014\/03\/Affiche_Alfano.jpg\"><img decoding=\"async\" class=\"alignleft  wp-image-5924\" alt=\"\" src=\"http:\/\/web.philo.ulg.ac.be\/transitions\/wp-content\/uploads\/sites\/3\/2014\/03\/Affiche_Alfano-724x1024.jpg\" width=\"150\" height=\"212\" \/><\/a>Organisation : Cycle de conf\u00e9rences de Transitions<\/p>\n<\/div><\/div>\n\t\t\t\t<\/li>\n\t\t\t \t<li class=\"event conferences\">\n\t\t\t\t\t<div class=\"event-date\"><div class=\"end-date\"><div class=\"event-weekday\">jeu<\/div><div class=\"event-day\">26<\/div><div class=\"event-month\">Sep<\/div><div class=\"event-year\">2013<\/div><\/div><\/div>\n\t\t\t\t\t<div class=\"event-info multi-day\"><div class=\"event-title\"><h3>Table ronde Du Moyen \u00c2ge au XXIe si\u00e8cle : dans le sillage de Hildegarde von Bingen (avec la participation de Marie-Elisabeth HENNEAU, Alicia SCARCEZ (ULB), Paula DEFRESNE, l&#039;ensemble vocal LA NOEVA et Annick DELFOSSE)<\/h3><\/div><div class=\"event-details\"><p><a href=\"http:\/\/web.philo.ulg.ac.be\/transitions\/wp-content\/uploads\/sites\/3\/2014\/05\/Hildegarde.jpg\"><img decoding=\"async\" class=\" wp-image-6689 alignleft\" alt=\"\" src=\"http:\/\/web.philo.ulg.ac.be\/transitions\/wp-content\/uploads\/sites\/3\/2014\/05\/Hildegarde-727x1024.jpg\" width=\"150\" height=\"212\" srcset=\"http:\/\/web.philo.ulg.ac.be\/transitions\/wp-content\/uploads\/sites\/3\/2014\/05\/Hildegarde-213x300.jpg 213w, http:\/\/web.philo.ulg.ac.be\/transitions\/wp-content\/uploads\/sites\/3\/2014\/05\/Hildegarde-727x1024.jpg 727w, http:\/\/web.philo.ulg.ac.be\/transitions\/wp-content\/uploads\/sites\/3\/2014\/05\/Hildegarde.jpg 1820w\" sizes=\"(max-width: 150px) 100vw, 150px\" \/><\/a>Organisation (en collaboration avec le <a href=\"http:\/\/www.ferulg.ulg.ac.be\/\" target=\"_blank\">FERULg<\/a> et le Festival <a href=\"http:\/\/www.lesnuitsdeseptembre.com\/\" target=\"_blank\">Les Nuits de Septembre<\/a>) : Emilie Corswarem<\/p>\n<\/div><\/div>\n\t\t\t\t<\/li>\n\t\t\t \t<li class=\"event colloques\">\n\t\t\t\t\t<div class=\"event-date\"><div class=\"end-date\"><div class=\"event-weekday\">ven<\/div><div class=\"event-day\">24<\/div><div class=\"event-month\">Mai<\/div><div class=\"event-year\">2013<\/div><\/div><\/div>\n\t\t\t\t\t<div class=\"event-info multi-day\"><div class=\"event-title\"><h3>R\u00e9cit et exp\u00e9rience de la f\u00eate au premier \u00e2ge moderne<\/h3><\/div><span class=\"event-location\">Palais des Acad\u00e9mies (Bruxelles)<\/span><div class=\"event-details\"><p>Organisation : Annick Delfosse, dans le cadre du projet <a title=\"Cultures du Spectacle Baroque\" href=\"http:\/\/web.philo.ulg.ac.be\/transitions\/cultures-du-spectacle-baroque\/\">Cultures du Spectacle Baroque<\/a><br \/><a href=\"http:\/\/www.transitions.ulg.ac.be\/documents\/CSB_24mai.pdf\" target=\"_blank\">Programme<\/a><\/p>\n<\/div><\/div>\n\t\t\t\t<\/li>\n\t\t\t \t<li class=\"event conferences\">\n\t\t\t\t\t<div class=\"event-date\"><div class=\"end-date\"><div class=\"event-weekday\">mar<\/div><div class=\"event-day\">14<\/div><div class=\"event-month\">Mai<\/div><div class=\"event-year\">2013<\/div><\/div><\/div>\n\t\t\t\t\t<div class=\"event-info multi-day\"><div class=\"event-title\"><h3>Barbes et identit\u00e9s \u00e0 l&#039;\u00e9poque moderne (Jean-Marie LE GALL, Paris I Panth\u00e9on-Sorbonne)<\/h3><\/div><span class=\"event-time\">18h<\/span><span class=\"event-location\">Petit Physique (ULg)<\/span><div class=\"event-details\"><p><a href=\"http:\/\/web.philo.ulg.ac.be\/transitions\/wp-content\/uploads\/sites\/3\/2014\/05\/LeGallBarbe.jpg\"><img decoding=\"async\" class=\" wp-image-6705 alignleft\" alt=\"\" src=\"http:\/\/web.philo.ulg.ac.be\/transitions\/wp-content\/uploads\/sites\/3\/2014\/05\/LeGallBarbe-723x1024.jpg\" width=\"150\" height=\"212\" srcset=\"http:\/\/web.philo.ulg.ac.be\/transitions\/wp-content\/uploads\/sites\/3\/2014\/05\/LeGallBarbe-212x300.jpg 212w, http:\/\/web.philo.ulg.ac.be\/transitions\/wp-content\/uploads\/sites\/3\/2014\/05\/LeGallBarbe-723x1024.jpg 723w, http:\/\/web.philo.ulg.ac.be\/transitions\/wp-content\/uploads\/sites\/3\/2014\/05\/LeGallBarbe.jpg 1240w\" sizes=\"(max-width: 150px) 100vw, 150px\" \/><\/a>Organisation (en collaboration avec le <a href=\"http:\/\/www.ferulg.ulg.ac.be\/\" target=\"_blank\">FERULg<\/a>) : Marie-Elisabeth Henneau<\/p>\n<\/div><\/div>\n\t\t\t\t<\/li>\n\t\t\t \t<li class=\"event cycleconferences\">\n\t\t\t\t\t<div class=\"event-date\"><div class=\"end-date\"><div class=\"event-weekday\">mar<\/div><div class=\"event-day\">16<\/div><div class=\"event-month\">Avr<\/div><div class=\"event-year\">2013<\/div><\/div><\/div>\n\t\t\t\t\t<div class=\"event-info multi-day\"><div class=\"event-title\"><h3>Organisation du royaume, d\u00e9finition de la nation et hi\u00e9rarchies sociales : une histoire de la pens\u00e9e politique \u00e0 la cour de France au d\u00e9but du XVIe si\u00e8cle (Jonathan DUMONT, Li\u00e8ge)<\/h3><\/div><span class=\"event-time\">18h<\/span><span class=\"event-location\">Grand Physique (ULg)<\/span><div class=\"event-details\"><p><a href=\"http:\/\/web.philo.ulg.ac.be\/transitions\/wp-content\/uploads\/sites\/3\/2014\/05\/Affiche_Dumont.jpg\"><img decoding=\"async\" class=\" wp-image-6703 alignleft\" alt=\"\" src=\"http:\/\/web.philo.ulg.ac.be\/transitions\/wp-content\/uploads\/sites\/3\/2014\/05\/Affiche_Dumont-723x1024.jpg\" width=\"150\" height=\"212\" srcset=\"http:\/\/web.philo.ulg.ac.be\/transitions\/wp-content\/uploads\/sites\/3\/2014\/05\/Affiche_Dumont-212x300.jpg 212w, http:\/\/web.philo.ulg.ac.be\/transitions\/wp-content\/uploads\/sites\/3\/2014\/05\/Affiche_Dumont-723x1024.jpg 723w, http:\/\/web.philo.ulg.ac.be\/transitions\/wp-content\/uploads\/sites\/3\/2014\/05\/Affiche_Dumont.jpg 1240w\" sizes=\"(max-width: 150px) 100vw, 150px\" \/><\/a>Organisation : Cycle de conf\u00e9rences de Transitions<\/p>\n<\/div><\/div>\n\t\t\t\t<\/li>\n\t\t\t \t<li class=\"event colloques\">\n\t\t\t\t\t<div class=\"event-date multi-date\"><div class=\"start-date\"><div class=\"event-weekday\">ven<\/div><div class=\"event-day\">12<\/div><div class=\"event-month\">Avr<\/div><div class=\"event-year\">2013<\/div><\/div><div class=\"end-date\"><div class=\"event-weekday\">dim<\/div><div class=\"event-day\">14<\/div><div class=\"event-month\">Avr<\/div><div class=\"event-year\">2013<\/div><\/div><\/div>\n\t\t\t\t\t<div class=\"event-info multi-day\"><div class=\"event-title\"><h3>M\u00e9tamorphose spectaculaire et anamorphose culturelle. Les (en)jeux de l&#039;ornement dans les festivit\u00e9s \u00e9ph\u00e9m\u00e8res au premier \u00e2ge moderne<\/h3><\/div><span class=\"event-location\">Academia Belgica (Rome)<\/span><div class=\"event-details\"><p>Organisation : Annick Delfosse, dans le cadre du projet <a title=\"Cultures du Spectacle Baroque\" href=\"http:\/\/web.philo.ulg.ac.be\/transitions\/cultures-du-spectacle-baroque\/\">Cultures du Spectacle Baroque<em><br \/><\/em><\/a><a href=\"http:\/\/www.transitions.ulg.ac.be\/documents\/CSB_Ornements.pdf\" target=\"_blank\">Programme<\/a><a href=\"http:\/\/www.transitions.ulg.ac.be\/fete_baroque.html\" target=\"_blank\"><br \/><\/a><\/p>\n<\/div><\/div>\n\t\t\t\t<\/li>\n\t\t\t \t<li class=\"event cycleconferences\">\n\t\t\t\t\t<div class=\"event-date\"><div class=\"end-date\"><div class=\"event-weekday\">mar<\/div><div class=\"event-day\">19<\/div><div class=\"event-month\">Mar<\/div><div class=\"event-year\">2013<\/div><\/div><\/div>\n\t\t\t\t\t<div class=\"event-info multi-day\"><div class=\"event-title\"><h3>La beaut\u00e9 du geste : proc\u00e9dures d\u00e9coratives virtuoses dans l&#039;architecture entre Moyen Age et Renaissance (Jean-Marie GUILLOU\u00cbT, Nantes)<\/h3><\/div><div class=\"event-details\"><p>Organisation : Cycle de conf\u00e9rences de Transitions<\/p>\n<\/div><\/div>\n\t\t\t\t<\/li>\n\t\t\t \t<li class=\"event conferences\">\n\t\t\t\t\t<div class=\"event-date\"><div class=\"end-date\"><div class=\"event-weekday\">mer<\/div><div class=\"event-day\">06<\/div><div class=\"event-month\">Mar<\/div><div class=\"event-year\">2013<\/div><\/div><\/div>\n\t\t\t\t\t<div class=\"event-info multi-day\"><div class=\"event-title\"><h3>Bernal Diaz de Luco et le &quot;Colloquium Elegans&quot; (Paris, 1452) (Pedro Manuel SUAREZ MARTINEZ, Universit\u00e9 d&#039;Oviedo)<\/h3><\/div><div class=\"event-details\"><p>Organisation : Dominique Longr\u00e9e<\/p>\n<\/div><\/div>\n\t\t\t\t<\/li>\n\t\t\t \t<li class=\"event conferences\">\n\t\t\t\t\t<div class=\"event-date\"><div class=\"end-date\"><div class=\"event-weekday\">jeu<\/div><div class=\"event-day\">21<\/div><div class=\"event-month\">F\u00e9v<\/div><div class=\"event-year\">2013<\/div><\/div><\/div>\n\t\t\t\t\t<div class=\"event-info multi-day\"><div class=\"event-title\"><h3>Georg of Trebizond&#039;s performance based on Cicero&#039;s speeches (Maria Asuncion SANCHEZ MANZANO)<\/h3><\/div><div class=\"event-details\"><p>Organisation : Dominique Longr\u00e9e<\/p>\n<\/div><\/div>\n\t\t\t\t<\/li>\n\t\t\t \t<li class=\"event conferences\">\n\t\t\t\t\t<div class=\"event-date\"><div class=\"end-date\"><div class=\"event-weekday\">mer<\/div><div class=\"event-day\">20<\/div><div class=\"event-month\">F\u00e9v<\/div><div class=\"event-year\">2013<\/div><\/div><\/div>\n\t\t\t\t\t<div class=\"event-info multi-day\"><div class=\"event-title\"><h3>The reception of ancient rhetoric in Humanism &amp; Georg of Trebizond&#039;s Rhetoricorvm Libri Qvinqve (Maria Asuncion SANCHEZ MANZANO)<\/h3><\/div><div class=\"event-details\"><p>Organisation : Dominique Longr\u00e9e<\/p>\n<\/div><\/div>\n\t\t\t\t<\/li>\n\t\t\t \t<li class=\"event seminaires\">\n\t\t\t\t\t<div class=\"event-date\"><div class=\"end-date\"><div class=\"event-weekday\">ven<\/div><div class=\"event-day\">15<\/div><div class=\"event-month\">F\u00e9v<\/div><div class=\"event-year\">2013<\/div><\/div><\/div>\n\t\t\t\t\t<div class=\"event-info multi-day\"><div class=\"event-title\"><h3>B\u00e9atifications et canonisations au XVIIe si\u00e8cle : f\u00eates sal\u00e9siennes et j\u00e9suites<\/h3><\/div><span class=\"event-location\">Universit\u00e9 de Li\u00e8ge<\/span><div class=\"event-details\"><p>S\u00e9minaire #3<br \/>Organisation : A. Delfosse et M.-H. Henneau, en collaboration avec le GEMCA (UCL)<br \/>Activit\u00e9s organis\u00e9es dans le cadre du projet <a title=\"Cultures du Spectacle Baroque\" href=\"http:\/\/web.philo.ulg.ac.be\/transitions\/cultures-du-spectacle-baroque\/\">Cultures du spectacle baroque<\/a><br \/><a href=\"http:\/\/www.transitions.ulg.ac.be\/documents\/SeminaireTransitionsGEMCA.pdf\" target=\"_blank\">Programme<\/a><\/p>\n<\/div><\/div>\n\t\t\t\t<\/li>\n\t\t\t \t<li class=\"event conferences\">\n\t\t\t\t\t<div class=\"event-date\"><div class=\"end-date\"><div class=\"event-weekday\">ven<\/div><div class=\"event-day\">18<\/div><div class=\"event-month\">Jan<\/div><div class=\"event-year\">2013<\/div><\/div><\/div>\n\t\t\t\t\t<div class=\"event-info multi-day\"><div class=\"event-title\"><h3>Pr\u00e9sentation de la traduction fran\u00e7aise des Adages d&#039;\u00c9rasme (Jean-Christophe SALADIN)<\/h3><\/div><div class=\"event-details\"><p>Organisation : Annick Delfosse et Librairie Pax<\/p>\n<\/div><\/div>\n\t\t\t\t<\/li>\n\t\t\t \t<li class=\"event colloques\">\n\t\t\t\t\t<div class=\"event-date\"><div class=\"end-date\"><div class=\"event-weekday\">jeu<\/div><div class=\"event-day\">13<\/div><div class=\"event-month\">D\u00e9c<\/div><div class=\"event-year\">2012<\/div><\/div><\/div>\n\t\t\t\t\t<div class=\"event-info multi-day\"><div class=\"event-title\"><h3>Ma\u00eetresses et favorites dans les coulisses du pouvoir (Moyen \u00c2ge et \u00c9poque moderne)<\/h3><\/div><span class=\"event-location\">Soci\u00e9t\u00e9 litt\u00e9raire (Li\u00e8ge)<\/span><div class=\"event-details\"><p>Organisation : Marie-Elisabeth Henneau, Alain Marchandisse et Juliette Dor avec la SIEFAR et le FERULg<br \/><a href=\"http:\/\/www.transitions.ulg.ac.be\/documents\/Maitresses&amp;Favorites_depliant.pdf\" target=\"_new\">Programme<\/a><\/p>\n<\/div><\/div>\n\t\t\t\t<\/li>\n\t\t\t \t<li class=\"event cycleconferences\">\n\t\t\t\t\t<div class=\"event-date\"><div class=\"end-date\"><div class=\"event-weekday\">mar<\/div><div class=\"event-day\">11<\/div><div class=\"event-month\">D\u00e9c<\/div><div class=\"event-year\">2012<\/div><\/div><\/div>\n\t\t\t\t\t<div class=\"event-info multi-day\"><div class=\"event-title\"><h3>Du vers \u00e0 la prose : le cas de la Chanson de Roland (Giovanni PALUMBO)<\/h3><\/div><div class=\"event-details\"><p>Organisation : Cycle de conf\u00e9rences de Transitions<\/p>\n<\/div><\/div>\n\t\t\t\t<\/li>\n\t\t\t \t<li class=\"event seminaires\">\n\t\t\t\t\t<div class=\"event-date\"><div class=\"end-date\"><div class=\"event-weekday\">ven<\/div><div class=\"event-day\">07<\/div><div class=\"event-month\">D\u00e9c<\/div><div class=\"event-year\">2012<\/div><\/div><\/div>\n\t\t\t\t\t<div class=\"event-info multi-day\"><div class=\"event-title\"><h3>B\u00e9atifications et canonisations au XVIIe si\u00e8cle : f\u00eates sal\u00e9siennes et j\u00e9suites<\/h3><\/div><span class=\"event-location\">Universit\u00e9 Catholique de Louvain<\/span><div class=\"event-details\"><p>S\u00e9minaire #2<br \/>Organisation : A. Delfosse et M.-H. Henneau, en collaboration avec le GEMCA (UCL)<br \/>Activit\u00e9s organis\u00e9es dans le cadre du projet <a title=\"Cultures du Spectacle Baroque\" href=\"http:\/\/web.philo.ulg.ac.be\/transitions\/cultures-du-spectacle-baroque\/\">Cultures du spectacle baroque<\/a><br \/><a href=\"http:\/\/www.transitions.ulg.ac.be\/documents\/SeminaireTransitionsGEMCA.pdf\" target=\"_blank\">Programme<\/a><\/p>\n<\/div><\/div>\n\t\t\t\t<\/li>\n\t\t\t \t<li class=\"event conferences\">\n\t\t\t\t\t<div class=\"event-date\"><div class=\"end-date\"><div class=\"event-weekday\">jeu<\/div><div class=\"event-day\">06<\/div><div class=\"event-month\">D\u00e9c<\/div><div class=\"event-year\">2012<\/div><\/div><\/div>\n\t\t\t\t\t<div class=\"event-info multi-day\"><div class=\"event-title\"><h3>La Cit\u00e9 des hommes : Eustache Deschamps, expression po\u00e9tique et vision politique (Thierry LASSABAT\u00c8RE)<\/h3><\/div><div class=\"event-details\"><p>Organisation : Jonathan Dumont et Alain Marchandisse<\/p>\n<\/div><\/div>\n\t\t\t\t<\/li>\n\t\t\t \t<li class=\"event colloques\">\n\t\t\t\t\t<div class=\"event-date\"><div class=\"end-date\"><div class=\"event-weekday\">ven<\/div><div class=\"event-day\">16<\/div><div class=\"event-month\">Nov<\/div><div class=\"event-year\">2012<\/div><\/div><\/div>\n\t\t\t\t\t<div class=\"event-info multi-day\"><div class=\"event-title\"><h3>Transferts iconographiques et stylistiques \u00e0 l&#039;\u00e9poque gothique<\/h3><\/div><span class=\"event-location\">Universit\u00e9 de Li\u00e8ge, Salle acad\u00e9mique<\/span><div class=\"event-details\"><p>Organisation : Beno\u00eet Van den Bossche avec Jean-Marie Guillou\u00ebt (INHA) et Jacques Dubois (Universit\u00e9 de Toulouse)<br \/><a href=\"http:\/\/www.transitions.ulg.ac.be\/documents\/Transferts2.pdf\" target=\"_blank\">Programme<\/a><\/p>\n<\/div><\/div>\n\t\t\t\t<\/li>\n\t\t\t \t<li class=\"event seminaires\">\n\t\t\t\t\t<div class=\"event-date\"><div class=\"end-date\"><div class=\"event-weekday\">jeu<\/div><div class=\"event-day\">08<\/div><div class=\"event-month\">Nov<\/div><div class=\"event-year\">2012<\/div><\/div><\/div>\n\t\t\t\t\t<div class=\"event-info multi-day\"><div class=\"event-title\"><h3>B\u00e9atifications et canonisations au XVIIe si\u00e8cle : f\u00eates sal\u00e9siennes et j\u00e9suites<\/h3><\/div><span class=\"event-location\">Universit\u00e9 de Li\u00e8ge<\/span><div class=\"event-details\"><p>S\u00e9minaire #1<br \/>Organisation : A. Delfosse et M.-H. Henneau, en collaboration avec le GEMCA (UCL)<br \/>Activit\u00e9s organis\u00e9es dans le cadre du projet <a title=\"Cultures du Spectacle Baroque\" href=\"http:\/\/web.philo.ulg.ac.be\/transitions\/cultures-du-spectacle-baroque\/\">Cultures du spectacle baroque<\/a><br \/><a href=\"http:\/\/www.transitions.ulg.ac.be\/documents\/SeminaireTransitionsGEMCA.pdf\" target=\"_blank\">Programme<\/a><\/p>\n<\/div><\/div>\n\t\t\t\t<\/li>\n\t\t\t \t<li class=\"event cycleconferences\">\n\t\t\t\t\t<div class=\"event-date\"><div class=\"end-date\"><div class=\"event-weekday\">mar<\/div><div class=\"event-day\">16<\/div><div class=\"event-month\">Oct<\/div><div class=\"event-year\">2012<\/div><\/div><\/div>\n\t\t\t\t\t<div class=\"event-info multi-day\"><div class=\"event-title\"><h3>Dans l&#039;atelier des Brueg(h)el p\u00e8re et fils. Pratiques d&#039;un cr\u00e9ateur et de son copiste (Dominique ALLART, Universit\u00e9 de Li\u00e8ge - Christina CURRIE, IRPA)<\/h3><\/div><div class=\"event-details\"><p>Organisation : Cycle de conf\u00e9rences de Transitions<\/p>\n<\/div><\/div>\n\t\t\t\t<\/li>\n\t\t\t \t<li class=\"event cycleconferences\">\n\t\t\t\t\t<div class=\"event-date\"><div class=\"end-date\"><div class=\"event-weekday\">mar<\/div><div class=\"event-day\">08<\/div><div class=\"event-month\">Mai<\/div><div class=\"event-year\">2012<\/div><\/div><\/div>\n\t\t\t\t\t<div class=\"event-info multi-day\"><div class=\"event-title\"><h3>L&#039;unification et le savoir du monde dans la pens\u00e9e politique de Campanella (Jean-Louis FOURNEL, Universit\u00e9 de Paris VIII Vincennes-Saint-Denis) <\/h3><\/div><div class=\"event-details\"><p>Organisation : Cycle de conf\u00e9rences de Transitions<\/p>\n<\/div><\/div>\n\t\t\t\t<\/li>\n\t\t\t \t<li class=\"event cycleconferences\">\n\t\t\t\t\t<div class=\"event-date\"><div class=\"end-date\"><div class=\"event-weekday\">mar<\/div><div class=\"event-day\">27<\/div><div class=\"event-month\">Mar<\/div><div class=\"event-year\">2012<\/div><\/div><\/div>\n\t\t\t\t\t<div class=\"event-info multi-day\"><div class=\"event-title\"><h3>Gouverner \u00e0 la Renaissance : les conseillers de Fran\u00e7ois Ier (C\u00e9dric MICHON, Universit\u00e9 du Maine)<\/h3><\/div><div class=\"event-details\"><p>Organisation : Cycle de conf\u00e9rences de Transitions<\/p>\n<\/div><\/div>\n\t\t\t\t<\/li>\n\t\t\t \t<li class=\"event cycleconferences\">\n\t\t\t\t\t<div class=\"event-date\"><div class=\"end-date\"><div class=\"event-weekday\">mar<\/div><div class=\"event-day\">06<\/div><div class=\"event-month\">Mar<\/div><div class=\"event-year\">2012<\/div><\/div><\/div>\n\t\t\t\t\t<div class=\"event-info multi-day\"><div class=\"event-title\"><h3>D\u00e9crypter les marques de l&#039;histoire par l&#039;examen technologique : vers une nouvelle restauration de l&#039;Agneau mystique (H\u00e9l\u00e8ne DUBOIS, Institut Royal du Patrimoine Artistique, Bruxelles)<\/h3><\/div><div class=\"event-details\"><p>Organisation : Cycle de conf\u00e9rences de Transitions<\/p>\n<\/div><\/div>\n\t\t\t\t<\/li>\n\t\t\t \t<li class=\"event cycleconferences\">\n\t\t\t\t\t<div class=\"event-date\"><div class=\"end-date\"><div class=\"event-weekday\">mar<\/div><div class=\"event-day\">28<\/div><div class=\"event-month\">F\u00e9v<\/div><div class=\"event-year\">2012<\/div><\/div><\/div>\n\t\t\t\t\t<div class=\"event-info multi-day\"><div class=\"event-title\"><h3>Les cris de Paris. Reconstitution d&#039;un paysage sonore m\u00e9di\u00e9val (Laurent VISSI\u00c8RE, Universit\u00e9 de Paris-Sorbonne (Paris IV))<\/h3><\/div><div class=\"event-details\"><p>Organisation : Cycle de conf\u00e9rences de Transitions<\/p>\n<\/div><\/div>\n\t\t\t\t<\/li>\n\t\t\t \t<li class=\"event cycleconferences\">\n\t\t\t\t\t<div class=\"event-date\"><div class=\"end-date\"><div class=\"event-weekday\">mar<\/div><div class=\"event-day\">07<\/div><div class=\"event-month\">F\u00e9v<\/div><div class=\"event-year\">2012<\/div><\/div><\/div>\n\t\t\t\t\t<div class=\"event-info multi-day\"><div class=\"event-title\"><h3>Culte des saints, sanctuaires et p\u00e8lerinages en Occident du XIIe au XVe si\u00e8cle (Catherine VINCENT, Universit\u00e9 Paris Ouest, Nanterre-La D\u00e9fense)<\/h3><\/div><div class=\"event-details\"><p>Organisation : Cycle de conf\u00e9rences de Transitions<\/p>\n<\/div><\/div>\n\t\t\t\t<\/li>\n\t\t\t \t<li class=\"event colloques\">\n\t\t\t\t\t<div class=\"event-date\"><div class=\"end-date\"><div class=\"event-weekday\">jeu<\/div><div class=\"event-day\">02<\/div><div class=\"event-month\">F\u00e9v<\/div><div class=\"event-year\">2012<\/div><\/div><\/div>\n\t\t\t\t\t<div class=\"event-info multi-day\"><div class=\"event-title\"><h3>Recherches relatives au Moyen \u00c2ge tardif et \u00e0 la premi\u00e8re Modernit\u00e9. Rencontre des doctorants de Belgique francophone<\/h3><\/div><span class=\"event-location\">Universit\u00e9 de Li\u00e8ge, Moyen Physique<\/span><div class=\"event-details\"><p>Organisation : M. Lekane, H. Miesse et P.-Fr. Pirlet<br \/><a href=\"http:\/\/www.transitions.ulg.ac.be\/documents\/JournDoc_fevr2012_flyer.pdf\" target=\"_blank\">Programme<\/a><\/p>\n<\/div><\/div>\n\t\t\t\t<\/li>\n\t\t\t \t<li class=\"event seminaires\">\n\t\t\t\t\t<div class=\"event-date\"><div class=\"end-date\"><div class=\"event-weekday\">jeu<\/div><div class=\"event-day\">22<\/div><div class=\"event-month\">D\u00e9c<\/div><div class=\"event-year\">2011<\/div><\/div><\/div>\n\t\t\t\t\t<div class=\"event-info multi-day\"><div class=\"event-title\"><h3>Espace et performativit\u00e9(s) des images (1350-1650)<\/h3><\/div><span class=\"event-location\">Universit\u00e9 Catholique de Louvain<\/span><div class=\"event-details\"><p>Atelier #2<br \/>Organisation : I. Falque et E. L\u2019Estrange, en collaboration avec le GEMCA (UCL) et le IRG (KUL)<br \/><a href=\"http:\/\/www.transitions.ulg.ac.be\/documents\/EPI_1211.pdf\" target=\"_blank\">Programme<\/a><\/p>\n<\/div><\/div>\n\t\t\t\t<\/li>\n\t\t\t \t<li class=\"event conferences\">\n\t\t\t\t\t<div class=\"event-date\"><div class=\"end-date\"><div class=\"event-weekday\">mer<\/div><div class=\"event-day\">14<\/div><div class=\"event-month\">D\u00e9c<\/div><div class=\"event-year\">2011<\/div><\/div><\/div>\n\t\t\t\t\t<div class=\"event-info multi-day\"><div class=\"event-title\"><h3>Primavera o filologia ? Ancora sulle interazioni tra testo e immagine, da Marziano Capella a Botticelli e Poliziano (Paola MORENO, Universit\u00e9 de Li\u00e8ge)<\/h3><\/div><div class=\"event-details\"><p>Organisation : Societ\u00e0 Dante Alighieri<\/p>\n<\/div><\/div>\n\t\t\t\t<\/li>\n\t\t\t \t<li class=\"event colloques\">\n\t\t\t\t\t<div class=\"event-date\"><div class=\"end-date\"><div class=\"event-weekday\">ven<\/div><div class=\"event-day\">02<\/div><div class=\"event-month\">D\u00e9c<\/div><div class=\"event-year\">2011<\/div><\/div><\/div>\n\t\t\t\t\t<div class=\"event-info multi-day\"><div class=\"event-title\"><h3>Aspects socioprofessionnels des transferts artistiques<\/h3><\/div><span class=\"event-location\">Toulouse, Universit\u00e9 de Toulouse2-Le Mirail, Biblioth\u00e8que d\u2019\u00c9tudes M\u00e9ridionales<\/span><div class=\"event-details\"><p>Organisation : Beno\u00eet Van den Bossche avec Jean-Marie Guillou\u00ebt (INHA) et Jacques Dubois (Universit\u00e9 de Toulouse)<br \/><a href=\"http:\/\/www.transitions.ulg.ac.be\/documents\/Toulouse_20111202.pdf\" target=\"_blank\">Programme<\/a><\/p>\n<\/div><\/div>\n\t\t\t\t<\/li>\n\t\t\t \t<li class=\"event colloques\">\n\t\t\t\t\t<div class=\"event-date\"><div class=\"end-date\"><div class=\"event-weekday\">jeu<\/div><div class=\"event-day\">01<\/div><div class=\"event-month\">D\u00e9c<\/div><div class=\"event-year\">2011<\/div><\/div><\/div>\n\t\t\t\t\t<div class=\"event-info multi-day\"><div class=\"event-title\"><h3>La f\u00eate baroque entre Italie et Pays-Bas : institutions, r\u00e9seaux, acteurs<\/h3><\/div><span class=\"event-location\">Academia Belgica (Rome)<\/span><div class=\"event-details\"><p>Organisation : Annick Delfosse, dans le cadre du projet <a title=\"Cultures du Spectacle Baroque\" href=\"http:\/\/web.philo.ulg.ac.be\/transitions\/cultures-du-spectacle-baroque\/\">Cultures du Spectacle Baroque<br \/><\/a><a href=\"http:\/\/www.transitions.ulg.ac.be\/documents\/CSB_AB_20111201.pdf\" target=\"_blank\">Programme<\/a><\/p>\n<\/div><\/div>\n\t\t\t\t<\/li>\n\t\t\t \t<li class=\"event colloques\">\n\t\t\t\t\t<div class=\"event-date\"><div class=\"end-date\"><div class=\"event-weekday\">jeu<\/div><div class=\"event-day\">01<\/div><div class=\"event-month\">D\u00e9c<\/div><div class=\"event-year\">2011<\/div><\/div><\/div>\n\t\t\t\t\t<div class=\"event-info multi-day\"><div class=\"event-title\"><h3>Louise de Savoie (1476-1531)<\/h3><\/div><span class=\"event-location\">Romorantin-Lanthenay, H\u00f4tel de Ville, salle du conseil municipal<\/span><div class=\"event-details\"><p>Organisation : Laure Fagnart; avec C\u00e9dric Michon (Universit\u00e9 du Maine\/Institut universitaire de France) et Pascal Brioist (Universit\u00e9 de Tours\/Centre d\u2019\u00e9tudes sup\u00e9rieures de la Renaissance)<br \/><a href=\"http:\/\/www.transitions.ulg.ac.be\/documents\/LouisedeSavoie_depliant.pdf\" target=\"_blank\">Programme<\/a><\/p>\n<\/div><\/div>\n\t\t\t\t<\/li>\n\t\t\t \t<li class=\"event cycleconferences\">\n\t\t\t\t\t<div class=\"event-date\"><div class=\"end-date\"><div class=\"event-weekday\">mar<\/div><div class=\"event-day\">22<\/div><div class=\"event-month\">Nov<\/div><div class=\"event-year\">2011<\/div><\/div><\/div>\n\t\t\t\t\t<div class=\"event-info multi-day\"><div class=\"event-title\"><h3>Le remploi de sculptures m\u00e9di\u00e9vales dans le Nord de la France et au pays de Li\u00e8ge (XIIIe-XVe si\u00e8cles) (Iliana KASARSKA, Universit\u00e9 de Li\u00e8ge)<\/h3><\/div><div class=\"event-details\"><p>Organisation : Cycle de conf\u00e9rences de Transitions<\/p>\n<\/div><\/div>\n\t\t\t\t<\/li>\n\t\t\t \t<li class=\"event colloques\">\n\t\t\t\t\t<div class=\"event-date multi-date\"><div class=\"start-date\"><div class=\"event-weekday\">jeu<\/div><div class=\"event-day\">17<\/div><div class=\"event-month\">Nov<\/div><div class=\"event-year\">2011<\/div><\/div><div class=\"end-date\"><div class=\"event-weekday\">sam<\/div><div class=\"event-day\">19<\/div><div class=\"event-month\">Nov<\/div><div class=\"event-year\">2011<\/div><\/div><\/div>\n\t\t\t\t\t<div class=\"event-info multi-day\"><div class=\"event-title\"><h3>Le corps du Prince au c\u0153ur des rituels de la cour. Autour des travaux d\u2019Agostino Paravicini Bagliani<\/h3><\/div><span class=\"event-location\">Universit\u00e9 de Li\u00e8ge et Katholieke Universiteit Leuven<\/span><div class=\"event-details\"><p>Organisation : A. Marchandisse et J. Dumont avec E. Bousmar (FUSL) et H. Cools (KUL)<br \/><a href=\"http:\/\/www.transitions.ulg.ac.be\/documents\/20111117_19_Corpdsduprince_flyer.pdf\" target=\"_blank\">Programme<\/a><\/p>\n<\/div><\/div>\n\t\t\t\t<\/li>\n\t\t\t \t<li class=\"event conferences\">\n\t\t\t\t\t<div class=\"event-date\"><div class=\"end-date\"><div class=\"event-weekday\">jeu<\/div><div class=\"event-day\">22<\/div><div class=\"event-month\">Sep<\/div><div class=\"event-year\">2011<\/div><\/div><\/div>\n\t\t\t\t\t<div class=\"event-info multi-day\"><div class=\"event-title\"><h3>Pr\u00e9sentation du sixi\u00e8me volume de la s\u00e9rie belge du Corpus Vitrearum (Isabelle LECOCQ)<\/h3><\/div><span class=\"event-location\">Namur<\/span><\/div>\n\t\t\t\t<\/li>\n\t\t\t \t<li class=\"event conferences\">\n\t\t\t\t\t<div class=\"event-date\"><div class=\"end-date\"><div class=\"event-weekday\">lun<\/div><div class=\"event-day\">19<\/div><div class=\"event-month\">Sep<\/div><div class=\"event-year\">2011<\/div><\/div><\/div>\n\t\t\t\t\t<div class=\"event-info multi-day\"><div class=\"event-title\"><h3>Le thanatologue du prince. Un discours sur le corps mort \u00e0 l\u2019\u00e9poque de la Renaissance italienne (Giovanni RICCI, Universit\u00e0 degli Studi di Ferrara)<\/h3><\/div><div class=\"event-details\"><p>Organisation : Alain Marchandisse et Jonathan Dumont<\/p>\n<\/div><\/div>\n\t\t\t\t<\/li>\n\t\t\t \t<li class=\"event conferences\">\n\t\t\t\t\t<div class=\"event-date\"><div class=\"end-date\"><div class=\"event-weekday\">ven<\/div><div class=\"event-day\">16<\/div><div class=\"event-month\">Sep<\/div><div class=\"event-year\">2011<\/div><\/div><\/div>\n\t\t\t\t\t<div class=\"event-info multi-day\"><div class=\"event-title\"><h3>La conqu\u00eate ottomane de l\u2019\u00c9gypte mamelouk (1517) vue de l\u2019Italie (Giovanni RICCI, Universit\u00e0 degli Studi Di Ferrara)<\/h3><\/div><div class=\"event-details\"><p>Organisation : Alain Marchandisse et Jonathan Dumont<\/p>\n<\/div><\/div>\n\t\t\t\t<\/li>\n\t\t\t \t<li class=\"event conferences\">\n\t\t\t\t\t<div class=\"event-date\"><div class=\"end-date\"><div class=\"event-weekday\">ven<\/div><div class=\"event-day\">29<\/div><div class=\"event-month\">Avr<\/div><div class=\"event-year\">2011<\/div><\/div><\/div>\n\t\t\t\t\t<div class=\"event-info multi-day\"><div class=\"event-title\"><h3>Art et humanisme \u00e0 Anvers et \u00e0 Li\u00e8ge. Molanus, Lipse et Lampson (Colette NATIVEL, Paris I Panth\u00e9on-Sorbonne)<\/h3><\/div><div class=\"event-details\"><p>Organisation : Dominique Allart et Mathilde Bert<\/p>\n<\/div><\/div>\n\t\t\t\t<\/li>\n\t\t\t \t<li class=\"event seminaires\">\n\t\t\t\t\t<div class=\"event-date\"><div class=\"end-date\"><div class=\"event-weekday\">mer<\/div><div class=\"event-day\">23<\/div><div class=\"event-month\">Mar<\/div><div class=\"event-year\">2011<\/div><\/div><\/div>\n\t\t\t\t\t<div class=\"event-info multi-day\"><div class=\"event-title\"><h3>Espace et performativit\u00e9(s) des images (1350-1650)<\/h3><\/div><span class=\"event-location\">Universit\u00e9 de Li\u00e8ge<\/span><div class=\"event-details\"><p>Atelier #1<br \/>Organisation : I. Falque et E. L\u2019Estrange, en collaboration avec le GEMCA (UCL) et le IRG (KUL)<br \/><a href=\"http:\/\/www.transitions.ulg.ac.be\/documents\/EPI_0311.pdf\" target=\"_blank\">Programme<\/a><\/p>\n<\/div><\/div>\n\t\t\t\t<\/li>\n\t\t\t \t<li class=\"event colloques\">\n\t\t\t\t\t<div class=\"event-date multi-date\"><div class=\"start-date\"><div class=\"event-weekday\">ven<\/div><div class=\"event-day\">18<\/div><div class=\"event-month\">Mar<\/div><div class=\"event-year\">2011<\/div><\/div><div class=\"end-date\"><div class=\"event-weekday\">sam<\/div><div class=\"event-day\">19<\/div><div class=\"event-month\">Mar<\/div><div class=\"event-year\">2011<\/div><\/div><\/div>\n\t\t\t\t\t<div class=\"event-info multi-day\"><div class=\"event-title\"><h3>\u00c9v\u00eaques et cardinaux princiers et curiaux (XIVe-d\u00e9but XVIe si\u00e8cle). Des acteurs du pouvoir<\/h3><\/div><span class=\"event-location\">Univ. Charles de Gaulle - Lille 3 et Grand S\u00e9minaire de Tournai<\/span><div class=\"event-details\"><p>Organisation : Alain Marchandisse avec Bertrand Schnerb (Universit\u00e9 Charles de Gaulle - Lille 3) et Monique Maillard-Luypaert (FUSL-CRHIDI)<br \/><a href=\"http:\/\/www.transitions.ulg.ac.be\/documents\/Eveques&amp;cardinaux_0311.pdf\" target=\"_blank\">Programme<\/a><\/p>\n<\/div><\/div>\n\t\t\t\t<\/li>\n\t\t\t \t<li class=\"event conferences\">\n\t\t\t\t\t<div class=\"event-date\"><div class=\"end-date\"><div class=\"event-weekday\">jeu<\/div><div class=\"event-day\">03<\/div><div class=\"event-month\">Mar<\/div><div class=\"event-year\">2011<\/div><\/div><\/div>\n\t\t\t\t\t<div class=\"event-info multi-day\"><div class=\"event-title\"><h3>Il canone dei quattro poeti : Dante, Petrarca, Ariosto, Tasso (Arnaldo DI BENEDETTO, Universit\u00e0 degli Studi di Torino)<\/h3><\/div><div class=\"event-details\"><p>Organisation : Paola Moreno<\/p>\n<\/div><\/div>\n\t\t\t\t<\/li>\n\t\t\t \t<li class=\"event conferences\">\n\t\t\t\t\t<div class=\"event-date\"><div class=\"end-date\"><div class=\"event-weekday\">jeu<\/div><div class=\"event-day\">10<\/div><div class=\"event-month\">F\u00e9v<\/div><div class=\"event-year\">2011<\/div><\/div><\/div>\n\t\t\t\t\t<div class=\"event-info multi-day\"><div class=\"event-title\"><h3>Quand les images font sens : quelques t\u00e9moins illustr\u00e9s de Cleriadus et Meliadice, roman du XVe si\u00e8cle (Maria COLOMBO, Universit\u00e0 di Milano)<\/h3><\/div><div class=\"event-details\"><p>Organisation : Annie Combes<\/p>\n<\/div><\/div>\n\t\t\t\t<\/li>\n\t\t\t \t<li class=\"event colloques\">\n\t\t\t\t\t<div class=\"event-date\"><div class=\"end-date\"><div class=\"event-weekday\">lun<\/div><div class=\"event-day\">13<\/div><div class=\"event-month\">D\u00e9c<\/div><div class=\"event-year\">2010<\/div><\/div><\/div>\n\t\t\t\t\t<div class=\"event-info multi-day\"><div class=\"event-title\"><h3>Transferts techniques et technologiques<\/h3><\/div><span class=\"event-location\">Paris, INHA<\/span><div class=\"event-details\"><p>Organisation : Beno\u00eet Van den Bossche avec Jean-Marie Guillou\u00ebt (INHA) et Jacques Dubois (Universit\u00e9 de Toulouse)<br \/><a href=\"http:\/\/www.transitions.ulg.ac.be\/documents\/INHA_131210.pdf\" target=\"_blank\">Programme<\/a><\/p>\n<\/div><\/div>\n\t\t\t\t<\/li>\n\t\t\t \t<li class=\"event colloques\">\n\t\t\t\t\t<div class=\"event-date\"><div class=\"end-date\"><div class=\"event-weekday\">jeu<\/div><div class=\"event-day\">02<\/div><div class=\"event-month\">D\u00e9c<\/div><div class=\"event-year\">2010<\/div><\/div><\/div>\n\t\t\t\t\t<div class=\"event-info multi-day\"><div class=\"event-title\"><h3>Georges Ier d\u2019Amboise (1460-1510). Une figure plurielle de la Renaissance<\/h3><\/div><span class=\"event-location\">Universit\u00e9 de Li\u00e8ge<\/span><div class=\"event-details\"><p>Organisation : Laure Fagnart et Jonathan Dumont<br \/><a href=\"http:\/\/www.transitions.ulg.ac.be\/documents\/Georges_Ier_Amboise_flyer.pdf\" target=\"_blank\">Programme<\/a><\/p>\n<\/div><\/div>\n\t\t\t\t<\/li>\n\t\t\t \t<li class=\"event colloques\">\n\t\t\t\t\t<div class=\"event-date\"><div class=\"end-date\"><div class=\"event-weekday\">lun<\/div><div class=\"event-day\">10<\/div><div class=\"event-month\">Mai<\/div><div class=\"event-year\">2010<\/div><\/div><\/div>\n\t\t\t\t\t<div class=\"event-info multi-day\"><div class=\"event-title\"><h3>Le m\u00e9c\u00e9nat f\u00e9minin en France et en Bourgogne (XVe-XVIe si\u00e8cles). Nouvelles perspectives \/ Reconsidering Women\u2019s Patronage in France and Burgundy (15th and 16th Centuries)<\/h3><\/div><span class=\"event-location\">Universit\u00e9 de Li\u00e8ge<\/span><div class=\"event-details\"><p>Organisation : Laure Fagnart et Elizabeth L\u2019Estrange<br \/><a href=\"http:\/\/sites.google.com\/site\/patronagemecenat\/Patronage-Mecenat\/programme-1\" target=\"_blank\">Programme<\/a><\/p>\n<\/div><\/div>\n\t\t\t\t<\/li><\/ul>\n\t\t\t\t<\/div>\n<\/div><div class=\"fusion-clearfix\"><\/div><\/div><\/div><\/div><\/div>\n","protected":false},"excerpt":{"rendered":"","protected":false},"author":5,"featured_media":0,"parent":0,"menu_order":0,"comment_status":"closed","ping_status":"closed","template":"","meta":{"footnotes":""},"class_list":["post-8420","page","type-page","status-publish","hentry"],"_links":{"self":[{"href":"http:\/\/web.philo.ulg.ac.be\/transitions\/wp-json\/wp\/v2\/pages\/8420","targetHints":{"allow":["GET"]}}],"collection":[{"href":"http:\/\/web.philo.ulg.ac.be\/transitions\/wp-json\/wp\/v2\/pages"}],"about":[{"href":"http:\/\/web.philo.ulg.ac.be\/transitions\/wp-json\/wp\/v2\/types\/page"}],"author":[{"embeddable":true,"href":"http:\/\/web.philo.ulg.ac.be\/transitions\/wp-json\/wp\/v2\/users\/5"}],"replies":[{"embeddable":true,"href":"http:\/\/web.philo.ulg.ac.be\/transitions\/wp-json\/wp\/v2\/comments?post=8420"}],"version-history":[{"count":5,"href":"http:\/\/web.philo.ulg.ac.be\/transitions\/wp-json\/wp\/v2\/pages\/8420\/revisions"}],"predecessor-version":[{"id":10310,"href":"http:\/\/web.philo.ulg.ac.be\/transitions\/wp-json\/wp\/v2\/pages\/8420\/revisions\/10310"}],"wp:attachment":[{"href":"http:\/\/web.philo.ulg.ac.be\/transitions\/wp-json\/wp\/v2\/media?parent=8420"}],"curies":[{"name":"wp","href":"https:\/\/api.w.org\/{rel}","templated":true}]}}